{"id":11035,"date":"2021-07-20T12:33:29","date_gmt":"2021-07-20T17:33:29","guid":{"rendered":"https:\/\/casa.oaxaca.gob.mx\/?page_id=11035"},"modified":"2026-04-27T16:40:39","modified_gmt":"2026-04-27T22:40:39","slug":"convocatorias","status":"publish","type":"page","link":"https:\/\/casa.oaxaca.gob.mx\/?page_id=11035","title":{"rendered":"Convocatorias"},"content":{"rendered":"<\/div><\/div><\/div><!-- close content main div --><\/div><\/div><div id='av_section_1' class='avia-section main_color avia-section-default avia-no-shadow av-parallax-section av-section-color-overlay-active avia-bg-style-parallax  av-minimum-height av-minimum-height-75 container_wrap fullsize'  data-section-bg-repeat='no-repeat' ><div class='av-parallax' data-avia-parallax-ratio='0.3' ><div class='av-parallax-inner main_color  avia-full-stretch' style = 'background-repeat: no-repeat; background-image: url(https:\/\/casa.oaxaca.gob.mx\/wp-content\/uploads\/2021\/07\/Convocatorias.png); background-attachment: scroll; background-position: center center; ' ><\/div><\/div><div class='av-section-color-overlay-wrap'><div class='av-section-color-overlay' style='opacity: 0.2; background-image: url(https:\/\/casa.oaxaca.gob.mx\/wp-content\/themes\/casa-theme\/images\/background-images\/dots-mini-strong.png); background-repeat: repeat;'><\/div><div class='container' ><div class='template-page content  av-content-full alpha units'><div class='post-entry post-entry-type-page post-entry-11035'><div class='entry-content-wrapper clearfix'>\n<\/div><\/div><\/div><!-- close content main div --><\/div><\/div><\/div><div id='av-layout-grid-1' class='av-layout-grid-container entry-content-wrapper main_color av-flex-cells  container_wrap fullsize'   >\n<div class=\"flex_cell no_margin av_one_full   \" style='vertical-align:top; padding:30px; background-color:#a06e01; '><div class='flex_cell_inner' ><div style='padding-bottom:10px;color:#ffffff;font-size:40px;' class='av-special-heading av-special-heading-h3 custom-color-heading blockquote modern-quote modern-centered  av-inherit-size'><h3 class='av-special-heading-tag'  itemprop=\"headline\"  >Convocatorias<\/h3><div class ='av-subheading av-subheading_below av_custom_color' style='font-size:20px;'><p>Convocatorias<\/p>\n<\/div><div class='special-heading-border'><div class='special-heading-inner-border' style='border-color:#ffffff'><\/div><\/div><\/div>\n<\/div><\/div>\n<\/div>\n<div  data-autoplay=''  data-interval='5'  data-animation='fade'  data-show_slide_delay='90'  class='avia-content-slider avia-content-grid-active avia-content-slider1 avia-content-slider-odd '  itemscope=\"itemscope\" itemtype=\"https:\/\/schema.org\/Blog\" ><div class='avia-content-slider-inner'><div class='slide-entry-wrap'><article class='slide-entry flex_column  post-entry post-entry-18586 slide-entry-overview slide-loop-1 slide-parity-odd  av_one_third first real-thumbnail'  itemscope=\"itemscope\" itemtype=\"https:\/\/schema.org\/BlogPosting\" itemprop=\"blogPost\" ><a href='https:\/\/casa.oaxaca.gob.mx\/?p=18586' data-rel='slide-1' class='slide-image' title=''><img loading=\"lazy\" decoding=\"async\" width=\"495\" height=\"400\" src=\"https:\/\/casa.oaxaca.gob.mx\/wp-content\/uploads\/2026\/03\/PRDA-Grafica_abierta-495x400.jpg\" class=\"attachment-portfolio size-portfolio wp-post-image\" alt=\"\" srcset=\"https:\/\/casa.oaxaca.gob.mx\/wp-content\/uploads\/2026\/03\/PRDA-Grafica_abierta-495x400.jpg 495w, https:\/\/casa.oaxaca.gob.mx\/wp-content\/uploads\/2026\/03\/PRDA-Grafica_abierta-845x684.jpg 845w\" sizes=\"auto, (max-width: 495px) 100vw, 495px\" \/><\/a><div class='slide-content'><header class=\"entry-content-header\"><h3 class='slide-entry-title entry-title'  itemprop=\"headline\" ><a href='https:\/\/casa.oaxaca.gob.mx\/?p=18586' title='Programa de Residencias para Docentes en Artes dedicados a la gr\u00e1fica'>Programa de Residencias para Docentes en Artes dedicados a la gr\u00e1fica<\/a><\/h3><span class=\"av-vertical-delimiter\"><\/span><\/header><\/div><footer class=\"entry-footer\"><\/footer><span class='hidden'>\n\t\t\t<span class='av-structured-data'  itemscope=\"itemscope\" itemtype=\"https:\/\/schema.org\/ImageObject\"  itemprop='image'>\n\t\t\t\t\t   <span itemprop='url' >https:\/\/casa.oaxaca.gob.mx\/wp-content\/uploads\/2026\/03\/PRDA-Grafica_abierta.jpg<\/span>\n\t\t\t\t\t   <span itemprop='height' >1315<\/span>\n\t\t\t\t\t   <span itemprop='width' >1917<\/span>\n\t\t\t\t  <\/span><span class='av-structured-data'  itemprop=\"publisher\" itemtype=\"https:\/\/schema.org\/Organization\" itemscope=\"itemscope\" >\n\t\t\t\t<span itemprop='name'><\/span>\n\t\t\t\t<span itemprop='logo' itemscope itemtype='http:\/\/schema.org\/ImageObject'>\n\t\t\t\t   <span itemprop='url'>https:\/\/casa.oaxaca.gob.mx\/wp-content\/uploads\/2021\/03\/LOGO-CASA-01.png<\/span>\n\t\t\t\t <\/span>\n\t\t\t  <\/span><span class='av-structured-data'  itemprop=\"author\" itemscope=\"itemscope\" itemtype=\"https:\/\/schema.org\/Person\" ><span itemprop='name'><\/span><\/span><span class='av-structured-data'  itemprop=\"datePublished\" datetime=\"\" >2026-03-31 13:34:41<\/span><span class='av-structured-data'  itemprop=\"dateModified\" itemtype=\"https:\/\/schema.org\/dateModified\" >2026-03-31 13:34:41<\/span><span class='av-structured-data'  itemprop=\"mainEntityOfPage\" itemtype=\"https:\/\/schema.org\/mainEntityOfPage\" ><span itemprop='name'>Programa de Residencias para Docentes en Artes dedicados a la gr\u00e1fica<\/span><\/span><\/span><\/article><article class='slide-entry flex_column  post-entry post-entry-18478 slide-entry-overview slide-loop-2 slide-parity-even  av_one_third  real-thumbnail'  itemscope=\"itemscope\" itemtype=\"https:\/\/schema.org\/BlogPosting\" itemprop=\"blogPost\" ><a href='https:\/\/casa.oaxaca.gob.mx\/?p=18478' data-rel='slide-1' class='slide-image' title=''><img loading=\"lazy\" decoding=\"async\" width=\"495\" height=\"400\" src=\"https:\/\/casa.oaxaca.gob.mx\/wp-content\/uploads\/2026\/03\/MINIATURA-BALONES-CERRADA-495x400.jpg\" class=\"attachment-portfolio size-portfolio wp-post-image\" alt=\"\" srcset=\"https:\/\/casa.oaxaca.gob.mx\/wp-content\/uploads\/2026\/03\/MINIATURA-BALONES-CERRADA-495x400.jpg 495w, https:\/\/casa.oaxaca.gob.mx\/wp-content\/uploads\/2026\/03\/MINIATURA-BALONES-CERRADA-845x684.jpg 845w\" sizes=\"auto, (max-width: 495px) 100vw, 495px\" \/><\/a><div class='slide-content'><header class=\"entry-content-header\"><h3 class='slide-entry-title entry-title'  itemprop=\"headline\" ><a href='https:\/\/casa.oaxaca.gob.mx\/?p=18478' title='Concurso de dise\u00f1o de balones'>Concurso de dise\u00f1o de balones<\/a><\/h3><span class=\"av-vertical-delimiter\"><\/span><\/header><\/div><footer class=\"entry-footer\"><\/footer><span class='hidden'>\n\t\t\t<span class='av-structured-data'  itemscope=\"itemscope\" itemtype=\"https:\/\/schema.org\/ImageObject\"  itemprop='image'>\n\t\t\t\t\t   <span itemprop='url' >https:\/\/casa.oaxaca.gob.mx\/wp-content\/uploads\/2026\/03\/MINIATURA-BALONES-CERRADA.jpg<\/span>\n\t\t\t\t\t   <span itemprop='height' >1315<\/span>\n\t\t\t\t\t   <span itemprop='width' >1917<\/span>\n\t\t\t\t  <\/span><span class='av-structured-data'  itemprop=\"publisher\" itemtype=\"https:\/\/schema.org\/Organization\" itemscope=\"itemscope\" >\n\t\t\t\t<span itemprop='name'><\/span>\n\t\t\t\t<span itemprop='logo' itemscope itemtype='http:\/\/schema.org\/ImageObject'>\n\t\t\t\t   <span itemprop='url'>https:\/\/casa.oaxaca.gob.mx\/wp-content\/uploads\/2021\/03\/LOGO-CASA-01.png<\/span>\n\t\t\t\t <\/span>\n\t\t\t  <\/span><span class='av-structured-data'  itemprop=\"author\" itemscope=\"itemscope\" itemtype=\"https:\/\/schema.org\/Person\" ><span itemprop='name'><\/span><\/span><span class='av-structured-data'  itemprop=\"datePublished\" datetime=\"\" >2026-03-26 09:24:36<\/span><span class='av-structured-data'  itemprop=\"dateModified\" itemtype=\"https:\/\/schema.org\/dateModified\" >2026-04-27 16:10:28<\/span><span class='av-structured-data'  itemprop=\"mainEntityOfPage\" itemtype=\"https:\/\/schema.org\/mainEntityOfPage\" ><span itemprop='name'>Concurso de dise\u00f1o de balones<\/span><\/span><\/span><\/article><article class='slide-entry flex_column  post-entry post-entry-18466 slide-entry-overview slide-loop-3 slide-parity-odd  av_one_third  real-thumbnail'  itemscope=\"itemscope\" itemtype=\"https:\/\/schema.org\/BlogPosting\" itemprop=\"blogPost\" ><a href='https:\/\/casa.oaxaca.gob.mx\/?p=18466' data-rel='slide-1' class='slide-image' title=''><img loading=\"lazy\" decoding=\"async\" width=\"495\" height=\"400\" src=\"https:\/\/casa.oaxaca.gob.mx\/wp-content\/uploads\/2026\/03\/MINIATURA-CALCETAS-CERRADA-495x400.jpg\" class=\"attachment-portfolio size-portfolio wp-post-image\" alt=\"\" srcset=\"https:\/\/casa.oaxaca.gob.mx\/wp-content\/uploads\/2026\/03\/MINIATURA-CALCETAS-CERRADA-495x400.jpg 495w, https:\/\/casa.oaxaca.gob.mx\/wp-content\/uploads\/2026\/03\/MINIATURA-CALCETAS-CERRADA-845x684.jpg 845w\" sizes=\"auto, (max-width: 495px) 100vw, 495px\" \/><\/a><div class='slide-content'><header class=\"entry-content-header\"><h3 class='slide-entry-title entry-title'  itemprop=\"headline\" ><a href='https:\/\/casa.oaxaca.gob.mx\/?p=18466' title='Concurso de dise\u00f1o de calcetas deportivas'>Concurso de dise\u00f1o de calcetas deportivas<\/a><\/h3><span class=\"av-vertical-delimiter\"><\/span><\/header><\/div><footer class=\"entry-footer\"><\/footer><span class='hidden'>\n\t\t\t<span class='av-structured-data'  itemscope=\"itemscope\" itemtype=\"https:\/\/schema.org\/ImageObject\"  itemprop='image'>\n\t\t\t\t\t   <span itemprop='url' >https:\/\/casa.oaxaca.gob.mx\/wp-content\/uploads\/2026\/03\/MINIATURA-CALCETAS-CERRADA.jpg<\/span>\n\t\t\t\t\t   <span itemprop='height' >1315<\/span>\n\t\t\t\t\t   <span itemprop='width' >1917<\/span>\n\t\t\t\t  <\/span><span class='av-structured-data'  itemprop=\"publisher\" itemtype=\"https:\/\/schema.org\/Organization\" itemscope=\"itemscope\" >\n\t\t\t\t<span itemprop='name'><\/span>\n\t\t\t\t<span itemprop='logo' itemscope itemtype='http:\/\/schema.org\/ImageObject'>\n\t\t\t\t   <span itemprop='url'>https:\/\/casa.oaxaca.gob.mx\/wp-content\/uploads\/2021\/03\/LOGO-CASA-01.png<\/span>\n\t\t\t\t <\/span>\n\t\t\t  <\/span><span class='av-structured-data'  itemprop=\"author\" itemscope=\"itemscope\" itemtype=\"https:\/\/schema.org\/Person\" ><span itemprop='name'><\/span><\/span><span class='av-structured-data'  itemprop=\"datePublished\" datetime=\"\" >2026-03-26 09:24:28<\/span><span class='av-structured-data'  itemprop=\"dateModified\" itemtype=\"https:\/\/schema.org\/dateModified\" >2026-04-27 16:10:42<\/span><span class='av-structured-data'  itemprop=\"mainEntityOfPage\" itemtype=\"https:\/\/schema.org\/mainEntityOfPage\" ><span itemprop='name'>Concurso de dise\u00f1o de calcetas deportivas<\/span><\/span><\/span><\/article><\/div><div class='slide-entry-wrap'><article class='slide-entry flex_column  post-entry post-entry-18302 slide-entry-overview slide-loop-4 slide-parity-odd  av_one_third first real-thumbnail'  itemscope=\"itemscope\" itemtype=\"https:\/\/schema.org\/BlogPosting\" itemprop=\"blogPost\" ><a href='https:\/\/casa.oaxaca.gob.mx\/?p=18302' data-rel='slide-1' class='slide-image' title=''><img loading=\"lazy\" decoding=\"async\" width=\"495\" height=\"400\" src=\"https:\/\/casa.oaxaca.gob.mx\/wp-content\/uploads\/2026\/02\/photo_2026-02-20-12.41.56-495x400.jpeg\" class=\"attachment-portfolio size-portfolio wp-post-image\" alt=\"\" srcset=\"https:\/\/casa.oaxaca.gob.mx\/wp-content\/uploads\/2026\/02\/photo_2026-02-20-12.41.56-495x400.jpeg 495w, https:\/\/casa.oaxaca.gob.mx\/wp-content\/uploads\/2026\/02\/photo_2026-02-20-12.41.56-845x684.jpeg 845w\" sizes=\"auto, (max-width: 495px) 100vw, 495px\" \/><\/a><div class='slide-content'><header class=\"entry-content-header\"><h3 class='slide-entry-title entry-title'  itemprop=\"headline\" ><a href='https:\/\/casa.oaxaca.gob.mx\/?p=18302' title='Premio FAHHO-CaSa Emiliano Cruz'>Premio FAHHO-CaSa Emiliano Cruz<\/a><\/h3><span class=\"av-vertical-delimiter\"><\/span><\/header><\/div><footer class=\"entry-footer\"><\/footer><span class='hidden'>\n\t\t\t<span class='av-structured-data'  itemscope=\"itemscope\" itemtype=\"https:\/\/schema.org\/ImageObject\"  itemprop='image'>\n\t\t\t\t\t   <span itemprop='url' >https:\/\/casa.oaxaca.gob.mx\/wp-content\/uploads\/2026\/02\/photo_2026-02-20-12.41.56.jpeg<\/span>\n\t\t\t\t\t   <span itemprop='height' >1250<\/span>\n\t\t\t\t\t   <span itemprop='width' >1080<\/span>\n\t\t\t\t  <\/span><span class='av-structured-data'  itemprop=\"publisher\" itemtype=\"https:\/\/schema.org\/Organization\" itemscope=\"itemscope\" >\n\t\t\t\t<span itemprop='name'><\/span>\n\t\t\t\t<span itemprop='logo' itemscope itemtype='http:\/\/schema.org\/ImageObject'>\n\t\t\t\t   <span itemprop='url'>https:\/\/casa.oaxaca.gob.mx\/wp-content\/uploads\/2021\/03\/LOGO-CASA-01.png<\/span>\n\t\t\t\t <\/span>\n\t\t\t  <\/span><span class='av-structured-data'  itemprop=\"author\" itemscope=\"itemscope\" itemtype=\"https:\/\/schema.org\/Person\" ><span itemprop='name'><\/span><\/span><span class='av-structured-data'  itemprop=\"datePublished\" datetime=\"\" >2026-02-20 17:42:20<\/span><span class='av-structured-data'  itemprop=\"dateModified\" itemtype=\"https:\/\/schema.org\/dateModified\" >2026-02-23 13:02:22<\/span><span class='av-structured-data'  itemprop=\"mainEntityOfPage\" itemtype=\"https:\/\/schema.org\/mainEntityOfPage\" ><span itemprop='name'>Premio FAHHO-CaSa Emiliano Cruz<\/span><\/span><\/span><\/article><article class='slide-entry flex_column  post-entry post-entry-18300 slide-entry-overview slide-loop-5 slide-parity-even  av_one_third  real-thumbnail'  itemscope=\"itemscope\" itemtype=\"https:\/\/schema.org\/BlogPosting\" itemprop=\"blogPost\" ><a href='https:\/\/casa.oaxaca.gob.mx\/?p=18300' data-rel='slide-1' class='slide-image' title=''><img loading=\"lazy\" decoding=\"async\" width=\"495\" height=\"400\" src=\"https:\/\/casa.oaxaca.gob.mx\/wp-content\/uploads\/2026\/02\/UMBEAYETS-ABIERTA-495x400.jpg\" class=\"attachment-portfolio size-portfolio wp-post-image\" alt=\"\" srcset=\"https:\/\/casa.oaxaca.gob.mx\/wp-content\/uploads\/2026\/02\/UMBEAYETS-ABIERTA-495x400.jpg 495w, https:\/\/casa.oaxaca.gob.mx\/wp-content\/uploads\/2026\/02\/UMBEAYETS-ABIERTA-845x684.jpg 845w\" sizes=\"auto, (max-width: 495px) 100vw, 495px\" \/><\/a><div class='slide-content'><header class=\"entry-content-header\"><h3 class='slide-entry-title entry-title'  itemprop=\"headline\" ><a href='https:\/\/casa.oaxaca.gob.mx\/?p=18300' title='Premios CaSa 2026 - OMBEAYI\u00dcTS'>Premios CaSa 2026 - OMBEAYI\u00dcTS<\/a><\/h3><span class=\"av-vertical-delimiter\"><\/span><\/header><\/div><footer class=\"entry-footer\"><\/footer><span class='hidden'>\n\t\t\t<span class='av-structured-data'  itemscope=\"itemscope\" itemtype=\"https:\/\/schema.org\/ImageObject\"  itemprop='image'>\n\t\t\t\t\t   <span itemprop='url' >https:\/\/casa.oaxaca.gob.mx\/wp-content\/uploads\/2026\/02\/UMBEAYETS-ABIERTA.jpg<\/span>\n\t\t\t\t\t   <span itemprop='height' >1315<\/span>\n\t\t\t\t\t   <span itemprop='width' >1917<\/span>\n\t\t\t\t  <\/span><span class='av-structured-data'  itemprop=\"publisher\" itemtype=\"https:\/\/schema.org\/Organization\" itemscope=\"itemscope\" >\n\t\t\t\t<span itemprop='name'><\/span>\n\t\t\t\t<span itemprop='logo' itemscope itemtype='http:\/\/schema.org\/ImageObject'>\n\t\t\t\t   <span itemprop='url'>https:\/\/casa.oaxaca.gob.mx\/wp-content\/uploads\/2021\/03\/LOGO-CASA-01.png<\/span>\n\t\t\t\t <\/span>\n\t\t\t  <\/span><span class='av-structured-data'  itemprop=\"author\" itemscope=\"itemscope\" itemtype=\"https:\/\/schema.org\/Person\" ><span itemprop='name'><\/span><\/span><span class='av-structured-data'  itemprop=\"datePublished\" datetime=\"\" >2026-02-20 17:40:37<\/span><span class='av-structured-data'  itemprop=\"dateModified\" itemtype=\"https:\/\/schema.org\/dateModified\" >2026-02-23 13:25:50<\/span><span class='av-structured-data'  itemprop=\"mainEntityOfPage\" itemtype=\"https:\/\/schema.org\/mainEntityOfPage\" ><span itemprop='name'>Premios CaSa 2026 - OMBEAYI\u00dcTS<\/span><\/span><\/span><\/article><article class='slide-entry flex_column  post-entry post-entry-18298 slide-entry-overview slide-loop-6 slide-parity-odd  av_one_third  real-thumbnail'  itemscope=\"itemscope\" itemtype=\"https:\/\/schema.org\/BlogPosting\" itemprop=\"blogPost\" ><a href='https:\/\/casa.oaxaca.gob.mx\/?p=18298' data-rel='slide-1' class='slide-image' title=''><img loading=\"lazy\" decoding=\"async\" width=\"495\" height=\"400\" src=\"https:\/\/casa.oaxaca.gob.mx\/wp-content\/uploads\/2026\/02\/TRIQUI-ABIERTA-495x400.jpg\" class=\"attachment-portfolio size-portfolio wp-post-image\" alt=\"\" srcset=\"https:\/\/casa.oaxaca.gob.mx\/wp-content\/uploads\/2026\/02\/TRIQUI-ABIERTA-495x400.jpg 495w, https:\/\/casa.oaxaca.gob.mx\/wp-content\/uploads\/2026\/02\/TRIQUI-ABIERTA-845x684.jpg 845w\" sizes=\"auto, (max-width: 495px) 100vw, 495px\" \/><\/a><div class='slide-content'><header class=\"entry-content-header\"><h3 class='slide-entry-title entry-title'  itemprop=\"headline\" ><a href='https:\/\/casa.oaxaca.gob.mx\/?p=18298' title='Premios CaSa 2026 - TRIQUI'>Premios CaSa 2026 - TRIQUI<\/a><\/h3><span class=\"av-vertical-delimiter\"><\/span><\/header><\/div><footer class=\"entry-footer\"><\/footer><span class='hidden'>\n\t\t\t<span class='av-structured-data'  itemscope=\"itemscope\" itemtype=\"https:\/\/schema.org\/ImageObject\"  itemprop='image'>\n\t\t\t\t\t   <span itemprop='url' >https:\/\/casa.oaxaca.gob.mx\/wp-content\/uploads\/2026\/02\/TRIQUI-ABIERTA.jpg<\/span>\n\t\t\t\t\t   <span itemprop='height' >1315<\/span>\n\t\t\t\t\t   <span itemprop='width' >1917<\/span>\n\t\t\t\t  <\/span><span class='av-structured-data'  itemprop=\"publisher\" itemtype=\"https:\/\/schema.org\/Organization\" itemscope=\"itemscope\" >\n\t\t\t\t<span itemprop='name'><\/span>\n\t\t\t\t<span itemprop='logo' itemscope itemtype='http:\/\/schema.org\/ImageObject'>\n\t\t\t\t   <span itemprop='url'>https:\/\/casa.oaxaca.gob.mx\/wp-content\/uploads\/2021\/03\/LOGO-CASA-01.png<\/span>\n\t\t\t\t <\/span>\n\t\t\t  <\/span><span class='av-structured-data'  itemprop=\"author\" itemscope=\"itemscope\" itemtype=\"https:\/\/schema.org\/Person\" ><span itemprop='name'><\/span><\/span><span class='av-structured-data'  itemprop=\"datePublished\" datetime=\"\" >2026-02-20 17:40:02<\/span><span class='av-structured-data'  itemprop=\"dateModified\" itemtype=\"https:\/\/schema.org\/dateModified\" >2026-02-23 13:26:04<\/span><span class='av-structured-data'  itemprop=\"mainEntityOfPage\" itemtype=\"https:\/\/schema.org\/mainEntityOfPage\" ><span itemprop='name'>Premios CaSa 2026 - TRIQUI<\/span><\/span><\/span><\/article><\/div><div class='slide-entry-wrap'><article class='slide-entry flex_column  post-entry post-entry-18291 slide-entry-overview slide-loop-7 slide-parity-odd  av_one_third first real-thumbnail'  itemscope=\"itemscope\" itemtype=\"https:\/\/schema.org\/BlogPosting\" itemprop=\"blogPost\" ><a href='https:\/\/casa.oaxaca.gob.mx\/?p=18291' data-rel='slide-1' class='slide-image' title=''><img loading=\"lazy\" decoding=\"async\" width=\"495\" height=\"400\" src=\"https:\/\/casa.oaxaca.gob.mx\/wp-content\/uploads\/2026\/02\/CHINANTECO-ABIERTA-495x400.jpg\" class=\"attachment-portfolio size-portfolio wp-post-image\" alt=\"\" srcset=\"https:\/\/casa.oaxaca.gob.mx\/wp-content\/uploads\/2026\/02\/CHINANTECO-ABIERTA-495x400.jpg 495w, https:\/\/casa.oaxaca.gob.mx\/wp-content\/uploads\/2026\/02\/CHINANTECO-ABIERTA-845x684.jpg 845w\" sizes=\"auto, (max-width: 495px) 100vw, 495px\" \/><\/a><div class='slide-content'><header class=\"entry-content-header\"><h3 class='slide-entry-title entry-title'  itemprop=\"headline\" ><a href='https:\/\/casa.oaxaca.gob.mx\/?p=18291' title='Premios CaSa 2026 - CHINANTECO'>Premios CaSa 2026 - CHINANTECO<\/a><\/h3><span class=\"av-vertical-delimiter\"><\/span><\/header><\/div><footer class=\"entry-footer\"><\/footer><span class='hidden'>\n\t\t\t<span class='av-structured-data'  itemscope=\"itemscope\" itemtype=\"https:\/\/schema.org\/ImageObject\"  itemprop='image'>\n\t\t\t\t\t   <span itemprop='url' >https:\/\/casa.oaxaca.gob.mx\/wp-content\/uploads\/2026\/02\/CHINANTECO-ABIERTA.jpg<\/span>\n\t\t\t\t\t   <span itemprop='height' >1315<\/span>\n\t\t\t\t\t   <span itemprop='width' >1917<\/span>\n\t\t\t\t  <\/span><span class='av-structured-data'  itemprop=\"publisher\" itemtype=\"https:\/\/schema.org\/Organization\" itemscope=\"itemscope\" >\n\t\t\t\t<span itemprop='name'><\/span>\n\t\t\t\t<span itemprop='logo' itemscope itemtype='http:\/\/schema.org\/ImageObject'>\n\t\t\t\t   <span itemprop='url'>https:\/\/casa.oaxaca.gob.mx\/wp-content\/uploads\/2021\/03\/LOGO-CASA-01.png<\/span>\n\t\t\t\t <\/span>\n\t\t\t  <\/span><span class='av-structured-data'  itemprop=\"author\" itemscope=\"itemscope\" itemtype=\"https:\/\/schema.org\/Person\" ><span itemprop='name'><\/span><\/span><span class='av-structured-data'  itemprop=\"datePublished\" datetime=\"\" >2026-02-20 17:39:17<\/span><span class='av-structured-data'  itemprop=\"dateModified\" itemtype=\"https:\/\/schema.org\/dateModified\" >2026-02-23 13:25:11<\/span><span class='av-structured-data'  itemprop=\"mainEntityOfPage\" itemtype=\"https:\/\/schema.org\/mainEntityOfPage\" ><span itemprop='name'>Premios CaSa 2026 - CHINANTECO<\/span><\/span><\/span><\/article><article class='slide-entry flex_column  post-entry post-entry-18295 slide-entry-overview slide-loop-8 slide-parity-even  av_one_third  real-thumbnail'  itemscope=\"itemscope\" itemtype=\"https:\/\/schema.org\/BlogPosting\" itemprop=\"blogPost\" ><a href='https:\/\/casa.oaxaca.gob.mx\/?p=18295' data-rel='slide-1' class='slide-image' title=''><img loading=\"lazy\" decoding=\"async\" width=\"495\" height=\"400\" src=\"https:\/\/casa.oaxaca.gob.mx\/wp-content\/uploads\/2026\/02\/CHATINO-ABIERTA-495x400.jpg\" class=\"attachment-portfolio size-portfolio wp-post-image\" alt=\"\" srcset=\"https:\/\/casa.oaxaca.gob.mx\/wp-content\/uploads\/2026\/02\/CHATINO-ABIERTA-495x400.jpg 495w, https:\/\/casa.oaxaca.gob.mx\/wp-content\/uploads\/2026\/02\/CHATINO-ABIERTA-845x684.jpg 845w\" sizes=\"auto, (max-width: 495px) 100vw, 495px\" \/><\/a><div class='slide-content'><header class=\"entry-content-header\"><h3 class='slide-entry-title entry-title'  itemprop=\"headline\" ><a href='https:\/\/casa.oaxaca.gob.mx\/?p=18295' title='Premios CaSa 2026 - CHATINO'>Premios CaSa 2026 - CHATINO<\/a><\/h3><span class=\"av-vertical-delimiter\"><\/span><\/header><\/div><footer class=\"entry-footer\"><\/footer><span class='hidden'>\n\t\t\t<span class='av-structured-data'  itemscope=\"itemscope\" itemtype=\"https:\/\/schema.org\/ImageObject\"  itemprop='image'>\n\t\t\t\t\t   <span itemprop='url' >https:\/\/casa.oaxaca.gob.mx\/wp-content\/uploads\/2026\/02\/CHATINO-ABIERTA.jpg<\/span>\n\t\t\t\t\t   <span itemprop='height' >1315<\/span>\n\t\t\t\t\t   <span itemprop='width' >1917<\/span>\n\t\t\t\t  <\/span><span class='av-structured-data'  itemprop=\"publisher\" itemtype=\"https:\/\/schema.org\/Organization\" itemscope=\"itemscope\" >\n\t\t\t\t<span itemprop='name'><\/span>\n\t\t\t\t<span itemprop='logo' itemscope itemtype='http:\/\/schema.org\/ImageObject'>\n\t\t\t\t   <span itemprop='url'>https:\/\/casa.oaxaca.gob.mx\/wp-content\/uploads\/2021\/03\/LOGO-CASA-01.png<\/span>\n\t\t\t\t <\/span>\n\t\t\t  <\/span><span class='av-structured-data'  itemprop=\"author\" itemscope=\"itemscope\" itemtype=\"https:\/\/schema.org\/Person\" ><span itemprop='name'><\/span><\/span><span class='av-structured-data'  itemprop=\"datePublished\" datetime=\"\" >2026-02-20 17:38:40<\/span><span class='av-structured-data'  itemprop=\"dateModified\" itemtype=\"https:\/\/schema.org\/dateModified\" >2026-02-23 13:26:32<\/span><span class='av-structured-data'  itemprop=\"mainEntityOfPage\" itemtype=\"https:\/\/schema.org\/mainEntityOfPage\" ><span itemprop='name'>Premios CaSa 2026 - CHATINO<\/span><\/span><\/span><\/article><article class='slide-entry flex_column  post-entry post-entry-18289 slide-entry-overview slide-loop-9 slide-parity-odd  av_one_third  real-thumbnail'  itemscope=\"itemscope\" itemtype=\"https:\/\/schema.org\/BlogPosting\" itemprop=\"blogPost\" ><a href='https:\/\/casa.oaxaca.gob.mx\/?p=18289' data-rel='slide-1' class='slide-image' title=''><img loading=\"lazy\" decoding=\"async\" width=\"495\" height=\"400\" src=\"https:\/\/casa.oaxaca.gob.mx\/wp-content\/uploads\/2026\/02\/MAZATECO-ABIERTA-495x400.jpg\" class=\"attachment-portfolio size-portfolio wp-post-image\" alt=\"\" srcset=\"https:\/\/casa.oaxaca.gob.mx\/wp-content\/uploads\/2026\/02\/MAZATECO-ABIERTA-495x400.jpg 495w, https:\/\/casa.oaxaca.gob.mx\/wp-content\/uploads\/2026\/02\/MAZATECO-ABIERTA-845x684.jpg 845w\" sizes=\"auto, (max-width: 495px) 100vw, 495px\" \/><\/a><div class='slide-content'><header class=\"entry-content-header\"><h3 class='slide-entry-title entry-title'  itemprop=\"headline\" ><a href='https:\/\/casa.oaxaca.gob.mx\/?p=18289' title='Premios CaSa 2026 - MAZATECO'>Premios CaSa 2026 - MAZATECO<\/a><\/h3><span class=\"av-vertical-delimiter\"><\/span><\/header><\/div><footer class=\"entry-footer\"><\/footer><span class='hidden'>\n\t\t\t<span class='av-structured-data'  itemscope=\"itemscope\" itemtype=\"https:\/\/schema.org\/ImageObject\"  itemprop='image'>\n\t\t\t\t\t   <span itemprop='url' >https:\/\/casa.oaxaca.gob.mx\/wp-content\/uploads\/2026\/02\/MAZATECO-ABIERTA.jpg<\/span>\n\t\t\t\t\t   <span itemprop='height' >1315<\/span>\n\t\t\t\t\t   <span itemprop='width' >1917<\/span>\n\t\t\t\t  <\/span><span class='av-structured-data'  itemprop=\"publisher\" itemtype=\"https:\/\/schema.org\/Organization\" itemscope=\"itemscope\" >\n\t\t\t\t<span itemprop='name'><\/span>\n\t\t\t\t<span itemprop='logo' itemscope itemtype='http:\/\/schema.org\/ImageObject'>\n\t\t\t\t   <span itemprop='url'>https:\/\/casa.oaxaca.gob.mx\/wp-content\/uploads\/2021\/03\/LOGO-CASA-01.png<\/span>\n\t\t\t\t <\/span>\n\t\t\t  <\/span><span class='av-structured-data'  itemprop=\"author\" itemscope=\"itemscope\" itemtype=\"https:\/\/schema.org\/Person\" ><span itemprop='name'><\/span><\/span><span class='av-structured-data'  itemprop=\"datePublished\" datetime=\"\" >2026-02-20 17:37:36<\/span><span class='av-structured-data'  itemprop=\"dateModified\" itemtype=\"https:\/\/schema.org\/dateModified\" >2026-02-23 13:26:17<\/span><span class='av-structured-data'  itemprop=\"mainEntityOfPage\" itemtype=\"https:\/\/schema.org\/mainEntityOfPage\" ><span itemprop='name'>Premios CaSa 2026 - MAZATECO<\/span><\/span><\/span><\/article><\/div><div class='slide-entry-wrap'><article class='slide-entry flex_column  post-entry post-entry-18284 slide-entry-overview slide-loop-10 slide-parity-odd  av_one_third first real-thumbnail'  itemscope=\"itemscope\" itemtype=\"https:\/\/schema.org\/BlogPosting\" itemprop=\"blogPost\" ><a href='https:\/\/casa.oaxaca.gob.mx\/?p=18284' data-rel='slide-1' class='slide-image' title=''><img loading=\"lazy\" decoding=\"async\" width=\"495\" height=\"400\" src=\"https:\/\/casa.oaxaca.gob.mx\/wp-content\/uploads\/2026\/02\/MIXTECO-ABIERTA-495x400.jpg\" class=\"attachment-portfolio size-portfolio wp-post-image\" alt=\"\" srcset=\"https:\/\/casa.oaxaca.gob.mx\/wp-content\/uploads\/2026\/02\/MIXTECO-ABIERTA-495x400.jpg 495w, https:\/\/casa.oaxaca.gob.mx\/wp-content\/uploads\/2026\/02\/MIXTECO-ABIERTA-845x684.jpg 845w\" sizes=\"auto, (max-width: 495px) 100vw, 495px\" \/><\/a><div class='slide-content'><header class=\"entry-content-header\"><h3 class='slide-entry-title entry-title'  itemprop=\"headline\" ><a href='https:\/\/casa.oaxaca.gob.mx\/?p=18284' title='Premios CaSa 2026 - MIXTECO'>Premios CaSa 2026 - MIXTECO<\/a><\/h3><span class=\"av-vertical-delimiter\"><\/span><\/header><\/div><footer class=\"entry-footer\"><\/footer><span class='hidden'>\n\t\t\t<span class='av-structured-data'  itemscope=\"itemscope\" itemtype=\"https:\/\/schema.org\/ImageObject\"  itemprop='image'>\n\t\t\t\t\t   <span itemprop='url' >https:\/\/casa.oaxaca.gob.mx\/wp-content\/uploads\/2026\/02\/MIXTECO-ABIERTA.jpg<\/span>\n\t\t\t\t\t   <span itemprop='height' >1315<\/span>\n\t\t\t\t\t   <span itemprop='width' >1917<\/span>\n\t\t\t\t  <\/span><span class='av-structured-data'  itemprop=\"publisher\" itemtype=\"https:\/\/schema.org\/Organization\" itemscope=\"itemscope\" >\n\t\t\t\t<span itemprop='name'><\/span>\n\t\t\t\t<span itemprop='logo' itemscope itemtype='http:\/\/schema.org\/ImageObject'>\n\t\t\t\t   <span itemprop='url'>https:\/\/casa.oaxaca.gob.mx\/wp-content\/uploads\/2021\/03\/LOGO-CASA-01.png<\/span>\n\t\t\t\t <\/span>\n\t\t\t  <\/span><span class='av-structured-data'  itemprop=\"author\" itemscope=\"itemscope\" itemtype=\"https:\/\/schema.org\/Person\" ><span itemprop='name'><\/span><\/span><span class='av-structured-data'  itemprop=\"datePublished\" datetime=\"\" >2026-02-20 17:34:33<\/span><span class='av-structured-data'  itemprop=\"dateModified\" itemtype=\"https:\/\/schema.org\/dateModified\" >2026-02-23 13:27:18<\/span><span class='av-structured-data'  itemprop=\"mainEntityOfPage\" itemtype=\"https:\/\/schema.org\/mainEntityOfPage\" ><span itemprop='name'>Premios CaSa 2026 - MIXTECO<\/span><\/span><\/span><\/article><article class='slide-entry flex_column  post-entry post-entry-18286 slide-entry-overview slide-loop-11 slide-parity-even  av_one_third  real-thumbnail'  itemscope=\"itemscope\" itemtype=\"https:\/\/schema.org\/BlogPosting\" itemprop=\"blogPost\" ><a href='https:\/\/casa.oaxaca.gob.mx\/?p=18286' data-rel='slide-1' class='slide-image' title=''><img loading=\"lazy\" decoding=\"async\" width=\"495\" height=\"400\" src=\"https:\/\/casa.oaxaca.gob.mx\/wp-content\/uploads\/2026\/02\/MIXE-ABIERTA-495x400.jpg\" class=\"attachment-portfolio size-portfolio wp-post-image\" alt=\"\" srcset=\"https:\/\/casa.oaxaca.gob.mx\/wp-content\/uploads\/2026\/02\/MIXE-ABIERTA-495x400.jpg 495w, https:\/\/casa.oaxaca.gob.mx\/wp-content\/uploads\/2026\/02\/MIXE-ABIERTA-845x684.jpg 845w\" sizes=\"auto, (max-width: 495px) 100vw, 495px\" \/><\/a><div class='slide-content'><header class=\"entry-content-header\"><h3 class='slide-entry-title entry-title'  itemprop=\"headline\" ><a href='https:\/\/casa.oaxaca.gob.mx\/?p=18286' title='Premios CaSa 2026 - MIXE'>Premios CaSa 2026 - MIXE<\/a><\/h3><span class=\"av-vertical-delimiter\"><\/span><\/header><\/div><footer class=\"entry-footer\"><\/footer><span class='hidden'>\n\t\t\t<span class='av-structured-data'  itemscope=\"itemscope\" itemtype=\"https:\/\/schema.org\/ImageObject\"  itemprop='image'>\n\t\t\t\t\t   <span itemprop='url' >https:\/\/casa.oaxaca.gob.mx\/wp-content\/uploads\/2026\/02\/MIXE-ABIERTA.jpg<\/span>\n\t\t\t\t\t   <span itemprop='height' >1315<\/span>\n\t\t\t\t\t   <span itemprop='width' >1917<\/span>\n\t\t\t\t  <\/span><span class='av-structured-data'  itemprop=\"publisher\" itemtype=\"https:\/\/schema.org\/Organization\" itemscope=\"itemscope\" >\n\t\t\t\t<span itemprop='name'><\/span>\n\t\t\t\t<span itemprop='logo' itemscope itemtype='http:\/\/schema.org\/ImageObject'>\n\t\t\t\t   <span itemprop='url'>https:\/\/casa.oaxaca.gob.mx\/wp-content\/uploads\/2021\/03\/LOGO-CASA-01.png<\/span>\n\t\t\t\t <\/span>\n\t\t\t  <\/span><span class='av-structured-data'  itemprop=\"author\" itemscope=\"itemscope\" itemtype=\"https:\/\/schema.org\/Person\" ><span itemprop='name'><\/span><\/span><span class='av-structured-data'  itemprop=\"datePublished\" datetime=\"\" >2026-02-20 17:33:39<\/span><span class='av-structured-data'  itemprop=\"dateModified\" itemtype=\"https:\/\/schema.org\/dateModified\" >2026-02-23 13:25:33<\/span><span class='av-structured-data'  itemprop=\"mainEntityOfPage\" itemtype=\"https:\/\/schema.org\/mainEntityOfPage\" ><span itemprop='name'>Premios CaSa 2026 - MIXE<\/span><\/span><\/span><\/article><article class='slide-entry flex_column  post-entry post-entry-18282 slide-entry-overview slide-loop-12 slide-parity-odd  av_one_third  real-thumbnail'  itemscope=\"itemscope\" itemtype=\"https:\/\/schema.org\/BlogPosting\" itemprop=\"blogPost\" ><a href='https:\/\/casa.oaxaca.gob.mx\/?p=18282' data-rel='slide-1' class='slide-image' title=''><img loading=\"lazy\" decoding=\"async\" width=\"495\" height=\"400\" src=\"https:\/\/casa.oaxaca.gob.mx\/wp-content\/uploads\/2026\/02\/ZAPOTECO-ABIERTA-495x400.jpg\" class=\"attachment-portfolio size-portfolio wp-post-image\" alt=\"\" srcset=\"https:\/\/casa.oaxaca.gob.mx\/wp-content\/uploads\/2026\/02\/ZAPOTECO-ABIERTA-495x400.jpg 495w, https:\/\/casa.oaxaca.gob.mx\/wp-content\/uploads\/2026\/02\/ZAPOTECO-ABIERTA-845x684.jpg 845w\" sizes=\"auto, (max-width: 495px) 100vw, 495px\" \/><\/a><div class='slide-content'><header class=\"entry-content-header\"><h3 class='slide-entry-title entry-title'  itemprop=\"headline\" ><a href='https:\/\/casa.oaxaca.gob.mx\/?p=18282' title='Premios CaSa 2026 - ZAPOTECO'>Premios CaSa 2026 - ZAPOTECO<\/a><\/h3><span class=\"av-vertical-delimiter\"><\/span><\/header><\/div><footer class=\"entry-footer\"><\/footer><span class='hidden'>\n\t\t\t<span class='av-structured-data'  itemscope=\"itemscope\" itemtype=\"https:\/\/schema.org\/ImageObject\"  itemprop='image'>\n\t\t\t\t\t   <span itemprop='url' >https:\/\/casa.oaxaca.gob.mx\/wp-content\/uploads\/2026\/02\/ZAPOTECO-ABIERTA.jpg<\/span>\n\t\t\t\t\t   <span itemprop='height' >1315<\/span>\n\t\t\t\t\t   <span itemprop='width' >1917<\/span>\n\t\t\t\t  <\/span><span class='av-structured-data'  itemprop=\"publisher\" itemtype=\"https:\/\/schema.org\/Organization\" itemscope=\"itemscope\" >\n\t\t\t\t<span itemprop='name'><\/span>\n\t\t\t\t<span itemprop='logo' itemscope itemtype='http:\/\/schema.org\/ImageObject'>\n\t\t\t\t   <span itemprop='url'>https:\/\/casa.oaxaca.gob.mx\/wp-content\/uploads\/2021\/03\/LOGO-CASA-01.png<\/span>\n\t\t\t\t <\/span>\n\t\t\t  <\/span><span class='av-structured-data'  itemprop=\"author\" itemscope=\"itemscope\" itemtype=\"https:\/\/schema.org\/Person\" ><span itemprop='name'><\/span><\/span><span class='av-structured-data'  itemprop=\"datePublished\" datetime=\"\" >2026-02-20 17:30:33<\/span><span class='av-structured-data'  itemprop=\"dateModified\" itemtype=\"https:\/\/schema.org\/dateModified\" >2026-02-23 13:26:47<\/span><span class='av-structured-data'  itemprop=\"mainEntityOfPage\" itemtype=\"https:\/\/schema.org\/mainEntityOfPage\" ><span itemprop='name'>Premios CaSa 2026 - ZAPOTECO<\/span><\/span><\/span><\/article><\/div><div class='slide-entry-wrap'><article class='slide-entry flex_column  post-entry post-entry-18236 slide-entry-overview slide-loop-13 slide-parity-odd  av_one_third first real-thumbnail'  itemscope=\"itemscope\" itemtype=\"https:\/\/schema.org\/BlogPosting\" itemprop=\"blogPost\" ><a href='https:\/\/casa.oaxaca.gob.mx\/?p=18236' data-rel='slide-1' class='slide-image' title=''><img loading=\"lazy\" decoding=\"async\" width=\"495\" height=\"400\" src=\"https:\/\/casa.oaxaca.gob.mx\/wp-content\/uploads\/2026\/02\/PEI-2026-Convocatoria-Web-abierta-495x400.jpg\" class=\"attachment-portfolio size-portfolio wp-post-image\" alt=\"\" srcset=\"https:\/\/casa.oaxaca.gob.mx\/wp-content\/uploads\/2026\/02\/PEI-2026-Convocatoria-Web-abierta-495x400.jpg 495w, https:\/\/casa.oaxaca.gob.mx\/wp-content\/uploads\/2026\/02\/PEI-2026-Convocatoria-Web-abierta-845x684.jpg 845w\" sizes=\"auto, (max-width: 495px) 100vw, 495px\" \/><\/a><div class='slide-content'><header class=\"entry-content-header\"><h3 class='slide-entry-title entry-title'  itemprop=\"headline\" ><a href='https:\/\/casa.oaxaca.gob.mx\/?p=18236' title='Primera Exposici\u00f3n Individual: T\u00e9cnicas heredadas. Edici\u00f3n joyer\u00eda orfebre.'>Primera Exposici\u00f3n Individual: T\u00e9cnicas heredadas. Edici\u00f3n joyer\u00eda orfebre.<\/a><\/h3><span class=\"av-vertical-delimiter\"><\/span><\/header><\/div><footer class=\"entry-footer\"><\/footer><span class='hidden'>\n\t\t\t<span class='av-structured-data'  itemscope=\"itemscope\" itemtype=\"https:\/\/schema.org\/ImageObject\"  itemprop='image'>\n\t\t\t\t\t   <span itemprop='url' >https:\/\/casa.oaxaca.gob.mx\/wp-content\/uploads\/2026\/02\/PEI-2026-Convocatoria-Web-abierta.jpg<\/span>\n\t\t\t\t\t   <span itemprop='height' >1315<\/span>\n\t\t\t\t\t   <span itemprop='width' >1917<\/span>\n\t\t\t\t  <\/span><span class='av-structured-data'  itemprop=\"publisher\" itemtype=\"https:\/\/schema.org\/Organization\" itemscope=\"itemscope\" >\n\t\t\t\t<span itemprop='name'><\/span>\n\t\t\t\t<span itemprop='logo' itemscope itemtype='http:\/\/schema.org\/ImageObject'>\n\t\t\t\t   <span itemprop='url'>https:\/\/casa.oaxaca.gob.mx\/wp-content\/uploads\/2021\/03\/LOGO-CASA-01.png<\/span>\n\t\t\t\t <\/span>\n\t\t\t  <\/span><span class='av-structured-data'  itemprop=\"author\" itemscope=\"itemscope\" itemtype=\"https:\/\/schema.org\/Person\" ><span itemprop='name'><\/span><\/span><span class='av-structured-data'  itemprop=\"datePublished\" datetime=\"\" >2026-02-02 12:33:33<\/span><span class='av-structured-data'  itemprop=\"dateModified\" itemtype=\"https:\/\/schema.org\/dateModified\" >2026-04-10 15:30:43<\/span><span class='av-structured-data'  itemprop=\"mainEntityOfPage\" itemtype=\"https:\/\/schema.org\/mainEntityOfPage\" ><span itemprop='name'>Primera Exposici\u00f3n Individual: T\u00e9cnicas heredadas. Edici\u00f3n joyer\u00eda orfebre.<\/span><\/span><\/span><\/article><article class='slide-entry flex_column  post-entry post-entry-17991 slide-entry-overview slide-loop-14 slide-parity-even  post-entry-last  av_one_third  real-thumbnail'  itemscope=\"itemscope\" itemtype=\"https:\/\/schema.org\/BlogPosting\" itemprop=\"blogPost\" ><a href='https:\/\/casa.oaxaca.gob.mx\/?p=17991' data-rel='slide-1' class='slide-image' title=''><img loading=\"lazy\" decoding=\"async\" width=\"495\" height=\"400\" src=\"https:\/\/casa.oaxaca.gob.mx\/wp-content\/uploads\/2025\/11\/Rayos-X_IG01-495x400.jpg\" class=\"attachment-portfolio size-portfolio wp-post-image\" alt=\"\" srcset=\"https:\/\/casa.oaxaca.gob.mx\/wp-content\/uploads\/2025\/11\/Rayos-X_IG01-495x400.jpg 495w, https:\/\/casa.oaxaca.gob.mx\/wp-content\/uploads\/2025\/11\/Rayos-X_IG01-845x684.jpg 845w\" sizes=\"auto, (max-width: 495px) 100vw, 495px\" \/><\/a><div class='slide-content'><header class=\"entry-content-header\"><h3 class='slide-entry-title entry-title'  itemprop=\"headline\" ><a href='https:\/\/casa.oaxaca.gob.mx\/?p=17991' title='RAYOS X MEXICANOS. La radiograf\u00eda como lenguaje expresivo.'>RAYOS X MEXICANOS. La radiograf\u00eda como lenguaje expresivo.<\/a><\/h3><span class=\"av-vertical-delimiter\"><\/span><\/header><\/div><footer class=\"entry-footer\"><\/footer><span class='hidden'>\n\t\t\t<span class='av-structured-data'  itemscope=\"itemscope\" itemtype=\"https:\/\/schema.org\/ImageObject\"  itemprop='image'>\n\t\t\t\t\t   <span itemprop='url' >https:\/\/casa.oaxaca.gob.mx\/wp-content\/uploads\/2025\/11\/Rayos-X_IG01.jpg<\/span>\n\t\t\t\t\t   <span itemprop='height' >1590<\/span>\n\t\t\t\t\t   <span itemprop='width' >1934<\/span>\n\t\t\t\t  <\/span><span class='av-structured-data'  itemprop=\"publisher\" itemtype=\"https:\/\/schema.org\/Organization\" itemscope=\"itemscope\" >\n\t\t\t\t<span itemprop='name'><\/span>\n\t\t\t\t<span itemprop='logo' itemscope itemtype='http:\/\/schema.org\/ImageObject'>\n\t\t\t\t   <span itemprop='url'>https:\/\/casa.oaxaca.gob.mx\/wp-content\/uploads\/2021\/03\/LOGO-CASA-01.png<\/span>\n\t\t\t\t <\/span>\n\t\t\t  <\/span><span class='av-structured-data'  itemprop=\"author\" itemscope=\"itemscope\" itemtype=\"https:\/\/schema.org\/Person\" ><span itemprop='name'><\/span><\/span><span class='av-structured-data'  itemprop=\"datePublished\" datetime=\"\" >2025-11-07 13:52:37<\/span><span class='av-structured-data'  itemprop=\"dateModified\" itemtype=\"https:\/\/schema.org\/dateModified\" >2026-01-31 10:58:43<\/span><span class='av-structured-data'  itemprop=\"mainEntityOfPage\" itemtype=\"https:\/\/schema.org\/mainEntityOfPage\" ><span itemprop='name'>RAYOS X MEXICANOS. La radiograf\u00eda como lenguaje expresivo.<\/span><\/span><\/span><\/article><\/div><\/div><\/div>\n","protected":false},"excerpt":{"rendered":"","protected":false},"author":1,"featured_media":0,"parent":0,"menu_order":0,"comment_status":"closed","ping_status":"closed","template":"","meta":{"_exactmetrics_skip_tracking":false,"_exactmetrics_sitenote_active":false,"_exactmetrics_sitenote_note":"","_exactmetrics_sitenote_category":0,"footnotes":""},"class_list":["post-11035","page","type-page","status-publish","hentry"],"_links":{"self":[{"href":"https:\/\/casa.oaxaca.gob.mx\/index.php?rest_route=\/wp\/v2\/pages\/11035","targetHints":{"allow":["GET"]}}],"collection":[{"href":"https:\/\/casa.oaxaca.gob.mx\/index.php?rest_route=\/wp\/v2\/pages"}],"about":[{"href":"https:\/\/casa.oaxaca.gob.mx\/index.php?rest_route=\/wp\/v2\/types\/page"}],"author":[{"embeddable":true,"href":"https:\/\/casa.oaxaca.gob.mx\/index.php?rest_route=\/wp\/v2\/users\/1"}],"replies":[{"embeddable":true,"href":"https:\/\/casa.oaxaca.gob.mx\/index.php?rest_route=%2Fwp%2Fv2%2Fcomments&post=11035"}],"version-history":[{"count":8,"href":"https:\/\/casa.oaxaca.gob.mx\/index.php?rest_route=\/wp\/v2\/pages\/11035\/revisions"}],"predecessor-version":[{"id":18764,"href":"https:\/\/casa.oaxaca.gob.mx\/index.php?rest_route=\/wp\/v2\/pages\/11035\/revisions\/18764"}],"wp:attachment":[{"href":"https:\/\/casa.oaxaca.gob.mx\/index.php?rest_route=%2Fwp%2Fv2%2Fmedia&parent=11035"}],"curies":[{"name":"wp","href":"https:\/\/api.w.org\/{rel}","templated":true}]}}