{"id":1155,"date":"2016-08-04T12:39:42","date_gmt":"2016-08-04T12:39:42","guid":{"rendered":"http:\/\/www.mercadosoaxaca.com\/casa2\/?page_id=2"},"modified":"2026-04-27T16:41:29","modified_gmt":"2026-04-27T22:41:29","slug":"inicio-2","status":"publish","type":"page","link":"https:\/\/casa.oaxaca.gob.mx\/","title":{"rendered":"Inicio"},"content":{"rendered":"<\/div><\/div><\/div><!-- close content main div --><\/div><\/div><div id='slider-index' class='av-layout-grid-container entry-content-wrapper main_color av-flex-cells  container_wrap fullsize'   >\n<div class=\"flex_cell no_margin av_one_full   av-zero-padding \" style='vertical-align:top; padding:0; '><div class='flex_cell_inner' ><div  data-size='large'  data-lightbox_size='large'  data-animation='slide'  data-ids='15259'  data-video_counter='0'  data-autoplay='true'  data-bg_slider='false'  data-slide_height=''  data-handle='av_slideshow'  data-interval='4'  data-class=''  data-css_id=''  data-scroll_down=''  data-control_layout='av-control-default'  data-custom_markup=''  data-perma_caption=''  data-autoplay_stopper=''  data-image_attachment=''  data-min_height='0px'  class='avia-slideshow avia-slideshow-1  av-control-default av-default-height-applied avia-slideshow-large av_slideshow  avia-slide-slider '  itemscope=\"itemscope\" itemtype=\"https:\/\/schema.org\/ImageObject\" ><ul class='avia-slideshow-inner' style='padding-bottom: 56.21359223301%;'><li  class=' av-single-slide slide-1 ' ><div data-rel='slideshow-1' class='avia-slide-wrap'  ><img src='https:\/\/casa.oaxaca.gob.mx\/wp-content\/uploads\/2025\/01\/CaSa_dron-1030x579.jpg' width='1030' height='579' title='CaSa_dron' alt=''  itemprop=\"thumbnailUrl\"   \/><\/div><\/li><\/ul><\/div>\n<\/div><\/div>\n<\/div>\n<\/div><\/div><\/div><!-- close content main div --><\/div><\/div><div id='botones' class='av-layout-grid-container entry-content-wrapper main_color av-flex-cells  container_wrap fullsize'   >\n<div class=\"flex_cell no_margin av_one_fourth   \" style='background-image:url(https:\/\/casa.oaxaca.gob.mx\/wp-content\/uploads\/2021\/07\/01.png); background-position:top center; background-repeat:no-repeat; background-attachment:scroll; vertical-align:top; padding:80px 0 80px 0 ; background-color:#ff9900; '><div class='flex_cell_inner' ><div class='avia-button-wrap avia-button-center '><a href='https:\/\/casa.oaxaca.gob.mx\/?page_id=1462' class='avia-button  avia-icon_select-no avia-color-light avia-size-large avia-position-center '  target=\"_blank\"   ><span class='avia_iconbox_title' >TALLERES Y DIPLOMADOS<\/span><\/a><\/div>\n<\/div><\/div><div class=\"flex_cell no_margin av_one_fourth   \" style='background-image:url(https:\/\/casa.oaxaca.gob.mx\/wp-content\/uploads\/2021\/07\/Exposiciones.png); background-position:center center; background-repeat:no-repeat; background-attachment:scroll; vertical-align:top; padding:80px 0 80px 0 ; background-color:#006bb2; '><div class='flex_cell_inner' ><div class='avia-button-wrap avia-button-center '><a href='https:\/\/casa.oaxaca.gob.mx\/?page_id=1502' class='avia-button  avia-icon_select-no avia-color-light avia-size-large avia-position-center '  target=\"_blank\"   ><span class='avia_iconbox_title' >EXPOSICIONES<\/span><\/a><\/div>\n<\/div><\/div><div class=\"flex_cell no_margin av_one_fourth   \" style='background-image:url(https:\/\/casa.oaxaca.gob.mx\/wp-content\/uploads\/2021\/07\/Convocatoria-3.png); background-position:center center; background-repeat:no-repeat; background-attachment:scroll; vertical-align:top; padding:80px 0 80px 0 ; background-color:#93c120; '><div class='flex_cell_inner' ><div class='avia-button-wrap avia-button-center '><a href='https:\/\/casa.oaxaca.gob.mx\/?page_id=11035' class='avia-button  avia-icon_select-no avia-color-light avia-size-large avia-position-center '  target=\"_blank\"   ><span class='avia_iconbox_title' >CONVOCATORIAS<\/span><\/a><\/div>\n<\/div><\/div><div class=\"flex_cell no_margin av_one_fourth   \" style='background-image:url(https:\/\/casa.oaxaca.gob.mx\/wp-content\/uploads\/2016\/08\/produccion.jpg); background-position:center center; background-repeat:no-repeat; background-attachment:scroll; vertical-align:top; padding:80px 0 80px 0 ; background-color:#93c120; '><div class='flex_cell_inner' ><div class='avia-button-wrap avia-button-center '><a href='https:\/\/casa.oaxaca.gob.mx\/?page_id=1507' class='avia-button  avia-icon_select-no avia-color-light avia-size-large avia-position-center '  target=\"_blank\"   ><span class='avia_iconbox_title' >PRODUCCIONES ART\u00cdSTICAS<\/span><\/a><\/div>\n<\/div><\/div>\n<\/div>\n<\/div><\/div><\/div><!-- close content main div --><\/div><\/div><div id='vista' class='av-layout-grid-container entry-content-wrapper main_color av-flex-cells  container_wrap fullsize'   >\n<div class=\"flex_cell no_margin av_one_full   \" style='background-image:url(https:\/\/casa.oaxaca.gob.mx\/wp-content\/uploads\/2016\/08\/visita.jpg); background-position:center center; background-repeat:no-repeat; background-attachment:scroll; vertical-align:top; padding:30px; background-color:#d65799; '><div class='flex_cell_inner' ><div class=\"flex_column av_one_third  flex_column_div av-zero-column-padding first  \" style='border-radius:0px; '><div class='avia-button-wrap avia-button-center '><a href='https:\/\/casa.oaxaca.gob.mx\/?page_id=2704' class='avia-button  avia-icon_select-no avia-color-light avia-size-large avia-position-center '  target=\"_blank\"   ><span class='avia_iconbox_title' >Visita el CASA<\/span><\/a><\/div><\/div>\n<\/div><\/div>\n<\/div>\n<div class=\"flex_column av_one_full  flex_column_div av-zero-column-padding first  \" style='border-radius:0px; '><\/div>\n<div class=\"flex_column av_one_full  av-hide-on-mobile  flex_column_div av-zero-column-padding first  \" style='border-radius:0px; '><div  data-autoplay=''  data-interval='5'  data-animation='fade'  data-show_slide_delay='90'  class='avia-content-slider avia-content-grid-active avia-content-slider1 avia-content-slider-odd '  itemscope=\"itemscope\" itemtype=\"https:\/\/schema.org\/Blog\" ><div class='avia-content-slider-inner'><div class='slide-entry-wrap'><article class='slide-entry flex_column  post-entry post-entry-18773 slide-entry-overview slide-loop-1 slide-parity-odd  av_one_third first real-thumbnail'  itemscope=\"itemscope\" itemtype=\"https:\/\/schema.org\/BlogPosting\" itemprop=\"blogPost\" ><a href='https:\/\/casa.oaxaca.gob.mx\/?p=18773' data-rel='slide-1' class='slide-image' title=''><img loading=\"lazy\" decoding=\"async\" width=\"495\" height=\"400\" src=\"https:\/\/casa.oaxaca.gob.mx\/wp-content\/uploads\/2026\/04\/La-importancia-de-documentar-los-conflictos-abierta-495x400.jpg\" class=\"attachment-portfolio size-portfolio wp-post-image\" alt=\"\" srcset=\"https:\/\/casa.oaxaca.gob.mx\/wp-content\/uploads\/2026\/04\/La-importancia-de-documentar-los-conflictos-abierta-495x400.jpg 495w, https:\/\/casa.oaxaca.gob.mx\/wp-content\/uploads\/2026\/04\/La-importancia-de-documentar-los-conflictos-abierta-845x684.jpg 845w\" sizes=\"auto, (max-width: 495px) 100vw, 495px\" \/><\/a><div class='slide-content'><header class=\"entry-content-header\"><h3 class='slide-entry-title entry-title'  itemprop=\"headline\" ><a href='https:\/\/casa.oaxaca.gob.mx\/?p=18773' title='Taller presencial. La importancia de documentar los conflictos, violencias y la defensa del territorio. Imparte: M\u00f3nica Gonz\u00e1lez Islas.'>Taller presencial. La importancia de documentar los conflictos, violencias y la defensa del territorio. Imparte: M\u00f3nica Gonz\u00e1lez Islas.<\/a><\/h3><span class=\"av-vertical-delimiter\"><\/span><\/header><\/div><footer class=\"entry-footer\"><\/footer><span class='hidden'>\n\t\t\t<span class='av-structured-data'  itemscope=\"itemscope\" itemtype=\"https:\/\/schema.org\/ImageObject\"  itemprop='image'>\n\t\t\t\t\t   <span itemprop='url' >https:\/\/casa.oaxaca.gob.mx\/wp-content\/uploads\/2026\/04\/La-importancia-de-documentar-los-conflictos-abierta.jpg<\/span>\n\t\t\t\t\t   <span itemprop='height' >1315<\/span>\n\t\t\t\t\t   <span itemprop='width' >1917<\/span>\n\t\t\t\t  <\/span><span class='av-structured-data'  itemprop=\"publisher\" itemtype=\"https:\/\/schema.org\/Organization\" itemscope=\"itemscope\" >\n\t\t\t\t<span itemprop='name'><\/span>\n\t\t\t\t<span itemprop='logo' itemscope itemtype='http:\/\/schema.org\/ImageObject'>\n\t\t\t\t   <span itemprop='url'>https:\/\/casa.oaxaca.gob.mx\/wp-content\/uploads\/2021\/03\/LOGO-CASA-01.png<\/span>\n\t\t\t\t <\/span>\n\t\t\t  <\/span><span class='av-structured-data'  itemprop=\"author\" itemscope=\"itemscope\" itemtype=\"https:\/\/schema.org\/Person\" ><span itemprop='name'><\/span><\/span><span class='av-structured-data'  itemprop=\"datePublished\" datetime=\"\" >2026-04-28 12:44:13<\/span><span class='av-structured-data'  itemprop=\"dateModified\" itemtype=\"https:\/\/schema.org\/dateModified\" >2026-04-28 12:44:13<\/span><span class='av-structured-data'  itemprop=\"mainEntityOfPage\" itemtype=\"https:\/\/schema.org\/mainEntityOfPage\" ><span itemprop='name'>Taller presencial. La importancia de documentar los conflictos, violencias y la defensa del territorio. Imparte: M\u00f3nica Gonz\u00e1lez Islas.<\/span><\/span><\/span><\/article><article class='slide-entry flex_column  post-entry post-entry-18785 slide-entry-overview slide-loop-2 slide-parity-even  av_one_third  real-thumbnail'  itemscope=\"itemscope\" itemtype=\"https:\/\/schema.org\/BlogPosting\" itemprop=\"blogPost\" ><a href='https:\/\/casa.oaxaca.gob.mx\/?p=18785' data-rel='slide-1' class='slide-image' title=''><img loading=\"lazy\" decoding=\"async\" width=\"495\" height=\"400\" src=\"https:\/\/casa.oaxaca.gob.mx\/wp-content\/uploads\/2026\/04\/Escitura-de-guion-de-cine_abierta-495x400.jpg\" class=\"attachment-portfolio size-portfolio wp-post-image\" alt=\"\" srcset=\"https:\/\/casa.oaxaca.gob.mx\/wp-content\/uploads\/2026\/04\/Escitura-de-guion-de-cine_abierta-495x400.jpg 495w, https:\/\/casa.oaxaca.gob.mx\/wp-content\/uploads\/2026\/04\/Escitura-de-guion-de-cine_abierta-845x684.jpg 845w\" sizes=\"auto, (max-width: 495px) 100vw, 495px\" \/><\/a><div class='slide-content'><header class=\"entry-content-header\"><h3 class='slide-entry-title entry-title'  itemprop=\"headline\" ><a href='https:\/\/casa.oaxaca.gob.mx\/?p=18785' title='Taller presencial. Escritura de gui\u00f3n de cine en lenguas originarias. Imparte: Antonio Sandoval Ildefonso.'>Taller presencial. Escritura de gui\u00f3n de cine en lenguas originarias. Imparte: Antonio Sandoval Ildefonso.<\/a><\/h3><span class=\"av-vertical-delimiter\"><\/span><\/header><\/div><footer class=\"entry-footer\"><\/footer><span class='hidden'>\n\t\t\t<span class='av-structured-data'  itemscope=\"itemscope\" itemtype=\"https:\/\/schema.org\/ImageObject\"  itemprop='image'>\n\t\t\t\t\t   <span itemprop='url' >https:\/\/casa.oaxaca.gob.mx\/wp-content\/uploads\/2026\/04\/Escitura-de-guion-de-cine_abierta.jpg<\/span>\n\t\t\t\t\t   <span itemprop='height' >1315<\/span>\n\t\t\t\t\t   <span itemprop='width' >1917<\/span>\n\t\t\t\t  <\/span><span class='av-structured-data'  itemprop=\"publisher\" itemtype=\"https:\/\/schema.org\/Organization\" itemscope=\"itemscope\" >\n\t\t\t\t<span itemprop='name'><\/span>\n\t\t\t\t<span itemprop='logo' itemscope itemtype='http:\/\/schema.org\/ImageObject'>\n\t\t\t\t   <span itemprop='url'>https:\/\/casa.oaxaca.gob.mx\/wp-content\/uploads\/2021\/03\/LOGO-CASA-01.png<\/span>\n\t\t\t\t <\/span>\n\t\t\t  <\/span><span class='av-structured-data'  itemprop=\"author\" itemscope=\"itemscope\" itemtype=\"https:\/\/schema.org\/Person\" ><span itemprop='name'><\/span><\/span><span class='av-structured-data'  itemprop=\"datePublished\" datetime=\"\" >2026-04-28 12:37:57<\/span><span class='av-structured-data'  itemprop=\"dateModified\" itemtype=\"https:\/\/schema.org\/dateModified\" >2026-04-28 13:36:18<\/span><span class='av-structured-data'  itemprop=\"mainEntityOfPage\" itemtype=\"https:\/\/schema.org\/mainEntityOfPage\" ><span itemprop='name'>Taller presencial. Escritura de gui\u00f3n de cine en lenguas originarias. Imparte: Antonio Sandoval Ildefonso.<\/span><\/span><\/span><\/article><article class='slide-entry flex_column  post-entry post-entry-18769 slide-entry-overview slide-loop-3 slide-parity-odd  av_one_third  real-thumbnail'  itemscope=\"itemscope\" itemtype=\"https:\/\/schema.org\/BlogPosting\" itemprop=\"blogPost\" ><a href='https:\/\/casa.oaxaca.gob.mx\/?p=18769' data-rel='slide-1' class='slide-image' title=''><img loading=\"lazy\" decoding=\"async\" width=\"495\" height=\"400\" src=\"https:\/\/casa.oaxaca.gob.mx\/wp-content\/uploads\/2026\/04\/Esqueletobjeto-abierta-495x400.jpg\" class=\"attachment-portfolio size-portfolio wp-post-image\" alt=\"\" srcset=\"https:\/\/casa.oaxaca.gob.mx\/wp-content\/uploads\/2026\/04\/Esqueletobjeto-abierta-495x400.jpg 495w, https:\/\/casa.oaxaca.gob.mx\/wp-content\/uploads\/2026\/04\/Esqueletobjeto-abierta-845x684.jpg 845w\" sizes=\"auto, (max-width: 495px) 100vw, 495px\" \/><\/a><div class='slide-content'><header class=\"entry-content-header\"><h3 class='slide-entry-title entry-title'  itemprop=\"headline\" ><a href='https:\/\/casa.oaxaca.gob.mx\/?p=18769' title='Taller presencial. Esqueletobjeto. Imparte: F\u00e1tima Armengol.'>Taller presencial. Esqueletobjeto. Imparte: F\u00e1tima Armengol.<\/a><\/h3><span class=\"av-vertical-delimiter\"><\/span><\/header><\/div><footer class=\"entry-footer\"><\/footer><span class='hidden'>\n\t\t\t<span class='av-structured-data'  itemscope=\"itemscope\" itemtype=\"https:\/\/schema.org\/ImageObject\"  itemprop='image'>\n\t\t\t\t\t   <span itemprop='url' >https:\/\/casa.oaxaca.gob.mx\/wp-content\/uploads\/2026\/04\/Esqueletobjeto-abierta.jpg<\/span>\n\t\t\t\t\t   <span itemprop='height' >1315<\/span>\n\t\t\t\t\t   <span itemprop='width' >1917<\/span>\n\t\t\t\t  <\/span><span class='av-structured-data'  itemprop=\"publisher\" itemtype=\"https:\/\/schema.org\/Organization\" itemscope=\"itemscope\" >\n\t\t\t\t<span itemprop='name'><\/span>\n\t\t\t\t<span itemprop='logo' itemscope itemtype='http:\/\/schema.org\/ImageObject'>\n\t\t\t\t   <span itemprop='url'>https:\/\/casa.oaxaca.gob.mx\/wp-content\/uploads\/2021\/03\/LOGO-CASA-01.png<\/span>\n\t\t\t\t <\/span>\n\t\t\t  <\/span><span class='av-structured-data'  itemprop=\"author\" itemscope=\"itemscope\" itemtype=\"https:\/\/schema.org\/Person\" ><span itemprop='name'><\/span><\/span><span class='av-structured-data'  itemprop=\"datePublished\" datetime=\"\" >2026-04-27 17:38:16<\/span><span class='av-structured-data'  itemprop=\"dateModified\" itemtype=\"https:\/\/schema.org\/dateModified\" >2026-04-28 12:16:07<\/span><span class='av-structured-data'  itemprop=\"mainEntityOfPage\" itemtype=\"https:\/\/schema.org\/mainEntityOfPage\" ><span itemprop='name'>Taller presencial. Esqueletobjeto. Imparte: F\u00e1tima Armengol.<\/span><\/span><\/span><\/article><\/div><div class='slide-entry-wrap'><article class='slide-entry flex_column  post-entry post-entry-18739 slide-entry-overview slide-loop-4 slide-parity-odd  av_one_third first real-thumbnail'  itemscope=\"itemscope\" itemtype=\"https:\/\/schema.org\/BlogPosting\" itemprop=\"blogPost\" ><a href='https:\/\/casa.oaxaca.gob.mx\/?p=18739' data-rel='slide-1' class='slide-image' title=''><img loading=\"lazy\" decoding=\"async\" width=\"495\" height=\"400\" src=\"https:\/\/casa.oaxaca.gob.mx\/wp-content\/uploads\/2026\/04\/Lectoescritura-del-chatino-abierta-495x400.jpg\" class=\"attachment-portfolio size-portfolio wp-post-image\" alt=\"\" srcset=\"https:\/\/casa.oaxaca.gob.mx\/wp-content\/uploads\/2026\/04\/Lectoescritura-del-chatino-abierta-495x400.jpg 495w, https:\/\/casa.oaxaca.gob.mx\/wp-content\/uploads\/2026\/04\/Lectoescritura-del-chatino-abierta-845x684.jpg 845w\" sizes=\"auto, (max-width: 495px) 100vw, 495px\" \/><\/a><div class='slide-content'><header class=\"entry-content-header\"><h3 class='slide-entry-title entry-title'  itemprop=\"headline\" ><a href='https:\/\/casa.oaxaca.gob.mx\/?p=18739' title='Taller presencial. Lectoescritura del chatino de Panixtlahuaca. Imparte: Isaura De Los Santos Mendoza.'>Taller presencial. Lectoescritura del chatino de Panixtlahuaca. Imparte: Isaura De Los Santos Mendoza.<\/a><\/h3><span class=\"av-vertical-delimiter\"><\/span><\/header><\/div><footer class=\"entry-footer\"><\/footer><span class='hidden'>\n\t\t\t<span class='av-structured-data'  itemscope=\"itemscope\" itemtype=\"https:\/\/schema.org\/ImageObject\"  itemprop='image'>\n\t\t\t\t\t   <span itemprop='url' >https:\/\/casa.oaxaca.gob.mx\/wp-content\/uploads\/2026\/04\/Lectoescritura-del-chatino-abierta.jpg<\/span>\n\t\t\t\t\t   <span itemprop='height' >1315<\/span>\n\t\t\t\t\t   <span itemprop='width' >1917<\/span>\n\t\t\t\t  <\/span><span class='av-structured-data'  itemprop=\"publisher\" itemtype=\"https:\/\/schema.org\/Organization\" itemscope=\"itemscope\" >\n\t\t\t\t<span itemprop='name'><\/span>\n\t\t\t\t<span itemprop='logo' itemscope itemtype='http:\/\/schema.org\/ImageObject'>\n\t\t\t\t   <span itemprop='url'>https:\/\/casa.oaxaca.gob.mx\/wp-content\/uploads\/2021\/03\/LOGO-CASA-01.png<\/span>\n\t\t\t\t <\/span>\n\t\t\t  <\/span><span class='av-structured-data'  itemprop=\"author\" itemscope=\"itemscope\" itemtype=\"https:\/\/schema.org\/Person\" ><span itemprop='name'><\/span><\/span><span class='av-structured-data'  itemprop=\"datePublished\" datetime=\"\" >2026-04-22 13:14:41<\/span><span class='av-structured-data'  itemprop=\"dateModified\" itemtype=\"https:\/\/schema.org\/dateModified\" >2026-04-22 13:14:41<\/span><span class='av-structured-data'  itemprop=\"mainEntityOfPage\" itemtype=\"https:\/\/schema.org\/mainEntityOfPage\" ><span itemprop='name'>Taller presencial. Lectoescritura del chatino de Panixtlahuaca. Imparte: Isaura De Los Santos Mendoza.<\/span><\/span><\/span><\/article><article class='slide-entry flex_column  post-entry post-entry-18736 slide-entry-overview slide-loop-5 slide-parity-even  av_one_third  real-thumbnail'  itemscope=\"itemscope\" itemtype=\"https:\/\/schema.org\/BlogPosting\" itemprop=\"blogPost\" ><a href='https:\/\/casa.oaxaca.gob.mx\/?p=18736' data-rel='slide-1' class='slide-image' title=''><img loading=\"lazy\" decoding=\"async\" width=\"495\" height=\"400\" src=\"https:\/\/casa.oaxaca.gob.mx\/wp-content\/uploads\/2025\/08\/Revitalizacion-de-la-lengua-mazateca_cerrada-495x400.jpg\" class=\"attachment-portfolio size-portfolio wp-post-image\" alt=\"\" srcset=\"https:\/\/casa.oaxaca.gob.mx\/wp-content\/uploads\/2025\/08\/Revitalizacion-de-la-lengua-mazateca_cerrada-495x400.jpg 495w, https:\/\/casa.oaxaca.gob.mx\/wp-content\/uploads\/2025\/08\/Revitalizacion-de-la-lengua-mazateca_cerrada-845x684.jpg 845w\" sizes=\"auto, (max-width: 495px) 100vw, 495px\" \/><\/a><div class='slide-content'><header class=\"entry-content-header\"><h3 class='slide-entry-title entry-title'  itemprop=\"headline\" ><a href='https:\/\/casa.oaxaca.gob.mx\/?p=18736' title='Taller presencial. Revitalizaci\u00f3n de la lengua mazateca. Imparte: Eugenio Juan Ram\u00edrez.'>Taller presencial. Revitalizaci\u00f3n de la lengua mazateca. Imparte: Eugenio Juan Ram\u00edrez.<\/a><\/h3><span class=\"av-vertical-delimiter\"><\/span><\/header><\/div><footer class=\"entry-footer\"><\/footer><span class='hidden'>\n\t\t\t<span class='av-structured-data'  itemscope=\"itemscope\" itemtype=\"https:\/\/schema.org\/ImageObject\"  itemprop='image'>\n\t\t\t\t\t   <span itemprop='url' >https:\/\/casa.oaxaca.gob.mx\/wp-content\/uploads\/2025\/08\/Revitalizacion-de-la-lengua-mazateca_cerrada.jpg<\/span>\n\t\t\t\t\t   <span itemprop='height' >1315<\/span>\n\t\t\t\t\t   <span itemprop='width' >1917<\/span>\n\t\t\t\t  <\/span><span class='av-structured-data'  itemprop=\"publisher\" itemtype=\"https:\/\/schema.org\/Organization\" itemscope=\"itemscope\" >\n\t\t\t\t<span itemprop='name'><\/span>\n\t\t\t\t<span itemprop='logo' itemscope itemtype='http:\/\/schema.org\/ImageObject'>\n\t\t\t\t   <span itemprop='url'>https:\/\/casa.oaxaca.gob.mx\/wp-content\/uploads\/2021\/03\/LOGO-CASA-01.png<\/span>\n\t\t\t\t <\/span>\n\t\t\t  <\/span><span class='av-structured-data'  itemprop=\"author\" itemscope=\"itemscope\" itemtype=\"https:\/\/schema.org\/Person\" ><span itemprop='name'><\/span><\/span><span class='av-structured-data'  itemprop=\"datePublished\" datetime=\"\" >2026-04-22 12:54:47<\/span><span class='av-structured-data'  itemprop=\"dateModified\" itemtype=\"https:\/\/schema.org\/dateModified\" >2026-04-22 12:54:47<\/span><span class='av-structured-data'  itemprop=\"mainEntityOfPage\" itemtype=\"https:\/\/schema.org\/mainEntityOfPage\" ><span itemprop='name'>Taller presencial. Revitalizaci\u00f3n de la lengua mazateca. Imparte: Eugenio Juan Ram\u00edrez.<\/span><\/span><\/span><\/article><article class='slide-entry flex_column  post-entry post-entry-18706 slide-entry-overview slide-loop-6 slide-parity-odd  av_one_third  real-thumbnail'  itemscope=\"itemscope\" itemtype=\"https:\/\/schema.org\/BlogPosting\" itemprop=\"blogPost\" ><a href='https:\/\/casa.oaxaca.gob.mx\/?p=18706' data-rel='slide-1' class='slide-image' title=''><img loading=\"lazy\" decoding=\"async\" width=\"495\" height=\"400\" src=\"https:\/\/casa.oaxaca.gob.mx\/wp-content\/uploads\/2025\/06\/a-Takuhon-495x400.jpg\" class=\"attachment-portfolio size-portfolio wp-post-image\" alt=\"\" srcset=\"https:\/\/casa.oaxaca.gob.mx\/wp-content\/uploads\/2025\/06\/a-Takuhon-495x400.jpg 495w, https:\/\/casa.oaxaca.gob.mx\/wp-content\/uploads\/2025\/06\/a-Takuhon-845x684.jpg 845w\" sizes=\"auto, (max-width: 495px) 100vw, 495px\" \/><\/a><div class='slide-content'><header class=\"entry-content-header\"><h3 class='slide-entry-title entry-title'  itemprop=\"headline\" ><a href='https:\/\/casa.oaxaca.gob.mx\/?p=18706' title='Taller presencial. B\u00e1sico de Taku-hon. Imparte: Mercedes L\u00f3pez Calvo.'>Taller presencial. B\u00e1sico de Taku-hon. Imparte: Mercedes L\u00f3pez Calvo.<\/a><\/h3><span class=\"av-vertical-delimiter\"><\/span><\/header><\/div><footer class=\"entry-footer\"><\/footer><span class='hidden'>\n\t\t\t<span class='av-structured-data'  itemscope=\"itemscope\" itemtype=\"https:\/\/schema.org\/ImageObject\"  itemprop='image'>\n\t\t\t\t\t   <span itemprop='url' >https:\/\/casa.oaxaca.gob.mx\/wp-content\/uploads\/2025\/06\/a-Takuhon.jpg<\/span>\n\t\t\t\t\t   <span itemprop='height' >1315<\/span>\n\t\t\t\t\t   <span itemprop='width' >1917<\/span>\n\t\t\t\t  <\/span><span class='av-structured-data'  itemprop=\"publisher\" itemtype=\"https:\/\/schema.org\/Organization\" itemscope=\"itemscope\" >\n\t\t\t\t<span itemprop='name'><\/span>\n\t\t\t\t<span itemprop='logo' itemscope itemtype='http:\/\/schema.org\/ImageObject'>\n\t\t\t\t   <span itemprop='url'>https:\/\/casa.oaxaca.gob.mx\/wp-content\/uploads\/2021\/03\/LOGO-CASA-01.png<\/span>\n\t\t\t\t <\/span>\n\t\t\t  <\/span><span class='av-structured-data'  itemprop=\"author\" itemscope=\"itemscope\" itemtype=\"https:\/\/schema.org\/Person\" ><span itemprop='name'><\/span><\/span><span class='av-structured-data'  itemprop=\"datePublished\" datetime=\"\" >2026-04-20 11:22:05<\/span><span class='av-structured-data'  itemprop=\"dateModified\" itemtype=\"https:\/\/schema.org\/dateModified\" >2026-04-20 11:22:05<\/span><span class='av-structured-data'  itemprop=\"mainEntityOfPage\" itemtype=\"https:\/\/schema.org\/mainEntityOfPage\" ><span itemprop='name'>Taller presencial. B\u00e1sico de Taku-hon. Imparte: Mercedes L\u00f3pez Calvo.<\/span><\/span><\/span><\/article><\/div><div class='slide-entry-wrap'><article class='slide-entry flex_column  post-entry post-entry-18703 slide-entry-overview slide-loop-7 slide-parity-odd  av_one_third first real-thumbnail'  itemscope=\"itemscope\" itemtype=\"https:\/\/schema.org\/BlogPosting\" itemprop=\"blogPost\" ><a href='https:\/\/casa.oaxaca.gob.mx\/?p=18703' data-rel='slide-1' class='slide-image' title=''><img loading=\"lazy\" decoding=\"async\" width=\"495\" height=\"400\" src=\"https:\/\/casa.oaxaca.gob.mx\/wp-content\/uploads\/2026\/04\/Documentar-el-arte-abierta-495x400.jpg\" class=\"attachment-portfolio size-portfolio wp-post-image\" alt=\"\" srcset=\"https:\/\/casa.oaxaca.gob.mx\/wp-content\/uploads\/2026\/04\/Documentar-el-arte-abierta-495x400.jpg 495w, https:\/\/casa.oaxaca.gob.mx\/wp-content\/uploads\/2026\/04\/Documentar-el-arte-abierta-845x684.jpg 845w\" sizes=\"auto, (max-width: 495px) 100vw, 495px\" \/><\/a><div class='slide-content'><header class=\"entry-content-header\"><h3 class='slide-entry-title entry-title'  itemprop=\"headline\" ><a href='https:\/\/casa.oaxaca.gob.mx\/?p=18703' title='Taller presencial. Documentar el Arte (Taller de registro en video). Imparte: Arturo Lavariega.'>Taller presencial. Documentar el Arte (Taller de registro en video). Imparte: Arturo Lavariega.<\/a><\/h3><span class=\"av-vertical-delimiter\"><\/span><\/header><\/div><footer class=\"entry-footer\"><\/footer><span class='hidden'>\n\t\t\t<span class='av-structured-data'  itemscope=\"itemscope\" itemtype=\"https:\/\/schema.org\/ImageObject\"  itemprop='image'>\n\t\t\t\t\t   <span itemprop='url' >https:\/\/casa.oaxaca.gob.mx\/wp-content\/uploads\/2026\/04\/Documentar-el-arte-abierta.jpg<\/span>\n\t\t\t\t\t   <span itemprop='height' >1315<\/span>\n\t\t\t\t\t   <span itemprop='width' >1917<\/span>\n\t\t\t\t  <\/span><span class='av-structured-data'  itemprop=\"publisher\" itemtype=\"https:\/\/schema.org\/Organization\" itemscope=\"itemscope\" >\n\t\t\t\t<span itemprop='name'><\/span>\n\t\t\t\t<span itemprop='logo' itemscope itemtype='http:\/\/schema.org\/ImageObject'>\n\t\t\t\t   <span itemprop='url'>https:\/\/casa.oaxaca.gob.mx\/wp-content\/uploads\/2021\/03\/LOGO-CASA-01.png<\/span>\n\t\t\t\t <\/span>\n\t\t\t  <\/span><span class='av-structured-data'  itemprop=\"author\" itemscope=\"itemscope\" itemtype=\"https:\/\/schema.org\/Person\" ><span itemprop='name'><\/span><\/span><span class='av-structured-data'  itemprop=\"datePublished\" datetime=\"\" >2026-04-19 12:20:53<\/span><span class='av-structured-data'  itemprop=\"dateModified\" itemtype=\"https:\/\/schema.org\/dateModified\" >2026-04-19 12:20:53<\/span><span class='av-structured-data'  itemprop=\"mainEntityOfPage\" itemtype=\"https:\/\/schema.org\/mainEntityOfPage\" ><span itemprop='name'>Taller presencial. Documentar el Arte (Taller de registro en video). Imparte: Arturo Lavariega.<\/span><\/span><\/span><\/article><article class='slide-entry flex_column  post-entry post-entry-18698 slide-entry-overview slide-loop-8 slide-parity-even  av_one_third  real-thumbnail'  itemscope=\"itemscope\" itemtype=\"https:\/\/schema.org\/BlogPosting\" itemprop=\"blogPost\" ><a href='https:\/\/casa.oaxaca.gob.mx\/?p=18698' data-rel='slide-1' class='slide-image' title=''><img loading=\"lazy\" decoding=\"async\" width=\"495\" height=\"400\" src=\"https:\/\/casa.oaxaca.gob.mx\/wp-content\/uploads\/2026\/04\/Tenido-natural-en-lana-y-algodon-abierta-495x400.jpg\" class=\"attachment-portfolio size-portfolio wp-post-image\" alt=\"\" srcset=\"https:\/\/casa.oaxaca.gob.mx\/wp-content\/uploads\/2026\/04\/Tenido-natural-en-lana-y-algodon-abierta-495x400.jpg 495w, https:\/\/casa.oaxaca.gob.mx\/wp-content\/uploads\/2026\/04\/Tenido-natural-en-lana-y-algodon-abierta-845x684.jpg 845w\" sizes=\"auto, (max-width: 495px) 100vw, 495px\" \/><\/a><div class='slide-content'><header class=\"entry-content-header\"><h3 class='slide-entry-title entry-title'  itemprop=\"headline\" ><a href='https:\/\/casa.oaxaca.gob.mx\/?p=18698' title='Taller presencial. Te\u00f1ido natural en algod\u00f3n y lana. Imparte: Froyl\u00e1n M\u00e9ndez Bautista.'>Taller presencial. Te\u00f1ido natural en algod\u00f3n y lana. Imparte: Froyl\u00e1n M\u00e9ndez Bautista.<\/a><\/h3><span class=\"av-vertical-delimiter\"><\/span><\/header><\/div><footer class=\"entry-footer\"><\/footer><span class='hidden'>\n\t\t\t<span class='av-structured-data'  itemscope=\"itemscope\" itemtype=\"https:\/\/schema.org\/ImageObject\"  itemprop='image'>\n\t\t\t\t\t   <span itemprop='url' >https:\/\/casa.oaxaca.gob.mx\/wp-content\/uploads\/2026\/04\/Tenido-natural-en-lana-y-algodon-abierta.jpg<\/span>\n\t\t\t\t\t   <span itemprop='height' >1315<\/span>\n\t\t\t\t\t   <span itemprop='width' >1917<\/span>\n\t\t\t\t  <\/span><span class='av-structured-data'  itemprop=\"publisher\" itemtype=\"https:\/\/schema.org\/Organization\" itemscope=\"itemscope\" >\n\t\t\t\t<span itemprop='name'><\/span>\n\t\t\t\t<span itemprop='logo' itemscope itemtype='http:\/\/schema.org\/ImageObject'>\n\t\t\t\t   <span itemprop='url'>https:\/\/casa.oaxaca.gob.mx\/wp-content\/uploads\/2021\/03\/LOGO-CASA-01.png<\/span>\n\t\t\t\t <\/span>\n\t\t\t  <\/span><span class='av-structured-data'  itemprop=\"author\" itemscope=\"itemscope\" itemtype=\"https:\/\/schema.org\/Person\" ><span itemprop='name'><\/span><\/span><span class='av-structured-data'  itemprop=\"datePublished\" datetime=\"\" >2026-04-19 11:04:11<\/span><span class='av-structured-data'  itemprop=\"dateModified\" itemtype=\"https:\/\/schema.org\/dateModified\" >2026-04-20 12:30:53<\/span><span class='av-structured-data'  itemprop=\"mainEntityOfPage\" itemtype=\"https:\/\/schema.org\/mainEntityOfPage\" ><span itemprop='name'>Taller presencial. Te\u00f1ido natural en algod\u00f3n y lana. Imparte: Froyl\u00e1n M\u00e9ndez Bautista.<\/span><\/span><\/span><\/article><article class='slide-entry flex_column  post-entry post-entry-18693 slide-entry-overview slide-loop-9 slide-parity-odd  av_one_third  real-thumbnail'  itemscope=\"itemscope\" itemtype=\"https:\/\/schema.org\/BlogPosting\" itemprop=\"blogPost\" ><a href='https:\/\/casa.oaxaca.gob.mx\/?p=18693' data-rel='slide-1' class='slide-image' title=''><img loading=\"lazy\" decoding=\"async\" width=\"495\" height=\"400\" src=\"https:\/\/casa.oaxaca.gob.mx\/wp-content\/uploads\/2026\/04\/Contar-historias-desde-la-fotografia-documental-abierta-495x400.jpg\" class=\"attachment-portfolio size-portfolio wp-post-image\" alt=\"\" srcset=\"https:\/\/casa.oaxaca.gob.mx\/wp-content\/uploads\/2026\/04\/Contar-historias-desde-la-fotografia-documental-abierta-495x400.jpg 495w, https:\/\/casa.oaxaca.gob.mx\/wp-content\/uploads\/2026\/04\/Contar-historias-desde-la-fotografia-documental-abierta-845x684.jpg 845w\" sizes=\"auto, (max-width: 495px) 100vw, 495px\" \/><\/a><div class='slide-content'><header class=\"entry-content-header\"><h3 class='slide-entry-title entry-title'  itemprop=\"headline\" ><a href='https:\/\/casa.oaxaca.gob.mx\/?p=18693' title='Taller presencial. Contar historias desde la fotograf\u00eda documental. Imparte: Judith Romero.'>Taller presencial. Contar historias desde la fotograf\u00eda documental. Imparte: Judith Romero.<\/a><\/h3><span class=\"av-vertical-delimiter\"><\/span><\/header><\/div><footer class=\"entry-footer\"><\/footer><span class='hidden'>\n\t\t\t<span class='av-structured-data'  itemscope=\"itemscope\" itemtype=\"https:\/\/schema.org\/ImageObject\"  itemprop='image'>\n\t\t\t\t\t   <span itemprop='url' >https:\/\/casa.oaxaca.gob.mx\/wp-content\/uploads\/2026\/04\/Contar-historias-desde-la-fotografia-documental-abierta.jpg<\/span>\n\t\t\t\t\t   <span itemprop='height' >1315<\/span>\n\t\t\t\t\t   <span itemprop='width' >1917<\/span>\n\t\t\t\t  <\/span><span class='av-structured-data'  itemprop=\"publisher\" itemtype=\"https:\/\/schema.org\/Organization\" itemscope=\"itemscope\" >\n\t\t\t\t<span itemprop='name'><\/span>\n\t\t\t\t<span itemprop='logo' itemscope itemtype='http:\/\/schema.org\/ImageObject'>\n\t\t\t\t   <span itemprop='url'>https:\/\/casa.oaxaca.gob.mx\/wp-content\/uploads\/2021\/03\/LOGO-CASA-01.png<\/span>\n\t\t\t\t <\/span>\n\t\t\t  <\/span><span class='av-structured-data'  itemprop=\"author\" itemscope=\"itemscope\" itemtype=\"https:\/\/schema.org\/Person\" ><span itemprop='name'><\/span><\/span><span class='av-structured-data'  itemprop=\"datePublished\" datetime=\"\" >2026-04-18 12:17:30<\/span><span class='av-structured-data'  itemprop=\"dateModified\" itemtype=\"https:\/\/schema.org\/dateModified\" >2026-04-19 11:04:45<\/span><span class='av-structured-data'  itemprop=\"mainEntityOfPage\" itemtype=\"https:\/\/schema.org\/mainEntityOfPage\" ><span itemprop='name'>Taller presencial. Contar historias desde la fotograf\u00eda documental. Imparte: Judith Romero.<\/span><\/span><\/span><\/article><\/div><div class='slide-entry-wrap'><article class='slide-entry flex_column  post-entry post-entry-18671 slide-entry-overview slide-loop-10 slide-parity-odd  av_one_third first real-thumbnail'  itemscope=\"itemscope\" itemtype=\"https:\/\/schema.org\/BlogPosting\" itemprop=\"blogPost\" ><a href='https:\/\/casa.oaxaca.gob.mx\/?p=18671' data-rel='slide-1' class='slide-image' title=''><img loading=\"lazy\" decoding=\"async\" width=\"495\" height=\"400\" src=\"https:\/\/casa.oaxaca.gob.mx\/wp-content\/uploads\/2026\/04\/Empaste-de-oleo-abierta-495x400.jpg\" class=\"attachment-portfolio size-portfolio wp-post-image\" alt=\"\" srcset=\"https:\/\/casa.oaxaca.gob.mx\/wp-content\/uploads\/2026\/04\/Empaste-de-oleo-abierta-495x400.jpg 495w, https:\/\/casa.oaxaca.gob.mx\/wp-content\/uploads\/2026\/04\/Empaste-de-oleo-abierta-845x684.jpg 845w\" sizes=\"auto, (max-width: 495px) 100vw, 495px\" \/><\/a><div class='slide-content'><header class=\"entry-content-header\"><h3 class='slide-entry-title entry-title'  itemprop=\"headline\" ><a href='https:\/\/casa.oaxaca.gob.mx\/?p=18671' title='Taller presencial. Empaste de \u00f3leo y huevo, sobre imprimatura de creta. Imparte: Francisco Quintanar.'>Taller presencial. Empaste de \u00f3leo y huevo, sobre imprimatura de creta. Imparte: Francisco Quintanar.<\/a><\/h3><span class=\"av-vertical-delimiter\"><\/span><\/header><\/div><footer class=\"entry-footer\"><\/footer><span class='hidden'>\n\t\t\t<span class='av-structured-data'  itemscope=\"itemscope\" itemtype=\"https:\/\/schema.org\/ImageObject\"  itemprop='image'>\n\t\t\t\t\t   <span itemprop='url' >https:\/\/casa.oaxaca.gob.mx\/wp-content\/uploads\/2026\/04\/Empaste-de-oleo-abierta.jpg<\/span>\n\t\t\t\t\t   <span itemprop='height' >1315<\/span>\n\t\t\t\t\t   <span itemprop='width' >1917<\/span>\n\t\t\t\t  <\/span><span class='av-structured-data'  itemprop=\"publisher\" itemtype=\"https:\/\/schema.org\/Organization\" itemscope=\"itemscope\" >\n\t\t\t\t<span itemprop='name'><\/span>\n\t\t\t\t<span itemprop='logo' itemscope itemtype='http:\/\/schema.org\/ImageObject'>\n\t\t\t\t   <span itemprop='url'>https:\/\/casa.oaxaca.gob.mx\/wp-content\/uploads\/2021\/03\/LOGO-CASA-01.png<\/span>\n\t\t\t\t <\/span>\n\t\t\t  <\/span><span class='av-structured-data'  itemprop=\"author\" itemscope=\"itemscope\" itemtype=\"https:\/\/schema.org\/Person\" ><span itemprop='name'><\/span><\/span><span class='av-structured-data'  itemprop=\"datePublished\" datetime=\"\" >2026-04-18 11:22:47<\/span><span class='av-structured-data'  itemprop=\"dateModified\" itemtype=\"https:\/\/schema.org\/dateModified\" >2026-04-18 11:22:47<\/span><span class='av-structured-data'  itemprop=\"mainEntityOfPage\" itemtype=\"https:\/\/schema.org\/mainEntityOfPage\" ><span itemprop='name'>Taller presencial. Empaste de \u00f3leo y huevo, sobre imprimatura de creta. Imparte: Francisco Quintanar.<\/span><\/span><\/span><\/article><article class='slide-entry flex_column  post-entry post-entry-18634 slide-entry-overview slide-loop-11 slide-parity-even  av_one_third  real-thumbnail'  itemscope=\"itemscope\" itemtype=\"https:\/\/schema.org\/BlogPosting\" itemprop=\"blogPost\" ><a href='https:\/\/casa.oaxaca.gob.mx\/?p=18634' data-rel='slide-1' class='slide-image' title=''><img loading=\"lazy\" decoding=\"async\" width=\"495\" height=\"400\" src=\"https:\/\/casa.oaxaca.gob.mx\/wp-content\/uploads\/2026\/04\/Retrato-fotografico-abierta-495x400.jpg\" class=\"attachment-portfolio size-portfolio wp-post-image\" alt=\"\" srcset=\"https:\/\/casa.oaxaca.gob.mx\/wp-content\/uploads\/2026\/04\/Retrato-fotografico-abierta-495x400.jpg 495w, https:\/\/casa.oaxaca.gob.mx\/wp-content\/uploads\/2026\/04\/Retrato-fotografico-abierta-845x684.jpg 845w\" sizes=\"auto, (max-width: 495px) 100vw, 495px\" \/><\/a><div class='slide-content'><header class=\"entry-content-header\"><h3 class='slide-entry-title entry-title'  itemprop=\"headline\" ><a href='https:\/\/casa.oaxaca.gob.mx\/?p=18634' title='Taller presencial. Retrato fotogr\u00e1fico: m\u00e1s all\u00e1 del rostro. Imparte: Alejandro Cabrera Gonz\u00e1lez'>Taller presencial. Retrato fotogr\u00e1fico: m\u00e1s all\u00e1 del rostro. Imparte: Alejandro Cabrera Gonz\u00e1lez<\/a><\/h3><span class=\"av-vertical-delimiter\"><\/span><\/header><\/div><footer class=\"entry-footer\"><\/footer><span class='hidden'>\n\t\t\t<span class='av-structured-data'  itemscope=\"itemscope\" itemtype=\"https:\/\/schema.org\/ImageObject\"  itemprop='image'>\n\t\t\t\t\t   <span itemprop='url' >https:\/\/casa.oaxaca.gob.mx\/wp-content\/uploads\/2026\/04\/Retrato-fotografico-abierta.jpg<\/span>\n\t\t\t\t\t   <span itemprop='height' >1315<\/span>\n\t\t\t\t\t   <span itemprop='width' >1917<\/span>\n\t\t\t\t  <\/span><span class='av-structured-data'  itemprop=\"publisher\" itemtype=\"https:\/\/schema.org\/Organization\" itemscope=\"itemscope\" >\n\t\t\t\t<span itemprop='name'><\/span>\n\t\t\t\t<span itemprop='logo' itemscope itemtype='http:\/\/schema.org\/ImageObject'>\n\t\t\t\t   <span itemprop='url'>https:\/\/casa.oaxaca.gob.mx\/wp-content\/uploads\/2021\/03\/LOGO-CASA-01.png<\/span>\n\t\t\t\t <\/span>\n\t\t\t  <\/span><span class='av-structured-data'  itemprop=\"author\" itemscope=\"itemscope\" itemtype=\"https:\/\/schema.org\/Person\" ><span itemprop='name'><\/span><\/span><span class='av-structured-data'  itemprop=\"datePublished\" datetime=\"\" >2026-04-13 20:44:43<\/span><span class='av-structured-data'  itemprop=\"dateModified\" itemtype=\"https:\/\/schema.org\/dateModified\" >2026-04-18 11:16:15<\/span><span class='av-structured-data'  itemprop=\"mainEntityOfPage\" itemtype=\"https:\/\/schema.org\/mainEntityOfPage\" ><span itemprop='name'>Taller presencial. Retrato fotogr\u00e1fico: m\u00e1s all\u00e1 del rostro. Imparte: Alejandro Cabrera Gonz\u00e1lez<\/span><\/span><\/span><\/article><article class='slide-entry flex_column  post-entry post-entry-18623 slide-entry-overview slide-loop-12 slide-parity-odd  av_one_third  real-thumbnail'  itemscope=\"itemscope\" itemtype=\"https:\/\/schema.org\/BlogPosting\" itemprop=\"blogPost\" ><a href='https:\/\/casa.oaxaca.gob.mx\/?p=18623' data-rel='slide-1' class='slide-image' title=''><img loading=\"lazy\" decoding=\"async\" width=\"495\" height=\"400\" src=\"https:\/\/casa.oaxaca.gob.mx\/wp-content\/uploads\/2026\/04\/Composicion-instantanea_IG01-495x400.jpg\" class=\"attachment-portfolio size-portfolio wp-post-image\" alt=\"\" srcset=\"https:\/\/casa.oaxaca.gob.mx\/wp-content\/uploads\/2026\/04\/Composicion-instantanea_IG01-495x400.jpg 495w, https:\/\/casa.oaxaca.gob.mx\/wp-content\/uploads\/2026\/04\/Composicion-instantanea_IG01-845x684.jpg 845w\" sizes=\"auto, (max-width: 495px) 100vw, 495px\" \/><\/a><div class='slide-content'><header class=\"entry-content-header\"><h3 class='slide-entry-title entry-title'  itemprop=\"headline\" ><a href='https:\/\/casa.oaxaca.gob.mx\/?p=18623' title='Taller presencial. Composici\u00f3n instant\u00e1nea. Imparte: Lola Ram\u00edrez.'>Taller presencial. Composici\u00f3n instant\u00e1nea. Imparte: Lola Ram\u00edrez.<\/a><\/h3><span class=\"av-vertical-delimiter\"><\/span><\/header><\/div><footer class=\"entry-footer\"><\/footer><span class='hidden'>\n\t\t\t<span class='av-structured-data'  itemscope=\"itemscope\" itemtype=\"https:\/\/schema.org\/ImageObject\"  itemprop='image'>\n\t\t\t\t\t   <span itemprop='url' >https:\/\/casa.oaxaca.gob.mx\/wp-content\/uploads\/2026\/04\/Composicion-instantanea_IG01-scaled.jpg<\/span>\n\t\t\t\t\t   <span itemprop='height' >2560<\/span>\n\t\t\t\t\t   <span itemprop='width' >2048<\/span>\n\t\t\t\t  <\/span><span class='av-structured-data'  itemprop=\"publisher\" itemtype=\"https:\/\/schema.org\/Organization\" itemscope=\"itemscope\" >\n\t\t\t\t<span itemprop='name'><\/span>\n\t\t\t\t<span itemprop='logo' itemscope itemtype='http:\/\/schema.org\/ImageObject'>\n\t\t\t\t   <span itemprop='url'>https:\/\/casa.oaxaca.gob.mx\/wp-content\/uploads\/2021\/03\/LOGO-CASA-01.png<\/span>\n\t\t\t\t <\/span>\n\t\t\t  <\/span><span class='av-structured-data'  itemprop=\"author\" itemscope=\"itemscope\" itemtype=\"https:\/\/schema.org\/Person\" ><span itemprop='name'><\/span><\/span><span class='av-structured-data'  itemprop=\"datePublished\" datetime=\"\" >2026-04-10 16:25:36<\/span><span class='av-structured-data'  itemprop=\"dateModified\" itemtype=\"https:\/\/schema.org\/dateModified\" >2026-04-26 11:11:09<\/span><span class='av-structured-data'  itemprop=\"mainEntityOfPage\" itemtype=\"https:\/\/schema.org\/mainEntityOfPage\" ><span itemprop='name'>Taller presencial. Composici\u00f3n instant\u00e1nea. Imparte: Lola Ram\u00edrez.<\/span><\/span><\/span><\/article><\/div><div class='slide-entry-wrap'><article class='slide-entry flex_column  post-entry post-entry-18617 slide-entry-overview slide-loop-13 slide-parity-odd  av_one_third first real-thumbnail'  itemscope=\"itemscope\" itemtype=\"https:\/\/schema.org\/BlogPosting\" itemprop=\"blogPost\" ><a href='https:\/\/casa.oaxaca.gob.mx\/?p=18617' data-rel='slide-1' class='slide-image' title=''><img loading=\"lazy\" decoding=\"async\" width=\"495\" height=\"400\" src=\"https:\/\/casa.oaxaca.gob.mx\/wp-content\/uploads\/2026\/04\/CREACION-ESCENICA-cerrada-495x400.jpg\" class=\"attachment-portfolio size-portfolio wp-post-image\" alt=\"\" srcset=\"https:\/\/casa.oaxaca.gob.mx\/wp-content\/uploads\/2026\/04\/CREACION-ESCENICA-cerrada-495x400.jpg 495w, https:\/\/casa.oaxaca.gob.mx\/wp-content\/uploads\/2026\/04\/CREACION-ESCENICA-cerrada-845x684.jpg 845w\" sizes=\"auto, (max-width: 495px) 100vw, 495px\" \/><\/a><div class='slide-content'><header class=\"entry-content-header\"><h3 class='slide-entry-title entry-title'  itemprop=\"headline\" ><a href='https:\/\/casa.oaxaca.gob.mx\/?p=18617' title='Taller presencial. Creaci\u00f3n esc\u00e9nica minimalista. Imparte: Esmeralda Arag\u00f3n.'>Taller presencial. Creaci\u00f3n esc\u00e9nica minimalista. Imparte: Esmeralda Arag\u00f3n.<\/a><\/h3><span class=\"av-vertical-delimiter\"><\/span><\/header><\/div><footer class=\"entry-footer\"><\/footer><span class='hidden'>\n\t\t\t<span class='av-structured-data'  itemscope=\"itemscope\" itemtype=\"https:\/\/schema.org\/ImageObject\"  itemprop='image'>\n\t\t\t\t\t   <span itemprop='url' >https:\/\/casa.oaxaca.gob.mx\/wp-content\/uploads\/2026\/04\/CREACION-ESCENICA-cerrada.jpg<\/span>\n\t\t\t\t\t   <span itemprop='height' >1315<\/span>\n\t\t\t\t\t   <span itemprop='width' >1917<\/span>\n\t\t\t\t  <\/span><span class='av-structured-data'  itemprop=\"publisher\" itemtype=\"https:\/\/schema.org\/Organization\" itemscope=\"itemscope\" >\n\t\t\t\t<span itemprop='name'><\/span>\n\t\t\t\t<span itemprop='logo' itemscope itemtype='http:\/\/schema.org\/ImageObject'>\n\t\t\t\t   <span itemprop='url'>https:\/\/casa.oaxaca.gob.mx\/wp-content\/uploads\/2021\/03\/LOGO-CASA-01.png<\/span>\n\t\t\t\t <\/span>\n\t\t\t  <\/span><span class='av-structured-data'  itemprop=\"author\" itemscope=\"itemscope\" itemtype=\"https:\/\/schema.org\/Person\" ><span itemprop='name'><\/span><\/span><span class='av-structured-data'  itemprop=\"datePublished\" datetime=\"\" >2026-04-10 15:56:18<\/span><span class='av-structured-data'  itemprop=\"dateModified\" itemtype=\"https:\/\/schema.org\/dateModified\" >2026-04-26 11:12:20<\/span><span class='av-structured-data'  itemprop=\"mainEntityOfPage\" itemtype=\"https:\/\/schema.org\/mainEntityOfPage\" ><span itemprop='name'>Taller presencial. Creaci\u00f3n esc\u00e9nica minimalista. Imparte: Esmeralda Arag\u00f3n.<\/span><\/span><\/span><\/article><article class='slide-entry flex_column  post-entry post-entry-18586 slide-entry-overview slide-loop-14 slide-parity-even  av_one_third  real-thumbnail'  itemscope=\"itemscope\" itemtype=\"https:\/\/schema.org\/BlogPosting\" itemprop=\"blogPost\" ><a href='https:\/\/casa.oaxaca.gob.mx\/?p=18586' data-rel='slide-1' class='slide-image' title=''><img loading=\"lazy\" decoding=\"async\" width=\"495\" height=\"400\" src=\"https:\/\/casa.oaxaca.gob.mx\/wp-content\/uploads\/2026\/03\/PRDA-Grafica_abierta-495x400.jpg\" class=\"attachment-portfolio size-portfolio wp-post-image\" alt=\"\" srcset=\"https:\/\/casa.oaxaca.gob.mx\/wp-content\/uploads\/2026\/03\/PRDA-Grafica_abierta-495x400.jpg 495w, https:\/\/casa.oaxaca.gob.mx\/wp-content\/uploads\/2026\/03\/PRDA-Grafica_abierta-845x684.jpg 845w\" sizes=\"auto, (max-width: 495px) 100vw, 495px\" \/><\/a><div class='slide-content'><header class=\"entry-content-header\"><h3 class='slide-entry-title entry-title'  itemprop=\"headline\" ><a href='https:\/\/casa.oaxaca.gob.mx\/?p=18586' title='Programa de Residencias para Docentes en Artes dedicados a la gr\u00e1fica'>Programa de Residencias para Docentes en Artes dedicados a la gr\u00e1fica<\/a><\/h3><span class=\"av-vertical-delimiter\"><\/span><\/header><\/div><footer class=\"entry-footer\"><\/footer><span class='hidden'>\n\t\t\t<span class='av-structured-data'  itemscope=\"itemscope\" itemtype=\"https:\/\/schema.org\/ImageObject\"  itemprop='image'>\n\t\t\t\t\t   <span itemprop='url' >https:\/\/casa.oaxaca.gob.mx\/wp-content\/uploads\/2026\/03\/PRDA-Grafica_abierta.jpg<\/span>\n\t\t\t\t\t   <span itemprop='height' >1315<\/span>\n\t\t\t\t\t   <span itemprop='width' >1917<\/span>\n\t\t\t\t  <\/span><span class='av-structured-data'  itemprop=\"publisher\" itemtype=\"https:\/\/schema.org\/Organization\" itemscope=\"itemscope\" >\n\t\t\t\t<span itemprop='name'><\/span>\n\t\t\t\t<span itemprop='logo' itemscope itemtype='http:\/\/schema.org\/ImageObject'>\n\t\t\t\t   <span itemprop='url'>https:\/\/casa.oaxaca.gob.mx\/wp-content\/uploads\/2021\/03\/LOGO-CASA-01.png<\/span>\n\t\t\t\t <\/span>\n\t\t\t  <\/span><span class='av-structured-data'  itemprop=\"author\" itemscope=\"itemscope\" itemtype=\"https:\/\/schema.org\/Person\" ><span itemprop='name'><\/span><\/span><span class='av-structured-data'  itemprop=\"datePublished\" datetime=\"\" >2026-03-31 13:34:41<\/span><span class='av-structured-data'  itemprop=\"dateModified\" itemtype=\"https:\/\/schema.org\/dateModified\" >2026-03-31 13:34:41<\/span><span class='av-structured-data'  itemprop=\"mainEntityOfPage\" itemtype=\"https:\/\/schema.org\/mainEntityOfPage\" ><span itemprop='name'>Programa de Residencias para Docentes en Artes dedicados a la gr\u00e1fica<\/span><\/span><\/span><\/article><article class='slide-entry flex_column  post-entry post-entry-18582 slide-entry-overview slide-loop-15 slide-parity-odd  av_one_third  real-thumbnail'  itemscope=\"itemscope\" itemtype=\"https:\/\/schema.org\/BlogPosting\" itemprop=\"blogPost\" ><a href='https:\/\/casa.oaxaca.gob.mx\/?p=18582' data-rel='slide-1' class='slide-image' title=''><img loading=\"lazy\" decoding=\"async\" width=\"495\" height=\"400\" src=\"https:\/\/casa.oaxaca.gob.mx\/wp-content\/uploads\/2026\/03\/Critica-de-arte-abierta-495x400.jpg\" class=\"attachment-portfolio size-portfolio wp-post-image\" alt=\"\" srcset=\"https:\/\/casa.oaxaca.gob.mx\/wp-content\/uploads\/2026\/03\/Critica-de-arte-abierta-495x400.jpg 495w, https:\/\/casa.oaxaca.gob.mx\/wp-content\/uploads\/2026\/03\/Critica-de-arte-abierta-845x684.jpg 845w\" sizes=\"auto, (max-width: 495px) 100vw, 495px\" \/><\/a><div class='slide-content'><header class=\"entry-content-header\"><h3 class='slide-entry-title entry-title'  itemprop=\"headline\" ><a href='https:\/\/casa.oaxaca.gob.mx\/?p=18582' title='Taller presencial. Cr\u00edtica de arte. Modelos modernos  y crisis de la cr\u00edtica. Imparte: Dr. Daniel Montero Fayad.'>Taller presencial. Cr\u00edtica de arte. Modelos modernos  y crisis de la cr\u00edtica. Imparte: Dr. Daniel Montero Fayad.<\/a><\/h3><span class=\"av-vertical-delimiter\"><\/span><\/header><\/div><footer class=\"entry-footer\"><\/footer><span class='hidden'>\n\t\t\t<span class='av-structured-data'  itemscope=\"itemscope\" itemtype=\"https:\/\/schema.org\/ImageObject\"  itemprop='image'>\n\t\t\t\t\t   <span itemprop='url' >https:\/\/casa.oaxaca.gob.mx\/wp-content\/uploads\/2026\/03\/Critica-de-arte-abierta.jpg<\/span>\n\t\t\t\t\t   <span itemprop='height' >1315<\/span>\n\t\t\t\t\t   <span itemprop='width' >1917<\/span>\n\t\t\t\t  <\/span><span class='av-structured-data'  itemprop=\"publisher\" itemtype=\"https:\/\/schema.org\/Organization\" itemscope=\"itemscope\" >\n\t\t\t\t<span itemprop='name'><\/span>\n\t\t\t\t<span itemprop='logo' itemscope itemtype='http:\/\/schema.org\/ImageObject'>\n\t\t\t\t   <span itemprop='url'>https:\/\/casa.oaxaca.gob.mx\/wp-content\/uploads\/2021\/03\/LOGO-CASA-01.png<\/span>\n\t\t\t\t <\/span>\n\t\t\t  <\/span><span class='av-structured-data'  itemprop=\"author\" itemscope=\"itemscope\" itemtype=\"https:\/\/schema.org\/Person\" ><span itemprop='name'><\/span><\/span><span class='av-structured-data'  itemprop=\"datePublished\" datetime=\"\" >2026-03-30 16:57:00<\/span><span class='av-structured-data'  itemprop=\"dateModified\" itemtype=\"https:\/\/schema.org\/dateModified\" >2026-04-07 12:48:15<\/span><span class='av-structured-data'  itemprop=\"mainEntityOfPage\" itemtype=\"https:\/\/schema.org\/mainEntityOfPage\" ><span itemprop='name'>Taller presencial. Cr\u00edtica de arte. Modelos modernos  y crisis de la cr\u00edtica. Imparte: Dr. Daniel Montero Fayad.<\/span><\/span><\/span><\/article><\/div><div class='slide-entry-wrap'><article class='slide-entry flex_column  post-entry post-entry-18579 slide-entry-overview slide-loop-16 slide-parity-odd  av_one_third first real-thumbnail'  itemscope=\"itemscope\" itemtype=\"https:\/\/schema.org\/BlogPosting\" itemprop=\"blogPost\" ><a href='https:\/\/casa.oaxaca.gob.mx\/?p=18579' data-rel='slide-1' class='slide-image' title=''><img loading=\"lazy\" decoding=\"async\" width=\"495\" height=\"400\" src=\"https:\/\/casa.oaxaca.gob.mx\/wp-content\/uploads\/2026\/03\/Rayos-X-de-obras-de-arte-abierta-495x400.jpg\" class=\"attachment-portfolio size-portfolio wp-post-image\" alt=\"\" srcset=\"https:\/\/casa.oaxaca.gob.mx\/wp-content\/uploads\/2026\/03\/Rayos-X-de-obras-de-arte-abierta-495x400.jpg 495w, https:\/\/casa.oaxaca.gob.mx\/wp-content\/uploads\/2026\/03\/Rayos-X-de-obras-de-arte-abierta-845x684.jpg 845w\" sizes=\"auto, (max-width: 495px) 100vw, 495px\" \/><\/a><div class='slide-content'><header class=\"entry-content-header\"><h3 class='slide-entry-title entry-title'  itemprop=\"headline\" ><a href='https:\/\/casa.oaxaca.gob.mx\/?p=18579' title='Taller presencial. Rayos X de obras de arte: reutilizaci\u00f3n de lienzos, an\u00e1lisis del deterioro y procesos creativos. Imparte: Dra. Elsa Arroyo Lemus.'>Taller presencial. Rayos X de obras de arte: reutilizaci\u00f3n de lienzos, an\u00e1lisis del deterioro y procesos creativos. Imparte: Dra. Elsa Arroyo Lemus.<\/a><\/h3><span class=\"av-vertical-delimiter\"><\/span><\/header><\/div><footer class=\"entry-footer\"><\/footer><span class='hidden'>\n\t\t\t<span class='av-structured-data'  itemscope=\"itemscope\" itemtype=\"https:\/\/schema.org\/ImageObject\"  itemprop='image'>\n\t\t\t\t\t   <span itemprop='url' >https:\/\/casa.oaxaca.gob.mx\/wp-content\/uploads\/2026\/03\/Rayos-X-de-obras-de-arte-abierta.jpg<\/span>\n\t\t\t\t\t   <span itemprop='height' >1315<\/span>\n\t\t\t\t\t   <span itemprop='width' >1917<\/span>\n\t\t\t\t  <\/span><span class='av-structured-data'  itemprop=\"publisher\" itemtype=\"https:\/\/schema.org\/Organization\" itemscope=\"itemscope\" >\n\t\t\t\t<span itemprop='name'><\/span>\n\t\t\t\t<span itemprop='logo' itemscope itemtype='http:\/\/schema.org\/ImageObject'>\n\t\t\t\t   <span itemprop='url'>https:\/\/casa.oaxaca.gob.mx\/wp-content\/uploads\/2021\/03\/LOGO-CASA-01.png<\/span>\n\t\t\t\t <\/span>\n\t\t\t  <\/span><span class='av-structured-data'  itemprop=\"author\" itemscope=\"itemscope\" itemtype=\"https:\/\/schema.org\/Person\" ><span itemprop='name'><\/span><\/span><span class='av-structured-data'  itemprop=\"datePublished\" datetime=\"\" >2026-03-30 16:48:38<\/span><span class='av-structured-data'  itemprop=\"dateModified\" itemtype=\"https:\/\/schema.org\/dateModified\" >2026-04-07 12:48:15<\/span><span class='av-structured-data'  itemprop=\"mainEntityOfPage\" itemtype=\"https:\/\/schema.org\/mainEntityOfPage\" ><span itemprop='name'>Taller presencial. Rayos X de obras de arte: reutilizaci\u00f3n de lienzos, an\u00e1lisis del deterioro y procesos creativos. Imparte: Dra. Elsa Arroyo Lemus.<\/span><\/span><\/span><\/article><article class='slide-entry flex_column  post-entry post-entry-18576 slide-entry-overview slide-loop-17 slide-parity-even  av_one_third  real-thumbnail'  itemscope=\"itemscope\" itemtype=\"https:\/\/schema.org\/BlogPosting\" itemprop=\"blogPost\" ><a href='https:\/\/casa.oaxaca.gob.mx\/?p=18576' data-rel='slide-1' class='slide-image' title=''><img loading=\"lazy\" decoding=\"async\" width=\"495\" height=\"400\" src=\"https:\/\/casa.oaxaca.gob.mx\/wp-content\/uploads\/2026\/03\/Curar-sin-receta-abierta-495x400.jpg\" class=\"attachment-portfolio size-portfolio wp-post-image\" alt=\"\" srcset=\"https:\/\/casa.oaxaca.gob.mx\/wp-content\/uploads\/2026\/03\/Curar-sin-receta-abierta-495x400.jpg 495w, https:\/\/casa.oaxaca.gob.mx\/wp-content\/uploads\/2026\/03\/Curar-sin-receta-abierta-845x684.jpg 845w\" sizes=\"auto, (max-width: 495px) 100vw, 495px\" \/><\/a><div class='slide-content'><header class=\"entry-content-header\"><h3 class='slide-entry-title entry-title'  itemprop=\"headline\" ><a href='https:\/\/casa.oaxaca.gob.mx\/?p=18576' title='Taller presencial. Curar sin receta. Imparte: Jaime Gonz\u00e1lez Sol\u00eds.'>Taller presencial. Curar sin receta. Imparte: Jaime Gonz\u00e1lez Sol\u00eds.<\/a><\/h3><span class=\"av-vertical-delimiter\"><\/span><\/header><\/div><footer class=\"entry-footer\"><\/footer><span class='hidden'>\n\t\t\t<span class='av-structured-data'  itemscope=\"itemscope\" itemtype=\"https:\/\/schema.org\/ImageObject\"  itemprop='image'>\n\t\t\t\t\t   <span itemprop='url' >https:\/\/casa.oaxaca.gob.mx\/wp-content\/uploads\/2026\/03\/Curar-sin-receta-abierta.jpg<\/span>\n\t\t\t\t\t   <span itemprop='height' >1315<\/span>\n\t\t\t\t\t   <span itemprop='width' >1917<\/span>\n\t\t\t\t  <\/span><span class='av-structured-data'  itemprop=\"publisher\" itemtype=\"https:\/\/schema.org\/Organization\" itemscope=\"itemscope\" >\n\t\t\t\t<span itemprop='name'><\/span>\n\t\t\t\t<span itemprop='logo' itemscope itemtype='http:\/\/schema.org\/ImageObject'>\n\t\t\t\t   <span itemprop='url'>https:\/\/casa.oaxaca.gob.mx\/wp-content\/uploads\/2021\/03\/LOGO-CASA-01.png<\/span>\n\t\t\t\t <\/span>\n\t\t\t  <\/span><span class='av-structured-data'  itemprop=\"author\" itemscope=\"itemscope\" itemtype=\"https:\/\/schema.org\/Person\" ><span itemprop='name'><\/span><\/span><span class='av-structured-data'  itemprop=\"datePublished\" datetime=\"\" >2026-03-30 12:56:23<\/span><span class='av-structured-data'  itemprop=\"dateModified\" itemtype=\"https:\/\/schema.org\/dateModified\" >2026-04-07 12:48:15<\/span><span class='av-structured-data'  itemprop=\"mainEntityOfPage\" itemtype=\"https:\/\/schema.org\/mainEntityOfPage\" ><span itemprop='name'>Taller presencial. Curar sin receta. Imparte: Jaime Gonz\u00e1lez Sol\u00eds.<\/span><\/span><\/span><\/article><article class='slide-entry flex_column  post-entry post-entry-18573 slide-entry-overview slide-loop-18 slide-parity-odd  av_one_third  real-thumbnail'  itemscope=\"itemscope\" itemtype=\"https:\/\/schema.org\/BlogPosting\" itemprop=\"blogPost\" ><a href='https:\/\/casa.oaxaca.gob.mx\/?p=18573' data-rel='slide-1' class='slide-image' title=''><img loading=\"lazy\" decoding=\"async\" width=\"495\" height=\"400\" src=\"https:\/\/casa.oaxaca.gob.mx\/wp-content\/uploads\/2026\/03\/Curaduria-sonora-y-archivos-aurales-abierta-495x400.jpg\" class=\"attachment-portfolio size-portfolio wp-post-image\" alt=\"\" srcset=\"https:\/\/casa.oaxaca.gob.mx\/wp-content\/uploads\/2026\/03\/Curaduria-sonora-y-archivos-aurales-abierta-495x400.jpg 495w, https:\/\/casa.oaxaca.gob.mx\/wp-content\/uploads\/2026\/03\/Curaduria-sonora-y-archivos-aurales-abierta-845x684.jpg 845w\" sizes=\"auto, (max-width: 495px) 100vw, 495px\" \/><\/a><div class='slide-content'><header class=\"entry-content-header\"><h3 class='slide-entry-title entry-title'  itemprop=\"headline\" ><a href='https:\/\/casa.oaxaca.gob.mx\/?p=18573' title='Taller presencial. Curadur\u00eda sonora y archivos aurales. Imparte: Guillermo Garc\u00eda P\u00e9rez.'>Taller presencial. Curadur\u00eda sonora y archivos aurales. Imparte: Guillermo Garc\u00eda P\u00e9rez.<\/a><\/h3><span class=\"av-vertical-delimiter\"><\/span><\/header><\/div><footer class=\"entry-footer\"><\/footer><span class='hidden'>\n\t\t\t<span class='av-structured-data'  itemscope=\"itemscope\" itemtype=\"https:\/\/schema.org\/ImageObject\"  itemprop='image'>\n\t\t\t\t\t   <span itemprop='url' >https:\/\/casa.oaxaca.gob.mx\/wp-content\/uploads\/2026\/03\/Curaduria-sonora-y-archivos-aurales-abierta.jpg<\/span>\n\t\t\t\t\t   <span itemprop='height' >1315<\/span>\n\t\t\t\t\t   <span itemprop='width' >1917<\/span>\n\t\t\t\t  <\/span><span class='av-structured-data'  itemprop=\"publisher\" itemtype=\"https:\/\/schema.org\/Organization\" itemscope=\"itemscope\" >\n\t\t\t\t<span itemprop='name'><\/span>\n\t\t\t\t<span itemprop='logo' itemscope itemtype='http:\/\/schema.org\/ImageObject'>\n\t\t\t\t   <span itemprop='url'>https:\/\/casa.oaxaca.gob.mx\/wp-content\/uploads\/2021\/03\/LOGO-CASA-01.png<\/span>\n\t\t\t\t <\/span>\n\t\t\t  <\/span><span class='av-structured-data'  itemprop=\"author\" itemscope=\"itemscope\" itemtype=\"https:\/\/schema.org\/Person\" ><span itemprop='name'><\/span><\/span><span class='av-structured-data'  itemprop=\"datePublished\" datetime=\"\" >2026-03-30 12:47:56<\/span><span class='av-structured-data'  itemprop=\"dateModified\" itemtype=\"https:\/\/schema.org\/dateModified\" >2026-04-07 12:48:15<\/span><span class='av-structured-data'  itemprop=\"mainEntityOfPage\" itemtype=\"https:\/\/schema.org\/mainEntityOfPage\" ><span itemprop='name'>Taller presencial. Curadur\u00eda sonora y archivos aurales. Imparte: Guillermo Garc\u00eda P\u00e9rez.<\/span><\/span><\/span><\/article><\/div><div class='slide-entry-wrap'><article class='slide-entry flex_column  post-entry post-entry-18567 slide-entry-overview slide-loop-19 slide-parity-odd  av_one_third first real-thumbnail'  itemscope=\"itemscope\" itemtype=\"https:\/\/schema.org\/BlogPosting\" itemprop=\"blogPost\" ><a href='https:\/\/casa.oaxaca.gob.mx\/?p=18567' data-rel='slide-1' class='slide-image' title=''><img loading=\"lazy\" decoding=\"async\" width=\"495\" height=\"400\" src=\"https:\/\/casa.oaxaca.gob.mx\/wp-content\/uploads\/2026\/03\/La_radiografia_como_tecnica_para_el_analisis_de_obra_de_arte_abierta-495x400.jpg\" class=\"attachment-portfolio size-portfolio wp-post-image\" alt=\"\" srcset=\"https:\/\/casa.oaxaca.gob.mx\/wp-content\/uploads\/2026\/03\/La_radiografia_como_tecnica_para_el_analisis_de_obra_de_arte_abierta-495x400.jpg 495w, https:\/\/casa.oaxaca.gob.mx\/wp-content\/uploads\/2026\/03\/La_radiografia_como_tecnica_para_el_analisis_de_obra_de_arte_abierta-845x684.jpg 845w\" sizes=\"auto, (max-width: 495px) 100vw, 495px\" \/><\/a><div class='slide-content'><header class=\"entry-content-header\"><h3 class='slide-entry-title entry-title'  itemprop=\"headline\" ><a href='https:\/\/casa.oaxaca.gob.mx\/?p=18567' title='Taller presencial. La radiograf\u00eda como t\u00e9cnica para el an\u00e1lisis de obra de arte. Imparte: Eumelia Hern\u00e1ndez V\u00e1zquez'>Taller presencial. La radiograf\u00eda como t\u00e9cnica para el an\u00e1lisis de obra de arte. Imparte: Eumelia Hern\u00e1ndez V\u00e1zquez<\/a><\/h3><span class=\"av-vertical-delimiter\"><\/span><\/header><\/div><footer class=\"entry-footer\"><\/footer><span class='hidden'>\n\t\t\t<span class='av-structured-data'  itemscope=\"itemscope\" itemtype=\"https:\/\/schema.org\/ImageObject\"  itemprop='image'>\n\t\t\t\t\t   <span itemprop='url' >https:\/\/casa.oaxaca.gob.mx\/wp-content\/uploads\/2026\/03\/La_radiografia_como_tecnica_para_el_analisis_de_obra_de_arte_abierta.jpg<\/span>\n\t\t\t\t\t   <span itemprop='height' >1315<\/span>\n\t\t\t\t\t   <span itemprop='width' >1917<\/span>\n\t\t\t\t  <\/span><span class='av-structured-data'  itemprop=\"publisher\" itemtype=\"https:\/\/schema.org\/Organization\" itemscope=\"itemscope\" >\n\t\t\t\t<span itemprop='name'><\/span>\n\t\t\t\t<span itemprop='logo' itemscope itemtype='http:\/\/schema.org\/ImageObject'>\n\t\t\t\t   <span itemprop='url'>https:\/\/casa.oaxaca.gob.mx\/wp-content\/uploads\/2021\/03\/LOGO-CASA-01.png<\/span>\n\t\t\t\t <\/span>\n\t\t\t  <\/span><span class='av-structured-data'  itemprop=\"author\" itemscope=\"itemscope\" itemtype=\"https:\/\/schema.org\/Person\" ><span itemprop='name'><\/span><\/span><span class='av-structured-data'  itemprop=\"datePublished\" datetime=\"\" >2026-03-30 12:43:35<\/span><span class='av-structured-data'  itemprop=\"dateModified\" itemtype=\"https:\/\/schema.org\/dateModified\" >2026-04-07 12:48:15<\/span><span class='av-structured-data'  itemprop=\"mainEntityOfPage\" itemtype=\"https:\/\/schema.org\/mainEntityOfPage\" ><span itemprop='name'>Taller presencial. La radiograf\u00eda como t\u00e9cnica para el an\u00e1lisis de obra de arte. Imparte: Eumelia Hern\u00e1ndez V\u00e1zquez<\/span><\/span><\/span><\/article><article class='slide-entry flex_column  post-entry post-entry-18560 slide-entry-overview slide-loop-20 slide-parity-even  av_one_third  real-thumbnail'  itemscope=\"itemscope\" itemtype=\"https:\/\/schema.org\/BlogPosting\" itemprop=\"blogPost\" ><a href='https:\/\/casa.oaxaca.gob.mx\/?p=18560' data-rel='slide-1' class='slide-image' title=''><img loading=\"lazy\" decoding=\"async\" width=\"495\" height=\"400\" src=\"https:\/\/casa.oaxaca.gob.mx\/wp-content\/uploads\/2026\/03\/La-curaduria-como-intervencion-cerrada-495x400.jpg\" class=\"attachment-portfolio size-portfolio wp-post-image\" alt=\"\" srcset=\"https:\/\/casa.oaxaca.gob.mx\/wp-content\/uploads\/2026\/03\/La-curaduria-como-intervencion-cerrada-495x400.jpg 495w, https:\/\/casa.oaxaca.gob.mx\/wp-content\/uploads\/2026\/03\/La-curaduria-como-intervencion-cerrada-845x684.jpg 845w\" sizes=\"auto, (max-width: 495px) 100vw, 495px\" \/><\/a><div class='slide-content'><header class=\"entry-content-header\"><h3 class='slide-entry-title entry-title'  itemprop=\"headline\" ><a href='https:\/\/casa.oaxaca.gob.mx\/?p=18560' title='Ciclo de conferencias presenciales. La curadur\u00eda como intervenci\u00f3n. Una trayectoria curatorial en cuatro cap\u00edtulos. Imparte: Dr. Cuauht\u00e9moc Medina Gonz\u00e1lez.'>Ciclo de conferencias presenciales. La curadur\u00eda como intervenci\u00f3n. Una trayectoria curatorial en cuatro cap\u00edtulos. Imparte: Dr. Cuauht\u00e9moc Medina Gonz\u00e1lez.<\/a><\/h3><span class=\"av-vertical-delimiter\"><\/span><\/header><\/div><footer class=\"entry-footer\"><\/footer><span class='hidden'>\n\t\t\t<span class='av-structured-data'  itemscope=\"itemscope\" itemtype=\"https:\/\/schema.org\/ImageObject\"  itemprop='image'>\n\t\t\t\t\t   <span itemprop='url' >https:\/\/casa.oaxaca.gob.mx\/wp-content\/uploads\/2026\/03\/La-curaduria-como-intervencion-cerrada.jpg<\/span>\n\t\t\t\t\t   <span itemprop='height' >1315<\/span>\n\t\t\t\t\t   <span itemprop='width' >1917<\/span>\n\t\t\t\t  <\/span><span class='av-structured-data'  itemprop=\"publisher\" itemtype=\"https:\/\/schema.org\/Organization\" itemscope=\"itemscope\" >\n\t\t\t\t<span itemprop='name'><\/span>\n\t\t\t\t<span itemprop='logo' itemscope itemtype='http:\/\/schema.org\/ImageObject'>\n\t\t\t\t   <span itemprop='url'>https:\/\/casa.oaxaca.gob.mx\/wp-content\/uploads\/2021\/03\/LOGO-CASA-01.png<\/span>\n\t\t\t\t <\/span>\n\t\t\t  <\/span><span class='av-structured-data'  itemprop=\"author\" itemscope=\"itemscope\" itemtype=\"https:\/\/schema.org\/Person\" ><span itemprop='name'><\/span><\/span><span class='av-structured-data'  itemprop=\"datePublished\" datetime=\"\" >2026-03-27 13:52:00<\/span><span class='av-structured-data'  itemprop=\"dateModified\" itemtype=\"https:\/\/schema.org\/dateModified\" >2026-04-29 09:50:57<\/span><span class='av-structured-data'  itemprop=\"mainEntityOfPage\" itemtype=\"https:\/\/schema.org\/mainEntityOfPage\" ><span itemprop='name'>Ciclo de conferencias presenciales. La curadur\u00eda como intervenci\u00f3n. Una trayectoria curatorial en cuatro cap\u00edtulos. Imparte: Dr. Cuauht\u00e9moc Medina Gonz\u00e1lez.<\/span><\/span><\/span><\/article><article class='slide-entry flex_column  post-entry post-entry-18536 slide-entry-overview slide-loop-21 slide-parity-odd  av_one_third  real-thumbnail'  itemscope=\"itemscope\" itemtype=\"https:\/\/schema.org\/BlogPosting\" itemprop=\"blogPost\" ><a href='https:\/\/casa.oaxaca.gob.mx\/?p=18536' data-rel='slide-1' class='slide-image' title=''><img loading=\"lazy\" decoding=\"async\" width=\"495\" height=\"400\" src=\"https:\/\/casa.oaxaca.gob.mx\/wp-content\/uploads\/2026\/03\/Soberanias-entre-parentesis-cerrada-495x400.jpg\" class=\"attachment-portfolio size-portfolio wp-post-image\" alt=\"\" srcset=\"https:\/\/casa.oaxaca.gob.mx\/wp-content\/uploads\/2026\/03\/Soberanias-entre-parentesis-cerrada-495x400.jpg 495w, https:\/\/casa.oaxaca.gob.mx\/wp-content\/uploads\/2026\/03\/Soberanias-entre-parentesis-cerrada-845x684.jpg 845w\" sizes=\"auto, (max-width: 495px) 100vw, 495px\" \/><\/a><div class='slide-content'><header class=\"entry-content-header\"><h3 class='slide-entry-title entry-title'  itemprop=\"headline\" ><a href='https:\/\/casa.oaxaca.gob.mx\/?p=18536' title='Taller presencial. Soberan\u00edas entre par\u00e9ntesis. Territorio y espacio en pr\u00e1cticas curatoriales contempor\u00e1neas. Imparte: Julio Garc\u00eda Murillo.'>Taller presencial. Soberan\u00edas entre par\u00e9ntesis. Territorio y espacio en pr\u00e1cticas curatoriales contempor\u00e1neas. Imparte: Julio Garc\u00eda Murillo.<\/a><\/h3><span class=\"av-vertical-delimiter\"><\/span><\/header><\/div><footer class=\"entry-footer\"><\/footer><span class='hidden'>\n\t\t\t<span class='av-structured-data'  itemscope=\"itemscope\" itemtype=\"https:\/\/schema.org\/ImageObject\"  itemprop='image'>\n\t\t\t\t\t   <span itemprop='url' >https:\/\/casa.oaxaca.gob.mx\/wp-content\/uploads\/2026\/03\/Soberanias-entre-parentesis-cerrada.jpg<\/span>\n\t\t\t\t\t   <span itemprop='height' >1315<\/span>\n\t\t\t\t\t   <span itemprop='width' >1917<\/span>\n\t\t\t\t  <\/span><span class='av-structured-data'  itemprop=\"publisher\" itemtype=\"https:\/\/schema.org\/Organization\" itemscope=\"itemscope\" >\n\t\t\t\t<span itemprop='name'><\/span>\n\t\t\t\t<span itemprop='logo' itemscope itemtype='http:\/\/schema.org\/ImageObject'>\n\t\t\t\t   <span itemprop='url'>https:\/\/casa.oaxaca.gob.mx\/wp-content\/uploads\/2021\/03\/LOGO-CASA-01.png<\/span>\n\t\t\t\t <\/span>\n\t\t\t  <\/span><span class='av-structured-data'  itemprop=\"author\" itemscope=\"itemscope\" itemtype=\"https:\/\/schema.org\/Person\" ><span itemprop='name'><\/span><\/span><span class='av-structured-data'  itemprop=\"datePublished\" datetime=\"\" >2026-03-27 13:05:38<\/span><span class='av-structured-data'  itemprop=\"dateModified\" itemtype=\"https:\/\/schema.org\/dateModified\" >2026-04-28 16:38:19<\/span><span class='av-structured-data'  itemprop=\"mainEntityOfPage\" itemtype=\"https:\/\/schema.org\/mainEntityOfPage\" ><span itemprop='name'>Taller presencial. Soberan\u00edas entre par\u00e9ntesis. Territorio y espacio en pr\u00e1cticas curatoriales contempor\u00e1neas. Imparte: Julio Garc\u00eda Murillo.<\/span><\/span><\/span><\/article><\/div><div class='slide-entry-wrap'><article class='slide-entry flex_column  post-entry post-entry-18521 slide-entry-overview slide-loop-22 slide-parity-odd  av_one_third first real-thumbnail'  itemscope=\"itemscope\" itemtype=\"https:\/\/schema.org\/BlogPosting\" itemprop=\"blogPost\" ><a href='https:\/\/casa.oaxaca.gob.mx\/?p=18521' data-rel='slide-1' class='slide-image' title=''><img loading=\"lazy\" decoding=\"async\" width=\"495\" height=\"400\" src=\"https:\/\/casa.oaxaca.gob.mx\/wp-content\/uploads\/2026\/03\/Procesos-3-495x400.jpg\" class=\"attachment-portfolio size-portfolio wp-post-image\" alt=\"\" srcset=\"https:\/\/casa.oaxaca.gob.mx\/wp-content\/uploads\/2026\/03\/Procesos-3-495x400.jpg 495w, https:\/\/casa.oaxaca.gob.mx\/wp-content\/uploads\/2026\/03\/Procesos-3-845x684.jpg 845w\" sizes=\"auto, (max-width: 495px) 100vw, 495px\" \/><\/a><div class='slide-content'><header class=\"entry-content-header\"><h3 class='slide-entry-title entry-title'  itemprop=\"headline\" ><a href='https:\/\/casa.oaxaca.gob.mx\/?p=18521' title='Taller presencial. Portafolio, gesti\u00f3n de proyectos y comercializaci\u00f3n de obra en la gr\u00e1fica. Imparte: Soledad V\u00e1zquez.'>Taller presencial. Portafolio, gesti\u00f3n de proyectos y comercializaci\u00f3n de obra en la gr\u00e1fica. Imparte: Soledad V\u00e1zquez.<\/a><\/h3><span class=\"av-vertical-delimiter\"><\/span><\/header><\/div><footer class=\"entry-footer\"><\/footer><span class='hidden'>\n\t\t\t<span class='av-structured-data'  itemscope=\"itemscope\" itemtype=\"https:\/\/schema.org\/ImageObject\"  itemprop='image'>\n\t\t\t\t\t   <span itemprop='url' >https:\/\/casa.oaxaca.gob.mx\/wp-content\/uploads\/2026\/03\/Procesos-3.jpg<\/span>\n\t\t\t\t\t   <span itemprop='height' >900<\/span>\n\t\t\t\t\t   <span itemprop='width' >1200<\/span>\n\t\t\t\t  <\/span><span class='av-structured-data'  itemprop=\"publisher\" itemtype=\"https:\/\/schema.org\/Organization\" itemscope=\"itemscope\" >\n\t\t\t\t<span itemprop='name'><\/span>\n\t\t\t\t<span itemprop='logo' itemscope itemtype='http:\/\/schema.org\/ImageObject'>\n\t\t\t\t   <span itemprop='url'>https:\/\/casa.oaxaca.gob.mx\/wp-content\/uploads\/2021\/03\/LOGO-CASA-01.png<\/span>\n\t\t\t\t <\/span>\n\t\t\t  <\/span><span class='av-structured-data'  itemprop=\"author\" itemscope=\"itemscope\" itemtype=\"https:\/\/schema.org\/Person\" ><span itemprop='name'><\/span><\/span><span class='av-structured-data'  itemprop=\"datePublished\" datetime=\"\" >2026-03-26 16:58:14<\/span><span class='av-structured-data'  itemprop=\"dateModified\" itemtype=\"https:\/\/schema.org\/dateModified\" >2026-03-26 16:58:21<\/span><span class='av-structured-data'  itemprop=\"mainEntityOfPage\" itemtype=\"https:\/\/schema.org\/mainEntityOfPage\" ><span itemprop='name'>Taller presencial. Portafolio, gesti\u00f3n de proyectos y comercializaci\u00f3n de obra en la gr\u00e1fica. Imparte: Soledad V\u00e1zquez.<\/span><\/span><\/span><\/article><article class='slide-entry flex_column  post-entry post-entry-18514 slide-entry-overview slide-loop-23 slide-parity-even  av_one_third  real-thumbnail'  itemscope=\"itemscope\" itemtype=\"https:\/\/schema.org\/BlogPosting\" itemprop=\"blogPost\" ><a href='https:\/\/casa.oaxaca.gob.mx\/?p=18514' data-rel='slide-1' class='slide-image' title=''><img loading=\"lazy\" decoding=\"async\" width=\"495\" height=\"400\" src=\"https:\/\/casa.oaxaca.gob.mx\/wp-content\/uploads\/2026\/03\/Placa-colografA\u00ada-495x400.jpg\" class=\"attachment-portfolio size-portfolio wp-post-image\" alt=\"\" srcset=\"https:\/\/casa.oaxaca.gob.mx\/wp-content\/uploads\/2026\/03\/Placa-colografA\u00ada-495x400.jpg 495w, https:\/\/casa.oaxaca.gob.mx\/wp-content\/uploads\/2026\/03\/Placa-colografA\u00ada-845x684.jpg 845w\" sizes=\"auto, (max-width: 495px) 100vw, 495px\" \/><\/a><div class='slide-content'><header class=\"entry-content-header\"><h3 class='slide-entry-title entry-title'  itemprop=\"headline\" ><a href='https:\/\/casa.oaxaca.gob.mx\/?p=18514' title='Taller presencial. Exploraci\u00f3n gr\u00e1fica: colograf\u00eda y textura. Imparte: Soledad V\u00e1zquez.'>Taller presencial. Exploraci\u00f3n gr\u00e1fica: colograf\u00eda y textura. Imparte: Soledad V\u00e1zquez.<\/a><\/h3><span class=\"av-vertical-delimiter\"><\/span><\/header><\/div><footer class=\"entry-footer\"><\/footer><span class='hidden'>\n\t\t\t<span class='av-structured-data'  itemscope=\"itemscope\" itemtype=\"https:\/\/schema.org\/ImageObject\"  itemprop='image'>\n\t\t\t\t\t   <span itemprop='url' >https:\/\/casa.oaxaca.gob.mx\/wp-content\/uploads\/2026\/03\/Placa-colografA\u00ada-scaled.jpg<\/span>\n\t\t\t\t\t   <span itemprop='height' >2560<\/span>\n\t\t\t\t\t   <span itemprop='width' >2560<\/span>\n\t\t\t\t  <\/span><span class='av-structured-data'  itemprop=\"publisher\" itemtype=\"https:\/\/schema.org\/Organization\" itemscope=\"itemscope\" >\n\t\t\t\t<span itemprop='name'><\/span>\n\t\t\t\t<span itemprop='logo' itemscope itemtype='http:\/\/schema.org\/ImageObject'>\n\t\t\t\t   <span itemprop='url'>https:\/\/casa.oaxaca.gob.mx\/wp-content\/uploads\/2021\/03\/LOGO-CASA-01.png<\/span>\n\t\t\t\t <\/span>\n\t\t\t  <\/span><span class='av-structured-data'  itemprop=\"author\" itemscope=\"itemscope\" itemtype=\"https:\/\/schema.org\/Person\" ><span itemprop='name'><\/span><\/span><span class='av-structured-data'  itemprop=\"datePublished\" datetime=\"\" >2026-03-26 16:52:48<\/span><span class='av-structured-data'  itemprop=\"dateModified\" itemtype=\"https:\/\/schema.org\/dateModified\" >2026-03-26 16:53:44<\/span><span class='av-structured-data'  itemprop=\"mainEntityOfPage\" itemtype=\"https:\/\/schema.org\/mainEntityOfPage\" ><span itemprop='name'>Taller presencial. Exploraci\u00f3n gr\u00e1fica: colograf\u00eda y textura. Imparte: Soledad V\u00e1zquez.<\/span><\/span><\/span><\/article><article class='slide-entry flex_column  post-entry post-entry-18510 slide-entry-overview slide-loop-24 slide-parity-odd  av_one_third  real-thumbnail'  itemscope=\"itemscope\" itemtype=\"https:\/\/schema.org\/BlogPosting\" itemprop=\"blogPost\" ><a href='https:\/\/casa.oaxaca.gob.mx\/?p=18510' data-rel='slide-1' class='slide-image' title=''><img loading=\"lazy\" decoding=\"async\" width=\"495\" height=\"400\" src=\"https:\/\/casa.oaxaca.gob.mx\/wp-content\/uploads\/2026\/03\/1000010697-495x400.jpg\" class=\"attachment-portfolio size-portfolio wp-post-image\" alt=\"\" srcset=\"https:\/\/casa.oaxaca.gob.mx\/wp-content\/uploads\/2026\/03\/1000010697-495x400.jpg 495w, https:\/\/casa.oaxaca.gob.mx\/wp-content\/uploads\/2026\/03\/1000010697-845x684.jpg 845w\" sizes=\"auto, (max-width: 495px) 100vw, 495px\" \/><\/a><div class='slide-content'><header class=\"entry-content-header\"><h3 class='slide-entry-title entry-title'  itemprop=\"headline\" ><a href='https:\/\/casa.oaxaca.gob.mx\/?p=18510' title='Taller presencial. Iniciaci\u00f3n al grabado en metal con soluci\u00f3n salina. Imparte: Jonathan Reyes'>Taller presencial. Iniciaci\u00f3n al grabado en metal con soluci\u00f3n salina. Imparte: Jonathan Reyes<\/a><\/h3><span class=\"av-vertical-delimiter\"><\/span><\/header><\/div><footer class=\"entry-footer\"><\/footer><span class='hidden'>\n\t\t\t<span class='av-structured-data'  itemscope=\"itemscope\" itemtype=\"https:\/\/schema.org\/ImageObject\"  itemprop='image'>\n\t\t\t\t\t   <span itemprop='url' >https:\/\/casa.oaxaca.gob.mx\/wp-content\/uploads\/2026\/03\/1000010697-scaled.jpg<\/span>\n\t\t\t\t\t   <span itemprop='height' >2560<\/span>\n\t\t\t\t\t   <span itemprop='width' >2560<\/span>\n\t\t\t\t  <\/span><span class='av-structured-data'  itemprop=\"publisher\" itemtype=\"https:\/\/schema.org\/Organization\" itemscope=\"itemscope\" >\n\t\t\t\t<span itemprop='name'><\/span>\n\t\t\t\t<span itemprop='logo' itemscope itemtype='http:\/\/schema.org\/ImageObject'>\n\t\t\t\t   <span itemprop='url'>https:\/\/casa.oaxaca.gob.mx\/wp-content\/uploads\/2021\/03\/LOGO-CASA-01.png<\/span>\n\t\t\t\t <\/span>\n\t\t\t  <\/span><span class='av-structured-data'  itemprop=\"author\" itemscope=\"itemscope\" itemtype=\"https:\/\/schema.org\/Person\" ><span itemprop='name'><\/span><\/span><span class='av-structured-data'  itemprop=\"datePublished\" datetime=\"\" >2026-03-26 16:29:50<\/span><span class='av-structured-data'  itemprop=\"dateModified\" itemtype=\"https:\/\/schema.org\/dateModified\" >2026-03-26 16:29:50<\/span><span class='av-structured-data'  itemprop=\"mainEntityOfPage\" itemtype=\"https:\/\/schema.org\/mainEntityOfPage\" ><span itemprop='name'>Taller presencial. Iniciaci\u00f3n al grabado en metal con soluci\u00f3n salina. Imparte: Jonathan Reyes<\/span><\/span><\/span><\/article><\/div><div class='slide-entry-wrap'><article class='slide-entry flex_column  post-entry post-entry-18506 slide-entry-overview slide-loop-25 slide-parity-odd  av_one_third first real-thumbnail'  itemscope=\"itemscope\" itemtype=\"https:\/\/schema.org\/BlogPosting\" itemprop=\"blogPost\" ><a href='https:\/\/casa.oaxaca.gob.mx\/?p=18506' data-rel='slide-1' class='slide-image' title=''><img loading=\"lazy\" decoding=\"async\" width=\"495\" height=\"400\" src=\"https:\/\/casa.oaxaca.gob.mx\/wp-content\/uploads\/2026\/03\/IMG-20260226-WA0005-01-495x400.jpeg\" class=\"attachment-portfolio size-portfolio wp-post-image\" alt=\"\" srcset=\"https:\/\/casa.oaxaca.gob.mx\/wp-content\/uploads\/2026\/03\/IMG-20260226-WA0005-01-495x400.jpeg 495w, https:\/\/casa.oaxaca.gob.mx\/wp-content\/uploads\/2026\/03\/IMG-20260226-WA0005-01-845x684.jpeg 845w\" sizes=\"auto, (max-width: 495px) 100vw, 495px\" \/><\/a><div class='slide-content'><header class=\"entry-content-header\"><h3 class='slide-entry-title entry-title'  itemprop=\"headline\" ><a href='https:\/\/casa.oaxaca.gob.mx\/?p=18506' title='Taller presencial. Iniciaci\u00f3n al grabado directo con punta seca. Imparte: Jonathan Reyes'>Taller presencial. Iniciaci\u00f3n al grabado directo con punta seca. Imparte: Jonathan Reyes<\/a><\/h3><span class=\"av-vertical-delimiter\"><\/span><\/header><\/div><footer class=\"entry-footer\"><\/footer><span class='hidden'>\n\t\t\t<span class='av-structured-data'  itemscope=\"itemscope\" itemtype=\"https:\/\/schema.org\/ImageObject\"  itemprop='image'>\n\t\t\t\t\t   <span itemprop='url' >https:\/\/casa.oaxaca.gob.mx\/wp-content\/uploads\/2026\/03\/IMG-20260226-WA0005-01-scaled.jpeg<\/span>\n\t\t\t\t\t   <span itemprop='height' >2560<\/span>\n\t\t\t\t\t   <span itemprop='width' >1966<\/span>\n\t\t\t\t  <\/span><span class='av-structured-data'  itemprop=\"publisher\" itemtype=\"https:\/\/schema.org\/Organization\" itemscope=\"itemscope\" >\n\t\t\t\t<span itemprop='name'><\/span>\n\t\t\t\t<span itemprop='logo' itemscope itemtype='http:\/\/schema.org\/ImageObject'>\n\t\t\t\t   <span itemprop='url'>https:\/\/casa.oaxaca.gob.mx\/wp-content\/uploads\/2021\/03\/LOGO-CASA-01.png<\/span>\n\t\t\t\t <\/span>\n\t\t\t  <\/span><span class='av-structured-data'  itemprop=\"author\" itemscope=\"itemscope\" itemtype=\"https:\/\/schema.org\/Person\" ><span itemprop='name'><\/span><\/span><span class='av-structured-data'  itemprop=\"datePublished\" datetime=\"\" >2026-03-26 16:24:29<\/span><span class='av-structured-data'  itemprop=\"dateModified\" itemtype=\"https:\/\/schema.org\/dateModified\" >2026-03-26 16:24:29<\/span><span class='av-structured-data'  itemprop=\"mainEntityOfPage\" itemtype=\"https:\/\/schema.org\/mainEntityOfPage\" ><span itemprop='name'>Taller presencial. Iniciaci\u00f3n al grabado directo con punta seca. Imparte: Jonathan Reyes<\/span><\/span><\/span><\/article><article class='slide-entry flex_column  post-entry post-entry-18502 slide-entry-overview slide-loop-26 slide-parity-even  av_one_third  real-thumbnail'  itemscope=\"itemscope\" itemtype=\"https:\/\/schema.org\/BlogPosting\" itemprop=\"blogPost\" ><a href='https:\/\/casa.oaxaca.gob.mx\/?p=18502' data-rel='slide-1' class='slide-image' title=''><img loading=\"lazy\" decoding=\"async\" width=\"495\" height=\"400\" src=\"https:\/\/casa.oaxaca.gob.mx\/wp-content\/uploads\/2026\/03\/20251215_133934-1-495x400.jpg\" class=\"attachment-portfolio size-portfolio wp-post-image\" alt=\"\" srcset=\"https:\/\/casa.oaxaca.gob.mx\/wp-content\/uploads\/2026\/03\/20251215_133934-1-495x400.jpg 495w, https:\/\/casa.oaxaca.gob.mx\/wp-content\/uploads\/2026\/03\/20251215_133934-1-845x684.jpg 845w\" sizes=\"auto, (max-width: 495px) 100vw, 495px\" \/><\/a><div class='slide-content'><header class=\"entry-content-header\"><h3 class='slide-entry-title entry-title'  itemprop=\"headline\" ><a href='https:\/\/casa.oaxaca.gob.mx\/?p=18502' title='Taller presencial. Iniciaci\u00f3n al Lin\u00f3leo. Imparte: Marco Canseco'>Taller presencial. Iniciaci\u00f3n al Lin\u00f3leo. Imparte: Marco Canseco<\/a><\/h3><span class=\"av-vertical-delimiter\"><\/span><\/header><\/div><footer class=\"entry-footer\"><\/footer><span class='hidden'>\n\t\t\t<span class='av-structured-data'  itemscope=\"itemscope\" itemtype=\"https:\/\/schema.org\/ImageObject\"  itemprop='image'>\n\t\t\t\t\t   <span itemprop='url' >https:\/\/casa.oaxaca.gob.mx\/wp-content\/uploads\/2026\/03\/20251215_133934-1-scaled.jpg<\/span>\n\t\t\t\t\t   <span itemprop='height' >2560<\/span>\n\t\t\t\t\t   <span itemprop='width' >1920<\/span>\n\t\t\t\t  <\/span><span class='av-structured-data'  itemprop=\"publisher\" itemtype=\"https:\/\/schema.org\/Organization\" itemscope=\"itemscope\" >\n\t\t\t\t<span itemprop='name'><\/span>\n\t\t\t\t<span itemprop='logo' itemscope itemtype='http:\/\/schema.org\/ImageObject'>\n\t\t\t\t   <span itemprop='url'>https:\/\/casa.oaxaca.gob.mx\/wp-content\/uploads\/2021\/03\/LOGO-CASA-01.png<\/span>\n\t\t\t\t <\/span>\n\t\t\t  <\/span><span class='av-structured-data'  itemprop=\"author\" itemscope=\"itemscope\" itemtype=\"https:\/\/schema.org\/Person\" ><span itemprop='name'><\/span><\/span><span class='av-structured-data'  itemprop=\"datePublished\" datetime=\"\" >2026-03-26 15:46:07<\/span><span class='av-structured-data'  itemprop=\"dateModified\" itemtype=\"https:\/\/schema.org\/dateModified\" >2026-03-27 15:09:34<\/span><span class='av-structured-data'  itemprop=\"mainEntityOfPage\" itemtype=\"https:\/\/schema.org\/mainEntityOfPage\" ><span itemprop='name'>Taller presencial. Iniciaci\u00f3n al Lin\u00f3leo. Imparte: Marco Canseco<\/span><\/span><\/span><\/article><article class='slide-entry flex_column  post-entry post-entry-18498 slide-entry-overview slide-loop-27 slide-parity-odd  av_one_third  real-thumbnail'  itemscope=\"itemscope\" itemtype=\"https:\/\/schema.org\/BlogPosting\" itemprop=\"blogPost\" ><a href='https:\/\/casa.oaxaca.gob.mx\/?p=18498' data-rel='slide-1' class='slide-image' title=''><img loading=\"lazy\" decoding=\"async\" width=\"495\" height=\"400\" src=\"https:\/\/casa.oaxaca.gob.mx\/wp-content\/uploads\/2026\/03\/IMG-20251215-WA0008-495x400.jpg\" class=\"attachment-portfolio size-portfolio wp-post-image\" alt=\"\" srcset=\"https:\/\/casa.oaxaca.gob.mx\/wp-content\/uploads\/2026\/03\/IMG-20251215-WA0008-495x400.jpg 495w, https:\/\/casa.oaxaca.gob.mx\/wp-content\/uploads\/2026\/03\/IMG-20251215-WA0008-845x684.jpg 845w\" sizes=\"auto, (max-width: 495px) 100vw, 495px\" \/><\/a><div class='slide-content'><header class=\"entry-content-header\"><h3 class='slide-entry-title entry-title'  itemprop=\"headline\" ><a href='https:\/\/casa.oaxaca.gob.mx\/?p=18498' title='Taller presencial. Iniciaci\u00f3n a la Xilograf\u00eda. Imparte: Marco Canseco'>Taller presencial. Iniciaci\u00f3n a la Xilograf\u00eda. Imparte: Marco Canseco<\/a><\/h3><span class=\"av-vertical-delimiter\"><\/span><\/header><\/div><footer class=\"entry-footer\"><\/footer><span class='hidden'>\n\t\t\t<span class='av-structured-data'  itemscope=\"itemscope\" itemtype=\"https:\/\/schema.org\/ImageObject\"  itemprop='image'>\n\t\t\t\t\t   <span itemprop='url' >https:\/\/casa.oaxaca.gob.mx\/wp-content\/uploads\/2026\/03\/IMG-20251215-WA0008.jpg<\/span>\n\t\t\t\t\t   <span itemprop='height' >1280<\/span>\n\t\t\t\t\t   <span itemprop='width' >960<\/span>\n\t\t\t\t  <\/span><span class='av-structured-data'  itemprop=\"publisher\" itemtype=\"https:\/\/schema.org\/Organization\" itemscope=\"itemscope\" >\n\t\t\t\t<span itemprop='name'><\/span>\n\t\t\t\t<span itemprop='logo' itemscope itemtype='http:\/\/schema.org\/ImageObject'>\n\t\t\t\t   <span itemprop='url'>https:\/\/casa.oaxaca.gob.mx\/wp-content\/uploads\/2021\/03\/LOGO-CASA-01.png<\/span>\n\t\t\t\t <\/span>\n\t\t\t  <\/span><span class='av-structured-data'  itemprop=\"author\" itemscope=\"itemscope\" itemtype=\"https:\/\/schema.org\/Person\" ><span itemprop='name'><\/span><\/span><span class='av-structured-data'  itemprop=\"datePublished\" datetime=\"\" >2026-03-26 15:35:22<\/span><span class='av-structured-data'  itemprop=\"dateModified\" itemtype=\"https:\/\/schema.org\/dateModified\" >2026-03-26 15:35:22<\/span><span class='av-structured-data'  itemprop=\"mainEntityOfPage\" itemtype=\"https:\/\/schema.org\/mainEntityOfPage\" ><span itemprop='name'>Taller presencial. Iniciaci\u00f3n a la Xilograf\u00eda. Imparte: Marco Canseco<\/span><\/span><\/span><\/article><\/div><div class='slide-entry-wrap'><article class='slide-entry flex_column  post-entry post-entry-18494 slide-entry-overview slide-loop-28 slide-parity-odd  av_one_third first real-thumbnail'  itemscope=\"itemscope\" itemtype=\"https:\/\/schema.org\/BlogPosting\" itemprop=\"blogPost\" ><a href='https:\/\/casa.oaxaca.gob.mx\/?p=18494' data-rel='slide-1' class='slide-image' title=''><img loading=\"lazy\" decoding=\"async\" width=\"495\" height=\"400\" src=\"https:\/\/casa.oaxaca.gob.mx\/wp-content\/uploads\/2026\/03\/f9e0ef31-915c-404b-a5e1-1413e698939b-495x400.jpg\" class=\"attachment-portfolio size-portfolio wp-post-image\" alt=\"\" srcset=\"https:\/\/casa.oaxaca.gob.mx\/wp-content\/uploads\/2026\/03\/f9e0ef31-915c-404b-a5e1-1413e698939b-495x400.jpg 495w, https:\/\/casa.oaxaca.gob.mx\/wp-content\/uploads\/2026\/03\/f9e0ef31-915c-404b-a5e1-1413e698939b-845x684.jpg 845w\" sizes=\"auto, (max-width: 495px) 100vw, 495px\" \/><\/a><div class='slide-content'><header class=\"entry-content-header\"><h3 class='slide-entry-title entry-title'  itemprop=\"headline\" ><a href='https:\/\/casa.oaxaca.gob.mx\/?p=18494' title='Taller presencial. Dibujo de observaci\u00f3n al aire libre. Imparte: V\u00edctor Lucero'>Taller presencial. Dibujo de observaci\u00f3n al aire libre. Imparte: V\u00edctor Lucero<\/a><\/h3><span class=\"av-vertical-delimiter\"><\/span><\/header><\/div><footer class=\"entry-footer\"><\/footer><span class='hidden'>\n\t\t\t<span class='av-structured-data'  itemscope=\"itemscope\" itemtype=\"https:\/\/schema.org\/ImageObject\"  itemprop='image'>\n\t\t\t\t\t   <span itemprop='url' >https:\/\/casa.oaxaca.gob.mx\/wp-content\/uploads\/2026\/03\/f9e0ef31-915c-404b-a5e1-1413e698939b-scaled.jpg<\/span>\n\t\t\t\t\t   <span itemprop='height' >2560<\/span>\n\t\t\t\t\t   <span itemprop='width' >1920<\/span>\n\t\t\t\t  <\/span><span class='av-structured-data'  itemprop=\"publisher\" itemtype=\"https:\/\/schema.org\/Organization\" itemscope=\"itemscope\" >\n\t\t\t\t<span itemprop='name'><\/span>\n\t\t\t\t<span itemprop='logo' itemscope itemtype='http:\/\/schema.org\/ImageObject'>\n\t\t\t\t   <span itemprop='url'>https:\/\/casa.oaxaca.gob.mx\/wp-content\/uploads\/2021\/03\/LOGO-CASA-01.png<\/span>\n\t\t\t\t <\/span>\n\t\t\t  <\/span><span class='av-structured-data'  itemprop=\"author\" itemscope=\"itemscope\" itemtype=\"https:\/\/schema.org\/Person\" ><span itemprop='name'><\/span><\/span><span class='av-structured-data'  itemprop=\"datePublished\" datetime=\"\" >2026-03-26 15:30:59<\/span><span class='av-structured-data'  itemprop=\"dateModified\" itemtype=\"https:\/\/schema.org\/dateModified\" >2026-04-24 12:33:13<\/span><span class='av-structured-data'  itemprop=\"mainEntityOfPage\" itemtype=\"https:\/\/schema.org\/mainEntityOfPage\" ><span itemprop='name'>Taller presencial. Dibujo de observaci\u00f3n al aire libre. Imparte: V\u00edctor Lucero<\/span><\/span><\/span><\/article><article class='slide-entry flex_column  post-entry post-entry-18490 slide-entry-overview slide-loop-29 slide-parity-even  av_one_third  real-thumbnail'  itemscope=\"itemscope\" itemtype=\"https:\/\/schema.org\/BlogPosting\" itemprop=\"blogPost\" ><a href='https:\/\/casa.oaxaca.gob.mx\/?p=18490' data-rel='slide-1' class='slide-image' title=''><img loading=\"lazy\" decoding=\"async\" width=\"495\" height=\"400\" src=\"https:\/\/casa.oaxaca.gob.mx\/wp-content\/uploads\/2026\/03\/IG01_Arte-en-barro_Lorena-Velasco-495x400.jpg\" class=\"attachment-portfolio size-portfolio wp-post-image\" alt=\"\" srcset=\"https:\/\/casa.oaxaca.gob.mx\/wp-content\/uploads\/2026\/03\/IG01_Arte-en-barro_Lorena-Velasco-495x400.jpg 495w, https:\/\/casa.oaxaca.gob.mx\/wp-content\/uploads\/2026\/03\/IG01_Arte-en-barro_Lorena-Velasco-845x684.jpg 845w\" sizes=\"auto, (max-width: 495px) 100vw, 495px\" \/><\/a><div class='slide-content'><header class=\"entry-content-header\"><h3 class='slide-entry-title entry-title'  itemprop=\"headline\" ><a href='https:\/\/casa.oaxaca.gob.mx\/?p=18490' title='Taller presencial. Arte en Barro. Imparte: Lorena Velasco'>Taller presencial. Arte en Barro. Imparte: Lorena Velasco<\/a><\/h3><span class=\"av-vertical-delimiter\"><\/span><\/header><\/div><footer class=\"entry-footer\"><\/footer><span class='hidden'>\n\t\t\t<span class='av-structured-data'  itemscope=\"itemscope\" itemtype=\"https:\/\/schema.org\/ImageObject\"  itemprop='image'>\n\t\t\t\t\t   <span itemprop='url' >https:\/\/casa.oaxaca.gob.mx\/wp-content\/uploads\/2026\/03\/IG01_Arte-en-barro_Lorena-Velasco-scaled.jpg<\/span>\n\t\t\t\t\t   <span itemprop='height' >2560<\/span>\n\t\t\t\t\t   <span itemprop='width' >2048<\/span>\n\t\t\t\t  <\/span><span class='av-structured-data'  itemprop=\"publisher\" itemtype=\"https:\/\/schema.org\/Organization\" itemscope=\"itemscope\" >\n\t\t\t\t<span itemprop='name'><\/span>\n\t\t\t\t<span itemprop='logo' itemscope itemtype='http:\/\/schema.org\/ImageObject'>\n\t\t\t\t   <span itemprop='url'>https:\/\/casa.oaxaca.gob.mx\/wp-content\/uploads\/2021\/03\/LOGO-CASA-01.png<\/span>\n\t\t\t\t <\/span>\n\t\t\t  <\/span><span class='av-structured-data'  itemprop=\"author\" itemscope=\"itemscope\" itemtype=\"https:\/\/schema.org\/Person\" ><span itemprop='name'><\/span><\/span><span class='av-structured-data'  itemprop=\"datePublished\" datetime=\"\" >2026-03-26 15:06:24<\/span><span class='av-structured-data'  itemprop=\"dateModified\" itemtype=\"https:\/\/schema.org\/dateModified\" >2026-04-19 10:23:33<\/span><span class='av-structured-data'  itemprop=\"mainEntityOfPage\" itemtype=\"https:\/\/schema.org\/mainEntityOfPage\" ><span itemprop='name'>Taller presencial. Arte en Barro. Imparte: Lorena Velasco<\/span><\/span><\/span><\/article><article class='slide-entry flex_column  post-entry post-entry-18486 slide-entry-overview slide-loop-30 slide-parity-odd  av_one_third  real-thumbnail'  itemscope=\"itemscope\" itemtype=\"https:\/\/schema.org\/BlogPosting\" itemprop=\"blogPost\" ><a href='https:\/\/casa.oaxaca.gob.mx\/?p=18486' data-rel='slide-1' class='slide-image' title=''><img loading=\"lazy\" decoding=\"async\" width=\"495\" height=\"400\" src=\"https:\/\/casa.oaxaca.gob.mx\/wp-content\/uploads\/2026\/03\/Cesteria-nudo-mixteco_IG01-495x400.jpg\" class=\"attachment-portfolio size-portfolio wp-post-image\" alt=\"\" srcset=\"https:\/\/casa.oaxaca.gob.mx\/wp-content\/uploads\/2026\/03\/Cesteria-nudo-mixteco_IG01-495x400.jpg 495w, https:\/\/casa.oaxaca.gob.mx\/wp-content\/uploads\/2026\/03\/Cesteria-nudo-mixteco_IG01-845x684.jpg 845w\" sizes=\"auto, (max-width: 495px) 100vw, 495px\" \/><\/a><div class='slide-content'><header class=\"entry-content-header\"><h3 class='slide-entry-title entry-title'  itemprop=\"headline\" ><a href='https:\/\/casa.oaxaca.gob.mx\/?p=18486' title='Taller presencial. Cester\u00eda nudo mixteco. Imparte: Abel L\u00f3pez Diego'>Taller presencial. Cester\u00eda nudo mixteco. Imparte: Abel L\u00f3pez Diego<\/a><\/h3><span class=\"av-vertical-delimiter\"><\/span><\/header><\/div><footer class=\"entry-footer\"><\/footer><span class='hidden'>\n\t\t\t<span class='av-structured-data'  itemscope=\"itemscope\" itemtype=\"https:\/\/schema.org\/ImageObject\"  itemprop='image'>\n\t\t\t\t\t   <span itemprop='url' >https:\/\/casa.oaxaca.gob.mx\/wp-content\/uploads\/2026\/03\/Cesteria-nudo-mixteco_IG01-scaled.jpg<\/span>\n\t\t\t\t\t   <span itemprop='height' >2560<\/span>\n\t\t\t\t\t   <span itemprop='width' >2048<\/span>\n\t\t\t\t  <\/span><span class='av-structured-data'  itemprop=\"publisher\" itemtype=\"https:\/\/schema.org\/Organization\" itemscope=\"itemscope\" >\n\t\t\t\t<span itemprop='name'><\/span>\n\t\t\t\t<span itemprop='logo' itemscope itemtype='http:\/\/schema.org\/ImageObject'>\n\t\t\t\t   <span itemprop='url'>https:\/\/casa.oaxaca.gob.mx\/wp-content\/uploads\/2021\/03\/LOGO-CASA-01.png<\/span>\n\t\t\t\t <\/span>\n\t\t\t  <\/span><span class='av-structured-data'  itemprop=\"author\" itemscope=\"itemscope\" itemtype=\"https:\/\/schema.org\/Person\" ><span itemprop='name'><\/span><\/span><span class='av-structured-data'  itemprop=\"datePublished\" datetime=\"\" >2026-03-26 14:44:53<\/span><span class='av-structured-data'  itemprop=\"dateModified\" itemtype=\"https:\/\/schema.org\/dateModified\" >2026-04-10 10:23:43<\/span><span class='av-structured-data'  itemprop=\"mainEntityOfPage\" itemtype=\"https:\/\/schema.org\/mainEntityOfPage\" ><span itemprop='name'>Taller presencial. Cester\u00eda nudo mixteco. Imparte: Abel L\u00f3pez Diego<\/span><\/span><\/span><\/article><\/div><div class='slide-entry-wrap'><article class='slide-entry flex_column  post-entry post-entry-18482 slide-entry-overview slide-loop-31 slide-parity-odd  av_one_third first real-thumbnail'  itemscope=\"itemscope\" itemtype=\"https:\/\/schema.org\/BlogPosting\" itemprop=\"blogPost\" ><a href='https:\/\/casa.oaxaca.gob.mx\/?p=18482' data-rel='slide-1' class='slide-image' title=''><img loading=\"lazy\" decoding=\"async\" width=\"495\" height=\"400\" src=\"https:\/\/casa.oaxaca.gob.mx\/wp-content\/uploads\/2026\/03\/CASA-SANTIAGO-BOLANI\u0083OS8-495x400.jpg\" class=\"attachment-portfolio size-portfolio wp-post-image\" alt=\"\" srcset=\"https:\/\/casa.oaxaca.gob.mx\/wp-content\/uploads\/2026\/03\/CASA-SANTIAGO-BOLANI\u0083OS8-495x400.jpg 495w, https:\/\/casa.oaxaca.gob.mx\/wp-content\/uploads\/2026\/03\/CASA-SANTIAGO-BOLANI\u0083OS8-845x684.jpg 845w\" sizes=\"auto, (max-width: 495px) 100vw, 495px\" \/><\/a><div class='slide-content'><header class=\"entry-content-header\"><h3 class='slide-entry-title entry-title'  itemprop=\"headline\" ><a href='https:\/\/casa.oaxaca.gob.mx\/?p=18482' title='Taller presencial. Fragmentando la mirada. Imparte: Santiago Bola\u00f1os'>Taller presencial. Fragmentando la mirada. Imparte: Santiago Bola\u00f1os<\/a><\/h3><span class=\"av-vertical-delimiter\"><\/span><\/header><\/div><footer class=\"entry-footer\"><\/footer><span class='hidden'>\n\t\t\t<span class='av-structured-data'  itemscope=\"itemscope\" itemtype=\"https:\/\/schema.org\/ImageObject\"  itemprop='image'>\n\t\t\t\t\t   <span itemprop='url' >https:\/\/casa.oaxaca.gob.mx\/wp-content\/uploads\/2026\/03\/CASA-SANTIAGO-BOLANI\u0083OS8-scaled.jpg<\/span>\n\t\t\t\t\t   <span itemprop='height' >1707<\/span>\n\t\t\t\t\t   <span itemprop='width' >2560<\/span>\n\t\t\t\t  <\/span><span class='av-structured-data'  itemprop=\"publisher\" itemtype=\"https:\/\/schema.org\/Organization\" itemscope=\"itemscope\" >\n\t\t\t\t<span itemprop='name'><\/span>\n\t\t\t\t<span itemprop='logo' itemscope itemtype='http:\/\/schema.org\/ImageObject'>\n\t\t\t\t   <span itemprop='url'>https:\/\/casa.oaxaca.gob.mx\/wp-content\/uploads\/2021\/03\/LOGO-CASA-01.png<\/span>\n\t\t\t\t <\/span>\n\t\t\t  <\/span><span class='av-structured-data'  itemprop=\"author\" itemscope=\"itemscope\" itemtype=\"https:\/\/schema.org\/Person\" ><span itemprop='name'><\/span><\/span><span class='av-structured-data'  itemprop=\"datePublished\" datetime=\"\" >2026-03-26 14:32:22<\/span><span class='av-structured-data'  itemprop=\"dateModified\" itemtype=\"https:\/\/schema.org\/dateModified\" >2026-04-15 18:25:14<\/span><span class='av-structured-data'  itemprop=\"mainEntityOfPage\" itemtype=\"https:\/\/schema.org\/mainEntityOfPage\" ><span itemprop='name'>Taller presencial. Fragmentando la mirada. Imparte: Santiago Bola\u00f1os<\/span><\/span><\/span><\/article><article class='slide-entry flex_column  post-entry post-entry-18478 slide-entry-overview slide-loop-32 slide-parity-even  av_one_third  real-thumbnail'  itemscope=\"itemscope\" itemtype=\"https:\/\/schema.org\/BlogPosting\" itemprop=\"blogPost\" ><a href='https:\/\/casa.oaxaca.gob.mx\/?p=18478' data-rel='slide-1' class='slide-image' title=''><img loading=\"lazy\" decoding=\"async\" width=\"495\" height=\"400\" src=\"https:\/\/casa.oaxaca.gob.mx\/wp-content\/uploads\/2026\/03\/MINIATURA-BALONES-CERRADA-495x400.jpg\" class=\"attachment-portfolio size-portfolio wp-post-image\" alt=\"\" srcset=\"https:\/\/casa.oaxaca.gob.mx\/wp-content\/uploads\/2026\/03\/MINIATURA-BALONES-CERRADA-495x400.jpg 495w, https:\/\/casa.oaxaca.gob.mx\/wp-content\/uploads\/2026\/03\/MINIATURA-BALONES-CERRADA-845x684.jpg 845w\" sizes=\"auto, (max-width: 495px) 100vw, 495px\" \/><\/a><div class='slide-content'><header class=\"entry-content-header\"><h3 class='slide-entry-title entry-title'  itemprop=\"headline\" ><a href='https:\/\/casa.oaxaca.gob.mx\/?p=18478' title='Concurso de dise\u00f1o de balones'>Concurso de dise\u00f1o de balones<\/a><\/h3><span class=\"av-vertical-delimiter\"><\/span><\/header><\/div><footer class=\"entry-footer\"><\/footer><span class='hidden'>\n\t\t\t<span class='av-structured-data'  itemscope=\"itemscope\" itemtype=\"https:\/\/schema.org\/ImageObject\"  itemprop='image'>\n\t\t\t\t\t   <span itemprop='url' >https:\/\/casa.oaxaca.gob.mx\/wp-content\/uploads\/2026\/03\/MINIATURA-BALONES-CERRADA.jpg<\/span>\n\t\t\t\t\t   <span itemprop='height' >1315<\/span>\n\t\t\t\t\t   <span itemprop='width' >1917<\/span>\n\t\t\t\t  <\/span><span class='av-structured-data'  itemprop=\"publisher\" itemtype=\"https:\/\/schema.org\/Organization\" itemscope=\"itemscope\" >\n\t\t\t\t<span itemprop='name'><\/span>\n\t\t\t\t<span itemprop='logo' itemscope itemtype='http:\/\/schema.org\/ImageObject'>\n\t\t\t\t   <span itemprop='url'>https:\/\/casa.oaxaca.gob.mx\/wp-content\/uploads\/2021\/03\/LOGO-CASA-01.png<\/span>\n\t\t\t\t <\/span>\n\t\t\t  <\/span><span class='av-structured-data'  itemprop=\"author\" itemscope=\"itemscope\" itemtype=\"https:\/\/schema.org\/Person\" ><span itemprop='name'><\/span><\/span><span class='av-structured-data'  itemprop=\"datePublished\" datetime=\"\" >2026-03-26 09:24:36<\/span><span class='av-structured-data'  itemprop=\"dateModified\" itemtype=\"https:\/\/schema.org\/dateModified\" >2026-04-27 16:10:28<\/span><span class='av-structured-data'  itemprop=\"mainEntityOfPage\" itemtype=\"https:\/\/schema.org\/mainEntityOfPage\" ><span itemprop='name'>Concurso de dise\u00f1o de balones<\/span><\/span><\/span><\/article><article class='slide-entry flex_column  post-entry post-entry-18466 slide-entry-overview slide-loop-33 slide-parity-odd  av_one_third  real-thumbnail'  itemscope=\"itemscope\" itemtype=\"https:\/\/schema.org\/BlogPosting\" itemprop=\"blogPost\" ><a href='https:\/\/casa.oaxaca.gob.mx\/?p=18466' data-rel='slide-1' class='slide-image' title=''><img loading=\"lazy\" decoding=\"async\" width=\"495\" height=\"400\" src=\"https:\/\/casa.oaxaca.gob.mx\/wp-content\/uploads\/2026\/03\/MINIATURA-CALCETAS-CERRADA-495x400.jpg\" class=\"attachment-portfolio size-portfolio wp-post-image\" alt=\"\" srcset=\"https:\/\/casa.oaxaca.gob.mx\/wp-content\/uploads\/2026\/03\/MINIATURA-CALCETAS-CERRADA-495x400.jpg 495w, https:\/\/casa.oaxaca.gob.mx\/wp-content\/uploads\/2026\/03\/MINIATURA-CALCETAS-CERRADA-845x684.jpg 845w\" sizes=\"auto, (max-width: 495px) 100vw, 495px\" \/><\/a><div class='slide-content'><header class=\"entry-content-header\"><h3 class='slide-entry-title entry-title'  itemprop=\"headline\" ><a href='https:\/\/casa.oaxaca.gob.mx\/?p=18466' title='Concurso de dise\u00f1o de calcetas deportivas'>Concurso de dise\u00f1o de calcetas deportivas<\/a><\/h3><span class=\"av-vertical-delimiter\"><\/span><\/header><\/div><footer class=\"entry-footer\"><\/footer><span class='hidden'>\n\t\t\t<span class='av-structured-data'  itemscope=\"itemscope\" itemtype=\"https:\/\/schema.org\/ImageObject\"  itemprop='image'>\n\t\t\t\t\t   <span itemprop='url' >https:\/\/casa.oaxaca.gob.mx\/wp-content\/uploads\/2026\/03\/MINIATURA-CALCETAS-CERRADA.jpg<\/span>\n\t\t\t\t\t   <span itemprop='height' >1315<\/span>\n\t\t\t\t\t   <span itemprop='width' >1917<\/span>\n\t\t\t\t  <\/span><span class='av-structured-data'  itemprop=\"publisher\" itemtype=\"https:\/\/schema.org\/Organization\" itemscope=\"itemscope\" >\n\t\t\t\t<span itemprop='name'><\/span>\n\t\t\t\t<span itemprop='logo' itemscope itemtype='http:\/\/schema.org\/ImageObject'>\n\t\t\t\t   <span itemprop='url'>https:\/\/casa.oaxaca.gob.mx\/wp-content\/uploads\/2021\/03\/LOGO-CASA-01.png<\/span>\n\t\t\t\t <\/span>\n\t\t\t  <\/span><span class='av-structured-data'  itemprop=\"author\" itemscope=\"itemscope\" itemtype=\"https:\/\/schema.org\/Person\" ><span itemprop='name'><\/span><\/span><span class='av-structured-data'  itemprop=\"datePublished\" datetime=\"\" >2026-03-26 09:24:28<\/span><span class='av-structured-data'  itemprop=\"dateModified\" itemtype=\"https:\/\/schema.org\/dateModified\" >2026-04-27 16:10:42<\/span><span class='av-structured-data'  itemprop=\"mainEntityOfPage\" itemtype=\"https:\/\/schema.org\/mainEntityOfPage\" ><span itemprop='name'>Concurso de dise\u00f1o de calcetas deportivas<\/span><\/span><\/span><\/article><\/div><div class='slide-entry-wrap'><article class='slide-entry flex_column  post-entry post-entry-18457 slide-entry-overview slide-loop-34 slide-parity-odd  av_one_third first real-thumbnail'  itemscope=\"itemscope\" itemtype=\"https:\/\/schema.org\/BlogPosting\" itemprop=\"blogPost\" ><a href='https:\/\/casa.oaxaca.gob.mx\/?p=18457' data-rel='slide-1' class='slide-image' title=''><img loading=\"lazy\" decoding=\"async\" width=\"495\" height=\"400\" src=\"https:\/\/casa.oaxaca.gob.mx\/wp-content\/uploads\/2026\/03\/nivivee_01-495x400.jpeg\" class=\"attachment-portfolio size-portfolio wp-post-image\" alt=\"\" srcset=\"https:\/\/casa.oaxaca.gob.mx\/wp-content\/uploads\/2026\/03\/nivivee_01-495x400.jpeg 495w, https:\/\/casa.oaxaca.gob.mx\/wp-content\/uploads\/2026\/03\/nivivee_01-845x684.jpeg 845w\" sizes=\"auto, (max-width: 495px) 100vw, 495px\" \/><\/a><div class='slide-content'><header class=\"entry-content-header\"><h3 class='slide-entry-title entry-title'  itemprop=\"headline\" ><a href='https:\/\/casa.oaxaca.gob.mx\/?p=18457' title='Taller presencial. Portafolio, gesti\u00f3n de proyectos y comercializaci\u00f3n de obra en la fotograf\u00eda. Imparte: V\u00edctor Mortales'>Taller presencial. Portafolio, gesti\u00f3n de proyectos y comercializaci\u00f3n de obra en la fotograf\u00eda. Imparte: V\u00edctor Mortales<\/a><\/h3><span class=\"av-vertical-delimiter\"><\/span><\/header><\/div><footer class=\"entry-footer\"><\/footer><span class='hidden'>\n\t\t\t<span class='av-structured-data'  itemscope=\"itemscope\" itemtype=\"https:\/\/schema.org\/ImageObject\"  itemprop='image'>\n\t\t\t\t\t   <span itemprop='url' >https:\/\/casa.oaxaca.gob.mx\/wp-content\/uploads\/2026\/03\/nivivee_01.jpeg<\/span>\n\t\t\t\t\t   <span itemprop='height' >853<\/span>\n\t\t\t\t\t   <span itemprop='width' >1280<\/span>\n\t\t\t\t  <\/span><span class='av-structured-data'  itemprop=\"publisher\" itemtype=\"https:\/\/schema.org\/Organization\" itemscope=\"itemscope\" >\n\t\t\t\t<span itemprop='name'><\/span>\n\t\t\t\t<span itemprop='logo' itemscope itemtype='http:\/\/schema.org\/ImageObject'>\n\t\t\t\t   <span itemprop='url'>https:\/\/casa.oaxaca.gob.mx\/wp-content\/uploads\/2021\/03\/LOGO-CASA-01.png<\/span>\n\t\t\t\t <\/span>\n\t\t\t  <\/span><span class='av-structured-data'  itemprop=\"author\" itemscope=\"itemscope\" itemtype=\"https:\/\/schema.org\/Person\" ><span itemprop='name'><\/span><\/span><span class='av-structured-data'  itemprop=\"datePublished\" datetime=\"\" >2026-03-25 12:43:45<\/span><span class='av-structured-data'  itemprop=\"dateModified\" itemtype=\"https:\/\/schema.org\/dateModified\" >2026-03-25 12:43:45<\/span><span class='av-structured-data'  itemprop=\"mainEntityOfPage\" itemtype=\"https:\/\/schema.org\/mainEntityOfPage\" ><span itemprop='name'>Taller presencial. Portafolio, gesti\u00f3n de proyectos y comercializaci\u00f3n de obra en la fotograf\u00eda. Imparte: V\u00edctor Mortales<\/span><\/span><\/span><\/article><article class='slide-entry flex_column  post-entry post-entry-18453 slide-entry-overview slide-loop-35 slide-parity-even  av_one_third  real-thumbnail'  itemscope=\"itemscope\" itemtype=\"https:\/\/schema.org\/BlogPosting\" itemprop=\"blogPost\" ><a href='https:\/\/casa.oaxaca.gob.mx\/?p=18453' data-rel='slide-1' class='slide-image' title=''><img loading=\"lazy\" decoding=\"async\" width=\"495\" height=\"400\" src=\"https:\/\/casa.oaxaca.gob.mx\/wp-content\/uploads\/2026\/03\/alta_lotescentricos_09_-495x400.jpeg\" class=\"attachment-portfolio size-portfolio wp-post-image\" alt=\"\" srcset=\"https:\/\/casa.oaxaca.gob.mx\/wp-content\/uploads\/2026\/03\/alta_lotescentricos_09_-495x400.jpeg 495w, https:\/\/casa.oaxaca.gob.mx\/wp-content\/uploads\/2026\/03\/alta_lotescentricos_09_-845x684.jpeg 845w\" sizes=\"auto, (max-width: 495px) 100vw, 495px\" \/><\/a><div class='slide-content'><header class=\"entry-content-header\"><h3 class='slide-entry-title entry-title'  itemprop=\"headline\" ><a href='https:\/\/casa.oaxaca.gob.mx\/?p=18453' title='Taller presencial. Memoria y exploraci\u00f3n fotogr\u00e1fica. Imparte: V\u00edctor Mortales'>Taller presencial. Memoria y exploraci\u00f3n fotogr\u00e1fica. Imparte: V\u00edctor Mortales<\/a><\/h3><span class=\"av-vertical-delimiter\"><\/span><\/header><\/div><footer class=\"entry-footer\"><\/footer><span class='hidden'>\n\t\t\t<span class='av-structured-data'  itemscope=\"itemscope\" itemtype=\"https:\/\/schema.org\/ImageObject\"  itemprop='image'>\n\t\t\t\t\t   <span itemprop='url' >https:\/\/casa.oaxaca.gob.mx\/wp-content\/uploads\/2026\/03\/alta_lotescentricos_09_-scaled.jpeg<\/span>\n\t\t\t\t\t   <span itemprop='height' >1656<\/span>\n\t\t\t\t\t   <span itemprop='width' >2560<\/span>\n\t\t\t\t  <\/span><span class='av-structured-data'  itemprop=\"publisher\" itemtype=\"https:\/\/schema.org\/Organization\" itemscope=\"itemscope\" >\n\t\t\t\t<span itemprop='name'><\/span>\n\t\t\t\t<span itemprop='logo' itemscope itemtype='http:\/\/schema.org\/ImageObject'>\n\t\t\t\t   <span itemprop='url'>https:\/\/casa.oaxaca.gob.mx\/wp-content\/uploads\/2021\/03\/LOGO-CASA-01.png<\/span>\n\t\t\t\t <\/span>\n\t\t\t  <\/span><span class='av-structured-data'  itemprop=\"author\" itemscope=\"itemscope\" itemtype=\"https:\/\/schema.org\/Person\" ><span itemprop='name'><\/span><\/span><span class='av-structured-data'  itemprop=\"datePublished\" datetime=\"\" >2026-03-25 12:35:07<\/span><span class='av-structured-data'  itemprop=\"dateModified\" itemtype=\"https:\/\/schema.org\/dateModified\" >2026-03-25 12:35:07<\/span><span class='av-structured-data'  itemprop=\"mainEntityOfPage\" itemtype=\"https:\/\/schema.org\/mainEntityOfPage\" ><span itemprop='name'>Taller presencial. Memoria y exploraci\u00f3n fotogr\u00e1fica. Imparte: V\u00edctor Mortales<\/span><\/span><\/span><\/article><article class='slide-entry flex_column  post-entry post-entry-18449 slide-entry-overview slide-loop-36 slide-parity-odd  av_one_third  real-thumbnail'  itemscope=\"itemscope\" itemtype=\"https:\/\/schema.org\/BlogPosting\" itemprop=\"blogPost\" ><a href='https:\/\/casa.oaxaca.gob.mx\/?p=18449' data-rel='slide-1' class='slide-image' title=''><img loading=\"lazy\" decoding=\"async\" width=\"495\" height=\"400\" src=\"https:\/\/casa.oaxaca.gob.mx\/wp-content\/uploads\/2026\/03\/doble3-495x400.jpg\" class=\"attachment-portfolio size-portfolio wp-post-image\" alt=\"\" srcset=\"https:\/\/casa.oaxaca.gob.mx\/wp-content\/uploads\/2026\/03\/doble3-495x400.jpg 495w, https:\/\/casa.oaxaca.gob.mx\/wp-content\/uploads\/2026\/03\/doble3-845x684.jpg 845w\" sizes=\"auto, (max-width: 495px) 100vw, 495px\" \/><\/a><div class='slide-content'><header class=\"entry-content-header\"><h3 class='slide-entry-title entry-title'  itemprop=\"headline\" ><a href='https:\/\/casa.oaxaca.gob.mx\/?p=18449' title='Taller presencial. El dise\u00f1o en la Fotograf\u00eda. Imparte: Alejandra Hugues'>Taller presencial. El dise\u00f1o en la Fotograf\u00eda. Imparte: Alejandra Hugues<\/a><\/h3><span class=\"av-vertical-delimiter\"><\/span><\/header><\/div><footer class=\"entry-footer\"><\/footer><span class='hidden'>\n\t\t\t<span class='av-structured-data'  itemscope=\"itemscope\" itemtype=\"https:\/\/schema.org\/ImageObject\"  itemprop='image'>\n\t\t\t\t\t   <span itemprop='url' >https:\/\/casa.oaxaca.gob.mx\/wp-content\/uploads\/2026\/03\/doble3-scaled.jpg<\/span>\n\t\t\t\t\t   <span itemprop='height' >1920<\/span>\n\t\t\t\t\t   <span itemprop='width' >2560<\/span>\n\t\t\t\t  <\/span><span class='av-structured-data'  itemprop=\"publisher\" itemtype=\"https:\/\/schema.org\/Organization\" itemscope=\"itemscope\" >\n\t\t\t\t<span itemprop='name'><\/span>\n\t\t\t\t<span itemprop='logo' itemscope itemtype='http:\/\/schema.org\/ImageObject'>\n\t\t\t\t   <span itemprop='url'>https:\/\/casa.oaxaca.gob.mx\/wp-content\/uploads\/2021\/03\/LOGO-CASA-01.png<\/span>\n\t\t\t\t <\/span>\n\t\t\t  <\/span><span class='av-structured-data'  itemprop=\"author\" itemscope=\"itemscope\" itemtype=\"https:\/\/schema.org\/Person\" ><span itemprop='name'><\/span><\/span><span class='av-structured-data'  itemprop=\"datePublished\" datetime=\"\" >2026-03-25 12:24:41<\/span><span class='av-structured-data'  itemprop=\"dateModified\" itemtype=\"https:\/\/schema.org\/dateModified\" >2026-03-25 12:24:41<\/span><span class='av-structured-data'  itemprop=\"mainEntityOfPage\" itemtype=\"https:\/\/schema.org\/mainEntityOfPage\" ><span itemprop='name'>Taller presencial. El dise\u00f1o en la Fotograf\u00eda. Imparte: Alejandra Hugues<\/span><\/span><\/span><\/article><\/div><div class='slide-entry-wrap'><article class='slide-entry flex_column  post-entry post-entry-18445 slide-entry-overview slide-loop-37 slide-parity-odd  av_one_third first real-thumbnail'  itemscope=\"itemscope\" itemtype=\"https:\/\/schema.org\/BlogPosting\" itemprop=\"blogPost\" ><a href='https:\/\/casa.oaxaca.gob.mx\/?p=18445' data-rel='slide-1' class='slide-image' title=''><img loading=\"lazy\" decoding=\"async\" width=\"495\" height=\"400\" src=\"https:\/\/casa.oaxaca.gob.mx\/wp-content\/uploads\/2026\/03\/IMG_0002-495x400.jpg\" class=\"attachment-portfolio size-portfolio wp-post-image\" alt=\"\" \/><\/a><div class='slide-content'><header class=\"entry-content-header\"><h3 class='slide-entry-title entry-title'  itemprop=\"headline\" ><a href='https:\/\/casa.oaxaca.gob.mx\/?p=18445' title='Taller presencial. Foto Bordado. Imparte: Alejandra Hugues'>Taller presencial. Foto Bordado. Imparte: Alejandra Hugues<\/a><\/h3><span class=\"av-vertical-delimiter\"><\/span><\/header><\/div><footer class=\"entry-footer\"><\/footer><span class='hidden'>\n\t\t\t<span class='av-structured-data'  itemscope=\"itemscope\" itemtype=\"https:\/\/schema.org\/ImageObject\"  itemprop='image'>\n\t\t\t\t\t   <span itemprop='url' >https:\/\/casa.oaxaca.gob.mx\/wp-content\/uploads\/2026\/03\/IMG_0002.jpg<\/span>\n\t\t\t\t\t   <span itemprop='height' >567<\/span>\n\t\t\t\t\t   <span itemprop='width' >874<\/span>\n\t\t\t\t  <\/span><span class='av-structured-data'  itemprop=\"publisher\" itemtype=\"https:\/\/schema.org\/Organization\" itemscope=\"itemscope\" >\n\t\t\t\t<span itemprop='name'><\/span>\n\t\t\t\t<span itemprop='logo' itemscope itemtype='http:\/\/schema.org\/ImageObject'>\n\t\t\t\t   <span itemprop='url'>https:\/\/casa.oaxaca.gob.mx\/wp-content\/uploads\/2021\/03\/LOGO-CASA-01.png<\/span>\n\t\t\t\t <\/span>\n\t\t\t  <\/span><span class='av-structured-data'  itemprop=\"author\" itemscope=\"itemscope\" itemtype=\"https:\/\/schema.org\/Person\" ><span itemprop='name'><\/span><\/span><span class='av-structured-data'  itemprop=\"datePublished\" datetime=\"\" >2026-03-25 12:10:26<\/span><span class='av-structured-data'  itemprop=\"dateModified\" itemtype=\"https:\/\/schema.org\/dateModified\" >2026-03-25 12:10:26<\/span><span class='av-structured-data'  itemprop=\"mainEntityOfPage\" itemtype=\"https:\/\/schema.org\/mainEntityOfPage\" ><span itemprop='name'>Taller presencial. Foto Bordado. Imparte: Alejandra Hugues<\/span><\/span><\/span><\/article><article class='slide-entry flex_column  post-entry post-entry-18439 slide-entry-overview slide-loop-38 slide-parity-even  av_one_third  real-thumbnail'  itemscope=\"itemscope\" itemtype=\"https:\/\/schema.org\/BlogPosting\" itemprop=\"blogPost\" ><a href='https:\/\/casa.oaxaca.gob.mx\/?p=18439' data-rel='slide-1' class='slide-image' title=''><img loading=\"lazy\" decoding=\"async\" width=\"495\" height=\"400\" src=\"https:\/\/casa.oaxaca.gob.mx\/wp-content\/uploads\/2026\/03\/Libelula_Stacking-1-495x400.jpg\" class=\"attachment-portfolio size-portfolio wp-post-image\" alt=\"\" srcset=\"https:\/\/casa.oaxaca.gob.mx\/wp-content\/uploads\/2026\/03\/Libelula_Stacking-1-495x400.jpg 495w, https:\/\/casa.oaxaca.gob.mx\/wp-content\/uploads\/2026\/03\/Libelula_Stacking-1-845x684.jpg 845w\" sizes=\"auto, (max-width: 495px) 100vw, 495px\" \/><\/a><div class='slide-content'><header class=\"entry-content-header\"><h3 class='slide-entry-title entry-title'  itemprop=\"headline\" ><a href='https:\/\/casa.oaxaca.gob.mx\/?p=18439' title='Taller presencial. Revelado Digital en Lightroom Classic. Imparte: Jes\u00fas R. Ortiz.'>Taller presencial. Revelado Digital en Lightroom Classic. Imparte: Jes\u00fas R. Ortiz.<\/a><\/h3><span class=\"av-vertical-delimiter\"><\/span><\/header><\/div><footer class=\"entry-footer\"><\/footer><span class='hidden'>\n\t\t\t<span class='av-structured-data'  itemscope=\"itemscope\" itemtype=\"https:\/\/schema.org\/ImageObject\"  itemprop='image'>\n\t\t\t\t\t   <span itemprop='url' >https:\/\/casa.oaxaca.gob.mx\/wp-content\/uploads\/2026\/03\/Libelula_Stacking-1-scaled.jpg<\/span>\n\t\t\t\t\t   <span itemprop='height' >1708<\/span>\n\t\t\t\t\t   <span itemprop='width' >2560<\/span>\n\t\t\t\t  <\/span><span class='av-structured-data'  itemprop=\"publisher\" itemtype=\"https:\/\/schema.org\/Organization\" itemscope=\"itemscope\" >\n\t\t\t\t<span itemprop='name'><\/span>\n\t\t\t\t<span itemprop='logo' itemscope itemtype='http:\/\/schema.org\/ImageObject'>\n\t\t\t\t   <span itemprop='url'>https:\/\/casa.oaxaca.gob.mx\/wp-content\/uploads\/2021\/03\/LOGO-CASA-01.png<\/span>\n\t\t\t\t <\/span>\n\t\t\t  <\/span><span class='av-structured-data'  itemprop=\"author\" itemscope=\"itemscope\" itemtype=\"https:\/\/schema.org\/Person\" ><span itemprop='name'><\/span><\/span><span class='av-structured-data'  itemprop=\"datePublished\" datetime=\"\" >2026-03-25 12:00:09<\/span><span class='av-structured-data'  itemprop=\"dateModified\" itemtype=\"https:\/\/schema.org\/dateModified\" >2026-03-25 12:01:51<\/span><span class='av-structured-data'  itemprop=\"mainEntityOfPage\" itemtype=\"https:\/\/schema.org\/mainEntityOfPage\" ><span itemprop='name'>Taller presencial. Revelado Digital en Lightroom Classic. Imparte: Jes\u00fas R. Ortiz.<\/span><\/span><\/span><\/article><article class='slide-entry flex_column  post-entry post-entry-18435 slide-entry-overview slide-loop-39 slide-parity-odd  av_one_third  real-thumbnail'  itemscope=\"itemscope\" itemtype=\"https:\/\/schema.org\/BlogPosting\" itemprop=\"blogPost\" ><a href='https:\/\/casa.oaxaca.gob.mx\/?p=18435' data-rel='slide-1' class='slide-image' title=''><img loading=\"lazy\" decoding=\"async\" width=\"495\" height=\"400\" src=\"https:\/\/casa.oaxaca.gob.mx\/wp-content\/uploads\/2026\/03\/Diablos_Tilcajete-1-495x400.jpg\" class=\"attachment-portfolio size-portfolio wp-post-image\" alt=\"\" srcset=\"https:\/\/casa.oaxaca.gob.mx\/wp-content\/uploads\/2026\/03\/Diablos_Tilcajete-1-495x400.jpg 495w, https:\/\/casa.oaxaca.gob.mx\/wp-content\/uploads\/2026\/03\/Diablos_Tilcajete-1-845x684.jpg 845w\" sizes=\"auto, (max-width: 495px) 100vw, 495px\" \/><\/a><div class='slide-content'><header class=\"entry-content-header\"><h3 class='slide-entry-title entry-title'  itemprop=\"headline\" ><a href='https:\/\/casa.oaxaca.gob.mx\/?p=18435' title='Taller presencial. Introducci\u00f3n a la Fotograf\u00eda Digital. Imparte: Jes\u00fas R. Ortiz.'>Taller presencial. Introducci\u00f3n a la Fotograf\u00eda Digital. Imparte: Jes\u00fas R. Ortiz.<\/a><\/h3><span class=\"av-vertical-delimiter\"><\/span><\/header><\/div><footer class=\"entry-footer\"><\/footer><span class='hidden'>\n\t\t\t<span class='av-structured-data'  itemscope=\"itemscope\" itemtype=\"https:\/\/schema.org\/ImageObject\"  itemprop='image'>\n\t\t\t\t\t   <span itemprop='url' >https:\/\/casa.oaxaca.gob.mx\/wp-content\/uploads\/2026\/03\/Diablos_Tilcajete-1-scaled.jpg<\/span>\n\t\t\t\t\t   <span itemprop='height' >1707<\/span>\n\t\t\t\t\t   <span itemprop='width' >2560<\/span>\n\t\t\t\t  <\/span><span class='av-structured-data'  itemprop=\"publisher\" itemtype=\"https:\/\/schema.org\/Organization\" itemscope=\"itemscope\" >\n\t\t\t\t<span itemprop='name'><\/span>\n\t\t\t\t<span itemprop='logo' itemscope itemtype='http:\/\/schema.org\/ImageObject'>\n\t\t\t\t   <span itemprop='url'>https:\/\/casa.oaxaca.gob.mx\/wp-content\/uploads\/2021\/03\/LOGO-CASA-01.png<\/span>\n\t\t\t\t <\/span>\n\t\t\t  <\/span><span class='av-structured-data'  itemprop=\"author\" itemscope=\"itemscope\" itemtype=\"https:\/\/schema.org\/Person\" ><span itemprop='name'><\/span><\/span><span class='av-structured-data'  itemprop=\"datePublished\" datetime=\"\" >2026-03-25 11:51:12<\/span><span class='av-structured-data'  itemprop=\"dateModified\" itemtype=\"https:\/\/schema.org\/dateModified\" >2026-03-25 11:51:12<\/span><span class='av-structured-data'  itemprop=\"mainEntityOfPage\" itemtype=\"https:\/\/schema.org\/mainEntityOfPage\" ><span itemprop='name'>Taller presencial. Introducci\u00f3n a la Fotograf\u00eda Digital. Imparte: Jes\u00fas R. Ortiz.<\/span><\/span><\/span><\/article><\/div><div class='slide-entry-wrap'><article class='slide-entry flex_column  post-entry post-entry-18431 slide-entry-overview slide-loop-40 slide-parity-odd  av_one_third first real-thumbnail'  itemscope=\"itemscope\" itemtype=\"https:\/\/schema.org\/BlogPosting\" itemprop=\"blogPost\" ><a href='https:\/\/casa.oaxaca.gob.mx\/?p=18431' data-rel='slide-1' class='slide-image' title=''><img loading=\"lazy\" decoding=\"async\" width=\"495\" height=\"400\" src=\"https:\/\/casa.oaxaca.gob.mx\/wp-content\/uploads\/2026\/03\/Mayo_4_ghj-495x400.jpg\" class=\"attachment-portfolio size-portfolio wp-post-image\" alt=\"\" srcset=\"https:\/\/casa.oaxaca.gob.mx\/wp-content\/uploads\/2026\/03\/Mayo_4_ghj-495x400.jpg 495w, https:\/\/casa.oaxaca.gob.mx\/wp-content\/uploads\/2026\/03\/Mayo_4_ghj-845x684.jpg 845w\" sizes=\"auto, (max-width: 495px) 100vw, 495px\" \/><\/a><div class='slide-content'><header class=\"entry-content-header\"><h3 class='slide-entry-title entry-title'  itemprop=\"headline\" ><a href='https:\/\/casa.oaxaca.gob.mx\/?p=18431' title='Taller presencial. Conoce tu c\u00e1mara. Imparte: Santiago Bola\u00f1os.'>Taller presencial. Conoce tu c\u00e1mara. Imparte: Santiago Bola\u00f1os.<\/a><\/h3><span class=\"av-vertical-delimiter\"><\/span><\/header><\/div><footer class=\"entry-footer\"><\/footer><span class='hidden'>\n\t\t\t<span class='av-structured-data'  itemscope=\"itemscope\" itemtype=\"https:\/\/schema.org\/ImageObject\"  itemprop='image'>\n\t\t\t\t\t   <span itemprop='url' >https:\/\/casa.oaxaca.gob.mx\/wp-content\/uploads\/2026\/03\/Mayo_4_ghj-scaled.jpg<\/span>\n\t\t\t\t\t   <span itemprop='height' >1454<\/span>\n\t\t\t\t\t   <span itemprop='width' >2560<\/span>\n\t\t\t\t  <\/span><span class='av-structured-data'  itemprop=\"publisher\" itemtype=\"https:\/\/schema.org\/Organization\" itemscope=\"itemscope\" >\n\t\t\t\t<span itemprop='name'><\/span>\n\t\t\t\t<span itemprop='logo' itemscope itemtype='http:\/\/schema.org\/ImageObject'>\n\t\t\t\t   <span itemprop='url'>https:\/\/casa.oaxaca.gob.mx\/wp-content\/uploads\/2021\/03\/LOGO-CASA-01.png<\/span>\n\t\t\t\t <\/span>\n\t\t\t  <\/span><span class='av-structured-data'  itemprop=\"author\" itemscope=\"itemscope\" itemtype=\"https:\/\/schema.org\/Person\" ><span itemprop='name'><\/span><\/span><span class='av-structured-data'  itemprop=\"datePublished\" datetime=\"\" >2026-03-25 11:28:22<\/span><span class='av-structured-data'  itemprop=\"dateModified\" itemtype=\"https:\/\/schema.org\/dateModified\" >2026-04-26 11:13:34<\/span><span class='av-structured-data'  itemprop=\"mainEntityOfPage\" itemtype=\"https:\/\/schema.org\/mainEntityOfPage\" ><span itemprop='name'>Taller presencial. Conoce tu c\u00e1mara. Imparte: Santiago Bola\u00f1os.<\/span><\/span><\/span><\/article><article class='slide-entry flex_column  post-entry post-entry-18426 slide-entry-overview slide-loop-41 slide-parity-even  av_one_third  real-thumbnail'  itemscope=\"itemscope\" itemtype=\"https:\/\/schema.org\/BlogPosting\" itemprop=\"blogPost\" ><a href='https:\/\/casa.oaxaca.gob.mx\/?p=18426' data-rel='slide-1' class='slide-image' title=''><img loading=\"lazy\" decoding=\"async\" width=\"495\" height=\"400\" src=\"https:\/\/casa.oaxaca.gob.mx\/wp-content\/uploads\/2026\/03\/Introduccion-a-la-fotografia_IG01-495x400.jpg\" class=\"attachment-portfolio size-portfolio wp-post-image\" alt=\"\" srcset=\"https:\/\/casa.oaxaca.gob.mx\/wp-content\/uploads\/2026\/03\/Introduccion-a-la-fotografia_IG01-495x400.jpg 495w, https:\/\/casa.oaxaca.gob.mx\/wp-content\/uploads\/2026\/03\/Introduccion-a-la-fotografia_IG01-845x684.jpg 845w\" sizes=\"auto, (max-width: 495px) 100vw, 495px\" \/><\/a><div class='slide-content'><header class=\"entry-content-header\"><h3 class='slide-entry-title entry-title'  itemprop=\"headline\" ><a href='https:\/\/casa.oaxaca.gob.mx\/?p=18426' title='Taller presencial. Introducci\u00f3n a la fotograf\u00eda. Imparte: Gabriela HJ.'>Taller presencial. Introducci\u00f3n a la fotograf\u00eda. Imparte: Gabriela HJ.<\/a><\/h3><span class=\"av-vertical-delimiter\"><\/span><\/header><\/div><footer class=\"entry-footer\"><\/footer><span class='hidden'>\n\t\t\t<span class='av-structured-data'  itemscope=\"itemscope\" itemtype=\"https:\/\/schema.org\/ImageObject\"  itemprop='image'>\n\t\t\t\t\t   <span itemprop='url' >https:\/\/casa.oaxaca.gob.mx\/wp-content\/uploads\/2026\/03\/Introduccion-a-la-fotografia_IG01-scaled.jpg<\/span>\n\t\t\t\t\t   <span itemprop='height' >2560<\/span>\n\t\t\t\t\t   <span itemprop='width' >2048<\/span>\n\t\t\t\t  <\/span><span class='av-structured-data'  itemprop=\"publisher\" itemtype=\"https:\/\/schema.org\/Organization\" itemscope=\"itemscope\" >\n\t\t\t\t<span itemprop='name'><\/span>\n\t\t\t\t<span itemprop='logo' itemscope itemtype='http:\/\/schema.org\/ImageObject'>\n\t\t\t\t   <span itemprop='url'>https:\/\/casa.oaxaca.gob.mx\/wp-content\/uploads\/2021\/03\/LOGO-CASA-01.png<\/span>\n\t\t\t\t <\/span>\n\t\t\t  <\/span><span class='av-structured-data'  itemprop=\"author\" itemscope=\"itemscope\" itemtype=\"https:\/\/schema.org\/Person\" ><span itemprop='name'><\/span><\/span><span class='av-structured-data'  itemprop=\"datePublished\" datetime=\"\" >2026-03-24 18:49:51<\/span><span class='av-structured-data'  itemprop=\"dateModified\" itemtype=\"https:\/\/schema.org\/dateModified\" >2026-04-01 21:43:42<\/span><span class='av-structured-data'  itemprop=\"mainEntityOfPage\" itemtype=\"https:\/\/schema.org\/mainEntityOfPage\" ><span itemprop='name'>Taller presencial. Introducci\u00f3n a la fotograf\u00eda. Imparte: Gabriela HJ.<\/span><\/span><\/span><\/article><article class='slide-entry flex_column  post-entry post-entry-18421 slide-entry-overview slide-loop-42 slide-parity-odd  av_one_third  real-thumbnail'  itemscope=\"itemscope\" itemtype=\"https:\/\/schema.org\/BlogPosting\" itemprop=\"blogPost\" ><a href='https:\/\/casa.oaxaca.gob.mx\/?p=18421' data-rel='slide-1' class='slide-image' title=''><img loading=\"lazy\" decoding=\"async\" width=\"495\" height=\"400\" src=\"https:\/\/casa.oaxaca.gob.mx\/wp-content\/uploads\/2026\/03\/IG01_juguetes-tradicionales_Tomas-Bernal-495x400.jpg\" class=\"attachment-portfolio size-portfolio wp-post-image\" alt=\"\" srcset=\"https:\/\/casa.oaxaca.gob.mx\/wp-content\/uploads\/2026\/03\/IG01_juguetes-tradicionales_Tomas-Bernal-495x400.jpg 495w, https:\/\/casa.oaxaca.gob.mx\/wp-content\/uploads\/2026\/03\/IG01_juguetes-tradicionales_Tomas-Bernal-845x684.jpg 845w\" sizes=\"auto, (max-width: 495px) 100vw, 495px\" \/><\/a><div class='slide-content'><header class=\"entry-content-header\"><h3 class='slide-entry-title entry-title'  itemprop=\"headline\" ><a href='https:\/\/casa.oaxaca.gob.mx\/?p=18421' title='Taller presencial. Elaboraci\u00f3n de juguetes tradicionales con carrizo. Imparte: Tom\u00e1s Bernal Cruz.'>Taller presencial. Elaboraci\u00f3n de juguetes tradicionales con carrizo. Imparte: Tom\u00e1s Bernal Cruz.<\/a><\/h3><span class=\"av-vertical-delimiter\"><\/span><\/header><\/div><footer class=\"entry-footer\"><\/footer><span class='hidden'>\n\t\t\t<span class='av-structured-data'  itemscope=\"itemscope\" itemtype=\"https:\/\/schema.org\/ImageObject\"  itemprop='image'>\n\t\t\t\t\t   <span itemprop='url' >https:\/\/casa.oaxaca.gob.mx\/wp-content\/uploads\/2026\/03\/IG01_juguetes-tradicionales_Tomas-Bernal-scaled.jpg<\/span>\n\t\t\t\t\t   <span itemprop='height' >2560<\/span>\n\t\t\t\t\t   <span itemprop='width' >2048<\/span>\n\t\t\t\t  <\/span><span class='av-structured-data'  itemprop=\"publisher\" itemtype=\"https:\/\/schema.org\/Organization\" itemscope=\"itemscope\" >\n\t\t\t\t<span itemprop='name'><\/span>\n\t\t\t\t<span itemprop='logo' itemscope itemtype='http:\/\/schema.org\/ImageObject'>\n\t\t\t\t   <span itemprop='url'>https:\/\/casa.oaxaca.gob.mx\/wp-content\/uploads\/2021\/03\/LOGO-CASA-01.png<\/span>\n\t\t\t\t <\/span>\n\t\t\t  <\/span><span class='av-structured-data'  itemprop=\"author\" itemscope=\"itemscope\" itemtype=\"https:\/\/schema.org\/Person\" ><span itemprop='name'><\/span><\/span><span class='av-structured-data'  itemprop=\"datePublished\" datetime=\"\" >2026-03-24 17:30:42<\/span><span class='av-structured-data'  itemprop=\"dateModified\" itemtype=\"https:\/\/schema.org\/dateModified\" >2026-04-15 18:26:44<\/span><span class='av-structured-data'  itemprop=\"mainEntityOfPage\" itemtype=\"https:\/\/schema.org\/mainEntityOfPage\" ><span itemprop='name'>Taller presencial. Elaboraci\u00f3n de juguetes tradicionales con carrizo. Imparte: Tom\u00e1s Bernal Cruz.<\/span><\/span><\/span><\/article><\/div><div class='slide-entry-wrap'><article class='slide-entry flex_column  post-entry post-entry-18415 slide-entry-overview slide-loop-43 slide-parity-odd  av_one_third first real-thumbnail'  itemscope=\"itemscope\" itemtype=\"https:\/\/schema.org\/BlogPosting\" itemprop=\"blogPost\" ><a href='https:\/\/casa.oaxaca.gob.mx\/?p=18415' data-rel='slide-1' class='slide-image' title=''><img loading=\"lazy\" decoding=\"async\" width=\"495\" height=\"400\" src=\"https:\/\/casa.oaxaca.gob.mx\/wp-content\/uploads\/2026\/03\/Copia-de-IMG_8187-495x400.jpg\" class=\"attachment-portfolio size-portfolio wp-post-image\" alt=\"\" srcset=\"https:\/\/casa.oaxaca.gob.mx\/wp-content\/uploads\/2026\/03\/Copia-de-IMG_8187-495x400.jpg 495w, https:\/\/casa.oaxaca.gob.mx\/wp-content\/uploads\/2026\/03\/Copia-de-IMG_8187-845x684.jpg 845w\" sizes=\"auto, (max-width: 495px) 100vw, 495px\" \/><\/a><div class='slide-content'><header class=\"entry-content-header\"><h3 class='slide-entry-title entry-title'  itemprop=\"headline\" ><a href='https:\/\/casa.oaxaca.gob.mx\/?p=18415' title='Taller presencial. Grabado en j\u00edcara. Imparte: Jos\u00e9 Cruz S\u00e1nchez'>Taller presencial. Grabado en j\u00edcara. Imparte: Jos\u00e9 Cruz S\u00e1nchez<\/a><\/h3><span class=\"av-vertical-delimiter\"><\/span><\/header><\/div><footer class=\"entry-footer\"><\/footer><span class='hidden'>\n\t\t\t<span class='av-structured-data'  itemscope=\"itemscope\" itemtype=\"https:\/\/schema.org\/ImageObject\"  itemprop='image'>\n\t\t\t\t\t   <span itemprop='url' >https:\/\/casa.oaxaca.gob.mx\/wp-content\/uploads\/2026\/03\/Copia-de-IMG_8187-scaled.jpg<\/span>\n\t\t\t\t\t   <span itemprop='height' >2560<\/span>\n\t\t\t\t\t   <span itemprop='width' >1920<\/span>\n\t\t\t\t  <\/span><span class='av-structured-data'  itemprop=\"publisher\" itemtype=\"https:\/\/schema.org\/Organization\" itemscope=\"itemscope\" >\n\t\t\t\t<span itemprop='name'><\/span>\n\t\t\t\t<span itemprop='logo' itemscope itemtype='http:\/\/schema.org\/ImageObject'>\n\t\t\t\t   <span itemprop='url'>https:\/\/casa.oaxaca.gob.mx\/wp-content\/uploads\/2021\/03\/LOGO-CASA-01.png<\/span>\n\t\t\t\t <\/span>\n\t\t\t  <\/span><span class='av-structured-data'  itemprop=\"author\" itemscope=\"itemscope\" itemtype=\"https:\/\/schema.org\/Person\" ><span itemprop='name'><\/span><\/span><span class='av-structured-data'  itemprop=\"datePublished\" datetime=\"\" >2026-03-23 17:39:41<\/span><span class='av-structured-data'  itemprop=\"dateModified\" itemtype=\"https:\/\/schema.org\/dateModified\" >2026-04-15 16:02:09<\/span><span class='av-structured-data'  itemprop=\"mainEntityOfPage\" itemtype=\"https:\/\/schema.org\/mainEntityOfPage\" ><span itemprop='name'>Taller presencial. Grabado en j\u00edcara. Imparte: Jos\u00e9 Cruz S\u00e1nchez<\/span><\/span><\/span><\/article><article class='slide-entry flex_column  post-entry post-entry-18411 slide-entry-overview slide-loop-44 slide-parity-even  av_one_third  real-thumbnail'  itemscope=\"itemscope\" itemtype=\"https:\/\/schema.org\/BlogPosting\" itemprop=\"blogPost\" ><a href='https:\/\/casa.oaxaca.gob.mx\/?p=18411' data-rel='slide-1' class='slide-image' title=''><img loading=\"lazy\" decoding=\"async\" width=\"495\" height=\"400\" src=\"https:\/\/casa.oaxaca.gob.mx\/wp-content\/uploads\/2026\/03\/IMG_0192-495x400.jpeg\" class=\"attachment-portfolio size-portfolio wp-post-image\" alt=\"\" srcset=\"https:\/\/casa.oaxaca.gob.mx\/wp-content\/uploads\/2026\/03\/IMG_0192-495x400.jpeg 495w, https:\/\/casa.oaxaca.gob.mx\/wp-content\/uploads\/2026\/03\/IMG_0192-845x684.jpeg 845w\" sizes=\"auto, (max-width: 495px) 100vw, 495px\" \/><\/a><div class='slide-content'><header class=\"entry-content-header\"><h3 class='slide-entry-title entry-title'  itemprop=\"headline\" ><a href='https:\/\/casa.oaxaca.gob.mx\/?p=18411' title='Taller presencial. Grabado en mural. Imparte: Irving Herrera'>Taller presencial. Grabado en mural. Imparte: Irving Herrera<\/a><\/h3><span class=\"av-vertical-delimiter\"><\/span><\/header><\/div><footer class=\"entry-footer\"><\/footer><span class='hidden'>\n\t\t\t<span class='av-structured-data'  itemscope=\"itemscope\" itemtype=\"https:\/\/schema.org\/ImageObject\"  itemprop='image'>\n\t\t\t\t\t   <span itemprop='url' >https:\/\/casa.oaxaca.gob.mx\/wp-content\/uploads\/2026\/03\/IMG_0192.jpeg<\/span>\n\t\t\t\t\t   <span itemprop='height' >1867<\/span>\n\t\t\t\t\t   <span itemprop='width' >1111<\/span>\n\t\t\t\t  <\/span><span class='av-structured-data'  itemprop=\"publisher\" itemtype=\"https:\/\/schema.org\/Organization\" itemscope=\"itemscope\" >\n\t\t\t\t<span itemprop='name'><\/span>\n\t\t\t\t<span itemprop='logo' itemscope itemtype='http:\/\/schema.org\/ImageObject'>\n\t\t\t\t   <span itemprop='url'>https:\/\/casa.oaxaca.gob.mx\/wp-content\/uploads\/2021\/03\/LOGO-CASA-01.png<\/span>\n\t\t\t\t <\/span>\n\t\t\t  <\/span><span class='av-structured-data'  itemprop=\"author\" itemscope=\"itemscope\" itemtype=\"https:\/\/schema.org\/Person\" ><span itemprop='name'><\/span><\/span><span class='av-structured-data'  itemprop=\"datePublished\" datetime=\"\" >2026-03-23 17:30:44<\/span><span class='av-structured-data'  itemprop=\"dateModified\" itemtype=\"https:\/\/schema.org\/dateModified\" >2026-04-17 11:49:40<\/span><span class='av-structured-data'  itemprop=\"mainEntityOfPage\" itemtype=\"https:\/\/schema.org\/mainEntityOfPage\" ><span itemprop='name'>Taller presencial. Grabado en mural. Imparte: Irving Herrera<\/span><\/span><\/span><\/article><article class='slide-entry flex_column  post-entry post-entry-18405 slide-entry-overview slide-loop-45 slide-parity-odd  av_one_third  real-thumbnail'  itemscope=\"itemscope\" itemtype=\"https:\/\/schema.org\/BlogPosting\" itemprop=\"blogPost\" ><a href='https:\/\/casa.oaxaca.gob.mx\/?p=18405' data-rel='slide-1' class='slide-image' title=''><img loading=\"lazy\" decoding=\"async\" width=\"495\" height=\"400\" src=\"https:\/\/casa.oaxaca.gob.mx\/wp-content\/uploads\/2026\/03\/1000421323-495x400.jpg\" class=\"attachment-portfolio size-portfolio wp-post-image\" alt=\"\" srcset=\"https:\/\/casa.oaxaca.gob.mx\/wp-content\/uploads\/2026\/03\/1000421323-495x400.jpg 495w, https:\/\/casa.oaxaca.gob.mx\/wp-content\/uploads\/2026\/03\/1000421323-845x684.jpg 845w\" sizes=\"auto, (max-width: 495px) 100vw, 495px\" \/><\/a><div class='slide-content'><header class=\"entry-content-header\"><h3 class='slide-entry-title entry-title'  itemprop=\"headline\" ><a href='https:\/\/casa.oaxaca.gob.mx\/?p=18405' title='Taller presencial. Fotograf\u00eda An\u00e1loga Ecol\u00f3gica. Imparte: Dito Traspi\u00e9'>Taller presencial. Fotograf\u00eda An\u00e1loga Ecol\u00f3gica. Imparte: Dito Traspi\u00e9<\/a><\/h3><span class=\"av-vertical-delimiter\"><\/span><\/header><\/div><footer class=\"entry-footer\"><\/footer><span class='hidden'>\n\t\t\t<span class='av-structured-data'  itemscope=\"itemscope\" itemtype=\"https:\/\/schema.org\/ImageObject\"  itemprop='image'>\n\t\t\t\t\t   <span itemprop='url' >https:\/\/casa.oaxaca.gob.mx\/wp-content\/uploads\/2026\/03\/1000421323-scaled.jpg<\/span>\n\t\t\t\t\t   <span itemprop='height' >2553<\/span>\n\t\t\t\t\t   <span itemprop='width' >2560<\/span>\n\t\t\t\t  <\/span><span class='av-structured-data'  itemprop=\"publisher\" itemtype=\"https:\/\/schema.org\/Organization\" itemscope=\"itemscope\" >\n\t\t\t\t<span itemprop='name'><\/span>\n\t\t\t\t<span itemprop='logo' itemscope itemtype='http:\/\/schema.org\/ImageObject'>\n\t\t\t\t   <span itemprop='url'>https:\/\/casa.oaxaca.gob.mx\/wp-content\/uploads\/2021\/03\/LOGO-CASA-01.png<\/span>\n\t\t\t\t <\/span>\n\t\t\t  <\/span><span class='av-structured-data'  itemprop=\"author\" itemscope=\"itemscope\" itemtype=\"https:\/\/schema.org\/Person\" ><span itemprop='name'><\/span><\/span><span class='av-structured-data'  itemprop=\"datePublished\" datetime=\"\" >2026-03-23 17:06:50<\/span><span class='av-structured-data'  itemprop=\"dateModified\" itemtype=\"https:\/\/schema.org\/dateModified\" >2026-04-15 16:01:11<\/span><span class='av-structured-data'  itemprop=\"mainEntityOfPage\" itemtype=\"https:\/\/schema.org\/mainEntityOfPage\" ><span itemprop='name'>Taller presencial. Fotograf\u00eda An\u00e1loga Ecol\u00f3gica. Imparte: Dito Traspi\u00e9<\/span><\/span><\/span><\/article><\/div><div class='slide-entry-wrap'><article class='slide-entry flex_column  post-entry post-entry-18399 slide-entry-overview slide-loop-46 slide-parity-odd  av_one_third first real-thumbnail'  itemscope=\"itemscope\" itemtype=\"https:\/\/schema.org\/BlogPosting\" itemprop=\"blogPost\" ><a href='https:\/\/casa.oaxaca.gob.mx\/?p=18399' data-rel='slide-1' class='slide-image' title=''><img loading=\"lazy\" decoding=\"async\" width=\"495\" height=\"400\" src=\"https:\/\/casa.oaxaca.gob.mx\/wp-content\/uploads\/2026\/03\/61e8ea9f-3170-47d1-a769-10c494906afa-495x400.jpg\" class=\"attachment-portfolio size-portfolio wp-post-image\" alt=\"\" srcset=\"https:\/\/casa.oaxaca.gob.mx\/wp-content\/uploads\/2026\/03\/61e8ea9f-3170-47d1-a769-10c494906afa-495x400.jpg 495w, https:\/\/casa.oaxaca.gob.mx\/wp-content\/uploads\/2026\/03\/61e8ea9f-3170-47d1-a769-10c494906afa-845x684.jpg 845w\" sizes=\"auto, (max-width: 495px) 100vw, 495px\" \/><\/a><div class='slide-content'><header class=\"entry-content-header\"><h3 class='slide-entry-title entry-title'  itemprop=\"headline\" ><a href='https:\/\/casa.oaxaca.gob.mx\/?p=18399' title='Taller presencial. Iniciaci\u00f3n al dibujo de observaci\u00f3n con bodegones. Imparte: V\u00edctor Lucero'>Taller presencial. Iniciaci\u00f3n al dibujo de observaci\u00f3n con bodegones. Imparte: V\u00edctor Lucero<\/a><\/h3><span class=\"av-vertical-delimiter\"><\/span><\/header><\/div><footer class=\"entry-footer\"><\/footer><span class='hidden'>\n\t\t\t<span class='av-structured-data'  itemscope=\"itemscope\" itemtype=\"https:\/\/schema.org\/ImageObject\"  itemprop='image'>\n\t\t\t\t\t   <span itemprop='url' >https:\/\/casa.oaxaca.gob.mx\/wp-content\/uploads\/2026\/03\/61e8ea9f-3170-47d1-a769-10c494906afa.jpg<\/span>\n\t\t\t\t\t   <span itemprop='height' >1200<\/span>\n\t\t\t\t\t   <span itemprop='width' >1600<\/span>\n\t\t\t\t  <\/span><span class='av-structured-data'  itemprop=\"publisher\" itemtype=\"https:\/\/schema.org\/Organization\" itemscope=\"itemscope\" >\n\t\t\t\t<span itemprop='name'><\/span>\n\t\t\t\t<span itemprop='logo' itemscope itemtype='http:\/\/schema.org\/ImageObject'>\n\t\t\t\t   <span itemprop='url'>https:\/\/casa.oaxaca.gob.mx\/wp-content\/uploads\/2021\/03\/LOGO-CASA-01.png<\/span>\n\t\t\t\t <\/span>\n\t\t\t  <\/span><span class='av-structured-data'  itemprop=\"author\" itemscope=\"itemscope\" itemtype=\"https:\/\/schema.org\/Person\" ><span itemprop='name'><\/span><\/span><span class='av-structured-data'  itemprop=\"datePublished\" datetime=\"\" >2026-03-23 16:56:22<\/span><span class='av-structured-data'  itemprop=\"dateModified\" itemtype=\"https:\/\/schema.org\/dateModified\" >2026-04-01 21:42:32<\/span><span class='av-structured-data'  itemprop=\"mainEntityOfPage\" itemtype=\"https:\/\/schema.org\/mainEntityOfPage\" ><span itemprop='name'>Taller presencial. Iniciaci\u00f3n al dibujo de observaci\u00f3n con bodegones. Imparte: V\u00edctor Lucero<\/span><\/span><\/span><\/article><article class='slide-entry flex_column  post-entry post-entry-18393 slide-entry-overview slide-loop-47 slide-parity-even  av_one_third  real-thumbnail'  itemscope=\"itemscope\" itemtype=\"https:\/\/schema.org\/BlogPosting\" itemprop=\"blogPost\" ><a href='https:\/\/casa.oaxaca.gob.mx\/?p=18393' data-rel='slide-1' class='slide-image' title=''><img loading=\"lazy\" decoding=\"async\" width=\"495\" height=\"400\" src=\"https:\/\/casa.oaxaca.gob.mx\/wp-content\/uploads\/2026\/03\/patio-495x400.jpg\" class=\"attachment-portfolio size-portfolio wp-post-image\" alt=\"\" srcset=\"https:\/\/casa.oaxaca.gob.mx\/wp-content\/uploads\/2026\/03\/patio-495x400.jpg 495w, https:\/\/casa.oaxaca.gob.mx\/wp-content\/uploads\/2026\/03\/patio-845x684.jpg 845w\" sizes=\"auto, (max-width: 495px) 100vw, 495px\" \/><\/a><div class='slide-content'><header class=\"entry-content-header\"><h3 class='slide-entry-title entry-title'  itemprop=\"headline\" ><a href='https:\/\/casa.oaxaca.gob.mx\/?p=18393' title='Taller presencial. Visiones nocturnas. Manera negra con lija. Imparte: Marco Velasco'>Taller presencial. Visiones nocturnas. Manera negra con lija. Imparte: Marco Velasco<\/a><\/h3><span class=\"av-vertical-delimiter\"><\/span><\/header><\/div><footer class=\"entry-footer\"><\/footer><span class='hidden'>\n\t\t\t<span class='av-structured-data'  itemscope=\"itemscope\" itemtype=\"https:\/\/schema.org\/ImageObject\"  itemprop='image'>\n\t\t\t\t\t   <span itemprop='url' >https:\/\/casa.oaxaca.gob.mx\/wp-content\/uploads\/2026\/03\/patio-scaled.jpg<\/span>\n\t\t\t\t\t   <span itemprop='height' >1998<\/span>\n\t\t\t\t\t   <span itemprop='width' >2560<\/span>\n\t\t\t\t  <\/span><span class='av-structured-data'  itemprop=\"publisher\" itemtype=\"https:\/\/schema.org\/Organization\" itemscope=\"itemscope\" >\n\t\t\t\t<span itemprop='name'><\/span>\n\t\t\t\t<span itemprop='logo' itemscope itemtype='http:\/\/schema.org\/ImageObject'>\n\t\t\t\t   <span itemprop='url'>https:\/\/casa.oaxaca.gob.mx\/wp-content\/uploads\/2021\/03\/LOGO-CASA-01.png<\/span>\n\t\t\t\t <\/span>\n\t\t\t  <\/span><span class='av-structured-data'  itemprop=\"author\" itemscope=\"itemscope\" itemtype=\"https:\/\/schema.org\/Person\" ><span itemprop='name'><\/span><\/span><span class='av-structured-data'  itemprop=\"datePublished\" datetime=\"\" >2026-03-23 15:58:36<\/span><span class='av-structured-data'  itemprop=\"dateModified\" itemtype=\"https:\/\/schema.org\/dateModified\" >2026-04-17 11:56:34<\/span><span class='av-structured-data'  itemprop=\"mainEntityOfPage\" itemtype=\"https:\/\/schema.org\/mainEntityOfPage\" ><span itemprop='name'>Taller presencial. Visiones nocturnas. Manera negra con lija. Imparte: Marco Velasco<\/span><\/span><\/span><\/article><article class='slide-entry flex_column  post-entry post-entry-18389 slide-entry-overview slide-loop-48 slide-parity-odd  av_one_third  real-thumbnail'  itemscope=\"itemscope\" itemtype=\"https:\/\/schema.org\/BlogPosting\" itemprop=\"blogPost\" ><a href='https:\/\/casa.oaxaca.gob.mx\/?p=18389' data-rel='slide-1' class='slide-image' title=''><img loading=\"lazy\" decoding=\"async\" width=\"495\" height=\"400\" src=\"https:\/\/casa.oaxaca.gob.mx\/wp-content\/uploads\/2026\/03\/CASA-SANTIAGO-BOLANI\u0083OS6-495x400.jpg\" class=\"attachment-portfolio size-portfolio wp-post-image\" alt=\"\" srcset=\"https:\/\/casa.oaxaca.gob.mx\/wp-content\/uploads\/2026\/03\/CASA-SANTIAGO-BOLANI\u0083OS6-495x400.jpg 495w, https:\/\/casa.oaxaca.gob.mx\/wp-content\/uploads\/2026\/03\/CASA-SANTIAGO-BOLANI\u0083OS6-845x684.jpg 845w\" sizes=\"auto, (max-width: 495px) 100vw, 495px\" \/><\/a><div class='slide-content'><header class=\"entry-content-header\"><h3 class='slide-entry-title entry-title'  itemprop=\"headline\" ><a href='https:\/\/casa.oaxaca.gob.mx\/?p=18389' title='Taller presencial. Taller de fotograf\u00eda: Encontrar\/te. Imparte: Santiago Bola\u00f1os'>Taller presencial. Taller de fotograf\u00eda: Encontrar\/te. Imparte: Santiago Bola\u00f1os<\/a><\/h3><span class=\"av-vertical-delimiter\"><\/span><\/header><\/div><footer class=\"entry-footer\"><\/footer><span class='hidden'>\n\t\t\t<span class='av-structured-data'  itemscope=\"itemscope\" itemtype=\"https:\/\/schema.org\/ImageObject\"  itemprop='image'>\n\t\t\t\t\t   <span itemprop='url' >https:\/\/casa.oaxaca.gob.mx\/wp-content\/uploads\/2026\/03\/CASA-SANTIAGO-BOLANI\u0083OS6-scaled.jpg<\/span>\n\t\t\t\t\t   <span itemprop='height' >1704<\/span>\n\t\t\t\t\t   <span itemprop='width' >2560<\/span>\n\t\t\t\t  <\/span><span class='av-structured-data'  itemprop=\"publisher\" itemtype=\"https:\/\/schema.org\/Organization\" itemscope=\"itemscope\" >\n\t\t\t\t<span itemprop='name'><\/span>\n\t\t\t\t<span itemprop='logo' itemscope itemtype='http:\/\/schema.org\/ImageObject'>\n\t\t\t\t   <span itemprop='url'>https:\/\/casa.oaxaca.gob.mx\/wp-content\/uploads\/2021\/03\/LOGO-CASA-01.png<\/span>\n\t\t\t\t <\/span>\n\t\t\t  <\/span><span class='av-structured-data'  itemprop=\"author\" itemscope=\"itemscope\" itemtype=\"https:\/\/schema.org\/Person\" ><span itemprop='name'><\/span><\/span><span class='av-structured-data'  itemprop=\"datePublished\" datetime=\"\" >2026-03-23 13:31:39<\/span><span class='av-structured-data'  itemprop=\"dateModified\" itemtype=\"https:\/\/schema.org\/dateModified\" >2026-04-01 21:45:02<\/span><span class='av-structured-data'  itemprop=\"mainEntityOfPage\" itemtype=\"https:\/\/schema.org\/mainEntityOfPage\" ><span itemprop='name'>Taller presencial. Taller de fotograf\u00eda: Encontrar\/te. Imparte: Santiago Bola\u00f1os<\/span><\/span><\/span><\/article><\/div><div class='slide-entry-wrap'><article class='slide-entry flex_column  post-entry post-entry-18302 slide-entry-overview slide-loop-49 slide-parity-odd  av_one_third first real-thumbnail'  itemscope=\"itemscope\" itemtype=\"https:\/\/schema.org\/BlogPosting\" itemprop=\"blogPost\" ><a href='https:\/\/casa.oaxaca.gob.mx\/?p=18302' data-rel='slide-1' class='slide-image' title=''><img loading=\"lazy\" decoding=\"async\" width=\"495\" height=\"400\" src=\"https:\/\/casa.oaxaca.gob.mx\/wp-content\/uploads\/2026\/02\/photo_2026-02-20-12.41.56-495x400.jpeg\" class=\"attachment-portfolio size-portfolio wp-post-image\" alt=\"\" srcset=\"https:\/\/casa.oaxaca.gob.mx\/wp-content\/uploads\/2026\/02\/photo_2026-02-20-12.41.56-495x400.jpeg 495w, https:\/\/casa.oaxaca.gob.mx\/wp-content\/uploads\/2026\/02\/photo_2026-02-20-12.41.56-845x684.jpeg 845w\" sizes=\"auto, (max-width: 495px) 100vw, 495px\" \/><\/a><div class='slide-content'><header class=\"entry-content-header\"><h3 class='slide-entry-title entry-title'  itemprop=\"headline\" ><a href='https:\/\/casa.oaxaca.gob.mx\/?p=18302' title='Premio FAHHO-CaSa Emiliano Cruz'>Premio FAHHO-CaSa Emiliano Cruz<\/a><\/h3><span class=\"av-vertical-delimiter\"><\/span><\/header><\/div><footer class=\"entry-footer\"><\/footer><span class='hidden'>\n\t\t\t<span class='av-structured-data'  itemscope=\"itemscope\" itemtype=\"https:\/\/schema.org\/ImageObject\"  itemprop='image'>\n\t\t\t\t\t   <span itemprop='url' >https:\/\/casa.oaxaca.gob.mx\/wp-content\/uploads\/2026\/02\/photo_2026-02-20-12.41.56.jpeg<\/span>\n\t\t\t\t\t   <span itemprop='height' >1250<\/span>\n\t\t\t\t\t   <span itemprop='width' >1080<\/span>\n\t\t\t\t  <\/span><span class='av-structured-data'  itemprop=\"publisher\" itemtype=\"https:\/\/schema.org\/Organization\" itemscope=\"itemscope\" >\n\t\t\t\t<span itemprop='name'><\/span>\n\t\t\t\t<span itemprop='logo' itemscope itemtype='http:\/\/schema.org\/ImageObject'>\n\t\t\t\t   <span itemprop='url'>https:\/\/casa.oaxaca.gob.mx\/wp-content\/uploads\/2021\/03\/LOGO-CASA-01.png<\/span>\n\t\t\t\t <\/span>\n\t\t\t  <\/span><span class='av-structured-data'  itemprop=\"author\" itemscope=\"itemscope\" itemtype=\"https:\/\/schema.org\/Person\" ><span itemprop='name'><\/span><\/span><span class='av-structured-data'  itemprop=\"datePublished\" datetime=\"\" >2026-02-20 17:42:20<\/span><span class='av-structured-data'  itemprop=\"dateModified\" itemtype=\"https:\/\/schema.org\/dateModified\" >2026-02-23 13:02:22<\/span><span class='av-structured-data'  itemprop=\"mainEntityOfPage\" itemtype=\"https:\/\/schema.org\/mainEntityOfPage\" ><span itemprop='name'>Premio FAHHO-CaSa Emiliano Cruz<\/span><\/span><\/span><\/article><article class='slide-entry flex_column  post-entry post-entry-18300 slide-entry-overview slide-loop-50 slide-parity-even  av_one_third  real-thumbnail'  itemscope=\"itemscope\" itemtype=\"https:\/\/schema.org\/BlogPosting\" itemprop=\"blogPost\" ><a href='https:\/\/casa.oaxaca.gob.mx\/?p=18300' data-rel='slide-1' class='slide-image' title=''><img loading=\"lazy\" decoding=\"async\" width=\"495\" height=\"400\" src=\"https:\/\/casa.oaxaca.gob.mx\/wp-content\/uploads\/2026\/02\/UMBEAYETS-ABIERTA-495x400.jpg\" class=\"attachment-portfolio size-portfolio wp-post-image\" alt=\"\" srcset=\"https:\/\/casa.oaxaca.gob.mx\/wp-content\/uploads\/2026\/02\/UMBEAYETS-ABIERTA-495x400.jpg 495w, https:\/\/casa.oaxaca.gob.mx\/wp-content\/uploads\/2026\/02\/UMBEAYETS-ABIERTA-845x684.jpg 845w\" sizes=\"auto, (max-width: 495px) 100vw, 495px\" \/><\/a><div class='slide-content'><header class=\"entry-content-header\"><h3 class='slide-entry-title entry-title'  itemprop=\"headline\" ><a href='https:\/\/casa.oaxaca.gob.mx\/?p=18300' title='Premios CaSa 2026 - OMBEAYI\u00dcTS'>Premios CaSa 2026 - OMBEAYI\u00dcTS<\/a><\/h3><span class=\"av-vertical-delimiter\"><\/span><\/header><\/div><footer class=\"entry-footer\"><\/footer><span class='hidden'>\n\t\t\t<span class='av-structured-data'  itemscope=\"itemscope\" itemtype=\"https:\/\/schema.org\/ImageObject\"  itemprop='image'>\n\t\t\t\t\t   <span itemprop='url' >https:\/\/casa.oaxaca.gob.mx\/wp-content\/uploads\/2026\/02\/UMBEAYETS-ABIERTA.jpg<\/span>\n\t\t\t\t\t   <span itemprop='height' >1315<\/span>\n\t\t\t\t\t   <span itemprop='width' >1917<\/span>\n\t\t\t\t  <\/span><span class='av-structured-data'  itemprop=\"publisher\" itemtype=\"https:\/\/schema.org\/Organization\" itemscope=\"itemscope\" >\n\t\t\t\t<span itemprop='name'><\/span>\n\t\t\t\t<span itemprop='logo' itemscope itemtype='http:\/\/schema.org\/ImageObject'>\n\t\t\t\t   <span itemprop='url'>https:\/\/casa.oaxaca.gob.mx\/wp-content\/uploads\/2021\/03\/LOGO-CASA-01.png<\/span>\n\t\t\t\t <\/span>\n\t\t\t  <\/span><span class='av-structured-data'  itemprop=\"author\" itemscope=\"itemscope\" itemtype=\"https:\/\/schema.org\/Person\" ><span itemprop='name'><\/span><\/span><span class='av-structured-data'  itemprop=\"datePublished\" datetime=\"\" >2026-02-20 17:40:37<\/span><span class='av-structured-data'  itemprop=\"dateModified\" itemtype=\"https:\/\/schema.org\/dateModified\" >2026-02-23 13:25:50<\/span><span class='av-structured-data'  itemprop=\"mainEntityOfPage\" itemtype=\"https:\/\/schema.org\/mainEntityOfPage\" ><span itemprop='name'>Premios CaSa 2026 - OMBEAYI\u00dcTS<\/span><\/span><\/span><\/article><article class='slide-entry flex_column  post-entry post-entry-18298 slide-entry-overview slide-loop-51 slide-parity-odd  av_one_third  real-thumbnail'  itemscope=\"itemscope\" itemtype=\"https:\/\/schema.org\/BlogPosting\" itemprop=\"blogPost\" ><a href='https:\/\/casa.oaxaca.gob.mx\/?p=18298' data-rel='slide-1' class='slide-image' title=''><img loading=\"lazy\" decoding=\"async\" width=\"495\" height=\"400\" src=\"https:\/\/casa.oaxaca.gob.mx\/wp-content\/uploads\/2026\/02\/TRIQUI-ABIERTA-495x400.jpg\" class=\"attachment-portfolio size-portfolio wp-post-image\" alt=\"\" srcset=\"https:\/\/casa.oaxaca.gob.mx\/wp-content\/uploads\/2026\/02\/TRIQUI-ABIERTA-495x400.jpg 495w, https:\/\/casa.oaxaca.gob.mx\/wp-content\/uploads\/2026\/02\/TRIQUI-ABIERTA-845x684.jpg 845w\" sizes=\"auto, (max-width: 495px) 100vw, 495px\" \/><\/a><div class='slide-content'><header class=\"entry-content-header\"><h3 class='slide-entry-title entry-title'  itemprop=\"headline\" ><a href='https:\/\/casa.oaxaca.gob.mx\/?p=18298' title='Premios CaSa 2026 - TRIQUI'>Premios CaSa 2026 - TRIQUI<\/a><\/h3><span class=\"av-vertical-delimiter\"><\/span><\/header><\/div><footer class=\"entry-footer\"><\/footer><span class='hidden'>\n\t\t\t<span class='av-structured-data'  itemscope=\"itemscope\" itemtype=\"https:\/\/schema.org\/ImageObject\"  itemprop='image'>\n\t\t\t\t\t   <span itemprop='url' >https:\/\/casa.oaxaca.gob.mx\/wp-content\/uploads\/2026\/02\/TRIQUI-ABIERTA.jpg<\/span>\n\t\t\t\t\t   <span itemprop='height' >1315<\/span>\n\t\t\t\t\t   <span itemprop='width' >1917<\/span>\n\t\t\t\t  <\/span><span class='av-structured-data'  itemprop=\"publisher\" itemtype=\"https:\/\/schema.org\/Organization\" itemscope=\"itemscope\" >\n\t\t\t\t<span itemprop='name'><\/span>\n\t\t\t\t<span itemprop='logo' itemscope itemtype='http:\/\/schema.org\/ImageObject'>\n\t\t\t\t   <span itemprop='url'>https:\/\/casa.oaxaca.gob.mx\/wp-content\/uploads\/2021\/03\/LOGO-CASA-01.png<\/span>\n\t\t\t\t <\/span>\n\t\t\t  <\/span><span class='av-structured-data'  itemprop=\"author\" itemscope=\"itemscope\" itemtype=\"https:\/\/schema.org\/Person\" ><span itemprop='name'><\/span><\/span><span class='av-structured-data'  itemprop=\"datePublished\" datetime=\"\" >2026-02-20 17:40:02<\/span><span class='av-structured-data'  itemprop=\"dateModified\" itemtype=\"https:\/\/schema.org\/dateModified\" >2026-02-23 13:26:04<\/span><span class='av-structured-data'  itemprop=\"mainEntityOfPage\" itemtype=\"https:\/\/schema.org\/mainEntityOfPage\" ><span itemprop='name'>Premios CaSa 2026 - TRIQUI<\/span><\/span><\/span><\/article><\/div><div class='slide-entry-wrap'><article class='slide-entry flex_column  post-entry post-entry-18291 slide-entry-overview slide-loop-52 slide-parity-odd  av_one_third first real-thumbnail'  itemscope=\"itemscope\" itemtype=\"https:\/\/schema.org\/BlogPosting\" itemprop=\"blogPost\" ><a href='https:\/\/casa.oaxaca.gob.mx\/?p=18291' data-rel='slide-1' class='slide-image' title=''><img loading=\"lazy\" decoding=\"async\" width=\"495\" height=\"400\" src=\"https:\/\/casa.oaxaca.gob.mx\/wp-content\/uploads\/2026\/02\/CHINANTECO-ABIERTA-495x400.jpg\" class=\"attachment-portfolio size-portfolio wp-post-image\" alt=\"\" srcset=\"https:\/\/casa.oaxaca.gob.mx\/wp-content\/uploads\/2026\/02\/CHINANTECO-ABIERTA-495x400.jpg 495w, https:\/\/casa.oaxaca.gob.mx\/wp-content\/uploads\/2026\/02\/CHINANTECO-ABIERTA-845x684.jpg 845w\" sizes=\"auto, (max-width: 495px) 100vw, 495px\" \/><\/a><div class='slide-content'><header class=\"entry-content-header\"><h3 class='slide-entry-title entry-title'  itemprop=\"headline\" ><a href='https:\/\/casa.oaxaca.gob.mx\/?p=18291' title='Premios CaSa 2026 - CHINANTECO'>Premios CaSa 2026 - CHINANTECO<\/a><\/h3><span class=\"av-vertical-delimiter\"><\/span><\/header><\/div><footer class=\"entry-footer\"><\/footer><span class='hidden'>\n\t\t\t<span class='av-structured-data'  itemscope=\"itemscope\" itemtype=\"https:\/\/schema.org\/ImageObject\"  itemprop='image'>\n\t\t\t\t\t   <span itemprop='url' >https:\/\/casa.oaxaca.gob.mx\/wp-content\/uploads\/2026\/02\/CHINANTECO-ABIERTA.jpg<\/span>\n\t\t\t\t\t   <span itemprop='height' >1315<\/span>\n\t\t\t\t\t   <span itemprop='width' >1917<\/span>\n\t\t\t\t  <\/span><span class='av-structured-data'  itemprop=\"publisher\" itemtype=\"https:\/\/schema.org\/Organization\" itemscope=\"itemscope\" >\n\t\t\t\t<span itemprop='name'><\/span>\n\t\t\t\t<span itemprop='logo' itemscope itemtype='http:\/\/schema.org\/ImageObject'>\n\t\t\t\t   <span itemprop='url'>https:\/\/casa.oaxaca.gob.mx\/wp-content\/uploads\/2021\/03\/LOGO-CASA-01.png<\/span>\n\t\t\t\t <\/span>\n\t\t\t  <\/span><span class='av-structured-data'  itemprop=\"author\" itemscope=\"itemscope\" itemtype=\"https:\/\/schema.org\/Person\" ><span itemprop='name'><\/span><\/span><span class='av-structured-data'  itemprop=\"datePublished\" datetime=\"\" >2026-02-20 17:39:17<\/span><span class='av-structured-data'  itemprop=\"dateModified\" itemtype=\"https:\/\/schema.org\/dateModified\" >2026-02-23 13:25:11<\/span><span class='av-structured-data'  itemprop=\"mainEntityOfPage\" itemtype=\"https:\/\/schema.org\/mainEntityOfPage\" ><span itemprop='name'>Premios CaSa 2026 - CHINANTECO<\/span><\/span><\/span><\/article><article class='slide-entry flex_column  post-entry post-entry-18295 slide-entry-overview slide-loop-53 slide-parity-even  av_one_third  real-thumbnail'  itemscope=\"itemscope\" itemtype=\"https:\/\/schema.org\/BlogPosting\" itemprop=\"blogPost\" ><a href='https:\/\/casa.oaxaca.gob.mx\/?p=18295' data-rel='slide-1' class='slide-image' title=''><img loading=\"lazy\" decoding=\"async\" width=\"495\" height=\"400\" src=\"https:\/\/casa.oaxaca.gob.mx\/wp-content\/uploads\/2026\/02\/CHATINO-ABIERTA-495x400.jpg\" class=\"attachment-portfolio size-portfolio wp-post-image\" alt=\"\" srcset=\"https:\/\/casa.oaxaca.gob.mx\/wp-content\/uploads\/2026\/02\/CHATINO-ABIERTA-495x400.jpg 495w, https:\/\/casa.oaxaca.gob.mx\/wp-content\/uploads\/2026\/02\/CHATINO-ABIERTA-845x684.jpg 845w\" sizes=\"auto, (max-width: 495px) 100vw, 495px\" \/><\/a><div class='slide-content'><header class=\"entry-content-header\"><h3 class='slide-entry-title entry-title'  itemprop=\"headline\" ><a href='https:\/\/casa.oaxaca.gob.mx\/?p=18295' title='Premios CaSa 2026 - CHATINO'>Premios CaSa 2026 - CHATINO<\/a><\/h3><span class=\"av-vertical-delimiter\"><\/span><\/header><\/div><footer class=\"entry-footer\"><\/footer><span class='hidden'>\n\t\t\t<span class='av-structured-data'  itemscope=\"itemscope\" itemtype=\"https:\/\/schema.org\/ImageObject\"  itemprop='image'>\n\t\t\t\t\t   <span itemprop='url' >https:\/\/casa.oaxaca.gob.mx\/wp-content\/uploads\/2026\/02\/CHATINO-ABIERTA.jpg<\/span>\n\t\t\t\t\t   <span itemprop='height' >1315<\/span>\n\t\t\t\t\t   <span itemprop='width' >1917<\/span>\n\t\t\t\t  <\/span><span class='av-structured-data'  itemprop=\"publisher\" itemtype=\"https:\/\/schema.org\/Organization\" itemscope=\"itemscope\" >\n\t\t\t\t<span itemprop='name'><\/span>\n\t\t\t\t<span itemprop='logo' itemscope itemtype='http:\/\/schema.org\/ImageObject'>\n\t\t\t\t   <span itemprop='url'>https:\/\/casa.oaxaca.gob.mx\/wp-content\/uploads\/2021\/03\/LOGO-CASA-01.png<\/span>\n\t\t\t\t <\/span>\n\t\t\t  <\/span><span class='av-structured-data'  itemprop=\"author\" itemscope=\"itemscope\" itemtype=\"https:\/\/schema.org\/Person\" ><span itemprop='name'><\/span><\/span><span class='av-structured-data'  itemprop=\"datePublished\" datetime=\"\" >2026-02-20 17:38:40<\/span><span class='av-structured-data'  itemprop=\"dateModified\" itemtype=\"https:\/\/schema.org\/dateModified\" >2026-02-23 13:26:32<\/span><span class='av-structured-data'  itemprop=\"mainEntityOfPage\" itemtype=\"https:\/\/schema.org\/mainEntityOfPage\" ><span itemprop='name'>Premios CaSa 2026 - CHATINO<\/span><\/span><\/span><\/article><article class='slide-entry flex_column  post-entry post-entry-18289 slide-entry-overview slide-loop-54 slide-parity-odd  av_one_third  real-thumbnail'  itemscope=\"itemscope\" itemtype=\"https:\/\/schema.org\/BlogPosting\" itemprop=\"blogPost\" ><a href='https:\/\/casa.oaxaca.gob.mx\/?p=18289' data-rel='slide-1' class='slide-image' title=''><img loading=\"lazy\" decoding=\"async\" width=\"495\" height=\"400\" src=\"https:\/\/casa.oaxaca.gob.mx\/wp-content\/uploads\/2026\/02\/MAZATECO-ABIERTA-495x400.jpg\" class=\"attachment-portfolio size-portfolio wp-post-image\" alt=\"\" srcset=\"https:\/\/casa.oaxaca.gob.mx\/wp-content\/uploads\/2026\/02\/MAZATECO-ABIERTA-495x400.jpg 495w, https:\/\/casa.oaxaca.gob.mx\/wp-content\/uploads\/2026\/02\/MAZATECO-ABIERTA-845x684.jpg 845w\" sizes=\"auto, (max-width: 495px) 100vw, 495px\" \/><\/a><div class='slide-content'><header class=\"entry-content-header\"><h3 class='slide-entry-title entry-title'  itemprop=\"headline\" ><a href='https:\/\/casa.oaxaca.gob.mx\/?p=18289' title='Premios CaSa 2026 - MAZATECO'>Premios CaSa 2026 - MAZATECO<\/a><\/h3><span class=\"av-vertical-delimiter\"><\/span><\/header><\/div><footer class=\"entry-footer\"><\/footer><span class='hidden'>\n\t\t\t<span class='av-structured-data'  itemscope=\"itemscope\" itemtype=\"https:\/\/schema.org\/ImageObject\"  itemprop='image'>\n\t\t\t\t\t   <span itemprop='url' >https:\/\/casa.oaxaca.gob.mx\/wp-content\/uploads\/2026\/02\/MAZATECO-ABIERTA.jpg<\/span>\n\t\t\t\t\t   <span itemprop='height' >1315<\/span>\n\t\t\t\t\t   <span itemprop='width' >1917<\/span>\n\t\t\t\t  <\/span><span class='av-structured-data'  itemprop=\"publisher\" itemtype=\"https:\/\/schema.org\/Organization\" itemscope=\"itemscope\" >\n\t\t\t\t<span itemprop='name'><\/span>\n\t\t\t\t<span itemprop='logo' itemscope itemtype='http:\/\/schema.org\/ImageObject'>\n\t\t\t\t   <span itemprop='url'>https:\/\/casa.oaxaca.gob.mx\/wp-content\/uploads\/2021\/03\/LOGO-CASA-01.png<\/span>\n\t\t\t\t <\/span>\n\t\t\t  <\/span><span class='av-structured-data'  itemprop=\"author\" itemscope=\"itemscope\" itemtype=\"https:\/\/schema.org\/Person\" ><span itemprop='name'><\/span><\/span><span class='av-structured-data'  itemprop=\"datePublished\" datetime=\"\" >2026-02-20 17:37:36<\/span><span class='av-structured-data'  itemprop=\"dateModified\" itemtype=\"https:\/\/schema.org\/dateModified\" >2026-02-23 13:26:17<\/span><span class='av-structured-data'  itemprop=\"mainEntityOfPage\" itemtype=\"https:\/\/schema.org\/mainEntityOfPage\" ><span itemprop='name'>Premios CaSa 2026 - MAZATECO<\/span><\/span><\/span><\/article><\/div><div class='slide-entry-wrap'><article class='slide-entry flex_column  post-entry post-entry-18284 slide-entry-overview slide-loop-55 slide-parity-odd  av_one_third first real-thumbnail'  itemscope=\"itemscope\" itemtype=\"https:\/\/schema.org\/BlogPosting\" itemprop=\"blogPost\" ><a href='https:\/\/casa.oaxaca.gob.mx\/?p=18284' data-rel='slide-1' class='slide-image' title=''><img loading=\"lazy\" decoding=\"async\" width=\"495\" height=\"400\" src=\"https:\/\/casa.oaxaca.gob.mx\/wp-content\/uploads\/2026\/02\/MIXTECO-ABIERTA-495x400.jpg\" class=\"attachment-portfolio size-portfolio wp-post-image\" alt=\"\" srcset=\"https:\/\/casa.oaxaca.gob.mx\/wp-content\/uploads\/2026\/02\/MIXTECO-ABIERTA-495x400.jpg 495w, https:\/\/casa.oaxaca.gob.mx\/wp-content\/uploads\/2026\/02\/MIXTECO-ABIERTA-845x684.jpg 845w\" sizes=\"auto, (max-width: 495px) 100vw, 495px\" \/><\/a><div class='slide-content'><header class=\"entry-content-header\"><h3 class='slide-entry-title entry-title'  itemprop=\"headline\" ><a href='https:\/\/casa.oaxaca.gob.mx\/?p=18284' title='Premios CaSa 2026 - MIXTECO'>Premios CaSa 2026 - MIXTECO<\/a><\/h3><span class=\"av-vertical-delimiter\"><\/span><\/header><\/div><footer class=\"entry-footer\"><\/footer><span class='hidden'>\n\t\t\t<span class='av-structured-data'  itemscope=\"itemscope\" itemtype=\"https:\/\/schema.org\/ImageObject\"  itemprop='image'>\n\t\t\t\t\t   <span itemprop='url' >https:\/\/casa.oaxaca.gob.mx\/wp-content\/uploads\/2026\/02\/MIXTECO-ABIERTA.jpg<\/span>\n\t\t\t\t\t   <span itemprop='height' >1315<\/span>\n\t\t\t\t\t   <span itemprop='width' >1917<\/span>\n\t\t\t\t  <\/span><span class='av-structured-data'  itemprop=\"publisher\" itemtype=\"https:\/\/schema.org\/Organization\" itemscope=\"itemscope\" >\n\t\t\t\t<span itemprop='name'><\/span>\n\t\t\t\t<span itemprop='logo' itemscope itemtype='http:\/\/schema.org\/ImageObject'>\n\t\t\t\t   <span itemprop='url'>https:\/\/casa.oaxaca.gob.mx\/wp-content\/uploads\/2021\/03\/LOGO-CASA-01.png<\/span>\n\t\t\t\t <\/span>\n\t\t\t  <\/span><span class='av-structured-data'  itemprop=\"author\" itemscope=\"itemscope\" itemtype=\"https:\/\/schema.org\/Person\" ><span itemprop='name'><\/span><\/span><span class='av-structured-data'  itemprop=\"datePublished\" datetime=\"\" >2026-02-20 17:34:33<\/span><span class='av-structured-data'  itemprop=\"dateModified\" itemtype=\"https:\/\/schema.org\/dateModified\" >2026-02-23 13:27:18<\/span><span class='av-structured-data'  itemprop=\"mainEntityOfPage\" itemtype=\"https:\/\/schema.org\/mainEntityOfPage\" ><span itemprop='name'>Premios CaSa 2026 - MIXTECO<\/span><\/span><\/span><\/article><article class='slide-entry flex_column  post-entry post-entry-18286 slide-entry-overview slide-loop-56 slide-parity-even  av_one_third  real-thumbnail'  itemscope=\"itemscope\" itemtype=\"https:\/\/schema.org\/BlogPosting\" itemprop=\"blogPost\" ><a href='https:\/\/casa.oaxaca.gob.mx\/?p=18286' data-rel='slide-1' class='slide-image' title=''><img loading=\"lazy\" decoding=\"async\" width=\"495\" height=\"400\" src=\"https:\/\/casa.oaxaca.gob.mx\/wp-content\/uploads\/2026\/02\/MIXE-ABIERTA-495x400.jpg\" class=\"attachment-portfolio size-portfolio wp-post-image\" alt=\"\" srcset=\"https:\/\/casa.oaxaca.gob.mx\/wp-content\/uploads\/2026\/02\/MIXE-ABIERTA-495x400.jpg 495w, https:\/\/casa.oaxaca.gob.mx\/wp-content\/uploads\/2026\/02\/MIXE-ABIERTA-845x684.jpg 845w\" sizes=\"auto, (max-width: 495px) 100vw, 495px\" \/><\/a><div class='slide-content'><header class=\"entry-content-header\"><h3 class='slide-entry-title entry-title'  itemprop=\"headline\" ><a href='https:\/\/casa.oaxaca.gob.mx\/?p=18286' title='Premios CaSa 2026 - MIXE'>Premios CaSa 2026 - MIXE<\/a><\/h3><span class=\"av-vertical-delimiter\"><\/span><\/header><\/div><footer class=\"entry-footer\"><\/footer><span class='hidden'>\n\t\t\t<span class='av-structured-data'  itemscope=\"itemscope\" itemtype=\"https:\/\/schema.org\/ImageObject\"  itemprop='image'>\n\t\t\t\t\t   <span itemprop='url' >https:\/\/casa.oaxaca.gob.mx\/wp-content\/uploads\/2026\/02\/MIXE-ABIERTA.jpg<\/span>\n\t\t\t\t\t   <span itemprop='height' >1315<\/span>\n\t\t\t\t\t   <span itemprop='width' >1917<\/span>\n\t\t\t\t  <\/span><span class='av-structured-data'  itemprop=\"publisher\" itemtype=\"https:\/\/schema.org\/Organization\" itemscope=\"itemscope\" >\n\t\t\t\t<span itemprop='name'><\/span>\n\t\t\t\t<span itemprop='logo' itemscope itemtype='http:\/\/schema.org\/ImageObject'>\n\t\t\t\t   <span itemprop='url'>https:\/\/casa.oaxaca.gob.mx\/wp-content\/uploads\/2021\/03\/LOGO-CASA-01.png<\/span>\n\t\t\t\t <\/span>\n\t\t\t  <\/span><span class='av-structured-data'  itemprop=\"author\" itemscope=\"itemscope\" itemtype=\"https:\/\/schema.org\/Person\" ><span itemprop='name'><\/span><\/span><span class='av-structured-data'  itemprop=\"datePublished\" datetime=\"\" >2026-02-20 17:33:39<\/span><span class='av-structured-data'  itemprop=\"dateModified\" itemtype=\"https:\/\/schema.org\/dateModified\" >2026-02-23 13:25:33<\/span><span class='av-structured-data'  itemprop=\"mainEntityOfPage\" itemtype=\"https:\/\/schema.org\/mainEntityOfPage\" ><span itemprop='name'>Premios CaSa 2026 - MIXE<\/span><\/span><\/span><\/article><article class='slide-entry flex_column  post-entry post-entry-18282 slide-entry-overview slide-loop-57 slide-parity-odd  av_one_third  real-thumbnail'  itemscope=\"itemscope\" itemtype=\"https:\/\/schema.org\/BlogPosting\" itemprop=\"blogPost\" ><a href='https:\/\/casa.oaxaca.gob.mx\/?p=18282' data-rel='slide-1' class='slide-image' title=''><img loading=\"lazy\" decoding=\"async\" width=\"495\" height=\"400\" src=\"https:\/\/casa.oaxaca.gob.mx\/wp-content\/uploads\/2026\/02\/ZAPOTECO-ABIERTA-495x400.jpg\" class=\"attachment-portfolio size-portfolio wp-post-image\" alt=\"\" srcset=\"https:\/\/casa.oaxaca.gob.mx\/wp-content\/uploads\/2026\/02\/ZAPOTECO-ABIERTA-495x400.jpg 495w, https:\/\/casa.oaxaca.gob.mx\/wp-content\/uploads\/2026\/02\/ZAPOTECO-ABIERTA-845x684.jpg 845w\" sizes=\"auto, (max-width: 495px) 100vw, 495px\" \/><\/a><div class='slide-content'><header class=\"entry-content-header\"><h3 class='slide-entry-title entry-title'  itemprop=\"headline\" ><a href='https:\/\/casa.oaxaca.gob.mx\/?p=18282' title='Premios CaSa 2026 - ZAPOTECO'>Premios CaSa 2026 - ZAPOTECO<\/a><\/h3><span class=\"av-vertical-delimiter\"><\/span><\/header><\/div><footer class=\"entry-footer\"><\/footer><span class='hidden'>\n\t\t\t<span class='av-structured-data'  itemscope=\"itemscope\" itemtype=\"https:\/\/schema.org\/ImageObject\"  itemprop='image'>\n\t\t\t\t\t   <span itemprop='url' >https:\/\/casa.oaxaca.gob.mx\/wp-content\/uploads\/2026\/02\/ZAPOTECO-ABIERTA.jpg<\/span>\n\t\t\t\t\t   <span itemprop='height' >1315<\/span>\n\t\t\t\t\t   <span itemprop='width' >1917<\/span>\n\t\t\t\t  <\/span><span class='av-structured-data'  itemprop=\"publisher\" itemtype=\"https:\/\/schema.org\/Organization\" itemscope=\"itemscope\" >\n\t\t\t\t<span itemprop='name'><\/span>\n\t\t\t\t<span itemprop='logo' itemscope itemtype='http:\/\/schema.org\/ImageObject'>\n\t\t\t\t   <span itemprop='url'>https:\/\/casa.oaxaca.gob.mx\/wp-content\/uploads\/2021\/03\/LOGO-CASA-01.png<\/span>\n\t\t\t\t <\/span>\n\t\t\t  <\/span><span class='av-structured-data'  itemprop=\"author\" itemscope=\"itemscope\" itemtype=\"https:\/\/schema.org\/Person\" ><span itemprop='name'><\/span><\/span><span class='av-structured-data'  itemprop=\"datePublished\" datetime=\"\" >2026-02-20 17:30:33<\/span><span class='av-structured-data'  itemprop=\"dateModified\" itemtype=\"https:\/\/schema.org\/dateModified\" >2026-02-23 13:26:47<\/span><span class='av-structured-data'  itemprop=\"mainEntityOfPage\" itemtype=\"https:\/\/schema.org\/mainEntityOfPage\" ><span itemprop='name'>Premios CaSa 2026 - ZAPOTECO<\/span><\/span><\/span><\/article><\/div><div class='slide-entry-wrap'><article class='slide-entry flex_column  post-entry post-entry-18236 slide-entry-overview slide-loop-58 slide-parity-odd  av_one_third first real-thumbnail'  itemscope=\"itemscope\" itemtype=\"https:\/\/schema.org\/BlogPosting\" itemprop=\"blogPost\" ><a href='https:\/\/casa.oaxaca.gob.mx\/?p=18236' data-rel='slide-1' class='slide-image' title=''><img loading=\"lazy\" decoding=\"async\" width=\"495\" height=\"400\" src=\"https:\/\/casa.oaxaca.gob.mx\/wp-content\/uploads\/2026\/02\/PEI-2026-Convocatoria-Web-abierta-495x400.jpg\" class=\"attachment-portfolio size-portfolio wp-post-image\" alt=\"\" srcset=\"https:\/\/casa.oaxaca.gob.mx\/wp-content\/uploads\/2026\/02\/PEI-2026-Convocatoria-Web-abierta-495x400.jpg 495w, https:\/\/casa.oaxaca.gob.mx\/wp-content\/uploads\/2026\/02\/PEI-2026-Convocatoria-Web-abierta-845x684.jpg 845w\" sizes=\"auto, (max-width: 495px) 100vw, 495px\" \/><\/a><div class='slide-content'><header class=\"entry-content-header\"><h3 class='slide-entry-title entry-title'  itemprop=\"headline\" ><a href='https:\/\/casa.oaxaca.gob.mx\/?p=18236' title='Primera Exposici\u00f3n Individual: T\u00e9cnicas heredadas. Edici\u00f3n joyer\u00eda orfebre.'>Primera Exposici\u00f3n Individual: T\u00e9cnicas heredadas. Edici\u00f3n joyer\u00eda orfebre.<\/a><\/h3><span class=\"av-vertical-delimiter\"><\/span><\/header><\/div><footer class=\"entry-footer\"><\/footer><span class='hidden'>\n\t\t\t<span class='av-structured-data'  itemscope=\"itemscope\" itemtype=\"https:\/\/schema.org\/ImageObject\"  itemprop='image'>\n\t\t\t\t\t   <span itemprop='url' >https:\/\/casa.oaxaca.gob.mx\/wp-content\/uploads\/2026\/02\/PEI-2026-Convocatoria-Web-abierta.jpg<\/span>\n\t\t\t\t\t   <span itemprop='height' >1315<\/span>\n\t\t\t\t\t   <span itemprop='width' >1917<\/span>\n\t\t\t\t  <\/span><span class='av-structured-data'  itemprop=\"publisher\" itemtype=\"https:\/\/schema.org\/Organization\" itemscope=\"itemscope\" >\n\t\t\t\t<span itemprop='name'><\/span>\n\t\t\t\t<span itemprop='logo' itemscope itemtype='http:\/\/schema.org\/ImageObject'>\n\t\t\t\t   <span itemprop='url'>https:\/\/casa.oaxaca.gob.mx\/wp-content\/uploads\/2021\/03\/LOGO-CASA-01.png<\/span>\n\t\t\t\t <\/span>\n\t\t\t  <\/span><span class='av-structured-data'  itemprop=\"author\" itemscope=\"itemscope\" itemtype=\"https:\/\/schema.org\/Person\" ><span itemprop='name'><\/span><\/span><span class='av-structured-data'  itemprop=\"datePublished\" datetime=\"\" >2026-02-02 12:33:33<\/span><span class='av-structured-data'  itemprop=\"dateModified\" itemtype=\"https:\/\/schema.org\/dateModified\" >2026-04-10 15:30:43<\/span><span class='av-structured-data'  itemprop=\"mainEntityOfPage\" itemtype=\"https:\/\/schema.org\/mainEntityOfPage\" ><span itemprop='name'>Primera Exposici\u00f3n Individual: T\u00e9cnicas heredadas. Edici\u00f3n joyer\u00eda orfebre.<\/span><\/span><\/span><\/article><article class='slide-entry flex_column  post-entry post-entry-18219 slide-entry-overview slide-loop-59 slide-parity-even  av_one_third  real-thumbnail'  itemscope=\"itemscope\" itemtype=\"https:\/\/schema.org\/BlogPosting\" itemprop=\"blogPost\" ><a href='https:\/\/casa.oaxaca.gob.mx\/?p=18219' data-rel='slide-1' class='slide-image' title=''><img loading=\"lazy\" decoding=\"async\" width=\"495\" height=\"400\" src=\"https:\/\/casa.oaxaca.gob.mx\/wp-content\/uploads\/2026\/01\/El-textil-y-sus-materiales-en-el-tiempo-cerrada-495x400.jpg\" class=\"attachment-portfolio size-portfolio wp-post-image\" alt=\"\" srcset=\"https:\/\/casa.oaxaca.gob.mx\/wp-content\/uploads\/2026\/01\/El-textil-y-sus-materiales-en-el-tiempo-cerrada-495x400.jpg 495w, https:\/\/casa.oaxaca.gob.mx\/wp-content\/uploads\/2026\/01\/El-textil-y-sus-materiales-en-el-tiempo-cerrada-845x684.jpg 845w\" sizes=\"auto, (max-width: 495px) 100vw, 495px\" \/><\/a><div class='slide-content'><header class=\"entry-content-header\"><h3 class='slide-entry-title entry-title'  itemprop=\"headline\" ><a href='https:\/\/casa.oaxaca.gob.mx\/?p=18219' title='Taller presencial. El textil y sus materiales en el tiempo. Imparte: Luis Renteria'>Taller presencial. El textil y sus materiales en el tiempo. Imparte: Luis Renteria<\/a><\/h3><span class=\"av-vertical-delimiter\"><\/span><\/header><\/div><footer class=\"entry-footer\"><\/footer><span class='hidden'>\n\t\t\t<span class='av-structured-data'  itemscope=\"itemscope\" itemtype=\"https:\/\/schema.org\/ImageObject\"  itemprop='image'>\n\t\t\t\t\t   <span itemprop='url' >https:\/\/casa.oaxaca.gob.mx\/wp-content\/uploads\/2026\/01\/El-textil-y-sus-materiales-en-el-tiempo-cerrada.jpg<\/span>\n\t\t\t\t\t   <span itemprop='height' >1315<\/span>\n\t\t\t\t\t   <span itemprop='width' >1917<\/span>\n\t\t\t\t  <\/span><span class='av-structured-data'  itemprop=\"publisher\" itemtype=\"https:\/\/schema.org\/Organization\" itemscope=\"itemscope\" >\n\t\t\t\t<span itemprop='name'><\/span>\n\t\t\t\t<span itemprop='logo' itemscope itemtype='http:\/\/schema.org\/ImageObject'>\n\t\t\t\t   <span itemprop='url'>https:\/\/casa.oaxaca.gob.mx\/wp-content\/uploads\/2021\/03\/LOGO-CASA-01.png<\/span>\n\t\t\t\t <\/span>\n\t\t\t  <\/span><span class='av-structured-data'  itemprop=\"author\" itemscope=\"itemscope\" itemtype=\"https:\/\/schema.org\/Person\" ><span itemprop='name'><\/span><\/span><span class='av-structured-data'  itemprop=\"datePublished\" datetime=\"\" >2026-01-29 16:14:28<\/span><span class='av-structured-data'  itemprop=\"dateModified\" itemtype=\"https:\/\/schema.org\/dateModified\" >2026-02-19 11:57:47<\/span><span class='av-structured-data'  itemprop=\"mainEntityOfPage\" itemtype=\"https:\/\/schema.org\/mainEntityOfPage\" ><span itemprop='name'>Taller presencial. El textil y sus materiales en el tiempo. Imparte: Luis Renteria<\/span><\/span><\/span><\/article><article class='slide-entry flex_column  post-entry post-entry-18096 slide-entry-overview slide-loop-60 slide-parity-odd  post-entry-last  av_one_third  real-thumbnail'  itemscope=\"itemscope\" itemtype=\"https:\/\/schema.org\/BlogPosting\" itemprop=\"blogPost\" ><a href='https:\/\/casa.oaxaca.gob.mx\/?p=18096' data-rel='slide-1' class='slide-image' title=''><img loading=\"lazy\" decoding=\"async\" width=\"495\" height=\"400\" src=\"https:\/\/casa.oaxaca.gob.mx\/wp-content\/uploads\/2025\/12\/Lab-Edit-Narrativa-Grafica_cerrado-495x400.jpg\" class=\"attachment-portfolio size-portfolio wp-post-image\" alt=\"\" srcset=\"https:\/\/casa.oaxaca.gob.mx\/wp-content\/uploads\/2025\/12\/Lab-Edit-Narrativa-Grafica_cerrado-495x400.jpg 495w, https:\/\/casa.oaxaca.gob.mx\/wp-content\/uploads\/2025\/12\/Lab-Edit-Narrativa-Grafica_cerrado-845x684.jpg 845w\" sizes=\"auto, (max-width: 495px) 100vw, 495px\" \/><\/a><div class='slide-content'><header class=\"entry-content-header\"><h3 class='slide-entry-title entry-title'  itemprop=\"headline\" ><a href='https:\/\/casa.oaxaca.gob.mx\/?p=18096' title='Laboratorio presencial. Laboratorio Editorial de Narrativa Gr\u00e1fica. Coordina: F\u00e9lix Ra\u00fal Serrano Villalobos.'>Laboratorio presencial. Laboratorio Editorial de Narrativa Gr\u00e1fica. Coordina: F\u00e9lix Ra\u00fal Serrano Villalobos.<\/a><\/h3><span class=\"av-vertical-delimiter\"><\/span><\/header><\/div><footer class=\"entry-footer\"><\/footer><span class='hidden'>\n\t\t\t<span class='av-structured-data'  itemscope=\"itemscope\" itemtype=\"https:\/\/schema.org\/ImageObject\"  itemprop='image'>\n\t\t\t\t\t   <span itemprop='url' >https:\/\/casa.oaxaca.gob.mx\/wp-content\/uploads\/2025\/12\/Lab-Edit-Narrativa-Grafica_cerrado.jpg<\/span>\n\t\t\t\t\t   <span itemprop='height' >1315<\/span>\n\t\t\t\t\t   <span itemprop='width' >1917<\/span>\n\t\t\t\t  <\/span><span class='av-structured-data'  itemprop=\"publisher\" itemtype=\"https:\/\/schema.org\/Organization\" itemscope=\"itemscope\" >\n\t\t\t\t<span itemprop='name'><\/span>\n\t\t\t\t<span itemprop='logo' itemscope itemtype='http:\/\/schema.org\/ImageObject'>\n\t\t\t\t   <span itemprop='url'>https:\/\/casa.oaxaca.gob.mx\/wp-content\/uploads\/2021\/03\/LOGO-CASA-01.png<\/span>\n\t\t\t\t <\/span>\n\t\t\t  <\/span><span class='av-structured-data'  itemprop=\"author\" itemscope=\"itemscope\" itemtype=\"https:\/\/schema.org\/Person\" ><span itemprop='name'><\/span><\/span><span class='av-structured-data'  itemprop=\"datePublished\" datetime=\"\" >2025-12-02 12:43:04<\/span><span class='av-structured-data'  itemprop=\"dateModified\" itemtype=\"https:\/\/schema.org\/dateModified\" >2026-02-06 16:57:06<\/span><span class='av-structured-data'  itemprop=\"mainEntityOfPage\" itemtype=\"https:\/\/schema.org\/mainEntityOfPage\" ><span itemprop='name'>Laboratorio presencial. Laboratorio Editorial de Narrativa Gr\u00e1fica. Coordina: F\u00e9lix Ra\u00fal Serrano Villalobos.<\/span><\/span><\/span><\/article><\/div><\/div><\/div><\/div>\n","protected":false},"excerpt":{"rendered":"","protected":false},"author":1,"featured_media":2270,"parent":0,"menu_order":0,"comment_status":"closed","ping_status":"closed","template":"","meta":{"_exactmetrics_skip_tracking":false,"_exactmetrics_sitenote_active":false,"_exactmetrics_sitenote_note":"","_exactmetrics_sitenote_category":0,"footnotes":""},"class_list":["post-1155","page","type-page","status-publish","has-post-thumbnail","hentry"],"_links":{"self":[{"href":"https:\/\/casa.oaxaca.gob.mx\/index.php?rest_route=\/wp\/v2\/pages\/1155","targetHints":{"allow":["GET"]}}],"collection":[{"href":"https:\/\/casa.oaxaca.gob.mx\/index.php?rest_route=\/wp\/v2\/pages"}],"about":[{"href":"https:\/\/casa.oaxaca.gob.mx\/index.php?rest_route=\/wp\/v2\/types\/page"}],"author":[{"embeddable":true,"href":"https:\/\/casa.oaxaca.gob.mx\/index.php?rest_route=\/wp\/v2\/users\/1"}],"replies":[{"embeddable":true,"href":"https:\/\/casa.oaxaca.gob.mx\/index.php?rest_route=%2Fwp%2Fv2%2Fcomments&post=1155"}],"version-history":[{"count":285,"href":"https:\/\/casa.oaxaca.gob.mx\/index.php?rest_route=\/wp\/v2\/pages\/1155\/revisions"}],"predecessor-version":[{"id":18766,"href":"https:\/\/casa.oaxaca.gob.mx\/index.php?rest_route=\/wp\/v2\/pages\/1155\/revisions\/18766"}],"wp:featuredmedia":[{"embeddable":true,"href":"https:\/\/casa.oaxaca.gob.mx\/index.php?rest_route=\/wp\/v2\/media\/2270"}],"wp:attachment":[{"href":"https:\/\/casa.oaxaca.gob.mx\/index.php?rest_route=%2Fwp%2Fv2%2Fmedia&parent=1155"}],"curies":[{"name":"wp","href":"https:\/\/api.w.org\/{rel}","templated":true}]}}