{"id":15241,"date":"2025-01-07T15:57:15","date_gmt":"2025-01-07T21:57:15","guid":{"rendered":"https:\/\/casa.oaxaca.gob.mx\/?page_id=15241"},"modified":"2025-01-07T15:57:15","modified_gmt":"2025-01-07T21:57:15","slug":"dac-citibanamex","status":"publish","type":"page","link":"https:\/\/casa.oaxaca.gob.mx\/?page_id=15241","title":{"rendered":"DAC Citibanamex"},"content":{"rendered":"<\/div><\/div><\/div><!-- close content main div --><\/div><\/div><div id='av_section_1' class='avia-section main_color avia-section-default avia-no-shadow av-parallax-section avia-bg-style-parallax  av-minimum-height av-minimum-height-50 container_wrap fullsize' style = 'background-color: #edca8e; ' data-section-bg-repeat='no-repeat' ><div class='av-parallax' data-avia-parallax-ratio='0.3' ><div class='av-parallax-inner main_color  avia-full-stretch' style = 'background-color: #edca8e; background-repeat: no-repeat; background-image: url(https:\/\/casa.oaxaca.gob.mx\/wp-content\/uploads\/2025\/01\/Captura-de-Pantalla-2025-01-07-a-las-15.56.11.png); background-attachment: scroll; background-position: center center; ' ><\/div><\/div><div class='container' ><div class='template-page content  av-content-full alpha units'><div class='post-entry post-entry-type-page post-entry-15241'><div class='entry-content-wrapper clearfix'>\n<\/div><\/div><\/div><!-- close content main div --><\/div><\/div><div id='av-layout-grid-1' class='av-layout-grid-container entry-content-wrapper main_color av-flex-cells  container_wrap fullsize'   >\n<div class=\"flex_cell no_margin av_one_full   \" style='vertical-align:top; padding:30px; background-color:#ed9600; '><div class='flex_cell_inner' ><div style='padding-bottom:10px;color:#ffffff;font-size:45px;' class='av-special-heading av-special-heading-h3 custom-color-heading blockquote modern-quote modern-centered  av-inherit-size'><h3 class='av-special-heading-tag'  itemprop=\"headline\"  >Programa de Desarrollo de Arte y Cultura Citibanamex<\/h3><div class ='av-subheading av-subheading_below av_custom_color' style='font-size:20px;'><p>Restauraci\u00f3n y adecuaci\u00f3n de los espacios exteriores del Centro de las Artes de San Agust\u00edn<\/p>\n<\/div><div class='special-heading-border'><div class='special-heading-inner-border' style='border-color:#ffffff'><\/div><\/div><\/div>\n<\/div><\/div><\/div><div id='av-masonry-1' class='av-masonry noHover av-fixed-size av-large-gap av-hover-overlay-active av-masonry-col-4 av-caption-always av-caption-style- '  ><div class='av-masonry-container isotope av-js-disabled ' ><div class='av-masonry-entry isotope-item av-masonry-item-no-image all_sort programa-de-desarrollo-de-arte-y-cultura-citibanamex_sort '><\/div><a href=\"https:\/\/casa.oaxaca.gob.mx\/?p=17682\" id='av-masonry-1-item-17682' data-av-masonry-item='17682' class='av-masonry-entry isotope-item post-17682 post type-post status-publish format-standard has-post-thumbnail hentry category-programa-de-desarrollo-de-arte-y-cultura-citibanamex all_sort programa-de-desarrollo-de-arte-y-cultura-citibanamex_sort  av-masonry-item-with-image av-grid-img' title=\"MANTENIMIENTO DE PUERTAS Y VENTANAS\"  itemscope=\"itemscope\" itemtype=\"https:\/\/schema.org\/CreativeWork\" ><div class='av-inner-masonry-sizer'><\/div><figure class='av-inner-masonry main_color'><div class=\"av-masonry-outerimage-container\"><div class=\"av-masonry-image-container\" style=\"background-image: url(https:\/\/casa.oaxaca.gob.mx\/wp-content\/uploads\/2025\/08\/Agosto-banamex_02-705x564.jpg);\"><img decoding=\"async\" src=\"https:\/\/casa.oaxaca.gob.mx\/wp-content\/uploads\/2025\/08\/Agosto-banamex_02-705x564.jpg\" title=\"Agosto banamex_02\" alt=\"\" \/><\/div><\/div><figcaption class='av-inner-masonry-content site-background'><div class='av-inner-masonry-content-pos'><div class='av-inner-masonry-content-pos-content'><div class='avia-arrow'><\/div><h3 class='av-masonry-entry-title entry-title'  itemprop=\"headline\" >MANTENIMIENTO DE PUERTAS Y VENTANAS<\/h3><span class='av-masonry-date meta-color updated'><\/span><span class=\"av-masonry-text-sep text-sep-author\">\/<\/span><span class='av-masonry-author meta-color vcard author'><span class='fn'>by <\/span><\/span><\/div><\/div><\/figcaption><\/figure><\/a><!--end av-masonry entry--><a href=\"https:\/\/casa.oaxaca.gob.mx\/?p=17372\" id='av-masonry-1-item-17372' data-av-masonry-item='17372' class='av-masonry-entry isotope-item post-17372 post type-post status-publish format-standard has-post-thumbnail hentry category-programa-de-desarrollo-de-arte-y-cultura-citibanamex all_sort programa-de-desarrollo-de-arte-y-cultura-citibanamex_sort  av-masonry-item-with-image av-grid-img' title=\"CERA DE ABEJAS Y ARQUITECTURA\"  itemscope=\"itemscope\" itemtype=\"https:\/\/schema.org\/CreativeWork\" ><div class='av-inner-masonry-sizer'><\/div><figure class='av-inner-masonry main_color'><div class=\"av-masonry-outerimage-container\"><div class=\"av-masonry-image-container\" style=\"background-image: url(https:\/\/casa.oaxaca.gob.mx\/wp-content\/uploads\/2025\/08\/Agosto-banamex_02-705x564.jpg);\"><img decoding=\"async\" src=\"https:\/\/casa.oaxaca.gob.mx\/wp-content\/uploads\/2025\/08\/Agosto-banamex_02-705x564.jpg\" title=\"Agosto banamex_02\" alt=\"\" \/><\/div><\/div><figcaption class='av-inner-masonry-content site-background'><div class='av-inner-masonry-content-pos'><div class='av-inner-masonry-content-pos-content'><div class='avia-arrow'><\/div><h3 class='av-masonry-entry-title entry-title'  itemprop=\"headline\" >CERA DE ABEJAS Y ARQUITECTURA<\/h3><span class='av-masonry-date meta-color updated'><\/span><span class=\"av-masonry-text-sep text-sep-author\">\/<\/span><span class='av-masonry-author meta-color vcard author'><span class='fn'>by <\/span><\/span><\/div><\/div><\/figcaption><\/figure><\/a><!--end av-masonry entry--><a href=\"https:\/\/casa.oaxaca.gob.mx\/?p=16681\" id='av-masonry-1-item-16681' data-av-masonry-item='16681' class='av-masonry-entry isotope-item post-16681 post type-post status-publish format-standard has-post-thumbnail hentry category-programa-de-desarrollo-de-arte-y-cultura-citibanamex all_sort programa-de-desarrollo-de-arte-y-cultura-citibanamex_sort  av-masonry-item-with-image av-grid-img' title=\"RESTAURACI\u00d3N DE PUERTAS Y MARCOS DE VENTANAS EN EL CaSa\"  itemscope=\"itemscope\" itemtype=\"https:\/\/schema.org\/CreativeWork\" ><div class='av-inner-masonry-sizer'><\/div><figure class='av-inner-masonry main_color'><div class=\"av-masonry-outerimage-container\"><div class=\"av-masonry-image-container\" style=\"background-image: url(https:\/\/casa.oaxaca.gob.mx\/wp-content\/uploads\/2025\/07\/Julio-Banamex-04-564x705.jpg);\"><img decoding=\"async\" src=\"https:\/\/casa.oaxaca.gob.mx\/wp-content\/uploads\/2025\/07\/Julio-Banamex-04-564x705.jpg\" title=\"Julio-Banamex-04\" alt=\"\" \/><\/div><\/div><figcaption class='av-inner-masonry-content site-background'><div class='av-inner-masonry-content-pos'><div class='av-inner-masonry-content-pos-content'><div class='avia-arrow'><\/div><h3 class='av-masonry-entry-title entry-title'  itemprop=\"headline\" >RESTAURACI\u00d3N DE PUERTAS Y MARCOS DE VENTANAS EN EL CaSa<\/h3><span class='av-masonry-date meta-color updated'><\/span><span class=\"av-masonry-text-sep text-sep-author\">\/<\/span><span class='av-masonry-author meta-color vcard author'><span class='fn'>by <\/span><\/span><\/div><\/div><\/figcaption><\/figure><\/a><!--end av-masonry entry--><a href=\"https:\/\/casa.oaxaca.gob.mx\/?p=16340\" id='av-masonry-1-item-16340' data-av-masonry-item='16340' class='av-masonry-entry isotope-item post-16340 post type-post status-publish format-standard has-post-thumbnail hentry category-programa-de-desarrollo-de-arte-y-cultura-citibanamex all_sort programa-de-desarrollo-de-arte-y-cultura-citibanamex_sort  av-masonry-item-with-image av-grid-img' title=\"MANTENIMIENTO Y RESTAURACI\u00d3N EN LA FACHADA DEL CaSa\"  itemscope=\"itemscope\" itemtype=\"https:\/\/schema.org\/CreativeWork\" ><div class='av-inner-masonry-sizer'><\/div><figure class='av-inner-masonry main_color'><div class=\"av-masonry-outerimage-container\"><div class=\"av-masonry-image-container\" style=\"background-image: url(https:\/\/casa.oaxaca.gob.mx\/wp-content\/uploads\/2025\/06\/JULIO3-banamex-564x705.jpg);\"><img decoding=\"async\" src=\"https:\/\/casa.oaxaca.gob.mx\/wp-content\/uploads\/2025\/06\/JULIO3-banamex-564x705.jpg\" title=\"JULIO3-banamex\" alt=\"\" \/><\/div><\/div><figcaption class='av-inner-masonry-content site-background'><div class='av-inner-masonry-content-pos'><div class='av-inner-masonry-content-pos-content'><div class='avia-arrow'><\/div><h3 class='av-masonry-entry-title entry-title'  itemprop=\"headline\" >MANTENIMIENTO Y RESTAURACI\u00d3N EN LA FACHADA DEL CaSa<\/h3><span class='av-masonry-date meta-color updated'><\/span><span class=\"av-masonry-text-sep text-sep-author\">\/<\/span><span class='av-masonry-author meta-color vcard author'><span class='fn'>by <\/span><\/span><\/div><\/div><\/figcaption><\/figure><\/a><!--end av-masonry entry--><a href=\"https:\/\/casa.oaxaca.gob.mx\/?p=15912\" id='av-masonry-1-item-15912' data-av-masonry-item='15912' class='av-masonry-entry isotope-item post-15912 post type-post status-publish format-standard has-post-thumbnail hentry category-programa-de-desarrollo-de-arte-y-cultura-citibanamex all_sort programa-de-desarrollo-de-arte-y-cultura-citibanamex_sort  av-masonry-item-with-image av-grid-img' title=\"APLANADO DE LAS PAREDES EN LA FACHADA DEL CASA\"  itemscope=\"itemscope\" itemtype=\"https:\/\/schema.org\/CreativeWork\" ><div class='av-inner-masonry-sizer'><\/div><figure class='av-inner-masonry main_color'><div class=\"av-masonry-outerimage-container\"><div class=\"av-masonry-image-container\" style=\"background-image: url(https:\/\/casa.oaxaca.gob.mx\/wp-content\/uploads\/2025\/05\/BANAMEXMAYO2-564x705.jpg);\"><img decoding=\"async\" src=\"https:\/\/casa.oaxaca.gob.mx\/wp-content\/uploads\/2025\/05\/BANAMEXMAYO2-564x705.jpg\" title=\"BANAMEXMAYO2\" alt=\"\" \/><\/div><\/div><figcaption class='av-inner-masonry-content site-background'><div class='av-inner-masonry-content-pos'><div class='av-inner-masonry-content-pos-content'><div class='avia-arrow'><\/div><h3 class='av-masonry-entry-title entry-title'  itemprop=\"headline\" >APLANADO DE LAS PAREDES EN LA FACHADA DEL CASA<\/h3><span class='av-masonry-date meta-color updated'><\/span><span class=\"av-masonry-text-sep text-sep-author\">\/<\/span><span class='av-masonry-author meta-color vcard author'><span class='fn'>by <\/span><\/span><\/div><\/div><\/figcaption><\/figure><\/a><!--end av-masonry entry--><a href=\"https:\/\/casa.oaxaca.gob.mx\/?p=15624\" id='av-masonry-1-item-15624' data-av-masonry-item='15624' class='av-masonry-entry isotope-item post-15624 post type-post status-publish format-standard has-post-thumbnail hentry category-programa-de-desarrollo-de-arte-y-cultura-citibanamex all_sort programa-de-desarrollo-de-arte-y-cultura-citibanamex_sort  av-masonry-item-with-image av-grid-img' title=\"APLANADO DE LAS PAREDES EN LA FACHADA DEL CASA\"  itemscope=\"itemscope\" itemtype=\"https:\/\/schema.org\/CreativeWork\" ><div class='av-inner-masonry-sizer'><\/div><figure class='av-inner-masonry main_color'><div class=\"av-masonry-outerimage-container\"><div class=\"av-masonry-image-container\" style=\"background-image: url(https:\/\/casa.oaxaca.gob.mx\/wp-content\/uploads\/2025\/04\/BANAMEX4-564x705.jpg);\"><img decoding=\"async\" src=\"https:\/\/casa.oaxaca.gob.mx\/wp-content\/uploads\/2025\/04\/BANAMEX4-564x705.jpg\" title=\"BANAMEX4\" alt=\"\" \/><\/div><\/div><figcaption class='av-inner-masonry-content site-background'><div class='av-inner-masonry-content-pos'><div class='av-inner-masonry-content-pos-content'><div class='avia-arrow'><\/div><h3 class='av-masonry-entry-title entry-title'  itemprop=\"headline\" >APLANADO DE LAS PAREDES EN LA FACHADA DEL CASA<\/h3><span class='av-masonry-date meta-color updated'><\/span><span class=\"av-masonry-text-sep text-sep-author\">\/<\/span><span class='av-masonry-author meta-color vcard author'><span class='fn'>by <\/span><\/span><\/div><\/div><\/figcaption><\/figure><\/a><!--end av-masonry entry--><a href=\"https:\/\/casa.oaxaca.gob.mx\/?p=15542\" id='av-masonry-1-item-15542' data-av-masonry-item='15542' class='av-masonry-entry isotope-item post-15542 post type-post status-publish format-standard has-post-thumbnail hentry category-programa-de-desarrollo-de-arte-y-cultura-citibanamex all_sort programa-de-desarrollo-de-arte-y-cultura-citibanamex_sort  av-masonry-item-with-image av-grid-img' title=\"PINTURA EXTERIOR DEL CENTRO DE LAS ARTES DE SAN AGUST\u00cdN\"  itemscope=\"itemscope\" itemtype=\"https:\/\/schema.org\/CreativeWork\" ><div class='av-inner-masonry-sizer'><\/div><figure class='av-inner-masonry main_color'><div class=\"av-masonry-outerimage-container\"><div class=\"av-masonry-image-container\" style=\"background-image: url(https:\/\/casa.oaxaca.gob.mx\/wp-content\/uploads\/2025\/03\/BANAMEX4-564x705.jpg);\"><img decoding=\"async\" src=\"https:\/\/casa.oaxaca.gob.mx\/wp-content\/uploads\/2025\/03\/BANAMEX4-564x705.jpg\" title=\"BANAMEX4\" alt=\"\" \/><\/div><\/div><figcaption class='av-inner-masonry-content site-background'><div class='av-inner-masonry-content-pos'><div class='av-inner-masonry-content-pos-content'><div class='avia-arrow'><\/div><h3 class='av-masonry-entry-title entry-title'  itemprop=\"headline\" >PINTURA EXTERIOR DEL CENTRO DE LAS ARTES DE SAN AGUST\u00cdN<\/h3><span class='av-masonry-date meta-color updated'><\/span><span class=\"av-masonry-text-sep text-sep-author\">\/<\/span><span class='av-masonry-author meta-color vcard author'><span class='fn'>by <\/span><\/span><\/div><\/div><\/figcaption><\/figure><\/a><!--end av-masonry entry--><a href=\"https:\/\/casa.oaxaca.gob.mx\/?p=15479\" id='av-masonry-1-item-15479' data-av-masonry-item='15479' class='av-masonry-entry isotope-item post-15479 post type-post status-publish format-standard has-post-thumbnail hentry category-programa-de-desarrollo-de-arte-y-cultura-citibanamex all_sort programa-de-desarrollo-de-arte-y-cultura-citibanamex_sort  av-masonry-item-with-image av-grid-img' title=\"MANTENIMIENTO A LA PINTURA EXTERIOR DEL CENTRO DE LAS ARTES DE SAN AGUST\u00cdN\"  itemscope=\"itemscope\" itemtype=\"https:\/\/schema.org\/CreativeWork\" ><div class='av-inner-masonry-sizer'><\/div><figure class='av-inner-masonry main_color'><div class=\"av-masonry-outerimage-container\"><div class=\"av-masonry-image-container\" style=\"background-image: url(https:\/\/casa.oaxaca.gob.mx\/wp-content\/uploads\/2025\/02\/Pintura1.1-564x705.jpg);\"><img decoding=\"async\" src=\"https:\/\/casa.oaxaca.gob.mx\/wp-content\/uploads\/2025\/02\/Pintura1.1-564x705.jpg\" title=\"Pintura1.1\" alt=\"\" \/><\/div><\/div><figcaption class='av-inner-masonry-content site-background'><div class='av-inner-masonry-content-pos'><div class='av-inner-masonry-content-pos-content'><div class='avia-arrow'><\/div><h3 class='av-masonry-entry-title entry-title'  itemprop=\"headline\" >MANTENIMIENTO A LA PINTURA EXTERIOR DEL CENTRO DE LAS ARTES DE SAN AGUST\u00cdN<\/h3><span class='av-masonry-date meta-color updated'><\/span><span class=\"av-masonry-text-sep text-sep-author\">\/<\/span><span class='av-masonry-author meta-color vcard author'><span class='fn'>by <\/span><\/span><\/div><\/div><\/figcaption><\/figure><\/a><!--end av-masonry entry--><a href=\"https:\/\/casa.oaxaca.gob.mx\/?p=15377\" id='av-masonry-1-item-15377' data-av-masonry-item='15377' class='av-masonry-entry isotope-item post-15377 post type-post status-publish format-standard has-post-thumbnail hentry category-programa-de-desarrollo-de-arte-y-cultura-citibanamex all_sort programa-de-desarrollo-de-arte-y-cultura-citibanamex_sort  av-masonry-item-with-image av-grid-img' title=\"RESTAURACI\u00d3N DE LAS PUERTAS DE MADERA Y CERRADURAS DEL CENTRO DE LAS ARTES DE SAN AGUST\u00cdN\"  itemscope=\"itemscope\" itemtype=\"https:\/\/schema.org\/CreativeWork\" ><div class='av-inner-masonry-sizer'><\/div><figure class='av-inner-masonry main_color'><div class=\"av-masonry-outerimage-container\"><div class=\"av-masonry-image-container\" style=\"background-image: url(https:\/\/casa.oaxaca.gob.mx\/wp-content\/uploads\/2025\/01\/Banamex-Enero3-705x529.jpg);\"><img decoding=\"async\" src=\"https:\/\/casa.oaxaca.gob.mx\/wp-content\/uploads\/2025\/01\/Banamex-Enero3-705x529.jpg\" title=\"Banamex Enero3\" alt=\"\" \/><\/div><\/div><figcaption class='av-inner-masonry-content site-background'><div class='av-inner-masonry-content-pos'><div class='av-inner-masonry-content-pos-content'><div class='avia-arrow'><\/div><h3 class='av-masonry-entry-title entry-title'  itemprop=\"headline\" >RESTAURACI\u00d3N DE LAS PUERTAS DE MADERA Y CERRADURAS DEL CENTRO DE LAS ARTES DE SAN AGUST\u00cdN<\/h3><span class='av-masonry-date meta-color updated'><\/span><span class=\"av-masonry-text-sep text-sep-author\">\/<\/span><span class='av-masonry-author meta-color vcard author'><span class='fn'>by <\/span><\/span><\/div><\/div><\/figcaption><\/figure><\/a><!--end av-masonry entry--><a href=\"https:\/\/casa.oaxaca.gob.mx\/?p=14763\" id='av-masonry-1-item-14763' data-av-masonry-item='14763' class='av-masonry-entry isotope-item post-14763 post type-post status-publish format-standard has-post-thumbnail hentry category-programa-de-desarrollo-de-arte-y-cultura-citibanamex all_sort programa-de-desarrollo-de-arte-y-cultura-citibanamex_sort  av-masonry-item-with-image av-grid-img' title=\"Programa de Desarrollo de Arte y Cultura Citibanamex\"  itemscope=\"itemscope\" itemtype=\"https:\/\/schema.org\/CreativeWork\" ><div class='av-inner-masonry-sizer'><\/div><figure class='av-inner-masonry main_color'><div class=\"av-masonry-outerimage-container\"><div class=\"av-masonry-image-container\" style=\"background-image: url(https:\/\/casa.oaxaca.gob.mx\/wp-content\/uploads\/2024\/10\/Captura-de-Pantalla-2024-10-16-a-las-17.29.19.png);\"><img decoding=\"async\" src=\"https:\/\/casa.oaxaca.gob.mx\/wp-content\/uploads\/2024\/10\/Captura-de-Pantalla-2024-10-16-a-las-17.29.19.png\" title=\"Captura de Pantalla 2024-10-16 a la(s) 17.29.19\" alt=\"\" \/><\/div><\/div><figcaption class='av-inner-masonry-content site-background'><div class='av-inner-masonry-content-pos'><div class='av-inner-masonry-content-pos-content'><div class='avia-arrow'><\/div><h3 class='av-masonry-entry-title entry-title'  itemprop=\"headline\" >Programa de Desarrollo de Arte y Cultura Citibanamex<\/h3><span class='av-masonry-date meta-color updated'><\/span><span class=\"av-masonry-text-sep text-sep-author\">\/<\/span><span class='av-masonry-author meta-color vcard author'><span class='fn'>by <\/span><\/span><\/div><\/div><\/figcaption><\/figure><\/a><!--end av-masonry entry--><a href=\"https:\/\/casa.oaxaca.gob.mx\/?p=15231\" id='av-masonry-1-item-15231' data-av-masonry-item='15231' class='av-masonry-entry isotope-item post-15231 post type-post status-publish format-standard has-post-thumbnail hentry category-programa-de-desarrollo-de-arte-y-cultura-citibanamex all_sort programa-de-desarrollo-de-arte-y-cultura-citibanamex_sort  av-masonry-item-with-image av-grid-img' title=\"RESTAURACI\u00d3N Y ADECUACI\u00d3N DE LOS ESPACIOS EXTERIORES DEL CENTRO DE LAS ARTES DE SAN AGUST\u00cdN\"  itemscope=\"itemscope\" itemtype=\"https:\/\/schema.org\/CreativeWork\" ><div class='av-inner-masonry-sizer'><\/div><figure class='av-inner-masonry main_color'><div class=\"av-masonry-outerimage-container\"><div class=\"av-masonry-image-container\" style=\"background-image: url(https:\/\/casa.oaxaca.gob.mx\/wp-content\/uploads\/2024\/12\/citibanamex-dic-564x705.jpg);\"><img decoding=\"async\" src=\"https:\/\/casa.oaxaca.gob.mx\/wp-content\/uploads\/2024\/12\/citibanamex-dic-564x705.jpg\" title=\"citibanamex-dic\" alt=\"\" \/><\/div><\/div><figcaption class='av-inner-masonry-content site-background'><div class='av-inner-masonry-content-pos'><div class='av-inner-masonry-content-pos-content'><div class='avia-arrow'><\/div><h3 class='av-masonry-entry-title entry-title'  itemprop=\"headline\" >RESTAURACI\u00d3N Y ADECUACI\u00d3N DE LOS ESPACIOS EXTERIORES DEL CENTRO DE LAS ARTES DE SAN AGUST\u00cdN<\/h3><span class='av-masonry-date meta-color updated'><\/span><span class=\"av-masonry-text-sep text-sep-author\">\/<\/span><span class='av-masonry-author meta-color vcard author'><span class='fn'>by <\/span><\/span><\/div><\/div><\/figcaption><\/figure><\/a><!--end av-masonry entry--><\/div><div class='av-masonry-pagination av-masonry-pagination-pagination'><nav class='pagination'><span class='pagination-meta'>Page 1 of 0<\/span><\/nav>\n<\/div><\/div><\/p>\n","protected":false},"excerpt":{"rendered":"","protected":false},"author":1,"featured_media":0,"parent":0,"menu_order":0,"comment_status":"closed","ping_status":"closed","template":"","meta":{"_exactmetrics_skip_tracking":false,"_exactmetrics_sitenote_active":false,"_exactmetrics_sitenote_note":"","_exactmetrics_sitenote_category":0,"footnotes":""},"class_list":["post-15241","page","type-page","status-publish","hentry"],"_links":{"self":[{"href":"https:\/\/casa.oaxaca.gob.mx\/index.php?rest_route=\/wp\/v2\/pages\/15241","targetHints":{"allow":["GET"]}}],"collection":[{"href":"https:\/\/casa.oaxaca.gob.mx\/index.php?rest_route=\/wp\/v2\/pages"}],"about":[{"href":"https:\/\/casa.oaxaca.gob.mx\/index.php?rest_route=\/wp\/v2\/types\/page"}],"author":[{"embeddable":true,"href":"https:\/\/casa.oaxaca.gob.mx\/index.php?rest_route=\/wp\/v2\/users\/1"}],"replies":[{"embeddable":true,"href":"https:\/\/casa.oaxaca.gob.mx\/index.php?rest_route=%2Fwp%2Fv2%2Fcomments&post=15241"}],"version-history":[{"count":2,"href":"https:\/\/casa.oaxaca.gob.mx\/index.php?rest_route=\/wp\/v2\/pages\/15241\/revisions"}],"predecessor-version":[{"id":15245,"href":"https:\/\/casa.oaxaca.gob.mx\/index.php?rest_route=\/wp\/v2\/pages\/15241\/revisions\/15245"}],"wp:attachment":[{"href":"https:\/\/casa.oaxaca.gob.mx\/index.php?rest_route=%2Fwp%2Fv2%2Fmedia&parent=15241"}],"curies":[{"name":"wp","href":"https:\/\/api.w.org\/{rel}","templated":true}]}}