{"id":16393,"date":"2025-07-07T15:43:15","date_gmt":"2025-07-07T21:43:15","guid":{"rendered":"https:\/\/casa.oaxaca.gob.mx\/?page_id=16393"},"modified":"2025-07-07T15:43:15","modified_gmt":"2025-07-07T21:43:15","slug":"talleres-de-verano-para-infancias","status":"publish","type":"page","link":"https:\/\/casa.oaxaca.gob.mx\/?page_id=16393","title":{"rendered":"Talleres de verano para infancias"},"content":{"rendered":"<\/div><\/div><\/div><!-- close content main div --><\/div><\/div><div id='av_section_1' class='avia-section main_color avia-section-default avia-no-shadow av-parallax-section avia-bg-style-parallax  av-minimum-height av-minimum-height-50 container_wrap fullsize'  data-section-bg-repeat='no-repeat' ><div class='av-parallax' data-avia-parallax-ratio='0.3' ><div class='av-parallax-inner main_color  avia-full-stretch' style = 'background-repeat: no-repeat; background-image: url(https:\/\/casa.oaxaca.gob.mx\/wp-content\/uploads\/2025\/06\/Gabriela-HJ-1.jpg); background-attachment: scroll; background-position: center center; ' ><\/div><\/div><div class='container' ><div class='template-page content  av-content-full alpha units'><div class='post-entry post-entry-type-page post-entry-16393'><div class='entry-content-wrapper clearfix'>\n<\/div><\/div><\/div><!-- close content main div --><\/div><\/div><div id='av-layout-grid-1' class='av-layout-grid-container entry-content-wrapper main_color av-flex-cells  container_wrap fullsize'   >\n<div class=\"flex_cell no_margin av_one_full   \" style='vertical-align:top; padding:30px; background-color:#ed9600; '><div class='flex_cell_inner' ><div style='padding-bottom:10px;color:#ffffff;font-size:45px;' class='av-special-heading av-special-heading-h3 custom-color-heading blockquote modern-quote modern-centered  av-inherit-size'><h3 class='av-special-heading-tag'  itemprop=\"headline\"  >TALLERES DE VERANO PARA INFANCIAS<\/h3><div class ='av-subheading av-subheading_below av_custom_color' style='font-size:20px;'><p>Del 14 al 25 de julio de 2025<\/p>\n<\/div><div class='special-heading-border'><div class='special-heading-inner-border' style='border-color:#ffffff'><\/div><\/div><\/div>\n<\/div><\/div><\/div><div id='av-masonry-1' class='av-masonry noHover av-fixed-size av-large-gap av-hover-overlay-active av-masonry-col-4 av-caption-always av-caption-style- '  ><div class='av-masonry-sort main_color av-sort-yes-tax' data-masonry-id='1' ><div class='av-current-sort-title'><span class=\"inner_sort_button\"><span>All<\/span><small class=\"avia-term-count\"> 933 <\/small><\/span><\/div><div class='av-sort-by-term  ' data-av-allowed-sort='[\"2017_sort\",\"2024_sort\",\"2025_sort\",\"2026_sort\",\"afelpado_sort\",\"artes-escenicas_sort\",\"artes-visuales_sort\",\"bordado_sort\",\"colaboraciones_sort\",\"convocatorias_sort\",\"convocatorias-pasadas_sort\",\"curaduria_sort\",\"danza_sort\",\"dibujo_sort\",\"diseno_sort\",\"diseno-editorial_sort\",\"dramaturgia_sort\",\"escritura_sort\",\"eventos-cerrados-2018_sort\",\"eventos-cerrados-2019_sort\",\"eventos-cerrados-2020_sort\",\"eventos-cerrados-2021_sort\",\"exposiciones_sort\",\"esposiciones-pasadas_sort\",\"fieltro_sort\",\"fotografia_sort\",\"grabado_sort\",\"herbolaria_sort\",\"iie-unam_sort\",\"ilustracion_sort\",\"investigacion_sort\",\"lenguas-originarias_sort\",\"materiales-didacticos_sort\",\"multimedia_sort\",\"musica_sort\",\"news_sort\",\"personal_sort\",\"pintura_sort\",\"premios-casa-2019_sort\",\"premios-casa-2025_sort\",\"premios-casa-2026_sort\",\"produccion-artistica_sort\",\"programa-de-desarrollo-de-arte-y-cultura-citibanamex_sort\",\"sesiones-fotograficas_sort\",\"sin-categoria_sort\",\"talleres_sort\",\"tecnicas-tradicionales_sort\",\"textil_sort\",\"uncategorized_sort\"]' ><a href=\"#\" data-filter=\"all_sort\" class=\"all_sort_button active_sort\"><span class=\"inner_sort_button\"><span>All<\/span><small class=\"avia-term-count\"> 933 <\/small><\/span><\/a><span class='text-sep 2017_sort_sep avia_show_sort'>\/<\/span><a href=\"#\" data-filter=\"2017_sort\" class=\"2017_sort_button avia_show_sort\" ><span class=\"inner_sort_button\"><span>2017<\/span><small class='avia-term-count'> 14 <\/small><\/span><\/a><span class='text-sep 2024_sort_sep avia_show_sort'>\/<\/span><a href=\"#\" data-filter=\"2024_sort\" class=\"2024_sort_button avia_show_sort\" ><span class=\"inner_sort_button\"><span>2024<\/span><small class='avia-term-count'> 117 <\/small><\/span><\/a><span class='text-sep 2025_sort_sep avia_show_sort'>\/<\/span><a href=\"#\" data-filter=\"2025_sort\" class=\"2025_sort_button avia_show_sort\" ><span class=\"inner_sort_button\"><span>2025<\/span><small class='avia-term-count'> 154 <\/small><\/span><\/a><span class='text-sep 2026_sort_sep avia_show_sort'>\/<\/span><a href=\"#\" data-filter=\"2026_sort\" class=\"2026_sort_button avia_show_sort\" ><span class=\"inner_sort_button\"><span>2026<\/span><small class='avia-term-count'> 59 <\/small><\/span><\/a><span class='text-sep afelpado_sort_sep avia_show_sort'>\/<\/span><a href=\"#\" data-filter=\"afelpado_sort\" class=\"afelpado_sort_button avia_show_sort\" ><span class=\"inner_sort_button\"><span>Afelpado<\/span><small class='avia-term-count'> 1 <\/small><\/span><\/a><span class='text-sep artes-escenicas_sort_sep avia_show_sort'>\/<\/span><a href=\"#\" data-filter=\"artes-escenicas_sort\" class=\"artes-escenicas_sort_button avia_show_sort\" ><span class=\"inner_sort_button\"><span>Artes esc\u00e9nicas<\/span><small class='avia-term-count'> 2 <\/small><\/span><\/a><span class='text-sep artes-visuales_sort_sep avia_show_sort'>\/<\/span><a href=\"#\" data-filter=\"artes-visuales_sort\" class=\"artes-visuales_sort_button avia_show_sort\" ><span class=\"inner_sort_button\"><span>Artes visuales<\/span><small class='avia-term-count'> 8 <\/small><\/span><\/a><span class='text-sep bordado_sort_sep avia_show_sort'>\/<\/span><a href=\"#\" data-filter=\"bordado_sort\" class=\"bordado_sort_button avia_show_sort\" ><span class=\"inner_sort_button\"><span>Bordado<\/span><small class='avia-term-count'> 1 <\/small><\/span><\/a><span class='text-sep colaboraciones_sort_sep avia_show_sort'>\/<\/span><a href=\"#\" data-filter=\"colaboraciones_sort\" class=\"colaboraciones_sort_button avia_show_sort\" ><span class=\"inner_sort_button\"><span>Colaboraciones<\/span><small class='avia-term-count'> 3 <\/small><\/span><\/a><span class='text-sep convocatorias_sort_sep avia_show_sort'>\/<\/span><a href=\"#\" data-filter=\"convocatorias_sort\" class=\"convocatorias_sort_button avia_show_sort\" ><span class=\"inner_sort_button\"><span>Convocatorias<\/span><small class='avia-term-count'> 14 <\/small><\/span><\/a><span class='text-sep convocatorias-pasadas_sort_sep avia_show_sort'>\/<\/span><a href=\"#\" data-filter=\"convocatorias-pasadas_sort\" class=\"convocatorias-pasadas_sort_button avia_show_sort\" ><span class=\"inner_sort_button\"><span>Convocatorias pasadas<\/span><small class='avia-term-count'> 309 <\/small><\/span><\/a><span class='text-sep curaduria_sort_sep avia_show_sort'>\/<\/span><a href=\"#\" data-filter=\"curaduria_sort\" class=\"curaduria_sort_button avia_show_sort\" ><span class=\"inner_sort_button\"><span>Curadur\u00eda<\/span><small class='avia-term-count'> 5 <\/small><\/span><\/a><span class='text-sep danza_sort_sep avia_show_sort'>\/<\/span><a href=\"#\" data-filter=\"danza_sort\" class=\"danza_sort_button avia_show_sort\" ><span class=\"inner_sort_button\"><span>Danza<\/span><small class='avia-term-count'> 1 <\/small><\/span><\/a><span class='text-sep dibujo_sort_sep avia_show_sort'>\/<\/span><a href=\"#\" data-filter=\"dibujo_sort\" class=\"dibujo_sort_button avia_show_sort\" ><span class=\"inner_sort_button\"><span>Dibujo<\/span><small class='avia-term-count'> 11 <\/small><\/span><\/a><span class='text-sep diseno_sort_sep avia_show_sort'>\/<\/span><a href=\"#\" data-filter=\"diseno_sort\" class=\"diseno_sort_button avia_show_sort\" ><span class=\"inner_sort_button\"><span>Dise\u00f1o<\/span><small class='avia-term-count'> 7 <\/small><\/span><\/a><span class='text-sep diseno-editorial_sort_sep avia_show_sort'>\/<\/span><a href=\"#\" data-filter=\"diseno-editorial_sort\" class=\"diseno-editorial_sort_button avia_show_sort\" ><span class=\"inner_sort_button\"><span>Dise\u00f1o editorial<\/span><small class='avia-term-count'> 4 <\/small><\/span><\/a><span class='text-sep dramaturgia_sort_sep avia_show_sort'>\/<\/span><a href=\"#\" data-filter=\"dramaturgia_sort\" class=\"dramaturgia_sort_button avia_show_sort\" ><span class=\"inner_sort_button\"><span>Dramaturgia<\/span><small class='avia-term-count'> 1 <\/small><\/span><\/a><span class='text-sep escritura_sort_sep avia_show_sort'>\/<\/span><a href=\"#\" data-filter=\"escritura_sort\" class=\"escritura_sort_button avia_show_sort\" ><span class=\"inner_sort_button\"><span>Escritura<\/span><small class='avia-term-count'> 9 <\/small><\/span><\/a><span class='text-sep eventos-cerrados-2018_sort_sep avia_show_sort'>\/<\/span><a href=\"#\" data-filter=\"eventos-cerrados-2018_sort\" class=\"eventos-cerrados-2018_sort_button avia_show_sort\" ><span class=\"inner_sort_button\"><span>Eventos cerrados 2018<\/span><small class='avia-term-count'> 105 <\/small><\/span><\/a><span class='text-sep eventos-cerrados-2019_sort_sep avia_show_sort'>\/<\/span><a href=\"#\" data-filter=\"eventos-cerrados-2019_sort\" class=\"eventos-cerrados-2019_sort_button avia_show_sort\" ><span class=\"inner_sort_button\"><span>Eventos cerrados 2019<\/span><small class='avia-term-count'> 125 <\/small><\/span><\/a><span class='text-sep eventos-cerrados-2020_sort_sep avia_show_sort'>\/<\/span><a href=\"#\" data-filter=\"eventos-cerrados-2020_sort\" class=\"eventos-cerrados-2020_sort_button avia_show_sort\" ><span class=\"inner_sort_button\"><span>Eventos cerrados 2020<\/span><small class='avia-term-count'> 9 <\/small><\/span><\/a><span class='text-sep eventos-cerrados-2021_sort_sep avia_show_sort'>\/<\/span><a href=\"#\" data-filter=\"eventos-cerrados-2021_sort\" class=\"eventos-cerrados-2021_sort_button avia_show_sort\" ><span class=\"inner_sort_button\"><span>Eventos cerrados 2021<\/span><small class='avia-term-count'> 5 <\/small><\/span><\/a><span class='text-sep exposiciones_sort_sep avia_show_sort'>\/<\/span><a href=\"#\" data-filter=\"exposiciones_sort\" class=\"exposiciones_sort_button avia_show_sort\" ><span class=\"inner_sort_button\"><span>Exposiciones<\/span><small class='avia-term-count'> 1 <\/small><\/span><\/a><span class='text-sep esposiciones-pasadas_sort_sep avia_show_sort'>\/<\/span><a href=\"#\" data-filter=\"esposiciones-pasadas_sort\" class=\"esposiciones-pasadas_sort_button avia_show_sort\" ><span class=\"inner_sort_button\"><span>Exposiciones pasadas<\/span><small class='avia-term-count'> 22 <\/small><\/span><\/a><span class='text-sep fieltro_sort_sep avia_show_sort'>\/<\/span><a href=\"#\" data-filter=\"fieltro_sort\" class=\"fieltro_sort_button avia_show_sort\" ><span class=\"inner_sort_button\"><span>Fieltro<\/span><small class='avia-term-count'> 1 <\/small><\/span><\/a><span class='text-sep fotografia_sort_sep avia_show_sort'>\/<\/span><a href=\"#\" data-filter=\"fotografia_sort\" class=\"fotografia_sort_button avia_show_sort\" ><span class=\"inner_sort_button\"><span>Fotograf\u00eda<\/span><small class='avia-term-count'> 13 <\/small><\/span><\/a><span class='text-sep grabado_sort_sep avia_show_sort'>\/<\/span><a href=\"#\" data-filter=\"grabado_sort\" class=\"grabado_sort_button avia_show_sort\" ><span class=\"inner_sort_button\"><span>Grabado<\/span><small class='avia-term-count'> 10 <\/small><\/span><\/a><span class='text-sep herbolaria_sort_sep avia_show_sort'>\/<\/span><a href=\"#\" data-filter=\"herbolaria_sort\" class=\"herbolaria_sort_button avia_show_sort\" ><span class=\"inner_sort_button\"><span>Herbolaria<\/span><small class='avia-term-count'> 1 <\/small><\/span><\/a><span class='text-sep iie-unam_sort_sep avia_show_sort'>\/<\/span><a href=\"#\" data-filter=\"iie-unam_sort\" class=\"iie-unam_sort_button avia_show_sort\" ><span class=\"inner_sort_button\"><span>IIE-UNAM<\/span><small class='avia-term-count'> 7 <\/small><\/span><\/a><span class='text-sep ilustracion_sort_sep avia_show_sort'>\/<\/span><a href=\"#\" data-filter=\"ilustracion_sort\" class=\"ilustracion_sort_button avia_show_sort\" ><span class=\"inner_sort_button\"><span>ilustracion<\/span><small class='avia-term-count'> 1 <\/small><\/span><\/a><span class='text-sep investigacion_sort_sep avia_show_sort'>\/<\/span><a href=\"#\" data-filter=\"investigacion_sort\" class=\"investigacion_sort_button avia_show_sort\" ><span class=\"inner_sort_button\"><span>Investigaci\u00f3n<\/span><small class='avia-term-count'> 7 <\/small><\/span><\/a><span class='text-sep lenguas-originarias_sort_sep avia_show_sort'>\/<\/span><a href=\"#\" data-filter=\"lenguas-originarias_sort\" class=\"lenguas-originarias_sort_button avia_show_sort\" ><span class=\"inner_sort_button\"><span>Lenguas originarias<\/span><small class='avia-term-count'> 3 <\/small><\/span><\/a><span class='text-sep materiales-didacticos_sort_sep avia_show_sort'>\/<\/span><a href=\"#\" data-filter=\"materiales-didacticos_sort\" class=\"materiales-didacticos_sort_button avia_show_sort\" ><span class=\"inner_sort_button\"><span>Materiales Did\u00e1cticos<\/span><small class='avia-term-count'> 7 <\/small><\/span><\/a><span class='text-sep multimedia_sort_sep avia_show_sort'>\/<\/span><a href=\"#\" data-filter=\"multimedia_sort\" class=\"multimedia_sort_button avia_show_sort\" ><span class=\"inner_sort_button\"><span>Multimedia<\/span><small class='avia-term-count'> 4 <\/small><\/span><\/a><span class='text-sep musica_sort_sep avia_show_sort'>\/<\/span><a href=\"#\" data-filter=\"musica_sort\" class=\"musica_sort_button avia_show_sort\" ><span class=\"inner_sort_button\"><span>M\u00fasica<\/span><small class='avia-term-count'> 1 <\/small><\/span><\/a><span class='text-sep news_sort_sep avia_show_sort'>\/<\/span><a href=\"#\" data-filter=\"news_sort\" class=\"news_sort_button avia_show_sort\" ><span class=\"inner_sort_button\"><span>News<\/span><small class='avia-term-count'> 6 <\/small><\/span><\/a><span class='text-sep personal_sort_sep avia_show_sort'>\/<\/span><a href=\"#\" data-filter=\"personal_sort\" class=\"personal_sort_button avia_show_sort\" ><span class=\"inner_sort_button\"><span>Personal<\/span><small class='avia-term-count'> 3 <\/small><\/span><\/a><span class='text-sep pintura_sort_sep avia_show_sort'>\/<\/span><a href=\"#\" data-filter=\"pintura_sort\" class=\"pintura_sort_button avia_show_sort\" ><span class=\"inner_sort_button\"><span>Pintura<\/span><small class='avia-term-count'> 1 <\/small><\/span><\/a><span class='text-sep premios-casa-2019_sort_sep avia_show_sort'>\/<\/span><a href=\"#\" data-filter=\"premios-casa-2019_sort\" class=\"premios-casa-2019_sort_button avia_show_sort\" ><span class=\"inner_sort_button\"><span>Premios CASA 2019<\/span><small class='avia-term-count'> 5 <\/small><\/span><\/a><span class='text-sep premios-casa-2025_sort_sep avia_show_sort'>\/<\/span><a href=\"#\" data-filter=\"premios-casa-2025_sort\" class=\"premios-casa-2025_sort_button avia_show_sort\" ><span class=\"inner_sort_button\"><span>Premios CaSa 2025<\/span><small class='avia-term-count'> 9 <\/small><\/span><\/a><span class='text-sep premios-casa-2026_sort_sep avia_show_sort'>\/<\/span><a href=\"#\" data-filter=\"premios-casa-2026_sort\" class=\"premios-casa-2026_sort_button avia_show_sort\" ><span class=\"inner_sort_button\"><span>Premios CaSa 2026<\/span><small class='avia-term-count'> 9 <\/small><\/span><\/a><span class='text-sep produccion-artistica_sort_sep avia_show_sort'>\/<\/span><a href=\"#\" data-filter=\"produccion-artistica_sort\" class=\"produccion-artistica_sort_button avia_show_sort\" ><span class=\"inner_sort_button\"><span>Producci\u00f3n Art\u00edstica<\/span><small class='avia-term-count'> 14 <\/small><\/span><\/a><span class='text-sep programa-de-desarrollo-de-arte-y-cultura-citibanamex_sort_sep avia_show_sort'>\/<\/span><a href=\"#\" data-filter=\"programa-de-desarrollo-de-arte-y-cultura-citibanamex_sort\" class=\"programa-de-desarrollo-de-arte-y-cultura-citibanamex_sort_button avia_show_sort\" ><span class=\"inner_sort_button\"><span>Programa de Desarrollo de Arte y Cultura Citibanamex<\/span><small class='avia-term-count'> 11 <\/small><\/span><\/a><span class='text-sep sesiones-fotograficas_sort_sep avia_show_sort'>\/<\/span><a href=\"#\" data-filter=\"sesiones-fotograficas_sort\" class=\"sesiones-fotograficas_sort_button avia_show_sort\" ><span class=\"inner_sort_button\"><span>Sesiones fotogr\u00e1ficas<\/span><small class='avia-term-count'> 1 <\/small><\/span><\/a><span class='text-sep sin-categoria_sort_sep avia_show_sort'>\/<\/span><a href=\"#\" data-filter=\"sin-categoria_sort\" class=\"sin-categoria_sort_button avia_show_sort\" ><span class=\"inner_sort_button\"><span>Sin categor\u00eda<\/span><small class='avia-term-count'> 8 <\/small><\/span><\/a><span class='text-sep talleres_sort_sep avia_show_sort'>\/<\/span><a href=\"#\" data-filter=\"talleres_sort\" class=\"talleres_sort_button avia_show_sort\" ><span class=\"inner_sort_button\"><span>Talleres<\/span><small class='avia-term-count'> 46 <\/small><\/span><\/a><span class='text-sep tecnicas-tradicionales_sort_sep avia_show_sort'>\/<\/span><a href=\"#\" data-filter=\"tecnicas-tradicionales_sort\" class=\"tecnicas-tradicionales_sort_button avia_show_sort\" ><span class=\"inner_sort_button\"><span>T\u00e9cnicas tradicionales<\/span><small class='avia-term-count'> 7 <\/small><\/span><\/a><span class='text-sep textil_sort_sep avia_show_sort'>\/<\/span><a href=\"#\" data-filter=\"textil_sort\" class=\"textil_sort_button avia_show_sort\" ><span class=\"inner_sort_button\"><span>Textil<\/span><small class='avia-term-count'> 3 <\/small><\/span><\/a><span class='text-sep uncategorized_sort_sep avia_show_sort'>\/<\/span><a href=\"#\" data-filter=\"uncategorized_sort\" class=\"uncategorized_sort_button avia_show_sort\" ><span class=\"inner_sort_button\"><span>Uncategorized<\/span><small class='avia-term-count'> 7 <\/small><\/span><\/a><\/div><\/div><div class='av-masonry-container isotope av-js-disabled ' ><div class='av-masonry-entry isotope-item av-masonry-item-no-image all_sort 2026_sort  afelpado_sort  fieltro_sort  talleres_sort  tecnicas-tradicionales_sort  textil_sort  lenguas-originarias_sort  grabado_sort  multimedia_sort  herbolaria_sort  fotografia_sort  dibujo_sort  pintura_sort  artes-escenicas_sort  danza_sort  dramaturgia_sort  convocatorias_sort  artes-visuales_sort  escritura_sort  iie-unam_sort  investigacion_sort  curaduria_sort  musica_sort  colaboraciones_sort  exposiciones_sort  diseno-editorial_sort  bordado_sort  premios-casa-2026_sort  2025_sort  ilustracion_sort  convocatorias-pasadas_sort  programa-de-desarrollo-de-arte-y-cultura-citibanamex_sort  sin-categoria_sort  premios-casa-2025_sort  esposiciones-pasadas_sort  sesiones-fotograficas_sort  2024_sort  eventos-cerrados-2021_sort  eventos-cerrados-2020_sort  eventos-cerrados-2019_sort  diseno_sort  produccion-artistica_sort  materiales-didacticos_sort  premios-casa-2019_sort  eventos-cerrados-2018_sort  2017_sort  news_sort  personal_sort  uncategorized_sort '><\/div><a href=\"https:\/\/casa.oaxaca.gob.mx\/?p=18769\" id='av-masonry-1-item-18769' data-av-masonry-item='18769' class='av-masonry-entry isotope-item post-18769 post type-post status-publish format-standard has-post-thumbnail hentry category-211 category-afelpado category-fieltro category-talleres category-tecnicas-tradicionales category-textil all_sort 2026_sort  afelpado_sort  fieltro_sort  talleres_sort  tecnicas-tradicionales_sort  textil_sort  av-masonry-item-with-image' title=\"Taller presencial. Esqueletobjeto. Imparte: F\u00e1tima Armengol.\"  itemscope=\"itemscope\" itemtype=\"https:\/\/schema.org\/CreativeWork\" ><div class='av-inner-masonry-sizer'><\/div><figure class='av-inner-masonry main_color'><div class=\"av-masonry-outerimage-container\"><div class=\"av-masonry-image-container\" style=\"background-image: url(https:\/\/casa.oaxaca.gob.mx\/wp-content\/uploads\/2026\/04\/Esqueletobjeto_IG01-564x705.jpg);\"><img decoding=\"async\" src=\"https:\/\/casa.oaxaca.gob.mx\/wp-content\/uploads\/2026\/04\/Esqueletobjeto_IG01-564x705.jpg\" title=\"Esqueletobjeto_IG01\" alt=\"\" \/><\/div><\/div><figcaption class='av-inner-masonry-content site-background'><div class='av-inner-masonry-content-pos'><div class='av-inner-masonry-content-pos-content'><div class='avia-arrow'><\/div><h3 class='av-masonry-entry-title entry-title'  itemprop=\"headline\" >Taller presencial. Esqueletobjeto. Imparte: F\u00e1tima Armengol.<\/h3><span class='av-masonry-date meta-color updated'><\/span><span class=\"av-masonry-text-sep text-sep-author\">\/<\/span><span class='av-masonry-author meta-color vcard author'><span class='fn'>by <\/span><\/span><\/div><\/div><\/figcaption><\/figure><\/a><!--end av-masonry entry--><a href=\"https:\/\/casa.oaxaca.gob.mx\/?p=18742\" id='av-masonry-1-item-18742' data-av-masonry-item='18742' class='av-masonry-entry isotope-item post-18742 post type-post status-publish format-standard has-post-thumbnail hentry category-211 category-lenguas-originarias category-talleres all_sort 2026_sort  lenguas-originarias_sort  talleres_sort  av-masonry-item-with-image' title=\"Taller presencial. Intensivo de Lectoescritura del Didxaz\u00e1. Imparte: Nelson Guerra L\u00f3pez.\"  itemscope=\"itemscope\" itemtype=\"https:\/\/schema.org\/CreativeWork\" ><div class='av-inner-masonry-sizer'><\/div><figure class='av-inner-masonry main_color'><div class=\"av-masonry-outerimage-container\"><div class=\"av-masonry-image-container\" style=\"background-image: url(https:\/\/casa.oaxaca.gob.mx\/wp-content\/uploads\/2026\/04\/Intensivo-de-lectoescritura-del-didxaza-abierta-705x484.jpg);\"><img decoding=\"async\" src=\"https:\/\/casa.oaxaca.gob.mx\/wp-content\/uploads\/2026\/04\/Intensivo-de-lectoescritura-del-didxaza-abierta-705x484.jpg\" title=\"Intensivo-de-lectoescritura-del-didxaza-abierta\" alt=\"\" \/><\/div><\/div><figcaption class='av-inner-masonry-content site-background'><div class='av-inner-masonry-content-pos'><div class='av-inner-masonry-content-pos-content'><div class='avia-arrow'><\/div><h3 class='av-masonry-entry-title entry-title'  itemprop=\"headline\" >Taller presencial. Intensivo de Lectoescritura del Didxaz\u00e1. Imparte: Nelson Guerra L\u00f3pez.<\/h3><span class='av-masonry-date meta-color updated'><\/span><span class=\"av-masonry-text-sep text-sep-author\">\/<\/span><span class='av-masonry-author meta-color vcard author'><span class='fn'>by <\/span><\/span><\/div><\/div><\/figcaption><\/figure><\/a><!--end av-masonry entry--><a href=\"https:\/\/casa.oaxaca.gob.mx\/?p=18739\" id='av-masonry-1-item-18739' data-av-masonry-item='18739' class='av-masonry-entry isotope-item post-18739 post type-post status-publish format-standard has-post-thumbnail hentry category-211 category-lenguas-originarias category-talleres all_sort 2026_sort  lenguas-originarias_sort  talleres_sort  av-masonry-item-with-image' title=\"Taller presencial. Lectoescritura del chatino de Panixtlahuaca. Imparte: Isaura De Los Santos Mendoza.\"  itemscope=\"itemscope\" itemtype=\"https:\/\/schema.org\/CreativeWork\" ><div class='av-inner-masonry-sizer'><\/div><figure class='av-inner-masonry main_color'><div class=\"av-masonry-outerimage-container\"><div class=\"av-masonry-image-container\" style=\"background-image: url(https:\/\/casa.oaxaca.gob.mx\/wp-content\/uploads\/2026\/04\/Lectoescritura-del-chatino-abierta-705x484.jpg);\"><img decoding=\"async\" src=\"https:\/\/casa.oaxaca.gob.mx\/wp-content\/uploads\/2026\/04\/Lectoescritura-del-chatino-abierta-705x484.jpg\" title=\"Lectoescritura-del-chatino-abierta\" alt=\"\" \/><\/div><\/div><figcaption class='av-inner-masonry-content site-background'><div class='av-inner-masonry-content-pos'><div class='av-inner-masonry-content-pos-content'><div class='avia-arrow'><\/div><h3 class='av-masonry-entry-title entry-title'  itemprop=\"headline\" >Taller presencial. Lectoescritura del chatino de Panixtlahuaca. Imparte: Isaura De Los Santos Mendoza.<\/h3><span class='av-masonry-date meta-color updated'><\/span><span class=\"av-masonry-text-sep text-sep-author\">\/<\/span><span class='av-masonry-author meta-color vcard author'><span class='fn'>by <\/span><\/span><\/div><\/div><\/figcaption><\/figure><\/a><!--end av-masonry entry--><a href=\"https:\/\/casa.oaxaca.gob.mx\/?p=18736\" id='av-masonry-1-item-18736' data-av-masonry-item='18736' class='av-masonry-entry isotope-item post-18736 post type-post status-publish format-standard has-post-thumbnail hentry category-211 category-lenguas-originarias category-talleres all_sort 2026_sort  lenguas-originarias_sort  talleres_sort  av-masonry-item-with-image' title=\"Taller presencial. Revitalizaci\u00f3n de la lengua mazateca. Imparte: Eugenio Juan Ram\u00edrez.\"  itemscope=\"itemscope\" itemtype=\"https:\/\/schema.org\/CreativeWork\" ><div class='av-inner-masonry-sizer'><\/div><figure class='av-inner-masonry main_color'><div class=\"av-masonry-outerimage-container\"><div class=\"av-masonry-image-container\" style=\"background-image: url(https:\/\/casa.oaxaca.gob.mx\/wp-content\/uploads\/2025\/08\/Revitalizacion-de-la-lengua-mazateca_cerrada-705x484.jpg);\"><img decoding=\"async\" src=\"https:\/\/casa.oaxaca.gob.mx\/wp-content\/uploads\/2025\/08\/Revitalizacion-de-la-lengua-mazateca_cerrada-705x484.jpg\" title=\"Revitalizacion-de-la-lengua-mazateca_cerrada\" alt=\"\" \/><\/div><\/div><figcaption class='av-inner-masonry-content site-background'><div class='av-inner-masonry-content-pos'><div class='av-inner-masonry-content-pos-content'><div class='avia-arrow'><\/div><h3 class='av-masonry-entry-title entry-title'  itemprop=\"headline\" >Taller presencial. Revitalizaci\u00f3n de la lengua mazateca. Imparte: Eugenio Juan Ram\u00edrez.<\/h3><span class='av-masonry-date meta-color updated'><\/span><span class=\"av-masonry-text-sep text-sep-author\">\/<\/span><span class='av-masonry-author meta-color vcard author'><span class='fn'>by <\/span><\/span><\/div><\/div><\/figcaption><\/figure><\/a><!--end av-masonry entry--><a href=\"https:\/\/casa.oaxaca.gob.mx\/?p=18706\" id='av-masonry-1-item-18706' data-av-masonry-item='18706' class='av-masonry-entry isotope-item post-18706 post type-post status-publish format-standard has-post-thumbnail hentry category-211 category-grabado category-talleres category-tecnicas-tradicionales all_sort 2026_sort  grabado_sort  talleres_sort  tecnicas-tradicionales_sort  av-masonry-item-with-image' title=\"Taller presencial. B\u00e1sico de Taku-hon. Imparte: Mercedes L\u00f3pez Calvo.\"  itemscope=\"itemscope\" itemtype=\"https:\/\/schema.org\/CreativeWork\" ><div class='av-inner-masonry-sizer'><\/div><figure class='av-inner-masonry main_color'><div class=\"av-masonry-outerimage-container\"><div class=\"av-masonry-image-container\" style=\"background-image: url(https:\/\/casa.oaxaca.gob.mx\/wp-content\/uploads\/2025\/06\/a-Takuhon-705x484.jpg);\"><img decoding=\"async\" src=\"https:\/\/casa.oaxaca.gob.mx\/wp-content\/uploads\/2025\/06\/a-Takuhon-705x484.jpg\" title=\"a-Takuhon\" alt=\"\" \/><\/div><\/div><figcaption class='av-inner-masonry-content site-background'><div class='av-inner-masonry-content-pos'><div class='av-inner-masonry-content-pos-content'><div class='avia-arrow'><\/div><h3 class='av-masonry-entry-title entry-title'  itemprop=\"headline\" >Taller presencial. B\u00e1sico de Taku-hon. Imparte: Mercedes L\u00f3pez Calvo.<\/h3><span class='av-masonry-date meta-color updated'><\/span><span class=\"av-masonry-text-sep text-sep-author\">\/<\/span><span class='av-masonry-author meta-color vcard author'><span class='fn'>by <\/span><\/span><\/div><\/div><\/figcaption><\/figure><\/a><!--end av-masonry entry--><a href=\"https:\/\/casa.oaxaca.gob.mx\/?p=18703\" id='av-masonry-1-item-18703' data-av-masonry-item='18703' class='av-masonry-entry isotope-item post-18703 post type-post status-publish format-standard has-post-thumbnail hentry category-211 category-multimedia category-talleres category-tecnicas-tradicionales all_sort 2026_sort  multimedia_sort  talleres_sort  tecnicas-tradicionales_sort  av-masonry-item-with-image' title=\"Taller presencial. Documentar el Arte (Taller de registro en video). Imparte: Arturo Lavariega.\"  itemscope=\"itemscope\" itemtype=\"https:\/\/schema.org\/CreativeWork\" ><div class='av-inner-masonry-sizer'><\/div><figure class='av-inner-masonry main_color'><div class=\"av-masonry-outerimage-container\"><div class=\"av-masonry-image-container\" style=\"background-image: url(https:\/\/casa.oaxaca.gob.mx\/wp-content\/uploads\/2026\/04\/Documentar-el-arte-abierta-705x484.jpg);\"><img decoding=\"async\" src=\"https:\/\/casa.oaxaca.gob.mx\/wp-content\/uploads\/2026\/04\/Documentar-el-arte-abierta-705x484.jpg\" title=\"Documentar-el-arte-abierta\" alt=\"\" \/><\/div><\/div><figcaption class='av-inner-masonry-content site-background'><div class='av-inner-masonry-content-pos'><div class='av-inner-masonry-content-pos-content'><div class='avia-arrow'><\/div><h3 class='av-masonry-entry-title entry-title'  itemprop=\"headline\" >Taller presencial. Documentar el Arte (Taller de registro en video). Imparte: Arturo Lavariega.<\/h3><span class='av-masonry-date meta-color updated'><\/span><span class=\"av-masonry-text-sep text-sep-author\">\/<\/span><span class='av-masonry-author meta-color vcard author'><span class='fn'>by <\/span><\/span><\/div><\/div><\/figcaption><\/figure><\/a><!--end av-masonry entry--><a href=\"https:\/\/casa.oaxaca.gob.mx\/?p=18698\" id='av-masonry-1-item-18698' data-av-masonry-item='18698' class='av-masonry-entry isotope-item post-18698 post type-post status-publish format-standard has-post-thumbnail hentry category-211 category-herbolaria category-talleres category-tecnicas-tradicionales category-textil all_sort 2026_sort  herbolaria_sort  talleres_sort  tecnicas-tradicionales_sort  textil_sort  av-masonry-item-with-image' title=\"Taller presencial. Te\u00f1ido natural en algod\u00f3n y lana. Imparte: Froyl\u00e1n M\u00e9ndez Bautista.\"  itemscope=\"itemscope\" itemtype=\"https:\/\/schema.org\/CreativeWork\" ><div class='av-inner-masonry-sizer'><\/div><figure class='av-inner-masonry main_color'><div class=\"av-masonry-outerimage-container\"><div class=\"av-masonry-image-container\" style=\"background-image: url(https:\/\/casa.oaxaca.gob.mx\/wp-content\/uploads\/2026\/04\/Tenido-natural-en-lana-y-algodon-abierta-705x484.jpg);\"><img decoding=\"async\" src=\"https:\/\/casa.oaxaca.gob.mx\/wp-content\/uploads\/2026\/04\/Tenido-natural-en-lana-y-algodon-abierta-705x484.jpg\" title=\"Tenido-natural-en-lana-y-algodon-abierta\" alt=\"\" \/><\/div><\/div><figcaption class='av-inner-masonry-content site-background'><div class='av-inner-masonry-content-pos'><div class='av-inner-masonry-content-pos-content'><div class='avia-arrow'><\/div><h3 class='av-masonry-entry-title entry-title'  itemprop=\"headline\" >Taller presencial. Te\u00f1ido natural en algod\u00f3n y lana. Imparte: Froyl\u00e1n M\u00e9ndez Bautista.<\/h3><span class='av-masonry-date meta-color updated'><\/span><span class=\"av-masonry-text-sep text-sep-author\">\/<\/span><span class='av-masonry-author meta-color vcard author'><span class='fn'>by <\/span><\/span><\/div><\/div><\/figcaption><\/figure><\/a><!--end av-masonry entry--><a href=\"https:\/\/casa.oaxaca.gob.mx\/?p=18693\" id='av-masonry-1-item-18693' data-av-masonry-item='18693' class='av-masonry-entry isotope-item post-18693 post type-post status-publish format-standard has-post-thumbnail hentry category-211 category-fotografia category-talleres all_sort 2026_sort  fotografia_sort  talleres_sort  av-masonry-item-with-image' title=\"Taller presencial. Contar historias desde la fotograf\u00eda documental. Imparte: Judith Romero.\"  itemscope=\"itemscope\" itemtype=\"https:\/\/schema.org\/CreativeWork\" ><div class='av-inner-masonry-sizer'><\/div><figure class='av-inner-masonry main_color'><div class=\"av-masonry-outerimage-container\"><div class=\"av-masonry-image-container\" style=\"background-image: url(https:\/\/casa.oaxaca.gob.mx\/wp-content\/uploads\/2026\/04\/Contar-historias-desde-la-fotografia-documental-abierta-705x484.jpg);\"><img decoding=\"async\" src=\"https:\/\/casa.oaxaca.gob.mx\/wp-content\/uploads\/2026\/04\/Contar-historias-desde-la-fotografia-documental-abierta-705x484.jpg\" title=\"Contar-historias-desde-la-fotografia-documental-abierta\" alt=\"\" \/><\/div><\/div><figcaption class='av-inner-masonry-content site-background'><div class='av-inner-masonry-content-pos'><div class='av-inner-masonry-content-pos-content'><div class='avia-arrow'><\/div><h3 class='av-masonry-entry-title entry-title'  itemprop=\"headline\" >Taller presencial. Contar historias desde la fotograf\u00eda documental. Imparte: Judith Romero.<\/h3><span class='av-masonry-date meta-color updated'><\/span><span class=\"av-masonry-text-sep text-sep-author\">\/<\/span><span class='av-masonry-author meta-color vcard author'><span class='fn'>by <\/span><\/span><\/div><\/div><\/figcaption><\/figure><\/a><!--end av-masonry entry--><a href=\"https:\/\/casa.oaxaca.gob.mx\/?p=18671\" id='av-masonry-1-item-18671' data-av-masonry-item='18671' class='av-masonry-entry isotope-item post-18671 post type-post status-publish format-standard has-post-thumbnail hentry category-211 category-dibujo category-pintura category-talleres all_sort 2026_sort  dibujo_sort  pintura_sort  talleres_sort  av-masonry-item-with-image' title=\"Taller presencial. Empaste de \u00f3leo y huevo, sobre imprimatura de creta. Imparte: Francisco Quintanar.\"  itemscope=\"itemscope\" itemtype=\"https:\/\/schema.org\/CreativeWork\" ><div class='av-inner-masonry-sizer'><\/div><figure class='av-inner-masonry main_color'><div class=\"av-masonry-outerimage-container\"><div class=\"av-masonry-image-container\" style=\"background-image: url(https:\/\/casa.oaxaca.gob.mx\/wp-content\/uploads\/2026\/04\/Empaste-de-oleo-abierta-705x484.jpg);\"><img decoding=\"async\" src=\"https:\/\/casa.oaxaca.gob.mx\/wp-content\/uploads\/2026\/04\/Empaste-de-oleo-abierta-705x484.jpg\" title=\"Empaste-de-oleo-abierta\" alt=\"\" \/><\/div><\/div><figcaption class='av-inner-masonry-content site-background'><div class='av-inner-masonry-content-pos'><div class='av-inner-masonry-content-pos-content'><div class='avia-arrow'><\/div><h3 class='av-masonry-entry-title entry-title'  itemprop=\"headline\" >Taller presencial. Empaste de \u00f3leo y huevo, sobre imprimatura de creta. Imparte: Francisco Quintanar.<\/h3><span class='av-masonry-date meta-color updated'><\/span><span class=\"av-masonry-text-sep text-sep-author\">\/<\/span><span class='av-masonry-author meta-color vcard author'><span class='fn'>by <\/span><\/span><\/div><\/div><\/figcaption><\/figure><\/a><!--end av-masonry entry--><a href=\"https:\/\/casa.oaxaca.gob.mx\/?p=18634\" id='av-masonry-1-item-18634' data-av-masonry-item='18634' class='av-masonry-entry isotope-item post-18634 post type-post status-publish format-standard has-post-thumbnail hentry category-211 category-fotografia category-talleres all_sort 2026_sort  fotografia_sort  talleres_sort  av-masonry-item-with-image' title=\"Taller presencial. Retrato fotogr\u00e1fico: m\u00e1s all\u00e1 del rostro. Imparte: Alejandro Cabrera Gonz\u00e1lez\"  itemscope=\"itemscope\" itemtype=\"https:\/\/schema.org\/CreativeWork\" ><div class='av-inner-masonry-sizer'><\/div><figure class='av-inner-masonry main_color'><div class=\"av-masonry-outerimage-container\"><div class=\"av-masonry-image-container\" style=\"background-image: url(https:\/\/casa.oaxaca.gob.mx\/wp-content\/uploads\/2026\/04\/Retrato-fotografico-abierta-705x484.jpg);\"><img decoding=\"async\" src=\"https:\/\/casa.oaxaca.gob.mx\/wp-content\/uploads\/2026\/04\/Retrato-fotografico-abierta-705x484.jpg\" title=\"Retrato-fotografico-abierta\" alt=\"\" \/><\/div><\/div><figcaption class='av-inner-masonry-content site-background'><div class='av-inner-masonry-content-pos'><div class='av-inner-masonry-content-pos-content'><div class='avia-arrow'><\/div><h3 class='av-masonry-entry-title entry-title'  itemprop=\"headline\" >Taller presencial. Retrato fotogr\u00e1fico: m\u00e1s all\u00e1 del rostro. Imparte: Alejandro Cabrera Gonz\u00e1lez<\/h3><span class='av-masonry-date meta-color updated'><\/span><span class=\"av-masonry-text-sep text-sep-author\">\/<\/span><span class='av-masonry-author meta-color vcard author'><span class='fn'>by <\/span><\/span><\/div><\/div><\/figcaption><\/figure><\/a><!--end av-masonry entry--><a href=\"https:\/\/casa.oaxaca.gob.mx\/?p=18623\" id='av-masonry-1-item-18623' data-av-masonry-item='18623' class='av-masonry-entry isotope-item post-18623 post type-post status-publish format-standard has-post-thumbnail hentry category-211 category-artes-escenicas category-danza category-talleres all_sort 2026_sort  artes-escenicas_sort  danza_sort  talleres_sort  av-masonry-item-with-image' title=\"Taller presencial. Composici\u00f3n instant\u00e1nea. Imparte: Lola Ram\u00edrez.\"  itemscope=\"itemscope\" itemtype=\"https:\/\/schema.org\/CreativeWork\" ><div class='av-inner-masonry-sizer'><\/div><figure class='av-inner-masonry main_color'><div class=\"av-masonry-outerimage-container\"><div class=\"av-masonry-image-container\" style=\"background-image: url(https:\/\/casa.oaxaca.gob.mx\/wp-content\/uploads\/2026\/04\/Composicion-instantanea_IG01-564x705.jpg);\"><img decoding=\"async\" src=\"https:\/\/casa.oaxaca.gob.mx\/wp-content\/uploads\/2026\/04\/Composicion-instantanea_IG01-564x705.jpg\" title=\"Composici\u00f3n instant\u00e1nea_IG01\" alt=\"\" \/><\/div><\/div><figcaption class='av-inner-masonry-content site-background'><div class='av-inner-masonry-content-pos'><div class='av-inner-masonry-content-pos-content'><div class='avia-arrow'><\/div><h3 class='av-masonry-entry-title entry-title'  itemprop=\"headline\" >Taller presencial. Composici\u00f3n instant\u00e1nea. Imparte: Lola Ram\u00edrez.<\/h3><span class='av-masonry-date meta-color updated'><\/span><span class=\"av-masonry-text-sep text-sep-author\">\/<\/span><span class='av-masonry-author meta-color vcard author'><span class='fn'>by <\/span><\/span><\/div><\/div><\/figcaption><\/figure><\/a><!--end av-masonry entry--><a href=\"https:\/\/casa.oaxaca.gob.mx\/?p=18617\" id='av-masonry-1-item-18617' data-av-masonry-item='18617' class='av-masonry-entry isotope-item post-18617 post type-post status-publish format-standard has-post-thumbnail hentry category-211 category-artes-escenicas category-dramaturgia category-talleres all_sort 2026_sort  artes-escenicas_sort  dramaturgia_sort  talleres_sort  av-masonry-item-with-image' title=\"Taller presencial. Creaci\u00f3n esc\u00e9nica minimalista. Imparte: Esmeralda Arag\u00f3n.\"  itemscope=\"itemscope\" itemtype=\"https:\/\/schema.org\/CreativeWork\" ><div class='av-inner-masonry-sizer'><\/div><figure class='av-inner-masonry main_color'><div class=\"av-masonry-outerimage-container\"><div class=\"av-masonry-image-container\" style=\"background-image: url(https:\/\/casa.oaxaca.gob.mx\/wp-content\/uploads\/2026\/04\/CREACION-ESCENICA-cerrada-705x484.jpg);\"><img decoding=\"async\" src=\"https:\/\/casa.oaxaca.gob.mx\/wp-content\/uploads\/2026\/04\/CREACION-ESCENICA-cerrada-705x484.jpg\" title=\"CREACI\u00d3N-ESCENICA-cerrada\" alt=\"\" \/><\/div><\/div><figcaption class='av-inner-masonry-content site-background'><div class='av-inner-masonry-content-pos'><div class='av-inner-masonry-content-pos-content'><div class='avia-arrow'><\/div><h3 class='av-masonry-entry-title entry-title'  itemprop=\"headline\" >Taller presencial. Creaci\u00f3n esc\u00e9nica minimalista. Imparte: Esmeralda Arag\u00f3n.<\/h3><span class='av-masonry-date meta-color updated'><\/span><span class=\"av-masonry-text-sep text-sep-author\">\/<\/span><span class='av-masonry-author meta-color vcard author'><span class='fn'>by <\/span><\/span><\/div><\/div><\/figcaption><\/figure><\/a><!--end av-masonry entry--><a href=\"https:\/\/casa.oaxaca.gob.mx\/?p=18586\" id='av-masonry-1-item-18586' data-av-masonry-item='18586' class='av-masonry-entry isotope-item post-18586 post type-post status-publish format-standard has-post-thumbnail hentry category-211 category-convocatorias all_sort 2026_sort  convocatorias_sort  av-masonry-item-with-image' title=\"Programa de Residencias para Docentes en Artes dedicados a la gr\u00e1fica\"  itemscope=\"itemscope\" itemtype=\"https:\/\/schema.org\/CreativeWork\" ><div class='av-inner-masonry-sizer'><\/div><figure class='av-inner-masonry main_color'><div class=\"av-masonry-outerimage-container\"><div class=\"av-masonry-image-container\" style=\"background-image: url(https:\/\/casa.oaxaca.gob.mx\/wp-content\/uploads\/2026\/03\/PRDA-Grafica_abierta-705x484.jpg);\"><img decoding=\"async\" src=\"https:\/\/casa.oaxaca.gob.mx\/wp-content\/uploads\/2026\/03\/PRDA-Grafica_abierta-705x484.jpg\" title=\"PRDA-Grafica_abierta\" alt=\"\" \/><\/div><\/div><figcaption class='av-inner-masonry-content site-background'><div class='av-inner-masonry-content-pos'><div class='av-inner-masonry-content-pos-content'><div class='avia-arrow'><\/div><h3 class='av-masonry-entry-title entry-title'  itemprop=\"headline\" >Programa de Residencias para Docentes en Artes dedicados a la gr\u00e1fica<\/h3><span class='av-masonry-date meta-color updated'><\/span><span class=\"av-masonry-text-sep text-sep-author\">\/<\/span><span class='av-masonry-author meta-color vcard author'><span class='fn'>by <\/span><\/span><\/div><\/div><\/figcaption><\/figure><\/a><!--end av-masonry entry--><a href=\"https:\/\/casa.oaxaca.gob.mx\/?p=18582\" id='av-masonry-1-item-18582' data-av-masonry-item='18582' class='av-masonry-entry isotope-item post-18582 post type-post status-publish format-standard has-post-thumbnail hentry category-211 category-artes-visuales category-escritura category-iie-unam category-investigacion category-talleres all_sort 2026_sort  artes-visuales_sort  escritura_sort  iie-unam_sort  investigacion_sort  talleres_sort  av-masonry-item-with-image' title=\"Taller presencial. Cr\u00edtica de arte. Modelos modernos  y crisis de la cr\u00edtica. Imparte: Dr. Daniel Montero Fayad.\"  itemscope=\"itemscope\" itemtype=\"https:\/\/schema.org\/CreativeWork\" ><div class='av-inner-masonry-sizer'><\/div><figure class='av-inner-masonry main_color'><div class=\"av-masonry-outerimage-container\"><div class=\"av-masonry-image-container\" style=\"background-image: url(https:\/\/casa.oaxaca.gob.mx\/wp-content\/uploads\/2026\/03\/Critica-de-arte-abierta-705x484.jpg);\"><img decoding=\"async\" src=\"https:\/\/casa.oaxaca.gob.mx\/wp-content\/uploads\/2026\/03\/Critica-de-arte-abierta-705x484.jpg\" title=\"Critica-de-arte-abierta\" alt=\"\" \/><\/div><\/div><figcaption class='av-inner-masonry-content site-background'><div class='av-inner-masonry-content-pos'><div class='av-inner-masonry-content-pos-content'><div class='avia-arrow'><\/div><h3 class='av-masonry-entry-title entry-title'  itemprop=\"headline\" >Taller presencial. Cr\u00edtica de arte. Modelos modernos  y crisis de la cr\u00edtica. Imparte: Dr. Daniel Montero Fayad.<\/h3><span class='av-masonry-date meta-color updated'><\/span><span class=\"av-masonry-text-sep text-sep-author\">\/<\/span><span class='av-masonry-author meta-color vcard author'><span class='fn'>by <\/span><\/span><\/div><\/div><\/figcaption><\/figure><\/a><!--end av-masonry entry--><a href=\"https:\/\/casa.oaxaca.gob.mx\/?p=18579\" id='av-masonry-1-item-18579' data-av-masonry-item='18579' class='av-masonry-entry isotope-item post-18579 post type-post status-publish format-standard has-post-thumbnail hentry category-211 category-artes-visuales category-escritura category-iie-unam category-investigacion category-talleres all_sort 2026_sort  artes-visuales_sort  escritura_sort  iie-unam_sort  investigacion_sort  talleres_sort  av-masonry-item-with-image' title=\"Taller presencial. Rayos X de obras de arte: reutilizaci\u00f3n de lienzos, an\u00e1lisis del deterioro y procesos creativos. Imparte: Dra. Elsa Arroyo Lemus.\"  itemscope=\"itemscope\" itemtype=\"https:\/\/schema.org\/CreativeWork\" ><div class='av-inner-masonry-sizer'><\/div><figure class='av-inner-masonry main_color'><div class=\"av-masonry-outerimage-container\"><div class=\"av-masonry-image-container\" style=\"background-image: url(https:\/\/casa.oaxaca.gob.mx\/wp-content\/uploads\/2026\/03\/Rayos-X-de-obras-de-arte-abierta-705x484.jpg);\"><img decoding=\"async\" src=\"https:\/\/casa.oaxaca.gob.mx\/wp-content\/uploads\/2026\/03\/Rayos-X-de-obras-de-arte-abierta-705x484.jpg\" title=\"Rayos-X-de-obras-de-arte-abierta\" alt=\"\" \/><\/div><\/div><figcaption class='av-inner-masonry-content site-background'><div class='av-inner-masonry-content-pos'><div class='av-inner-masonry-content-pos-content'><div class='avia-arrow'><\/div><h3 class='av-masonry-entry-title entry-title'  itemprop=\"headline\" >Taller presencial. Rayos X de obras de arte: reutilizaci\u00f3n de lienzos, an\u00e1lisis del deterioro y procesos creativos. Imparte: Dra. Elsa Arroyo Lemus.<\/h3><span class='av-masonry-date meta-color updated'><\/span><span class=\"av-masonry-text-sep text-sep-author\">\/<\/span><span class='av-masonry-author meta-color vcard author'><span class='fn'>by <\/span><\/span><\/div><\/div><\/figcaption><\/figure><\/a><!--end av-masonry entry--><a href=\"https:\/\/casa.oaxaca.gob.mx\/?p=18576\" id='av-masonry-1-item-18576' data-av-masonry-item='18576' class='av-masonry-entry isotope-item post-18576 post type-post status-publish format-standard has-post-thumbnail hentry category-211 category-artes-visuales category-curaduria category-escritura category-iie-unam category-investigacion category-talleres all_sort 2026_sort  artes-visuales_sort  curaduria_sort  escritura_sort  iie-unam_sort  investigacion_sort  talleres_sort  av-masonry-item-with-image' title=\"Taller presencial. Curar sin receta. Imparte: Jaime Gonz\u00e1lez Sol\u00eds.\"  itemscope=\"itemscope\" itemtype=\"https:\/\/schema.org\/CreativeWork\" ><div class='av-inner-masonry-sizer'><\/div><figure class='av-inner-masonry main_color'><div class=\"av-masonry-outerimage-container\"><div class=\"av-masonry-image-container\" style=\"background-image: url(https:\/\/casa.oaxaca.gob.mx\/wp-content\/uploads\/2026\/03\/Curar-sin-receta-abierta-705x484.jpg);\"><img decoding=\"async\" src=\"https:\/\/casa.oaxaca.gob.mx\/wp-content\/uploads\/2026\/03\/Curar-sin-receta-abierta-705x484.jpg\" title=\"Curar-sin-receta-abierta\" alt=\"\" \/><\/div><\/div><figcaption class='av-inner-masonry-content site-background'><div class='av-inner-masonry-content-pos'><div class='av-inner-masonry-content-pos-content'><div class='avia-arrow'><\/div><h3 class='av-masonry-entry-title entry-title'  itemprop=\"headline\" >Taller presencial. Curar sin receta. Imparte: Jaime Gonz\u00e1lez Sol\u00eds.<\/h3><span class='av-masonry-date meta-color updated'><\/span><span class=\"av-masonry-text-sep text-sep-author\">\/<\/span><span class='av-masonry-author meta-color vcard author'><span class='fn'>by <\/span><\/span><\/div><\/div><\/figcaption><\/figure><\/a><!--end av-masonry entry--><a href=\"https:\/\/casa.oaxaca.gob.mx\/?p=18573\" id='av-masonry-1-item-18573' data-av-masonry-item='18573' class='av-masonry-entry isotope-item post-18573 post type-post status-publish format-standard has-post-thumbnail hentry category-211 category-artes-visuales category-curaduria category-escritura category-iie-unam category-investigacion category-multimedia category-musica category-talleres all_sort 2026_sort  artes-visuales_sort  curaduria_sort  escritura_sort  iie-unam_sort  investigacion_sort  multimedia_sort  musica_sort  talleres_sort  av-masonry-item-with-image' title=\"Taller presencial. Curadur\u00eda sonora y archivos aurales. Imparte: Guillermo Garc\u00eda P\u00e9rez.\"  itemscope=\"itemscope\" itemtype=\"https:\/\/schema.org\/CreativeWork\" ><div class='av-inner-masonry-sizer'><\/div><figure class='av-inner-masonry main_color'><div class=\"av-masonry-outerimage-container\"><div class=\"av-masonry-image-container\" style=\"background-image: url(https:\/\/casa.oaxaca.gob.mx\/wp-content\/uploads\/2026\/03\/Curaduria-sonora-y-archivos-aurales-abierta-705x484.jpg);\"><img decoding=\"async\" src=\"https:\/\/casa.oaxaca.gob.mx\/wp-content\/uploads\/2026\/03\/Curaduria-sonora-y-archivos-aurales-abierta-705x484.jpg\" title=\"Curaduria-sonora-y-archivos-aurales-abierta\" alt=\"\" \/><\/div><\/div><figcaption class='av-inner-masonry-content site-background'><div class='av-inner-masonry-content-pos'><div class='av-inner-masonry-content-pos-content'><div class='avia-arrow'><\/div><h3 class='av-masonry-entry-title entry-title'  itemprop=\"headline\" >Taller presencial. Curadur\u00eda sonora y archivos aurales. Imparte: Guillermo Garc\u00eda P\u00e9rez.<\/h3><span class='av-masonry-date meta-color updated'><\/span><span class=\"av-masonry-text-sep text-sep-author\">\/<\/span><span class='av-masonry-author meta-color vcard author'><span class='fn'>by <\/span><\/span><\/div><\/div><\/figcaption><\/figure><\/a><!--end av-masonry entry--><a href=\"https:\/\/casa.oaxaca.gob.mx\/?p=18567\" id='av-masonry-1-item-18567' data-av-masonry-item='18567' class='av-masonry-entry isotope-item post-18567 post type-post status-publish format-standard has-post-thumbnail hentry category-211 category-artes-visuales category-curaduria category-escritura category-iie-unam category-investigacion category-talleres all_sort 2026_sort  artes-visuales_sort  curaduria_sort  escritura_sort  iie-unam_sort  investigacion_sort  talleres_sort  av-masonry-item-with-image' title=\"Taller presencial. La radiograf\u00eda como t\u00e9cnica para el an\u00e1lisis de obra de arte. Imparte: Eumelia Hern\u00e1ndez V\u00e1zquez\"  itemscope=\"itemscope\" itemtype=\"https:\/\/schema.org\/CreativeWork\" ><div class='av-inner-masonry-sizer'><\/div><figure class='av-inner-masonry main_color'><div class=\"av-masonry-outerimage-container\"><div class=\"av-masonry-image-container\" style=\"background-image: url(https:\/\/casa.oaxaca.gob.mx\/wp-content\/uploads\/2026\/03\/La_radiografia_como_tecnica_para_el_analisis_de_obra_de_arte_abierta-705x484.jpg);\"><img decoding=\"async\" src=\"https:\/\/casa.oaxaca.gob.mx\/wp-content\/uploads\/2026\/03\/La_radiografia_como_tecnica_para_el_analisis_de_obra_de_arte_abierta-705x484.jpg\" title=\"La_radiografia_como_tecnica_para_el_analisis_de_obra_de_arte_abierta\" alt=\"\" \/><\/div><\/div><figcaption class='av-inner-masonry-content site-background'><div class='av-inner-masonry-content-pos'><div class='av-inner-masonry-content-pos-content'><div class='avia-arrow'><\/div><h3 class='av-masonry-entry-title entry-title'  itemprop=\"headline\" >Taller presencial. La radiograf\u00eda como t\u00e9cnica para el an\u00e1lisis de obra de arte. Imparte: Eumelia Hern\u00e1ndez V\u00e1zquez<\/h3><span class='av-masonry-date meta-color updated'><\/span><span class=\"av-masonry-text-sep text-sep-author\">\/<\/span><span class='av-masonry-author meta-color vcard author'><span class='fn'>by <\/span><\/span><\/div><\/div><\/figcaption><\/figure><\/a><!--end av-masonry entry--><a href=\"https:\/\/casa.oaxaca.gob.mx\/?p=18560\" id='av-masonry-1-item-18560' data-av-masonry-item='18560' class='av-masonry-entry isotope-item post-18560 post type-post status-publish format-standard has-post-thumbnail hentry category-211 category-artes-visuales category-curaduria category-escritura category-iie-unam category-investigacion category-talleres all_sort 2026_sort  artes-visuales_sort  curaduria_sort  escritura_sort  iie-unam_sort  investigacion_sort  talleres_sort  av-masonry-item-with-image' title=\"Ciclo de conferencias presenciales. La curadur\u00eda como intervenci\u00f3n. Una trayectoria curatorial en cuatro cap\u00edtulos. Imparte: Dr. Cuauht\u00e9moc Medina Gonz\u00e1lez.\"  itemscope=\"itemscope\" itemtype=\"https:\/\/schema.org\/CreativeWork\" ><div class='av-inner-masonry-sizer'><\/div><figure class='av-inner-masonry main_color'><div class=\"av-masonry-outerimage-container\"><div class=\"av-masonry-image-container\" style=\"background-image: url(https:\/\/casa.oaxaca.gob.mx\/wp-content\/uploads\/2026\/03\/La-curaduria-como-intervencion-cerrada-705x484.jpg);\"><img decoding=\"async\" src=\"https:\/\/casa.oaxaca.gob.mx\/wp-content\/uploads\/2026\/03\/La-curaduria-como-intervencion-cerrada-705x484.jpg\" title=\"La-curaduria-como-intervencion-cerrada\" alt=\"\" \/><\/div><\/div><figcaption class='av-inner-masonry-content site-background'><div class='av-inner-masonry-content-pos'><div class='av-inner-masonry-content-pos-content'><div class='avia-arrow'><\/div><h3 class='av-masonry-entry-title entry-title'  itemprop=\"headline\" >Ciclo de conferencias presenciales. La curadur\u00eda como intervenci\u00f3n. Una trayectoria curatorial en cuatro cap\u00edtulos. Imparte: Dr. Cuauht\u00e9moc Medina Gonz\u00e1lez.<\/h3><span class='av-masonry-date meta-color updated'><\/span><span class=\"av-masonry-text-sep text-sep-author\">\/<\/span><span class='av-masonry-author meta-color vcard author'><span class='fn'>by <\/span><\/span><\/div><\/div><\/figcaption><\/figure><\/a><!--end av-masonry entry--><a href=\"https:\/\/casa.oaxaca.gob.mx\/?p=18536\" id='av-masonry-1-item-18536' data-av-masonry-item='18536' class='av-masonry-entry isotope-item post-18536 post type-post status-publish format-standard has-post-thumbnail hentry category-211 category-artes-visuales category-colaboraciones category-curaduria category-escritura category-iie-unam category-investigacion category-talleres all_sort 2026_sort  artes-visuales_sort  colaboraciones_sort  curaduria_sort  escritura_sort  iie-unam_sort  investigacion_sort  talleres_sort  av-masonry-item-with-image' title=\"Taller presencial. Soberan\u00edas entre par\u00e9ntesis. Territorio y espacio en pr\u00e1cticas curatoriales contempor\u00e1neas. Imparte: Julio Garc\u00eda Murillo.\"  itemscope=\"itemscope\" itemtype=\"https:\/\/schema.org\/CreativeWork\" ><div class='av-inner-masonry-sizer'><\/div><figure class='av-inner-masonry main_color'><div class=\"av-masonry-outerimage-container\"><div class=\"av-masonry-image-container\" style=\"background-image: url(https:\/\/casa.oaxaca.gob.mx\/wp-content\/uploads\/2026\/03\/Soberanias-entre-parentesis-cerrada-705x484.jpg);\"><img decoding=\"async\" src=\"https:\/\/casa.oaxaca.gob.mx\/wp-content\/uploads\/2026\/03\/Soberanias-entre-parentesis-cerrada-705x484.jpg\" title=\"Soberanias-entre-parentesis-cerrada\" alt=\"\" \/><\/div><\/div><figcaption class='av-inner-masonry-content site-background'><div class='av-inner-masonry-content-pos'><div class='av-inner-masonry-content-pos-content'><div class='avia-arrow'><\/div><h3 class='av-masonry-entry-title entry-title'  itemprop=\"headline\" >Taller presencial. Soberan\u00edas entre par\u00e9ntesis. Territorio y espacio en pr\u00e1cticas curatoriales contempor\u00e1neas. Imparte: Julio Garc\u00eda Murillo.<\/h3><span class='av-masonry-date meta-color updated'><\/span><span class=\"av-masonry-text-sep text-sep-author\">\/<\/span><span class='av-masonry-author meta-color vcard author'><span class='fn'>by <\/span><\/span><\/div><\/div><\/figcaption><\/figure><\/a><!--end av-masonry entry--><a href=\"https:\/\/casa.oaxaca.gob.mx\/?p=18521\" id='av-masonry-1-item-18521' data-av-masonry-item='18521' class='av-masonry-entry isotope-item post-18521 post type-post status-publish format-standard has-post-thumbnail hentry category-211 category-dibujo category-grabado category-talleres all_sort 2026_sort  dibujo_sort  grabado_sort  talleres_sort  av-masonry-item-with-image' title=\"Taller presencial. Portafolio, gesti\u00f3n de proyectos y comercializaci\u00f3n de obra en la gr\u00e1fica. Imparte: Soledad V\u00e1zquez.\"  itemscope=\"itemscope\" itemtype=\"https:\/\/schema.org\/CreativeWork\" ><div class='av-inner-masonry-sizer'><\/div><figure class='av-inner-masonry main_color'><div class=\"av-masonry-outerimage-container\"><div class=\"av-masonry-image-container\" style=\"background-image: url(https:\/\/casa.oaxaca.gob.mx\/wp-content\/uploads\/2026\/03\/Procesos-3-705x529.jpg);\"><img decoding=\"async\" src=\"https:\/\/casa.oaxaca.gob.mx\/wp-content\/uploads\/2026\/03\/Procesos-3-705x529.jpg\" title=\"Procesos 3\" alt=\"\" \/><\/div><\/div><figcaption class='av-inner-masonry-content site-background'><div class='av-inner-masonry-content-pos'><div class='av-inner-masonry-content-pos-content'><div class='avia-arrow'><\/div><h3 class='av-masonry-entry-title entry-title'  itemprop=\"headline\" >Taller presencial. Portafolio, gesti\u00f3n de proyectos y comercializaci\u00f3n de obra en la gr\u00e1fica. Imparte: Soledad V\u00e1zquez.<\/h3><span class='av-masonry-date meta-color updated'><\/span><span class=\"av-masonry-text-sep text-sep-author\">\/<\/span><span class='av-masonry-author meta-color vcard author'><span class='fn'>by <\/span><\/span><\/div><\/div><\/figcaption><\/figure><\/a><!--end av-masonry entry--><a href=\"https:\/\/casa.oaxaca.gob.mx\/?p=18514\" id='av-masonry-1-item-18514' data-av-masonry-item='18514' class='av-masonry-entry isotope-item post-18514 post type-post status-publish format-standard has-post-thumbnail hentry category-211 category-dibujo category-grabado category-talleres all_sort 2026_sort  dibujo_sort  grabado_sort  talleres_sort  av-masonry-item-with-image' title=\"Taller presencial. Exploraci\u00f3n gr\u00e1fica: colograf\u00eda y textura. Imparte: Soledad V\u00e1zquez.\"  itemscope=\"itemscope\" itemtype=\"https:\/\/schema.org\/CreativeWork\" ><div class='av-inner-masonry-sizer'><\/div><figure class='av-inner-masonry main_color'><div class=\"av-masonry-outerimage-container\"><div class=\"av-masonry-image-container\" style=\"background-image: url(https:\/\/casa.oaxaca.gob.mx\/wp-content\/uploads\/2026\/03\/Placa-colografA\u00ada-705x705.jpg);\"><img decoding=\"async\" src=\"https:\/\/casa.oaxaca.gob.mx\/wp-content\/uploads\/2026\/03\/Placa-colografA\u00ada-705x705.jpg\" title=\"Placa colograf\u00c3\u00ada\" alt=\"\" \/><\/div><\/div><figcaption class='av-inner-masonry-content site-background'><div class='av-inner-masonry-content-pos'><div class='av-inner-masonry-content-pos-content'><div class='avia-arrow'><\/div><h3 class='av-masonry-entry-title entry-title'  itemprop=\"headline\" >Taller presencial. Exploraci\u00f3n gr\u00e1fica: colograf\u00eda y textura. Imparte: Soledad V\u00e1zquez.<\/h3><span class='av-masonry-date meta-color updated'><\/span><span class=\"av-masonry-text-sep text-sep-author\">\/<\/span><span class='av-masonry-author meta-color vcard author'><span class='fn'>by <\/span><\/span><\/div><\/div><\/figcaption><\/figure><\/a><!--end av-masonry entry--><a href=\"https:\/\/casa.oaxaca.gob.mx\/?p=18510\" id='av-masonry-1-item-18510' data-av-masonry-item='18510' class='av-masonry-entry isotope-item post-18510 post type-post status-publish format-standard has-post-thumbnail hentry category-211 category-dibujo category-grabado category-talleres all_sort 2026_sort  dibujo_sort  grabado_sort  talleres_sort  av-masonry-item-with-image' title=\"Taller presencial. Iniciaci\u00f3n al grabado en metal con soluci\u00f3n salina. Imparte: Jonathan Reyes\"  itemscope=\"itemscope\" itemtype=\"https:\/\/schema.org\/CreativeWork\" ><div class='av-inner-masonry-sizer'><\/div><figure class='av-inner-masonry main_color'><div class=\"av-masonry-outerimage-container\"><div class=\"av-masonry-image-container\" style=\"background-image: url(https:\/\/casa.oaxaca.gob.mx\/wp-content\/uploads\/2026\/03\/1000010697-705x705.jpg);\"><img decoding=\"async\" src=\"https:\/\/casa.oaxaca.gob.mx\/wp-content\/uploads\/2026\/03\/1000010697-705x705.jpg\" title=\"1000010697\" alt=\"\" \/><\/div><\/div><figcaption class='av-inner-masonry-content site-background'><div class='av-inner-masonry-content-pos'><div class='av-inner-masonry-content-pos-content'><div class='avia-arrow'><\/div><h3 class='av-masonry-entry-title entry-title'  itemprop=\"headline\" >Taller presencial. Iniciaci\u00f3n al grabado en metal con soluci\u00f3n salina. Imparte: Jonathan Reyes<\/h3><span class='av-masonry-date meta-color updated'><\/span><span class=\"av-masonry-text-sep text-sep-author\">\/<\/span><span class='av-masonry-author meta-color vcard author'><span class='fn'>by <\/span><\/span><\/div><\/div><\/figcaption><\/figure><\/a><!--end av-masonry entry--><a href=\"https:\/\/casa.oaxaca.gob.mx\/?p=18506\" id='av-masonry-1-item-18506' data-av-masonry-item='18506' class='av-masonry-entry isotope-item post-18506 post type-post status-publish format-standard has-post-thumbnail hentry category-211 category-dibujo category-grabado category-talleres all_sort 2026_sort  dibujo_sort  grabado_sort  talleres_sort  av-masonry-item-with-image' title=\"Taller presencial. Iniciaci\u00f3n al grabado directo con punta seca. Imparte: Jonathan Reyes\"  itemscope=\"itemscope\" itemtype=\"https:\/\/schema.org\/CreativeWork\" ><div class='av-inner-masonry-sizer'><\/div><figure class='av-inner-masonry main_color'><div class=\"av-masonry-outerimage-container\"><div class=\"av-masonry-image-container\" style=\"background-image: url(https:\/\/casa.oaxaca.gob.mx\/wp-content\/uploads\/2026\/03\/IMG-20260226-WA0005-01-541x705.jpeg);\"><img decoding=\"async\" src=\"https:\/\/casa.oaxaca.gob.mx\/wp-content\/uploads\/2026\/03\/IMG-20260226-WA0005-01-541x705.jpeg\" title=\"IMG-20260226-WA0005-01\" alt=\"\" \/><\/div><\/div><figcaption class='av-inner-masonry-content site-background'><div class='av-inner-masonry-content-pos'><div class='av-inner-masonry-content-pos-content'><div class='avia-arrow'><\/div><h3 class='av-masonry-entry-title entry-title'  itemprop=\"headline\" >Taller presencial. Iniciaci\u00f3n al grabado directo con punta seca. Imparte: Jonathan Reyes<\/h3><span class='av-masonry-date meta-color updated'><\/span><span class=\"av-masonry-text-sep text-sep-author\">\/<\/span><span class='av-masonry-author meta-color vcard author'><span class='fn'>by <\/span><\/span><\/div><\/div><\/figcaption><\/figure><\/a><!--end av-masonry entry--><a href=\"https:\/\/casa.oaxaca.gob.mx\/?p=18502\" id='av-masonry-1-item-18502' data-av-masonry-item='18502' class='av-masonry-entry isotope-item post-18502 post type-post status-publish format-standard has-post-thumbnail hentry category-211 category-dibujo category-grabado category-talleres all_sort 2026_sort  dibujo_sort  grabado_sort  talleres_sort  av-masonry-item-with-image' title=\"Taller presencial. Iniciaci\u00f3n al Lin\u00f3leo. Imparte: Marco Canseco\"  itemscope=\"itemscope\" itemtype=\"https:\/\/schema.org\/CreativeWork\" ><div class='av-inner-masonry-sizer'><\/div><figure class='av-inner-masonry main_color'><div class=\"av-masonry-outerimage-container\"><div class=\"av-masonry-image-container\" style=\"background-image: url(https:\/\/casa.oaxaca.gob.mx\/wp-content\/uploads\/2026\/03\/20251215_133934-1-529x705.jpg);\"><img decoding=\"async\" src=\"https:\/\/casa.oaxaca.gob.mx\/wp-content\/uploads\/2026\/03\/20251215_133934-1-529x705.jpg\" title=\"20251215_133934 (1)\" alt=\"\" \/><\/div><\/div><figcaption class='av-inner-masonry-content site-background'><div class='av-inner-masonry-content-pos'><div class='av-inner-masonry-content-pos-content'><div class='avia-arrow'><\/div><h3 class='av-masonry-entry-title entry-title'  itemprop=\"headline\" >Taller presencial. Iniciaci\u00f3n al Lin\u00f3leo. Imparte: Marco Canseco<\/h3><span class='av-masonry-date meta-color updated'><\/span><span class=\"av-masonry-text-sep text-sep-author\">\/<\/span><span class='av-masonry-author meta-color vcard author'><span class='fn'>by <\/span><\/span><\/div><\/div><\/figcaption><\/figure><\/a><!--end av-masonry entry--><a href=\"https:\/\/casa.oaxaca.gob.mx\/?p=18498\" id='av-masonry-1-item-18498' data-av-masonry-item='18498' class='av-masonry-entry isotope-item post-18498 post type-post status-publish format-standard has-post-thumbnail hentry category-211 category-dibujo category-grabado category-talleres all_sort 2026_sort  dibujo_sort  grabado_sort  talleres_sort  av-masonry-item-with-image' title=\"Taller presencial. Iniciaci\u00f3n a la Xilograf\u00eda. Imparte: Marco Canseco\"  itemscope=\"itemscope\" itemtype=\"https:\/\/schema.org\/CreativeWork\" ><div class='av-inner-masonry-sizer'><\/div><figure class='av-inner-masonry main_color'><div class=\"av-masonry-outerimage-container\"><div class=\"av-masonry-image-container\" style=\"background-image: url(https:\/\/casa.oaxaca.gob.mx\/wp-content\/uploads\/2026\/03\/IMG-20251215-WA0008-529x705.jpg);\"><img decoding=\"async\" src=\"https:\/\/casa.oaxaca.gob.mx\/wp-content\/uploads\/2026\/03\/IMG-20251215-WA0008-529x705.jpg\" title=\"IMG-20251215-WA0008\" alt=\"\" \/><\/div><\/div><figcaption class='av-inner-masonry-content site-background'><div class='av-inner-masonry-content-pos'><div class='av-inner-masonry-content-pos-content'><div class='avia-arrow'><\/div><h3 class='av-masonry-entry-title entry-title'  itemprop=\"headline\" >Taller presencial. Iniciaci\u00f3n a la Xilograf\u00eda. Imparte: Marco Canseco<\/h3><span class='av-masonry-date meta-color updated'><\/span><span class=\"av-masonry-text-sep text-sep-author\">\/<\/span><span class='av-masonry-author meta-color vcard author'><span class='fn'>by <\/span><\/span><\/div><\/div><\/figcaption><\/figure><\/a><!--end av-masonry entry--><a href=\"https:\/\/casa.oaxaca.gob.mx\/?p=18494\" id='av-masonry-1-item-18494' data-av-masonry-item='18494' class='av-masonry-entry isotope-item post-18494 post type-post status-publish format-standard has-post-thumbnail hentry category-211 category-dibujo category-talleres all_sort 2026_sort  dibujo_sort  talleres_sort  av-masonry-item-with-image' title=\"Taller presencial. Dibujo de observaci\u00f3n al aire libre. Imparte: V\u00edctor Lucero\"  itemscope=\"itemscope\" itemtype=\"https:\/\/schema.org\/CreativeWork\" ><div class='av-inner-masonry-sizer'><\/div><figure class='av-inner-masonry main_color'><div class=\"av-masonry-outerimage-container\"><div class=\"av-masonry-image-container\" style=\"background-image: url(https:\/\/casa.oaxaca.gob.mx\/wp-content\/uploads\/2026\/03\/f9e0ef31-915c-404b-a5e1-1413e698939b-529x705.jpg);\"><img decoding=\"async\" src=\"https:\/\/casa.oaxaca.gob.mx\/wp-content\/uploads\/2026\/03\/f9e0ef31-915c-404b-a5e1-1413e698939b-529x705.jpg\" title=\"f9e0ef31-915c-404b-a5e1-1413e698939b\" alt=\"\" \/><\/div><\/div><figcaption class='av-inner-masonry-content site-background'><div class='av-inner-masonry-content-pos'><div class='av-inner-masonry-content-pos-content'><div class='avia-arrow'><\/div><h3 class='av-masonry-entry-title entry-title'  itemprop=\"headline\" >Taller presencial. Dibujo de observaci\u00f3n al aire libre. Imparte: V\u00edctor Lucero<\/h3><span class='av-masonry-date meta-color updated'><\/span><span class=\"av-masonry-text-sep text-sep-author\">\/<\/span><span class='av-masonry-author meta-color vcard author'><span class='fn'>by <\/span><\/span><\/div><\/div><\/figcaption><\/figure><\/a><!--end av-masonry entry--><a href=\"https:\/\/casa.oaxaca.gob.mx\/?p=18490\" id='av-masonry-1-item-18490' data-av-masonry-item='18490' class='av-masonry-entry isotope-item post-18490 post type-post status-publish format-standard has-post-thumbnail hentry category-211 category-talleres category-tecnicas-tradicionales all_sort 2026_sort  talleres_sort  tecnicas-tradicionales_sort  av-masonry-item-with-image' title=\"Taller presencial. Arte en Barro. Imparte: Lorena Velasco\"  itemscope=\"itemscope\" itemtype=\"https:\/\/schema.org\/CreativeWork\" ><div class='av-inner-masonry-sizer'><\/div><figure class='av-inner-masonry main_color'><div class=\"av-masonry-outerimage-container\"><div class=\"av-masonry-image-container\" style=\"background-image: url(https:\/\/casa.oaxaca.gob.mx\/wp-content\/uploads\/2026\/03\/IG01_Arte-en-barro_Lorena-Velasco-564x705.jpg);\"><img decoding=\"async\" src=\"https:\/\/casa.oaxaca.gob.mx\/wp-content\/uploads\/2026\/03\/IG01_Arte-en-barro_Lorena-Velasco-564x705.jpg\" title=\"IG01_Arte en barro_Lorena Velasco\" alt=\"\" \/><\/div><\/div><figcaption class='av-inner-masonry-content site-background'><div class='av-inner-masonry-content-pos'><div class='av-inner-masonry-content-pos-content'><div class='avia-arrow'><\/div><h3 class='av-masonry-entry-title entry-title'  itemprop=\"headline\" >Taller presencial. Arte en Barro. Imparte: Lorena Velasco<\/h3><span class='av-masonry-date meta-color updated'><\/span><span class=\"av-masonry-text-sep text-sep-author\">\/<\/span><span class='av-masonry-author meta-color vcard author'><span class='fn'>by <\/span><\/span><\/div><\/div><\/figcaption><\/figure><\/a><!--end av-masonry entry--><a href=\"https:\/\/casa.oaxaca.gob.mx\/?p=18486\" id='av-masonry-1-item-18486' data-av-masonry-item='18486' class='av-masonry-entry isotope-item post-18486 post type-post status-publish format-standard has-post-thumbnail hentry category-211 category-talleres category-tecnicas-tradicionales all_sort 2026_sort  talleres_sort  tecnicas-tradicionales_sort  av-masonry-item-with-image' title=\"Taller presencial. Cester\u00eda nudo mixteco. Imparte: Abel L\u00f3pez Diego\"  itemscope=\"itemscope\" itemtype=\"https:\/\/schema.org\/CreativeWork\" ><div class='av-inner-masonry-sizer'><\/div><figure class='av-inner-masonry main_color'><div class=\"av-masonry-outerimage-container\"><div class=\"av-masonry-image-container\" style=\"background-image: url(https:\/\/casa.oaxaca.gob.mx\/wp-content\/uploads\/2026\/03\/Cesteria-nudo-mixteco_IG01-564x705.jpg);\"><img decoding=\"async\" src=\"https:\/\/casa.oaxaca.gob.mx\/wp-content\/uploads\/2026\/03\/Cesteria-nudo-mixteco_IG01-564x705.jpg\" title=\"Cester\u00eda nudo mixteco_IG01\" alt=\"\" \/><\/div><\/div><figcaption class='av-inner-masonry-content site-background'><div class='av-inner-masonry-content-pos'><div class='av-inner-masonry-content-pos-content'><div class='avia-arrow'><\/div><h3 class='av-masonry-entry-title entry-title'  itemprop=\"headline\" >Taller presencial. Cester\u00eda nudo mixteco. Imparte: Abel L\u00f3pez Diego<\/h3><span class='av-masonry-date meta-color updated'><\/span><span class=\"av-masonry-text-sep text-sep-author\">\/<\/span><span class='av-masonry-author meta-color vcard author'><span class='fn'>by <\/span><\/span><\/div><\/div><\/figcaption><\/figure><\/a><!--end av-masonry entry--><a href=\"https:\/\/casa.oaxaca.gob.mx\/?p=18482\" id='av-masonry-1-item-18482' data-av-masonry-item='18482' class='av-masonry-entry isotope-item post-18482 post type-post status-publish format-standard has-post-thumbnail hentry category-211 category-fotografia category-multimedia category-talleres all_sort 2026_sort  fotografia_sort  multimedia_sort  talleres_sort  av-masonry-item-with-image' title=\"Taller presencial. Fragmentando la mirada. Imparte: Santiago Bola\u00f1os\"  itemscope=\"itemscope\" itemtype=\"https:\/\/schema.org\/CreativeWork\" ><div class='av-inner-masonry-sizer'><\/div><figure class='av-inner-masonry main_color'><div class=\"av-masonry-outerimage-container\"><div class=\"av-masonry-image-container\" style=\"background-image: url(https:\/\/casa.oaxaca.gob.mx\/wp-content\/uploads\/2026\/03\/CASA-SANTIAGO-BOLANI\u0083OS8-705x470.jpg);\"><img decoding=\"async\" src=\"https:\/\/casa.oaxaca.gob.mx\/wp-content\/uploads\/2026\/03\/CASA-SANTIAGO-BOLANI\u0083OS8-705x470.jpg\" title=\"CASA &#8211; SANTIAGO BOLAN\u00cc\u0083OS8\" alt=\"\" \/><\/div><\/div><figcaption class='av-inner-masonry-content site-background'><div class='av-inner-masonry-content-pos'><div class='av-inner-masonry-content-pos-content'><div class='avia-arrow'><\/div><h3 class='av-masonry-entry-title entry-title'  itemprop=\"headline\" >Taller presencial. Fragmentando la mirada. Imparte: Santiago Bola\u00f1os<\/h3><span class='av-masonry-date meta-color updated'><\/span><span class=\"av-masonry-text-sep text-sep-author\">\/<\/span><span class='av-masonry-author meta-color vcard author'><span class='fn'>by <\/span><\/span><\/div><\/div><\/figcaption><\/figure><\/a><!--end av-masonry entry--><a href=\"https:\/\/casa.oaxaca.gob.mx\/?p=18478\" id='av-masonry-1-item-18478' data-av-masonry-item='18478' class='av-masonry-entry isotope-item post-18478 post type-post status-publish format-standard has-post-thumbnail hentry category-211 category-convocatorias all_sort 2026_sort  convocatorias_sort  av-masonry-item-with-image' title=\"Concurso de dise\u00f1o de balones\"  itemscope=\"itemscope\" itemtype=\"https:\/\/schema.org\/CreativeWork\" ><div class='av-inner-masonry-sizer'><\/div><figure class='av-inner-masonry main_color'><div class=\"av-masonry-outerimage-container\"><div class=\"av-masonry-image-container\" style=\"background-image: url(https:\/\/casa.oaxaca.gob.mx\/wp-content\/uploads\/2026\/03\/MINIATURA-BALONES-CERRADA-705x484.jpg);\"><img decoding=\"async\" src=\"https:\/\/casa.oaxaca.gob.mx\/wp-content\/uploads\/2026\/03\/MINIATURA-BALONES-CERRADA-705x484.jpg\" title=\"MINIATURA-BALONES-CERRADA\" alt=\"\" \/><\/div><\/div><figcaption class='av-inner-masonry-content site-background'><div class='av-inner-masonry-content-pos'><div class='av-inner-masonry-content-pos-content'><div class='avia-arrow'><\/div><h3 class='av-masonry-entry-title entry-title'  itemprop=\"headline\" >Concurso de dise\u00f1o de balones<\/h3><span class='av-masonry-date meta-color updated'><\/span><span class=\"av-masonry-text-sep text-sep-author\">\/<\/span><span class='av-masonry-author meta-color vcard author'><span class='fn'>by <\/span><\/span><\/div><\/div><\/figcaption><\/figure><\/a><!--end av-masonry entry--><a href=\"https:\/\/casa.oaxaca.gob.mx\/?p=18466\" id='av-masonry-1-item-18466' data-av-masonry-item='18466' class='av-masonry-entry isotope-item post-18466 post type-post status-publish format-standard has-post-thumbnail hentry category-211 category-convocatorias all_sort 2026_sort  convocatorias_sort  av-masonry-item-with-image' title=\"Concurso de dise\u00f1o de calcetas deportivas\"  itemscope=\"itemscope\" itemtype=\"https:\/\/schema.org\/CreativeWork\" ><div class='av-inner-masonry-sizer'><\/div><figure class='av-inner-masonry main_color'><div class=\"av-masonry-outerimage-container\"><div class=\"av-masonry-image-container\" style=\"background-image: url(https:\/\/casa.oaxaca.gob.mx\/wp-content\/uploads\/2026\/03\/MINIATURA-CALCETAS-CERRADA-705x484.jpg);\"><img decoding=\"async\" src=\"https:\/\/casa.oaxaca.gob.mx\/wp-content\/uploads\/2026\/03\/MINIATURA-CALCETAS-CERRADA-705x484.jpg\" title=\"MINIATURA-CALCETAS-CERRADA\" alt=\"\" \/><\/div><\/div><figcaption class='av-inner-masonry-content site-background'><div class='av-inner-masonry-content-pos'><div class='av-inner-masonry-content-pos-content'><div class='avia-arrow'><\/div><h3 class='av-masonry-entry-title entry-title'  itemprop=\"headline\" >Concurso de dise\u00f1o de calcetas deportivas<\/h3><span class='av-masonry-date meta-color updated'><\/span><span class=\"av-masonry-text-sep text-sep-author\">\/<\/span><span class='av-masonry-author meta-color vcard author'><span class='fn'>by <\/span><\/span><\/div><\/div><\/figcaption><\/figure><\/a><!--end av-masonry entry--><a href=\"https:\/\/casa.oaxaca.gob.mx\/?p=18460\" id='av-masonry-1-item-18460' data-av-masonry-item='18460' class='av-masonry-entry isotope-item post-18460 post type-post status-publish format-standard has-post-thumbnail hentry category-exposiciones all_sort exposiciones_sort  av-masonry-item-with-image' title=\"Exposici\u00f3n. &#8220;Hacer Memoria(s). Fotograf\u00eda period\u00edstica y documental en Oaxaca&#8221;\"  itemscope=\"itemscope\" itemtype=\"https:\/\/schema.org\/CreativeWork\" ><div class='av-inner-masonry-sizer'><\/div><figure class='av-inner-masonry main_color'><div class=\"av-masonry-outerimage-container\"><div class=\"av-masonry-image-container\" style=\"background-image: url(https:\/\/casa.oaxaca.gob.mx\/wp-content\/uploads\/2026\/03\/Hacer-memorias-564x705.jpg);\"><img decoding=\"async\" src=\"https:\/\/casa.oaxaca.gob.mx\/wp-content\/uploads\/2026\/03\/Hacer-memorias-564x705.jpg\" title=\"Hacer-memoria(s)\" alt=\"\" \/><\/div><\/div><figcaption class='av-inner-masonry-content site-background'><div class='av-inner-masonry-content-pos'><div class='av-inner-masonry-content-pos-content'><div class='avia-arrow'><\/div><h3 class='av-masonry-entry-title entry-title'  itemprop=\"headline\" >Exposici\u00f3n. &#8220;Hacer Memoria(s). Fotograf\u00eda period\u00edstica y documental en Oaxaca&#8221;<\/h3><span class='av-masonry-date meta-color updated'><\/span><span class=\"av-masonry-text-sep text-sep-author\">\/<\/span><span class='av-masonry-author meta-color vcard author'><span class='fn'>by <\/span><\/span><\/div><\/div><\/figcaption><\/figure><\/a><!--end av-masonry entry--><a href=\"https:\/\/casa.oaxaca.gob.mx\/?p=18457\" id='av-masonry-1-item-18457' data-av-masonry-item='18457' class='av-masonry-entry isotope-item post-18457 post type-post status-publish format-standard has-post-thumbnail hentry category-211 category-diseno-editorial category-escritura category-fotografia category-talleres all_sort 2026_sort  diseno-editorial_sort  escritura_sort  fotografia_sort  talleres_sort  av-masonry-item-with-image' title=\"Taller presencial. Portafolio, gesti\u00f3n de proyectos y comercializaci\u00f3n de obra en la fotograf\u00eda. Imparte: V\u00edctor Mortales\"  itemscope=\"itemscope\" itemtype=\"https:\/\/schema.org\/CreativeWork\" ><div class='av-inner-masonry-sizer'><\/div><figure class='av-inner-masonry main_color'><div class=\"av-masonry-outerimage-container\"><div class=\"av-masonry-image-container\" style=\"background-image: url(https:\/\/casa.oaxaca.gob.mx\/wp-content\/uploads\/2026\/03\/nivivee_01-705x470.jpeg);\"><img decoding=\"async\" src=\"https:\/\/casa.oaxaca.gob.mx\/wp-content\/uploads\/2026\/03\/nivivee_01-705x470.jpeg\" title=\"nivivee_01\" alt=\"\" \/><\/div><\/div><figcaption class='av-inner-masonry-content site-background'><div class='av-inner-masonry-content-pos'><div class='av-inner-masonry-content-pos-content'><div class='avia-arrow'><\/div><h3 class='av-masonry-entry-title entry-title'  itemprop=\"headline\" >Taller presencial. Portafolio, gesti\u00f3n de proyectos y comercializaci\u00f3n de obra en la fotograf\u00eda. Imparte: V\u00edctor Mortales<\/h3><span class='av-masonry-date meta-color updated'><\/span><span class=\"av-masonry-text-sep text-sep-author\">\/<\/span><span class='av-masonry-author meta-color vcard author'><span class='fn'>by <\/span><\/span><\/div><\/div><\/figcaption><\/figure><\/a><!--end av-masonry entry--><a href=\"https:\/\/casa.oaxaca.gob.mx\/?p=18453\" id='av-masonry-1-item-18453' data-av-masonry-item='18453' class='av-masonry-entry isotope-item post-18453 post type-post status-publish format-standard has-post-thumbnail hentry category-211 category-diseno-editorial category-escritura category-fotografia category-talleres all_sort 2026_sort  diseno-editorial_sort  escritura_sort  fotografia_sort  talleres_sort  av-masonry-item-with-image' title=\"Taller presencial. Memoria y exploraci\u00f3n fotogr\u00e1fica. Imparte: V\u00edctor Mortales\"  itemscope=\"itemscope\" itemtype=\"https:\/\/schema.org\/CreativeWork\" ><div class='av-inner-masonry-sizer'><\/div><figure class='av-inner-masonry main_color'><div class=\"av-masonry-outerimage-container\"><div class=\"av-masonry-image-container\" style=\"background-image: url(https:\/\/casa.oaxaca.gob.mx\/wp-content\/uploads\/2026\/03\/alta_lotescentricos_09_-705x456.jpeg);\"><img decoding=\"async\" src=\"https:\/\/casa.oaxaca.gob.mx\/wp-content\/uploads\/2026\/03\/alta_lotescentricos_09_-705x456.jpeg\" title=\"alta_lotescentricos_09_\" alt=\"\" \/><\/div><\/div><figcaption class='av-inner-masonry-content site-background'><div class='av-inner-masonry-content-pos'><div class='av-inner-masonry-content-pos-content'><div class='avia-arrow'><\/div><h3 class='av-masonry-entry-title entry-title'  itemprop=\"headline\" >Taller presencial. Memoria y exploraci\u00f3n fotogr\u00e1fica. Imparte: V\u00edctor Mortales<\/h3><span class='av-masonry-date meta-color updated'><\/span><span class=\"av-masonry-text-sep text-sep-author\">\/<\/span><span class='av-masonry-author meta-color vcard author'><span class='fn'>by <\/span><\/span><\/div><\/div><\/figcaption><\/figure><\/a><!--end av-masonry entry--><a href=\"https:\/\/casa.oaxaca.gob.mx\/?p=18449\" id='av-masonry-1-item-18449' data-av-masonry-item='18449' class='av-masonry-entry isotope-item post-18449 post type-post status-publish format-standard has-post-thumbnail hentry category-211 category-diseno-editorial category-fotografia category-talleres all_sort 2026_sort  diseno-editorial_sort  fotografia_sort  talleres_sort  av-masonry-item-with-image' title=\"Taller presencial. El dise\u00f1o en la Fotograf\u00eda. Imparte: Alejandra Hugues\"  itemscope=\"itemscope\" itemtype=\"https:\/\/schema.org\/CreativeWork\" ><div class='av-inner-masonry-sizer'><\/div><figure class='av-inner-masonry main_color'><div class=\"av-masonry-outerimage-container\"><div class=\"av-masonry-image-container\" style=\"background-image: url(https:\/\/casa.oaxaca.gob.mx\/wp-content\/uploads\/2026\/03\/doble3-705x529.jpg);\"><img decoding=\"async\" src=\"https:\/\/casa.oaxaca.gob.mx\/wp-content\/uploads\/2026\/03\/doble3-705x529.jpg\" title=\"Mockups Design\" alt=\"\" \/><\/div><\/div><figcaption class='av-inner-masonry-content site-background'><div class='av-inner-masonry-content-pos'><div class='av-inner-masonry-content-pos-content'><div class='avia-arrow'><\/div><h3 class='av-masonry-entry-title entry-title'  itemprop=\"headline\" >Taller presencial. El dise\u00f1o en la Fotograf\u00eda. Imparte: Alejandra Hugues<\/h3><span class='av-masonry-date meta-color updated'><\/span><span class=\"av-masonry-text-sep text-sep-author\">\/<\/span><span class='av-masonry-author meta-color vcard author'><span class='fn'>by <\/span><\/span><\/div><\/div><\/figcaption><\/figure><\/a><!--end av-masonry entry--><a href=\"https:\/\/casa.oaxaca.gob.mx\/?p=18445\" id='av-masonry-1-item-18445' data-av-masonry-item='18445' class='av-masonry-entry isotope-item post-18445 post type-post status-publish format-standard has-post-thumbnail hentry category-211 category-bordado category-fotografia category-talleres all_sort 2026_sort  bordado_sort  fotografia_sort  talleres_sort  av-masonry-item-with-image' title=\"Taller presencial. Foto Bordado. Imparte: Alejandra Hugues\"  itemscope=\"itemscope\" itemtype=\"https:\/\/schema.org\/CreativeWork\" ><div class='av-inner-masonry-sizer'><\/div><figure class='av-inner-masonry main_color'><div class=\"av-masonry-outerimage-container\"><div class=\"av-masonry-image-container\" style=\"background-image: url(https:\/\/casa.oaxaca.gob.mx\/wp-content\/uploads\/2026\/03\/IMG_0002-705x457.jpg);\"><img decoding=\"async\" src=\"https:\/\/casa.oaxaca.gob.mx\/wp-content\/uploads\/2026\/03\/IMG_0002-705x457.jpg\" title=\"IMG_0002\" alt=\"\" \/><\/div><\/div><figcaption class='av-inner-masonry-content site-background'><div class='av-inner-masonry-content-pos'><div class='av-inner-masonry-content-pos-content'><div class='avia-arrow'><\/div><h3 class='av-masonry-entry-title entry-title'  itemprop=\"headline\" >Taller presencial. Foto Bordado. Imparte: Alejandra Hugues<\/h3><span class='av-masonry-date meta-color updated'><\/span><span class=\"av-masonry-text-sep text-sep-author\">\/<\/span><span class='av-masonry-author meta-color vcard author'><span class='fn'>by <\/span><\/span><\/div><\/div><\/figcaption><\/figure><\/a><!--end av-masonry entry--><a href=\"https:\/\/casa.oaxaca.gob.mx\/?p=18439\" id='av-masonry-1-item-18439' data-av-masonry-item='18439' class='av-masonry-entry isotope-item post-18439 post type-post status-publish format-standard has-post-thumbnail hentry category-211 category-fotografia category-talleres all_sort 2026_sort  fotografia_sort  talleres_sort  av-masonry-item-with-image' title=\"Taller presencial. Revelado Digital en Lightroom Classic. Imparte: Jes\u00fas R. Ortiz.\"  itemscope=\"itemscope\" itemtype=\"https:\/\/schema.org\/CreativeWork\" ><div class='av-inner-masonry-sizer'><\/div><figure class='av-inner-masonry main_color'><div class=\"av-masonry-outerimage-container\"><div class=\"av-masonry-image-container\" style=\"background-image: url(https:\/\/casa.oaxaca.gob.mx\/wp-content\/uploads\/2026\/03\/Libelula_Stacking-1-705x470.jpg);\"><img decoding=\"async\" src=\"https:\/\/casa.oaxaca.gob.mx\/wp-content\/uploads\/2026\/03\/Libelula_Stacking-1-705x470.jpg\" title=\"Libelula_Stacking-1\" alt=\"\" \/><\/div><\/div><figcaption class='av-inner-masonry-content site-background'><div class='av-inner-masonry-content-pos'><div class='av-inner-masonry-content-pos-content'><div class='avia-arrow'><\/div><h3 class='av-masonry-entry-title entry-title'  itemprop=\"headline\" >Taller presencial. Revelado Digital en Lightroom Classic. Imparte: Jes\u00fas R. Ortiz.<\/h3><span class='av-masonry-date meta-color updated'><\/span><span class=\"av-masonry-text-sep text-sep-author\">\/<\/span><span class='av-masonry-author meta-color vcard author'><span class='fn'>by <\/span><\/span><\/div><\/div><\/figcaption><\/figure><\/a><!--end av-masonry entry--><a href=\"https:\/\/casa.oaxaca.gob.mx\/?p=18435\" id='av-masonry-1-item-18435' data-av-masonry-item='18435' class='av-masonry-entry isotope-item post-18435 post type-post status-publish format-standard has-post-thumbnail hentry category-211 category-fotografia category-talleres all_sort 2026_sort  fotografia_sort  talleres_sort  av-masonry-item-with-image' title=\"Taller presencial. Introducci\u00f3n a la Fotograf\u00eda Digital. Imparte: Jes\u00fas R. Ortiz.\"  itemscope=\"itemscope\" itemtype=\"https:\/\/schema.org\/CreativeWork\" ><div class='av-inner-masonry-sizer'><\/div><figure class='av-inner-masonry main_color'><div class=\"av-masonry-outerimage-container\"><div class=\"av-masonry-image-container\" style=\"background-image: url(https:\/\/casa.oaxaca.gob.mx\/wp-content\/uploads\/2026\/03\/Diablos_Tilcajete-1-705x470.jpg);\"><img decoding=\"async\" src=\"https:\/\/casa.oaxaca.gob.mx\/wp-content\/uploads\/2026\/03\/Diablos_Tilcajete-1-705x470.jpg\" title=\"Diablos_Tilcajete-1\" alt=\"\" \/><\/div><\/div><figcaption class='av-inner-masonry-content site-background'><div class='av-inner-masonry-content-pos'><div class='av-inner-masonry-content-pos-content'><div class='avia-arrow'><\/div><h3 class='av-masonry-entry-title entry-title'  itemprop=\"headline\" >Taller presencial. Introducci\u00f3n a la Fotograf\u00eda Digital. Imparte: Jes\u00fas R. Ortiz.<\/h3><span class='av-masonry-date meta-color updated'><\/span><span class=\"av-masonry-text-sep text-sep-author\">\/<\/span><span class='av-masonry-author meta-color vcard author'><span class='fn'>by <\/span><\/span><\/div><\/div><\/figcaption><\/figure><\/a><!--end av-masonry entry--><a href=\"https:\/\/casa.oaxaca.gob.mx\/?p=18431\" id='av-masonry-1-item-18431' data-av-masonry-item='18431' class='av-masonry-entry isotope-item post-18431 post type-post status-publish format-standard has-post-thumbnail hentry category-211 category-fotografia category-talleres all_sort 2026_sort  fotografia_sort  talleres_sort  av-masonry-item-with-image' title=\"Taller presencial. Conoce tu c\u00e1mara. Imparte: Santiago Bola\u00f1os.\"  itemscope=\"itemscope\" itemtype=\"https:\/\/schema.org\/CreativeWork\" ><div class='av-inner-masonry-sizer'><\/div><figure class='av-inner-masonry main_color'><div class=\"av-masonry-outerimage-container\"><div class=\"av-masonry-image-container\" style=\"background-image: url(https:\/\/casa.oaxaca.gob.mx\/wp-content\/uploads\/2026\/03\/Mayo_4_ghj-705x400.jpg);\"><img decoding=\"async\" src=\"https:\/\/casa.oaxaca.gob.mx\/wp-content\/uploads\/2026\/03\/Mayo_4_ghj-705x400.jpg\" title=\"OLYMPUS DIGITAL CAMERA\" alt=\"\" \/><\/div><\/div><figcaption class='av-inner-masonry-content site-background'><div class='av-inner-masonry-content-pos'><div class='av-inner-masonry-content-pos-content'><div class='avia-arrow'><\/div><h3 class='av-masonry-entry-title entry-title'  itemprop=\"headline\" >Taller presencial. Conoce tu c\u00e1mara. Imparte: Santiago Bola\u00f1os.<\/h3><span class='av-masonry-date meta-color updated'><\/span><span class=\"av-masonry-text-sep text-sep-author\">\/<\/span><span class='av-masonry-author meta-color vcard author'><span class='fn'>by <\/span><\/span><\/div><\/div><\/figcaption><\/figure><\/a><!--end av-masonry entry--><a href=\"https:\/\/casa.oaxaca.gob.mx\/?p=18426\" id='av-masonry-1-item-18426' data-av-masonry-item='18426' class='av-masonry-entry isotope-item post-18426 post type-post status-publish format-standard has-post-thumbnail hentry category-211 category-fotografia category-talleres all_sort 2026_sort  fotografia_sort  talleres_sort  av-masonry-item-with-image' title=\"Taller presencial. Introducci\u00f3n a la fotograf\u00eda. Imparte: Gabriela HJ.\"  itemscope=\"itemscope\" itemtype=\"https:\/\/schema.org\/CreativeWork\" ><div class='av-inner-masonry-sizer'><\/div><figure class='av-inner-masonry main_color'><div class=\"av-masonry-outerimage-container\"><div class=\"av-masonry-image-container\" style=\"background-image: url(https:\/\/casa.oaxaca.gob.mx\/wp-content\/uploads\/2026\/03\/Introduccion-a-la-fotografia_IG01-564x705.jpg);\"><img decoding=\"async\" src=\"https:\/\/casa.oaxaca.gob.mx\/wp-content\/uploads\/2026\/03\/Introduccion-a-la-fotografia_IG01-564x705.jpg\" title=\"Introducci\u00f3n a la fotograf\u00eda_IG01\" alt=\"\" \/><\/div><\/div><figcaption class='av-inner-masonry-content site-background'><div class='av-inner-masonry-content-pos'><div class='av-inner-masonry-content-pos-content'><div class='avia-arrow'><\/div><h3 class='av-masonry-entry-title entry-title'  itemprop=\"headline\" >Taller presencial. Introducci\u00f3n a la fotograf\u00eda. Imparte: Gabriela HJ.<\/h3><span class='av-masonry-date meta-color updated'><\/span><span class=\"av-masonry-text-sep text-sep-author\">\/<\/span><span class='av-masonry-author meta-color vcard author'><span class='fn'>by <\/span><\/span><\/div><\/div><\/figcaption><\/figure><\/a><!--end av-masonry entry--><a href=\"https:\/\/casa.oaxaca.gob.mx\/?p=18421\" id='av-masonry-1-item-18421' data-av-masonry-item='18421' class='av-masonry-entry isotope-item post-18421 post type-post status-publish format-standard has-post-thumbnail hentry category-211 category-talleres category-tecnicas-tradicionales all_sort 2026_sort  talleres_sort  tecnicas-tradicionales_sort  av-masonry-item-with-image' title=\"Taller presencial. Elaboraci\u00f3n de juguetes tradicionales con carrizo. Imparte: Tom\u00e1s Bernal Cruz.\"  itemscope=\"itemscope\" itemtype=\"https:\/\/schema.org\/CreativeWork\" ><div class='av-inner-masonry-sizer'><\/div><figure class='av-inner-masonry main_color'><div class=\"av-masonry-outerimage-container\"><div class=\"av-masonry-image-container\" style=\"background-image: url(https:\/\/casa.oaxaca.gob.mx\/wp-content\/uploads\/2026\/03\/IG01_juguetes-tradicionales_Tomas-Bernal-564x705.jpg);\"><img decoding=\"async\" src=\"https:\/\/casa.oaxaca.gob.mx\/wp-content\/uploads\/2026\/03\/IG01_juguetes-tradicionales_Tomas-Bernal-564x705.jpg\" title=\"IG01_juguetes tradicionales_Tomas Bernal\" alt=\"\" \/><\/div><\/div><figcaption class='av-inner-masonry-content site-background'><div class='av-inner-masonry-content-pos'><div class='av-inner-masonry-content-pos-content'><div class='avia-arrow'><\/div><h3 class='av-masonry-entry-title entry-title'  itemprop=\"headline\" >Taller presencial. Elaboraci\u00f3n de juguetes tradicionales con carrizo. Imparte: Tom\u00e1s Bernal Cruz.<\/h3><span class='av-masonry-date meta-color updated'><\/span><span class=\"av-masonry-text-sep text-sep-author\">\/<\/span><span class='av-masonry-author meta-color vcard author'><span class='fn'>by <\/span><\/span><\/div><\/div><\/figcaption><\/figure><\/a><!--end av-masonry entry--><a href=\"https:\/\/casa.oaxaca.gob.mx\/?p=18415\" id='av-masonry-1-item-18415' data-av-masonry-item='18415' class='av-masonry-entry isotope-item post-18415 post type-post status-publish format-standard has-post-thumbnail hentry category-211 category-grabado category-talleres all_sort 2026_sort  grabado_sort  talleres_sort  av-masonry-item-with-image' title=\"Taller presencial. Grabado en j\u00edcara. Imparte: Jos\u00e9 Cruz S\u00e1nchez\"  itemscope=\"itemscope\" itemtype=\"https:\/\/schema.org\/CreativeWork\" ><div class='av-inner-masonry-sizer'><\/div><figure class='av-inner-masonry main_color'><div class=\"av-masonry-outerimage-container\"><div class=\"av-masonry-image-container\" style=\"background-image: url(https:\/\/casa.oaxaca.gob.mx\/wp-content\/uploads\/2026\/03\/Copia-de-IMG_8187-529x705.jpg);\"><img decoding=\"async\" src=\"https:\/\/casa.oaxaca.gob.mx\/wp-content\/uploads\/2026\/03\/Copia-de-IMG_8187-529x705.jpg\" title=\"Copia de IMG_8187\" alt=\"\" \/><\/div><\/div><figcaption class='av-inner-masonry-content site-background'><div class='av-inner-masonry-content-pos'><div class='av-inner-masonry-content-pos-content'><div class='avia-arrow'><\/div><h3 class='av-masonry-entry-title entry-title'  itemprop=\"headline\" >Taller presencial. Grabado en j\u00edcara. Imparte: Jos\u00e9 Cruz S\u00e1nchez<\/h3><span class='av-masonry-date meta-color updated'><\/span><span class=\"av-masonry-text-sep text-sep-author\">\/<\/span><span class='av-masonry-author meta-color vcard author'><span class='fn'>by <\/span><\/span><\/div><\/div><\/figcaption><\/figure><\/a><!--end av-masonry entry--><a href=\"https:\/\/casa.oaxaca.gob.mx\/?p=18411\" id='av-masonry-1-item-18411' data-av-masonry-item='18411' class='av-masonry-entry isotope-item post-18411 post type-post status-publish format-standard has-post-thumbnail hentry category-211 category-grabado category-talleres all_sort 2026_sort  grabado_sort  talleres_sort  av-masonry-item-with-image' title=\"Taller presencial. Grabado en mural. Imparte: Irving Herrera\"  itemscope=\"itemscope\" itemtype=\"https:\/\/schema.org\/CreativeWork\" ><div class='av-inner-masonry-sizer'><\/div><figure class='av-inner-masonry main_color'><div class=\"av-masonry-outerimage-container\"><div class=\"av-masonry-image-container\" style=\"background-image: url(https:\/\/casa.oaxaca.gob.mx\/wp-content\/uploads\/2026\/03\/IMG_0192-420x705.jpeg);\"><img decoding=\"async\" src=\"https:\/\/casa.oaxaca.gob.mx\/wp-content\/uploads\/2026\/03\/IMG_0192-420x705.jpeg\" title=\"IMG_0192\" alt=\"\" \/><\/div><\/div><figcaption class='av-inner-masonry-content site-background'><div class='av-inner-masonry-content-pos'><div class='av-inner-masonry-content-pos-content'><div class='avia-arrow'><\/div><h3 class='av-masonry-entry-title entry-title'  itemprop=\"headline\" >Taller presencial. Grabado en mural. Imparte: Irving Herrera<\/h3><span class='av-masonry-date meta-color updated'><\/span><span class=\"av-masonry-text-sep text-sep-author\">\/<\/span><span class='av-masonry-author meta-color vcard author'><span class='fn'>by <\/span><\/span><\/div><\/div><\/figcaption><\/figure><\/a><!--end av-masonry entry--><a href=\"https:\/\/casa.oaxaca.gob.mx\/?p=18405\" id='av-masonry-1-item-18405' data-av-masonry-item='18405' class='av-masonry-entry isotope-item post-18405 post type-post status-publish format-standard has-post-thumbnail hentry category-211 category-fotografia category-talleres all_sort 2026_sort  fotografia_sort  talleres_sort  av-masonry-item-with-image' title=\"Taller presencial. Fotograf\u00eda An\u00e1loga Ecol\u00f3gica. Imparte: Dito Traspi\u00e9\"  itemscope=\"itemscope\" itemtype=\"https:\/\/schema.org\/CreativeWork\" ><div class='av-inner-masonry-sizer'><\/div><figure class='av-inner-masonry main_color'><div class=\"av-masonry-outerimage-container\"><div class=\"av-masonry-image-container\" style=\"background-image: url(https:\/\/casa.oaxaca.gob.mx\/wp-content\/uploads\/2026\/03\/1000421323-705x703.jpg);\"><img decoding=\"async\" src=\"https:\/\/casa.oaxaca.gob.mx\/wp-content\/uploads\/2026\/03\/1000421323-705x703.jpg\" title=\"1000421323\" alt=\"\" \/><\/div><\/div><figcaption class='av-inner-masonry-content site-background'><div class='av-inner-masonry-content-pos'><div class='av-inner-masonry-content-pos-content'><div class='avia-arrow'><\/div><h3 class='av-masonry-entry-title entry-title'  itemprop=\"headline\" >Taller presencial. Fotograf\u00eda An\u00e1loga Ecol\u00f3gica. Imparte: Dito Traspi\u00e9<\/h3><span class='av-masonry-date meta-color updated'><\/span><span class=\"av-masonry-text-sep text-sep-author\">\/<\/span><span class='av-masonry-author meta-color vcard author'><span class='fn'>by <\/span><\/span><\/div><\/div><\/figcaption><\/figure><\/a><!--end av-masonry entry--><a href=\"https:\/\/casa.oaxaca.gob.mx\/?p=18399\" id='av-masonry-1-item-18399' data-av-masonry-item='18399' class='av-masonry-entry isotope-item post-18399 post type-post status-publish format-standard has-post-thumbnail hentry category-211 category-dibujo category-talleres all_sort 2026_sort  dibujo_sort  talleres_sort  av-masonry-item-with-image' title=\"Taller presencial. Iniciaci\u00f3n al dibujo de observaci\u00f3n con bodegones. Imparte: V\u00edctor Lucero\"  itemscope=\"itemscope\" itemtype=\"https:\/\/schema.org\/CreativeWork\" ><div class='av-inner-masonry-sizer'><\/div><figure class='av-inner-masonry main_color'><div class=\"av-masonry-outerimage-container\"><div class=\"av-masonry-image-container\" style=\"background-image: url(https:\/\/casa.oaxaca.gob.mx\/wp-content\/uploads\/2026\/03\/61e8ea9f-3170-47d1-a769-10c494906afa-705x529.jpg);\"><img decoding=\"async\" src=\"https:\/\/casa.oaxaca.gob.mx\/wp-content\/uploads\/2026\/03\/61e8ea9f-3170-47d1-a769-10c494906afa-705x529.jpg\" title=\"61e8ea9f-3170-47d1-a769-10c494906afa\" alt=\"\" \/><\/div><\/div><figcaption class='av-inner-masonry-content site-background'><div class='av-inner-masonry-content-pos'><div class='av-inner-masonry-content-pos-content'><div class='avia-arrow'><\/div><h3 class='av-masonry-entry-title entry-title'  itemprop=\"headline\" >Taller presencial. Iniciaci\u00f3n al dibujo de observaci\u00f3n con bodegones. Imparte: V\u00edctor Lucero<\/h3><span class='av-masonry-date meta-color updated'><\/span><span class=\"av-masonry-text-sep text-sep-author\">\/<\/span><span class='av-masonry-author meta-color vcard author'><span class='fn'>by <\/span><\/span><\/div><\/div><\/figcaption><\/figure><\/a><!--end av-masonry entry--><a href=\"https:\/\/casa.oaxaca.gob.mx\/?p=18393\" id='av-masonry-1-item-18393' data-av-masonry-item='18393' class='av-masonry-entry isotope-item post-18393 post type-post status-publish format-standard has-post-thumbnail hentry category-211 category-dibujo category-grabado category-talleres all_sort 2026_sort  dibujo_sort  grabado_sort  talleres_sort  av-masonry-item-with-image' title=\"Taller presencial. Visiones nocturnas. Manera negra con lija. Imparte: Marco Velasco\"  itemscope=\"itemscope\" itemtype=\"https:\/\/schema.org\/CreativeWork\" ><div class='av-inner-masonry-sizer'><\/div><figure class='av-inner-masonry main_color'><div class=\"av-masonry-outerimage-container\"><div class=\"av-masonry-image-container\" style=\"background-image: url(https:\/\/casa.oaxaca.gob.mx\/wp-content\/uploads\/2026\/03\/patio-705x550.jpg);\"><img decoding=\"async\" src=\"https:\/\/casa.oaxaca.gob.mx\/wp-content\/uploads\/2026\/03\/patio-705x550.jpg\" title=\"patio\" alt=\"\" \/><\/div><\/div><figcaption class='av-inner-masonry-content site-background'><div class='av-inner-masonry-content-pos'><div class='av-inner-masonry-content-pos-content'><div class='avia-arrow'><\/div><h3 class='av-masonry-entry-title entry-title'  itemprop=\"headline\" >Taller presencial. Visiones nocturnas. Manera negra con lija. Imparte: Marco Velasco<\/h3><span class='av-masonry-date meta-color updated'><\/span><span class=\"av-masonry-text-sep text-sep-author\">\/<\/span><span class='av-masonry-author meta-color vcard author'><span class='fn'>by <\/span><\/span><\/div><\/div><\/figcaption><\/figure><\/a><!--end av-masonry entry--><a href=\"https:\/\/casa.oaxaca.gob.mx\/?p=18389\" id='av-masonry-1-item-18389' data-av-masonry-item='18389' class='av-masonry-entry isotope-item post-18389 post type-post status-publish format-standard has-post-thumbnail hentry category-211 category-fotografia category-multimedia category-talleres all_sort 2026_sort  fotografia_sort  multimedia_sort  talleres_sort  av-masonry-item-with-image' title=\"Taller presencial. Taller de fotograf\u00eda: Encontrar\/te. Imparte: Santiago Bola\u00f1os\"  itemscope=\"itemscope\" itemtype=\"https:\/\/schema.org\/CreativeWork\" ><div class='av-inner-masonry-sizer'><\/div><figure class='av-inner-masonry main_color'><div class=\"av-masonry-outerimage-container\"><div class=\"av-masonry-image-container\" style=\"background-image: url(https:\/\/casa.oaxaca.gob.mx\/wp-content\/uploads\/2026\/03\/CASA-SANTIAGO-BOLANI\u0083OS6-705x469.jpg);\"><img decoding=\"async\" src=\"https:\/\/casa.oaxaca.gob.mx\/wp-content\/uploads\/2026\/03\/CASA-SANTIAGO-BOLANI\u0083OS6-705x469.jpg\" title=\"CASA &#8211; SANTIAGO BOLAN\u00cc\u0083OS6\" alt=\"\" \/><\/div><\/div><figcaption class='av-inner-masonry-content site-background'><div class='av-inner-masonry-content-pos'><div class='av-inner-masonry-content-pos-content'><div class='avia-arrow'><\/div><h3 class='av-masonry-entry-title entry-title'  itemprop=\"headline\" >Taller presencial. Taller de fotograf\u00eda: Encontrar\/te. Imparte: Santiago Bola\u00f1os<\/h3><span class='av-masonry-date meta-color updated'><\/span><span class=\"av-masonry-text-sep text-sep-author\">\/<\/span><span class='av-masonry-author meta-color vcard author'><span class='fn'>by <\/span><\/span><\/div><\/div><\/figcaption><\/figure><\/a><!--end av-masonry entry--><a href=\"https:\/\/casa.oaxaca.gob.mx\/?p=18302\" id='av-masonry-1-item-18302' data-av-masonry-item='18302' class='av-masonry-entry isotope-item post-18302 post type-post status-publish format-standard has-post-thumbnail hentry category-211 category-convocatorias category-premios-casa-2026 all_sort 2026_sort  convocatorias_sort  premios-casa-2026_sort  av-masonry-item-with-image' title=\"Premio FAHHO-CaSa Emiliano Cruz\"  itemscope=\"itemscope\" itemtype=\"https:\/\/schema.org\/CreativeWork\" ><div class='av-inner-masonry-sizer'><\/div><figure class='av-inner-masonry main_color'><div class=\"av-masonry-outerimage-container\"><div class=\"av-masonry-image-container\" style=\"background-image: url(https:\/\/casa.oaxaca.gob.mx\/wp-content\/uploads\/2026\/02\/photo_2026-02-20-12.41.56-609x705.jpeg);\"><img decoding=\"async\" src=\"https:\/\/casa.oaxaca.gob.mx\/wp-content\/uploads\/2026\/02\/photo_2026-02-20-12.41.56-609x705.jpeg\" title=\"photo_2026-02-20 12.41.56\" alt=\"\" \/><\/div><\/div><figcaption class='av-inner-masonry-content site-background'><div class='av-inner-masonry-content-pos'><div class='av-inner-masonry-content-pos-content'><div class='avia-arrow'><\/div><h3 class='av-masonry-entry-title entry-title'  itemprop=\"headline\" >Premio FAHHO-CaSa Emiliano Cruz<\/h3><span class='av-masonry-date meta-color updated'><\/span><span class=\"av-masonry-text-sep text-sep-author\">\/<\/span><span class='av-masonry-author meta-color vcard author'><span class='fn'>by <\/span><\/span><\/div><\/div><\/figcaption><\/figure><\/a><!--end av-masonry entry--><a href=\"https:\/\/casa.oaxaca.gob.mx\/?p=18300\" id='av-masonry-1-item-18300' data-av-masonry-item='18300' class='av-masonry-entry isotope-item post-18300 post type-post status-publish format-standard has-post-thumbnail hentry category-211 category-convocatorias category-premios-casa-2026 all_sort 2026_sort  convocatorias_sort  premios-casa-2026_sort  av-masonry-item-with-image' title=\"Premios CaSa 2026 &#8211; OMBEAYI\u00dcTS\"  itemscope=\"itemscope\" itemtype=\"https:\/\/schema.org\/CreativeWork\" ><div class='av-inner-masonry-sizer'><\/div><figure class='av-inner-masonry main_color'><div class=\"av-masonry-outerimage-container\"><div class=\"av-masonry-image-container\" style=\"background-image: url(https:\/\/casa.oaxaca.gob.mx\/wp-content\/uploads\/2026\/02\/UMBEAYETS-ABIERTA-705x484.jpg);\"><img decoding=\"async\" src=\"https:\/\/casa.oaxaca.gob.mx\/wp-content\/uploads\/2026\/02\/UMBEAYETS-ABIERTA-705x484.jpg\" title=\"UMBEAYETS-ABIERTA\" alt=\"\" \/><\/div><\/div><figcaption class='av-inner-masonry-content site-background'><div class='av-inner-masonry-content-pos'><div class='av-inner-masonry-content-pos-content'><div class='avia-arrow'><\/div><h3 class='av-masonry-entry-title entry-title'  itemprop=\"headline\" >Premios CaSa 2026 &#8211; OMBEAYI\u00dcTS<\/h3><span class='av-masonry-date meta-color updated'><\/span><span class=\"av-masonry-text-sep text-sep-author\">\/<\/span><span class='av-masonry-author meta-color vcard author'><span class='fn'>by <\/span><\/span><\/div><\/div><\/figcaption><\/figure><\/a><!--end av-masonry entry--><a href=\"https:\/\/casa.oaxaca.gob.mx\/?p=18298\" id='av-masonry-1-item-18298' data-av-masonry-item='18298' class='av-masonry-entry isotope-item post-18298 post type-post status-publish format-standard has-post-thumbnail hentry category-211 category-convocatorias category-premios-casa-2026 all_sort 2026_sort  convocatorias_sort  premios-casa-2026_sort  av-masonry-item-with-image' title=\"Premios CaSa 2026 &#8211; TRIQUI\"  itemscope=\"itemscope\" itemtype=\"https:\/\/schema.org\/CreativeWork\" ><div class='av-inner-masonry-sizer'><\/div><figure class='av-inner-masonry main_color'><div class=\"av-masonry-outerimage-container\"><div class=\"av-masonry-image-container\" style=\"background-image: url(https:\/\/casa.oaxaca.gob.mx\/wp-content\/uploads\/2026\/02\/TRIQUI-ABIERTA-705x484.jpg);\"><img decoding=\"async\" src=\"https:\/\/casa.oaxaca.gob.mx\/wp-content\/uploads\/2026\/02\/TRIQUI-ABIERTA-705x484.jpg\" title=\"TRIQUI-ABIERTA\" alt=\"\" \/><\/div><\/div><figcaption class='av-inner-masonry-content site-background'><div class='av-inner-masonry-content-pos'><div class='av-inner-masonry-content-pos-content'><div class='avia-arrow'><\/div><h3 class='av-masonry-entry-title entry-title'  itemprop=\"headline\" >Premios CaSa 2026 &#8211; TRIQUI<\/h3><span class='av-masonry-date meta-color updated'><\/span><span class=\"av-masonry-text-sep text-sep-author\">\/<\/span><span class='av-masonry-author meta-color vcard author'><span class='fn'>by <\/span><\/span><\/div><\/div><\/figcaption><\/figure><\/a><!--end av-masonry entry--><a href=\"https:\/\/casa.oaxaca.gob.mx\/?p=18291\" id='av-masonry-1-item-18291' data-av-masonry-item='18291' class='av-masonry-entry isotope-item post-18291 post type-post status-publish format-standard has-post-thumbnail hentry category-211 category-convocatorias category-premios-casa-2026 all_sort 2026_sort  convocatorias_sort  premios-casa-2026_sort  av-masonry-item-with-image' title=\"Premios CaSa 2026 &#8211; CHINANTECO\"  itemscope=\"itemscope\" itemtype=\"https:\/\/schema.org\/CreativeWork\" ><div class='av-inner-masonry-sizer'><\/div><figure class='av-inner-masonry main_color'><div class=\"av-masonry-outerimage-container\"><div class=\"av-masonry-image-container\" style=\"background-image: url(https:\/\/casa.oaxaca.gob.mx\/wp-content\/uploads\/2026\/02\/CHINANTECO-ABIERTA-705x484.jpg);\"><img decoding=\"async\" src=\"https:\/\/casa.oaxaca.gob.mx\/wp-content\/uploads\/2026\/02\/CHINANTECO-ABIERTA-705x484.jpg\" title=\"CHINANTECO-ABIERTA\" alt=\"\" \/><\/div><\/div><figcaption class='av-inner-masonry-content site-background'><div class='av-inner-masonry-content-pos'><div class='av-inner-masonry-content-pos-content'><div class='avia-arrow'><\/div><h3 class='av-masonry-entry-title entry-title'  itemprop=\"headline\" >Premios CaSa 2026 &#8211; CHINANTECO<\/h3><span class='av-masonry-date meta-color updated'><\/span><span class=\"av-masonry-text-sep text-sep-author\">\/<\/span><span class='av-masonry-author meta-color vcard author'><span class='fn'>by <\/span><\/span><\/div><\/div><\/figcaption><\/figure><\/a><!--end av-masonry entry--><a href=\"https:\/\/casa.oaxaca.gob.mx\/?p=18295\" id='av-masonry-1-item-18295' data-av-masonry-item='18295' class='av-masonry-entry isotope-item post-18295 post type-post status-publish format-standard has-post-thumbnail hentry category-211 category-convocatorias category-premios-casa-2026 all_sort 2026_sort  convocatorias_sort  premios-casa-2026_sort  av-masonry-item-with-image' title=\"Premios CaSa 2026 &#8211; CHATINO\"  itemscope=\"itemscope\" itemtype=\"https:\/\/schema.org\/CreativeWork\" ><div class='av-inner-masonry-sizer'><\/div><figure class='av-inner-masonry main_color'><div class=\"av-masonry-outerimage-container\"><div class=\"av-masonry-image-container\" style=\"background-image: url(https:\/\/casa.oaxaca.gob.mx\/wp-content\/uploads\/2026\/02\/CHATINO-ABIERTA-705x484.jpg);\"><img decoding=\"async\" src=\"https:\/\/casa.oaxaca.gob.mx\/wp-content\/uploads\/2026\/02\/CHATINO-ABIERTA-705x484.jpg\" title=\"CHATINO-ABIERTA\" alt=\"\" \/><\/div><\/div><figcaption class='av-inner-masonry-content site-background'><div class='av-inner-masonry-content-pos'><div class='av-inner-masonry-content-pos-content'><div class='avia-arrow'><\/div><h3 class='av-masonry-entry-title entry-title'  itemprop=\"headline\" >Premios CaSa 2026 &#8211; CHATINO<\/h3><span class='av-masonry-date meta-color updated'><\/span><span class=\"av-masonry-text-sep text-sep-author\">\/<\/span><span class='av-masonry-author meta-color vcard author'><span class='fn'>by <\/span><\/span><\/div><\/div><\/figcaption><\/figure><\/a><!--end av-masonry entry--><a href=\"https:\/\/casa.oaxaca.gob.mx\/?p=18289\" id='av-masonry-1-item-18289' data-av-masonry-item='18289' class='av-masonry-entry isotope-item post-18289 post type-post status-publish format-standard has-post-thumbnail hentry category-211 category-convocatorias category-premios-casa-2026 all_sort 2026_sort  convocatorias_sort  premios-casa-2026_sort  av-masonry-item-with-image' title=\"Premios CaSa 2026 &#8211; MAZATECO\"  itemscope=\"itemscope\" itemtype=\"https:\/\/schema.org\/CreativeWork\" ><div class='av-inner-masonry-sizer'><\/div><figure class='av-inner-masonry main_color'><div class=\"av-masonry-outerimage-container\"><div class=\"av-masonry-image-container\" style=\"background-image: url(https:\/\/casa.oaxaca.gob.mx\/wp-content\/uploads\/2026\/02\/MAZATECO-ABIERTA-705x484.jpg);\"><img decoding=\"async\" src=\"https:\/\/casa.oaxaca.gob.mx\/wp-content\/uploads\/2026\/02\/MAZATECO-ABIERTA-705x484.jpg\" title=\"MAZATECO-ABIERTA\" alt=\"\" \/><\/div><\/div><figcaption class='av-inner-masonry-content site-background'><div class='av-inner-masonry-content-pos'><div class='av-inner-masonry-content-pos-content'><div class='avia-arrow'><\/div><h3 class='av-masonry-entry-title entry-title'  itemprop=\"headline\" >Premios CaSa 2026 &#8211; MAZATECO<\/h3><span class='av-masonry-date meta-color updated'><\/span><span class=\"av-masonry-text-sep text-sep-author\">\/<\/span><span class='av-masonry-author meta-color vcard author'><span class='fn'>by <\/span><\/span><\/div><\/div><\/figcaption><\/figure><\/a><!--end av-masonry entry--><a href=\"https:\/\/casa.oaxaca.gob.mx\/?p=18284\" id='av-masonry-1-item-18284' data-av-masonry-item='18284' class='av-masonry-entry isotope-item post-18284 post type-post status-publish format-standard has-post-thumbnail hentry category-211 category-convocatorias category-premios-casa-2026 all_sort 2026_sort  convocatorias_sort  premios-casa-2026_sort  av-masonry-item-with-image' title=\"Premios CaSa 2026 &#8211; MIXTECO\"  itemscope=\"itemscope\" itemtype=\"https:\/\/schema.org\/CreativeWork\" ><div class='av-inner-masonry-sizer'><\/div><figure class='av-inner-masonry main_color'><div class=\"av-masonry-outerimage-container\"><div class=\"av-masonry-image-container\" style=\"background-image: url(https:\/\/casa.oaxaca.gob.mx\/wp-content\/uploads\/2026\/02\/MIXTECO-ABIERTA-705x484.jpg);\"><img decoding=\"async\" src=\"https:\/\/casa.oaxaca.gob.mx\/wp-content\/uploads\/2026\/02\/MIXTECO-ABIERTA-705x484.jpg\" title=\"MIXTECO-ABIERTA\" alt=\"\" \/><\/div><\/div><figcaption class='av-inner-masonry-content site-background'><div class='av-inner-masonry-content-pos'><div class='av-inner-masonry-content-pos-content'><div class='avia-arrow'><\/div><h3 class='av-masonry-entry-title entry-title'  itemprop=\"headline\" >Premios CaSa 2026 &#8211; MIXTECO<\/h3><span class='av-masonry-date meta-color updated'><\/span><span class=\"av-masonry-text-sep text-sep-author\">\/<\/span><span class='av-masonry-author meta-color vcard author'><span class='fn'>by <\/span><\/span><\/div><\/div><\/figcaption><\/figure><\/a><!--end av-masonry entry--><a href=\"https:\/\/casa.oaxaca.gob.mx\/?p=18286\" id='av-masonry-1-item-18286' data-av-masonry-item='18286' class='av-masonry-entry isotope-item post-18286 post type-post status-publish format-standard has-post-thumbnail hentry category-211 category-convocatorias category-premios-casa-2026 all_sort 2026_sort  convocatorias_sort  premios-casa-2026_sort  av-masonry-item-with-image' title=\"Premios CaSa 2026 &#8211; MIXE\"  itemscope=\"itemscope\" itemtype=\"https:\/\/schema.org\/CreativeWork\" ><div class='av-inner-masonry-sizer'><\/div><figure class='av-inner-masonry main_color'><div class=\"av-masonry-outerimage-container\"><div class=\"av-masonry-image-container\" style=\"background-image: url(https:\/\/casa.oaxaca.gob.mx\/wp-content\/uploads\/2026\/02\/MIXE-ABIERTA-705x484.jpg);\"><img decoding=\"async\" src=\"https:\/\/casa.oaxaca.gob.mx\/wp-content\/uploads\/2026\/02\/MIXE-ABIERTA-705x484.jpg\" title=\"MIXE-ABIERTA\" alt=\"\" \/><\/div><\/div><figcaption class='av-inner-masonry-content site-background'><div class='av-inner-masonry-content-pos'><div class='av-inner-masonry-content-pos-content'><div class='avia-arrow'><\/div><h3 class='av-masonry-entry-title entry-title'  itemprop=\"headline\" >Premios CaSa 2026 &#8211; MIXE<\/h3><span class='av-masonry-date meta-color updated'><\/span><span class=\"av-masonry-text-sep text-sep-author\">\/<\/span><span class='av-masonry-author meta-color vcard author'><span class='fn'>by <\/span><\/span><\/div><\/div><\/figcaption><\/figure><\/a><!--end av-masonry entry--><a href=\"https:\/\/casa.oaxaca.gob.mx\/?p=18282\" id='av-masonry-1-item-18282' data-av-masonry-item='18282' class='av-masonry-entry isotope-item post-18282 post type-post status-publish format-standard has-post-thumbnail hentry category-211 category-convocatorias category-premios-casa-2026 all_sort 2026_sort  convocatorias_sort  premios-casa-2026_sort  av-masonry-item-with-image' title=\"Premios CaSa 2026 &#8211; ZAPOTECO\"  itemscope=\"itemscope\" itemtype=\"https:\/\/schema.org\/CreativeWork\" ><div class='av-inner-masonry-sizer'><\/div><figure class='av-inner-masonry main_color'><div class=\"av-masonry-outerimage-container\"><div class=\"av-masonry-image-container\" style=\"background-image: url(https:\/\/casa.oaxaca.gob.mx\/wp-content\/uploads\/2026\/02\/ZAPOTECO-ABIERTA-705x484.jpg);\"><img decoding=\"async\" src=\"https:\/\/casa.oaxaca.gob.mx\/wp-content\/uploads\/2026\/02\/ZAPOTECO-ABIERTA-705x484.jpg\" title=\"ZAPOTECO-ABIERTA\" alt=\"\" \/><\/div><\/div><figcaption class='av-inner-masonry-content site-background'><div class='av-inner-masonry-content-pos'><div class='av-inner-masonry-content-pos-content'><div class='avia-arrow'><\/div><h3 class='av-masonry-entry-title entry-title'  itemprop=\"headline\" >Premios CaSa 2026 &#8211; ZAPOTECO<\/h3><span class='av-masonry-date meta-color updated'><\/span><span class=\"av-masonry-text-sep text-sep-author\">\/<\/span><span class='av-masonry-author meta-color vcard author'><span class='fn'>by <\/span><\/span><\/div><\/div><\/figcaption><\/figure><\/a><!--end av-masonry entry--><a href=\"https:\/\/casa.oaxaca.gob.mx\/?p=18236\" id='av-masonry-1-item-18236' data-av-masonry-item='18236' class='av-masonry-entry isotope-item post-18236 post type-post status-publish format-standard has-post-thumbnail hentry category-211 category-convocatorias all_sort 2026_sort  convocatorias_sort  av-masonry-item-with-image' title=\"Primera Exposici\u00f3n Individual: T\u00e9cnicas heredadas. Edici\u00f3n joyer\u00eda orfebre.\"  itemscope=\"itemscope\" itemtype=\"https:\/\/schema.org\/CreativeWork\" ><div class='av-inner-masonry-sizer'><\/div><figure class='av-inner-masonry main_color'><div class=\"av-masonry-outerimage-container\"><div class=\"av-masonry-image-container\" style=\"background-image: url(https:\/\/casa.oaxaca.gob.mx\/wp-content\/uploads\/2026\/02\/PEI-2026-Convocatoria-Web-abierta-705x484.jpg);\"><img decoding=\"async\" src=\"https:\/\/casa.oaxaca.gob.mx\/wp-content\/uploads\/2026\/02\/PEI-2026-Convocatoria-Web-abierta-705x484.jpg\" title=\"PEI-2026-Convocatoria-Web-abierta\" alt=\"\" \/><\/div><\/div><figcaption class='av-inner-masonry-content site-background'><div class='av-inner-masonry-content-pos'><div class='av-inner-masonry-content-pos-content'><div class='avia-arrow'><\/div><h3 class='av-masonry-entry-title entry-title'  itemprop=\"headline\" >Primera Exposici\u00f3n Individual: T\u00e9cnicas heredadas. Edici\u00f3n joyer\u00eda orfebre.<\/h3><span class='av-masonry-date meta-color updated'><\/span><span class=\"av-masonry-text-sep text-sep-author\">\/<\/span><span class='av-masonry-author meta-color vcard author'><span class='fn'>by <\/span><\/span><\/div><\/div><\/figcaption><\/figure><\/a><!--end av-masonry entry--><a href=\"https:\/\/casa.oaxaca.gob.mx\/?p=18219\" id='av-masonry-1-item-18219' data-av-masonry-item='18219' class='av-masonry-entry isotope-item post-18219 post type-post status-publish format-standard has-post-thumbnail hentry category-211 category-colaboraciones category-talleres category-textil all_sort 2026_sort  colaboraciones_sort  talleres_sort  textil_sort  av-masonry-item-with-image' title=\"Taller presencial. El textil y sus materiales en el tiempo. Imparte: Luis Renteria\"  itemscope=\"itemscope\" itemtype=\"https:\/\/schema.org\/CreativeWork\" ><div class='av-inner-masonry-sizer'><\/div><figure class='av-inner-masonry main_color'><div class=\"av-masonry-outerimage-container\"><div class=\"av-masonry-image-container\" style=\"background-image: url(https:\/\/casa.oaxaca.gob.mx\/wp-content\/uploads\/2026\/01\/El-textil-y-sus-materiales-en-el-tiempo-cerrada-705x484.jpg);\"><img decoding=\"async\" src=\"https:\/\/casa.oaxaca.gob.mx\/wp-content\/uploads\/2026\/01\/El-textil-y-sus-materiales-en-el-tiempo-cerrada-705x484.jpg\" title=\"El-textil-y-sus-materiales-en-el-tiempo-cerrada\" alt=\"\" \/><\/div><\/div><figcaption class='av-inner-masonry-content site-background'><div class='av-inner-masonry-content-pos'><div class='av-inner-masonry-content-pos-content'><div class='avia-arrow'><\/div><h3 class='av-masonry-entry-title entry-title'  itemprop=\"headline\" >Taller presencial. El textil y sus materiales en el tiempo. Imparte: Luis Renteria<\/h3><span class='av-masonry-date meta-color updated'><\/span><span class=\"av-masonry-text-sep text-sep-author\">\/<\/span><span class='av-masonry-author meta-color vcard author'><span class='fn'>by <\/span><\/span><\/div><\/div><\/figcaption><\/figure><\/a><!--end av-masonry entry--><a href=\"https:\/\/casa.oaxaca.gob.mx\/?p=18112\" id='av-masonry-1-item-18112' data-av-masonry-item='18112' class='av-masonry-entry isotope-item post-18112 post type-post status-publish format-standard has-post-thumbnail hentry category-204 all_sort 2025_sort  av-masonry-item-with-image' title=\"Taller presencial. Dibujar para estar. Imparte: Vanessa Rivero.\"  itemscope=\"itemscope\" itemtype=\"https:\/\/schema.org\/CreativeWork\" ><div class='av-inner-masonry-sizer'><\/div><figure class='av-inner-masonry main_color'><div class=\"av-masonry-outerimage-container\"><div class=\"av-masonry-image-container\" style=\"background-image: url(https:\/\/casa.oaxaca.gob.mx\/wp-content\/uploads\/2025\/12\/Dibujar-para-estar-705x534.jpg);\"><img decoding=\"async\" src=\"https:\/\/casa.oaxaca.gob.mx\/wp-content\/uploads\/2025\/12\/Dibujar-para-estar-705x534.jpg\" title=\"Dibujar para estar\" alt=\"\" \/><\/div><\/div><figcaption class='av-inner-masonry-content site-background'><div class='av-inner-masonry-content-pos'><div class='av-inner-masonry-content-pos-content'><div class='avia-arrow'><\/div><h3 class='av-masonry-entry-title entry-title'  itemprop=\"headline\" >Taller presencial. Dibujar para estar. Imparte: Vanessa Rivero.<\/h3><span class='av-masonry-date meta-color updated'><\/span><span class=\"av-masonry-text-sep text-sep-author\">\/<\/span><span class='av-masonry-author meta-color vcard author'><span class='fn'>by <\/span><\/span><\/div><\/div><\/figcaption><\/figure><\/a><!--end av-masonry entry--><a href=\"https:\/\/casa.oaxaca.gob.mx\/?p=18096\" id='av-masonry-1-item-18096' data-av-masonry-item='18096' class='av-masonry-entry isotope-item post-18096 post type-post status-publish format-standard has-post-thumbnail hentry category-204 category-211 category-artes-visuales category-colaboraciones category-dibujo category-diseno-editorial category-ilustracion category-talleres all_sort 2025_sort  2026_sort  artes-visuales_sort  colaboraciones_sort  dibujo_sort  diseno-editorial_sort  ilustracion_sort  talleres_sort  av-masonry-item-with-image' title=\"Laboratorio presencial. Laboratorio Editorial de Narrativa Gr\u00e1fica. Coordina: F\u00e9lix Ra\u00fal Serrano Villalobos.\"  itemscope=\"itemscope\" itemtype=\"https:\/\/schema.org\/CreativeWork\" ><div class='av-inner-masonry-sizer'><\/div><figure class='av-inner-masonry main_color'><div class=\"av-masonry-outerimage-container\"><div class=\"av-masonry-image-container\" style=\"background-image: url(https:\/\/casa.oaxaca.gob.mx\/wp-content\/uploads\/2025\/12\/Lab-Edit-Narrativa-Grafica_cerrado-705x484.jpg);\"><img decoding=\"async\" src=\"https:\/\/casa.oaxaca.gob.mx\/wp-content\/uploads\/2025\/12\/Lab-Edit-Narrativa-Grafica_cerrado-705x484.jpg\" title=\"Lab-Edit-Narrativa-Grafica_cerrado\" alt=\"\" \/><\/div><\/div><figcaption class='av-inner-masonry-content site-background'><div class='av-inner-masonry-content-pos'><div class='av-inner-masonry-content-pos-content'><div class='avia-arrow'><\/div><h3 class='av-masonry-entry-title entry-title'  itemprop=\"headline\" >Laboratorio presencial. Laboratorio Editorial de Narrativa Gr\u00e1fica. Coordina: F\u00e9lix Ra\u00fal Serrano Villalobos.<\/h3><span class='av-masonry-date meta-color updated'><\/span><span class=\"av-masonry-text-sep text-sep-author\">\/<\/span><span class='av-masonry-author meta-color vcard author'><span class='fn'>by <\/span><\/span><\/div><\/div><\/figcaption><\/figure><\/a><!--end av-masonry entry--><a href=\"https:\/\/casa.oaxaca.gob.mx\/?p=18087\" id='av-masonry-1-item-18087' data-av-masonry-item='18087' class='av-masonry-entry isotope-item post-18087 post type-post status-publish format-standard has-post-thumbnail hentry category-204 all_sort 2025_sort  av-masonry-item-with-image' title=\"Taller presencial. Im\u00e1genes que derivan en otras im\u00e1genes. Imparte: Angela de F\u00e1tima Armengol Bustos.\"  itemscope=\"itemscope\" itemtype=\"https:\/\/schema.org\/CreativeWork\" ><div class='av-inner-masonry-sizer'><\/div><figure class='av-inner-masonry main_color'><div class=\"av-masonry-outerimage-container\"><div class=\"av-masonry-image-container\" style=\"background-image: url(https:\/\/casa.oaxaca.gob.mx\/wp-content\/uploads\/2025\/11\/Fatima-Armengol-4-705x545.jpg);\"><img decoding=\"async\" src=\"https:\/\/casa.oaxaca.gob.mx\/wp-content\/uploads\/2025\/11\/Fatima-Armengol-4-705x545.jpg\" title=\"F\u00e1tima Armengol 4\" alt=\"\" \/><\/div><\/div><figcaption class='av-inner-masonry-content site-background'><div class='av-inner-masonry-content-pos'><div class='av-inner-masonry-content-pos-content'><div class='avia-arrow'><\/div><h3 class='av-masonry-entry-title entry-title'  itemprop=\"headline\" >Taller presencial. Im\u00e1genes que derivan en otras im\u00e1genes. Imparte: Angela de F\u00e1tima Armengol Bustos.<\/h3><span class='av-masonry-date meta-color updated'><\/span><span class=\"av-masonry-text-sep text-sep-author\">\/<\/span><span class='av-masonry-author meta-color vcard author'><span class='fn'>by <\/span><\/span><\/div><\/div><\/figcaption><\/figure><\/a><!--end av-masonry entry--><a href=\"https:\/\/casa.oaxaca.gob.mx\/?p=18068\" id='av-masonry-1-item-18068' data-av-masonry-item='18068' class='av-masonry-entry isotope-item post-18068 post type-post status-publish format-standard has-post-thumbnail hentry category-204 all_sort 2025_sort  av-masonry-item-with-image' title=\"Taller presencial. TEQUIO PLANETARIO: Taller de prototipado con inteligencia artificial para a Artesanxs. Imparte: Julian Bonequi.\"  itemscope=\"itemscope\" itemtype=\"https:\/\/schema.org\/CreativeWork\" ><div class='av-inner-masonry-sizer'><\/div><figure class='av-inner-masonry main_color'><div class=\"av-masonry-outerimage-container\"><div class=\"av-masonry-image-container\" style=\"background-image: url(https:\/\/casa.oaxaca.gob.mx\/wp-content\/uploads\/2025\/11\/Tequio-Planetario_IG01-565x705.png);\"><img decoding=\"async\" src=\"https:\/\/casa.oaxaca.gob.mx\/wp-content\/uploads\/2025\/11\/Tequio-Planetario_IG01-565x705.png\" title=\"Tequio Planetario_IG01\" alt=\"\" \/><\/div><\/div><figcaption class='av-inner-masonry-content site-background'><div class='av-inner-masonry-content-pos'><div class='av-inner-masonry-content-pos-content'><div class='avia-arrow'><\/div><h3 class='av-masonry-entry-title entry-title'  itemprop=\"headline\" >Taller presencial. TEQUIO PLANETARIO: Taller de prototipado con inteligencia artificial para a Artesanxs. Imparte: Julian Bonequi.<\/h3><span class='av-masonry-date meta-color updated'><\/span><span class=\"av-masonry-text-sep text-sep-author\">\/<\/span><span class='av-masonry-author meta-color vcard author'><span class='fn'>by <\/span><\/span><\/div><\/div><\/figcaption><\/figure><\/a><!--end av-masonry entry--><a href=\"https:\/\/casa.oaxaca.gob.mx\/?p=18042\" id='av-masonry-1-item-18042' data-av-masonry-item='18042' class='av-masonry-entry isotope-item post-18042 post type-post status-publish format-standard has-post-thumbnail hentry category-204 category-convocatorias-pasadas all_sort 2025_sort  convocatorias-pasadas_sort  av-masonry-item-with-image' title=\"ATELIER MONDIAL. Beca de residencia en creaci\u00f3n de textiles.\"  itemscope=\"itemscope\" itemtype=\"https:\/\/schema.org\/CreativeWork\" ><div class='av-inner-masonry-sizer'><\/div><figure class='av-inner-masonry main_color'><div class=\"av-masonry-outerimage-container\"><div class=\"av-masonry-image-container\" style=\"background-image: url(https:\/\/casa.oaxaca.gob.mx\/wp-content\/uploads\/2025\/11\/Atelier_cerrada-705x484.jpg);\"><img decoding=\"async\" src=\"https:\/\/casa.oaxaca.gob.mx\/wp-content\/uploads\/2025\/11\/Atelier_cerrada-705x484.jpg\" title=\"Atelier_cerrada\" alt=\"\" \/><\/div><\/div><figcaption class='av-inner-masonry-content site-background'><div class='av-inner-masonry-content-pos'><div class='av-inner-masonry-content-pos-content'><div class='avia-arrow'><\/div><h3 class='av-masonry-entry-title entry-title'  itemprop=\"headline\" >ATELIER MONDIAL. Beca de residencia en creaci\u00f3n de textiles.<\/h3><span class='av-masonry-date meta-color updated'><\/span><span class=\"av-masonry-text-sep text-sep-author\">\/<\/span><span class='av-masonry-author meta-color vcard author'><span class='fn'>by <\/span><\/span><\/div><\/div><\/figcaption><\/figure><\/a><!--end av-masonry entry--><a href=\"https:\/\/casa.oaxaca.gob.mx\/?p=18026\" id='av-masonry-1-item-18026' data-av-masonry-item='18026' class='av-masonry-entry isotope-item post-18026 post type-post status-publish format-standard has-post-thumbnail hentry category-204 all_sort 2025_sort  av-masonry-item-with-image' title=\"Laboratorio presencial. Pedagog\u00edas Art\u00edsticas. Imparte: Pablo Mart\u00ednez Z\u00e1rate.\"  itemscope=\"itemscope\" itemtype=\"https:\/\/schema.org\/CreativeWork\" ><div class='av-inner-masonry-sizer'><\/div><figure class='av-inner-masonry main_color'><div class=\"av-masonry-outerimage-container\"><div class=\"av-masonry-image-container\" style=\"background-image: url(https:\/\/casa.oaxaca.gob.mx\/wp-content\/uploads\/2025\/11\/Pedagogias-artisticas_cerrada-705x484.jpg);\"><img decoding=\"async\" src=\"https:\/\/casa.oaxaca.gob.mx\/wp-content\/uploads\/2025\/11\/Pedagogias-artisticas_cerrada-705x484.jpg\" title=\"Pedagogias-artisticas_cerrada\" alt=\"\" \/><\/div><\/div><figcaption class='av-inner-masonry-content site-background'><div class='av-inner-masonry-content-pos'><div class='av-inner-masonry-content-pos-content'><div class='avia-arrow'><\/div><h3 class='av-masonry-entry-title entry-title'  itemprop=\"headline\" >Laboratorio presencial. Pedagog\u00edas Art\u00edsticas. Imparte: Pablo Mart\u00ednez Z\u00e1rate.<\/h3><span class='av-masonry-date meta-color updated'><\/span><span class=\"av-masonry-text-sep text-sep-author\">\/<\/span><span class='av-masonry-author meta-color vcard author'><span class='fn'>by <\/span><\/span><\/div><\/div><\/figcaption><\/figure><\/a><!--end av-masonry entry--><a href=\"https:\/\/casa.oaxaca.gob.mx\/?p=18018\" id='av-masonry-1-item-18018' data-av-masonry-item='18018' class='av-masonry-entry isotope-item post-18018 post type-post status-publish format-standard has-post-thumbnail hentry category-204 all_sort 2025_sort  av-masonry-item-with-image' title=\"Taller presencial. El transfer como memoria. Imparte: Jaime Ruiz Otis.\"  itemscope=\"itemscope\" itemtype=\"https:\/\/schema.org\/CreativeWork\" ><div class='av-inner-masonry-sizer'><\/div><figure class='av-inner-masonry main_color'><div class=\"av-masonry-outerimage-container\"><div class=\"av-masonry-image-container\" style=\"background-image: url(https:\/\/casa.oaxaca.gob.mx\/wp-content\/uploads\/2025\/11\/El-transfer-como-memoria_cerrada-705x484.jpg);\"><img decoding=\"async\" src=\"https:\/\/casa.oaxaca.gob.mx\/wp-content\/uploads\/2025\/11\/El-transfer-como-memoria_cerrada-705x484.jpg\" title=\"El-transfer-como-memoria_cerrada\" alt=\"\" \/><\/div><\/div><figcaption class='av-inner-masonry-content site-background'><div class='av-inner-masonry-content-pos'><div class='av-inner-masonry-content-pos-content'><div class='avia-arrow'><\/div><h3 class='av-masonry-entry-title entry-title'  itemprop=\"headline\" >Taller presencial. El transfer como memoria. Imparte: Jaime Ruiz Otis.<\/h3><span class='av-masonry-date meta-color updated'><\/span><span class=\"av-masonry-text-sep text-sep-author\">\/<\/span><span class='av-masonry-author meta-color vcard author'><span class='fn'>by <\/span><\/span><\/div><\/div><\/figcaption><\/figure><\/a><!--end av-masonry entry--><a href=\"https:\/\/casa.oaxaca.gob.mx\/?p=17991\" id='av-masonry-1-item-17991' data-av-masonry-item='17991' class='av-masonry-entry isotope-item post-17991 post type-post status-publish format-standard has-post-thumbnail hentry category-204 category-convocatorias all_sort 2025_sort  convocatorias_sort  av-masonry-item-with-image' title=\"RAYOS X MEXICANOS. La radiograf\u00eda como lenguaje expresivo.\"  itemscope=\"itemscope\" itemtype=\"https:\/\/schema.org\/CreativeWork\" ><div class='av-inner-masonry-sizer'><\/div><figure class='av-inner-masonry main_color'><div class=\"av-masonry-outerimage-container\"><div class=\"av-masonry-image-container\" style=\"background-image: url(https:\/\/casa.oaxaca.gob.mx\/wp-content\/uploads\/2025\/11\/Rayos-X_IG01-705x580.jpg);\"><img decoding=\"async\" src=\"https:\/\/casa.oaxaca.gob.mx\/wp-content\/uploads\/2025\/11\/Rayos-X_IG01-705x580.jpg\" title=\"Rayos X_IG01\" alt=\"\" \/><\/div><\/div><figcaption class='av-inner-masonry-content site-background'><div class='av-inner-masonry-content-pos'><div class='av-inner-masonry-content-pos-content'><div class='avia-arrow'><\/div><h3 class='av-masonry-entry-title entry-title'  itemprop=\"headline\" >RAYOS X MEXICANOS. La radiograf\u00eda como lenguaje expresivo.<\/h3><span class='av-masonry-date meta-color updated'><\/span><span class=\"av-masonry-text-sep text-sep-author\">\/<\/span><span class='av-masonry-author meta-color vcard author'><span class='fn'>by <\/span><\/span><\/div><\/div><\/figcaption><\/figure><\/a><!--end av-masonry entry--><a href=\"https:\/\/casa.oaxaca.gob.mx\/?p=17985\" id='av-masonry-1-item-17985' data-av-masonry-item='17985' class='av-masonry-entry isotope-item post-17985 post type-post status-publish format-standard has-post-thumbnail hentry category-204 all_sort 2025_sort  av-masonry-item-with-image' title=\"Taller presencial. Nuevas voces del cuerpo. Imparte: Samantha del Castillo Nevarez, Sofia Nicole Diaz de Sandi y Kassandra Hern\u00e1ndez.\"  itemscope=\"itemscope\" itemtype=\"https:\/\/schema.org\/CreativeWork\" ><div class='av-inner-masonry-sizer'><\/div><figure class='av-inner-masonry main_color'><div class=\"av-masonry-outerimage-container\"><div class=\"av-masonry-image-container\" style=\"background-image: url(https:\/\/casa.oaxaca.gob.mx\/wp-content\/uploads\/2025\/11\/Nuevas-voces-del-cuerpo-cerrada-705x484.jpg);\"><img decoding=\"async\" src=\"https:\/\/casa.oaxaca.gob.mx\/wp-content\/uploads\/2025\/11\/Nuevas-voces-del-cuerpo-cerrada-705x484.jpg\" title=\"Nuevas-voces-del-cuerpo-cerrada\" alt=\"\" \/><\/div><\/div><figcaption class='av-inner-masonry-content site-background'><div class='av-inner-masonry-content-pos'><div class='av-inner-masonry-content-pos-content'><div class='avia-arrow'><\/div><h3 class='av-masonry-entry-title entry-title'  itemprop=\"headline\" >Taller presencial. Nuevas voces del cuerpo. Imparte: Samantha del Castillo Nevarez, Sofia Nicole Diaz de Sandi y Kassandra Hern\u00e1ndez.<\/h3><span class='av-masonry-date meta-color updated'><\/span><span class=\"av-masonry-text-sep text-sep-author\">\/<\/span><span class='av-masonry-author meta-color vcard author'><span class='fn'>by <\/span><\/span><\/div><\/div><\/figcaption><\/figure><\/a><!--end av-masonry entry--><a href=\"https:\/\/casa.oaxaca.gob.mx\/?p=17772\" id='av-masonry-1-item-17772' data-av-masonry-item='17772' class='av-masonry-entry isotope-item post-17772 post type-post status-publish format-standard has-post-thumbnail hentry category-204 all_sort 2025_sort  av-masonry-item-with-image' title=\"Taller presencial. Decoraci\u00f3n de calaveritas de az\u00facar. Imparte: X\u00f3chitl S\u00e1nchez C\u00f3rdova.\"  itemscope=\"itemscope\" itemtype=\"https:\/\/schema.org\/CreativeWork\" ><div class='av-inner-masonry-sizer'><\/div><figure class='av-inner-masonry main_color'><div class=\"av-masonry-outerimage-container\"><div class=\"av-masonry-image-container\" style=\"background-image: url(https:\/\/casa.oaxaca.gob.mx\/wp-content\/uploads\/2025\/10\/Decoracion-de-calaveritas-de-azucar-cerrada-705x484.jpg);\"><img decoding=\"async\" src=\"https:\/\/casa.oaxaca.gob.mx\/wp-content\/uploads\/2025\/10\/Decoracion-de-calaveritas-de-azucar-cerrada-705x484.jpg\" title=\"Decoracion-de-calaveritas-de-azucar-cerrada\" alt=\"\" \/><\/div><\/div><figcaption class='av-inner-masonry-content site-background'><div class='av-inner-masonry-content-pos'><div class='av-inner-masonry-content-pos-content'><div class='avia-arrow'><\/div><h3 class='av-masonry-entry-title entry-title'  itemprop=\"headline\" >Taller presencial. Decoraci\u00f3n de calaveritas de az\u00facar. Imparte: X\u00f3chitl S\u00e1nchez C\u00f3rdova.<\/h3><span class='av-masonry-date meta-color updated'><\/span><span class=\"av-masonry-text-sep text-sep-author\">\/<\/span><span class='av-masonry-author meta-color vcard author'><span class='fn'>by <\/span><\/span><\/div><\/div><\/figcaption><\/figure><\/a><!--end av-masonry entry--><a href=\"https:\/\/casa.oaxaca.gob.mx\/?p=17766\" id='av-masonry-1-item-17766' data-av-masonry-item='17766' class='av-masonry-entry isotope-item post-17766 post type-post status-publish format-standard has-post-thumbnail hentry category-204 all_sort 2025_sort  av-masonry-item-with-image' title=\"Taller presencial. Tejiendo de 4 a 24 marcos en un Telar AVL computarizado. Imparte: Iris Calder\u00f3n.\"  itemscope=\"itemscope\" itemtype=\"https:\/\/schema.org\/CreativeWork\" ><div class='av-inner-masonry-sizer'><\/div><figure class='av-inner-masonry main_color'><div class=\"av-masonry-outerimage-container\"><div class=\"av-masonry-image-container\" style=\"background-image: url(https:\/\/casa.oaxaca.gob.mx\/wp-content\/uploads\/2025\/10\/Tejiendo_de_4_a_24_marcos_en_un_telar_avl_computarizado_cerrada-705x484.jpg);\"><img decoding=\"async\" src=\"https:\/\/casa.oaxaca.gob.mx\/wp-content\/uploads\/2025\/10\/Tejiendo_de_4_a_24_marcos_en_un_telar_avl_computarizado_cerrada-705x484.jpg\" title=\"Tejiendo_de_4_a_24_marcos_en_un_telar_avl_computarizado_cerrada\" alt=\"\" \/><\/div><\/div><figcaption class='av-inner-masonry-content site-background'><div class='av-inner-masonry-content-pos'><div class='av-inner-masonry-content-pos-content'><div class='avia-arrow'><\/div><h3 class='av-masonry-entry-title entry-title'  itemprop=\"headline\" >Taller presencial. Tejiendo de 4 a 24 marcos en un Telar AVL computarizado. Imparte: Iris Calder\u00f3n.<\/h3><span class='av-masonry-date meta-color updated'><\/span><span class=\"av-masonry-text-sep text-sep-author\">\/<\/span><span class='av-masonry-author meta-color vcard author'><span class='fn'>by <\/span><\/span><\/div><\/div><\/figcaption><\/figure><\/a><!--end av-masonry entry--><a href=\"https:\/\/casa.oaxaca.gob.mx\/?p=17759\" id='av-masonry-1-item-17759' data-av-masonry-item='17759' class='av-masonry-entry isotope-item post-17759 post type-post status-publish format-standard has-post-thumbnail hentry category-204 all_sort 2025_sort  av-masonry-item-with-image' title=\"Taller presencial. Fotograf\u00eda An\u00e1loga Ecol\u00f3gica. Imparte: Conrado L\u00f3pez Ruiz &#8220;Dito Traspi\u00e9&#8221;\"  itemscope=\"itemscope\" itemtype=\"https:\/\/schema.org\/CreativeWork\" ><div class='av-inner-masonry-sizer'><\/div><figure class='av-inner-masonry main_color'><div class=\"av-masonry-outerimage-container\"><div class=\"av-masonry-image-container\" style=\"background-image: url(https:\/\/casa.oaxaca.gob.mx\/wp-content\/uploads\/2025\/10\/Fotografia-analoga-ecologica-cerrada-705x484.jpg);\"><img decoding=\"async\" src=\"https:\/\/casa.oaxaca.gob.mx\/wp-content\/uploads\/2025\/10\/Fotografia-analoga-ecologica-cerrada-705x484.jpg\" title=\"Fotografia-analoga-ecologica-cerrada\" alt=\"\" \/><\/div><\/div><figcaption class='av-inner-masonry-content site-background'><div class='av-inner-masonry-content-pos'><div class='av-inner-masonry-content-pos-content'><div class='avia-arrow'><\/div><h3 class='av-masonry-entry-title entry-title'  itemprop=\"headline\" >Taller presencial. Fotograf\u00eda An\u00e1loga Ecol\u00f3gica. Imparte: Conrado L\u00f3pez Ruiz &#8220;Dito Traspi\u00e9&#8221;<\/h3><span class='av-masonry-date meta-color updated'><\/span><span class=\"av-masonry-text-sep text-sep-author\">\/<\/span><span class='av-masonry-author meta-color vcard author'><span class='fn'>by <\/span><\/span><\/div><\/div><\/figcaption><\/figure><\/a><!--end av-masonry entry--><a href=\"https:\/\/casa.oaxaca.gob.mx\/?p=17754\" id='av-masonry-1-item-17754' data-av-masonry-item='17754' class='av-masonry-entry isotope-item post-17754 post type-post status-publish format-standard has-post-thumbnail hentry category-204 all_sort 2025_sort  av-masonry-item-with-image' title=\"Taller presencial. Grabado en mural. Imparte: Irving Herrera.\"  itemscope=\"itemscope\" itemtype=\"https:\/\/schema.org\/CreativeWork\" ><div class='av-inner-masonry-sizer'><\/div><figure class='av-inner-masonry main_color'><div class=\"av-masonry-outerimage-container\"><div class=\"av-masonry-image-container\" style=\"background-image: url(https:\/\/casa.oaxaca.gob.mx\/wp-content\/uploads\/2025\/10\/Grabado-en-mural_cerrada-705x484.jpg);\"><img decoding=\"async\" src=\"https:\/\/casa.oaxaca.gob.mx\/wp-content\/uploads\/2025\/10\/Grabado-en-mural_cerrada-705x484.jpg\" title=\"Grabado-en-mural_cerrada\" alt=\"\" \/><\/div><\/div><figcaption class='av-inner-masonry-content site-background'><div class='av-inner-masonry-content-pos'><div class='av-inner-masonry-content-pos-content'><div class='avia-arrow'><\/div><h3 class='av-masonry-entry-title entry-title'  itemprop=\"headline\" >Taller presencial. Grabado en mural. Imparte: Irving Herrera.<\/h3><span class='av-masonry-date meta-color updated'><\/span><span class=\"av-masonry-text-sep text-sep-author\">\/<\/span><span class='av-masonry-author meta-color vcard author'><span class='fn'>by <\/span><\/span><\/div><\/div><\/figcaption><\/figure><\/a><!--end av-masonry entry--><a href=\"https:\/\/casa.oaxaca.gob.mx\/?p=17751\" id='av-masonry-1-item-17751' data-av-masonry-item='17751' class='av-masonry-entry isotope-item post-17751 post type-post status-publish format-standard has-post-thumbnail hentry category-204 all_sort 2025_sort  av-masonry-item-with-image' title=\"Taller presencial. Documentar el Arte (Taller de registro en video). Imparte: Arturo Lavariega.\"  itemscope=\"itemscope\" itemtype=\"https:\/\/schema.org\/CreativeWork\" ><div class='av-inner-masonry-sizer'><\/div><figure class='av-inner-masonry main_color'><div class=\"av-masonry-outerimage-container\"><div class=\"av-masonry-image-container\" style=\"background-image: url(https:\/\/casa.oaxaca.gob.mx\/wp-content\/uploads\/2025\/10\/Documentar-el-arte-Taller-de-registro-en-video_cerrada-705x484.jpg);\"><img decoding=\"async\" src=\"https:\/\/casa.oaxaca.gob.mx\/wp-content\/uploads\/2025\/10\/Documentar-el-arte-Taller-de-registro-en-video_cerrada-705x484.jpg\" title=\"Documentar-el-arte-Taller-de-registro-en-video_cerrada\" alt=\"\" \/><\/div><\/div><figcaption class='av-inner-masonry-content site-background'><div class='av-inner-masonry-content-pos'><div class='av-inner-masonry-content-pos-content'><div class='avia-arrow'><\/div><h3 class='av-masonry-entry-title entry-title'  itemprop=\"headline\" >Taller presencial. Documentar el Arte (Taller de registro en video). Imparte: Arturo Lavariega.<\/h3><span class='av-masonry-date meta-color updated'><\/span><span class=\"av-masonry-text-sep text-sep-author\">\/<\/span><span class='av-masonry-author meta-color vcard author'><span class='fn'>by <\/span><\/span><\/div><\/div><\/figcaption><\/figure><\/a><!--end av-masonry entry--><a href=\"https:\/\/casa.oaxaca.gob.mx\/?p=17742\" id='av-masonry-1-item-17742' data-av-masonry-item='17742' class='av-masonry-entry isotope-item post-17742 post type-post status-publish format-standard has-post-thumbnail hentry category-204 all_sort 2025_sort  av-masonry-item-with-image' title=\"Taller presencial. Introducci\u00f3n a la Xilograf\u00eda. Imparte: Marco Canseco.\"  itemscope=\"itemscope\" itemtype=\"https:\/\/schema.org\/CreativeWork\" ><div class='av-inner-masonry-sizer'><\/div><figure class='av-inner-masonry main_color'><div class=\"av-masonry-outerimage-container\"><div class=\"av-masonry-image-container\" style=\"background-image: url(https:\/\/casa.oaxaca.gob.mx\/wp-content\/uploads\/2025\/10\/Introduccion-a-la-xilografia_cerrada-705x484.jpg);\"><img decoding=\"async\" src=\"https:\/\/casa.oaxaca.gob.mx\/wp-content\/uploads\/2025\/10\/Introduccion-a-la-xilografia_cerrada-705x484.jpg\" title=\"Introduccion-a-la-xilografia_cerrada\" alt=\"\" \/><\/div><\/div><figcaption class='av-inner-masonry-content site-background'><div class='av-inner-masonry-content-pos'><div class='av-inner-masonry-content-pos-content'><div class='avia-arrow'><\/div><h3 class='av-masonry-entry-title entry-title'  itemprop=\"headline\" >Taller presencial. Introducci\u00f3n a la Xilograf\u00eda. Imparte: Marco Canseco.<\/h3><span class='av-masonry-date meta-color updated'><\/span><span class=\"av-masonry-text-sep text-sep-author\">\/<\/span><span class='av-masonry-author meta-color vcard author'><span class='fn'>by <\/span><\/span><\/div><\/div><\/figcaption><\/figure><\/a><!--end av-masonry entry--><a href=\"https:\/\/casa.oaxaca.gob.mx\/?p=17735\" id='av-masonry-1-item-17735' data-av-masonry-item='17735' class='av-masonry-entry isotope-item post-17735 post type-post status-publish format-standard has-post-thumbnail hentry category-204 all_sort 2025_sort  av-masonry-item-with-image' title=\"Taller presencial. L\u00edmites y alcances: Potenciar la imagen desde nuestras posibilidades. Imparte: Santiago Bola\u00f1os.\"  itemscope=\"itemscope\" itemtype=\"https:\/\/schema.org\/CreativeWork\" ><div class='av-inner-masonry-sizer'><\/div><figure class='av-inner-masonry main_color'><div class=\"av-masonry-outerimage-container\"><div class=\"av-masonry-image-container\" style=\"background-image: url(https:\/\/casa.oaxaca.gob.mx\/wp-content\/uploads\/2025\/10\/Limites_y_alcances_Potenciar_la_imagen_desde_nuestras_posibilidades-1-705x484.jpg);\"><img decoding=\"async\" src=\"https:\/\/casa.oaxaca.gob.mx\/wp-content\/uploads\/2025\/10\/Limites_y_alcances_Potenciar_la_imagen_desde_nuestras_posibilidades-1-705x484.jpg\" title=\"Limites_y_alcances_Potenciar_la_imagen_desde_nuestras_posibilidades (1)\" alt=\"\" \/><\/div><\/div><figcaption class='av-inner-masonry-content site-background'><div class='av-inner-masonry-content-pos'><div class='av-inner-masonry-content-pos-content'><div class='avia-arrow'><\/div><h3 class='av-masonry-entry-title entry-title'  itemprop=\"headline\" >Taller presencial. L\u00edmites y alcances: Potenciar la imagen desde nuestras posibilidades. Imparte: Santiago Bola\u00f1os.<\/h3><span class='av-masonry-date meta-color updated'><\/span><span class=\"av-masonry-text-sep text-sep-author\">\/<\/span><span class='av-masonry-author meta-color vcard author'><span class='fn'>by <\/span><\/span><\/div><\/div><\/figcaption><\/figure><\/a><!--end av-masonry entry--><a href=\"https:\/\/casa.oaxaca.gob.mx\/?p=17703\" id='av-masonry-1-item-17703' data-av-masonry-item='17703' class='av-masonry-entry isotope-item post-17703 post type-post status-publish format-standard has-post-thumbnail hentry category-204 all_sort 2025_sort  av-masonry-item-with-image' title=\"Taller presencial. \u201cFotograf\u00eda y Archivo Comunitario\u201d La fotograf\u00eda como testigo del tiempo y la memoria colectiva. Imparte: Eva L\u00e9piz.\"  itemscope=\"itemscope\" itemtype=\"https:\/\/schema.org\/CreativeWork\" ><div class='av-inner-masonry-sizer'><\/div><figure class='av-inner-masonry main_color'><div class=\"av-masonry-outerimage-container\"><div class=\"av-masonry-image-container\" style=\"background-image: url(https:\/\/casa.oaxaca.gob.mx\/wp-content\/uploads\/2025\/10\/Fotografia-y-archivo-comunitario-cerrada-705x484.jpg);\"><img decoding=\"async\" src=\"https:\/\/casa.oaxaca.gob.mx\/wp-content\/uploads\/2025\/10\/Fotografia-y-archivo-comunitario-cerrada-705x484.jpg\" title=\"Fotografia-y-archivo-comunitario-cerrada\" alt=\"\" \/><\/div><\/div><figcaption class='av-inner-masonry-content site-background'><div class='av-inner-masonry-content-pos'><div class='av-inner-masonry-content-pos-content'><div class='avia-arrow'><\/div><h3 class='av-masonry-entry-title entry-title'  itemprop=\"headline\" >Taller presencial. \u201cFotograf\u00eda y Archivo Comunitario\u201d La fotograf\u00eda como testigo del tiempo y la memoria colectiva. Imparte: Eva L\u00e9piz.<\/h3><span class='av-masonry-date meta-color updated'><\/span><span class=\"av-masonry-text-sep text-sep-author\">\/<\/span><span class='av-masonry-author meta-color vcard author'><span class='fn'>by <\/span><\/span><\/div><\/div><\/figcaption><\/figure><\/a><!--end av-masonry entry--><a href=\"https:\/\/casa.oaxaca.gob.mx\/?p=17682\" id='av-masonry-1-item-17682' data-av-masonry-item='17682' class='av-masonry-entry isotope-item post-17682 post type-post status-publish format-standard has-post-thumbnail hentry category-programa-de-desarrollo-de-arte-y-cultura-citibanamex all_sort programa-de-desarrollo-de-arte-y-cultura-citibanamex_sort  av-masonry-item-with-image' title=\"MANTENIMIENTO DE PUERTAS Y VENTANAS\"  itemscope=\"itemscope\" itemtype=\"https:\/\/schema.org\/CreativeWork\" ><div class='av-inner-masonry-sizer'><\/div><figure class='av-inner-masonry main_color'><div class=\"av-masonry-outerimage-container\"><div class=\"av-masonry-image-container\" style=\"background-image: url(https:\/\/casa.oaxaca.gob.mx\/wp-content\/uploads\/2025\/08\/Agosto-banamex_02-705x564.jpg);\"><img decoding=\"async\" src=\"https:\/\/casa.oaxaca.gob.mx\/wp-content\/uploads\/2025\/08\/Agosto-banamex_02-705x564.jpg\" title=\"Agosto banamex_02\" alt=\"\" \/><\/div><\/div><figcaption class='av-inner-masonry-content site-background'><div class='av-inner-masonry-content-pos'><div class='av-inner-masonry-content-pos-content'><div class='avia-arrow'><\/div><h3 class='av-masonry-entry-title entry-title'  itemprop=\"headline\" >MANTENIMIENTO DE PUERTAS Y VENTANAS<\/h3><span class='av-masonry-date meta-color updated'><\/span><span class=\"av-masonry-text-sep text-sep-author\">\/<\/span><span class='av-masonry-author meta-color vcard author'><span class='fn'>by <\/span><\/span><\/div><\/div><\/figcaption><\/figure><\/a><!--end av-masonry entry--><a href=\"https:\/\/casa.oaxaca.gob.mx\/?p=17660\" id='av-masonry-1-item-17660' data-av-masonry-item='17660' class='av-masonry-entry isotope-item post-17660 post type-post status-publish format-standard has-post-thumbnail hentry category-204 all_sort 2025_sort  av-masonry-item-with-image' title=\"Taller presencial. Grabado en Mdf. Imparte: Damara Rosales.\"  itemscope=\"itemscope\" itemtype=\"https:\/\/schema.org\/CreativeWork\" ><div class='av-inner-masonry-sizer'><\/div><figure class='av-inner-masonry main_color'><div class=\"av-masonry-outerimage-container\"><div class=\"av-masonry-image-container\" style=\"background-image: url(https:\/\/casa.oaxaca.gob.mx\/wp-content\/uploads\/2025\/09\/Grabado-en-MDF_cerrada-705x484.jpg);\"><img decoding=\"async\" src=\"https:\/\/casa.oaxaca.gob.mx\/wp-content\/uploads\/2025\/09\/Grabado-en-MDF_cerrada-705x484.jpg\" title=\"Grabado-en-MDF_cerrada\" alt=\"\" \/><\/div><\/div><figcaption class='av-inner-masonry-content site-background'><div class='av-inner-masonry-content-pos'><div class='av-inner-masonry-content-pos-content'><div class='avia-arrow'><\/div><h3 class='av-masonry-entry-title entry-title'  itemprop=\"headline\" >Taller presencial. Grabado en Mdf. Imparte: Damara Rosales.<\/h3><span class='av-masonry-date meta-color updated'><\/span><span class=\"av-masonry-text-sep text-sep-author\">\/<\/span><span class='av-masonry-author meta-color vcard author'><span class='fn'>by <\/span><\/span><\/div><\/div><\/figcaption><\/figure><\/a><!--end av-masonry entry--><a href=\"https:\/\/casa.oaxaca.gob.mx\/?p=17653\" id='av-masonry-1-item-17653' data-av-masonry-item='17653' class='av-masonry-entry isotope-item post-17653 post type-post status-publish format-standard has-post-thumbnail hentry category-204 all_sort 2025_sort  av-masonry-item-with-image' title=\"Taller presencial. Humanidades Ambientales: C\u00edrculo de estudio. Imparte: Dra. Carmen Cebreros Urzaiz.\"  itemscope=\"itemscope\" itemtype=\"https:\/\/schema.org\/CreativeWork\" ><div class='av-inner-masonry-sizer'><\/div><figure class='av-inner-masonry main_color'><div class=\"av-masonry-outerimage-container\"><div class=\"av-masonry-image-container\" style=\"background-image: url(https:\/\/casa.oaxaca.gob.mx\/wp-content\/uploads\/2025\/09\/Humanidades-ambientales_Circulo-de-estudio_cerrada-705x484.jpg);\"><img decoding=\"async\" src=\"https:\/\/casa.oaxaca.gob.mx\/wp-content\/uploads\/2025\/09\/Humanidades-ambientales_Circulo-de-estudio_cerrada-705x484.jpg\" title=\"Humanidades-ambientales_Circulo-de-estudio_cerrada\" alt=\"\" \/><\/div><\/div><figcaption class='av-inner-masonry-content site-background'><div class='av-inner-masonry-content-pos'><div class='av-inner-masonry-content-pos-content'><div class='avia-arrow'><\/div><h3 class='av-masonry-entry-title entry-title'  itemprop=\"headline\" >Taller presencial. Humanidades Ambientales: C\u00edrculo de estudio. Imparte: Dra. Carmen Cebreros Urzaiz.<\/h3><span class='av-masonry-date meta-color updated'><\/span><span class=\"av-masonry-text-sep text-sep-author\">\/<\/span><span class='av-masonry-author meta-color vcard author'><span class='fn'>by <\/span><\/span><\/div><\/div><\/figcaption><\/figure><\/a><!--end av-masonry entry--><a href=\"https:\/\/casa.oaxaca.gob.mx\/?p=17647\" id='av-masonry-1-item-17647' data-av-masonry-item='17647' class='av-masonry-entry isotope-item post-17647 post type-post status-publish format-standard has-post-thumbnail hentry category-204 all_sort 2025_sort  av-masonry-item-with-image' title=\"Taller presencial. Reutiliza tus materiales fotogr\u00e1ficos velados, caducos o sobre expuestos. Imparte: Bernardo Jos\u00e9 P\u00e9rez de la Torre \u201cDebrayes\u201d.\"  itemscope=\"itemscope\" itemtype=\"https:\/\/schema.org\/CreativeWork\" ><div class='av-inner-masonry-sizer'><\/div><figure class='av-inner-masonry main_color'><div class=\"av-masonry-outerimage-container\"><div class=\"av-masonry-image-container\" style=\"background-image: url(https:\/\/casa.oaxaca.gob.mx\/wp-content\/uploads\/2025\/09\/Reutiliza_tus_materiales_fotograficos_veladados_caducos_o_sobre-1-705x484.jpg);\"><img decoding=\"async\" src=\"https:\/\/casa.oaxaca.gob.mx\/wp-content\/uploads\/2025\/09\/Reutiliza_tus_materiales_fotograficos_veladados_caducos_o_sobre-1-705x484.jpg\" title=\"Reutiliza_tus_materiales_fotograficos_veladados_caducos_o_sobre (1)\" alt=\"\" \/><\/div><\/div><figcaption class='av-inner-masonry-content site-background'><div class='av-inner-masonry-content-pos'><div class='av-inner-masonry-content-pos-content'><div class='avia-arrow'><\/div><h3 class='av-masonry-entry-title entry-title'  itemprop=\"headline\" >Taller presencial. Reutiliza tus materiales fotogr\u00e1ficos velados, caducos o sobre expuestos. Imparte: Bernardo Jos\u00e9 P\u00e9rez de la Torre \u201cDebrayes\u201d.<\/h3><span class='av-masonry-date meta-color updated'><\/span><span class=\"av-masonry-text-sep text-sep-author\">\/<\/span><span class='av-masonry-author meta-color vcard author'><span class='fn'>by <\/span><\/span><\/div><\/div><\/figcaption><\/figure><\/a><!--end av-masonry entry--><a href=\"https:\/\/casa.oaxaca.gob.mx\/?p=17642\" id='av-masonry-1-item-17642' data-av-masonry-item='17642' class='av-masonry-entry isotope-item post-17642 post type-post status-publish format-standard has-post-thumbnail hentry category-204 all_sort 2025_sort  av-masonry-item-with-image' title=\"Taller presencial. Provocaciones narrativas en la fotograf\u00eda documental. Imparte: Alessandro Bo.\"  itemscope=\"itemscope\" itemtype=\"https:\/\/schema.org\/CreativeWork\" ><div class='av-inner-masonry-sizer'><\/div><figure class='av-inner-masonry main_color'><div class=\"av-masonry-outerimage-container\"><div class=\"av-masonry-image-container\" style=\"background-image: url(https:\/\/casa.oaxaca.gob.mx\/wp-content\/uploads\/2025\/09\/Provocaciones-narrativas-en-la-fotografia-documental_cerrada-705x484.jpg);\"><img decoding=\"async\" src=\"https:\/\/casa.oaxaca.gob.mx\/wp-content\/uploads\/2025\/09\/Provocaciones-narrativas-en-la-fotografia-documental_cerrada-705x484.jpg\" title=\"Provocaciones-narrativas-en-la-fotografia-documental_cerrada\" alt=\"\" \/><\/div><\/div><figcaption class='av-inner-masonry-content site-background'><div class='av-inner-masonry-content-pos'><div class='av-inner-masonry-content-pos-content'><div class='avia-arrow'><\/div><h3 class='av-masonry-entry-title entry-title'  itemprop=\"headline\" >Taller presencial. Provocaciones narrativas en la fotograf\u00eda documental. Imparte: Alessandro Bo.<\/h3><span class='av-masonry-date meta-color updated'><\/span><span class=\"av-masonry-text-sep text-sep-author\">\/<\/span><span class='av-masonry-author meta-color vcard author'><span class='fn'>by <\/span><\/span><\/div><\/div><\/figcaption><\/figure><\/a><!--end av-masonry entry--><a href=\"https:\/\/casa.oaxaca.gob.mx\/?p=17626\" id='av-masonry-1-item-17626' data-av-masonry-item='17626' class='av-masonry-entry isotope-item post-17626 post type-post status-publish format-standard has-post-thumbnail hentry category-204 all_sort 2025_sort  av-masonry-item-with-image' title=\"Taller presencial. Deshilar la imagen. Imparte: Ariadna Rojas Alc\u00e1ntara.\"  itemscope=\"itemscope\" itemtype=\"https:\/\/schema.org\/CreativeWork\" ><div class='av-inner-masonry-sizer'><\/div><figure class='av-inner-masonry main_color'><div class=\"av-masonry-outerimage-container\"><div class=\"av-masonry-image-container\" style=\"background-image: url(https:\/\/casa.oaxaca.gob.mx\/wp-content\/uploads\/2025\/09\/Deshilar-la-imagen_cerrada-705x484.jpg);\"><img decoding=\"async\" src=\"https:\/\/casa.oaxaca.gob.mx\/wp-content\/uploads\/2025\/09\/Deshilar-la-imagen_cerrada-705x484.jpg\" title=\"Deshilar-la-imagen_cerrada\" alt=\"\" \/><\/div><\/div><figcaption class='av-inner-masonry-content site-background'><div class='av-inner-masonry-content-pos'><div class='av-inner-masonry-content-pos-content'><div class='avia-arrow'><\/div><h3 class='av-masonry-entry-title entry-title'  itemprop=\"headline\" >Taller presencial. Deshilar la imagen. Imparte: Ariadna Rojas Alc\u00e1ntara.<\/h3><span class='av-masonry-date meta-color updated'><\/span><span class=\"av-masonry-text-sep text-sep-author\">\/<\/span><span class='av-masonry-author meta-color vcard author'><span class='fn'>by <\/span><\/span><\/div><\/div><\/figcaption><\/figure><\/a><!--end av-masonry entry--><a href=\"https:\/\/casa.oaxaca.gob.mx\/?p=17623\" id='av-masonry-1-item-17623' data-av-masonry-item='17623' class='av-masonry-entry isotope-item post-17623 post type-post status-publish format-standard has-post-thumbnail hentry category-204 all_sort 2025_sort  av-masonry-item-with-image' title=\"Taller presencial. Intensivo de Lectoescritura del Didxaz\u00e1. Imparte: Nelson Guerra L\u00f3pez.\"  itemscope=\"itemscope\" itemtype=\"https:\/\/schema.org\/CreativeWork\" ><div class='av-inner-masonry-sizer'><\/div><figure class='av-inner-masonry main_color'><div class=\"av-masonry-outerimage-container\"><div class=\"av-masonry-image-container\" style=\"background-image: url(https:\/\/casa.oaxaca.gob.mx\/wp-content\/uploads\/2025\/09\/Intensivo-de-lectoescritura-del-didxaza_cerrada-705x484.jpg);\"><img decoding=\"async\" src=\"https:\/\/casa.oaxaca.gob.mx\/wp-content\/uploads\/2025\/09\/Intensivo-de-lectoescritura-del-didxaza_cerrada-705x484.jpg\" title=\"Intensivo-de-lectoescritura-del-didxaza_cerrada\" alt=\"\" \/><\/div><\/div><figcaption class='av-inner-masonry-content site-background'><div class='av-inner-masonry-content-pos'><div class='av-inner-masonry-content-pos-content'><div class='avia-arrow'><\/div><h3 class='av-masonry-entry-title entry-title'  itemprop=\"headline\" >Taller presencial. Intensivo de Lectoescritura del Didxaz\u00e1. Imparte: Nelson Guerra L\u00f3pez.<\/h3><span class='av-masonry-date meta-color updated'><\/span><span class=\"av-masonry-text-sep text-sep-author\">\/<\/span><span class='av-masonry-author meta-color vcard author'><span class='fn'>by <\/span><\/span><\/div><\/div><\/figcaption><\/figure><\/a><!--end av-masonry entry--><a href=\"https:\/\/casa.oaxaca.gob.mx\/?p=17619\" id='av-masonry-1-item-17619' data-av-masonry-item='17619' class='av-masonry-entry isotope-item post-17619 post type-post status-publish format-standard has-post-thumbnail hentry category-204 all_sort 2025_sort  av-masonry-item-with-image' title=\"Taller presencial. Lo que sabemos, pero no podemos ver. Imparte: Anna Dusi.\"  itemscope=\"itemscope\" itemtype=\"https:\/\/schema.org\/CreativeWork\" ><div class='av-inner-masonry-sizer'><\/div><figure class='av-inner-masonry main_color'><div class=\"av-masonry-outerimage-container\"><div class=\"av-masonry-image-container\" style=\"background-image: url(https:\/\/casa.oaxaca.gob.mx\/wp-content\/uploads\/2025\/09\/Lo-que-sabemos-pero-no-podemos-ver_IG01-1-564x705.jpg);\"><img decoding=\"async\" src=\"https:\/\/casa.oaxaca.gob.mx\/wp-content\/uploads\/2025\/09\/Lo-que-sabemos-pero-no-podemos-ver_IG01-1-564x705.jpg\" title=\"Lo que sabemos, pero no podemos ver_IG01 (1)\" alt=\"\" \/><\/div><\/div><figcaption class='av-inner-masonry-content site-background'><div class='av-inner-masonry-content-pos'><div class='av-inner-masonry-content-pos-content'><div class='avia-arrow'><\/div><h3 class='av-masonry-entry-title entry-title'  itemprop=\"headline\" >Taller presencial. Lo que sabemos, pero no podemos ver. Imparte: Anna Dusi.<\/h3><span class='av-masonry-date meta-color updated'><\/span><span class=\"av-masonry-text-sep text-sep-author\">\/<\/span><span class='av-masonry-author meta-color vcard author'><span class='fn'>by <\/span><\/span><\/div><\/div><\/figcaption><\/figure><\/a><!--end av-masonry entry--><a href=\"https:\/\/casa.oaxaca.gob.mx\/?p=17602\" id='av-masonry-1-item-17602' data-av-masonry-item='17602' class='av-masonry-entry isotope-item post-17602 post type-post status-publish format-standard has-post-thumbnail hentry category-204 all_sort 2025_sort  av-masonry-item-with-image' title=\"Taller presencial. Pensar la imagen. Imparte: Juan Carlos Reyes.\"  itemscope=\"itemscope\" itemtype=\"https:\/\/schema.org\/CreativeWork\" ><div class='av-inner-masonry-sizer'><\/div><figure class='av-inner-masonry main_color'><div class=\"av-masonry-outerimage-container\"><div class=\"av-masonry-image-container\" style=\"background-image: url(https:\/\/casa.oaxaca.gob.mx\/wp-content\/uploads\/2025\/09\/Pensar-la-imagen_cerrada-705x484.jpg);\"><img decoding=\"async\" src=\"https:\/\/casa.oaxaca.gob.mx\/wp-content\/uploads\/2025\/09\/Pensar-la-imagen_cerrada-705x484.jpg\" title=\"Pensar-la-imagen_cerrada\" alt=\"\" \/><\/div><\/div><figcaption class='av-inner-masonry-content site-background'><div class='av-inner-masonry-content-pos'><div class='av-inner-masonry-content-pos-content'><div class='avia-arrow'><\/div><h3 class='av-masonry-entry-title entry-title'  itemprop=\"headline\" >Taller presencial. Pensar la imagen. Imparte: Juan Carlos Reyes.<\/h3><span class='av-masonry-date meta-color updated'><\/span><span class=\"av-masonry-text-sep text-sep-author\">\/<\/span><span class='av-masonry-author meta-color vcard author'><span class='fn'>by <\/span><\/span><\/div><\/div><\/figcaption><\/figure><\/a><!--end av-masonry entry--><a href=\"https:\/\/casa.oaxaca.gob.mx\/?p=17549\" id='av-masonry-1-item-17549' data-av-masonry-item='17549' class='av-masonry-entry isotope-item post-17549 post type-post status-publish format-standard has-post-thumbnail hentry category-204 all_sort 2025_sort  av-masonry-item-with-image' title=\"Taller presencial. Cr\u00edtica e investigaci\u00f3n de la fotograf\u00eda. Imparte: Alejandro Castellanos.\"  itemscope=\"itemscope\" itemtype=\"https:\/\/schema.org\/CreativeWork\" ><div class='av-inner-masonry-sizer'><\/div><figure class='av-inner-masonry main_color'><div class=\"av-masonry-outerimage-container\"><div class=\"av-masonry-image-container\" style=\"background-image: url(https:\/\/casa.oaxaca.gob.mx\/wp-content\/uploads\/2025\/09\/Critica-e-investigacion-de-la-fotografia_cerrada-705x484.jpg);\"><img decoding=\"async\" src=\"https:\/\/casa.oaxaca.gob.mx\/wp-content\/uploads\/2025\/09\/Critica-e-investigacion-de-la-fotografia_cerrada-705x484.jpg\" title=\"Critica-e-investigacion-de-la-fotografia_cerrada\" alt=\"\" \/><\/div><\/div><figcaption class='av-inner-masonry-content site-background'><div class='av-inner-masonry-content-pos'><div class='av-inner-masonry-content-pos-content'><div class='avia-arrow'><\/div><h3 class='av-masonry-entry-title entry-title'  itemprop=\"headline\" >Taller presencial. Cr\u00edtica e investigaci\u00f3n de la fotograf\u00eda. Imparte: Alejandro Castellanos.<\/h3><span class='av-masonry-date meta-color updated'><\/span><span class=\"av-masonry-text-sep text-sep-author\">\/<\/span><span class='av-masonry-author meta-color vcard author'><span class='fn'>by <\/span><\/span><\/div><\/div><\/figcaption><\/figure><\/a><!--end av-masonry entry--><a href=\"https:\/\/casa.oaxaca.gob.mx\/?p=17542\" id='av-masonry-1-item-17542' data-av-masonry-item='17542' class='av-masonry-entry isotope-item post-17542 post type-post status-publish format-standard has-post-thumbnail hentry category-204 all_sort 2025_sort  av-masonry-item-with-image' title=\"Taller presencial. Iniciaci\u00f3n a la xilograf\u00eda. Imparte: Marco Canseco.\"  itemscope=\"itemscope\" itemtype=\"https:\/\/schema.org\/CreativeWork\" ><div class='av-inner-masonry-sizer'><\/div><figure class='av-inner-masonry main_color'><div class=\"av-masonry-outerimage-container\"><div class=\"av-masonry-image-container\" style=\"background-image: url(https:\/\/casa.oaxaca.gob.mx\/wp-content\/uploads\/2025\/09\/Iniciacion-a-la-xilografia_cerrada-705x484.jpg);\"><img decoding=\"async\" src=\"https:\/\/casa.oaxaca.gob.mx\/wp-content\/uploads\/2025\/09\/Iniciacion-a-la-xilografia_cerrada-705x484.jpg\" title=\"Iniciacion-a-la-xilografia_cerrada\" alt=\"\" \/><\/div><\/div><figcaption class='av-inner-masonry-content site-background'><div class='av-inner-masonry-content-pos'><div class='av-inner-masonry-content-pos-content'><div class='avia-arrow'><\/div><h3 class='av-masonry-entry-title entry-title'  itemprop=\"headline\" >Taller presencial. Iniciaci\u00f3n a la xilograf\u00eda. Imparte: Marco Canseco.<\/h3><span class='av-masonry-date meta-color updated'><\/span><span class=\"av-masonry-text-sep text-sep-author\">\/<\/span><span class='av-masonry-author meta-color vcard author'><span class='fn'>by <\/span><\/span><\/div><\/div><\/figcaption><\/figure><\/a><!--end av-masonry entry--><a href=\"https:\/\/casa.oaxaca.gob.mx\/?p=17539\" id='av-masonry-1-item-17539' data-av-masonry-item='17539' class='av-masonry-entry isotope-item post-17539 post type-post status-publish format-standard has-post-thumbnail hentry category-204 all_sort 2025_sort  av-masonry-item-with-image' title=\"Taller presencial. Lectoescritura de la lengua mazateca. Imparte: Gabriela Garc\u00eda Garc\u00eda.\"  itemscope=\"itemscope\" itemtype=\"https:\/\/schema.org\/CreativeWork\" ><div class='av-inner-masonry-sizer'><\/div><figure class='av-inner-masonry main_color'><div class=\"av-masonry-outerimage-container\"><div class=\"av-masonry-image-container\" style=\"background-image: url(https:\/\/casa.oaxaca.gob.mx\/wp-content\/uploads\/2025\/09\/Lectoescritura-de-la-lengua-mazateca_cerrada-705x484.jpg);\"><img decoding=\"async\" src=\"https:\/\/casa.oaxaca.gob.mx\/wp-content\/uploads\/2025\/09\/Lectoescritura-de-la-lengua-mazateca_cerrada-705x484.jpg\" title=\"Lectoescritura-de-la-lengua-mazateca_cerrada\" alt=\"\" \/><\/div><\/div><figcaption class='av-inner-masonry-content site-background'><div class='av-inner-masonry-content-pos'><div class='av-inner-masonry-content-pos-content'><div class='avia-arrow'><\/div><h3 class='av-masonry-entry-title entry-title'  itemprop=\"headline\" >Taller presencial. Lectoescritura de la lengua mazateca. Imparte: Gabriela Garc\u00eda Garc\u00eda.<\/h3><span class='av-masonry-date meta-color updated'><\/span><span class=\"av-masonry-text-sep text-sep-author\">\/<\/span><span class='av-masonry-author meta-color vcard author'><span class='fn'>by <\/span><\/span><\/div><\/div><\/figcaption><\/figure><\/a><!--end av-masonry entry--><a href=\"https:\/\/casa.oaxaca.gob.mx\/?p=17534\" id='av-masonry-1-item-17534' data-av-masonry-item='17534' class='av-masonry-entry isotope-item post-17534 post type-post status-publish format-standard has-post-thumbnail hentry category-204 all_sort 2025_sort  av-masonry-item-with-image' title=\"Taller presencial. Introducci\u00f3n al grabado en L\u00e1mina Negra. Imparte: Manuel Bernal.\"  itemscope=\"itemscope\" itemtype=\"https:\/\/schema.org\/CreativeWork\" ><div class='av-inner-masonry-sizer'><\/div><figure class='av-inner-masonry main_color'><div class=\"av-masonry-outerimage-container\"><div class=\"av-masonry-image-container\" style=\"background-image: url(https:\/\/casa.oaxaca.gob.mx\/wp-content\/uploads\/2025\/09\/Introduccion-al-grabado-en-lamina-negra_cerrada-705x484.jpg);\"><img decoding=\"async\" src=\"https:\/\/casa.oaxaca.gob.mx\/wp-content\/uploads\/2025\/09\/Introduccion-al-grabado-en-lamina-negra_cerrada-705x484.jpg\" title=\"Introduccion-al-grabado-en-lamina-negra_cerrada\" alt=\"\" \/><\/div><\/div><figcaption class='av-inner-masonry-content site-background'><div class='av-inner-masonry-content-pos'><div class='av-inner-masonry-content-pos-content'><div class='avia-arrow'><\/div><h3 class='av-masonry-entry-title entry-title'  itemprop=\"headline\" >Taller presencial. Introducci\u00f3n al grabado en L\u00e1mina Negra. Imparte: Manuel Bernal.<\/h3><span class='av-masonry-date meta-color updated'><\/span><span class=\"av-masonry-text-sep text-sep-author\">\/<\/span><span class='av-masonry-author meta-color vcard author'><span class='fn'>by <\/span><\/span><\/div><\/div><\/figcaption><\/figure><\/a><!--end av-masonry entry--><a href=\"https:\/\/casa.oaxaca.gob.mx\/?p=17528\" id='av-masonry-1-item-17528' data-av-masonry-item='17528' class='av-masonry-entry isotope-item post-17528 post type-post status-publish format-standard has-post-thumbnail hentry category-204 all_sort 2025_sort  av-masonry-item-with-image' title=\"Taller presencial. Visiones nocturnas. Manera negra con lija. Imparte: Marco Velasco.\"  itemscope=\"itemscope\" itemtype=\"https:\/\/schema.org\/CreativeWork\" ><div class='av-inner-masonry-sizer'><\/div><figure class='av-inner-masonry main_color'><div class=\"av-masonry-outerimage-container\"><div class=\"av-masonry-image-container\" style=\"background-image: url(https:\/\/casa.oaxaca.gob.mx\/wp-content\/uploads\/2025\/09\/Visiones-nocturnas-Manera-negra-con-lija_cerrada-705x484.jpg);\"><img decoding=\"async\" src=\"https:\/\/casa.oaxaca.gob.mx\/wp-content\/uploads\/2025\/09\/Visiones-nocturnas-Manera-negra-con-lija_cerrada-705x484.jpg\" title=\"Visiones-nocturnas-Manera-negra-con-lija_cerrada\" alt=\"\" \/><\/div><\/div><figcaption class='av-inner-masonry-content site-background'><div class='av-inner-masonry-content-pos'><div class='av-inner-masonry-content-pos-content'><div class='avia-arrow'><\/div><h3 class='av-masonry-entry-title entry-title'  itemprop=\"headline\" >Taller presencial. Visiones nocturnas. Manera negra con lija. Imparte: Marco Velasco.<\/h3><span class='av-masonry-date meta-color updated'><\/span><span class=\"av-masonry-text-sep text-sep-author\">\/<\/span><span class='av-masonry-author meta-color vcard author'><span class='fn'>by <\/span><\/span><\/div><\/div><\/figcaption><\/figure><\/a><!--end av-masonry entry--><a href=\"https:\/\/casa.oaxaca.gob.mx\/?p=17521\" id='av-masonry-1-item-17521' data-av-masonry-item='17521' class='av-masonry-entry isotope-item post-17521 post type-post status-publish format-standard has-post-thumbnail hentry category-204 all_sort 2025_sort  av-masonry-item-with-image' title=\"Taller presencial. Intervenir el paisaje. Imparte: Julio Barrita.\"  itemscope=\"itemscope\" itemtype=\"https:\/\/schema.org\/CreativeWork\" ><div class='av-inner-masonry-sizer'><\/div><figure class='av-inner-masonry main_color'><div class=\"av-masonry-outerimage-container\"><div class=\"av-masonry-image-container\" style=\"background-image: url(https:\/\/casa.oaxaca.gob.mx\/wp-content\/uploads\/2025\/09\/Intervenir-el-paisaje_cerrada-1-705x484.jpg);\"><img decoding=\"async\" src=\"https:\/\/casa.oaxaca.gob.mx\/wp-content\/uploads\/2025\/09\/Intervenir-el-paisaje_cerrada-1-705x484.jpg\" title=\"Intervenir-el-paisaje_cerrada\" alt=\"\" \/><\/div><\/div><figcaption class='av-inner-masonry-content site-background'><div class='av-inner-masonry-content-pos'><div class='av-inner-masonry-content-pos-content'><div class='avia-arrow'><\/div><h3 class='av-masonry-entry-title entry-title'  itemprop=\"headline\" >Taller presencial. Intervenir el paisaje. Imparte: Julio Barrita.<\/h3><span class='av-masonry-date meta-color updated'><\/span><span class=\"av-masonry-text-sep text-sep-author\">\/<\/span><span class='av-masonry-author meta-color vcard author'><span class='fn'>by <\/span><\/span><\/div><\/div><\/figcaption><\/figure><\/a><!--end av-masonry entry--><a href=\"https:\/\/casa.oaxaca.gob.mx\/?p=17518\" id='av-masonry-1-item-17518' data-av-masonry-item='17518' class='av-masonry-entry isotope-item post-17518 post type-post status-publish format-standard has-post-thumbnail hentry category-204 all_sort 2025_sort  av-masonry-item-with-image' title=\"Taller presencial. Te\u00f1ido de lana con tintes naturales. Imparte: Froyl\u00e1n M\u00e9ndez.\"  itemscope=\"itemscope\" itemtype=\"https:\/\/schema.org\/CreativeWork\" ><div class='av-inner-masonry-sizer'><\/div><figure class='av-inner-masonry main_color'><div class=\"av-masonry-outerimage-container\"><div class=\"av-masonry-image-container\" style=\"background-image: url(https:\/\/casa.oaxaca.gob.mx\/wp-content\/uploads\/2025\/09\/Tenido-de-lana-con-tintes-naturales_cerrada-705x484.jpg);\"><img decoding=\"async\" src=\"https:\/\/casa.oaxaca.gob.mx\/wp-content\/uploads\/2025\/09\/Tenido-de-lana-con-tintes-naturales_cerrada-705x484.jpg\" title=\"Tenido-de-lana-con-tintes-naturales_cerrada\" alt=\"\" \/><\/div><\/div><figcaption class='av-inner-masonry-content site-background'><div class='av-inner-masonry-content-pos'><div class='av-inner-masonry-content-pos-content'><div class='avia-arrow'><\/div><h3 class='av-masonry-entry-title entry-title'  itemprop=\"headline\" >Taller presencial. Te\u00f1ido de lana con tintes naturales. Imparte: Froyl\u00e1n M\u00e9ndez.<\/h3><span class='av-masonry-date meta-color updated'><\/span><span class=\"av-masonry-text-sep text-sep-author\">\/<\/span><span class='av-masonry-author meta-color vcard author'><span class='fn'>by <\/span><\/span><\/div><\/div><\/figcaption><\/figure><\/a><!--end av-masonry entry--><a href=\"https:\/\/casa.oaxaca.gob.mx\/?p=17513\" id='av-masonry-1-item-17513' data-av-masonry-item='17513' class='av-masonry-entry isotope-item post-17513 post type-post status-publish format-standard has-post-thumbnail hentry category-204 all_sort 2025_sort  av-masonry-item-with-image' title=\"Taller presencial. Arte en Barro. Imparte: Lorena Lidia Velasco Villanueva.\"  itemscope=\"itemscope\" itemtype=\"https:\/\/schema.org\/CreativeWork\" ><div class='av-inner-masonry-sizer'><\/div><figure class='av-inner-masonry main_color'><div class=\"av-masonry-outerimage-container\"><div class=\"av-masonry-image-container\" style=\"background-image: url(https:\/\/casa.oaxaca.gob.mx\/wp-content\/uploads\/2025\/09\/Arte-en-barro_cerrada-705x484.jpg);\"><img decoding=\"async\" src=\"https:\/\/casa.oaxaca.gob.mx\/wp-content\/uploads\/2025\/09\/Arte-en-barro_cerrada-705x484.jpg\" title=\"Arte-en-barro_cerrada\" alt=\"\" \/><\/div><\/div><figcaption class='av-inner-masonry-content site-background'><div class='av-inner-masonry-content-pos'><div class='av-inner-masonry-content-pos-content'><div class='avia-arrow'><\/div><h3 class='av-masonry-entry-title entry-title'  itemprop=\"headline\" >Taller presencial. Arte en Barro. Imparte: Lorena Lidia Velasco Villanueva.<\/h3><span class='av-masonry-date meta-color updated'><\/span><span class=\"av-masonry-text-sep text-sep-author\">\/<\/span><span class='av-masonry-author meta-color vcard author'><span class='fn'>by <\/span><\/span><\/div><\/div><\/figcaption><\/figure><\/a><!--end av-masonry entry--><a href=\"https:\/\/casa.oaxaca.gob.mx\/?p=17506\" id='av-masonry-1-item-17506' data-av-masonry-item='17506' class='av-masonry-entry isotope-item post-17506 post type-post status-publish format-standard has-post-thumbnail hentry category-204 all_sort 2025_sort  av-masonry-item-with-image' title=\"Taller presencial. Elaboraci\u00f3n de un Canasto. Imparte: Irma M\u00e9ndez M\u00e9ndez.\"  itemscope=\"itemscope\" itemtype=\"https:\/\/schema.org\/CreativeWork\" ><div class='av-inner-masonry-sizer'><\/div><figure class='av-inner-masonry main_color'><div class=\"av-masonry-outerimage-container\"><div class=\"av-masonry-image-container\" style=\"background-image: url(https:\/\/casa.oaxaca.gob.mx\/wp-content\/uploads\/2025\/09\/Elaboracion-de-un-canasto_cerrada-705x484.jpg);\"><img decoding=\"async\" src=\"https:\/\/casa.oaxaca.gob.mx\/wp-content\/uploads\/2025\/09\/Elaboracion-de-un-canasto_cerrada-705x484.jpg\" title=\"Elaboracion-de-un-canasto_cerrada\" alt=\"\" \/><\/div><\/div><figcaption class='av-inner-masonry-content site-background'><div class='av-inner-masonry-content-pos'><div class='av-inner-masonry-content-pos-content'><div class='avia-arrow'><\/div><h3 class='av-masonry-entry-title entry-title'  itemprop=\"headline\" >Taller presencial. Elaboraci\u00f3n de un Canasto. Imparte: Irma M\u00e9ndez M\u00e9ndez.<\/h3><span class='av-masonry-date meta-color updated'><\/span><span class=\"av-masonry-text-sep text-sep-author\">\/<\/span><span class='av-masonry-author meta-color vcard author'><span class='fn'>by <\/span><\/span><\/div><\/div><\/figcaption><\/figure><\/a><!--end av-masonry entry--><a href=\"https:\/\/casa.oaxaca.gob.mx\/?p=17475\" id='av-masonry-1-item-17475' data-av-masonry-item='17475' class='av-masonry-entry isotope-item post-17475 post type-post status-publish format-standard has-post-thumbnail hentry category-204 all_sort 2025_sort  av-masonry-item-with-image' title=\"Taller presencial.  Mi lugar en el mundo. Imparte: Carolina Lucero.\"  itemscope=\"itemscope\" itemtype=\"https:\/\/schema.org\/CreativeWork\" ><div class='av-inner-masonry-sizer'><\/div><figure class='av-inner-masonry main_color'><div class=\"av-masonry-outerimage-container\"><div class=\"av-masonry-image-container\" style=\"background-image: url(https:\/\/casa.oaxaca.gob.mx\/wp-content\/uploads\/2025\/09\/Mi-lugar-en-el-mundo_cerrada-705x484.jpg);\"><img decoding=\"async\" src=\"https:\/\/casa.oaxaca.gob.mx\/wp-content\/uploads\/2025\/09\/Mi-lugar-en-el-mundo_cerrada-705x484.jpg\" title=\"Mi-lugar-en-el-mundo_cerrada\" alt=\"\" \/><\/div><\/div><figcaption class='av-inner-masonry-content site-background'><div class='av-inner-masonry-content-pos'><div class='av-inner-masonry-content-pos-content'><div class='avia-arrow'><\/div><h3 class='av-masonry-entry-title entry-title'  itemprop=\"headline\" >Taller presencial.  Mi lugar en el mundo. Imparte: Carolina Lucero.<\/h3><span class='av-masonry-date meta-color updated'><\/span><span class=\"av-masonry-text-sep text-sep-author\">\/<\/span><span class='av-masonry-author meta-color vcard author'><span class='fn'>by <\/span><\/span><\/div><\/div><\/figcaption><\/figure><\/a><!--end av-masonry entry--><a href=\"https:\/\/casa.oaxaca.gob.mx\/?p=17472\" id='av-masonry-1-item-17472' data-av-masonry-item='17472' class='av-masonry-entry isotope-item post-17472 post type-post status-publish format-standard has-post-thumbnail hentry category-204 all_sort 2025_sort  av-masonry-item-with-image' title=\"Taller presencial. El lenguaje de mi movimiento \u2013 Ecosistemas: Taller de LOD para personas con movilidad reducida. Imparte: Jessica Daniela Garc\u00eda Tovilla.\"  itemscope=\"itemscope\" itemtype=\"https:\/\/schema.org\/CreativeWork\" ><div class='av-inner-masonry-sizer'><\/div><figure class='av-inner-masonry main_color'><div class=\"av-masonry-outerimage-container\"><div class=\"av-masonry-image-container\" style=\"background-image: url(https:\/\/casa.oaxaca.gob.mx\/wp-content\/uploads\/2025\/09\/El_Lenguaje_De_Mi_Movimiento_Ecosistemas_Taller_de_LOD_para_personas-1-705x484.jpg);\"><img decoding=\"async\" src=\"https:\/\/casa.oaxaca.gob.mx\/wp-content\/uploads\/2025\/09\/El_Lenguaje_De_Mi_Movimiento_Ecosistemas_Taller_de_LOD_para_personas-1-705x484.jpg\" title=\"El_Lenguaje_De_Mi_Movimiento_Ecosistemas_Taller_de_LOD_para_personas (1)\" alt=\"\" \/><\/div><\/div><figcaption class='av-inner-masonry-content site-background'><div class='av-inner-masonry-content-pos'><div class='av-inner-masonry-content-pos-content'><div class='avia-arrow'><\/div><h3 class='av-masonry-entry-title entry-title'  itemprop=\"headline\" >Taller presencial. El lenguaje de mi movimiento \u2013 Ecosistemas: Taller de LOD para personas con movilidad reducida. Imparte: Jessica Daniela Garc\u00eda Tovilla.<\/h3><span class='av-masonry-date meta-color updated'><\/span><span class=\"av-masonry-text-sep text-sep-author\">\/<\/span><span class='av-masonry-author meta-color vcard author'><span class='fn'>by <\/span><\/span><\/div><\/div><\/figcaption><\/figure><\/a><!--end av-masonry entry--><a href=\"https:\/\/casa.oaxaca.gob.mx\/?p=17469\" id='av-masonry-1-item-17469' data-av-masonry-item='17469' class='av-masonry-entry isotope-item post-17469 post type-post status-publish format-standard has-post-thumbnail hentry category-204 all_sort 2025_sort  av-masonry-item-with-image' title=\"Taller presencial. Lectoescritura de la lengua mazateca. Imparte: Gabriela Garc\u00eda Garc\u00eda.\"  itemscope=\"itemscope\" itemtype=\"https:\/\/schema.org\/CreativeWork\" ><div class='av-inner-masonry-sizer'><\/div><figure class='av-inner-masonry main_color'><div class=\"av-masonry-outerimage-container\"><div class=\"av-masonry-image-container\" style=\"background-image: url(https:\/\/casa.oaxaca.gob.mx\/wp-content\/uploads\/2025\/09\/Lectoescritura-de-la-lengua-mazateca_cerrada-705x484.jpg);\"><img decoding=\"async\" src=\"https:\/\/casa.oaxaca.gob.mx\/wp-content\/uploads\/2025\/09\/Lectoescritura-de-la-lengua-mazateca_cerrada-705x484.jpg\" title=\"Lectoescritura-de-la-lengua-mazateca_cerrada\" alt=\"\" \/><\/div><\/div><figcaption class='av-inner-masonry-content site-background'><div class='av-inner-masonry-content-pos'><div class='av-inner-masonry-content-pos-content'><div class='avia-arrow'><\/div><h3 class='av-masonry-entry-title entry-title'  itemprop=\"headline\" >Taller presencial. Lectoescritura de la lengua mazateca. Imparte: Gabriela Garc\u00eda Garc\u00eda.<\/h3><span class='av-masonry-date meta-color updated'><\/span><span class=\"av-masonry-text-sep text-sep-author\">\/<\/span><span class='av-masonry-author meta-color vcard author'><span class='fn'>by <\/span><\/span><\/div><\/div><\/figcaption><\/figure><\/a><!--end av-masonry entry--><a href=\"https:\/\/casa.oaxaca.gob.mx\/?p=17442\" id='av-masonry-1-item-17442' data-av-masonry-item='17442' class='av-masonry-entry isotope-item post-17442 post type-post status-publish format-standard has-post-thumbnail hentry category-204 all_sort 2025_sort  av-masonry-item-with-image' title=\"Taller presencial. Creaci\u00f3n Literaria en Dhxiz\u00e1a. Imparte: Alexis San Germ\u00e1n.\"  itemscope=\"itemscope\" itemtype=\"https:\/\/schema.org\/CreativeWork\" ><div class='av-inner-masonry-sizer'><\/div><figure class='av-inner-masonry main_color'><div class=\"av-masonry-outerimage-container\"><div class=\"av-masonry-image-container\" style=\"background-image: url(https:\/\/casa.oaxaca.gob.mx\/wp-content\/uploads\/2025\/09\/Creacion-literaria-en-dhxizaa_cerrada-705x484.jpg);\"><img decoding=\"async\" src=\"https:\/\/casa.oaxaca.gob.mx\/wp-content\/uploads\/2025\/09\/Creacion-literaria-en-dhxizaa_cerrada-705x484.jpg\" title=\"Creacion-literaria-en-dhxizaa_cerrada\" alt=\"\" \/><\/div><\/div><figcaption class='av-inner-masonry-content site-background'><div class='av-inner-masonry-content-pos'><div class='av-inner-masonry-content-pos-content'><div class='avia-arrow'><\/div><h3 class='av-masonry-entry-title entry-title'  itemprop=\"headline\" >Taller presencial. Creaci\u00f3n Literaria en Dhxiz\u00e1a. Imparte: Alexis San Germ\u00e1n.<\/h3><span class='av-masonry-date meta-color updated'><\/span><span class=\"av-masonry-text-sep text-sep-author\">\/<\/span><span class='av-masonry-author meta-color vcard author'><span class='fn'>by <\/span><\/span><\/div><\/div><\/figcaption><\/figure><\/a><!--end av-masonry entry--><a href=\"https:\/\/casa.oaxaca.gob.mx\/?p=17432\" id='av-masonry-1-item-17432' data-av-masonry-item='17432' class='av-masonry-entry isotope-item post-17432 post type-post status-publish format-standard has-post-thumbnail hentry category-204 all_sort 2025_sort  av-masonry-item-with-image' title=\"Taller presencial. Fotograf\u00eda estenopeica. Imparte: Sergio Ventura Neri.\"  itemscope=\"itemscope\" itemtype=\"https:\/\/schema.org\/CreativeWork\" ><div class='av-inner-masonry-sizer'><\/div><figure class='av-inner-masonry main_color'><div class=\"av-masonry-outerimage-container\"><div class=\"av-masonry-image-container\" style=\"background-image: url(https:\/\/casa.oaxaca.gob.mx\/wp-content\/uploads\/2025\/09\/Fotografia-estenopeica_cerrada-705x484.jpg);\"><img decoding=\"async\" src=\"https:\/\/casa.oaxaca.gob.mx\/wp-content\/uploads\/2025\/09\/Fotografia-estenopeica_cerrada-705x484.jpg\" title=\"Fotografia-estenopeica_cerrada\" alt=\"\" \/><\/div><\/div><figcaption class='av-inner-masonry-content site-background'><div class='av-inner-masonry-content-pos'><div class='av-inner-masonry-content-pos-content'><div class='avia-arrow'><\/div><h3 class='av-masonry-entry-title entry-title'  itemprop=\"headline\" >Taller presencial. Fotograf\u00eda estenopeica. Imparte: Sergio Ventura Neri.<\/h3><span class='av-masonry-date meta-color updated'><\/span><span class=\"av-masonry-text-sep text-sep-author\">\/<\/span><span class='av-masonry-author meta-color vcard author'><span class='fn'>by <\/span><\/span><\/div><\/div><\/figcaption><\/figure><\/a><!--end av-masonry entry--><a href=\"https:\/\/casa.oaxaca.gob.mx\/?p=17422\" id='av-masonry-1-item-17422' data-av-masonry-item='17422' class='av-masonry-entry isotope-item post-17422 post type-post status-publish format-standard has-post-thumbnail hentry category-204 all_sort 2025_sort  av-masonry-item-with-image' title=\"Taller presencial. A prueba y error. Jugando fuera de las normas. Imparte: Santiago Bola\u00f1os.\"  itemscope=\"itemscope\" itemtype=\"https:\/\/schema.org\/CreativeWork\" ><div class='av-inner-masonry-sizer'><\/div><figure class='av-inner-masonry main_color'><div class=\"av-masonry-outerimage-container\"><div class=\"av-masonry-image-container\" style=\"background-image: url(https:\/\/casa.oaxaca.gob.mx\/wp-content\/uploads\/2025\/09\/A-prueba-y-error-Jugando-fuera-de-las-normas_cerrada-705x484.jpg);\"><img decoding=\"async\" src=\"https:\/\/casa.oaxaca.gob.mx\/wp-content\/uploads\/2025\/09\/A-prueba-y-error-Jugando-fuera-de-las-normas_cerrada-705x484.jpg\" title=\"A-prueba-y-error-Jugando-fuera-de-las-normas_cerrada\" alt=\"\" \/><\/div><\/div><figcaption class='av-inner-masonry-content site-background'><div class='av-inner-masonry-content-pos'><div class='av-inner-masonry-content-pos-content'><div class='avia-arrow'><\/div><h3 class='av-masonry-entry-title entry-title'  itemprop=\"headline\" >Taller presencial. A prueba y error. Jugando fuera de las normas. Imparte: Santiago Bola\u00f1os.<\/h3><span class='av-masonry-date meta-color updated'><\/span><span class=\"av-masonry-text-sep text-sep-author\">\/<\/span><span class='av-masonry-author meta-color vcard author'><span class='fn'>by <\/span><\/span><\/div><\/div><\/figcaption><\/figure><\/a><!--end av-masonry entry--><a href=\"https:\/\/casa.oaxaca.gob.mx\/?p=17392\" id='av-masonry-1-item-17392' data-av-masonry-item='17392' class='av-masonry-entry isotope-item post-17392 post type-post status-publish format-standard hentry category-sin-categoria all_sort sin-categoria_sort  av-masonry-item-no-image' title=\"Visitas guiadas\"  itemscope=\"itemscope\" itemtype=\"https:\/\/schema.org\/CreativeWork\" ><div class='av-inner-masonry-sizer'><\/div><figure class='av-inner-masonry main_color'><figcaption class='av-inner-masonry-content site-background'><div class='av-inner-masonry-content-pos'><div class='av-inner-masonry-content-pos-content'><div class='avia-arrow'><\/div><h3 class='av-masonry-entry-title entry-title'  itemprop=\"headline\" >Visitas guiadas<\/h3><span class='av-masonry-date meta-color updated'><\/span><span class=\"av-masonry-text-sep text-sep-author\">\/<\/span><span class='av-masonry-author meta-color vcard author'><span class='fn'>by <\/span><\/span><\/div><\/div><\/figcaption><\/figure><\/a><!--end av-masonry entry--><a href=\"https:\/\/casa.oaxaca.gob.mx\/?p=17402\" id='av-masonry-1-item-17402' data-av-masonry-item='17402' class='av-masonry-entry isotope-item post-17402 post type-post status-publish format-standard has-post-thumbnail hentry category-204 all_sort 2025_sort  av-masonry-item-with-image' title=\"Taller presencial. Afelpado con agujas | Z\u00f3calo de Oaxaca, FORO 3* Imparte: Marcela Ortega\"  itemscope=\"itemscope\" itemtype=\"https:\/\/schema.org\/CreativeWork\" ><div class='av-inner-masonry-sizer'><\/div><figure class='av-inner-masonry main_color'><div class=\"av-masonry-outerimage-container\"><div class=\"av-masonry-image-container\" style=\"background-image: url(https:\/\/casa.oaxaca.gob.mx\/wp-content\/uploads\/2025\/09\/AfelpadoFIELO_C-705x484.jpg);\"><img decoding=\"async\" src=\"https:\/\/casa.oaxaca.gob.mx\/wp-content\/uploads\/2025\/09\/AfelpadoFIELO_C-705x484.jpg\" title=\"AfelpadoFIELO_C\" alt=\"\" \/><\/div><\/div><figcaption class='av-inner-masonry-content site-background'><div class='av-inner-masonry-content-pos'><div class='av-inner-masonry-content-pos-content'><div class='avia-arrow'><\/div><h3 class='av-masonry-entry-title entry-title'  itemprop=\"headline\" >Taller presencial. Afelpado con agujas | Z\u00f3calo de Oaxaca, FORO 3* Imparte: Marcela Ortega<\/h3><span class='av-masonry-date meta-color updated'><\/span><span class=\"av-masonry-text-sep text-sep-author\">\/<\/span><span class='av-masonry-author meta-color vcard author'><span class='fn'>by <\/span><\/span><\/div><\/div><\/figcaption><\/figure><\/a><!--end av-masonry entry--><a href=\"https:\/\/casa.oaxaca.gob.mx\/?p=17372\" id='av-masonry-1-item-17372' data-av-masonry-item='17372' class='av-masonry-entry isotope-item post-17372 post type-post status-publish format-standard has-post-thumbnail hentry category-programa-de-desarrollo-de-arte-y-cultura-citibanamex all_sort programa-de-desarrollo-de-arte-y-cultura-citibanamex_sort  av-masonry-item-with-image' title=\"CERA DE ABEJAS Y ARQUITECTURA\"  itemscope=\"itemscope\" itemtype=\"https:\/\/schema.org\/CreativeWork\" ><div class='av-inner-masonry-sizer'><\/div><figure class='av-inner-masonry main_color'><div class=\"av-masonry-outerimage-container\"><div class=\"av-masonry-image-container\" style=\"background-image: url(https:\/\/casa.oaxaca.gob.mx\/wp-content\/uploads\/2025\/08\/Agosto-banamex_02-705x564.jpg);\"><img decoding=\"async\" src=\"https:\/\/casa.oaxaca.gob.mx\/wp-content\/uploads\/2025\/08\/Agosto-banamex_02-705x564.jpg\" title=\"Agosto banamex_02\" alt=\"\" \/><\/div><\/div><figcaption class='av-inner-masonry-content site-background'><div class='av-inner-masonry-content-pos'><div class='av-inner-masonry-content-pos-content'><div class='avia-arrow'><\/div><h3 class='av-masonry-entry-title entry-title'  itemprop=\"headline\" >CERA DE ABEJAS Y ARQUITECTURA<\/h3><span class='av-masonry-date meta-color updated'><\/span><span class=\"av-masonry-text-sep text-sep-author\">\/<\/span><span class='av-masonry-author meta-color vcard author'><span class='fn'>by <\/span><\/span><\/div><\/div><\/figcaption><\/figure><\/a><!--end av-masonry entry--><a href=\"https:\/\/casa.oaxaca.gob.mx\/?p=17353\" id='av-masonry-1-item-17353' data-av-masonry-item='17353' class='av-masonry-entry isotope-item post-17353 post type-post status-publish format-standard has-post-thumbnail hentry category-204 category-convocatorias-pasadas category-premios-casa-2025 all_sort 2025_sort  convocatorias-pasadas_sort  premios-casa-2025_sort  av-masonry-item-with-image' title=\"Premio FAHHO-CaSa Emiliano Cruz\"  itemscope=\"itemscope\" itemtype=\"https:\/\/schema.org\/CreativeWork\" ><div class='av-inner-masonry-sizer'><\/div><figure class='av-inner-masonry main_color'><div class=\"av-masonry-outerimage-container\"><div class=\"av-masonry-image-container\" style=\"background-image: url(https:\/\/casa.oaxaca.gob.mx\/wp-content\/uploads\/2025\/08\/Premios-FAHHO-CaSa-Emiliano-Cruz-2da_cerrada-705x484.jpg);\"><img decoding=\"async\" src=\"https:\/\/casa.oaxaca.gob.mx\/wp-content\/uploads\/2025\/08\/Premios-FAHHO-CaSa-Emiliano-Cruz-2da_cerrada-705x484.jpg\" title=\"Premios-FAHHO-CaSa-Emiliano-Cruz-2da_cerrada\" alt=\"\" \/><\/div><\/div><figcaption class='av-inner-masonry-content site-background'><div class='av-inner-masonry-content-pos'><div class='av-inner-masonry-content-pos-content'><div class='avia-arrow'><\/div><h3 class='av-masonry-entry-title entry-title'  itemprop=\"headline\" >Premio FAHHO-CaSa Emiliano Cruz<\/h3><span class='av-masonry-date meta-color updated'><\/span><span class=\"av-masonry-text-sep text-sep-author\">\/<\/span><span class='av-masonry-author meta-color vcard author'><span class='fn'>by <\/span><\/span><\/div><\/div><\/figcaption><\/figure><\/a><!--end av-masonry entry--><a href=\"https:\/\/casa.oaxaca.gob.mx\/?p=17334\" id='av-masonry-1-item-17334' data-av-masonry-item='17334' class='av-masonry-entry isotope-item post-17334 post type-post status-publish format-standard has-post-thumbnail hentry category-204 all_sort 2025_sort  av-masonry-item-with-image' title=\"Taller presencial. Creaci\u00f3n de literatura chatino. Imparte: Jos\u00e9 V\u00e1zquez Canseco.\"  itemscope=\"itemscope\" itemtype=\"https:\/\/schema.org\/CreativeWork\" ><div class='av-inner-masonry-sizer'><\/div><figure class='av-inner-masonry main_color'><div class=\"av-masonry-outerimage-container\"><div class=\"av-masonry-image-container\" style=\"background-image: url(https:\/\/casa.oaxaca.gob.mx\/wp-content\/uploads\/2025\/08\/Creacion-de-literatura-chatino_cerrada-705x484.jpg);\"><img decoding=\"async\" src=\"https:\/\/casa.oaxaca.gob.mx\/wp-content\/uploads\/2025\/08\/Creacion-de-literatura-chatino_cerrada-705x484.jpg\" title=\"Creacion-de-literatura-chatino_cerrada\" alt=\"\" \/><\/div><\/div><figcaption class='av-inner-masonry-content site-background'><div class='av-inner-masonry-content-pos'><div class='av-inner-masonry-content-pos-content'><div class='avia-arrow'><\/div><h3 class='av-masonry-entry-title entry-title'  itemprop=\"headline\" >Taller presencial. Creaci\u00f3n de literatura chatino. Imparte: Jos\u00e9 V\u00e1zquez Canseco.<\/h3><span class='av-masonry-date meta-color updated'><\/span><span class=\"av-masonry-text-sep text-sep-author\">\/<\/span><span class='av-masonry-author meta-color vcard author'><span class='fn'>by <\/span><\/span><\/div><\/div><\/figcaption><\/figure><\/a><!--end av-masonry entry--><a href=\"https:\/\/casa.oaxaca.gob.mx\/?p=17310\" id='av-masonry-1-item-17310' data-av-masonry-item='17310' class='av-masonry-entry isotope-item post-17310 post type-post status-publish format-standard has-post-thumbnail hentry category-204 all_sort 2025_sort  av-masonry-item-with-image' title=\"Taller presencial. Los v\u00ednculos del arte y la joyer\u00eda contempor\u00e1nea. Imparte: Sylvia Burgoa\"  itemscope=\"itemscope\" itemtype=\"https:\/\/schema.org\/CreativeWork\" ><div class='av-inner-masonry-sizer'><\/div><figure class='av-inner-masonry main_color'><div class=\"av-masonry-outerimage-container\"><div class=\"av-masonry-image-container\" style=\"background-image: url(https:\/\/casa.oaxaca.gob.mx\/wp-content\/uploads\/2025\/08\/Los-vinculos-del-arte-y-la-joyeria-contemporanea_cerrada-705x484.jpg);\"><img decoding=\"async\" src=\"https:\/\/casa.oaxaca.gob.mx\/wp-content\/uploads\/2025\/08\/Los-vinculos-del-arte-y-la-joyeria-contemporanea_cerrada-705x484.jpg\" title=\"Los-vinculos-del-arte-y-la-joyeria-contemporanea_cerrada\" alt=\"\" \/><\/div><\/div><figcaption class='av-inner-masonry-content site-background'><div class='av-inner-masonry-content-pos'><div class='av-inner-masonry-content-pos-content'><div class='avia-arrow'><\/div><h3 class='av-masonry-entry-title entry-title'  itemprop=\"headline\" >Taller presencial. Los v\u00ednculos del arte y la joyer\u00eda contempor\u00e1nea. Imparte: Sylvia Burgoa<\/h3><span class='av-masonry-date meta-color updated'><\/span><span class=\"av-masonry-text-sep text-sep-author\">\/<\/span><span class='av-masonry-author meta-color vcard author'><span class='fn'>by <\/span><\/span><\/div><\/div><\/figcaption><\/figure><\/a><!--end av-masonry entry--><a href=\"https:\/\/casa.oaxaca.gob.mx\/?p=17305\" id='av-masonry-1-item-17305' data-av-masonry-item='17305' class='av-masonry-entry isotope-item post-17305 post type-post status-publish format-standard has-post-thumbnail hentry category-204 all_sort 2025_sort  av-masonry-item-with-image' title=\"Taller presencial. Aprendamos a escribir nuestra lengua. Imparte: Federico Jos\u00e9 V\u00e1squez Marcial.\"  itemscope=\"itemscope\" itemtype=\"https:\/\/schema.org\/CreativeWork\" ><div class='av-inner-masonry-sizer'><\/div><figure class='av-inner-masonry main_color'><div class=\"av-masonry-outerimage-container\"><div class=\"av-masonry-image-container\" style=\"background-image: url(https:\/\/casa.oaxaca.gob.mx\/wp-content\/uploads\/2025\/08\/Aprendamos-a-escribir-nuestra-lengua_cerrada-705x484.jpg);\"><img decoding=\"async\" src=\"https:\/\/casa.oaxaca.gob.mx\/wp-content\/uploads\/2025\/08\/Aprendamos-a-escribir-nuestra-lengua_cerrada-705x484.jpg\" title=\"Aprendamos-a-escribir-nuestra-lengua_cerrada\" alt=\"\" \/><\/div><\/div><figcaption class='av-inner-masonry-content site-background'><div class='av-inner-masonry-content-pos'><div class='av-inner-masonry-content-pos-content'><div class='avia-arrow'><\/div><h3 class='av-masonry-entry-title entry-title'  itemprop=\"headline\" >Taller presencial. Aprendamos a escribir nuestra lengua. Imparte: Federico Jos\u00e9 V\u00e1squez Marcial.<\/h3><span class='av-masonry-date meta-color updated'><\/span><span class=\"av-masonry-text-sep text-sep-author\">\/<\/span><span class='av-masonry-author meta-color vcard author'><span class='fn'>by <\/span><\/span><\/div><\/div><\/figcaption><\/figure><\/a><!--end av-masonry entry--><a href=\"https:\/\/casa.oaxaca.gob.mx\/?p=17300\" id='av-masonry-1-item-17300' data-av-masonry-item='17300' class='av-masonry-entry isotope-item post-17300 post type-post status-publish format-standard has-post-thumbnail hentry category-204 all_sort 2025_sort  av-masonry-item-with-image' title=\"Taller presencial. Lectoescritura del chatino de Panixtlahuaca. Imparte: Isaura de los Santos Mendoza\"  itemscope=\"itemscope\" itemtype=\"https:\/\/schema.org\/CreativeWork\" ><div class='av-inner-masonry-sizer'><\/div><figure class='av-inner-masonry main_color'><div class=\"av-masonry-outerimage-container\"><div class=\"av-masonry-image-container\" style=\"background-image: url(https:\/\/casa.oaxaca.gob.mx\/wp-content\/uploads\/2025\/08\/Lectoescritura-del-chatino-de-Panixtlahuaca_cerrada-705x484.jpg);\"><img decoding=\"async\" src=\"https:\/\/casa.oaxaca.gob.mx\/wp-content\/uploads\/2025\/08\/Lectoescritura-del-chatino-de-Panixtlahuaca_cerrada-705x484.jpg\" title=\"Lectoescritura-del-chatino-de-Panixtlahuaca_cerrada\" alt=\"\" \/><\/div><\/div><figcaption class='av-inner-masonry-content site-background'><div class='av-inner-masonry-content-pos'><div class='av-inner-masonry-content-pos-content'><div class='avia-arrow'><\/div><h3 class='av-masonry-entry-title entry-title'  itemprop=\"headline\" >Taller presencial. Lectoescritura del chatino de Panixtlahuaca. Imparte: Isaura de los Santos Mendoza<\/h3><span class='av-masonry-date meta-color updated'><\/span><span class=\"av-masonry-text-sep text-sep-author\">\/<\/span><span class='av-masonry-author meta-color vcard author'><span class='fn'>by <\/span><\/span><\/div><\/div><\/figcaption><\/figure><\/a><!--end av-masonry entry--><a href=\"https:\/\/casa.oaxaca.gob.mx\/?p=17287\" id='av-masonry-1-item-17287' data-av-masonry-item='17287' class='av-masonry-entry isotope-item post-17287 post type-post status-publish format-standard has-post-thumbnail hentry category-204 all_sort 2025_sort  av-masonry-item-with-image' title=\"Taller presencial. Exploraci\u00f3n Gr\u00e1fica Para Ni\u00f1os. Imparte: Celeste Santiago\"  itemscope=\"itemscope\" itemtype=\"https:\/\/schema.org\/CreativeWork\" ><div class='av-inner-masonry-sizer'><\/div><figure class='av-inner-masonry main_color'><div class=\"av-masonry-outerimage-container\"><div class=\"av-masonry-image-container\" style=\"background-image: url(https:\/\/casa.oaxaca.gob.mx\/wp-content\/uploads\/2025\/08\/Exploracion-grafica-para-ninos_cerrada-705x484.jpg);\"><img decoding=\"async\" src=\"https:\/\/casa.oaxaca.gob.mx\/wp-content\/uploads\/2025\/08\/Exploracion-grafica-para-ninos_cerrada-705x484.jpg\" title=\"Exploracion-grafica-para-ninos_cerrada\" alt=\"\" \/><\/div><\/div><figcaption class='av-inner-masonry-content site-background'><div class='av-inner-masonry-content-pos'><div class='av-inner-masonry-content-pos-content'><div class='avia-arrow'><\/div><h3 class='av-masonry-entry-title entry-title'  itemprop=\"headline\" >Taller presencial. Exploraci\u00f3n Gr\u00e1fica Para Ni\u00f1os. Imparte: Celeste Santiago<\/h3><span class='av-masonry-date meta-color updated'><\/span><span class=\"av-masonry-text-sep text-sep-author\">\/<\/span><span class='av-masonry-author meta-color vcard author'><span class='fn'>by <\/span><\/span><\/div><\/div><\/figcaption><\/figure><\/a><!--end av-masonry entry--><a href=\"https:\/\/casa.oaxaca.gob.mx\/?p=17274\" id='av-masonry-1-item-17274' data-av-masonry-item='17274' class='av-masonry-entry isotope-item post-17274 post type-post status-publish format-standard has-post-thumbnail hentry category-204 all_sort 2025_sort  av-masonry-item-with-image' title=\"Taller presencial. T\u00e9cnicas avanzadas de positivado en Plata Gelatina. Imparte: Gerardo Castillo Corona.\"  itemscope=\"itemscope\" itemtype=\"https:\/\/schema.org\/CreativeWork\" ><div class='av-inner-masonry-sizer'><\/div><figure class='av-inner-masonry main_color'><div class=\"av-masonry-outerimage-container\"><div class=\"av-masonry-image-container\" style=\"background-image: url(https:\/\/casa.oaxaca.gob.mx\/wp-content\/uploads\/2025\/08\/Tecnicas-avanzadas-de-positivado-en-plata-gelatina_cerrada-705x484.jpg);\"><img decoding=\"async\" src=\"https:\/\/casa.oaxaca.gob.mx\/wp-content\/uploads\/2025\/08\/Tecnicas-avanzadas-de-positivado-en-plata-gelatina_cerrada-705x484.jpg\" title=\"Tecnicas-avanzadas-de-positivado-en-plata-gelatina_cerrada\" alt=\"\" \/><\/div><\/div><figcaption class='av-inner-masonry-content site-background'><div class='av-inner-masonry-content-pos'><div class='av-inner-masonry-content-pos-content'><div class='avia-arrow'><\/div><h3 class='av-masonry-entry-title entry-title'  itemprop=\"headline\" >Taller presencial. T\u00e9cnicas avanzadas de positivado en Plata Gelatina. Imparte: Gerardo Castillo Corona.<\/h3><span class='av-masonry-date meta-color updated'><\/span><span class=\"av-masonry-text-sep text-sep-author\">\/<\/span><span class='av-masonry-author meta-color vcard author'><span class='fn'>by <\/span><\/span><\/div><\/div><\/figcaption><\/figure><\/a><!--end av-masonry entry--><a href=\"https:\/\/casa.oaxaca.gob.mx\/?p=17266\" id='av-masonry-1-item-17266' data-av-masonry-item='17266' class='av-masonry-entry isotope-item post-17266 post type-post status-publish format-standard has-post-thumbnail hentry category-204 all_sort 2025_sort  av-masonry-item-with-image' title=\"Taller presencial. Pr\u00e1cticas Colaborativas Interdisciplinares y Notaci\u00f3n Coreogr\u00e1fica. Imparte: Guyphytsy Aldalai y Aura Arreola.\"  itemscope=\"itemscope\" itemtype=\"https:\/\/schema.org\/CreativeWork\" ><div class='av-inner-masonry-sizer'><\/div><figure class='av-inner-masonry main_color'><div class=\"av-masonry-outerimage-container\"><div class=\"av-masonry-image-container\" style=\"background-image: url(https:\/\/casa.oaxaca.gob.mx\/wp-content\/uploads\/2025\/08\/Practicas_colaborativas_interdisciplinares_y_notacion_coreografica-1-705x484.jpg);\"><img decoding=\"async\" src=\"https:\/\/casa.oaxaca.gob.mx\/wp-content\/uploads\/2025\/08\/Practicas_colaborativas_interdisciplinares_y_notacion_coreografica-1-705x484.jpg\" title=\"Practicas_colaborativas_interdisciplinares_y_notacion_coreografica (1)\" alt=\"\" \/><\/div><\/div><figcaption class='av-inner-masonry-content site-background'><div class='av-inner-masonry-content-pos'><div class='av-inner-masonry-content-pos-content'><div class='avia-arrow'><\/div><h3 class='av-masonry-entry-title entry-title'  itemprop=\"headline\" >Taller presencial. Pr\u00e1cticas Colaborativas Interdisciplinares y Notaci\u00f3n Coreogr\u00e1fica. Imparte: Guyphytsy Aldalai y Aura Arreola.<\/h3><span class='av-masonry-date meta-color updated'><\/span><span class=\"av-masonry-text-sep text-sep-author\">\/<\/span><span class='av-masonry-author meta-color vcard author'><span class='fn'>by <\/span><\/span><\/div><\/div><\/figcaption><\/figure><\/a><!--end av-masonry entry--><a href=\"https:\/\/casa.oaxaca.gob.mx\/?p=17255\" id='av-masonry-1-item-17255' data-av-masonry-item='17255' class='av-masonry-entry isotope-item post-17255 post type-post status-publish format-standard has-post-thumbnail hentry category-204 all_sort 2025_sort  av-masonry-item-with-image' title=\"Taller presencial. Llevemos la CaSa al CERESO. Imparte: Marycarmen de Montserrat Arroyo Mac\u00edas.\"  itemscope=\"itemscope\" itemtype=\"https:\/\/schema.org\/CreativeWork\" ><div class='av-inner-masonry-sizer'><\/div><figure class='av-inner-masonry main_color'><div class=\"av-masonry-outerimage-container\"><div class=\"av-masonry-image-container\" style=\"background-image: url(https:\/\/casa.oaxaca.gob.mx\/wp-content\/uploads\/2025\/08\/Llevemos-la-CaSa-al-CERESO_cerrada-705x484.jpg);\"><img decoding=\"async\" src=\"https:\/\/casa.oaxaca.gob.mx\/wp-content\/uploads\/2025\/08\/Llevemos-la-CaSa-al-CERESO_cerrada-705x484.jpg\" title=\"Llevemos-la-CaSa-al-CERESO_cerrada\" alt=\"\" \/><\/div><\/div><figcaption class='av-inner-masonry-content site-background'><div class='av-inner-masonry-content-pos'><div class='av-inner-masonry-content-pos-content'><div class='avia-arrow'><\/div><h3 class='av-masonry-entry-title entry-title'  itemprop=\"headline\" >Taller presencial. Llevemos la CaSa al CERESO. Imparte: Marycarmen de Montserrat Arroyo Mac\u00edas.<\/h3><span class='av-masonry-date meta-color updated'><\/span><span class=\"av-masonry-text-sep text-sep-author\">\/<\/span><span class='av-masonry-author meta-color vcard author'><span class='fn'>by <\/span><\/span><\/div><\/div><\/figcaption><\/figure><\/a><!--end av-masonry entry--><a href=\"https:\/\/casa.oaxaca.gob.mx\/?p=17245\" id='av-masonry-1-item-17245' data-av-masonry-item='17245' class='av-masonry-entry isotope-item post-17245 post type-post status-publish format-standard has-post-thumbnail hentry category-204 all_sort 2025_sort  av-masonry-item-with-image' title=\"Taller presencial. La fotograf\u00eda post documental: verdades construidas. Imparte: Alessandro Bo\"  itemscope=\"itemscope\" itemtype=\"https:\/\/schema.org\/CreativeWork\" ><div class='av-inner-masonry-sizer'><\/div><figure class='av-inner-masonry main_color'><div class=\"av-masonry-outerimage-container\"><div class=\"av-masonry-image-container\" style=\"background-image: url(https:\/\/casa.oaxaca.gob.mx\/wp-content\/uploads\/2025\/08\/La-fotografia-post-documental-Verdades-construidas_cerrada-705x484.jpg);\"><img decoding=\"async\" src=\"https:\/\/casa.oaxaca.gob.mx\/wp-content\/uploads\/2025\/08\/La-fotografia-post-documental-Verdades-construidas_cerrada-705x484.jpg\" title=\"La-fotografia-post-documental-Verdades-construidas_cerrada\" alt=\"\" \/><\/div><\/div><figcaption class='av-inner-masonry-content site-background'><div class='av-inner-masonry-content-pos'><div class='av-inner-masonry-content-pos-content'><div class='avia-arrow'><\/div><h3 class='av-masonry-entry-title entry-title'  itemprop=\"headline\" >Taller presencial. La fotograf\u00eda post documental: verdades construidas. Imparte: Alessandro Bo<\/h3><span class='av-masonry-date meta-color updated'><\/span><span class=\"av-masonry-text-sep text-sep-author\">\/<\/span><span class='av-masonry-author meta-color vcard author'><span class='fn'>by <\/span><\/span><\/div><\/div><\/figcaption><\/figure><\/a><!--end av-masonry entry--><a href=\"https:\/\/casa.oaxaca.gob.mx\/?p=17235\" id='av-masonry-1-item-17235' data-av-masonry-item='17235' class='av-masonry-entry isotope-item post-17235 post type-post status-publish format-standard has-post-thumbnail hentry category-204 all_sort 2025_sort  av-masonry-item-with-image' title=\"Taller presencial. \u201cLaboratorio de Lin\u00f3leo\u201d T\u00e9cnicas y Exploraci\u00f3n Gr\u00e1fica. Imparte: Jonathan Reyes.\"  itemscope=\"itemscope\" itemtype=\"https:\/\/schema.org\/CreativeWork\" ><div class='av-inner-masonry-sizer'><\/div><figure class='av-inner-masonry main_color'><div class=\"av-masonry-outerimage-container\"><div class=\"av-masonry-image-container\" style=\"background-image: url(https:\/\/casa.oaxaca.gob.mx\/wp-content\/uploads\/2025\/08\/Laboratorio_de_Linoleo_Tecnicas_y_Exploracion_Grafica_cerrada-705x484.jpg);\"><img decoding=\"async\" src=\"https:\/\/casa.oaxaca.gob.mx\/wp-content\/uploads\/2025\/08\/Laboratorio_de_Linoleo_Tecnicas_y_Exploracion_Grafica_cerrada-705x484.jpg\" title=\"Laboratorio_de_Linoleo_Tecnicas_y_Exploracion_Grafica_cerrada\" alt=\"\" \/><\/div><\/div><figcaption class='av-inner-masonry-content site-background'><div class='av-inner-masonry-content-pos'><div class='av-inner-masonry-content-pos-content'><div class='avia-arrow'><\/div><h3 class='av-masonry-entry-title entry-title'  itemprop=\"headline\" >Taller presencial. \u201cLaboratorio de Lin\u00f3leo\u201d T\u00e9cnicas y Exploraci\u00f3n Gr\u00e1fica. Imparte: Jonathan Reyes.<\/h3><span class='av-masonry-date meta-color updated'><\/span><span class=\"av-masonry-text-sep text-sep-author\">\/<\/span><span class='av-masonry-author meta-color vcard author'><span class='fn'>by <\/span><\/span><\/div><\/div><\/figcaption><\/figure><\/a><!--end av-masonry entry--><a href=\"https:\/\/casa.oaxaca.gob.mx\/?p=17227\" id='av-masonry-1-item-17227' data-av-masonry-item='17227' class='av-masonry-entry isotope-item post-17227 post type-post status-publish format-standard has-post-thumbnail hentry category-204 all_sort 2025_sort  av-masonry-item-with-image' title=\"Taller presencial. El dise\u00f1o en la Fotograf\u00eda. Imparte: Alejandra Hugues Iraz\u00e1bal .\"  itemscope=\"itemscope\" itemtype=\"https:\/\/schema.org\/CreativeWork\" ><div class='av-inner-masonry-sizer'><\/div><figure class='av-inner-masonry main_color'><div class=\"av-masonry-outerimage-container\"><div class=\"av-masonry-image-container\" style=\"background-image: url(https:\/\/casa.oaxaca.gob.mx\/wp-content\/uploads\/2025\/08\/El-diseno-en-la-fotografia_cerrada-705x484.jpg);\"><img decoding=\"async\" src=\"https:\/\/casa.oaxaca.gob.mx\/wp-content\/uploads\/2025\/08\/El-diseno-en-la-fotografia_cerrada-705x484.jpg\" title=\"El-diseno-en-la-fotografia_cerrada\" alt=\"\" \/><\/div><\/div><figcaption class='av-inner-masonry-content site-background'><div class='av-inner-masonry-content-pos'><div class='av-inner-masonry-content-pos-content'><div class='avia-arrow'><\/div><h3 class='av-masonry-entry-title entry-title'  itemprop=\"headline\" >Taller presencial. El dise\u00f1o en la Fotograf\u00eda. Imparte: Alejandra Hugues Iraz\u00e1bal .<\/h3><span class='av-masonry-date meta-color updated'><\/span><span class=\"av-masonry-text-sep text-sep-author\">\/<\/span><span class='av-masonry-author meta-color vcard author'><span class='fn'>by <\/span><\/span><\/div><\/div><\/figcaption><\/figure><\/a><!--end av-masonry entry--><a href=\"https:\/\/casa.oaxaca.gob.mx\/?p=17206\" id='av-masonry-1-item-17206' data-av-masonry-item='17206' class='av-masonry-entry isotope-item post-17206 post type-post status-publish format-standard has-post-thumbnail hentry category-204 all_sort 2025_sort  av-masonry-item-with-image' title=\"Taller presencial. Acercamientos a la plata mediante procesos pl\u00e1sticos y la t\u00e9cnica de cera perdida. Imparte: Esteban Dal\u00ed Rodr\u00edguez Aguirre.\"  itemscope=\"itemscope\" itemtype=\"https:\/\/schema.org\/CreativeWork\" ><div class='av-inner-masonry-sizer'><\/div><figure class='av-inner-masonry main_color'><div class=\"av-masonry-outerimage-container\"><div class=\"av-masonry-image-container\" style=\"background-image: url(https:\/\/casa.oaxaca.gob.mx\/wp-content\/uploads\/2025\/08\/Acercamientos_a_la_plata_mediante_procesos_plasticos_y_la_tecnica-705x484.jpg);\"><img decoding=\"async\" src=\"https:\/\/casa.oaxaca.gob.mx\/wp-content\/uploads\/2025\/08\/Acercamientos_a_la_plata_mediante_procesos_plasticos_y_la_tecnica-705x484.jpg\" title=\"Acercamientos_a_la_plata_mediante_procesos_plasticos_y_la_tecnica\" alt=\"\" \/><\/div><\/div><figcaption class='av-inner-masonry-content site-background'><div class='av-inner-masonry-content-pos'><div class='av-inner-masonry-content-pos-content'><div class='avia-arrow'><\/div><h3 class='av-masonry-entry-title entry-title'  itemprop=\"headline\" >Taller presencial. Acercamientos a la plata mediante procesos pl\u00e1sticos y la t\u00e9cnica de cera perdida. Imparte: Esteban Dal\u00ed Rodr\u00edguez Aguirre.<\/h3><span class='av-masonry-date meta-color updated'><\/span><span class=\"av-masonry-text-sep text-sep-author\">\/<\/span><span class='av-masonry-author meta-color vcard author'><span class='fn'>by <\/span><\/span><\/div><\/div><\/figcaption><\/figure><\/a><!--end av-masonry entry--><a href=\"https:\/\/casa.oaxaca.gob.mx\/?p=17200\" id='av-masonry-1-item-17200' data-av-masonry-item='17200' class='av-masonry-entry isotope-item post-17200 post type-post status-publish format-standard has-post-thumbnail hentry category-204 all_sort 2025_sort  av-masonry-item-with-image' title=\"Taller presencial. Revitalizaci\u00f3n de la lengua mazateca. Imparte: Eugenio Juan Ram\u00edrez.\"  itemscope=\"itemscope\" itemtype=\"https:\/\/schema.org\/CreativeWork\" ><div class='av-inner-masonry-sizer'><\/div><figure class='av-inner-masonry main_color'><div class=\"av-masonry-outerimage-container\"><div class=\"av-masonry-image-container\" style=\"background-image: url(https:\/\/casa.oaxaca.gob.mx\/wp-content\/uploads\/2025\/08\/Revitalizacion-de-la-lengua-mazateca_cerrada-705x484.jpg);\"><img decoding=\"async\" src=\"https:\/\/casa.oaxaca.gob.mx\/wp-content\/uploads\/2025\/08\/Revitalizacion-de-la-lengua-mazateca_cerrada-705x484.jpg\" title=\"Revitalizacion-de-la-lengua-mazateca_cerrada\" alt=\"\" \/><\/div><\/div><figcaption class='av-inner-masonry-content site-background'><div class='av-inner-masonry-content-pos'><div class='av-inner-masonry-content-pos-content'><div class='avia-arrow'><\/div><h3 class='av-masonry-entry-title entry-title'  itemprop=\"headline\" >Taller presencial. Revitalizaci\u00f3n de la lengua mazateca. Imparte: Eugenio Juan Ram\u00edrez.<\/h3><span class='av-masonry-date meta-color updated'><\/span><span class=\"av-masonry-text-sep text-sep-author\">\/<\/span><span class='av-masonry-author meta-color vcard author'><span class='fn'>by <\/span><\/span><\/div><\/div><\/figcaption><\/figure><\/a><!--end av-masonry entry--><a href=\"https:\/\/casa.oaxaca.gob.mx\/?p=17194\" id='av-masonry-1-item-17194' data-av-masonry-item='17194' class='av-masonry-entry isotope-item post-17194 post type-post status-publish format-standard has-post-thumbnail hentry category-204 all_sort 2025_sort  av-masonry-item-with-image' title=\"Taller presencial. Im\u00e1genes imaginadas. Imparte: Ariadna Rojas.\"  itemscope=\"itemscope\" itemtype=\"https:\/\/schema.org\/CreativeWork\" ><div class='av-inner-masonry-sizer'><\/div><figure class='av-inner-masonry main_color'><div class=\"av-masonry-outerimage-container\"><div class=\"av-masonry-image-container\" style=\"background-image: url(https:\/\/casa.oaxaca.gob.mx\/wp-content\/uploads\/2025\/08\/Imagenes-imaginadas_cerrada-705x484.jpg);\"><img decoding=\"async\" src=\"https:\/\/casa.oaxaca.gob.mx\/wp-content\/uploads\/2025\/08\/Imagenes-imaginadas_cerrada-705x484.jpg\" title=\"Imagenes-imaginadas_cerrada\" alt=\"\" \/><\/div><\/div><figcaption class='av-inner-masonry-content site-background'><div class='av-inner-masonry-content-pos'><div class='av-inner-masonry-content-pos-content'><div class='avia-arrow'><\/div><h3 class='av-masonry-entry-title entry-title'  itemprop=\"headline\" >Taller presencial. Im\u00e1genes imaginadas. Imparte: Ariadna Rojas.<\/h3><span class='av-masonry-date meta-color updated'><\/span><span class=\"av-masonry-text-sep text-sep-author\">\/<\/span><span class='av-masonry-author meta-color vcard author'><span class='fn'>by <\/span><\/span><\/div><\/div><\/figcaption><\/figure><\/a><!--end av-masonry entry--><a href=\"https:\/\/casa.oaxaca.gob.mx\/?p=17175\" id='av-masonry-1-item-17175' data-av-masonry-item='17175' class='av-masonry-entry isotope-item post-17175 post type-post status-publish format-standard has-post-thumbnail hentry category-204 all_sort 2025_sort  av-masonry-item-with-image' title=\"Taller presencial. Hilos de Plata: Iniciaci\u00f3n a la Filigrana Tradicional de Juchit\u00e1n, Oaxaca. Imparte: C\u00e1ndido Santiago.\"  itemscope=\"itemscope\" itemtype=\"https:\/\/schema.org\/CreativeWork\" ><div class='av-inner-masonry-sizer'><\/div><figure class='av-inner-masonry main_color'><div class=\"av-masonry-outerimage-container\"><div class=\"av-masonry-image-container\" style=\"background-image: url(https:\/\/casa.oaxaca.gob.mx\/wp-content\/uploads\/2025\/08\/Hilos_de_plata_Iniciacion_Filigrana_tradicional_de_Juchitan_cerrada-705x484.jpg);\"><img decoding=\"async\" src=\"https:\/\/casa.oaxaca.gob.mx\/wp-content\/uploads\/2025\/08\/Hilos_de_plata_Iniciacion_Filigrana_tradicional_de_Juchitan_cerrada-705x484.jpg\" title=\"Hilos_de_plata_Iniciacion_Filigrana_tradicional_de_Juchitan_cerrada\" alt=\"\" \/><\/div><\/div><figcaption class='av-inner-masonry-content site-background'><div class='av-inner-masonry-content-pos'><div class='av-inner-masonry-content-pos-content'><div class='avia-arrow'><\/div><h3 class='av-masonry-entry-title entry-title'  itemprop=\"headline\" >Taller presencial. Hilos de Plata: Iniciaci\u00f3n a la Filigrana Tradicional de Juchit\u00e1n, Oaxaca. Imparte: C\u00e1ndido Santiago.<\/h3><span class='av-masonry-date meta-color updated'><\/span><span class=\"av-masonry-text-sep text-sep-author\">\/<\/span><span class='av-masonry-author meta-color vcard author'><span class='fn'>by <\/span><\/span><\/div><\/div><\/figcaption><\/figure><\/a><!--end av-masonry entry--><a href=\"https:\/\/casa.oaxaca.gob.mx\/?p=17157\" id='av-masonry-1-item-17157' data-av-masonry-item='17157' class='av-masonry-entry isotope-item post-17157 post type-post status-publish format-standard has-post-thumbnail hentry category-204 all_sort 2025_sort  av-masonry-item-with-image' title=\"Taller presencial. Direcci\u00f3n Esc\u00e9nica. Imparte: Geovanni Cort\u00e9s.\"  itemscope=\"itemscope\" itemtype=\"https:\/\/schema.org\/CreativeWork\" ><div class='av-inner-masonry-sizer'><\/div><figure class='av-inner-masonry main_color'><div class=\"av-masonry-outerimage-container\"><div class=\"av-masonry-image-container\" style=\"background-image: url(https:\/\/casa.oaxaca.gob.mx\/wp-content\/uploads\/2025\/08\/Direccion-escenica_cerrada-705x484.jpg);\"><img decoding=\"async\" src=\"https:\/\/casa.oaxaca.gob.mx\/wp-content\/uploads\/2025\/08\/Direccion-escenica_cerrada-705x484.jpg\" title=\"Direccion-escenica_cerrada\" alt=\"\" \/><\/div><\/div><figcaption class='av-inner-masonry-content site-background'><div class='av-inner-masonry-content-pos'><div class='av-inner-masonry-content-pos-content'><div class='avia-arrow'><\/div><h3 class='av-masonry-entry-title entry-title'  itemprop=\"headline\" >Taller presencial. Direcci\u00f3n Esc\u00e9nica. Imparte: Geovanni Cort\u00e9s.<\/h3><span class='av-masonry-date meta-color updated'><\/span><span class=\"av-masonry-text-sep text-sep-author\">\/<\/span><span class='av-masonry-author meta-color vcard author'><span class='fn'>by <\/span><\/span><\/div><\/div><\/figcaption><\/figure><\/a><!--end av-masonry entry--><a href=\"https:\/\/casa.oaxaca.gob.mx\/?p=17151\" id='av-masonry-1-item-17151' data-av-masonry-item='17151' class='av-masonry-entry isotope-item post-17151 post type-post status-publish format-standard has-post-thumbnail hentry category-204 all_sort 2025_sort  av-masonry-item-with-image' title=\"Taller presencial. Introducci\u00f3n a un Telar Computarizado AVL. Imparte: Iris Calder\u00f3n.\"  itemscope=\"itemscope\" itemtype=\"https:\/\/schema.org\/CreativeWork\" ><div class='av-inner-masonry-sizer'><\/div><figure class='av-inner-masonry main_color'><div class=\"av-masonry-outerimage-container\"><div class=\"av-masonry-image-container\" style=\"background-image: url(https:\/\/casa.oaxaca.gob.mx\/wp-content\/uploads\/2025\/08\/Introduccion-a-un-telar-computarizado_cerrada-705x484.jpg);\"><img decoding=\"async\" src=\"https:\/\/casa.oaxaca.gob.mx\/wp-content\/uploads\/2025\/08\/Introduccion-a-un-telar-computarizado_cerrada-705x484.jpg\" title=\"Introduccion-a-un-telar-computarizado_cerrada\" alt=\"\" \/><\/div><\/div><figcaption class='av-inner-masonry-content site-background'><div class='av-inner-masonry-content-pos'><div class='av-inner-masonry-content-pos-content'><div class='avia-arrow'><\/div><h3 class='av-masonry-entry-title entry-title'  itemprop=\"headline\" >Taller presencial. Introducci\u00f3n a un Telar Computarizado AVL. Imparte: Iris Calder\u00f3n.<\/h3><span class='av-masonry-date meta-color updated'><\/span><span class=\"av-masonry-text-sep text-sep-author\">\/<\/span><span class='av-masonry-author meta-color vcard author'><span class='fn'>by <\/span><\/span><\/div><\/div><\/figcaption><\/figure><\/a><!--end av-masonry entry--><a href=\"https:\/\/casa.oaxaca.gob.mx\/?p=17137\" id='av-masonry-1-item-17137' data-av-masonry-item='17137' class='av-masonry-entry isotope-item post-17137 post type-post status-publish format-standard has-post-thumbnail hentry category-204 all_sort 2025_sort  av-masonry-item-with-image' title=\"Taller presencial. Descubriendo la magia de la lana. Imparte: Alejandra Salgado.\"  itemscope=\"itemscope\" itemtype=\"https:\/\/schema.org\/CreativeWork\" ><div class='av-inner-masonry-sizer'><\/div><figure class='av-inner-masonry main_color'><div class=\"av-masonry-outerimage-container\"><div class=\"av-masonry-image-container\" style=\"background-image: url(https:\/\/casa.oaxaca.gob.mx\/wp-content\/uploads\/2025\/08\/Descubriendo-la-magia-de-la-lana_cerrada-705x484.jpg);\"><img decoding=\"async\" src=\"https:\/\/casa.oaxaca.gob.mx\/wp-content\/uploads\/2025\/08\/Descubriendo-la-magia-de-la-lana_cerrada-705x484.jpg\" title=\"Descubriendo-la-magia-de-la-lana_cerrada\" alt=\"\" \/><\/div><\/div><figcaption class='av-inner-masonry-content site-background'><div class='av-inner-masonry-content-pos'><div class='av-inner-masonry-content-pos-content'><div class='avia-arrow'><\/div><h3 class='av-masonry-entry-title entry-title'  itemprop=\"headline\" >Taller presencial. Descubriendo la magia de la lana. Imparte: Alejandra Salgado.<\/h3><span class='av-masonry-date meta-color updated'><\/span><span class=\"av-masonry-text-sep text-sep-author\">\/<\/span><span class='av-masonry-author meta-color vcard author'><span class='fn'>by <\/span><\/span><\/div><\/div><\/figcaption><\/figure><\/a><!--end av-masonry entry--><a href=\"https:\/\/casa.oaxaca.gob.mx\/?p=17123\" id='av-masonry-1-item-17123' data-av-masonry-item='17123' class='av-masonry-entry isotope-item post-17123 post type-post status-publish format-standard has-post-thumbnail hentry category-204 all_sort 2025_sort  av-masonry-item-with-image' title=\"Taller presencial. Experimentaci\u00f3n gr\u00e1fica en papel artesanal. Imparte: Estefan\u00eda Gonz\u00e1lez Espinoza.\"  itemscope=\"itemscope\" itemtype=\"https:\/\/schema.org\/CreativeWork\" ><div class='av-inner-masonry-sizer'><\/div><figure class='av-inner-masonry main_color'><div class=\"av-masonry-outerimage-container\"><div class=\"av-masonry-image-container\" style=\"background-image: url(https:\/\/casa.oaxaca.gob.mx\/wp-content\/uploads\/2025\/08\/Experimentacion-grafica-en-papel-artesanal_cerrada-705x484.jpg);\"><img decoding=\"async\" src=\"https:\/\/casa.oaxaca.gob.mx\/wp-content\/uploads\/2025\/08\/Experimentacion-grafica-en-papel-artesanal_cerrada-705x484.jpg\" title=\"Experimentaci\u00f3n-gr\u00e1fica-en-papel-artesanal_cerrada\" alt=\"\" \/><\/div><\/div><figcaption class='av-inner-masonry-content site-background'><div class='av-inner-masonry-content-pos'><div class='av-inner-masonry-content-pos-content'><div class='avia-arrow'><\/div><h3 class='av-masonry-entry-title entry-title'  itemprop=\"headline\" >Taller presencial. Experimentaci\u00f3n gr\u00e1fica en papel artesanal. Imparte: Estefan\u00eda Gonz\u00e1lez Espinoza.<\/h3><span class='av-masonry-date meta-color updated'><\/span><span class=\"av-masonry-text-sep text-sep-author\">\/<\/span><span class='av-masonry-author meta-color vcard author'><span class='fn'>by <\/span><\/span><\/div><\/div><\/figcaption><\/figure><\/a><!--end av-masonry entry--><a href=\"https:\/\/casa.oaxaca.gob.mx\/?p=17110\" id='av-masonry-1-item-17110' data-av-masonry-item='17110' class='av-masonry-entry isotope-item post-17110 post type-post status-publish format-standard has-post-thumbnail hentry category-204 all_sort 2025_sort  av-masonry-item-with-image' title=\"Taller presencial. Explorar la producci\u00f3n fotogr\u00e1fica. Imparte: Claudia L\u00f3pez Terroso.\"  itemscope=\"itemscope\" itemtype=\"https:\/\/schema.org\/CreativeWork\" ><div class='av-inner-masonry-sizer'><\/div><figure class='av-inner-masonry main_color'><div class=\"av-masonry-outerimage-container\"><div class=\"av-masonry-image-container\" style=\"background-image: url(https:\/\/casa.oaxaca.gob.mx\/wp-content\/uploads\/2025\/08\/Explorar-la-produccion-fotografica_cerrada-705x484.jpg);\"><img decoding=\"async\" src=\"https:\/\/casa.oaxaca.gob.mx\/wp-content\/uploads\/2025\/08\/Explorar-la-produccion-fotografica_cerrada-705x484.jpg\" title=\"Explorar-la-producci\u00f3n-fotogr\u00e1fica_cerrada\" alt=\"\" \/><\/div><\/div><figcaption class='av-inner-masonry-content site-background'><div class='av-inner-masonry-content-pos'><div class='av-inner-masonry-content-pos-content'><div class='avia-arrow'><\/div><h3 class='av-masonry-entry-title entry-title'  itemprop=\"headline\" >Taller presencial. Explorar la producci\u00f3n fotogr\u00e1fica. Imparte: Claudia L\u00f3pez Terroso.<\/h3><span class='av-masonry-date meta-color updated'><\/span><span class=\"av-masonry-text-sep text-sep-author\">\/<\/span><span class='av-masonry-author meta-color vcard author'><span class='fn'>by <\/span><\/span><\/div><\/div><\/figcaption><\/figure><\/a><!--end av-masonry entry--><a href=\"https:\/\/casa.oaxaca.gob.mx\/?p=16681\" id='av-masonry-1-item-16681' data-av-masonry-item='16681' class='av-masonry-entry isotope-item post-16681 post type-post status-publish format-standard has-post-thumbnail hentry category-programa-de-desarrollo-de-arte-y-cultura-citibanamex all_sort programa-de-desarrollo-de-arte-y-cultura-citibanamex_sort  av-masonry-item-with-image' title=\"RESTAURACI\u00d3N DE PUERTAS Y MARCOS DE VENTANAS EN EL CaSa\"  itemscope=\"itemscope\" itemtype=\"https:\/\/schema.org\/CreativeWork\" ><div class='av-inner-masonry-sizer'><\/div><figure class='av-inner-masonry main_color'><div class=\"av-masonry-outerimage-container\"><div class=\"av-masonry-image-container\" style=\"background-image: url(https:\/\/casa.oaxaca.gob.mx\/wp-content\/uploads\/2025\/07\/Julio-Banamex-04-564x705.jpg);\"><img decoding=\"async\" src=\"https:\/\/casa.oaxaca.gob.mx\/wp-content\/uploads\/2025\/07\/Julio-Banamex-04-564x705.jpg\" title=\"Julio-Banamex-04\" alt=\"\" \/><\/div><\/div><figcaption class='av-inner-masonry-content site-background'><div class='av-inner-masonry-content-pos'><div class='av-inner-masonry-content-pos-content'><div class='avia-arrow'><\/div><h3 class='av-masonry-entry-title entry-title'  itemprop=\"headline\" >RESTAURACI\u00d3N DE PUERTAS Y MARCOS DE VENTANAS EN EL CaSa<\/h3><span class='av-masonry-date meta-color updated'><\/span><span class=\"av-masonry-text-sep text-sep-author\">\/<\/span><span class='av-masonry-author meta-color vcard author'><span class='fn'>by <\/span><\/span><\/div><\/div><\/figcaption><\/figure><\/a><!--end av-masonry entry--><a href=\"https:\/\/casa.oaxaca.gob.mx\/?p=16662\" id='av-masonry-1-item-16662' data-av-masonry-item='16662' class='av-masonry-entry isotope-item post-16662 post type-post status-publish format-standard has-post-thumbnail hentry category-204 all_sort 2025_sort  av-masonry-item-with-image' title=\"Taller presencial. Revelado Digital con Lightroom Classic. Imparte: Jes\u00fas R. Ortiz.\"  itemscope=\"itemscope\" itemtype=\"https:\/\/schema.org\/CreativeWork\" ><div class='av-inner-masonry-sizer'><\/div><figure class='av-inner-masonry main_color'><div class=\"av-masonry-outerimage-container\"><div class=\"av-masonry-image-container\" style=\"background-image: url(https:\/\/casa.oaxaca.gob.mx\/wp-content\/uploads\/2025\/08\/Revelado-digital-con-Lightroom-Classic_cerrada-705x484.jpg);\"><img decoding=\"async\" src=\"https:\/\/casa.oaxaca.gob.mx\/wp-content\/uploads\/2025\/08\/Revelado-digital-con-Lightroom-Classic_cerrada-705x484.jpg\" title=\"Revelado-digital-con-Lightroom-Classic_cerrada\" alt=\"\" \/><\/div><\/div><figcaption class='av-inner-masonry-content site-background'><div class='av-inner-masonry-content-pos'><div class='av-inner-masonry-content-pos-content'><div class='avia-arrow'><\/div><h3 class='av-masonry-entry-title entry-title'  itemprop=\"headline\" >Taller presencial. Revelado Digital con Lightroom Classic. Imparte: Jes\u00fas R. Ortiz.<\/h3><span class='av-masonry-date meta-color updated'><\/span><span class=\"av-masonry-text-sep text-sep-author\">\/<\/span><span class='av-masonry-author meta-color vcard author'><span class='fn'>by <\/span><\/span><\/div><\/div><\/figcaption><\/figure><\/a><!--end av-masonry entry--><a href=\"https:\/\/casa.oaxaca.gob.mx\/?p=16657\" id='av-masonry-1-item-16657' data-av-masonry-item='16657' class='av-masonry-entry isotope-item post-16657 post type-post status-publish format-standard has-post-thumbnail hentry category-204 all_sort 2025_sort  av-masonry-item-with-image' title=\"Taller presencial. Revitalizaci\u00f3n de la lengua mazateca. Imparte: Eugenio Juan Ram\u00edrez.\"  itemscope=\"itemscope\" itemtype=\"https:\/\/schema.org\/CreativeWork\" ><div class='av-inner-masonry-sizer'><\/div><figure class='av-inner-masonry main_color'><div class=\"av-masonry-outerimage-container\"><div class=\"av-masonry-image-container\" style=\"background-image: url(https:\/\/casa.oaxaca.gob.mx\/wp-content\/uploads\/2025\/07\/RevitalizaciondelaLenguaMazateca_cerrada-705x484.jpg);\"><img decoding=\"async\" src=\"https:\/\/casa.oaxaca.gob.mx\/wp-content\/uploads\/2025\/07\/RevitalizaciondelaLenguaMazateca_cerrada-705x484.jpg\" title=\"RevitalizaciondelaLenguaMazateca_cerrada\" alt=\"\" \/><\/div><\/div><figcaption class='av-inner-masonry-content site-background'><div class='av-inner-masonry-content-pos'><div class='av-inner-masonry-content-pos-content'><div class='avia-arrow'><\/div><h3 class='av-masonry-entry-title entry-title'  itemprop=\"headline\" >Taller presencial. Revitalizaci\u00f3n de la lengua mazateca. Imparte: Eugenio Juan Ram\u00edrez.<\/h3><span class='av-masonry-date meta-color updated'><\/span><span class=\"av-masonry-text-sep text-sep-author\">\/<\/span><span class='av-masonry-author meta-color vcard author'><span class='fn'>by <\/span><\/span><\/div><\/div><\/figcaption><\/figure><\/a><!--end av-masonry entry--><a href=\"https:\/\/casa.oaxaca.gob.mx\/?p=16649\" id='av-masonry-1-item-16649' data-av-masonry-item='16649' class='av-masonry-entry isotope-item post-16649 post type-post status-publish format-standard has-post-thumbnail hentry category-204 all_sort 2025_sort  av-masonry-item-with-image' title=\"Taller presencial. Pedagog\u00edas danc\u00edsticas libres de violencia. Imparte: Claudia Casillas Alc\u00e1ntara.\"  itemscope=\"itemscope\" itemtype=\"https:\/\/schema.org\/CreativeWork\" ><div class='av-inner-masonry-sizer'><\/div><figure class='av-inner-masonry main_color'><div class=\"av-masonry-outerimage-container\"><div class=\"av-masonry-image-container\" style=\"background-image: url(https:\/\/casa.oaxaca.gob.mx\/wp-content\/uploads\/2025\/08\/Pedagogias-dancisticas-libres-de-violencia_cerrada-705x484.jpg);\"><img decoding=\"async\" src=\"https:\/\/casa.oaxaca.gob.mx\/wp-content\/uploads\/2025\/08\/Pedagogias-dancisticas-libres-de-violencia_cerrada-705x484.jpg\" title=\"Pedagogias-dancisticas-libres-de-violencia_cerrada\" alt=\"\" \/><\/div><\/div><figcaption class='av-inner-masonry-content site-background'><div class='av-inner-masonry-content-pos'><div class='av-inner-masonry-content-pos-content'><div class='avia-arrow'><\/div><h3 class='av-masonry-entry-title entry-title'  itemprop=\"headline\" >Taller presencial. Pedagog\u00edas danc\u00edsticas libres de violencia. Imparte: Claudia Casillas Alc\u00e1ntara.<\/h3><span class='av-masonry-date meta-color updated'><\/span><span class=\"av-masonry-text-sep text-sep-author\">\/<\/span><span class='av-masonry-author meta-color vcard author'><span class='fn'>by <\/span><\/span><\/div><\/div><\/figcaption><\/figure><\/a><!--end av-masonry entry--><a href=\"https:\/\/casa.oaxaca.gob.mx\/?p=16640\" id='av-masonry-1-item-16640' data-av-masonry-item='16640' class='av-masonry-entry isotope-item post-16640 post type-post status-publish format-standard has-post-thumbnail hentry category-204 all_sort 2025_sort  av-masonry-item-with-image' title=\"Taller presencial. Iniciaci\u00f3n a los estudios del c\u00f3mic. Imparte: Juan Pedro Delgado P\u00e9rez.\"  itemscope=\"itemscope\" itemtype=\"https:\/\/schema.org\/CreativeWork\" ><div class='av-inner-masonry-sizer'><\/div><figure class='av-inner-masonry main_color'><div class=\"av-masonry-outerimage-container\"><div class=\"av-masonry-image-container\" style=\"background-image: url(https:\/\/casa.oaxaca.gob.mx\/wp-content\/uploads\/2025\/08\/Iniciacion-a-los-estudios-del-comic_cerrada-705x484.jpg);\"><img decoding=\"async\" src=\"https:\/\/casa.oaxaca.gob.mx\/wp-content\/uploads\/2025\/08\/Iniciacion-a-los-estudios-del-comic_cerrada-705x484.jpg\" title=\"Iniciacion-a-los-estudios-del-comic_cerrada\" alt=\"\" \/><\/div><\/div><figcaption class='av-inner-masonry-content site-background'><div class='av-inner-masonry-content-pos'><div class='av-inner-masonry-content-pos-content'><div class='avia-arrow'><\/div><h3 class='av-masonry-entry-title entry-title'  itemprop=\"headline\" >Taller presencial. Iniciaci\u00f3n a los estudios del c\u00f3mic. Imparte: Juan Pedro Delgado P\u00e9rez.<\/h3><span class='av-masonry-date meta-color updated'><\/span><span class=\"av-masonry-text-sep text-sep-author\">\/<\/span><span class='av-masonry-author meta-color vcard author'><span class='fn'>by <\/span><\/span><\/div><\/div><\/figcaption><\/figure><\/a><!--end av-masonry entry--><a href=\"https:\/\/casa.oaxaca.gob.mx\/?p=16633\" id='av-masonry-1-item-16633' data-av-masonry-item='16633' class='av-masonry-entry isotope-item post-16633 post type-post status-publish format-standard has-post-thumbnail hentry category-204 all_sort 2025_sort  av-masonry-item-with-image' title=\"Taller presencial. Taller de narrativa gr\u00e1fica y autopublicaci\u00f3n. Imparte: Ulises Mora Carrillo de Alborn\u00f3z.\"  itemscope=\"itemscope\" itemtype=\"https:\/\/schema.org\/CreativeWork\" ><div class='av-inner-masonry-sizer'><\/div><figure class='av-inner-masonry main_color'><div class=\"av-masonry-outerimage-container\"><div class=\"av-masonry-image-container\" style=\"background-image: url(https:\/\/casa.oaxaca.gob.mx\/wp-content\/uploads\/2025\/08\/Taller-de-Narrativa-Grafica-y-Autopublicacion_cerrada-705x484.jpg);\"><img decoding=\"async\" src=\"https:\/\/casa.oaxaca.gob.mx\/wp-content\/uploads\/2025\/08\/Taller-de-Narrativa-Grafica-y-Autopublicacion_cerrada-705x484.jpg\" title=\"Taller-de-Narrativa-Grafica-y-Autopublicacion_cerrada\" alt=\"\" \/><\/div><\/div><figcaption class='av-inner-masonry-content site-background'><div class='av-inner-masonry-content-pos'><div class='av-inner-masonry-content-pos-content'><div class='avia-arrow'><\/div><h3 class='av-masonry-entry-title entry-title'  itemprop=\"headline\" >Taller presencial. Taller de narrativa gr\u00e1fica y autopublicaci\u00f3n. Imparte: Ulises Mora Carrillo de Alborn\u00f3z.<\/h3><span class='av-masonry-date meta-color updated'><\/span><span class=\"av-masonry-text-sep text-sep-author\">\/<\/span><span class='av-masonry-author meta-color vcard author'><span class='fn'>by <\/span><\/span><\/div><\/div><\/figcaption><\/figure><\/a><!--end av-masonry entry--><a href=\"https:\/\/casa.oaxaca.gob.mx\/?p=16628\" id='av-masonry-1-item-16628' data-av-masonry-item='16628' class='av-masonry-entry isotope-item post-16628 post type-post status-publish format-standard has-post-thumbnail hentry category-204 all_sort 2025_sort  av-masonry-item-with-image' title=\"Taller presencial. De la palabra a la imagen. Imparte: David Daniel \u00c1lvarez Hern\u00e1ndez.\"  itemscope=\"itemscope\" itemtype=\"https:\/\/schema.org\/CreativeWork\" ><div class='av-inner-masonry-sizer'><\/div><figure class='av-inner-masonry main_color'><div class=\"av-masonry-outerimage-container\"><div class=\"av-masonry-image-container\" style=\"background-image: url(https:\/\/casa.oaxaca.gob.mx\/wp-content\/uploads\/2025\/08\/Taller-de-ilustracion_cerrada-705x484.jpg);\"><img decoding=\"async\" src=\"https:\/\/casa.oaxaca.gob.mx\/wp-content\/uploads\/2025\/08\/Taller-de-ilustracion_cerrada-705x484.jpg\" title=\"Taller-de-ilustracion_cerrada\" alt=\"\" \/><\/div><\/div><figcaption class='av-inner-masonry-content site-background'><div class='av-inner-masonry-content-pos'><div class='av-inner-masonry-content-pos-content'><div class='avia-arrow'><\/div><h3 class='av-masonry-entry-title entry-title'  itemprop=\"headline\" >Taller presencial. De la palabra a la imagen. Imparte: David Daniel \u00c1lvarez Hern\u00e1ndez.<\/h3><span class='av-masonry-date meta-color updated'><\/span><span class=\"av-masonry-text-sep text-sep-author\">\/<\/span><span class='av-masonry-author meta-color vcard author'><span class='fn'>by <\/span><\/span><\/div><\/div><\/figcaption><\/figure><\/a><!--end av-masonry entry--><a href=\"https:\/\/casa.oaxaca.gob.mx\/?p=16520\" id='av-masonry-1-item-16520' data-av-masonry-item='16520' class='av-masonry-entry isotope-item post-16520 post type-post status-publish format-standard has-post-thumbnail hentry category-204 all_sort 2025_sort  av-masonry-item-with-image' title=\"Taller presencial. Experimentaci\u00f3n en plata gelatina. Imparte: Conrado L\u00f3pez Ruiz (Dito Traspi\u00e9).\"  itemscope=\"itemscope\" itemtype=\"https:\/\/schema.org\/CreativeWork\" ><div class='av-inner-masonry-sizer'><\/div><figure class='av-inner-masonry main_color'><div class=\"av-masonry-outerimage-container\"><div class=\"av-masonry-image-container\" style=\"background-image: url(https:\/\/casa.oaxaca.gob.mx\/wp-content\/uploads\/2025\/07\/ExperimentacionenPlataGelatina_cerrada-705x484.jpg);\"><img decoding=\"async\" src=\"https:\/\/casa.oaxaca.gob.mx\/wp-content\/uploads\/2025\/07\/ExperimentacionenPlataGelatina_cerrada-705x484.jpg\" title=\"ExperimentacionenPlataGelatina_cerrada\" alt=\"\" \/><\/div><\/div><figcaption class='av-inner-masonry-content site-background'><div class='av-inner-masonry-content-pos'><div class='av-inner-masonry-content-pos-content'><div class='avia-arrow'><\/div><h3 class='av-masonry-entry-title entry-title'  itemprop=\"headline\" >Taller presencial. Experimentaci\u00f3n en plata gelatina. Imparte: Conrado L\u00f3pez Ruiz (Dito Traspi\u00e9).<\/h3><span class='av-masonry-date meta-color updated'><\/span><span class=\"av-masonry-text-sep text-sep-author\">\/<\/span><span class='av-masonry-author meta-color vcard author'><span class='fn'>by <\/span><\/span><\/div><\/div><\/figcaption><\/figure><\/a><!--end av-masonry entry--><a href=\"https:\/\/casa.oaxaca.gob.mx\/?p=16495\" id='av-masonry-1-item-16495' data-av-masonry-item='16495' class='av-masonry-entry isotope-item post-16495 post type-post status-publish format-standard has-post-thumbnail hentry category-204 all_sort 2025_sort  av-masonry-item-with-image' title=\"Taller presencial. Nace una Imagen: Revela tu Interior. Imparte: Alejandra Hugues Iraz\u00e1bal.\"  itemscope=\"itemscope\" itemtype=\"https:\/\/schema.org\/CreativeWork\" ><div class='av-inner-masonry-sizer'><\/div><figure class='av-inner-masonry main_color'><div class=\"av-masonry-outerimage-container\"><div class=\"av-masonry-image-container\" style=\"background-image: url(https:\/\/casa.oaxaca.gob.mx\/wp-content\/uploads\/2025\/07\/NaceunaImagen_cerrada-705x484.jpg);\"><img decoding=\"async\" src=\"https:\/\/casa.oaxaca.gob.mx\/wp-content\/uploads\/2025\/07\/NaceunaImagen_cerrada-705x484.jpg\" title=\"NaceunaImagen_cerrada\" alt=\"\" \/><\/div><\/div><figcaption class='av-inner-masonry-content site-background'><div class='av-inner-masonry-content-pos'><div class='av-inner-masonry-content-pos-content'><div class='avia-arrow'><\/div><h3 class='av-masonry-entry-title entry-title'  itemprop=\"headline\" >Taller presencial. Nace una Imagen: Revela tu Interior. Imparte: Alejandra Hugues Iraz\u00e1bal.<\/h3><span class='av-masonry-date meta-color updated'><\/span><span class=\"av-masonry-text-sep text-sep-author\">\/<\/span><span class='av-masonry-author meta-color vcard author'><span class='fn'>by <\/span><\/span><\/div><\/div><\/figcaption><\/figure><\/a><!--end av-masonry entry--><a href=\"https:\/\/casa.oaxaca.gob.mx\/?p=16488\" id='av-masonry-1-item-16488' data-av-masonry-item='16488' class='av-masonry-entry isotope-item post-16488 post type-post status-publish format-standard has-post-thumbnail hentry category-204 all_sort 2025_sort  av-masonry-item-with-image' title=\"Taller presencial. Explorando el Grabado. Taller introductorio al grabado en metal con soluci\u00f3n salina. Imparte: Jonathan Reyes.\"  itemscope=\"itemscope\" itemtype=\"https:\/\/schema.org\/CreativeWork\" ><div class='av-inner-masonry-sizer'><\/div><figure class='av-inner-masonry main_color'><div class=\"av-masonry-outerimage-container\"><div class=\"av-masonry-image-container\" style=\"background-image: url(https:\/\/casa.oaxaca.gob.mx\/wp-content\/uploads\/2025\/07\/ExplorandoelGrabado_abierta-705x484.jpg);\"><img decoding=\"async\" src=\"https:\/\/casa.oaxaca.gob.mx\/wp-content\/uploads\/2025\/07\/ExplorandoelGrabado_abierta-705x484.jpg\" title=\"ExplorandoelGrabado_abierta\" alt=\"\" \/><\/div><\/div><figcaption class='av-inner-masonry-content site-background'><div class='av-inner-masonry-content-pos'><div class='av-inner-masonry-content-pos-content'><div class='avia-arrow'><\/div><h3 class='av-masonry-entry-title entry-title'  itemprop=\"headline\" >Taller presencial. Explorando el Grabado. Taller introductorio al grabado en metal con soluci\u00f3n salina. Imparte: Jonathan Reyes.<\/h3><span class='av-masonry-date meta-color updated'><\/span><span class=\"av-masonry-text-sep text-sep-author\">\/<\/span><span class='av-masonry-author meta-color vcard author'><span class='fn'>by <\/span><\/span><\/div><\/div><\/figcaption><\/figure><\/a><!--end av-masonry entry--><a href=\"https:\/\/casa.oaxaca.gob.mx\/?p=16481\" id='av-masonry-1-item-16481' data-av-masonry-item='16481' class='av-masonry-entry isotope-item post-16481 post type-post status-publish format-standard has-post-thumbnail hentry category-204 all_sort 2025_sort  av-masonry-item-with-image' title=\"Taller presencial. Grabado en MDF, gubia y corte l\u00e1ser. Imparte: Soledad V\u00e1zquez Balderas.\"  itemscope=\"itemscope\" itemtype=\"https:\/\/schema.org\/CreativeWork\" ><div class='av-inner-masonry-sizer'><\/div><figure class='av-inner-masonry main_color'><div class=\"av-masonry-outerimage-container\"><div class=\"av-masonry-image-container\" style=\"background-image: url(https:\/\/casa.oaxaca.gob.mx\/wp-content\/uploads\/2025\/07\/GrabadoenMDF.Gubia_.CorteLaser_cerrada-705x484.jpg);\"><img decoding=\"async\" src=\"https:\/\/casa.oaxaca.gob.mx\/wp-content\/uploads\/2025\/07\/GrabadoenMDF.Gubia_.CorteLaser_cerrada-705x484.jpg\" title=\"GrabadoenMDF.Gubia.CorteLaser_cerrada\" alt=\"\" \/><\/div><\/div><figcaption class='av-inner-masonry-content site-background'><div class='av-inner-masonry-content-pos'><div class='av-inner-masonry-content-pos-content'><div class='avia-arrow'><\/div><h3 class='av-masonry-entry-title entry-title'  itemprop=\"headline\" >Taller presencial. Grabado en MDF, gubia y corte l\u00e1ser. Imparte: Soledad V\u00e1zquez Balderas.<\/h3><span class='av-masonry-date meta-color updated'><\/span><span class=\"av-masonry-text-sep text-sep-author\">\/<\/span><span class='av-masonry-author meta-color vcard author'><span class='fn'>by <\/span><\/span><\/div><\/div><\/figcaption><\/figure><\/a><!--end av-masonry entry--><a href=\"https:\/\/casa.oaxaca.gob.mx\/?p=16471\" id='av-masonry-1-item-16471' data-av-masonry-item='16471' class='av-masonry-entry isotope-item post-16471 post type-post status-publish format-standard has-post-thumbnail hentry category-204 all_sort 2025_sort  av-masonry-item-with-image' title=\"Taller presencial. Dibujo a trav\u00e9s de manchas. Imparte: Damara Rosales.\"  itemscope=\"itemscope\" itemtype=\"https:\/\/schema.org\/CreativeWork\" ><div class='av-inner-masonry-sizer'><\/div><figure class='av-inner-masonry main_color'><div class=\"av-masonry-outerimage-container\"><div class=\"av-masonry-image-container\" style=\"background-image: url(https:\/\/casa.oaxaca.gob.mx\/wp-content\/uploads\/2025\/07\/DibujoaTravesdeManchas_cerrada-705x484.jpg);\"><img decoding=\"async\" src=\"https:\/\/casa.oaxaca.gob.mx\/wp-content\/uploads\/2025\/07\/DibujoaTravesdeManchas_cerrada-705x484.jpg\" title=\"DibujoaTravesdeManchas_cerrada\" alt=\"\" \/><\/div><\/div><figcaption class='av-inner-masonry-content site-background'><div class='av-inner-masonry-content-pos'><div class='av-inner-masonry-content-pos-content'><div class='avia-arrow'><\/div><h3 class='av-masonry-entry-title entry-title'  itemprop=\"headline\" >Taller presencial. Dibujo a trav\u00e9s de manchas. Imparte: Damara Rosales.<\/h3><span class='av-masonry-date meta-color updated'><\/span><span class=\"av-masonry-text-sep text-sep-author\">\/<\/span><span class='av-masonry-author meta-color vcard author'><span class='fn'>by <\/span><\/span><\/div><\/div><\/figcaption><\/figure><\/a><!--end av-masonry entry--><a href=\"https:\/\/casa.oaxaca.gob.mx\/?p=16452\" id='av-masonry-1-item-16452' data-av-masonry-item='16452' class='av-masonry-entry isotope-item post-16452 post type-post status-publish format-standard has-post-thumbnail hentry category-204 all_sort 2025_sort  av-masonry-item-with-image' title=\"Taller presencial. Cester\u00eda Nudo mixteco. Imparte: Abel L\u00f3pez Diego.\"  itemscope=\"itemscope\" itemtype=\"https:\/\/schema.org\/CreativeWork\" ><div class='av-inner-masonry-sizer'><\/div><figure class='av-inner-masonry main_color'><div class=\"av-masonry-outerimage-container\"><div class=\"av-masonry-image-container\" style=\"background-image: url(https:\/\/casa.oaxaca.gob.mx\/wp-content\/uploads\/2025\/07\/CesteriaNudoMixteco_cerrada-705x484.jpg);\"><img decoding=\"async\" src=\"https:\/\/casa.oaxaca.gob.mx\/wp-content\/uploads\/2025\/07\/CesteriaNudoMixteco_cerrada-705x484.jpg\" title=\"CesteriaNudoMixteco_cerrada\" alt=\"\" \/><\/div><\/div><figcaption class='av-inner-masonry-content site-background'><div class='av-inner-masonry-content-pos'><div class='av-inner-masonry-content-pos-content'><div class='avia-arrow'><\/div><h3 class='av-masonry-entry-title entry-title'  itemprop=\"headline\" >Taller presencial. Cester\u00eda Nudo mixteco. Imparte: Abel L\u00f3pez Diego.<\/h3><span class='av-masonry-date meta-color updated'><\/span><span class=\"av-masonry-text-sep text-sep-author\">\/<\/span><span class='av-masonry-author meta-color vcard author'><span class='fn'>by <\/span><\/span><\/div><\/div><\/figcaption><\/figure><\/a><!--end av-masonry entry--><a href=\"https:\/\/casa.oaxaca.gob.mx\/?p=16444\" id='av-masonry-1-item-16444' data-av-masonry-item='16444' class='av-masonry-entry isotope-item post-16444 post type-post status-publish format-standard has-post-thumbnail hentry category-204 all_sort 2025_sort  av-masonry-item-with-image' title=\"Taller presencial. Leer y escribir en mazateco. Imparte: Joel Landeta Ortega.\"  itemscope=\"itemscope\" itemtype=\"https:\/\/schema.org\/CreativeWork\" ><div class='av-inner-masonry-sizer'><\/div><figure class='av-inner-masonry main_color'><div class=\"av-masonry-outerimage-container\"><div class=\"av-masonry-image-container\" style=\"background-image: url(https:\/\/casa.oaxaca.gob.mx\/wp-content\/uploads\/2025\/07\/Leer-y-escribir-en-mazateco-cerrada-705x484.jpg);\"><img decoding=\"async\" src=\"https:\/\/casa.oaxaca.gob.mx\/wp-content\/uploads\/2025\/07\/Leer-y-escribir-en-mazateco-cerrada-705x484.jpg\" title=\"Leer-y-escribir-en-mazateco-cerrada\" alt=\"\" \/><\/div><\/div><figcaption class='av-inner-masonry-content site-background'><div class='av-inner-masonry-content-pos'><div class='av-inner-masonry-content-pos-content'><div class='avia-arrow'><\/div><h3 class='av-masonry-entry-title entry-title'  itemprop=\"headline\" >Taller presencial. Leer y escribir en mazateco. Imparte: Joel Landeta Ortega.<\/h3><span class='av-masonry-date meta-color updated'><\/span><span class=\"av-masonry-text-sep text-sep-author\">\/<\/span><span class='av-masonry-author meta-color vcard author'><span class='fn'>by <\/span><\/span><\/div><\/div><\/figcaption><\/figure><\/a><!--end av-masonry entry--><a href=\"https:\/\/casa.oaxaca.gob.mx\/?p=16440\" id='av-masonry-1-item-16440' data-av-masonry-item='16440' class='av-masonry-entry isotope-item post-16440 post type-post status-publish format-standard has-post-thumbnail hentry category-204 all_sort 2025_sort  av-masonry-item-with-image' title=\"Taller presencial. Imprimatura de Creta y Temple. Imparte: Francisco Quintanar.\"  itemscope=\"itemscope\" itemtype=\"https:\/\/schema.org\/CreativeWork\" ><div class='av-inner-masonry-sizer'><\/div><figure class='av-inner-masonry main_color'><div class=\"av-masonry-outerimage-container\"><div class=\"av-masonry-image-container\" style=\"background-image: url(https:\/\/casa.oaxaca.gob.mx\/wp-content\/uploads\/2025\/07\/Imprimatura-de-creta-cerrada-705x484.jpg);\"><img decoding=\"async\" src=\"https:\/\/casa.oaxaca.gob.mx\/wp-content\/uploads\/2025\/07\/Imprimatura-de-creta-cerrada-705x484.jpg\" title=\"Imprimatura-de-creta-cerrada\" alt=\"\" \/><\/div><\/div><figcaption class='av-inner-masonry-content site-background'><div class='av-inner-masonry-content-pos'><div class='av-inner-masonry-content-pos-content'><div class='avia-arrow'><\/div><h3 class='av-masonry-entry-title entry-title'  itemprop=\"headline\" >Taller presencial. Imprimatura de Creta y Temple. Imparte: Francisco Quintanar.<\/h3><span class='av-masonry-date meta-color updated'><\/span><span class=\"av-masonry-text-sep text-sep-author\">\/<\/span><span class='av-masonry-author meta-color vcard author'><span class='fn'>by <\/span><\/span><\/div><\/div><\/figcaption><\/figure><\/a><!--end av-masonry entry--><a href=\"https:\/\/casa.oaxaca.gob.mx\/?p=16427\" id='av-masonry-1-item-16427' data-av-masonry-item='16427' class='av-masonry-entry isotope-item post-16427 post type-post status-publish format-standard has-post-thumbnail hentry category-204 all_sort 2025_sort  av-masonry-item-with-image' title=\"Taller presencial.Demostraci\u00f3n de un Telar Tradicional de 40 Lizos. Imparten: Dawn Hettrich e Iris Calder\u00f3n.\"  itemscope=\"itemscope\" itemtype=\"https:\/\/schema.org\/CreativeWork\" ><div class='av-inner-masonry-sizer'><\/div><figure class='av-inner-masonry main_color'><div class=\"av-masonry-outerimage-container\"><div class=\"av-masonry-image-container\" style=\"background-image: url(https:\/\/casa.oaxaca.gob.mx\/wp-content\/uploads\/2025\/07\/DemostraciondeunTelarTradicional_cerrada-705x484.jpg);\"><img decoding=\"async\" src=\"https:\/\/casa.oaxaca.gob.mx\/wp-content\/uploads\/2025\/07\/DemostraciondeunTelarTradicional_cerrada-705x484.jpg\" title=\"DemostraciondeunTelarTradicional_cerrada\" alt=\"\" \/><\/div><\/div><figcaption class='av-inner-masonry-content site-background'><div class='av-inner-masonry-content-pos'><div class='av-inner-masonry-content-pos-content'><div class='avia-arrow'><\/div><h3 class='av-masonry-entry-title entry-title'  itemprop=\"headline\" >Taller presencial.Demostraci\u00f3n de un Telar Tradicional de 40 Lizos. Imparten: Dawn Hettrich e Iris Calder\u00f3n.<\/h3><span class='av-masonry-date meta-color updated'><\/span><span class=\"av-masonry-text-sep text-sep-author\">\/<\/span><span class='av-masonry-author meta-color vcard author'><span class='fn'>by <\/span><\/span><\/div><\/div><\/figcaption><\/figure><\/a><!--end av-masonry entry--><a href=\"https:\/\/casa.oaxaca.gob.mx\/?p=16424\" id='av-masonry-1-item-16424' data-av-masonry-item='16424' class='av-masonry-entry isotope-item post-16424 post type-post status-publish format-standard has-post-thumbnail hentry category-204 all_sort 2025_sort  av-masonry-item-with-image' title=\"Taller presencial. Monotipo y espontaneidad. Imparte: Manuel Bernal.\"  itemscope=\"itemscope\" itemtype=\"https:\/\/schema.org\/CreativeWork\" ><div class='av-inner-masonry-sizer'><\/div><figure class='av-inner-masonry main_color'><div class=\"av-masonry-outerimage-container\"><div class=\"av-masonry-image-container\" style=\"background-image: url(https:\/\/casa.oaxaca.gob.mx\/wp-content\/uploads\/2025\/07\/Monotipo-cerrada-705x484.jpg);\"><img decoding=\"async\" src=\"https:\/\/casa.oaxaca.gob.mx\/wp-content\/uploads\/2025\/07\/Monotipo-cerrada-705x484.jpg\" title=\"Monotipo-cerrada\" alt=\"\" \/><\/div><\/div><figcaption class='av-inner-masonry-content site-background'><div class='av-inner-masonry-content-pos'><div class='av-inner-masonry-content-pos-content'><div class='avia-arrow'><\/div><h3 class='av-masonry-entry-title entry-title'  itemprop=\"headline\" >Taller presencial. Monotipo y espontaneidad. Imparte: Manuel Bernal.<\/h3><span class='av-masonry-date meta-color updated'><\/span><span class=\"av-masonry-text-sep text-sep-author\">\/<\/span><span class='av-masonry-author meta-color vcard author'><span class='fn'>by <\/span><\/span><\/div><\/div><\/figcaption><\/figure><\/a><!--end av-masonry entry--><a href=\"https:\/\/casa.oaxaca.gob.mx\/?p=16353\" id='av-masonry-1-item-16353' data-av-masonry-item='16353' class='av-masonry-entry isotope-item post-16353 post type-post status-publish format-standard has-post-thumbnail hentry category-204 all_sort 2025_sort  av-masonry-item-with-image' title=\"Taller presencial. Los colores en Ombeayi\u00fcts y la producci\u00f3n literaria. Imparte: Hugo Alberto Hidalgo Buenavista.\"  itemscope=\"itemscope\" itemtype=\"https:\/\/schema.org\/CreativeWork\" ><div class='av-inner-masonry-sizer'><\/div><figure class='av-inner-masonry main_color'><div class=\"av-masonry-outerimage-container\"><div class=\"av-masonry-image-container\" style=\"background-image: url(https:\/\/casa.oaxaca.gob.mx\/wp-content\/uploads\/2025\/07\/Los-colores-en-ombeayusts_cerrada-705x484.jpg);\"><img decoding=\"async\" src=\"https:\/\/casa.oaxaca.gob.mx\/wp-content\/uploads\/2025\/07\/Los-colores-en-ombeayusts_cerrada-705x484.jpg\" title=\"Los-colores-en-ombeay\u00fcsts_cerrada\" alt=\"\" \/><\/div><\/div><figcaption class='av-inner-masonry-content site-background'><div class='av-inner-masonry-content-pos'><div class='av-inner-masonry-content-pos-content'><div class='avia-arrow'><\/div><h3 class='av-masonry-entry-title entry-title'  itemprop=\"headline\" >Taller presencial. Los colores en Ombeayi\u00fcts y la producci\u00f3n literaria. Imparte: Hugo Alberto Hidalgo Buenavista.<\/h3><span class='av-masonry-date meta-color updated'><\/span><span class=\"av-masonry-text-sep text-sep-author\">\/<\/span><span class='av-masonry-author meta-color vcard author'><span class='fn'>by <\/span><\/span><\/div><\/div><\/figcaption><\/figure><\/a><!--end av-masonry entry--><a href=\"https:\/\/casa.oaxaca.gob.mx\/?p=16340\" id='av-masonry-1-item-16340' data-av-masonry-item='16340' class='av-masonry-entry isotope-item post-16340 post type-post status-publish format-standard has-post-thumbnail hentry category-programa-de-desarrollo-de-arte-y-cultura-citibanamex all_sort programa-de-desarrollo-de-arte-y-cultura-citibanamex_sort  av-masonry-item-with-image' title=\"MANTENIMIENTO Y RESTAURACI\u00d3N EN LA FACHADA DEL CaSa\"  itemscope=\"itemscope\" itemtype=\"https:\/\/schema.org\/CreativeWork\" ><div class='av-inner-masonry-sizer'><\/div><figure class='av-inner-masonry main_color'><div class=\"av-masonry-outerimage-container\"><div class=\"av-masonry-image-container\" style=\"background-image: url(https:\/\/casa.oaxaca.gob.mx\/wp-content\/uploads\/2025\/06\/JULIO3-banamex-564x705.jpg);\"><img decoding=\"async\" src=\"https:\/\/casa.oaxaca.gob.mx\/wp-content\/uploads\/2025\/06\/JULIO3-banamex-564x705.jpg\" title=\"JULIO3-banamex\" alt=\"\" \/><\/div><\/div><figcaption class='av-inner-masonry-content site-background'><div class='av-inner-masonry-content-pos'><div class='av-inner-masonry-content-pos-content'><div class='avia-arrow'><\/div><h3 class='av-masonry-entry-title entry-title'  itemprop=\"headline\" >MANTENIMIENTO Y RESTAURACI\u00d3N EN LA FACHADA DEL CaSa<\/h3><span class='av-masonry-date meta-color updated'><\/span><span class=\"av-masonry-text-sep text-sep-author\">\/<\/span><span class='av-masonry-author meta-color vcard author'><span class='fn'>by <\/span><\/span><\/div><\/div><\/figcaption><\/figure><\/a><!--end av-masonry entry--><a href=\"https:\/\/casa.oaxaca.gob.mx\/?p=16319\" id='av-masonry-1-item-16319' data-av-masonry-item='16319' class='av-masonry-entry isotope-item post-16319 post type-post status-publish format-standard has-post-thumbnail hentry category-204 category-convocatorias-pasadas all_sort 2025_sort  convocatorias-pasadas_sort  av-masonry-item-with-image' title=\"Programa de Residencias para Docentes en Artes. Tercera edici\u00f3n.\"  itemscope=\"itemscope\" itemtype=\"https:\/\/schema.org\/CreativeWork\" ><div class='av-inner-masonry-sizer'><\/div><figure class='av-inner-masonry main_color'><div class=\"av-masonry-outerimage-container\"><div class=\"av-masonry-image-container\" style=\"background-image: url(https:\/\/casa.oaxaca.gob.mx\/wp-content\/uploads\/2025\/05\/C-Programa_Residentes_03.2--705x484.jpg);\"><img decoding=\"async\" src=\"https:\/\/casa.oaxaca.gob.mx\/wp-content\/uploads\/2025\/05\/C-Programa_Residentes_03.2--705x484.jpg\" title=\"C-Programa_Residentes_03.2-\" alt=\"\" \/><\/div><\/div><figcaption class='av-inner-masonry-content site-background'><div class='av-inner-masonry-content-pos'><div class='av-inner-masonry-content-pos-content'><div class='avia-arrow'><\/div><h3 class='av-masonry-entry-title entry-title'  itemprop=\"headline\" >Programa de Residencias para Docentes en Artes. Tercera edici\u00f3n.<\/h3><span class='av-masonry-date meta-color updated'><\/span><span class=\"av-masonry-text-sep text-sep-author\">\/<\/span><span class='av-masonry-author meta-color vcard author'><span class='fn'>by <\/span><\/span><\/div><\/div><\/figcaption><\/figure><\/a><!--end av-masonry entry--><a href=\"https:\/\/casa.oaxaca.gob.mx\/?p=16314\" id='av-masonry-1-item-16314' data-av-masonry-item='16314' class='av-masonry-entry isotope-item post-16314 post type-post status-publish format-standard has-post-thumbnail hentry category-204 all_sort 2025_sort  av-masonry-item-with-image' title=\"Taller presencial. El lenguaje visual y el imaginario. Imparte: Domingo Valdivieso.\"  itemscope=\"itemscope\" itemtype=\"https:\/\/schema.org\/CreativeWork\" ><div class='av-inner-masonry-sizer'><\/div><figure class='av-inner-masonry main_color'><div class=\"av-masonry-outerimage-container\"><div class=\"av-masonry-image-container\" style=\"background-image: url(https:\/\/casa.oaxaca.gob.mx\/wp-content\/uploads\/2025\/06\/c-Lenguaje-visual-Y-el-imaginario-705x484.jpg);\"><img decoding=\"async\" src=\"https:\/\/casa.oaxaca.gob.mx\/wp-content\/uploads\/2025\/06\/c-Lenguaje-visual-Y-el-imaginario-705x484.jpg\" title=\"c-Lenguaje-visual-Y-el-imaginario\" alt=\"\" \/><\/div><\/div><figcaption class='av-inner-masonry-content site-background'><div class='av-inner-masonry-content-pos'><div class='av-inner-masonry-content-pos-content'><div class='avia-arrow'><\/div><h3 class='av-masonry-entry-title entry-title'  itemprop=\"headline\" >Taller presencial. El lenguaje visual y el imaginario. Imparte: Domingo Valdivieso.<\/h3><span class='av-masonry-date meta-color updated'><\/span><span class=\"av-masonry-text-sep text-sep-author\">\/<\/span><span class='av-masonry-author meta-color vcard author'><span class='fn'>by <\/span><\/span><\/div><\/div><\/figcaption><\/figure><\/a><!--end av-masonry entry--><a href=\"https:\/\/casa.oaxaca.gob.mx\/?p=16280\" id='av-masonry-1-item-16280' data-av-masonry-item='16280' class='av-masonry-entry isotope-item post-16280 post type-post status-publish format-standard has-post-thumbnail hentry category-204 category-convocatorias-pasadas category-premios-casa-2025 all_sort 2025_sort  convocatorias-pasadas_sort  premios-casa-2025_sort  av-masonry-item-with-image' title=\"Premios CaSa 2025 &#8211; OMBEAYI\u00dcTS\/UMBEAYAJTS\/UMBEY\u00dcJTS\"  itemscope=\"itemscope\" itemtype=\"https:\/\/schema.org\/CreativeWork\" ><div class='av-inner-masonry-sizer'><\/div><figure class='av-inner-masonry main_color'><div class=\"av-masonry-outerimage-container\"><div class=\"av-masonry-image-container\" style=\"background-image: url(https:\/\/casa.oaxaca.gob.mx\/wp-content\/uploads\/2025\/06\/Ombeayiuts-c-705x484.jpg);\"><img decoding=\"async\" src=\"https:\/\/casa.oaxaca.gob.mx\/wp-content\/uploads\/2025\/06\/Ombeayiuts-c-705x484.jpg\" title=\"Ombeayiuts-c\" alt=\"\" \/><\/div><\/div><figcaption class='av-inner-masonry-content site-background'><div class='av-inner-masonry-content-pos'><div class='av-inner-masonry-content-pos-content'><div class='avia-arrow'><\/div><h3 class='av-masonry-entry-title entry-title'  itemprop=\"headline\" >Premios CaSa 2025 &#8211; OMBEAYI\u00dcTS\/UMBEAYAJTS\/UMBEY\u00dcJTS<\/h3><span class='av-masonry-date meta-color updated'><\/span><span class=\"av-masonry-text-sep text-sep-author\">\/<\/span><span class='av-masonry-author meta-color vcard author'><span class='fn'>by <\/span><\/span><\/div><\/div><\/figcaption><\/figure><\/a><!--end av-masonry entry--><a href=\"https:\/\/casa.oaxaca.gob.mx\/?p=16276\" id='av-masonry-1-item-16276' data-av-masonry-item='16276' class='av-masonry-entry isotope-item post-16276 post type-post status-publish format-standard has-post-thumbnail hentry category-204 category-convocatorias-pasadas category-premios-casa-2025 all_sort 2025_sort  convocatorias-pasadas_sort  premios-casa-2025_sort  av-masonry-item-with-image' title=\"Premios CaSa 2025 &#8211; XN\u00c1NJ NU\u2019 A \/ STN\u00c1J NI\u2019 \/ TNANJ NI\u2019INJ (Triqui)\"  itemscope=\"itemscope\" itemtype=\"https:\/\/schema.org\/CreativeWork\" ><div class='av-inner-masonry-sizer'><\/div><figure class='av-inner-masonry main_color'><div class=\"av-masonry-outerimage-container\"><div class=\"av-masonry-image-container\" style=\"background-image: url(https:\/\/casa.oaxaca.gob.mx\/wp-content\/uploads\/2025\/06\/Triqui-c-705x484.jpg);\"><img decoding=\"async\" src=\"https:\/\/casa.oaxaca.gob.mx\/wp-content\/uploads\/2025\/06\/Triqui-c-705x484.jpg\" title=\"Triqui-c\" alt=\"\" \/><\/div><\/div><figcaption class='av-inner-masonry-content site-background'><div class='av-inner-masonry-content-pos'><div class='av-inner-masonry-content-pos-content'><div class='avia-arrow'><\/div><h3 class='av-masonry-entry-title entry-title'  itemprop=\"headline\" >Premios CaSa 2025 &#8211; XN\u00c1NJ NU\u2019 A \/ STN\u00c1J NI\u2019 \/ TNANJ NI\u2019INJ (Triqui)<\/h3><span class='av-masonry-date meta-color updated'><\/span><span class=\"av-masonry-text-sep text-sep-author\">\/<\/span><span class='av-masonry-author meta-color vcard author'><span class='fn'>by <\/span><\/span><\/div><\/div><\/figcaption><\/figure><\/a><!--end av-masonry entry--><a href=\"https:\/\/casa.oaxaca.gob.mx\/?p=16273\" id='av-masonry-1-item-16273' data-av-masonry-item='16273' class='av-masonry-entry isotope-item post-16273 post type-post status-publish format-standard has-post-thumbnail hentry category-204 category-convocatorias-pasadas category-premios-casa-2025 all_sort 2025_sort  convocatorias-pasadas_sort  premios-casa-2025_sort  av-masonry-item-with-image' title=\"Premios CaSa 2025 &#8211; CHATINO\"  itemscope=\"itemscope\" itemtype=\"https:\/\/schema.org\/CreativeWork\" ><div class='av-inner-masonry-sizer'><\/div><figure class='av-inner-masonry main_color'><div class=\"av-masonry-outerimage-container\"><div class=\"av-masonry-image-container\" style=\"background-image: url(https:\/\/casa.oaxaca.gob.mx\/wp-content\/uploads\/2025\/06\/Chatino-c-705x484.jpg);\"><img decoding=\"async\" src=\"https:\/\/casa.oaxaca.gob.mx\/wp-content\/uploads\/2025\/06\/Chatino-c-705x484.jpg\" title=\"Chatino-c\" alt=\"\" \/><\/div><\/div><figcaption class='av-inner-masonry-content site-background'><div class='av-inner-masonry-content-pos'><div class='av-inner-masonry-content-pos-content'><div class='avia-arrow'><\/div><h3 class='av-masonry-entry-title entry-title'  itemprop=\"headline\" >Premios CaSa 2025 &#8211; CHATINO<\/h3><span class='av-masonry-date meta-color updated'><\/span><span class=\"av-masonry-text-sep text-sep-author\">\/<\/span><span class='av-masonry-author meta-color vcard author'><span class='fn'>by <\/span><\/span><\/div><\/div><\/figcaption><\/figure><\/a><!--end av-masonry entry--><a href=\"https:\/\/casa.oaxaca.gob.mx\/?p=16270\" id='av-masonry-1-item-16270' data-av-masonry-item='16270' class='av-masonry-entry isotope-item post-16270 post type-post status-publish format-standard has-post-thumbnail hentry category-204 category-convocatorias-pasadas category-premios-casa-2025 all_sort 2025_sort  convocatorias-pasadas_sort  premios-casa-2025_sort  av-masonry-item-with-image' title=\"Premios CaSa 2025 &#8211; CHINANTECO\"  itemscope=\"itemscope\" itemtype=\"https:\/\/schema.org\/CreativeWork\" ><div class='av-inner-masonry-sizer'><\/div><figure class='av-inner-masonry main_color'><div class=\"av-masonry-outerimage-container\"><div class=\"av-masonry-image-container\" style=\"background-image: url(https:\/\/casa.oaxaca.gob.mx\/wp-content\/uploads\/2025\/06\/Chinanteco-c-705x484.jpg);\"><img decoding=\"async\" src=\"https:\/\/casa.oaxaca.gob.mx\/wp-content\/uploads\/2025\/06\/Chinanteco-c-705x484.jpg\" title=\"Chinanteco-c\" alt=\"\" \/><\/div><\/div><figcaption class='av-inner-masonry-content site-background'><div class='av-inner-masonry-content-pos'><div class='av-inner-masonry-content-pos-content'><div class='avia-arrow'><\/div><h3 class='av-masonry-entry-title entry-title'  itemprop=\"headline\" >Premios CaSa 2025 &#8211; CHINANTECO<\/h3><span class='av-masonry-date meta-color updated'><\/span><span class=\"av-masonry-text-sep text-sep-author\">\/<\/span><span class='av-masonry-author meta-color vcard author'><span class='fn'>by <\/span><\/span><\/div><\/div><\/figcaption><\/figure><\/a><!--end av-masonry entry--><a href=\"https:\/\/casa.oaxaca.gob.mx\/?p=16267\" id='av-masonry-1-item-16267' data-av-masonry-item='16267' class='av-masonry-entry isotope-item post-16267 post type-post status-publish format-standard has-post-thumbnail hentry category-204 category-convocatorias-pasadas category-premios-casa-2025 all_sort 2025_sort  convocatorias-pasadas_sort  premios-casa-2025_sort  av-masonry-item-with-image' title=\"Premios CaSa 2025 &#8211; \u00c9NN\u00c1 (Mazateco)\"  itemscope=\"itemscope\" itemtype=\"https:\/\/schema.org\/CreativeWork\" ><div class='av-inner-masonry-sizer'><\/div><figure class='av-inner-masonry main_color'><div class=\"av-masonry-outerimage-container\"><div class=\"av-masonry-image-container\" style=\"background-image: url(https:\/\/casa.oaxaca.gob.mx\/wp-content\/uploads\/2025\/06\/Mazateco-c-705x484.jpg);\"><img decoding=\"async\" src=\"https:\/\/casa.oaxaca.gob.mx\/wp-content\/uploads\/2025\/06\/Mazateco-c-705x484.jpg\" title=\"Mazateco-c\" alt=\"\" \/><\/div><\/div><figcaption class='av-inner-masonry-content site-background'><div class='av-inner-masonry-content-pos'><div class='av-inner-masonry-content-pos-content'><div class='avia-arrow'><\/div><h3 class='av-masonry-entry-title entry-title'  itemprop=\"headline\" >Premios CaSa 2025 &#8211; \u00c9NN\u00c1 (Mazateco)<\/h3><span class='av-masonry-date meta-color updated'><\/span><span class=\"av-masonry-text-sep text-sep-author\">\/<\/span><span class='av-masonry-author meta-color vcard author'><span class='fn'>by <\/span><\/span><\/div><\/div><\/figcaption><\/figure><\/a><!--end av-masonry entry--><a href=\"https:\/\/casa.oaxaca.gob.mx\/?p=16264\" id='av-masonry-1-item-16264' data-av-masonry-item='16264' class='av-masonry-entry isotope-item post-16264 post type-post status-publish format-standard has-post-thumbnail hentry category-204 category-convocatorias-pasadas category-premios-casa-2025 all_sort 2025_sort  convocatorias-pasadas_sort  premios-casa-2025_sort  av-masonry-item-with-image' title=\"Premios CaSa 2025 &#8211; MIXE\"  itemscope=\"itemscope\" itemtype=\"https:\/\/schema.org\/CreativeWork\" ><div class='av-inner-masonry-sizer'><\/div><figure class='av-inner-masonry main_color'><div class=\"av-masonry-outerimage-container\"><div class=\"av-masonry-image-container\" style=\"background-image: url(https:\/\/casa.oaxaca.gob.mx\/wp-content\/uploads\/2025\/06\/Mixe-c-705x484.jpg);\"><img decoding=\"async\" src=\"https:\/\/casa.oaxaca.gob.mx\/wp-content\/uploads\/2025\/06\/Mixe-c-705x484.jpg\" title=\"Mixe-c\" alt=\"\" \/><\/div><\/div><figcaption class='av-inner-masonry-content site-background'><div class='av-inner-masonry-content-pos'><div class='av-inner-masonry-content-pos-content'><div class='avia-arrow'><\/div><h3 class='av-masonry-entry-title entry-title'  itemprop=\"headline\" >Premios CaSa 2025 &#8211; MIXE<\/h3><span class='av-masonry-date meta-color updated'><\/span><span class=\"av-masonry-text-sep text-sep-author\">\/<\/span><span class='av-masonry-author meta-color vcard author'><span class='fn'>by <\/span><\/span><\/div><\/div><\/figcaption><\/figure><\/a><!--end av-masonry entry--><a href=\"https:\/\/casa.oaxaca.gob.mx\/?p=16253\" id='av-masonry-1-item-16253' data-av-masonry-item='16253' class='av-masonry-entry isotope-item post-16253 post type-post status-publish format-standard has-post-thumbnail hentry category-204 category-convocatorias-pasadas category-premios-casa-2025 all_sort 2025_sort  convocatorias-pasadas_sort  premios-casa-2025_sort  av-masonry-item-with-image' title=\"Premios CaSa 2025 &#8211; TU\u2019UN SAVI (Mixteco)\"  itemscope=\"itemscope\" itemtype=\"https:\/\/schema.org\/CreativeWork\" ><div class='av-inner-masonry-sizer'><\/div><figure class='av-inner-masonry main_color'><div class=\"av-masonry-outerimage-container\"><div class=\"av-masonry-image-container\" style=\"background-image: url(https:\/\/casa.oaxaca.gob.mx\/wp-content\/uploads\/2025\/06\/Mixteco-c-705x484.jpg);\"><img decoding=\"async\" src=\"https:\/\/casa.oaxaca.gob.mx\/wp-content\/uploads\/2025\/06\/Mixteco-c-705x484.jpg\" title=\"Mixteco-c\" alt=\"\" \/><\/div><\/div><figcaption class='av-inner-masonry-content site-background'><div class='av-inner-masonry-content-pos'><div class='av-inner-masonry-content-pos-content'><div class='avia-arrow'><\/div><h3 class='av-masonry-entry-title entry-title'  itemprop=\"headline\" >Premios CaSa 2025 &#8211; TU\u2019UN SAVI (Mixteco)<\/h3><span class='av-masonry-date meta-color updated'><\/span><span class=\"av-masonry-text-sep text-sep-author\">\/<\/span><span class='av-masonry-author meta-color vcard author'><span class='fn'>by <\/span><\/span><\/div><\/div><\/figcaption><\/figure><\/a><!--end av-masonry entry--><a href=\"https:\/\/casa.oaxaca.gob.mx\/?p=16247\" id='av-masonry-1-item-16247' data-av-masonry-item='16247' class='av-masonry-entry isotope-item post-16247 post type-post status-publish format-standard has-post-thumbnail hentry category-204 category-convocatorias-pasadas category-premios-casa-2025 all_sort 2025_sort  convocatorias-pasadas_sort  premios-casa-2025_sort  av-masonry-item-with-image' title=\"Premios CaSa 2025 &#8211; ZAPOTECO\"  itemscope=\"itemscope\" itemtype=\"https:\/\/schema.org\/CreativeWork\" ><div class='av-inner-masonry-sizer'><\/div><figure class='av-inner-masonry main_color'><div class=\"av-masonry-outerimage-container\"><div class=\"av-masonry-image-container\" style=\"background-image: url(https:\/\/casa.oaxaca.gob.mx\/wp-content\/uploads\/2025\/06\/Zapoteco-c-705x484.jpg);\"><img decoding=\"async\" src=\"https:\/\/casa.oaxaca.gob.mx\/wp-content\/uploads\/2025\/06\/Zapoteco-c-705x484.jpg\" title=\"Zapoteco-c\" alt=\"\" \/><\/div><\/div><figcaption class='av-inner-masonry-content site-background'><div class='av-inner-masonry-content-pos'><div class='av-inner-masonry-content-pos-content'><div class='avia-arrow'><\/div><h3 class='av-masonry-entry-title entry-title'  itemprop=\"headline\" >Premios CaSa 2025 &#8211; ZAPOTECO<\/h3><span class='av-masonry-date meta-color updated'><\/span><span class=\"av-masonry-text-sep text-sep-author\">\/<\/span><span class='av-masonry-author meta-color vcard author'><span class='fn'>by <\/span><\/span><\/div><\/div><\/figcaption><\/figure><\/a><!--end av-masonry entry--><a href=\"https:\/\/casa.oaxaca.gob.mx\/?p=16199\" id='av-masonry-1-item-16199' data-av-masonry-item='16199' class='av-masonry-entry isotope-item post-16199 post type-post status-publish format-standard has-post-thumbnail hentry category-204 all_sort 2025_sort  av-masonry-item-with-image' title=\"Taller presencial. El acto de creaci\u00f3n como resistencia: Direcci\u00f3n art\u00edstica. Imparte: Tania Boh\u00f3rquez.\"  itemscope=\"itemscope\" itemtype=\"https:\/\/schema.org\/CreativeWork\" ><div class='av-inner-masonry-sizer'><\/div><figure class='av-inner-masonry main_color'><div class=\"av-masonry-outerimage-container\"><div class=\"av-masonry-image-container\" style=\"background-image: url(https:\/\/casa.oaxaca.gob.mx\/wp-content\/uploads\/2025\/06\/c-Direccionartistica-705x484.jpg);\"><img decoding=\"async\" src=\"https:\/\/casa.oaxaca.gob.mx\/wp-content\/uploads\/2025\/06\/c-Direccionartistica-705x484.jpg\" title=\"c-Direccionartistica\" alt=\"\" \/><\/div><\/div><figcaption class='av-inner-masonry-content site-background'><div class='av-inner-masonry-content-pos'><div class='av-inner-masonry-content-pos-content'><div class='avia-arrow'><\/div><h3 class='av-masonry-entry-title entry-title'  itemprop=\"headline\" >Taller presencial. El acto de creaci\u00f3n como resistencia: Direcci\u00f3n art\u00edstica. Imparte: Tania Boh\u00f3rquez.<\/h3><span class='av-masonry-date meta-color updated'><\/span><span class=\"av-masonry-text-sep text-sep-author\">\/<\/span><span class='av-masonry-author meta-color vcard author'><span class='fn'>by <\/span><\/span><\/div><\/div><\/figcaption><\/figure><\/a><!--end av-masonry entry--><a href=\"https:\/\/casa.oaxaca.gob.mx\/?p=16187\" id='av-masonry-1-item-16187' data-av-masonry-item='16187' class='av-masonry-entry isotope-item post-16187 post type-post status-publish format-standard has-post-thumbnail hentry category-204 all_sort 2025_sort  av-masonry-item-with-image' title=\"Taller presencial. Ensayo visual: retratando lo cotidiano. Imparte: Luvia Lazo.\"  itemscope=\"itemscope\" itemtype=\"https:\/\/schema.org\/CreativeWork\" ><div class='av-inner-masonry-sizer'><\/div><figure class='av-inner-masonry main_color'><div class=\"av-masonry-outerimage-container\"><div class=\"av-masonry-image-container\" style=\"background-image: url(https:\/\/casa.oaxaca.gob.mx\/wp-content\/uploads\/2025\/06\/c-RETRATANDOLOCOTIDIANO-705x484.jpg);\"><img decoding=\"async\" src=\"https:\/\/casa.oaxaca.gob.mx\/wp-content\/uploads\/2025\/06\/c-RETRATANDOLOCOTIDIANO-705x484.jpg\" title=\"c-RETRATANDOLOCOTIDIANO\" alt=\"\" \/><\/div><\/div><figcaption class='av-inner-masonry-content site-background'><div class='av-inner-masonry-content-pos'><div class='av-inner-masonry-content-pos-content'><div class='avia-arrow'><\/div><h3 class='av-masonry-entry-title entry-title'  itemprop=\"headline\" >Taller presencial. Ensayo visual: retratando lo cotidiano. Imparte: Luvia Lazo.<\/h3><span class='av-masonry-date meta-color updated'><\/span><span class=\"av-masonry-text-sep text-sep-author\">\/<\/span><span class='av-masonry-author meta-color vcard author'><span class='fn'>by <\/span><\/span><\/div><\/div><\/figcaption><\/figure><\/a><!--end av-masonry entry--><a href=\"https:\/\/casa.oaxaca.gob.mx\/?p=16167\" id='av-masonry-1-item-16167' data-av-masonry-item='16167' class='av-masonry-entry isotope-item post-16167 post type-post status-publish format-standard has-post-thumbnail hentry category-204 all_sort 2025_sort  av-masonry-item-with-image' title=\"Taller presencial. Exploraci\u00f3n Gr\u00e1fica: Colograf\u00eda y Textura. Imparte: Soledad V\u00e1zquez Balderas.\"  itemscope=\"itemscope\" itemtype=\"https:\/\/schema.org\/CreativeWork\" ><div class='av-inner-masonry-sizer'><\/div><figure class='av-inner-masonry main_color'><div class=\"av-masonry-outerimage-container\"><div class=\"av-masonry-image-container\" style=\"background-image: url(https:\/\/casa.oaxaca.gob.mx\/wp-content\/uploads\/2025\/06\/c-exploracion-grafica-colorografia-y-textura-705x484.jpg);\"><img decoding=\"async\" src=\"https:\/\/casa.oaxaca.gob.mx\/wp-content\/uploads\/2025\/06\/c-exploracion-grafica-colorografia-y-textura-705x484.jpg\" title=\"c-exploracion-grafica&#8211;colorografia-y-textura\" alt=\"\" \/><\/div><\/div><figcaption class='av-inner-masonry-content site-background'><div class='av-inner-masonry-content-pos'><div class='av-inner-masonry-content-pos-content'><div class='avia-arrow'><\/div><h3 class='av-masonry-entry-title entry-title'  itemprop=\"headline\" >Taller presencial. Exploraci\u00f3n Gr\u00e1fica: Colograf\u00eda y Textura. Imparte: Soledad V\u00e1zquez Balderas.<\/h3><span class='av-masonry-date meta-color updated'><\/span><span class=\"av-masonry-text-sep text-sep-author\">\/<\/span><span class='av-masonry-author meta-color vcard author'><span class='fn'>by <\/span><\/span><\/div><\/div><\/figcaption><\/figure><\/a><!--end av-masonry entry--><a href=\"https:\/\/casa.oaxaca.gob.mx\/?p=16160\" id='av-masonry-1-item-16160' data-av-masonry-item='16160' class='av-masonry-entry isotope-item post-16160 post type-post status-publish format-standard has-post-thumbnail hentry category-204 all_sort 2025_sort  av-masonry-item-with-image' title=\"Taller presencial. Bordado y geometr\u00eda b\u00e1sica. Imparte: F\u00e1tima Sierra.\"  itemscope=\"itemscope\" itemtype=\"https:\/\/schema.org\/CreativeWork\" ><div class='av-inner-masonry-sizer'><\/div><figure class='av-inner-masonry main_color'><div class=\"av-masonry-outerimage-container\"><div class=\"av-masonry-image-container\" style=\"background-image: url(https:\/\/casa.oaxaca.gob.mx\/wp-content\/uploads\/2025\/06\/c-bordadoygeometriabasica-705x484.jpg);\"><img decoding=\"async\" src=\"https:\/\/casa.oaxaca.gob.mx\/wp-content\/uploads\/2025\/06\/c-bordadoygeometriabasica-705x484.jpg\" title=\"c-bordadoygeometriabasica\" alt=\"\" \/><\/div><\/div><figcaption class='av-inner-masonry-content site-background'><div class='av-inner-masonry-content-pos'><div class='av-inner-masonry-content-pos-content'><div class='avia-arrow'><\/div><h3 class='av-masonry-entry-title entry-title'  itemprop=\"headline\" >Taller presencial. Bordado y geometr\u00eda b\u00e1sica. Imparte: F\u00e1tima Sierra.<\/h3><span class='av-masonry-date meta-color updated'><\/span><span class=\"av-masonry-text-sep text-sep-author\">\/<\/span><span class='av-masonry-author meta-color vcard author'><span class='fn'>by <\/span><\/span><\/div><\/div><\/figcaption><\/figure><\/a><!--end av-masonry entry--><a href=\"https:\/\/casa.oaxaca.gob.mx\/?p=16150\" id='av-masonry-1-item-16150' data-av-masonry-item='16150' class='av-masonry-entry isotope-item post-16150 post type-post status-publish format-standard has-post-thumbnail hentry category-204 all_sort 2025_sort  av-masonry-item-with-image' title=\"Taller presencial. Entretejidos: Elaboraci\u00f3n de un Canasto. Imparte: Irma M\u00e9ndez M\u00e9ndez.\"  itemscope=\"itemscope\" itemtype=\"https:\/\/schema.org\/CreativeWork\" ><div class='av-inner-masonry-sizer'><\/div><figure class='av-inner-masonry main_color'><div class=\"av-masonry-outerimage-container\"><div class=\"av-masonry-image-container\" style=\"background-image: url(https:\/\/casa.oaxaca.gob.mx\/wp-content\/uploads\/2025\/06\/c-entretejidos-705x484.jpg);\"><img decoding=\"async\" src=\"https:\/\/casa.oaxaca.gob.mx\/wp-content\/uploads\/2025\/06\/c-entretejidos-705x484.jpg\" title=\"c-entretejidos\" alt=\"\" \/><\/div><\/div><figcaption class='av-inner-masonry-content site-background'><div class='av-inner-masonry-content-pos'><div class='av-inner-masonry-content-pos-content'><div class='avia-arrow'><\/div><h3 class='av-masonry-entry-title entry-title'  itemprop=\"headline\" >Taller presencial. Entretejidos: Elaboraci\u00f3n de un Canasto. Imparte: Irma M\u00e9ndez M\u00e9ndez.<\/h3><span class='av-masonry-date meta-color updated'><\/span><span class=\"av-masonry-text-sep text-sep-author\">\/<\/span><span class='av-masonry-author meta-color vcard author'><span class='fn'>by <\/span><\/span><\/div><\/div><\/figcaption><\/figure><\/a><!--end av-masonry entry--><a href=\"https:\/\/casa.oaxaca.gob.mx\/?p=16139\" id='av-masonry-1-item-16139' data-av-masonry-item='16139' class='av-masonry-entry isotope-item post-16139 post type-post status-publish format-standard has-post-thumbnail hentry category-204 all_sort 2025_sort  av-masonry-item-with-image' title=\"Taller presencial. Gr\u00e1fica Experimental. Imparte: Virginia Ortega Sosa.\"  itemscope=\"itemscope\" itemtype=\"https:\/\/schema.org\/CreativeWork\" ><div class='av-inner-masonry-sizer'><\/div><figure class='av-inner-masonry main_color'><div class=\"av-masonry-outerimage-container\"><div class=\"av-masonry-image-container\" style=\"background-image: url(https:\/\/casa.oaxaca.gob.mx\/wp-content\/uploads\/2025\/06\/c-grafica-experimental-705x484.jpg);\"><img decoding=\"async\" src=\"https:\/\/casa.oaxaca.gob.mx\/wp-content\/uploads\/2025\/06\/c-grafica-experimental-705x484.jpg\" title=\"c-grafica-experimental\" alt=\"\" \/><\/div><\/div><figcaption class='av-inner-masonry-content site-background'><div class='av-inner-masonry-content-pos'><div class='av-inner-masonry-content-pos-content'><div class='avia-arrow'><\/div><h3 class='av-masonry-entry-title entry-title'  itemprop=\"headline\" >Taller presencial. Gr\u00e1fica Experimental. Imparte: Virginia Ortega Sosa.<\/h3><span class='av-masonry-date meta-color updated'><\/span><span class=\"av-masonry-text-sep text-sep-author\">\/<\/span><span class='av-masonry-author meta-color vcard author'><span class='fn'>by <\/span><\/span><\/div><\/div><\/figcaption><\/figure><\/a><!--end av-masonry entry--><a href=\"https:\/\/casa.oaxaca.gob.mx\/?p=16126\" id='av-masonry-1-item-16126' data-av-masonry-item='16126' class='av-masonry-entry isotope-item post-16126 post type-post status-publish format-standard has-post-thumbnail hentry category-204 all_sort 2025_sort  av-masonry-item-with-image' title=\"Taller presencial. Introducci\u00f3n a la Fotograf\u00eda Digital. Imparte: Jes\u00fas Ram\u00f3n Ortiz Ruiz.\"  itemscope=\"itemscope\" itemtype=\"https:\/\/schema.org\/CreativeWork\" ><div class='av-inner-masonry-sizer'><\/div><figure class='av-inner-masonry main_color'><div class=\"av-masonry-outerimage-container\"><div class=\"av-masonry-image-container\" style=\"background-image: url(https:\/\/casa.oaxaca.gob.mx\/wp-content\/uploads\/2025\/06\/c-intro-a-la-fotografia-digital-705x484.jpg);\"><img decoding=\"async\" src=\"https:\/\/casa.oaxaca.gob.mx\/wp-content\/uploads\/2025\/06\/c-intro-a-la-fotografia-digital-705x484.jpg\" title=\"c-intro-a-la-fotografia-digital\" alt=\"\" \/><\/div><\/div><figcaption class='av-inner-masonry-content site-background'><div class='av-inner-masonry-content-pos'><div class='av-inner-masonry-content-pos-content'><div class='avia-arrow'><\/div><h3 class='av-masonry-entry-title entry-title'  itemprop=\"headline\" >Taller presencial. Introducci\u00f3n a la Fotograf\u00eda Digital. Imparte: Jes\u00fas Ram\u00f3n Ortiz Ruiz.<\/h3><span class='av-masonry-date meta-color updated'><\/span><span class=\"av-masonry-text-sep text-sep-author\">\/<\/span><span class='av-masonry-author meta-color vcard author'><span class='fn'>by <\/span><\/span><\/div><\/div><\/figcaption><\/figure><\/a><!--end av-masonry entry--><a href=\"https:\/\/casa.oaxaca.gob.mx\/?p=16117\" id='av-masonry-1-item-16117' data-av-masonry-item='16117' class='av-masonry-entry isotope-item post-16117 post type-post status-publish format-standard has-post-thumbnail hentry category-204 all_sort 2025_sort  av-masonry-item-with-image' title=\"Taller presencial. Fotograf\u00eda creativa para los que empiezan. Imparte: Gabriela HJ.\"  itemscope=\"itemscope\" itemtype=\"https:\/\/schema.org\/CreativeWork\" ><div class='av-inner-masonry-sizer'><\/div><figure class='av-inner-masonry main_color'><div class=\"av-masonry-outerimage-container\"><div class=\"av-masonry-image-container\" style=\"background-image: url(https:\/\/casa.oaxaca.gob.mx\/wp-content\/uploads\/2025\/06\/c-fotografia-creativa-para-los-que-empiezan-705x484.jpg);\"><img decoding=\"async\" src=\"https:\/\/casa.oaxaca.gob.mx\/wp-content\/uploads\/2025\/06\/c-fotografia-creativa-para-los-que-empiezan-705x484.jpg\" title=\"c-fotografia-creativa-para-los-que-empiezan\" alt=\"\" \/><\/div><\/div><figcaption class='av-inner-masonry-content site-background'><div class='av-inner-masonry-content-pos'><div class='av-inner-masonry-content-pos-content'><div class='avia-arrow'><\/div><h3 class='av-masonry-entry-title entry-title'  itemprop=\"headline\" >Taller presencial. Fotograf\u00eda creativa para los que empiezan. Imparte: Gabriela HJ.<\/h3><span class='av-masonry-date meta-color updated'><\/span><span class=\"av-masonry-text-sep text-sep-author\">\/<\/span><span class='av-masonry-author meta-color vcard author'><span class='fn'>by <\/span><\/span><\/div><\/div><\/figcaption><\/figure><\/a><!--end av-masonry entry--><a href=\"https:\/\/casa.oaxaca.gob.mx\/?p=16112\" id='av-masonry-1-item-16112' data-av-masonry-item='16112' class='av-masonry-entry isotope-item post-16112 post type-post status-publish format-standard has-post-thumbnail hentry category-204 all_sort 2025_sort  av-masonry-item-with-image' title=\"Taller presencial. Dibujo al natural. Introducci\u00f3n al dibujo profesional de observaci\u00f3n al aire libre. Imparte: Victor Lucero.\"  itemscope=\"itemscope\" itemtype=\"https:\/\/schema.org\/CreativeWork\" ><div class='av-inner-masonry-sizer'><\/div><figure class='av-inner-masonry main_color'><div class=\"av-masonry-outerimage-container\"><div class=\"av-masonry-image-container\" style=\"background-image: url(https:\/\/casa.oaxaca.gob.mx\/wp-content\/uploads\/2025\/06\/c-Dibujodeobservacionalairelibre-705x484.jpg);\"><img decoding=\"async\" src=\"https:\/\/casa.oaxaca.gob.mx\/wp-content\/uploads\/2025\/06\/c-Dibujodeobservacionalairelibre-705x484.jpg\" title=\"c-Dibujodeobservacionalairelibre\" alt=\"\" \/><\/div><\/div><figcaption class='av-inner-masonry-content site-background'><div class='av-inner-masonry-content-pos'><div class='av-inner-masonry-content-pos-content'><div class='avia-arrow'><\/div><h3 class='av-masonry-entry-title entry-title'  itemprop=\"headline\" >Taller presencial. Dibujo al natural. Introducci\u00f3n al dibujo profesional de observaci\u00f3n al aire libre. Imparte: Victor Lucero.<\/h3><span class='av-masonry-date meta-color updated'><\/span><span class=\"av-masonry-text-sep text-sep-author\">\/<\/span><span class='av-masonry-author meta-color vcard author'><span class='fn'>by <\/span><\/span><\/div><\/div><\/figcaption><\/figure><\/a><!--end av-masonry entry--><a href=\"https:\/\/casa.oaxaca.gob.mx\/?p=16101\" id='av-masonry-1-item-16101' data-av-masonry-item='16101' class='av-masonry-entry isotope-item post-16101 post type-post status-publish format-standard has-post-thumbnail hentry category-204 all_sort 2025_sort  av-masonry-item-with-image' title=\"Taller presencial. Iniciaci\u00f3n en Filigrana Mexicana. Imparte: Jos\u00e9 Jorge Garc\u00eda.\"  itemscope=\"itemscope\" itemtype=\"https:\/\/schema.org\/CreativeWork\" ><div class='av-inner-masonry-sizer'><\/div><figure class='av-inner-masonry main_color'><div class=\"av-masonry-outerimage-container\"><div class=\"av-masonry-image-container\" style=\"background-image: url(https:\/\/casa.oaxaca.gob.mx\/wp-content\/uploads\/2025\/06\/C-INICIACION-FILIGRANA-705x484.jpg);\"><img decoding=\"async\" src=\"https:\/\/casa.oaxaca.gob.mx\/wp-content\/uploads\/2025\/06\/C-INICIACION-FILIGRANA-705x484.jpg\" title=\"C-INICIACION-FILIGRANA\" alt=\"\" \/><\/div><\/div><figcaption class='av-inner-masonry-content site-background'><div class='av-inner-masonry-content-pos'><div class='av-inner-masonry-content-pos-content'><div class='avia-arrow'><\/div><h3 class='av-masonry-entry-title entry-title'  itemprop=\"headline\" >Taller presencial. Iniciaci\u00f3n en Filigrana Mexicana. Imparte: Jos\u00e9 Jorge Garc\u00eda.<\/h3><span class='av-masonry-date meta-color updated'><\/span><span class=\"av-masonry-text-sep text-sep-author\">\/<\/span><span class='av-masonry-author meta-color vcard author'><span class='fn'>by <\/span><\/span><\/div><\/div><\/figcaption><\/figure><\/a><!--end av-masonry entry--><a href=\"https:\/\/casa.oaxaca.gob.mx\/?p=16103\" id='av-masonry-1-item-16103' data-av-masonry-item='16103' class='av-masonry-entry isotope-item post-16103 post type-post status-publish format-standard has-post-thumbnail hentry category-204 all_sort 2025_sort  av-masonry-item-with-image' title=\"Taller presencial. Fotograf\u00eda: composici\u00f3n y autorretrato. Imparte: M\u00f3nica McCumber.\"  itemscope=\"itemscope\" itemtype=\"https:\/\/schema.org\/CreativeWork\" ><div class='av-inner-masonry-sizer'><\/div><figure class='av-inner-masonry main_color'><div class=\"av-masonry-outerimage-container\"><div class=\"av-masonry-image-container\" style=\"background-image: url(https:\/\/casa.oaxaca.gob.mx\/wp-content\/uploads\/2025\/06\/c-Foto-fantasticaCollageyautorretrato-705x484.jpg);\"><img decoding=\"async\" src=\"https:\/\/casa.oaxaca.gob.mx\/wp-content\/uploads\/2025\/06\/c-Foto-fantasticaCollageyautorretrato-705x484.jpg\" title=\"c-Foto-fantasticaCollageyautorretrato\" alt=\"\" \/><\/div><\/div><figcaption class='av-inner-masonry-content site-background'><div class='av-inner-masonry-content-pos'><div class='av-inner-masonry-content-pos-content'><div class='avia-arrow'><\/div><h3 class='av-masonry-entry-title entry-title'  itemprop=\"headline\" >Taller presencial. Fotograf\u00eda: composici\u00f3n y autorretrato. Imparte: M\u00f3nica McCumber.<\/h3><span class='av-masonry-date meta-color updated'><\/span><span class=\"av-masonry-text-sep text-sep-author\">\/<\/span><span class='av-masonry-author meta-color vcard author'><span class='fn'>by <\/span><\/span><\/div><\/div><\/figcaption><\/figure><\/a><!--end av-masonry entry--><a href=\"https:\/\/casa.oaxaca.gob.mx\/?p=16083\" id='av-masonry-1-item-16083' data-av-masonry-item='16083' class='av-masonry-entry isotope-item post-16083 post type-post status-publish format-standard has-post-thumbnail hentry category-204 all_sort 2025_sort  av-masonry-item-with-image' title=\"Taller presencial. Grabado en j\u00edcara. Imparte: Jos\u00e9 Cruz S\u00e1nchez.\"  itemscope=\"itemscope\" itemtype=\"https:\/\/schema.org\/CreativeWork\" ><div class='av-inner-masonry-sizer'><\/div><figure class='av-inner-masonry main_color'><div class=\"av-masonry-outerimage-container\"><div class=\"av-masonry-image-container\" style=\"background-image: url(https:\/\/casa.oaxaca.gob.mx\/wp-content\/uploads\/2025\/06\/c-jicara-705x484.jpg);\"><img decoding=\"async\" src=\"https:\/\/casa.oaxaca.gob.mx\/wp-content\/uploads\/2025\/06\/c-jicara-705x484.jpg\" title=\"c-jicara\" alt=\"\" \/><\/div><\/div><figcaption class='av-inner-masonry-content site-background'><div class='av-inner-masonry-content-pos'><div class='av-inner-masonry-content-pos-content'><div class='avia-arrow'><\/div><h3 class='av-masonry-entry-title entry-title'  itemprop=\"headline\" >Taller presencial. Grabado en j\u00edcara. Imparte: Jos\u00e9 Cruz S\u00e1nchez.<\/h3><span class='av-masonry-date meta-color updated'><\/span><span class=\"av-masonry-text-sep text-sep-author\">\/<\/span><span class='av-masonry-author meta-color vcard author'><span class='fn'>by <\/span><\/span><\/div><\/div><\/figcaption><\/figure><\/a><!--end av-masonry entry--><a href=\"https:\/\/casa.oaxaca.gob.mx\/?p=16066\" id='av-masonry-1-item-16066' data-av-masonry-item='16066' class='av-masonry-entry isotope-item post-16066 post type-post status-publish format-standard has-post-thumbnail hentry category-204 category-convocatorias-pasadas all_sort 2025_sort  convocatorias-pasadas_sort  av-masonry-item-with-image' title=\"Programa de Residencias para Docentes en Artes\"  itemscope=\"itemscope\" itemtype=\"https:\/\/schema.org\/CreativeWork\" ><div class='av-inner-masonry-sizer'><\/div><figure class='av-inner-masonry main_color'><div class=\"av-masonry-outerimage-container\"><div class=\"av-masonry-image-container\" style=\"background-image: url(https:\/\/casa.oaxaca.gob.mx\/wp-content\/uploads\/2025\/06\/c-docencia-artes-705x484.jpg);\"><img decoding=\"async\" src=\"https:\/\/casa.oaxaca.gob.mx\/wp-content\/uploads\/2025\/06\/c-docencia-artes-705x484.jpg\" title=\"c-docencia-artes\" alt=\"\" \/><\/div><\/div><figcaption class='av-inner-masonry-content site-background'><div class='av-inner-masonry-content-pos'><div class='av-inner-masonry-content-pos-content'><div class='avia-arrow'><\/div><h3 class='av-masonry-entry-title entry-title'  itemprop=\"headline\" >Programa de Residencias para Docentes en Artes<\/h3><span class='av-masonry-date meta-color updated'><\/span><span class=\"av-masonry-text-sep text-sep-author\">\/<\/span><span class='av-masonry-author meta-color vcard author'><span class='fn'>by <\/span><\/span><\/div><\/div><\/figcaption><\/figure><\/a><!--end av-masonry entry--><a href=\"https:\/\/casa.oaxaca.gob.mx\/?p=16038\" id='av-masonry-1-item-16038' data-av-masonry-item='16038' class='av-masonry-entry isotope-item post-16038 post type-post status-publish format-standard has-post-thumbnail hentry category-204 all_sort 2025_sort  av-masonry-item-with-image' title=\"Taller presencial. Cuento, luego existo. Imparte: Isabel Cruz Daza.\"  itemscope=\"itemscope\" itemtype=\"https:\/\/schema.org\/CreativeWork\" ><div class='av-inner-masonry-sizer'><\/div><figure class='av-inner-masonry main_color'><div class=\"av-masonry-outerimage-container\"><div class=\"av-masonry-image-container\" style=\"background-image: url(https:\/\/casa.oaxaca.gob.mx\/wp-content\/uploads\/2025\/06\/C-CUENTO-705x484.jpg);\"><img decoding=\"async\" src=\"https:\/\/casa.oaxaca.gob.mx\/wp-content\/uploads\/2025\/06\/C-CUENTO-705x484.jpg\" title=\"C-CUENTO\" alt=\"\" \/><\/div><\/div><figcaption class='av-inner-masonry-content site-background'><div class='av-inner-masonry-content-pos'><div class='av-inner-masonry-content-pos-content'><div class='avia-arrow'><\/div><h3 class='av-masonry-entry-title entry-title'  itemprop=\"headline\" >Taller presencial. Cuento, luego existo. Imparte: Isabel Cruz Daza.<\/h3><span class='av-masonry-date meta-color updated'><\/span><span class=\"av-masonry-text-sep text-sep-author\">\/<\/span><span class='av-masonry-author meta-color vcard author'><span class='fn'>by <\/span><\/span><\/div><\/div><\/figcaption><\/figure><\/a><!--end av-masonry entry--><a href=\"https:\/\/casa.oaxaca.gob.mx\/?p=16024\" id='av-masonry-1-item-16024' data-av-masonry-item='16024' class='av-masonry-entry isotope-item post-16024 post type-post status-publish format-standard has-post-thumbnail hentry category-204 all_sort 2025_sort  av-masonry-item-with-image' title=\"Taller presencial. Visiones nocturnas. Manera negra con lija. Imparte: Marco Velasco.\"  itemscope=\"itemscope\" itemtype=\"https:\/\/schema.org\/CreativeWork\" ><div class='av-inner-masonry-sizer'><\/div><figure class='av-inner-masonry main_color'><div class=\"av-masonry-outerimage-container\"><div class=\"av-masonry-image-container\" style=\"background-image: url(https:\/\/casa.oaxaca.gob.mx\/wp-content\/uploads\/2025\/06\/C-VISIONES-NOCTURNASl-705x484.jpg);\"><img decoding=\"async\" src=\"https:\/\/casa.oaxaca.gob.mx\/wp-content\/uploads\/2025\/06\/C-VISIONES-NOCTURNASl-705x484.jpg\" title=\"C-VISIONES-NOCTURNASl\" alt=\"\" \/><\/div><\/div><figcaption class='av-inner-masonry-content site-background'><div class='av-inner-masonry-content-pos'><div class='av-inner-masonry-content-pos-content'><div class='avia-arrow'><\/div><h3 class='av-masonry-entry-title entry-title'  itemprop=\"headline\" >Taller presencial. Visiones nocturnas. Manera negra con lija. Imparte: Marco Velasco.<\/h3><span class='av-masonry-date meta-color updated'><\/span><span class=\"av-masonry-text-sep text-sep-author\">\/<\/span><span class='av-masonry-author meta-color vcard author'><span class='fn'>by <\/span><\/span><\/div><\/div><\/figcaption><\/figure><\/a><!--end av-masonry entry--><a href=\"https:\/\/casa.oaxaca.gob.mx\/?p=16015\" id='av-masonry-1-item-16015' data-av-masonry-item='16015' class='av-masonry-entry isotope-item post-16015 post type-post status-publish format-standard has-post-thumbnail hentry category-204 all_sort 2025_sort  av-masonry-item-with-image' title=\"Taller presencial. Iluminaci\u00f3n de fotograf\u00eda. Imparte: Alan Chalpa.\"  itemscope=\"itemscope\" itemtype=\"https:\/\/schema.org\/CreativeWork\" ><div class='av-inner-masonry-sizer'><\/div><figure class='av-inner-masonry main_color'><div class=\"av-masonry-outerimage-container\"><div class=\"av-masonry-image-container\" style=\"background-image: url(https:\/\/casa.oaxaca.gob.mx\/wp-content\/uploads\/2025\/06\/c-iluminacion-a-la-foto--705x484.jpg);\"><img decoding=\"async\" src=\"https:\/\/casa.oaxaca.gob.mx\/wp-content\/uploads\/2025\/06\/c-iluminacion-a-la-foto--705x484.jpg\" title=\"c-iluminacion-a-la-foto-\" alt=\"\" \/><\/div><\/div><figcaption class='av-inner-masonry-content site-background'><div class='av-inner-masonry-content-pos'><div class='av-inner-masonry-content-pos-content'><div class='avia-arrow'><\/div><h3 class='av-masonry-entry-title entry-title'  itemprop=\"headline\" >Taller presencial. Iluminaci\u00f3n de fotograf\u00eda. Imparte: Alan Chalpa.<\/h3><span class='av-masonry-date meta-color updated'><\/span><span class=\"av-masonry-text-sep text-sep-author\">\/<\/span><span class='av-masonry-author meta-color vcard author'><span class='fn'>by <\/span><\/span><\/div><\/div><\/figcaption><\/figure><\/a><!--end av-masonry entry--><a href=\"https:\/\/casa.oaxaca.gob.mx\/?p=16002\" id='av-masonry-1-item-16002' data-av-masonry-item='16002' class='av-masonry-entry isotope-item post-16002 post type-post status-publish format-standard has-post-thumbnail hentry category-204 all_sort 2025_sort  av-masonry-item-with-image' title=\"Taller presencial. Contar historias desde la fotograf\u00eda documental. Imparte: Judith Romero.\"  itemscope=\"itemscope\" itemtype=\"https:\/\/schema.org\/CreativeWork\" ><div class='av-inner-masonry-sizer'><\/div><figure class='av-inner-masonry main_color'><div class=\"av-masonry-outerimage-container\"><div class=\"av-masonry-image-container\" style=\"background-image: url(https:\/\/casa.oaxaca.gob.mx\/wp-content\/uploads\/2025\/06\/c-Contar-historias-desde-la-fotografia-documental-705x484.jpg);\"><img decoding=\"async\" src=\"https:\/\/casa.oaxaca.gob.mx\/wp-content\/uploads\/2025\/06\/c-Contar-historias-desde-la-fotografia-documental-705x484.jpg\" title=\"c-Contar&#8211;historias-desde-la&#8211;fotograf\u00eda-documental\" alt=\"\" \/><\/div><\/div><figcaption class='av-inner-masonry-content site-background'><div class='av-inner-masonry-content-pos'><div class='av-inner-masonry-content-pos-content'><div class='avia-arrow'><\/div><h3 class='av-masonry-entry-title entry-title'  itemprop=\"headline\" >Taller presencial. Contar historias desde la fotograf\u00eda documental. Imparte: Judith Romero.<\/h3><span class='av-masonry-date meta-color updated'><\/span><span class=\"av-masonry-text-sep text-sep-author\">\/<\/span><span class='av-masonry-author meta-color vcard author'><span class='fn'>by <\/span><\/span><\/div><\/div><\/figcaption><\/figure><\/a><!--end av-masonry entry--><a href=\"https:\/\/casa.oaxaca.gob.mx\/?p=15994\" id='av-masonry-1-item-15994' data-av-masonry-item='15994' class='av-masonry-entry isotope-item post-15994 post type-post status-publish format-standard has-post-thumbnail hentry category-204 all_sort 2025_sort  av-masonry-item-with-image' title=\"Taller presencial. Formaci\u00f3n de impresores de fotograf\u00edas tradicional blanco y negro con reveladores ecol\u00f3gicos. Imparte: Lorena Alcaraz.\"  itemscope=\"itemscope\" itemtype=\"https:\/\/schema.org\/CreativeWork\" ><div class='av-inner-masonry-sizer'><\/div><figure class='av-inner-masonry main_color'><div class=\"av-masonry-outerimage-container\"><div class=\"av-masonry-image-container\" style=\"background-image: url(https:\/\/casa.oaxaca.gob.mx\/wp-content\/uploads\/2025\/06\/c-formacion-de-impresores-705x484.jpg);\"><img decoding=\"async\" src=\"https:\/\/casa.oaxaca.gob.mx\/wp-content\/uploads\/2025\/06\/c-formacion-de-impresores-705x484.jpg\" title=\"c-formacion-de-impresores\" alt=\"\" \/><\/div><\/div><figcaption class='av-inner-masonry-content site-background'><div class='av-inner-masonry-content-pos'><div class='av-inner-masonry-content-pos-content'><div class='avia-arrow'><\/div><h3 class='av-masonry-entry-title entry-title'  itemprop=\"headline\" >Taller presencial. Formaci\u00f3n de impresores de fotograf\u00edas tradicional blanco y negro con reveladores ecol\u00f3gicos. Imparte: Lorena Alcaraz.<\/h3><span class='av-masonry-date meta-color updated'><\/span><span class=\"av-masonry-text-sep text-sep-author\">\/<\/span><span class='av-masonry-author meta-color vcard author'><span class='fn'>by <\/span><\/span><\/div><\/div><\/figcaption><\/figure><\/a><!--end av-masonry entry--><a href=\"https:\/\/casa.oaxaca.gob.mx\/?p=15982\" id='av-masonry-1-item-15982' data-av-masonry-item='15982' class='av-masonry-entry isotope-item post-15982 post type-post status-publish format-standard has-post-thumbnail hentry category-204 all_sort 2025_sort  av-masonry-item-with-image' title=\"Taller presencial. Exploraci\u00f3n Gr\u00e1fica Para Ni\u00f1os. Un acercamiento a las improntas y sellos caseros. Imparte: Celeste Santiago.\"  itemscope=\"itemscope\" itemtype=\"https:\/\/schema.org\/CreativeWork\" ><div class='av-inner-masonry-sizer'><\/div><figure class='av-inner-masonry main_color'><div class=\"av-masonry-outerimage-container\"><div class=\"av-masonry-image-container\" style=\"background-image: url(https:\/\/casa.oaxaca.gob.mx\/wp-content\/uploads\/2025\/06\/c-exploracion-705x484.jpg);\"><img decoding=\"async\" src=\"https:\/\/casa.oaxaca.gob.mx\/wp-content\/uploads\/2025\/06\/c-exploracion-705x484.jpg\" title=\"c-exploracion\" alt=\"\" \/><\/div><\/div><figcaption class='av-inner-masonry-content site-background'><div class='av-inner-masonry-content-pos'><div class='av-inner-masonry-content-pos-content'><div class='avia-arrow'><\/div><h3 class='av-masonry-entry-title entry-title'  itemprop=\"headline\" >Taller presencial. Exploraci\u00f3n Gr\u00e1fica Para Ni\u00f1os. Un acercamiento a las improntas y sellos caseros. Imparte: Celeste Santiago.<\/h3><span class='av-masonry-date meta-color updated'><\/span><span class=\"av-masonry-text-sep text-sep-author\">\/<\/span><span class='av-masonry-author meta-color vcard author'><span class='fn'>by <\/span><\/span><\/div><\/div><\/figcaption><\/figure><\/a><!--end av-masonry entry--><a href=\"https:\/\/casa.oaxaca.gob.mx\/?p=15972\" id='av-masonry-1-item-15972' data-av-masonry-item='15972' class='av-masonry-entry isotope-item post-15972 post type-post status-publish format-standard has-post-thumbnail hentry category-204 all_sort 2025_sort  av-masonry-item-with-image' title=\"Taller presencial. Cester\u00eda Nudo mixteco. Imparte: Abel L\u00f3pez Diego.\"  itemscope=\"itemscope\" itemtype=\"https:\/\/schema.org\/CreativeWork\" ><div class='av-inner-masonry-sizer'><\/div><figure class='av-inner-masonry main_color'><div class=\"av-masonry-outerimage-container\"><div class=\"av-masonry-image-container\" style=\"background-image: url(https:\/\/casa.oaxaca.gob.mx\/wp-content\/uploads\/2025\/06\/c-nudo-mixteco-705x484.jpg);\"><img decoding=\"async\" src=\"https:\/\/casa.oaxaca.gob.mx\/wp-content\/uploads\/2025\/06\/c-nudo-mixteco-705x484.jpg\" title=\"c-nudo-mixteco\" alt=\"\" \/><\/div><\/div><figcaption class='av-inner-masonry-content site-background'><div class='av-inner-masonry-content-pos'><div class='av-inner-masonry-content-pos-content'><div class='avia-arrow'><\/div><h3 class='av-masonry-entry-title entry-title'  itemprop=\"headline\" >Taller presencial. Cester\u00eda Nudo mixteco. Imparte: Abel L\u00f3pez Diego.<\/h3><span class='av-masonry-date meta-color updated'><\/span><span class=\"av-masonry-text-sep text-sep-author\">\/<\/span><span class='av-masonry-author meta-color vcard author'><span class='fn'>by <\/span><\/span><\/div><\/div><\/figcaption><\/figure><\/a><!--end av-masonry entry--><a href=\"https:\/\/casa.oaxaca.gob.mx\/?p=15966\" id='av-masonry-1-item-15966' data-av-masonry-item='15966' class='av-masonry-entry isotope-item post-15966 post type-post status-publish format-standard has-post-thumbnail hentry category-204 all_sort 2025_sort  av-masonry-item-with-image' title=\"Taller presencial. Corta, entinta e imprime &#8211; Iniciaci\u00f3n al grabado en lin\u00f3leo. Imparte: Jonathan Reyes L\u00f3pez.\"  itemscope=\"itemscope\" itemtype=\"https:\/\/schema.org\/CreativeWork\" ><div class='av-inner-masonry-sizer'><\/div><figure class='av-inner-masonry main_color'><div class=\"av-masonry-outerimage-container\"><div class=\"av-masonry-image-container\" style=\"background-image: url(https:\/\/casa.oaxaca.gob.mx\/wp-content\/uploads\/2025\/06\/c-Linoleo-705x484.jpg);\"><img decoding=\"async\" src=\"https:\/\/casa.oaxaca.gob.mx\/wp-content\/uploads\/2025\/06\/c-Linoleo-705x484.jpg\" title=\"c-Linoleo\" alt=\"\" \/><\/div><\/div><figcaption class='av-inner-masonry-content site-background'><div class='av-inner-masonry-content-pos'><div class='av-inner-masonry-content-pos-content'><div class='avia-arrow'><\/div><h3 class='av-masonry-entry-title entry-title'  itemprop=\"headline\" >Taller presencial. Corta, entinta e imprime &#8211; Iniciaci\u00f3n al grabado en lin\u00f3leo. Imparte: Jonathan Reyes L\u00f3pez.<\/h3><span class='av-masonry-date meta-color updated'><\/span><span class=\"av-masonry-text-sep text-sep-author\">\/<\/span><span class='av-masonry-author meta-color vcard author'><span class='fn'>by <\/span><\/span><\/div><\/div><\/figcaption><\/figure><\/a><!--end av-masonry entry--><a href=\"https:\/\/casa.oaxaca.gob.mx\/?p=15959\" id='av-masonry-1-item-15959' data-av-masonry-item='15959' class='av-masonry-entry isotope-item post-15959 post type-post status-publish format-standard has-post-thumbnail hentry category-204 all_sort 2025_sort  av-masonry-item-with-image' title=\"Taller presencial. B\u00e1sico de Taku-hon. Imparte: Mercedes L\u00f3pez.\"  itemscope=\"itemscope\" itemtype=\"https:\/\/schema.org\/CreativeWork\" ><div class='av-inner-masonry-sizer'><\/div><figure class='av-inner-masonry main_color'><div class=\"av-masonry-outerimage-container\"><div class=\"av-masonry-image-container\" style=\"background-image: url(https:\/\/casa.oaxaca.gob.mx\/wp-content\/uploads\/2025\/06\/c-Takuhon-705x484.jpg);\"><img decoding=\"async\" src=\"https:\/\/casa.oaxaca.gob.mx\/wp-content\/uploads\/2025\/06\/c-Takuhon-705x484.jpg\" title=\"c-Takuhon\" alt=\"\" \/><\/div><\/div><figcaption class='av-inner-masonry-content site-background'><div class='av-inner-masonry-content-pos'><div class='av-inner-masonry-content-pos-content'><div class='avia-arrow'><\/div><h3 class='av-masonry-entry-title entry-title'  itemprop=\"headline\" >Taller presencial. B\u00e1sico de Taku-hon. Imparte: Mercedes L\u00f3pez.<\/h3><span class='av-masonry-date meta-color updated'><\/span><span class=\"av-masonry-text-sep text-sep-author\">\/<\/span><span class='av-masonry-author meta-color vcard author'><span class='fn'>by <\/span><\/span><\/div><\/div><\/figcaption><\/figure><\/a><!--end av-masonry entry--><a href=\"https:\/\/casa.oaxaca.gob.mx\/?p=15951\" id='av-masonry-1-item-15951' data-av-masonry-item='15951' class='av-masonry-entry isotope-item post-15951 post type-post status-publish format-standard has-post-thumbnail hentry category-204 all_sort 2025_sort  av-masonry-item-with-image' title=\"Taller presencial. Elaboraci\u00f3n de juguetes tradicionales con carrizo. Imparte: Tom\u00e1s Bernal.\"  itemscope=\"itemscope\" itemtype=\"https:\/\/schema.org\/CreativeWork\" ><div class='av-inner-masonry-sizer'><\/div><figure class='av-inner-masonry main_color'><div class=\"av-masonry-outerimage-container\"><div class=\"av-masonry-image-container\" style=\"background-image: url(https:\/\/casa.oaxaca.gob.mx\/wp-content\/uploads\/2025\/06\/c-carrizo-705x484.jpg);\"><img decoding=\"async\" src=\"https:\/\/casa.oaxaca.gob.mx\/wp-content\/uploads\/2025\/06\/c-carrizo-705x484.jpg\" title=\"c-carrizo\" alt=\"\" \/><\/div><\/div><figcaption class='av-inner-masonry-content site-background'><div class='av-inner-masonry-content-pos'><div class='av-inner-masonry-content-pos-content'><div class='avia-arrow'><\/div><h3 class='av-masonry-entry-title entry-title'  itemprop=\"headline\" >Taller presencial. Elaboraci\u00f3n de juguetes tradicionales con carrizo. Imparte: Tom\u00e1s Bernal.<\/h3><span class='av-masonry-date meta-color updated'><\/span><span class=\"av-masonry-text-sep text-sep-author\">\/<\/span><span class='av-masonry-author meta-color vcard author'><span class='fn'>by <\/span><\/span><\/div><\/div><\/figcaption><\/figure><\/a><!--end av-masonry entry--><a href=\"https:\/\/casa.oaxaca.gob.mx\/?p=15948\" id='av-masonry-1-item-15948' data-av-masonry-item='15948' class='av-masonry-entry isotope-item post-15948 post type-post status-publish format-standard has-post-thumbnail hentry category-204 all_sort 2025_sort  av-masonry-item-with-image' title=\"Taller presencial. Introducci\u00f3n a la Cinematograf\u00eda Documental. Imparte: Yaasib V\u00e1zquez Colmenares \u201cYaasib o Chaz\u201d.\"  itemscope=\"itemscope\" itemtype=\"https:\/\/schema.org\/CreativeWork\" ><div class='av-inner-masonry-sizer'><\/div><figure class='av-inner-masonry main_color'><div class=\"av-masonry-outerimage-container\"><div class=\"av-masonry-image-container\" style=\"background-image: url(https:\/\/casa.oaxaca.gob.mx\/wp-content\/uploads\/2025\/06\/C-CINEDOCUMENTAL-705x484.jpg);\"><img decoding=\"async\" src=\"https:\/\/casa.oaxaca.gob.mx\/wp-content\/uploads\/2025\/06\/C-CINEDOCUMENTAL-705x484.jpg\" title=\"C-CINEDOCUMENTAL\" alt=\"\" \/><\/div><\/div><figcaption class='av-inner-masonry-content site-background'><div class='av-inner-masonry-content-pos'><div class='av-inner-masonry-content-pos-content'><div class='avia-arrow'><\/div><h3 class='av-masonry-entry-title entry-title'  itemprop=\"headline\" >Taller presencial. Introducci\u00f3n a la Cinematograf\u00eda Documental. Imparte: Yaasib V\u00e1zquez Colmenares \u201cYaasib o Chaz\u201d.<\/h3><span class='av-masonry-date meta-color updated'><\/span><span class=\"av-masonry-text-sep text-sep-author\">\/<\/span><span class='av-masonry-author meta-color vcard author'><span class='fn'>by <\/span><\/span><\/div><\/div><\/figcaption><\/figure><\/a><!--end av-masonry entry--><a href=\"https:\/\/casa.oaxaca.gob.mx\/?p=15930\" id='av-masonry-1-item-15930' data-av-masonry-item='15930' class='av-masonry-entry isotope-item post-15930 post type-post status-publish format-standard has-post-thumbnail hentry category-204 all_sort 2025_sort  av-masonry-item-with-image' title=\"Taller presencial. Dibujo de observaci\u00f3n al aire libre. Imparte: Victor Lucero.\"  itemscope=\"itemscope\" itemtype=\"https:\/\/schema.org\/CreativeWork\" ><div class='av-inner-masonry-sizer'><\/div><figure class='av-inner-masonry main_color'><div class=\"av-masonry-outerimage-container\"><div class=\"av-masonry-image-container\" style=\"background-image: url(https:\/\/casa.oaxaca.gob.mx\/wp-content\/uploads\/2025\/06\/c-DIBUJO-DE-OBSERVACION-AL-AIRE-LIBRE--705x484.jpg);\"><img decoding=\"async\" src=\"https:\/\/casa.oaxaca.gob.mx\/wp-content\/uploads\/2025\/06\/c-DIBUJO-DE-OBSERVACION-AL-AIRE-LIBRE--705x484.jpg\" title=\"c-DIBUJO-DE-OBSERVACI\u00d3N-AL-AIRE-LIBRE&#8211;\" alt=\"\" \/><\/div><\/div><figcaption class='av-inner-masonry-content site-background'><div class='av-inner-masonry-content-pos'><div class='av-inner-masonry-content-pos-content'><div class='avia-arrow'><\/div><h3 class='av-masonry-entry-title entry-title'  itemprop=\"headline\" >Taller presencial. Dibujo de observaci\u00f3n al aire libre. Imparte: Victor Lucero.<\/h3><span class='av-masonry-date meta-color updated'><\/span><span class=\"av-masonry-text-sep text-sep-author\">\/<\/span><span class='av-masonry-author meta-color vcard author'><span class='fn'>by <\/span><\/span><\/div><\/div><\/figcaption><\/figure><\/a><!--end av-masonry entry--><a href=\"https:\/\/casa.oaxaca.gob.mx\/?p=15923\" id='av-masonry-1-item-15923' data-av-masonry-item='15923' class='av-masonry-entry isotope-item post-15923 post type-post status-publish format-standard has-post-thumbnail hentry category-204 all_sort 2025_sort  av-masonry-item-with-image' title=\"Taller presencial. Fotograf\u00eda fant\u00e1stica: composici\u00f3n y autorretrato. Imparte: M\u00f3nica McCumber.\"  itemscope=\"itemscope\" itemtype=\"https:\/\/schema.org\/CreativeWork\" ><div class='av-inner-masonry-sizer'><\/div><figure class='av-inner-masonry main_color'><div class=\"av-masonry-outerimage-container\"><div class=\"av-masonry-image-container\" style=\"background-image: url(https:\/\/casa.oaxaca.gob.mx\/wp-content\/uploads\/2025\/06\/c-ff-705x484.jpg);\"><img decoding=\"async\" src=\"https:\/\/casa.oaxaca.gob.mx\/wp-content\/uploads\/2025\/06\/c-ff-705x484.jpg\" title=\"c-ff\" alt=\"\" \/><\/div><\/div><figcaption class='av-inner-masonry-content site-background'><div class='av-inner-masonry-content-pos'><div class='av-inner-masonry-content-pos-content'><div class='avia-arrow'><\/div><h3 class='av-masonry-entry-title entry-title'  itemprop=\"headline\" >Taller presencial. Fotograf\u00eda fant\u00e1stica: composici\u00f3n y autorretrato. Imparte: M\u00f3nica McCumber.<\/h3><span class='av-masonry-date meta-color updated'><\/span><span class=\"av-masonry-text-sep text-sep-author\">\/<\/span><span class='av-masonry-author meta-color vcard author'><span class='fn'>by <\/span><\/span><\/div><\/div><\/figcaption><\/figure><\/a><!--end av-masonry entry--><a href=\"https:\/\/casa.oaxaca.gob.mx\/?p=15912\" id='av-masonry-1-item-15912' data-av-masonry-item='15912' class='av-masonry-entry isotope-item post-15912 post type-post status-publish format-standard has-post-thumbnail hentry category-programa-de-desarrollo-de-arte-y-cultura-citibanamex all_sort programa-de-desarrollo-de-arte-y-cultura-citibanamex_sort  av-masonry-item-with-image' title=\"APLANADO DE LAS PAREDES EN LA FACHADA DEL CASA\"  itemscope=\"itemscope\" itemtype=\"https:\/\/schema.org\/CreativeWork\" ><div class='av-inner-masonry-sizer'><\/div><figure class='av-inner-masonry main_color'><div class=\"av-masonry-outerimage-container\"><div class=\"av-masonry-image-container\" style=\"background-image: url(https:\/\/casa.oaxaca.gob.mx\/wp-content\/uploads\/2025\/05\/BANAMEXMAYO2-564x705.jpg);\"><img decoding=\"async\" src=\"https:\/\/casa.oaxaca.gob.mx\/wp-content\/uploads\/2025\/05\/BANAMEXMAYO2-564x705.jpg\" title=\"BANAMEXMAYO2\" alt=\"\" \/><\/div><\/div><figcaption class='av-inner-masonry-content site-background'><div class='av-inner-masonry-content-pos'><div class='av-inner-masonry-content-pos-content'><div class='avia-arrow'><\/div><h3 class='av-masonry-entry-title entry-title'  itemprop=\"headline\" >APLANADO DE LAS PAREDES EN LA FACHADA DEL CASA<\/h3><span class='av-masonry-date meta-color updated'><\/span><span class=\"av-masonry-text-sep text-sep-author\">\/<\/span><span class='av-masonry-author meta-color vcard author'><span class='fn'>by <\/span><\/span><\/div><\/div><\/figcaption><\/figure><\/a><!--end av-masonry entry--><a href=\"https:\/\/casa.oaxaca.gob.mx\/?p=15903\" id='av-masonry-1-item-15903' data-av-masonry-item='15903' class='av-masonry-entry isotope-item post-15903 post type-post status-publish format-standard has-post-thumbnail hentry category-esposiciones-pasadas all_sort esposiciones-pasadas_sort  av-masonry-item-with-image' title=\"Exposici\u00f3n. Lu&#8217; Biaani: Francisco Toledo y la fotograf\u00eda\"  itemscope=\"itemscope\" itemtype=\"https:\/\/schema.org\/CreativeWork\" ><div class='av-inner-masonry-sizer'><\/div><figure class='av-inner-masonry main_color'><div class=\"av-masonry-outerimage-container\"><div class=\"av-masonry-image-container\" style=\"background-image: url(https:\/\/casa.oaxaca.gob.mx\/wp-content\/uploads\/2025\/05\/MINIATURAS-705x484.jpg);\"><img decoding=\"async\" src=\"https:\/\/casa.oaxaca.gob.mx\/wp-content\/uploads\/2025\/05\/MINIATURAS-705x484.jpg\" title=\"MINIATURAS\" alt=\"\" \/><\/div><\/div><figcaption class='av-inner-masonry-content site-background'><div class='av-inner-masonry-content-pos'><div class='av-inner-masonry-content-pos-content'><div class='avia-arrow'><\/div><h3 class='av-masonry-entry-title entry-title'  itemprop=\"headline\" >Exposici\u00f3n. Lu&#8217; Biaani: Francisco Toledo y la fotograf\u00eda<\/h3><span class='av-masonry-date meta-color updated'><\/span><span class=\"av-masonry-text-sep text-sep-author\">\/<\/span><span class='av-masonry-author meta-color vcard author'><span class='fn'>by <\/span><\/span><\/div><\/div><\/figcaption><\/figure><\/a><!--end av-masonry entry--><a href=\"https:\/\/casa.oaxaca.gob.mx\/?p=15881\" id='av-masonry-1-item-15881' data-av-masonry-item='15881' class='av-masonry-entry isotope-item post-15881 post type-post status-publish format-standard has-post-thumbnail hentry category-204 category-convocatorias-pasadas all_sort 2025_sort  convocatorias-pasadas_sort  av-masonry-item-with-image' title=\"Programa de Residencias para Docentes en Artes. Segunda edici\u00f3n.\"  itemscope=\"itemscope\" itemtype=\"https:\/\/schema.org\/CreativeWork\" ><div class='av-inner-masonry-sizer'><\/div><figure class='av-inner-masonry main_color'><div class=\"av-masonry-outerimage-container\"><div class=\"av-masonry-image-container\" style=\"background-image: url(https:\/\/casa.oaxaca.gob.mx\/wp-content\/uploads\/2025\/05\/c-rediencias2-705x484.jpg);\"><img decoding=\"async\" src=\"https:\/\/casa.oaxaca.gob.mx\/wp-content\/uploads\/2025\/05\/c-rediencias2-705x484.jpg\" title=\"c-rediencias2\" alt=\"\" \/><\/div><\/div><figcaption class='av-inner-masonry-content site-background'><div class='av-inner-masonry-content-pos'><div class='av-inner-masonry-content-pos-content'><div class='avia-arrow'><\/div><h3 class='av-masonry-entry-title entry-title'  itemprop=\"headline\" >Programa de Residencias para Docentes en Artes. Segunda edici\u00f3n.<\/h3><span class='av-masonry-date meta-color updated'><\/span><span class=\"av-masonry-text-sep text-sep-author\">\/<\/span><span class='av-masonry-author meta-color vcard author'><span class='fn'>by <\/span><\/span><\/div><\/div><\/figcaption><\/figure><\/a><!--end av-masonry entry--><a href=\"https:\/\/casa.oaxaca.gob.mx\/?p=15861\" id='av-masonry-1-item-15861' data-av-masonry-item='15861' class='av-masonry-entry isotope-item post-15861 post type-post status-publish format-standard has-post-thumbnail hentry category-204 all_sort 2025_sort  av-masonry-item-with-image' title=\"Taller presencial. Creaci\u00f3n literaria en lenguas originarias. Imparte: Fernanda Lorenzo Ortiz.\"  itemscope=\"itemscope\" itemtype=\"https:\/\/schema.org\/CreativeWork\" ><div class='av-inner-masonry-sizer'><\/div><figure class='av-inner-masonry main_color'><div class=\"av-masonry-outerimage-container\"><div class=\"av-masonry-image-container\" style=\"background-image: url(https:\/\/casa.oaxaca.gob.mx\/wp-content\/uploads\/2025\/05\/C-CLO-705x484.jpg);\"><img decoding=\"async\" src=\"https:\/\/casa.oaxaca.gob.mx\/wp-content\/uploads\/2025\/05\/C-CLO-705x484.jpg\" title=\"C-CLO\" alt=\"\" \/><\/div><\/div><figcaption class='av-inner-masonry-content site-background'><div class='av-inner-masonry-content-pos'><div class='av-inner-masonry-content-pos-content'><div class='avia-arrow'><\/div><h3 class='av-masonry-entry-title entry-title'  itemprop=\"headline\" >Taller presencial. Creaci\u00f3n literaria en lenguas originarias. Imparte: Fernanda Lorenzo Ortiz.<\/h3><span class='av-masonry-date meta-color updated'><\/span><span class=\"av-masonry-text-sep text-sep-author\">\/<\/span><span class='av-masonry-author meta-color vcard author'><span class='fn'>by <\/span><\/span><\/div><\/div><\/figcaption><\/figure><\/a><!--end av-masonry entry--><a href=\"https:\/\/casa.oaxaca.gob.mx\/?p=15852\" id='av-masonry-1-item-15852' data-av-masonry-item='15852' class='av-masonry-entry isotope-item post-15852 post type-post status-publish format-standard has-post-thumbnail hentry category-204 all_sort 2025_sort  av-masonry-item-with-image' title=\"Taller presencial. &#8220;Historias Compartidas&#8221; Elaboraci\u00f3n de proyectos documentales de retrato colaborativo. Imparte: Eva Alicia L\u00e9piz Rom\u00e1n.\"  itemscope=\"itemscope\" itemtype=\"https:\/\/schema.org\/CreativeWork\" ><div class='av-inner-masonry-sizer'><\/div><figure class='av-inner-masonry main_color'><div class=\"av-masonry-outerimage-container\"><div class=\"av-masonry-image-container\" style=\"background-image: url(https:\/\/casa.oaxaca.gob.mx\/wp-content\/uploads\/2025\/05\/c-EvaLepiz-705x484.jpg);\"><img decoding=\"async\" src=\"https:\/\/casa.oaxaca.gob.mx\/wp-content\/uploads\/2025\/05\/c-EvaLepiz-705x484.jpg\" title=\"c-EvaLepiz\" alt=\"\" \/><\/div><\/div><figcaption class='av-inner-masonry-content site-background'><div class='av-inner-masonry-content-pos'><div class='av-inner-masonry-content-pos-content'><div class='avia-arrow'><\/div><h3 class='av-masonry-entry-title entry-title'  itemprop=\"headline\" >Taller presencial. &#8220;Historias Compartidas&#8221; Elaboraci\u00f3n de proyectos documentales de retrato colaborativo. Imparte: Eva Alicia L\u00e9piz Rom\u00e1n.<\/h3><span class='av-masonry-date meta-color updated'><\/span><span class=\"av-masonry-text-sep text-sep-author\">\/<\/span><span class='av-masonry-author meta-color vcard author'><span class='fn'>by <\/span><\/span><\/div><\/div><\/figcaption><\/figure><\/a><!--end av-masonry entry--><a href=\"https:\/\/casa.oaxaca.gob.mx\/?p=15838\" id='av-masonry-1-item-15838' data-av-masonry-item='15838' class='av-masonry-entry isotope-item post-15838 post type-post status-publish format-standard has-post-thumbnail hentry category-204 all_sort 2025_sort  av-masonry-item-with-image' title=\"Taller presencial. Fotograf\u00eda Creativa para los que empiezan. Imparte: Gabriela HJ\"  itemscope=\"itemscope\" itemtype=\"https:\/\/schema.org\/CreativeWork\" ><div class='av-inner-masonry-sizer'><\/div><figure class='av-inner-masonry main_color'><div class=\"av-masonry-outerimage-container\"><div class=\"av-masonry-image-container\" style=\"background-image: url(https:\/\/casa.oaxaca.gob.mx\/wp-content\/uploads\/2025\/05\/c-fotocreativa-705x484.jpg);\"><img decoding=\"async\" src=\"https:\/\/casa.oaxaca.gob.mx\/wp-content\/uploads\/2025\/05\/c-fotocreativa-705x484.jpg\" title=\"c-fotocreativa\" alt=\"\" \/><\/div><\/div><figcaption class='av-inner-masonry-content site-background'><div class='av-inner-masonry-content-pos'><div class='av-inner-masonry-content-pos-content'><div class='avia-arrow'><\/div><h3 class='av-masonry-entry-title entry-title'  itemprop=\"headline\" >Taller presencial. Fotograf\u00eda Creativa para los que empiezan. Imparte: Gabriela HJ<\/h3><span class='av-masonry-date meta-color updated'><\/span><span class=\"av-masonry-text-sep text-sep-author\">\/<\/span><span class='av-masonry-author meta-color vcard author'><span class='fn'>by <\/span><\/span><\/div><\/div><\/figcaption><\/figure><\/a><!--end av-masonry entry--><a href=\"https:\/\/casa.oaxaca.gob.mx\/?p=15832\" id='av-masonry-1-item-15832' data-av-masonry-item='15832' class='av-masonry-entry isotope-item post-15832 post type-post status-publish format-standard has-post-thumbnail hentry category-204 all_sort 2025_sort  av-masonry-item-with-image' title=\"Taller presencial. Iniciaci\u00f3n a la punta seca. Imparte: Soledad V\u00e1zquez Balderas.\"  itemscope=\"itemscope\" itemtype=\"https:\/\/schema.org\/CreativeWork\" ><div class='av-inner-masonry-sizer'><\/div><figure class='av-inner-masonry main_color'><div class=\"av-masonry-outerimage-container\"><div class=\"av-masonry-image-container\" style=\"background-image: url(https:\/\/casa.oaxaca.gob.mx\/wp-content\/uploads\/2025\/05\/c-Puntaseca-705x484.jpg);\"><img decoding=\"async\" src=\"https:\/\/casa.oaxaca.gob.mx\/wp-content\/uploads\/2025\/05\/c-Puntaseca-705x484.jpg\" title=\"c-Puntaseca\" alt=\"\" \/><\/div><\/div><figcaption class='av-inner-masonry-content site-background'><div class='av-inner-masonry-content-pos'><div class='av-inner-masonry-content-pos-content'><div class='avia-arrow'><\/div><h3 class='av-masonry-entry-title entry-title'  itemprop=\"headline\" >Taller presencial. Iniciaci\u00f3n a la punta seca. Imparte: Soledad V\u00e1zquez Balderas.<\/h3><span class='av-masonry-date meta-color updated'><\/span><span class=\"av-masonry-text-sep text-sep-author\">\/<\/span><span class='av-masonry-author meta-color vcard author'><span class='fn'>by <\/span><\/span><\/div><\/div><\/figcaption><\/figure><\/a><!--end av-masonry entry--><a href=\"https:\/\/casa.oaxaca.gob.mx\/?p=15822\" id='av-masonry-1-item-15822' data-av-masonry-item='15822' class='av-masonry-entry isotope-item post-15822 post type-post status-publish format-standard has-post-thumbnail hentry category-204 all_sort 2025_sort  av-masonry-item-with-image' title=\"Taller presencial. Fotograf\u00eda an\u00e1loga ecol\u00f3gica. Imparte: Conrado L\u00f3pez Ruiz (Dito Traspi\u00e9).\"  itemscope=\"itemscope\" itemtype=\"https:\/\/schema.org\/CreativeWork\" ><div class='av-inner-masonry-sizer'><\/div><figure class='av-inner-masonry main_color'><div class=\"av-masonry-outerimage-container\"><div class=\"av-masonry-image-container\" style=\"background-image: url(https:\/\/casa.oaxaca.gob.mx\/wp-content\/uploads\/2025\/05\/c-conrrado-705x484.jpg);\"><img decoding=\"async\" src=\"https:\/\/casa.oaxaca.gob.mx\/wp-content\/uploads\/2025\/05\/c-conrrado-705x484.jpg\" title=\"c-conrrado\" alt=\"\" \/><\/div><\/div><figcaption class='av-inner-masonry-content site-background'><div class='av-inner-masonry-content-pos'><div class='av-inner-masonry-content-pos-content'><div class='avia-arrow'><\/div><h3 class='av-masonry-entry-title entry-title'  itemprop=\"headline\" >Taller presencial. Fotograf\u00eda an\u00e1loga ecol\u00f3gica. Imparte: Conrado L\u00f3pez Ruiz (Dito Traspi\u00e9).<\/h3><span class='av-masonry-date meta-color updated'><\/span><span class=\"av-masonry-text-sep text-sep-author\">\/<\/span><span class='av-masonry-author meta-color vcard author'><span class='fn'>by <\/span><\/span><\/div><\/div><\/figcaption><\/figure><\/a><!--end av-masonry entry--><a href=\"https:\/\/casa.oaxaca.gob.mx\/?p=15799\" id='av-masonry-1-item-15799' data-av-masonry-item='15799' class='av-masonry-entry isotope-item post-15799 post type-post status-publish format-standard has-post-thumbnail hentry category-204 all_sort 2025_sort  av-masonry-item-with-image' title=\"Taller presencial. Grabado en j\u00edcara. Imparte: Jos\u00e9 Cruz S\u00e1nchez.\"  itemscope=\"itemscope\" itemtype=\"https:\/\/schema.org\/CreativeWork\" ><div class='av-inner-masonry-sizer'><\/div><figure class='av-inner-masonry main_color'><div class=\"av-masonry-outerimage-container\"><div class=\"av-masonry-image-container\" style=\"background-image: url(https:\/\/casa.oaxaca.gob.mx\/wp-content\/uploads\/2025\/05\/c-jicara-705x484.jpg);\"><img decoding=\"async\" src=\"https:\/\/casa.oaxaca.gob.mx\/wp-content\/uploads\/2025\/05\/c-jicara-705x484.jpg\" title=\"c-jicara\" alt=\"\" \/><\/div><\/div><figcaption class='av-inner-masonry-content site-background'><div class='av-inner-masonry-content-pos'><div class='av-inner-masonry-content-pos-content'><div class='avia-arrow'><\/div><h3 class='av-masonry-entry-title entry-title'  itemprop=\"headline\" >Taller presencial. Grabado en j\u00edcara. Imparte: Jos\u00e9 Cruz S\u00e1nchez.<\/h3><span class='av-masonry-date meta-color updated'><\/span><span class=\"av-masonry-text-sep text-sep-author\">\/<\/span><span class='av-masonry-author meta-color vcard author'><span class='fn'>by <\/span><\/span><\/div><\/div><\/figcaption><\/figure><\/a><!--end av-masonry entry--><a href=\"https:\/\/casa.oaxaca.gob.mx\/?p=15790\" id='av-masonry-1-item-15790' data-av-masonry-item='15790' class='av-masonry-entry isotope-item post-15790 post type-post status-publish format-standard has-post-thumbnail hentry category-204 all_sort 2025_sort  av-masonry-item-with-image' title=\"Taller presencial. Aprende a usar tu c\u00e1mara. Imparte: Alan Chapa\"  itemscope=\"itemscope\" itemtype=\"https:\/\/schema.org\/CreativeWork\" ><div class='av-inner-masonry-sizer'><\/div><figure class='av-inner-masonry main_color'><div class=\"av-masonry-outerimage-container\"><div class=\"av-masonry-image-container\" style=\"background-image: url(https:\/\/casa.oaxaca.gob.mx\/wp-content\/uploads\/2025\/05\/c-alan-705x484.jpg);\"><img decoding=\"async\" src=\"https:\/\/casa.oaxaca.gob.mx\/wp-content\/uploads\/2025\/05\/c-alan-705x484.jpg\" title=\"c-alan\" alt=\"\" \/><\/div><\/div><figcaption class='av-inner-masonry-content site-background'><div class='av-inner-masonry-content-pos'><div class='av-inner-masonry-content-pos-content'><div class='avia-arrow'><\/div><h3 class='av-masonry-entry-title entry-title'  itemprop=\"headline\" >Taller presencial. Aprende a usar tu c\u00e1mara. Imparte: Alan Chapa<\/h3><span class='av-masonry-date meta-color updated'><\/span><span class=\"av-masonry-text-sep text-sep-author\">\/<\/span><span class='av-masonry-author meta-color vcard author'><span class='fn'>by <\/span><\/span><\/div><\/div><\/figcaption><\/figure><\/a><!--end av-masonry entry--><a href=\"https:\/\/casa.oaxaca.gob.mx\/?p=15783\" id='av-masonry-1-item-15783' data-av-masonry-item='15783' class='av-masonry-entry isotope-item post-15783 post type-post status-publish format-standard has-post-thumbnail hentry category-204 all_sort 2025_sort  av-masonry-item-with-image' title=\"Taller presencial. Narrativa visual a trav\u00e9s de los fotolibros: ejercicios de producci\u00f3n, edici\u00f3n y dise\u00f1o. Imparte: Judith Romero.\"  itemscope=\"itemscope\" itemtype=\"https:\/\/schema.org\/CreativeWork\" ><div class='av-inner-masonry-sizer'><\/div><figure class='av-inner-masonry main_color'><div class=\"av-masonry-outerimage-container\"><div class=\"av-masonry-image-container\" style=\"background-image: url(https:\/\/casa.oaxaca.gob.mx\/wp-content\/uploads\/2025\/05\/c-fotolibro-705x484.jpg);\"><img decoding=\"async\" src=\"https:\/\/casa.oaxaca.gob.mx\/wp-content\/uploads\/2025\/05\/c-fotolibro-705x484.jpg\" title=\"c-fotolibro\" alt=\"\" \/><\/div><\/div><figcaption class='av-inner-masonry-content site-background'><div class='av-inner-masonry-content-pos'><div class='av-inner-masonry-content-pos-content'><div class='avia-arrow'><\/div><h3 class='av-masonry-entry-title entry-title'  itemprop=\"headline\" >Taller presencial. Narrativa visual a trav\u00e9s de los fotolibros: ejercicios de producci\u00f3n, edici\u00f3n y dise\u00f1o. Imparte: Judith Romero.<\/h3><span class='av-masonry-date meta-color updated'><\/span><span class=\"av-masonry-text-sep text-sep-author\">\/<\/span><span class='av-masonry-author meta-color vcard author'><span class='fn'>by <\/span><\/span><\/div><\/div><\/figcaption><\/figure><\/a><!--end av-masonry entry--><a href=\"https:\/\/casa.oaxaca.gob.mx\/?p=15775\" id='av-masonry-1-item-15775' data-av-masonry-item='15775' class='av-masonry-entry isotope-item post-15775 post type-post status-publish format-standard has-post-thumbnail hentry category-204 all_sort 2025_sort  av-masonry-item-with-image' title=\"Taller presencial. Dibujo con punta de plata. Imparte: Francisco Quintanar\"  itemscope=\"itemscope\" itemtype=\"https:\/\/schema.org\/CreativeWork\" ><div class='av-inner-masonry-sizer'><\/div><figure class='av-inner-masonry main_color'><div class=\"av-masonry-outerimage-container\"><div class=\"av-masonry-image-container\" style=\"background-image: url(https:\/\/casa.oaxaca.gob.mx\/wp-content\/uploads\/2025\/05\/c-puntaplata-705x484.png);\"><img decoding=\"async\" src=\"https:\/\/casa.oaxaca.gob.mx\/wp-content\/uploads\/2025\/05\/c-puntaplata-705x484.png\" title=\"c-puntaplata\" alt=\"\" \/><\/div><\/div><figcaption class='av-inner-masonry-content site-background'><div class='av-inner-masonry-content-pos'><div class='av-inner-masonry-content-pos-content'><div class='avia-arrow'><\/div><h3 class='av-masonry-entry-title entry-title'  itemprop=\"headline\" >Taller presencial. Dibujo con punta de plata. Imparte: Francisco Quintanar<\/h3><span class='av-masonry-date meta-color updated'><\/span><span class=\"av-masonry-text-sep text-sep-author\">\/<\/span><span class='av-masonry-author meta-color vcard author'><span class='fn'>by <\/span><\/span><\/div><\/div><\/figcaption><\/figure><\/a><!--end av-masonry entry--><a href=\"https:\/\/casa.oaxaca.gob.mx\/?p=15768\" id='av-masonry-1-item-15768' data-av-masonry-item='15768' class='av-masonry-entry isotope-item post-15768 post type-post status-publish format-standard has-post-thumbnail hentry category-204 all_sort 2025_sort  av-masonry-item-with-image' title=\"Taller presencial. Este no soy yo, taller de monotipos Imparte: Marco Velasco.\"  itemscope=\"itemscope\" itemtype=\"https:\/\/schema.org\/CreativeWork\" ><div class='av-inner-masonry-sizer'><\/div><figure class='av-inner-masonry main_color'><div class=\"av-masonry-outerimage-container\"><div class=\"av-masonry-image-container\" style=\"background-image: url(https:\/\/casa.oaxaca.gob.mx\/wp-content\/uploads\/2025\/05\/c-estenosoyyo-705x484.jpg);\"><img decoding=\"async\" src=\"https:\/\/casa.oaxaca.gob.mx\/wp-content\/uploads\/2025\/05\/c-estenosoyyo-705x484.jpg\" title=\"c-estenosoyyo\" alt=\"\" \/><\/div><\/div><figcaption class='av-inner-masonry-content site-background'><div class='av-inner-masonry-content-pos'><div class='av-inner-masonry-content-pos-content'><div class='avia-arrow'><\/div><h3 class='av-masonry-entry-title entry-title'  itemprop=\"headline\" >Taller presencial. Este no soy yo, taller de monotipos Imparte: Marco Velasco.<\/h3><span class='av-masonry-date meta-color updated'><\/span><span class=\"av-masonry-text-sep text-sep-author\">\/<\/span><span class='av-masonry-author meta-color vcard author'><span class='fn'>by <\/span><\/span><\/div><\/div><\/figcaption><\/figure><\/a><!--end av-masonry entry--><a href=\"https:\/\/casa.oaxaca.gob.mx\/?p=15752\" id='av-masonry-1-item-15752' data-av-masonry-item='15752' class='av-masonry-entry isotope-item post-15752 post type-post status-publish format-standard has-post-thumbnail hentry category-204 all_sort 2025_sort  av-masonry-item-with-image' title=\"Taller presencial. Retrato fotogr\u00e1fico: M\u00e1s all\u00e1 del rostro. Imparte: Alejandro Cabrera.\"  itemscope=\"itemscope\" itemtype=\"https:\/\/schema.org\/CreativeWork\" ><div class='av-inner-masonry-sizer'><\/div><figure class='av-inner-masonry main_color'><div class=\"av-masonry-outerimage-container\"><div class=\"av-masonry-image-container\" style=\"background-image: url(https:\/\/casa.oaxaca.gob.mx\/wp-content\/uploads\/2025\/05\/c-retrato-705x484.jpg);\"><img decoding=\"async\" src=\"https:\/\/casa.oaxaca.gob.mx\/wp-content\/uploads\/2025\/05\/c-retrato-705x484.jpg\" title=\"c-retrato\" alt=\"\" \/><\/div><\/div><figcaption class='av-inner-masonry-content site-background'><div class='av-inner-masonry-content-pos'><div class='av-inner-masonry-content-pos-content'><div class='avia-arrow'><\/div><h3 class='av-masonry-entry-title entry-title'  itemprop=\"headline\" >Taller presencial. Retrato fotogr\u00e1fico: M\u00e1s all\u00e1 del rostro. Imparte: Alejandro Cabrera.<\/h3><span class='av-masonry-date meta-color updated'><\/span><span class=\"av-masonry-text-sep text-sep-author\">\/<\/span><span class='av-masonry-author meta-color vcard author'><span class='fn'>by <\/span><\/span><\/div><\/div><\/figcaption><\/figure><\/a><!--end av-masonry entry--><a href=\"https:\/\/casa.oaxaca.gob.mx\/?p=15737\" id='av-masonry-1-item-15737' data-av-masonry-item='15737' class='av-masonry-entry isotope-item post-15737 post type-post status-publish format-standard has-post-thumbnail hentry category-204 all_sort 2025_sort  av-masonry-item-with-image' title=\"Taller presencial. La imagen que habita. Imparte: Luvia Lazo.\"  itemscope=\"itemscope\" itemtype=\"https:\/\/schema.org\/CreativeWork\" ><div class='av-inner-masonry-sizer'><\/div><figure class='av-inner-masonry main_color'><div class=\"av-masonry-outerimage-container\"><div class=\"av-masonry-image-container\" style=\"background-image: url(https:\/\/casa.oaxaca.gob.mx\/wp-content\/uploads\/2025\/05\/c-laimagen-705x484.jpg);\"><img decoding=\"async\" src=\"https:\/\/casa.oaxaca.gob.mx\/wp-content\/uploads\/2025\/05\/c-laimagen-705x484.jpg\" title=\"c-laimagen\" alt=\"\" \/><\/div><\/div><figcaption class='av-inner-masonry-content site-background'><div class='av-inner-masonry-content-pos'><div class='av-inner-masonry-content-pos-content'><div class='avia-arrow'><\/div><h3 class='av-masonry-entry-title entry-title'  itemprop=\"headline\" >Taller presencial. La imagen que habita. Imparte: Luvia Lazo.<\/h3><span class='av-masonry-date meta-color updated'><\/span><span class=\"av-masonry-text-sep text-sep-author\">\/<\/span><span class='av-masonry-author meta-color vcard author'><span class='fn'>by <\/span><\/span><\/div><\/div><\/figcaption><\/figure><\/a><!--end av-masonry entry--><a href=\"https:\/\/casa.oaxaca.gob.mx\/?p=15728\" id='av-masonry-1-item-15728' data-av-masonry-item='15728' class='av-masonry-entry isotope-item post-15728 post type-post status-publish format-standard has-post-thumbnail hentry category-204 all_sort 2025_sort  av-masonry-item-with-image' title=\"Taller presencial. Entre puntos y palabras: taller de foto bordado. Imparte: Alejandra Hugues.\"  itemscope=\"itemscope\" itemtype=\"https:\/\/schema.org\/CreativeWork\" ><div class='av-inner-masonry-sizer'><\/div><figure class='av-inner-masonry main_color'><div class=\"av-masonry-outerimage-container\"><div class=\"av-masonry-image-container\" style=\"background-image: url(https:\/\/casa.oaxaca.gob.mx\/wp-content\/uploads\/2025\/05\/C-entrepuntos-705x484.jpg);\"><img decoding=\"async\" src=\"https:\/\/casa.oaxaca.gob.mx\/wp-content\/uploads\/2025\/05\/C-entrepuntos-705x484.jpg\" title=\"C-entrepuntos\" alt=\"\" \/><\/div><\/div><figcaption class='av-inner-masonry-content site-background'><div class='av-inner-masonry-content-pos'><div class='av-inner-masonry-content-pos-content'><div class='avia-arrow'><\/div><h3 class='av-masonry-entry-title entry-title'  itemprop=\"headline\" >Taller presencial. Entre puntos y palabras: taller de foto bordado. Imparte: Alejandra Hugues.<\/h3><span class='av-masonry-date meta-color updated'><\/span><span class=\"av-masonry-text-sep text-sep-author\">\/<\/span><span class='av-masonry-author meta-color vcard author'><span class='fn'>by <\/span><\/span><\/div><\/div><\/figcaption><\/figure><\/a><!--end av-masonry entry--><a href=\"https:\/\/casa.oaxaca.gob.mx\/?p=15635\" id='av-masonry-1-item-15635' data-av-masonry-item='15635' class='av-masonry-entry isotope-item post-15635 post type-post status-publish format-standard has-post-thumbnail hentry category-esposiciones-pasadas all_sort esposiciones-pasadas_sort  av-masonry-item-with-image' title=\"Exposici\u00f3n. Cyndie Belhumeur. Los cuerpos de las m\u00e1quinas espirituales.\"  itemscope=\"itemscope\" itemtype=\"https:\/\/schema.org\/CreativeWork\" ><div class='av-inner-masonry-sizer'><\/div><figure class='av-inner-masonry main_color'><div class=\"av-masonry-outerimage-container\"><div class=\"av-masonry-image-container\" style=\"background-image: url(https:\/\/casa.oaxaca.gob.mx\/wp-content\/uploads\/2025\/05\/RotIndcindy-1-100-564x705.jpg);\"><img decoding=\"async\" src=\"https:\/\/casa.oaxaca.gob.mx\/wp-content\/uploads\/2025\/05\/RotIndcindy-1-100-564x705.jpg\" title=\"RotIndcindy 1-100\" alt=\"\" \/><\/div><\/div><figcaption class='av-inner-masonry-content site-background'><div class='av-inner-masonry-content-pos'><div class='av-inner-masonry-content-pos-content'><div class='avia-arrow'><\/div><h3 class='av-masonry-entry-title entry-title'  itemprop=\"headline\" >Exposici\u00f3n. Cyndie Belhumeur. Los cuerpos de las m\u00e1quinas espirituales.<\/h3><span class='av-masonry-date meta-color updated'><\/span><span class=\"av-masonry-text-sep text-sep-author\">\/<\/span><span class='av-masonry-author meta-color vcard author'><span class='fn'>by <\/span><\/span><\/div><\/div><\/figcaption><\/figure><\/a><!--end av-masonry entry--><a href=\"https:\/\/casa.oaxaca.gob.mx\/?p=15624\" id='av-masonry-1-item-15624' data-av-masonry-item='15624' class='av-masonry-entry isotope-item post-15624 post type-post status-publish format-standard has-post-thumbnail hentry category-programa-de-desarrollo-de-arte-y-cultura-citibanamex all_sort programa-de-desarrollo-de-arte-y-cultura-citibanamex_sort  av-masonry-item-with-image' title=\"APLANADO DE LAS PAREDES EN LA FACHADA DEL CASA\"  itemscope=\"itemscope\" itemtype=\"https:\/\/schema.org\/CreativeWork\" ><div class='av-inner-masonry-sizer'><\/div><figure class='av-inner-masonry main_color'><div class=\"av-masonry-outerimage-container\"><div class=\"av-masonry-image-container\" style=\"background-image: url(https:\/\/casa.oaxaca.gob.mx\/wp-content\/uploads\/2025\/04\/BANAMEX4-564x705.jpg);\"><img decoding=\"async\" src=\"https:\/\/casa.oaxaca.gob.mx\/wp-content\/uploads\/2025\/04\/BANAMEX4-564x705.jpg\" title=\"BANAMEX4\" alt=\"\" \/><\/div><\/div><figcaption class='av-inner-masonry-content site-background'><div class='av-inner-masonry-content-pos'><div class='av-inner-masonry-content-pos-content'><div class='avia-arrow'><\/div><h3 class='av-masonry-entry-title entry-title'  itemprop=\"headline\" >APLANADO DE LAS PAREDES EN LA FACHADA DEL CASA<\/h3><span class='av-masonry-date meta-color updated'><\/span><span class=\"av-masonry-text-sep text-sep-author\">\/<\/span><span class='av-masonry-author meta-color vcard author'><span class='fn'>by <\/span><\/span><\/div><\/div><\/figcaption><\/figure><\/a><!--end av-masonry entry--><a href=\"https:\/\/casa.oaxaca.gob.mx\/?p=15609\" id='av-masonry-1-item-15609' data-av-masonry-item='15609' class='av-masonry-entry isotope-item post-15609 post type-post status-publish format-standard has-post-thumbnail hentry category-204 category-convocatorias-pasadas all_sort 2025_sort  convocatorias-pasadas_sort  av-masonry-item-with-image' title=\"Invent\u00edferos Peludos 2025\"  itemscope=\"itemscope\" itemtype=\"https:\/\/schema.org\/CreativeWork\" ><div class='av-inner-masonry-sizer'><\/div><figure class='av-inner-masonry main_color'><div class=\"av-masonry-outerimage-container\"><div class=\"av-masonry-image-container\" style=\"background-image: url(https:\/\/casa.oaxaca.gob.mx\/wp-content\/uploads\/2025\/04\/INVENTIFEROS-Web-cerrada-705x484.jpg);\"><img decoding=\"async\" src=\"https:\/\/casa.oaxaca.gob.mx\/wp-content\/uploads\/2025\/04\/INVENTIFEROS-Web-cerrada-705x484.jpg\" title=\"INVENTIFEROS-Web-cerrada\" alt=\"\" \/><\/div><\/div><figcaption class='av-inner-masonry-content site-background'><div class='av-inner-masonry-content-pos'><div class='av-inner-masonry-content-pos-content'><div class='avia-arrow'><\/div><h3 class='av-masonry-entry-title entry-title'  itemprop=\"headline\" >Invent\u00edferos Peludos 2025<\/h3><span class='av-masonry-date meta-color updated'><\/span><span class=\"av-masonry-text-sep text-sep-author\">\/<\/span><span class='av-masonry-author meta-color vcard author'><span class='fn'>by <\/span><\/span><\/div><\/div><\/figcaption><\/figure><\/a><!--end av-masonry entry--><a href=\"https:\/\/casa.oaxaca.gob.mx\/?p=15595\" id='av-masonry-1-item-15595' data-av-masonry-item='15595' class='av-masonry-entry isotope-item post-15595 post type-post status-publish format-standard has-post-thumbnail hentry category-204 category-convocatorias-pasadas all_sort 2025_sort  convocatorias-pasadas_sort  av-masonry-item-with-image' title=\"Programa de Residencias para Docentes en Artes\"  itemscope=\"itemscope\" itemtype=\"https:\/\/schema.org\/CreativeWork\" ><div class='av-inner-masonry-sizer'><\/div><figure class='av-inner-masonry main_color'><div class=\"av-masonry-outerimage-container\"><div class=\"av-masonry-image-container\" style=\"background-image: url(https:\/\/casa.oaxaca.gob.mx\/wp-content\/uploads\/2025\/04\/c-programaresidentes-705x484.jpg);\"><img decoding=\"async\" src=\"https:\/\/casa.oaxaca.gob.mx\/wp-content\/uploads\/2025\/04\/c-programaresidentes-705x484.jpg\" title=\"c-programaresidentes\" alt=\"\" \/><\/div><\/div><figcaption class='av-inner-masonry-content site-background'><div class='av-inner-masonry-content-pos'><div class='av-inner-masonry-content-pos-content'><div class='avia-arrow'><\/div><h3 class='av-masonry-entry-title entry-title'  itemprop=\"headline\" >Programa de Residencias para Docentes en Artes<\/h3><span class='av-masonry-date meta-color updated'><\/span><span class=\"av-masonry-text-sep text-sep-author\">\/<\/span><span class='av-masonry-author meta-color vcard author'><span class='fn'>by <\/span><\/span><\/div><\/div><\/figcaption><\/figure><\/a><!--end av-masonry entry--><a href=\"https:\/\/casa.oaxaca.gob.mx\/?p=15589\" id='av-masonry-1-item-15589' data-av-masonry-item='15589' class='av-masonry-entry isotope-item post-15589 post type-post status-publish format-standard has-post-thumbnail hentry category-204 all_sort 2025_sort  av-masonry-item-with-image' title=\"Taller presencial. Edici\u00f3n y dise\u00f1o. Imparte: Carlos Franco.\"  itemscope=\"itemscope\" itemtype=\"https:\/\/schema.org\/CreativeWork\" ><div class='av-inner-masonry-sizer'><\/div><figure class='av-inner-masonry main_color'><div class=\"av-masonry-outerimage-container\"><div class=\"av-masonry-image-container\" style=\"background-image: url(https:\/\/casa.oaxaca.gob.mx\/wp-content\/uploads\/2025\/04\/C-edicion-705x484.jpg);\"><img decoding=\"async\" src=\"https:\/\/casa.oaxaca.gob.mx\/wp-content\/uploads\/2025\/04\/C-edicion-705x484.jpg\" title=\"C-edicion\" alt=\"\" \/><\/div><\/div><figcaption class='av-inner-masonry-content site-background'><div class='av-inner-masonry-content-pos'><div class='av-inner-masonry-content-pos-content'><div class='avia-arrow'><\/div><h3 class='av-masonry-entry-title entry-title'  itemprop=\"headline\" >Taller presencial. Edici\u00f3n y dise\u00f1o. Imparte: Carlos Franco.<\/h3><span class='av-masonry-date meta-color updated'><\/span><span class=\"av-masonry-text-sep text-sep-author\">\/<\/span><span class='av-masonry-author meta-color vcard author'><span class='fn'>by <\/span><\/span><\/div><\/div><\/figcaption><\/figure><\/a><!--end av-masonry entry--><a href=\"https:\/\/casa.oaxaca.gob.mx\/?p=15581\" id='av-masonry-1-item-15581' data-av-masonry-item='15581' class='av-masonry-entry isotope-item post-15581 post type-post status-publish format-standard has-post-thumbnail hentry category-204 all_sort 2025_sort  av-masonry-item-with-image' title=\"Taller presencial. Est\u00e9tica e idea de las publicaciones de arte. Imparte: Tonatiuh Trejo.\"  itemscope=\"itemscope\" itemtype=\"https:\/\/schema.org\/CreativeWork\" ><div class='av-inner-masonry-sizer'><\/div><figure class='av-inner-masonry main_color'><div class=\"av-masonry-outerimage-container\"><div class=\"av-masonry-image-container\" style=\"background-image: url(https:\/\/casa.oaxaca.gob.mx\/wp-content\/uploads\/2025\/04\/C-Esteticaeideas-705x484.jpg);\"><img decoding=\"async\" src=\"https:\/\/casa.oaxaca.gob.mx\/wp-content\/uploads\/2025\/04\/C-Esteticaeideas-705x484.jpg\" title=\"C-Esteticaeideas\" alt=\"\" \/><\/div><\/div><figcaption class='av-inner-masonry-content site-background'><div class='av-inner-masonry-content-pos'><div class='av-inner-masonry-content-pos-content'><div class='avia-arrow'><\/div><h3 class='av-masonry-entry-title entry-title'  itemprop=\"headline\" >Taller presencial. Est\u00e9tica e idea de las publicaciones de arte. Imparte: Tonatiuh Trejo.<\/h3><span class='av-masonry-date meta-color updated'><\/span><span class=\"av-masonry-text-sep text-sep-author\">\/<\/span><span class='av-masonry-author meta-color vcard author'><span class='fn'>by <\/span><\/span><\/div><\/div><\/figcaption><\/figure><\/a><!--end av-masonry entry--><a href=\"https:\/\/casa.oaxaca.gob.mx\/?p=15573\" id='av-masonry-1-item-15573' data-av-masonry-item='15573' class='av-masonry-entry isotope-item post-15573 post type-post status-publish format-standard has-post-thumbnail hentry category-204 all_sort 2025_sort  av-masonry-item-with-image' title=\"Taller presencial. Creciendo un jard\u00edn de lana y naturaleza. Imparte: Abril Salgado.\"  itemscope=\"itemscope\" itemtype=\"https:\/\/schema.org\/CreativeWork\" ><div class='av-inner-masonry-sizer'><\/div><figure class='av-inner-masonry main_color'><div class=\"av-masonry-outerimage-container\"><div class=\"av-masonry-image-container\" style=\"background-image: url(https:\/\/casa.oaxaca.gob.mx\/wp-content\/uploads\/2025\/04\/c-jardinlana-705x484.jpg);\"><img decoding=\"async\" src=\"https:\/\/casa.oaxaca.gob.mx\/wp-content\/uploads\/2025\/04\/c-jardinlana-705x484.jpg\" title=\"c-jardinlana\" alt=\"\" \/><\/div><\/div><figcaption class='av-inner-masonry-content site-background'><div class='av-inner-masonry-content-pos'><div class='av-inner-masonry-content-pos-content'><div class='avia-arrow'><\/div><h3 class='av-masonry-entry-title entry-title'  itemprop=\"headline\" >Taller presencial. Creciendo un jard\u00edn de lana y naturaleza. Imparte: Abril Salgado.<\/h3><span class='av-masonry-date meta-color updated'><\/span><span class=\"av-masonry-text-sep text-sep-author\">\/<\/span><span class='av-masonry-author meta-color vcard author'><span class='fn'>by <\/span><\/span><\/div><\/div><\/figcaption><\/figure><\/a><!--end av-masonry entry--><a href=\"https:\/\/casa.oaxaca.gob.mx\/?p=15562\" id='av-masonry-1-item-15562' data-av-masonry-item='15562' class='av-masonry-entry isotope-item post-15562 post type-post status-publish format-standard has-post-thumbnail hentry category-204 all_sort 2025_sort  av-masonry-item-with-image' title=\"Taller presencial. IMPRESIONES. Imparte: Joan Laage, Makiko Tominaga y Eugenia Vargas.\"  itemscope=\"itemscope\" itemtype=\"https:\/\/schema.org\/CreativeWork\" ><div class='av-inner-masonry-sizer'><\/div><figure class='av-inner-masonry main_color'><div class=\"av-masonry-outerimage-container\"><div class=\"av-masonry-image-container\" style=\"background-image: url(https:\/\/casa.oaxaca.gob.mx\/wp-content\/uploads\/2025\/04\/IMG_4398-705x484.jpeg);\"><img decoding=\"async\" src=\"https:\/\/casa.oaxaca.gob.mx\/wp-content\/uploads\/2025\/04\/IMG_4398-705x484.jpeg\" title=\"IMG_4398\" alt=\"\" \/><\/div><\/div><figcaption class='av-inner-masonry-content site-background'><div class='av-inner-masonry-content-pos'><div class='av-inner-masonry-content-pos-content'><div class='avia-arrow'><\/div><h3 class='av-masonry-entry-title entry-title'  itemprop=\"headline\" >Taller presencial. IMPRESIONES. Imparte: Joan Laage, Makiko Tominaga y Eugenia Vargas.<\/h3><span class='av-masonry-date meta-color updated'><\/span><span class=\"av-masonry-text-sep text-sep-author\">\/<\/span><span class='av-masonry-author meta-color vcard author'><span class='fn'>by <\/span><\/span><\/div><\/div><\/figcaption><\/figure><\/a><!--end av-masonry entry--><a href=\"https:\/\/casa.oaxaca.gob.mx\/?p=15556\" id='av-masonry-1-item-15556' data-av-masonry-item='15556' class='av-masonry-entry isotope-item post-15556 post type-post status-publish format-standard has-post-thumbnail hentry category-204 all_sort 2025_sort  av-masonry-item-with-image' title=\"Taller presencial. Composici\u00f3n gr\u00e1fica y c\u00f3digos. Imparte: Santiago Sol\u00eds.\"  itemscope=\"itemscope\" itemtype=\"https:\/\/schema.org\/CreativeWork\" ><div class='av-inner-masonry-sizer'><\/div><figure class='av-inner-masonry main_color'><div class=\"av-masonry-outerimage-container\"><div class=\"av-masonry-image-container\" style=\"background-image: url(https:\/\/casa.oaxaca.gob.mx\/wp-content\/uploads\/2025\/04\/IMG_4400-705x484.jpeg);\"><img decoding=\"async\" src=\"https:\/\/casa.oaxaca.gob.mx\/wp-content\/uploads\/2025\/04\/IMG_4400-705x484.jpeg\" title=\"IMG_4400\" alt=\"\" \/><\/div><\/div><figcaption class='av-inner-masonry-content site-background'><div class='av-inner-masonry-content-pos'><div class='av-inner-masonry-content-pos-content'><div class='avia-arrow'><\/div><h3 class='av-masonry-entry-title entry-title'  itemprop=\"headline\" >Taller presencial. Composici\u00f3n gr\u00e1fica y c\u00f3digos. Imparte: Santiago Sol\u00eds.<\/h3><span class='av-masonry-date meta-color updated'><\/span><span class=\"av-masonry-text-sep text-sep-author\">\/<\/span><span class='av-masonry-author meta-color vcard author'><span class='fn'>by <\/span><\/span><\/div><\/div><\/figcaption><\/figure><\/a><!--end av-masonry entry--><a href=\"https:\/\/casa.oaxaca.gob.mx\/?p=15548\" id='av-masonry-1-item-15548' data-av-masonry-item='15548' class='av-masonry-entry isotope-item post-15548 post type-post status-publish format-standard has-post-thumbnail hentry category-204 all_sort 2025_sort  av-masonry-item-with-image' title=\"Taller presencial. Manto mat\u00e9rico. Imparte: Blanca Z\u00fa\u00f1iga Alegr\u00eda.\"  itemscope=\"itemscope\" itemtype=\"https:\/\/schema.org\/CreativeWork\" ><div class='av-inner-masonry-sizer'><\/div><figure class='av-inner-masonry main_color'><div class=\"av-masonry-outerimage-container\"><div class=\"av-masonry-image-container\" style=\"background-image: url(https:\/\/casa.oaxaca.gob.mx\/wp-content\/uploads\/2025\/03\/c-manto-705x484.jpg);\"><img decoding=\"async\" src=\"https:\/\/casa.oaxaca.gob.mx\/wp-content\/uploads\/2025\/03\/c-manto-705x484.jpg\" title=\"c-manto\" alt=\"\" \/><\/div><\/div><figcaption class='av-inner-masonry-content site-background'><div class='av-inner-masonry-content-pos'><div class='av-inner-masonry-content-pos-content'><div class='avia-arrow'><\/div><h3 class='av-masonry-entry-title entry-title'  itemprop=\"headline\" >Taller presencial. Manto mat\u00e9rico. Imparte: Blanca Z\u00fa\u00f1iga Alegr\u00eda.<\/h3><span class='av-masonry-date meta-color updated'><\/span><span class=\"av-masonry-text-sep text-sep-author\">\/<\/span><span class='av-masonry-author meta-color vcard author'><span class='fn'>by <\/span><\/span><\/div><\/div><\/figcaption><\/figure><\/a><!--end av-masonry entry--><a href=\"https:\/\/casa.oaxaca.gob.mx\/?p=15542\" id='av-masonry-1-item-15542' data-av-masonry-item='15542' class='av-masonry-entry isotope-item post-15542 post type-post status-publish format-standard has-post-thumbnail hentry category-programa-de-desarrollo-de-arte-y-cultura-citibanamex all_sort programa-de-desarrollo-de-arte-y-cultura-citibanamex_sort  av-masonry-item-with-image' title=\"PINTURA EXTERIOR DEL CENTRO DE LAS ARTES DE SAN AGUST\u00cdN\"  itemscope=\"itemscope\" itemtype=\"https:\/\/schema.org\/CreativeWork\" ><div class='av-inner-masonry-sizer'><\/div><figure class='av-inner-masonry main_color'><div class=\"av-masonry-outerimage-container\"><div class=\"av-masonry-image-container\" style=\"background-image: url(https:\/\/casa.oaxaca.gob.mx\/wp-content\/uploads\/2025\/03\/BANAMEX4-564x705.jpg);\"><img decoding=\"async\" src=\"https:\/\/casa.oaxaca.gob.mx\/wp-content\/uploads\/2025\/03\/BANAMEX4-564x705.jpg\" title=\"BANAMEX4\" alt=\"\" \/><\/div><\/div><figcaption class='av-inner-masonry-content site-background'><div class='av-inner-masonry-content-pos'><div class='av-inner-masonry-content-pos-content'><div class='avia-arrow'><\/div><h3 class='av-masonry-entry-title entry-title'  itemprop=\"headline\" >PINTURA EXTERIOR DEL CENTRO DE LAS ARTES DE SAN AGUST\u00cdN<\/h3><span class='av-masonry-date meta-color updated'><\/span><span class=\"av-masonry-text-sep text-sep-author\">\/<\/span><span class='av-masonry-author meta-color vcard author'><span class='fn'>by <\/span><\/span><\/div><\/div><\/figcaption><\/figure><\/a><!--end av-masonry entry--><a href=\"https:\/\/casa.oaxaca.gob.mx\/?p=15529\" id='av-masonry-1-item-15529' data-av-masonry-item='15529' class='av-masonry-entry isotope-item post-15529 post type-post status-publish format-standard has-post-thumbnail hentry category-204 category-convocatorias-pasadas all_sort 2025_sort  convocatorias-pasadas_sort  av-masonry-item-with-image' title=\"FOTOGRAF\u00cdA EXPANDIDA: CALOR\"  itemscope=\"itemscope\" itemtype=\"https:\/\/schema.org\/CreativeWork\" ><div class='av-inner-masonry-sizer'><\/div><figure class='av-inner-masonry main_color'><div class=\"av-masonry-outerimage-container\"><div class=\"av-masonry-image-container\" style=\"background-image: url(https:\/\/casa.oaxaca.gob.mx\/wp-content\/uploads\/2025\/03\/C-Magnum1-705x484.jpg);\"><img decoding=\"async\" src=\"https:\/\/casa.oaxaca.gob.mx\/wp-content\/uploads\/2025\/03\/C-Magnum1-705x484.jpg\" title=\"C-Magnum1\" alt=\"\" \/><\/div><\/div><figcaption class='av-inner-masonry-content site-background'><div class='av-inner-masonry-content-pos'><div class='av-inner-masonry-content-pos-content'><div class='avia-arrow'><\/div><h3 class='av-masonry-entry-title entry-title'  itemprop=\"headline\" >FOTOGRAF\u00cdA EXPANDIDA: CALOR<\/h3><span class='av-masonry-date meta-color updated'><\/span><span class=\"av-masonry-text-sep text-sep-author\">\/<\/span><span class='av-masonry-author meta-color vcard author'><span class='fn'>by <\/span><\/span><\/div><\/div><\/figcaption><\/figure><\/a><!--end av-masonry entry--><a href=\"https:\/\/casa.oaxaca.gob.mx\/?p=15525\" id='av-masonry-1-item-15525' data-av-masonry-item='15525' class='av-masonry-entry isotope-item post-15525 post type-post status-publish format-standard has-post-thumbnail hentry category-204 all_sort 2025_sort  av-masonry-item-with-image' title=\"Taller presencial. Del archivo inmaterial a la ficci\u00f3n. Yza Nouiga.\"  itemscope=\"itemscope\" itemtype=\"https:\/\/schema.org\/CreativeWork\" ><div class='av-inner-masonry-sizer'><\/div><figure class='av-inner-masonry main_color'><div class=\"av-masonry-outerimage-container\"><div class=\"av-masonry-image-container\" style=\"background-image: url(https:\/\/casa.oaxaca.gob.mx\/wp-content\/uploads\/2025\/03\/C-Archivo-705x484.jpg);\"><img decoding=\"async\" src=\"https:\/\/casa.oaxaca.gob.mx\/wp-content\/uploads\/2025\/03\/C-Archivo-705x484.jpg\" title=\"C-Archivo\" alt=\"\" \/><\/div><\/div><figcaption class='av-inner-masonry-content site-background'><div class='av-inner-masonry-content-pos'><div class='av-inner-masonry-content-pos-content'><div class='avia-arrow'><\/div><h3 class='av-masonry-entry-title entry-title'  itemprop=\"headline\" >Taller presencial. Del archivo inmaterial a la ficci\u00f3n. Yza Nouiga.<\/h3><span class='av-masonry-date meta-color updated'><\/span><span class=\"av-masonry-text-sep text-sep-author\">\/<\/span><span class='av-masonry-author meta-color vcard author'><span class='fn'>by <\/span><\/span><\/div><\/div><\/figcaption><\/figure><\/a><!--end av-masonry entry--><a href=\"https:\/\/casa.oaxaca.gob.mx\/?p=15516\" id='av-masonry-1-item-15516' data-av-masonry-item='15516' class='av-masonry-entry isotope-item post-15516 post type-post status-publish format-standard has-post-thumbnail hentry category-204 all_sort 2025_sort  av-masonry-item-with-image' title=\"Taller presencial. Narrativa de la imagen. Imparte: Manuel Monrroy.\"  itemscope=\"itemscope\" itemtype=\"https:\/\/schema.org\/CreativeWork\" ><div class='av-inner-masonry-sizer'><\/div><figure class='av-inner-masonry main_color'><div class=\"av-masonry-outerimage-container\"><div class=\"av-masonry-image-container\" style=\"background-image: url(https:\/\/casa.oaxaca.gob.mx\/wp-content\/uploads\/2025\/03\/C-Narrativaeimagen-705x484.jpg);\"><img decoding=\"async\" src=\"https:\/\/casa.oaxaca.gob.mx\/wp-content\/uploads\/2025\/03\/C-Narrativaeimagen-705x484.jpg\" title=\"C-Narrativaeimagen\" alt=\"\" \/><\/div><\/div><figcaption class='av-inner-masonry-content site-background'><div class='av-inner-masonry-content-pos'><div class='av-inner-masonry-content-pos-content'><div class='avia-arrow'><\/div><h3 class='av-masonry-entry-title entry-title'  itemprop=\"headline\" >Taller presencial. Narrativa de la imagen. Imparte: Manuel Monrroy.<\/h3><span class='av-masonry-date meta-color updated'><\/span><span class=\"av-masonry-text-sep text-sep-author\">\/<\/span><span class='av-masonry-author meta-color vcard author'><span class='fn'>by <\/span><\/span><\/div><\/div><\/figcaption><\/figure><\/a><!--end av-masonry entry--><a href=\"https:\/\/casa.oaxaca.gob.mx\/?p=15490\" id='av-masonry-1-item-15490' data-av-masonry-item='15490' class='av-masonry-entry isotope-item post-15490 post type-post status-publish format-standard has-post-thumbnail hentry category-204 category-convocatorias-pasadas all_sort 2025_sort  convocatorias-pasadas_sort  av-masonry-item-with-image' title=\"PRIMERA EXPOSICI\u00d3N INDIVIDUAL: T\u00c9CNICAS HEREDADAS. EDICI\u00d3N TEXTIL\"  itemscope=\"itemscope\" itemtype=\"https:\/\/schema.org\/CreativeWork\" ><div class='av-inner-masonry-sizer'><\/div><figure class='av-inner-masonry main_color'><div class=\"av-masonry-outerimage-container\"><div class=\"av-masonry-image-container\" style=\"background-image: url(https:\/\/casa.oaxaca.gob.mx\/wp-content\/uploads\/2025\/03\/C-primera-expo-705x484.jpg);\"><img decoding=\"async\" src=\"https:\/\/casa.oaxaca.gob.mx\/wp-content\/uploads\/2025\/03\/C-primera-expo-705x484.jpg\" title=\"C-primera-expo\" alt=\"\" \/><\/div><\/div><figcaption class='av-inner-masonry-content site-background'><div class='av-inner-masonry-content-pos'><div class='av-inner-masonry-content-pos-content'><div class='avia-arrow'><\/div><h3 class='av-masonry-entry-title entry-title'  itemprop=\"headline\" >PRIMERA EXPOSICI\u00d3N INDIVIDUAL: T\u00c9CNICAS HEREDADAS. EDICI\u00d3N TEXTIL<\/h3><span class='av-masonry-date meta-color updated'><\/span><span class=\"av-masonry-text-sep text-sep-author\">\/<\/span><span class='av-masonry-author meta-color vcard author'><span class='fn'>by <\/span><\/span><\/div><\/div><\/figcaption><\/figure><\/a><!--end av-masonry entry--><a href=\"https:\/\/casa.oaxaca.gob.mx\/?p=15479\" id='av-masonry-1-item-15479' data-av-masonry-item='15479' class='av-masonry-entry isotope-item post-15479 post type-post status-publish format-standard has-post-thumbnail hentry category-programa-de-desarrollo-de-arte-y-cultura-citibanamex all_sort programa-de-desarrollo-de-arte-y-cultura-citibanamex_sort  av-masonry-item-with-image' title=\"MANTENIMIENTO A LA PINTURA EXTERIOR DEL CENTRO DE LAS ARTES DE SAN AGUST\u00cdN\"  itemscope=\"itemscope\" itemtype=\"https:\/\/schema.org\/CreativeWork\" ><div class='av-inner-masonry-sizer'><\/div><figure class='av-inner-masonry main_color'><div class=\"av-masonry-outerimage-container\"><div class=\"av-masonry-image-container\" style=\"background-image: url(https:\/\/casa.oaxaca.gob.mx\/wp-content\/uploads\/2025\/02\/Pintura1.1-564x705.jpg);\"><img decoding=\"async\" src=\"https:\/\/casa.oaxaca.gob.mx\/wp-content\/uploads\/2025\/02\/Pintura1.1-564x705.jpg\" title=\"Pintura1.1\" alt=\"\" \/><\/div><\/div><figcaption class='av-inner-masonry-content site-background'><div class='av-inner-masonry-content-pos'><div class='av-inner-masonry-content-pos-content'><div class='avia-arrow'><\/div><h3 class='av-masonry-entry-title entry-title'  itemprop=\"headline\" >MANTENIMIENTO A LA PINTURA EXTERIOR DEL CENTRO DE LAS ARTES DE SAN AGUST\u00cdN<\/h3><span class='av-masonry-date meta-color updated'><\/span><span class=\"av-masonry-text-sep text-sep-author\">\/<\/span><span class='av-masonry-author meta-color vcard author'><span class='fn'>by <\/span><\/span><\/div><\/div><\/figcaption><\/figure><\/a><!--end av-masonry entry--><a href=\"https:\/\/casa.oaxaca.gob.mx\/?p=15476\" id='av-masonry-1-item-15476' data-av-masonry-item='15476' class='av-masonry-entry isotope-item post-15476 post type-post status-publish format-standard has-post-thumbnail hentry category-204 all_sort 2025_sort  av-masonry-item-with-image' title=\"Taller presencial. Lenguaje de la ilustraci\u00f3n. Imparte: Armando Fonseca.\"  itemscope=\"itemscope\" itemtype=\"https:\/\/schema.org\/CreativeWork\" ><div class='av-inner-masonry-sizer'><\/div><figure class='av-inner-masonry main_color'><div class=\"av-masonry-outerimage-container\"><div class=\"av-masonry-image-container\" style=\"background-image: url(https:\/\/casa.oaxaca.gob.mx\/wp-content\/uploads\/2025\/02\/C-Lenguajedelailustracion-705x484.jpg);\"><img decoding=\"async\" src=\"https:\/\/casa.oaxaca.gob.mx\/wp-content\/uploads\/2025\/02\/C-Lenguajedelailustracion-705x484.jpg\" title=\"C-Lenguajedelailustracion\" alt=\"\" \/><\/div><\/div><figcaption class='av-inner-masonry-content site-background'><div class='av-inner-masonry-content-pos'><div class='av-inner-masonry-content-pos-content'><div class='avia-arrow'><\/div><h3 class='av-masonry-entry-title entry-title'  itemprop=\"headline\" >Taller presencial. Lenguaje de la ilustraci\u00f3n. Imparte: Armando Fonseca.<\/h3><span class='av-masonry-date meta-color updated'><\/span><span class=\"av-masonry-text-sep text-sep-author\">\/<\/span><span class='av-masonry-author meta-color vcard author'><span class='fn'>by <\/span><\/span><\/div><\/div><\/figcaption><\/figure><\/a><!--end av-masonry entry--><a href=\"https:\/\/casa.oaxaca.gob.mx\/?p=15469\" id='av-masonry-1-item-15469' data-av-masonry-item='15469' class='av-masonry-entry isotope-item post-15469 post type-post status-publish format-standard has-post-thumbnail hentry category-204 all_sort 2025_sort  av-masonry-item-with-image' title=\"Taller presencial. Laboratorio editorial de ilustraci\u00f3n: Arte y bot\u00e1nica de Oaxaca. Coordina: Andrea Fuentes.\"  itemscope=\"itemscope\" itemtype=\"https:\/\/schema.org\/CreativeWork\" ><div class='av-inner-masonry-sizer'><\/div><figure class='av-inner-masonry main_color'><div class=\"av-masonry-outerimage-container\"><div class=\"av-masonry-image-container\" style=\"background-image: url(https:\/\/casa.oaxaca.gob.mx\/wp-content\/uploads\/2025\/02\/C-libro-705x484.jpg);\"><img decoding=\"async\" src=\"https:\/\/casa.oaxaca.gob.mx\/wp-content\/uploads\/2025\/02\/C-libro-705x484.jpg\" title=\"C-libro\" alt=\"\" \/><\/div><\/div><figcaption class='av-inner-masonry-content site-background'><div class='av-inner-masonry-content-pos'><div class='av-inner-masonry-content-pos-content'><div class='avia-arrow'><\/div><h3 class='av-masonry-entry-title entry-title'  itemprop=\"headline\" >Taller presencial. Laboratorio editorial de ilustraci\u00f3n: Arte y bot\u00e1nica de Oaxaca. Coordina: Andrea Fuentes.<\/h3><span class='av-masonry-date meta-color updated'><\/span><span class=\"av-masonry-text-sep text-sep-author\">\/<\/span><span class='av-masonry-author meta-color vcard author'><span class='fn'>by <\/span><\/span><\/div><\/div><\/figcaption><\/figure><\/a><!--end av-masonry entry--><a href=\"https:\/\/casa.oaxaca.gob.mx\/?p=15459\" id='av-masonry-1-item-15459' data-av-masonry-item='15459' class='av-masonry-entry isotope-item post-15459 post type-post status-publish format-standard has-post-thumbnail hentry category-204 all_sort 2025_sort  av-masonry-item-with-image' title=\"Taller presencial. Collage. Fuera del papel. Soledad V\u00e1zquez Balderas.\"  itemscope=\"itemscope\" itemtype=\"https:\/\/schema.org\/CreativeWork\" ><div class='av-inner-masonry-sizer'><\/div><figure class='av-inner-masonry main_color'><div class=\"av-masonry-outerimage-container\"><div class=\"av-masonry-image-container\" style=\"background-image: url(https:\/\/casa.oaxaca.gob.mx\/wp-content\/uploads\/2025\/02\/IMG_4218-705x484.jpeg);\"><img decoding=\"async\" src=\"https:\/\/casa.oaxaca.gob.mx\/wp-content\/uploads\/2025\/02\/IMG_4218-705x484.jpeg\" title=\"IMG_4218\" alt=\"\" \/><\/div><\/div><figcaption class='av-inner-masonry-content site-background'><div class='av-inner-masonry-content-pos'><div class='av-inner-masonry-content-pos-content'><div class='avia-arrow'><\/div><h3 class='av-masonry-entry-title entry-title'  itemprop=\"headline\" >Taller presencial. Collage. Fuera del papel. Soledad V\u00e1zquez Balderas.<\/h3><span class='av-masonry-date meta-color updated'><\/span><span class=\"av-masonry-text-sep text-sep-author\">\/<\/span><span class='av-masonry-author meta-color vcard author'><span class='fn'>by <\/span><\/span><\/div><\/div><\/figcaption><\/figure><\/a><!--end av-masonry entry--><a href=\"https:\/\/casa.oaxaca.gob.mx\/?p=15384\" id='av-masonry-1-item-15384' data-av-masonry-item='15384' class='av-masonry-entry isotope-item post-15384 post type-post status-publish format-standard has-post-thumbnail hentry category-204 category-convocatorias-pasadas all_sort 2025_sort  convocatorias-pasadas_sort  av-masonry-item-with-image' title=\"PROGRAMA J\u00d3VENES CONSTRUYENDO EL FUTURO\"  itemscope=\"itemscope\" itemtype=\"https:\/\/schema.org\/CreativeWork\" ><div class='av-inner-masonry-sizer'><\/div><figure class='av-inner-masonry main_color'><div class=\"av-masonry-outerimage-container\"><div class=\"av-masonry-image-container\" style=\"background-image: url(https:\/\/casa.oaxaca.gob.mx\/wp-content\/uploads\/2025\/01\/C-JOVENES-705x484.jpg);\"><img decoding=\"async\" src=\"https:\/\/casa.oaxaca.gob.mx\/wp-content\/uploads\/2025\/01\/C-JOVENES-705x484.jpg\" title=\"C-JOVENES\" alt=\"\" \/><\/div><\/div><figcaption class='av-inner-masonry-content site-background'><div class='av-inner-masonry-content-pos'><div class='av-inner-masonry-content-pos-content'><div class='avia-arrow'><\/div><h3 class='av-masonry-entry-title entry-title'  itemprop=\"headline\" >PROGRAMA J\u00d3VENES CONSTRUYENDO EL FUTURO<\/h3><span class='av-masonry-date meta-color updated'><\/span><span class=\"av-masonry-text-sep text-sep-author\">\/<\/span><span class='av-masonry-author meta-color vcard author'><span class='fn'>by <\/span><\/span><\/div><\/div><\/figcaption><\/figure><\/a><!--end av-masonry entry--><a href=\"https:\/\/casa.oaxaca.gob.mx\/?p=15377\" id='av-masonry-1-item-15377' data-av-masonry-item='15377' class='av-masonry-entry isotope-item post-15377 post type-post status-publish format-standard has-post-thumbnail hentry category-programa-de-desarrollo-de-arte-y-cultura-citibanamex all_sort programa-de-desarrollo-de-arte-y-cultura-citibanamex_sort  av-masonry-item-with-image' title=\"RESTAURACI\u00d3N DE LAS PUERTAS DE MADERA Y CERRADURAS DEL CENTRO DE LAS ARTES DE SAN AGUST\u00cdN\"  itemscope=\"itemscope\" itemtype=\"https:\/\/schema.org\/CreativeWork\" ><div class='av-inner-masonry-sizer'><\/div><figure class='av-inner-masonry main_color'><div class=\"av-masonry-outerimage-container\"><div class=\"av-masonry-image-container\" style=\"background-image: url(https:\/\/casa.oaxaca.gob.mx\/wp-content\/uploads\/2025\/01\/Banamex-Enero3-705x529.jpg);\"><img decoding=\"async\" src=\"https:\/\/casa.oaxaca.gob.mx\/wp-content\/uploads\/2025\/01\/Banamex-Enero3-705x529.jpg\" title=\"Banamex Enero3\" alt=\"\" \/><\/div><\/div><figcaption class='av-inner-masonry-content site-background'><div class='av-inner-masonry-content-pos'><div class='av-inner-masonry-content-pos-content'><div class='avia-arrow'><\/div><h3 class='av-masonry-entry-title entry-title'  itemprop=\"headline\" >RESTAURACI\u00d3N DE LAS PUERTAS DE MADERA Y CERRADURAS DEL CENTRO DE LAS ARTES DE SAN AGUST\u00cdN<\/h3><span class='av-masonry-date meta-color updated'><\/span><span class=\"av-masonry-text-sep text-sep-author\">\/<\/span><span class='av-masonry-author meta-color vcard author'><span class='fn'>by <\/span><\/span><\/div><\/div><\/figcaption><\/figure><\/a><!--end av-masonry entry--><a href=\"https:\/\/casa.oaxaca.gob.mx\/?p=15367\" id='av-masonry-1-item-15367' data-av-masonry-item='15367' class='av-masonry-entry isotope-item post-15367 post type-post status-publish format-standard has-post-thumbnail hentry category-204 all_sort 2025_sort  av-masonry-item-with-image' title=\"Taller presencial. Grabado en metal, aguafuerte y aguatinta. Ver\u00f3nica Cruz.\"  itemscope=\"itemscope\" itemtype=\"https:\/\/schema.org\/CreativeWork\" ><div class='av-inner-masonry-sizer'><\/div><figure class='av-inner-masonry main_color'><div class=\"av-masonry-outerimage-container\"><div class=\"av-masonry-image-container\" style=\"background-image: url(https:\/\/casa.oaxaca.gob.mx\/wp-content\/uploads\/2025\/01\/GrabadoenMetal-Cerrada-705x484.jpg);\"><img decoding=\"async\" src=\"https:\/\/casa.oaxaca.gob.mx\/wp-content\/uploads\/2025\/01\/GrabadoenMetal-Cerrada-705x484.jpg\" title=\"GrabadoenMetal-Cerrada\" alt=\"\" \/><\/div><\/div><figcaption class='av-inner-masonry-content site-background'><div class='av-inner-masonry-content-pos'><div class='av-inner-masonry-content-pos-content'><div class='avia-arrow'><\/div><h3 class='av-masonry-entry-title entry-title'  itemprop=\"headline\" >Taller presencial. Grabado en metal, aguafuerte y aguatinta. Ver\u00f3nica Cruz.<\/h3><span class='av-masonry-date meta-color updated'><\/span><span class=\"av-masonry-text-sep text-sep-author\">\/<\/span><span class='av-masonry-author meta-color vcard author'><span class='fn'>by <\/span><\/span><\/div><\/div><\/figcaption><\/figure><\/a><!--end av-masonry entry--><a href=\"https:\/\/casa.oaxaca.gob.mx\/?p=15356\" id='av-masonry-1-item-15356' data-av-masonry-item='15356' class='av-masonry-entry isotope-item post-15356 post type-post status-publish format-standard has-post-thumbnail hentry category-204 all_sort 2025_sort  av-masonry-item-with-image' title=\"Taller presencial. T\u00e9cnica de impresi\u00f3n Mokulito. Iv\u00e1n Doroteo Tuala.\"  itemscope=\"itemscope\" itemtype=\"https:\/\/schema.org\/CreativeWork\" ><div class='av-inner-masonry-sizer'><\/div><figure class='av-inner-masonry main_color'><div class=\"av-masonry-outerimage-container\"><div class=\"av-masonry-image-container\" style=\"background-image: url(https:\/\/casa.oaxaca.gob.mx\/wp-content\/uploads\/2025\/01\/3.Convocatoria-Web2-705x484.jpg);\"><img decoding=\"async\" src=\"https:\/\/casa.oaxaca.gob.mx\/wp-content\/uploads\/2025\/01\/3.Convocatoria-Web2-705x484.jpg\" title=\"3.Convocatoria-Web2\" alt=\"\" \/><\/div><\/div><figcaption class='av-inner-masonry-content site-background'><div class='av-inner-masonry-content-pos'><div class='av-inner-masonry-content-pos-content'><div class='avia-arrow'><\/div><h3 class='av-masonry-entry-title entry-title'  itemprop=\"headline\" >Taller presencial. T\u00e9cnica de impresi\u00f3n Mokulito. Iv\u00e1n Doroteo Tuala.<\/h3><span class='av-masonry-date meta-color updated'><\/span><span class=\"av-masonry-text-sep text-sep-author\">\/<\/span><span class='av-masonry-author meta-color vcard author'><span class='fn'>by <\/span><\/span><\/div><\/div><\/figcaption><\/figure><\/a><!--end av-masonry entry--><a href=\"https:\/\/casa.oaxaca.gob.mx\/?p=15348\" id='av-masonry-1-item-15348' data-av-masonry-item='15348' class='av-masonry-entry isotope-item post-15348 post type-post status-publish format-standard has-post-thumbnail hentry category-204 all_sort 2025_sort  av-masonry-item-with-image' title=\"Taller presencial. Caligraf\u00eda e imagen. Jes\u00fas Gonz\u00e1lez.\"  itemscope=\"itemscope\" itemtype=\"https:\/\/schema.org\/CreativeWork\" ><div class='av-inner-masonry-sizer'><\/div><figure class='av-inner-masonry main_color'><div class=\"av-masonry-outerimage-container\"><div class=\"av-masonry-image-container\" style=\"background-image: url(https:\/\/casa.oaxaca.gob.mx\/wp-content\/uploads\/2025\/01\/CALIGRAFIA-CERRADO-705x484.jpg);\"><img decoding=\"async\" src=\"https:\/\/casa.oaxaca.gob.mx\/wp-content\/uploads\/2025\/01\/CALIGRAFIA-CERRADO-705x484.jpg\" title=\"CALIGRAFIA-CERRADO\" alt=\"\" \/><\/div><\/div><figcaption class='av-inner-masonry-content site-background'><div class='av-inner-masonry-content-pos'><div class='av-inner-masonry-content-pos-content'><div class='avia-arrow'><\/div><h3 class='av-masonry-entry-title entry-title'  itemprop=\"headline\" >Taller presencial. Caligraf\u00eda e imagen. Jes\u00fas Gonz\u00e1lez.<\/h3><span class='av-masonry-date meta-color updated'><\/span><span class=\"av-masonry-text-sep text-sep-author\">\/<\/span><span class='av-masonry-author meta-color vcard author'><span class='fn'>by <\/span><\/span><\/div><\/div><\/figcaption><\/figure><\/a><!--end av-masonry entry--><a href=\"https:\/\/casa.oaxaca.gob.mx\/?p=15344\" id='av-masonry-1-item-15344' data-av-masonry-item='15344' class='av-masonry-entry isotope-item post-15344 post type-post status-publish format-standard has-post-thumbnail hentry category-204 all_sort 2025_sort  av-masonry-item-with-image' title=\"Taller presencial. Flujo de trabajo fotogr\u00e1fico digital. Eva L\u00e9piz.\"  itemscope=\"itemscope\" itemtype=\"https:\/\/schema.org\/CreativeWork\" ><div class='av-inner-masonry-sizer'><\/div><figure class='av-inner-masonry main_color'><div class=\"av-masonry-outerimage-container\"><div class=\"av-masonry-image-container\" style=\"background-image: url(https:\/\/casa.oaxaca.gob.mx\/wp-content\/uploads\/2025\/01\/fLUJO-CERRADO-705x484.jpg);\"><img decoding=\"async\" src=\"https:\/\/casa.oaxaca.gob.mx\/wp-content\/uploads\/2025\/01\/fLUJO-CERRADO-705x484.jpg\" title=\"fLUJO-CERRADO\" alt=\"\" \/><\/div><\/div><figcaption class='av-inner-masonry-content site-background'><div class='av-inner-masonry-content-pos'><div class='av-inner-masonry-content-pos-content'><div class='avia-arrow'><\/div><h3 class='av-masonry-entry-title entry-title'  itemprop=\"headline\" >Taller presencial. Flujo de trabajo fotogr\u00e1fico digital. Eva L\u00e9piz.<\/h3><span class='av-masonry-date meta-color updated'><\/span><span class=\"av-masonry-text-sep text-sep-author\">\/<\/span><span class='av-masonry-author meta-color vcard author'><span class='fn'>by <\/span><\/span><\/div><\/div><\/figcaption><\/figure><\/a><!--end av-masonry entry--><a href=\"https:\/\/casa.oaxaca.gob.mx\/?p=15328\" id='av-masonry-1-item-15328' data-av-masonry-item='15328' class='av-masonry-entry isotope-item post-15328 post type-post status-publish format-standard has-post-thumbnail hentry category-204 all_sort 2025_sort  av-masonry-item-with-image' title=\"Taller presencial. Entintado e impresi\u00f3n. Enrique Flores.\"  itemscope=\"itemscope\" itemtype=\"https:\/\/schema.org\/CreativeWork\" ><div class='av-inner-masonry-sizer'><\/div><figure class='av-inner-masonry main_color'><div class=\"av-masonry-outerimage-container\"><div class=\"av-masonry-image-container\" style=\"background-image: url(https:\/\/casa.oaxaca.gob.mx\/wp-content\/uploads\/2025\/01\/ENTINTADO-CERRADO-705x484.jpg);\"><img decoding=\"async\" src=\"https:\/\/casa.oaxaca.gob.mx\/wp-content\/uploads\/2025\/01\/ENTINTADO-CERRADO-705x484.jpg\" title=\"ENTINTADO CERRADO\" alt=\"\" \/><\/div><\/div><figcaption class='av-inner-masonry-content site-background'><div class='av-inner-masonry-content-pos'><div class='av-inner-masonry-content-pos-content'><div class='avia-arrow'><\/div><h3 class='av-masonry-entry-title entry-title'  itemprop=\"headline\" >Taller presencial. Entintado e impresi\u00f3n. Enrique Flores.<\/h3><span class='av-masonry-date meta-color updated'><\/span><span class=\"av-masonry-text-sep text-sep-author\">\/<\/span><span class='av-masonry-author meta-color vcard author'><span class='fn'>by <\/span><\/span><\/div><\/div><\/figcaption><\/figure><\/a><!--end av-masonry entry--><a href=\"https:\/\/casa.oaxaca.gob.mx\/?p=15320\" id='av-masonry-1-item-15320' data-av-masonry-item='15320' class='av-masonry-entry isotope-item post-15320 post type-post status-publish format-standard has-post-thumbnail hentry category-204 all_sort 2025_sort  av-masonry-item-with-image' title=\"Taller presencial. Puro coraz\u00f3n. El autorretrato como m\u00e9todo de autoconocimiento y conexi\u00f3n espiritual. Constanza P\u00e9rez.\"  itemscope=\"itemscope\" itemtype=\"https:\/\/schema.org\/CreativeWork\" ><div class='av-inner-masonry-sizer'><\/div><figure class='av-inner-masonry main_color'><div class=\"av-masonry-outerimage-container\"><div class=\"av-masonry-image-container\" style=\"background-image: url(https:\/\/casa.oaxaca.gob.mx\/wp-content\/uploads\/2025\/01\/Puro-corazon-cerrado-705x484.jpg);\"><img decoding=\"async\" src=\"https:\/\/casa.oaxaca.gob.mx\/wp-content\/uploads\/2025\/01\/Puro-corazon-cerrado-705x484.jpg\" title=\"Puro-corazon-cerrado\" alt=\"\" \/><\/div><\/div><figcaption class='av-inner-masonry-content site-background'><div class='av-inner-masonry-content-pos'><div class='av-inner-masonry-content-pos-content'><div class='avia-arrow'><\/div><h3 class='av-masonry-entry-title entry-title'  itemprop=\"headline\" >Taller presencial. Puro coraz\u00f3n. El autorretrato como m\u00e9todo de autoconocimiento y conexi\u00f3n espiritual. Constanza P\u00e9rez.<\/h3><span class='av-masonry-date meta-color updated'><\/span><span class=\"av-masonry-text-sep text-sep-author\">\/<\/span><span class='av-masonry-author meta-color vcard author'><span class='fn'>by <\/span><\/span><\/div><\/div><\/figcaption><\/figure><\/a><!--end av-masonry entry--><a href=\"https:\/\/casa.oaxaca.gob.mx\/?p=15308\" id='av-masonry-1-item-15308' data-av-masonry-item='15308' class='av-masonry-entry isotope-item post-15308 post type-post status-publish format-standard has-post-thumbnail hentry category-204 all_sort 2025_sort  av-masonry-item-with-image' title=\"Taller presencial. Laboratorio editorial de ilustraci\u00f3n: Arte y bot\u00e1nica de Oaxaca. Coordina: Andrea Fuentes.\"  itemscope=\"itemscope\" itemtype=\"https:\/\/schema.org\/CreativeWork\" ><div class='av-inner-masonry-sizer'><\/div><figure class='av-inner-masonry main_color'><div class=\"av-masonry-outerimage-container\"><div class=\"av-masonry-image-container\" style=\"background-image: url(https:\/\/casa.oaxaca.gob.mx\/wp-content\/uploads\/2025\/01\/laboratorio-botanica-cerrada-705x484.jpg);\"><img decoding=\"async\" src=\"https:\/\/casa.oaxaca.gob.mx\/wp-content\/uploads\/2025\/01\/laboratorio-botanica-cerrada-705x484.jpg\" title=\"laboratorio-botanica-cerrada\" alt=\"\" \/><\/div><\/div><figcaption class='av-inner-masonry-content site-background'><div class='av-inner-masonry-content-pos'><div class='av-inner-masonry-content-pos-content'><div class='avia-arrow'><\/div><h3 class='av-masonry-entry-title entry-title'  itemprop=\"headline\" >Taller presencial. Laboratorio editorial de ilustraci\u00f3n: Arte y bot\u00e1nica de Oaxaca. Coordina: Andrea Fuentes.<\/h3><span class='av-masonry-date meta-color updated'><\/span><span class=\"av-masonry-text-sep text-sep-author\">\/<\/span><span class='av-masonry-author meta-color vcard author'><span class='fn'>by <\/span><\/span><\/div><\/div><\/figcaption><\/figure><\/a><!--end av-masonry entry--><a href=\"https:\/\/casa.oaxaca.gob.mx\/?p=15300\" id='av-masonry-1-item-15300' data-av-masonry-item='15300' class='av-masonry-entry isotope-item post-15300 post type-post status-publish format-standard has-post-thumbnail hentry category-204 all_sort 2025_sort  av-masonry-item-with-image' title=\"Taller presencial. Te\u00f1ido con tintes naturales. Juli\u00e1n Mart\u00ednez Baz\u00e1n.\"  itemscope=\"itemscope\" itemtype=\"https:\/\/schema.org\/CreativeWork\" ><div class='av-inner-masonry-sizer'><\/div><figure class='av-inner-masonry main_color'><div class=\"av-masonry-outerimage-container\"><div class=\"av-masonry-image-container\" style=\"background-image: url(https:\/\/casa.oaxaca.gob.mx\/wp-content\/uploads\/2025\/01\/Tenido-de-lana-cerrado-705x484.jpg);\"><img decoding=\"async\" src=\"https:\/\/casa.oaxaca.gob.mx\/wp-content\/uploads\/2025\/01\/Tenido-de-lana-cerrado-705x484.jpg\" title=\"Te\u00f1ido-de-lana-cerrado\" alt=\"\" \/><\/div><\/div><figcaption class='av-inner-masonry-content site-background'><div class='av-inner-masonry-content-pos'><div class='av-inner-masonry-content-pos-content'><div class='avia-arrow'><\/div><h3 class='av-masonry-entry-title entry-title'  itemprop=\"headline\" >Taller presencial. Te\u00f1ido con tintes naturales. Juli\u00e1n Mart\u00ednez Baz\u00e1n.<\/h3><span class='av-masonry-date meta-color updated'><\/span><span class=\"av-masonry-text-sep text-sep-author\">\/<\/span><span class='av-masonry-author meta-color vcard author'><span class='fn'>by <\/span><\/span><\/div><\/div><\/figcaption><\/figure><\/a><!--end av-masonry entry--><a href=\"https:\/\/casa.oaxaca.gob.mx\/?p=15283\" id='av-masonry-1-item-15283' data-av-masonry-item='15283' class='av-masonry-entry isotope-item post-15283 post type-post status-publish format-standard has-post-thumbnail hentry category-204 all_sort 2025_sort  av-masonry-item-with-image' title=\"Taller presencial. Los v\u00ednculos creativos de la joyer\u00eda y el arte. Sylvia Burgoa.\"  itemscope=\"itemscope\" itemtype=\"https:\/\/schema.org\/CreativeWork\" ><div class='av-inner-masonry-sizer'><\/div><figure class='av-inner-masonry main_color'><div class=\"av-masonry-outerimage-container\"><div class=\"av-masonry-image-container\" style=\"background-image: url(https:\/\/casa.oaxaca.gob.mx\/wp-content\/uploads\/2025\/01\/Joyas-cerrada-705x484.jpg);\"><img decoding=\"async\" src=\"https:\/\/casa.oaxaca.gob.mx\/wp-content\/uploads\/2025\/01\/Joyas-cerrada-705x484.jpg\" title=\"Joyas-cerrada\" alt=\"\" \/><\/div><\/div><figcaption class='av-inner-masonry-content site-background'><div class='av-inner-masonry-content-pos'><div class='av-inner-masonry-content-pos-content'><div class='avia-arrow'><\/div><h3 class='av-masonry-entry-title entry-title'  itemprop=\"headline\" >Taller presencial. Los v\u00ednculos creativos de la joyer\u00eda y el arte. Sylvia Burgoa.<\/h3><span class='av-masonry-date meta-color updated'><\/span><span class=\"av-masonry-text-sep text-sep-author\">\/<\/span><span class='av-masonry-author meta-color vcard author'><span class='fn'>by <\/span><\/span><\/div><\/div><\/figcaption><\/figure><\/a><!--end av-masonry entry--><a href=\"https:\/\/casa.oaxaca.gob.mx\/?p=15272\" id='av-masonry-1-item-15272' data-av-masonry-item='15272' class='av-masonry-entry isotope-item post-15272 post type-post status-publish format-standard has-post-thumbnail hentry category-esposiciones-pasadas all_sort esposiciones-pasadas_sort  av-masonry-item-with-image' title=\"Mizraim Cardozo. NEGRA LUZ.\"  itemscope=\"itemscope\" itemtype=\"https:\/\/schema.org\/CreativeWork\" ><div class='av-inner-masonry-sizer'><\/div><figure class='av-inner-masonry main_color'><div class=\"av-masonry-outerimage-container\"><div class=\"av-masonry-image-container\" style=\"background-image: url(https:\/\/casa.oaxaca.gob.mx\/wp-content\/uploads\/2025\/01\/NegraLuz_03-705x396.jpg);\"><img decoding=\"async\" src=\"https:\/\/casa.oaxaca.gob.mx\/wp-content\/uploads\/2025\/01\/NegraLuz_03-705x396.jpg\" title=\"NegraLuz_03\" alt=\"\" \/><\/div><\/div><figcaption class='av-inner-masonry-content site-background'><div class='av-inner-masonry-content-pos'><div class='av-inner-masonry-content-pos-content'><div class='avia-arrow'><\/div><h3 class='av-masonry-entry-title entry-title'  itemprop=\"headline\" >Mizraim Cardozo. NEGRA LUZ.<\/h3><span class='av-masonry-date meta-color updated'><\/span><span class=\"av-masonry-text-sep text-sep-author\">\/<\/span><span class='av-masonry-author meta-color vcard author'><span class='fn'>by <\/span><\/span><\/div><\/div><\/figcaption><\/figure><\/a><!--end av-masonry entry--><a href=\"https:\/\/casa.oaxaca.gob.mx\/?p=15255\" id='av-masonry-1-item-15255' data-av-masonry-item='15255' class='av-masonry-entry isotope-item post-15255 post type-post status-publish format-standard hentry category-sesiones-fotograficas all_sort sesiones-fotograficas_sort  av-masonry-item-no-image' title=\"Sesiones fotogr\u00e1ficas\"  itemscope=\"itemscope\" itemtype=\"https:\/\/schema.org\/CreativeWork\" ><div class='av-inner-masonry-sizer'><\/div><figure class='av-inner-masonry main_color'><figcaption class='av-inner-masonry-content site-background'><div class='av-inner-masonry-content-pos'><div class='av-inner-masonry-content-pos-content'><div class='avia-arrow'><\/div><h3 class='av-masonry-entry-title entry-title'  itemprop=\"headline\" >Sesiones fotogr\u00e1ficas<\/h3><span class='av-masonry-date meta-color updated'><\/span><span class=\"av-masonry-text-sep text-sep-author\">\/<\/span><span class='av-masonry-author meta-color vcard author'><span class='fn'>by <\/span><\/span><\/div><\/div><\/figcaption><\/figure><\/a><!--end av-masonry entry--><a href=\"https:\/\/casa.oaxaca.gob.mx\/?p=15231\" id='av-masonry-1-item-15231' data-av-masonry-item='15231' class='av-masonry-entry isotope-item post-15231 post type-post status-publish format-standard has-post-thumbnail hentry category-programa-de-desarrollo-de-arte-y-cultura-citibanamex all_sort programa-de-desarrollo-de-arte-y-cultura-citibanamex_sort  av-masonry-item-with-image' title=\"RESTAURACI\u00d3N Y ADECUACI\u00d3N DE LOS ESPACIOS EXTERIORES DEL CENTRO DE LAS ARTES DE SAN AGUST\u00cdN\"  itemscope=\"itemscope\" itemtype=\"https:\/\/schema.org\/CreativeWork\" ><div class='av-inner-masonry-sizer'><\/div><figure class='av-inner-masonry main_color'><div class=\"av-masonry-outerimage-container\"><div class=\"av-masonry-image-container\" style=\"background-image: url(https:\/\/casa.oaxaca.gob.mx\/wp-content\/uploads\/2024\/12\/citibanamex-dic-564x705.jpg);\"><img decoding=\"async\" src=\"https:\/\/casa.oaxaca.gob.mx\/wp-content\/uploads\/2024\/12\/citibanamex-dic-564x705.jpg\" title=\"citibanamex-dic\" alt=\"\" \/><\/div><\/div><figcaption class='av-inner-masonry-content site-background'><div class='av-inner-masonry-content-pos'><div class='av-inner-masonry-content-pos-content'><div class='avia-arrow'><\/div><h3 class='av-masonry-entry-title entry-title'  itemprop=\"headline\" >RESTAURACI\u00d3N Y ADECUACI\u00d3N DE LOS ESPACIOS EXTERIORES DEL CENTRO DE LAS ARTES DE SAN AGUST\u00cdN<\/h3><span class='av-masonry-date meta-color updated'><\/span><span class=\"av-masonry-text-sep text-sep-author\">\/<\/span><span class='av-masonry-author meta-color vcard author'><span class='fn'>by <\/span><\/span><\/div><\/div><\/figcaption><\/figure><\/a><!--end av-masonry entry--><a href=\"https:\/\/casa.oaxaca.gob.mx\/?p=15224\" id='av-masonry-1-item-15224' data-av-masonry-item='15224' class='av-masonry-entry isotope-item post-15224 post type-post status-publish format-standard has-post-thumbnail hentry category-201 all_sort 2024_sort  av-masonry-item-with-image' title=\"Taller presencial. Narrativa visual en la fotograf\u00eda. Kateryna Radchenko\"  itemscope=\"itemscope\" itemtype=\"https:\/\/schema.org\/CreativeWork\" ><div class='av-inner-masonry-sizer'><\/div><figure class='av-inner-masonry main_color'><div class=\"av-masonry-outerimage-container\"><div class=\"av-masonry-image-container\" style=\"background-image: url(https:\/\/casa.oaxaca.gob.mx\/wp-content\/uploads\/2024\/12\/C-KATHERINA-705x484.jpg);\"><img decoding=\"async\" src=\"https:\/\/casa.oaxaca.gob.mx\/wp-content\/uploads\/2024\/12\/C-KATHERINA-705x484.jpg\" title=\"C-KATHERINA\" alt=\"\" \/><\/div><\/div><figcaption class='av-inner-masonry-content site-background'><div class='av-inner-masonry-content-pos'><div class='av-inner-masonry-content-pos-content'><div class='avia-arrow'><\/div><h3 class='av-masonry-entry-title entry-title'  itemprop=\"headline\" >Taller presencial. Narrativa visual en la fotograf\u00eda. Kateryna Radchenko<\/h3><span class='av-masonry-date meta-color updated'><\/span><span class=\"av-masonry-text-sep text-sep-author\">\/<\/span><span class='av-masonry-author meta-color vcard author'><span class='fn'>by <\/span><\/span><\/div><\/div><\/figcaption><\/figure><\/a><!--end av-masonry entry--><a href=\"https:\/\/casa.oaxaca.gob.mx\/?p=15190\" id='av-masonry-1-item-15190' data-av-masonry-item='15190' class='av-masonry-entry isotope-item post-15190 post type-post status-publish format-standard has-post-thumbnail hentry category-201 all_sort 2024_sort  av-masonry-item-with-image' title=\"Taller presencial. Aguatinta y Barniz blando. Eber Jc.\"  itemscope=\"itemscope\" itemtype=\"https:\/\/schema.org\/CreativeWork\" ><div class='av-inner-masonry-sizer'><\/div><figure class='av-inner-masonry main_color'><div class=\"av-masonry-outerimage-container\"><div class=\"av-masonry-image-container\" style=\"background-image: url(https:\/\/casa.oaxaca.gob.mx\/wp-content\/uploads\/2024\/12\/c-Barniz-705x484.jpg);\"><img decoding=\"async\" src=\"https:\/\/casa.oaxaca.gob.mx\/wp-content\/uploads\/2024\/12\/c-Barniz-705x484.jpg\" title=\"c-Barniz\" alt=\"\" \/><\/div><\/div><figcaption class='av-inner-masonry-content site-background'><div class='av-inner-masonry-content-pos'><div class='av-inner-masonry-content-pos-content'><div class='avia-arrow'><\/div><h3 class='av-masonry-entry-title entry-title'  itemprop=\"headline\" >Taller presencial. Aguatinta y Barniz blando. Eber Jc.<\/h3><span class='av-masonry-date meta-color updated'><\/span><span class=\"av-masonry-text-sep text-sep-author\">\/<\/span><span class='av-masonry-author meta-color vcard author'><span class='fn'>by <\/span><\/span><\/div><\/div><\/figcaption><\/figure><\/a><!--end av-masonry entry--><a href=\"https:\/\/casa.oaxaca.gob.mx\/?p=15186\" id='av-masonry-1-item-15186' data-av-masonry-item='15186' class='av-masonry-entry isotope-item post-15186 post type-post status-publish format-standard has-post-thumbnail hentry category-201 category-sin-categoria all_sort 2024_sort  sin-categoria_sort  av-masonry-item-with-image' title=\"Taller presencial. Sigue tu intuici\u00f3n. Newsha Tavakolian.\"  itemscope=\"itemscope\" itemtype=\"https:\/\/schema.org\/CreativeWork\" ><div class='av-inner-masonry-sizer'><\/div><figure class='av-inner-masonry main_color'><div class=\"av-masonry-outerimage-container\"><div class=\"av-masonry-image-container\" style=\"background-image: url(https:\/\/casa.oaxaca.gob.mx\/wp-content\/uploads\/2024\/12\/C-Siguetuinticion-2-705x484.jpg);\"><img decoding=\"async\" src=\"https:\/\/casa.oaxaca.gob.mx\/wp-content\/uploads\/2024\/12\/C-Siguetuinticion-2-705x484.jpg\" title=\"C-Siguetuinticion (2)\" alt=\"\" \/><\/div><\/div><figcaption class='av-inner-masonry-content site-background'><div class='av-inner-masonry-content-pos'><div class='av-inner-masonry-content-pos-content'><div class='avia-arrow'><\/div><h3 class='av-masonry-entry-title entry-title'  itemprop=\"headline\" >Taller presencial. Sigue tu intuici\u00f3n. Newsha Tavakolian.<\/h3><span class='av-masonry-date meta-color updated'><\/span><span class=\"av-masonry-text-sep text-sep-author\">\/<\/span><span class='av-masonry-author meta-color vcard author'><span class='fn'>by <\/span><\/span><\/div><\/div><\/figcaption><\/figure><\/a><!--end av-masonry entry--><a href=\"https:\/\/casa.oaxaca.gob.mx\/?p=15138\" id='av-masonry-1-item-15138' data-av-masonry-item='15138' class='av-masonry-entry isotope-item post-15138 post type-post status-publish format-standard has-post-thumbnail hentry category-201 all_sort 2024_sort  av-masonry-item-with-image' title=\"Taller presencial. Exploraci\u00f3n gr\u00e1fica para ni\u00f1os. Ver\u00f3nica Cruz.\"  itemscope=\"itemscope\" itemtype=\"https:\/\/schema.org\/CreativeWork\" ><div class='av-inner-masonry-sizer'><\/div><figure class='av-inner-masonry main_color'><div class=\"av-masonry-outerimage-container\"><div class=\"av-masonry-image-container\" style=\"background-image: url(https:\/\/casa.oaxaca.gob.mx\/wp-content\/uploads\/2024\/11\/C-Exploracion-705x484.jpg);\"><img decoding=\"async\" src=\"https:\/\/casa.oaxaca.gob.mx\/wp-content\/uploads\/2024\/11\/C-Exploracion-705x484.jpg\" title=\"C-Exploraci\u00f3n\" alt=\"\" \/><\/div><\/div><figcaption class='av-inner-masonry-content site-background'><div class='av-inner-masonry-content-pos'><div class='av-inner-masonry-content-pos-content'><div class='avia-arrow'><\/div><h3 class='av-masonry-entry-title entry-title'  itemprop=\"headline\" >Taller presencial. Exploraci\u00f3n gr\u00e1fica para ni\u00f1os. Ver\u00f3nica Cruz.<\/h3><span class='av-masonry-date meta-color updated'><\/span><span class=\"av-masonry-text-sep text-sep-author\">\/<\/span><span class='av-masonry-author meta-color vcard author'><span class='fn'>by <\/span><\/span><\/div><\/div><\/figcaption><\/figure><\/a><!--end av-masonry entry--><a href=\"https:\/\/casa.oaxaca.gob.mx\/?p=15131\" id='av-masonry-1-item-15131' data-av-masonry-item='15131' class='av-masonry-entry isotope-item post-15131 post type-post status-publish format-standard has-post-thumbnail hentry category-201 all_sort 2024_sort  av-masonry-item-with-image' title=\"Taller presencial. Fotograf\u00eda de arquitectura. Yadani Mart\u00ednez.\"  itemscope=\"itemscope\" itemtype=\"https:\/\/schema.org\/CreativeWork\" ><div class='av-inner-masonry-sizer'><\/div><figure class='av-inner-masonry main_color'><div class=\"av-masonry-outerimage-container\"><div class=\"av-masonry-image-container\" style=\"background-image: url(https:\/\/casa.oaxaca.gob.mx\/wp-content\/uploads\/2024\/11\/C-Fotoarqui-1-705x484.jpg);\"><img decoding=\"async\" src=\"https:\/\/casa.oaxaca.gob.mx\/wp-content\/uploads\/2024\/11\/C-Fotoarqui-1-705x484.jpg\" title=\"C-Fotoarqui\" alt=\"\" \/><\/div><\/div><figcaption class='av-inner-masonry-content site-background'><div class='av-inner-masonry-content-pos'><div class='av-inner-masonry-content-pos-content'><div class='avia-arrow'><\/div><h3 class='av-masonry-entry-title entry-title'  itemprop=\"headline\" >Taller presencial. Fotograf\u00eda de arquitectura. Yadani Mart\u00ednez.<\/h3><span class='av-masonry-date meta-color updated'><\/span><span class=\"av-masonry-text-sep text-sep-author\">\/<\/span><span class='av-masonry-author meta-color vcard author'><span class='fn'>by <\/span><\/span><\/div><\/div><\/figcaption><\/figure><\/a><!--end av-masonry entry--><a href=\"https:\/\/casa.oaxaca.gob.mx\/?p=15106\" id='av-masonry-1-item-15106' data-av-masonry-item='15106' class='av-masonry-entry isotope-item post-15106 post type-post status-publish format-standard has-post-thumbnail hentry category-201 all_sort 2024_sort  av-masonry-item-with-image' title=\"Taller presencial. Composici\u00f3n Fotogr\u00e1fica. Eva L\u00e9piz.\"  itemscope=\"itemscope\" itemtype=\"https:\/\/schema.org\/CreativeWork\" ><div class='av-inner-masonry-sizer'><\/div><figure class='av-inner-masonry main_color'><div class=\"av-masonry-outerimage-container\"><div class=\"av-masonry-image-container\" style=\"background-image: url(https:\/\/casa.oaxaca.gob.mx\/wp-content\/uploads\/2024\/11\/C-comfoto-1-705x484.jpg);\"><img decoding=\"async\" src=\"https:\/\/casa.oaxaca.gob.mx\/wp-content\/uploads\/2024\/11\/C-comfoto-1-705x484.jpg\" title=\"C-comfoto\" alt=\"\" \/><\/div><\/div><figcaption class='av-inner-masonry-content site-background'><div class='av-inner-masonry-content-pos'><div class='av-inner-masonry-content-pos-content'><div class='avia-arrow'><\/div><h3 class='av-masonry-entry-title entry-title'  itemprop=\"headline\" >Taller presencial. Composici\u00f3n Fotogr\u00e1fica. Eva L\u00e9piz.<\/h3><span class='av-masonry-date meta-color updated'><\/span><span class=\"av-masonry-text-sep text-sep-author\">\/<\/span><span class='av-masonry-author meta-color vcard author'><span class='fn'>by <\/span><\/span><\/div><\/div><\/figcaption><\/figure><\/a><!--end av-masonry entry--><a href=\"https:\/\/casa.oaxaca.gob.mx\/?p=15096\" id='av-masonry-1-item-15096' data-av-masonry-item='15096' class='av-masonry-entry isotope-item post-15096 post type-post status-publish format-standard has-post-thumbnail hentry category-201 all_sort 2024_sort  av-masonry-item-with-image' title=\"Taller presencial. Aguatinta y procesos de impresi\u00f3n. Eber Jc.\"  itemscope=\"itemscope\" itemtype=\"https:\/\/schema.org\/CreativeWork\" ><div class='av-inner-masonry-sizer'><\/div><figure class='av-inner-masonry main_color'><div class=\"av-masonry-outerimage-container\"><div class=\"av-masonry-image-container\" style=\"background-image: url(https:\/\/casa.oaxaca.gob.mx\/wp-content\/uploads\/2024\/11\/c-Aguatina-705x484.jpg);\"><img decoding=\"async\" src=\"https:\/\/casa.oaxaca.gob.mx\/wp-content\/uploads\/2024\/11\/c-Aguatina-705x484.jpg\" title=\"c-Aguatina\" alt=\"\" \/><\/div><\/div><figcaption class='av-inner-masonry-content site-background'><div class='av-inner-masonry-content-pos'><div class='av-inner-masonry-content-pos-content'><div class='avia-arrow'><\/div><h3 class='av-masonry-entry-title entry-title'  itemprop=\"headline\" >Taller presencial. Aguatinta y procesos de impresi\u00f3n. Eber Jc.<\/h3><span class='av-masonry-date meta-color updated'><\/span><span class=\"av-masonry-text-sep text-sep-author\">\/<\/span><span class='av-masonry-author meta-color vcard author'><span class='fn'>by <\/span><\/span><\/div><\/div><\/figcaption><\/figure><\/a><!--end av-masonry entry--><a href=\"https:\/\/casa.oaxaca.gob.mx\/?p=15088\" id='av-masonry-1-item-15088' data-av-masonry-item='15088' class='av-masonry-entry isotope-item post-15088 post type-post status-publish format-standard has-post-thumbnail hentry category-201 all_sort 2024_sort  av-masonry-item-with-image' title=\"Taller presencial. Fotograf\u00eda an\u00e1loga. Rogelio Gonz\u00e1lez.\"  itemscope=\"itemscope\" itemtype=\"https:\/\/schema.org\/CreativeWork\" ><div class='av-inner-masonry-sizer'><\/div><figure class='av-inner-masonry main_color'><div class=\"av-masonry-outerimage-container\"><div class=\"av-masonry-image-container\" style=\"background-image: url(https:\/\/casa.oaxaca.gob.mx\/wp-content\/uploads\/2024\/11\/c-analoga-705x484.jpg);\"><img decoding=\"async\" src=\"https:\/\/casa.oaxaca.gob.mx\/wp-content\/uploads\/2024\/11\/c-analoga-705x484.jpg\" title=\"c-analoga\" alt=\"\" \/><\/div><\/div><figcaption class='av-inner-masonry-content site-background'><div class='av-inner-masonry-content-pos'><div class='av-inner-masonry-content-pos-content'><div class='avia-arrow'><\/div><h3 class='av-masonry-entry-title entry-title'  itemprop=\"headline\" >Taller presencial. Fotograf\u00eda an\u00e1loga. Rogelio Gonz\u00e1lez.<\/h3><span class='av-masonry-date meta-color updated'><\/span><span class=\"av-masonry-text-sep text-sep-author\">\/<\/span><span class='av-masonry-author meta-color vcard author'><span class='fn'>by <\/span><\/span><\/div><\/div><\/figcaption><\/figure><\/a><!--end av-masonry entry--><a href=\"https:\/\/casa.oaxaca.gob.mx\/?p=15081\" id='av-masonry-1-item-15081' data-av-masonry-item='15081' class='av-masonry-entry isotope-item post-15081 post type-post status-publish format-standard has-post-thumbnail hentry category-201 all_sort 2024_sort  av-masonry-item-with-image' title=\"Taller presencial. Grabado en metal. Manera negra con resinas y mezzotintas. Francisco Quintanar.\"  itemscope=\"itemscope\" itemtype=\"https:\/\/schema.org\/CreativeWork\" ><div class='av-inner-masonry-sizer'><\/div><figure class='av-inner-masonry main_color'><div class=\"av-masonry-outerimage-container\"><div class=\"av-masonry-image-container\" style=\"background-image: url(https:\/\/casa.oaxaca.gob.mx\/wp-content\/uploads\/2024\/11\/C-METAL-705x484.jpg);\"><img decoding=\"async\" src=\"https:\/\/casa.oaxaca.gob.mx\/wp-content\/uploads\/2024\/11\/C-METAL-705x484.jpg\" title=\"C-METAL\" alt=\"\" \/><\/div><\/div><figcaption class='av-inner-masonry-content site-background'><div class='av-inner-masonry-content-pos'><div class='av-inner-masonry-content-pos-content'><div class='avia-arrow'><\/div><h3 class='av-masonry-entry-title entry-title'  itemprop=\"headline\" >Taller presencial. Grabado en metal. Manera negra con resinas y mezzotintas. Francisco Quintanar.<\/h3><span class='av-masonry-date meta-color updated'><\/span><span class=\"av-masonry-text-sep text-sep-author\">\/<\/span><span class='av-masonry-author meta-color vcard author'><span class='fn'>by <\/span><\/span><\/div><\/div><\/figcaption><\/figure><\/a><!--end av-masonry entry--><a href=\"https:\/\/casa.oaxaca.gob.mx\/?p=15073\" id='av-masonry-1-item-15073' data-av-masonry-item='15073' class='av-masonry-entry isotope-item post-15073 post type-post status-publish format-standard has-post-thumbnail hentry category-201 all_sort 2024_sort  av-masonry-item-with-image' title=\"Taller presencial. Stencil. Jes\u00fas Gonz\u00e1lez.\"  itemscope=\"itemscope\" itemtype=\"https:\/\/schema.org\/CreativeWork\" ><div class='av-inner-masonry-sizer'><\/div><figure class='av-inner-masonry main_color'><div class=\"av-masonry-outerimage-container\"><div class=\"av-masonry-image-container\" style=\"background-image: url(https:\/\/casa.oaxaca.gob.mx\/wp-content\/uploads\/2024\/11\/C-STENCIL-705x484.jpg);\"><img decoding=\"async\" src=\"https:\/\/casa.oaxaca.gob.mx\/wp-content\/uploads\/2024\/11\/C-STENCIL-705x484.jpg\" title=\"C-STENCIL\" alt=\"\" \/><\/div><\/div><figcaption class='av-inner-masonry-content site-background'><div class='av-inner-masonry-content-pos'><div class='av-inner-masonry-content-pos-content'><div class='avia-arrow'><\/div><h3 class='av-masonry-entry-title entry-title'  itemprop=\"headline\" >Taller presencial. Stencil. Jes\u00fas Gonz\u00e1lez.<\/h3><span class='av-masonry-date meta-color updated'><\/span><span class=\"av-masonry-text-sep text-sep-author\">\/<\/span><span class='av-masonry-author meta-color vcard author'><span class='fn'>by <\/span><\/span><\/div><\/div><\/figcaption><\/figure><\/a><!--end av-masonry entry--><a href=\"https:\/\/casa.oaxaca.gob.mx\/?p=15066\" id='av-masonry-1-item-15066' data-av-masonry-item='15066' class='av-masonry-entry isotope-item post-15066 post type-post status-publish format-standard has-post-thumbnail hentry category-201 all_sort 2024_sort  av-masonry-item-with-image' title=\"Taller presencial. Lin\u00f3leo. Jos\u00e9 Silverio Herrera.\"  itemscope=\"itemscope\" itemtype=\"https:\/\/schema.org\/CreativeWork\" ><div class='av-inner-masonry-sizer'><\/div><figure class='av-inner-masonry main_color'><div class=\"av-masonry-outerimage-container\"><div class=\"av-masonry-image-container\" style=\"background-image: url(https:\/\/casa.oaxaca.gob.mx\/wp-content\/uploads\/2024\/11\/c-linoleo-705x484.jpg);\"><img decoding=\"async\" src=\"https:\/\/casa.oaxaca.gob.mx\/wp-content\/uploads\/2024\/11\/c-linoleo-705x484.jpg\" title=\"c-linoleo\" alt=\"\" \/><\/div><\/div><figcaption class='av-inner-masonry-content site-background'><div class='av-inner-masonry-content-pos'><div class='av-inner-masonry-content-pos-content'><div class='avia-arrow'><\/div><h3 class='av-masonry-entry-title entry-title'  itemprop=\"headline\" >Taller presencial. Lin\u00f3leo. Jos\u00e9 Silverio Herrera.<\/h3><span class='av-masonry-date meta-color updated'><\/span><span class=\"av-masonry-text-sep text-sep-author\">\/<\/span><span class='av-masonry-author meta-color vcard author'><span class='fn'>by <\/span><\/span><\/div><\/div><\/figcaption><\/figure><\/a><!--end av-masonry entry--><a href=\"https:\/\/casa.oaxaca.gob.mx\/?p=15060\" id='av-masonry-1-item-15060' data-av-masonry-item='15060' class='av-masonry-entry isotope-item post-15060 post type-post status-publish format-standard has-post-thumbnail hentry category-201 all_sort 2024_sort  av-masonry-item-with-image' title=\"Taller presencial. Cerer\u00eda. Gregorio Monta\u00f1o Pablo.\"  itemscope=\"itemscope\" itemtype=\"https:\/\/schema.org\/CreativeWork\" ><div class='av-inner-masonry-sizer'><\/div><figure class='av-inner-masonry main_color'><div class=\"av-masonry-outerimage-container\"><div class=\"av-masonry-image-container\" style=\"background-image: url(https:\/\/casa.oaxaca.gob.mx\/wp-content\/uploads\/2024\/11\/C-CERERIA-705x484.jpg);\"><img decoding=\"async\" src=\"https:\/\/casa.oaxaca.gob.mx\/wp-content\/uploads\/2024\/11\/C-CERERIA-705x484.jpg\" title=\"C-CERERIA\" alt=\"\" \/><\/div><\/div><figcaption class='av-inner-masonry-content site-background'><div class='av-inner-masonry-content-pos'><div class='av-inner-masonry-content-pos-content'><div class='avia-arrow'><\/div><h3 class='av-masonry-entry-title entry-title'  itemprop=\"headline\" >Taller presencial. Cerer\u00eda. Gregorio Monta\u00f1o Pablo.<\/h3><span class='av-masonry-date meta-color updated'><\/span><span class=\"av-masonry-text-sep text-sep-author\">\/<\/span><span class='av-masonry-author meta-color vcard author'><span class='fn'>by <\/span><\/span><\/div><\/div><\/figcaption><\/figure><\/a><!--end av-masonry entry--><a href=\"https:\/\/casa.oaxaca.gob.mx\/?p=15053\" id='av-masonry-1-item-15053' data-av-masonry-item='15053' class='av-masonry-entry isotope-item post-15053 post type-post status-publish format-standard has-post-thumbnail hentry category-201 all_sort 2024_sort  av-masonry-item-with-image' title=\"Taller presencial. Grabado en monotipo. Virginia Ortega Sosa.\"  itemscope=\"itemscope\" itemtype=\"https:\/\/schema.org\/CreativeWork\" ><div class='av-inner-masonry-sizer'><\/div><figure class='av-inner-masonry main_color'><div class=\"av-masonry-outerimage-container\"><div class=\"av-masonry-image-container\" style=\"background-image: url(https:\/\/casa.oaxaca.gob.mx\/wp-content\/uploads\/2024\/11\/RotIndc-MONOTIPO-705x484.png);\"><img decoding=\"async\" src=\"https:\/\/casa.oaxaca.gob.mx\/wp-content\/uploads\/2024\/11\/RotIndc-MONOTIPO-705x484.png\" title=\"RotIndc-MONOTIPO\" alt=\"\" \/><\/div><\/div><figcaption class='av-inner-masonry-content site-background'><div class='av-inner-masonry-content-pos'><div class='av-inner-masonry-content-pos-content'><div class='avia-arrow'><\/div><h3 class='av-masonry-entry-title entry-title'  itemprop=\"headline\" >Taller presencial. Grabado en monotipo. Virginia Ortega Sosa.<\/h3><span class='av-masonry-date meta-color updated'><\/span><span class=\"av-masonry-text-sep text-sep-author\">\/<\/span><span class='av-masonry-author meta-color vcard author'><span class='fn'>by <\/span><\/span><\/div><\/div><\/figcaption><\/figure><\/a><!--end av-masonry entry--><a href=\"https:\/\/casa.oaxaca.gob.mx\/?p=15047\" id='av-masonry-1-item-15047' data-av-masonry-item='15047' class='av-masonry-entry isotope-item post-15047 post type-post status-publish format-standard has-post-thumbnail hentry category-201 all_sort 2024_sort  av-masonry-item-with-image' title=\"Taller presencial. Animales fant\u00e1sticos con madera. Emanuel Fabi\u00e1n Hern\u00e1ndez.\"  itemscope=\"itemscope\" itemtype=\"https:\/\/schema.org\/CreativeWork\" ><div class='av-inner-masonry-sizer'><\/div><figure class='av-inner-masonry main_color'><div class=\"av-masonry-outerimage-container\"><div class=\"av-masonry-image-container\" style=\"background-image: url(https:\/\/casa.oaxaca.gob.mx\/wp-content\/uploads\/2024\/11\/C-ANIMALES-705x484.jpg);\"><img decoding=\"async\" src=\"https:\/\/casa.oaxaca.gob.mx\/wp-content\/uploads\/2024\/11\/C-ANIMALES-705x484.jpg\" title=\"C-ANIMALES\" alt=\"\" \/><\/div><\/div><figcaption class='av-inner-masonry-content site-background'><div class='av-inner-masonry-content-pos'><div class='av-inner-masonry-content-pos-content'><div class='avia-arrow'><\/div><h3 class='av-masonry-entry-title entry-title'  itemprop=\"headline\" >Taller presencial. Animales fant\u00e1sticos con madera. Emanuel Fabi\u00e1n Hern\u00e1ndez.<\/h3><span class='av-masonry-date meta-color updated'><\/span><span class=\"av-masonry-text-sep text-sep-author\">\/<\/span><span class='av-masonry-author meta-color vcard author'><span class='fn'>by <\/span><\/span><\/div><\/div><\/figcaption><\/figure><\/a><!--end av-masonry entry--><a href=\"https:\/\/casa.oaxaca.gob.mx\/?p=15040\" id='av-masonry-1-item-15040' data-av-masonry-item='15040' class='av-masonry-entry isotope-item post-15040 post type-post status-publish format-standard has-post-thumbnail hentry category-201 all_sort 2024_sort  av-masonry-item-with-image' title=\"Taller presencial. Iniciaci\u00f3n al grabado. Enrique Flores.\"  itemscope=\"itemscope\" itemtype=\"https:\/\/schema.org\/CreativeWork\" ><div class='av-inner-masonry-sizer'><\/div><figure class='av-inner-masonry main_color'><div class=\"av-masonry-outerimage-container\"><div class=\"av-masonry-image-container\" style=\"background-image: url(https:\/\/casa.oaxaca.gob.mx\/wp-content\/uploads\/2024\/11\/C-INICIACION-AL-GRABADO-705x484.jpg);\"><img decoding=\"async\" src=\"https:\/\/casa.oaxaca.gob.mx\/wp-content\/uploads\/2024\/11\/C-INICIACION-AL-GRABADO-705x484.jpg\" title=\"C-INICIACION-AL-GRABADO\" alt=\"\" \/><\/div><\/div><figcaption class='av-inner-masonry-content site-background'><div class='av-inner-masonry-content-pos'><div class='av-inner-masonry-content-pos-content'><div class='avia-arrow'><\/div><h3 class='av-masonry-entry-title entry-title'  itemprop=\"headline\" >Taller presencial. Iniciaci\u00f3n al grabado. Enrique Flores.<\/h3><span class='av-masonry-date meta-color updated'><\/span><span class=\"av-masonry-text-sep text-sep-author\">\/<\/span><span class='av-masonry-author meta-color vcard author'><span class='fn'>by <\/span><\/span><\/div><\/div><\/figcaption><\/figure><\/a><!--end av-masonry entry--><a href=\"https:\/\/casa.oaxaca.gob.mx\/?p=15029\" id='av-masonry-1-item-15029' data-av-masonry-item='15029' class='av-masonry-entry isotope-item post-15029 post type-post status-publish format-standard has-post-thumbnail hentry category-201 all_sort 2024_sort  av-masonry-item-with-image' title=\"Taller presencial. Collage fuera del papel. Soledad V\u00e1squez Balderas.\"  itemscope=\"itemscope\" itemtype=\"https:\/\/schema.org\/CreativeWork\" ><div class='av-inner-masonry-sizer'><\/div><figure class='av-inner-masonry main_color'><div class=\"av-masonry-outerimage-container\"><div class=\"av-masonry-image-container\" style=\"background-image: url(https:\/\/casa.oaxaca.gob.mx\/wp-content\/uploads\/2024\/11\/C-COLLAGE-705x484.jpg);\"><img decoding=\"async\" src=\"https:\/\/casa.oaxaca.gob.mx\/wp-content\/uploads\/2024\/11\/C-COLLAGE-705x484.jpg\" title=\"C-COLLAGE\" alt=\"\" \/><\/div><\/div><figcaption class='av-inner-masonry-content site-background'><div class='av-inner-masonry-content-pos'><div class='av-inner-masonry-content-pos-content'><div class='avia-arrow'><\/div><h3 class='av-masonry-entry-title entry-title'  itemprop=\"headline\" >Taller presencial. Collage fuera del papel. Soledad V\u00e1squez Balderas.<\/h3><span class='av-masonry-date meta-color updated'><\/span><span class=\"av-masonry-text-sep text-sep-author\">\/<\/span><span class='av-masonry-author meta-color vcard author'><span class='fn'>by <\/span><\/span><\/div><\/div><\/figcaption><\/figure><\/a><!--end av-masonry entry--><a href=\"https:\/\/casa.oaxaca.gob.mx\/?p=15021\" id='av-masonry-1-item-15021' data-av-masonry-item='15021' class='av-masonry-entry isotope-item post-15021 post type-post status-publish format-standard has-post-thumbnail hentry category-201 all_sort 2024_sort  av-masonry-item-with-image' title=\"Taller presencial. Dibujo m\u00faltiple. Jos\u00e9 Silverio Herrera.\"  itemscope=\"itemscope\" itemtype=\"https:\/\/schema.org\/CreativeWork\" ><div class='av-inner-masonry-sizer'><\/div><figure class='av-inner-masonry main_color'><div class=\"av-masonry-outerimage-container\"><div class=\"av-masonry-image-container\" style=\"background-image: url(https:\/\/casa.oaxaca.gob.mx\/wp-content\/uploads\/2024\/11\/C-dibujomulti1-705x484.jpg);\"><img decoding=\"async\" src=\"https:\/\/casa.oaxaca.gob.mx\/wp-content\/uploads\/2024\/11\/C-dibujomulti1-705x484.jpg\" title=\"C-dibujomulti1\" alt=\"\" \/><\/div><\/div><figcaption class='av-inner-masonry-content site-background'><div class='av-inner-masonry-content-pos'><div class='av-inner-masonry-content-pos-content'><div class='avia-arrow'><\/div><h3 class='av-masonry-entry-title entry-title'  itemprop=\"headline\" >Taller presencial. Dibujo m\u00faltiple. Jos\u00e9 Silverio Herrera.<\/h3><span class='av-masonry-date meta-color updated'><\/span><span class=\"av-masonry-text-sep text-sep-author\">\/<\/span><span class='av-masonry-author meta-color vcard author'><span class='fn'>by <\/span><\/span><\/div><\/div><\/figcaption><\/figure><\/a><!--end av-masonry entry--><a href=\"https:\/\/casa.oaxaca.gob.mx\/?p=15004\" id='av-masonry-1-item-15004' data-av-masonry-item='15004' class='av-masonry-entry isotope-item post-15004 post type-post status-publish format-standard has-post-thumbnail hentry category-201 all_sort 2024_sort  av-masonry-item-with-image' title=\"Taller presencial. Cajas de hojalata. Tirso Cuevas.\"  itemscope=\"itemscope\" itemtype=\"https:\/\/schema.org\/CreativeWork\" ><div class='av-inner-masonry-sizer'><\/div><figure class='av-inner-masonry main_color'><div class=\"av-masonry-outerimage-container\"><div class=\"av-masonry-image-container\" style=\"background-image: url(https:\/\/casa.oaxaca.gob.mx\/wp-content\/uploads\/2024\/11\/C-CajasHojalata-705x484.jpg);\"><img decoding=\"async\" src=\"https:\/\/casa.oaxaca.gob.mx\/wp-content\/uploads\/2024\/11\/C-CajasHojalata-705x484.jpg\" title=\"C-CajasHojalata\" alt=\"\" \/><\/div><\/div><figcaption class='av-inner-masonry-content site-background'><div class='av-inner-masonry-content-pos'><div class='av-inner-masonry-content-pos-content'><div class='avia-arrow'><\/div><h3 class='av-masonry-entry-title entry-title'  itemprop=\"headline\" >Taller presencial. Cajas de hojalata. Tirso Cuevas.<\/h3><span class='av-masonry-date meta-color updated'><\/span><span class=\"av-masonry-text-sep text-sep-author\">\/<\/span><span class='av-masonry-author meta-color vcard author'><span class='fn'>by <\/span><\/span><\/div><\/div><\/figcaption><\/figure><\/a><!--end av-masonry entry--><a href=\"https:\/\/casa.oaxaca.gob.mx\/?p=15003\" id='av-masonry-1-item-15003' data-av-masonry-item='15003' class='av-masonry-entry isotope-item post-15003 post type-post status-publish format-standard has-post-thumbnail hentry category-201 all_sort 2024_sort  av-masonry-item-with-image' title=\"Taller presencial. Procesos de transferencia de la imagen. Francisco Quintanar.\"  itemscope=\"itemscope\" itemtype=\"https:\/\/schema.org\/CreativeWork\" ><div class='av-inner-masonry-sizer'><\/div><figure class='av-inner-masonry main_color'><div class=\"av-masonry-outerimage-container\"><div class=\"av-masonry-image-container\" style=\"background-image: url(https:\/\/casa.oaxaca.gob.mx\/wp-content\/uploads\/2024\/11\/c-TRANFER-705x484.jpg);\"><img decoding=\"async\" src=\"https:\/\/casa.oaxaca.gob.mx\/wp-content\/uploads\/2024\/11\/c-TRANFER-705x484.jpg\" title=\"c-TRANFER\" alt=\"\" \/><\/div><\/div><figcaption class='av-inner-masonry-content site-background'><div class='av-inner-masonry-content-pos'><div class='av-inner-masonry-content-pos-content'><div class='avia-arrow'><\/div><h3 class='av-masonry-entry-title entry-title'  itemprop=\"headline\" >Taller presencial. Procesos de transferencia de la imagen. Francisco Quintanar.<\/h3><span class='av-masonry-date meta-color updated'><\/span><span class=\"av-masonry-text-sep text-sep-author\">\/<\/span><span class='av-masonry-author meta-color vcard author'><span class='fn'>by <\/span><\/span><\/div><\/div><\/figcaption><\/figure><\/a><!--end av-masonry entry--><a href=\"https:\/\/casa.oaxaca.gob.mx\/?p=14986\" id='av-masonry-1-item-14986' data-av-masonry-item='14986' class='av-masonry-entry isotope-item post-14986 post type-post status-publish format-standard has-post-thumbnail hentry category-201 all_sort 2024_sort  av-masonry-item-with-image' title=\"Taller presencial. El dibujo es un fantasma. Iniciaci\u00f3n al grabado, punta seca y aguanta con lija Marco Velasco.\"  itemscope=\"itemscope\" itemtype=\"https:\/\/schema.org\/CreativeWork\" ><div class='av-inner-masonry-sizer'><\/div><figure class='av-inner-masonry main_color'><div class=\"av-masonry-outerimage-container\"><div class=\"av-masonry-image-container\" style=\"background-image: url(https:\/\/casa.oaxaca.gob.mx\/wp-content\/uploads\/2024\/11\/C-Lija-705x484.jpg);\"><img decoding=\"async\" src=\"https:\/\/casa.oaxaca.gob.mx\/wp-content\/uploads\/2024\/11\/C-Lija-705x484.jpg\" title=\"C-Lija\" alt=\"\" \/><\/div><\/div><figcaption class='av-inner-masonry-content site-background'><div class='av-inner-masonry-content-pos'><div class='av-inner-masonry-content-pos-content'><div class='avia-arrow'><\/div><h3 class='av-masonry-entry-title entry-title'  itemprop=\"headline\" >Taller presencial. El dibujo es un fantasma. Iniciaci\u00f3n al grabado, punta seca y aguanta con lija Marco Velasco.<\/h3><span class='av-masonry-date meta-color updated'><\/span><span class=\"av-masonry-text-sep text-sep-author\">\/<\/span><span class='av-masonry-author meta-color vcard author'><span class='fn'>by <\/span><\/span><\/div><\/div><\/figcaption><\/figure><\/a><!--end av-masonry entry--><a href=\"https:\/\/casa.oaxaca.gob.mx\/?p=14976\" id='av-masonry-1-item-14976' data-av-masonry-item='14976' class='av-masonry-entry isotope-item post-14976 post type-post status-publish format-standard has-post-thumbnail hentry category-201 all_sort 2024_sort  av-masonry-item-with-image' title=\"Taller presencial. Este no soy yo. Taller de monotipos. Marco Velasco.\"  itemscope=\"itemscope\" itemtype=\"https:\/\/schema.org\/CreativeWork\" ><div class='av-inner-masonry-sizer'><\/div><figure class='av-inner-masonry main_color'><div class=\"av-masonry-outerimage-container\"><div class=\"av-masonry-image-container\" style=\"background-image: url(https:\/\/casa.oaxaca.gob.mx\/wp-content\/uploads\/2024\/08\/C-Monotipos-2-705x484.png);\"><img decoding=\"async\" src=\"https:\/\/casa.oaxaca.gob.mx\/wp-content\/uploads\/2024\/08\/C-Monotipos-2-705x484.png\" title=\"C-Monotipos-(2)\" alt=\"\" \/><\/div><\/div><figcaption class='av-inner-masonry-content site-background'><div class='av-inner-masonry-content-pos'><div class='av-inner-masonry-content-pos-content'><div class='avia-arrow'><\/div><h3 class='av-masonry-entry-title entry-title'  itemprop=\"headline\" >Taller presencial. Este no soy yo. Taller de monotipos. Marco Velasco.<\/h3><span class='av-masonry-date meta-color updated'><\/span><span class=\"av-masonry-text-sep text-sep-author\">\/<\/span><span class='av-masonry-author meta-color vcard author'><span class='fn'>by <\/span><\/span><\/div><\/div><\/figcaption><\/figure><\/a><!--end av-masonry entry--><a href=\"https:\/\/casa.oaxaca.gob.mx\/?p=14968\" id='av-masonry-1-item-14968' data-av-masonry-item='14968' class='av-masonry-entry isotope-item post-14968 post type-post status-publish format-standard has-post-thumbnail hentry category-201 all_sort 2024_sort  av-masonry-item-with-image' title=\"Taller presencial. Estructuras de esqueleto con carrizo. Tom\u00e1s Bernal Cruz.\"  itemscope=\"itemscope\" itemtype=\"https:\/\/schema.org\/CreativeWork\" ><div class='av-inner-masonry-sizer'><\/div><figure class='av-inner-masonry main_color'><div class=\"av-masonry-outerimage-container\"><div class=\"av-masonry-image-container\" style=\"background-image: url(https:\/\/casa.oaxaca.gob.mx\/wp-content\/uploads\/2024\/11\/C-Carrizo-705x484.jpg);\"><img decoding=\"async\" src=\"https:\/\/casa.oaxaca.gob.mx\/wp-content\/uploads\/2024\/11\/C-Carrizo-705x484.jpg\" title=\"C-Carrizo\" alt=\"\" \/><\/div><\/div><figcaption class='av-inner-masonry-content site-background'><div class='av-inner-masonry-content-pos'><div class='av-inner-masonry-content-pos-content'><div class='avia-arrow'><\/div><h3 class='av-masonry-entry-title entry-title'  itemprop=\"headline\" >Taller presencial. Estructuras de esqueleto con carrizo. Tom\u00e1s Bernal Cruz.<\/h3><span class='av-masonry-date meta-color updated'><\/span><span class=\"av-masonry-text-sep text-sep-author\">\/<\/span><span class='av-masonry-author meta-color vcard author'><span class='fn'>by <\/span><\/span><\/div><\/div><\/figcaption><\/figure><\/a><!--end av-masonry entry--><a href=\"https:\/\/casa.oaxaca.gob.mx\/?p=14961\" id='av-masonry-1-item-14961' data-av-masonry-item='14961' class='av-masonry-entry isotope-item post-14961 post type-post status-publish format-standard has-post-thumbnail hentry category-201 all_sort 2024_sort  av-masonry-item-with-image' title=\"Taller presencial. Iluminaci\u00f3n a la fotograf\u00eda. Yadani Mart\u00ednez.\"  itemscope=\"itemscope\" itemtype=\"https:\/\/schema.org\/CreativeWork\" ><div class='av-inner-masonry-sizer'><\/div><figure class='av-inner-masonry main_color'><div class=\"av-masonry-outerimage-container\"><div class=\"av-masonry-image-container\" style=\"background-image: url(https:\/\/casa.oaxaca.gob.mx\/wp-content\/uploads\/2024\/11\/C-Iluminacion-705x484.jpg);\"><img decoding=\"async\" src=\"https:\/\/casa.oaxaca.gob.mx\/wp-content\/uploads\/2024\/11\/C-Iluminacion-705x484.jpg\" title=\"C-Iluminacion\" alt=\"\" \/><\/div><\/div><figcaption class='av-inner-masonry-content site-background'><div class='av-inner-masonry-content-pos'><div class='av-inner-masonry-content-pos-content'><div class='avia-arrow'><\/div><h3 class='av-masonry-entry-title entry-title'  itemprop=\"headline\" >Taller presencial. Iluminaci\u00f3n a la fotograf\u00eda. Yadani Mart\u00ednez.<\/h3><span class='av-masonry-date meta-color updated'><\/span><span class=\"av-masonry-text-sep text-sep-author\">\/<\/span><span class='av-masonry-author meta-color vcard author'><span class='fn'>by <\/span><\/span><\/div><\/div><\/figcaption><\/figure><\/a><!--end av-masonry entry--><a href=\"https:\/\/casa.oaxaca.gob.mx\/?p=14953\" id='av-masonry-1-item-14953' data-av-masonry-item='14953' class='av-masonry-entry isotope-item post-14953 post type-post status-publish format-standard has-post-thumbnail hentry category-201 all_sort 2024_sort  av-masonry-item-with-image' title=\"Taller presencial. Aprende a usar tu c\u00e1mara. Eva L\u00e9piz.\"  itemscope=\"itemscope\" itemtype=\"https:\/\/schema.org\/CreativeWork\" ><div class='av-inner-masonry-sizer'><\/div><figure class='av-inner-masonry main_color'><div class=\"av-masonry-outerimage-container\"><div class=\"av-masonry-image-container\" style=\"background-image: url(https:\/\/casa.oaxaca.gob.mx\/wp-content\/uploads\/2024\/11\/C-Usarlacamara-705x484.jpg);\"><img decoding=\"async\" src=\"https:\/\/casa.oaxaca.gob.mx\/wp-content\/uploads\/2024\/11\/C-Usarlacamara-705x484.jpg\" title=\"C-Usarlacamara\" alt=\"\" \/><\/div><\/div><figcaption class='av-inner-masonry-content site-background'><div class='av-inner-masonry-content-pos'><div class='av-inner-masonry-content-pos-content'><div class='avia-arrow'><\/div><h3 class='av-masonry-entry-title entry-title'  itemprop=\"headline\" >Taller presencial. Aprende a usar tu c\u00e1mara. Eva L\u00e9piz.<\/h3><span class='av-masonry-date meta-color updated'><\/span><span class=\"av-masonry-text-sep text-sep-author\">\/<\/span><span class='av-masonry-author meta-color vcard author'><span class='fn'>by <\/span><\/span><\/div><\/div><\/figcaption><\/figure><\/a><!--end av-masonry entry--><a href=\"https:\/\/casa.oaxaca.gob.mx\/?p=14946\" id='av-masonry-1-item-14946' data-av-masonry-item='14946' class='av-masonry-entry isotope-item post-14946 post type-post status-publish format-standard has-post-thumbnail hentry category-201 all_sort 2024_sort  av-masonry-item-with-image' title=\"Taller presencial. Iniciaci\u00f3n a la xilograf\u00eda. Ver\u00f3nica Cruz.\"  itemscope=\"itemscope\" itemtype=\"https:\/\/schema.org\/CreativeWork\" ><div class='av-inner-masonry-sizer'><\/div><figure class='av-inner-masonry main_color'><div class=\"av-masonry-outerimage-container\"><div class=\"av-masonry-image-container\" style=\"background-image: url(https:\/\/casa.oaxaca.gob.mx\/wp-content\/uploads\/2024\/11\/C-Xilografia-705x484.jpg);\"><img decoding=\"async\" src=\"https:\/\/casa.oaxaca.gob.mx\/wp-content\/uploads\/2024\/11\/C-Xilografia-705x484.jpg\" title=\"C-Xilografia\" alt=\"\" \/><\/div><\/div><figcaption class='av-inner-masonry-content site-background'><div class='av-inner-masonry-content-pos'><div class='av-inner-masonry-content-pos-content'><div class='avia-arrow'><\/div><h3 class='av-masonry-entry-title entry-title'  itemprop=\"headline\" >Taller presencial. Iniciaci\u00f3n a la xilograf\u00eda. Ver\u00f3nica Cruz.<\/h3><span class='av-masonry-date meta-color updated'><\/span><span class=\"av-masonry-text-sep text-sep-author\">\/<\/span><span class='av-masonry-author meta-color vcard author'><span class='fn'>by <\/span><\/span><\/div><\/div><\/figcaption><\/figure><\/a><!--end av-masonry entry--><a href=\"https:\/\/casa.oaxaca.gob.mx\/?p=14941\" id='av-masonry-1-item-14941' data-av-masonry-item='14941' class='av-masonry-entry isotope-item post-14941 post type-post status-publish format-standard has-post-thumbnail hentry category-201 all_sort 2024_sort  av-masonry-item-with-image' title=\"Taller presencial. M\u00e1scaras de cer\u00e1mica. To\u00f1ita Silv.\"  itemscope=\"itemscope\" itemtype=\"https:\/\/schema.org\/CreativeWork\" ><div class='av-inner-masonry-sizer'><\/div><figure class='av-inner-masonry main_color'><div class=\"av-masonry-outerimage-container\"><div class=\"av-masonry-image-container\" style=\"background-image: url(https:\/\/casa.oaxaca.gob.mx\/wp-content\/uploads\/2024\/11\/C-mascaras-705x484.jpg);\"><img decoding=\"async\" src=\"https:\/\/casa.oaxaca.gob.mx\/wp-content\/uploads\/2024\/11\/C-mascaras-705x484.jpg\" title=\"C-mascaras\" alt=\"\" \/><\/div><\/div><figcaption class='av-inner-masonry-content site-background'><div class='av-inner-masonry-content-pos'><div class='av-inner-masonry-content-pos-content'><div class='avia-arrow'><\/div><h3 class='av-masonry-entry-title entry-title'  itemprop=\"headline\" >Taller presencial. M\u00e1scaras de cer\u00e1mica. To\u00f1ita Silv.<\/h3><span class='av-masonry-date meta-color updated'><\/span><span class=\"av-masonry-text-sep text-sep-author\">\/<\/span><span class='av-masonry-author meta-color vcard author'><span class='fn'>by <\/span><\/span><\/div><\/div><\/figcaption><\/figure><\/a><!--end av-masonry entry--><a href=\"https:\/\/casa.oaxaca.gob.mx\/?p=14910\" id='av-masonry-1-item-14910' data-av-masonry-item='14910' class='av-masonry-entry isotope-item post-14910 post type-post status-publish format-standard has-post-thumbnail hentry category-201 all_sort 2024_sort  av-masonry-item-with-image' title=\"Taller presencial. Para leerte mejor. Irais Trujillo.\"  itemscope=\"itemscope\" itemtype=\"https:\/\/schema.org\/CreativeWork\" ><div class='av-inner-masonry-sizer'><\/div><figure class='av-inner-masonry main_color'><div class=\"av-masonry-outerimage-container\"><div class=\"av-masonry-image-container\" style=\"background-image: url(https:\/\/casa.oaxaca.gob.mx\/wp-content\/uploads\/2024\/10\/C-Para-leertemejor-705x484.jpg);\"><img decoding=\"async\" src=\"https:\/\/casa.oaxaca.gob.mx\/wp-content\/uploads\/2024\/10\/C-Para-leertemejor-705x484.jpg\" title=\"C-Para leertemejor\" alt=\"\" \/><\/div><\/div><figcaption class='av-inner-masonry-content site-background'><div class='av-inner-masonry-content-pos'><div class='av-inner-masonry-content-pos-content'><div class='avia-arrow'><\/div><h3 class='av-masonry-entry-title entry-title'  itemprop=\"headline\" >Taller presencial. Para leerte mejor. Irais Trujillo.<\/h3><span class='av-masonry-date meta-color updated'><\/span><span class=\"av-masonry-text-sep text-sep-author\">\/<\/span><span class='av-masonry-author meta-color vcard author'><span class='fn'>by <\/span><\/span><\/div><\/div><\/figcaption><\/figure><\/a><!--end av-masonry entry--><a href=\"https:\/\/casa.oaxaca.gob.mx\/?p=14901\" id='av-masonry-1-item-14901' data-av-masonry-item='14901' class='av-masonry-entry isotope-item post-14901 post type-post status-publish format-standard has-post-thumbnail hentry category-201 all_sort 2024_sort  av-masonry-item-with-image' title=\"Taller presencial. Iniciaci\u00f3n al ballet. Vania Robles Mej\u00eda.\"  itemscope=\"itemscope\" itemtype=\"https:\/\/schema.org\/CreativeWork\" ><div class='av-inner-masonry-sizer'><\/div><figure class='av-inner-masonry main_color'><div class=\"av-masonry-outerimage-container\"><div class=\"av-masonry-image-container\" style=\"background-image: url(https:\/\/casa.oaxaca.gob.mx\/wp-content\/uploads\/2024\/10\/c-ballet-705x484.jpg);\"><img decoding=\"async\" src=\"https:\/\/casa.oaxaca.gob.mx\/wp-content\/uploads\/2024\/10\/c-ballet-705x484.jpg\" title=\"c-ballet\" alt=\"\" \/><\/div><\/div><figcaption class='av-inner-masonry-content site-background'><div class='av-inner-masonry-content-pos'><div class='av-inner-masonry-content-pos-content'><div class='avia-arrow'><\/div><h3 class='av-masonry-entry-title entry-title'  itemprop=\"headline\" >Taller presencial. Iniciaci\u00f3n al ballet. Vania Robles Mej\u00eda.<\/h3><span class='av-masonry-date meta-color updated'><\/span><span class=\"av-masonry-text-sep text-sep-author\">\/<\/span><span class='av-masonry-author meta-color vcard author'><span class='fn'>by <\/span><\/span><\/div><\/div><\/figcaption><\/figure><\/a><!--end av-masonry entry--><a href=\"https:\/\/casa.oaxaca.gob.mx\/?p=14828\" id='av-masonry-1-item-14828' data-av-masonry-item='14828' class='av-masonry-entry isotope-item post-14828 post type-post status-publish format-standard has-post-thumbnail hentry category-201 all_sort 2024_sort  av-masonry-item-with-image' title=\"Taller presencial. Construye una c\u00e1mara. Fotograf\u00eda estenopeica. Rogelio Gonz\u00e1lez.\"  itemscope=\"itemscope\" itemtype=\"https:\/\/schema.org\/CreativeWork\" ><div class='av-inner-masonry-sizer'><\/div><figure class='av-inner-masonry main_color'><div class=\"av-masonry-outerimage-container\"><div class=\"av-masonry-image-container\" style=\"background-image: url(https:\/\/casa.oaxaca.gob.mx\/wp-content\/uploads\/2024\/10\/C-fotoestenopeica-705x484.jpg);\"><img decoding=\"async\" src=\"https:\/\/casa.oaxaca.gob.mx\/wp-content\/uploads\/2024\/10\/C-fotoestenopeica-705x484.jpg\" title=\"C-fotoestenopeica\" alt=\"\" \/><\/div><\/div><figcaption class='av-inner-masonry-content site-background'><div class='av-inner-masonry-content-pos'><div class='av-inner-masonry-content-pos-content'><div class='avia-arrow'><\/div><h3 class='av-masonry-entry-title entry-title'  itemprop=\"headline\" >Taller presencial. Construye una c\u00e1mara. Fotograf\u00eda estenopeica. Rogelio Gonz\u00e1lez.<\/h3><span class='av-masonry-date meta-color updated'><\/span><span class=\"av-masonry-text-sep text-sep-author\">\/<\/span><span class='av-masonry-author meta-color vcard author'><span class='fn'>by <\/span><\/span><\/div><\/div><\/figcaption><\/figure><\/a><!--end av-masonry entry--><a href=\"https:\/\/casa.oaxaca.gob.mx\/?p=14804\" id='av-masonry-1-item-14804' data-av-masonry-item='14804' class='av-masonry-entry isotope-item post-14804 post type-post status-publish format-standard has-post-thumbnail hentry category-201 all_sort 2024_sort  av-masonry-item-with-image' title=\"Taller presencial. Elaboraci\u00f3n de moldes para escamado de velas. Marco Antonio Miranda Razo.\"  itemscope=\"itemscope\" itemtype=\"https:\/\/schema.org\/CreativeWork\" ><div class='av-inner-masonry-sizer'><\/div><figure class='av-inner-masonry main_color'><div class=\"av-masonry-outerimage-container\"><div class=\"av-masonry-image-container\" style=\"background-image: url(https:\/\/casa.oaxaca.gob.mx\/wp-content\/uploads\/2024\/10\/C-Velas-705x484.png);\"><img decoding=\"async\" src=\"https:\/\/casa.oaxaca.gob.mx\/wp-content\/uploads\/2024\/10\/C-Velas-705x484.png\" title=\"C-Velas\" alt=\"\" \/><\/div><\/div><figcaption class='av-inner-masonry-content site-background'><div class='av-inner-masonry-content-pos'><div class='av-inner-masonry-content-pos-content'><div class='avia-arrow'><\/div><h3 class='av-masonry-entry-title entry-title'  itemprop=\"headline\" >Taller presencial. Elaboraci\u00f3n de moldes para escamado de velas. Marco Antonio Miranda Razo.<\/h3><span class='av-masonry-date meta-color updated'><\/span><span class=\"av-masonry-text-sep text-sep-author\">\/<\/span><span class='av-masonry-author meta-color vcard author'><span class='fn'>by <\/span><\/span><\/div><\/div><\/figcaption><\/figure><\/a><!--end av-masonry entry--><a href=\"https:\/\/casa.oaxaca.gob.mx\/?p=14796\" id='av-masonry-1-item-14796' data-av-masonry-item='14796' class='av-masonry-entry isotope-item post-14796 post type-post status-publish format-standard has-post-thumbnail hentry category-201 all_sort 2024_sort  av-masonry-item-with-image' title=\"Taller presencial. Cester\u00eda con la t\u00e9cnica de nudo mixteco. Abel L\u00f3pez Diego.\"  itemscope=\"itemscope\" itemtype=\"https:\/\/schema.org\/CreativeWork\" ><div class='av-inner-masonry-sizer'><\/div><figure class='av-inner-masonry main_color'><div class=\"av-masonry-outerimage-container\"><div class=\"av-masonry-image-container\" style=\"background-image: url(https:\/\/casa.oaxaca.gob.mx\/wp-content\/uploads\/2024\/10\/C-Nudo-705x484.png);\"><img decoding=\"async\" src=\"https:\/\/casa.oaxaca.gob.mx\/wp-content\/uploads\/2024\/10\/C-Nudo-705x484.png\" title=\"C-Nudo\" alt=\"\" \/><\/div><\/div><figcaption class='av-inner-masonry-content site-background'><div class='av-inner-masonry-content-pos'><div class='av-inner-masonry-content-pos-content'><div class='avia-arrow'><\/div><h3 class='av-masonry-entry-title entry-title'  itemprop=\"headline\" >Taller presencial. Cester\u00eda con la t\u00e9cnica de nudo mixteco. Abel L\u00f3pez Diego.<\/h3><span class='av-masonry-date meta-color updated'><\/span><span class=\"av-masonry-text-sep text-sep-author\">\/<\/span><span class='av-masonry-author meta-color vcard author'><span class='fn'>by <\/span><\/span><\/div><\/div><\/figcaption><\/figure><\/a><!--end av-masonry entry--><a href=\"https:\/\/casa.oaxaca.gob.mx\/?p=14788\" id='av-masonry-1-item-14788' data-av-masonry-item='14788' class='av-masonry-entry isotope-item post-14788 post type-post status-publish format-standard has-post-thumbnail hentry category-201 all_sort 2024_sort  av-masonry-item-with-image' title=\"Taller presencial. Animales fant\u00e1sticos con madera. Natividad Altamirano.\"  itemscope=\"itemscope\" itemtype=\"https:\/\/schema.org\/CreativeWork\" ><div class='av-inner-masonry-sizer'><\/div><figure class='av-inner-masonry main_color'><div class=\"av-masonry-outerimage-container\"><div class=\"av-masonry-image-container\" style=\"background-image: url(https:\/\/casa.oaxaca.gob.mx\/wp-content\/uploads\/2024\/10\/C-AnimalesMadera-705x484.png);\"><img decoding=\"async\" src=\"https:\/\/casa.oaxaca.gob.mx\/wp-content\/uploads\/2024\/10\/C-AnimalesMadera-705x484.png\" title=\"C-AnimalesMadera\" alt=\"\" \/><\/div><\/div><figcaption class='av-inner-masonry-content site-background'><div class='av-inner-masonry-content-pos'><div class='av-inner-masonry-content-pos-content'><div class='avia-arrow'><\/div><h3 class='av-masonry-entry-title entry-title'  itemprop=\"headline\" >Taller presencial. Animales fant\u00e1sticos con madera. Natividad Altamirano.<\/h3><span class='av-masonry-date meta-color updated'><\/span><span class=\"av-masonry-text-sep text-sep-author\">\/<\/span><span class='av-masonry-author meta-color vcard author'><span class='fn'>by <\/span><\/span><\/div><\/div><\/figcaption><\/figure><\/a><!--end av-masonry entry--><a href=\"https:\/\/casa.oaxaca.gob.mx\/?p=14782\" id='av-masonry-1-item-14782' data-av-masonry-item='14782' class='av-masonry-entry isotope-item post-14782 post type-post status-publish format-standard has-post-thumbnail hentry category-201 all_sort 2024_sort  av-masonry-item-with-image' title=\"Taller presencial. Dise\u00f1o de patrones. Kimbal Estudio.\"  itemscope=\"itemscope\" itemtype=\"https:\/\/schema.org\/CreativeWork\" ><div class='av-inner-masonry-sizer'><\/div><figure class='av-inner-masonry main_color'><div class=\"av-masonry-outerimage-container\"><div class=\"av-masonry-image-container\" style=\"background-image: url(https:\/\/casa.oaxaca.gob.mx\/wp-content\/uploads\/2024\/10\/C-patrones-705x484.png);\"><img decoding=\"async\" src=\"https:\/\/casa.oaxaca.gob.mx\/wp-content\/uploads\/2024\/10\/C-patrones-705x484.png\" title=\"C-patrones\" alt=\"\" \/><\/div><\/div><figcaption class='av-inner-masonry-content site-background'><div class='av-inner-masonry-content-pos'><div class='av-inner-masonry-content-pos-content'><div class='avia-arrow'><\/div><h3 class='av-masonry-entry-title entry-title'  itemprop=\"headline\" >Taller presencial. Dise\u00f1o de patrones. Kimbal Estudio.<\/h3><span class='av-masonry-date meta-color updated'><\/span><span class=\"av-masonry-text-sep text-sep-author\">\/<\/span><span class='av-masonry-author meta-color vcard author'><span class='fn'>by <\/span><\/span><\/div><\/div><\/figcaption><\/figure><\/a><!--end av-masonry entry--><a href=\"https:\/\/casa.oaxaca.gob.mx\/?p=14763\" id='av-masonry-1-item-14763' data-av-masonry-item='14763' class='av-masonry-entry isotope-item post-14763 post type-post status-publish format-standard has-post-thumbnail hentry category-programa-de-desarrollo-de-arte-y-cultura-citibanamex all_sort programa-de-desarrollo-de-arte-y-cultura-citibanamex_sort  av-masonry-item-with-image' title=\"Programa de Desarrollo de Arte y Cultura Citibanamex\"  itemscope=\"itemscope\" itemtype=\"https:\/\/schema.org\/CreativeWork\" ><div class='av-inner-masonry-sizer'><\/div><figure class='av-inner-masonry main_color'><div class=\"av-masonry-outerimage-container\"><div class=\"av-masonry-image-container\" style=\"background-image: url(https:\/\/casa.oaxaca.gob.mx\/wp-content\/uploads\/2024\/10\/Captura-de-Pantalla-2024-10-16-a-las-17.29.19.png);\"><img decoding=\"async\" src=\"https:\/\/casa.oaxaca.gob.mx\/wp-content\/uploads\/2024\/10\/Captura-de-Pantalla-2024-10-16-a-las-17.29.19.png\" title=\"Captura de Pantalla 2024-10-16 a la(s) 17.29.19\" alt=\"\" \/><\/div><\/div><figcaption class='av-inner-masonry-content site-background'><div class='av-inner-masonry-content-pos'><div class='av-inner-masonry-content-pos-content'><div class='avia-arrow'><\/div><h3 class='av-masonry-entry-title entry-title'  itemprop=\"headline\" >Programa de Desarrollo de Arte y Cultura Citibanamex<\/h3><span class='av-masonry-date meta-color updated'><\/span><span class=\"av-masonry-text-sep text-sep-author\">\/<\/span><span class='av-masonry-author meta-color vcard author'><span class='fn'>by <\/span><\/span><\/div><\/div><\/figcaption><\/figure><\/a><!--end av-masonry entry--><a href=\"https:\/\/casa.oaxaca.gob.mx\/?p=14752\" id='av-masonry-1-item-14752' data-av-masonry-item='14752' class='av-masonry-entry isotope-item post-14752 post type-post status-publish format-standard has-post-thumbnail hentry category-201 all_sort 2024_sort  av-masonry-item-with-image' title=\"Taller presencial. Espejos con hojalata. Tirso Cuevas.\"  itemscope=\"itemscope\" itemtype=\"https:\/\/schema.org\/CreativeWork\" ><div class='av-inner-masonry-sizer'><\/div><figure class='av-inner-masonry main_color'><div class=\"av-masonry-outerimage-container\"><div class=\"av-masonry-image-container\" style=\"background-image: url(https:\/\/casa.oaxaca.gob.mx\/wp-content\/uploads\/2024\/10\/ojalata-cerrada-705x484.jpg);\"><img decoding=\"async\" src=\"https:\/\/casa.oaxaca.gob.mx\/wp-content\/uploads\/2024\/10\/ojalata-cerrada-705x484.jpg\" title=\"ojalata-cerrada\" alt=\"\" \/><\/div><\/div><figcaption class='av-inner-masonry-content site-background'><div class='av-inner-masonry-content-pos'><div class='av-inner-masonry-content-pos-content'><div class='avia-arrow'><\/div><h3 class='av-masonry-entry-title entry-title'  itemprop=\"headline\" >Taller presencial. Espejos con hojalata. Tirso Cuevas.<\/h3><span class='av-masonry-date meta-color updated'><\/span><span class=\"av-masonry-text-sep text-sep-author\">\/<\/span><span class='av-masonry-author meta-color vcard author'><span class='fn'>by <\/span><\/span><\/div><\/div><\/figcaption><\/figure><\/a><!--end av-masonry entry--><a href=\"https:\/\/casa.oaxaca.gob.mx\/?p=14736\" id='av-masonry-1-item-14736' data-av-masonry-item='14736' class='av-masonry-entry isotope-item post-14736 post type-post status-publish format-standard has-post-thumbnail hentry category-201 all_sort 2024_sort  av-masonry-item-with-image' title=\"Taller presencial. Fotograf\u00eda en cuarto oscuro con reveladores ecol\u00f3gicos. Conrado L\u00f3pez &#8211; Dito Traspi.\"  itemscope=\"itemscope\" itemtype=\"https:\/\/schema.org\/CreativeWork\" ><div class='av-inner-masonry-sizer'><\/div><figure class='av-inner-masonry main_color'><div class=\"av-masonry-outerimage-container\"><div class=\"av-masonry-image-container\" style=\"background-image: url(https:\/\/casa.oaxaca.gob.mx\/wp-content\/uploads\/2024\/10\/fotografia-cerrada-705x484.jpg);\"><img decoding=\"async\" src=\"https:\/\/casa.oaxaca.gob.mx\/wp-content\/uploads\/2024\/10\/fotografia-cerrada-705x484.jpg\" title=\"fotografia-cerrada\" alt=\"\" \/><\/div><\/div><figcaption class='av-inner-masonry-content site-background'><div class='av-inner-masonry-content-pos'><div class='av-inner-masonry-content-pos-content'><div class='avia-arrow'><\/div><h3 class='av-masonry-entry-title entry-title'  itemprop=\"headline\" >Taller presencial. Fotograf\u00eda en cuarto oscuro con reveladores ecol\u00f3gicos. Conrado L\u00f3pez &#8211; Dito Traspi.<\/h3><span class='av-masonry-date meta-color updated'><\/span><span class=\"av-masonry-text-sep text-sep-author\">\/<\/span><span class='av-masonry-author meta-color vcard author'><span class='fn'>by <\/span><\/span><\/div><\/div><\/figcaption><\/figure><\/a><!--end av-masonry entry--><a href=\"https:\/\/casa.oaxaca.gob.mx\/?p=14727\" id='av-masonry-1-item-14727' data-av-masonry-item='14727' class='av-masonry-entry isotope-item post-14727 post type-post status-publish format-standard has-post-thumbnail hentry category-201 all_sort 2024_sort  av-masonry-item-with-image' title=\"Taller presencial. Bordado con lentejuelas para m\u00e1scaras y aplicaciones. Blanca Miguel Doquiz.\"  itemscope=\"itemscope\" itemtype=\"https:\/\/schema.org\/CreativeWork\" ><div class='av-inner-masonry-sizer'><\/div><figure class='av-inner-masonry main_color'><div class=\"av-masonry-outerimage-container\"><div class=\"av-masonry-image-container\" style=\"background-image: url(https:\/\/casa.oaxaca.gob.mx\/wp-content\/uploads\/2024\/10\/mascaras-cerrada-705x484.jpg);\"><img decoding=\"async\" src=\"https:\/\/casa.oaxaca.gob.mx\/wp-content\/uploads\/2024\/10\/mascaras-cerrada-705x484.jpg\" title=\"mascaras-cerrada\" alt=\"\" \/><\/div><\/div><figcaption class='av-inner-masonry-content site-background'><div class='av-inner-masonry-content-pos'><div class='av-inner-masonry-content-pos-content'><div class='avia-arrow'><\/div><h3 class='av-masonry-entry-title entry-title'  itemprop=\"headline\" >Taller presencial. Bordado con lentejuelas para m\u00e1scaras y aplicaciones. Blanca Miguel Doquiz.<\/h3><span class='av-masonry-date meta-color updated'><\/span><span class=\"av-masonry-text-sep text-sep-author\">\/<\/span><span class='av-masonry-author meta-color vcard author'><span class='fn'>by <\/span><\/span><\/div><\/div><\/figcaption><\/figure><\/a><!--end av-masonry entry--><a href=\"https:\/\/casa.oaxaca.gob.mx\/?p=14723\" id='av-masonry-1-item-14723' data-av-masonry-item='14723' class='av-masonry-entry isotope-item post-14723 post type-post status-publish format-standard has-post-thumbnail hentry category-201 all_sort 2024_sort  av-masonry-item-with-image' title=\"Taller presencial. Juguetes tradicionales con carrizo. Tom\u00e1s Bernal.\"  itemscope=\"itemscope\" itemtype=\"https:\/\/schema.org\/CreativeWork\" ><div class='av-inner-masonry-sizer'><\/div><figure class='av-inner-masonry main_color'><div class=\"av-masonry-outerimage-container\"><div class=\"av-masonry-image-container\" style=\"background-image: url(https:\/\/casa.oaxaca.gob.mx\/wp-content\/uploads\/2024\/10\/carrizo-cerrada-705x484.jpg);\"><img decoding=\"async\" src=\"https:\/\/casa.oaxaca.gob.mx\/wp-content\/uploads\/2024\/10\/carrizo-cerrada-705x484.jpg\" title=\"carrizo-cerrada\" alt=\"\" \/><\/div><\/div><figcaption class='av-inner-masonry-content site-background'><div class='av-inner-masonry-content-pos'><div class='av-inner-masonry-content-pos-content'><div class='avia-arrow'><\/div><h3 class='av-masonry-entry-title entry-title'  itemprop=\"headline\" >Taller presencial. Juguetes tradicionales con carrizo. Tom\u00e1s Bernal.<\/h3><span class='av-masonry-date meta-color updated'><\/span><span class=\"av-masonry-text-sep text-sep-author\">\/<\/span><span class='av-masonry-author meta-color vcard author'><span class='fn'>by <\/span><\/span><\/div><\/div><\/figcaption><\/figure><\/a><!--end av-masonry entry--><a href=\"https:\/\/casa.oaxaca.gob.mx\/?p=14713\" id='av-masonry-1-item-14713' data-av-masonry-item='14713' class='av-masonry-entry isotope-item post-14713 post type-post status-publish format-standard has-post-thumbnail hentry category-201 all_sort 2024_sort  av-masonry-item-with-image' title=\"Taller presencial. Grabado en Monotipo. Virginia Ortega Sosa.\"  itemscope=\"itemscope\" itemtype=\"https:\/\/schema.org\/CreativeWork\" ><div class='av-inner-masonry-sizer'><\/div><figure class='av-inner-masonry main_color'><div class=\"av-masonry-outerimage-container\"><div class=\"av-masonry-image-container\" style=\"background-image: url(https:\/\/casa.oaxaca.gob.mx\/wp-content\/uploads\/2024\/10\/monotipoooo-705x484.png);\"><img decoding=\"async\" src=\"https:\/\/casa.oaxaca.gob.mx\/wp-content\/uploads\/2024\/10\/monotipoooo-705x484.png\" title=\"monotipoooo\" alt=\"\" \/><\/div><\/div><figcaption class='av-inner-masonry-content site-background'><div class='av-inner-masonry-content-pos'><div class='av-inner-masonry-content-pos-content'><div class='avia-arrow'><\/div><h3 class='av-masonry-entry-title entry-title'  itemprop=\"headline\" >Taller presencial. Grabado en Monotipo. Virginia Ortega Sosa.<\/h3><span class='av-masonry-date meta-color updated'><\/span><span class=\"av-masonry-text-sep text-sep-author\">\/<\/span><span class='av-masonry-author meta-color vcard author'><span class='fn'>by <\/span><\/span><\/div><\/div><\/figcaption><\/figure><\/a><!--end av-masonry entry--><a href=\"https:\/\/casa.oaxaca.gob.mx\/?p=14706\" id='av-masonry-1-item-14706' data-av-masonry-item='14706' class='av-masonry-entry isotope-item post-14706 post type-post status-publish format-standard has-post-thumbnail hentry category-201 all_sort 2024_sort  av-masonry-item-with-image' title=\"Taller presencial. Pinturas de tierra y plantas. Roxana \u00c1ngel (Rox &#038; Roll).\"  itemscope=\"itemscope\" itemtype=\"https:\/\/schema.org\/CreativeWork\" ><div class='av-inner-masonry-sizer'><\/div><figure class='av-inner-masonry main_color'><div class=\"av-masonry-outerimage-container\"><div class=\"av-masonry-image-container\" style=\"background-image: url(https:\/\/casa.oaxaca.gob.mx\/wp-content\/uploads\/2024\/10\/pintura-cerrado-705x484.jpg);\"><img decoding=\"async\" src=\"https:\/\/casa.oaxaca.gob.mx\/wp-content\/uploads\/2024\/10\/pintura-cerrado-705x484.jpg\" title=\"pintura-cerrado\" alt=\"\" \/><\/div><\/div><figcaption class='av-inner-masonry-content site-background'><div class='av-inner-masonry-content-pos'><div class='av-inner-masonry-content-pos-content'><div class='avia-arrow'><\/div><h3 class='av-masonry-entry-title entry-title'  itemprop=\"headline\" >Taller presencial. Pinturas de tierra y plantas. Roxana \u00c1ngel (Rox &#038; Roll).<\/h3><span class='av-masonry-date meta-color updated'><\/span><span class=\"av-masonry-text-sep text-sep-author\">\/<\/span><span class='av-masonry-author meta-color vcard author'><span class='fn'>by <\/span><\/span><\/div><\/div><\/figcaption><\/figure><\/a><!--end av-masonry entry--><a href=\"https:\/\/casa.oaxaca.gob.mx\/?p=14689\" id='av-masonry-1-item-14689' data-av-masonry-item='14689' class='av-masonry-entry isotope-item post-14689 post type-post status-publish format-standard has-post-thumbnail hentry category-201 all_sort 2024_sort  av-masonry-item-with-image' title=\"Programa presencial. S\u00e9ptimo Diplomado en Dise\u00f1o Industrial de Objetos (DIO).\"  itemscope=\"itemscope\" itemtype=\"https:\/\/schema.org\/CreativeWork\" ><div class='av-inner-masonry-sizer'><\/div><figure class='av-inner-masonry main_color'><div class=\"av-masonry-outerimage-container\"><div class=\"av-masonry-image-container\" style=\"background-image: url(https:\/\/casa.oaxaca.gob.mx\/wp-content\/uploads\/2024\/09\/A-Sisteasconstructivos1-705x484.jpg);\"><img decoding=\"async\" src=\"https:\/\/casa.oaxaca.gob.mx\/wp-content\/uploads\/2024\/09\/A-Sisteasconstructivos1-705x484.jpg\" title=\"A-Sisteasconstructivos1\" alt=\"\" \/><\/div><\/div><figcaption class='av-inner-masonry-content site-background'><div class='av-inner-masonry-content-pos'><div class='av-inner-masonry-content-pos-content'><div class='avia-arrow'><\/div><h3 class='av-masonry-entry-title entry-title'  itemprop=\"headline\" >Programa presencial. S\u00e9ptimo Diplomado en Dise\u00f1o Industrial de Objetos (DIO).<\/h3><span class='av-masonry-date meta-color updated'><\/span><span class=\"av-masonry-text-sep text-sep-author\">\/<\/span><span class='av-masonry-author meta-color vcard author'><span class='fn'>by <\/span><\/span><\/div><\/div><\/figcaption><\/figure><\/a><!--end av-masonry entry--><a href=\"https:\/\/casa.oaxaca.gob.mx\/?p=14692\" id='av-masonry-1-item-14692' data-av-masonry-item='14692' class='av-masonry-entry isotope-item post-14692 post type-post status-publish format-standard has-post-thumbnail hentry category-201 category-convocatorias-pasadas all_sort 2024_sort  convocatorias-pasadas_sort  av-masonry-item-with-image' title=\"Concurso de Dise\u00f1o de Baldosas\"  itemscope=\"itemscope\" itemtype=\"https:\/\/schema.org\/CreativeWork\" ><div class='av-inner-masonry-sizer'><\/div><figure class='av-inner-masonry main_color'><div class=\"av-masonry-outerimage-container\"><div class=\"av-masonry-image-container\" style=\"background-image: url(https:\/\/casa.oaxaca.gob.mx\/wp-content\/uploads\/2024\/09\/MINIATURAS-baldosas-2.jpg);\"><img decoding=\"async\" src=\"https:\/\/casa.oaxaca.gob.mx\/wp-content\/uploads\/2024\/09\/MINIATURAS-baldosas-2.jpg\" title=\"MINIATURAS-baldosas-2\" alt=\"\" \/><\/div><\/div><figcaption class='av-inner-masonry-content site-background'><div class='av-inner-masonry-content-pos'><div class='av-inner-masonry-content-pos-content'><div class='avia-arrow'><\/div><h3 class='av-masonry-entry-title entry-title'  itemprop=\"headline\" >Concurso de Dise\u00f1o de Baldosas<\/h3><span class='av-masonry-date meta-color updated'><\/span><span class=\"av-masonry-text-sep text-sep-author\">\/<\/span><span class='av-masonry-author meta-color vcard author'><span class='fn'>by <\/span><\/span><\/div><\/div><\/figcaption><\/figure><\/a><!--end av-masonry entry--><a href=\"https:\/\/casa.oaxaca.gob.mx\/?p=14680\" id='av-masonry-1-item-14680' data-av-masonry-item='14680' class='av-masonry-entry isotope-item post-14680 post type-post status-publish format-standard has-post-thumbnail hentry category-201 category-esposiciones-pasadas all_sort 2024_sort  esposiciones-pasadas_sort  av-masonry-item-with-image' title=\"FRANCISCO TOLEDO. PLACAS MET\u00c1LICAS ORIGINALES Y OBRA GR\u00c1FICA QUE \u00c9L CRE\u00d3 CON ELLAS\"  itemscope=\"itemscope\" itemtype=\"https:\/\/schema.org\/CreativeWork\" ><div class='av-inner-masonry-sizer'><\/div><figure class='av-inner-masonry main_color'><div class=\"av-masonry-outerimage-container\"><div class=\"av-masonry-image-container\" style=\"background-image: url(https:\/\/casa.oaxaca.gob.mx\/wp-content\/uploads\/2024\/09\/FTplacasmetalicas-02-1-705x470.jpg);\"><img decoding=\"async\" src=\"https:\/\/casa.oaxaca.gob.mx\/wp-content\/uploads\/2024\/09\/FTplacasmetalicas-02-1-705x470.jpg\" title=\"FTplacasmetalicas-02\" alt=\"\" \/><\/div><\/div><figcaption class='av-inner-masonry-content site-background'><div class='av-inner-masonry-content-pos'><div class='av-inner-masonry-content-pos-content'><div class='avia-arrow'><\/div><h3 class='av-masonry-entry-title entry-title'  itemprop=\"headline\" >FRANCISCO TOLEDO. PLACAS MET\u00c1LICAS ORIGINALES Y OBRA GR\u00c1FICA QUE \u00c9L CRE\u00d3 CON ELLAS<\/h3><span class='av-masonry-date meta-color updated'><\/span><span class=\"av-masonry-text-sep text-sep-author\">\/<\/span><span class='av-masonry-author meta-color vcard author'><span class='fn'>by <\/span><\/span><\/div><\/div><\/figcaption><\/figure><\/a><!--end av-masonry entry--><a href=\"https:\/\/casa.oaxaca.gob.mx\/?p=14666\" id='av-masonry-1-item-14666' data-av-masonry-item='14666' class='av-masonry-entry isotope-item post-14666 post type-post status-publish format-standard has-post-thumbnail hentry category-esposiciones-pasadas all_sort esposiciones-pasadas_sort  av-masonry-item-with-image' title=\"Francisco Toledo. TOLEDO VE.\"  itemscope=\"itemscope\" itemtype=\"https:\/\/schema.org\/CreativeWork\" ><div class='av-inner-masonry-sizer'><\/div><figure class='av-inner-masonry main_color'><div class=\"av-masonry-outerimage-container\"><div class=\"av-masonry-image-container\" style=\"background-image: url(https:\/\/casa.oaxaca.gob.mx\/wp-content\/uploads\/2024\/09\/Exposicion-Toledo-Ve-705x470.jpg);\"><img decoding=\"async\" src=\"https:\/\/casa.oaxaca.gob.mx\/wp-content\/uploads\/2024\/09\/Exposicion-Toledo-Ve-705x470.jpg\" title=\"Exposici\u00f3n Toledo Ve\" alt=\"\" \/><\/div><\/div><figcaption class='av-inner-masonry-content site-background'><div class='av-inner-masonry-content-pos'><div class='av-inner-masonry-content-pos-content'><div class='avia-arrow'><\/div><h3 class='av-masonry-entry-title entry-title'  itemprop=\"headline\" >Francisco Toledo. TOLEDO VE.<\/h3><span class='av-masonry-date meta-color updated'><\/span><span class=\"av-masonry-text-sep text-sep-author\">\/<\/span><span class='av-masonry-author meta-color vcard author'><span class='fn'>by <\/span><\/span><\/div><\/div><\/figcaption><\/figure><\/a><!--end av-masonry entry--><a href=\"https:\/\/casa.oaxaca.gob.mx\/?p=14655\" id='av-masonry-1-item-14655' data-av-masonry-item='14655' class='av-masonry-entry isotope-item post-14655 post type-post status-publish format-standard has-post-thumbnail hentry category-201 all_sort 2024_sort  av-masonry-item-with-image' title=\"Taller presencial. Corazones de hojalata. Tirso Cuevas.\"  itemscope=\"itemscope\" itemtype=\"https:\/\/schema.org\/CreativeWork\" ><div class='av-inner-masonry-sizer'><\/div><figure class='av-inner-masonry main_color'><div class=\"av-masonry-outerimage-container\"><div class=\"av-masonry-image-container\" style=\"background-image: url(https:\/\/casa.oaxaca.gob.mx\/wp-content\/uploads\/2024\/09\/C-Hojalata-705x484.jpg);\"><img decoding=\"async\" src=\"https:\/\/casa.oaxaca.gob.mx\/wp-content\/uploads\/2024\/09\/C-Hojalata-705x484.jpg\" title=\"C-Hojalata\" alt=\"\" \/><\/div><\/div><figcaption class='av-inner-masonry-content site-background'><div class='av-inner-masonry-content-pos'><div class='av-inner-masonry-content-pos-content'><div class='avia-arrow'><\/div><h3 class='av-masonry-entry-title entry-title'  itemprop=\"headline\" >Taller presencial. Corazones de hojalata. Tirso Cuevas.<\/h3><span class='av-masonry-date meta-color updated'><\/span><span class=\"av-masonry-text-sep text-sep-author\">\/<\/span><span class='av-masonry-author meta-color vcard author'><span class='fn'>by <\/span><\/span><\/div><\/div><\/figcaption><\/figure><\/a><!--end av-masonry entry--><a href=\"https:\/\/casa.oaxaca.gob.mx\/?p=14641\" id='av-masonry-1-item-14641' data-av-masonry-item='14641' class='av-masonry-entry isotope-item post-14641 post type-post status-publish format-standard has-post-thumbnail hentry category-201 all_sort 2024_sort  av-masonry-item-with-image' title=\"Taller presencial. Grabado con electr\u00f3lisis. Enrique Flores.\"  itemscope=\"itemscope\" itemtype=\"https:\/\/schema.org\/CreativeWork\" ><div class='av-inner-masonry-sizer'><\/div><figure class='av-inner-masonry main_color'><div class=\"av-masonry-outerimage-container\"><div class=\"av-masonry-image-container\" style=\"background-image: url(https:\/\/casa.oaxaca.gob.mx\/wp-content\/uploads\/2024\/09\/C-Grabado-con-electrolisis-705x484.jpg);\"><img decoding=\"async\" src=\"https:\/\/casa.oaxaca.gob.mx\/wp-content\/uploads\/2024\/09\/C-Grabado-con-electrolisis-705x484.jpg\" title=\"C-Grabado-con-electr\u00f3lisis\" alt=\"\" \/><\/div><\/div><figcaption class='av-inner-masonry-content site-background'><div class='av-inner-masonry-content-pos'><div class='av-inner-masonry-content-pos-content'><div class='avia-arrow'><\/div><h3 class='av-masonry-entry-title entry-title'  itemprop=\"headline\" >Taller presencial. Grabado con electr\u00f3lisis. Enrique Flores.<\/h3><span class='av-masonry-date meta-color updated'><\/span><span class=\"av-masonry-text-sep text-sep-author\">\/<\/span><span class='av-masonry-author meta-color vcard author'><span class='fn'>by <\/span><\/span><\/div><\/div><\/figcaption><\/figure><\/a><!--end av-masonry entry--><a href=\"https:\/\/casa.oaxaca.gob.mx\/?p=14635\" id='av-masonry-1-item-14635' data-av-masonry-item='14635' class='av-masonry-entry isotope-item post-14635 post type-post status-publish format-standard has-post-thumbnail hentry category-201 all_sort 2024_sort  av-masonry-item-with-image' title=\"Taller presencial. Elaboraci\u00f3n de papel artesanal. Erick Ram\u00edrez.\"  itemscope=\"itemscope\" itemtype=\"https:\/\/schema.org\/CreativeWork\" ><div class='av-inner-masonry-sizer'><\/div><figure class='av-inner-masonry main_color'><div class=\"av-masonry-outerimage-container\"><div class=\"av-masonry-image-container\" style=\"background-image: url(https:\/\/casa.oaxaca.gob.mx\/wp-content\/uploads\/2024\/09\/C-ELECTROLISIS-705x484.jpg);\"><img decoding=\"async\" src=\"https:\/\/casa.oaxaca.gob.mx\/wp-content\/uploads\/2024\/09\/C-ELECTROLISIS-705x484.jpg\" title=\"C-ELECTROLISIS\" alt=\"\" \/><\/div><\/div><figcaption class='av-inner-masonry-content site-background'><div class='av-inner-masonry-content-pos'><div class='av-inner-masonry-content-pos-content'><div class='avia-arrow'><\/div><h3 class='av-masonry-entry-title entry-title'  itemprop=\"headline\" >Taller presencial. Elaboraci\u00f3n de papel artesanal. Erick Ram\u00edrez.<\/h3><span class='av-masonry-date meta-color updated'><\/span><span class=\"av-masonry-text-sep text-sep-author\">\/<\/span><span class='av-masonry-author meta-color vcard author'><span class='fn'>by <\/span><\/span><\/div><\/div><\/figcaption><\/figure><\/a><!--end av-masonry entry--><a href=\"https:\/\/casa.oaxaca.gob.mx\/?p=14628\" id='av-masonry-1-item-14628' data-av-masonry-item='14628' class='av-masonry-entry isotope-item post-14628 post type-post status-publish format-standard has-post-thumbnail hentry category-201 all_sort 2024_sort  av-masonry-item-with-image' title=\"Taller presencial. Introducci\u00f3n a los sistemas constructivos tradicionales.\"  itemscope=\"itemscope\" itemtype=\"https:\/\/schema.org\/CreativeWork\" ><div class='av-inner-masonry-sizer'><\/div><figure class='av-inner-masonry main_color'><div class=\"av-masonry-outerimage-container\"><div class=\"av-masonry-image-container\" style=\"background-image: url(https:\/\/casa.oaxaca.gob.mx\/wp-content\/uploads\/2024\/08\/C-Sisteasconstructivos-705x484.jpg);\"><img decoding=\"async\" src=\"https:\/\/casa.oaxaca.gob.mx\/wp-content\/uploads\/2024\/08\/C-Sisteasconstructivos-705x484.jpg\" title=\"C-Sisteasconstructivos\" alt=\"\" \/><\/div><\/div><figcaption class='av-inner-masonry-content site-background'><div class='av-inner-masonry-content-pos'><div class='av-inner-masonry-content-pos-content'><div class='avia-arrow'><\/div><h3 class='av-masonry-entry-title entry-title'  itemprop=\"headline\" >Taller presencial. Introducci\u00f3n a los sistemas constructivos tradicionales.<\/h3><span class='av-masonry-date meta-color updated'><\/span><span class=\"av-masonry-text-sep text-sep-author\">\/<\/span><span class='av-masonry-author meta-color vcard author'><span class='fn'>by <\/span><\/span><\/div><\/div><\/figcaption><\/figure><\/a><!--end av-masonry entry--><a href=\"https:\/\/casa.oaxaca.gob.mx\/?p=14622\" id='av-masonry-1-item-14622' data-av-masonry-item='14622' class='av-masonry-entry isotope-item post-14622 post type-post status-publish format-standard has-post-thumbnail hentry category-201 all_sort 2024_sort  av-masonry-item-with-image' title=\"Taller presencial. Juguetes de madera. Emanuel Fabi\u00e1n Hern\u00e1ndez.\"  itemscope=\"itemscope\" itemtype=\"https:\/\/schema.org\/CreativeWork\" ><div class='av-inner-masonry-sizer'><\/div><figure class='av-inner-masonry main_color'><div class=\"av-masonry-outerimage-container\"><div class=\"av-masonry-image-container\" style=\"background-image: url(https:\/\/casa.oaxaca.gob.mx\/wp-content\/uploads\/2024\/08\/C-Madera-705x484.jpg);\"><img decoding=\"async\" src=\"https:\/\/casa.oaxaca.gob.mx\/wp-content\/uploads\/2024\/08\/C-Madera-705x484.jpg\" title=\"C-Madera\" alt=\"\" \/><\/div><\/div><figcaption class='av-inner-masonry-content site-background'><div class='av-inner-masonry-content-pos'><div class='av-inner-masonry-content-pos-content'><div class='avia-arrow'><\/div><h3 class='av-masonry-entry-title entry-title'  itemprop=\"headline\" >Taller presencial. Juguetes de madera. Emanuel Fabi\u00e1n Hern\u00e1ndez.<\/h3><span class='av-masonry-date meta-color updated'><\/span><span class=\"av-masonry-text-sep text-sep-author\">\/<\/span><span class='av-masonry-author meta-color vcard author'><span class='fn'>by <\/span><\/span><\/div><\/div><\/figcaption><\/figure><\/a><!--end av-masonry entry--><a href=\"https:\/\/casa.oaxaca.gob.mx\/?p=14613\" id='av-masonry-1-item-14613' data-av-masonry-item='14613' class='av-masonry-entry isotope-item post-14613 post type-post status-publish format-standard has-post-thumbnail hentry category-201 all_sort 2024_sort  av-masonry-item-with-image' title=\"Programa. Escritura de no ficci\u00f3n.\"  itemscope=\"itemscope\" itemtype=\"https:\/\/schema.org\/CreativeWork\" ><div class='av-inner-masonry-sizer'><\/div><figure class='av-inner-masonry main_color'><div class=\"av-masonry-outerimage-container\"><div class=\"av-masonry-image-container\" style=\"background-image: url(https:\/\/casa.oaxaca.gob.mx\/wp-content\/uploads\/2024\/09\/C-nficcion-705x484.jpg);\"><img decoding=\"async\" src=\"https:\/\/casa.oaxaca.gob.mx\/wp-content\/uploads\/2024\/09\/C-nficcion-705x484.jpg\" title=\"C-nficcion\" alt=\"\" \/><\/div><\/div><figcaption class='av-inner-masonry-content site-background'><div class='av-inner-masonry-content-pos'><div class='av-inner-masonry-content-pos-content'><div class='avia-arrow'><\/div><h3 class='av-masonry-entry-title entry-title'  itemprop=\"headline\" >Programa. Escritura de no ficci\u00f3n.<\/h3><span class='av-masonry-date meta-color updated'><\/span><span class=\"av-masonry-text-sep text-sep-author\">\/<\/span><span class='av-masonry-author meta-color vcard author'><span class='fn'>by <\/span><\/span><\/div><\/div><\/figcaption><\/figure><\/a><!--end av-masonry entry--><a href=\"https:\/\/casa.oaxaca.gob.mx\/?p=14612\" id='av-masonry-1-item-14612' data-av-masonry-item='14612' class='av-masonry-entry isotope-item post-14612 post type-post status-publish format-standard has-post-thumbnail hentry category-201 all_sort 2024_sort  av-masonry-item-with-image' title=\"Programa. Formaci\u00f3n de impresores con fotograf\u00eda digital.\"  itemscope=\"itemscope\" itemtype=\"https:\/\/schema.org\/CreativeWork\" ><div class='av-inner-masonry-sizer'><\/div><figure class='av-inner-masonry main_color'><div class=\"av-masonry-outerimage-container\"><div class=\"av-masonry-image-container\" style=\"background-image: url(https:\/\/casa.oaxaca.gob.mx\/wp-content\/uploads\/2024\/09\/C-Formacion-impresores-705x484.jpg);\"><img decoding=\"async\" src=\"https:\/\/casa.oaxaca.gob.mx\/wp-content\/uploads\/2024\/09\/C-Formacion-impresores-705x484.jpg\" title=\"C-Formacion-impresores\" alt=\"\" \/><\/div><\/div><figcaption class='av-inner-masonry-content site-background'><div class='av-inner-masonry-content-pos'><div class='av-inner-masonry-content-pos-content'><div class='avia-arrow'><\/div><h3 class='av-masonry-entry-title entry-title'  itemprop=\"headline\" >Programa. Formaci\u00f3n de impresores con fotograf\u00eda digital.<\/h3><span class='av-masonry-date meta-color updated'><\/span><span class=\"av-masonry-text-sep text-sep-author\">\/<\/span><span class='av-masonry-author meta-color vcard author'><span class='fn'>by <\/span><\/span><\/div><\/div><\/figcaption><\/figure><\/a><!--end av-masonry entry--><a href=\"https:\/\/casa.oaxaca.gob.mx\/?p=14607\" id='av-masonry-1-item-14607' data-av-masonry-item='14607' class='av-masonry-entry isotope-item post-14607 post type-post status-publish format-standard has-post-thumbnail hentry category-201 all_sort 2024_sort  av-masonry-item-with-image' title=\"Programa de R\u00f3tulos.\"  itemscope=\"itemscope\" itemtype=\"https:\/\/schema.org\/CreativeWork\" ><div class='av-inner-masonry-sizer'><\/div><figure class='av-inner-masonry main_color'><div class=\"av-masonry-outerimage-container\"><div class=\"av-masonry-image-container\" style=\"background-image: url(https:\/\/casa.oaxaca.gob.mx\/wp-content\/uploads\/2024\/09\/Cerrada-programa-rotulo-705x484.png);\"><img decoding=\"async\" src=\"https:\/\/casa.oaxaca.gob.mx\/wp-content\/uploads\/2024\/09\/Cerrada-programa-rotulo-705x484.png\" title=\"Cerrada programa rotulo\" alt=\"\" \/><\/div><\/div><figcaption class='av-inner-masonry-content site-background'><div class='av-inner-masonry-content-pos'><div class='av-inner-masonry-content-pos-content'><div class='avia-arrow'><\/div><h3 class='av-masonry-entry-title entry-title'  itemprop=\"headline\" >Programa de R\u00f3tulos.<\/h3><span class='av-masonry-date meta-color updated'><\/span><span class=\"av-masonry-text-sep text-sep-author\">\/<\/span><span class='av-masonry-author meta-color vcard author'><span class='fn'>by <\/span><\/span><\/div><\/div><\/figcaption><\/figure><\/a><!--end av-masonry entry--><a href=\"https:\/\/casa.oaxaca.gob.mx\/?p=14600\" id='av-masonry-1-item-14600' data-av-masonry-item='14600' class='av-masonry-entry isotope-item post-14600 post type-post status-publish format-standard has-post-thumbnail hentry category-201 all_sort 2024_sort  av-masonry-item-with-image' title=\"Talleres presenciales. Talleres de iniciaci\u00f3n de r\u00f3tulos.\"  itemscope=\"itemscope\" itemtype=\"https:\/\/schema.org\/CreativeWork\" ><div class='av-inner-masonry-sizer'><\/div><figure class='av-inner-masonry main_color'><div class=\"av-masonry-outerimage-container\"><div class=\"av-masonry-image-container\" style=\"background-image: url(https:\/\/casa.oaxaca.gob.mx\/wp-content\/uploads\/2024\/09\/Cerrada-taller-iniciacion-rotulo-705x484.png);\"><img decoding=\"async\" src=\"https:\/\/casa.oaxaca.gob.mx\/wp-content\/uploads\/2024\/09\/Cerrada-taller-iniciacion-rotulo-705x484.png\" title=\"Cerrada taller iniciacion rotulo\" alt=\"\" \/><\/div><\/div><figcaption class='av-inner-masonry-content site-background'><div class='av-inner-masonry-content-pos'><div class='av-inner-masonry-content-pos-content'><div class='avia-arrow'><\/div><h3 class='av-masonry-entry-title entry-title'  itemprop=\"headline\" >Talleres presenciales. Talleres de iniciaci\u00f3n de r\u00f3tulos.<\/h3><span class='av-masonry-date meta-color updated'><\/span><span class=\"av-masonry-text-sep text-sep-author\">\/<\/span><span class='av-masonry-author meta-color vcard author'><span class='fn'>by <\/span><\/span><\/div><\/div><\/figcaption><\/figure><\/a><!--end av-masonry entry--><a href=\"https:\/\/casa.oaxaca.gob.mx\/?p=14582\" id='av-masonry-1-item-14582' data-av-masonry-item='14582' class='av-masonry-entry isotope-item post-14582 post type-post status-publish format-standard has-post-thumbnail hentry category-201 all_sort 2024_sort  av-masonry-item-with-image' title=\"Taller presencial. Tejido de canastas con carrizo. Irma M\u00e9ndez M\u00e9ndez.\"  itemscope=\"itemscope\" itemtype=\"https:\/\/schema.org\/CreativeWork\" ><div class='av-inner-masonry-sizer'><\/div><figure class='av-inner-masonry main_color'><div class=\"av-masonry-outerimage-container\"><div class=\"av-masonry-image-container\" style=\"background-image: url(https:\/\/casa.oaxaca.gob.mx\/wp-content\/uploads\/2024\/09\/CARRIZO2-705x484.png);\"><img decoding=\"async\" src=\"https:\/\/casa.oaxaca.gob.mx\/wp-content\/uploads\/2024\/09\/CARRIZO2-705x484.png\" title=\"CARRIZO2\" alt=\"\" \/><\/div><\/div><figcaption class='av-inner-masonry-content site-background'><div class='av-inner-masonry-content-pos'><div class='av-inner-masonry-content-pos-content'><div class='avia-arrow'><\/div><h3 class='av-masonry-entry-title entry-title'  itemprop=\"headline\" >Taller presencial. Tejido de canastas con carrizo. Irma M\u00e9ndez M\u00e9ndez.<\/h3><span class='av-masonry-date meta-color updated'><\/span><span class=\"av-masonry-text-sep text-sep-author\">\/<\/span><span class='av-masonry-author meta-color vcard author'><span class='fn'>by <\/span><\/span><\/div><\/div><\/figcaption><\/figure><\/a><!--end av-masonry entry--><a href=\"https:\/\/casa.oaxaca.gob.mx\/?p=14577\" id='av-masonry-1-item-14577' data-av-masonry-item='14577' class='av-masonry-entry isotope-item post-14577 post type-post status-publish format-standard has-post-thumbnail hentry category-201 all_sort 2024_sort  av-masonry-item-with-image' title=\"Taller presencial. Decoraci\u00f3n de calaveras de az\u00facar. X\u00f3chitl S\u00e1nchez C\u00f3rdova.\"  itemscope=\"itemscope\" itemtype=\"https:\/\/schema.org\/CreativeWork\" ><div class='av-inner-masonry-sizer'><\/div><figure class='av-inner-masonry main_color'><div class=\"av-masonry-outerimage-container\"><div class=\"av-masonry-image-container\" style=\"background-image: url(https:\/\/casa.oaxaca.gob.mx\/wp-content\/uploads\/2024\/09\/C-calavera-705x484.jpg);\"><img decoding=\"async\" src=\"https:\/\/casa.oaxaca.gob.mx\/wp-content\/uploads\/2024\/09\/C-calavera-705x484.jpg\" title=\"C-calavera\" alt=\"\" \/><\/div><\/div><figcaption class='av-inner-masonry-content site-background'><div class='av-inner-masonry-content-pos'><div class='av-inner-masonry-content-pos-content'><div class='avia-arrow'><\/div><h3 class='av-masonry-entry-title entry-title'  itemprop=\"headline\" >Taller presencial. Decoraci\u00f3n de calaveras de az\u00facar. X\u00f3chitl S\u00e1nchez C\u00f3rdova.<\/h3><span class='av-masonry-date meta-color updated'><\/span><span class=\"av-masonry-text-sep text-sep-author\">\/<\/span><span class='av-masonry-author meta-color vcard author'><span class='fn'>by <\/span><\/span><\/div><\/div><\/figcaption><\/figure><\/a><!--end av-masonry entry--><a href=\"https:\/\/casa.oaxaca.gob.mx\/?p=14572\" id='av-masonry-1-item-14572' data-av-masonry-item='14572' class='av-masonry-entry isotope-item post-14572 post type-post status-publish format-standard has-post-thumbnail hentry category-201 all_sort 2024_sort  av-masonry-item-with-image' title=\"Programa presencial. Lo et\u00e9reo y lo mundano. Escritura de novela y poes\u00eda narrativa.\"  itemscope=\"itemscope\" itemtype=\"https:\/\/schema.org\/CreativeWork\" ><div class='av-inner-masonry-sizer'><\/div><figure class='av-inner-masonry main_color'><div class=\"av-masonry-outerimage-container\"><div class=\"av-masonry-image-container\" style=\"background-image: url(https:\/\/casa.oaxaca.gob.mx\/wp-content\/uploads\/2024\/08\/C-etereo-y-mundano-705x484.jpg);\"><img decoding=\"async\" src=\"https:\/\/casa.oaxaca.gob.mx\/wp-content\/uploads\/2024\/08\/C-etereo-y-mundano-705x484.jpg\" title=\"C-etereo-y-mundano\" alt=\"\" \/><\/div><\/div><figcaption class='av-inner-masonry-content site-background'><div class='av-inner-masonry-content-pos'><div class='av-inner-masonry-content-pos-content'><div class='avia-arrow'><\/div><h3 class='av-masonry-entry-title entry-title'  itemprop=\"headline\" >Programa presencial. Lo et\u00e9reo y lo mundano. Escritura de novela y poes\u00eda narrativa.<\/h3><span class='av-masonry-date meta-color updated'><\/span><span class=\"av-masonry-text-sep text-sep-author\">\/<\/span><span class='av-masonry-author meta-color vcard author'><span class='fn'>by <\/span><\/span><\/div><\/div><\/figcaption><\/figure><\/a><!--end av-masonry entry--><a href=\"https:\/\/casa.oaxaca.gob.mx\/?p=14567\" id='av-masonry-1-item-14567' data-av-masonry-item='14567' class='av-masonry-entry isotope-item post-14567 post type-post status-publish format-standard has-post-thumbnail hentry category-201 all_sort 2024_sort  av-masonry-item-with-image' title=\"Taller presencial. Para leerte mejor. Irais Trujillo.\"  itemscope=\"itemscope\" itemtype=\"https:\/\/schema.org\/CreativeWork\" ><div class='av-inner-masonry-sizer'><\/div><figure class='av-inner-masonry main_color'><div class=\"av-masonry-outerimage-container\"><div class=\"av-masonry-image-container\" style=\"background-image: url(https:\/\/casa.oaxaca.gob.mx\/wp-content\/uploads\/2024\/09\/C-Para-leertemejor-705x484.jpg);\"><img decoding=\"async\" src=\"https:\/\/casa.oaxaca.gob.mx\/wp-content\/uploads\/2024\/09\/C-Para-leertemejor-705x484.jpg\" title=\"C-Para leertemejor\" alt=\"\" \/><\/div><\/div><figcaption class='av-inner-masonry-content site-background'><div class='av-inner-masonry-content-pos'><div class='av-inner-masonry-content-pos-content'><div class='avia-arrow'><\/div><h3 class='av-masonry-entry-title entry-title'  itemprop=\"headline\" >Taller presencial. Para leerte mejor. Irais Trujillo.<\/h3><span class='av-masonry-date meta-color updated'><\/span><span class=\"av-masonry-text-sep text-sep-author\">\/<\/span><span class='av-masonry-author meta-color vcard author'><span class='fn'>by <\/span><\/span><\/div><\/div><\/figcaption><\/figure><\/a><!--end av-masonry entry--><a href=\"https:\/\/casa.oaxaca.gob.mx\/?p=14558\" id='av-masonry-1-item-14558' data-av-masonry-item='14558' class='av-masonry-entry isotope-item post-14558 post type-post status-publish format-standard has-post-thumbnail hentry category-201 all_sort 2024_sort  av-masonry-item-with-image' title=\"Taller presencial. Cerer\u00eda. Gregorio Monta\u00f1o Pablo y Liliana Ruiz L\u00f3pez.\"  itemscope=\"itemscope\" itemtype=\"https:\/\/schema.org\/CreativeWork\" ><div class='av-inner-masonry-sizer'><\/div><figure class='av-inner-masonry main_color'><div class=\"av-masonry-outerimage-container\"><div class=\"av-masonry-image-container\" style=\"background-image: url(https:\/\/casa.oaxaca.gob.mx\/wp-content\/uploads\/2024\/09\/C-Cereria-705x484.jpg);\"><img decoding=\"async\" src=\"https:\/\/casa.oaxaca.gob.mx\/wp-content\/uploads\/2024\/09\/C-Cereria-705x484.jpg\" title=\"C-Cereria\" alt=\"\" \/><\/div><\/div><figcaption class='av-inner-masonry-content site-background'><div class='av-inner-masonry-content-pos'><div class='av-inner-masonry-content-pos-content'><div class='avia-arrow'><\/div><h3 class='av-masonry-entry-title entry-title'  itemprop=\"headline\" >Taller presencial. Cerer\u00eda. Gregorio Monta\u00f1o Pablo y Liliana Ruiz L\u00f3pez.<\/h3><span class='av-masonry-date meta-color updated'><\/span><span class=\"av-masonry-text-sep text-sep-author\">\/<\/span><span class='av-masonry-author meta-color vcard author'><span class='fn'>by <\/span><\/span><\/div><\/div><\/figcaption><\/figure><\/a><!--end av-masonry entry--><a href=\"https:\/\/casa.oaxaca.gob.mx\/?p=14547\" id='av-masonry-1-item-14547' data-av-masonry-item='14547' class='av-masonry-entry isotope-item post-14547 post type-post status-publish format-standard has-post-thumbnail hentry category-201 all_sort 2024_sort  av-masonry-item-with-image' title=\"Taller presencial. Algraf\u00eda (Planograf\u00eda) &#8211; Litograf\u00eda sobre alumnio. Javier Antonio.\"  itemscope=\"itemscope\" itemtype=\"https:\/\/schema.org\/CreativeWork\" ><div class='av-inner-masonry-sizer'><\/div><figure class='av-inner-masonry main_color'><div class=\"av-masonry-outerimage-container\"><div class=\"av-masonry-image-container\" style=\"background-image: url(https:\/\/casa.oaxaca.gob.mx\/wp-content\/uploads\/2024\/08\/C-Algrafi\u0301a-705x484.png);\"><img decoding=\"async\" src=\"https:\/\/casa.oaxaca.gob.mx\/wp-content\/uploads\/2024\/08\/C-Algrafi\u0301a-705x484.png\" title=\"C-Algrafi\u0301a\" alt=\"\" \/><\/div><\/div><figcaption class='av-inner-masonry-content site-background'><div class='av-inner-masonry-content-pos'><div class='av-inner-masonry-content-pos-content'><div class='avia-arrow'><\/div><h3 class='av-masonry-entry-title entry-title'  itemprop=\"headline\" >Taller presencial. Algraf\u00eda (Planograf\u00eda) &#8211; Litograf\u00eda sobre alumnio. Javier Antonio.<\/h3><span class='av-masonry-date meta-color updated'><\/span><span class=\"av-masonry-text-sep text-sep-author\">\/<\/span><span class='av-masonry-author meta-color vcard author'><span class='fn'>by <\/span><\/span><\/div><\/div><\/figcaption><\/figure><\/a><!--end av-masonry entry--><a href=\"https:\/\/casa.oaxaca.gob.mx\/?p=14542\" id='av-masonry-1-item-14542' data-av-masonry-item='14542' class='av-masonry-entry isotope-item post-14542 post type-post status-publish format-standard has-post-thumbnail hentry category-201 all_sort 2024_sort  av-masonry-item-with-image' title=\"Talleres presenciales. Talleres de iniciaci\u00f3n de Filigrana Mexicana: T\u00e9cnica de Oaxaca, Chiapas y Yucat\u00e1n.\"  itemscope=\"itemscope\" itemtype=\"https:\/\/schema.org\/CreativeWork\" ><div class='av-inner-masonry-sizer'><\/div><figure class='av-inner-masonry main_color'><div class=\"av-masonry-outerimage-container\"><div class=\"av-masonry-image-container\" style=\"background-image: url(https:\/\/casa.oaxaca.gob.mx\/wp-content\/uploads\/2024\/08\/C-INICIACION-705x484.jpg);\"><img decoding=\"async\" src=\"https:\/\/casa.oaxaca.gob.mx\/wp-content\/uploads\/2024\/08\/C-INICIACION-705x484.jpg\" title=\"C-INICIACION\" alt=\"\" \/><\/div><\/div><figcaption class='av-inner-masonry-content site-background'><div class='av-inner-masonry-content-pos'><div class='av-inner-masonry-content-pos-content'><div class='avia-arrow'><\/div><h3 class='av-masonry-entry-title entry-title'  itemprop=\"headline\" >Talleres presenciales. Talleres de iniciaci\u00f3n de Filigrana Mexicana: T\u00e9cnica de Oaxaca, Chiapas y Yucat\u00e1n.<\/h3><span class='av-masonry-date meta-color updated'><\/span><span class=\"av-masonry-text-sep text-sep-author\">\/<\/span><span class='av-masonry-author meta-color vcard author'><span class='fn'>by <\/span><\/span><\/div><\/div><\/figcaption><\/figure><\/a><!--end av-masonry entry--><a href=\"https:\/\/casa.oaxaca.gob.mx\/?p=14535\" id='av-masonry-1-item-14535' data-av-masonry-item='14535' class='av-masonry-entry isotope-item post-14535 post type-post status-publish format-standard has-post-thumbnail hentry category-201 all_sort 2024_sort  av-masonry-item-with-image' title=\"Diplomado. Programa de Filigrana Mexicana: T\u00e9cnica de Oaxaca, Chiapas y Yucat\u00e1n.\"  itemscope=\"itemscope\" itemtype=\"https:\/\/schema.org\/CreativeWork\" ><div class='av-inner-masonry-sizer'><\/div><figure class='av-inner-masonry main_color'><div class=\"av-masonry-outerimage-container\"><div class=\"av-masonry-image-container\" style=\"background-image: url(https:\/\/casa.oaxaca.gob.mx\/wp-content\/uploads\/2024\/08\/C-Programa-filigrana-705x484.png);\"><img decoding=\"async\" src=\"https:\/\/casa.oaxaca.gob.mx\/wp-content\/uploads\/2024\/08\/C-Programa-filigrana-705x484.png\" title=\"C-Programa-filigrana\" alt=\"\" \/><\/div><\/div><figcaption class='av-inner-masonry-content site-background'><div class='av-inner-masonry-content-pos'><div class='av-inner-masonry-content-pos-content'><div class='avia-arrow'><\/div><h3 class='av-masonry-entry-title entry-title'  itemprop=\"headline\" >Diplomado. Programa de Filigrana Mexicana: T\u00e9cnica de Oaxaca, Chiapas y Yucat\u00e1n.<\/h3><span class='av-masonry-date meta-color updated'><\/span><span class=\"av-masonry-text-sep text-sep-author\">\/<\/span><span class='av-masonry-author meta-color vcard author'><span class='fn'>by <\/span><\/span><\/div><\/div><\/figcaption><\/figure><\/a><!--end av-masonry entry--><a href=\"https:\/\/casa.oaxaca.gob.mx\/?p=14530\" id='av-masonry-1-item-14530' data-av-masonry-item='14530' class='av-masonry-entry isotope-item post-14530 post type-post status-publish format-standard has-post-thumbnail hentry category-201 all_sort 2024_sort  av-masonry-item-with-image' title=\"Taller presencial. Joyer\u00eda textil con la t\u00e9cnica de afelpado en h\u00famedo. Marcela Ramos Ortega.\"  itemscope=\"itemscope\" itemtype=\"https:\/\/schema.org\/CreativeWork\" ><div class='av-inner-masonry-sizer'><\/div><figure class='av-inner-masonry main_color'><div class=\"av-masonry-outerimage-container\"><div class=\"av-masonry-image-container\" style=\"background-image: url(https:\/\/casa.oaxaca.gob.mx\/wp-content\/uploads\/2024\/08\/C-Joyeria-textil-705x484.png);\"><img decoding=\"async\" src=\"https:\/\/casa.oaxaca.gob.mx\/wp-content\/uploads\/2024\/08\/C-Joyeria-textil-705x484.png\" title=\"C-Joyeria-textil\" alt=\"\" \/><\/div><\/div><figcaption class='av-inner-masonry-content site-background'><div class='av-inner-masonry-content-pos'><div class='av-inner-masonry-content-pos-content'><div class='avia-arrow'><\/div><h3 class='av-masonry-entry-title entry-title'  itemprop=\"headline\" >Taller presencial. Joyer\u00eda textil con la t\u00e9cnica de afelpado en h\u00famedo. Marcela Ramos Ortega.<\/h3><span class='av-masonry-date meta-color updated'><\/span><span class=\"av-masonry-text-sep text-sep-author\">\/<\/span><span class='av-masonry-author meta-color vcard author'><span class='fn'>by <\/span><\/span><\/div><\/div><\/figcaption><\/figure><\/a><!--end av-masonry entry--><a href=\"https:\/\/casa.oaxaca.gob.mx\/?p=14461\" id='av-masonry-1-item-14461' data-av-masonry-item='14461' class='av-masonry-entry isotope-item post-14461 post type-post status-publish format-standard has-post-thumbnail hentry category-201 all_sort 2024_sort  av-masonry-item-with-image' title=\"Taller presencial. Bailar lento. Edgar Leopoldo Hurtado Delgadillo.\"  itemscope=\"itemscope\" itemtype=\"https:\/\/schema.org\/CreativeWork\" ><div class='av-inner-masonry-sizer'><\/div><figure class='av-inner-masonry main_color'><div class=\"av-masonry-outerimage-container\"><div class=\"av-masonry-image-container\" style=\"background-image: url(https:\/\/casa.oaxaca.gob.mx\/wp-content\/uploads\/2024\/07\/C-Bailar-lento-705x484.jpg);\"><img decoding=\"async\" src=\"https:\/\/casa.oaxaca.gob.mx\/wp-content\/uploads\/2024\/07\/C-Bailar-lento-705x484.jpg\" title=\"C-Bailar lento\" alt=\"\" \/><\/div><\/div><figcaption class='av-inner-masonry-content site-background'><div class='av-inner-masonry-content-pos'><div class='av-inner-masonry-content-pos-content'><div class='avia-arrow'><\/div><h3 class='av-masonry-entry-title entry-title'  itemprop=\"headline\" >Taller presencial. Bailar lento. Edgar Leopoldo Hurtado Delgadillo.<\/h3><span class='av-masonry-date meta-color updated'><\/span><span class=\"av-masonry-text-sep text-sep-author\">\/<\/span><span class='av-masonry-author meta-color vcard author'><span class='fn'>by <\/span><\/span><\/div><\/div><\/figcaption><\/figure><\/a><!--end av-masonry entry--><a href=\"https:\/\/casa.oaxaca.gob.mx\/?p=14456\" id='av-masonry-1-item-14456' data-av-masonry-item='14456' class='av-masonry-entry isotope-item post-14456 post type-post status-publish format-standard has-post-thumbnail hentry category-201 all_sort 2024_sort  av-masonry-item-with-image' title=\"Taller presencial. Movimiento: Monstruos sagrados. M\u00e1ximo Corengia.\"  itemscope=\"itemscope\" itemtype=\"https:\/\/schema.org\/CreativeWork\" ><div class='av-inner-masonry-sizer'><\/div><figure class='av-inner-masonry main_color'><div class=\"av-masonry-outerimage-container\"><div class=\"av-masonry-image-container\" style=\"background-image: url(https:\/\/casa.oaxaca.gob.mx\/wp-content\/uploads\/2024\/07\/B-Monstrous-705x484.jpg);\"><img decoding=\"async\" src=\"https:\/\/casa.oaxaca.gob.mx\/wp-content\/uploads\/2024\/07\/B-Monstrous-705x484.jpg\" title=\"B-Monstrous\" alt=\"\" \/><\/div><\/div><figcaption class='av-inner-masonry-content site-background'><div class='av-inner-masonry-content-pos'><div class='av-inner-masonry-content-pos-content'><div class='avia-arrow'><\/div><h3 class='av-masonry-entry-title entry-title'  itemprop=\"headline\" >Taller presencial. Movimiento: Monstruos sagrados. M\u00e1ximo Corengia.<\/h3><span class='av-masonry-date meta-color updated'><\/span><span class=\"av-masonry-text-sep text-sep-author\">\/<\/span><span class='av-masonry-author meta-color vcard author'><span class='fn'>by <\/span><\/span><\/div><\/div><\/figcaption><\/figure><\/a><!--end av-masonry entry--><a href=\"https:\/\/casa.oaxaca.gob.mx\/?p=14428\" id='av-masonry-1-item-14428' data-av-masonry-item='14428' class='av-masonry-entry isotope-item post-14428 post type-post status-publish format-standard has-post-thumbnail hentry category-201 all_sort 2024_sort  av-masonry-item-with-image' title=\"Taller presencial. Cer\u00e1mica en alta temperatura. Claudio Jer\u00f3nimo L\u00f3pez.\"  itemscope=\"itemscope\" itemtype=\"https:\/\/schema.org\/CreativeWork\" ><div class='av-inner-masonry-sizer'><\/div><figure class='av-inner-masonry main_color'><div class=\"av-masonry-outerimage-container\"><div class=\"av-masonry-image-container\" style=\"background-image: url(https:\/\/casa.oaxaca.gob.mx\/wp-content\/uploads\/2024\/07\/C-ceramica-705x484.png);\"><img decoding=\"async\" src=\"https:\/\/casa.oaxaca.gob.mx\/wp-content\/uploads\/2024\/07\/C-ceramica-705x484.png\" title=\"C-ceramica\" alt=\"\" \/><\/div><\/div><figcaption class='av-inner-masonry-content site-background'><div class='av-inner-masonry-content-pos'><div class='av-inner-masonry-content-pos-content'><div class='avia-arrow'><\/div><h3 class='av-masonry-entry-title entry-title'  itemprop=\"headline\" >Taller presencial. Cer\u00e1mica en alta temperatura. Claudio Jer\u00f3nimo L\u00f3pez.<\/h3><span class='av-masonry-date meta-color updated'><\/span><span class=\"av-masonry-text-sep text-sep-author\">\/<\/span><span class='av-masonry-author meta-color vcard author'><span class='fn'>by <\/span><\/span><\/div><\/div><\/figcaption><\/figure><\/a><!--end av-masonry entry--><a href=\"https:\/\/casa.oaxaca.gob.mx\/?p=14422\" id='av-masonry-1-item-14422' data-av-masonry-item='14422' class='av-masonry-entry isotope-item post-14422 post type-post status-publish format-standard has-post-thumbnail hentry category-201 all_sort 2024_sort  av-masonry-item-with-image' title=\"Taller presencial. Sinapsis 3D. C\u00f3mo nacen las ideas. ColectivoVOXELED-Natalia Landa.\"  itemscope=\"itemscope\" itemtype=\"https:\/\/schema.org\/CreativeWork\" ><div class='av-inner-masonry-sizer'><\/div><figure class='av-inner-masonry main_color'><div class=\"av-masonry-outerimage-container\"><div class=\"av-masonry-image-container\" style=\"background-image: url(https:\/\/casa.oaxaca.gob.mx\/wp-content\/uploads\/2024\/07\/c-Sinopsis-705x484.jpg);\"><img decoding=\"async\" src=\"https:\/\/casa.oaxaca.gob.mx\/wp-content\/uploads\/2024\/07\/c-Sinopsis-705x484.jpg\" title=\"c-Sinopsis\" alt=\"\" \/><\/div><\/div><figcaption class='av-inner-masonry-content site-background'><div class='av-inner-masonry-content-pos'><div class='av-inner-masonry-content-pos-content'><div class='avia-arrow'><\/div><h3 class='av-masonry-entry-title entry-title'  itemprop=\"headline\" >Taller presencial. Sinapsis 3D. C\u00f3mo nacen las ideas. ColectivoVOXELED-Natalia Landa.<\/h3><span class='av-masonry-date meta-color updated'><\/span><span class=\"av-masonry-text-sep text-sep-author\">\/<\/span><span class='av-masonry-author meta-color vcard author'><span class='fn'>by <\/span><\/span><\/div><\/div><\/figcaption><\/figure><\/a><!--end av-masonry entry--><a href=\"https:\/\/casa.oaxaca.gob.mx\/?p=14411\" id='av-masonry-1-item-14411' data-av-masonry-item='14411' class='av-masonry-entry isotope-item post-14411 post type-post status-publish format-standard has-post-thumbnail hentry category-201 all_sort 2024_sort  av-masonry-item-with-image' title=\"Taller presencial. T\u00e9cnicas calcogr\u00e1ficas. Javier Antonio.\"  itemscope=\"itemscope\" itemtype=\"https:\/\/schema.org\/CreativeWork\" ><div class='av-inner-masonry-sizer'><\/div><figure class='av-inner-masonry main_color'><div class=\"av-masonry-outerimage-container\"><div class=\"av-masonry-image-container\" style=\"background-image: url(https:\/\/casa.oaxaca.gob.mx\/wp-content\/uploads\/2024\/07\/c-Calcograficasjpg-705x484.jpg);\"><img decoding=\"async\" src=\"https:\/\/casa.oaxaca.gob.mx\/wp-content\/uploads\/2024\/07\/c-Calcograficasjpg-705x484.jpg\" title=\"c-Calcograficasjpg\" alt=\"\" \/><\/div><\/div><figcaption class='av-inner-masonry-content site-background'><div class='av-inner-masonry-content-pos'><div class='av-inner-masonry-content-pos-content'><div class='avia-arrow'><\/div><h3 class='av-masonry-entry-title entry-title'  itemprop=\"headline\" >Taller presencial. T\u00e9cnicas calcogr\u00e1ficas. Javier Antonio.<\/h3><span class='av-masonry-date meta-color updated'><\/span><span class=\"av-masonry-text-sep text-sep-author\">\/<\/span><span class='av-masonry-author meta-color vcard author'><span class='fn'>by <\/span><\/span><\/div><\/div><\/figcaption><\/figure><\/a><!--end av-masonry entry--><a href=\"https:\/\/casa.oaxaca.gob.mx\/?p=14404\" id='av-masonry-1-item-14404' data-av-masonry-item='14404' class='av-masonry-entry isotope-item post-14404 post type-post status-publish format-standard has-post-thumbnail hentry category-201 all_sort 2024_sort  av-masonry-item-with-image' title=\"Taller presencial. Creaci\u00f3n de gorros de lana. Marcela Ortega.\"  itemscope=\"itemscope\" itemtype=\"https:\/\/schema.org\/CreativeWork\" ><div class='av-inner-masonry-sizer'><\/div><figure class='av-inner-masonry main_color'><div class=\"av-masonry-outerimage-container\"><div class=\"av-masonry-image-container\" style=\"background-image: url(https:\/\/casa.oaxaca.gob.mx\/wp-content\/uploads\/2024\/07\/C-Gorros-lana-705x484.jpg);\"><img decoding=\"async\" src=\"https:\/\/casa.oaxaca.gob.mx\/wp-content\/uploads\/2024\/07\/C-Gorros-lana-705x484.jpg\" title=\"C-Gorros lana\" alt=\"\" \/><\/div><\/div><figcaption class='av-inner-masonry-content site-background'><div class='av-inner-masonry-content-pos'><div class='av-inner-masonry-content-pos-content'><div class='avia-arrow'><\/div><h3 class='av-masonry-entry-title entry-title'  itemprop=\"headline\" >Taller presencial. Creaci\u00f3n de gorros de lana. Marcela Ortega.<\/h3><span class='av-masonry-date meta-color updated'><\/span><span class=\"av-masonry-text-sep text-sep-author\">\/<\/span><span class='av-masonry-author meta-color vcard author'><span class='fn'>by <\/span><\/span><\/div><\/div><\/figcaption><\/figure><\/a><!--end av-masonry entry--><a href=\"https:\/\/casa.oaxaca.gob.mx\/?p=14397\" id='av-masonry-1-item-14397' data-av-masonry-item='14397' class='av-masonry-entry isotope-item post-14397 post type-post status-publish format-standard has-post-thumbnail hentry category-201 category-sin-categoria all_sort 2024_sort  sin-categoria_sort  av-masonry-item-with-image' title=\"Taller presencial. Artista STEAM. VOXELED-Natalia Landa.\"  itemscope=\"itemscope\" itemtype=\"https:\/\/schema.org\/CreativeWork\" ><div class='av-inner-masonry-sizer'><\/div><figure class='av-inner-masonry main_color'><div class=\"av-masonry-outerimage-container\"><div class=\"av-masonry-image-container\" style=\"background-image: url(https:\/\/casa.oaxaca.gob.mx\/wp-content\/uploads\/2024\/07\/C-Steam-705x484.jpg);\"><img decoding=\"async\" src=\"https:\/\/casa.oaxaca.gob.mx\/wp-content\/uploads\/2024\/07\/C-Steam-705x484.jpg\" title=\"C-Steam\" alt=\"\" \/><\/div><\/div><figcaption class='av-inner-masonry-content site-background'><div class='av-inner-masonry-content-pos'><div class='av-inner-masonry-content-pos-content'><div class='avia-arrow'><\/div><h3 class='av-masonry-entry-title entry-title'  itemprop=\"headline\" >Taller presencial. Artista STEAM. VOXELED-Natalia Landa.<\/h3><span class='av-masonry-date meta-color updated'><\/span><span class=\"av-masonry-text-sep text-sep-author\">\/<\/span><span class='av-masonry-author meta-color vcard author'><span class='fn'>by <\/span><\/span><\/div><\/div><\/figcaption><\/figure><\/a><!--end av-masonry entry--><a href=\"https:\/\/casa.oaxaca.gob.mx\/?p=14390\" id='av-masonry-1-item-14390' data-av-masonry-item='14390' class='av-masonry-entry isotope-item post-14390 post type-post status-publish format-standard has-post-thumbnail hentry category-201 all_sort 2024_sort  av-masonry-item-with-image' title=\"Taller presencial.D\u00edas de Cine. Taller de cine para infancias. Amalia Correa \u2013 OaxacaCine.\"  itemscope=\"itemscope\" itemtype=\"https:\/\/schema.org\/CreativeWork\" ><div class='av-inner-masonry-sizer'><\/div><figure class='av-inner-masonry main_color'><div class=\"av-masonry-outerimage-container\"><div class=\"av-masonry-image-container\" style=\"background-image: url(https:\/\/casa.oaxaca.gob.mx\/wp-content\/uploads\/2024\/07\/cine-705x484.png);\"><img decoding=\"async\" src=\"https:\/\/casa.oaxaca.gob.mx\/wp-content\/uploads\/2024\/07\/cine-705x484.png\" title=\"cine\" alt=\"\" \/><\/div><\/div><figcaption class='av-inner-masonry-content site-background'><div class='av-inner-masonry-content-pos'><div class='av-inner-masonry-content-pos-content'><div class='avia-arrow'><\/div><h3 class='av-masonry-entry-title entry-title'  itemprop=\"headline\" >Taller presencial.D\u00edas de Cine. Taller de cine para infancias. Amalia Correa \u2013 OaxacaCine.<\/h3><span class='av-masonry-date meta-color updated'><\/span><span class=\"av-masonry-text-sep text-sep-author\">\/<\/span><span class='av-masonry-author meta-color vcard author'><span class='fn'>by <\/span><\/span><\/div><\/div><\/figcaption><\/figure><\/a><!--end av-masonry entry--><a href=\"https:\/\/casa.oaxaca.gob.mx\/?p=14383\" id='av-masonry-1-item-14383' data-av-masonry-item='14383' class='av-masonry-entry isotope-item post-14383 post type-post status-publish format-standard has-post-thumbnail hentry category-201 category-convocatorias-pasadas all_sort 2024_sort  convocatorias-pasadas_sort  av-masonry-item-with-image' title=\"Premio Emiliano Cruz 2024\"  itemscope=\"itemscope\" itemtype=\"https:\/\/schema.org\/CreativeWork\" ><div class='av-inner-masonry-sizer'><\/div><figure class='av-inner-masonry main_color'><div class=\"av-masonry-outerimage-container\"><div class=\"av-masonry-image-container\" style=\"background-image: url(https:\/\/casa.oaxaca.gob.mx\/wp-content\/uploads\/2024\/06\/MINIATURAS-705x484.png);\"><img decoding=\"async\" src=\"https:\/\/casa.oaxaca.gob.mx\/wp-content\/uploads\/2024\/06\/MINIATURAS-705x484.png\" title=\"MINIATURAS\" alt=\"\" \/><\/div><\/div><figcaption class='av-inner-masonry-content site-background'><div class='av-inner-masonry-content-pos'><div class='av-inner-masonry-content-pos-content'><div class='avia-arrow'><\/div><h3 class='av-masonry-entry-title entry-title'  itemprop=\"headline\" >Premio Emiliano Cruz 2024<\/h3><span class='av-masonry-date meta-color updated'><\/span><span class=\"av-masonry-text-sep text-sep-author\">\/<\/span><span class='av-masonry-author meta-color vcard author'><span class='fn'>by <\/span><\/span><\/div><\/div><\/figcaption><\/figure><\/a><!--end av-masonry entry--><a href=\"https:\/\/casa.oaxaca.gob.mx\/?p=14372\" id='av-masonry-1-item-14372' data-av-masonry-item='14372' class='av-masonry-entry isotope-item post-14372 post type-post status-publish format-standard has-post-thumbnail hentry category-201 category-convocatorias-pasadas all_sort 2024_sort  convocatorias-pasadas_sort  av-masonry-item-with-image' title=\"CONVOCATORIA NACIONAL &#8211; RESIDENCIA ART\u00cdSTICA DE GRABADO\"  itemscope=\"itemscope\" itemtype=\"https:\/\/schema.org\/CreativeWork\" ><div class='av-inner-masonry-sizer'><\/div><figure class='av-inner-masonry main_color'><div class=\"av-masonry-outerimage-container\"><div class=\"av-masonry-image-container\" style=\"background-image: url(https:\/\/casa.oaxaca.gob.mx\/wp-content\/uploads\/2024\/06\/3.GrabadoNC-705x484.jpg);\"><img decoding=\"async\" src=\"https:\/\/casa.oaxaca.gob.mx\/wp-content\/uploads\/2024\/06\/3.GrabadoNC-705x484.jpg\" title=\"3.GrabadoNC\" alt=\"\" \/><\/div><\/div><figcaption class='av-inner-masonry-content site-background'><div class='av-inner-masonry-content-pos'><div class='av-inner-masonry-content-pos-content'><div class='avia-arrow'><\/div><h3 class='av-masonry-entry-title entry-title'  itemprop=\"headline\" >CONVOCATORIA NACIONAL &#8211; RESIDENCIA ART\u00cdSTICA DE GRABADO<\/h3><span class='av-masonry-date meta-color updated'><\/span><span class=\"av-masonry-text-sep text-sep-author\">\/<\/span><span class='av-masonry-author meta-color vcard author'><span class='fn'>by <\/span><\/span><\/div><\/div><\/figcaption><\/figure><\/a><!--end av-masonry entry--><a href=\"https:\/\/casa.oaxaca.gob.mx\/?p=14362\" id='av-masonry-1-item-14362' data-av-masonry-item='14362' class='av-masonry-entry isotope-item post-14362 post type-post status-publish format-standard has-post-thumbnail hentry category-201 category-convocatorias-pasadas all_sort 2024_sort  convocatorias-pasadas_sort  av-masonry-item-with-image' title=\"CONVOCATORIA PARA PERSONAS OAXAQUE\u00d1AS &#8211; RESIDENCIA ART\u00cdSTICA DE GRABADO\"  itemscope=\"itemscope\" itemtype=\"https:\/\/schema.org\/CreativeWork\" ><div class='av-inner-masonry-sizer'><\/div><figure class='av-inner-masonry main_color'><div class=\"av-masonry-outerimage-container\"><div class=\"av-masonry-image-container\" style=\"background-image: url(https:\/\/casa.oaxaca.gob.mx\/wp-content\/uploads\/2024\/06\/3.GrabadoEC-705x484.jpg);\"><img decoding=\"async\" src=\"https:\/\/casa.oaxaca.gob.mx\/wp-content\/uploads\/2024\/06\/3.GrabadoEC-705x484.jpg\" title=\"3.GrabadoEC\" alt=\"\" \/><\/div><\/div><figcaption class='av-inner-masonry-content site-background'><div class='av-inner-masonry-content-pos'><div class='av-inner-masonry-content-pos-content'><div class='avia-arrow'><\/div><h3 class='av-masonry-entry-title entry-title'  itemprop=\"headline\" >CONVOCATORIA PARA PERSONAS OAXAQUE\u00d1AS &#8211; RESIDENCIA ART\u00cdSTICA DE GRABADO<\/h3><span class='av-masonry-date meta-color updated'><\/span><span class=\"av-masonry-text-sep text-sep-author\">\/<\/span><span class='av-masonry-author meta-color vcard author'><span class='fn'>by <\/span><\/span><\/div><\/div><\/figcaption><\/figure><\/a><!--end av-masonry entry--><a href=\"https:\/\/casa.oaxaca.gob.mx\/?p=14351\" id='av-masonry-1-item-14351' data-av-masonry-item='14351' class='av-masonry-entry isotope-item post-14351 post type-post status-publish format-standard has-post-thumbnail hentry category-esposiciones-pasadas all_sort esposiciones-pasadas_sort  av-masonry-item-with-image' title=\"Rom\u00e1n Guti\u00e9rrez. SUE\u00d1O Y VIDA.\"  itemscope=\"itemscope\" itemtype=\"https:\/\/schema.org\/CreativeWork\" ><div class='av-inner-masonry-sizer'><\/div><figure class='av-inner-masonry main_color'><div class=\"av-masonry-outerimage-container\"><div class=\"av-masonry-image-container\" style=\"background-image: url(https:\/\/casa.oaxaca.gob.mx\/wp-content\/uploads\/2024\/06\/Thumbnailweb_Suen\u0303oyvida-705x483.jpg);\"><img decoding=\"async\" src=\"https:\/\/casa.oaxaca.gob.mx\/wp-content\/uploads\/2024\/06\/Thumbnailweb_Suen\u0303oyvida-705x483.jpg\" title=\"Thumbnailweb_Suen\u0303oyvida\" alt=\"\" \/><\/div><\/div><figcaption class='av-inner-masonry-content site-background'><div class='av-inner-masonry-content-pos'><div class='av-inner-masonry-content-pos-content'><div class='avia-arrow'><\/div><h3 class='av-masonry-entry-title entry-title'  itemprop=\"headline\" >Rom\u00e1n Guti\u00e9rrez. SUE\u00d1O Y VIDA.<\/h3><span class='av-masonry-date meta-color updated'><\/span><span class=\"av-masonry-text-sep text-sep-author\">\/<\/span><span class='av-masonry-author meta-color vcard author'><span class='fn'>by <\/span><\/span><\/div><\/div><\/figcaption><\/figure><\/a><!--end av-masonry entry--><a href=\"https:\/\/casa.oaxaca.gob.mx\/?p=14344\" id='av-masonry-1-item-14344' data-av-masonry-item='14344' class='av-masonry-entry isotope-item post-14344 post type-post status-publish format-standard has-post-thumbnail hentry category-201 all_sort 2024_sort  av-masonry-item-with-image' title=\"Taller en l\u00ednea. C\u00f3mo dedicarse a la fotograf\u00eda y sobrevivir en el intento: Jorge Santiago.\"  itemscope=\"itemscope\" itemtype=\"https:\/\/schema.org\/CreativeWork\" ><div class='av-inner-masonry-sizer'><\/div><figure class='av-inner-masonry main_color'><div class=\"av-masonry-outerimage-container\"><div class=\"av-masonry-image-container\" style=\"background-image: url(https:\/\/casa.oaxaca.gob.mx\/wp-content\/uploads\/2024\/06\/como-dedicarse-a-la-foto-705x484.png);\"><img decoding=\"async\" src=\"https:\/\/casa.oaxaca.gob.mx\/wp-content\/uploads\/2024\/06\/como-dedicarse-a-la-foto-705x484.png\" title=\"como dedicarse a la foto\" alt=\"\" \/><\/div><\/div><figcaption class='av-inner-masonry-content site-background'><div class='av-inner-masonry-content-pos'><div class='av-inner-masonry-content-pos-content'><div class='avia-arrow'><\/div><h3 class='av-masonry-entry-title entry-title'  itemprop=\"headline\" >Taller en l\u00ednea. C\u00f3mo dedicarse a la fotograf\u00eda y sobrevivir en el intento: Jorge Santiago.<\/h3><span class='av-masonry-date meta-color updated'><\/span><span class=\"av-masonry-text-sep text-sep-author\">\/<\/span><span class='av-masonry-author meta-color vcard author'><span class='fn'>by <\/span><\/span><\/div><\/div><\/figcaption><\/figure><\/a><!--end av-masonry entry--><a href=\"https:\/\/casa.oaxaca.gob.mx\/?p=14340\" id='av-masonry-1-item-14340' data-av-masonry-item='14340' class='av-masonry-entry isotope-item post-14340 post type-post status-publish format-standard has-post-thumbnail hentry category-201 category-convocatorias-pasadas all_sort 2024_sort  convocatorias-pasadas_sort  av-masonry-item-with-image' title=\"Premios CaSa 2024 &#8211; Ombeayi\u00fcts\/Umbeyajts\/Umbey\u00fcjts 2024\"  itemscope=\"itemscope\" itemtype=\"https:\/\/schema.org\/CreativeWork\" ><div class='av-inner-masonry-sizer'><\/div><figure class='av-inner-masonry main_color'><div class=\"av-masonry-outerimage-container\"><div class=\"av-masonry-image-container\" style=\"background-image: url(https:\/\/casa.oaxaca.gob.mx\/wp-content\/uploads\/2024\/06\/3.Thumbnail_Ombeayiuts-705x484.jpg);\"><img decoding=\"async\" src=\"https:\/\/casa.oaxaca.gob.mx\/wp-content\/uploads\/2024\/06\/3.Thumbnail_Ombeayiuts-705x484.jpg\" title=\"3.Thumbnail_Ombeayiuts\" alt=\"\" \/><\/div><\/div><figcaption class='av-inner-masonry-content site-background'><div class='av-inner-masonry-content-pos'><div class='av-inner-masonry-content-pos-content'><div class='avia-arrow'><\/div><h3 class='av-masonry-entry-title entry-title'  itemprop=\"headline\" >Premios CaSa 2024 &#8211; Ombeayi\u00fcts\/Umbeyajts\/Umbey\u00fcjts 2024<\/h3><span class='av-masonry-date meta-color updated'><\/span><span class=\"av-masonry-text-sep text-sep-author\">\/<\/span><span class='av-masonry-author meta-color vcard author'><span class='fn'>by <\/span><\/span><\/div><\/div><\/figcaption><\/figure><\/a><!--end av-masonry entry--><a href=\"https:\/\/casa.oaxaca.gob.mx\/?p=14336\" id='av-masonry-1-item-14336' data-av-masonry-item='14336' class='av-masonry-entry isotope-item post-14336 post type-post status-publish format-standard has-post-thumbnail hentry category-201 category-convocatorias-pasadas all_sort 2024_sort  convocatorias-pasadas_sort  av-masonry-item-with-image' title=\"Premios CaSa 2024 &#8211; CHINANTECO\"  itemscope=\"itemscope\" itemtype=\"https:\/\/schema.org\/CreativeWork\" ><div class='av-inner-masonry-sizer'><\/div><figure class='av-inner-masonry main_color'><div class=\"av-masonry-outerimage-container\"><div class=\"av-masonry-image-container\" style=\"background-image: url(https:\/\/casa.oaxaca.gob.mx\/wp-content\/uploads\/2024\/06\/5.Thumbnail_Chinanteco-705x484.jpg);\"><img decoding=\"async\" src=\"https:\/\/casa.oaxaca.gob.mx\/wp-content\/uploads\/2024\/06\/5.Thumbnail_Chinanteco-705x484.jpg\" title=\"5.Thumbnail_Chinanteco\" alt=\"\" \/><\/div><\/div><figcaption class='av-inner-masonry-content site-background'><div class='av-inner-masonry-content-pos'><div class='av-inner-masonry-content-pos-content'><div class='avia-arrow'><\/div><h3 class='av-masonry-entry-title entry-title'  itemprop=\"headline\" >Premios CaSa 2024 &#8211; CHINANTECO<\/h3><span class='av-masonry-date meta-color updated'><\/span><span class=\"av-masonry-text-sep text-sep-author\">\/<\/span><span class='av-masonry-author meta-color vcard author'><span class='fn'>by <\/span><\/span><\/div><\/div><\/figcaption><\/figure><\/a><!--end av-masonry entry--><a href=\"https:\/\/casa.oaxaca.gob.mx\/?p=14332\" id='av-masonry-1-item-14332' data-av-masonry-item='14332' class='av-masonry-entry isotope-item post-14332 post type-post status-publish format-standard has-post-thumbnail hentry category-201 category-convocatorias-pasadas all_sort 2024_sort  convocatorias-pasadas_sort  av-masonry-item-with-image' title=\"Premios CaSa 2024 &#8211; \u00c9nn\u00e1 (MAZATECO)\"  itemscope=\"itemscope\" itemtype=\"https:\/\/schema.org\/CreativeWork\" ><div class='av-inner-masonry-sizer'><\/div><figure class='av-inner-masonry main_color'><div class=\"av-masonry-outerimage-container\"><div class=\"av-masonry-image-container\" style=\"background-image: url(https:\/\/casa.oaxaca.gob.mx\/wp-content\/uploads\/2024\/06\/1.Thumbnail_Mazateco.jpg);\"><img decoding=\"async\" src=\"https:\/\/casa.oaxaca.gob.mx\/wp-content\/uploads\/2024\/06\/1.Thumbnail_Mazateco.jpg\" title=\"1.Thumbnail_Mazateco\" alt=\"\" \/><\/div><\/div><figcaption class='av-inner-masonry-content site-background'><div class='av-inner-masonry-content-pos'><div class='av-inner-masonry-content-pos-content'><div class='avia-arrow'><\/div><h3 class='av-masonry-entry-title entry-title'  itemprop=\"headline\" >Premios CaSa 2024 &#8211; \u00c9nn\u00e1 (MAZATECO)<\/h3><span class='av-masonry-date meta-color updated'><\/span><span class=\"av-masonry-text-sep text-sep-author\">\/<\/span><span class='av-masonry-author meta-color vcard author'><span class='fn'>by <\/span><\/span><\/div><\/div><\/figcaption><\/figure><\/a><!--end av-masonry entry--><a href=\"https:\/\/casa.oaxaca.gob.mx\/?p=14327\" id='av-masonry-1-item-14327' data-av-masonry-item='14327' class='av-masonry-entry isotope-item post-14327 post type-post status-publish format-standard has-post-thumbnail hentry category-convocatorias-pasadas all_sort convocatorias-pasadas_sort  av-masonry-item-with-image' title=\"Premios CaSa 2024 &#8211; Tu\u2019un savi (MIXTECO)\"  itemscope=\"itemscope\" itemtype=\"https:\/\/schema.org\/CreativeWork\" ><div class='av-inner-masonry-sizer'><\/div><figure class='av-inner-masonry main_color'><div class=\"av-masonry-outerimage-container\"><div class=\"av-masonry-image-container\" style=\"background-image: url(https:\/\/casa.oaxaca.gob.mx\/wp-content\/uploads\/2024\/06\/2.Thumbnail_Mixteco-705x484.jpg);\"><img decoding=\"async\" src=\"https:\/\/casa.oaxaca.gob.mx\/wp-content\/uploads\/2024\/06\/2.Thumbnail_Mixteco-705x484.jpg\" title=\"2.Thumbnail_Mixteco\" alt=\"\" \/><\/div><\/div><figcaption class='av-inner-masonry-content site-background'><div class='av-inner-masonry-content-pos'><div class='av-inner-masonry-content-pos-content'><div class='avia-arrow'><\/div><h3 class='av-masonry-entry-title entry-title'  itemprop=\"headline\" >Premios CaSa 2024 &#8211; Tu\u2019un savi (MIXTECO)<\/h3><span class='av-masonry-date meta-color updated'><\/span><span class=\"av-masonry-text-sep text-sep-author\">\/<\/span><span class='av-masonry-author meta-color vcard author'><span class='fn'>by <\/span><\/span><\/div><\/div><\/figcaption><\/figure><\/a><!--end av-masonry entry--><a href=\"https:\/\/casa.oaxaca.gob.mx\/?p=14317\" id='av-masonry-1-item-14317' data-av-masonry-item='14317' class='av-masonry-entry isotope-item post-14317 post type-post status-publish format-standard has-post-thumbnail hentry category-convocatorias-pasadas all_sort convocatorias-pasadas_sort  av-masonry-item-with-image' title=\"Premios CaSa 2024 &#8211; ZAPOTECO\"  itemscope=\"itemscope\" itemtype=\"https:\/\/schema.org\/CreativeWork\" ><div class='av-inner-masonry-sizer'><\/div><figure class='av-inner-masonry main_color'><div class=\"av-masonry-outerimage-container\"><div class=\"av-masonry-image-container\" style=\"background-image: url(https:\/\/casa.oaxaca.gob.mx\/wp-content\/uploads\/2024\/06\/4.Thumbnail_Zapoteco-705x484.jpg);\"><img decoding=\"async\" src=\"https:\/\/casa.oaxaca.gob.mx\/wp-content\/uploads\/2024\/06\/4.Thumbnail_Zapoteco-705x484.jpg\" title=\"4.Thumbnail_Zapoteco\" alt=\"\" \/><\/div><\/div><figcaption class='av-inner-masonry-content site-background'><div class='av-inner-masonry-content-pos'><div class='av-inner-masonry-content-pos-content'><div class='avia-arrow'><\/div><h3 class='av-masonry-entry-title entry-title'  itemprop=\"headline\" >Premios CaSa 2024 &#8211; ZAPOTECO<\/h3><span class='av-masonry-date meta-color updated'><\/span><span class=\"av-masonry-text-sep text-sep-author\">\/<\/span><span class='av-masonry-author meta-color vcard author'><span class='fn'>by <\/span><\/span><\/div><\/div><\/figcaption><\/figure><\/a><!--end av-masonry entry--><a href=\"https:\/\/casa.oaxaca.gob.mx\/?p=14310\" id='av-masonry-1-item-14310' data-av-masonry-item='14310' class='av-masonry-entry isotope-item post-14310 post type-post status-publish format-standard has-post-thumbnail hentry category-201 all_sort 2024_sort  av-masonry-item-with-image' title=\"Taller en l\u00ednea. Introducci\u00f3n a la narrativa gr\u00e1fica: mi primer c\u00f3mic: Uriel P\u00e9rez.\"  itemscope=\"itemscope\" itemtype=\"https:\/\/schema.org\/CreativeWork\" ><div class='av-inner-masonry-sizer'><\/div><figure class='av-inner-masonry main_color'><div class=\"av-masonry-outerimage-container\"><div class=\"av-masonry-image-container\" style=\"background-image: url(https:\/\/casa.oaxaca.gob.mx\/wp-content\/uploads\/2024\/06\/Comic-2-705x484.png);\"><img decoding=\"async\" src=\"https:\/\/casa.oaxaca.gob.mx\/wp-content\/uploads\/2024\/06\/Comic-2-705x484.png\" title=\"Comic\" alt=\"\" \/><\/div><\/div><figcaption class='av-inner-masonry-content site-background'><div class='av-inner-masonry-content-pos'><div class='av-inner-masonry-content-pos-content'><div class='avia-arrow'><\/div><h3 class='av-masonry-entry-title entry-title'  itemprop=\"headline\" >Taller en l\u00ednea. Introducci\u00f3n a la narrativa gr\u00e1fica: mi primer c\u00f3mic: Uriel P\u00e9rez.<\/h3><span class='av-masonry-date meta-color updated'><\/span><span class=\"av-masonry-text-sep text-sep-author\">\/<\/span><span class='av-masonry-author meta-color vcard author'><span class='fn'>by <\/span><\/span><\/div><\/div><\/figcaption><\/figure><\/a><!--end av-masonry entry--><a href=\"https:\/\/casa.oaxaca.gob.mx\/?p=14304\" id='av-masonry-1-item-14304' data-av-masonry-item='14304' class='av-masonry-entry isotope-item post-14304 post type-post status-publish format-standard has-post-thumbnail hentry category-201 category-convocatorias-pasadas all_sort 2024_sort  convocatorias-pasadas_sort  av-masonry-item-with-image' title=\"Invent\u00edferos 2024\"  itemscope=\"itemscope\" itemtype=\"https:\/\/schema.org\/CreativeWork\" ><div class='av-inner-masonry-sizer'><\/div><figure class='av-inner-masonry main_color'><div class=\"av-masonry-outerimage-container\"><div class=\"av-masonry-image-container\" style=\"background-image: url(https:\/\/casa.oaxaca.gob.mx\/wp-content\/uploads\/2024\/05\/C-Inventiferosjpg-705x484.jpg);\"><img decoding=\"async\" src=\"https:\/\/casa.oaxaca.gob.mx\/wp-content\/uploads\/2024\/05\/C-Inventiferosjpg-705x484.jpg\" title=\"C-Inventiferosjpg\" alt=\"\" \/><\/div><\/div><figcaption class='av-inner-masonry-content site-background'><div class='av-inner-masonry-content-pos'><div class='av-inner-masonry-content-pos-content'><div class='avia-arrow'><\/div><h3 class='av-masonry-entry-title entry-title'  itemprop=\"headline\" >Invent\u00edferos 2024<\/h3><span class='av-masonry-date meta-color updated'><\/span><span class=\"av-masonry-text-sep text-sep-author\">\/<\/span><span class='av-masonry-author meta-color vcard author'><span class='fn'>by <\/span><\/span><\/div><\/div><\/figcaption><\/figure><\/a><!--end av-masonry entry--><a href=\"https:\/\/casa.oaxaca.gob.mx\/?p=14299\" id='av-masonry-1-item-14299' data-av-masonry-item='14299' class='av-masonry-entry isotope-item post-14299 post type-post status-publish format-standard has-post-thumbnail hentry category-201 all_sort 2024_sort  av-masonry-item-with-image' title=\"Taller presencial. Creaci\u00f3n de pantuflas de lana: Marcela Ortega .\"  itemscope=\"itemscope\" itemtype=\"https:\/\/schema.org\/CreativeWork\" ><div class='av-inner-masonry-sizer'><\/div><figure class='av-inner-masonry main_color'><div class=\"av-masonry-outerimage-container\"><div class=\"av-masonry-image-container\" style=\"background-image: url(https:\/\/casa.oaxaca.gob.mx\/wp-content\/uploads\/2024\/05\/Pantuflas-705x484.png);\"><img decoding=\"async\" src=\"https:\/\/casa.oaxaca.gob.mx\/wp-content\/uploads\/2024\/05\/Pantuflas-705x484.png\" title=\"Pantuflas\" alt=\"\" \/><\/div><\/div><figcaption class='av-inner-masonry-content site-background'><div class='av-inner-masonry-content-pos'><div class='av-inner-masonry-content-pos-content'><div class='avia-arrow'><\/div><h3 class='av-masonry-entry-title entry-title'  itemprop=\"headline\" >Taller presencial. Creaci\u00f3n de pantuflas de lana: Marcela Ortega .<\/h3><span class='av-masonry-date meta-color updated'><\/span><span class=\"av-masonry-text-sep text-sep-author\">\/<\/span><span class='av-masonry-author meta-color vcard author'><span class='fn'>by <\/span><\/span><\/div><\/div><\/figcaption><\/figure><\/a><!--end av-masonry entry--><a href=\"https:\/\/casa.oaxaca.gob.mx\/?p=14287\" id='av-masonry-1-item-14287' data-av-masonry-item='14287' class='av-masonry-entry isotope-item post-14287 post type-post status-publish format-standard has-post-thumbnail hentry category-201 all_sort 2024_sort  av-masonry-item-with-image' title=\"Taller presencial. Introducci\u00f3n al grabado calcogr\u00e1fico: Javier Antonio.\"  itemscope=\"itemscope\" itemtype=\"https:\/\/schema.org\/CreativeWork\" ><div class='av-inner-masonry-sizer'><\/div><figure class='av-inner-masonry main_color'><div class=\"av-masonry-outerimage-container\"><div class=\"av-masonry-image-container\" style=\"background-image: url(https:\/\/casa.oaxaca.gob.mx\/wp-content\/uploads\/2024\/05\/grabado-calcografico-705x484.png);\"><img decoding=\"async\" src=\"https:\/\/casa.oaxaca.gob.mx\/wp-content\/uploads\/2024\/05\/grabado-calcografico-705x484.png\" title=\"grabado calcografico\" alt=\"\" \/><\/div><\/div><figcaption class='av-inner-masonry-content site-background'><div class='av-inner-masonry-content-pos'><div class='av-inner-masonry-content-pos-content'><div class='avia-arrow'><\/div><h3 class='av-masonry-entry-title entry-title'  itemprop=\"headline\" >Taller presencial. Introducci\u00f3n al grabado calcogr\u00e1fico: Javier Antonio.<\/h3><span class='av-masonry-date meta-color updated'><\/span><span class=\"av-masonry-text-sep text-sep-author\">\/<\/span><span class='av-masonry-author meta-color vcard author'><span class='fn'>by <\/span><\/span><\/div><\/div><\/figcaption><\/figure><\/a><!--end av-masonry entry--><a href=\"https:\/\/casa.oaxaca.gob.mx\/?p=14279\" id='av-masonry-1-item-14279' data-av-masonry-item='14279' class='av-masonry-entry isotope-item post-14279 post type-post status-publish format-standard has-post-thumbnail hentry category-201 all_sort 2024_sort  av-masonry-item-with-image' title=\"Taller presencial. Bidimensional: Yolotl Zertuche Arias.\"  itemscope=\"itemscope\" itemtype=\"https:\/\/schema.org\/CreativeWork\" ><div class='av-inner-masonry-sizer'><\/div><figure class='av-inner-masonry main_color'><div class=\"av-masonry-outerimage-container\"><div class=\"av-masonry-image-container\" style=\"background-image: url(https:\/\/casa.oaxaca.gob.mx\/wp-content\/uploads\/2024\/05\/Bidimensional-705x484.png);\"><img decoding=\"async\" src=\"https:\/\/casa.oaxaca.gob.mx\/wp-content\/uploads\/2024\/05\/Bidimensional-705x484.png\" title=\"Bidimensional\" alt=\"\" \/><\/div><\/div><figcaption class='av-inner-masonry-content site-background'><div class='av-inner-masonry-content-pos'><div class='av-inner-masonry-content-pos-content'><div class='avia-arrow'><\/div><h3 class='av-masonry-entry-title entry-title'  itemprop=\"headline\" >Taller presencial. Bidimensional: Yolotl Zertuche Arias.<\/h3><span class='av-masonry-date meta-color updated'><\/span><span class=\"av-masonry-text-sep text-sep-author\">\/<\/span><span class='av-masonry-author meta-color vcard author'><span class='fn'>by <\/span><\/span><\/div><\/div><\/figcaption><\/figure><\/a><!--end av-masonry entry--><a href=\"https:\/\/casa.oaxaca.gob.mx\/?p=14115\" id='av-masonry-1-item-14115' data-av-masonry-item='14115' class='av-masonry-entry isotope-item post-14115 post type-post status-publish format-standard has-post-thumbnail hentry category-201 all_sort 2024_sort  av-masonry-item-with-image' title=\"Taller presencial. Danza cl\u00e1sica y acondicionamiento f\u00edsico para bailarines: Ballet M\u00e1ster H\u00e9ctor Hern\u00e1ndez y Elisa Hern\u00e1ndez.\"  itemscope=\"itemscope\" itemtype=\"https:\/\/schema.org\/CreativeWork\" ><div class='av-inner-masonry-sizer'><\/div><figure class='av-inner-masonry main_color'><div class=\"av-masonry-outerimage-container\"><div class=\"av-masonry-image-container\" style=\"background-image: url(https:\/\/casa.oaxaca.gob.mx\/wp-content\/uploads\/2024\/05\/Danza-705x484.png);\"><img decoding=\"async\" src=\"https:\/\/casa.oaxaca.gob.mx\/wp-content\/uploads\/2024\/05\/Danza-705x484.png\" title=\"Danza\" alt=\"\" \/><\/div><\/div><figcaption class='av-inner-masonry-content site-background'><div class='av-inner-masonry-content-pos'><div class='av-inner-masonry-content-pos-content'><div class='avia-arrow'><\/div><h3 class='av-masonry-entry-title entry-title'  itemprop=\"headline\" >Taller presencial. Danza cl\u00e1sica y acondicionamiento f\u00edsico para bailarines: Ballet M\u00e1ster H\u00e9ctor Hern\u00e1ndez y Elisa Hern\u00e1ndez.<\/h3><span class='av-masonry-date meta-color updated'><\/span><span class=\"av-masonry-text-sep text-sep-author\">\/<\/span><span class='av-masonry-author meta-color vcard author'><span class='fn'>by <\/span><\/span><\/div><\/div><\/figcaption><\/figure><\/a><!--end av-masonry entry--><a href=\"https:\/\/casa.oaxaca.gob.mx\/?p=14107\" id='av-masonry-1-item-14107' data-av-masonry-item='14107' class='av-masonry-entry isotope-item post-14107 post type-post status-publish format-standard has-post-thumbnail hentry category-201 all_sort 2024_sort  av-masonry-item-with-image' title=\"Taller presencial. Shibori para ni\u00f1os: Juli\u00e1n Mart\u00ednez.\"  itemscope=\"itemscope\" itemtype=\"https:\/\/schema.org\/CreativeWork\" ><div class='av-inner-masonry-sizer'><\/div><figure class='av-inner-masonry main_color'><div class=\"av-masonry-outerimage-container\"><div class=\"av-masonry-image-container\" style=\"background-image: url(https:\/\/casa.oaxaca.gob.mx\/wp-content\/uploads\/2024\/04\/shibori-1-705x484.png);\"><img decoding=\"async\" src=\"https:\/\/casa.oaxaca.gob.mx\/wp-content\/uploads\/2024\/04\/shibori-1-705x484.png\" title=\"shibori\" alt=\"\" \/><\/div><\/div><figcaption class='av-inner-masonry-content site-background'><div class='av-inner-masonry-content-pos'><div class='av-inner-masonry-content-pos-content'><div class='avia-arrow'><\/div><h3 class='av-masonry-entry-title entry-title'  itemprop=\"headline\" >Taller presencial. Shibori para ni\u00f1os: Juli\u00e1n Mart\u00ednez.<\/h3><span class='av-masonry-date meta-color updated'><\/span><span class=\"av-masonry-text-sep text-sep-author\">\/<\/span><span class='av-masonry-author meta-color vcard author'><span class='fn'>by <\/span><\/span><\/div><\/div><\/figcaption><\/figure><\/a><!--end av-masonry entry--><a href=\"https:\/\/casa.oaxaca.gob.mx\/?p=14094\" id='av-masonry-1-item-14094' data-av-masonry-item='14094' class='av-masonry-entry isotope-item post-14094 post type-post status-publish format-standard has-post-thumbnail hentry category-201 all_sort 2024_sort  av-masonry-item-with-image' title=\"Taller presencial. Taller de cine experimental para j\u00f3venes: Carolina Fusilier y Miko Revereza.\"  itemscope=\"itemscope\" itemtype=\"https:\/\/schema.org\/CreativeWork\" ><div class='av-inner-masonry-sizer'><\/div><figure class='av-inner-masonry main_color'><div class=\"av-masonry-outerimage-container\"><div class=\"av-masonry-image-container\" style=\"background-image: url(https:\/\/casa.oaxaca.gob.mx\/wp-content\/uploads\/2024\/04\/cine-experimental-705x484.png);\"><img decoding=\"async\" src=\"https:\/\/casa.oaxaca.gob.mx\/wp-content\/uploads\/2024\/04\/cine-experimental-705x484.png\" title=\"cine experimental\" alt=\"\" \/><\/div><\/div><figcaption class='av-inner-masonry-content site-background'><div class='av-inner-masonry-content-pos'><div class='av-inner-masonry-content-pos-content'><div class='avia-arrow'><\/div><h3 class='av-masonry-entry-title entry-title'  itemprop=\"headline\" >Taller presencial. Taller de cine experimental para j\u00f3venes: Carolina Fusilier y Miko Revereza.<\/h3><span class='av-masonry-date meta-color updated'><\/span><span class=\"av-masonry-text-sep text-sep-author\">\/<\/span><span class='av-masonry-author meta-color vcard author'><span class='fn'>by <\/span><\/span><\/div><\/div><\/figcaption><\/figure><\/a><!--end av-masonry entry--><a href=\"https:\/\/casa.oaxaca.gob.mx\/?p=14084\" id='av-masonry-1-item-14084' data-av-masonry-item='14084' class='av-masonry-entry isotope-item post-14084 post type-post status-publish format-standard has-post-thumbnail hentry category-201 all_sort 2024_sort  av-masonry-item-with-image' title=\"Taller presencial. La memoria en los bolsillos: Leer y escribir en comunidad. \u201cSeminario Promotores de la Lectura en Oaxaca\u201d: Nadia L\u00f3pez y Jorge Gonzalo.\"  itemscope=\"itemscope\" itemtype=\"https:\/\/schema.org\/CreativeWork\" ><div class='av-inner-masonry-sizer'><\/div><figure class='av-inner-masonry main_color'><div class=\"av-masonry-outerimage-container\"><div class=\"av-masonry-image-container\" style=\"background-image: url(https:\/\/casa.oaxaca.gob.mx\/wp-content\/uploads\/2024\/04\/Memoria-en-los-bolsillos-705x484.png);\"><img decoding=\"async\" src=\"https:\/\/casa.oaxaca.gob.mx\/wp-content\/uploads\/2024\/04\/Memoria-en-los-bolsillos-705x484.png\" title=\"Memoria en los bolsillos\" alt=\"\" \/><\/div><\/div><figcaption class='av-inner-masonry-content site-background'><div class='av-inner-masonry-content-pos'><div class='av-inner-masonry-content-pos-content'><div class='avia-arrow'><\/div><h3 class='av-masonry-entry-title entry-title'  itemprop=\"headline\" >Taller presencial. La memoria en los bolsillos: Leer y escribir en comunidad. \u201cSeminario Promotores de la Lectura en Oaxaca\u201d: Nadia L\u00f3pez y Jorge Gonzalo.<\/h3><span class='av-masonry-date meta-color updated'><\/span><span class=\"av-masonry-text-sep text-sep-author\">\/<\/span><span class='av-masonry-author meta-color vcard author'><span class='fn'>by <\/span><\/span><\/div><\/div><\/figcaption><\/figure><\/a><!--end av-masonry entry--><a href=\"https:\/\/casa.oaxaca.gob.mx\/?p=14072\" id='av-masonry-1-item-14072' data-av-masonry-item='14072' class='av-masonry-entry isotope-item post-14072 post type-post status-publish format-standard has-post-thumbnail hentry category-201 all_sort 2024_sort  av-masonry-item-with-image' title=\"Taller presencial. Activaci\u00f3n del espacio p\u00fablico: M\u00f3nica Herrera.\"  itemscope=\"itemscope\" itemtype=\"https:\/\/schema.org\/CreativeWork\" ><div class='av-inner-masonry-sizer'><\/div><figure class='av-inner-masonry main_color'><div class=\"av-masonry-outerimage-container\"><div class=\"av-masonry-image-container\" style=\"background-image: url(https:\/\/casa.oaxaca.gob.mx\/wp-content\/uploads\/2024\/04\/Activacio\u0301n-del-espacio-705x484.jpg);\"><img decoding=\"async\" src=\"https:\/\/casa.oaxaca.gob.mx\/wp-content\/uploads\/2024\/04\/Activacio\u0301n-del-espacio-705x484.jpg\" title=\"Activacio\u0301n del espacio\" alt=\"\" \/><\/div><\/div><figcaption class='av-inner-masonry-content site-background'><div class='av-inner-masonry-content-pos'><div class='av-inner-masonry-content-pos-content'><div class='avia-arrow'><\/div><h3 class='av-masonry-entry-title entry-title'  itemprop=\"headline\" >Taller presencial. Activaci\u00f3n del espacio p\u00fablico: M\u00f3nica Herrera.<\/h3><span class='av-masonry-date meta-color updated'><\/span><span class=\"av-masonry-text-sep text-sep-author\">\/<\/span><span class='av-masonry-author meta-color vcard author'><span class='fn'>by <\/span><\/span><\/div><\/div><\/figcaption><\/figure><\/a><!--end av-masonry entry--><a href=\"https:\/\/casa.oaxaca.gob.mx\/?p=14067\" id='av-masonry-1-item-14067' data-av-masonry-item='14067' class='av-masonry-entry isotope-item post-14067 post type-post status-publish format-standard has-post-thumbnail hentry category-201 all_sort 2024_sort  av-masonry-item-with-image' title=\"Taller presencial. Escribir para ni\u00f1as, ni\u00f1os y j\u00f3venes, desde la emoci\u00f3n y la memoria: Jonathan Minila.\"  itemscope=\"itemscope\" itemtype=\"https:\/\/schema.org\/CreativeWork\" ><div class='av-inner-masonry-sizer'><\/div><figure class='av-inner-masonry main_color'><div class=\"av-masonry-outerimage-container\"><div class=\"av-masonry-image-container\" style=\"background-image: url(https:\/\/casa.oaxaca.gob.mx\/wp-content\/uploads\/2024\/04\/escribir-para-nin\u0303os-705x484.jpg);\"><img decoding=\"async\" src=\"https:\/\/casa.oaxaca.gob.mx\/wp-content\/uploads\/2024\/04\/escribir-para-nin\u0303os-705x484.jpg\" title=\"escribir para nin\u0303os\" alt=\"\" \/><\/div><\/div><figcaption class='av-inner-masonry-content site-background'><div class='av-inner-masonry-content-pos'><div class='av-inner-masonry-content-pos-content'><div class='avia-arrow'><\/div><h3 class='av-masonry-entry-title entry-title'  itemprop=\"headline\" >Taller presencial. Escribir para ni\u00f1as, ni\u00f1os y j\u00f3venes, desde la emoci\u00f3n y la memoria: Jonathan Minila.<\/h3><span class='av-masonry-date meta-color updated'><\/span><span class=\"av-masonry-text-sep text-sep-author\">\/<\/span><span class='av-masonry-author meta-color vcard author'><span class='fn'>by <\/span><\/span><\/div><\/div><\/figcaption><\/figure><\/a><!--end av-masonry entry--><a href=\"https:\/\/casa.oaxaca.gob.mx\/?p=14059\" id='av-masonry-1-item-14059' data-av-masonry-item='14059' class='av-masonry-entry isotope-item post-14059 post type-post status-publish format-standard has-post-thumbnail hentry category-201 all_sort 2024_sort  av-masonry-item-with-image' title=\"Taller presencial. Bit\u00e1coras de procesos. Taller de gr\u00e1fica y estampa: Coral Revueltas Valle.\"  itemscope=\"itemscope\" itemtype=\"https:\/\/schema.org\/CreativeWork\" ><div class='av-inner-masonry-sizer'><\/div><figure class='av-inner-masonry main_color'><div class=\"av-masonry-outerimage-container\"><div class=\"av-masonry-image-container\" style=\"background-image: url(https:\/\/casa.oaxaca.gob.mx\/wp-content\/uploads\/2024\/04\/bita\u0301coras-705x484.jpg);\"><img decoding=\"async\" src=\"https:\/\/casa.oaxaca.gob.mx\/wp-content\/uploads\/2024\/04\/bita\u0301coras-705x484.jpg\" title=\"bita\u0301coras\" alt=\"\" \/><\/div><\/div><figcaption class='av-inner-masonry-content site-background'><div class='av-inner-masonry-content-pos'><div class='av-inner-masonry-content-pos-content'><div class='avia-arrow'><\/div><h3 class='av-masonry-entry-title entry-title'  itemprop=\"headline\" >Taller presencial. Bit\u00e1coras de procesos. Taller de gr\u00e1fica y estampa: Coral Revueltas Valle.<\/h3><span class='av-masonry-date meta-color updated'><\/span><span class=\"av-masonry-text-sep text-sep-author\">\/<\/span><span class='av-masonry-author meta-color vcard author'><span class='fn'>by <\/span><\/span><\/div><\/div><\/figcaption><\/figure><\/a><!--end av-masonry entry--><a href=\"https:\/\/casa.oaxaca.gob.mx\/?p=14051\" id='av-masonry-1-item-14051' data-av-masonry-item='14051' class='av-masonry-entry isotope-item post-14051 post type-post status-publish format-standard has-post-thumbnail hentry category-201 all_sort 2024_sort  av-masonry-item-with-image' title=\"Taller presencial. El celular como herramienta fotogr\u00e1fica y de edici\u00f3n de fotorreportajes: James Rodr\u00edguez.\"  itemscope=\"itemscope\" itemtype=\"https:\/\/schema.org\/CreativeWork\" ><div class='av-inner-masonry-sizer'><\/div><figure class='av-inner-masonry main_color'><div class=\"av-masonry-outerimage-container\"><div class=\"av-masonry-image-container\" style=\"background-image: url(https:\/\/casa.oaxaca.gob.mx\/wp-content\/uploads\/2024\/04\/El-c-elular-705x484.jpg);\"><img decoding=\"async\" src=\"https:\/\/casa.oaxaca.gob.mx\/wp-content\/uploads\/2024\/04\/El-c-elular-705x484.jpg\" title=\"El c elular\" alt=\"\" \/><\/div><\/div><figcaption class='av-inner-masonry-content site-background'><div class='av-inner-masonry-content-pos'><div class='av-inner-masonry-content-pos-content'><div class='avia-arrow'><\/div><h3 class='av-masonry-entry-title entry-title'  itemprop=\"headline\" >Taller presencial. El celular como herramienta fotogr\u00e1fica y de edici\u00f3n de fotorreportajes: James Rodr\u00edguez.<\/h3><span class='av-masonry-date meta-color updated'><\/span><span class=\"av-masonry-text-sep text-sep-author\">\/<\/span><span class='av-masonry-author meta-color vcard author'><span class='fn'>by <\/span><\/span><\/div><\/div><\/figcaption><\/figure><\/a><!--end av-masonry entry--><a href=\"https:\/\/casa.oaxaca.gob.mx\/?p=14043\" id='av-masonry-1-item-14043' data-av-masonry-item='14043' class='av-masonry-entry isotope-item post-14043 post type-post status-publish format-standard has-post-thumbnail hentry category-201 all_sort 2024_sort  av-masonry-item-with-image' title=\"Taller presencial. Dramaturgia con base en la metodolog\u00eda del Laboratorio de Creaci\u00f3n Esc\u00e9nica: Salas de Urgencia: Alfonso C\u00e1rcamo.\"  itemscope=\"itemscope\" itemtype=\"https:\/\/schema.org\/CreativeWork\" ><div class='av-inner-masonry-sizer'><\/div><figure class='av-inner-masonry main_color'><div class=\"av-masonry-outerimage-container\"><div class=\"av-masonry-image-container\" style=\"background-image: url(https:\/\/casa.oaxaca.gob.mx\/wp-content\/uploads\/2024\/04\/Dramaturgia-705x484.jpg);\"><img decoding=\"async\" src=\"https:\/\/casa.oaxaca.gob.mx\/wp-content\/uploads\/2024\/04\/Dramaturgia-705x484.jpg\" title=\"Dramaturgia\" alt=\"\" \/><\/div><\/div><figcaption class='av-inner-masonry-content site-background'><div class='av-inner-masonry-content-pos'><div class='av-inner-masonry-content-pos-content'><div class='avia-arrow'><\/div><h3 class='av-masonry-entry-title entry-title'  itemprop=\"headline\" >Taller presencial. Dramaturgia con base en la metodolog\u00eda del Laboratorio de Creaci\u00f3n Esc\u00e9nica: Salas de Urgencia: Alfonso C\u00e1rcamo.<\/h3><span class='av-masonry-date meta-color updated'><\/span><span class=\"av-masonry-text-sep text-sep-author\">\/<\/span><span class='av-masonry-author meta-color vcard author'><span class='fn'>by <\/span><\/span><\/div><\/div><\/figcaption><\/figure><\/a><!--end av-masonry entry--><a href=\"https:\/\/casa.oaxaca.gob.mx\/?p=14035\" id='av-masonry-1-item-14035' data-av-masonry-item='14035' class='av-masonry-entry isotope-item post-14035 post type-post status-publish format-standard has-post-thumbnail hentry category-201 all_sort 2024_sort  av-masonry-item-with-image' title=\"Taller presencial. Alternativas gr\u00e1ficas, soportes, medios y matrices: M\u00f3nica Mu\u00f1oz Cid.\"  itemscope=\"itemscope\" itemtype=\"https:\/\/schema.org\/CreativeWork\" ><div class='av-inner-masonry-sizer'><\/div><figure class='av-inner-masonry main_color'><div class=\"av-masonry-outerimage-container\"><div class=\"av-masonry-image-container\" style=\"background-image: url(https:\/\/casa.oaxaca.gob.mx\/wp-content\/uploads\/2024\/04\/alternativas-gra\u0301ficas-705x484.jpg);\"><img decoding=\"async\" src=\"https:\/\/casa.oaxaca.gob.mx\/wp-content\/uploads\/2024\/04\/alternativas-gra\u0301ficas-705x484.jpg\" title=\"alternativas gra\u0301ficas\" alt=\"\" \/><\/div><\/div><figcaption class='av-inner-masonry-content site-background'><div class='av-inner-masonry-content-pos'><div class='av-inner-masonry-content-pos-content'><div class='avia-arrow'><\/div><h3 class='av-masonry-entry-title entry-title'  itemprop=\"headline\" >Taller presencial. Alternativas gr\u00e1ficas, soportes, medios y matrices: M\u00f3nica Mu\u00f1oz Cid.<\/h3><span class='av-masonry-date meta-color updated'><\/span><span class=\"av-masonry-text-sep text-sep-author\">\/<\/span><span class='av-masonry-author meta-color vcard author'><span class='fn'>by <\/span><\/span><\/div><\/div><\/figcaption><\/figure><\/a><!--end av-masonry entry--><a href=\"https:\/\/casa.oaxaca.gob.mx\/?p=14027\" id='av-masonry-1-item-14027' data-av-masonry-item='14027' class='av-masonry-entry isotope-item post-14027 post type-post status-publish format-standard has-post-thumbnail hentry category-201 all_sort 2024_sort  av-masonry-item-with-image' title=\"Taller presencial. Dibujo, creaci\u00f3n de personajes a trav\u00e9s de la naturaleza: Young Sun Kim.\"  itemscope=\"itemscope\" itemtype=\"https:\/\/schema.org\/CreativeWork\" ><div class='av-inner-masonry-sizer'><\/div><figure class='av-inner-masonry main_color'><div class=\"av-masonry-outerimage-container\"><div class=\"av-masonry-image-container\" style=\"background-image: url(https:\/\/casa.oaxaca.gob.mx\/wp-content\/uploads\/2024\/04\/Dibujo-705x484.png);\"><img decoding=\"async\" src=\"https:\/\/casa.oaxaca.gob.mx\/wp-content\/uploads\/2024\/04\/Dibujo-705x484.png\" title=\"Dibujo\" alt=\"\" \/><\/div><\/div><figcaption class='av-inner-masonry-content site-background'><div class='av-inner-masonry-content-pos'><div class='av-inner-masonry-content-pos-content'><div class='avia-arrow'><\/div><h3 class='av-masonry-entry-title entry-title'  itemprop=\"headline\" >Taller presencial. Dibujo, creaci\u00f3n de personajes a trav\u00e9s de la naturaleza: Young Sun Kim.<\/h3><span class='av-masonry-date meta-color updated'><\/span><span class=\"av-masonry-text-sep text-sep-author\">\/<\/span><span class='av-masonry-author meta-color vcard author'><span class='fn'>by <\/span><\/span><\/div><\/div><\/figcaption><\/figure><\/a><!--end av-masonry entry--><a href=\"https:\/\/casa.oaxaca.gob.mx\/?p=14018\" id='av-masonry-1-item-14018' data-av-masonry-item='14018' class='av-masonry-entry isotope-item post-14018 post type-post status-publish format-standard has-post-thumbnail hentry category-201 all_sort 2024_sort  av-masonry-item-with-image' title=\"Taller presencial. Direcci\u00f3n Esc\u00e9nica. El jard\u00edn de senderos que se bifurcan: Agust\u00edn Meza.\"  itemscope=\"itemscope\" itemtype=\"https:\/\/schema.org\/CreativeWork\" ><div class='av-inner-masonry-sizer'><\/div><figure class='av-inner-masonry main_color'><div class=\"av-masonry-outerimage-container\"><div class=\"av-masonry-image-container\" style=\"background-image: url(https:\/\/casa.oaxaca.gob.mx\/wp-content\/uploads\/2024\/04\/Direccio\u0301n-escenica-705x484.jpg);\"><img decoding=\"async\" src=\"https:\/\/casa.oaxaca.gob.mx\/wp-content\/uploads\/2024\/04\/Direccio\u0301n-escenica-705x484.jpg\" title=\"Direccio\u0301n escenica\" alt=\"\" \/><\/div><\/div><figcaption class='av-inner-masonry-content site-background'><div class='av-inner-masonry-content-pos'><div class='av-inner-masonry-content-pos-content'><div class='avia-arrow'><\/div><h3 class='av-masonry-entry-title entry-title'  itemprop=\"headline\" >Taller presencial. Direcci\u00f3n Esc\u00e9nica. El jard\u00edn de senderos que se bifurcan: Agust\u00edn Meza.<\/h3><span class='av-masonry-date meta-color updated'><\/span><span class=\"av-masonry-text-sep text-sep-author\">\/<\/span><span class='av-masonry-author meta-color vcard author'><span class='fn'>by <\/span><\/span><\/div><\/div><\/figcaption><\/figure><\/a><!--end av-masonry entry--><a href=\"https:\/\/casa.oaxaca.gob.mx\/?p=14011\" id='av-masonry-1-item-14011' data-av-masonry-item='14011' class='av-masonry-entry isotope-item post-14011 post type-post status-publish format-standard has-post-thumbnail hentry category-201 all_sort 2024_sort  av-masonry-item-with-image' title=\"Taller presencial. Revisi\u00f3n de carpetas gr\u00e1ficas y Taller \u201cDel material al m\u00faltiple\u201d: Dar\u00edo Ram\u00edrez Pedraza\"  itemscope=\"itemscope\" itemtype=\"https:\/\/schema.org\/CreativeWork\" ><div class='av-inner-masonry-sizer'><\/div><figure class='av-inner-masonry main_color'><div class=\"av-masonry-outerimage-container\"><div class=\"av-masonry-image-container\" style=\"background-image: url(https:\/\/casa.oaxaca.gob.mx\/wp-content\/uploads\/2024\/04\/revisio\u0301n-de-carpetas-705x484.jpg);\"><img decoding=\"async\" src=\"https:\/\/casa.oaxaca.gob.mx\/wp-content\/uploads\/2024\/04\/revisio\u0301n-de-carpetas-705x484.jpg\" title=\"revisio\u0301n de carpetas\" alt=\"\" \/><\/div><\/div><figcaption class='av-inner-masonry-content site-background'><div class='av-inner-masonry-content-pos'><div class='av-inner-masonry-content-pos-content'><div class='avia-arrow'><\/div><h3 class='av-masonry-entry-title entry-title'  itemprop=\"headline\" >Taller presencial. Revisi\u00f3n de carpetas gr\u00e1ficas y Taller \u201cDel material al m\u00faltiple\u201d: Dar\u00edo Ram\u00edrez Pedraza<\/h3><span class='av-masonry-date meta-color updated'><\/span><span class=\"av-masonry-text-sep text-sep-author\">\/<\/span><span class='av-masonry-author meta-color vcard author'><span class='fn'>by <\/span><\/span><\/div><\/div><\/figcaption><\/figure><\/a><!--end av-masonry entry--><a href=\"https:\/\/casa.oaxaca.gob.mx\/?p=14004\" id='av-masonry-1-item-14004' data-av-masonry-item='14004' class='av-masonry-entry isotope-item post-14004 post type-post status-publish format-standard has-post-thumbnail hentry category-201 all_sort 2024_sort  av-masonry-item-with-image' title=\"Taller presencial. Paisaje sonoro ficticio: Carole Chargueron.\"  itemscope=\"itemscope\" itemtype=\"https:\/\/schema.org\/CreativeWork\" ><div class='av-inner-masonry-sizer'><\/div><figure class='av-inner-masonry main_color'><div class=\"av-masonry-outerimage-container\"><div class=\"av-masonry-image-container\" style=\"background-image: url(https:\/\/casa.oaxaca.gob.mx\/wp-content\/uploads\/2024\/04\/Paisaje-s-1-705x484.png);\"><img decoding=\"async\" src=\"https:\/\/casa.oaxaca.gob.mx\/wp-content\/uploads\/2024\/04\/Paisaje-s-1-705x484.png\" title=\"Paisaje s (1)\" alt=\"\" \/><\/div><\/div><figcaption class='av-inner-masonry-content site-background'><div class='av-inner-masonry-content-pos'><div class='av-inner-masonry-content-pos-content'><div class='avia-arrow'><\/div><h3 class='av-masonry-entry-title entry-title'  itemprop=\"headline\" >Taller presencial. Paisaje sonoro ficticio: Carole Chargueron.<\/h3><span class='av-masonry-date meta-color updated'><\/span><span class=\"av-masonry-text-sep text-sep-author\">\/<\/span><span class='av-masonry-author meta-color vcard author'><span class='fn'>by <\/span><\/span><\/div><\/div><\/figcaption><\/figure><\/a><!--end av-masonry entry--><a href=\"https:\/\/casa.oaxaca.gob.mx\/?p=13988\" id='av-masonry-1-item-13988' data-av-masonry-item='13988' class='av-masonry-entry isotope-item post-13988 post type-post status-publish format-standard has-post-thumbnail hentry category-201 all_sort 2024_sort  av-masonry-item-with-image' title=\"Taller presencial. Cianotipia en CaSa: Carlos Rojas.\"  itemscope=\"itemscope\" itemtype=\"https:\/\/schema.org\/CreativeWork\" ><div class='av-inner-masonry-sizer'><\/div><figure class='av-inner-masonry main_color'><div class=\"av-masonry-outerimage-container\"><div class=\"av-masonry-image-container\" style=\"background-image: url(https:\/\/casa.oaxaca.gob.mx\/wp-content\/uploads\/2024\/04\/cerrada_cianotipo-705x484.jpg);\"><img decoding=\"async\" src=\"https:\/\/casa.oaxaca.gob.mx\/wp-content\/uploads\/2024\/04\/cerrada_cianotipo-705x484.jpg\" title=\"cerrada_cianotipo\" alt=\"\" \/><\/div><\/div><figcaption class='av-inner-masonry-content site-background'><div class='av-inner-masonry-content-pos'><div class='av-inner-masonry-content-pos-content'><div class='avia-arrow'><\/div><h3 class='av-masonry-entry-title entry-title'  itemprop=\"headline\" >Taller presencial. Cianotipia en CaSa: Carlos Rojas.<\/h3><span class='av-masonry-date meta-color updated'><\/span><span class=\"av-masonry-text-sep text-sep-author\">\/<\/span><span class='av-masonry-author meta-color vcard author'><span class='fn'>by <\/span><\/span><\/div><\/div><\/figcaption><\/figure><\/a><!--end av-masonry entry--><a href=\"https:\/\/casa.oaxaca.gob.mx\/?p=13983\" id='av-masonry-1-item-13983' data-av-masonry-item='13983' class='av-masonry-entry isotope-item post-13983 post type-post status-publish format-standard has-post-thumbnail hentry category-convocatorias-pasadas all_sort convocatorias-pasadas_sort  av-masonry-item-with-image' title=\"M\u00c1S ALL\u00c1 DEL SILENCIO\"  itemscope=\"itemscope\" itemtype=\"https:\/\/schema.org\/CreativeWork\" ><div class='av-inner-masonry-sizer'><\/div><figure class='av-inner-masonry main_color'><div class=\"av-masonry-outerimage-container\"><div class=\"av-masonry-image-container\" style=\"background-image: url(https:\/\/casa.oaxaca.gob.mx\/wp-content\/uploads\/2024\/04\/Magnum-705x484.jpg);\"><img decoding=\"async\" src=\"https:\/\/casa.oaxaca.gob.mx\/wp-content\/uploads\/2024\/04\/Magnum-705x484.jpg\" title=\"Magnum\" alt=\"\" \/><\/div><\/div><figcaption class='av-inner-masonry-content site-background'><div class='av-inner-masonry-content-pos'><div class='av-inner-masonry-content-pos-content'><div class='avia-arrow'><\/div><h3 class='av-masonry-entry-title entry-title'  itemprop=\"headline\" >M\u00c1S ALL\u00c1 DEL SILENCIO<\/h3><span class='av-masonry-date meta-color updated'><\/span><span class=\"av-masonry-text-sep text-sep-author\">\/<\/span><span class='av-masonry-author meta-color vcard author'><span class='fn'>by <\/span><\/span><\/div><\/div><\/figcaption><\/figure><\/a><!--end av-masonry entry--><a href=\"https:\/\/casa.oaxaca.gob.mx\/?p=13967\" id='av-masonry-1-item-13967' data-av-masonry-item='13967' class='av-masonry-entry isotope-item post-13967 post type-post status-publish format-standard has-post-thumbnail hentry category-201 all_sort 2024_sort  av-masonry-item-with-image' title=\"Taller presencial. Exploraci\u00f3n Sonora y &#8220;Live Electronics&#8221; : Miguel \u00c1ngel Frausto\"  itemscope=\"itemscope\" itemtype=\"https:\/\/schema.org\/CreativeWork\" ><div class='av-inner-masonry-sizer'><\/div><figure class='av-inner-masonry main_color'><div class=\"av-masonry-outerimage-container\"><div class=\"av-masonry-image-container\" style=\"background-image: url(https:\/\/casa.oaxaca.gob.mx\/wp-content\/uploads\/2024\/03\/cerrada_exploracionsonora-705x484.jpg);\"><img decoding=\"async\" src=\"https:\/\/casa.oaxaca.gob.mx\/wp-content\/uploads\/2024\/03\/cerrada_exploracionsonora-705x484.jpg\" title=\"cerrada_exploracionsonora\" alt=\"\" \/><\/div><\/div><figcaption class='av-inner-masonry-content site-background'><div class='av-inner-masonry-content-pos'><div class='av-inner-masonry-content-pos-content'><div class='avia-arrow'><\/div><h3 class='av-masonry-entry-title entry-title'  itemprop=\"headline\" >Taller presencial. Exploraci\u00f3n Sonora y &#8220;Live Electronics&#8221; : Miguel \u00c1ngel Frausto<\/h3><span class='av-masonry-date meta-color updated'><\/span><span class=\"av-masonry-text-sep text-sep-author\">\/<\/span><span class='av-masonry-author meta-color vcard author'><span class='fn'>by <\/span><\/span><\/div><\/div><\/figcaption><\/figure><\/a><!--end av-masonry entry--><a href=\"https:\/\/casa.oaxaca.gob.mx\/?p=13955\" id='av-masonry-1-item-13955' data-av-masonry-item='13955' class='av-masonry-entry isotope-item post-13955 post type-post status-publish format-standard has-post-thumbnail hentry category-201 all_sort 2024_sort  av-masonry-item-with-image' title=\"Taller presencial. MONOPRINT: Carlos Rojas.\"  itemscope=\"itemscope\" itemtype=\"https:\/\/schema.org\/CreativeWork\" ><div class='av-inner-masonry-sizer'><\/div><figure class='av-inner-masonry main_color'><div class=\"av-masonry-outerimage-container\"><div class=\"av-masonry-image-container\" style=\"background-image: url(https:\/\/casa.oaxaca.gob.mx\/wp-content\/uploads\/2024\/03\/2.WebCERRADA-Monoprint-705x484.jpg);\"><img decoding=\"async\" src=\"https:\/\/casa.oaxaca.gob.mx\/wp-content\/uploads\/2024\/03\/2.WebCERRADA-Monoprint-705x484.jpg\" title=\"2.WebCERRADA-Monoprint\" alt=\"\" \/><\/div><\/div><figcaption class='av-inner-masonry-content site-background'><div class='av-inner-masonry-content-pos'><div class='av-inner-masonry-content-pos-content'><div class='avia-arrow'><\/div><h3 class='av-masonry-entry-title entry-title'  itemprop=\"headline\" >Taller presencial. MONOPRINT: Carlos Rojas.<\/h3><span class='av-masonry-date meta-color updated'><\/span><span class=\"av-masonry-text-sep text-sep-author\">\/<\/span><span class='av-masonry-author meta-color vcard author'><span class='fn'>by <\/span><\/span><\/div><\/div><\/figcaption><\/figure><\/a><!--end av-masonry entry--><a href=\"https:\/\/casa.oaxaca.gob.mx\/?p=13940\" id='av-masonry-1-item-13940' data-av-masonry-item='13940' class='av-masonry-entry isotope-item post-13940 post type-post status-publish format-standard has-post-thumbnail hentry category-201 all_sort 2024_sort  av-masonry-item-with-image' title=\"Taller presencial. Fotograf\u00eda en cuarto oscuro con reveladores ecol\u00f3gicos: Dito Traspi\u00e9 y Jes\u00fas M\u00e1rquez.\"  itemscope=\"itemscope\" itemtype=\"https:\/\/schema.org\/CreativeWork\" ><div class='av-inner-masonry-sizer'><\/div><figure class='av-inner-masonry main_color'><div class=\"av-masonry-outerimage-container\"><div class=\"av-masonry-image-container\" style=\"background-image: url(https:\/\/casa.oaxaca.gob.mx\/wp-content\/uploads\/2024\/03\/Fotografia-cuarto-oscuro-705x484.png);\"><img decoding=\"async\" src=\"https:\/\/casa.oaxaca.gob.mx\/wp-content\/uploads\/2024\/03\/Fotografia-cuarto-oscuro-705x484.png\" title=\"Fotografia cuarto oscuro\" alt=\"\" \/><\/div><\/div><figcaption class='av-inner-masonry-content site-background'><div class='av-inner-masonry-content-pos'><div class='av-inner-masonry-content-pos-content'><div class='avia-arrow'><\/div><h3 class='av-masonry-entry-title entry-title'  itemprop=\"headline\" >Taller presencial. Fotograf\u00eda en cuarto oscuro con reveladores ecol\u00f3gicos: Dito Traspi\u00e9 y Jes\u00fas M\u00e1rquez.<\/h3><span class='av-masonry-date meta-color updated'><\/span><span class=\"av-masonry-text-sep text-sep-author\">\/<\/span><span class='av-masonry-author meta-color vcard author'><span class='fn'>by <\/span><\/span><\/div><\/div><\/figcaption><\/figure><\/a><!--end av-masonry entry--><a href=\"https:\/\/casa.oaxaca.gob.mx\/?p=13932\" id='av-masonry-1-item-13932' data-av-masonry-item='13932' class='av-masonry-entry isotope-item post-13932 post type-post status-publish format-standard has-post-thumbnail hentry category-201 all_sort 2024_sort  av-masonry-item-with-image' title=\"Taller presencial. Grabado en electr\u00f3lisis: Enrique Flores.\"  itemscope=\"itemscope\" itemtype=\"https:\/\/schema.org\/CreativeWork\" ><div class='av-inner-masonry-sizer'><\/div><figure class='av-inner-masonry main_color'><div class=\"av-masonry-outerimage-container\"><div class=\"av-masonry-image-container\" style=\"background-image: url(https:\/\/casa.oaxaca.gob.mx\/wp-content\/uploads\/2024\/03\/Grabado-en-electrolisis-705x484.png);\"><img decoding=\"async\" src=\"https:\/\/casa.oaxaca.gob.mx\/wp-content\/uploads\/2024\/03\/Grabado-en-electrolisis-705x484.png\" title=\"Grabado en electrolisis\" alt=\"\" \/><\/div><\/div><figcaption class='av-inner-masonry-content site-background'><div class='av-inner-masonry-content-pos'><div class='av-inner-masonry-content-pos-content'><div class='avia-arrow'><\/div><h3 class='av-masonry-entry-title entry-title'  itemprop=\"headline\" >Taller presencial. Grabado en electr\u00f3lisis: Enrique Flores.<\/h3><span class='av-masonry-date meta-color updated'><\/span><span class=\"av-masonry-text-sep text-sep-author\">\/<\/span><span class='av-masonry-author meta-color vcard author'><span class='fn'>by <\/span><\/span><\/div><\/div><\/figcaption><\/figure><\/a><!--end av-masonry entry--><a href=\"https:\/\/casa.oaxaca.gob.mx\/?p=13927\" id='av-masonry-1-item-13927' data-av-masonry-item='13927' class='av-masonry-entry isotope-item post-13927 post type-post status-publish format-standard has-post-thumbnail hentry category-201 all_sort 2024_sort  av-masonry-item-with-image' title=\"Taller presencial. Afelpado con lana natural: Marcela Ortega.\"  itemscope=\"itemscope\" itemtype=\"https:\/\/schema.org\/CreativeWork\" ><div class='av-inner-masonry-sizer'><\/div><figure class='av-inner-masonry main_color'><div class=\"av-masonry-outerimage-container\"><div class=\"av-masonry-image-container\" style=\"background-image: url(https:\/\/casa.oaxaca.gob.mx\/wp-content\/uploads\/2024\/03\/2.WebCerrada_afeplado-705x484.jpg);\"><img decoding=\"async\" src=\"https:\/\/casa.oaxaca.gob.mx\/wp-content\/uploads\/2024\/03\/2.WebCerrada_afeplado-705x484.jpg\" title=\"2.WebCerrada_afeplado\" alt=\"\" \/><\/div><\/div><figcaption class='av-inner-masonry-content site-background'><div class='av-inner-masonry-content-pos'><div class='av-inner-masonry-content-pos-content'><div class='avia-arrow'><\/div><h3 class='av-masonry-entry-title entry-title'  itemprop=\"headline\" >Taller presencial. Afelpado con lana natural: Marcela Ortega.<\/h3><span class='av-masonry-date meta-color updated'><\/span><span class=\"av-masonry-text-sep text-sep-author\">\/<\/span><span class='av-masonry-author meta-color vcard author'><span class='fn'>by <\/span><\/span><\/div><\/div><\/figcaption><\/figure><\/a><!--end av-masonry entry--><a href=\"https:\/\/casa.oaxaca.gob.mx\/?p=13920\" id='av-masonry-1-item-13920' data-av-masonry-item='13920' class='av-masonry-entry isotope-item post-13920 post type-post status-publish format-standard has-post-thumbnail hentry category-201 all_sort 2024_sort  av-masonry-item-with-image' title=\"Taller presencial. Te\u00f1ido de lana con tintes naturales: Juli\u00e1n Mart\u00ednez.\"  itemscope=\"itemscope\" itemtype=\"https:\/\/schema.org\/CreativeWork\" ><div class='av-inner-masonry-sizer'><\/div><figure class='av-inner-masonry main_color'><div class=\"av-masonry-outerimage-container\"><div class=\"av-masonry-image-container\" style=\"background-image: url(https:\/\/casa.oaxaca.gob.mx\/wp-content\/uploads\/2024\/03\/cerrada_tintesnaturales-705x484.jpg);\"><img decoding=\"async\" src=\"https:\/\/casa.oaxaca.gob.mx\/wp-content\/uploads\/2024\/03\/cerrada_tintesnaturales-705x484.jpg\" title=\"cerrada_tintesnaturales\" alt=\"\" \/><\/div><\/div><figcaption class='av-inner-masonry-content site-background'><div class='av-inner-masonry-content-pos'><div class='av-inner-masonry-content-pos-content'><div class='avia-arrow'><\/div><h3 class='av-masonry-entry-title entry-title'  itemprop=\"headline\" >Taller presencial. Te\u00f1ido de lana con tintes naturales: Juli\u00e1n Mart\u00ednez.<\/h3><span class='av-masonry-date meta-color updated'><\/span><span class=\"av-masonry-text-sep text-sep-author\">\/<\/span><span class='av-masonry-author meta-color vcard author'><span class='fn'>by <\/span><\/span><\/div><\/div><\/figcaption><\/figure><\/a><!--end av-masonry entry--><a href=\"https:\/\/casa.oaxaca.gob.mx\/?p=13910\" id='av-masonry-1-item-13910' data-av-masonry-item='13910' class='av-masonry-entry isotope-item post-13910 post type-post status-publish format-standard has-post-thumbnail hentry category-201 all_sort 2024_sort  av-masonry-item-with-image' title=\"Taller presencial. Procesos colaborativos en medios audiovisuales: Ariel St-Louis Lamoureux\"  itemscope=\"itemscope\" itemtype=\"https:\/\/schema.org\/CreativeWork\" ><div class='av-inner-masonry-sizer'><\/div><figure class='av-inner-masonry main_color'><div class=\"av-masonry-outerimage-container\"><div class=\"av-masonry-image-container\" style=\"background-image: url(https:\/\/casa.oaxaca.gob.mx\/wp-content\/uploads\/2024\/02\/2.WebCerrada_Procesos-colaborativos-705x483.jpg);\"><img decoding=\"async\" src=\"https:\/\/casa.oaxaca.gob.mx\/wp-content\/uploads\/2024\/02\/2.WebCerrada_Procesos-colaborativos-705x483.jpg\" title=\"2.WebCerrada_Procesos colaborativos\" alt=\"\" \/><\/div><\/div><figcaption class='av-inner-masonry-content site-background'><div class='av-inner-masonry-content-pos'><div class='av-inner-masonry-content-pos-content'><div class='avia-arrow'><\/div><h3 class='av-masonry-entry-title entry-title'  itemprop=\"headline\" >Taller presencial. Procesos colaborativos en medios audiovisuales: Ariel St-Louis Lamoureux<\/h3><span class='av-masonry-date meta-color updated'><\/span><span class=\"av-masonry-text-sep text-sep-author\">\/<\/span><span class='av-masonry-author meta-color vcard author'><span class='fn'>by <\/span><\/span><\/div><\/div><\/figcaption><\/figure><\/a><!--end av-masonry entry--><a href=\"https:\/\/casa.oaxaca.gob.mx\/?p=13902\" id='av-masonry-1-item-13902' data-av-masonry-item='13902' class='av-masonry-entry isotope-item post-13902 post type-post status-publish format-standard has-post-thumbnail hentry category-201 all_sort 2024_sort  av-masonry-item-with-image' title=\"Taller presencial. Introducci\u00f3n a actuaci\u00f3n frente a c\u00e1mara: Ariel St-Louis Lamoureux\"  itemscope=\"itemscope\" itemtype=\"https:\/\/schema.org\/CreativeWork\" ><div class='av-inner-masonry-sizer'><\/div><figure class='av-inner-masonry main_color'><div class=\"av-masonry-outerimage-container\"><div class=\"av-masonry-image-container\" style=\"background-image: url(https:\/\/casa.oaxaca.gob.mx\/wp-content\/uploads\/2024\/02\/2.WebCerrada-actuacionfrenteacamara-705x484.jpg);\"><img decoding=\"async\" src=\"https:\/\/casa.oaxaca.gob.mx\/wp-content\/uploads\/2024\/02\/2.WebCerrada-actuacionfrenteacamara-705x484.jpg\" title=\"2.WebCerrada-actuacionfrenteacamara\" alt=\"\" \/><\/div><\/div><figcaption class='av-inner-masonry-content site-background'><div class='av-inner-masonry-content-pos'><div class='av-inner-masonry-content-pos-content'><div class='avia-arrow'><\/div><h3 class='av-masonry-entry-title entry-title'  itemprop=\"headline\" >Taller presencial. Introducci\u00f3n a actuaci\u00f3n frente a c\u00e1mara: Ariel St-Louis Lamoureux<\/h3><span class='av-masonry-date meta-color updated'><\/span><span class=\"av-masonry-text-sep text-sep-author\">\/<\/span><span class='av-masonry-author meta-color vcard author'><span class='fn'>by <\/span><\/span><\/div><\/div><\/figcaption><\/figure><\/a><!--end av-masonry entry--><a href=\"https:\/\/casa.oaxaca.gob.mx\/?p=13816\" id='av-masonry-1-item-13816' data-av-masonry-item='13816' class='av-masonry-entry isotope-item post-13816 post type-post status-publish format-standard has-post-thumbnail hentry category-201 all_sort 2024_sort  av-masonry-item-with-image' title=\"Taller en presencial. Caricatura editorial. Imparte: Dar\u00edo Castillejos.\"  itemscope=\"itemscope\" itemtype=\"https:\/\/schema.org\/CreativeWork\" ><div class='av-inner-masonry-sizer'><\/div><figure class='av-inner-masonry main_color'><div class=\"av-masonry-outerimage-container\"><div class=\"av-masonry-image-container\" style=\"background-image: url(https:\/\/casa.oaxaca.gob.mx\/wp-content\/uploads\/2024\/01\/caricatura-705x484.jpg);\"><img decoding=\"async\" src=\"https:\/\/casa.oaxaca.gob.mx\/wp-content\/uploads\/2024\/01\/caricatura-705x484.jpg\" title=\"caricatura\" alt=\"\" \/><\/div><\/div><figcaption class='av-inner-masonry-content site-background'><div class='av-inner-masonry-content-pos'><div class='av-inner-masonry-content-pos-content'><div class='avia-arrow'><\/div><h3 class='av-masonry-entry-title entry-title'  itemprop=\"headline\" >Taller en presencial. Caricatura editorial. Imparte: Dar\u00edo Castillejos.<\/h3><span class='av-masonry-date meta-color updated'><\/span><span class=\"av-masonry-text-sep text-sep-author\">\/<\/span><span class='av-masonry-author meta-color vcard author'><span class='fn'>by <\/span><\/span><\/div><\/div><\/figcaption><\/figure><\/a><!--end av-masonry entry--><a href=\"https:\/\/casa.oaxaca.gob.mx\/?p=13807\" id='av-masonry-1-item-13807' data-av-masonry-item='13807' class='av-masonry-entry isotope-item post-13807 post type-post status-publish format-standard has-post-thumbnail hentry category-201 all_sort 2024_sort  av-masonry-item-with-image' title=\"Taller en presencial. Dibujo en procesos litogr\u00e1ficos. Imparte: Eber JC.\"  itemscope=\"itemscope\" itemtype=\"https:\/\/schema.org\/CreativeWork\" ><div class='av-inner-masonry-sizer'><\/div><figure class='av-inner-masonry main_color'><div class=\"av-masonry-outerimage-container\"><div class=\"av-masonry-image-container\" style=\"background-image: url(https:\/\/casa.oaxaca.gob.mx\/wp-content\/uploads\/2024\/01\/dibujo-litografico-705x484.jpg);\"><img decoding=\"async\" src=\"https:\/\/casa.oaxaca.gob.mx\/wp-content\/uploads\/2024\/01\/dibujo-litografico-705x484.jpg\" title=\"dibujo litografico\" alt=\"\" \/><\/div><\/div><figcaption class='av-inner-masonry-content site-background'><div class='av-inner-masonry-content-pos'><div class='av-inner-masonry-content-pos-content'><div class='avia-arrow'><\/div><h3 class='av-masonry-entry-title entry-title'  itemprop=\"headline\" >Taller en presencial. Dibujo en procesos litogr\u00e1ficos. Imparte: Eber JC.<\/h3><span class='av-masonry-date meta-color updated'><\/span><span class=\"av-masonry-text-sep text-sep-author\">\/<\/span><span class='av-masonry-author meta-color vcard author'><span class='fn'>by <\/span><\/span><\/div><\/div><\/figcaption><\/figure><\/a><!--end av-masonry entry--><a href=\"https:\/\/casa.oaxaca.gob.mx\/?p=13795\" id='av-masonry-1-item-13795' data-av-masonry-item='13795' class='av-masonry-entry isotope-item post-13795 post type-post status-publish format-standard has-post-thumbnail hentry category-201 all_sort 2024_sort  av-masonry-item-with-image' title=\"Taller en presencial. Cester\u00eda de Santa Mar\u00eda Ixcatl\u00e1n. Imparte: Mar\u00eda Roberta Cerqueda Dorantes.\"  itemscope=\"itemscope\" itemtype=\"https:\/\/schema.org\/CreativeWork\" ><div class='av-inner-masonry-sizer'><\/div><figure class='av-inner-masonry main_color'><div class=\"av-masonry-outerimage-container\"><div class=\"av-masonry-image-container\" style=\"background-image: url(https:\/\/casa.oaxaca.gob.mx\/wp-content\/uploads\/2024\/01\/3.5.Cesteri\u0301a-1-705x484.jpg);\"><img decoding=\"async\" src=\"https:\/\/casa.oaxaca.gob.mx\/wp-content\/uploads\/2024\/01\/3.5.Cesteri\u0301a-1-705x484.jpg\" title=\"3.5.Cesteri\u0301a\" alt=\"\" \/><\/div><\/div><figcaption class='av-inner-masonry-content site-background'><div class='av-inner-masonry-content-pos'><div class='av-inner-masonry-content-pos-content'><div class='avia-arrow'><\/div><h3 class='av-masonry-entry-title entry-title'  itemprop=\"headline\" >Taller en presencial. Cester\u00eda de Santa Mar\u00eda Ixcatl\u00e1n. Imparte: Mar\u00eda Roberta Cerqueda Dorantes.<\/h3><span class='av-masonry-date meta-color updated'><\/span><span class=\"av-masonry-text-sep text-sep-author\">\/<\/span><span class='av-masonry-author meta-color vcard author'><span class='fn'>by <\/span><\/span><\/div><\/div><\/figcaption><\/figure><\/a><!--end av-masonry entry--><a href=\"https:\/\/casa.oaxaca.gob.mx\/?p=13783\" id='av-masonry-1-item-13783' data-av-masonry-item='13783' class='av-masonry-entry isotope-item post-13783 post type-post status-publish format-standard has-post-thumbnail hentry category-201 all_sort 2024_sort  av-masonry-item-with-image' title=\"Taller en presencial. Cester\u00eda con la t\u00e9cnica de nudo mixteco. Imparte: Abel L\u00f3pez Diego.\"  itemscope=\"itemscope\" itemtype=\"https:\/\/schema.org\/CreativeWork\" ><div class='av-inner-masonry-sizer'><\/div><figure class='av-inner-masonry main_color'><div class=\"av-masonry-outerimage-container\"><div class=\"av-masonry-image-container\" style=\"background-image: url(https:\/\/casa.oaxaca.gob.mx\/wp-content\/uploads\/2024\/01\/Cesteri\u0301a-Banner-03-705x484.jpg);\"><img decoding=\"async\" src=\"https:\/\/casa.oaxaca.gob.mx\/wp-content\/uploads\/2024\/01\/Cesteri\u0301a-Banner-03-705x484.jpg\" title=\"Cesteri\u0301a Banner 03\" alt=\"\" \/><\/div><\/div><figcaption class='av-inner-masonry-content site-background'><div class='av-inner-masonry-content-pos'><div class='av-inner-masonry-content-pos-content'><div class='avia-arrow'><\/div><h3 class='av-masonry-entry-title entry-title'  itemprop=\"headline\" >Taller en presencial. Cester\u00eda con la t\u00e9cnica de nudo mixteco. Imparte: Abel L\u00f3pez Diego.<\/h3><span class='av-masonry-date meta-color updated'><\/span><span class=\"av-masonry-text-sep text-sep-author\">\/<\/span><span class='av-masonry-author meta-color vcard author'><span class='fn'>by <\/span><\/span><\/div><\/div><\/figcaption><\/figure><\/a><!--end av-masonry entry--><a href=\"https:\/\/casa.oaxaca.gob.mx\/?p=13767\" id='av-masonry-1-item-13767' data-av-masonry-item='13767' class='av-masonry-entry isotope-item post-13767 post type-post status-publish format-standard has-post-thumbnail hentry category-201 all_sort 2024_sort  av-masonry-item-with-image' title=\"Taller en presencial. Creaci\u00f3n de acuarelas artesanales y naturales. Imparte: Roxana \u00c1ngel.\"  itemscope=\"itemscope\" itemtype=\"https:\/\/schema.org\/CreativeWork\" ><div class='av-inner-masonry-sizer'><\/div><figure class='av-inner-masonry main_color'><div class=\"av-masonry-outerimage-container\"><div class=\"av-masonry-image-container\" style=\"background-image: url(https:\/\/casa.oaxaca.gob.mx\/wp-content\/uploads\/2023\/12\/acuarelas-artesanales-705x484.png);\"><img decoding=\"async\" src=\"https:\/\/casa.oaxaca.gob.mx\/wp-content\/uploads\/2023\/12\/acuarelas-artesanales-705x484.png\" title=\"acuarelas artesanales\" alt=\"\" \/><\/div><\/div><figcaption class='av-inner-masonry-content site-background'><div class='av-inner-masonry-content-pos'><div class='av-inner-masonry-content-pos-content'><div class='avia-arrow'><\/div><h3 class='av-masonry-entry-title entry-title'  itemprop=\"headline\" >Taller en presencial. Creaci\u00f3n de acuarelas artesanales y naturales. Imparte: Roxana \u00c1ngel.<\/h3><span class='av-masonry-date meta-color updated'><\/span><span class=\"av-masonry-text-sep text-sep-author\">\/<\/span><span class='av-masonry-author meta-color vcard author'><span class='fn'>by <\/span><\/span><\/div><\/div><\/figcaption><\/figure><\/a><!--end av-masonry entry--><a href=\"https:\/\/casa.oaxaca.gob.mx\/?p=13758\" id='av-masonry-1-item-13758' data-av-masonry-item='13758' class='av-masonry-entry isotope-item post-13758 post type-post status-publish format-standard has-post-thumbnail hentry category-201 all_sort 2024_sort  av-masonry-item-with-image' title=\"Taller en presencial. Elaboraci\u00f3n de papel artesanal con fibras naturales. Imparte: Eric Ram\u00edrez y Gloria Dom\u00ednguez.\"  itemscope=\"itemscope\" itemtype=\"https:\/\/schema.org\/CreativeWork\" ><div class='av-inner-masonry-sizer'><\/div><figure class='av-inner-masonry main_color'><div class=\"av-masonry-outerimage-container\"><div class=\"av-masonry-image-container\" style=\"background-image: url(https:\/\/casa.oaxaca.gob.mx\/wp-content\/uploads\/2023\/12\/papel-artesanal-1-705x484.jpg);\"><img decoding=\"async\" src=\"https:\/\/casa.oaxaca.gob.mx\/wp-content\/uploads\/2023\/12\/papel-artesanal-1-705x484.jpg\" title=\"papel artesanal\" alt=\"\" \/><\/div><\/div><figcaption class='av-inner-masonry-content site-background'><div class='av-inner-masonry-content-pos'><div class='av-inner-masonry-content-pos-content'><div class='avia-arrow'><\/div><h3 class='av-masonry-entry-title entry-title'  itemprop=\"headline\" >Taller en presencial. Elaboraci\u00f3n de papel artesanal con fibras naturales. Imparte: Eric Ram\u00edrez y Gloria Dom\u00ednguez.<\/h3><span class='av-masonry-date meta-color updated'><\/span><span class=\"av-masonry-text-sep text-sep-author\">\/<\/span><span class='av-masonry-author meta-color vcard author'><span class='fn'>by <\/span><\/span><\/div><\/div><\/figcaption><\/figure><\/a><!--end av-masonry entry--><a href=\"https:\/\/casa.oaxaca.gob.mx\/?p=13749\" id='av-masonry-1-item-13749' data-av-masonry-item='13749' class='av-masonry-entry isotope-item post-13749 post type-post status-publish format-standard has-post-thumbnail hentry category-201 all_sort 2024_sort  av-masonry-item-with-image' title=\"Taller en presencial. Fotograf\u00eda en cuarto oscuro con reveladores ecol\u00f3gicos. Imparte: Dito Traspi\u00e9 y Jes\u00fas M\u00e1rquez.\"  itemscope=\"itemscope\" itemtype=\"https:\/\/schema.org\/CreativeWork\" ><div class='av-inner-masonry-sizer'><\/div><figure class='av-inner-masonry main_color'><div class=\"av-masonry-outerimage-container\"><div class=\"av-masonry-image-container\" style=\"background-image: url(https:\/\/casa.oaxaca.gob.mx\/wp-content\/uploads\/2023\/12\/2.WebCerrada-FotografiaCuartoOscuro-705x484.jpg);\"><img decoding=\"async\" src=\"https:\/\/casa.oaxaca.gob.mx\/wp-content\/uploads\/2023\/12\/2.WebCerrada-FotografiaCuartoOscuro-705x484.jpg\" title=\"2.WebCerrada-FotografiaCuartoOscuro\" alt=\"\" \/><\/div><\/div><figcaption class='av-inner-masonry-content site-background'><div class='av-inner-masonry-content-pos'><div class='av-inner-masonry-content-pos-content'><div class='avia-arrow'><\/div><h3 class='av-masonry-entry-title entry-title'  itemprop=\"headline\" >Taller en presencial. Fotograf\u00eda en cuarto oscuro con reveladores ecol\u00f3gicos. Imparte: Dito Traspi\u00e9 y Jes\u00fas M\u00e1rquez.<\/h3><span class='av-masonry-date meta-color updated'><\/span><span class=\"av-masonry-text-sep text-sep-author\">\/<\/span><span class='av-masonry-author meta-color vcard author'><span class='fn'>by <\/span><\/span><\/div><\/div><\/figcaption><\/figure><\/a><!--end av-masonry entry--><a href=\"https:\/\/casa.oaxaca.gob.mx\/?p=13203\" id='av-masonry-1-item-13203' data-av-masonry-item='13203' class='av-masonry-entry isotope-item post-13203 post type-post status-publish format-standard has-post-thumbnail hentry category-201 category-convocatorias-pasadas all_sort 2024_sort  convocatorias-pasadas_sort  av-masonry-item-with-image' title=\"Primera Exposici\u00f3n Individual\"  itemscope=\"itemscope\" itemtype=\"https:\/\/schema.org\/CreativeWork\" ><div class='av-inner-masonry-sizer'><\/div><figure class='av-inner-masonry main_color'><div class=\"av-masonry-outerimage-container\"><div class=\"av-masonry-image-container\" style=\"background-image: url(https:\/\/casa.oaxaca.gob.mx\/wp-content\/uploads\/2023\/11\/3.Convocatoria-Web-705x484.png);\"><img decoding=\"async\" src=\"https:\/\/casa.oaxaca.gob.mx\/wp-content\/uploads\/2023\/11\/3.Convocatoria-Web-705x484.png\" title=\"3.Convocatoria Web\" alt=\"\" \/><\/div><\/div><figcaption class='av-inner-masonry-content site-background'><div class='av-inner-masonry-content-pos'><div class='av-inner-masonry-content-pos-content'><div class='avia-arrow'><\/div><h3 class='av-masonry-entry-title entry-title'  itemprop=\"headline\" >Primera Exposici\u00f3n Individual<\/h3><span class='av-masonry-date meta-color updated'><\/span><span class=\"av-masonry-text-sep text-sep-author\">\/<\/span><span class='av-masonry-author meta-color vcard author'><span class='fn'>by <\/span><\/span><\/div><\/div><\/figcaption><\/figure><\/a><!--end av-masonry entry--><a href=\"https:\/\/casa.oaxaca.gob.mx\/?p=13229\" id='av-masonry-1-item-13229' data-av-masonry-item='13229' class='av-masonry-entry isotope-item post-13229 post type-post status-publish format-standard has-post-thumbnail hentry category-sin-categoria all_sort sin-categoria_sort  av-masonry-item-with-image' title=\"ROSTROS ATEMPORALES. Evoluci\u00f3n y Permanencia de las Danzas y M\u00e1scaras Mexicanas. Objetos de la Colecci\u00f3n Ren\u00e9 Bustamante\"  itemscope=\"itemscope\" itemtype=\"https:\/\/schema.org\/CreativeWork\" ><div class='av-inner-masonry-sizer'><\/div><figure class='av-inner-masonry main_color'><div class=\"av-masonry-outerimage-container\"><div class=\"av-masonry-image-container\" style=\"background-image: url(https:\/\/casa.oaxaca.gob.mx\/wp-content\/uploads\/2023\/11\/2-705x484.jpg);\"><img decoding=\"async\" src=\"https:\/\/casa.oaxaca.gob.mx\/wp-content\/uploads\/2023\/11\/2-705x484.jpg\" title=\"2\" alt=\"\" \/><\/div><\/div><figcaption class='av-inner-masonry-content site-background'><div class='av-inner-masonry-content-pos'><div class='av-inner-masonry-content-pos-content'><div class='avia-arrow'><\/div><h3 class='av-masonry-entry-title entry-title'  itemprop=\"headline\" >ROSTROS ATEMPORALES. Evoluci\u00f3n y Permanencia de las Danzas y M\u00e1scaras Mexicanas. Objetos de la Colecci\u00f3n Ren\u00e9 Bustamante<\/h3><span class='av-masonry-date meta-color updated'><\/span><span class=\"av-masonry-text-sep text-sep-author\">\/<\/span><span class='av-masonry-author meta-color vcard author'><span class='fn'>by <\/span><\/span><\/div><\/div><\/figcaption><\/figure><\/a><!--end av-masonry entry--><a href=\"https:\/\/casa.oaxaca.gob.mx\/?p=13055\" id='av-masonry-1-item-13055' data-av-masonry-item='13055' class='av-masonry-entry isotope-item post-13055 post type-post status-publish format-standard has-post-thumbnail hentry category-201 all_sort 2024_sort  av-masonry-item-with-image' title=\"Taller en presencial.Figura humana hecha con tela. Imparte: Alma Hern\u00e1ndez.\"  itemscope=\"itemscope\" itemtype=\"https:\/\/schema.org\/CreativeWork\" ><div class='av-inner-masonry-sizer'><\/div><figure class='av-inner-masonry main_color'><div class=\"av-masonry-outerimage-container\"><div class=\"av-masonry-image-container\" style=\"background-image: url(https:\/\/casa.oaxaca.gob.mx\/wp-content\/uploads\/2023\/11\/4-705x484.jpg);\"><img decoding=\"async\" src=\"https:\/\/casa.oaxaca.gob.mx\/wp-content\/uploads\/2023\/11\/4-705x484.jpg\" title=\"4\" alt=\"\" \/><\/div><\/div><figcaption class='av-inner-masonry-content site-background'><div class='av-inner-masonry-content-pos'><div class='av-inner-masonry-content-pos-content'><div class='avia-arrow'><\/div><h3 class='av-masonry-entry-title entry-title'  itemprop=\"headline\" >Taller en presencial.Figura humana hecha con tela. Imparte: Alma Hern\u00e1ndez.<\/h3><span class='av-masonry-date meta-color updated'><\/span><span class=\"av-masonry-text-sep text-sep-author\">\/<\/span><span class='av-masonry-author meta-color vcard author'><span class='fn'>by <\/span><\/span><\/div><\/div><\/figcaption><\/figure><\/a><!--end av-masonry entry--><a href=\"https:\/\/casa.oaxaca.gob.mx\/?p=13068\" id='av-masonry-1-item-13068' data-av-masonry-item='13068' class='av-masonry-entry isotope-item post-13068 post type-post status-publish format-standard has-post-thumbnail hentry category-convocatorias-pasadas all_sort convocatorias-pasadas_sort  av-masonry-item-with-image' title=\"Atelier\"  itemscope=\"itemscope\" itemtype=\"https:\/\/schema.org\/CreativeWork\" ><div class='av-inner-masonry-sizer'><\/div><figure class='av-inner-masonry main_color'><div class=\"av-masonry-outerimage-container\"><div class=\"av-masonry-image-container\" style=\"background-image: url(https:\/\/casa.oaxaca.gob.mx\/wp-content\/uploads\/2023\/11\/1-copia-705x484.jpg);\"><img decoding=\"async\" src=\"https:\/\/casa.oaxaca.gob.mx\/wp-content\/uploads\/2023\/11\/1-copia-705x484.jpg\" title=\"1 copia\" alt=\"\" \/><\/div><\/div><figcaption class='av-inner-masonry-content site-background'><div class='av-inner-masonry-content-pos'><div class='av-inner-masonry-content-pos-content'><div class='avia-arrow'><\/div><h3 class='av-masonry-entry-title entry-title'  itemprop=\"headline\" >Atelier<\/h3><span class='av-masonry-date meta-color updated'><\/span><span class=\"av-masonry-text-sep text-sep-author\">\/<\/span><span class='av-masonry-author meta-color vcard author'><span class='fn'>by <\/span><\/span><\/div><\/div><\/figcaption><\/figure><\/a><!--end av-masonry entry--><a href=\"https:\/\/casa.oaxaca.gob.mx\/?p=13024\" id='av-masonry-1-item-13024' data-av-masonry-item='13024' class='av-masonry-entry isotope-item post-13024 post type-post status-publish format-standard has-post-thumbnail hentry category-convocatorias-pasadas all_sort convocatorias-pasadas_sort  av-masonry-item-with-image' title=\"Taller en presencial. Movimienta, Biomec\u00e1nica, Improvisaci\u00f3n y Creaci\u00f3n. Imparte: Maria Karen Vilchis.\"  itemscope=\"itemscope\" itemtype=\"https:\/\/schema.org\/CreativeWork\" ><div class='av-inner-masonry-sizer'><\/div><figure class='av-inner-masonry main_color'><div class=\"av-masonry-outerimage-container\"><div class=\"av-masonry-image-container\" style=\"background-image: url(https:\/\/casa.oaxaca.gob.mx\/wp-content\/uploads\/2023\/11\/2.WebCerrada-Movimienta-1-705x484.jpg);\"><img decoding=\"async\" src=\"https:\/\/casa.oaxaca.gob.mx\/wp-content\/uploads\/2023\/11\/2.WebCerrada-Movimienta-1-705x484.jpg\" title=\"2.WebCerrada-Movimienta\" alt=\"\" \/><\/div><\/div><figcaption class='av-inner-masonry-content site-background'><div class='av-inner-masonry-content-pos'><div class='av-inner-masonry-content-pos-content'><div class='avia-arrow'><\/div><h3 class='av-masonry-entry-title entry-title'  itemprop=\"headline\" >Taller en presencial. Movimienta, Biomec\u00e1nica, Improvisaci\u00f3n y Creaci\u00f3n. Imparte: Maria Karen Vilchis.<\/h3><span class='av-masonry-date meta-color updated'><\/span><span class=\"av-masonry-text-sep text-sep-author\">\/<\/span><span class='av-masonry-author meta-color vcard author'><span class='fn'>by <\/span><\/span><\/div><\/div><\/figcaption><\/figure><\/a><!--end av-masonry entry--><a href=\"https:\/\/casa.oaxaca.gob.mx\/?p=13030\" id='av-masonry-1-item-13030' data-av-masonry-item='13030' class='av-masonry-entry isotope-item post-13030 post type-post status-publish format-standard has-post-thumbnail hentry category-convocatorias-pasadas all_sort convocatorias-pasadas_sort  av-masonry-item-with-image' title=\"Taller en presencial. Bordado con aplicaci\u00f3n de lentejuela. Imparte: Blanca Miguel Doquiz.\"  itemscope=\"itemscope\" itemtype=\"https:\/\/schema.org\/CreativeWork\" ><div class='av-inner-masonry-sizer'><\/div><figure class='av-inner-masonry main_color'><div class=\"av-masonry-outerimage-container\"><div class=\"av-masonry-image-container\" style=\"background-image: url(https:\/\/casa.oaxaca.gob.mx\/wp-content\/uploads\/2023\/11\/banner-cerrado-705x484.jpg);\"><img decoding=\"async\" src=\"https:\/\/casa.oaxaca.gob.mx\/wp-content\/uploads\/2023\/11\/banner-cerrado-705x484.jpg\" title=\"banner cerrado\" alt=\"\" \/><\/div><\/div><figcaption class='av-inner-masonry-content site-background'><div class='av-inner-masonry-content-pos'><div class='av-inner-masonry-content-pos-content'><div class='avia-arrow'><\/div><h3 class='av-masonry-entry-title entry-title'  itemprop=\"headline\" >Taller en presencial. Bordado con aplicaci\u00f3n de lentejuela. Imparte: Blanca Miguel Doquiz.<\/h3><span class='av-masonry-date meta-color updated'><\/span><span class=\"av-masonry-text-sep text-sep-author\">\/<\/span><span class='av-masonry-author meta-color vcard author'><span class='fn'>by <\/span><\/span><\/div><\/div><\/figcaption><\/figure><\/a><!--end av-masonry entry--><a href=\"https:\/\/casa.oaxaca.gob.mx\/?p=13017\" id='av-masonry-1-item-13017' data-av-masonry-item='13017' class='av-masonry-entry isotope-item post-13017 post type-post status-publish format-standard has-post-thumbnail hentry category-201 all_sort 2024_sort  av-masonry-item-with-image' title=\"Taller en presencial. Elaboraci\u00f3n de chicote. Imparte: David Jimenez e Ignacio Garcia.\"  itemscope=\"itemscope\" itemtype=\"https:\/\/schema.org\/CreativeWork\" ><div class='av-inner-masonry-sizer'><\/div><figure class='av-inner-masonry main_color'><div class=\"av-masonry-outerimage-container\"><div class=\"av-masonry-image-container\" style=\"background-image: url(https:\/\/casa.oaxaca.gob.mx\/wp-content\/uploads\/2023\/11\/2.WebCerrada_Chicote-705x484.jpg);\"><img decoding=\"async\" src=\"https:\/\/casa.oaxaca.gob.mx\/wp-content\/uploads\/2023\/11\/2.WebCerrada_Chicote-705x484.jpg\" title=\"2.WebCerrada_Chicote\" alt=\"\" \/><\/div><\/div><figcaption class='av-inner-masonry-content site-background'><div class='av-inner-masonry-content-pos'><div class='av-inner-masonry-content-pos-content'><div class='avia-arrow'><\/div><h3 class='av-masonry-entry-title entry-title'  itemprop=\"headline\" >Taller en presencial. Elaboraci\u00f3n de chicote. Imparte: David Jimenez e Ignacio Garcia.<\/h3><span class='av-masonry-date meta-color updated'><\/span><span class=\"av-masonry-text-sep text-sep-author\">\/<\/span><span class='av-masonry-author meta-color vcard author'><span class='fn'>by <\/span><\/span><\/div><\/div><\/figcaption><\/figure><\/a><!--end av-masonry entry--><a href=\"https:\/\/casa.oaxaca.gob.mx\/?p=13011\" id='av-masonry-1-item-13011' data-av-masonry-item='13011' class='av-masonry-entry isotope-item post-13011 post type-post status-publish format-standard has-post-thumbnail hentry category-convocatorias-pasadas all_sort convocatorias-pasadas_sort  av-masonry-item-with-image' title=\"Taller en presencial. Bordado de mascaras con lentejuela  Imparte: Neftal\u00ed Garc\u00eda  Cisneros\"  itemscope=\"itemscope\" itemtype=\"https:\/\/schema.org\/CreativeWork\" ><div class='av-inner-masonry-sizer'><\/div><figure class='av-inner-masonry main_color'><div class=\"av-masonry-outerimage-container\"><div class=\"av-masonry-image-container\" style=\"background-image: url(https:\/\/casa.oaxaca.gob.mx\/wp-content\/uploads\/2023\/11\/thumbnailCerrada_mascara-705x484.jpg);\"><img decoding=\"async\" src=\"https:\/\/casa.oaxaca.gob.mx\/wp-content\/uploads\/2023\/11\/thumbnailCerrada_mascara-705x484.jpg\" title=\"thumbnailCerrada_mascara\" alt=\"\" \/><\/div><\/div><figcaption class='av-inner-masonry-content site-background'><div class='av-inner-masonry-content-pos'><div class='av-inner-masonry-content-pos-content'><div class='avia-arrow'><\/div><h3 class='av-masonry-entry-title entry-title'  itemprop=\"headline\" >Taller en presencial. Bordado de mascaras con lentejuela  Imparte: Neftal\u00ed Garc\u00eda  Cisneros<\/h3><span class='av-masonry-date meta-color updated'><\/span><span class=\"av-masonry-text-sep text-sep-author\">\/<\/span><span class='av-masonry-author meta-color vcard author'><span class='fn'>by <\/span><\/span><\/div><\/div><\/figcaption><\/figure><\/a><!--end av-masonry entry--><a href=\"https:\/\/casa.oaxaca.gob.mx\/?p=12996\" id='av-masonry-1-item-12996' data-av-masonry-item='12996' class='av-masonry-entry isotope-item post-12996 post type-post status-publish format-standard has-post-thumbnail hentry category-convocatorias-pasadas all_sort convocatorias-pasadas_sort  av-masonry-item-with-image' title=\"Todxs estamos en peligro. V\u00edctor Mortales.\"  itemscope=\"itemscope\" itemtype=\"https:\/\/schema.org\/CreativeWork\" ><div class='av-inner-masonry-sizer'><\/div><figure class='av-inner-masonry main_color'><div class=\"av-masonry-outerimage-container\"><div class=\"av-masonry-image-container\" style=\"background-image: url(https:\/\/casa.oaxaca.gob.mx\/wp-content\/uploads\/2023\/11\/Vi\u0301ctor-Mortales-2-705x484.jpg);\"><img decoding=\"async\" src=\"https:\/\/casa.oaxaca.gob.mx\/wp-content\/uploads\/2023\/11\/Vi\u0301ctor-Mortales-2-705x484.jpg\" title=\"Vi\u0301ctor Mortales\" alt=\"\" \/><\/div><\/div><figcaption class='av-inner-masonry-content site-background'><div class='av-inner-masonry-content-pos'><div class='av-inner-masonry-content-pos-content'><div class='avia-arrow'><\/div><h3 class='av-masonry-entry-title entry-title'  itemprop=\"headline\" >Todxs estamos en peligro. V\u00edctor Mortales.<\/h3><span class='av-masonry-date meta-color updated'><\/span><span class=\"av-masonry-text-sep text-sep-author\">\/<\/span><span class='av-masonry-author meta-color vcard author'><span class='fn'>by <\/span><\/span><\/div><\/div><\/figcaption><\/figure><\/a><!--end av-masonry entry--><a href=\"https:\/\/casa.oaxaca.gob.mx\/?p=12969\" id='av-masonry-1-item-12969' data-av-masonry-item='12969' class='av-masonry-entry isotope-item post-12969 post type-post status-publish format-standard has-post-thumbnail hentry category-convocatorias-pasadas all_sort convocatorias-pasadas_sort  av-masonry-item-with-image' title=\"Premios CaSa 2023 Creaci\u00f3n Literaria en Mixe\"  itemscope=\"itemscope\" itemtype=\"https:\/\/schema.org\/CreativeWork\" ><div class='av-inner-masonry-sizer'><\/div><figure class='av-inner-masonry main_color'><div class=\"av-masonry-outerimage-container\"><div class=\"av-masonry-image-container\" style=\"background-image: url(https:\/\/casa.oaxaca.gob.mx\/wp-content\/uploads\/2023\/11\/Entrada_Mixe-705x484.jpg);\"><img decoding=\"async\" src=\"https:\/\/casa.oaxaca.gob.mx\/wp-content\/uploads\/2023\/11\/Entrada_Mixe-705x484.jpg\" title=\"Entrada_Mixe\" alt=\"\" \/><\/div><\/div><figcaption class='av-inner-masonry-content site-background'><div class='av-inner-masonry-content-pos'><div class='av-inner-masonry-content-pos-content'><div class='avia-arrow'><\/div><h3 class='av-masonry-entry-title entry-title'  itemprop=\"headline\" >Premios CaSa 2023 Creaci\u00f3n Literaria en Mixe<\/h3><span class='av-masonry-date meta-color updated'><\/span><span class=\"av-masonry-text-sep text-sep-author\">\/<\/span><span class='av-masonry-author meta-color vcard author'><span class='fn'>by <\/span><\/span><\/div><\/div><\/figcaption><\/figure><\/a><!--end av-masonry entry--><a href=\"https:\/\/casa.oaxaca.gob.mx\/?p=12965\" id='av-masonry-1-item-12965' data-av-masonry-item='12965' class='av-masonry-entry isotope-item post-12965 post type-post status-publish format-standard has-post-thumbnail hentry category-convocatorias-pasadas all_sort convocatorias-pasadas_sort  av-masonry-item-with-image' title=\"Premios CaSa 2023 Creaci\u00f3n Literaria en Mazateco\"  itemscope=\"itemscope\" itemtype=\"https:\/\/schema.org\/CreativeWork\" ><div class='av-inner-masonry-sizer'><\/div><figure class='av-inner-masonry main_color'><div class=\"av-masonry-outerimage-container\"><div class=\"av-masonry-image-container\" style=\"background-image: url(https:\/\/casa.oaxaca.gob.mx\/wp-content\/uploads\/2023\/11\/Entrada_Mazateco-705x484.jpg);\"><img decoding=\"async\" src=\"https:\/\/casa.oaxaca.gob.mx\/wp-content\/uploads\/2023\/11\/Entrada_Mazateco-705x484.jpg\" title=\"Entrada_Mazateco\" alt=\"\" \/><\/div><\/div><figcaption class='av-inner-masonry-content site-background'><div class='av-inner-masonry-content-pos'><div class='av-inner-masonry-content-pos-content'><div class='avia-arrow'><\/div><h3 class='av-masonry-entry-title entry-title'  itemprop=\"headline\" >Premios CaSa 2023 Creaci\u00f3n Literaria en Mazateco<\/h3><span class='av-masonry-date meta-color updated'><\/span><span class=\"av-masonry-text-sep text-sep-author\">\/<\/span><span class='av-masonry-author meta-color vcard author'><span class='fn'>by <\/span><\/span><\/div><\/div><\/figcaption><\/figure><\/a><!--end av-masonry entry--><a href=\"https:\/\/casa.oaxaca.gob.mx\/?p=12957\" id='av-masonry-1-item-12957' data-av-masonry-item='12957' class='av-masonry-entry isotope-item post-12957 post type-post status-publish format-standard has-post-thumbnail hentry category-convocatorias-pasadas all_sort convocatorias-pasadas_sort  av-masonry-item-with-image' title=\"Premios CaSa 2023 Creaci\u00f3n Literaria en Ombeayi\u00fcts\"  itemscope=\"itemscope\" itemtype=\"https:\/\/schema.org\/CreativeWork\" ><div class='av-inner-masonry-sizer'><\/div><figure class='av-inner-masonry main_color'><div class=\"av-masonry-outerimage-container\"><div class=\"av-masonry-image-container\" style=\"background-image: url(https:\/\/casa.oaxaca.gob.mx\/wp-content\/uploads\/2023\/11\/Entrada_Huave-705x484.jpg);\"><img decoding=\"async\" src=\"https:\/\/casa.oaxaca.gob.mx\/wp-content\/uploads\/2023\/11\/Entrada_Huave-705x484.jpg\" title=\"Entrada_Huave\" alt=\"\" \/><\/div><\/div><figcaption class='av-inner-masonry-content site-background'><div class='av-inner-masonry-content-pos'><div class='av-inner-masonry-content-pos-content'><div class='avia-arrow'><\/div><h3 class='av-masonry-entry-title entry-title'  itemprop=\"headline\" >Premios CaSa 2023 Creaci\u00f3n Literaria en Ombeayi\u00fcts<\/h3><span class='av-masonry-date meta-color updated'><\/span><span class=\"av-masonry-text-sep text-sep-author\">\/<\/span><span class='av-masonry-author meta-color vcard author'><span class='fn'>by <\/span><\/span><\/div><\/div><\/figcaption><\/figure><\/a><!--end av-masonry entry--><a href=\"https:\/\/casa.oaxaca.gob.mx\/?p=12953\" id='av-masonry-1-item-12953' data-av-masonry-item='12953' class='av-masonry-entry isotope-item post-12953 post type-post status-publish format-standard has-post-thumbnail hentry category-convocatorias-pasadas all_sort convocatorias-pasadas_sort  av-masonry-item-with-image' title=\"Premios CaSa 2023 Creaci\u00f3n Literaria en Mixteco\"  itemscope=\"itemscope\" itemtype=\"https:\/\/schema.org\/CreativeWork\" ><div class='av-inner-masonry-sizer'><\/div><figure class='av-inner-masonry main_color'><div class=\"av-masonry-outerimage-container\"><div class=\"av-masonry-image-container\" style=\"background-image: url(https:\/\/casa.oaxaca.gob.mx\/wp-content\/uploads\/2023\/11\/Entrada_Mixteco-705x484.jpg);\"><img decoding=\"async\" src=\"https:\/\/casa.oaxaca.gob.mx\/wp-content\/uploads\/2023\/11\/Entrada_Mixteco-705x484.jpg\" title=\"Entrada_Mixteco\" alt=\"\" \/><\/div><\/div><figcaption class='av-inner-masonry-content site-background'><div class='av-inner-masonry-content-pos'><div class='av-inner-masonry-content-pos-content'><div class='avia-arrow'><\/div><h3 class='av-masonry-entry-title entry-title'  itemprop=\"headline\" >Premios CaSa 2023 Creaci\u00f3n Literaria en Mixteco<\/h3><span class='av-masonry-date meta-color updated'><\/span><span class=\"av-masonry-text-sep text-sep-author\">\/<\/span><span class='av-masonry-author meta-color vcard author'><span class='fn'>by <\/span><\/span><\/div><\/div><\/figcaption><\/figure><\/a><!--end av-masonry entry--><a href=\"https:\/\/casa.oaxaca.gob.mx\/?p=12945\" id='av-masonry-1-item-12945' data-av-masonry-item='12945' class='av-masonry-entry isotope-item post-12945 post type-post status-publish format-standard has-post-thumbnail hentry category-convocatorias-pasadas all_sort convocatorias-pasadas_sort  av-masonry-item-with-image' title=\"Premios CaSa 2023 FAHHO &#8211; Emiliano Cruz. Ganador\"  itemscope=\"itemscope\" itemtype=\"https:\/\/schema.org\/CreativeWork\" ><div class='av-inner-masonry-sizer'><\/div><figure class='av-inner-masonry main_color'><div class=\"av-masonry-outerimage-container\"><div class=\"av-masonry-image-container\" style=\"background-image: url(https:\/\/casa.oaxaca.gob.mx\/wp-content\/uploads\/2023\/11\/Entrada_Emiliano-Cruz-705x484.jpg);\"><img decoding=\"async\" src=\"https:\/\/casa.oaxaca.gob.mx\/wp-content\/uploads\/2023\/11\/Entrada_Emiliano-Cruz-705x484.jpg\" title=\"Entrada_Emiliano Cruz\" alt=\"\" \/><\/div><\/div><figcaption class='av-inner-masonry-content site-background'><div class='av-inner-masonry-content-pos'><div class='av-inner-masonry-content-pos-content'><div class='avia-arrow'><\/div><h3 class='av-masonry-entry-title entry-title'  itemprop=\"headline\" >Premios CaSa 2023 FAHHO &#8211; Emiliano Cruz. Ganador<\/h3><span class='av-masonry-date meta-color updated'><\/span><span class=\"av-masonry-text-sep text-sep-author\">\/<\/span><span class='av-masonry-author meta-color vcard author'><span class='fn'>by <\/span><\/span><\/div><\/div><\/figcaption><\/figure><\/a><!--end av-masonry entry--><a href=\"https:\/\/casa.oaxaca.gob.mx\/?p=12941\" id='av-masonry-1-item-12941' data-av-masonry-item='12941' class='av-masonry-entry isotope-item post-12941 post type-post status-publish format-standard has-post-thumbnail hentry category-convocatorias-pasadas all_sort convocatorias-pasadas_sort  av-masonry-item-with-image' title=\"Premios CaSa 2023 &#8211; Creaci\u00f3n Literaria en  Chinanteco. Ganadores\"  itemscope=\"itemscope\" itemtype=\"https:\/\/schema.org\/CreativeWork\" ><div class='av-inner-masonry-sizer'><\/div><figure class='av-inner-masonry main_color'><div class=\"av-masonry-outerimage-container\"><div class=\"av-masonry-image-container\" style=\"background-image: url(https:\/\/casa.oaxaca.gob.mx\/wp-content\/uploads\/2023\/11\/Entrada_Chinanteco-705x484.jpg);\"><img decoding=\"async\" src=\"https:\/\/casa.oaxaca.gob.mx\/wp-content\/uploads\/2023\/11\/Entrada_Chinanteco-705x484.jpg\" title=\"Entrada_Chinanteco\" alt=\"\" \/><\/div><\/div><figcaption class='av-inner-masonry-content site-background'><div class='av-inner-masonry-content-pos'><div class='av-inner-masonry-content-pos-content'><div class='avia-arrow'><\/div><h3 class='av-masonry-entry-title entry-title'  itemprop=\"headline\" >Premios CaSa 2023 &#8211; Creaci\u00f3n Literaria en  Chinanteco. Ganadores<\/h3><span class='av-masonry-date meta-color updated'><\/span><span class=\"av-masonry-text-sep text-sep-author\">\/<\/span><span class='av-masonry-author meta-color vcard author'><span class='fn'>by <\/span><\/span><\/div><\/div><\/figcaption><\/figure><\/a><!--end av-masonry entry--><a href=\"https:\/\/casa.oaxaca.gob.mx\/?p=12936\" id='av-masonry-1-item-12936' data-av-masonry-item='12936' class='av-masonry-entry isotope-item post-12936 post type-post status-publish format-standard has-post-thumbnail hentry category-convocatorias-pasadas all_sort convocatorias-pasadas_sort  av-masonry-item-with-image' title=\"Premios CaSa 2023 &#8211; Creaci\u00f3n Literaria en Didxaz\u00e1 (zapoteco). Ganadores\"  itemscope=\"itemscope\" itemtype=\"https:\/\/schema.org\/CreativeWork\" ><div class='av-inner-masonry-sizer'><\/div><figure class='av-inner-masonry main_color'><div class=\"av-masonry-outerimage-container\"><div class=\"av-masonry-image-container\" style=\"background-image: url(https:\/\/casa.oaxaca.gob.mx\/wp-content\/uploads\/2023\/11\/Entrada_Zapoteco-705x484.jpg);\"><img decoding=\"async\" src=\"https:\/\/casa.oaxaca.gob.mx\/wp-content\/uploads\/2023\/11\/Entrada_Zapoteco-705x484.jpg\" title=\"Entrada_Zapoteco\" alt=\"\" \/><\/div><\/div><figcaption class='av-inner-masonry-content site-background'><div class='av-inner-masonry-content-pos'><div class='av-inner-masonry-content-pos-content'><div class='avia-arrow'><\/div><h3 class='av-masonry-entry-title entry-title'  itemprop=\"headline\" >Premios CaSa 2023 &#8211; Creaci\u00f3n Literaria en Didxaz\u00e1 (zapoteco). Ganadores<\/h3><span class='av-masonry-date meta-color updated'><\/span><span class=\"av-masonry-text-sep text-sep-author\">\/<\/span><span class='av-masonry-author meta-color vcard author'><span class='fn'>by <\/span><\/span><\/div><\/div><\/figcaption><\/figure><\/a><!--end av-masonry entry--><a href=\"https:\/\/casa.oaxaca.gob.mx\/?p=12924\" id='av-masonry-1-item-12924' data-av-masonry-item='12924' class='av-masonry-entry isotope-item post-12924 post type-post status-publish format-standard has-post-thumbnail hentry category-convocatorias-pasadas all_sort convocatorias-pasadas_sort  av-masonry-item-with-image' title=\"Taller en presencial. Dibujo Expandido Imparte: Juan Gonz\u00e1lez de Le\u00f3n\"  itemscope=\"itemscope\" itemtype=\"https:\/\/schema.org\/CreativeWork\" ><div class='av-inner-masonry-sizer'><\/div><figure class='av-inner-masonry main_color'><div class=\"av-masonry-outerimage-container\"><div class=\"av-masonry-image-container\" style=\"background-image: url(https:\/\/casa.oaxaca.gob.mx\/wp-content\/uploads\/2023\/11\/2.WebCerrada_DibujoExpandido-705x484.jpg);\"><img decoding=\"async\" src=\"https:\/\/casa.oaxaca.gob.mx\/wp-content\/uploads\/2023\/11\/2.WebCerrada_DibujoExpandido-705x484.jpg\" title=\"2.WebCerrada_DibujoExpandido\" alt=\"\" \/><\/div><\/div><figcaption class='av-inner-masonry-content site-background'><div class='av-inner-masonry-content-pos'><div class='av-inner-masonry-content-pos-content'><div class='avia-arrow'><\/div><h3 class='av-masonry-entry-title entry-title'  itemprop=\"headline\" >Taller en presencial. Dibujo Expandido Imparte: Juan Gonz\u00e1lez de Le\u00f3n<\/h3><span class='av-masonry-date meta-color updated'><\/span><span class=\"av-masonry-text-sep text-sep-author\">\/<\/span><span class='av-masonry-author meta-color vcard author'><span class='fn'>by <\/span><\/span><\/div><\/div><\/figcaption><\/figure><\/a><!--end av-masonry entry--><a href=\"https:\/\/casa.oaxaca.gob.mx\/?p=12917\" id='av-masonry-1-item-12917' data-av-masonry-item='12917' class='av-masonry-entry isotope-item post-12917 post type-post status-publish format-standard has-post-thumbnail hentry category-convocatorias-pasadas all_sort convocatorias-pasadas_sort  av-masonry-item-with-image' title=\"Taller en presencial. BREVE INSTRUCTIVO, para la experimentaci\u00f3n y creaci\u00f3n de unipersonales  Imparte: Zez\u00e9 Figueroa Ramos\"  itemscope=\"itemscope\" itemtype=\"https:\/\/schema.org\/CreativeWork\" ><div class='av-inner-masonry-sizer'><\/div><figure class='av-inner-masonry main_color'><div class=\"av-masonry-outerimage-container\"><div class=\"av-masonry-image-container\" style=\"background-image: url(https:\/\/casa.oaxaca.gob.mx\/wp-content\/uploads\/2023\/10\/2.WebCerrada_Unipersonales-705x484.jpg);\"><img decoding=\"async\" src=\"https:\/\/casa.oaxaca.gob.mx\/wp-content\/uploads\/2023\/10\/2.WebCerrada_Unipersonales-705x484.jpg\" title=\"2.WebCerrada_Unipersonales\" alt=\"\" \/><\/div><\/div><figcaption class='av-inner-masonry-content site-background'><div class='av-inner-masonry-content-pos'><div class='av-inner-masonry-content-pos-content'><div class='avia-arrow'><\/div><h3 class='av-masonry-entry-title entry-title'  itemprop=\"headline\" >Taller en presencial. BREVE INSTRUCTIVO, para la experimentaci\u00f3n y creaci\u00f3n de unipersonales  Imparte: Zez\u00e9 Figueroa Ramos<\/h3><span class='av-masonry-date meta-color updated'><\/span><span class=\"av-masonry-text-sep text-sep-author\">\/<\/span><span class='av-masonry-author meta-color vcard author'><span class='fn'>by <\/span><\/span><\/div><\/div><\/figcaption><\/figure><\/a><!--end av-masonry entry--><a href=\"https:\/\/casa.oaxaca.gob.mx\/?p=12911\" id='av-masonry-1-item-12911' data-av-masonry-item='12911' class='av-masonry-entry isotope-item post-12911 post type-post status-publish format-standard has-post-thumbnail hentry category-convocatorias-pasadas all_sort convocatorias-pasadas_sort  av-masonry-item-with-image' title=\"Taller en l\u00ednea. Tejes y manejes del videoperformance. Imparte: Cristina Maldonado\"  itemscope=\"itemscope\" itemtype=\"https:\/\/schema.org\/CreativeWork\" ><div class='av-inner-masonry-sizer'><\/div><figure class='av-inner-masonry main_color'><div class=\"av-masonry-outerimage-container\"><div class=\"av-masonry-image-container\" style=\"background-image: url(https:\/\/casa.oaxaca.gob.mx\/wp-content\/uploads\/2023\/10\/2.CerradaWeb-Videoperformance-705x484.jpg);\"><img decoding=\"async\" src=\"https:\/\/casa.oaxaca.gob.mx\/wp-content\/uploads\/2023\/10\/2.CerradaWeb-Videoperformance-705x484.jpg\" title=\"2.CerradaWeb-Videoperformance\" alt=\"\" \/><\/div><\/div><figcaption class='av-inner-masonry-content site-background'><div class='av-inner-masonry-content-pos'><div class='av-inner-masonry-content-pos-content'><div class='avia-arrow'><\/div><h3 class='av-masonry-entry-title entry-title'  itemprop=\"headline\" >Taller en l\u00ednea. Tejes y manejes del videoperformance. Imparte: Cristina Maldonado<\/h3><span class='av-masonry-date meta-color updated'><\/span><span class=\"av-masonry-text-sep text-sep-author\">\/<\/span><span class='av-masonry-author meta-color vcard author'><span class='fn'>by <\/span><\/span><\/div><\/div><\/figcaption><\/figure><\/a><!--end av-masonry entry--><a href=\"https:\/\/casa.oaxaca.gob.mx\/?p=12900\" id='av-masonry-1-item-12900' data-av-masonry-item='12900' class='av-masonry-entry isotope-item post-12900 post type-post status-publish format-standard has-post-thumbnail hentry category-201 all_sort 2024_sort  av-masonry-item-with-image' title=\"Taller presencial. Afelpado con lana natural . Imparte: Marcela Ortega\"  itemscope=\"itemscope\" itemtype=\"https:\/\/schema.org\/CreativeWork\" ><div class='av-inner-masonry-sizer'><\/div><figure class='av-inner-masonry main_color'><div class=\"av-masonry-outerimage-container\"><div class=\"av-masonry-image-container\" style=\"background-image: url(https:\/\/casa.oaxaca.gob.mx\/wp-content\/uploads\/2023\/10\/2.CerradaWeb-Afelpado-705x483.jpg);\"><img decoding=\"async\" src=\"https:\/\/casa.oaxaca.gob.mx\/wp-content\/uploads\/2023\/10\/2.CerradaWeb-Afelpado-705x483.jpg\" title=\"2.CerradaWeb-Afelpado\" alt=\"\" \/><\/div><\/div><figcaption class='av-inner-masonry-content site-background'><div class='av-inner-masonry-content-pos'><div class='av-inner-masonry-content-pos-content'><div class='avia-arrow'><\/div><h3 class='av-masonry-entry-title entry-title'  itemprop=\"headline\" >Taller presencial. Afelpado con lana natural . Imparte: Marcela Ortega<\/h3><span class='av-masonry-date meta-color updated'><\/span><span class=\"av-masonry-text-sep text-sep-author\">\/<\/span><span class='av-masonry-author meta-color vcard author'><span class='fn'>by <\/span><\/span><\/div><\/div><\/figcaption><\/figure><\/a><!--end av-masonry entry--><a href=\"https:\/\/casa.oaxaca.gob.mx\/?p=12777\" id='av-masonry-1-item-12777' data-av-masonry-item='12777' class='av-masonry-entry isotope-item post-12777 post type-post status-publish format-standard has-post-thumbnail hentry category-convocatorias-pasadas all_sort convocatorias-pasadas_sort  av-masonry-item-with-image' title=\"Talleres presenciales. Elaboraci\u00f3n de papel artesanal. Imparten: Eric Ram\u00edrez y Gloria Dom\u00ednguez.\"  itemscope=\"itemscope\" itemtype=\"https:\/\/schema.org\/CreativeWork\" ><div class='av-inner-masonry-sizer'><\/div><figure class='av-inner-masonry main_color'><div class=\"av-masonry-outerimage-container\"><div class=\"av-masonry-image-container\" style=\"background-image: url(https:\/\/casa.oaxaca.gob.mx\/wp-content\/uploads\/2023\/10\/2.WebCerrada-PapelArtesanal-705x484.jpg);\"><img decoding=\"async\" src=\"https:\/\/casa.oaxaca.gob.mx\/wp-content\/uploads\/2023\/10\/2.WebCerrada-PapelArtesanal-705x484.jpg\" title=\"2.WebCerrada-PapelArtesanal\" alt=\"\" \/><\/div><\/div><figcaption class='av-inner-masonry-content site-background'><div class='av-inner-masonry-content-pos'><div class='av-inner-masonry-content-pos-content'><div class='avia-arrow'><\/div><h3 class='av-masonry-entry-title entry-title'  itemprop=\"headline\" >Talleres presenciales. Elaboraci\u00f3n de papel artesanal. Imparten: Eric Ram\u00edrez y Gloria Dom\u00ednguez.<\/h3><span class='av-masonry-date meta-color updated'><\/span><span class=\"av-masonry-text-sep text-sep-author\">\/<\/span><span class='av-masonry-author meta-color vcard author'><span class='fn'>by <\/span><\/span><\/div><\/div><\/figcaption><\/figure><\/a><!--end av-masonry entry--><a href=\"https:\/\/casa.oaxaca.gob.mx\/?p=12888\" id='av-masonry-1-item-12888' data-av-masonry-item='12888' class='av-masonry-entry isotope-item post-12888 post type-post status-publish format-standard has-post-thumbnail hentry category-201 all_sort 2024_sort  av-masonry-item-with-image' title=\"Taller presencial: Te\u00f1ido de lana con tintes naturales. Imparte: Juli\u00e1n Mart\u00ednez\"  itemscope=\"itemscope\" itemtype=\"https:\/\/schema.org\/CreativeWork\" ><div class='av-inner-masonry-sizer'><\/div><figure class='av-inner-masonry main_color'><div class=\"av-masonry-outerimage-container\"><div class=\"av-masonry-image-container\" style=\"background-image: url(https:\/\/casa.oaxaca.gob.mx\/wp-content\/uploads\/2023\/10\/Ten\u0303ido_cerrada-705x484.jpg);\"><img decoding=\"async\" src=\"https:\/\/casa.oaxaca.gob.mx\/wp-content\/uploads\/2023\/10\/Ten\u0303ido_cerrada-705x484.jpg\" title=\"Ten\u0303ido_cerrada\" alt=\"\" \/><\/div><\/div><figcaption class='av-inner-masonry-content site-background'><div class='av-inner-masonry-content-pos'><div class='av-inner-masonry-content-pos-content'><div class='avia-arrow'><\/div><h3 class='av-masonry-entry-title entry-title'  itemprop=\"headline\" >Taller presencial: Te\u00f1ido de lana con tintes naturales. Imparte: Juli\u00e1n Mart\u00ednez<\/h3><span class='av-masonry-date meta-color updated'><\/span><span class=\"av-masonry-text-sep text-sep-author\">\/<\/span><span class='av-masonry-author meta-color vcard author'><span class='fn'>by <\/span><\/span><\/div><\/div><\/figcaption><\/figure><\/a><!--end av-masonry entry--><a href=\"https:\/\/casa.oaxaca.gob.mx\/?p=12883\" id='av-masonry-1-item-12883' data-av-masonry-item='12883' class='av-masonry-entry isotope-item post-12883 post type-post status-publish format-standard has-post-thumbnail hentry category-convocatorias-pasadas all_sort convocatorias-pasadas_sort  av-masonry-item-with-image' title=\"Taller presencial: Grabado en electrolisis. Imparte: Enrique Flores.\"  itemscope=\"itemscope\" itemtype=\"https:\/\/schema.org\/CreativeWork\" ><div class='av-inner-masonry-sizer'><\/div><figure class='av-inner-masonry main_color'><div class=\"av-masonry-outerimage-container\"><div class=\"av-masonry-image-container\" style=\"background-image: url(https:\/\/casa.oaxaca.gob.mx\/wp-content\/uploads\/2023\/10\/Grabaddo_cerrada-705x484.jpg);\"><img decoding=\"async\" src=\"https:\/\/casa.oaxaca.gob.mx\/wp-content\/uploads\/2023\/10\/Grabaddo_cerrada-705x484.jpg\" title=\"Grabaddo_cerrada\" alt=\"\" \/><\/div><\/div><figcaption class='av-inner-masonry-content site-background'><div class='av-inner-masonry-content-pos'><div class='av-inner-masonry-content-pos-content'><div class='avia-arrow'><\/div><h3 class='av-masonry-entry-title entry-title'  itemprop=\"headline\" >Taller presencial: Grabado en electrolisis. Imparte: Enrique Flores.<\/h3><span class='av-masonry-date meta-color updated'><\/span><span class=\"av-masonry-text-sep text-sep-author\">\/<\/span><span class='av-masonry-author meta-color vcard author'><span class='fn'>by <\/span><\/span><\/div><\/div><\/figcaption><\/figure><\/a><!--end av-masonry entry--><a href=\"https:\/\/casa.oaxaca.gob.mx\/?p=12847\" id='av-masonry-1-item-12847' data-av-masonry-item='12847' class='av-masonry-entry isotope-item post-12847 post type-post status-publish format-standard has-post-thumbnail hentry category-convocatorias-pasadas all_sort convocatorias-pasadas_sort  av-masonry-item-with-image' title=\"Taller presencial: Te\u00f1ido de lana con tintes naturales. Imparte: Juli\u00e1n Mart\u00ednez.\"  itemscope=\"itemscope\" itemtype=\"https:\/\/schema.org\/CreativeWork\" ><div class='av-inner-masonry-sizer'><\/div><figure class='av-inner-masonry main_color'><div class=\"av-masonry-outerimage-container\"><div class=\"av-masonry-image-container\" style=\"background-image: url(https:\/\/casa.oaxaca.gob.mx\/wp-content\/uploads\/2023\/09\/2.WebCerrada-TintesNaturales-705x484.jpg);\"><img decoding=\"async\" src=\"https:\/\/casa.oaxaca.gob.mx\/wp-content\/uploads\/2023\/09\/2.WebCerrada-TintesNaturales-705x484.jpg\" title=\"2.WebCerrada-TintesNaturales\" alt=\"\" \/><\/div><\/div><figcaption class='av-inner-masonry-content site-background'><div class='av-inner-masonry-content-pos'><div class='av-inner-masonry-content-pos-content'><div class='avia-arrow'><\/div><h3 class='av-masonry-entry-title entry-title'  itemprop=\"headline\" >Taller presencial: Te\u00f1ido de lana con tintes naturales. Imparte: Juli\u00e1n Mart\u00ednez.<\/h3><span class='av-masonry-date meta-color updated'><\/span><span class=\"av-masonry-text-sep text-sep-author\">\/<\/span><span class='av-masonry-author meta-color vcard author'><span class='fn'>by <\/span><\/span><\/div><\/div><\/figcaption><\/figure><\/a><!--end av-masonry entry--><a href=\"https:\/\/casa.oaxaca.gob.mx\/?p=12839\" id='av-masonry-1-item-12839' data-av-masonry-item='12839' class='av-masonry-entry isotope-item post-12839 post type-post status-publish format-standard has-post-thumbnail hentry category-convocatorias-pasadas all_sort convocatorias-pasadas_sort  av-masonry-item-with-image' title=\"Taller: R\u00f3tulo Mexicano textil. Imparte: Arturo Bautista \/ Ivonne Bautista\"  itemscope=\"itemscope\" itemtype=\"https:\/\/schema.org\/CreativeWork\" ><div class='av-inner-masonry-sizer'><\/div><figure class='av-inner-masonry main_color'><div class=\"av-masonry-outerimage-container\"><div class=\"av-masonry-image-container\" style=\"background-image: url(https:\/\/casa.oaxaca.gob.mx\/wp-content\/uploads\/2023\/09\/Cerrada-05-705x484.jpg);\"><img decoding=\"async\" src=\"https:\/\/casa.oaxaca.gob.mx\/wp-content\/uploads\/2023\/09\/Cerrada-05-705x484.jpg\" title=\"Cerrada 05\" alt=\"\" \/><\/div><\/div><figcaption class='av-inner-masonry-content site-background'><div class='av-inner-masonry-content-pos'><div class='av-inner-masonry-content-pos-content'><div class='avia-arrow'><\/div><h3 class='av-masonry-entry-title entry-title'  itemprop=\"headline\" >Taller: R\u00f3tulo Mexicano textil. Imparte: Arturo Bautista \/ Ivonne Bautista<\/h3><span class='av-masonry-date meta-color updated'><\/span><span class=\"av-masonry-text-sep text-sep-author\">\/<\/span><span class='av-masonry-author meta-color vcard author'><span class='fn'>by <\/span><\/span><\/div><\/div><\/figcaption><\/figure><\/a><!--end av-masonry entry--><a href=\"https:\/\/casa.oaxaca.gob.mx\/?p=12832\" id='av-masonry-1-item-12832' data-av-masonry-item='12832' class='av-masonry-entry isotope-item post-12832 post type-post status-publish format-standard has-post-thumbnail hentry category-convocatorias-pasadas all_sort convocatorias-pasadas_sort  av-masonry-item-with-image' title=\"Taller: Laboratorio de r\u00f3tulo digital. Imparte: Ram\u00f3n Ortiz \/ Don Mos\"  itemscope=\"itemscope\" itemtype=\"https:\/\/schema.org\/CreativeWork\" ><div class='av-inner-masonry-sizer'><\/div><figure class='av-inner-masonry main_color'><div class=\"av-masonry-outerimage-container\"><div class=\"av-masonry-image-container\" style=\"background-image: url(https:\/\/casa.oaxaca.gob.mx\/wp-content\/uploads\/2023\/09\/Cerrada-01-705x484.jpg);\"><img decoding=\"async\" src=\"https:\/\/casa.oaxaca.gob.mx\/wp-content\/uploads\/2023\/09\/Cerrada-01-705x484.jpg\" title=\"Cerrada 01\" alt=\"\" \/><\/div><\/div><figcaption class='av-inner-masonry-content site-background'><div class='av-inner-masonry-content-pos'><div class='av-inner-masonry-content-pos-content'><div class='avia-arrow'><\/div><h3 class='av-masonry-entry-title entry-title'  itemprop=\"headline\" >Taller: Laboratorio de r\u00f3tulo digital. Imparte: Ram\u00f3n Ortiz \/ Don Mos<\/h3><span class='av-masonry-date meta-color updated'><\/span><span class=\"av-masonry-text-sep text-sep-author\">\/<\/span><span class='av-masonry-author meta-color vcard author'><span class='fn'>by <\/span><\/span><\/div><\/div><\/figcaption><\/figure><\/a><!--end av-masonry entry--><a href=\"https:\/\/casa.oaxaca.gob.mx\/?p=12825\" id='av-masonry-1-item-12825' data-av-masonry-item='12825' class='av-masonry-entry isotope-item post-12825 post type-post status-publish format-standard has-post-thumbnail hentry category-convocatorias-pasadas all_sort convocatorias-pasadas_sort  av-masonry-item-with-image' title=\"Taller: \u00a1Gran Bailazo! Taller de r\u00f3tulos de gran formato. Imparte: Jos\u00e9 Gonz\u00e1lez Mart\u00ednez.\"  itemscope=\"itemscope\" itemtype=\"https:\/\/schema.org\/CreativeWork\" ><div class='av-inner-masonry-sizer'><\/div><figure class='av-inner-masonry main_color'><div class=\"av-masonry-outerimage-container\"><div class=\"av-masonry-image-container\" style=\"background-image: url(https:\/\/casa.oaxaca.gob.mx\/wp-content\/uploads\/2023\/09\/Cerrada-03-705x484.jpg);\"><img decoding=\"async\" src=\"https:\/\/casa.oaxaca.gob.mx\/wp-content\/uploads\/2023\/09\/Cerrada-03-705x484.jpg\" title=\"Cerrada 03\" alt=\"\" \/><\/div><\/div><figcaption class='av-inner-masonry-content site-background'><div class='av-inner-masonry-content-pos'><div class='av-inner-masonry-content-pos-content'><div class='avia-arrow'><\/div><h3 class='av-masonry-entry-title entry-title'  itemprop=\"headline\" >Taller: \u00a1Gran Bailazo! Taller de r\u00f3tulos de gran formato. Imparte: Jos\u00e9 Gonz\u00e1lez Mart\u00ednez.<\/h3><span class='av-masonry-date meta-color updated'><\/span><span class=\"av-masonry-text-sep text-sep-author\">\/<\/span><span class='av-masonry-author meta-color vcard author'><span class='fn'>by <\/span><\/span><\/div><\/div><\/figcaption><\/figure><\/a><!--end av-masonry entry--><a href=\"https:\/\/casa.oaxaca.gob.mx\/?p=12818\" id='av-masonry-1-item-12818' data-av-masonry-item='12818' class='av-masonry-entry isotope-item post-12818 post type-post status-publish format-standard has-post-thumbnail hentry category-convocatorias-pasadas all_sort convocatorias-pasadas_sort  av-masonry-item-with-image' title=\"Taller: R\u00f3tulos brillantes, rotulaci\u00f3n a mano sobre cristal con esta\u00f1o. Imparte: Mart\u00edn Hern\u00e1ndez.\"  itemscope=\"itemscope\" itemtype=\"https:\/\/schema.org\/CreativeWork\" ><div class='av-inner-masonry-sizer'><\/div><figure class='av-inner-masonry main_color'><div class=\"av-masonry-outerimage-container\"><div class=\"av-masonry-image-container\" style=\"background-image: url(https:\/\/casa.oaxaca.gob.mx\/wp-content\/uploads\/2023\/09\/Cerrada-02-705x484.jpg);\"><img decoding=\"async\" src=\"https:\/\/casa.oaxaca.gob.mx\/wp-content\/uploads\/2023\/09\/Cerrada-02-705x484.jpg\" title=\"Cerrada 02\" alt=\"\" \/><\/div><\/div><figcaption class='av-inner-masonry-content site-background'><div class='av-inner-masonry-content-pos'><div class='av-inner-masonry-content-pos-content'><div class='avia-arrow'><\/div><h3 class='av-masonry-entry-title entry-title'  itemprop=\"headline\" >Taller: R\u00f3tulos brillantes, rotulaci\u00f3n a mano sobre cristal con esta\u00f1o. Imparte: Mart\u00edn Hern\u00e1ndez.<\/h3><span class='av-masonry-date meta-color updated'><\/span><span class=\"av-masonry-text-sep text-sep-author\">\/<\/span><span class='av-masonry-author meta-color vcard author'><span class='fn'>by <\/span><\/span><\/div><\/div><\/figcaption><\/figure><\/a><!--end av-masonry entry--><a href=\"https:\/\/casa.oaxaca.gob.mx\/?p=12811\" id='av-masonry-1-item-12811' data-av-masonry-item='12811' class='av-masonry-entry isotope-item post-12811 post type-post status-publish format-standard has-post-thumbnail hentry category-convocatorias-pasadas all_sort convocatorias-pasadas_sort  av-masonry-item-with-image' title=\"Taller: R\u00f3tulos populares. Imparte: Isa\u00edas Salgado.\"  itemscope=\"itemscope\" itemtype=\"https:\/\/schema.org\/CreativeWork\" ><div class='av-inner-masonry-sizer'><\/div><figure class='av-inner-masonry main_color'><div class=\"av-masonry-outerimage-container\"><div class=\"av-masonry-image-container\" style=\"background-image: url(https:\/\/casa.oaxaca.gob.mx\/wp-content\/uploads\/2023\/09\/Cerrada-04-705x484.jpg);\"><img decoding=\"async\" src=\"https:\/\/casa.oaxaca.gob.mx\/wp-content\/uploads\/2023\/09\/Cerrada-04-705x484.jpg\" title=\"Cerrada 04\" alt=\"\" \/><\/div><\/div><figcaption class='av-inner-masonry-content site-background'><div class='av-inner-masonry-content-pos'><div class='av-inner-masonry-content-pos-content'><div class='avia-arrow'><\/div><h3 class='av-masonry-entry-title entry-title'  itemprop=\"headline\" >Taller: R\u00f3tulos populares. Imparte: Isa\u00edas Salgado.<\/h3><span class='av-masonry-date meta-color updated'><\/span><span class=\"av-masonry-text-sep text-sep-author\">\/<\/span><span class='av-masonry-author meta-color vcard author'><span class='fn'>by <\/span><\/span><\/div><\/div><\/figcaption><\/figure><\/a><!--end av-masonry entry--><a href=\"https:\/\/casa.oaxaca.gob.mx\/?p=12804\" id='av-masonry-1-item-12804' data-av-masonry-item='12804' class='av-masonry-entry isotope-item post-12804 post type-post status-publish format-standard has-post-thumbnail hentry category-convocatorias-pasadas all_sort convocatorias-pasadas_sort  av-masonry-item-with-image' title=\"Taller: Rotulaci\u00f3n con hoja de oro sobre cristal Imparte: Alina Kiliwa\"  itemscope=\"itemscope\" itemtype=\"https:\/\/schema.org\/CreativeWork\" ><div class='av-inner-masonry-sizer'><\/div><figure class='av-inner-masonry main_color'><div class=\"av-masonry-outerimage-container\"><div class=\"av-masonry-image-container\" style=\"background-image: url(https:\/\/casa.oaxaca.gob.mx\/wp-content\/uploads\/2023\/09\/Cerrada-06-705x484.jpg);\"><img decoding=\"async\" src=\"https:\/\/casa.oaxaca.gob.mx\/wp-content\/uploads\/2023\/09\/Cerrada-06-705x484.jpg\" title=\"Cerrada 06\" alt=\"\" \/><\/div><\/div><figcaption class='av-inner-masonry-content site-background'><div class='av-inner-masonry-content-pos'><div class='av-inner-masonry-content-pos-content'><div class='avia-arrow'><\/div><h3 class='av-masonry-entry-title entry-title'  itemprop=\"headline\" >Taller: Rotulaci\u00f3n con hoja de oro sobre cristal Imparte: Alina Kiliwa<\/h3><span class='av-masonry-date meta-color updated'><\/span><span class=\"av-masonry-text-sep text-sep-author\">\/<\/span><span class='av-masonry-author meta-color vcard author'><span class='fn'>by <\/span><\/span><\/div><\/div><\/figcaption><\/figure><\/a><!--end av-masonry entry--><a href=\"https:\/\/casa.oaxaca.gob.mx\/?p=12786\" id='av-masonry-1-item-12786' data-av-masonry-item='12786' class='av-masonry-entry isotope-item post-12786 post type-post status-publish format-standard has-post-thumbnail hentry category-convocatorias-pasadas all_sort convocatorias-pasadas_sort  av-masonry-item-with-image' title=\"Taller. Creaci\u00f3n de acuarelas artesanales y naturales. Imparte: Roxana \u00c1ngel.\"  itemscope=\"itemscope\" itemtype=\"https:\/\/schema.org\/CreativeWork\" ><div class='av-inner-masonry-sizer'><\/div><figure class='av-inner-masonry main_color'><div class=\"av-masonry-outerimage-container\"><div class=\"av-masonry-image-container\" style=\"background-image: url(https:\/\/casa.oaxaca.gob.mx\/wp-content\/uploads\/2023\/09\/2.WebCerrada_AcuarelasArtesanales-705x484.jpg);\"><img decoding=\"async\" src=\"https:\/\/casa.oaxaca.gob.mx\/wp-content\/uploads\/2023\/09\/2.WebCerrada_AcuarelasArtesanales-705x484.jpg\" title=\"2.WebCerrada_AcuarelasArtesanales\" alt=\"\" \/><\/div><\/div><figcaption class='av-inner-masonry-content site-background'><div class='av-inner-masonry-content-pos'><div class='av-inner-masonry-content-pos-content'><div class='avia-arrow'><\/div><h3 class='av-masonry-entry-title entry-title'  itemprop=\"headline\" >Taller. Creaci\u00f3n de acuarelas artesanales y naturales. Imparte: Roxana \u00c1ngel.<\/h3><span class='av-masonry-date meta-color updated'><\/span><span class=\"av-masonry-text-sep text-sep-author\">\/<\/span><span class='av-masonry-author meta-color vcard author'><span class='fn'>by <\/span><\/span><\/div><\/div><\/figcaption><\/figure><\/a><!--end av-masonry entry--><a href=\"https:\/\/casa.oaxaca.gob.mx\/?p=12755\" id='av-masonry-1-item-12755' data-av-masonry-item='12755' class='av-masonry-entry isotope-item post-12755 post type-post status-publish format-standard has-post-thumbnail hentry category-201 all_sort 2024_sort  av-masonry-item-with-image' title=\"Talleres presenciales. Programa de formaci\u00f3n en la t\u00e9cnica de Filigrana de Oaxaca, Chiapas, Guerrero y Yucat\u00e1n\"  itemscope=\"itemscope\" itemtype=\"https:\/\/schema.org\/CreativeWork\" ><div class='av-inner-masonry-sizer'><\/div><figure class='av-inner-masonry main_color'><div class=\"av-masonry-outerimage-container\"><div class=\"av-masonry-image-container\" style=\"background-image: url(https:\/\/casa.oaxaca.gob.mx\/wp-content\/uploads\/2023\/09\/Filigrana-705x484.png);\"><img decoding=\"async\" src=\"https:\/\/casa.oaxaca.gob.mx\/wp-content\/uploads\/2023\/09\/Filigrana-705x484.png\" title=\"Filigrana\" alt=\"\" \/><\/div><\/div><figcaption class='av-inner-masonry-content site-background'><div class='av-inner-masonry-content-pos'><div class='av-inner-masonry-content-pos-content'><div class='avia-arrow'><\/div><h3 class='av-masonry-entry-title entry-title'  itemprop=\"headline\" >Talleres presenciales. Programa de formaci\u00f3n en la t\u00e9cnica de Filigrana de Oaxaca, Chiapas, Guerrero y Yucat\u00e1n<\/h3><span class='av-masonry-date meta-color updated'><\/span><span class=\"av-masonry-text-sep text-sep-author\">\/<\/span><span class='av-masonry-author meta-color vcard author'><span class='fn'>by <\/span><\/span><\/div><\/div><\/figcaption><\/figure><\/a><!--end av-masonry entry--><a href=\"https:\/\/casa.oaxaca.gob.mx\/?p=12749\" id='av-masonry-1-item-12749' data-av-masonry-item='12749' class='av-masonry-entry isotope-item post-12749 post type-post status-publish format-standard has-post-thumbnail hentry category-201 all_sort 2024_sort  av-masonry-item-with-image' title=\"Diplomado presencial.  Programa de formaci\u00f3n en la t\u00e9cnica de Filigrana de Oaxaca, Chiapas, Guerrero y Yucat\u00e1n\"  itemscope=\"itemscope\" itemtype=\"https:\/\/schema.org\/CreativeWork\" ><div class='av-inner-masonry-sizer'><\/div><figure class='av-inner-masonry main_color'><div class=\"av-masonry-outerimage-container\"><div class=\"av-masonry-image-container\" style=\"background-image: url(https:\/\/casa.oaxaca.gob.mx\/wp-content\/uploads\/2023\/09\/Filigrana-cerrada-705x484.jpg);\"><img decoding=\"async\" src=\"https:\/\/casa.oaxaca.gob.mx\/wp-content\/uploads\/2023\/09\/Filigrana-cerrada-705x484.jpg\" title=\"Filigrana cerrada\" alt=\"\" \/><\/div><\/div><figcaption class='av-inner-masonry-content site-background'><div class='av-inner-masonry-content-pos'><div class='av-inner-masonry-content-pos-content'><div class='avia-arrow'><\/div><h3 class='av-masonry-entry-title entry-title'  itemprop=\"headline\" >Diplomado presencial.  Programa de formaci\u00f3n en la t\u00e9cnica de Filigrana de Oaxaca, Chiapas, Guerrero y Yucat\u00e1n<\/h3><span class='av-masonry-date meta-color updated'><\/span><span class=\"av-masonry-text-sep text-sep-author\">\/<\/span><span class='av-masonry-author meta-color vcard author'><span class='fn'>by <\/span><\/span><\/div><\/div><\/figcaption><\/figure><\/a><!--end av-masonry entry--><a href=\"https:\/\/casa.oaxaca.gob.mx\/?p=12721\" id='av-masonry-1-item-12721' data-av-masonry-item='12721' class='av-masonry-entry isotope-item post-12721 post type-post status-publish format-standard has-post-thumbnail hentry category-convocatorias-pasadas all_sort convocatorias-pasadas_sort  av-masonry-item-with-image' title=\"Taller presencial. B\u00e1sico de instalaci\u00f3n   Imparte: M\u00f3nica Iturribarr\u00eda\"  itemscope=\"itemscope\" itemtype=\"https:\/\/schema.org\/CreativeWork\" ><div class='av-inner-masonry-sizer'><\/div><figure class='av-inner-masonry main_color'><div class=\"av-masonry-outerimage-container\"><div class=\"av-masonry-image-container\" style=\"background-image: url(https:\/\/casa.oaxaca.gob.mx\/wp-content\/uploads\/2023\/08\/1.BasicodeInstalacion-705x484.jpg);\"><img decoding=\"async\" src=\"https:\/\/casa.oaxaca.gob.mx\/wp-content\/uploads\/2023\/08\/1.BasicodeInstalacion-705x484.jpg\" title=\"1.BasicodeInstalacion\" alt=\"\" \/><\/div><\/div><figcaption class='av-inner-masonry-content site-background'><div class='av-inner-masonry-content-pos'><div class='av-inner-masonry-content-pos-content'><div class='avia-arrow'><\/div><h3 class='av-masonry-entry-title entry-title'  itemprop=\"headline\" >Taller presencial. B\u00e1sico de instalaci\u00f3n   Imparte: M\u00f3nica Iturribarr\u00eda<\/h3><span class='av-masonry-date meta-color updated'><\/span><span class=\"av-masonry-text-sep text-sep-author\">\/<\/span><span class='av-masonry-author meta-color vcard author'><span class='fn'>by <\/span><\/span><\/div><\/div><\/figcaption><\/figure><\/a><!--end av-masonry entry--><a href=\"https:\/\/casa.oaxaca.gob.mx\/?p=12715\" id='av-masonry-1-item-12715' data-av-masonry-item='12715' class='av-masonry-entry isotope-item post-12715 post type-post status-publish format-standard has-post-thumbnail hentry category-convocatorias-pasadas all_sort convocatorias-pasadas_sort  av-masonry-item-with-image' title=\"Puesta en escena. Fin de partida de Sanuel Beckett.\"  itemscope=\"itemscope\" itemtype=\"https:\/\/schema.org\/CreativeWork\" ><div class='av-inner-masonry-sizer'><\/div><figure class='av-inner-masonry main_color'><div class=\"av-masonry-outerimage-container\"><div class=\"av-masonry-image-container\" style=\"background-image: url(https:\/\/casa.oaxaca.gob.mx\/wp-content\/uploads\/2023\/08\/2-705x599.png);\"><img decoding=\"async\" src=\"https:\/\/casa.oaxaca.gob.mx\/wp-content\/uploads\/2023\/08\/2-705x599.png\" title=\"2\" alt=\"\" \/><\/div><\/div><figcaption class='av-inner-masonry-content site-background'><div class='av-inner-masonry-content-pos'><div class='av-inner-masonry-content-pos-content'><div class='avia-arrow'><\/div><h3 class='av-masonry-entry-title entry-title'  itemprop=\"headline\" >Puesta en escena. Fin de partida de Sanuel Beckett.<\/h3><span class='av-masonry-date meta-color updated'><\/span><span class=\"av-masonry-text-sep text-sep-author\">\/<\/span><span class='av-masonry-author meta-color vcard author'><span class='fn'>by <\/span><\/span><\/div><\/div><\/figcaption><\/figure><\/a><!--end av-masonry entry--><a href=\"https:\/\/casa.oaxaca.gob.mx\/?p=12710\" id='av-masonry-1-item-12710' data-av-masonry-item='12710' class='av-masonry-entry isotope-item post-12710 post type-post status-publish format-standard has-post-thumbnail hentry category-convocatorias-pasadas all_sort convocatorias-pasadas_sort  av-masonry-item-with-image' title=\"Taller presencial. Creaci\u00f3n Esc\u00e9nica. Luis Alberti, Medin Villatoro, H. Alejandro Obreg\u00f3n, Rosario Sampablo y Steven Brown\"  itemscope=\"itemscope\" itemtype=\"https:\/\/schema.org\/CreativeWork\" ><div class='av-inner-masonry-sizer'><\/div><figure class='av-inner-masonry main_color'><div class=\"av-masonry-outerimage-container\"><div class=\"av-masonry-image-container\" style=\"background-image: url(https:\/\/casa.oaxaca.gob.mx\/wp-content\/uploads\/2023\/08\/2.Creacio\u0301nEsce\u0301nica-705x483.jpg);\"><img decoding=\"async\" src=\"https:\/\/casa.oaxaca.gob.mx\/wp-content\/uploads\/2023\/08\/2.Creacio\u0301nEsce\u0301nica-705x483.jpg\" title=\"2.Creacio\u0301nEsce\u0301nica\" alt=\"\" \/><\/div><\/div><figcaption class='av-inner-masonry-content site-background'><div class='av-inner-masonry-content-pos'><div class='av-inner-masonry-content-pos-content'><div class='avia-arrow'><\/div><h3 class='av-masonry-entry-title entry-title'  itemprop=\"headline\" >Taller presencial. Creaci\u00f3n Esc\u00e9nica. Luis Alberti, Medin Villatoro, H. Alejandro Obreg\u00f3n, Rosario Sampablo y Steven Brown<\/h3><span class='av-masonry-date meta-color updated'><\/span><span class=\"av-masonry-text-sep text-sep-author\">\/<\/span><span class='av-masonry-author meta-color vcard author'><span class='fn'>by <\/span><\/span><\/div><\/div><\/figcaption><\/figure><\/a><!--end av-masonry entry--><a href=\"https:\/\/casa.oaxaca.gob.mx\/?p=12704\" id='av-masonry-1-item-12704' data-av-masonry-item='12704' class='av-masonry-entry isotope-item post-12704 post type-post status-publish format-standard has-post-thumbnail hentry category-convocatorias-pasadas all_sort convocatorias-pasadas_sort  av-masonry-item-with-image' title=\"Taller presencial. Direcci\u00f3n Esc\u00e9nica. Agust\u00edn Meza\"  itemscope=\"itemscope\" itemtype=\"https:\/\/schema.org\/CreativeWork\" ><div class='av-inner-masonry-sizer'><\/div><figure class='av-inner-masonry main_color'><div class=\"av-masonry-outerimage-container\"><div class=\"av-masonry-image-container\" style=\"background-image: url(https:\/\/casa.oaxaca.gob.mx\/wp-content\/uploads\/2023\/08\/3.Direccio\u0301nEsce\u0301nica-705x483.jpg);\"><img decoding=\"async\" src=\"https:\/\/casa.oaxaca.gob.mx\/wp-content\/uploads\/2023\/08\/3.Direccio\u0301nEsce\u0301nica-705x483.jpg\" title=\"3.Direccio\u0301nEsce\u0301nica\" alt=\"\" \/><\/div><\/div><figcaption class='av-inner-masonry-content site-background'><div class='av-inner-masonry-content-pos'><div class='av-inner-masonry-content-pos-content'><div class='avia-arrow'><\/div><h3 class='av-masonry-entry-title entry-title'  itemprop=\"headline\" >Taller presencial. Direcci\u00f3n Esc\u00e9nica. Agust\u00edn Meza<\/h3><span class='av-masonry-date meta-color updated'><\/span><span class=\"av-masonry-text-sep text-sep-author\">\/<\/span><span class='av-masonry-author meta-color vcard author'><span class='fn'>by <\/span><\/span><\/div><\/div><\/figcaption><\/figure><\/a><!--end av-masonry entry--><a href=\"https:\/\/casa.oaxaca.gob.mx\/?p=12699\" id='av-masonry-1-item-12699' data-av-masonry-item='12699' class='av-masonry-entry isotope-item post-12699 post type-post status-publish format-standard has-post-thumbnail hentry category-convocatorias-pasadas all_sort convocatorias-pasadas_sort  av-masonry-item-with-image' title=\"Taller presencial. Estrategias de Comunicaci\u00f3n. Genny Galeano.\"  itemscope=\"itemscope\" itemtype=\"https:\/\/schema.org\/CreativeWork\" ><div class='av-inner-masonry-sizer'><\/div><figure class='av-inner-masonry main_color'><div class=\"av-masonry-outerimage-container\"><div class=\"av-masonry-image-container\" style=\"background-image: url(https:\/\/casa.oaxaca.gob.mx\/wp-content\/uploads\/2023\/08\/4.Estrategiasdecomunicacio\u0301n-705x483.jpg);\"><img decoding=\"async\" src=\"https:\/\/casa.oaxaca.gob.mx\/wp-content\/uploads\/2023\/08\/4.Estrategiasdecomunicacio\u0301n-705x483.jpg\" title=\"4.Estrategiasdecomunicacio\u0301n\" alt=\"\" \/><\/div><\/div><figcaption class='av-inner-masonry-content site-background'><div class='av-inner-masonry-content-pos'><div class='av-inner-masonry-content-pos-content'><div class='avia-arrow'><\/div><h3 class='av-masonry-entry-title entry-title'  itemprop=\"headline\" >Taller presencial. Estrategias de Comunicaci\u00f3n. Genny Galeano.<\/h3><span class='av-masonry-date meta-color updated'><\/span><span class=\"av-masonry-text-sep text-sep-author\">\/<\/span><span class='av-masonry-author meta-color vcard author'><span class='fn'>by <\/span><\/span><\/div><\/div><\/figcaption><\/figure><\/a><!--end av-masonry entry--><a href=\"https:\/\/casa.oaxaca.gob.mx\/?p=12681\" id='av-masonry-1-item-12681' data-av-masonry-item='12681' class='av-masonry-entry isotope-item post-12681 post type-post status-publish format-standard has-post-thumbnail hentry category-convocatorias-pasadas all_sort convocatorias-pasadas_sort  av-masonry-item-with-image' title=\"Taller presencial. Navegarte. Arte + Cultura + Inclusi\u00f3n.  Imparte: Sa\u00fal Alfredo Corzo Ibarra\"  itemscope=\"itemscope\" itemtype=\"https:\/\/schema.org\/CreativeWork\" ><div class='av-inner-masonry-sizer'><\/div><figure class='av-inner-masonry main_color'><div class=\"av-masonry-outerimage-container\"><div class=\"av-masonry-image-container\" style=\"background-image: url(https:\/\/casa.oaxaca.gob.mx\/wp-content\/uploads\/2023\/07\/5.Navegarte-705x484.jpg);\"><img decoding=\"async\" src=\"https:\/\/casa.oaxaca.gob.mx\/wp-content\/uploads\/2023\/07\/5.Navegarte-705x484.jpg\" title=\"5.Navegarte\" alt=\"\" \/><\/div><\/div><figcaption class='av-inner-masonry-content site-background'><div class='av-inner-masonry-content-pos'><div class='av-inner-masonry-content-pos-content'><div class='avia-arrow'><\/div><h3 class='av-masonry-entry-title entry-title'  itemprop=\"headline\" >Taller presencial. Navegarte. Arte + Cultura + Inclusi\u00f3n.  Imparte: Sa\u00fal Alfredo Corzo Ibarra<\/h3><span class='av-masonry-date meta-color updated'><\/span><span class=\"av-masonry-text-sep text-sep-author\">\/<\/span><span class='av-masonry-author meta-color vcard author'><span class='fn'>by <\/span><\/span><\/div><\/div><\/figcaption><\/figure><\/a><!--end av-masonry entry--><a href=\"https:\/\/casa.oaxaca.gob.mx\/?p=12672\" id='av-masonry-1-item-12672' data-av-masonry-item='12672' class='av-masonry-entry isotope-item post-12672 post type-post status-publish format-standard has-post-thumbnail hentry category-convocatorias-pasadas all_sort convocatorias-pasadas_sort  av-masonry-item-with-image' title=\"Taller presencial. Te\u00f1ido de lana con tintes naturales. Imparte: Juli\u00e1n Mart\u00ednez\"  itemscope=\"itemscope\" itemtype=\"https:\/\/schema.org\/CreativeWork\" ><div class='av-inner-masonry-sizer'><\/div><figure class='av-inner-masonry main_color'><div class=\"av-masonry-outerimage-container\"><div class=\"av-masonry-image-container\" style=\"background-image: url(https:\/\/casa.oaxaca.gob.mx\/wp-content\/uploads\/2023\/07\/1.ThumbnailWeb-Cerrado-TintesAGOSTO-705x484.jpg);\"><img decoding=\"async\" src=\"https:\/\/casa.oaxaca.gob.mx\/wp-content\/uploads\/2023\/07\/1.ThumbnailWeb-Cerrado-TintesAGOSTO-705x484.jpg\" title=\"1.ThumbnailWeb-Cerrado-TintesAGOSTO\" alt=\"\" \/><\/div><\/div><figcaption class='av-inner-masonry-content site-background'><div class='av-inner-masonry-content-pos'><div class='av-inner-masonry-content-pos-content'><div class='avia-arrow'><\/div><h3 class='av-masonry-entry-title entry-title'  itemprop=\"headline\" >Taller presencial. Te\u00f1ido de lana con tintes naturales. Imparte: Juli\u00e1n Mart\u00ednez<\/h3><span class='av-masonry-date meta-color updated'><\/span><span class=\"av-masonry-text-sep text-sep-author\">\/<\/span><span class='av-masonry-author meta-color vcard author'><span class='fn'>by <\/span><\/span><\/div><\/div><\/figcaption><\/figure><\/a><!--end av-masonry entry--><a href=\"https:\/\/casa.oaxaca.gob.mx\/?p=12654\" id='av-masonry-1-item-12654' data-av-masonry-item='12654' class='av-masonry-entry isotope-item post-12654 post type-post status-publish format-standard has-post-thumbnail hentry category-convocatorias-pasadas all_sort convocatorias-pasadas_sort  av-masonry-item-with-image' title=\"Taller presencial. Composici\u00f3n musical . Imparte: David Hern\u00e1ndez Ramos\"  itemscope=\"itemscope\" itemtype=\"https:\/\/schema.org\/CreativeWork\" ><div class='av-inner-masonry-sizer'><\/div><figure class='av-inner-masonry main_color'><div class=\"av-masonry-outerimage-container\"><div class=\"av-masonry-image-container\" style=\"background-image: url(https:\/\/casa.oaxaca.gob.mx\/wp-content\/uploads\/2023\/07\/6.ComposicionMusical-705x484.jpg);\"><img decoding=\"async\" src=\"https:\/\/casa.oaxaca.gob.mx\/wp-content\/uploads\/2023\/07\/6.ComposicionMusical-705x484.jpg\" title=\"6.ComposicionMusical\" alt=\"\" \/><\/div><\/div><figcaption class='av-inner-masonry-content site-background'><div class='av-inner-masonry-content-pos'><div class='av-inner-masonry-content-pos-content'><div class='avia-arrow'><\/div><h3 class='av-masonry-entry-title entry-title'  itemprop=\"headline\" >Taller presencial. Composici\u00f3n musical . Imparte: David Hern\u00e1ndez Ramos<\/h3><span class='av-masonry-date meta-color updated'><\/span><span class=\"av-masonry-text-sep text-sep-author\">\/<\/span><span class='av-masonry-author meta-color vcard author'><span class='fn'>by <\/span><\/span><\/div><\/div><\/figcaption><\/figure><\/a><!--end av-masonry entry--><a href=\"https:\/\/casa.oaxaca.gob.mx\/?p=12646\" id='av-masonry-1-item-12646' data-av-masonry-item='12646' class='av-masonry-entry isotope-item post-12646 post type-post status-publish format-standard has-post-thumbnail hentry category-convocatorias-pasadas all_sort convocatorias-pasadas_sort  av-masonry-item-with-image' title=\"Taller presencial. La exploraci\u00f3n de escrituras teatrales. Imparte: Margarita Herrera Dom\u00ednguez\"  itemscope=\"itemscope\" itemtype=\"https:\/\/schema.org\/CreativeWork\" ><div class='av-inner-masonry-sizer'><\/div><figure class='av-inner-masonry main_color'><div class=\"av-masonry-outerimage-container\"><div class=\"av-masonry-image-container\" style=\"background-image: url(https:\/\/casa.oaxaca.gob.mx\/wp-content\/uploads\/2023\/07\/7.EscriturasTeatrales-705x484.jpg);\"><img decoding=\"async\" src=\"https:\/\/casa.oaxaca.gob.mx\/wp-content\/uploads\/2023\/07\/7.EscriturasTeatrales-705x484.jpg\" title=\"7.EscriturasTeatrales\" alt=\"\" \/><\/div><\/div><figcaption class='av-inner-masonry-content site-background'><div class='av-inner-masonry-content-pos'><div class='av-inner-masonry-content-pos-content'><div class='avia-arrow'><\/div><h3 class='av-masonry-entry-title entry-title'  itemprop=\"headline\" >Taller presencial. La exploraci\u00f3n de escrituras teatrales. Imparte: Margarita Herrera Dom\u00ednguez<\/h3><span class='av-masonry-date meta-color updated'><\/span><span class=\"av-masonry-text-sep text-sep-author\">\/<\/span><span class='av-masonry-author meta-color vcard author'><span class='fn'>by <\/span><\/span><\/div><\/div><\/figcaption><\/figure><\/a><!--end av-masonry entry--><a href=\"https:\/\/casa.oaxaca.gob.mx\/?p=12633\" id='av-masonry-1-item-12633' data-av-masonry-item='12633' class='av-masonry-entry isotope-item post-12633 post type-post status-publish format-standard has-post-thumbnail hentry category-convocatorias-pasadas all_sort convocatorias-pasadas_sort  av-masonry-item-with-image' title=\"Taller presencial. Collage Digital. Imparte: Kevin Emmanuel\"  itemscope=\"itemscope\" itemtype=\"https:\/\/schema.org\/CreativeWork\" ><div class='av-inner-masonry-sizer'><\/div><figure class='av-inner-masonry main_color'><div class=\"av-masonry-outerimage-container\"><div class=\"av-masonry-image-container\" style=\"background-image: url(https:\/\/casa.oaxaca.gob.mx\/wp-content\/uploads\/2023\/06\/11.Collage-digital-705x484.jpg);\"><img decoding=\"async\" src=\"https:\/\/casa.oaxaca.gob.mx\/wp-content\/uploads\/2023\/06\/11.Collage-digital-705x484.jpg\" title=\"11.Collage digital\" alt=\"\" \/><\/div><\/div><figcaption class='av-inner-masonry-content site-background'><div class='av-inner-masonry-content-pos'><div class='av-inner-masonry-content-pos-content'><div class='avia-arrow'><\/div><h3 class='av-masonry-entry-title entry-title'  itemprop=\"headline\" >Taller presencial. Collage Digital. Imparte: Kevin Emmanuel<\/h3><span class='av-masonry-date meta-color updated'><\/span><span class=\"av-masonry-text-sep text-sep-author\">\/<\/span><span class='av-masonry-author meta-color vcard author'><span class='fn'>by <\/span><\/span><\/div><\/div><\/figcaption><\/figure><\/a><!--end av-masonry entry--><a href=\"https:\/\/casa.oaxaca.gob.mx\/?p=12626\" id='av-masonry-1-item-12626' data-av-masonry-item='12626' class='av-masonry-entry isotope-item post-12626 post type-post status-publish format-standard has-post-thumbnail hentry category-convocatorias-pasadas all_sort convocatorias-pasadas_sort  av-masonry-item-with-image' title=\"Taller presencial. Grabado de procesos de estampaci\u00f3n. Imparte: Francisco Quintanar\"  itemscope=\"itemscope\" itemtype=\"https:\/\/schema.org\/CreativeWork\" ><div class='av-inner-masonry-sizer'><\/div><figure class='av-inner-masonry main_color'><div class=\"av-masonry-outerimage-container\"><div class=\"av-masonry-image-container\" style=\"background-image: url(https:\/\/casa.oaxaca.gob.mx\/wp-content\/uploads\/2023\/06\/2.WebCerrada-Experimentacio\u0301n-con-te\u0301cnicas-disruptivas-705x483.jpg);\"><img decoding=\"async\" src=\"https:\/\/casa.oaxaca.gob.mx\/wp-content\/uploads\/2023\/06\/2.WebCerrada-Experimentacio\u0301n-con-te\u0301cnicas-disruptivas-705x483.jpg\" title=\"2.WebCerrada-Experimentacio\u0301n con te\u0301cnicas disruptivas\" alt=\"\" \/><\/div><\/div><figcaption class='av-inner-masonry-content site-background'><div class='av-inner-masonry-content-pos'><div class='av-inner-masonry-content-pos-content'><div class='avia-arrow'><\/div><h3 class='av-masonry-entry-title entry-title'  itemprop=\"headline\" >Taller presencial. Grabado de procesos de estampaci\u00f3n. Imparte: Francisco Quintanar<\/h3><span class='av-masonry-date meta-color updated'><\/span><span class=\"av-masonry-text-sep text-sep-author\">\/<\/span><span class='av-masonry-author meta-color vcard author'><span class='fn'>by <\/span><\/span><\/div><\/div><\/figcaption><\/figure><\/a><!--end av-masonry entry--><a href=\"https:\/\/casa.oaxaca.gob.mx\/?p=12618\" id='av-masonry-1-item-12618' data-av-masonry-item='12618' class='av-masonry-entry isotope-item post-12618 post type-post status-publish format-standard has-post-thumbnail hentry category-convocatorias-pasadas all_sort convocatorias-pasadas_sort  av-masonry-item-with-image' title=\"Taller presencial. Fotograf\u00eda en cuarto oscuro con reveladores ecol\u00f3gicos. Imparte: Dito Traspi\u00e9\"  itemscope=\"itemscope\" itemtype=\"https:\/\/schema.org\/CreativeWork\" ><div class='av-inner-masonry-sizer'><\/div><figure class='av-inner-masonry main_color'><div class=\"av-masonry-outerimage-container\"><div class=\"av-masonry-image-container\" style=\"background-image: url(https:\/\/casa.oaxaca.gob.mx\/wp-content\/uploads\/2023\/06\/2.WebCerrada-Fotografia-en-cuartoscuro-1-705x484.jpg);\"><img decoding=\"async\" src=\"https:\/\/casa.oaxaca.gob.mx\/wp-content\/uploads\/2023\/06\/2.WebCerrada-Fotografia-en-cuartoscuro-1-705x484.jpg\" title=\"2.WebCerrada-Fotografia en cuartoscuro\" alt=\"\" \/><\/div><\/div><figcaption class='av-inner-masonry-content site-background'><div class='av-inner-masonry-content-pos'><div class='av-inner-masonry-content-pos-content'><div class='avia-arrow'><\/div><h3 class='av-masonry-entry-title entry-title'  itemprop=\"headline\" >Taller presencial. Fotograf\u00eda en cuarto oscuro con reveladores ecol\u00f3gicos. Imparte: Dito Traspi\u00e9<\/h3><span class='av-masonry-date meta-color updated'><\/span><span class=\"av-masonry-text-sep text-sep-author\">\/<\/span><span class='av-masonry-author meta-color vcard author'><span class='fn'>by <\/span><\/span><\/div><\/div><\/figcaption><\/figure><\/a><!--end av-masonry entry--><a href=\"https:\/\/casa.oaxaca.gob.mx\/?p=12610\" id='av-masonry-1-item-12610' data-av-masonry-item='12610' class='av-masonry-entry isotope-item post-12610 post type-post status-publish format-standard has-post-thumbnail hentry category-convocatorias-pasadas all_sort convocatorias-pasadas_sort  av-masonry-item-with-image' title=\"Taller presencial. Ver y Rever: Escultura sensorial para ni\u00f1os y ni\u00f1as. Imparte: Adriana Monterrubio\"  itemscope=\"itemscope\" itemtype=\"https:\/\/schema.org\/CreativeWork\" ><div class='av-inner-masonry-sizer'><\/div><figure class='av-inner-masonry main_color'><div class=\"av-masonry-outerimage-container\"><div class=\"av-masonry-image-container\" style=\"background-image: url(https:\/\/casa.oaxaca.gob.mx\/wp-content\/uploads\/2023\/06\/2.WebCerradaa-Ver-y-rever-705x483.jpg);\"><img decoding=\"async\" src=\"https:\/\/casa.oaxaca.gob.mx\/wp-content\/uploads\/2023\/06\/2.WebCerradaa-Ver-y-rever-705x483.jpg\" title=\"2.WebCerradaa-Ver y rever\" alt=\"\" \/><\/div><\/div><figcaption class='av-inner-masonry-content site-background'><div class='av-inner-masonry-content-pos'><div class='av-inner-masonry-content-pos-content'><div class='avia-arrow'><\/div><h3 class='av-masonry-entry-title entry-title'  itemprop=\"headline\" >Taller presencial. Ver y Rever: Escultura sensorial para ni\u00f1os y ni\u00f1as. Imparte: Adriana Monterrubio<\/h3><span class='av-masonry-date meta-color updated'><\/span><span class=\"av-masonry-text-sep text-sep-author\">\/<\/span><span class='av-masonry-author meta-color vcard author'><span class='fn'>by <\/span><\/span><\/div><\/div><\/figcaption><\/figure><\/a><!--end av-masonry entry--><a href=\"https:\/\/casa.oaxaca.gob.mx\/?p=12599\" id='av-masonry-1-item-12599' data-av-masonry-item='12599' class='av-masonry-entry isotope-item post-12599 post type-post status-publish format-standard has-post-thumbnail hentry category-convocatorias-pasadas all_sort convocatorias-pasadas_sort  av-masonry-item-with-image' title=\"Taller presencial. JOYER\u00cdA DE SUPERVIVENCIA, objetos para la adversidad. Imparte: Edgar L\u00f3pez Jim\u00e9nez\"  itemscope=\"itemscope\" itemtype=\"https:\/\/schema.org\/CreativeWork\" ><div class='av-inner-masonry-sizer'><\/div><figure class='av-inner-masonry main_color'><div class=\"av-masonry-outerimage-container\"><div class=\"av-masonry-image-container\" style=\"background-image: url(https:\/\/casa.oaxaca.gob.mx\/wp-content\/uploads\/2023\/06\/2.CerradaWeb-Joyeria-supervivencia-705x484.jpg);\"><img decoding=\"async\" src=\"https:\/\/casa.oaxaca.gob.mx\/wp-content\/uploads\/2023\/06\/2.CerradaWeb-Joyeria-supervivencia-705x484.jpg\" title=\"2.CerradaWeb-Joyeria supervivencia\" alt=\"\" \/><\/div><\/div><figcaption class='av-inner-masonry-content site-background'><div class='av-inner-masonry-content-pos'><div class='av-inner-masonry-content-pos-content'><div class='avia-arrow'><\/div><h3 class='av-masonry-entry-title entry-title'  itemprop=\"headline\" >Taller presencial. JOYER\u00cdA DE SUPERVIVENCIA, objetos para la adversidad. Imparte: Edgar L\u00f3pez Jim\u00e9nez<\/h3><span class='av-masonry-date meta-color updated'><\/span><span class=\"av-masonry-text-sep text-sep-author\">\/<\/span><span class='av-masonry-author meta-color vcard author'><span class='fn'>by <\/span><\/span><\/div><\/div><\/figcaption><\/figure><\/a><!--end av-masonry entry--><a href=\"https:\/\/casa.oaxaca.gob.mx\/?p=12593\" id='av-masonry-1-item-12593' data-av-masonry-item='12593' class='av-masonry-entry isotope-item post-12593 post type-post status-publish format-standard has-post-thumbnail hentry category-convocatorias-pasadas all_sort convocatorias-pasadas_sort  av-masonry-item-with-image' title=\"Taller presencial. Te\u00f3rico pr\u00e1ctico de joyer\u00eda: Hibridaciones.  Imparte: Felipe C\u00e1rdenas y Sylvia Burgoa\"  itemscope=\"itemscope\" itemtype=\"https:\/\/schema.org\/CreativeWork\" ><div class='av-inner-masonry-sizer'><\/div><figure class='av-inner-masonry main_color'><div class=\"av-masonry-outerimage-container\"><div class=\"av-masonry-image-container\" style=\"background-image: url(https:\/\/casa.oaxaca.gob.mx\/wp-content\/uploads\/2023\/06\/2.WebCerrada-JoyeriaHibridaciones-705x484.jpg);\"><img decoding=\"async\" src=\"https:\/\/casa.oaxaca.gob.mx\/wp-content\/uploads\/2023\/06\/2.WebCerrada-JoyeriaHibridaciones-705x484.jpg\" title=\"2.WebCerrada-JoyeriaHibridaciones\" alt=\"\" \/><\/div><\/div><figcaption class='av-inner-masonry-content site-background'><div class='av-inner-masonry-content-pos'><div class='av-inner-masonry-content-pos-content'><div class='avia-arrow'><\/div><h3 class='av-masonry-entry-title entry-title'  itemprop=\"headline\" >Taller presencial. Te\u00f3rico pr\u00e1ctico de joyer\u00eda: Hibridaciones.  Imparte: Felipe C\u00e1rdenas y Sylvia Burgoa<\/h3><span class='av-masonry-date meta-color updated'><\/span><span class=\"av-masonry-text-sep text-sep-author\">\/<\/span><span class='av-masonry-author meta-color vcard author'><span class='fn'>by <\/span><\/span><\/div><\/div><\/figcaption><\/figure><\/a><!--end av-masonry entry--><a href=\"https:\/\/casa.oaxaca.gob.mx\/?p=12584\" id='av-masonry-1-item-12584' data-av-masonry-item='12584' class='av-masonry-entry isotope-item post-12584 post type-post status-publish format-standard has-post-thumbnail hentry category-convocatorias-pasadas all_sort convocatorias-pasadas_sort  av-masonry-item-with-image' title=\"Taller presencial. Acuarela para ni\u00f1os. Imparte: Alejandra Ascencio\"  itemscope=\"itemscope\" itemtype=\"https:\/\/schema.org\/CreativeWork\" ><div class='av-inner-masonry-sizer'><\/div><figure class='av-inner-masonry main_color'><div class=\"av-masonry-outerimage-container\"><div class=\"av-masonry-image-container\" style=\"background-image: url(https:\/\/casa.oaxaca.gob.mx\/wp-content\/uploads\/2023\/06\/1.WEBabierta_acuarelasnin\u0303os.jpg);\"><img decoding=\"async\" src=\"https:\/\/casa.oaxaca.gob.mx\/wp-content\/uploads\/2023\/06\/1.WEBabierta_acuarelasnin\u0303os.jpg\" title=\"1.WEBabierta_acuarelasnin\u0303os\" alt=\"\" \/><\/div><\/div><figcaption class='av-inner-masonry-content site-background'><div class='av-inner-masonry-content-pos'><div class='av-inner-masonry-content-pos-content'><div class='avia-arrow'><\/div><h3 class='av-masonry-entry-title entry-title'  itemprop=\"headline\" >Taller presencial. Acuarela para ni\u00f1os. Imparte: Alejandra Ascencio<\/h3><span class='av-masonry-date meta-color updated'><\/span><span class=\"av-masonry-text-sep text-sep-author\">\/<\/span><span class='av-masonry-author meta-color vcard author'><span class='fn'>by <\/span><\/span><\/div><\/div><\/figcaption><\/figure><\/a><!--end av-masonry entry--><a href=\"https:\/\/casa.oaxaca.gob.mx\/?p=12578\" id='av-masonry-1-item-12578' data-av-masonry-item='12578' class='av-masonry-entry isotope-item post-12578 post type-post status-publish format-standard has-post-thumbnail hentry category-convocatorias-pasadas all_sort convocatorias-pasadas_sort  av-masonry-item-with-image' title=\"Taller presencial. Arquitectura, Comunicaci\u00f3n y Materia. Imparte: Andrea Griborio\"  itemscope=\"itemscope\" itemtype=\"https:\/\/schema.org\/CreativeWork\" ><div class='av-inner-masonry-sizer'><\/div><figure class='av-inner-masonry main_color'><div class=\"av-masonry-outerimage-container\"><div class=\"av-masonry-image-container\" style=\"background-image: url(https:\/\/casa.oaxaca.gob.mx\/wp-content\/uploads\/2023\/06\/2.WEBcerrada-arquitectura-705x484.jpg);\"><img decoding=\"async\" src=\"https:\/\/casa.oaxaca.gob.mx\/wp-content\/uploads\/2023\/06\/2.WEBcerrada-arquitectura-705x484.jpg\" title=\"2.WEBcerrada-arquitectura\" alt=\"\" \/><\/div><\/div><figcaption class='av-inner-masonry-content site-background'><div class='av-inner-masonry-content-pos'><div class='av-inner-masonry-content-pos-content'><div class='avia-arrow'><\/div><h3 class='av-masonry-entry-title entry-title'  itemprop=\"headline\" >Taller presencial. Arquitectura, Comunicaci\u00f3n y Materia. Imparte: Andrea Griborio<\/h3><span class='av-masonry-date meta-color updated'><\/span><span class=\"av-masonry-text-sep text-sep-author\">\/<\/span><span class='av-masonry-author meta-color vcard author'><span class='fn'>by <\/span><\/span><\/div><\/div><\/figcaption><\/figure><\/a><!--end av-masonry entry--><a href=\"https:\/\/casa.oaxaca.gob.mx\/?p=12548\" id='av-masonry-1-item-12548' data-av-masonry-item='12548' class='av-masonry-entry isotope-item post-12548 post type-post status-publish format-standard has-post-thumbnail hentry category-convocatorias-pasadas all_sort convocatorias-pasadas_sort  av-masonry-item-with-image' title=\"Taller presencial. Experimentando con mis acuarelas. Imparte: V\u00edctor Ram\u00edrez.\"  itemscope=\"itemscope\" itemtype=\"https:\/\/schema.org\/CreativeWork\" ><div class='av-inner-masonry-sizer'><\/div><figure class='av-inner-masonry main_color'><div class=\"av-masonry-outerimage-container\"><div class=\"av-masonry-image-container\" style=\"background-image: url(https:\/\/casa.oaxaca.gob.mx\/wp-content\/uploads\/2023\/05\/9.acuarelasmagdalena.jpg);\"><img decoding=\"async\" src=\"https:\/\/casa.oaxaca.gob.mx\/wp-content\/uploads\/2023\/05\/9.acuarelasmagdalena.jpg\" title=\"9.acuarelasmagdalena\" alt=\"\" \/><\/div><\/div><figcaption class='av-inner-masonry-content site-background'><div class='av-inner-masonry-content-pos'><div class='av-inner-masonry-content-pos-content'><div class='avia-arrow'><\/div><h3 class='av-masonry-entry-title entry-title'  itemprop=\"headline\" >Taller presencial. Experimentando con mis acuarelas. Imparte: V\u00edctor Ram\u00edrez.<\/h3><span class='av-masonry-date meta-color updated'><\/span><span class=\"av-masonry-text-sep text-sep-author\">\/<\/span><span class='av-masonry-author meta-color vcard author'><span class='fn'>by <\/span><\/span><\/div><\/div><\/figcaption><\/figure><\/a><!--end av-masonry entry--><a href=\"https:\/\/casa.oaxaca.gob.mx\/?p=12542\" id='av-masonry-1-item-12542' data-av-masonry-item='12542' class='av-masonry-entry isotope-item post-12542 post type-post status-publish format-standard has-post-thumbnail hentry category-convocatorias-pasadas all_sort convocatorias-pasadas_sort  av-masonry-item-with-image' title=\"Premios CaSa 2023 Creaci\u00f3n Literaria en Ombeayi\u00fcts\"  itemscope=\"itemscope\" itemtype=\"https:\/\/schema.org\/CreativeWork\" ><div class='av-inner-masonry-sizer'><\/div><figure class='av-inner-masonry main_color'><div class=\"av-masonry-outerimage-container\"><div class=\"av-masonry-image-container\" style=\"background-image: url(https:\/\/casa.oaxaca.gob.mx\/wp-content\/uploads\/2023\/05\/Huave-Cerrada-705x484.jpg);\"><img decoding=\"async\" src=\"https:\/\/casa.oaxaca.gob.mx\/wp-content\/uploads\/2023\/05\/Huave-Cerrada-705x484.jpg\" title=\"Huave-Cerrada\" alt=\"\" \/><\/div><\/div><figcaption class='av-inner-masonry-content site-background'><div class='av-inner-masonry-content-pos'><div class='av-inner-masonry-content-pos-content'><div class='avia-arrow'><\/div><h3 class='av-masonry-entry-title entry-title'  itemprop=\"headline\" >Premios CaSa 2023 Creaci\u00f3n Literaria en Ombeayi\u00fcts<\/h3><span class='av-masonry-date meta-color updated'><\/span><span class=\"av-masonry-text-sep text-sep-author\">\/<\/span><span class='av-masonry-author meta-color vcard author'><span class='fn'>by <\/span><\/span><\/div><\/div><\/figcaption><\/figure><\/a><!--end av-masonry entry--><a href=\"https:\/\/casa.oaxaca.gob.mx\/?p=12533\" id='av-masonry-1-item-12533' data-av-masonry-item='12533' class='av-masonry-entry isotope-item post-12533 post type-post status-publish format-standard has-post-thumbnail hentry category-convocatorias-pasadas all_sort convocatorias-pasadas_sort  av-masonry-item-with-image' title=\"Taller presencial. Direcci\u00f3n esc\u00e9nica. Composici\u00f3n y montaje. Imparte: Geovani Cort\u00e9s\"  itemscope=\"itemscope\" itemtype=\"https:\/\/schema.org\/CreativeWork\" ><div class='av-inner-masonry-sizer'><\/div><figure class='av-inner-masonry main_color'><div class=\"av-masonry-outerimage-container\"><div class=\"av-masonry-image-container\" style=\"background-image: url(https:\/\/casa.oaxaca.gob.mx\/wp-content\/uploads\/2023\/05\/1.WEBcerrada-DireccionEsce\u0301nica-1.jpg);\"><img decoding=\"async\" src=\"https:\/\/casa.oaxaca.gob.mx\/wp-content\/uploads\/2023\/05\/1.WEBcerrada-DireccionEsce\u0301nica-1.jpg\" title=\"1.WEBcerrada-DireccionEsce\u0301nica\" alt=\"\" \/><\/div><\/div><figcaption class='av-inner-masonry-content site-background'><div class='av-inner-masonry-content-pos'><div class='av-inner-masonry-content-pos-content'><div class='avia-arrow'><\/div><h3 class='av-masonry-entry-title entry-title'  itemprop=\"headline\" >Taller presencial. Direcci\u00f3n esc\u00e9nica. Composici\u00f3n y montaje. Imparte: Geovani Cort\u00e9s<\/h3><span class='av-masonry-date meta-color updated'><\/span><span class=\"av-masonry-text-sep text-sep-author\">\/<\/span><span class='av-masonry-author meta-color vcard author'><span class='fn'>by <\/span><\/span><\/div><\/div><\/figcaption><\/figure><\/a><!--end av-masonry entry--><a href=\"https:\/\/casa.oaxaca.gob.mx\/?p=12519\" id='av-masonry-1-item-12519' data-av-masonry-item='12519' class='av-masonry-entry isotope-item post-12519 post type-post status-publish format-standard has-post-thumbnail hentry category-convocatorias-pasadas all_sort convocatorias-pasadas_sort  av-masonry-item-with-image' title=\"Acuarelas para ni\u00f1os. Imparte: Alejandra Ascencio\"  itemscope=\"itemscope\" itemtype=\"https:\/\/schema.org\/CreativeWork\" ><div class='av-inner-masonry-sizer'><\/div><figure class='av-inner-masonry main_color'><div class=\"av-masonry-outerimage-container\"><div class=\"av-masonry-image-container\" style=\"background-image: url(https:\/\/casa.oaxaca.gob.mx\/wp-content\/uploads\/2023\/04\/2.WEBcerrada_acuarelasnin\u0303os.jpg);\"><img decoding=\"async\" src=\"https:\/\/casa.oaxaca.gob.mx\/wp-content\/uploads\/2023\/04\/2.WEBcerrada_acuarelasnin\u0303os.jpg\" title=\"2.WEBcerrada_acuarelasnin\u0303os\" alt=\"\" \/><\/div><\/div><figcaption class='av-inner-masonry-content site-background'><div class='av-inner-masonry-content-pos'><div class='av-inner-masonry-content-pos-content'><div class='avia-arrow'><\/div><h3 class='av-masonry-entry-title entry-title'  itemprop=\"headline\" >Acuarelas para ni\u00f1os. Imparte: Alejandra Ascencio<\/h3><span class='av-masonry-date meta-color updated'><\/span><span class=\"av-masonry-text-sep text-sep-author\">\/<\/span><span class='av-masonry-author meta-color vcard author'><span class='fn'>by <\/span><\/span><\/div><\/div><\/figcaption><\/figure><\/a><!--end av-masonry entry--><a href=\"https:\/\/casa.oaxaca.gob.mx\/?p=12514\" id='av-masonry-1-item-12514' data-av-masonry-item='12514' class='av-masonry-entry isotope-item post-12514 post type-post status-publish format-standard has-post-thumbnail hentry category-convocatorias-pasadas all_sort convocatorias-pasadas_sort  av-masonry-item-with-image' title=\"Clase magistral. Apuntes te\u00f3ricos y metodol\u00f3gicos para un encuentro cr\u00edtico con la fotograf\u00eda de autor.\"  itemscope=\"itemscope\" itemtype=\"https:\/\/schema.org\/CreativeWork\" ><div class='av-inner-masonry-sizer'><\/div><figure class='av-inner-masonry main_color'><div class=\"av-masonry-outerimage-container\"><div class=\"av-masonry-image-container\" style=\"background-image: url(https:\/\/casa.oaxaca.gob.mx\/wp-content\/uploads\/2023\/04\/2.WEBcerrada_masterclassFotografi\u0301a.jpg);\"><img decoding=\"async\" src=\"https:\/\/casa.oaxaca.gob.mx\/wp-content\/uploads\/2023\/04\/2.WEBcerrada_masterclassFotografi\u0301a.jpg\" title=\"2.WEBcerrada_masterclassFotografi\u0301a\" alt=\"\" \/><\/div><\/div><figcaption class='av-inner-masonry-content site-background'><div class='av-inner-masonry-content-pos'><div class='av-inner-masonry-content-pos-content'><div class='avia-arrow'><\/div><h3 class='av-masonry-entry-title entry-title'  itemprop=\"headline\" >Clase magistral. Apuntes te\u00f3ricos y metodol\u00f3gicos para un encuentro cr\u00edtico con la fotograf\u00eda de autor.<\/h3><span class='av-masonry-date meta-color updated'><\/span><span class=\"av-masonry-text-sep text-sep-author\">\/<\/span><span class='av-masonry-author meta-color vcard author'><span class='fn'>by <\/span><\/span><\/div><\/div><\/figcaption><\/figure><\/a><!--end av-masonry entry--><a href=\"https:\/\/casa.oaxaca.gob.mx\/?p=12500\" id='av-masonry-1-item-12500' data-av-masonry-item='12500' class='av-masonry-entry isotope-item post-12500 post type-post status-publish format-standard has-post-thumbnail hentry category-convocatorias-pasadas all_sort convocatorias-pasadas_sort  av-masonry-item-with-image' title=\"Taller en l\u00ednea. Comic: de la idea a la vi\u00f1eta. Imparte: Richard Zela\"  itemscope=\"itemscope\" itemtype=\"https:\/\/schema.org\/CreativeWork\" ><div class='av-inner-masonry-sizer'><\/div><figure class='av-inner-masonry main_color'><div class=\"av-masonry-outerimage-container\"><div class=\"av-masonry-image-container\" style=\"background-image: url(https:\/\/casa.oaxaca.gob.mx\/wp-content\/uploads\/2023\/04\/2.WebCerrada_Comic.jpg);\"><img decoding=\"async\" src=\"https:\/\/casa.oaxaca.gob.mx\/wp-content\/uploads\/2023\/04\/2.WebCerrada_Comic.jpg\" title=\"2.WebCerrada_Comic\" alt=\"\" \/><\/div><\/div><figcaption class='av-inner-masonry-content site-background'><div class='av-inner-masonry-content-pos'><div class='av-inner-masonry-content-pos-content'><div class='avia-arrow'><\/div><h3 class='av-masonry-entry-title entry-title'  itemprop=\"headline\" >Taller en l\u00ednea. Comic: de la idea a la vi\u00f1eta. Imparte: Richard Zela<\/h3><span class='av-masonry-date meta-color updated'><\/span><span class=\"av-masonry-text-sep text-sep-author\">\/<\/span><span class='av-masonry-author meta-color vcard author'><span class='fn'>by <\/span><\/span><\/div><\/div><\/figcaption><\/figure><\/a><!--end av-masonry entry--><a href=\"https:\/\/casa.oaxaca.gob.mx\/?p=12492\" id='av-masonry-1-item-12492' data-av-masonry-item='12492' class='av-masonry-entry isotope-item post-12492 post type-post status-publish format-standard has-post-thumbnail hentry category-convocatorias-pasadas all_sort convocatorias-pasadas_sort  av-masonry-item-with-image' title=\"Taller presencial de Danza contempor\u00e1nea con m\u00fasica en vivo. Coordina: Luciana L\u00f3pez\"  itemscope=\"itemscope\" itemtype=\"https:\/\/schema.org\/CreativeWork\" ><div class='av-inner-masonry-sizer'><\/div><figure class='av-inner-masonry main_color'><div class=\"av-masonry-outerimage-container\"><div class=\"av-masonry-image-container\" style=\"background-image: url(https:\/\/casa.oaxaca.gob.mx\/wp-content\/uploads\/2023\/04\/2.WebCerradaa_DanzaContemporaneacon-musica.jpg);\"><img decoding=\"async\" src=\"https:\/\/casa.oaxaca.gob.mx\/wp-content\/uploads\/2023\/04\/2.WebCerradaa_DanzaContemporaneacon-musica.jpg\" title=\"2.WebCerradaa_DanzaContemporaneacon musica\" alt=\"\" \/><\/div><\/div><figcaption class='av-inner-masonry-content site-background'><div class='av-inner-masonry-content-pos'><div class='av-inner-masonry-content-pos-content'><div class='avia-arrow'><\/div><h3 class='av-masonry-entry-title entry-title'  itemprop=\"headline\" >Taller presencial de Danza contempor\u00e1nea con m\u00fasica en vivo. Coordina: Luciana L\u00f3pez<\/h3><span class='av-masonry-date meta-color updated'><\/span><span class=\"av-masonry-text-sep text-sep-author\">\/<\/span><span class='av-masonry-author meta-color vcard author'><span class='fn'>by <\/span><\/span><\/div><\/div><\/figcaption><\/figure><\/a><!--end av-masonry entry--><a href=\"https:\/\/casa.oaxaca.gob.mx\/?p=12484\" id='av-masonry-1-item-12484' data-av-masonry-item='12484' class='av-masonry-entry isotope-item post-12484 post type-post status-publish format-standard has-post-thumbnail hentry category-convocatorias-pasadas all_sort convocatorias-pasadas_sort  av-masonry-item-with-image' title=\"Taller presencial de Entrenamiento para la Improvisaci\u00f3n. Danza Contempor\u00e1nea. Coordina: Luciana L\u00f3pez\"  itemscope=\"itemscope\" itemtype=\"https:\/\/schema.org\/CreativeWork\" ><div class='av-inner-masonry-sizer'><\/div><figure class='av-inner-masonry main_color'><div class=\"av-masonry-outerimage-container\"><div class=\"av-masonry-image-container\" style=\"background-image: url(https:\/\/casa.oaxaca.gob.mx\/wp-content\/uploads\/2023\/04\/1.WebCerrada_Danzanin\u0303os.jpg);\"><img decoding=\"async\" src=\"https:\/\/casa.oaxaca.gob.mx\/wp-content\/uploads\/2023\/04\/1.WebCerrada_Danzanin\u0303os.jpg\" title=\"1.WebCerrada_Danzanin\u0303os\" alt=\"\" \/><\/div><\/div><figcaption class='av-inner-masonry-content site-background'><div class='av-inner-masonry-content-pos'><div class='av-inner-masonry-content-pos-content'><div class='avia-arrow'><\/div><h3 class='av-masonry-entry-title entry-title'  itemprop=\"headline\" >Taller presencial de Entrenamiento para la Improvisaci\u00f3n. Danza Contempor\u00e1nea. Coordina: Luciana L\u00f3pez<\/h3><span class='av-masonry-date meta-color updated'><\/span><span class=\"av-masonry-text-sep text-sep-author\">\/<\/span><span class='av-masonry-author meta-color vcard author'><span class='fn'>by <\/span><\/span><\/div><\/div><\/figcaption><\/figure><\/a><!--end av-masonry entry--><a href=\"https:\/\/casa.oaxaca.gob.mx\/?p=12476\" id='av-masonry-1-item-12476' data-av-masonry-item='12476' class='av-masonry-entry isotope-item post-12476 post type-post status-publish format-standard has-post-thumbnail hentry category-convocatorias-pasadas all_sort convocatorias-pasadas_sort  av-masonry-item-with-image' title=\"Premio FAHHO-CaSa. Emiliano Cruz 2023\"  itemscope=\"itemscope\" itemtype=\"https:\/\/schema.org\/CreativeWork\" ><div class='av-inner-masonry-sizer'><\/div><figure class='av-inner-masonry main_color'><div class=\"av-masonry-outerimage-container\"><div class=\"av-masonry-image-container\" style=\"background-image: url(https:\/\/casa.oaxaca.gob.mx\/wp-content\/uploads\/2023\/03\/EMILIANO-CRUZ-REDES-705x705.png);\"><img decoding=\"async\" src=\"https:\/\/casa.oaxaca.gob.mx\/wp-content\/uploads\/2023\/03\/EMILIANO-CRUZ-REDES-705x705.png\" title=\"EMILIANO-CRUZ-REDES\" alt=\"\" \/><\/div><\/div><figcaption class='av-inner-masonry-content site-background'><div class='av-inner-masonry-content-pos'><div class='av-inner-masonry-content-pos-content'><div class='avia-arrow'><\/div><h3 class='av-masonry-entry-title entry-title'  itemprop=\"headline\" >Premio FAHHO-CaSa. Emiliano Cruz 2023<\/h3><span class='av-masonry-date meta-color updated'><\/span><span class=\"av-masonry-text-sep text-sep-author\">\/<\/span><span class='av-masonry-author meta-color vcard author'><span class='fn'>by <\/span><\/span><\/div><\/div><\/figcaption><\/figure><\/a><!--end av-masonry entry--><a href=\"https:\/\/casa.oaxaca.gob.mx\/?p=12470\" id='av-masonry-1-item-12470' data-av-masonry-item='12470' class='av-masonry-entry isotope-item post-12470 post type-post status-publish format-standard has-post-thumbnail hentry category-convocatorias-pasadas all_sort convocatorias-pasadas_sort  av-masonry-item-with-image' title=\"Premios CaSa 2023 Creaci\u00f3n Literaria en Chinanteco\"  itemscope=\"itemscope\" itemtype=\"https:\/\/schema.org\/CreativeWork\" ><div class='av-inner-masonry-sizer'><\/div><figure class='av-inner-masonry main_color'><div class=\"av-masonry-outerimage-container\"><div class=\"av-masonry-image-container\" style=\"background-image: url(https:\/\/casa.oaxaca.gob.mx\/wp-content\/uploads\/2023\/03\/Chinanteco-Cerrada-705x484.jpg);\"><img decoding=\"async\" src=\"https:\/\/casa.oaxaca.gob.mx\/wp-content\/uploads\/2023\/03\/Chinanteco-Cerrada-705x484.jpg\" title=\"Chinanteco-Cerrada\" alt=\"\" \/><\/div><\/div><figcaption class='av-inner-masonry-content site-background'><div class='av-inner-masonry-content-pos'><div class='av-inner-masonry-content-pos-content'><div class='avia-arrow'><\/div><h3 class='av-masonry-entry-title entry-title'  itemprop=\"headline\" >Premios CaSa 2023 Creaci\u00f3n Literaria en Chinanteco<\/h3><span class='av-masonry-date meta-color updated'><\/span><span class=\"av-masonry-text-sep text-sep-author\">\/<\/span><span class='av-masonry-author meta-color vcard author'><span class='fn'>by <\/span><\/span><\/div><\/div><\/figcaption><\/figure><\/a><!--end av-masonry entry--><a href=\"https:\/\/casa.oaxaca.gob.mx\/?p=12465\" id='av-masonry-1-item-12465' data-av-masonry-item='12465' class='av-masonry-entry isotope-item post-12465 post type-post status-publish format-standard has-post-thumbnail hentry category-convocatorias-pasadas all_sort convocatorias-pasadas_sort  av-masonry-item-with-image' title=\"Premios CaSa 2023 Creaci\u00f3n Literaria en Mazateco\"  itemscope=\"itemscope\" itemtype=\"https:\/\/schema.org\/CreativeWork\" ><div class='av-inner-masonry-sizer'><\/div><figure class='av-inner-masonry main_color'><div class=\"av-masonry-outerimage-container\"><div class=\"av-masonry-image-container\" style=\"background-image: url(https:\/\/casa.oaxaca.gob.mx\/wp-content\/uploads\/2023\/03\/Mazateco-Cerrada-705x484.jpg);\"><img decoding=\"async\" src=\"https:\/\/casa.oaxaca.gob.mx\/wp-content\/uploads\/2023\/03\/Mazateco-Cerrada-705x484.jpg\" title=\"Mazateco-Cerrada\" alt=\"\" \/><\/div><\/div><figcaption class='av-inner-masonry-content site-background'><div class='av-inner-masonry-content-pos'><div class='av-inner-masonry-content-pos-content'><div class='avia-arrow'><\/div><h3 class='av-masonry-entry-title entry-title'  itemprop=\"headline\" >Premios CaSa 2023 Creaci\u00f3n Literaria en Mazateco<\/h3><span class='av-masonry-date meta-color updated'><\/span><span class=\"av-masonry-text-sep text-sep-author\">\/<\/span><span class='av-masonry-author meta-color vcard author'><span class='fn'>by <\/span><\/span><\/div><\/div><\/figcaption><\/figure><\/a><!--end av-masonry entry--><a href=\"https:\/\/casa.oaxaca.gob.mx\/?p=12460\" id='av-masonry-1-item-12460' data-av-masonry-item='12460' class='av-masonry-entry isotope-item post-12460 post type-post status-publish format-standard has-post-thumbnail hentry category-convocatorias-pasadas all_sort convocatorias-pasadas_sort  av-masonry-item-with-image' title=\"Premios CaSa 2023 Creaci\u00f3n Literaria en Mixe\"  itemscope=\"itemscope\" itemtype=\"https:\/\/schema.org\/CreativeWork\" ><div class='av-inner-masonry-sizer'><\/div><figure class='av-inner-masonry main_color'><div class=\"av-masonry-outerimage-container\"><div class=\"av-masonry-image-container\" style=\"background-image: url(https:\/\/casa.oaxaca.gob.mx\/wp-content\/uploads\/2023\/03\/Mixe-Cerrada-705x484.jpg);\"><img decoding=\"async\" src=\"https:\/\/casa.oaxaca.gob.mx\/wp-content\/uploads\/2023\/03\/Mixe-Cerrada-705x484.jpg\" title=\"Mixe-Cerrada\" alt=\"\" \/><\/div><\/div><figcaption class='av-inner-masonry-content site-background'><div class='av-inner-masonry-content-pos'><div class='av-inner-masonry-content-pos-content'><div class='avia-arrow'><\/div><h3 class='av-masonry-entry-title entry-title'  itemprop=\"headline\" >Premios CaSa 2023 Creaci\u00f3n Literaria en Mixe<\/h3><span class='av-masonry-date meta-color updated'><\/span><span class=\"av-masonry-text-sep text-sep-author\">\/<\/span><span class='av-masonry-author meta-color vcard author'><span class='fn'>by <\/span><\/span><\/div><\/div><\/figcaption><\/figure><\/a><!--end av-masonry entry--><a href=\"https:\/\/casa.oaxaca.gob.mx\/?p=12453\" id='av-masonry-1-item-12453' data-av-masonry-item='12453' class='av-masonry-entry isotope-item post-12453 post type-post status-publish format-standard has-post-thumbnail hentry category-convocatorias-pasadas all_sort convocatorias-pasadas_sort  av-masonry-item-with-image' title=\"Premios CaSa 2023 Creaci\u00f3n Literaria en Mixteco\"  itemscope=\"itemscope\" itemtype=\"https:\/\/schema.org\/CreativeWork\" ><div class='av-inner-masonry-sizer'><\/div><figure class='av-inner-masonry main_color'><div class=\"av-masonry-outerimage-container\"><div class=\"av-masonry-image-container\" style=\"background-image: url(https:\/\/casa.oaxaca.gob.mx\/wp-content\/uploads\/2023\/03\/Mixteco-Cerrada-705x484.jpg);\"><img decoding=\"async\" src=\"https:\/\/casa.oaxaca.gob.mx\/wp-content\/uploads\/2023\/03\/Mixteco-Cerrada-705x484.jpg\" title=\"Mixteco-Cerrada\" alt=\"\" \/><\/div><\/div><figcaption class='av-inner-masonry-content site-background'><div class='av-inner-masonry-content-pos'><div class='av-inner-masonry-content-pos-content'><div class='avia-arrow'><\/div><h3 class='av-masonry-entry-title entry-title'  itemprop=\"headline\" >Premios CaSa 2023 Creaci\u00f3n Literaria en Mixteco<\/h3><span class='av-masonry-date meta-color updated'><\/span><span class=\"av-masonry-text-sep text-sep-author\">\/<\/span><span class='av-masonry-author meta-color vcard author'><span class='fn'>by <\/span><\/span><\/div><\/div><\/figcaption><\/figure><\/a><!--end av-masonry entry--><a href=\"https:\/\/casa.oaxaca.gob.mx\/?p=12444\" id='av-masonry-1-item-12444' data-av-masonry-item='12444' class='av-masonry-entry isotope-item post-12444 post type-post status-publish format-standard has-post-thumbnail hentry category-convocatorias-pasadas all_sort convocatorias-pasadas_sort  av-masonry-item-with-image' title=\"Premios CaSa 2023 Creaci\u00f3n Literaria en Zapoteco\"  itemscope=\"itemscope\" itemtype=\"https:\/\/schema.org\/CreativeWork\" ><div class='av-inner-masonry-sizer'><\/div><figure class='av-inner-masonry main_color'><div class=\"av-masonry-outerimage-container\"><div class=\"av-masonry-image-container\" style=\"background-image: url(https:\/\/casa.oaxaca.gob.mx\/wp-content\/uploads\/2023\/03\/Zapoteco-Cerrada-705x484.jpg);\"><img decoding=\"async\" src=\"https:\/\/casa.oaxaca.gob.mx\/wp-content\/uploads\/2023\/03\/Zapoteco-Cerrada-705x484.jpg\" title=\"Zapoteco-Cerrada\" alt=\"\" \/><\/div><\/div><figcaption class='av-inner-masonry-content site-background'><div class='av-inner-masonry-content-pos'><div class='av-inner-masonry-content-pos-content'><div class='avia-arrow'><\/div><h3 class='av-masonry-entry-title entry-title'  itemprop=\"headline\" >Premios CaSa 2023 Creaci\u00f3n Literaria en Zapoteco<\/h3><span class='av-masonry-date meta-color updated'><\/span><span class=\"av-masonry-text-sep text-sep-author\">\/<\/span><span class='av-masonry-author meta-color vcard author'><span class='fn'>by <\/span><\/span><\/div><\/div><\/figcaption><\/figure><\/a><!--end av-masonry entry--><a href=\"https:\/\/casa.oaxaca.gob.mx\/?p=12436\" id='av-masonry-1-item-12436' data-av-masonry-item='12436' class='av-masonry-entry isotope-item post-12436 post type-post status-publish format-standard has-post-thumbnail hentry category-convocatorias-pasadas all_sort convocatorias-pasadas_sort  av-masonry-item-with-image' title=\"Taller de poes\u00eda. Imparte: Ingrid Valencia\"  itemscope=\"itemscope\" itemtype=\"https:\/\/schema.org\/CreativeWork\" ><div class='av-inner-masonry-sizer'><\/div><figure class='av-inner-masonry main_color'><div class=\"av-masonry-outerimage-container\"><div class=\"av-masonry-image-container\" style=\"background-image: url(https:\/\/casa.oaxaca.gob.mx\/wp-content\/uploads\/2023\/03\/WebCerrada-Poesi\u0301a.jpg);\"><img decoding=\"async\" src=\"https:\/\/casa.oaxaca.gob.mx\/wp-content\/uploads\/2023\/03\/WebCerrada-Poesi\u0301a.jpg\" title=\"WebCerrada-Poesi\u0301a\" alt=\"\" \/><\/div><\/div><figcaption class='av-inner-masonry-content site-background'><div class='av-inner-masonry-content-pos'><div class='av-inner-masonry-content-pos-content'><div class='avia-arrow'><\/div><h3 class='av-masonry-entry-title entry-title'  itemprop=\"headline\" >Taller de poes\u00eda. Imparte: Ingrid Valencia<\/h3><span class='av-masonry-date meta-color updated'><\/span><span class=\"av-masonry-text-sep text-sep-author\">\/<\/span><span class='av-masonry-author meta-color vcard author'><span class='fn'>by <\/span><\/span><\/div><\/div><\/figcaption><\/figure><\/a><!--end av-masonry entry--><a href=\"https:\/\/casa.oaxaca.gob.mx\/?p=12429\" id='av-masonry-1-item-12429' data-av-masonry-item='12429' class='av-masonry-entry isotope-item post-12429 post type-post status-publish format-standard has-post-thumbnail hentry category-convocatorias-pasadas all_sort convocatorias-pasadas_sort  av-masonry-item-with-image' title=\"El dibujo como forma de conocimiento  Imparte: Olga Chorro\"  itemscope=\"itemscope\" itemtype=\"https:\/\/schema.org\/CreativeWork\" ><div class='av-inner-masonry-sizer'><\/div><figure class='av-inner-masonry main_color'><div class=\"av-masonry-outerimage-container\"><div class=\"av-masonry-image-container\" style=\"background-image: url(https:\/\/casa.oaxaca.gob.mx\/wp-content\/uploads\/2023\/03\/WEBcerrada-Dibujocomoformadeconocimiento.jpg);\"><img decoding=\"async\" src=\"https:\/\/casa.oaxaca.gob.mx\/wp-content\/uploads\/2023\/03\/WEBcerrada-Dibujocomoformadeconocimiento.jpg\" title=\"WEBcerrada-Dibujocomoformadeconocimiento\" alt=\"\" \/><\/div><\/div><figcaption class='av-inner-masonry-content site-background'><div class='av-inner-masonry-content-pos'><div class='av-inner-masonry-content-pos-content'><div class='avia-arrow'><\/div><h3 class='av-masonry-entry-title entry-title'  itemprop=\"headline\" >El dibujo como forma de conocimiento  Imparte: Olga Chorro<\/h3><span class='av-masonry-date meta-color updated'><\/span><span class=\"av-masonry-text-sep text-sep-author\">\/<\/span><span class='av-masonry-author meta-color vcard author'><span class='fn'>by <\/span><\/span><\/div><\/div><\/figcaption><\/figure><\/a><!--end av-masonry entry--><a href=\"https:\/\/casa.oaxaca.gob.mx\/?p=12420\" id='av-masonry-1-item-12420' data-av-masonry-item='12420' class='av-masonry-entry isotope-item post-12420 post type-post status-publish format-standard has-post-thumbnail hentry category-convocatorias-pasadas all_sort convocatorias-pasadas_sort  av-masonry-item-with-image' title=\"Acuarelas artesanales con pigmentos naturales. Imparte: Roxana \u00c1ngel\"  itemscope=\"itemscope\" itemtype=\"https:\/\/schema.org\/CreativeWork\" ><div class='av-inner-masonry-sizer'><\/div><figure class='av-inner-masonry main_color'><div class=\"av-masonry-outerimage-container\"><div class=\"av-masonry-image-container\" style=\"background-image: url(https:\/\/casa.oaxaca.gob.mx\/wp-content\/uploads\/2023\/03\/1.WEBcerradaAcuarelas-Artesanales.jpg);\"><img decoding=\"async\" src=\"https:\/\/casa.oaxaca.gob.mx\/wp-content\/uploads\/2023\/03\/1.WEBcerradaAcuarelas-Artesanales.jpg\" title=\"1.WEBcerradaAcuarelas Artesanales\" alt=\"\" \/><\/div><\/div><figcaption class='av-inner-masonry-content site-background'><div class='av-inner-masonry-content-pos'><div class='av-inner-masonry-content-pos-content'><div class='avia-arrow'><\/div><h3 class='av-masonry-entry-title entry-title'  itemprop=\"headline\" >Acuarelas artesanales con pigmentos naturales. Imparte: Roxana \u00c1ngel<\/h3><span class='av-masonry-date meta-color updated'><\/span><span class=\"av-masonry-text-sep text-sep-author\">\/<\/span><span class='av-masonry-author meta-color vcard author'><span class='fn'>by <\/span><\/span><\/div><\/div><\/figcaption><\/figure><\/a><!--end av-masonry entry--><a href=\"https:\/\/casa.oaxaca.gob.mx\/?p=12389\" id='av-masonry-1-item-12389' data-av-masonry-item='12389' class='av-masonry-entry isotope-item post-12389 post type-post status-publish format-standard has-post-thumbnail hentry category-convocatorias-pasadas all_sort convocatorias-pasadas_sort  av-masonry-item-with-image' title=\"Taller: Microrrelatos gr\u00e1ficos: Una ventana a lo fant\u00e1stico. Imparte: Esmeralda R\u00edos.\"  itemscope=\"itemscope\" itemtype=\"https:\/\/schema.org\/CreativeWork\" ><div class='av-inner-masonry-sizer'><\/div><figure class='av-inner-masonry main_color'><div class=\"av-masonry-outerimage-container\"><div class=\"av-masonry-image-container\" style=\"background-image: url(https:\/\/casa.oaxaca.gob.mx\/wp-content\/uploads\/2023\/03\/17.WEBcerrado-Microrrelatos.jpg);\"><img decoding=\"async\" src=\"https:\/\/casa.oaxaca.gob.mx\/wp-content\/uploads\/2023\/03\/17.WEBcerrado-Microrrelatos.jpg\" title=\"17.WEBcerrado-Microrrelatos\" alt=\"\" \/><\/div><\/div><figcaption class='av-inner-masonry-content site-background'><div class='av-inner-masonry-content-pos'><div class='av-inner-masonry-content-pos-content'><div class='avia-arrow'><\/div><h3 class='av-masonry-entry-title entry-title'  itemprop=\"headline\" >Taller: Microrrelatos gr\u00e1ficos: Una ventana a lo fant\u00e1stico. Imparte: Esmeralda R\u00edos.<\/h3><span class='av-masonry-date meta-color updated'><\/span><span class=\"av-masonry-text-sep text-sep-author\">\/<\/span><span class='av-masonry-author meta-color vcard author'><span class='fn'>by <\/span><\/span><\/div><\/div><\/figcaption><\/figure><\/a><!--end av-masonry entry--><a href=\"https:\/\/casa.oaxaca.gob.mx\/?p=12381\" id='av-masonry-1-item-12381' data-av-masonry-item='12381' class='av-masonry-entry isotope-item post-12381 post type-post status-publish format-standard has-post-thumbnail hentry category-convocatorias-pasadas all_sort convocatorias-pasadas_sort  av-masonry-item-with-image' title=\"Taller: Formaci\u00f3n en escritura de ficci\u00f3n. Coordinadora Dulce Hemilse Hern\u00e1ndez.\"  itemscope=\"itemscope\" itemtype=\"https:\/\/schema.org\/CreativeWork\" ><div class='av-inner-masonry-sizer'><\/div><figure class='av-inner-masonry main_color'><div class=\"av-masonry-outerimage-container\"><div class=\"av-masonry-image-container\" style=\"background-image: url(https:\/\/casa.oaxaca.gob.mx\/wp-content\/uploads\/2023\/03\/6.WEBcerrado-Escritura.jpg);\"><img decoding=\"async\" src=\"https:\/\/casa.oaxaca.gob.mx\/wp-content\/uploads\/2023\/03\/6.WEBcerrado-Escritura.jpg\" title=\"6.WEBcerrado-Escritura\" alt=\"\" \/><\/div><\/div><figcaption class='av-inner-masonry-content site-background'><div class='av-inner-masonry-content-pos'><div class='av-inner-masonry-content-pos-content'><div class='avia-arrow'><\/div><h3 class='av-masonry-entry-title entry-title'  itemprop=\"headline\" >Taller: Formaci\u00f3n en escritura de ficci\u00f3n. Coordinadora Dulce Hemilse Hern\u00e1ndez.<\/h3><span class='av-masonry-date meta-color updated'><\/span><span class=\"av-masonry-text-sep text-sep-author\">\/<\/span><span class='av-masonry-author meta-color vcard author'><span class='fn'>by <\/span><\/span><\/div><\/div><\/figcaption><\/figure><\/a><!--end av-masonry entry--><a href=\"https:\/\/casa.oaxaca.gob.mx\/?p=12372\" id='av-masonry-1-item-12372' data-av-masonry-item='12372' class='av-masonry-entry isotope-item post-12372 post type-post status-publish format-standard has-post-thumbnail hentry category-convocatorias-pasadas all_sort convocatorias-pasadas_sort  av-masonry-item-with-image' title=\"Taller: Formaci\u00f3n en la t\u00e9cnica de filigrana mexicana, \u201cT\u00e9cnicas de Oaxaca, Chiapas, Guerrero y Yucat\u00e1n&#8221; . Imparte primer m\u00f3dulo: C\u00e1ndido Santiago.\"  itemscope=\"itemscope\" itemtype=\"https:\/\/schema.org\/CreativeWork\" ><div class='av-inner-masonry-sizer'><\/div><figure class='av-inner-masonry main_color'><div class=\"av-masonry-outerimage-container\"><div class=\"av-masonry-image-container\" style=\"background-image: url(https:\/\/casa.oaxaca.gob.mx\/wp-content\/uploads\/2023\/03\/5.WEBcerrada-Filigrana.jpg);\"><img decoding=\"async\" src=\"https:\/\/casa.oaxaca.gob.mx\/wp-content\/uploads\/2023\/03\/5.WEBcerrada-Filigrana.jpg\" title=\"5.WEBcerrada-Filigrana\" alt=\"\" \/><\/div><\/div><figcaption class='av-inner-masonry-content site-background'><div class='av-inner-masonry-content-pos'><div class='av-inner-masonry-content-pos-content'><div class='avia-arrow'><\/div><h3 class='av-masonry-entry-title entry-title'  itemprop=\"headline\" >Taller: Formaci\u00f3n en la t\u00e9cnica de filigrana mexicana, \u201cT\u00e9cnicas de Oaxaca, Chiapas, Guerrero y Yucat\u00e1n&#8221; . Imparte primer m\u00f3dulo: C\u00e1ndido Santiago.<\/h3><span class='av-masonry-date meta-color updated'><\/span><span class=\"av-masonry-text-sep text-sep-author\">\/<\/span><span class='av-masonry-author meta-color vcard author'><span class='fn'>by <\/span><\/span><\/div><\/div><\/figcaption><\/figure><\/a><!--end av-masonry entry--><a href=\"https:\/\/casa.oaxaca.gob.mx\/?p=12362\" id='av-masonry-1-item-12362' data-av-masonry-item='12362' class='av-masonry-entry isotope-item post-12362 post type-post status-publish format-standard has-post-thumbnail hentry category-convocatorias-pasadas all_sort convocatorias-pasadas_sort  av-masonry-item-with-image' title=\"Taller: Elaboraci\u00f3n de papel artesanal. Imparte: Eric Ram\u00edrez.\"  itemscope=\"itemscope\" itemtype=\"https:\/\/schema.org\/CreativeWork\" ><div class='av-inner-masonry-sizer'><\/div><figure class='av-inner-masonry main_color'><div class=\"av-masonry-outerimage-container\"><div class=\"av-masonry-image-container\" style=\"background-image: url(https:\/\/casa.oaxaca.gob.mx\/wp-content\/uploads\/2023\/03\/10.PapelArtesanal.jpg);\"><img decoding=\"async\" src=\"https:\/\/casa.oaxaca.gob.mx\/wp-content\/uploads\/2023\/03\/10.PapelArtesanal.jpg\" title=\"10.PapelArtesanal\" alt=\"\" \/><\/div><\/div><figcaption class='av-inner-masonry-content site-background'><div class='av-inner-masonry-content-pos'><div class='av-inner-masonry-content-pos-content'><div class='avia-arrow'><\/div><h3 class='av-masonry-entry-title entry-title'  itemprop=\"headline\" >Taller: Elaboraci\u00f3n de papel artesanal. Imparte: Eric Ram\u00edrez.<\/h3><span class='av-masonry-date meta-color updated'><\/span><span class=\"av-masonry-text-sep text-sep-author\">\/<\/span><span class='av-masonry-author meta-color vcard author'><span class='fn'>by <\/span><\/span><\/div><\/div><\/figcaption><\/figure><\/a><!--end av-masonry entry--><a href=\"https:\/\/casa.oaxaca.gob.mx\/?p=12354\" id='av-masonry-1-item-12354' data-av-masonry-item='12354' class='av-masonry-entry isotope-item post-12354 post type-post status-publish format-standard has-post-thumbnail hentry category-convocatorias-pasadas all_sort convocatorias-pasadas_sort  av-masonry-item-with-image' title=\"Taller: Re-volver \u201cPara iniciar o darle continuidad a un proyecto fotogr\u00e1fico.\u201d Imparte: Karina Ju\u00e1rez.\"  itemscope=\"itemscope\" itemtype=\"https:\/\/schema.org\/CreativeWork\" ><div class='av-inner-masonry-sizer'><\/div><figure class='av-inner-masonry main_color'><div class=\"av-masonry-outerimage-container\"><div class=\"av-masonry-image-container\" style=\"background-image: url(https:\/\/casa.oaxaca.gob.mx\/wp-content\/uploads\/2023\/03\/18.WEBcerrado-Revolver.jpg);\"><img decoding=\"async\" src=\"https:\/\/casa.oaxaca.gob.mx\/wp-content\/uploads\/2023\/03\/18.WEBcerrado-Revolver.jpg\" title=\"18.WEBcerrado-Revolver\" alt=\"\" \/><\/div><\/div><figcaption class='av-inner-masonry-content site-background'><div class='av-inner-masonry-content-pos'><div class='av-inner-masonry-content-pos-content'><div class='avia-arrow'><\/div><h3 class='av-masonry-entry-title entry-title'  itemprop=\"headline\" >Taller: Re-volver \u201cPara iniciar o darle continuidad a un proyecto fotogr\u00e1fico.\u201d Imparte: Karina Ju\u00e1rez.<\/h3><span class='av-masonry-date meta-color updated'><\/span><span class=\"av-masonry-text-sep text-sep-author\">\/<\/span><span class='av-masonry-author meta-color vcard author'><span class='fn'>by <\/span><\/span><\/div><\/div><\/figcaption><\/figure><\/a><!--end av-masonry entry--><a href=\"https:\/\/casa.oaxaca.gob.mx\/?p=12289\" id='av-masonry-1-item-12289' data-av-masonry-item='12289' class='av-masonry-entry isotope-item post-12289 post type-post status-publish format-standard has-post-thumbnail hentry category-convocatorias-pasadas all_sort convocatorias-pasadas_sort  av-masonry-item-with-image' title=\"Emiliano Cruz Premios Casa\"  itemscope=\"itemscope\" itemtype=\"https:\/\/schema.org\/CreativeWork\" ><div class='av-inner-masonry-sizer'><\/div><figure class='av-inner-masonry main_color'><div class=\"av-masonry-outerimage-container\"><div class=\"av-masonry-image-container\" style=\"background-image: url(https:\/\/casa.oaxaca.gob.mx\/wp-content\/uploads\/2022\/06\/IMAGEN-DESTACADA-EMILIANO-705x484.png);\"><img decoding=\"async\" src=\"https:\/\/casa.oaxaca.gob.mx\/wp-content\/uploads\/2022\/06\/IMAGEN-DESTACADA-EMILIANO-705x484.png\" title=\"IMAGEN-DESTACADA-EMILIANO\" alt=\"\" \/><\/div><\/div><figcaption class='av-inner-masonry-content site-background'><div class='av-inner-masonry-content-pos'><div class='av-inner-masonry-content-pos-content'><div class='avia-arrow'><\/div><h3 class='av-masonry-entry-title entry-title'  itemprop=\"headline\" >Emiliano Cruz Premios Casa<\/h3><span class='av-masonry-date meta-color updated'><\/span><span class=\"av-masonry-text-sep text-sep-author\">\/<\/span><span class='av-masonry-author meta-color vcard author'><span class='fn'>by <\/span><\/span><\/div><\/div><\/figcaption><\/figure><\/a><!--end av-masonry entry--><a href=\"https:\/\/casa.oaxaca.gob.mx\/?p=12258\" id='av-masonry-1-item-12258' data-av-masonry-item='12258' class='av-masonry-entry isotope-item post-12258 post type-post status-publish format-standard has-post-thumbnail hentry category-convocatorias-pasadas all_sort convocatorias-pasadas_sort  av-masonry-item-with-image' title=\"Premios CaSa 2022 Creaci\u00f3n Literaria en Mixteco\"  itemscope=\"itemscope\" itemtype=\"https:\/\/schema.org\/CreativeWork\" ><div class='av-inner-masonry-sizer'><\/div><figure class='av-inner-masonry main_color'><div class=\"av-masonry-outerimage-container\"><div class=\"av-masonry-image-container\" style=\"background-image: url(https:\/\/casa.oaxaca.gob.mx\/wp-content\/uploads\/2022\/06\/MIXTECO-DESTACADO-705x484.jpg);\"><img decoding=\"async\" src=\"https:\/\/casa.oaxaca.gob.mx\/wp-content\/uploads\/2022\/06\/MIXTECO-DESTACADO-705x484.jpg\" title=\"MIXTECO DESTACADO\" alt=\"\" \/><\/div><\/div><figcaption class='av-inner-masonry-content site-background'><div class='av-inner-masonry-content-pos'><div class='av-inner-masonry-content-pos-content'><div class='avia-arrow'><\/div><h3 class='av-masonry-entry-title entry-title'  itemprop=\"headline\" >Premios CaSa 2022 Creaci\u00f3n Literaria en Mixteco<\/h3><span class='av-masonry-date meta-color updated'><\/span><span class=\"av-masonry-text-sep text-sep-author\">\/<\/span><span class='av-masonry-author meta-color vcard author'><span class='fn'>by <\/span><\/span><\/div><\/div><\/figcaption><\/figure><\/a><!--end av-masonry entry--><a href=\"https:\/\/casa.oaxaca.gob.mx\/?p=12253\" id='av-masonry-1-item-12253' data-av-masonry-item='12253' class='av-masonry-entry isotope-item post-12253 post type-post status-publish format-standard has-post-thumbnail hentry category-convocatorias-pasadas all_sort convocatorias-pasadas_sort  av-masonry-item-with-image' title=\"Premios CaSa 2022 Creaci\u00f3n Literaria en Chinanteco\"  itemscope=\"itemscope\" itemtype=\"https:\/\/schema.org\/CreativeWork\" ><div class='av-inner-masonry-sizer'><\/div><figure class='av-inner-masonry main_color'><div class=\"av-masonry-outerimage-container\"><div class=\"av-masonry-image-container\" style=\"background-image: url(https:\/\/casa.oaxaca.gob.mx\/wp-content\/uploads\/2022\/06\/CHINANTECO-DESTACADO-705x484.jpg);\"><img decoding=\"async\" src=\"https:\/\/casa.oaxaca.gob.mx\/wp-content\/uploads\/2022\/06\/CHINANTECO-DESTACADO-705x484.jpg\" title=\"CHINANTECO DESTACADO\" alt=\"\" \/><\/div><\/div><figcaption class='av-inner-masonry-content site-background'><div class='av-inner-masonry-content-pos'><div class='av-inner-masonry-content-pos-content'><div class='avia-arrow'><\/div><h3 class='av-masonry-entry-title entry-title'  itemprop=\"headline\" >Premios CaSa 2022 Creaci\u00f3n Literaria en Chinanteco<\/h3><span class='av-masonry-date meta-color updated'><\/span><span class=\"av-masonry-text-sep text-sep-author\">\/<\/span><span class='av-masonry-author meta-color vcard author'><span class='fn'>by <\/span><\/span><\/div><\/div><\/figcaption><\/figure><\/a><!--end av-masonry entry--><a href=\"https:\/\/casa.oaxaca.gob.mx\/?p=12238\" id='av-masonry-1-item-12238' data-av-masonry-item='12238' class='av-masonry-entry isotope-item post-12238 post type-post status-publish format-standard has-post-thumbnail hentry category-convocatorias-pasadas all_sort convocatorias-pasadas_sort  av-masonry-item-with-image' title=\"Premios CaSa 2022 Creaci\u00f3n Literaria en Zapoteco\"  itemscope=\"itemscope\" itemtype=\"https:\/\/schema.org\/CreativeWork\" ><div class='av-inner-masonry-sizer'><\/div><figure class='av-inner-masonry main_color'><div class=\"av-masonry-outerimage-container\"><div class=\"av-masonry-image-container\" style=\"background-image: url(https:\/\/casa.oaxaca.gob.mx\/wp-content\/uploads\/2022\/06\/photo_5030731250511489570_y-705x484.jpeg);\"><img decoding=\"async\" src=\"https:\/\/casa.oaxaca.gob.mx\/wp-content\/uploads\/2022\/06\/photo_5030731250511489570_y-705x484.jpeg\" title=\"photo_5030731250511489570_y\" alt=\"\" \/><\/div><\/div><figcaption class='av-inner-masonry-content site-background'><div class='av-inner-masonry-content-pos'><div class='av-inner-masonry-content-pos-content'><div class='avia-arrow'><\/div><h3 class='av-masonry-entry-title entry-title'  itemprop=\"headline\" >Premios CaSa 2022 Creaci\u00f3n Literaria en Zapoteco<\/h3><span class='av-masonry-date meta-color updated'><\/span><span class=\"av-masonry-text-sep text-sep-author\">\/<\/span><span class='av-masonry-author meta-color vcard author'><span class='fn'>by <\/span><\/span><\/div><\/div><\/figcaption><\/figure><\/a><!--end av-masonry entry--><a href=\"https:\/\/casa.oaxaca.gob.mx\/?p=12233\" id='av-masonry-1-item-12233' data-av-masonry-item='12233' class='av-masonry-entry isotope-item post-12233 post type-post status-publish format-standard has-post-thumbnail hentry category-convocatorias-pasadas all_sort convocatorias-pasadas_sort  av-masonry-item-with-image' title=\"Premios CaSa, Creaci\u00f3n Literaria en \u00c9nn\u00e1 (Mazateco)\"  itemscope=\"itemscope\" itemtype=\"https:\/\/schema.org\/CreativeWork\" ><div class='av-inner-masonry-sizer'><\/div><figure class='av-inner-masonry main_color'><div class=\"av-masonry-outerimage-container\"><div class=\"av-masonry-image-container\" style=\"background-image: url(https:\/\/casa.oaxaca.gob.mx\/wp-content\/uploads\/2022\/06\/photo_5030731250511489569_y-1-705x484.jpeg);\"><img decoding=\"async\" src=\"https:\/\/casa.oaxaca.gob.mx\/wp-content\/uploads\/2022\/06\/photo_5030731250511489569_y-1-705x484.jpeg\" title=\"photo_5030731250511489569_y\" alt=\"\" \/><\/div><\/div><figcaption class='av-inner-masonry-content site-background'><div class='av-inner-masonry-content-pos'><div class='av-inner-masonry-content-pos-content'><div class='avia-arrow'><\/div><h3 class='av-masonry-entry-title entry-title'  itemprop=\"headline\" >Premios CaSa, Creaci\u00f3n Literaria en \u00c9nn\u00e1 (Mazateco)<\/h3><span class='av-masonry-date meta-color updated'><\/span><span class=\"av-masonry-text-sep text-sep-author\">\/<\/span><span class='av-masonry-author meta-color vcard author'><span class='fn'>by <\/span><\/span><\/div><\/div><\/figcaption><\/figure><\/a><!--end av-masonry entry--><a href=\"https:\/\/casa.oaxaca.gob.mx\/?p=12228\" id='av-masonry-1-item-12228' data-av-masonry-item='12228' class='av-masonry-entry isotope-item post-12228 post type-post status-publish format-standard has-post-thumbnail hentry category-eventos-cerrados-2021 all_sort eventos-cerrados-2021_sort  av-masonry-item-with-image' title=\"Exposici\u00f3n: Equis. Muestra de resultados del d\u00e9cimo diplomado de Artes Visuales.\"  itemscope=\"itemscope\" itemtype=\"https:\/\/schema.org\/CreativeWork\" ><div class='av-inner-masonry-sizer'><\/div><figure class='av-inner-masonry main_color'><div class=\"av-masonry-outerimage-container\"><div class=\"av-masonry-image-container\" style=\"background-image: url(https:\/\/casa.oaxaca.gob.mx\/wp-content\/uploads\/2022\/06\/Banner-01-Equis-705x484.png);\"><img decoding=\"async\" src=\"https:\/\/casa.oaxaca.gob.mx\/wp-content\/uploads\/2022\/06\/Banner-01-Equis-705x484.png\" title=\"Banner 01 Equis\" alt=\"\" \/><\/div><\/div><figcaption class='av-inner-masonry-content site-background'><div class='av-inner-masonry-content-pos'><div class='av-inner-masonry-content-pos-content'><div class='avia-arrow'><\/div><h3 class='av-masonry-entry-title entry-title'  itemprop=\"headline\" >Exposici\u00f3n: Equis. Muestra de resultados del d\u00e9cimo diplomado de Artes Visuales.<\/h3><span class='av-masonry-date meta-color updated'><\/span><span class=\"av-masonry-text-sep text-sep-author\">\/<\/span><span class='av-masonry-author meta-color vcard author'><span class='fn'>by <\/span><\/span><\/div><\/div><\/figcaption><\/figure><\/a><!--end av-masonry entry--><a href=\"https:\/\/casa.oaxaca.gob.mx\/?p=12217\" id='av-masonry-1-item-12217' data-av-masonry-item='12217' class='av-masonry-entry isotope-item post-12217 post type-post status-publish format-standard has-post-thumbnail hentry category-convocatorias-pasadas all_sort convocatorias-pasadas_sort  av-masonry-item-with-image' title=\"Taller en l\u00ednea: Poes\u00eda en lenguas originarias. \u201cTambi\u00e9n la poes\u00eda mexicana en varias lenguas\u201d. Imparte: Juventino Guti\u00e9rrez G\u00f3mez.\"  itemscope=\"itemscope\" itemtype=\"https:\/\/schema.org\/CreativeWork\" ><div class='av-inner-masonry-sizer'><\/div><figure class='av-inner-masonry main_color'><div class=\"av-masonry-outerimage-container\"><div class=\"av-masonry-image-container\" style=\"background-image: url(https:\/\/casa.oaxaca.gob.mx\/wp-content\/uploads\/2022\/06\/7.Poesi\u0301a-en-lenguas.jpg);\"><img decoding=\"async\" src=\"https:\/\/casa.oaxaca.gob.mx\/wp-content\/uploads\/2022\/06\/7.Poesi\u0301a-en-lenguas.jpg\" title=\"7.Poesi\u0301a en lenguas\" alt=\"\" \/><\/div><\/div><figcaption class='av-inner-masonry-content site-background'><div class='av-inner-masonry-content-pos'><div class='av-inner-masonry-content-pos-content'><div class='avia-arrow'><\/div><h3 class='av-masonry-entry-title entry-title'  itemprop=\"headline\" >Taller en l\u00ednea: Poes\u00eda en lenguas originarias. \u201cTambi\u00e9n la poes\u00eda mexicana en varias lenguas\u201d. Imparte: Juventino Guti\u00e9rrez G\u00f3mez.<\/h3><span class='av-masonry-date meta-color updated'><\/span><span class=\"av-masonry-text-sep text-sep-author\">\/<\/span><span class='av-masonry-author meta-color vcard author'><span class='fn'>by <\/span><\/span><\/div><\/div><\/figcaption><\/figure><\/a><!--end av-masonry entry--><a href=\"https:\/\/casa.oaxaca.gob.mx\/?p=12206\" id='av-masonry-1-item-12206' data-av-masonry-item='12206' class='av-masonry-entry isotope-item post-12206 post type-post status-publish format-standard has-post-thumbnail hentry category-convocatorias-pasadas all_sort convocatorias-pasadas_sort  av-masonry-item-with-image' title=\"Taller Presencial: Yo dibujo : Imparte: Abigail Mat\u00edas Ortiz\"  itemscope=\"itemscope\" itemtype=\"https:\/\/schema.org\/CreativeWork\" ><div class='av-inner-masonry-sizer'><\/div><figure class='av-inner-masonry main_color'><div class=\"av-masonry-outerimage-container\"><div class=\"av-masonry-image-container\" style=\"background-image: url(https:\/\/casa.oaxaca.gob.mx\/wp-content\/uploads\/2022\/06\/2.Yo-dibujo.jpg);\"><img decoding=\"async\" src=\"https:\/\/casa.oaxaca.gob.mx\/wp-content\/uploads\/2022\/06\/2.Yo-dibujo.jpg\" title=\"2.Yo dibujo\" alt=\"\" \/><\/div><\/div><figcaption class='av-inner-masonry-content site-background'><div class='av-inner-masonry-content-pos'><div class='av-inner-masonry-content-pos-content'><div class='avia-arrow'><\/div><h3 class='av-masonry-entry-title entry-title'  itemprop=\"headline\" >Taller Presencial: Yo dibujo : Imparte: Abigail Mat\u00edas Ortiz<\/h3><span class='av-masonry-date meta-color updated'><\/span><span class=\"av-masonry-text-sep text-sep-author\">\/<\/span><span class='av-masonry-author meta-color vcard author'><span class='fn'>by <\/span><\/span><\/div><\/div><\/figcaption><\/figure><\/a><!--end av-masonry entry--><a href=\"https:\/\/casa.oaxaca.gob.mx\/?p=12190\" id='av-masonry-1-item-12190' data-av-masonry-item='12190' class='av-masonry-entry isotope-item post-12190 post type-post status-publish format-standard has-post-thumbnail hentry category-convocatorias-pasadas all_sort convocatorias-pasadas_sort  av-masonry-item-with-image' title=\"Taller: Recursos gr\u00e1ficos aplicados al grabado en peque\u00f1o formato. Colectivo Burro Press\"  itemscope=\"itemscope\" itemtype=\"https:\/\/schema.org\/CreativeWork\" ><div class='av-inner-masonry-sizer'><\/div><figure class='av-inner-masonry main_color'><div class=\"av-masonry-outerimage-container\"><div class=\"av-masonry-image-container\" style=\"background-image: url(https:\/\/casa.oaxaca.gob.mx\/wp-content\/uploads\/2022\/06\/6.Grabado-pequen\u0303o-formato.jpg);\"><img decoding=\"async\" src=\"https:\/\/casa.oaxaca.gob.mx\/wp-content\/uploads\/2022\/06\/6.Grabado-pequen\u0303o-formato.jpg\" title=\"6.Grabado pequen\u0303o formato\" alt=\"\" \/><\/div><\/div><figcaption class='av-inner-masonry-content site-background'><div class='av-inner-masonry-content-pos'><div class='av-inner-masonry-content-pos-content'><div class='avia-arrow'><\/div><h3 class='av-masonry-entry-title entry-title'  itemprop=\"headline\" >Taller: Recursos gr\u00e1ficos aplicados al grabado en peque\u00f1o formato. Colectivo Burro Press<\/h3><span class='av-masonry-date meta-color updated'><\/span><span class=\"av-masonry-text-sep text-sep-author\">\/<\/span><span class='av-masonry-author meta-color vcard author'><span class='fn'>by <\/span><\/span><\/div><\/div><\/figcaption><\/figure><\/a><!--end av-masonry entry--><a href=\"https:\/\/casa.oaxaca.gob.mx\/?p=12170\" id='av-masonry-1-item-12170' data-av-masonry-item='12170' class='av-masonry-entry isotope-item post-12170 post type-post status-publish format-standard has-post-thumbnail hentry category-convocatorias-pasadas all_sort convocatorias-pasadas_sort  av-masonry-item-with-image' title=\"Residencia &#8220;Pasos si presentes&#8221;. Paulina Ruiz Carballido, St\u00e9phanie Janaina y Jean-Baptiste Fave\"  itemscope=\"itemscope\" itemtype=\"https:\/\/schema.org\/CreativeWork\" ><div class='av-inner-masonry-sizer'><\/div><figure class='av-inner-masonry main_color'><div class=\"av-masonry-outerimage-container\"><div class=\"av-masonry-image-container\" style=\"background-image: url(https:\/\/casa.oaxaca.gob.mx\/wp-content\/uploads\/2022\/06\/Sin-ti\u0301tulo-1-01-1.png);\"><img decoding=\"async\" src=\"https:\/\/casa.oaxaca.gob.mx\/wp-content\/uploads\/2022\/06\/Sin-ti\u0301tulo-1-01-1.png\" title=\"Sin ti\u0301tulo-1-01\" alt=\"\" \/><\/div><\/div><figcaption class='av-inner-masonry-content site-background'><div class='av-inner-masonry-content-pos'><div class='av-inner-masonry-content-pos-content'><div class='avia-arrow'><\/div><h3 class='av-masonry-entry-title entry-title'  itemprop=\"headline\" >Residencia &#8220;Pasos si presentes&#8221;. Paulina Ruiz Carballido, St\u00e9phanie Janaina y Jean-Baptiste Fave<\/h3><span class='av-masonry-date meta-color updated'><\/span><span class=\"av-masonry-text-sep text-sep-author\">\/<\/span><span class='av-masonry-author meta-color vcard author'><span class='fn'>by <\/span><\/span><\/div><\/div><\/figcaption><\/figure><\/a><!--end av-masonry entry--><a href=\"https:\/\/casa.oaxaca.gob.mx\/?p=12136\" id='av-masonry-1-item-12136' data-av-masonry-item='12136' class='av-masonry-entry isotope-item post-12136 post type-post status-publish format-standard has-post-thumbnail hentry category-convocatorias-pasadas all_sort convocatorias-pasadas_sort  av-masonry-item-with-image' title=\"Taller: El arte en barro. Imparte: Lorena Lidia Velasco Villanueva\"  itemscope=\"itemscope\" itemtype=\"https:\/\/schema.org\/CreativeWork\" ><div class='av-inner-masonry-sizer'><\/div><figure class='av-inner-masonry main_color'><div class=\"av-masonry-outerimage-container\"><div class=\"av-masonry-image-container\" style=\"background-image: url(https:\/\/casa.oaxaca.gob.mx\/wp-content\/uploads\/2022\/06\/Banner-01-El-arte-en-barro-705x484.png);\"><img decoding=\"async\" src=\"https:\/\/casa.oaxaca.gob.mx\/wp-content\/uploads\/2022\/06\/Banner-01-El-arte-en-barro-705x484.png\" title=\"Banner 01 El arte en barro\" alt=\"\" \/><\/div><\/div><figcaption class='av-inner-masonry-content site-background'><div class='av-inner-masonry-content-pos'><div class='av-inner-masonry-content-pos-content'><div class='avia-arrow'><\/div><h3 class='av-masonry-entry-title entry-title'  itemprop=\"headline\" >Taller: El arte en barro. Imparte: Lorena Lidia Velasco Villanueva<\/h3><span class='av-masonry-date meta-color updated'><\/span><span class=\"av-masonry-text-sep text-sep-author\">\/<\/span><span class='av-masonry-author meta-color vcard author'><span class='fn'>by <\/span><\/span><\/div><\/div><\/figcaption><\/figure><\/a><!--end av-masonry entry--><a href=\"https:\/\/casa.oaxaca.gob.mx\/?p=12117\" id='av-masonry-1-item-12117' data-av-masonry-item='12117' class='av-masonry-entry isotope-item post-12117 post type-post status-publish format-standard has-post-thumbnail hentry category-convocatorias-pasadas all_sort convocatorias-pasadas_sort  av-masonry-item-with-image' title=\"Diplomado presencial: D\u00e9cimo diplomado de producci\u00f3n de \u201cArtes Visuales\u201d\"  itemscope=\"itemscope\" itemtype=\"https:\/\/schema.org\/CreativeWork\" ><div class='av-inner-masonry-sizer'><\/div><figure class='av-inner-masonry main_color'><div class=\"av-masonry-outerimage-container\"><div class=\"av-masonry-image-container\" style=\"background-image: url(https:\/\/casa.oaxaca.gob.mx\/wp-content\/uploads\/2022\/06\/3.Diplomado-artes-visuales.jpg);\"><img decoding=\"async\" src=\"https:\/\/casa.oaxaca.gob.mx\/wp-content\/uploads\/2022\/06\/3.Diplomado-artes-visuales.jpg\" title=\"3.Diplomado artes visuales\" alt=\"\" \/><\/div><\/div><figcaption class='av-inner-masonry-content site-background'><div class='av-inner-masonry-content-pos'><div class='av-inner-masonry-content-pos-content'><div class='avia-arrow'><\/div><h3 class='av-masonry-entry-title entry-title'  itemprop=\"headline\" >Diplomado presencial: D\u00e9cimo diplomado de producci\u00f3n de \u201cArtes Visuales\u201d<\/h3><span class='av-masonry-date meta-color updated'><\/span><span class=\"av-masonry-text-sep text-sep-author\">\/<\/span><span class='av-masonry-author meta-color vcard author'><span class='fn'>by <\/span><\/span><\/div><\/div><\/figcaption><\/figure><\/a><!--end av-masonry entry--><a href=\"https:\/\/casa.oaxaca.gob.mx\/?p=12100\" id='av-masonry-1-item-12100' data-av-masonry-item='12100' class='av-masonry-entry isotope-item post-12100 post type-post status-publish format-standard has-post-thumbnail hentry category-eventos-cerrados-2021 all_sort eventos-cerrados-2021_sort  av-masonry-item-with-image' title=\"Quienes somos\"  itemscope=\"itemscope\" itemtype=\"https:\/\/schema.org\/CreativeWork\" ><div class='av-inner-masonry-sizer'><\/div><figure class='av-inner-masonry main_color'><div class=\"av-masonry-outerimage-container\"><div class=\"av-masonry-image-container\" style=\"background-image: url(https:\/\/casa.oaxaca.gob.mx\/wp-content\/uploads\/2021\/06\/AGENDA-TU-VISITA-705x484.png);\"><img decoding=\"async\" src=\"https:\/\/casa.oaxaca.gob.mx\/wp-content\/uploads\/2021\/06\/AGENDA-TU-VISITA-705x484.png\" title=\"AGENDA TU VISITA\" alt=\"\" \/><\/div><\/div><figcaption class='av-inner-masonry-content site-background'><div class='av-inner-masonry-content-pos'><div class='av-inner-masonry-content-pos-content'><div class='avia-arrow'><\/div><h3 class='av-masonry-entry-title entry-title'  itemprop=\"headline\" >Quienes somos<\/h3><span class='av-masonry-date meta-color updated'><\/span><span class=\"av-masonry-text-sep text-sep-author\">\/<\/span><span class='av-masonry-author meta-color vcard author'><span class='fn'>by <\/span><\/span><\/div><\/div><\/figcaption><\/figure><\/a><!--end av-masonry entry--><a href=\"https:\/\/casa.oaxaca.gob.mx\/?p=12070\" id='av-masonry-1-item-12070' data-av-masonry-item='12070' class='av-masonry-entry isotope-item post-12070 post type-post status-publish format-standard has-post-thumbnail hentry category-convocatorias-pasadas all_sort convocatorias-pasadas_sort  av-masonry-item-with-image' title=\"Taller: Filigrana oaxaque\u00f1a en plata. Imparte: Jos\u00e9 Jorge Garc\u00eda.\"  itemscope=\"itemscope\" itemtype=\"https:\/\/schema.org\/CreativeWork\" ><div class='av-inner-masonry-sizer'><\/div><figure class='av-inner-masonry main_color'><div class=\"av-masonry-outerimage-container\"><div class=\"av-masonry-image-container\" style=\"background-image: url(https:\/\/casa.oaxaca.gob.mx\/wp-content\/uploads\/2022\/05\/5.Filigrana.jpg);\"><img decoding=\"async\" src=\"https:\/\/casa.oaxaca.gob.mx\/wp-content\/uploads\/2022\/05\/5.Filigrana.jpg\" title=\"5.Filigrana\" alt=\"\" \/><\/div><\/div><figcaption class='av-inner-masonry-content site-background'><div class='av-inner-masonry-content-pos'><div class='av-inner-masonry-content-pos-content'><div class='avia-arrow'><\/div><h3 class='av-masonry-entry-title entry-title'  itemprop=\"headline\" >Taller: Filigrana oaxaque\u00f1a en plata. Imparte: Jos\u00e9 Jorge Garc\u00eda.<\/h3><span class='av-masonry-date meta-color updated'><\/span><span class=\"av-masonry-text-sep text-sep-author\">\/<\/span><span class='av-masonry-author meta-color vcard author'><span class='fn'>by <\/span><\/span><\/div><\/div><\/figcaption><\/figure><\/a><!--end av-masonry entry--><a href=\"https:\/\/casa.oaxaca.gob.mx\/?p=12063\" id='av-masonry-1-item-12063' data-av-masonry-item='12063' class='av-masonry-entry isotope-item post-12063 post type-post status-publish format-standard has-post-thumbnail hentry category-convocatorias-pasadas all_sort convocatorias-pasadas_sort  av-masonry-item-with-image' title=\"Taller en l\u00ednea: Conozcamos y aprendamos sobre el rap en lenguas originarias.   Imparte: Carlos Guadalupe Hern\u00e1ndez.\"  itemscope=\"itemscope\" itemtype=\"https:\/\/schema.org\/CreativeWork\" ><div class='av-inner-masonry-sizer'><\/div><figure class='av-inner-masonry main_color'><div class=\"av-masonry-outerimage-container\"><div class=\"av-masonry-image-container\" style=\"background-image: url(https:\/\/casa.oaxaca.gob.mx\/wp-content\/uploads\/2022\/05\/12.Rap-en-lenguas-originarias.jpg);\"><img decoding=\"async\" src=\"https:\/\/casa.oaxaca.gob.mx\/wp-content\/uploads\/2022\/05\/12.Rap-en-lenguas-originarias.jpg\" title=\"12.Rap en lenguas originarias\" alt=\"\" \/><\/div><\/div><figcaption class='av-inner-masonry-content site-background'><div class='av-inner-masonry-content-pos'><div class='av-inner-masonry-content-pos-content'><div class='avia-arrow'><\/div><h3 class='av-masonry-entry-title entry-title'  itemprop=\"headline\" >Taller en l\u00ednea: Conozcamos y aprendamos sobre el rap en lenguas originarias.   Imparte: Carlos Guadalupe Hern\u00e1ndez.<\/h3><span class='av-masonry-date meta-color updated'><\/span><span class=\"av-masonry-text-sep text-sep-author\">\/<\/span><span class='av-masonry-author meta-color vcard author'><span class='fn'>by <\/span><\/span><\/div><\/div><\/figcaption><\/figure><\/a><!--end av-masonry entry--><a href=\"https:\/\/casa.oaxaca.gob.mx\/?p=12055\" id='av-masonry-1-item-12055' data-av-masonry-item='12055' class='av-masonry-entry isotope-item post-12055 post type-post status-publish format-standard has-post-thumbnail hentry category-convocatorias-pasadas all_sort convocatorias-pasadas_sort  av-masonry-item-with-image' title=\"Creaci\u00f3n literaria para hablantes de lenguas originarias. Imparte: Jaime Garc\u00eda Leyva\"  itemscope=\"itemscope\" itemtype=\"https:\/\/schema.org\/CreativeWork\" ><div class='av-inner-masonry-sizer'><\/div><figure class='av-inner-masonry main_color'><div class=\"av-masonry-outerimage-container\"><div class=\"av-masonry-image-container\" style=\"background-image: url(https:\/\/casa.oaxaca.gob.mx\/wp-content\/uploads\/2022\/05\/13.creacio\u0301n-literaria-en-lenguas.jpg);\"><img decoding=\"async\" src=\"https:\/\/casa.oaxaca.gob.mx\/wp-content\/uploads\/2022\/05\/13.creacio\u0301n-literaria-en-lenguas.jpg\" title=\"13.creacio\u0301n literaria en lenguas\" alt=\"\" \/><\/div><\/div><figcaption class='av-inner-masonry-content site-background'><div class='av-inner-masonry-content-pos'><div class='av-inner-masonry-content-pos-content'><div class='avia-arrow'><\/div><h3 class='av-masonry-entry-title entry-title'  itemprop=\"headline\" >Creaci\u00f3n literaria para hablantes de lenguas originarias. Imparte: Jaime Garc\u00eda Leyva<\/h3><span class='av-masonry-date meta-color updated'><\/span><span class=\"av-masonry-text-sep text-sep-author\">\/<\/span><span class='av-masonry-author meta-color vcard author'><span class='fn'>by <\/span><\/span><\/div><\/div><\/figcaption><\/figure><\/a><!--end av-masonry entry--><a href=\"https:\/\/casa.oaxaca.gob.mx\/?p=12046\" id='av-masonry-1-item-12046' data-av-masonry-item='12046' class='av-masonry-entry isotope-item post-12046 post type-post status-publish format-standard has-post-thumbnail hentry category-convocatorias-pasadas all_sort convocatorias-pasadas_sort  av-masonry-item-with-image' title=\"Taller Presencial: Bordado sensorial. Coordinador: Quetzalc\u00f3atl Molina\"  itemscope=\"itemscope\" itemtype=\"https:\/\/schema.org\/CreativeWork\" ><div class='av-inner-masonry-sizer'><\/div><figure class='av-inner-masonry main_color'><div class=\"av-masonry-outerimage-container\"><div class=\"av-masonry-image-container\" style=\"background-image: url(https:\/\/casa.oaxaca.gob.mx\/wp-content\/uploads\/2022\/05\/10.Bordado-sensorial.jpg);\"><img decoding=\"async\" src=\"https:\/\/casa.oaxaca.gob.mx\/wp-content\/uploads\/2022\/05\/10.Bordado-sensorial.jpg\" title=\"10.Bordado sensorial\" alt=\"\" \/><\/div><\/div><figcaption class='av-inner-masonry-content site-background'><div class='av-inner-masonry-content-pos'><div class='av-inner-masonry-content-pos-content'><div class='avia-arrow'><\/div><h3 class='av-masonry-entry-title entry-title'  itemprop=\"headline\" >Taller Presencial: Bordado sensorial. Coordinador: Quetzalc\u00f3atl Molina<\/h3><span class='av-masonry-date meta-color updated'><\/span><span class=\"av-masonry-text-sep text-sep-author\">\/<\/span><span class='av-masonry-author meta-color vcard author'><span class='fn'>by <\/span><\/span><\/div><\/div><\/figcaption><\/figure><\/a><!--end av-masonry entry--><a href=\"https:\/\/casa.oaxaca.gob.mx\/?p=12039\" id='av-masonry-1-item-12039' data-av-masonry-item='12039' class='av-masonry-entry isotope-item post-12039 post type-post status-publish format-standard has-post-thumbnail hentry category-convocatorias-pasadas all_sort convocatorias-pasadas_sort  av-masonry-item-with-image' title=\"Taller presencial: Autopublicaciones en Serigraf\u00eda   Imparte: Pako Altamirano y Yatin\u00ed Dom\u00ednguez\"  itemscope=\"itemscope\" itemtype=\"https:\/\/schema.org\/CreativeWork\" ><div class='av-inner-masonry-sizer'><\/div><figure class='av-inner-masonry main_color'><div class=\"av-masonry-outerimage-container\"><div class=\"av-masonry-image-container\" style=\"background-image: url(https:\/\/casa.oaxaca.gob.mx\/wp-content\/uploads\/2022\/05\/Cerrada-05-705x484.png);\"><img decoding=\"async\" src=\"https:\/\/casa.oaxaca.gob.mx\/wp-content\/uploads\/2022\/05\/Cerrada-05-705x484.png\" title=\"Cerrada 05\" alt=\"\" \/><\/div><\/div><figcaption class='av-inner-masonry-content site-background'><div class='av-inner-masonry-content-pos'><div class='av-inner-masonry-content-pos-content'><div class='avia-arrow'><\/div><h3 class='av-masonry-entry-title entry-title'  itemprop=\"headline\" >Taller presencial: Autopublicaciones en Serigraf\u00eda   Imparte: Pako Altamirano y Yatin\u00ed Dom\u00ednguez<\/h3><span class='av-masonry-date meta-color updated'><\/span><span class=\"av-masonry-text-sep text-sep-author\">\/<\/span><span class='av-masonry-author meta-color vcard author'><span class='fn'>by <\/span><\/span><\/div><\/div><\/figcaption><\/figure><\/a><!--end av-masonry entry--><a href=\"https:\/\/casa.oaxaca.gob.mx\/?p=12012\" id='av-masonry-1-item-12012' data-av-masonry-item='12012' class='av-masonry-entry isotope-item post-12012 post type-post status-publish format-standard has-post-thumbnail hentry category-convocatorias-pasadas all_sort convocatorias-pasadas_sort  av-masonry-item-with-image' title=\"Taller en l\u00ednea: Curso de documental creativo.  Imparte: Gabriela Dom\u00ednguez Ruvalcaba\"  itemscope=\"itemscope\" itemtype=\"https:\/\/schema.org\/CreativeWork\" ><div class='av-inner-masonry-sizer'><\/div><figure class='av-inner-masonry main_color'><div class=\"av-masonry-outerimage-container\"><div class=\"av-masonry-image-container\" style=\"background-image: url(https:\/\/casa.oaxaca.gob.mx\/wp-content\/uploads\/2022\/04\/Cerrada-02-705x484.png);\"><img decoding=\"async\" src=\"https:\/\/casa.oaxaca.gob.mx\/wp-content\/uploads\/2022\/04\/Cerrada-02-705x484.png\" title=\"Cerrada 02\" alt=\"\" \/><\/div><\/div><figcaption class='av-inner-masonry-content site-background'><div class='av-inner-masonry-content-pos'><div class='av-inner-masonry-content-pos-content'><div class='avia-arrow'><\/div><h3 class='av-masonry-entry-title entry-title'  itemprop=\"headline\" >Taller en l\u00ednea: Curso de documental creativo.  Imparte: Gabriela Dom\u00ednguez Ruvalcaba<\/h3><span class='av-masonry-date meta-color updated'><\/span><span class=\"av-masonry-text-sep text-sep-author\">\/<\/span><span class='av-masonry-author meta-color vcard author'><span class='fn'>by <\/span><\/span><\/div><\/div><\/figcaption><\/figure><\/a><!--end av-masonry entry--><a href=\"https:\/\/casa.oaxaca.gob.mx\/?p=12004\" id='av-masonry-1-item-12004' data-av-masonry-item='12004' class='av-masonry-entry isotope-item post-12004 post type-post status-publish format-standard has-post-thumbnail hentry category-convocatorias-pasadas all_sort convocatorias-pasadas_sort  av-masonry-item-with-image' title=\"Taller Presencial: Cester\u00eda Imparte: Estanislao Mart\u00ednez\"  itemscope=\"itemscope\" itemtype=\"https:\/\/schema.org\/CreativeWork\" ><div class='av-inner-masonry-sizer'><\/div><figure class='av-inner-masonry main_color'><div class=\"av-masonry-outerimage-container\"><div class=\"av-masonry-image-container\" style=\"background-image: url(https:\/\/casa.oaxaca.gob.mx\/wp-content\/uploads\/2022\/04\/Cerrada-01-1-705x484.png);\"><img decoding=\"async\" src=\"https:\/\/casa.oaxaca.gob.mx\/wp-content\/uploads\/2022\/04\/Cerrada-01-1-705x484.png\" title=\"Cerrada 01 (1)\" alt=\"\" \/><\/div><\/div><figcaption class='av-inner-masonry-content site-background'><div class='av-inner-masonry-content-pos'><div class='av-inner-masonry-content-pos-content'><div class='avia-arrow'><\/div><h3 class='av-masonry-entry-title entry-title'  itemprop=\"headline\" >Taller Presencial: Cester\u00eda Imparte: Estanislao Mart\u00ednez<\/h3><span class='av-masonry-date meta-color updated'><\/span><span class=\"av-masonry-text-sep text-sep-author\">\/<\/span><span class='av-masonry-author meta-color vcard author'><span class='fn'>by <\/span><\/span><\/div><\/div><\/figcaption><\/figure><\/a><!--end av-masonry entry--><a href=\"https:\/\/casa.oaxaca.gob.mx\/?p=11997\" id='av-masonry-1-item-11997' data-av-masonry-item='11997' class='av-masonry-entry isotope-item post-11997 post type-post status-publish format-standard has-post-thumbnail hentry category-convocatorias-pasadas all_sort convocatorias-pasadas_sort  av-masonry-item-with-image' title=\"Taller Presencial: \u00bfAs\u00ed se hacen los cuentos? Escribir y leer sobre lobos y caperuzas. Imparte: Heydee Ramos y Carlos Ram\u00edrez\"  itemscope=\"itemscope\" itemtype=\"https:\/\/schema.org\/CreativeWork\" ><div class='av-inner-masonry-sizer'><\/div><figure class='av-inner-masonry main_color'><div class=\"av-masonry-outerimage-container\"><div class=\"av-masonry-image-container\" style=\"background-image: url(https:\/\/casa.oaxaca.gob.mx\/wp-content\/uploads\/2022\/04\/4.Asi-se-hacen-los-cuentos.jpg);\"><img decoding=\"async\" src=\"https:\/\/casa.oaxaca.gob.mx\/wp-content\/uploads\/2022\/04\/4.Asi-se-hacen-los-cuentos.jpg\" title=\"4.Asi se hacen los cuentos\" alt=\"\" \/><\/div><\/div><figcaption class='av-inner-masonry-content site-background'><div class='av-inner-masonry-content-pos'><div class='av-inner-masonry-content-pos-content'><div class='avia-arrow'><\/div><h3 class='av-masonry-entry-title entry-title'  itemprop=\"headline\" >Taller Presencial: \u00bfAs\u00ed se hacen los cuentos? Escribir y leer sobre lobos y caperuzas. Imparte: Heydee Ramos y Carlos Ram\u00edrez<\/h3><span class='av-masonry-date meta-color updated'><\/span><span class=\"av-masonry-text-sep text-sep-author\">\/<\/span><span class='av-masonry-author meta-color vcard author'><span class='fn'>by <\/span><\/span><\/div><\/div><\/figcaption><\/figure><\/a><!--end av-masonry entry--><a href=\"https:\/\/casa.oaxaca.gob.mx\/?p=11950\" id='av-masonry-1-item-11950' data-av-masonry-item='11950' class='av-masonry-entry isotope-item post-11950 post type-post status-publish format-standard has-post-thumbnail hentry category-convocatorias-pasadas all_sort convocatorias-pasadas_sort  av-masonry-item-with-image' title=\"Taller en l\u00ednea: Escribir movimiento en video arte. Cinematic Migrations. Imparte:  Chrystyan Romero.\"  itemscope=\"itemscope\" itemtype=\"https:\/\/schema.org\/CreativeWork\" ><div class='av-inner-masonry-sizer'><\/div><figure class='av-inner-masonry main_color'><div class=\"av-masonry-outerimage-container\"><div class=\"av-masonry-image-container\" style=\"background-image: url(https:\/\/casa.oaxaca.gob.mx\/wp-content\/uploads\/2022\/04\/Cerrada-04-705x484.png);\"><img decoding=\"async\" src=\"https:\/\/casa.oaxaca.gob.mx\/wp-content\/uploads\/2022\/04\/Cerrada-04-705x484.png\" title=\"Cerrada 04\" alt=\"\" \/><\/div><\/div><figcaption class='av-inner-masonry-content site-background'><div class='av-inner-masonry-content-pos'><div class='av-inner-masonry-content-pos-content'><div class='avia-arrow'><\/div><h3 class='av-masonry-entry-title entry-title'  itemprop=\"headline\" >Taller en l\u00ednea: Escribir movimiento en video arte. Cinematic Migrations. Imparte:  Chrystyan Romero.<\/h3><span class='av-masonry-date meta-color updated'><\/span><span class=\"av-masonry-text-sep text-sep-author\">\/<\/span><span class='av-masonry-author meta-color vcard author'><span class='fn'>by <\/span><\/span><\/div><\/div><\/figcaption><\/figure><\/a><!--end av-masonry entry--><a href=\"https:\/\/casa.oaxaca.gob.mx\/?p=11943\" id='av-masonry-1-item-11943' data-av-masonry-item='11943' class='av-masonry-entry isotope-item post-11943 post type-post status-publish format-standard has-post-thumbnail hentry category-convocatorias-pasadas all_sort convocatorias-pasadas_sort  av-masonry-item-with-image' title=\"Taller presencial: Capturando el mundo al rev\u00e9s con una latac\u00e1mara. Imparte: Mar\u00eda Luisa Santos Cu\u00e9llar\"  itemscope=\"itemscope\" itemtype=\"https:\/\/schema.org\/CreativeWork\" ><div class='av-inner-masonry-sizer'><\/div><figure class='av-inner-masonry main_color'><div class=\"av-masonry-outerimage-container\"><div class=\"av-masonry-image-container\" style=\"background-image: url(https:\/\/casa.oaxaca.gob.mx\/wp-content\/uploads\/2022\/04\/11.Latacamara.jpg);\"><img decoding=\"async\" src=\"https:\/\/casa.oaxaca.gob.mx\/wp-content\/uploads\/2022\/04\/11.Latacamara.jpg\" title=\"11.Latacamara\" alt=\"\" \/><\/div><\/div><figcaption class='av-inner-masonry-content site-background'><div class='av-inner-masonry-content-pos'><div class='av-inner-masonry-content-pos-content'><div class='avia-arrow'><\/div><h3 class='av-masonry-entry-title entry-title'  itemprop=\"headline\" >Taller presencial: Capturando el mundo al rev\u00e9s con una latac\u00e1mara. Imparte: Mar\u00eda Luisa Santos Cu\u00e9llar<\/h3><span class='av-masonry-date meta-color updated'><\/span><span class=\"av-masonry-text-sep text-sep-author\">\/<\/span><span class='av-masonry-author meta-color vcard author'><span class='fn'>by <\/span><\/span><\/div><\/div><\/figcaption><\/figure><\/a><!--end av-masonry entry--><a href=\"https:\/\/casa.oaxaca.gob.mx\/?p=11923\" id='av-masonry-1-item-11923' data-av-masonry-item='11923' class='av-masonry-entry isotope-item post-11923 post type-post status-publish format-standard has-post-thumbnail hentry category-convocatorias-pasadas all_sort convocatorias-pasadas_sort  av-masonry-item-with-image' title=\"Diplomado presencial: Escuela de grabado menos t\u00f3xico \u201cSexta generaci\u00f3n\u201d. Coordinador: Demi\u00e1n Flores\"  itemscope=\"itemscope\" itemtype=\"https:\/\/schema.org\/CreativeWork\" ><div class='av-inner-masonry-sizer'><\/div><figure class='av-inner-masonry main_color'><div class=\"av-masonry-outerimage-container\"><div class=\"av-masonry-image-container\" style=\"background-image: url(https:\/\/casa.oaxaca.gob.mx\/wp-content\/uploads\/2022\/04\/Cerrada-03-705x484.png);\"><img decoding=\"async\" src=\"https:\/\/casa.oaxaca.gob.mx\/wp-content\/uploads\/2022\/04\/Cerrada-03-705x484.png\" title=\"Cerrada 03\" alt=\"\" \/><\/div><\/div><figcaption class='av-inner-masonry-content site-background'><div class='av-inner-masonry-content-pos'><div class='av-inner-masonry-content-pos-content'><div class='avia-arrow'><\/div><h3 class='av-masonry-entry-title entry-title'  itemprop=\"headline\" >Diplomado presencial: Escuela de grabado menos t\u00f3xico \u201cSexta generaci\u00f3n\u201d. Coordinador: Demi\u00e1n Flores<\/h3><span class='av-masonry-date meta-color updated'><\/span><span class=\"av-masonry-text-sep text-sep-author\">\/<\/span><span class='av-masonry-author meta-color vcard author'><span class='fn'>by <\/span><\/span><\/div><\/div><\/figcaption><\/figure><\/a><!--end av-masonry entry--><a href=\"https:\/\/casa.oaxaca.gob.mx\/?p=11909\" id='av-masonry-1-item-11909' data-av-masonry-item='11909' class='av-masonry-entry isotope-item post-11909 post type-post status-publish format-standard has-post-thumbnail hentry category-convocatorias-pasadas all_sort convocatorias-pasadas_sort  av-masonry-item-with-image' title=\"Exposici\u00f3n: Ocean\u00eda. Arte Ritual de Nueva Guinea. Objetos de la colecci\u00f3n Ren\u00e9 Bustamante.\"  itemscope=\"itemscope\" itemtype=\"https:\/\/schema.org\/CreativeWork\" ><div class='av-inner-masonry-sizer'><\/div><figure class='av-inner-masonry main_color'><div class=\"av-masonry-outerimage-container\"><div class=\"av-masonry-image-container\" style=\"background-image: url(https:\/\/casa.oaxaca.gob.mx\/wp-content\/uploads\/2022\/04\/Banner-01-705x484.png);\"><img decoding=\"async\" src=\"https:\/\/casa.oaxaca.gob.mx\/wp-content\/uploads\/2022\/04\/Banner-01-705x484.png\" title=\"Banner 01\" alt=\"\" \/><\/div><\/div><figcaption class='av-inner-masonry-content site-background'><div class='av-inner-masonry-content-pos'><div class='av-inner-masonry-content-pos-content'><div class='avia-arrow'><\/div><h3 class='av-masonry-entry-title entry-title'  itemprop=\"headline\" >Exposici\u00f3n: Ocean\u00eda. Arte Ritual de Nueva Guinea. Objetos de la colecci\u00f3n Ren\u00e9 Bustamante.<\/h3><span class='av-masonry-date meta-color updated'><\/span><span class=\"av-masonry-text-sep text-sep-author\">\/<\/span><span class='av-masonry-author meta-color vcard author'><span class='fn'>by <\/span><\/span><\/div><\/div><\/figcaption><\/figure><\/a><!--end av-masonry entry--><a href=\"https:\/\/casa.oaxaca.gob.mx\/?p=11901\" id='av-masonry-1-item-11901' data-av-masonry-item='11901' class='av-masonry-entry isotope-item post-11901 post type-post status-publish format-standard has-post-thumbnail hentry category-convocatorias-pasadas all_sort convocatorias-pasadas_sort  av-masonry-item-with-image' title=\"Taller: Afelpado\/Elementos para joyer\u00eda textil Imparte: Jes\u00fas Mart\u00ednez.\"  itemscope=\"itemscope\" itemtype=\"https:\/\/schema.org\/CreativeWork\" ><div class='av-inner-masonry-sizer'><\/div><figure class='av-inner-masonry main_color'><div class=\"av-masonry-outerimage-container\"><div class=\"av-masonry-image-container\" style=\"background-image: url(https:\/\/casa.oaxaca.gob.mx\/wp-content\/uploads\/2022\/04\/8.Afelpado_joyeria-textil.jpg);\"><img decoding=\"async\" src=\"https:\/\/casa.oaxaca.gob.mx\/wp-content\/uploads\/2022\/04\/8.Afelpado_joyeria-textil.jpg\" title=\"8.Afelpado_joyeria textil\" alt=\"\" \/><\/div><\/div><figcaption class='av-inner-masonry-content site-background'><div class='av-inner-masonry-content-pos'><div class='av-inner-masonry-content-pos-content'><div class='avia-arrow'><\/div><h3 class='av-masonry-entry-title entry-title'  itemprop=\"headline\" >Taller: Afelpado\/Elementos para joyer\u00eda textil Imparte: Jes\u00fas Mart\u00ednez.<\/h3><span class='av-masonry-date meta-color updated'><\/span><span class=\"av-masonry-text-sep text-sep-author\">\/<\/span><span class='av-masonry-author meta-color vcard author'><span class='fn'>by <\/span><\/span><\/div><\/div><\/figcaption><\/figure><\/a><!--end av-masonry entry--><a href=\"https:\/\/casa.oaxaca.gob.mx\/?p=11885\" id='av-masonry-1-item-11885' data-av-masonry-item='11885' class='av-masonry-entry isotope-item post-11885 post type-post status-publish format-standard has-post-thumbnail hentry category-convocatorias-pasadas all_sort convocatorias-pasadas_sort  av-masonry-item-with-image' title=\"Taller: Cer\u00e1mica en alta temperatura. Imparte: Claudio Jer\u00f3nimo L\u00f3pez.\"  itemscope=\"itemscope\" itemtype=\"https:\/\/schema.org\/CreativeWork\" ><div class='av-inner-masonry-sizer'><\/div><figure class='av-inner-masonry main_color'><div class=\"av-masonry-outerimage-container\"><div class=\"av-masonry-image-container\" style=\"background-image: url(https:\/\/casa.oaxaca.gob.mx\/wp-content\/uploads\/2022\/04\/cerrado-04-705x484.png);\"><img decoding=\"async\" src=\"https:\/\/casa.oaxaca.gob.mx\/wp-content\/uploads\/2022\/04\/cerrado-04-705x484.png\" title=\"cerrado 04\" alt=\"\" \/><\/div><\/div><figcaption class='av-inner-masonry-content site-background'><div class='av-inner-masonry-content-pos'><div class='av-inner-masonry-content-pos-content'><div class='avia-arrow'><\/div><h3 class='av-masonry-entry-title entry-title'  itemprop=\"headline\" >Taller: Cer\u00e1mica en alta temperatura. Imparte: Claudio Jer\u00f3nimo L\u00f3pez.<\/h3><span class='av-masonry-date meta-color updated'><\/span><span class=\"av-masonry-text-sep text-sep-author\">\/<\/span><span class='av-masonry-author meta-color vcard author'><span class='fn'>by <\/span><\/span><\/div><\/div><\/figcaption><\/figure><\/a><!--end av-masonry entry--><a href=\"https:\/\/casa.oaxaca.gob.mx\/?p=11873\" id='av-masonry-1-item-11873' data-av-masonry-item='11873' class='av-masonry-entry isotope-item post-11873 post type-post status-publish format-standard has-post-thumbnail hentry category-convocatorias-pasadas all_sort convocatorias-pasadas_sort  av-masonry-item-with-image' title=\"Taller: Practica de retrato en blanco y negro . Imparte: Fausto Nah\u00fam P\u00e9rez S\u00e1nchez.\"  itemscope=\"itemscope\" itemtype=\"https:\/\/schema.org\/CreativeWork\" ><div class='av-inner-masonry-sizer'><\/div><figure class='av-inner-masonry main_color'><div class=\"av-masonry-outerimage-container\"><div class=\"av-masonry-image-container\" style=\"background-image: url(https:\/\/casa.oaxaca.gob.mx\/wp-content\/uploads\/2022\/03\/14.Retrato-en-blanco-y-negro.jpg);\"><img decoding=\"async\" src=\"https:\/\/casa.oaxaca.gob.mx\/wp-content\/uploads\/2022\/03\/14.Retrato-en-blanco-y-negro.jpg\" title=\"14.Retrato en blanco y negro\" alt=\"\" \/><\/div><\/div><figcaption class='av-inner-masonry-content site-background'><div class='av-inner-masonry-content-pos'><div class='av-inner-masonry-content-pos-content'><div class='avia-arrow'><\/div><h3 class='av-masonry-entry-title entry-title'  itemprop=\"headline\" >Taller: Practica de retrato en blanco y negro . Imparte: Fausto Nah\u00fam P\u00e9rez S\u00e1nchez.<\/h3><span class='av-masonry-date meta-color updated'><\/span><span class=\"av-masonry-text-sep text-sep-author\">\/<\/span><span class='av-masonry-author meta-color vcard author'><span class='fn'>by <\/span><\/span><\/div><\/div><\/figcaption><\/figure><\/a><!--end av-masonry entry--><a href=\"https:\/\/casa.oaxaca.gob.mx\/?p=11864\" id='av-masonry-1-item-11864' data-av-masonry-item='11864' class='av-masonry-entry isotope-item post-11864 post type-post status-publish format-standard has-post-thumbnail hentry category-convocatorias-pasadas all_sort convocatorias-pasadas_sort  av-masonry-item-with-image' title=\"Taller: Fotograf\u00eda digital. Imparte: Fausto Nah\u00fam P\u00e9rez S\u00e1nchez\"  itemscope=\"itemscope\" itemtype=\"https:\/\/schema.org\/CreativeWork\" ><div class='av-inner-masonry-sizer'><\/div><figure class='av-inner-masonry main_color'><div class=\"av-masonry-outerimage-container\"><div class=\"av-masonry-image-container\" style=\"background-image: url(https:\/\/casa.oaxaca.gob.mx\/wp-content\/uploads\/2022\/03\/Cerrada-02-705x484.png);\"><img decoding=\"async\" src=\"https:\/\/casa.oaxaca.gob.mx\/wp-content\/uploads\/2022\/03\/Cerrada-02-705x484.png\" title=\"Cerrada 02\" alt=\"\" \/><\/div><\/div><figcaption class='av-inner-masonry-content site-background'><div class='av-inner-masonry-content-pos'><div class='av-inner-masonry-content-pos-content'><div class='avia-arrow'><\/div><h3 class='av-masonry-entry-title entry-title'  itemprop=\"headline\" >Taller: Fotograf\u00eda digital. Imparte: Fausto Nah\u00fam P\u00e9rez S\u00e1nchez<\/h3><span class='av-masonry-date meta-color updated'><\/span><span class=\"av-masonry-text-sep text-sep-author\">\/<\/span><span class='av-masonry-author meta-color vcard author'><span class='fn'>by <\/span><\/span><\/div><\/div><\/figcaption><\/figure><\/a><!--end av-masonry entry--><a href=\"https:\/\/casa.oaxaca.gob.mx\/?p=11858\" id='av-masonry-1-item-11858' data-av-masonry-item='11858' class='av-masonry-entry isotope-item post-11858 post type-post status-publish format-standard has-post-thumbnail hentry category-convocatorias-pasadas all_sort convocatorias-pasadas_sort  av-masonry-item-with-image' title=\"Taller: Fanzine.  Imparte: Colectivo Polvoh Press. Mirel Fraga y Alfonso Barrera.\"  itemscope=\"itemscope\" itemtype=\"https:\/\/schema.org\/CreativeWork\" ><div class='av-inner-masonry-sizer'><\/div><figure class='av-inner-masonry main_color'><div class=\"av-masonry-outerimage-container\"><div class=\"av-masonry-image-container\" style=\"background-image: url(https:\/\/casa.oaxaca.gob.mx\/wp-content\/uploads\/2022\/03\/cerrado-03-705x484.png);\"><img decoding=\"async\" src=\"https:\/\/casa.oaxaca.gob.mx\/wp-content\/uploads\/2022\/03\/cerrado-03-705x484.png\" title=\"cerrado 03\" alt=\"\" \/><\/div><\/div><figcaption class='av-inner-masonry-content site-background'><div class='av-inner-masonry-content-pos'><div class='av-inner-masonry-content-pos-content'><div class='avia-arrow'><\/div><h3 class='av-masonry-entry-title entry-title'  itemprop=\"headline\" >Taller: Fanzine.  Imparte: Colectivo Polvoh Press. Mirel Fraga y Alfonso Barrera.<\/h3><span class='av-masonry-date meta-color updated'><\/span><span class=\"av-masonry-text-sep text-sep-author\">\/<\/span><span class='av-masonry-author meta-color vcard author'><span class='fn'>by <\/span><\/span><\/div><\/div><\/figcaption><\/figure><\/a><!--end av-masonry entry--><a href=\"https:\/\/casa.oaxaca.gob.mx\/?p=11851\" id='av-masonry-1-item-11851' data-av-masonry-item='11851' class='av-masonry-entry isotope-item post-11851 post type-post status-publish format-standard has-post-thumbnail hentry category-convocatorias-pasadas all_sort convocatorias-pasadas_sort  av-masonry-item-with-image' title=\"Taller: Cer\u00e1mica en alta temperatura para ni\u00f1as y ni\u00f1os. Imparte: To\u00f1ita Silva\"  itemscope=\"itemscope\" itemtype=\"https:\/\/schema.org\/CreativeWork\" ><div class='av-inner-masonry-sizer'><\/div><figure class='av-inner-masonry main_color'><div class=\"av-masonry-outerimage-container\"><div class=\"av-masonry-image-container\" style=\"background-image: url(https:\/\/casa.oaxaca.gob.mx\/wp-content\/uploads\/2022\/03\/Cerrada-03-705x484.png);\"><img decoding=\"async\" src=\"https:\/\/casa.oaxaca.gob.mx\/wp-content\/uploads\/2022\/03\/Cerrada-03-705x484.png\" title=\"Cerrada 03\" alt=\"\" \/><\/div><\/div><figcaption class='av-inner-masonry-content site-background'><div class='av-inner-masonry-content-pos'><div class='av-inner-masonry-content-pos-content'><div class='avia-arrow'><\/div><h3 class='av-masonry-entry-title entry-title'  itemprop=\"headline\" >Taller: Cer\u00e1mica en alta temperatura para ni\u00f1as y ni\u00f1os. Imparte: To\u00f1ita Silva<\/h3><span class='av-masonry-date meta-color updated'><\/span><span class=\"av-masonry-text-sep text-sep-author\">\/<\/span><span class='av-masonry-author meta-color vcard author'><span class='fn'>by <\/span><\/span><\/div><\/div><\/figcaption><\/figure><\/a><!--end av-masonry entry--><a href=\"https:\/\/casa.oaxaca.gob.mx\/?p=11835\" id='av-masonry-1-item-11835' data-av-masonry-item='11835' class='av-masonry-entry isotope-item post-11835 post type-post status-publish format-standard has-post-thumbnail hentry category-convocatorias-pasadas all_sort convocatorias-pasadas_sort  av-masonry-item-with-image' title=\"Taller: Elaboraci\u00f3n de Papel Artesanal. Imparten: Eric Ram\u00edrez y Gloria Dom\u00ednguez.\"  itemscope=\"itemscope\" itemtype=\"https:\/\/schema.org\/CreativeWork\" ><div class='av-inner-masonry-sizer'><\/div><figure class='av-inner-masonry main_color'><div class=\"av-masonry-outerimage-container\"><div class=\"av-masonry-image-container\" style=\"background-image: url(https:\/\/casa.oaxaca.gob.mx\/wp-content\/uploads\/2022\/03\/Banner-cerrado-705x484.png);\"><img decoding=\"async\" src=\"https:\/\/casa.oaxaca.gob.mx\/wp-content\/uploads\/2022\/03\/Banner-cerrado-705x484.png\" title=\"Banner cerrado\" alt=\"\" \/><\/div><\/div><figcaption class='av-inner-masonry-content site-background'><div class='av-inner-masonry-content-pos'><div class='av-inner-masonry-content-pos-content'><div class='avia-arrow'><\/div><h3 class='av-masonry-entry-title entry-title'  itemprop=\"headline\" >Taller: Elaboraci\u00f3n de Papel Artesanal. Imparten: Eric Ram\u00edrez y Gloria Dom\u00ednguez.<\/h3><span class='av-masonry-date meta-color updated'><\/span><span class=\"av-masonry-text-sep text-sep-author\">\/<\/span><span class='av-masonry-author meta-color vcard author'><span class='fn'>by <\/span><\/span><\/div><\/div><\/figcaption><\/figure><\/a><!--end av-masonry entry--><a href=\"https:\/\/casa.oaxaca.gob.mx\/?p=11823\" id='av-masonry-1-item-11823' data-av-masonry-item='11823' class='av-masonry-entry isotope-item post-11823 post type-post status-publish format-standard has-post-thumbnail hentry category-convocatorias-pasadas all_sort convocatorias-pasadas_sort  av-masonry-item-with-image' title=\"Taller: Somos semilla. Danza y creatividad corporal para ni\u00f1os y ni\u00f1as. Imparte: Mar\u00eda Karen Vilchis.\"  itemscope=\"itemscope\" itemtype=\"https:\/\/schema.org\/CreativeWork\" ><div class='av-inner-masonry-sizer'><\/div><figure class='av-inner-masonry main_color'><div class=\"av-masonry-outerimage-container\"><div class=\"av-masonry-image-container\" style=\"background-image: url(https:\/\/casa.oaxaca.gob.mx\/wp-content\/uploads\/2022\/03\/19.6.Somos-semillas-705x484.png);\"><img decoding=\"async\" src=\"https:\/\/casa.oaxaca.gob.mx\/wp-content\/uploads\/2022\/03\/19.6.Somos-semillas-705x484.png\" title=\"19.6.Somos semillas\" alt=\"\" \/><\/div><\/div><figcaption class='av-inner-masonry-content site-background'><div class='av-inner-masonry-content-pos'><div class='av-inner-masonry-content-pos-content'><div class='avia-arrow'><\/div><h3 class='av-masonry-entry-title entry-title'  itemprop=\"headline\" >Taller: Somos semilla. Danza y creatividad corporal para ni\u00f1os y ni\u00f1as. Imparte: Mar\u00eda Karen Vilchis.<\/h3><span class='av-masonry-date meta-color updated'><\/span><span class=\"av-masonry-text-sep text-sep-author\">\/<\/span><span class='av-masonry-author meta-color vcard author'><span class='fn'>by <\/span><\/span><\/div><\/div><\/figcaption><\/figure><\/a><!--end av-masonry entry--><a href=\"https:\/\/casa.oaxaca.gob.mx\/?p=11808\" id='av-masonry-1-item-11808' data-av-masonry-item='11808' class='av-masonry-entry isotope-item post-11808 post type-post status-publish format-standard has-post-thumbnail hentry category-convocatorias-pasadas all_sort convocatorias-pasadas_sort  av-masonry-item-with-image' title=\"Taller: Ilustrando historia en lenguas originarias.  . Imparte: Jos\u00e9 \u00c1ngel Santiago\"  itemscope=\"itemscope\" itemtype=\"https:\/\/schema.org\/CreativeWork\" ><div class='av-inner-masonry-sizer'><\/div><figure class='av-inner-masonry main_color'><div class=\"av-masonry-outerimage-container\"><div class=\"av-masonry-image-container\" style=\"background-image: url(https:\/\/casa.oaxaca.gob.mx\/wp-content\/uploads\/2022\/03\/Cerrada-01-1-705x484.png);\"><img decoding=\"async\" src=\"https:\/\/casa.oaxaca.gob.mx\/wp-content\/uploads\/2022\/03\/Cerrada-01-1-705x484.png\" title=\"Cerrada 01 (1)\" alt=\"\" \/><\/div><\/div><figcaption class='av-inner-masonry-content site-background'><div class='av-inner-masonry-content-pos'><div class='av-inner-masonry-content-pos-content'><div class='avia-arrow'><\/div><h3 class='av-masonry-entry-title entry-title'  itemprop=\"headline\" >Taller: Ilustrando historia en lenguas originarias.  . Imparte: Jos\u00e9 \u00c1ngel Santiago<\/h3><span class='av-masonry-date meta-color updated'><\/span><span class=\"av-masonry-text-sep text-sep-author\">\/<\/span><span class='av-masonry-author meta-color vcard author'><span class='fn'>by <\/span><\/span><\/div><\/div><\/figcaption><\/figure><\/a><!--end av-masonry entry--><a href=\"https:\/\/casa.oaxaca.gob.mx\/?p=11798\" id='av-masonry-1-item-11798' data-av-masonry-item='11798' class='av-masonry-entry isotope-item post-11798 post type-post status-publish format-standard has-post-thumbnail hentry category-convocatorias-pasadas all_sort convocatorias-pasadas_sort  av-masonry-item-with-image' title=\"Taller: El dibujo como estrategia y su representaci\u00f3n en la figuraci\u00f3n, la abstracci\u00f3n y el proceso.  Imparte: Juan Iv\u00e1n Gonz\u00e1lez de Le\u00f3n.\"  itemscope=\"itemscope\" itemtype=\"https:\/\/schema.org\/CreativeWork\" ><div class='av-inner-masonry-sizer'><\/div><figure class='av-inner-masonry main_color'><div class=\"av-masonry-outerimage-container\"><div class=\"av-masonry-image-container\" style=\"background-image: url(https:\/\/casa.oaxaca.gob.mx\/wp-content\/uploads\/2022\/03\/Banner-cerrado-2-705x484.png);\"><img decoding=\"async\" src=\"https:\/\/casa.oaxaca.gob.mx\/wp-content\/uploads\/2022\/03\/Banner-cerrado-2-705x484.png\" title=\"Banner cerrado 2\" alt=\"\" \/><\/div><\/div><figcaption class='av-inner-masonry-content site-background'><div class='av-inner-masonry-content-pos'><div class='av-inner-masonry-content-pos-content'><div class='avia-arrow'><\/div><h3 class='av-masonry-entry-title entry-title'  itemprop=\"headline\" >Taller: El dibujo como estrategia y su representaci\u00f3n en la figuraci\u00f3n, la abstracci\u00f3n y el proceso.  Imparte: Juan Iv\u00e1n Gonz\u00e1lez de Le\u00f3n.<\/h3><span class='av-masonry-date meta-color updated'><\/span><span class=\"av-masonry-text-sep text-sep-author\">\/<\/span><span class='av-masonry-author meta-color vcard author'><span class='fn'>by <\/span><\/span><\/div><\/div><\/figcaption><\/figure><\/a><!--end av-masonry entry--><a href=\"https:\/\/casa.oaxaca.gob.mx\/?p=11780\" id='av-masonry-1-item-11780' data-av-masonry-item='11780' class='av-masonry-entry isotope-item post-11780 post type-post status-publish format-standard has-post-thumbnail hentry category-convocatorias-pasadas all_sort convocatorias-pasadas_sort  av-masonry-item-with-image' title=\"Curso-Taller: introducci\u00f3n a t\u00e9cnicas de encuadernaci\u00f3n y conservaci\u00f3n para acervos documentales y bibliogr\u00e1ficos. Coordina: Diana Vel\u00e1zquez.\"  itemscope=\"itemscope\" itemtype=\"https:\/\/schema.org\/CreativeWork\" ><div class='av-inner-masonry-sizer'><\/div><figure class='av-inner-masonry main_color'><div class=\"av-masonry-outerimage-container\"><div class=\"av-masonry-image-container\" style=\"background-image: url(https:\/\/casa.oaxaca.gob.mx\/wp-content\/uploads\/2022\/03\/Banner-cerrado-4-705x484.png);\"><img decoding=\"async\" src=\"https:\/\/casa.oaxaca.gob.mx\/wp-content\/uploads\/2022\/03\/Banner-cerrado-4-705x484.png\" title=\"Banner cerrado 4\" alt=\"\" \/><\/div><\/div><figcaption class='av-inner-masonry-content site-background'><div class='av-inner-masonry-content-pos'><div class='av-inner-masonry-content-pos-content'><div class='avia-arrow'><\/div><h3 class='av-masonry-entry-title entry-title'  itemprop=\"headline\" >Curso-Taller: introducci\u00f3n a t\u00e9cnicas de encuadernaci\u00f3n y conservaci\u00f3n para acervos documentales y bibliogr\u00e1ficos. Coordina: Diana Vel\u00e1zquez.<\/h3><span class='av-masonry-date meta-color updated'><\/span><span class=\"av-masonry-text-sep text-sep-author\">\/<\/span><span class='av-masonry-author meta-color vcard author'><span class='fn'>by <\/span><\/span><\/div><\/div><\/figcaption><\/figure><\/a><!--end av-masonry entry--><a href=\"https:\/\/casa.oaxaca.gob.mx\/?p=11770\" id='av-masonry-1-item-11770' data-av-masonry-item='11770' class='av-masonry-entry isotope-item post-11770 post type-post status-publish format-standard has-post-thumbnail hentry category-convocatorias-pasadas all_sort convocatorias-pasadas_sort  av-masonry-item-with-image' title=\"Taller: Pintura al fresco. Imparte: Jos\u00e9 \u00c1ngel Santiago\"  itemscope=\"itemscope\" itemtype=\"https:\/\/schema.org\/CreativeWork\" ><div class='av-inner-masonry-sizer'><\/div><figure class='av-inner-masonry main_color'><div class=\"av-masonry-outerimage-container\"><div class=\"av-masonry-image-container\" style=\"background-image: url(https:\/\/casa.oaxaca.gob.mx\/wp-content\/uploads\/2022\/03\/Banner-cerrado-3-705x484.png);\"><img decoding=\"async\" src=\"https:\/\/casa.oaxaca.gob.mx\/wp-content\/uploads\/2022\/03\/Banner-cerrado-3-705x484.png\" title=\"Banner cerrado 3\" alt=\"\" \/><\/div><\/div><figcaption class='av-inner-masonry-content site-background'><div class='av-inner-masonry-content-pos'><div class='av-inner-masonry-content-pos-content'><div class='avia-arrow'><\/div><h3 class='av-masonry-entry-title entry-title'  itemprop=\"headline\" >Taller: Pintura al fresco. Imparte: Jos\u00e9 \u00c1ngel Santiago<\/h3><span class='av-masonry-date meta-color updated'><\/span><span class=\"av-masonry-text-sep text-sep-author\">\/<\/span><span class='av-masonry-author meta-color vcard author'><span class='fn'>by <\/span><\/span><\/div><\/div><\/figcaption><\/figure><\/a><!--end av-masonry entry--><a href=\"https:\/\/casa.oaxaca.gob.mx\/?p=11763\" id='av-masonry-1-item-11763' data-av-masonry-item='11763' class='av-masonry-entry isotope-item post-11763 post type-post status-publish format-standard has-post-thumbnail hentry category-convocatorias-pasadas all_sort convocatorias-pasadas_sort  av-masonry-item-with-image' title=\"Taller: Laboratorio de coreograf\u00eda social: El Camino de la Lana. Imparte: Peter Stamer e Ilya No\u00e9\"  itemscope=\"itemscope\" itemtype=\"https:\/\/schema.org\/CreativeWork\" ><div class='av-inner-masonry-sizer'><\/div><figure class='av-inner-masonry main_color'><div class=\"av-masonry-outerimage-container\"><div class=\"av-masonry-image-container\" style=\"background-image: url(https:\/\/casa.oaxaca.gob.mx\/wp-content\/uploads\/2022\/03\/Cerrada-04-705x484.png);\"><img decoding=\"async\" src=\"https:\/\/casa.oaxaca.gob.mx\/wp-content\/uploads\/2022\/03\/Cerrada-04-705x484.png\" title=\"Cerrada 04\" alt=\"\" \/><\/div><\/div><figcaption class='av-inner-masonry-content site-background'><div class='av-inner-masonry-content-pos'><div class='av-inner-masonry-content-pos-content'><div class='avia-arrow'><\/div><h3 class='av-masonry-entry-title entry-title'  itemprop=\"headline\" >Taller: Laboratorio de coreograf\u00eda social: El Camino de la Lana. Imparte: Peter Stamer e Ilya No\u00e9<\/h3><span class='av-masonry-date meta-color updated'><\/span><span class=\"av-masonry-text-sep text-sep-author\">\/<\/span><span class='av-masonry-author meta-color vcard author'><span class='fn'>by <\/span><\/span><\/div><\/div><\/figcaption><\/figure><\/a><!--end av-masonry entry--><a href=\"https:\/\/casa.oaxaca.gob.mx\/?p=11761\" id='av-masonry-1-item-11761' data-av-masonry-item='11761' class='av-masonry-entry isotope-item post-11761 post type-post status-publish format-standard has-post-thumbnail hentry category-convocatorias-pasadas all_sort convocatorias-pasadas_sort  av-masonry-item-with-image' title=\"Exto no me pertenece. Dexter Dalwood.\"  itemscope=\"itemscope\" itemtype=\"https:\/\/schema.org\/CreativeWork\" ><div class='av-inner-masonry-sizer'><\/div><figure class='av-inner-masonry main_color'><div class=\"av-masonry-outerimage-container\"><div class=\"av-masonry-image-container\" style=\"background-image: url(https:\/\/casa.oaxaca.gob.mx\/wp-content\/uploads\/2022\/02\/BANNER-01-705x484.png);\"><img decoding=\"async\" src=\"https:\/\/casa.oaxaca.gob.mx\/wp-content\/uploads\/2022\/02\/BANNER-01-705x484.png\" title=\"BANNER 01\" alt=\"\" \/><\/div><\/div><figcaption class='av-inner-masonry-content site-background'><div class='av-inner-masonry-content-pos'><div class='av-inner-masonry-content-pos-content'><div class='avia-arrow'><\/div><h3 class='av-masonry-entry-title entry-title'  itemprop=\"headline\" >Exto no me pertenece. Dexter Dalwood.<\/h3><span class='av-masonry-date meta-color updated'><\/span><span class=\"av-masonry-text-sep text-sep-author\">\/<\/span><span class='av-masonry-author meta-color vcard author'><span class='fn'>by <\/span><\/span><\/div><\/div><\/figcaption><\/figure><\/a><!--end av-masonry entry--><a href=\"https:\/\/casa.oaxaca.gob.mx\/?p=11711\" id='av-masonry-1-item-11711' data-av-masonry-item='11711' class='av-masonry-entry isotope-item post-11711 post type-post status-publish format-standard has-post-thumbnail hentry category-convocatorias-pasadas all_sort convocatorias-pasadas_sort  av-masonry-item-with-image' title=\"Taller: R\u00f3tulo mexicano.  Imparten: Arturo Bautista Ch\u00e1vez y Giovanni Bautista Rojas\"  itemscope=\"itemscope\" itemtype=\"https:\/\/schema.org\/CreativeWork\" ><div class='av-inner-masonry-sizer'><\/div><figure class='av-inner-masonry main_color'><div class=\"av-masonry-outerimage-container\"><div class=\"av-masonry-image-container\" style=\"background-image: url(https:\/\/casa.oaxaca.gob.mx\/wp-content\/uploads\/2022\/02\/9.Rotulo-mexicano.jpg);\"><img decoding=\"async\" src=\"https:\/\/casa.oaxaca.gob.mx\/wp-content\/uploads\/2022\/02\/9.Rotulo-mexicano.jpg\" title=\"9.Rotulo mexicano\" alt=\"\" \/><\/div><\/div><figcaption class='av-inner-masonry-content site-background'><div class='av-inner-masonry-content-pos'><div class='av-inner-masonry-content-pos-content'><div class='avia-arrow'><\/div><h3 class='av-masonry-entry-title entry-title'  itemprop=\"headline\" >Taller: R\u00f3tulo mexicano.  Imparten: Arturo Bautista Ch\u00e1vez y Giovanni Bautista Rojas<\/h3><span class='av-masonry-date meta-color updated'><\/span><span class=\"av-masonry-text-sep text-sep-author\">\/<\/span><span class='av-masonry-author meta-color vcard author'><span class='fn'>by <\/span><\/span><\/div><\/div><\/figcaption><\/figure><\/a><!--end av-masonry entry--><a href=\"https:\/\/casa.oaxaca.gob.mx\/?p=11727\" id='av-masonry-1-item-11727' data-av-masonry-item='11727' class='av-masonry-entry isotope-item post-11727 post type-post status-publish format-standard has-post-thumbnail hentry category-convocatorias-pasadas all_sort convocatorias-pasadas_sort  av-masonry-item-with-image' title=\"Taller: Experimentando con mis acuarelas.   Imparte: V\u00edctor Ram\u00edrez.\"  itemscope=\"itemscope\" itemtype=\"https:\/\/schema.org\/CreativeWork\" ><div class='av-inner-masonry-sizer'><\/div><figure class='av-inner-masonry main_color'><div class=\"av-masonry-outerimage-container\"><div class=\"av-masonry-image-container\" style=\"background-image: url(https:\/\/casa.oaxaca.gob.mx\/wp-content\/uploads\/2022\/02\/banner-cerrado-1-705x484.png);\"><img decoding=\"async\" src=\"https:\/\/casa.oaxaca.gob.mx\/wp-content\/uploads\/2022\/02\/banner-cerrado-1-705x484.png\" title=\"banner cerrado\" alt=\"\" \/><\/div><\/div><figcaption class='av-inner-masonry-content site-background'><div class='av-inner-masonry-content-pos'><div class='av-inner-masonry-content-pos-content'><div class='avia-arrow'><\/div><h3 class='av-masonry-entry-title entry-title'  itemprop=\"headline\" >Taller: Experimentando con mis acuarelas.   Imparte: V\u00edctor Ram\u00edrez.<\/h3><span class='av-masonry-date meta-color updated'><\/span><span class=\"av-masonry-text-sep text-sep-author\">\/<\/span><span class='av-masonry-author meta-color vcard author'><span class='fn'>by <\/span><\/span><\/div><\/div><\/figcaption><\/figure><\/a><!--end av-masonry entry--><a href=\"https:\/\/casa.oaxaca.gob.mx\/?p=11720\" id='av-masonry-1-item-11720' data-av-masonry-item='11720' class='av-masonry-entry isotope-item post-11720 post type-post status-publish format-standard has-post-thumbnail hentry category-convocatorias-pasadas all_sort convocatorias-pasadas_sort  av-masonry-item-with-image' title=\"Taller: Creaci\u00f3n de cantos en lenguas originarias. Imparte: Ren\u00e9 Gonz\u00e1lez Santill\u00e1n.\"  itemscope=\"itemscope\" itemtype=\"https:\/\/schema.org\/CreativeWork\" ><div class='av-inner-masonry-sizer'><\/div><figure class='av-inner-masonry main_color'><div class=\"av-masonry-outerimage-container\"><div class=\"av-masonry-image-container\" style=\"background-image: url(https:\/\/casa.oaxaca.gob.mx\/wp-content\/uploads\/2022\/02\/cerrado-05-705x484.png);\"><img decoding=\"async\" src=\"https:\/\/casa.oaxaca.gob.mx\/wp-content\/uploads\/2022\/02\/cerrado-05-705x484.png\" title=\"cerrado 05\" alt=\"\" \/><\/div><\/div><figcaption class='av-inner-masonry-content site-background'><div class='av-inner-masonry-content-pos'><div class='av-inner-masonry-content-pos-content'><div class='avia-arrow'><\/div><h3 class='av-masonry-entry-title entry-title'  itemprop=\"headline\" >Taller: Creaci\u00f3n de cantos en lenguas originarias. Imparte: Ren\u00e9 Gonz\u00e1lez Santill\u00e1n.<\/h3><span class='av-masonry-date meta-color updated'><\/span><span class=\"av-masonry-text-sep text-sep-author\">\/<\/span><span class='av-masonry-author meta-color vcard author'><span class='fn'>by <\/span><\/span><\/div><\/div><\/figcaption><\/figure><\/a><!--end av-masonry entry--><a href=\"https:\/\/casa.oaxaca.gob.mx\/?p=11712\" id='av-masonry-1-item-11712' data-av-masonry-item='11712' class='av-masonry-entry isotope-item post-11712 post type-post status-publish format-standard has-post-thumbnail hentry category-convocatorias-pasadas all_sort convocatorias-pasadas_sort  av-masonry-item-with-image' title=\"Taller: Aprende a hacer tus propias acuarelas artesanales.  Imparte: Roxana Cort\u00e9s.\"  itemscope=\"itemscope\" itemtype=\"https:\/\/schema.org\/CreativeWork\" ><div class='av-inner-masonry-sizer'><\/div><figure class='av-inner-masonry main_color'><div class=\"av-masonry-outerimage-container\"><div class=\"av-masonry-image-container\" style=\"background-image: url(https:\/\/casa.oaxaca.gob.mx\/wp-content\/uploads\/2022\/02\/Cerrada-03-705x484.png);\"><img decoding=\"async\" src=\"https:\/\/casa.oaxaca.gob.mx\/wp-content\/uploads\/2022\/02\/Cerrada-03-705x484.png\" title=\"Cerrada 03\" alt=\"\" \/><\/div><\/div><figcaption class='av-inner-masonry-content site-background'><div class='av-inner-masonry-content-pos'><div class='av-inner-masonry-content-pos-content'><div class='avia-arrow'><\/div><h3 class='av-masonry-entry-title entry-title'  itemprop=\"headline\" >Taller: Aprende a hacer tus propias acuarelas artesanales.  Imparte: Roxana Cort\u00e9s.<\/h3><span class='av-masonry-date meta-color updated'><\/span><span class=\"av-masonry-text-sep text-sep-author\">\/<\/span><span class='av-masonry-author meta-color vcard author'><span class='fn'>by <\/span><\/span><\/div><\/div><\/figcaption><\/figure><\/a><!--end av-masonry entry--><a href=\"https:\/\/casa.oaxaca.gob.mx\/?p=11695\" id='av-masonry-1-item-11695' data-av-masonry-item='11695' class='av-masonry-entry isotope-item post-11695 post type-post status-publish format-standard has-post-thumbnail hentry category-esposiciones-pasadas all_sort esposiciones-pasadas_sort  av-masonry-item-with-image' title=\"Mil vidas. Cr\u00f3nicas desde la carcel\"  itemscope=\"itemscope\" itemtype=\"https:\/\/schema.org\/CreativeWork\" ><div class='av-inner-masonry-sizer'><\/div><figure class='av-inner-masonry main_color'><div class=\"av-masonry-outerimage-container\"><div class=\"av-masonry-image-container\" style=\"background-image: url(https:\/\/casa.oaxaca.gob.mx\/wp-content\/uploads\/2022\/02\/MIL-VIDAS-705x484.png);\"><img decoding=\"async\" src=\"https:\/\/casa.oaxaca.gob.mx\/wp-content\/uploads\/2022\/02\/MIL-VIDAS-705x484.png\" title=\"MIL VIDAS\" alt=\"\" \/><\/div><\/div><figcaption class='av-inner-masonry-content site-background'><div class='av-inner-masonry-content-pos'><div class='av-inner-masonry-content-pos-content'><div class='avia-arrow'><\/div><h3 class='av-masonry-entry-title entry-title'  itemprop=\"headline\" >Mil vidas. Cr\u00f3nicas desde la carcel<\/h3><span class='av-masonry-date meta-color updated'><\/span><span class=\"av-masonry-text-sep text-sep-author\">\/<\/span><span class='av-masonry-author meta-color vcard author'><span class='fn'>by <\/span><\/span><\/div><\/div><\/figcaption><\/figure><\/a><!--end av-masonry entry--><a href=\"https:\/\/casa.oaxaca.gob.mx\/?p=11679\" id='av-masonry-1-item-11679' data-av-masonry-item='11679' class='av-masonry-entry isotope-item post-11679 post type-post status-publish format-standard has-post-thumbnail hentry category-convocatorias-pasadas all_sort convocatorias-pasadas_sort  av-masonry-item-with-image' title=\"Programa de Fotograf\u00eda Documental. Imparten: Antoine d\u2019Agata, Daniele Volpe, Peter van Agtmael, Sylvia Plachy, M\u00f3nica Gonz\u00e1lez y Yael Mart\u00ednez.\"  itemscope=\"itemscope\" itemtype=\"https:\/\/schema.org\/CreativeWork\" ><div class='av-inner-masonry-sizer'><\/div><figure class='av-inner-masonry main_color'><div class=\"av-masonry-outerimage-container\"><div class=\"av-masonry-image-container\" style=\"background-image: url(https:\/\/casa.oaxaca.gob.mx\/wp-content\/uploads\/2022\/01\/Banner-01_Cerrada-705x484.png);\"><img decoding=\"async\" src=\"https:\/\/casa.oaxaca.gob.mx\/wp-content\/uploads\/2022\/01\/Banner-01_Cerrada-705x484.png\" title=\"Banner 01_Cerrada\" alt=\"\" \/><\/div><\/div><figcaption class='av-inner-masonry-content site-background'><div class='av-inner-masonry-content-pos'><div class='av-inner-masonry-content-pos-content'><div class='avia-arrow'><\/div><h3 class='av-masonry-entry-title entry-title'  itemprop=\"headline\" >Programa de Fotograf\u00eda Documental. Imparten: Antoine d\u2019Agata, Daniele Volpe, Peter van Agtmael, Sylvia Plachy, M\u00f3nica Gonz\u00e1lez y Yael Mart\u00ednez.<\/h3><span class='av-masonry-date meta-color updated'><\/span><span class=\"av-masonry-text-sep text-sep-author\">\/<\/span><span class='av-masonry-author meta-color vcard author'><span class='fn'>by <\/span><\/span><\/div><\/div><\/figcaption><\/figure><\/a><!--end av-masonry entry--><a href=\"https:\/\/casa.oaxaca.gob.mx\/?p=11671\" id='av-masonry-1-item-11671' data-av-masonry-item='11671' class='av-masonry-entry isotope-item post-11671 post type-post status-publish format-standard has-post-thumbnail hentry category-convocatorias-pasadas all_sort convocatorias-pasadas_sort  av-masonry-item-with-image' title=\"Taller: Afelpado con agujas: dise\u00f1o y elaboraci\u00f3n de personajes en peque\u00f1o formato. Imparte: Jes\u00fas A. Mart\u00ednez Cruz.\"  itemscope=\"itemscope\" itemtype=\"https:\/\/schema.org\/CreativeWork\" ><div class='av-inner-masonry-sizer'><\/div><figure class='av-inner-masonry main_color'><div class=\"av-masonry-outerimage-container\"><div class=\"av-masonry-image-container\" style=\"background-image: url(https:\/\/casa.oaxaca.gob.mx\/wp-content\/uploads\/2022\/01\/cerrado-02-705x484.png);\"><img decoding=\"async\" src=\"https:\/\/casa.oaxaca.gob.mx\/wp-content\/uploads\/2022\/01\/cerrado-02-705x484.png\" title=\"cerrado 02\" alt=\"\" \/><\/div><\/div><figcaption class='av-inner-masonry-content site-background'><div class='av-inner-masonry-content-pos'><div class='av-inner-masonry-content-pos-content'><div class='avia-arrow'><\/div><h3 class='av-masonry-entry-title entry-title'  itemprop=\"headline\" >Taller: Afelpado con agujas: dise\u00f1o y elaboraci\u00f3n de personajes en peque\u00f1o formato. Imparte: Jes\u00fas A. Mart\u00ednez Cruz.<\/h3><span class='av-masonry-date meta-color updated'><\/span><span class=\"av-masonry-text-sep text-sep-author\">\/<\/span><span class='av-masonry-author meta-color vcard author'><span class='fn'>by <\/span><\/span><\/div><\/div><\/figcaption><\/figure><\/a><!--end av-masonry entry--><a href=\"https:\/\/casa.oaxaca.gob.mx\/?p=11663\" id='av-masonry-1-item-11663' data-av-masonry-item='11663' class='av-masonry-entry isotope-item post-11663 post type-post status-publish format-standard has-post-thumbnail hentry category-convocatorias-pasadas all_sort convocatorias-pasadas_sort  av-masonry-item-with-image' title=\"Taller: Introducci\u00f3n al grabado calcogr\u00e1fico. Imparte: Javier Antonio Dom\u00ednguez\"  itemscope=\"itemscope\" itemtype=\"https:\/\/schema.org\/CreativeWork\" ><div class='av-inner-masonry-sizer'><\/div><figure class='av-inner-masonry main_color'><div class=\"av-masonry-outerimage-container\"><div class=\"av-masonry-image-container\" style=\"background-image: url(https:\/\/casa.oaxaca.gob.mx\/wp-content\/uploads\/2022\/01\/Banner-cerrado-02-705x484.png);\"><img decoding=\"async\" src=\"https:\/\/casa.oaxaca.gob.mx\/wp-content\/uploads\/2022\/01\/Banner-cerrado-02-705x484.png\" title=\"Banner cerrado 02\" alt=\"\" \/><\/div><\/div><figcaption class='av-inner-masonry-content site-background'><div class='av-inner-masonry-content-pos'><div class='av-inner-masonry-content-pos-content'><div class='avia-arrow'><\/div><h3 class='av-masonry-entry-title entry-title'  itemprop=\"headline\" >Taller: Introducci\u00f3n al grabado calcogr\u00e1fico. Imparte: Javier Antonio Dom\u00ednguez<\/h3><span class='av-masonry-date meta-color updated'><\/span><span class=\"av-masonry-text-sep text-sep-author\">\/<\/span><span class='av-masonry-author meta-color vcard author'><span class='fn'>by <\/span><\/span><\/div><\/div><\/figcaption><\/figure><\/a><!--end av-masonry entry--><a href=\"https:\/\/casa.oaxaca.gob.mx\/?p=11651\" id='av-masonry-1-item-11651' data-av-masonry-item='11651' class='av-masonry-entry isotope-item post-11651 post type-post status-publish format-standard has-post-thumbnail hentry category-convocatorias-pasadas all_sort convocatorias-pasadas_sort  av-masonry-item-with-image' title=\"Taller: Herbolaria 2. Imparte: Mar\u00eda Abascal\"  itemscope=\"itemscope\" itemtype=\"https:\/\/schema.org\/CreativeWork\" ><div class='av-inner-masonry-sizer'><\/div><figure class='av-inner-masonry main_color'><div class=\"av-masonry-outerimage-container\"><div class=\"av-masonry-image-container\" style=\"background-image: url(https:\/\/casa.oaxaca.gob.mx\/wp-content\/uploads\/2022\/01\/Cerrada-01-1-705x484.png);\"><img decoding=\"async\" src=\"https:\/\/casa.oaxaca.gob.mx\/wp-content\/uploads\/2022\/01\/Cerrada-01-1-705x484.png\" title=\"Cerrada 01 (1)\" alt=\"\" \/><\/div><\/div><figcaption class='av-inner-masonry-content site-background'><div class='av-inner-masonry-content-pos'><div class='av-inner-masonry-content-pos-content'><div class='avia-arrow'><\/div><h3 class='av-masonry-entry-title entry-title'  itemprop=\"headline\" >Taller: Herbolaria 2. Imparte: Mar\u00eda Abascal<\/h3><span class='av-masonry-date meta-color updated'><\/span><span class=\"av-masonry-text-sep text-sep-author\">\/<\/span><span class='av-masonry-author meta-color vcard author'><span class='fn'>by <\/span><\/span><\/div><\/div><\/figcaption><\/figure><\/a><!--end av-masonry entry--><a href=\"https:\/\/casa.oaxaca.gob.mx\/?p=11644\" id='av-masonry-1-item-11644' data-av-masonry-item='11644' class='av-masonry-entry isotope-item post-11644 post type-post status-publish format-standard has-post-thumbnail hentry category-convocatorias-pasadas all_sort convocatorias-pasadas_sort  av-masonry-item-with-image' title=\"Taller: Hecha a mano. Fotograf\u00eda estenopeica.  Imparte: Mar\u00eda Luisa Santos Cu\u00e9llar\"  itemscope=\"itemscope\" itemtype=\"https:\/\/schema.org\/CreativeWork\" ><div class='av-inner-masonry-sizer'><\/div><figure class='av-inner-masonry main_color'><div class=\"av-masonry-outerimage-container\"><div class=\"av-masonry-image-container\" style=\"background-image: url(https:\/\/casa.oaxaca.gob.mx\/wp-content\/uploads\/2022\/01\/Banner-cerrado-01-705x484.png);\"><img decoding=\"async\" src=\"https:\/\/casa.oaxaca.gob.mx\/wp-content\/uploads\/2022\/01\/Banner-cerrado-01-705x484.png\" title=\"Banner cerrado 01\" alt=\"\" \/><\/div><\/div><figcaption class='av-inner-masonry-content site-background'><div class='av-inner-masonry-content-pos'><div class='av-inner-masonry-content-pos-content'><div class='avia-arrow'><\/div><h3 class='av-masonry-entry-title entry-title'  itemprop=\"headline\" >Taller: Hecha a mano. Fotograf\u00eda estenopeica.  Imparte: Mar\u00eda Luisa Santos Cu\u00e9llar<\/h3><span class='av-masonry-date meta-color updated'><\/span><span class=\"av-masonry-text-sep text-sep-author\">\/<\/span><span class='av-masonry-author meta-color vcard author'><span class='fn'>by <\/span><\/span><\/div><\/div><\/figcaption><\/figure><\/a><!--end av-masonry entry--><a href=\"https:\/\/casa.oaxaca.gob.mx\/?p=11614\" id='av-masonry-1-item-11614' data-av-masonry-item='11614' class='av-masonry-entry isotope-item post-11614 post type-post status-publish format-standard has-post-thumbnail hentry category-convocatorias-pasadas all_sort convocatorias-pasadas_sort  av-masonry-item-with-image' title=\"VII DIPLOMADO \u201cinteracciones &#8211; cuerpos en di\u00e1logo&#8221; \/ Danza y naturaleza. Coordinan: Claudia Lavista, Eleno Guzm\u00e1n y Jaciel Neri\"  itemscope=\"itemscope\" itemtype=\"https:\/\/schema.org\/CreativeWork\" ><div class='av-inner-masonry-sizer'><\/div><figure class='av-inner-masonry main_color'><div class=\"av-masonry-outerimage-container\"><div class=\"av-masonry-image-container\" style=\"background-image: url(https:\/\/casa.oaxaca.gob.mx\/wp-content\/uploads\/2021\/12\/Cerrada-01-1-705x484.png);\"><img decoding=\"async\" src=\"https:\/\/casa.oaxaca.gob.mx\/wp-content\/uploads\/2021\/12\/Cerrada-01-1-705x484.png\" title=\"Cerrada 01 (1)\" alt=\"\" \/><\/div><\/div><figcaption class='av-inner-masonry-content site-background'><div class='av-inner-masonry-content-pos'><div class='av-inner-masonry-content-pos-content'><div class='avia-arrow'><\/div><h3 class='av-masonry-entry-title entry-title'  itemprop=\"headline\" >VII DIPLOMADO \u201cinteracciones &#8211; cuerpos en di\u00e1logo&#8221; \/ Danza y naturaleza. Coordinan: Claudia Lavista, Eleno Guzm\u00e1n y Jaciel Neri<\/h3><span class='av-masonry-date meta-color updated'><\/span><span class=\"av-masonry-text-sep text-sep-author\">\/<\/span><span class='av-masonry-author meta-color vcard author'><span class='fn'>by <\/span><\/span><\/div><\/div><\/figcaption><\/figure><\/a><!--end av-masonry entry--><a href=\"https:\/\/casa.oaxaca.gob.mx\/?p=11584\" id='av-masonry-1-item-11584' data-av-masonry-item='11584' class='av-masonry-entry isotope-item post-11584 post type-post status-publish format-standard has-post-thumbnail hentry category-esposiciones-pasadas all_sort esposiciones-pasadas_sort  av-masonry-item-with-image' title=\"Exposici\u00f3n:  Novena generaci\u00f3n del Diplomado de Artes Visules.\"  itemscope=\"itemscope\" itemtype=\"https:\/\/schema.org\/CreativeWork\" ><div class='av-inner-masonry-sizer'><\/div><figure class='av-inner-masonry main_color'><div class=\"av-masonry-outerimage-container\"><div class=\"av-masonry-image-container\" style=\"background-image: url(https:\/\/casa.oaxaca.gob.mx\/wp-content\/uploads\/2021\/11\/Exposicio\u0301n-abierta-705x484.png);\"><img decoding=\"async\" src=\"https:\/\/casa.oaxaca.gob.mx\/wp-content\/uploads\/2021\/11\/Exposicio\u0301n-abierta-705x484.png\" title=\"Exposicio\u0301n abierta\" alt=\"\" \/><\/div><\/div><figcaption class='av-inner-masonry-content site-background'><div class='av-inner-masonry-content-pos'><div class='av-inner-masonry-content-pos-content'><div class='avia-arrow'><\/div><h3 class='av-masonry-entry-title entry-title'  itemprop=\"headline\" >Exposici\u00f3n:  Novena generaci\u00f3n del Diplomado de Artes Visules.<\/h3><span class='av-masonry-date meta-color updated'><\/span><span class=\"av-masonry-text-sep text-sep-author\">\/<\/span><span class='av-masonry-author meta-color vcard author'><span class='fn'>by <\/span><\/span><\/div><\/div><\/figcaption><\/figure><\/a><!--end av-masonry entry--><a href=\"https:\/\/casa.oaxaca.gob.mx\/?p=11562\" id='av-masonry-1-item-11562' data-av-masonry-item='11562' class='av-masonry-entry isotope-item post-11562 post type-post status-publish format-standard has-post-thumbnail hentry category-convocatorias-pasadas all_sort convocatorias-pasadas_sort  av-masonry-item-with-image' title=\"Taller en l\u00ednea: Narrativa Gr\u00e1fica (taller de historieta). Imparte: Edgar Clement.\"  itemscope=\"itemscope\" itemtype=\"https:\/\/schema.org\/CreativeWork\" ><div class='av-inner-masonry-sizer'><\/div><figure class='av-inner-masonry main_color'><div class=\"av-masonry-outerimage-container\"><div class=\"av-masonry-image-container\" style=\"background-image: url(https:\/\/casa.oaxaca.gob.mx\/wp-content\/uploads\/2021\/11\/Cerrada-1-705x484.png);\"><img decoding=\"async\" src=\"https:\/\/casa.oaxaca.gob.mx\/wp-content\/uploads\/2021\/11\/Cerrada-1-705x484.png\" title=\"Cerrada\" alt=\"\" \/><\/div><\/div><figcaption class='av-inner-masonry-content site-background'><div class='av-inner-masonry-content-pos'><div class='av-inner-masonry-content-pos-content'><div class='avia-arrow'><\/div><h3 class='av-masonry-entry-title entry-title'  itemprop=\"headline\" >Taller en l\u00ednea: Narrativa Gr\u00e1fica (taller de historieta). Imparte: Edgar Clement.<\/h3><span class='av-masonry-date meta-color updated'><\/span><span class=\"av-masonry-text-sep text-sep-author\">\/<\/span><span class='av-masonry-author meta-color vcard author'><span class='fn'>by <\/span><\/span><\/div><\/div><\/figcaption><\/figure><\/a><!--end av-masonry entry--><a href=\"https:\/\/casa.oaxaca.gob.mx\/?p=11553\" id='av-masonry-1-item-11553' data-av-masonry-item='11553' class='av-masonry-entry isotope-item post-11553 post type-post status-publish format-standard has-post-thumbnail hentry category-convocatorias-pasadas all_sort convocatorias-pasadas_sort  av-masonry-item-with-image' title=\"Formaci\u00f3n de impresores de fotograf\u00edas tradicional blanco y negro con reveladores ecol\u00f3gicos. Imparte: Lorena Alcaraz\"  itemscope=\"itemscope\" itemtype=\"https:\/\/schema.org\/CreativeWork\" ><div class='av-inner-masonry-sizer'><\/div><figure class='av-inner-masonry main_color'><div class=\"av-masonry-outerimage-container\"><div class=\"av-masonry-image-container\" style=\"background-image: url(https:\/\/casa.oaxaca.gob.mx\/wp-content\/uploads\/2021\/11\/Cerrada-02-705x484.png);\"><img decoding=\"async\" src=\"https:\/\/casa.oaxaca.gob.mx\/wp-content\/uploads\/2021\/11\/Cerrada-02-705x484.png\" title=\"Cerrada 02\" alt=\"\" \/><\/div><\/div><figcaption class='av-inner-masonry-content site-background'><div class='av-inner-masonry-content-pos'><div class='av-inner-masonry-content-pos-content'><div class='avia-arrow'><\/div><h3 class='av-masonry-entry-title entry-title'  itemprop=\"headline\" >Formaci\u00f3n de impresores de fotograf\u00edas tradicional blanco y negro con reveladores ecol\u00f3gicos. Imparte: Lorena Alcaraz<\/h3><span class='av-masonry-date meta-color updated'><\/span><span class=\"av-masonry-text-sep text-sep-author\">\/<\/span><span class='av-masonry-author meta-color vcard author'><span class='fn'>by <\/span><\/span><\/div><\/div><\/figcaption><\/figure><\/a><!--end av-masonry entry--><a href=\"https:\/\/casa.oaxaca.gob.mx\/?p=11531\" id='av-masonry-1-item-11531' data-av-masonry-item='11531' class='av-masonry-entry isotope-item post-11531 post type-post status-publish format-standard has-post-thumbnail hentry category-convocatorias-pasadas all_sort convocatorias-pasadas_sort  av-masonry-item-with-image' title=\"Curso \u2013 taller Presencial: \u00bfA qu\u00e9 suenan los libros? Imparte: X\u00f3chitl Ortiz Molina\"  itemscope=\"itemscope\" itemtype=\"https:\/\/schema.org\/CreativeWork\" ><div class='av-inner-masonry-sizer'><\/div><figure class='av-inner-masonry main_color'><div class=\"av-masonry-outerimage-container\"><div class=\"av-masonry-image-container\" style=\"background-image: url(https:\/\/casa.oaxaca.gob.mx\/wp-content\/uploads\/2021\/11\/Cerrada-705x484.png);\"><img decoding=\"async\" src=\"https:\/\/casa.oaxaca.gob.mx\/wp-content\/uploads\/2021\/11\/Cerrada-705x484.png\" title=\"Cerrada\" alt=\"\" \/><\/div><\/div><figcaption class='av-inner-masonry-content site-background'><div class='av-inner-masonry-content-pos'><div class='av-inner-masonry-content-pos-content'><div class='avia-arrow'><\/div><h3 class='av-masonry-entry-title entry-title'  itemprop=\"headline\" >Curso \u2013 taller Presencial: \u00bfA qu\u00e9 suenan los libros? Imparte: X\u00f3chitl Ortiz Molina<\/h3><span class='av-masonry-date meta-color updated'><\/span><span class=\"av-masonry-text-sep text-sep-author\">\/<\/span><span class='av-masonry-author meta-color vcard author'><span class='fn'>by <\/span><\/span><\/div><\/div><\/figcaption><\/figure><\/a><!--end av-masonry entry--><a href=\"https:\/\/casa.oaxaca.gob.mx\/?p=11518\" id='av-masonry-1-item-11518' data-av-masonry-item='11518' class='av-masonry-entry isotope-item post-11518 post type-post status-publish format-standard has-post-thumbnail hentry category-convocatorias-pasadas all_sort convocatorias-pasadas_sort  av-masonry-item-with-image' title=\"Diplomado presencial: En Producci\u00f3n de &#8220;Arte y Lenguajes Visuales Contempor\u00e1neos&#8221;  Coordinan: Laureana Toledo y Luis Felipe Ortega.\"  itemscope=\"itemscope\" itemtype=\"https:\/\/schema.org\/CreativeWork\" ><div class='av-inner-masonry-sizer'><\/div><figure class='av-inner-masonry main_color'><div class=\"av-masonry-outerimage-container\"><div class=\"av-masonry-image-container\" style=\"background-image: url(https:\/\/casa.oaxaca.gob.mx\/wp-content\/uploads\/2021\/11\/Cerrada-03-705x484.png);\"><img decoding=\"async\" src=\"https:\/\/casa.oaxaca.gob.mx\/wp-content\/uploads\/2021\/11\/Cerrada-03-705x484.png\" title=\"Cerrada 03\" alt=\"\" \/><\/div><\/div><figcaption class='av-inner-masonry-content site-background'><div class='av-inner-masonry-content-pos'><div class='av-inner-masonry-content-pos-content'><div class='avia-arrow'><\/div><h3 class='av-masonry-entry-title entry-title'  itemprop=\"headline\" >Diplomado presencial: En Producci\u00f3n de &#8220;Arte y Lenguajes Visuales Contempor\u00e1neos&#8221;  Coordinan: Laureana Toledo y Luis Felipe Ortega.<\/h3><span class='av-masonry-date meta-color updated'><\/span><span class=\"av-masonry-text-sep text-sep-author\">\/<\/span><span class='av-masonry-author meta-color vcard author'><span class='fn'>by <\/span><\/span><\/div><\/div><\/figcaption><\/figure><\/a><!--end av-masonry entry--><a href=\"https:\/\/casa.oaxaca.gob.mx\/?p=11489\" id='av-masonry-1-item-11489' data-av-masonry-item='11489' class='av-masonry-entry isotope-item post-11489 post type-post status-publish format-standard has-post-thumbnail hentry category-convocatorias-pasadas category-eventos-cerrados-2021 all_sort convocatorias-pasadas_sort  eventos-cerrados-2021_sort  av-masonry-item-with-image' title=\"Proyecci\u00f3n: Noche de fuego de Tatiana Huezo\"  itemscope=\"itemscope\" itemtype=\"https:\/\/schema.org\/CreativeWork\" ><div class='av-inner-masonry-sizer'><\/div><figure class='av-inner-masonry main_color'><div class=\"av-masonry-outerimage-container\"><div class=\"av-masonry-image-container\" style=\"background-image: url(https:\/\/casa.oaxaca.gob.mx\/wp-content\/uploads\/2021\/11\/Banner-01-Noche-de-fuego-705x484.png);\"><img decoding=\"async\" src=\"https:\/\/casa.oaxaca.gob.mx\/wp-content\/uploads\/2021\/11\/Banner-01-Noche-de-fuego-705x484.png\" title=\"Banner 01 Noche de fuego\" alt=\"\" \/><\/div><\/div><figcaption class='av-inner-masonry-content site-background'><div class='av-inner-masonry-content-pos'><div class='av-inner-masonry-content-pos-content'><div class='avia-arrow'><\/div><h3 class='av-masonry-entry-title entry-title'  itemprop=\"headline\" >Proyecci\u00f3n: Noche de fuego de Tatiana Huezo<\/h3><span class='av-masonry-date meta-color updated'><\/span><span class=\"av-masonry-text-sep text-sep-author\">\/<\/span><span class='av-masonry-author meta-color vcard author'><span class='fn'>by <\/span><\/span><\/div><\/div><\/figcaption><\/figure><\/a><!--end av-masonry entry--><a href=\"https:\/\/casa.oaxaca.gob.mx\/?p=11452\" id='av-masonry-1-item-11452' data-av-masonry-item='11452' class='av-masonry-entry isotope-item post-11452 post type-post status-publish format-standard has-post-thumbnail hentry category-convocatorias-pasadas all_sort convocatorias-pasadas_sort  av-masonry-item-with-image' title=\"\u00bfQu\u00e9 producimos, c\u00f3mo lo producimos? Posicionamientos entre formas e ideas Imparte: Luis Felipe Ortega\"  itemscope=\"itemscope\" itemtype=\"https:\/\/schema.org\/CreativeWork\" ><div class='av-inner-masonry-sizer'><\/div><figure class='av-inner-masonry main_color'><div class=\"av-masonry-outerimage-container\"><div class=\"av-masonry-image-container\" style=\"background-image: url(https:\/\/casa.oaxaca.gob.mx\/wp-content\/uploads\/2021\/10\/Cerrado-03-705x484.png);\"><img decoding=\"async\" src=\"https:\/\/casa.oaxaca.gob.mx\/wp-content\/uploads\/2021\/10\/Cerrado-03-705x484.png\" title=\"Cerrado 03\" alt=\"\" \/><\/div><\/div><figcaption class='av-inner-masonry-content site-background'><div class='av-inner-masonry-content-pos'><div class='av-inner-masonry-content-pos-content'><div class='avia-arrow'><\/div><h3 class='av-masonry-entry-title entry-title'  itemprop=\"headline\" >\u00bfQu\u00e9 producimos, c\u00f3mo lo producimos? Posicionamientos entre formas e ideas Imparte: Luis Felipe Ortega<\/h3><span class='av-masonry-date meta-color updated'><\/span><span class=\"av-masonry-text-sep text-sep-author\">\/<\/span><span class='av-masonry-author meta-color vcard author'><span class='fn'>by <\/span><\/span><\/div><\/div><\/figcaption><\/figure><\/a><!--end av-masonry entry--><a href=\"https:\/\/casa.oaxaca.gob.mx\/?p=11441\" id='av-masonry-1-item-11441' data-av-masonry-item='11441' class='av-masonry-entry isotope-item post-11441 post type-post status-publish format-standard has-post-thumbnail hentry category-convocatorias-pasadas all_sort convocatorias-pasadas_sort  av-masonry-item-with-image' title=\"Taller en l\u00ednea: \u201cLo mismo, pero diferente\u201d &#8211; Traducci\u00f3n literaria del alem\u00e1n. Imparte: Claudia Cabrera\"  itemscope=\"itemscope\" itemtype=\"https:\/\/schema.org\/CreativeWork\" ><div class='av-inner-masonry-sizer'><\/div><figure class='av-inner-masonry main_color'><div class=\"av-masonry-outerimage-container\"><div class=\"av-masonry-image-container\" style=\"background-image: url(https:\/\/casa.oaxaca.gob.mx\/wp-content\/uploads\/2021\/10\/Cerrado-01-705x484.png);\"><img decoding=\"async\" src=\"https:\/\/casa.oaxaca.gob.mx\/wp-content\/uploads\/2021\/10\/Cerrado-01-705x484.png\" title=\"Cerrado 01\" alt=\"\" \/><\/div><\/div><figcaption class='av-inner-masonry-content site-background'><div class='av-inner-masonry-content-pos'><div class='av-inner-masonry-content-pos-content'><div class='avia-arrow'><\/div><h3 class='av-masonry-entry-title entry-title'  itemprop=\"headline\" >Taller en l\u00ednea: \u201cLo mismo, pero diferente\u201d &#8211; Traducci\u00f3n literaria del alem\u00e1n. Imparte: Claudia Cabrera<\/h3><span class='av-masonry-date meta-color updated'><\/span><span class=\"av-masonry-text-sep text-sep-author\">\/<\/span><span class='av-masonry-author meta-color vcard author'><span class='fn'>by <\/span><\/span><\/div><\/div><\/figcaption><\/figure><\/a><!--end av-masonry entry--><a href=\"https:\/\/casa.oaxaca.gob.mx\/?p=11414\" id='av-masonry-1-item-11414' data-av-masonry-item='11414' class='av-masonry-entry isotope-item post-11414 post type-post status-publish format-standard has-post-thumbnail hentry category-convocatorias-pasadas all_sort convocatorias-pasadas_sort  av-masonry-item-with-image' title=\"Performance:  Cruzando Geograf\u00edas\"  itemscope=\"itemscope\" itemtype=\"https:\/\/schema.org\/CreativeWork\" ><div class='av-inner-masonry-sizer'><\/div><figure class='av-inner-masonry main_color'><div class=\"av-masonry-outerimage-container\"><div class=\"av-masonry-image-container\" style=\"background-image: url(https:\/\/casa.oaxaca.gob.mx\/wp-content\/uploads\/2021\/10\/Banner-01-Cruzando-geografi\u0301a-705x484.png);\"><img decoding=\"async\" src=\"https:\/\/casa.oaxaca.gob.mx\/wp-content\/uploads\/2021\/10\/Banner-01-Cruzando-geografi\u0301a-705x484.png\" title=\"Banner 01 Cruzando geografi\u0301a\" alt=\"\" \/><\/div><\/div><figcaption class='av-inner-masonry-content site-background'><div class='av-inner-masonry-content-pos'><div class='av-inner-masonry-content-pos-content'><div class='avia-arrow'><\/div><h3 class='av-masonry-entry-title entry-title'  itemprop=\"headline\" >Performance:  Cruzando Geograf\u00edas<\/h3><span class='av-masonry-date meta-color updated'><\/span><span class=\"av-masonry-text-sep text-sep-author\">\/<\/span><span class='av-masonry-author meta-color vcard author'><span class='fn'>by <\/span><\/span><\/div><\/div><\/figcaption><\/figure><\/a><!--end av-masonry entry--><a href=\"https:\/\/casa.oaxaca.gob.mx\/?p=11407\" id='av-masonry-1-item-11407' data-av-masonry-item='11407' class='av-masonry-entry isotope-item post-11407 post type-post status-publish format-standard has-post-thumbnail hentry category-convocatorias-pasadas all_sort convocatorias-pasadas_sort  av-masonry-item-with-image' title=\"Taller presencial. Formaci\u00f3n de impresores en fotograf\u00eda digital  Imparten: Lorena Alcaraz, Gabriel Figueroa y Javier Hinojosa\"  itemscope=\"itemscope\" itemtype=\"https:\/\/schema.org\/CreativeWork\" ><div class='av-inner-masonry-sizer'><\/div><figure class='av-inner-masonry main_color'><div class=\"av-masonry-outerimage-container\"><div class=\"av-masonry-image-container\" style=\"background-image: url(https:\/\/casa.oaxaca.gob.mx\/wp-content\/uploads\/2021\/10\/Cerrada-01-1-705x484.png);\"><img decoding=\"async\" src=\"https:\/\/casa.oaxaca.gob.mx\/wp-content\/uploads\/2021\/10\/Cerrada-01-1-705x484.png\" title=\"Cerrada 01 (1)\" alt=\"\" \/><\/div><\/div><figcaption class='av-inner-masonry-content site-background'><div class='av-inner-masonry-content-pos'><div class='av-inner-masonry-content-pos-content'><div class='avia-arrow'><\/div><h3 class='av-masonry-entry-title entry-title'  itemprop=\"headline\" >Taller presencial. Formaci\u00f3n de impresores en fotograf\u00eda digital  Imparten: Lorena Alcaraz, Gabriel Figueroa y Javier Hinojosa<\/h3><span class='av-masonry-date meta-color updated'><\/span><span class=\"av-masonry-text-sep text-sep-author\">\/<\/span><span class='av-masonry-author meta-color vcard author'><span class='fn'>by <\/span><\/span><\/div><\/div><\/figcaption><\/figure><\/a><!--end av-masonry entry--><a href=\"https:\/\/casa.oaxaca.gob.mx\/?p=11401\" id='av-masonry-1-item-11401' data-av-masonry-item='11401' class='av-masonry-entry isotope-item post-11401 post type-post status-publish format-standard has-post-thumbnail hentry category-convocatorias-pasadas all_sort convocatorias-pasadas_sort  av-masonry-item-with-image' title=\"Taller presencial: Aprende a bordar . Imparte: Julia Santos\"  itemscope=\"itemscope\" itemtype=\"https:\/\/schema.org\/CreativeWork\" ><div class='av-inner-masonry-sizer'><\/div><figure class='av-inner-masonry main_color'><div class=\"av-masonry-outerimage-container\"><div class=\"av-masonry-image-container\" style=\"background-image: url(https:\/\/casa.oaxaca.gob.mx\/wp-content\/uploads\/2021\/10\/Cerrada03-705x484.png);\"><img decoding=\"async\" src=\"https:\/\/casa.oaxaca.gob.mx\/wp-content\/uploads\/2021\/10\/Cerrada03-705x484.png\" title=\"Cerrada03\" alt=\"\" \/><\/div><\/div><figcaption class='av-inner-masonry-content site-background'><div class='av-inner-masonry-content-pos'><div class='av-inner-masonry-content-pos-content'><div class='avia-arrow'><\/div><h3 class='av-masonry-entry-title entry-title'  itemprop=\"headline\" >Taller presencial: Aprende a bordar . Imparte: Julia Santos<\/h3><span class='av-masonry-date meta-color updated'><\/span><span class=\"av-masonry-text-sep text-sep-author\">\/<\/span><span class='av-masonry-author meta-color vcard author'><span class='fn'>by <\/span><\/span><\/div><\/div><\/figcaption><\/figure><\/a><!--end av-masonry entry--><a href=\"https:\/\/casa.oaxaca.gob.mx\/?p=11393\" id='av-masonry-1-item-11393' data-av-masonry-item='11393' class='av-masonry-entry isotope-item post-11393 post type-post status-publish format-standard has-post-thumbnail hentry category-convocatorias-pasadas all_sort convocatorias-pasadas_sort  av-masonry-item-with-image' title=\"Taller presencial: Cester\u00eda   Imparte: Estanislao Mart\u00ednez.\"  itemscope=\"itemscope\" itemtype=\"https:\/\/schema.org\/CreativeWork\" ><div class='av-inner-masonry-sizer'><\/div><figure class='av-inner-masonry main_color'><div class=\"av-masonry-outerimage-container\"><div class=\"av-masonry-image-container\" style=\"background-image: url(https:\/\/casa.oaxaca.gob.mx\/wp-content\/uploads\/2021\/10\/Cerrada-02-705x484.png);\"><img decoding=\"async\" src=\"https:\/\/casa.oaxaca.gob.mx\/wp-content\/uploads\/2021\/10\/Cerrada-02-705x484.png\" title=\"Cerrada 02\" alt=\"\" \/><\/div><\/div><figcaption class='av-inner-masonry-content site-background'><div class='av-inner-masonry-content-pos'><div class='av-inner-masonry-content-pos-content'><div class='avia-arrow'><\/div><h3 class='av-masonry-entry-title entry-title'  itemprop=\"headline\" >Taller presencial: Cester\u00eda   Imparte: Estanislao Mart\u00ednez.<\/h3><span class='av-masonry-date meta-color updated'><\/span><span class=\"av-masonry-text-sep text-sep-author\">\/<\/span><span class='av-masonry-author meta-color vcard author'><span class='fn'>by <\/span><\/span><\/div><\/div><\/figcaption><\/figure><\/a><!--end av-masonry entry--><a href=\"https:\/\/casa.oaxaca.gob.mx\/?p=11353\" id='av-masonry-1-item-11353' data-av-masonry-item='11353' class='av-masonry-entry isotope-item post-11353 post type-post status-publish format-standard has-post-thumbnail hentry category-convocatorias-pasadas all_sort convocatorias-pasadas_sort  av-masonry-item-with-image' title=\"Taller: Nido de palabras  Imparte: Eva G\u00e1lvez y Tania Chan\"  itemscope=\"itemscope\" itemtype=\"https:\/\/schema.org\/CreativeWork\" ><div class='av-inner-masonry-sizer'><\/div><figure class='av-inner-masonry main_color'><div class=\"av-masonry-outerimage-container\"><div class=\"av-masonry-image-container\" style=\"background-image: url(https:\/\/casa.oaxaca.gob.mx\/wp-content\/uploads\/2021\/10\/Banner-cerrado-03-705x484.png);\"><img decoding=\"async\" src=\"https:\/\/casa.oaxaca.gob.mx\/wp-content\/uploads\/2021\/10\/Banner-cerrado-03-705x484.png\" title=\"Banner cerrado 03\" alt=\"\" \/><\/div><\/div><figcaption class='av-inner-masonry-content site-background'><div class='av-inner-masonry-content-pos'><div class='av-inner-masonry-content-pos-content'><div class='avia-arrow'><\/div><h3 class='av-masonry-entry-title entry-title'  itemprop=\"headline\" >Taller: Nido de palabras  Imparte: Eva G\u00e1lvez y Tania Chan<\/h3><span class='av-masonry-date meta-color updated'><\/span><span class=\"av-masonry-text-sep text-sep-author\">\/<\/span><span class='av-masonry-author meta-color vcard author'><span class='fn'>by <\/span><\/span><\/div><\/div><\/figcaption><\/figure><\/a><!--end av-masonry entry--><a href=\"https:\/\/casa.oaxaca.gob.mx\/?p=11349\" id='av-masonry-1-item-11349' data-av-masonry-item='11349' class='av-masonry-entry isotope-item post-11349 post type-post status-publish format-standard has-post-thumbnail hentry category-convocatorias-pasadas all_sort convocatorias-pasadas_sort  av-masonry-item-with-image' title=\"Taller: Canasta de cuentos  Imparte: Hedda Hern\u00e1ndez\"  itemscope=\"itemscope\" itemtype=\"https:\/\/schema.org\/CreativeWork\" ><div class='av-inner-masonry-sizer'><\/div><figure class='av-inner-masonry main_color'><div class=\"av-masonry-outerimage-container\"><div class=\"av-masonry-image-container\" style=\"background-image: url(https:\/\/casa.oaxaca.gob.mx\/wp-content\/uploads\/2021\/10\/Banner-cerrado-02-705x484.png);\"><img decoding=\"async\" src=\"https:\/\/casa.oaxaca.gob.mx\/wp-content\/uploads\/2021\/10\/Banner-cerrado-02-705x484.png\" title=\"Banner cerrado 02\" alt=\"\" \/><\/div><\/div><figcaption class='av-inner-masonry-content site-background'><div class='av-inner-masonry-content-pos'><div class='av-inner-masonry-content-pos-content'><div class='avia-arrow'><\/div><h3 class='av-masonry-entry-title entry-title'  itemprop=\"headline\" >Taller: Canasta de cuentos  Imparte: Hedda Hern\u00e1ndez<\/h3><span class='av-masonry-date meta-color updated'><\/span><span class=\"av-masonry-text-sep text-sep-author\">\/<\/span><span class='av-masonry-author meta-color vcard author'><span class='fn'>by <\/span><\/span><\/div><\/div><\/figcaption><\/figure><\/a><!--end av-masonry entry--><a href=\"https:\/\/casa.oaxaca.gob.mx\/?p=11339\" id='av-masonry-1-item-11339' data-av-masonry-item='11339' class='av-masonry-entry isotope-item post-11339 post type-post status-publish format-standard has-post-thumbnail hentry category-convocatorias-pasadas all_sort convocatorias-pasadas_sort  av-masonry-item-with-image' title=\"Taller Creaci\u00f3n po\u00e9tica en lenguas originarias de Oaxaca   Imparte: Esteban Rios\"  itemscope=\"itemscope\" itemtype=\"https:\/\/schema.org\/CreativeWork\" ><div class='av-inner-masonry-sizer'><\/div><figure class='av-inner-masonry main_color'><div class=\"av-masonry-outerimage-container\"><div class=\"av-masonry-image-container\" style=\"background-image: url(https:\/\/casa.oaxaca.gob.mx\/wp-content\/uploads\/2021\/10\/Banner-cerrado-01-1-705x484.png);\"><img decoding=\"async\" src=\"https:\/\/casa.oaxaca.gob.mx\/wp-content\/uploads\/2021\/10\/Banner-cerrado-01-1-705x484.png\" title=\"Banner cerrado 01\" alt=\"\" \/><\/div><\/div><figcaption class='av-inner-masonry-content site-background'><div class='av-inner-masonry-content-pos'><div class='av-inner-masonry-content-pos-content'><div class='avia-arrow'><\/div><h3 class='av-masonry-entry-title entry-title'  itemprop=\"headline\" >Taller Creaci\u00f3n po\u00e9tica en lenguas originarias de Oaxaca   Imparte: Esteban Rios<\/h3><span class='av-masonry-date meta-color updated'><\/span><span class=\"av-masonry-text-sep text-sep-author\">\/<\/span><span class='av-masonry-author meta-color vcard author'><span class='fn'>by <\/span><\/span><\/div><\/div><\/figcaption><\/figure><\/a><!--end av-masonry entry--><a href=\"https:\/\/casa.oaxaca.gob.mx\/?p=11314\" id='av-masonry-1-item-11314' data-av-masonry-item='11314' class='av-masonry-entry isotope-item post-11314 post type-post status-publish format-standard has-post-thumbnail hentry category-convocatorias-pasadas all_sort convocatorias-pasadas_sort  av-masonry-item-with-image' title=\"Taller: Bordado de m\u00e1scaras con lentejuela   Imparte: Jasiel Garc\u00eda Cisneros.\"  itemscope=\"itemscope\" itemtype=\"https:\/\/schema.org\/CreativeWork\" ><div class='av-inner-masonry-sizer'><\/div><figure class='av-inner-masonry main_color'><div class=\"av-masonry-outerimage-container\"><div class=\"av-masonry-image-container\" style=\"background-image: url(https:\/\/casa.oaxaca.gob.mx\/wp-content\/uploads\/2021\/10\/Banner-02-cerrado-705x484.png);\"><img decoding=\"async\" src=\"https:\/\/casa.oaxaca.gob.mx\/wp-content\/uploads\/2021\/10\/Banner-02-cerrado-705x484.png\" title=\"Banner 02 cerrado\" alt=\"\" \/><\/div><\/div><figcaption class='av-inner-masonry-content site-background'><div class='av-inner-masonry-content-pos'><div class='av-inner-masonry-content-pos-content'><div class='avia-arrow'><\/div><h3 class='av-masonry-entry-title entry-title'  itemprop=\"headline\" >Taller: Bordado de m\u00e1scaras con lentejuela   Imparte: Jasiel Garc\u00eda Cisneros.<\/h3><span class='av-masonry-date meta-color updated'><\/span><span class=\"av-masonry-text-sep text-sep-author\">\/<\/span><span class='av-masonry-author meta-color vcard author'><span class='fn'>by <\/span><\/span><\/div><\/div><\/figcaption><\/figure><\/a><!--end av-masonry entry--><a href=\"https:\/\/casa.oaxaca.gob.mx\/?p=11308\" id='av-masonry-1-item-11308' data-av-masonry-item='11308' class='av-masonry-entry isotope-item post-11308 post type-post status-publish format-standard has-post-thumbnail hentry category-convocatorias-pasadas all_sort convocatorias-pasadas_sort  av-masonry-item-with-image' title=\"Taller: Bordado de aplicaciones con lentejuela   Imparte: Karina Torres Ram\u00edrez \/ Alberta Cisneros.\"  itemscope=\"itemscope\" itemtype=\"https:\/\/schema.org\/CreativeWork\" ><div class='av-inner-masonry-sizer'><\/div><figure class='av-inner-masonry main_color'><div class=\"av-masonry-outerimage-container\"><div class=\"av-masonry-image-container\" style=\"background-image: url(https:\/\/casa.oaxaca.gob.mx\/wp-content\/uploads\/2021\/10\/Banner-01-cerrado-705x484.png);\"><img decoding=\"async\" src=\"https:\/\/casa.oaxaca.gob.mx\/wp-content\/uploads\/2021\/10\/Banner-01-cerrado-705x484.png\" title=\"Banner 01 cerrado\" alt=\"\" \/><\/div><\/div><figcaption class='av-inner-masonry-content site-background'><div class='av-inner-masonry-content-pos'><div class='av-inner-masonry-content-pos-content'><div class='avia-arrow'><\/div><h3 class='av-masonry-entry-title entry-title'  itemprop=\"headline\" >Taller: Bordado de aplicaciones con lentejuela   Imparte: Karina Torres Ram\u00edrez \/ Alberta Cisneros.<\/h3><span class='av-masonry-date meta-color updated'><\/span><span class=\"av-masonry-text-sep text-sep-author\">\/<\/span><span class='av-masonry-author meta-color vcard author'><span class='fn'>by <\/span><\/span><\/div><\/div><\/figcaption><\/figure><\/a><!--end av-masonry entry--><a href=\"https:\/\/casa.oaxaca.gob.mx\/?p=11297\" id='av-masonry-1-item-11297' data-av-masonry-item='11297' class='av-masonry-entry isotope-item post-11297 post type-post status-publish format-standard has-post-thumbnail hentry category-convocatorias-pasadas all_sort convocatorias-pasadas_sort  av-masonry-item-with-image' title=\"Taller: Experiencia art\u00edstica: M\u00e1s all\u00e1 del soporte:  el transfer para la apropiaci\u00f3n gr\u00e1fica.\"  itemscope=\"itemscope\" itemtype=\"https:\/\/schema.org\/CreativeWork\" ><div class='av-inner-masonry-sizer'><\/div><figure class='av-inner-masonry main_color'><div class=\"av-masonry-outerimage-container\"><div class=\"av-masonry-image-container\" style=\"background-image: url(https:\/\/casa.oaxaca.gob.mx\/wp-content\/uploads\/2021\/10\/Banner-03-cerrado-705x484.png);\"><img decoding=\"async\" src=\"https:\/\/casa.oaxaca.gob.mx\/wp-content\/uploads\/2021\/10\/Banner-03-cerrado-705x484.png\" title=\"Banner 03 cerrado\" alt=\"\" \/><\/div><\/div><figcaption class='av-inner-masonry-content site-background'><div class='av-inner-masonry-content-pos'><div class='av-inner-masonry-content-pos-content'><div class='avia-arrow'><\/div><h3 class='av-masonry-entry-title entry-title'  itemprop=\"headline\" >Taller: Experiencia art\u00edstica: M\u00e1s all\u00e1 del soporte:  el transfer para la apropiaci\u00f3n gr\u00e1fica.<\/h3><span class='av-masonry-date meta-color updated'><\/span><span class=\"av-masonry-text-sep text-sep-author\">\/<\/span><span class='av-masonry-author meta-color vcard author'><span class='fn'>by <\/span><\/span><\/div><\/div><\/figcaption><\/figure><\/a><!--end av-masonry entry--><a href=\"https:\/\/casa.oaxaca.gob.mx\/?p=11264\" id='av-masonry-1-item-11264' data-av-masonry-item='11264' class='av-masonry-entry isotope-item post-11264 post type-post status-publish format-standard has-post-thumbnail hentry category-convocatorias-pasadas all_sort convocatorias-pasadas_sort  av-masonry-item-with-image' title=\"Taller: Elaboraci\u00f3n de chicote\"  itemscope=\"itemscope\" itemtype=\"https:\/\/schema.org\/CreativeWork\" ><div class='av-inner-masonry-sizer'><\/div><figure class='av-inner-masonry main_color'><div class=\"av-masonry-outerimage-container\"><div class=\"av-masonry-image-container\" style=\"background-image: url(https:\/\/casa.oaxaca.gob.mx\/wp-content\/uploads\/2021\/10\/Banner-04-cerrado-705x484.png);\"><img decoding=\"async\" src=\"https:\/\/casa.oaxaca.gob.mx\/wp-content\/uploads\/2021\/10\/Banner-04-cerrado-705x484.png\" title=\"Banner 04 cerrado\" alt=\"\" \/><\/div><\/div><figcaption class='av-inner-masonry-content site-background'><div class='av-inner-masonry-content-pos'><div class='av-inner-masonry-content-pos-content'><div class='avia-arrow'><\/div><h3 class='av-masonry-entry-title entry-title'  itemprop=\"headline\" >Taller: Elaboraci\u00f3n de chicote<\/h3><span class='av-masonry-date meta-color updated'><\/span><span class=\"av-masonry-text-sep text-sep-author\">\/<\/span><span class='av-masonry-author meta-color vcard author'><span class='fn'>by <\/span><\/span><\/div><\/div><\/figcaption><\/figure><\/a><!--end av-masonry entry--><a href=\"https:\/\/casa.oaxaca.gob.mx\/?p=11235\" id='av-masonry-1-item-11235' data-av-masonry-item='11235' class='av-masonry-entry isotope-item post-11235 post type-post status-publish format-standard has-post-thumbnail hentry category-esposiciones-pasadas all_sort esposiciones-pasadas_sort  av-masonry-item-with-image' title=\"Exposici\u00f3n:  Encuentros ind\u00edgenas Canad\u00e1-Oaxaca\"  itemscope=\"itemscope\" itemtype=\"https:\/\/schema.org\/CreativeWork\" ><div class='av-inner-masonry-sizer'><\/div><figure class='av-inner-masonry main_color'><div class=\"av-masonry-outerimage-container\"><div class=\"av-masonry-image-container\" style=\"background-image: url(https:\/\/casa.oaxaca.gob.mx\/wp-content\/uploads\/2021\/09\/Exposicio\u0301n01-705x484.png);\"><img decoding=\"async\" src=\"https:\/\/casa.oaxaca.gob.mx\/wp-content\/uploads\/2021\/09\/Exposicio\u0301n01-705x484.png\" title=\"Exposicio\u0301n01\" alt=\"\" \/><\/div><\/div><figcaption class='av-inner-masonry-content site-background'><div class='av-inner-masonry-content-pos'><div class='av-inner-masonry-content-pos-content'><div class='avia-arrow'><\/div><h3 class='av-masonry-entry-title entry-title'  itemprop=\"headline\" >Exposici\u00f3n:  Encuentros ind\u00edgenas Canad\u00e1-Oaxaca<\/h3><span class='av-masonry-date meta-color updated'><\/span><span class=\"av-masonry-text-sep text-sep-author\">\/<\/span><span class='av-masonry-author meta-color vcard author'><span class='fn'>by <\/span><\/span><\/div><\/div><\/figcaption><\/figure><\/a><!--end av-masonry entry--><a href=\"https:\/\/casa.oaxaca.gob.mx\/?p=11206\" id='av-masonry-1-item-11206' data-av-masonry-item='11206' class='av-masonry-entry isotope-item post-11206 post type-post status-publish format-standard has-post-thumbnail hentry category-convocatorias-pasadas all_sort convocatorias-pasadas_sort  av-masonry-item-with-image' title=\"Curso \u2013 taller: \u00bfA qu\u00e9 suenan los libros?   Imparte: X\u00f3chitl Ortiz Molina.\"  itemscope=\"itemscope\" itemtype=\"https:\/\/schema.org\/CreativeWork\" ><div class='av-inner-masonry-sizer'><\/div><figure class='av-inner-masonry main_color'><div class=\"av-masonry-outerimage-container\"><div class=\"av-masonry-image-container\" style=\"background-image: url(https:\/\/casa.oaxaca.gob.mx\/wp-content\/uploads\/2021\/08\/Cerrada01-705x484.png);\"><img decoding=\"async\" src=\"https:\/\/casa.oaxaca.gob.mx\/wp-content\/uploads\/2021\/08\/Cerrada01-705x484.png\" title=\"Cerrada01\" alt=\"\" \/><\/div><\/div><figcaption class='av-inner-masonry-content site-background'><div class='av-inner-masonry-content-pos'><div class='av-inner-masonry-content-pos-content'><div class='avia-arrow'><\/div><h3 class='av-masonry-entry-title entry-title'  itemprop=\"headline\" >Curso \u2013 taller: \u00bfA qu\u00e9 suenan los libros?   Imparte: X\u00f3chitl Ortiz Molina.<\/h3><span class='av-masonry-date meta-color updated'><\/span><span class=\"av-masonry-text-sep text-sep-author\">\/<\/span><span class='av-masonry-author meta-color vcard author'><span class='fn'>by <\/span><\/span><\/div><\/div><\/figcaption><\/figure><\/a><!--end av-masonry entry--><a href=\"https:\/\/casa.oaxaca.gob.mx\/?p=11187\" id='av-masonry-1-item-11187' data-av-masonry-item='11187' class='av-masonry-entry isotope-item post-11187 post type-post status-publish format-standard has-post-thumbnail hentry category-convocatorias-pasadas all_sort convocatorias-pasadas_sort  av-masonry-item-with-image' title=\"Cuarto Concurso de Fotograf\u00eda de la Reserva de la Bi\u00f3sfera Tehuac\u00e1n-Cuicatl\u00e1n\"  itemscope=\"itemscope\" itemtype=\"https:\/\/schema.org\/CreativeWork\" ><div class='av-inner-masonry-sizer'><\/div><figure class='av-inner-masonry main_color'><div class=\"av-masonry-outerimage-container\"><div class=\"av-masonry-image-container\" style=\"background-image: url(https:\/\/casa.oaxaca.gob.mx\/wp-content\/uploads\/2021\/08\/Cerrada-06-705x484.png);\"><img decoding=\"async\" src=\"https:\/\/casa.oaxaca.gob.mx\/wp-content\/uploads\/2021\/08\/Cerrada-06-705x484.png\" title=\"Cerrada 06\" alt=\"\" \/><\/div><\/div><figcaption class='av-inner-masonry-content site-background'><div class='av-inner-masonry-content-pos'><div class='av-inner-masonry-content-pos-content'><div class='avia-arrow'><\/div><h3 class='av-masonry-entry-title entry-title'  itemprop=\"headline\" >Cuarto Concurso de Fotograf\u00eda de la Reserva de la Bi\u00f3sfera Tehuac\u00e1n-Cuicatl\u00e1n<\/h3><span class='av-masonry-date meta-color updated'><\/span><span class=\"av-masonry-text-sep text-sep-author\">\/<\/span><span class='av-masonry-author meta-color vcard author'><span class='fn'>by <\/span><\/span><\/div><\/div><\/figcaption><\/figure><\/a><!--end av-masonry entry--><a href=\"https:\/\/casa.oaxaca.gob.mx\/?p=11168\" id='av-masonry-1-item-11168' data-av-masonry-item='11168' class='av-masonry-entry isotope-item post-11168 post type-post status-publish format-standard has-post-thumbnail hentry category-convocatorias-pasadas all_sort convocatorias-pasadas_sort  av-masonry-item-with-image' title=\"Taller: Cester\u00eda. Imparte: Estanislao Mart\u00ednez.\"  itemscope=\"itemscope\" itemtype=\"https:\/\/schema.org\/CreativeWork\" ><div class='av-inner-masonry-sizer'><\/div><figure class='av-inner-masonry main_color'><div class=\"av-masonry-outerimage-container\"><div class=\"av-masonry-image-container\" style=\"background-image: url(https:\/\/casa.oaxaca.gob.mx\/wp-content\/uploads\/2021\/08\/Cerrada02-705x484.png);\"><img decoding=\"async\" src=\"https:\/\/casa.oaxaca.gob.mx\/wp-content\/uploads\/2021\/08\/Cerrada02-705x484.png\" title=\"Cerrada02\" alt=\"\" \/><\/div><\/div><figcaption class='av-inner-masonry-content site-background'><div class='av-inner-masonry-content-pos'><div class='av-inner-masonry-content-pos-content'><div class='avia-arrow'><\/div><h3 class='av-masonry-entry-title entry-title'  itemprop=\"headline\" >Taller: Cester\u00eda. Imparte: Estanislao Mart\u00ednez.<\/h3><span class='av-masonry-date meta-color updated'><\/span><span class=\"av-masonry-text-sep text-sep-author\">\/<\/span><span class='av-masonry-author meta-color vcard author'><span class='fn'>by <\/span><\/span><\/div><\/div><\/figcaption><\/figure><\/a><!--end av-masonry entry--><a href=\"https:\/\/casa.oaxaca.gob.mx\/?p=11163\" id='av-masonry-1-item-11163' data-av-masonry-item='11163' class='av-masonry-entry isotope-item post-11163 post type-post status-publish format-standard has-post-thumbnail hentry category-convocatorias-pasadas all_sort convocatorias-pasadas_sort  av-masonry-item-with-image' title=\"Taller: Bordado  Imparte: Julia Santos\"  itemscope=\"itemscope\" itemtype=\"https:\/\/schema.org\/CreativeWork\" ><div class='av-inner-masonry-sizer'><\/div><figure class='av-inner-masonry main_color'><div class=\"av-masonry-outerimage-container\"><div class=\"av-masonry-image-container\" style=\"background-image: url(https:\/\/casa.oaxaca.gob.mx\/wp-content\/uploads\/2021\/08\/Cerrada-03-705x484.png);\"><img decoding=\"async\" src=\"https:\/\/casa.oaxaca.gob.mx\/wp-content\/uploads\/2021\/08\/Cerrada-03-705x484.png\" title=\"Cerrada 03\" alt=\"\" \/><\/div><\/div><figcaption class='av-inner-masonry-content site-background'><div class='av-inner-masonry-content-pos'><div class='av-inner-masonry-content-pos-content'><div class='avia-arrow'><\/div><h3 class='av-masonry-entry-title entry-title'  itemprop=\"headline\" >Taller: Bordado  Imparte: Julia Santos<\/h3><span class='av-masonry-date meta-color updated'><\/span><span class=\"av-masonry-text-sep text-sep-author\">\/<\/span><span class='av-masonry-author meta-color vcard author'><span class='fn'>by <\/span><\/span><\/div><\/div><\/figcaption><\/figure><\/a><!--end av-masonry entry--><a href=\"https:\/\/casa.oaxaca.gob.mx\/?p=11132\" id='av-masonry-1-item-11132' data-av-masonry-item='11132' class='av-masonry-entry isotope-item post-11132 post type-post status-publish format-standard has-post-thumbnail hentry category-convocatorias-pasadas all_sort convocatorias-pasadas_sort  av-masonry-item-with-image' title=\"PREMIO FAHHO &#8211; CASA EMILIANO CRUZ.\"  itemscope=\"itemscope\" itemtype=\"https:\/\/schema.org\/CreativeWork\" ><div class='av-inner-masonry-sizer'><\/div><figure class='av-inner-masonry main_color'><div class=\"av-masonry-outerimage-container\"><div class=\"av-masonry-image-container\" style=\"background-image: url(https:\/\/casa.oaxaca.gob.mx\/wp-content\/uploads\/2021\/08\/Banner-cerrado02-705x484.png);\"><img decoding=\"async\" src=\"https:\/\/casa.oaxaca.gob.mx\/wp-content\/uploads\/2021\/08\/Banner-cerrado02-705x484.png\" title=\"Banner cerrado02\" alt=\"\" \/><\/div><\/div><figcaption class='av-inner-masonry-content site-background'><div class='av-inner-masonry-content-pos'><div class='av-inner-masonry-content-pos-content'><div class='avia-arrow'><\/div><h3 class='av-masonry-entry-title entry-title'  itemprop=\"headline\" >PREMIO FAHHO &#8211; CASA EMILIANO CRUZ.<\/h3><span class='av-masonry-date meta-color updated'><\/span><span class=\"av-masonry-text-sep text-sep-author\">\/<\/span><span class='av-masonry-author meta-color vcard author'><span class='fn'>by <\/span><\/span><\/div><\/div><\/figcaption><\/figure><\/a><!--end av-masonry entry--><a href=\"https:\/\/casa.oaxaca.gob.mx\/?p=11127\" id='av-masonry-1-item-11127' data-av-masonry-item='11127' class='av-masonry-entry isotope-item post-11127 post type-post status-publish format-standard has-post-thumbnail hentry category-convocatorias-pasadas all_sort convocatorias-pasadas_sort  av-masonry-item-with-image' title=\"Curso &#8211; taller: Introducci\u00f3n al documental   Imparte: Natalia Bruschtein\"  itemscope=\"itemscope\" itemtype=\"https:\/\/schema.org\/CreativeWork\" ><div class='av-inner-masonry-sizer'><\/div><figure class='av-inner-masonry main_color'><div class=\"av-masonry-outerimage-container\"><div class=\"av-masonry-image-container\" style=\"background-image: url(https:\/\/casa.oaxaca.gob.mx\/wp-content\/uploads\/2021\/08\/Cerrada-01-1-705x484.png);\"><img decoding=\"async\" src=\"https:\/\/casa.oaxaca.gob.mx\/wp-content\/uploads\/2021\/08\/Cerrada-01-1-705x484.png\" title=\"Cerrada 01 (1)\" alt=\"\" \/><\/div><\/div><figcaption class='av-inner-masonry-content site-background'><div class='av-inner-masonry-content-pos'><div class='av-inner-masonry-content-pos-content'><div class='avia-arrow'><\/div><h3 class='av-masonry-entry-title entry-title'  itemprop=\"headline\" >Curso &#8211; taller: Introducci\u00f3n al documental   Imparte: Natalia Bruschtein<\/h3><span class='av-masonry-date meta-color updated'><\/span><span class=\"av-masonry-text-sep text-sep-author\">\/<\/span><span class='av-masonry-author meta-color vcard author'><span class='fn'>by <\/span><\/span><\/div><\/div><\/figcaption><\/figure><\/a><!--end av-masonry entry--><a href=\"https:\/\/casa.oaxaca.gob.mx\/?p=11107\" id='av-masonry-1-item-11107' data-av-masonry-item='11107' class='av-masonry-entry isotope-item post-11107 post type-post status-publish format-standard has-post-thumbnail hentry category-convocatorias-pasadas all_sort convocatorias-pasadas_sort  av-masonry-item-with-image' title=\"Premios CaSa 2021 Creaci\u00f3n Literaria en Zapoteco\"  itemscope=\"itemscope\" itemtype=\"https:\/\/schema.org\/CreativeWork\" ><div class='av-inner-masonry-sizer'><\/div><figure class='av-inner-masonry main_color'><div class=\"av-masonry-outerimage-container\"><div class=\"av-masonry-image-container\" style=\"background-image: url(https:\/\/casa.oaxaca.gob.mx\/wp-content\/uploads\/2021\/08\/Zapoteco-cerrado-705x484.png);\"><img decoding=\"async\" src=\"https:\/\/casa.oaxaca.gob.mx\/wp-content\/uploads\/2021\/08\/Zapoteco-cerrado-705x484.png\" title=\"Zapoteco cerrado\" alt=\"\" \/><\/div><\/div><figcaption class='av-inner-masonry-content site-background'><div class='av-inner-masonry-content-pos'><div class='av-inner-masonry-content-pos-content'><div class='avia-arrow'><\/div><h3 class='av-masonry-entry-title entry-title'  itemprop=\"headline\" >Premios CaSa 2021 Creaci\u00f3n Literaria en Zapoteco<\/h3><span class='av-masonry-date meta-color updated'><\/span><span class=\"av-masonry-text-sep text-sep-author\">\/<\/span><span class='av-masonry-author meta-color vcard author'><span class='fn'>by <\/span><\/span><\/div><\/div><\/figcaption><\/figure><\/a><!--end av-masonry entry--><a href=\"https:\/\/casa.oaxaca.gob.mx\/?p=11120\" id='av-masonry-1-item-11120' data-av-masonry-item='11120' class='av-masonry-entry isotope-item post-11120 post type-post status-publish format-standard has-post-thumbnail hentry category-convocatorias-pasadas all_sort convocatorias-pasadas_sort  av-masonry-item-with-image' title=\"Premios CaSa, Creaci\u00f3n Literaria en \u00c9nn\u00e1 (Mazateco)\"  itemscope=\"itemscope\" itemtype=\"https:\/\/schema.org\/CreativeWork\" ><div class='av-inner-masonry-sizer'><\/div><figure class='av-inner-masonry main_color'><div class=\"av-masonry-outerimage-container\"><div class=\"av-masonry-image-container\" style=\"background-image: url(https:\/\/casa.oaxaca.gob.mx\/wp-content\/uploads\/2021\/08\/Mazateco-cerrado-705x484.png);\"><img decoding=\"async\" src=\"https:\/\/casa.oaxaca.gob.mx\/wp-content\/uploads\/2021\/08\/Mazateco-cerrado-705x484.png\" title=\"Mazateco cerrado\" alt=\"\" \/><\/div><\/div><figcaption class='av-inner-masonry-content site-background'><div class='av-inner-masonry-content-pos'><div class='av-inner-masonry-content-pos-content'><div class='avia-arrow'><\/div><h3 class='av-masonry-entry-title entry-title'  itemprop=\"headline\" >Premios CaSa, Creaci\u00f3n Literaria en \u00c9nn\u00e1 (Mazateco)<\/h3><span class='av-masonry-date meta-color updated'><\/span><span class=\"av-masonry-text-sep text-sep-author\">\/<\/span><span class='av-masonry-author meta-color vcard author'><span class='fn'>by <\/span><\/span><\/div><\/div><\/figcaption><\/figure><\/a><!--end av-masonry entry--><a href=\"https:\/\/casa.oaxaca.gob.mx\/?p=11116\" id='av-masonry-1-item-11116' data-av-masonry-item='11116' class='av-masonry-entry isotope-item post-11116 post type-post status-publish format-standard has-post-thumbnail hentry category-convocatorias-pasadas all_sort convocatorias-pasadas_sort  av-masonry-item-with-image' title=\"Premios CaSa 2021 Creaci\u00f3n Literaria en Chinanteco.\"  itemscope=\"itemscope\" itemtype=\"https:\/\/schema.org\/CreativeWork\" ><div class='av-inner-masonry-sizer'><\/div><figure class='av-inner-masonry main_color'><div class=\"av-masonry-outerimage-container\"><div class=\"av-masonry-image-container\" style=\"background-image: url(https:\/\/casa.oaxaca.gob.mx\/wp-content\/uploads\/2021\/08\/Chinanteco-cerrado-705x484.png);\"><img decoding=\"async\" src=\"https:\/\/casa.oaxaca.gob.mx\/wp-content\/uploads\/2021\/08\/Chinanteco-cerrado-705x484.png\" title=\"Chinanteco cerrado\" alt=\"\" \/><\/div><\/div><figcaption class='av-inner-masonry-content site-background'><div class='av-inner-masonry-content-pos'><div class='av-inner-masonry-content-pos-content'><div class='avia-arrow'><\/div><h3 class='av-masonry-entry-title entry-title'  itemprop=\"headline\" >Premios CaSa 2021 Creaci\u00f3n Literaria en Chinanteco.<\/h3><span class='av-masonry-date meta-color updated'><\/span><span class=\"av-masonry-text-sep text-sep-author\">\/<\/span><span class='av-masonry-author meta-color vcard author'><span class='fn'>by <\/span><\/span><\/div><\/div><\/figcaption><\/figure><\/a><!--end av-masonry entry--><a href=\"https:\/\/casa.oaxaca.gob.mx\/?p=11112\" id='av-masonry-1-item-11112' data-av-masonry-item='11112' class='av-masonry-entry isotope-item post-11112 post type-post status-publish format-standard has-post-thumbnail hentry category-convocatorias-pasadas all_sort convocatorias-pasadas_sort  av-masonry-item-with-image' title=\"Premios CaSa 2021 Creaci\u00f3n Literaria en Ayuujk (mixe).\"  itemscope=\"itemscope\" itemtype=\"https:\/\/schema.org\/CreativeWork\" ><div class='av-inner-masonry-sizer'><\/div><figure class='av-inner-masonry main_color'><div class=\"av-masonry-outerimage-container\"><div class=\"av-masonry-image-container\" style=\"background-image: url(https:\/\/casa.oaxaca.gob.mx\/wp-content\/uploads\/2021\/08\/Mixe-cerrado-705x484.png);\"><img decoding=\"async\" src=\"https:\/\/casa.oaxaca.gob.mx\/wp-content\/uploads\/2021\/08\/Mixe-cerrado-705x484.png\" title=\"Mixe cerrado\" alt=\"\" \/><\/div><\/div><figcaption class='av-inner-masonry-content site-background'><div class='av-inner-masonry-content-pos'><div class='av-inner-masonry-content-pos-content'><div class='avia-arrow'><\/div><h3 class='av-masonry-entry-title entry-title'  itemprop=\"headline\" >Premios CaSa 2021 Creaci\u00f3n Literaria en Ayuujk (mixe).<\/h3><span class='av-masonry-date meta-color updated'><\/span><span class=\"av-masonry-text-sep text-sep-author\">\/<\/span><span class='av-masonry-author meta-color vcard author'><span class='fn'>by <\/span><\/span><\/div><\/div><\/figcaption><\/figure><\/a><!--end av-masonry entry--><a href=\"https:\/\/casa.oaxaca.gob.mx\/?p=11108\" id='av-masonry-1-item-11108' data-av-masonry-item='11108' class='av-masonry-entry isotope-item post-11108 post type-post status-publish format-standard has-post-thumbnail hentry category-convocatorias-pasadas all_sort convocatorias-pasadas_sort  av-masonry-item-with-image' title=\"Premios CaSa 2021 Creaci\u00f3n Literaria en Tu\u00b4un Savi (mixteco).\"  itemscope=\"itemscope\" itemtype=\"https:\/\/schema.org\/CreativeWork\" ><div class='av-inner-masonry-sizer'><\/div><figure class='av-inner-masonry main_color'><div class=\"av-masonry-outerimage-container\"><div class=\"av-masonry-image-container\" style=\"background-image: url(https:\/\/casa.oaxaca.gob.mx\/wp-content\/uploads\/2021\/08\/Mixteco-cerrado-705x484.png);\"><img decoding=\"async\" src=\"https:\/\/casa.oaxaca.gob.mx\/wp-content\/uploads\/2021\/08\/Mixteco-cerrado-705x484.png\" title=\"Mixteco cerrado\" alt=\"\" \/><\/div><\/div><figcaption class='av-inner-masonry-content site-background'><div class='av-inner-masonry-content-pos'><div class='av-inner-masonry-content-pos-content'><div class='avia-arrow'><\/div><h3 class='av-masonry-entry-title entry-title'  itemprop=\"headline\" >Premios CaSa 2021 Creaci\u00f3n Literaria en Tu\u00b4un Savi (mixteco).<\/h3><span class='av-masonry-date meta-color updated'><\/span><span class=\"av-masonry-text-sep text-sep-author\">\/<\/span><span class='av-masonry-author meta-color vcard author'><span class='fn'>by <\/span><\/span><\/div><\/div><\/figcaption><\/figure><\/a><!--end av-masonry entry--><a href=\"https:\/\/casa.oaxaca.gob.mx\/?p=11086\" id='av-masonry-1-item-11086' data-av-masonry-item='11086' class='av-masonry-entry isotope-item post-11086 post type-post status-publish format-standard has-post-thumbnail hentry category-convocatorias-pasadas all_sort convocatorias-pasadas_sort  av-masonry-item-with-image' title=\"Curso-Taller: Alternativas para la producci\u00f3n gr\u00e1fica. H\u00edbridos entre Dibujo y Estampa  Imparte: Ireri Topete\"  itemscope=\"itemscope\" itemtype=\"https:\/\/schema.org\/CreativeWork\" ><div class='av-inner-masonry-sizer'><\/div><figure class='av-inner-masonry main_color'><div class=\"av-masonry-outerimage-container\"><div class=\"av-masonry-image-container\" style=\"background-image: url(https:\/\/casa.oaxaca.gob.mx\/wp-content\/uploads\/2021\/08\/Cerrada-02-705x484.png);\"><img decoding=\"async\" src=\"https:\/\/casa.oaxaca.gob.mx\/wp-content\/uploads\/2021\/08\/Cerrada-02-705x484.png\" title=\"Cerrada 02\" alt=\"\" \/><\/div><\/div><figcaption class='av-inner-masonry-content site-background'><div class='av-inner-masonry-content-pos'><div class='av-inner-masonry-content-pos-content'><div class='avia-arrow'><\/div><h3 class='av-masonry-entry-title entry-title'  itemprop=\"headline\" >Curso-Taller: Alternativas para la producci\u00f3n gr\u00e1fica. H\u00edbridos entre Dibujo y Estampa  Imparte: Ireri Topete<\/h3><span class='av-masonry-date meta-color updated'><\/span><span class=\"av-masonry-text-sep text-sep-author\">\/<\/span><span class='av-masonry-author meta-color vcard author'><span class='fn'>by <\/span><\/span><\/div><\/div><\/figcaption><\/figure><\/a><!--end av-masonry entry--><a href=\"https:\/\/casa.oaxaca.gob.mx\/?p=11080\" id='av-masonry-1-item-11080' data-av-masonry-item='11080' class='av-masonry-entry isotope-item post-11080 post type-post status-publish format-standard has-post-thumbnail hentry category-convocatorias-pasadas all_sort convocatorias-pasadas_sort  av-masonry-item-with-image' title=\"Taller: Largometraje. Un posible m\u00e9todo: crear a partir de la escucha. Imparte: Diego Quemada Diez\"  itemscope=\"itemscope\" itemtype=\"https:\/\/schema.org\/CreativeWork\" ><div class='av-inner-masonry-sizer'><\/div><figure class='av-inner-masonry main_color'><div class=\"av-masonry-outerimage-container\"><div class=\"av-masonry-image-container\" style=\"background-image: url(https:\/\/casa.oaxaca.gob.mx\/wp-content\/uploads\/2021\/08\/Cerrada-04-705x484.png);\"><img decoding=\"async\" src=\"https:\/\/casa.oaxaca.gob.mx\/wp-content\/uploads\/2021\/08\/Cerrada-04-705x484.png\" title=\"Cerrada 04\" alt=\"\" \/><\/div><\/div><figcaption class='av-inner-masonry-content site-background'><div class='av-inner-masonry-content-pos'><div class='av-inner-masonry-content-pos-content'><div class='avia-arrow'><\/div><h3 class='av-masonry-entry-title entry-title'  itemprop=\"headline\" >Taller: Largometraje. Un posible m\u00e9todo: crear a partir de la escucha. Imparte: Diego Quemada Diez<\/h3><span class='av-masonry-date meta-color updated'><\/span><span class=\"av-masonry-text-sep text-sep-author\">\/<\/span><span class='av-masonry-author meta-color vcard author'><span class='fn'>by <\/span><\/span><\/div><\/div><\/figcaption><\/figure><\/a><!--end av-masonry entry--><a href=\"https:\/\/casa.oaxaca.gob.mx\/?p=11068\" id='av-masonry-1-item-11068' data-av-masonry-item='11068' class='av-masonry-entry isotope-item post-11068 post type-post status-publish format-standard has-post-thumbnail hentry category-convocatorias-pasadas all_sort convocatorias-pasadas_sort  av-masonry-item-with-image' title=\"Curso &#8211; Taller: Paisaje de paisajes.   Imparte: Izbeth Katia Mendoza Fragoso\"  itemscope=\"itemscope\" itemtype=\"https:\/\/schema.org\/CreativeWork\" ><div class='av-inner-masonry-sizer'><\/div><figure class='av-inner-masonry main_color'><div class=\"av-masonry-outerimage-container\"><div class=\"av-masonry-image-container\" style=\"background-image: url(https:\/\/casa.oaxaca.gob.mx\/wp-content\/uploads\/2021\/07\/Cerrada-05-705x484.png);\"><img decoding=\"async\" src=\"https:\/\/casa.oaxaca.gob.mx\/wp-content\/uploads\/2021\/07\/Cerrada-05-705x484.png\" title=\"Cerrada 05\" alt=\"\" \/><\/div><\/div><figcaption class='av-inner-masonry-content site-background'><div class='av-inner-masonry-content-pos'><div class='av-inner-masonry-content-pos-content'><div class='avia-arrow'><\/div><h3 class='av-masonry-entry-title entry-title'  itemprop=\"headline\" >Curso &#8211; Taller: Paisaje de paisajes.   Imparte: Izbeth Katia Mendoza Fragoso<\/h3><span class='av-masonry-date meta-color updated'><\/span><span class=\"av-masonry-text-sep text-sep-author\">\/<\/span><span class='av-masonry-author meta-color vcard author'><span class='fn'>by <\/span><\/span><\/div><\/div><\/figcaption><\/figure><\/a><!--end av-masonry entry--><a href=\"https:\/\/casa.oaxaca.gob.mx\/?p=11030\" id='av-masonry-1-item-11030' data-av-masonry-item='11030' class='av-masonry-entry isotope-item post-11030 post type-post status-publish format-standard has-post-thumbnail hentry category-convocatorias-pasadas all_sort convocatorias-pasadas_sort  av-masonry-item-with-image' title=\"Premio CaSa infantil de cuento en zapoteco.\"  itemscope=\"itemscope\" itemtype=\"https:\/\/schema.org\/CreativeWork\" ><div class='av-inner-masonry-sizer'><\/div><figure class='av-inner-masonry main_color'><div class=\"av-masonry-outerimage-container\"><div class=\"av-masonry-image-container\" style=\"background-image: url(https:\/\/casa.oaxaca.gob.mx\/wp-content\/uploads\/2021\/07\/Cerrada-05-1-705x484.png);\"><img decoding=\"async\" src=\"https:\/\/casa.oaxaca.gob.mx\/wp-content\/uploads\/2021\/07\/Cerrada-05-1-705x484.png\" title=\"Cerrada 05\" alt=\"\" \/><\/div><\/div><figcaption class='av-inner-masonry-content site-background'><div class='av-inner-masonry-content-pos'><div class='av-inner-masonry-content-pos-content'><div class='avia-arrow'><\/div><h3 class='av-masonry-entry-title entry-title'  itemprop=\"headline\" >Premio CaSa infantil de cuento en zapoteco.<\/h3><span class='av-masonry-date meta-color updated'><\/span><span class=\"av-masonry-text-sep text-sep-author\">\/<\/span><span class='av-masonry-author meta-color vcard author'><span class='fn'>by <\/span><\/span><\/div><\/div><\/figcaption><\/figure><\/a><!--end av-masonry entry--><a href=\"https:\/\/casa.oaxaca.gob.mx\/?p=11025\" id='av-masonry-1-item-11025' data-av-masonry-item='11025' class='av-masonry-entry isotope-item post-11025 post type-post status-publish format-standard has-post-thumbnail hentry category-convocatorias-pasadas all_sort convocatorias-pasadas_sort  av-masonry-item-with-image' title=\"Premio CaSa infantil de cuento en Mixteco\"  itemscope=\"itemscope\" itemtype=\"https:\/\/schema.org\/CreativeWork\" ><div class='av-inner-masonry-sizer'><\/div><figure class='av-inner-masonry main_color'><div class=\"av-masonry-outerimage-container\"><div class=\"av-masonry-image-container\" style=\"background-image: url(https:\/\/casa.oaxaca.gob.mx\/wp-content\/uploads\/2021\/07\/Cerrada04-705x484.png);\"><img decoding=\"async\" src=\"https:\/\/casa.oaxaca.gob.mx\/wp-content\/uploads\/2021\/07\/Cerrada04-705x484.png\" title=\"Cerrada04\" alt=\"\" \/><\/div><\/div><figcaption class='av-inner-masonry-content site-background'><div class='av-inner-masonry-content-pos'><div class='av-inner-masonry-content-pos-content'><div class='avia-arrow'><\/div><h3 class='av-masonry-entry-title entry-title'  itemprop=\"headline\" >Premio CaSa infantil de cuento en Mixteco<\/h3><span class='av-masonry-date meta-color updated'><\/span><span class=\"av-masonry-text-sep text-sep-author\">\/<\/span><span class='av-masonry-author meta-color vcard author'><span class='fn'>by <\/span><\/span><\/div><\/div><\/figcaption><\/figure><\/a><!--end av-masonry entry--><a href=\"https:\/\/casa.oaxaca.gob.mx\/?p=10944\" id='av-masonry-1-item-10944' data-av-masonry-item='10944' class='av-masonry-entry isotope-item post-10944 post type-post status-publish format-standard has-post-thumbnail hentry category-convocatorias-pasadas all_sort convocatorias-pasadas_sort  av-masonry-item-with-image' title=\"Convocatoria. ECOS SONOROS. Red de residencias art\u00edstica\"  itemscope=\"itemscope\" itemtype=\"https:\/\/schema.org\/CreativeWork\" ><div class='av-inner-masonry-sizer'><\/div><figure class='av-inner-masonry main_color'><div class=\"av-masonry-outerimage-container\"><div class=\"av-masonry-image-container\" style=\"background-image: url(https:\/\/casa.oaxaca.gob.mx\/wp-content\/uploads\/2021\/07\/Banner-01-2-705x484.png);\"><img decoding=\"async\" src=\"https:\/\/casa.oaxaca.gob.mx\/wp-content\/uploads\/2021\/07\/Banner-01-2-705x484.png\" title=\"Banner 01\" alt=\"\" \/><\/div><\/div><figcaption class='av-inner-masonry-content site-background'><div class='av-inner-masonry-content-pos'><div class='av-inner-masonry-content-pos-content'><div class='avia-arrow'><\/div><h3 class='av-masonry-entry-title entry-title'  itemprop=\"headline\" >Convocatoria. ECOS SONOROS. Red de residencias art\u00edstica<\/h3><span class='av-masonry-date meta-color updated'><\/span><span class=\"av-masonry-text-sep text-sep-author\">\/<\/span><span class='av-masonry-author meta-color vcard author'><span class='fn'>by <\/span><\/span><\/div><\/div><\/figcaption><\/figure><\/a><!--end av-masonry entry--><a href=\"https:\/\/casa.oaxaca.gob.mx\/?p=10907\" id='av-masonry-1-item-10907' data-av-masonry-item='10907' class='av-masonry-entry isotope-item post-10907 post type-post status-publish format-standard hentry category-convocatorias-pasadas all_sort convocatorias-pasadas_sort  av-masonry-item-no-image' title=\"Taller: Desarrollo de Proyectos Documentales.   Imparte: Luciana Kaplan\"  itemscope=\"itemscope\" itemtype=\"https:\/\/schema.org\/CreativeWork\" ><div class='av-inner-masonry-sizer'><\/div><figure class='av-inner-masonry main_color'><figcaption class='av-inner-masonry-content site-background'><div class='av-inner-masonry-content-pos'><div class='av-inner-masonry-content-pos-content'><div class='avia-arrow'><\/div><h3 class='av-masonry-entry-title entry-title'  itemprop=\"headline\" >Taller: Desarrollo de Proyectos Documentales.   Imparte: Luciana Kaplan<\/h3><span class='av-masonry-date meta-color updated'><\/span><span class=\"av-masonry-text-sep text-sep-author\">\/<\/span><span class='av-masonry-author meta-color vcard author'><span class='fn'>by <\/span><\/span><\/div><\/div><\/figcaption><\/figure><\/a><!--end av-masonry entry--><a href=\"https:\/\/casa.oaxaca.gob.mx\/?p=10888\" id='av-masonry-1-item-10888' data-av-masonry-item='10888' class='av-masonry-entry isotope-item post-10888 post type-post status-publish format-standard has-post-thumbnail hentry category-convocatorias-pasadas all_sort convocatorias-pasadas_sort  av-masonry-item-with-image' title=\"Curso-Taller: Producci\u00f3n de arte como investigaci\u00f3n  Imparte: Vanessa Rivero\"  itemscope=\"itemscope\" itemtype=\"https:\/\/schema.org\/CreativeWork\" ><div class='av-inner-masonry-sizer'><\/div><figure class='av-inner-masonry main_color'><div class=\"av-masonry-outerimage-container\"><div class=\"av-masonry-image-container\" style=\"background-image: url(https:\/\/casa.oaxaca.gob.mx\/wp-content\/uploads\/2021\/07\/Cerrada01-705x484.png);\"><img decoding=\"async\" src=\"https:\/\/casa.oaxaca.gob.mx\/wp-content\/uploads\/2021\/07\/Cerrada01-705x484.png\" title=\"Cerrada01\" alt=\"\" \/><\/div><\/div><figcaption class='av-inner-masonry-content site-background'><div class='av-inner-masonry-content-pos'><div class='av-inner-masonry-content-pos-content'><div class='avia-arrow'><\/div><h3 class='av-masonry-entry-title entry-title'  itemprop=\"headline\" >Curso-Taller: Producci\u00f3n de arte como investigaci\u00f3n  Imparte: Vanessa Rivero<\/h3><span class='av-masonry-date meta-color updated'><\/span><span class=\"av-masonry-text-sep text-sep-author\">\/<\/span><span class='av-masonry-author meta-color vcard author'><span class='fn'>by <\/span><\/span><\/div><\/div><\/figcaption><\/figure><\/a><!--end av-masonry entry--><a href=\"https:\/\/casa.oaxaca.gob.mx\/?p=10863\" id='av-masonry-1-item-10863' data-av-masonry-item='10863' class='av-masonry-entry isotope-item post-10863 post type-post status-publish format-standard has-post-thumbnail hentry category-convocatorias-pasadas all_sort convocatorias-pasadas_sort  av-masonry-item-with-image' title=\"Taller: Lo esencial en la Pintura.  Imparte: Virginia Ledesma\"  itemscope=\"itemscope\" itemtype=\"https:\/\/schema.org\/CreativeWork\" ><div class='av-inner-masonry-sizer'><\/div><figure class='av-inner-masonry main_color'><div class=\"av-masonry-outerimage-container\"><div class=\"av-masonry-image-container\" style=\"background-image: url(https:\/\/casa.oaxaca.gob.mx\/wp-content\/uploads\/2021\/07\/Cerrada-3-1-705x484.png);\"><img decoding=\"async\" src=\"https:\/\/casa.oaxaca.gob.mx\/wp-content\/uploads\/2021\/07\/Cerrada-3-1-705x484.png\" title=\"Cerrada 3\" alt=\"\" \/><\/div><\/div><figcaption class='av-inner-masonry-content site-background'><div class='av-inner-masonry-content-pos'><div class='av-inner-masonry-content-pos-content'><div class='avia-arrow'><\/div><h3 class='av-masonry-entry-title entry-title'  itemprop=\"headline\" >Taller: Lo esencial en la Pintura.  Imparte: Virginia Ledesma<\/h3><span class='av-masonry-date meta-color updated'><\/span><span class=\"av-masonry-text-sep text-sep-author\">\/<\/span><span class='av-masonry-author meta-color vcard author'><span class='fn'>by <\/span><\/span><\/div><\/div><\/figcaption><\/figure><\/a><!--end av-masonry entry--><a href=\"https:\/\/casa.oaxaca.gob.mx\/?p=10804\" id='av-masonry-1-item-10804' data-av-masonry-item='10804' class='av-masonry-entry isotope-item post-10804 post type-post status-publish format-standard has-post-thumbnail hentry category-convocatorias-pasadas all_sort convocatorias-pasadas_sort  av-masonry-item-with-image' title=\"Taller de Aguafuerte. Introducci\u00f3n al grabado en metal. Imparte: Javier Antonio Dom\u00ednguez.\"  itemscope=\"itemscope\" itemtype=\"https:\/\/schema.org\/CreativeWork\" ><div class='av-inner-masonry-sizer'><\/div><figure class='av-inner-masonry main_color'><div class=\"av-masonry-outerimage-container\"><div class=\"av-masonry-image-container\" style=\"background-image: url(https:\/\/casa.oaxaca.gob.mx\/wp-content\/uploads\/2021\/07\/Grabado-en-metal01-1-705x484.png);\"><img decoding=\"async\" src=\"https:\/\/casa.oaxaca.gob.mx\/wp-content\/uploads\/2021\/07\/Grabado-en-metal01-1-705x484.png\" title=\"Grabado en metal01\" alt=\"\" \/><\/div><\/div><figcaption class='av-inner-masonry-content site-background'><div class='av-inner-masonry-content-pos'><div class='av-inner-masonry-content-pos-content'><div class='avia-arrow'><\/div><h3 class='av-masonry-entry-title entry-title'  itemprop=\"headline\" >Taller de Aguafuerte. Introducci\u00f3n al grabado en metal. Imparte: Javier Antonio Dom\u00ednguez.<\/h3><span class='av-masonry-date meta-color updated'><\/span><span class=\"av-masonry-text-sep text-sep-author\">\/<\/span><span class='av-masonry-author meta-color vcard author'><span class='fn'>by <\/span><\/span><\/div><\/div><\/figcaption><\/figure><\/a><!--end av-masonry entry--><a href=\"https:\/\/casa.oaxaca.gob.mx\/?p=10783\" id='av-masonry-1-item-10783' data-av-masonry-item='10783' class='av-masonry-entry isotope-item post-10783 post type-post status-publish format-standard has-post-thumbnail hentry category-esposiciones-pasadas all_sort esposiciones-pasadas_sort  av-masonry-item-with-image' title=\"Exposici\u00f3n: No hay nunca prisa, aunque siempre es urgente. Carlos Franco\"  itemscope=\"itemscope\" itemtype=\"https:\/\/schema.org\/CreativeWork\" ><div class='av-inner-masonry-sizer'><\/div><figure class='av-inner-masonry main_color'><div class=\"av-masonry-outerimage-container\"><div class=\"av-masonry-image-container\" style=\"background-image: url(https:\/\/casa.oaxaca.gob.mx\/wp-content\/uploads\/2021\/07\/Exposicio\u0301n03-705x484.png);\"><img decoding=\"async\" src=\"https:\/\/casa.oaxaca.gob.mx\/wp-content\/uploads\/2021\/07\/Exposicio\u0301n03-705x484.png\" title=\"Exposicio\u0301n03\" alt=\"\" \/><\/div><\/div><figcaption class='av-inner-masonry-content site-background'><div class='av-inner-masonry-content-pos'><div class='av-inner-masonry-content-pos-content'><div class='avia-arrow'><\/div><h3 class='av-masonry-entry-title entry-title'  itemprop=\"headline\" >Exposici\u00f3n: No hay nunca prisa, aunque siempre es urgente. Carlos Franco<\/h3><span class='av-masonry-date meta-color updated'><\/span><span class=\"av-masonry-text-sep text-sep-author\">\/<\/span><span class='av-masonry-author meta-color vcard author'><span class='fn'>by <\/span><\/span><\/div><\/div><\/figcaption><\/figure><\/a><!--end av-masonry entry--><a href=\"https:\/\/casa.oaxaca.gob.mx\/?p=10769\" id='av-masonry-1-item-10769' data-av-masonry-item='10769' class='av-masonry-entry isotope-item post-10769 post type-post status-publish format-standard has-post-thumbnail hentry category-convocatorias-pasadas all_sort convocatorias-pasadas_sort  av-masonry-item-with-image' title=\"Taller : Te leo y te canto porque te quiero tanto. Impartido por: Arqu\u00edmedes Hern\u00e1ndez Mora\"  itemscope=\"itemscope\" itemtype=\"https:\/\/schema.org\/CreativeWork\" ><div class='av-inner-masonry-sizer'><\/div><figure class='av-inner-masonry main_color'><div class=\"av-masonry-outerimage-container\"><div class=\"av-masonry-image-container\" style=\"background-image: url(https:\/\/casa.oaxaca.gob.mx\/wp-content\/uploads\/2021\/07\/Banner-01-Te-leo-y-te-canto-1-705x484.png);\"><img decoding=\"async\" src=\"https:\/\/casa.oaxaca.gob.mx\/wp-content\/uploads\/2021\/07\/Banner-01-Te-leo-y-te-canto-1-705x484.png\" title=\"Banner 01 Te leo y te canto\" alt=\"\" \/><\/div><\/div><figcaption class='av-inner-masonry-content site-background'><div class='av-inner-masonry-content-pos'><div class='av-inner-masonry-content-pos-content'><div class='avia-arrow'><\/div><h3 class='av-masonry-entry-title entry-title'  itemprop=\"headline\" >Taller : Te leo y te canto porque te quiero tanto. Impartido por: Arqu\u00edmedes Hern\u00e1ndez Mora<\/h3><span class='av-masonry-date meta-color updated'><\/span><span class=\"av-masonry-text-sep text-sep-author\">\/<\/span><span class='av-masonry-author meta-color vcard author'><span class='fn'>by <\/span><\/span><\/div><\/div><\/figcaption><\/figure><\/a><!--end av-masonry entry--><a href=\"https:\/\/casa.oaxaca.gob.mx\/?p=10738\" id='av-masonry-1-item-10738' data-av-masonry-item='10738' class='av-masonry-entry isotope-item post-10738 post type-post status-publish format-standard has-post-thumbnail hentry category-esposiciones-pasadas all_sort esposiciones-pasadas_sort  av-masonry-item-with-image' title=\"Exposici\u00f3n:  Africamericanos.\"  itemscope=\"itemscope\" itemtype=\"https:\/\/schema.org\/CreativeWork\" ><div class='av-inner-masonry-sizer'><\/div><figure class='av-inner-masonry main_color'><div class=\"av-masonry-outerimage-container\"><div class=\"av-masonry-image-container\" style=\"background-image: url(https:\/\/casa.oaxaca.gob.mx\/wp-content\/uploads\/2021\/07\/Exposicio\u0301n02-705x484.png);\"><img decoding=\"async\" src=\"https:\/\/casa.oaxaca.gob.mx\/wp-content\/uploads\/2021\/07\/Exposicio\u0301n02-705x484.png\" title=\"Exposicio\u0301n02\" alt=\"\" \/><\/div><\/div><figcaption class='av-inner-masonry-content site-background'><div class='av-inner-masonry-content-pos'><div class='av-inner-masonry-content-pos-content'><div class='avia-arrow'><\/div><h3 class='av-masonry-entry-title entry-title'  itemprop=\"headline\" >Exposici\u00f3n:  Africamericanos.<\/h3><span class='av-masonry-date meta-color updated'><\/span><span class=\"av-masonry-text-sep text-sep-author\">\/<\/span><span class='av-masonry-author meta-color vcard author'><span class='fn'>by <\/span><\/span><\/div><\/div><\/figcaption><\/figure><\/a><!--end av-masonry entry--><a href=\"https:\/\/casa.oaxaca.gob.mx\/?p=10719\" id='av-masonry-1-item-10719' data-av-masonry-item='10719' class='av-masonry-entry isotope-item post-10719 post type-post status-publish format-standard has-post-thumbnail hentry category-convocatorias-pasadas all_sort convocatorias-pasadas_sort  av-masonry-item-with-image' title=\"Taller de literatura: Nido de palabras. Impartido por: Eva G\u00e1lvez\"  itemscope=\"itemscope\" itemtype=\"https:\/\/schema.org\/CreativeWork\" ><div class='av-inner-masonry-sizer'><\/div><figure class='av-inner-masonry main_color'><div class=\"av-masonry-outerimage-container\"><div class=\"av-masonry-image-container\" style=\"background-image: url(https:\/\/casa.oaxaca.gob.mx\/wp-content\/uploads\/2021\/06\/Cerrada-2-705x484.png);\"><img decoding=\"async\" src=\"https:\/\/casa.oaxaca.gob.mx\/wp-content\/uploads\/2021\/06\/Cerrada-2-705x484.png\" title=\"Cerrada\" alt=\"\" \/><\/div><\/div><figcaption class='av-inner-masonry-content site-background'><div class='av-inner-masonry-content-pos'><div class='av-inner-masonry-content-pos-content'><div class='avia-arrow'><\/div><h3 class='av-masonry-entry-title entry-title'  itemprop=\"headline\" >Taller de literatura: Nido de palabras. Impartido por: Eva G\u00e1lvez<\/h3><span class='av-masonry-date meta-color updated'><\/span><span class=\"av-masonry-text-sep text-sep-author\">\/<\/span><span class='av-masonry-author meta-color vcard author'><span class='fn'>by <\/span><\/span><\/div><\/div><\/figcaption><\/figure><\/a><!--end av-masonry entry--><a href=\"https:\/\/casa.oaxaca.gob.mx\/?p=10700\" id='av-masonry-1-item-10700' data-av-masonry-item='10700' class='av-masonry-entry isotope-item post-10700 post type-post status-publish format-standard has-post-thumbnail hentry category-convocatorias-pasadas all_sort convocatorias-pasadas_sort  av-masonry-item-with-image' title=\"Cuento infantil Bharat. El color de los p\u00e1jaros\"  itemscope=\"itemscope\" itemtype=\"https:\/\/schema.org\/CreativeWork\" ><div class='av-inner-masonry-sizer'><\/div><figure class='av-inner-masonry main_color'><div class=\"av-masonry-outerimage-container\"><div class=\"av-masonry-image-container\" style=\"background-image: url(https:\/\/casa.oaxaca.gob.mx\/wp-content\/uploads\/2021\/06\/El-cuento-infantil-Bharat-1-705x484.png);\"><img decoding=\"async\" src=\"https:\/\/casa.oaxaca.gob.mx\/wp-content\/uploads\/2021\/06\/El-cuento-infantil-Bharat-1-705x484.png\" title=\"El cuento infantil Bharat\" alt=\"\" \/><\/div><\/div><figcaption class='av-inner-masonry-content site-background'><div class='av-inner-masonry-content-pos'><div class='av-inner-masonry-content-pos-content'><div class='avia-arrow'><\/div><h3 class='av-masonry-entry-title entry-title'  itemprop=\"headline\" >Cuento infantil Bharat. El color de los p\u00e1jaros<\/h3><span class='av-masonry-date meta-color updated'><\/span><span class=\"av-masonry-text-sep text-sep-author\">\/<\/span><span class='av-masonry-author meta-color vcard author'><span class='fn'>by <\/span><\/span><\/div><\/div><\/figcaption><\/figure><\/a><!--end av-masonry entry--><a href=\"https:\/\/casa.oaxaca.gob.mx\/?p=10682\" id='av-masonry-1-item-10682' data-av-masonry-item='10682' class='av-masonry-entry isotope-item post-10682 post type-post status-publish format-standard has-post-thumbnail hentry category-eventos-cerrados-2021 all_sort eventos-cerrados-2021_sort  av-masonry-item-with-image' title=\"Agenda tu visita.\"  itemscope=\"itemscope\" itemtype=\"https:\/\/schema.org\/CreativeWork\" ><div class='av-inner-masonry-sizer'><\/div><figure class='av-inner-masonry main_color'><div class=\"av-masonry-outerimage-container\"><div class=\"av-masonry-image-container\" style=\"background-image: url(https:\/\/casa.oaxaca.gob.mx\/wp-content\/uploads\/2021\/06\/AGENDA-TU-VISITA-705x484.png);\"><img decoding=\"async\" src=\"https:\/\/casa.oaxaca.gob.mx\/wp-content\/uploads\/2021\/06\/AGENDA-TU-VISITA-705x484.png\" title=\"AGENDA TU VISITA\" alt=\"\" \/><\/div><\/div><figcaption class='av-inner-masonry-content site-background'><div class='av-inner-masonry-content-pos'><div class='av-inner-masonry-content-pos-content'><div class='avia-arrow'><\/div><h3 class='av-masonry-entry-title entry-title'  itemprop=\"headline\" >Agenda tu visita.<\/h3><span class='av-masonry-date meta-color updated'><\/span><span class=\"av-masonry-text-sep text-sep-author\">\/<\/span><span class='av-masonry-author meta-color vcard author'><span class='fn'>by <\/span><\/span><\/div><\/div><\/figcaption><\/figure><\/a><!--end av-masonry entry--><a href=\"https:\/\/casa.oaxaca.gob.mx\/?p=10640\" id='av-masonry-1-item-10640' data-av-masonry-item='10640' class='av-masonry-entry isotope-item post-10640 post type-post status-publish format-standard has-post-thumbnail hentry category-convocatorias-pasadas all_sort convocatorias-pasadas_sort  av-masonry-item-with-image' title=\"Concurso Dibuja y cuenta.\"  itemscope=\"itemscope\" itemtype=\"https:\/\/schema.org\/CreativeWork\" ><div class='av-inner-masonry-sizer'><\/div><figure class='av-inner-masonry main_color'><div class=\"av-masonry-outerimage-container\"><div class=\"av-masonry-image-container\" style=\"background-image: url(https:\/\/casa.oaxaca.gob.mx\/wp-content\/uploads\/2021\/06\/Dibuja-y-cuenta-Cerrada-705x484.png);\"><img decoding=\"async\" src=\"https:\/\/casa.oaxaca.gob.mx\/wp-content\/uploads\/2021\/06\/Dibuja-y-cuenta-Cerrada-705x484.png\" title=\"Dibuja y cuenta Cerrada\" alt=\"\" \/><\/div><\/div><figcaption class='av-inner-masonry-content site-background'><div class='av-inner-masonry-content-pos'><div class='av-inner-masonry-content-pos-content'><div class='avia-arrow'><\/div><h3 class='av-masonry-entry-title entry-title'  itemprop=\"headline\" >Concurso Dibuja y cuenta.<\/h3><span class='av-masonry-date meta-color updated'><\/span><span class=\"av-masonry-text-sep text-sep-author\">\/<\/span><span class='av-masonry-author meta-color vcard author'><span class='fn'>by <\/span><\/span><\/div><\/div><\/figcaption><\/figure><\/a><!--end av-masonry entry--><a href=\"https:\/\/casa.oaxaca.gob.mx\/?p=10631\" id='av-masonry-1-item-10631' data-av-masonry-item='10631' class='av-masonry-entry isotope-item post-10631 post type-post status-publish format-standard has-post-thumbnail hentry category-convocatorias-pasadas all_sort convocatorias-pasadas_sort  av-masonry-item-with-image' title=\"Taller: Narrativa y pensamiento. Imparte: Edson Lechuga\"  itemscope=\"itemscope\" itemtype=\"https:\/\/schema.org\/CreativeWork\" ><div class='av-inner-masonry-sizer'><\/div><figure class='av-inner-masonry main_color'><div class=\"av-masonry-outerimage-container\"><div class=\"av-masonry-image-container\" style=\"background-image: url(https:\/\/casa.oaxaca.gob.mx\/wp-content\/uploads\/2021\/06\/cerrada-01-1-705x484.png);\"><img decoding=\"async\" src=\"https:\/\/casa.oaxaca.gob.mx\/wp-content\/uploads\/2021\/06\/cerrada-01-1-705x484.png\" title=\"cerrada 01 (1)\" alt=\"\" \/><\/div><\/div><figcaption class='av-inner-masonry-content site-background'><div class='av-inner-masonry-content-pos'><div class='av-inner-masonry-content-pos-content'><div class='avia-arrow'><\/div><h3 class='av-masonry-entry-title entry-title'  itemprop=\"headline\" >Taller: Narrativa y pensamiento. Imparte: Edson Lechuga<\/h3><span class='av-masonry-date meta-color updated'><\/span><span class=\"av-masonry-text-sep text-sep-author\">\/<\/span><span class='av-masonry-author meta-color vcard author'><span class='fn'>by <\/span><\/span><\/div><\/div><\/figcaption><\/figure><\/a><!--end av-masonry entry--><a href=\"https:\/\/casa.oaxaca.gob.mx\/?p=10611\" id='av-masonry-1-item-10611' data-av-masonry-item='10611' class='av-masonry-entry isotope-item post-10611 post type-post status-publish format-standard has-post-thumbnail hentry category-convocatorias-pasadas all_sort convocatorias-pasadas_sort  av-masonry-item-with-image' title=\"Taller: Guion para cortometraje    Imparte: Alfredo Mendoza\"  itemscope=\"itemscope\" itemtype=\"https:\/\/schema.org\/CreativeWork\" ><div class='av-inner-masonry-sizer'><\/div><figure class='av-inner-masonry main_color'><div class=\"av-masonry-outerimage-container\"><div class=\"av-masonry-image-container\" style=\"background-image: url(https:\/\/casa.oaxaca.gob.mx\/wp-content\/uploads\/2021\/06\/cerrada-03-705x484.png);\"><img decoding=\"async\" src=\"https:\/\/casa.oaxaca.gob.mx\/wp-content\/uploads\/2021\/06\/cerrada-03-705x484.png\" title=\"cerrada 03\" alt=\"\" \/><\/div><\/div><figcaption class='av-inner-masonry-content site-background'><div class='av-inner-masonry-content-pos'><div class='av-inner-masonry-content-pos-content'><div class='avia-arrow'><\/div><h3 class='av-masonry-entry-title entry-title'  itemprop=\"headline\" >Taller: Guion para cortometraje    Imparte: Alfredo Mendoza<\/h3><span class='av-masonry-date meta-color updated'><\/span><span class=\"av-masonry-text-sep text-sep-author\">\/<\/span><span class='av-masonry-author meta-color vcard author'><span class='fn'>by <\/span><\/span><\/div><\/div><\/figcaption><\/figure><\/a><!--end av-masonry entry--><a href=\"https:\/\/casa.oaxaca.gob.mx\/?p=10605\" id='av-masonry-1-item-10605' data-av-masonry-item='10605' class='av-masonry-entry isotope-item post-10605 post type-post status-publish format-standard has-post-thumbnail hentry category-convocatorias-pasadas all_sort convocatorias-pasadas_sort  av-masonry-item-with-image' title=\"Taller: C\u00f3mic autobiogr\u00e1fico \u201cMe estoy librando de m\u00ed misma\u201d    Imparte: Alejandra Espino\"  itemscope=\"itemscope\" itemtype=\"https:\/\/schema.org\/CreativeWork\" ><div class='av-inner-masonry-sizer'><\/div><figure class='av-inner-masonry main_color'><div class=\"av-masonry-outerimage-container\"><div class=\"av-masonry-image-container\" style=\"background-image: url(https:\/\/casa.oaxaca.gob.mx\/wp-content\/uploads\/2021\/06\/Cerrada-011-705x484.png);\"><img decoding=\"async\" src=\"https:\/\/casa.oaxaca.gob.mx\/wp-content\/uploads\/2021\/06\/Cerrada-011-705x484.png\" title=\"Cerrada 01(1)\" alt=\"\" \/><\/div><\/div><figcaption class='av-inner-masonry-content site-background'><div class='av-inner-masonry-content-pos'><div class='av-inner-masonry-content-pos-content'><div class='avia-arrow'><\/div><h3 class='av-masonry-entry-title entry-title'  itemprop=\"headline\" >Taller: C\u00f3mic autobiogr\u00e1fico \u201cMe estoy librando de m\u00ed misma\u201d    Imparte: Alejandra Espino<\/h3><span class='av-masonry-date meta-color updated'><\/span><span class=\"av-masonry-text-sep text-sep-author\">\/<\/span><span class='av-masonry-author meta-color vcard author'><span class='fn'>by <\/span><\/span><\/div><\/div><\/figcaption><\/figure><\/a><!--end av-masonry entry--><a href=\"https:\/\/casa.oaxaca.gob.mx\/?p=10594\" id='av-masonry-1-item-10594' data-av-masonry-item='10594' class='av-masonry-entry isotope-item post-10594 post type-post status-publish format-standard has-post-thumbnail hentry category-convocatorias-pasadas all_sort convocatorias-pasadas_sort  av-masonry-item-with-image' title=\"Curso: El libro como artefacto (para contar historias)   Imparte: Ver\u00f3nica Gerber Bicecci\"  itemscope=\"itemscope\" itemtype=\"https:\/\/schema.org\/CreativeWork\" ><div class='av-inner-masonry-sizer'><\/div><figure class='av-inner-masonry main_color'><div class=\"av-masonry-outerimage-container\"><div class=\"av-masonry-image-container\" style=\"background-image: url(https:\/\/casa.oaxaca.gob.mx\/wp-content\/uploads\/2021\/05\/Cerrada-1-705x484.png);\"><img decoding=\"async\" src=\"https:\/\/casa.oaxaca.gob.mx\/wp-content\/uploads\/2021\/05\/Cerrada-1-705x484.png\" title=\"Cerrada\" alt=\"\" \/><\/div><\/div><figcaption class='av-inner-masonry-content site-background'><div class='av-inner-masonry-content-pos'><div class='av-inner-masonry-content-pos-content'><div class='avia-arrow'><\/div><h3 class='av-masonry-entry-title entry-title'  itemprop=\"headline\" >Curso: El libro como artefacto (para contar historias)   Imparte: Ver\u00f3nica Gerber Bicecci<\/h3><span class='av-masonry-date meta-color updated'><\/span><span class=\"av-masonry-text-sep text-sep-author\">\/<\/span><span class='av-masonry-author meta-color vcard author'><span class='fn'>by <\/span><\/span><\/div><\/div><\/figcaption><\/figure><\/a><!--end av-masonry entry--><a href=\"https:\/\/casa.oaxaca.gob.mx\/?p=10586\" id='av-masonry-1-item-10586' data-av-masonry-item='10586' class='av-masonry-entry isotope-item post-10586 post type-post status-publish format-standard has-post-thumbnail hentry category-convocatorias-pasadas all_sort convocatorias-pasadas_sort  av-masonry-item-with-image' title=\"Taller: R\u00f3tulo mexicano  Imparte: Arturo y Giovani Bautista\"  itemscope=\"itemscope\" itemtype=\"https:\/\/schema.org\/CreativeWork\" ><div class='av-inner-masonry-sizer'><\/div><figure class='av-inner-masonry main_color'><div class=\"av-masonry-outerimage-container\"><div class=\"av-masonry-image-container\" style=\"background-image: url(https:\/\/casa.oaxaca.gob.mx\/wp-content\/uploads\/2021\/05\/cerrada02-705x484.png);\"><img decoding=\"async\" src=\"https:\/\/casa.oaxaca.gob.mx\/wp-content\/uploads\/2021\/05\/cerrada02-705x484.png\" title=\"cerrada02\" alt=\"\" \/><\/div><\/div><figcaption class='av-inner-masonry-content site-background'><div class='av-inner-masonry-content-pos'><div class='av-inner-masonry-content-pos-content'><div class='avia-arrow'><\/div><h3 class='av-masonry-entry-title entry-title'  itemprop=\"headline\" >Taller: R\u00f3tulo mexicano  Imparte: Arturo y Giovani Bautista<\/h3><span class='av-masonry-date meta-color updated'><\/span><span class=\"av-masonry-text-sep text-sep-author\">\/<\/span><span class='av-masonry-author meta-color vcard author'><span class='fn'>by <\/span><\/span><\/div><\/div><\/figcaption><\/figure><\/a><!--end av-masonry entry--><a href=\"https:\/\/casa.oaxaca.gob.mx\/?p=10577\" id='av-masonry-1-item-10577' data-av-masonry-item='10577' class='av-masonry-entry isotope-item post-10577 post type-post status-publish format-standard has-post-thumbnail hentry category-convocatorias-pasadas all_sort convocatorias-pasadas_sort  av-masonry-item-with-image' title=\"Taller: Acuarelas artesanales con pigmentos naturales. Imparte: Roxana Yazmin Cort\u00e9s \u00c1ngel\"  itemscope=\"itemscope\" itemtype=\"https:\/\/schema.org\/CreativeWork\" ><div class='av-inner-masonry-sizer'><\/div><figure class='av-inner-masonry main_color'><div class=\"av-masonry-outerimage-container\"><div class=\"av-masonry-image-container\" style=\"background-image: url(https:\/\/casa.oaxaca.gob.mx\/wp-content\/uploads\/2021\/05\/cerrada-011-705x484.png);\"><img decoding=\"async\" src=\"https:\/\/casa.oaxaca.gob.mx\/wp-content\/uploads\/2021\/05\/cerrada-011-705x484.png\" title=\"cerrada 01(1)\" alt=\"\" \/><\/div><\/div><figcaption class='av-inner-masonry-content site-background'><div class='av-inner-masonry-content-pos'><div class='av-inner-masonry-content-pos-content'><div class='avia-arrow'><\/div><h3 class='av-masonry-entry-title entry-title'  itemprop=\"headline\" >Taller: Acuarelas artesanales con pigmentos naturales. Imparte: Roxana Yazmin Cort\u00e9s \u00c1ngel<\/h3><span class='av-masonry-date meta-color updated'><\/span><span class=\"av-masonry-text-sep text-sep-author\">\/<\/span><span class='av-masonry-author meta-color vcard author'><span class='fn'>by <\/span><\/span><\/div><\/div><\/figcaption><\/figure><\/a><!--end av-masonry entry--><a href=\"https:\/\/casa.oaxaca.gob.mx\/?p=10566\" id='av-masonry-1-item-10566' data-av-masonry-item='10566' class='av-masonry-entry isotope-item post-10566 post type-post status-publish format-standard has-post-thumbnail hentry category-convocatorias-pasadas all_sort convocatorias-pasadas_sort  av-masonry-item-with-image' title=\"Taller: Afelpado con agujas: Dise\u00f1o y elaboraci\u00f3n de personajes en peque\u00f1o formato. Imparte: Jes\u00fas Augusto Mart\u00ednez Cruz\"  itemscope=\"itemscope\" itemtype=\"https:\/\/schema.org\/CreativeWork\" ><div class='av-inner-masonry-sizer'><\/div><figure class='av-inner-masonry main_color'><div class=\"av-masonry-outerimage-container\"><div class=\"av-masonry-image-container\" style=\"background-image: url(https:\/\/casa.oaxaca.gob.mx\/wp-content\/uploads\/2021\/05\/banner-01-Afelpado-con-agujas-705x484.png);\"><img decoding=\"async\" src=\"https:\/\/casa.oaxaca.gob.mx\/wp-content\/uploads\/2021\/05\/banner-01-Afelpado-con-agujas-705x484.png\" title=\"banner 01 Afelpado con agujas\" alt=\"\" \/><\/div><\/div><figcaption class='av-inner-masonry-content site-background'><div class='av-inner-masonry-content-pos'><div class='av-inner-masonry-content-pos-content'><div class='avia-arrow'><\/div><h3 class='av-masonry-entry-title entry-title'  itemprop=\"headline\" >Taller: Afelpado con agujas: Dise\u00f1o y elaboraci\u00f3n de personajes en peque\u00f1o formato. Imparte: Jes\u00fas Augusto Mart\u00ednez Cruz<\/h3><span class='av-masonry-date meta-color updated'><\/span><span class=\"av-masonry-text-sep text-sep-author\">\/<\/span><span class='av-masonry-author meta-color vcard author'><span class='fn'>by <\/span><\/span><\/div><\/div><\/figcaption><\/figure><\/a><!--end av-masonry entry--><a href=\"https:\/\/casa.oaxaca.gob.mx\/?p=10555\" id='av-masonry-1-item-10555' data-av-masonry-item='10555' class='av-masonry-entry isotope-item post-10555 post type-post status-publish format-standard has-post-thumbnail hentry category-convocatorias-pasadas all_sort convocatorias-pasadas_sort  av-masonry-item-with-image' title=\"Seminario: Conceptualizaci\u00f3n de la fotograf\u00eda estenopeica  Imparte: Citlalli Gonz\u00e1lez\"  itemscope=\"itemscope\" itemtype=\"https:\/\/schema.org\/CreativeWork\" ><div class='av-inner-masonry-sizer'><\/div><figure class='av-inner-masonry main_color'><div class=\"av-masonry-outerimage-container\"><div class=\"av-masonry-image-container\" style=\"background-image: url(https:\/\/casa.oaxaca.gob.mx\/wp-content\/uploads\/2021\/05\/Cerrada-705x484.png);\"><img decoding=\"async\" src=\"https:\/\/casa.oaxaca.gob.mx\/wp-content\/uploads\/2021\/05\/Cerrada-705x484.png\" title=\"Cerrada\" alt=\"\" \/><\/div><\/div><figcaption class='av-inner-masonry-content site-background'><div class='av-inner-masonry-content-pos'><div class='av-inner-masonry-content-pos-content'><div class='avia-arrow'><\/div><h3 class='av-masonry-entry-title entry-title'  itemprop=\"headline\" >Seminario: Conceptualizaci\u00f3n de la fotograf\u00eda estenopeica  Imparte: Citlalli Gonz\u00e1lez<\/h3><span class='av-masonry-date meta-color updated'><\/span><span class=\"av-masonry-text-sep text-sep-author\">\/<\/span><span class='av-masonry-author meta-color vcard author'><span class='fn'>by <\/span><\/span><\/div><\/div><\/figcaption><\/figure><\/a><!--end av-masonry entry--><a href=\"https:\/\/casa.oaxaca.gob.mx\/?p=10504\" id='av-masonry-1-item-10504' data-av-masonry-item='10504' class='av-masonry-entry isotope-item post-10504 post type-post status-publish format-standard has-post-thumbnail hentry category-convocatorias-pasadas all_sort convocatorias-pasadas_sort  av-masonry-item-with-image' title=\"Laboratorio de teatro y danza: Signo y creaci\u00f3n Imparte: Jaime Camarena Camacho\"  itemscope=\"itemscope\" itemtype=\"https:\/\/schema.org\/CreativeWork\" ><div class='av-inner-masonry-sizer'><\/div><figure class='av-inner-masonry main_color'><div class=\"av-masonry-outerimage-container\"><div class=\"av-masonry-image-container\" style=\"background-image: url(https:\/\/casa.oaxaca.gob.mx\/wp-content\/uploads\/2021\/03\/Banner-cerrado-705x484.png);\"><img decoding=\"async\" src=\"https:\/\/casa.oaxaca.gob.mx\/wp-content\/uploads\/2021\/03\/Banner-cerrado-705x484.png\" title=\"Banner cerrado\" alt=\"\" \/><\/div><\/div><figcaption class='av-inner-masonry-content site-background'><div class='av-inner-masonry-content-pos'><div class='av-inner-masonry-content-pos-content'><div class='avia-arrow'><\/div><h3 class='av-masonry-entry-title entry-title'  itemprop=\"headline\" >Laboratorio de teatro y danza: Signo y creaci\u00f3n Imparte: Jaime Camarena Camacho<\/h3><span class='av-masonry-date meta-color updated'><\/span><span class=\"av-masonry-text-sep text-sep-author\">\/<\/span><span class='av-masonry-author meta-color vcard author'><span class='fn'>by <\/span><\/span><\/div><\/div><\/figcaption><\/figure><\/a><!--end av-masonry entry--><a href=\"https:\/\/casa.oaxaca.gob.mx\/?p=10496\" id='av-masonry-1-item-10496' data-av-masonry-item='10496' class='av-masonry-entry isotope-item post-10496 post type-post status-publish format-standard has-post-thumbnail hentry category-convocatorias-pasadas all_sort convocatorias-pasadas_sort  av-masonry-item-with-image' title=\"Taller: Hecha a mano (Construcci\u00f3n de c\u00e1mara estenopeica de 35 mm) En el Marco de la D\u00e9cimo Segunda Semana de la Fotograf\u00eda Estenopeica en Oaxaca. Imparte: Mar\u00eda Luisa Santos Cu\u00e9llar.\"  itemscope=\"itemscope\" itemtype=\"https:\/\/schema.org\/CreativeWork\" ><div class='av-inner-masonry-sizer'><\/div><figure class='av-inner-masonry main_color'><div class=\"av-masonry-outerimage-container\"><div class=\"av-masonry-image-container\" style=\"background-image: url(https:\/\/casa.oaxaca.gob.mx\/wp-content\/uploads\/2021\/03\/Cerrada-02-705x484.png);\"><img decoding=\"async\" src=\"https:\/\/casa.oaxaca.gob.mx\/wp-content\/uploads\/2021\/03\/Cerrada-02-705x484.png\" title=\"Cerrada 02\" alt=\"\" \/><\/div><\/div><figcaption class='av-inner-masonry-content site-background'><div class='av-inner-masonry-content-pos'><div class='av-inner-masonry-content-pos-content'><div class='avia-arrow'><\/div><h3 class='av-masonry-entry-title entry-title'  itemprop=\"headline\" >Taller: Hecha a mano (Construcci\u00f3n de c\u00e1mara estenopeica de 35 mm) En el Marco de la D\u00e9cimo Segunda Semana de la Fotograf\u00eda Estenopeica en Oaxaca. Imparte: Mar\u00eda Luisa Santos Cu\u00e9llar.<\/h3><span class='av-masonry-date meta-color updated'><\/span><span class=\"av-masonry-text-sep text-sep-author\">\/<\/span><span class='av-masonry-author meta-color vcard author'><span class='fn'>by <\/span><\/span><\/div><\/div><\/figcaption><\/figure><\/a><!--end av-masonry entry--><a href=\"https:\/\/casa.oaxaca.gob.mx\/?p=10262\" id='av-masonry-1-item-10262' data-av-masonry-item='10262' class='av-masonry-entry isotope-item post-10262 post type-post status-publish format-standard has-post-thumbnail hentry category-convocatorias-pasadas all_sort convocatorias-pasadas_sort  av-masonry-item-with-image' title=\"Taller: Imagen M\u00f3vil  imparte: Amaranta S\u00e1nchez\"  itemscope=\"itemscope\" itemtype=\"https:\/\/schema.org\/CreativeWork\" ><div class='av-inner-masonry-sizer'><\/div><figure class='av-inner-masonry main_color'><div class=\"av-masonry-outerimage-container\"><div class=\"av-masonry-image-container\" style=\"background-image: url(https:\/\/casa.oaxaca.gob.mx\/wp-content\/uploads\/2021\/03\/Cerrada-011-705x484.png);\"><img decoding=\"async\" src=\"https:\/\/casa.oaxaca.gob.mx\/wp-content\/uploads\/2021\/03\/Cerrada-011-705x484.png\" title=\"Cerrada 01(1)\" alt=\"\" \/><\/div><\/div><figcaption class='av-inner-masonry-content site-background'><div class='av-inner-masonry-content-pos'><div class='av-inner-masonry-content-pos-content'><div class='avia-arrow'><\/div><h3 class='av-masonry-entry-title entry-title'  itemprop=\"headline\" >Taller: Imagen M\u00f3vil  imparte: Amaranta S\u00e1nchez<\/h3><span class='av-masonry-date meta-color updated'><\/span><span class=\"av-masonry-text-sep text-sep-author\">\/<\/span><span class='av-masonry-author meta-color vcard author'><span class='fn'>by <\/span><\/span><\/div><\/div><\/figcaption><\/figure><\/a><!--end av-masonry entry--><a href=\"https:\/\/casa.oaxaca.gob.mx\/?p=10236\" id='av-masonry-1-item-10236' data-av-masonry-item='10236' class='av-masonry-entry isotope-item post-10236 post type-post status-publish format-standard has-post-thumbnail hentry category-convocatorias-pasadas all_sort convocatorias-pasadas_sort  av-masonry-item-with-image' title=\"Taller de animaci\u00f3n experimental. Coordina: Cristabel Esquivel Garc\u00eda\"  itemscope=\"itemscope\" itemtype=\"https:\/\/schema.org\/CreativeWork\" ><div class='av-inner-masonry-sizer'><\/div><figure class='av-inner-masonry main_color'><div class=\"av-masonry-outerimage-container\"><div class=\"av-masonry-image-container\" style=\"background-image: url(https:\/\/casa.oaxaca.gob.mx\/wp-content\/uploads\/2021\/02\/IMG_5294-705x529.jpg);\"><img decoding=\"async\" src=\"https:\/\/casa.oaxaca.gob.mx\/wp-content\/uploads\/2021\/02\/IMG_5294-705x529.jpg\" title=\"IMG_5294\" alt=\"\" \/><\/div><\/div><figcaption class='av-inner-masonry-content site-background'><div class='av-inner-masonry-content-pos'><div class='av-inner-masonry-content-pos-content'><div class='avia-arrow'><\/div><h3 class='av-masonry-entry-title entry-title'  itemprop=\"headline\" >Taller de animaci\u00f3n experimental. Coordina: Cristabel Esquivel Garc\u00eda<\/h3><span class='av-masonry-date meta-color updated'><\/span><span class=\"av-masonry-text-sep text-sep-author\">\/<\/span><span class='av-masonry-author meta-color vcard author'><span class='fn'>by <\/span><\/span><\/div><\/div><\/figcaption><\/figure><\/a><!--end av-masonry entry--><a href=\"https:\/\/casa.oaxaca.gob.mx\/?p=10217\" id='av-masonry-1-item-10217' data-av-masonry-item='10217' class='av-masonry-entry isotope-item post-10217 post type-post status-publish format-standard has-post-thumbnail hentry category-convocatorias-pasadas all_sort convocatorias-pasadas_sort  av-masonry-item-with-image' title=\"Taller: Maquetaci\u00f3n de Fotolibros   imparte: Sara\u00ed Ojeda\"  itemscope=\"itemscope\" itemtype=\"https:\/\/schema.org\/CreativeWork\" ><div class='av-inner-masonry-sizer'><\/div><figure class='av-inner-masonry main_color'><div class=\"av-masonry-outerimage-container\"><div class=\"av-masonry-image-container\" style=\"background-image: url(https:\/\/casa.oaxaca.gob.mx\/wp-content\/uploads\/2021\/02\/Maqutarcio\u0301n-cerrada-705x484.png);\"><img decoding=\"async\" src=\"https:\/\/casa.oaxaca.gob.mx\/wp-content\/uploads\/2021\/02\/Maqutarcio\u0301n-cerrada-705x484.png\" title=\"Maqutarcio\u0301n cerrada\" alt=\"\" \/><\/div><\/div><figcaption class='av-inner-masonry-content site-background'><div class='av-inner-masonry-content-pos'><div class='av-inner-masonry-content-pos-content'><div class='avia-arrow'><\/div><h3 class='av-masonry-entry-title entry-title'  itemprop=\"headline\" >Taller: Maquetaci\u00f3n de Fotolibros   imparte: Sara\u00ed Ojeda<\/h3><span class='av-masonry-date meta-color updated'><\/span><span class=\"av-masonry-text-sep text-sep-author\">\/<\/span><span class='av-masonry-author meta-color vcard author'><span class='fn'>by <\/span><\/span><\/div><\/div><\/figcaption><\/figure><\/a><!--end av-masonry entry--><a href=\"https:\/\/casa.oaxaca.gob.mx\/?p=10165\" id='av-masonry-1-item-10165' data-av-masonry-item='10165' class='av-masonry-entry isotope-item post-10165 post type-post status-publish format-standard has-post-thumbnail hentry category-convocatorias-pasadas all_sort convocatorias-pasadas_sort  av-masonry-item-with-image' title=\"Taller: direcci\u00f3n esc\u00e9nica \u201cEl arte de dirigir teatro\u201d  imparte: Mart\u00edn Zapata Quiroz.\"  itemscope=\"itemscope\" itemtype=\"https:\/\/schema.org\/CreativeWork\" ><div class='av-inner-masonry-sizer'><\/div><figure class='av-inner-masonry main_color'><div class=\"av-masonry-outerimage-container\"><div class=\"av-masonry-image-container\" style=\"background-image: url(https:\/\/casa.oaxaca.gob.mx\/wp-content\/uploads\/2021\/02\/3.Convocatoria-Web-705x484.png);\"><img decoding=\"async\" src=\"https:\/\/casa.oaxaca.gob.mx\/wp-content\/uploads\/2021\/02\/3.Convocatoria-Web-705x484.png\" title=\"3.Convocatoria Web\" alt=\"\" \/><\/div><\/div><figcaption class='av-inner-masonry-content site-background'><div class='av-inner-masonry-content-pos'><div class='av-inner-masonry-content-pos-content'><div class='avia-arrow'><\/div><h3 class='av-masonry-entry-title entry-title'  itemprop=\"headline\" >Taller: direcci\u00f3n esc\u00e9nica \u201cEl arte de dirigir teatro\u201d  imparte: Mart\u00edn Zapata Quiroz.<\/h3><span class='av-masonry-date meta-color updated'><\/span><span class=\"av-masonry-text-sep text-sep-author\">\/<\/span><span class='av-masonry-author meta-color vcard author'><span class='fn'>by <\/span><\/span><\/div><\/div><\/figcaption><\/figure><\/a><!--end av-masonry entry--><a href=\"https:\/\/casa.oaxaca.gob.mx\/?p=10129\" id='av-masonry-1-item-10129' data-av-masonry-item='10129' class='av-masonry-entry isotope-item post-10129 post type-post status-publish format-standard has-post-thumbnail hentry category-convocatorias-pasadas all_sort convocatorias-pasadas_sort  av-masonry-item-with-image' title=\"Taller: Experimentando con mis acuarelas  imparte: V\u00edctor Mart\u00edn Ram\u00edrez Garc\u00eda\"  itemscope=\"itemscope\" itemtype=\"https:\/\/schema.org\/CreativeWork\" ><div class='av-inner-masonry-sizer'><\/div><figure class='av-inner-masonry main_color'><div class=\"av-masonry-outerimage-container\"><div class=\"av-masonry-image-container\" style=\"background-image: url(https:\/\/casa.oaxaca.gob.mx\/wp-content\/uploads\/2021\/02\/cerrada-011-705x484.png);\"><img decoding=\"async\" src=\"https:\/\/casa.oaxaca.gob.mx\/wp-content\/uploads\/2021\/02\/cerrada-011-705x484.png\" title=\"cerrada 01(1)\" alt=\"\" \/><\/div><\/div><figcaption class='av-inner-masonry-content site-background'><div class='av-inner-masonry-content-pos'><div class='av-inner-masonry-content-pos-content'><div class='avia-arrow'><\/div><h3 class='av-masonry-entry-title entry-title'  itemprop=\"headline\" >Taller: Experimentando con mis acuarelas  imparte: V\u00edctor Mart\u00edn Ram\u00edrez Garc\u00eda<\/h3><span class='av-masonry-date meta-color updated'><\/span><span class=\"av-masonry-text-sep text-sep-author\">\/<\/span><span class='av-masonry-author meta-color vcard author'><span class='fn'>by <\/span><\/span><\/div><\/div><\/figcaption><\/figure><\/a><!--end av-masonry entry--><a href=\"https:\/\/casa.oaxaca.gob.mx\/?p=10124\" id='av-masonry-1-item-10124' data-av-masonry-item='10124' class='av-masonry-entry isotope-item post-10124 post type-post status-publish format-standard has-post-thumbnail hentry category-convocatorias-pasadas all_sort convocatorias-pasadas_sort  av-masonry-item-with-image' title=\"Taller: Proyectos coreogr\u00e1ficos, desde la idea, hasta la producci\u00f3n imparte: Lourdes Luna.\"  itemscope=\"itemscope\" itemtype=\"https:\/\/schema.org\/CreativeWork\" ><div class='av-inner-masonry-sizer'><\/div><figure class='av-inner-masonry main_color'><div class=\"av-masonry-outerimage-container\"><div class=\"av-masonry-image-container\" style=\"background-image: url(https:\/\/casa.oaxaca.gob.mx\/wp-content\/uploads\/2021\/02\/Proyectos-cerrada-705x484.png);\"><img decoding=\"async\" src=\"https:\/\/casa.oaxaca.gob.mx\/wp-content\/uploads\/2021\/02\/Proyectos-cerrada-705x484.png\" title=\"Proyectos cerrada\" alt=\"\" \/><\/div><\/div><figcaption class='av-inner-masonry-content site-background'><div class='av-inner-masonry-content-pos'><div class='av-inner-masonry-content-pos-content'><div class='avia-arrow'><\/div><h3 class='av-masonry-entry-title entry-title'  itemprop=\"headline\" >Taller: Proyectos coreogr\u00e1ficos, desde la idea, hasta la producci\u00f3n imparte: Lourdes Luna.<\/h3><span class='av-masonry-date meta-color updated'><\/span><span class=\"av-masonry-text-sep text-sep-author\">\/<\/span><span class='av-masonry-author meta-color vcard author'><span class='fn'>by <\/span><\/span><\/div><\/div><\/figcaption><\/figure><\/a><!--end av-masonry entry--><a href=\"https:\/\/casa.oaxaca.gob.mx\/?p=10119\" id='av-masonry-1-item-10119' data-av-masonry-item='10119' class='av-masonry-entry isotope-item post-10119 post type-post status-publish format-standard has-post-thumbnail hentry category-convocatorias-pasadas all_sort convocatorias-pasadas_sort  av-masonry-item-with-image' title=\"Conferencia: La creaci\u00f3n Literaria desde las lenguas originarias.  Imparte: Manuel Bolom\"  itemscope=\"itemscope\" itemtype=\"https:\/\/schema.org\/CreativeWork\" ><div class='av-inner-masonry-sizer'><\/div><figure class='av-inner-masonry main_color'><div class=\"av-masonry-outerimage-container\"><div class=\"av-masonry-image-container\" style=\"background-image: url(https:\/\/casa.oaxaca.gob.mx\/wp-content\/uploads\/2021\/02\/24.5.Creacio\u0301n-literaria-705x484.png);\"><img decoding=\"async\" src=\"https:\/\/casa.oaxaca.gob.mx\/wp-content\/uploads\/2021\/02\/24.5.Creacio\u0301n-literaria-705x484.png\" title=\"24.5.Creacio\u0301n literaria\" alt=\"\" \/><\/div><\/div><figcaption class='av-inner-masonry-content site-background'><div class='av-inner-masonry-content-pos'><div class='av-inner-masonry-content-pos-content'><div class='avia-arrow'><\/div><h3 class='av-masonry-entry-title entry-title'  itemprop=\"headline\" >Conferencia: La creaci\u00f3n Literaria desde las lenguas originarias.  Imparte: Manuel Bolom<\/h3><span class='av-masonry-date meta-color updated'><\/span><span class=\"av-masonry-text-sep text-sep-author\">\/<\/span><span class='av-masonry-author meta-color vcard author'><span class='fn'>by <\/span><\/span><\/div><\/div><\/figcaption><\/figure><\/a><!--end av-masonry entry--><a href=\"https:\/\/casa.oaxaca.gob.mx\/?p=10104\" id='av-masonry-1-item-10104' data-av-masonry-item='10104' class='av-masonry-entry isotope-item post-10104 post type-post status-publish format-standard has-post-thumbnail hentry category-convocatorias-pasadas all_sort convocatorias-pasadas_sort  av-masonry-item-with-image' title=\"Conferencia: Escribir para ni\u00f1os en M\u00e9xico. Imparte: Francisco Hinojosa.\"  itemscope=\"itemscope\" itemtype=\"https:\/\/schema.org\/CreativeWork\" ><div class='av-inner-masonry-sizer'><\/div><figure class='av-inner-masonry main_color'><div class=\"av-masonry-outerimage-container\"><div class=\"av-masonry-image-container\" style=\"background-image: url(https:\/\/casa.oaxaca.gob.mx\/wp-content\/uploads\/2021\/02\/Banner-01-1-705x484.png);\"><img decoding=\"async\" src=\"https:\/\/casa.oaxaca.gob.mx\/wp-content\/uploads\/2021\/02\/Banner-01-1-705x484.png\" title=\"Banner 01\" alt=\"\" \/><\/div><\/div><figcaption class='av-inner-masonry-content site-background'><div class='av-inner-masonry-content-pos'><div class='av-inner-masonry-content-pos-content'><div class='avia-arrow'><\/div><h3 class='av-masonry-entry-title entry-title'  itemprop=\"headline\" >Conferencia: Escribir para ni\u00f1os en M\u00e9xico. Imparte: Francisco Hinojosa.<\/h3><span class='av-masonry-date meta-color updated'><\/span><span class=\"av-masonry-text-sep text-sep-author\">\/<\/span><span class='av-masonry-author meta-color vcard author'><span class='fn'>by <\/span><\/span><\/div><\/div><\/figcaption><\/figure><\/a><!--end av-masonry entry--><a href=\"https:\/\/casa.oaxaca.gob.mx\/?p=10095\" id='av-masonry-1-item-10095' data-av-masonry-item='10095' class='av-masonry-entry isotope-item post-10095 post type-post status-publish format-standard has-post-thumbnail hentry category-convocatorias-pasadas all_sort convocatorias-pasadas_sort  av-masonry-item-with-image' title=\"Conferencia: La generaci\u00f3n Jet. Creador de im\u00e1genes Imparte: Antonio Caballero\"  itemscope=\"itemscope\" itemtype=\"https:\/\/schema.org\/CreativeWork\" ><div class='av-inner-masonry-sizer'><\/div><figure class='av-inner-masonry main_color'><div class=\"av-masonry-outerimage-container\"><div class=\"av-masonry-image-container\" style=\"background-image: url(https:\/\/casa.oaxaca.gob.mx\/wp-content\/uploads\/2021\/02\/23.5.La-generacio\u0301n-Jet-705x484.png);\"><img decoding=\"async\" src=\"https:\/\/casa.oaxaca.gob.mx\/wp-content\/uploads\/2021\/02\/23.5.La-generacio\u0301n-Jet-705x484.png\" title=\"23.5.La generacio\u0301n Jet\" alt=\"\" \/><\/div><\/div><figcaption class='av-inner-masonry-content site-background'><div class='av-inner-masonry-content-pos'><div class='av-inner-masonry-content-pos-content'><div class='avia-arrow'><\/div><h3 class='av-masonry-entry-title entry-title'  itemprop=\"headline\" >Conferencia: La generaci\u00f3n Jet. Creador de im\u00e1genes Imparte: Antonio Caballero<\/h3><span class='av-masonry-date meta-color updated'><\/span><span class=\"av-masonry-text-sep text-sep-author\">\/<\/span><span class='av-masonry-author meta-color vcard author'><span class='fn'>by <\/span><\/span><\/div><\/div><\/figcaption><\/figure><\/a><!--end av-masonry entry--><a href=\"https:\/\/casa.oaxaca.gob.mx\/?p=10065\" id='av-masonry-1-item-10065' data-av-masonry-item='10065' class='av-masonry-entry isotope-item post-10065 post type-post status-publish format-standard has-post-thumbnail hentry category-convocatorias-pasadas all_sort convocatorias-pasadas_sort  av-masonry-item-with-image' title=\"Diplomado en Creaci\u00f3n Musical. Imparte: Lupino Caballero\"  itemscope=\"itemscope\" itemtype=\"https:\/\/schema.org\/CreativeWork\" ><div class='av-inner-masonry-sizer'><\/div><figure class='av-inner-masonry main_color'><div class=\"av-masonry-outerimage-container\"><div class=\"av-masonry-image-container\" style=\"background-image: url(https:\/\/casa.oaxaca.gob.mx\/wp-content\/uploads\/2021\/02\/cerrada-011-1-705x484.png);\"><img decoding=\"async\" src=\"https:\/\/casa.oaxaca.gob.mx\/wp-content\/uploads\/2021\/02\/cerrada-011-1-705x484.png\" title=\"cerrada 01(1)\" alt=\"\" \/><\/div><\/div><figcaption class='av-inner-masonry-content site-background'><div class='av-inner-masonry-content-pos'><div class='av-inner-masonry-content-pos-content'><div class='avia-arrow'><\/div><h3 class='av-masonry-entry-title entry-title'  itemprop=\"headline\" >Diplomado en Creaci\u00f3n Musical. Imparte: Lupino Caballero<\/h3><span class='av-masonry-date meta-color updated'><\/span><span class=\"av-masonry-text-sep text-sep-author\">\/<\/span><span class='av-masonry-author meta-color vcard author'><span class='fn'>by <\/span><\/span><\/div><\/div><\/figcaption><\/figure><\/a><!--end av-masonry entry--><a href=\"https:\/\/casa.oaxaca.gob.mx\/?p=10053\" id='av-masonry-1-item-10053' data-av-masonry-item='10053' class='av-masonry-entry isotope-item post-10053 post type-post status-publish format-standard has-post-thumbnail hentry category-convocatorias-pasadas all_sort convocatorias-pasadas_sort  av-masonry-item-with-image' title=\"Taller Pr\u00e1cticas del paisaje     Imparte: M\u00f3nica Espinosa\"  itemscope=\"itemscope\" itemtype=\"https:\/\/schema.org\/CreativeWork\" ><div class='av-inner-masonry-sizer'><\/div><figure class='av-inner-masonry main_color'><div class=\"av-masonry-outerimage-container\"><div class=\"av-masonry-image-container\" style=\"background-image: url(https:\/\/casa.oaxaca.gob.mx\/wp-content\/uploads\/2021\/02\/cerrada-03-705x484.png);\"><img decoding=\"async\" src=\"https:\/\/casa.oaxaca.gob.mx\/wp-content\/uploads\/2021\/02\/cerrada-03-705x484.png\" title=\"cerrada 03\" alt=\"\" \/><\/div><\/div><figcaption class='av-inner-masonry-content site-background'><div class='av-inner-masonry-content-pos'><div class='av-inner-masonry-content-pos-content'><div class='avia-arrow'><\/div><h3 class='av-masonry-entry-title entry-title'  itemprop=\"headline\" >Taller Pr\u00e1cticas del paisaje     Imparte: M\u00f3nica Espinosa<\/h3><span class='av-masonry-date meta-color updated'><\/span><span class=\"av-masonry-text-sep text-sep-author\">\/<\/span><span class='av-masonry-author meta-color vcard author'><span class='fn'>by <\/span><\/span><\/div><\/div><\/figcaption><\/figure><\/a><!--end av-masonry entry--><a href=\"https:\/\/casa.oaxaca.gob.mx\/?p=10050\" id='av-masonry-1-item-10050' data-av-masonry-item='10050' class='av-masonry-entry isotope-item post-10050 post type-post status-publish format-standard has-post-thumbnail hentry category-convocatorias-pasadas all_sort convocatorias-pasadas_sort  av-masonry-item-with-image' title=\"Taller arte electr\u00f3nica: E. D. Ds. (Escultura de Diodos).  Imparte: Yur\u00e1n Zer\u00f3n Guti\u00e9rrez\"  itemscope=\"itemscope\" itemtype=\"https:\/\/schema.org\/CreativeWork\" ><div class='av-inner-masonry-sizer'><\/div><figure class='av-inner-masonry main_color'><div class=\"av-masonry-outerimage-container\"><div class=\"av-masonry-image-container\" style=\"background-image: url(https:\/\/casa.oaxaca.gob.mx\/wp-content\/uploads\/2021\/02\/cerrada-02-2-705x484.png);\"><img decoding=\"async\" src=\"https:\/\/casa.oaxaca.gob.mx\/wp-content\/uploads\/2021\/02\/cerrada-02-2-705x484.png\" title=\"cerrada 02\" alt=\"\" \/><\/div><\/div><figcaption class='av-inner-masonry-content site-background'><div class='av-inner-masonry-content-pos'><div class='av-inner-masonry-content-pos-content'><div class='avia-arrow'><\/div><h3 class='av-masonry-entry-title entry-title'  itemprop=\"headline\" >Taller arte electr\u00f3nica: E. D. Ds. (Escultura de Diodos).  Imparte: Yur\u00e1n Zer\u00f3n Guti\u00e9rrez<\/h3><span class='av-masonry-date meta-color updated'><\/span><span class=\"av-masonry-text-sep text-sep-author\">\/<\/span><span class='av-masonry-author meta-color vcard author'><span class='fn'>by <\/span><\/span><\/div><\/div><\/figcaption><\/figure><\/a><!--end av-masonry entry--><a href=\"https:\/\/casa.oaxaca.gob.mx\/?p=10045\" id='av-masonry-1-item-10045' data-av-masonry-item='10045' class='av-masonry-entry isotope-item post-10045 post type-post status-publish format-standard has-post-thumbnail hentry category-convocatorias-pasadas all_sort convocatorias-pasadas_sort  av-masonry-item-with-image' title=\"Seminario: Elaboraci\u00f3n de protocolo de tesis para la licenciatura en artes.   Imparte: M\u00f3nica Castillo.\"  itemscope=\"itemscope\" itemtype=\"https:\/\/schema.org\/CreativeWork\" ><div class='av-inner-masonry-sizer'><\/div><figure class='av-inner-masonry main_color'><div class=\"av-masonry-outerimage-container\"><div class=\"av-masonry-image-container\" style=\"background-image: url(https:\/\/casa.oaxaca.gob.mx\/wp-content\/uploads\/2021\/02\/Banner-02-1-705x484.png);\"><img decoding=\"async\" src=\"https:\/\/casa.oaxaca.gob.mx\/wp-content\/uploads\/2021\/02\/Banner-02-1-705x484.png\" title=\"Banner 02\" alt=\"\" \/><\/div><\/div><figcaption class='av-inner-masonry-content site-background'><div class='av-inner-masonry-content-pos'><div class='av-inner-masonry-content-pos-content'><div class='avia-arrow'><\/div><h3 class='av-masonry-entry-title entry-title'  itemprop=\"headline\" >Seminario: Elaboraci\u00f3n de protocolo de tesis para la licenciatura en artes.   Imparte: M\u00f3nica Castillo.<\/h3><span class='av-masonry-date meta-color updated'><\/span><span class=\"av-masonry-text-sep text-sep-author\">\/<\/span><span class='av-masonry-author meta-color vcard author'><span class='fn'>by <\/span><\/span><\/div><\/div><\/figcaption><\/figure><\/a><!--end av-masonry entry--><a href=\"https:\/\/casa.oaxaca.gob.mx\/?p=10034\" id='av-masonry-1-item-10034' data-av-masonry-item='10034' class='av-masonry-entry isotope-item post-10034 post type-post status-publish format-standard has-post-thumbnail hentry category-convocatorias-pasadas all_sort convocatorias-pasadas_sort  av-masonry-item-with-image' title=\"Taller de animaci\u00f3n narrativa de ficci\u00f3n.  Coordina: Cristabel Esquivel Garc\u00eda\"  itemscope=\"itemscope\" itemtype=\"https:\/\/schema.org\/CreativeWork\" ><div class='av-inner-masonry-sizer'><\/div><figure class='av-inner-masonry main_color'><div class=\"av-masonry-outerimage-container\"><div class=\"av-masonry-image-container\" style=\"background-image: url(https:\/\/casa.oaxaca.gob.mx\/wp-content\/uploads\/2021\/02\/IMG_6464-2-529x705.jpg);\"><img decoding=\"async\" src=\"https:\/\/casa.oaxaca.gob.mx\/wp-content\/uploads\/2021\/02\/IMG_6464-2-529x705.jpg\" title=\"IMG_6464\" alt=\"\" \/><\/div><\/div><figcaption class='av-inner-masonry-content site-background'><div class='av-inner-masonry-content-pos'><div class='av-inner-masonry-content-pos-content'><div class='avia-arrow'><\/div><h3 class='av-masonry-entry-title entry-title'  itemprop=\"headline\" >Taller de animaci\u00f3n narrativa de ficci\u00f3n.  Coordina: Cristabel Esquivel Garc\u00eda<\/h3><span class='av-masonry-date meta-color updated'><\/span><span class=\"av-masonry-text-sep text-sep-author\">\/<\/span><span class='av-masonry-author meta-color vcard author'><span class='fn'>by <\/span><\/span><\/div><\/div><\/figcaption><\/figure><\/a><!--end av-masonry entry--><a href=\"https:\/\/casa.oaxaca.gob.mx\/?p=10029\" id='av-masonry-1-item-10029' data-av-masonry-item='10029' class='av-masonry-entry isotope-item post-10029 post type-post status-publish format-standard has-post-thumbnail hentry category-convocatorias-pasadas all_sort convocatorias-pasadas_sort  av-masonry-item-with-image' title=\"Taller de animaci\u00f3n documental. Coordina: Cristabel Esquivel Garc\u00eda\"  itemscope=\"itemscope\" itemtype=\"https:\/\/schema.org\/CreativeWork\" ><div class='av-inner-masonry-sizer'><\/div><figure class='av-inner-masonry main_color'><div class=\"av-masonry-outerimage-container\"><div class=\"av-masonry-image-container\" style=\"background-image: url(https:\/\/casa.oaxaca.gob.mx\/wp-content\/uploads\/2021\/02\/IMG_3186-2-705x529.jpg);\"><img decoding=\"async\" src=\"https:\/\/casa.oaxaca.gob.mx\/wp-content\/uploads\/2021\/02\/IMG_3186-2-705x529.jpg\" title=\"IMG_3186\" alt=\"\" \/><\/div><\/div><figcaption class='av-inner-masonry-content site-background'><div class='av-inner-masonry-content-pos'><div class='av-inner-masonry-content-pos-content'><div class='avia-arrow'><\/div><h3 class='av-masonry-entry-title entry-title'  itemprop=\"headline\" >Taller de animaci\u00f3n documental. Coordina: Cristabel Esquivel Garc\u00eda<\/h3><span class='av-masonry-date meta-color updated'><\/span><span class=\"av-masonry-text-sep text-sep-author\">\/<\/span><span class='av-masonry-author meta-color vcard author'><span class='fn'>by <\/span><\/span><\/div><\/div><\/figcaption><\/figure><\/a><!--end av-masonry entry--><a href=\"https:\/\/casa.oaxaca.gob.mx\/?p=10015\" id='av-masonry-1-item-10015' data-av-masonry-item='10015' class='av-masonry-entry isotope-item post-10015 post type-post status-publish format-standard has-post-thumbnail hentry category-convocatorias-pasadas all_sort convocatorias-pasadas_sort  av-masonry-item-with-image' title=\"Taller de m\u00fasica: Procesos de composici\u00f3n.  Imparte: Alejandro Casta\u00f1os.\"  itemscope=\"itemscope\" itemtype=\"https:\/\/schema.org\/CreativeWork\" ><div class='av-inner-masonry-sizer'><\/div><figure class='av-inner-masonry main_color'><div class=\"av-masonry-outerimage-container\"><div class=\"av-masonry-image-container\" style=\"background-image: url(https:\/\/casa.oaxaca.gob.mx\/wp-content\/uploads\/2021\/02\/Cerrada-01-2-705x484.png);\"><img decoding=\"async\" src=\"https:\/\/casa.oaxaca.gob.mx\/wp-content\/uploads\/2021\/02\/Cerrada-01-2-705x484.png\" title=\"Cerrada 01\" alt=\"\" \/><\/div><\/div><figcaption class='av-inner-masonry-content site-background'><div class='av-inner-masonry-content-pos'><div class='av-inner-masonry-content-pos-content'><div class='avia-arrow'><\/div><h3 class='av-masonry-entry-title entry-title'  itemprop=\"headline\" >Taller de m\u00fasica: Procesos de composici\u00f3n.  Imparte: Alejandro Casta\u00f1os.<\/h3><span class='av-masonry-date meta-color updated'><\/span><span class=\"av-masonry-text-sep text-sep-author\">\/<\/span><span class='av-masonry-author meta-color vcard author'><span class='fn'>by <\/span><\/span><\/div><\/div><\/figcaption><\/figure><\/a><!--end av-masonry entry--><a href=\"https:\/\/casa.oaxaca.gob.mx\/?p=10007\" id='av-masonry-1-item-10007' data-av-masonry-item='10007' class='av-masonry-entry isotope-item post-10007 post type-post status-publish format-standard has-post-thumbnail hentry category-convocatorias-pasadas all_sort convocatorias-pasadas_sort  av-masonry-item-with-image' title=\"Cuso: Dise\u00f1o de producci\u00f3n para exposiciones. Imparte: Sebasti\u00e1n Romo\"  itemscope=\"itemscope\" itemtype=\"https:\/\/schema.org\/CreativeWork\" ><div class='av-inner-masonry-sizer'><\/div><figure class='av-inner-masonry main_color'><div class=\"av-masonry-outerimage-container\"><div class=\"av-masonry-image-container\" style=\"background-image: url(https:\/\/casa.oaxaca.gob.mx\/wp-content\/uploads\/2021\/02\/cerrada-01-705x484.png);\"><img decoding=\"async\" src=\"https:\/\/casa.oaxaca.gob.mx\/wp-content\/uploads\/2021\/02\/cerrada-01-705x484.png\" title=\"cerrada 01\" alt=\"\" \/><\/div><\/div><figcaption class='av-inner-masonry-content site-background'><div class='av-inner-masonry-content-pos'><div class='av-inner-masonry-content-pos-content'><div class='avia-arrow'><\/div><h3 class='av-masonry-entry-title entry-title'  itemprop=\"headline\" >Cuso: Dise\u00f1o de producci\u00f3n para exposiciones. Imparte: Sebasti\u00e1n Romo<\/h3><span class='av-masonry-date meta-color updated'><\/span><span class=\"av-masonry-text-sep text-sep-author\">\/<\/span><span class='av-masonry-author meta-color vcard author'><span class='fn'>by <\/span><\/span><\/div><\/div><\/figcaption><\/figure><\/a><!--end av-masonry entry--><a href=\"https:\/\/casa.oaxaca.gob.mx\/?p=9989\" id='av-masonry-1-item-9989' data-av-masonry-item='9989' class='av-masonry-entry isotope-item post-9989 post type-post status-publish format-standard has-post-thumbnail hentry category-convocatorias-pasadas all_sort convocatorias-pasadas_sort  av-masonry-item-with-image' title=\"Taller de apreciaci\u00f3n de la pintura. Imparte: Rafael Rodr\u00edguez\"  itemscope=\"itemscope\" itemtype=\"https:\/\/schema.org\/CreativeWork\" ><div class='av-inner-masonry-sizer'><\/div><figure class='av-inner-masonry main_color'><div class=\"av-masonry-outerimage-container\"><div class=\"av-masonry-image-container\" style=\"background-image: url(https:\/\/casa.oaxaca.gob.mx\/wp-content\/uploads\/2021\/02\/cerrada-02-705x484.png);\"><img decoding=\"async\" src=\"https:\/\/casa.oaxaca.gob.mx\/wp-content\/uploads\/2021\/02\/cerrada-02-705x484.png\" title=\"cerrada 02\" alt=\"\" \/><\/div><\/div><figcaption class='av-inner-masonry-content site-background'><div class='av-inner-masonry-content-pos'><div class='av-inner-masonry-content-pos-content'><div class='avia-arrow'><\/div><h3 class='av-masonry-entry-title entry-title'  itemprop=\"headline\" >Taller de apreciaci\u00f3n de la pintura. Imparte: Rafael Rodr\u00edguez<\/h3><span class='av-masonry-date meta-color updated'><\/span><span class=\"av-masonry-text-sep text-sep-author\">\/<\/span><span class='av-masonry-author meta-color vcard author'><span class='fn'>by <\/span><\/span><\/div><\/div><\/figcaption><\/figure><\/a><!--end av-masonry entry--><a href=\"https:\/\/casa.oaxaca.gob.mx\/?p=9967\" id='av-masonry-1-item-9967' data-av-masonry-item='9967' class='av-masonry-entry isotope-item post-9967 post type-post status-publish format-standard has-post-thumbnail hentry category-convocatorias-pasadas all_sort convocatorias-pasadas_sort  av-masonry-item-with-image' title=\"Taller: De la idea al Texto. Redacci\u00f3n de Proyectos Fotogr\u00e1ficos.  Imparte: Claudia Guadarrama\"  itemscope=\"itemscope\" itemtype=\"https:\/\/schema.org\/CreativeWork\" ><div class='av-inner-masonry-sizer'><\/div><figure class='av-inner-masonry main_color'><div class=\"av-masonry-outerimage-container\"><div class=\"av-masonry-image-container\" style=\"background-image: url(https:\/\/casa.oaxaca.gob.mx\/wp-content\/uploads\/2021\/02\/cerrada-705x511.png);\"><img decoding=\"async\" src=\"https:\/\/casa.oaxaca.gob.mx\/wp-content\/uploads\/2021\/02\/cerrada-705x511.png\" title=\"cerrada\" alt=\"\" \/><\/div><\/div><figcaption class='av-inner-masonry-content site-background'><div class='av-inner-masonry-content-pos'><div class='av-inner-masonry-content-pos-content'><div class='avia-arrow'><\/div><h3 class='av-masonry-entry-title entry-title'  itemprop=\"headline\" >Taller: De la idea al Texto. Redacci\u00f3n de Proyectos Fotogr\u00e1ficos.  Imparte: Claudia Guadarrama<\/h3><span class='av-masonry-date meta-color updated'><\/span><span class=\"av-masonry-text-sep text-sep-author\">\/<\/span><span class='av-masonry-author meta-color vcard author'><span class='fn'>by <\/span><\/span><\/div><\/div><\/figcaption><\/figure><\/a><!--end av-masonry entry--><a href=\"https:\/\/casa.oaxaca.gob.mx\/?p=9962\" id='av-masonry-1-item-9962' data-av-masonry-item='9962' class='av-masonry-entry isotope-item post-9962 post type-post status-publish format-standard has-post-thumbnail hentry category-convocatorias-pasadas all_sort convocatorias-pasadas_sort  av-masonry-item-with-image' title=\"Taller de dramaturgia.  Imparte: Ver\u00f3nica Musalem Moreno\"  itemscope=\"itemscope\" itemtype=\"https:\/\/schema.org\/CreativeWork\" ><div class='av-inner-masonry-sizer'><\/div><figure class='av-inner-masonry main_color'><div class=\"av-masonry-outerimage-container\"><div class=\"av-masonry-image-container\" style=\"background-image: url(https:\/\/casa.oaxaca.gob.mx\/wp-content\/uploads\/2021\/02\/cerrada2-705x484.png);\"><img decoding=\"async\" src=\"https:\/\/casa.oaxaca.gob.mx\/wp-content\/uploads\/2021\/02\/cerrada2-705x484.png\" title=\"cerrada2\" alt=\"\" \/><\/div><\/div><figcaption class='av-inner-masonry-content site-background'><div class='av-inner-masonry-content-pos'><div class='av-inner-masonry-content-pos-content'><div class='avia-arrow'><\/div><h3 class='av-masonry-entry-title entry-title'  itemprop=\"headline\" >Taller de dramaturgia.  Imparte: Ver\u00f3nica Musalem Moreno<\/h3><span class='av-masonry-date meta-color updated'><\/span><span class=\"av-masonry-text-sep text-sep-author\">\/<\/span><span class='av-masonry-author meta-color vcard author'><span class='fn'>by <\/span><\/span><\/div><\/div><\/figcaption><\/figure><\/a><!--end av-masonry entry--><a href=\"https:\/\/casa.oaxaca.gob.mx\/?p=9957\" id='av-masonry-1-item-9957' data-av-masonry-item='9957' class='av-masonry-entry isotope-item post-9957 post type-post status-publish format-standard has-post-thumbnail hentry category-convocatorias-pasadas all_sort convocatorias-pasadas_sort  av-masonry-item-with-image' title=\"Taller de fotograf\u00eda: Ac\u00e9rcate  Imparte: Nelson Morales\"  itemscope=\"itemscope\" itemtype=\"https:\/\/schema.org\/CreativeWork\" ><div class='av-inner-masonry-sizer'><\/div><figure class='av-inner-masonry main_color'><div class=\"av-masonry-outerimage-container\"><div class=\"av-masonry-image-container\" style=\"background-image: url(https:\/\/casa.oaxaca.gob.mx\/wp-content\/uploads\/2021\/02\/Cerrada-02-1-705x484.png);\"><img decoding=\"async\" src=\"https:\/\/casa.oaxaca.gob.mx\/wp-content\/uploads\/2021\/02\/Cerrada-02-1-705x484.png\" title=\"Cerrada 02\" alt=\"\" \/><\/div><\/div><figcaption class='av-inner-masonry-content site-background'><div class='av-inner-masonry-content-pos'><div class='av-inner-masonry-content-pos-content'><div class='avia-arrow'><\/div><h3 class='av-masonry-entry-title entry-title'  itemprop=\"headline\" >Taller de fotograf\u00eda: Ac\u00e9rcate  Imparte: Nelson Morales<\/h3><span class='av-masonry-date meta-color updated'><\/span><span class=\"av-masonry-text-sep text-sep-author\">\/<\/span><span class='av-masonry-author meta-color vcard author'><span class='fn'>by <\/span><\/span><\/div><\/div><\/figcaption><\/figure><\/a><!--end av-masonry entry--><a href=\"https:\/\/casa.oaxaca.gob.mx\/?p=9942\" id='av-masonry-1-item-9942' data-av-masonry-item='9942' class='av-masonry-entry isotope-item post-9942 post type-post status-publish format-standard has-post-thumbnail hentry category-convocatorias-pasadas all_sort convocatorias-pasadas_sort  av-masonry-item-with-image' title=\"Taller de fotograf\u00eda \u201cHuella y Memoria\u201d. Imparte: Marcela Taboada\"  itemscope=\"itemscope\" itemtype=\"https:\/\/schema.org\/CreativeWork\" ><div class='av-inner-masonry-sizer'><\/div><figure class='av-inner-masonry main_color'><div class=\"av-masonry-outerimage-container\"><div class=\"av-masonry-image-container\" style=\"background-image: url(https:\/\/casa.oaxaca.gob.mx\/wp-content\/uploads\/2021\/01\/Banner-01-cerrada-705x484.png);\"><img decoding=\"async\" src=\"https:\/\/casa.oaxaca.gob.mx\/wp-content\/uploads\/2021\/01\/Banner-01-cerrada-705x484.png\" title=\"Banner 01 cerrada\" alt=\"\" \/><\/div><\/div><figcaption class='av-inner-masonry-content site-background'><div class='av-inner-masonry-content-pos'><div class='av-inner-masonry-content-pos-content'><div class='avia-arrow'><\/div><h3 class='av-masonry-entry-title entry-title'  itemprop=\"headline\" >Taller de fotograf\u00eda \u201cHuella y Memoria\u201d. Imparte: Marcela Taboada<\/h3><span class='av-masonry-date meta-color updated'><\/span><span class=\"av-masonry-text-sep text-sep-author\">\/<\/span><span class='av-masonry-author meta-color vcard author'><span class='fn'>by <\/span><\/span><\/div><\/div><\/figcaption><\/figure><\/a><!--end av-masonry entry--><a href=\"https:\/\/casa.oaxaca.gob.mx\/?p=9936\" id='av-masonry-1-item-9936' data-av-masonry-item='9936' class='av-masonry-entry isotope-item post-9936 post type-post status-publish format-standard has-post-thumbnail hentry category-convocatorias-pasadas all_sort convocatorias-pasadas_sort  av-masonry-item-with-image' title=\"Contra-montajes. Seminario te\u00f3rico-pr\u00e1ctico en torno a la imagen en movimiento     Imparte: Javier Toscano.\"  itemscope=\"itemscope\" itemtype=\"https:\/\/schema.org\/CreativeWork\" ><div class='av-inner-masonry-sizer'><\/div><figure class='av-inner-masonry main_color'><div class=\"av-masonry-outerimage-container\"><div class=\"av-masonry-image-container\" style=\"background-image: url(https:\/\/casa.oaxaca.gob.mx\/wp-content\/uploads\/2021\/01\/cerrada-02-705x484.png);\"><img decoding=\"async\" src=\"https:\/\/casa.oaxaca.gob.mx\/wp-content\/uploads\/2021\/01\/cerrada-02-705x484.png\" title=\"cerrada 02\" alt=\"\" \/><\/div><\/div><figcaption class='av-inner-masonry-content site-background'><div class='av-inner-masonry-content-pos'><div class='av-inner-masonry-content-pos-content'><div class='avia-arrow'><\/div><h3 class='av-masonry-entry-title entry-title'  itemprop=\"headline\" >Contra-montajes. Seminario te\u00f3rico-pr\u00e1ctico en torno a la imagen en movimiento     Imparte: Javier Toscano.<\/h3><span class='av-masonry-date meta-color updated'><\/span><span class=\"av-masonry-text-sep text-sep-author\">\/<\/span><span class='av-masonry-author meta-color vcard author'><span class='fn'>by <\/span><\/span><\/div><\/div><\/figcaption><\/figure><\/a><!--end av-masonry entry--><a href=\"https:\/\/casa.oaxaca.gob.mx\/?p=9931\" id='av-masonry-1-item-9931' data-av-masonry-item='9931' class='av-masonry-entry isotope-item post-9931 post type-post status-publish format-standard has-post-thumbnail hentry category-convocatorias-pasadas all_sort convocatorias-pasadas_sort  av-masonry-item-with-image' title=\"Taller: Ensayo fotogr\u00e1fico. Estrategias y an\u00e1lisis para narrar historias visuales    Imparte: Rafael del R\u00edo.\"  itemscope=\"itemscope\" itemtype=\"https:\/\/schema.org\/CreativeWork\" ><div class='av-inner-masonry-sizer'><\/div><figure class='av-inner-masonry main_color'><div class=\"av-masonry-outerimage-container\"><div class=\"av-masonry-image-container\" style=\"background-image: url(https:\/\/casa.oaxaca.gob.mx\/wp-content\/uploads\/2021\/01\/Banner-03-705x484.png);\"><img decoding=\"async\" src=\"https:\/\/casa.oaxaca.gob.mx\/wp-content\/uploads\/2021\/01\/Banner-03-705x484.png\" title=\"Banner 03\" alt=\"\" \/><\/div><\/div><figcaption class='av-inner-masonry-content site-background'><div class='av-inner-masonry-content-pos'><div class='av-inner-masonry-content-pos-content'><div class='avia-arrow'><\/div><h3 class='av-masonry-entry-title entry-title'  itemprop=\"headline\" >Taller: Ensayo fotogr\u00e1fico. Estrategias y an\u00e1lisis para narrar historias visuales    Imparte: Rafael del R\u00edo.<\/h3><span class='av-masonry-date meta-color updated'><\/span><span class=\"av-masonry-text-sep text-sep-author\">\/<\/span><span class='av-masonry-author meta-color vcard author'><span class='fn'>by <\/span><\/span><\/div><\/div><\/figcaption><\/figure><\/a><!--end av-masonry entry--><a href=\"https:\/\/casa.oaxaca.gob.mx\/?p=9918\" id='av-masonry-1-item-9918' data-av-masonry-item='9918' class='av-masonry-entry isotope-item post-9918 post type-post status-publish format-standard has-post-thumbnail hentry category-convocatorias-pasadas all_sort convocatorias-pasadas_sort  av-masonry-item-with-image' title=\"Taller: Impresi\u00f3n digital e interpretaci\u00f3n de la Imagen Fotogr\u00e1fica   Imparte: Gabriel Figueroa Flores\"  itemscope=\"itemscope\" itemtype=\"https:\/\/schema.org\/CreativeWork\" ><div class='av-inner-masonry-sizer'><\/div><figure class='av-inner-masonry main_color'><div class=\"av-masonry-outerimage-container\"><div class=\"av-masonry-image-container\" style=\"background-image: url(https:\/\/casa.oaxaca.gob.mx\/wp-content\/uploads\/2021\/01\/Banner-02-cerrada-705x429.png);\"><img decoding=\"async\" src=\"https:\/\/casa.oaxaca.gob.mx\/wp-content\/uploads\/2021\/01\/Banner-02-cerrada-705x429.png\" title=\"Banner 02 cerrada\" alt=\"\" \/><\/div><\/div><figcaption class='av-inner-masonry-content site-background'><div class='av-inner-masonry-content-pos'><div class='av-inner-masonry-content-pos-content'><div class='avia-arrow'><\/div><h3 class='av-masonry-entry-title entry-title'  itemprop=\"headline\" >Taller: Impresi\u00f3n digital e interpretaci\u00f3n de la Imagen Fotogr\u00e1fica   Imparte: Gabriel Figueroa Flores<\/h3><span class='av-masonry-date meta-color updated'><\/span><span class=\"av-masonry-text-sep text-sep-author\">\/<\/span><span class='av-masonry-author meta-color vcard author'><span class='fn'>by <\/span><\/span><\/div><\/div><\/figcaption><\/figure><\/a><!--end av-masonry entry--><a href=\"https:\/\/casa.oaxaca.gob.mx\/?p=9912\" id='av-masonry-1-item-9912' data-av-masonry-item='9912' class='av-masonry-entry isotope-item post-9912 post type-post status-publish format-standard has-post-thumbnail hentry category-convocatorias-pasadas all_sort convocatorias-pasadas_sort  av-masonry-item-with-image' title=\"Taller: Experimental de producci\u00f3n art\u00edstica   Imparte: Miguel Calder\u00f3n\"  itemscope=\"itemscope\" itemtype=\"https:\/\/schema.org\/CreativeWork\" ><div class='av-inner-masonry-sizer'><\/div><figure class='av-inner-masonry main_color'><div class=\"av-masonry-outerimage-container\"><div class=\"av-masonry-image-container\" style=\"background-image: url(https:\/\/casa.oaxaca.gob.mx\/wp-content\/uploads\/2021\/01\/Banner-cerrada-705x484.png);\"><img decoding=\"async\" src=\"https:\/\/casa.oaxaca.gob.mx\/wp-content\/uploads\/2021\/01\/Banner-cerrada-705x484.png\" title=\"Banner cerrada\" alt=\"\" \/><\/div><\/div><figcaption class='av-inner-masonry-content site-background'><div class='av-inner-masonry-content-pos'><div class='av-inner-masonry-content-pos-content'><div class='avia-arrow'><\/div><h3 class='av-masonry-entry-title entry-title'  itemprop=\"headline\" >Taller: Experimental de producci\u00f3n art\u00edstica   Imparte: Miguel Calder\u00f3n<\/h3><span class='av-masonry-date meta-color updated'><\/span><span class=\"av-masonry-text-sep text-sep-author\">\/<\/span><span class='av-masonry-author meta-color vcard author'><span class='fn'>by <\/span><\/span><\/div><\/div><\/figcaption><\/figure><\/a><!--end av-masonry entry--><a href=\"https:\/\/casa.oaxaca.gob.mx\/?p=9905\" id='av-masonry-1-item-9905' data-av-masonry-item='9905' class='av-masonry-entry isotope-item post-9905 post type-post status-publish format-standard has-post-thumbnail hentry category-convocatorias-pasadas all_sort convocatorias-pasadas_sort  av-masonry-item-with-image' title=\"Taller: El dibujo, herramienta experimental   Imparte: Patricia Mar\u00eda Henr\u00edquez Bremer\"  itemscope=\"itemscope\" itemtype=\"https:\/\/schema.org\/CreativeWork\" ><div class='av-inner-masonry-sizer'><\/div><figure class='av-inner-masonry main_color'><div class=\"av-masonry-outerimage-container\"><div class=\"av-masonry-image-container\" style=\"background-image: url(https:\/\/casa.oaxaca.gob.mx\/wp-content\/uploads\/2021\/01\/Banner-cerrada02-705x484.png);\"><img decoding=\"async\" src=\"https:\/\/casa.oaxaca.gob.mx\/wp-content\/uploads\/2021\/01\/Banner-cerrada02-705x484.png\" title=\"Banner cerrada02\" alt=\"\" \/><\/div><\/div><figcaption class='av-inner-masonry-content site-background'><div class='av-inner-masonry-content-pos'><div class='av-inner-masonry-content-pos-content'><div class='avia-arrow'><\/div><h3 class='av-masonry-entry-title entry-title'  itemprop=\"headline\" >Taller: El dibujo, herramienta experimental   Imparte: Patricia Mar\u00eda Henr\u00edquez Bremer<\/h3><span class='av-masonry-date meta-color updated'><\/span><span class=\"av-masonry-text-sep text-sep-author\">\/<\/span><span class='av-masonry-author meta-color vcard author'><span class='fn'>by <\/span><\/span><\/div><\/div><\/figcaption><\/figure><\/a><!--end av-masonry entry--><a href=\"https:\/\/casa.oaxaca.gob.mx\/?p=9885\" id='av-masonry-1-item-9885' data-av-masonry-item='9885' class='av-masonry-entry isotope-item post-9885 post type-post status-publish format-standard has-post-thumbnail hentry category-convocatorias-pasadas all_sort convocatorias-pasadas_sort  av-masonry-item-with-image' title=\"Taller: La poes\u00eda, flor de pensamiento del pueblo.  Imparte: Juan \u00c1lvarez P\u00e9rez\"  itemscope=\"itemscope\" itemtype=\"https:\/\/schema.org\/CreativeWork\" ><div class='av-inner-masonry-sizer'><\/div><figure class='av-inner-masonry main_color'><div class=\"av-masonry-outerimage-container\"><div class=\"av-masonry-image-container\" style=\"background-image: url(https:\/\/casa.oaxaca.gob.mx\/wp-content\/uploads\/2020\/12\/Banner-cerrada-705x484.png);\"><img decoding=\"async\" src=\"https:\/\/casa.oaxaca.gob.mx\/wp-content\/uploads\/2020\/12\/Banner-cerrada-705x484.png\" title=\"Banner cerrada\" alt=\"\" \/><\/div><\/div><figcaption class='av-inner-masonry-content site-background'><div class='av-inner-masonry-content-pos'><div class='av-inner-masonry-content-pos-content'><div class='avia-arrow'><\/div><h3 class='av-masonry-entry-title entry-title'  itemprop=\"headline\" >Taller: La poes\u00eda, flor de pensamiento del pueblo.  Imparte: Juan \u00c1lvarez P\u00e9rez<\/h3><span class='av-masonry-date meta-color updated'><\/span><span class=\"av-masonry-text-sep text-sep-author\">\/<\/span><span class='av-masonry-author meta-color vcard author'><span class='fn'>by <\/span><\/span><\/div><\/div><\/figcaption><\/figure><\/a><!--end av-masonry entry--><a href=\"https:\/\/casa.oaxaca.gob.mx\/?p=9881\" id='av-masonry-1-item-9881' data-av-masonry-item='9881' class='av-masonry-entry isotope-item post-9881 post type-post status-publish format-standard has-post-thumbnail hentry category-convocatorias-pasadas all_sort convocatorias-pasadas_sort  av-masonry-item-with-image' title=\"Taller: El choque de las im\u00e1genes: taller de narrativa visual .  Imparte: Gerardo Suter\"  itemscope=\"itemscope\" itemtype=\"https:\/\/schema.org\/CreativeWork\" ><div class='av-inner-masonry-sizer'><\/div><figure class='av-inner-masonry main_color'><div class=\"av-masonry-outerimage-container\"><div class=\"av-masonry-image-container\" style=\"background-image: url(https:\/\/casa.oaxaca.gob.mx\/wp-content\/uploads\/2020\/12\/Banner-cerrada02-705x484.png);\"><img decoding=\"async\" src=\"https:\/\/casa.oaxaca.gob.mx\/wp-content\/uploads\/2020\/12\/Banner-cerrada02-705x484.png\" title=\"Banner cerrada02\" alt=\"\" \/><\/div><\/div><figcaption class='av-inner-masonry-content site-background'><div class='av-inner-masonry-content-pos'><div class='av-inner-masonry-content-pos-content'><div class='avia-arrow'><\/div><h3 class='av-masonry-entry-title entry-title'  itemprop=\"headline\" >Taller: El choque de las im\u00e1genes: taller de narrativa visual .  Imparte: Gerardo Suter<\/h3><span class='av-masonry-date meta-color updated'><\/span><span class=\"av-masonry-text-sep text-sep-author\">\/<\/span><span class='av-masonry-author meta-color vcard author'><span class='fn'>by <\/span><\/span><\/div><\/div><\/figcaption><\/figure><\/a><!--end av-masonry entry--><a href=\"https:\/\/casa.oaxaca.gob.mx\/?p=9854\" id='av-masonry-1-item-9854' data-av-masonry-item='9854' class='av-masonry-entry isotope-item post-9854 post type-post status-publish format-standard has-post-thumbnail hentry category-convocatorias-pasadas all_sort convocatorias-pasadas_sort  av-masonry-item-with-image' title=\"Experiencia con escultura. Imparte: Jes\u00fas Mart\u00ednez\"  itemscope=\"itemscope\" itemtype=\"https:\/\/schema.org\/CreativeWork\" ><div class='av-inner-masonry-sizer'><\/div><figure class='av-inner-masonry main_color'><div class=\"av-masonry-outerimage-container\"><div class=\"av-masonry-image-container\" style=\"background-image: url(https:\/\/casa.oaxaca.gob.mx\/wp-content\/uploads\/2020\/12\/Banner-Modelado-705x484.png);\"><img decoding=\"async\" src=\"https:\/\/casa.oaxaca.gob.mx\/wp-content\/uploads\/2020\/12\/Banner-Modelado-705x484.png\" title=\"Banner Modelado\" alt=\"\" \/><\/div><\/div><figcaption class='av-inner-masonry-content site-background'><div class='av-inner-masonry-content-pos'><div class='av-inner-masonry-content-pos-content'><div class='avia-arrow'><\/div><h3 class='av-masonry-entry-title entry-title'  itemprop=\"headline\" >Experiencia con escultura. Imparte: Jes\u00fas Mart\u00ednez<\/h3><span class='av-masonry-date meta-color updated'><\/span><span class=\"av-masonry-text-sep text-sep-author\">\/<\/span><span class='av-masonry-author meta-color vcard author'><span class='fn'>by <\/span><\/span><\/div><\/div><\/figcaption><\/figure><\/a><!--end av-masonry entry--><a href=\"https:\/\/casa.oaxaca.gob.mx\/?p=9845\" id='av-masonry-1-item-9845' data-av-masonry-item='9845' class='av-masonry-entry isotope-item post-9845 post type-post status-publish format-standard has-post-thumbnail hentry category-convocatorias-pasadas all_sort convocatorias-pasadas_sort  av-masonry-item-with-image' title=\"Taller: Cer\u00e1mica en alta temperatura.  Imparte: Claudio Jer\u00f3nimo L\u00f3pez\"  itemscope=\"itemscope\" itemtype=\"https:\/\/schema.org\/CreativeWork\" ><div class='av-inner-masonry-sizer'><\/div><figure class='av-inner-masonry main_color'><div class=\"av-masonry-outerimage-container\"><div class=\"av-masonry-image-container\" style=\"background-image: url(https:\/\/casa.oaxaca.gob.mx\/wp-content\/uploads\/2020\/12\/Cera\u0301mica-705x484.png);\"><img decoding=\"async\" src=\"https:\/\/casa.oaxaca.gob.mx\/wp-content\/uploads\/2020\/12\/Cera\u0301mica-705x484.png\" title=\"Cera\u0301mica\" alt=\"\" \/><\/div><\/div><figcaption class='av-inner-masonry-content site-background'><div class='av-inner-masonry-content-pos'><div class='av-inner-masonry-content-pos-content'><div class='avia-arrow'><\/div><h3 class='av-masonry-entry-title entry-title'  itemprop=\"headline\" >Taller: Cer\u00e1mica en alta temperatura.  Imparte: Claudio Jer\u00f3nimo L\u00f3pez<\/h3><span class='av-masonry-date meta-color updated'><\/span><span class=\"av-masonry-text-sep text-sep-author\">\/<\/span><span class='av-masonry-author meta-color vcard author'><span class='fn'>by <\/span><\/span><\/div><\/div><\/figcaption><\/figure><\/a><!--end av-masonry entry--><a href=\"https:\/\/casa.oaxaca.gob.mx\/?p=9837\" id='av-masonry-1-item-9837' data-av-masonry-item='9837' class='av-masonry-entry isotope-item post-9837 post type-post status-publish format-standard has-post-thumbnail hentry category-convocatorias-pasadas all_sort convocatorias-pasadas_sort  av-masonry-item-with-image' title=\"Experiencia de r\u00f3tulos. Imparte: Giovanni Bautista\"  itemscope=\"itemscope\" itemtype=\"https:\/\/schema.org\/CreativeWork\" ><div class='av-inner-masonry-sizer'><\/div><figure class='av-inner-masonry main_color'><div class=\"av-masonry-outerimage-container\"><div class=\"av-masonry-image-container\" style=\"background-image: url(https:\/\/casa.oaxaca.gob.mx\/wp-content\/uploads\/2020\/12\/WEB-IMAGEN-DESTACADA-rotulos-705x484.png);\"><img decoding=\"async\" src=\"https:\/\/casa.oaxaca.gob.mx\/wp-content\/uploads\/2020\/12\/WEB-IMAGEN-DESTACADA-rotulos-705x484.png\" title=\"WEB-IMAGEN-DESTACADA-rotulos\" alt=\"\" \/><\/div><\/div><figcaption class='av-inner-masonry-content site-background'><div class='av-inner-masonry-content-pos'><div class='av-inner-masonry-content-pos-content'><div class='avia-arrow'><\/div><h3 class='av-masonry-entry-title entry-title'  itemprop=\"headline\" >Experiencia de r\u00f3tulos. Imparte: Giovanni Bautista<\/h3><span class='av-masonry-date meta-color updated'><\/span><span class=\"av-masonry-text-sep text-sep-author\">\/<\/span><span class='av-masonry-author meta-color vcard author'><span class='fn'>by <\/span><\/span><\/div><\/div><\/figcaption><\/figure><\/a><!--end av-masonry entry--><a href=\"https:\/\/casa.oaxaca.gob.mx\/?p=9812\" id='av-masonry-1-item-9812' data-av-masonry-item='9812' class='av-masonry-entry isotope-item post-9812 post type-post status-publish format-standard has-post-thumbnail hentry category-convocatorias-pasadas all_sort convocatorias-pasadas_sort  av-masonry-item-with-image' title=\"Taller: Creaci\u00f3n literaria en lengua maya.  Imparte: Feliciano S\u00e1nchez Chan\"  itemscope=\"itemscope\" itemtype=\"https:\/\/schema.org\/CreativeWork\" ><div class='av-inner-masonry-sizer'><\/div><figure class='av-inner-masonry main_color'><div class=\"av-masonry-outerimage-container\"><div class=\"av-masonry-image-container\" style=\"background-image: url(https:\/\/casa.oaxaca.gob.mx\/wp-content\/uploads\/2020\/11\/Maya-705x484.png);\"><img decoding=\"async\" src=\"https:\/\/casa.oaxaca.gob.mx\/wp-content\/uploads\/2020\/11\/Maya-705x484.png\" title=\"Maya\" alt=\"\" \/><\/div><\/div><figcaption class='av-inner-masonry-content site-background'><div class='av-inner-masonry-content-pos'><div class='av-inner-masonry-content-pos-content'><div class='avia-arrow'><\/div><h3 class='av-masonry-entry-title entry-title'  itemprop=\"headline\" >Taller: Creaci\u00f3n literaria en lengua maya.  Imparte: Feliciano S\u00e1nchez Chan<\/h3><span class='av-masonry-date meta-color updated'><\/span><span class=\"av-masonry-text-sep text-sep-author\">\/<\/span><span class='av-masonry-author meta-color vcard author'><span class='fn'>by <\/span><\/span><\/div><\/div><\/figcaption><\/figure><\/a><!--end av-masonry entry--><a href=\"https:\/\/casa.oaxaca.gob.mx\/?p=9805\" id='av-masonry-1-item-9805' data-av-masonry-item='9805' class='av-masonry-entry isotope-item post-9805 post type-post status-publish format-standard has-post-thumbnail hentry category-convocatorias-pasadas all_sort convocatorias-pasadas_sort  av-masonry-item-with-image' title=\"Taller: Introducci\u00f3n a la escritura de guion cinematogr\u00e1fico. Imparte: \u00c1ngeles Cruz\"  itemscope=\"itemscope\" itemtype=\"https:\/\/schema.org\/CreativeWork\" ><div class='av-inner-masonry-sizer'><\/div><figure class='av-inner-masonry main_color'><div class=\"av-masonry-outerimage-container\"><div class=\"av-masonry-image-container\" style=\"background-image: url(https:\/\/casa.oaxaca.gob.mx\/wp-content\/uploads\/2020\/11\/cerrada-03-1-705x484.png);\"><img decoding=\"async\" src=\"https:\/\/casa.oaxaca.gob.mx\/wp-content\/uploads\/2020\/11\/cerrada-03-1-705x484.png\" title=\"cerrada 03\" alt=\"\" \/><\/div><\/div><figcaption class='av-inner-masonry-content site-background'><div class='av-inner-masonry-content-pos'><div class='av-inner-masonry-content-pos-content'><div class='avia-arrow'><\/div><h3 class='av-masonry-entry-title entry-title'  itemprop=\"headline\" >Taller: Introducci\u00f3n a la escritura de guion cinematogr\u00e1fico. Imparte: \u00c1ngeles Cruz<\/h3><span class='av-masonry-date meta-color updated'><\/span><span class=\"av-masonry-text-sep text-sep-author\">\/<\/span><span class='av-masonry-author meta-color vcard author'><span class='fn'>by <\/span><\/span><\/div><\/div><\/figcaption><\/figure><\/a><!--end av-masonry entry--><a href=\"https:\/\/casa.oaxaca.gob.mx\/?p=9801\" id='av-masonry-1-item-9801' data-av-masonry-item='9801' class='av-masonry-entry isotope-item post-9801 post type-post status-publish format-standard has-post-thumbnail hentry category-convocatorias-pasadas all_sort convocatorias-pasadas_sort  av-masonry-item-with-image' title=\"Taller: Escritura literaria en contextos comunitarios . Imparte: Marceal M\u00e9ndez\"  itemscope=\"itemscope\" itemtype=\"https:\/\/schema.org\/CreativeWork\" ><div class='av-inner-masonry-sizer'><\/div><figure class='av-inner-masonry main_color'><div class=\"av-masonry-outerimage-container\"><div class=\"av-masonry-image-container\" style=\"background-image: url(https:\/\/casa.oaxaca.gob.mx\/wp-content\/uploads\/2020\/11\/cerrada-01-3-705x484.png);\"><img decoding=\"async\" src=\"https:\/\/casa.oaxaca.gob.mx\/wp-content\/uploads\/2020\/11\/cerrada-01-3-705x484.png\" title=\"cerrada 01\" alt=\"\" \/><\/div><\/div><figcaption class='av-inner-masonry-content site-background'><div class='av-inner-masonry-content-pos'><div class='av-inner-masonry-content-pos-content'><div class='avia-arrow'><\/div><h3 class='av-masonry-entry-title entry-title'  itemprop=\"headline\" >Taller: Escritura literaria en contextos comunitarios . Imparte: Marceal M\u00e9ndez<\/h3><span class='av-masonry-date meta-color updated'><\/span><span class=\"av-masonry-text-sep text-sep-author\">\/<\/span><span class='av-masonry-author meta-color vcard author'><span class='fn'>by <\/span><\/span><\/div><\/div><\/figcaption><\/figure><\/a><!--end av-masonry entry--><a href=\"https:\/\/casa.oaxaca.gob.mx\/?p=9790\" id='av-masonry-1-item-9790' data-av-masonry-item='9790' class='av-masonry-entry isotope-item post-9790 post type-post status-publish format-standard has-post-thumbnail hentry category-convocatorias-pasadas all_sort convocatorias-pasadas_sort  av-masonry-item-with-image' title=\"Taller: Po\u00e9ticas de Emergencia. Imparte: Omar Pimienta\"  itemscope=\"itemscope\" itemtype=\"https:\/\/schema.org\/CreativeWork\" ><div class='av-inner-masonry-sizer'><\/div><figure class='av-inner-masonry main_color'><div class=\"av-masonry-outerimage-container\"><div class=\"av-masonry-image-container\" style=\"background-image: url(https:\/\/casa.oaxaca.gob.mx\/wp-content\/uploads\/2020\/11\/Cerrada001-705x484.png);\"><img decoding=\"async\" src=\"https:\/\/casa.oaxaca.gob.mx\/wp-content\/uploads\/2020\/11\/Cerrada001-705x484.png\" title=\"Cerrada001\" alt=\"\" \/><\/div><\/div><figcaption class='av-inner-masonry-content site-background'><div class='av-inner-masonry-content-pos'><div class='av-inner-masonry-content-pos-content'><div class='avia-arrow'><\/div><h3 class='av-masonry-entry-title entry-title'  itemprop=\"headline\" >Taller: Po\u00e9ticas de Emergencia. Imparte: Omar Pimienta<\/h3><span class='av-masonry-date meta-color updated'><\/span><span class=\"av-masonry-text-sep text-sep-author\">\/<\/span><span class='av-masonry-author meta-color vcard author'><span class='fn'>by <\/span><\/span><\/div><\/div><\/figcaption><\/figure><\/a><!--end av-masonry entry--><a href=\"https:\/\/casa.oaxaca.gob.mx\/?p=9777\" id='av-masonry-1-item-9777' data-av-masonry-item='9777' class='av-masonry-entry isotope-item post-9777 post type-post status-publish format-standard has-post-thumbnail hentry category-convocatorias-pasadas all_sort convocatorias-pasadas_sort  av-masonry-item-with-image' title=\"Taller: Elaboraci\u00f3n de proyectos culturales para becas    Imparte: Lorenzo Armendariz\"  itemscope=\"itemscope\" itemtype=\"https:\/\/schema.org\/CreativeWork\" ><div class='av-inner-masonry-sizer'><\/div><figure class='av-inner-masonry main_color'><div class=\"av-masonry-outerimage-container\"><div class=\"av-masonry-image-container\" style=\"background-image: url(https:\/\/casa.oaxaca.gob.mx\/wp-content\/uploads\/2020\/11\/Cerrada-02-1-705x484.png);\"><img decoding=\"async\" src=\"https:\/\/casa.oaxaca.gob.mx\/wp-content\/uploads\/2020\/11\/Cerrada-02-1-705x484.png\" title=\"Cerrada-02\" alt=\"\" \/><\/div><\/div><figcaption class='av-inner-masonry-content site-background'><div class='av-inner-masonry-content-pos'><div class='av-inner-masonry-content-pos-content'><div class='avia-arrow'><\/div><h3 class='av-masonry-entry-title entry-title'  itemprop=\"headline\" >Taller: Elaboraci\u00f3n de proyectos culturales para becas    Imparte: Lorenzo Armendariz<\/h3><span class='av-masonry-date meta-color updated'><\/span><span class=\"av-masonry-text-sep text-sep-author\">\/<\/span><span class='av-masonry-author meta-color vcard author'><span class='fn'>by <\/span><\/span><\/div><\/div><\/figcaption><\/figure><\/a><!--end av-masonry entry--><a href=\"https:\/\/casa.oaxaca.gob.mx\/?p=9771\" id='av-masonry-1-item-9771' data-av-masonry-item='9771' class='av-masonry-entry isotope-item post-9771 post type-post status-publish format-standard has-post-thumbnail hentry category-convocatorias-pasadas all_sort convocatorias-pasadas_sort  av-masonry-item-with-image' title=\"Taller: Creaci\u00f3n literaria en lenguas originarias: \u201cCa guichu guendarieedasil\u00f3\/ Las espigas de la memoria\u201d   Imparte: Esteban R\u00edos Cruz\"  itemscope=\"itemscope\" itemtype=\"https:\/\/schema.org\/CreativeWork\" ><div class='av-inner-masonry-sizer'><\/div><figure class='av-inner-masonry main_color'><div class=\"av-masonry-outerimage-container\"><div class=\"av-masonry-image-container\" style=\"background-image: url(https:\/\/casa.oaxaca.gob.mx\/wp-content\/uploads\/2020\/11\/cerrada-02-2-705x484.png);\"><img decoding=\"async\" src=\"https:\/\/casa.oaxaca.gob.mx\/wp-content\/uploads\/2020\/11\/cerrada-02-2-705x484.png\" title=\"cerrada 02\" alt=\"\" \/><\/div><\/div><figcaption class='av-inner-masonry-content site-background'><div class='av-inner-masonry-content-pos'><div class='av-inner-masonry-content-pos-content'><div class='avia-arrow'><\/div><h3 class='av-masonry-entry-title entry-title'  itemprop=\"headline\" >Taller: Creaci\u00f3n literaria en lenguas originarias: \u201cCa guichu guendarieedasil\u00f3\/ Las espigas de la memoria\u201d   Imparte: Esteban R\u00edos Cruz<\/h3><span class='av-masonry-date meta-color updated'><\/span><span class=\"av-masonry-text-sep text-sep-author\">\/<\/span><span class='av-masonry-author meta-color vcard author'><span class='fn'>by <\/span><\/span><\/div><\/div><\/figcaption><\/figure><\/a><!--end av-masonry entry--><a href=\"https:\/\/casa.oaxaca.gob.mx\/?p=9737\" id='av-masonry-1-item-9737' data-av-masonry-item='9737' class='av-masonry-entry isotope-item post-9737 post type-post status-publish format-standard has-post-thumbnail hentry category-convocatorias-pasadas all_sort convocatorias-pasadas_sort  av-masonry-item-with-image' title=\"Taller: Desarrollo de proyectos   Imparte: Enrique Jezik.\"  itemscope=\"itemscope\" itemtype=\"https:\/\/schema.org\/CreativeWork\" ><div class='av-inner-masonry-sizer'><\/div><figure class='av-inner-masonry main_color'><div class=\"av-masonry-outerimage-container\"><div class=\"av-masonry-image-container\" style=\"background-image: url(https:\/\/casa.oaxaca.gob.mx\/wp-content\/uploads\/2020\/11\/Cerrada-02-705x484.png);\"><img decoding=\"async\" src=\"https:\/\/casa.oaxaca.gob.mx\/wp-content\/uploads\/2020\/11\/Cerrada-02-705x484.png\" title=\"Cerrada 02\" alt=\"\" \/><\/div><\/div><figcaption class='av-inner-masonry-content site-background'><div class='av-inner-masonry-content-pos'><div class='av-inner-masonry-content-pos-content'><div class='avia-arrow'><\/div><h3 class='av-masonry-entry-title entry-title'  itemprop=\"headline\" >Taller: Desarrollo de proyectos   Imparte: Enrique Jezik.<\/h3><span class='av-masonry-date meta-color updated'><\/span><span class=\"av-masonry-text-sep text-sep-author\">\/<\/span><span class='av-masonry-author meta-color vcard author'><span class='fn'>by <\/span><\/span><\/div><\/div><\/figcaption><\/figure><\/a><!--end av-masonry entry--><a href=\"https:\/\/casa.oaxaca.gob.mx\/?p=9716\" id='av-masonry-1-item-9716' data-av-masonry-item='9716' class='av-masonry-entry isotope-item post-9716 post type-post status-publish format-standard has-post-thumbnail hentry category-convocatorias-pasadas all_sort convocatorias-pasadas_sort  av-masonry-item-with-image' title=\"Taller: Impresiones en cianotipia (azul cobalto). Una de las primeras t\u00e9cnicas de impresi\u00f3n fotogr\u00e1fica    Imparte: Silvia Gonz\u00e1lez de Le\u00f3n.\"  itemscope=\"itemscope\" itemtype=\"https:\/\/schema.org\/CreativeWork\" ><div class='av-inner-masonry-sizer'><\/div><figure class='av-inner-masonry main_color'><div class=\"av-masonry-outerimage-container\"><div class=\"av-masonry-image-container\" style=\"background-image: url(https:\/\/casa.oaxaca.gob.mx\/wp-content\/uploads\/2020\/11\/Cerrada-01-1-705x484.png);\"><img decoding=\"async\" src=\"https:\/\/casa.oaxaca.gob.mx\/wp-content\/uploads\/2020\/11\/Cerrada-01-1-705x484.png\" title=\"Cerrada 01\" alt=\"\" \/><\/div><\/div><figcaption class='av-inner-masonry-content site-background'><div class='av-inner-masonry-content-pos'><div class='av-inner-masonry-content-pos-content'><div class='avia-arrow'><\/div><h3 class='av-masonry-entry-title entry-title'  itemprop=\"headline\" >Taller: Impresiones en cianotipia (azul cobalto). Una de las primeras t\u00e9cnicas de impresi\u00f3n fotogr\u00e1fica    Imparte: Silvia Gonz\u00e1lez de Le\u00f3n.<\/h3><span class='av-masonry-date meta-color updated'><\/span><span class=\"av-masonry-text-sep text-sep-author\">\/<\/span><span class='av-masonry-author meta-color vcard author'><span class='fn'>by <\/span><\/span><\/div><\/div><\/figcaption><\/figure><\/a><!--end av-masonry entry--><a href=\"https:\/\/casa.oaxaca.gob.mx\/?p=9711\" id='av-masonry-1-item-9711' data-av-masonry-item='9711' class='av-masonry-entry isotope-item post-9711 post type-post status-publish format-standard has-post-thumbnail hentry category-convocatorias-pasadas all_sort convocatorias-pasadas_sort  av-masonry-item-with-image' title=\"Taller: Revisi\u00f3n de Proyectos Fotogr\u00e1ficos   Imparte: Lorena Estrada Quiroga.\"  itemscope=\"itemscope\" itemtype=\"https:\/\/schema.org\/CreativeWork\" ><div class='av-inner-masonry-sizer'><\/div><figure class='av-inner-masonry main_color'><div class=\"av-masonry-outerimage-container\"><div class=\"av-masonry-image-container\" style=\"background-image: url(https:\/\/casa.oaxaca.gob.mx\/wp-content\/uploads\/2020\/11\/Cerrada-01-2-705x484.png);\"><img decoding=\"async\" src=\"https:\/\/casa.oaxaca.gob.mx\/wp-content\/uploads\/2020\/11\/Cerrada-01-2-705x484.png\" title=\"Cerrada-01\" alt=\"\" \/><\/div><\/div><figcaption class='av-inner-masonry-content site-background'><div class='av-inner-masonry-content-pos'><div class='av-inner-masonry-content-pos-content'><div class='avia-arrow'><\/div><h3 class='av-masonry-entry-title entry-title'  itemprop=\"headline\" >Taller: Revisi\u00f3n de Proyectos Fotogr\u00e1ficos   Imparte: Lorena Estrada Quiroga.<\/h3><span class='av-masonry-date meta-color updated'><\/span><span class=\"av-masonry-text-sep text-sep-author\">\/<\/span><span class='av-masonry-author meta-color vcard author'><span class='fn'>by <\/span><\/span><\/div><\/div><\/figcaption><\/figure><\/a><!--end av-masonry entry--><a href=\"https:\/\/casa.oaxaca.gob.mx\/?p=9693\" id='av-masonry-1-item-9693' data-av-masonry-item='9693' class='av-masonry-entry isotope-item post-9693 post type-post status-publish format-standard has-post-thumbnail hentry category-convocatorias-pasadas all_sort convocatorias-pasadas_sort  av-masonry-item-with-image' title=\"Experiencia con acuarela. Imparte: Victor Ram\u00edrez Garc\u00eda\"  itemscope=\"itemscope\" itemtype=\"https:\/\/schema.org\/CreativeWork\" ><div class='av-inner-masonry-sizer'><\/div><figure class='av-inner-masonry main_color'><div class=\"av-masonry-outerimage-container\"><div class=\"av-masonry-image-container\" style=\"background-image: url(https:\/\/casa.oaxaca.gob.mx\/wp-content\/uploads\/2020\/11\/Banner-01-acuareal-705x484.png);\"><img decoding=\"async\" src=\"https:\/\/casa.oaxaca.gob.mx\/wp-content\/uploads\/2020\/11\/Banner-01-acuareal-705x484.png\" title=\"Banner 01 acuareal\" alt=\"\" \/><\/div><\/div><figcaption class='av-inner-masonry-content site-background'><div class='av-inner-masonry-content-pos'><div class='av-inner-masonry-content-pos-content'><div class='avia-arrow'><\/div><h3 class='av-masonry-entry-title entry-title'  itemprop=\"headline\" >Experiencia con acuarela. Imparte: Victor Ram\u00edrez Garc\u00eda<\/h3><span class='av-masonry-date meta-color updated'><\/span><span class=\"av-masonry-text-sep text-sep-author\">\/<\/span><span class='av-masonry-author meta-color vcard author'><span class='fn'>by <\/span><\/span><\/div><\/div><\/figcaption><\/figure><\/a><!--end av-masonry entry--><a href=\"https:\/\/casa.oaxaca.gob.mx\/?p=9686\" id='av-masonry-1-item-9686' data-av-masonry-item='9686' class='av-masonry-entry isotope-item post-9686 post type-post status-publish format-standard has-post-thumbnail hentry category-convocatorias-pasadas all_sort convocatorias-pasadas_sort  av-masonry-item-with-image' title=\"Taller: Fotograf\u00eda, Naturaleza y Medio Ambiente  Imparte: Javier Hinojosa\"  itemscope=\"itemscope\" itemtype=\"https:\/\/schema.org\/CreativeWork\" ><div class='av-inner-masonry-sizer'><\/div><figure class='av-inner-masonry main_color'><div class=\"av-masonry-outerimage-container\"><div class=\"av-masonry-image-container\" style=\"background-image: url(https:\/\/casa.oaxaca.gob.mx\/wp-content\/uploads\/2020\/11\/CERRADA-FOTOGRAFIA-705x484.png);\"><img decoding=\"async\" src=\"https:\/\/casa.oaxaca.gob.mx\/wp-content\/uploads\/2020\/11\/CERRADA-FOTOGRAFIA-705x484.png\" title=\"CERRADA FOTOGRAFIA\" alt=\"\" \/><\/div><\/div><figcaption class='av-inner-masonry-content site-background'><div class='av-inner-masonry-content-pos'><div class='av-inner-masonry-content-pos-content'><div class='avia-arrow'><\/div><h3 class='av-masonry-entry-title entry-title'  itemprop=\"headline\" >Taller: Fotograf\u00eda, Naturaleza y Medio Ambiente  Imparte: Javier Hinojosa<\/h3><span class='av-masonry-date meta-color updated'><\/span><span class=\"av-masonry-text-sep text-sep-author\">\/<\/span><span class='av-masonry-author meta-color vcard author'><span class='fn'>by <\/span><\/span><\/div><\/div><\/figcaption><\/figure><\/a><!--end av-masonry entry--><a href=\"https:\/\/casa.oaxaca.gob.mx\/?p=9674\" id='av-masonry-1-item-9674' data-av-masonry-item='9674' class='av-masonry-entry isotope-item post-9674 post type-post status-publish format-standard has-post-thumbnail hentry category-convocatorias-pasadas all_sort convocatorias-pasadas_sort  av-masonry-item-with-image' title=\"Taller: Laboratorio de cine potencial  Imparte: Bruno Varela\"  itemscope=\"itemscope\" itemtype=\"https:\/\/schema.org\/CreativeWork\" ><div class='av-inner-masonry-sizer'><\/div><figure class='av-inner-masonry main_color'><div class=\"av-masonry-outerimage-container\"><div class=\"av-masonry-image-container\" style=\"background-image: url(https:\/\/casa.oaxaca.gob.mx\/wp-content\/uploads\/2020\/11\/CERRADA-cine-705x484.png);\"><img decoding=\"async\" src=\"https:\/\/casa.oaxaca.gob.mx\/wp-content\/uploads\/2020\/11\/CERRADA-cine-705x484.png\" title=\"CERRADA cine\" alt=\"\" \/><\/div><\/div><figcaption class='av-inner-masonry-content site-background'><div class='av-inner-masonry-content-pos'><div class='av-inner-masonry-content-pos-content'><div class='avia-arrow'><\/div><h3 class='av-masonry-entry-title entry-title'  itemprop=\"headline\" >Taller: Laboratorio de cine potencial  Imparte: Bruno Varela<\/h3><span class='av-masonry-date meta-color updated'><\/span><span class=\"av-masonry-text-sep text-sep-author\">\/<\/span><span class='av-masonry-author meta-color vcard author'><span class='fn'>by <\/span><\/span><\/div><\/div><\/figcaption><\/figure><\/a><!--end av-masonry entry--><a href=\"https:\/\/casa.oaxaca.gob.mx\/?p=9656\" id='av-masonry-1-item-9656' data-av-masonry-item='9656' class='av-masonry-entry isotope-item post-9656 post type-post status-publish format-standard has-post-thumbnail hentry category-convocatorias-pasadas all_sort convocatorias-pasadas_sort  av-masonry-item-with-image' title=\"Taller: El cine a trav\u00e9s de sonido  Imparte: Pablo Tamez Sierra\"  itemscope=\"itemscope\" itemtype=\"https:\/\/schema.org\/CreativeWork\" ><div class='av-inner-masonry-sizer'><\/div><figure class='av-inner-masonry main_color'><div class=\"av-masonry-outerimage-container\"><div class=\"av-masonry-image-container\" style=\"background-image: url(https:\/\/casa.oaxaca.gob.mx\/wp-content\/uploads\/2020\/11\/cerrada-01-705x484.png);\"><img decoding=\"async\" src=\"https:\/\/casa.oaxaca.gob.mx\/wp-content\/uploads\/2020\/11\/cerrada-01-705x484.png\" title=\"cerrada 01\" alt=\"\" \/><\/div><\/div><figcaption class='av-inner-masonry-content site-background'><div class='av-inner-masonry-content-pos'><div class='av-inner-masonry-content-pos-content'><div class='avia-arrow'><\/div><h3 class='av-masonry-entry-title entry-title'  itemprop=\"headline\" >Taller: El cine a trav\u00e9s de sonido  Imparte: Pablo Tamez Sierra<\/h3><span class='av-masonry-date meta-color updated'><\/span><span class=\"av-masonry-text-sep text-sep-author\">\/<\/span><span class='av-masonry-author meta-color vcard author'><span class='fn'>by <\/span><\/span><\/div><\/div><\/figcaption><\/figure><\/a><!--end av-masonry entry--><a href=\"https:\/\/casa.oaxaca.gob.mx\/?p=9652\" id='av-masonry-1-item-9652' data-av-masonry-item='9652' class='av-masonry-entry isotope-item post-9652 post type-post status-publish format-standard has-post-thumbnail hentry category-convocatorias-pasadas all_sort convocatorias-pasadas_sort  av-masonry-item-with-image' title=\"Taller: Dibujo contempor\u00e1neo Imparte: Jos\u00e9 Castro Le\u00f1ero\"  itemscope=\"itemscope\" itemtype=\"https:\/\/schema.org\/CreativeWork\" ><div class='av-inner-masonry-sizer'><\/div><figure class='av-inner-masonry main_color'><div class=\"av-masonry-outerimage-container\"><div class=\"av-masonry-image-container\" style=\"background-image: url(https:\/\/casa.oaxaca.gob.mx\/wp-content\/uploads\/2020\/11\/Cerrada-03-705x484.png);\"><img decoding=\"async\" src=\"https:\/\/casa.oaxaca.gob.mx\/wp-content\/uploads\/2020\/11\/Cerrada-03-705x484.png\" title=\"Cerrada 03\" alt=\"\" \/><\/div><\/div><figcaption class='av-inner-masonry-content site-background'><div class='av-inner-masonry-content-pos'><div class='av-inner-masonry-content-pos-content'><div class='avia-arrow'><\/div><h3 class='av-masonry-entry-title entry-title'  itemprop=\"headline\" >Taller: Dibujo contempor\u00e1neo Imparte: Jos\u00e9 Castro Le\u00f1ero<\/h3><span class='av-masonry-date meta-color updated'><\/span><span class=\"av-masonry-text-sep text-sep-author\">\/<\/span><span class='av-masonry-author meta-color vcard author'><span class='fn'>by <\/span><\/span><\/div><\/div><\/figcaption><\/figure><\/a><!--end av-masonry entry--><a href=\"https:\/\/casa.oaxaca.gob.mx\/?p=9648\" id='av-masonry-1-item-9648' data-av-masonry-item='9648' class='av-masonry-entry isotope-item post-9648 post type-post status-publish format-standard has-post-thumbnail hentry category-convocatorias-pasadas all_sort convocatorias-pasadas_sort  av-masonry-item-with-image' title=\"Taller: Cuento infantil en lengua ind\u00edgena mayo  Imparte: Emilia Buitimea Yocupico.\"  itemscope=\"itemscope\" itemtype=\"https:\/\/schema.org\/CreativeWork\" ><div class='av-inner-masonry-sizer'><\/div><figure class='av-inner-masonry main_color'><div class=\"av-masonry-outerimage-container\"><div class=\"av-masonry-image-container\" style=\"background-image: url(https:\/\/casa.oaxaca.gob.mx\/wp-content\/uploads\/2020\/11\/Copia-de-Cerrada-02-705x484.png);\"><img decoding=\"async\" src=\"https:\/\/casa.oaxaca.gob.mx\/wp-content\/uploads\/2020\/11\/Copia-de-Cerrada-02-705x484.png\" title=\"Copia de Cerrada 02\" alt=\"\" \/><\/div><\/div><figcaption class='av-inner-masonry-content site-background'><div class='av-inner-masonry-content-pos'><div class='av-inner-masonry-content-pos-content'><div class='avia-arrow'><\/div><h3 class='av-masonry-entry-title entry-title'  itemprop=\"headline\" >Taller: Cuento infantil en lengua ind\u00edgena mayo  Imparte: Emilia Buitimea Yocupico.<\/h3><span class='av-masonry-date meta-color updated'><\/span><span class=\"av-masonry-text-sep text-sep-author\">\/<\/span><span class='av-masonry-author meta-color vcard author'><span class='fn'>by <\/span><\/span><\/div><\/div><\/figcaption><\/figure><\/a><!--end av-masonry entry--><a href=\"https:\/\/casa.oaxaca.gob.mx\/?p=9628\" id='av-masonry-1-item-9628' data-av-masonry-item='9628' class='av-masonry-entry isotope-item post-9628 post type-post status-publish format-standard has-post-thumbnail hentry category-convocatorias-pasadas all_sort convocatorias-pasadas_sort  av-masonry-item-with-image' title=\"Premios CaSa. Ifantil. Ganadores\"  itemscope=\"itemscope\" itemtype=\"https:\/\/schema.org\/CreativeWork\" ><div class='av-inner-masonry-sizer'><\/div><figure class='av-inner-masonry main_color'><div class=\"av-masonry-outerimage-container\"><div class=\"av-masonry-image-container\" style=\"background-image: url(https:\/\/casa.oaxaca.gob.mx\/wp-content\/uploads\/2020\/10\/Banner-705x484.png);\"><img decoding=\"async\" src=\"https:\/\/casa.oaxaca.gob.mx\/wp-content\/uploads\/2020\/10\/Banner-705x484.png\" title=\"Banner\" alt=\"\" \/><\/div><\/div><figcaption class='av-inner-masonry-content site-background'><div class='av-inner-masonry-content-pos'><div class='av-inner-masonry-content-pos-content'><div class='avia-arrow'><\/div><h3 class='av-masonry-entry-title entry-title'  itemprop=\"headline\" >Premios CaSa. Ifantil. Ganadores<\/h3><span class='av-masonry-date meta-color updated'><\/span><span class=\"av-masonry-text-sep text-sep-author\">\/<\/span><span class='av-masonry-author meta-color vcard author'><span class='fn'>by <\/span><\/span><\/div><\/div><\/figcaption><\/figure><\/a><!--end av-masonry entry--><a href=\"https:\/\/casa.oaxaca.gob.mx\/?p=9599\" id='av-masonry-1-item-9599' data-av-masonry-item='9599' class='av-masonry-entry isotope-item post-9599 post type-post status-publish format-standard has-post-thumbnail hentry category-convocatorias-pasadas all_sort convocatorias-pasadas_sort  av-masonry-item-with-image' title=\"Taller: Narrativa gr\u00e1fica  Imparte: Charles Glaubitz Gonz\u00e1lez\"  itemscope=\"itemscope\" itemtype=\"https:\/\/schema.org\/CreativeWork\" ><div class='av-inner-masonry-sizer'><\/div><figure class='av-inner-masonry main_color'><div class=\"av-masonry-outerimage-container\"><div class=\"av-masonry-image-container\" style=\"background-image: url(https:\/\/casa.oaxaca.gob.mx\/wp-content\/uploads\/2020\/10\/cerrada-03-705x484.png);\"><img decoding=\"async\" src=\"https:\/\/casa.oaxaca.gob.mx\/wp-content\/uploads\/2020\/10\/cerrada-03-705x484.png\" title=\"cerrada 03\" alt=\"\" \/><\/div><\/div><figcaption class='av-inner-masonry-content site-background'><div class='av-inner-masonry-content-pos'><div class='av-inner-masonry-content-pos-content'><div class='avia-arrow'><\/div><h3 class='av-masonry-entry-title entry-title'  itemprop=\"headline\" >Taller: Narrativa gr\u00e1fica  Imparte: Charles Glaubitz Gonz\u00e1lez<\/h3><span class='av-masonry-date meta-color updated'><\/span><span class=\"av-masonry-text-sep text-sep-author\">\/<\/span><span class='av-masonry-author meta-color vcard author'><span class='fn'>by <\/span><\/span><\/div><\/div><\/figcaption><\/figure><\/a><!--end av-masonry entry--><a href=\"https:\/\/casa.oaxaca.gob.mx\/?p=9580\" id='av-masonry-1-item-9580' data-av-masonry-item='9580' class='av-masonry-entry isotope-item post-9580 post type-post status-publish format-standard has-post-thumbnail hentry category-convocatorias-pasadas all_sort convocatorias-pasadas_sort  av-masonry-item-with-image' title=\"Taller: Pintura contempor\u00e1nea &#8211; Estrategias creativas Imparte: Oscar Rafael Soto.\"  itemscope=\"itemscope\" itemtype=\"https:\/\/schema.org\/CreativeWork\" ><div class='av-inner-masonry-sizer'><\/div><figure class='av-inner-masonry main_color'><div class=\"av-masonry-outerimage-container\"><div class=\"av-masonry-image-container\" style=\"background-image: url(https:\/\/casa.oaxaca.gob.mx\/wp-content\/uploads\/2020\/10\/Cerrada-Pintura-contempora\u0301nea-705x484.png);\"><img decoding=\"async\" src=\"https:\/\/casa.oaxaca.gob.mx\/wp-content\/uploads\/2020\/10\/Cerrada-Pintura-contempora\u0301nea-705x484.png\" title=\"Cerrada Pintura contempora\u0301nea\" alt=\"\" \/><\/div><\/div><figcaption class='av-inner-masonry-content site-background'><div class='av-inner-masonry-content-pos'><div class='av-inner-masonry-content-pos-content'><div class='avia-arrow'><\/div><h3 class='av-masonry-entry-title entry-title'  itemprop=\"headline\" >Taller: Pintura contempor\u00e1nea &#8211; Estrategias creativas Imparte: Oscar Rafael Soto.<\/h3><span class='av-masonry-date meta-color updated'><\/span><span class=\"av-masonry-text-sep text-sep-author\">\/<\/span><span class='av-masonry-author meta-color vcard author'><span class='fn'>by <\/span><\/span><\/div><\/div><\/figcaption><\/figure><\/a><!--end av-masonry entry--><a href=\"https:\/\/casa.oaxaca.gob.mx\/?p=9570\" id='av-masonry-1-item-9570' data-av-masonry-item='9570' class='av-masonry-entry isotope-item post-9570 post type-post status-publish format-standard has-post-thumbnail hentry category-convocatorias-pasadas all_sort convocatorias-pasadas_sort  av-masonry-item-with-image' title=\"Invent\u00edferos peludos. Convocatoria infantil para creaci\u00f3n de personajes\"  itemscope=\"itemscope\" itemtype=\"https:\/\/schema.org\/CreativeWork\" ><div class='av-inner-masonry-sizer'><\/div><figure class='av-inner-masonry main_color'><div class=\"av-masonry-outerimage-container\"><div class=\"av-masonry-image-container\" style=\"background-image: url(https:\/\/casa.oaxaca.gob.mx\/wp-content\/uploads\/2020\/10\/Banner-entrada-Inventi\u0301feros-peludos-1-705x484.png);\"><img decoding=\"async\" src=\"https:\/\/casa.oaxaca.gob.mx\/wp-content\/uploads\/2020\/10\/Banner-entrada-Inventi\u0301feros-peludos-1-705x484.png\" title=\"Banner entrada Inventi\u0301feros peludos\" alt=\"\" \/><\/div><\/div><figcaption class='av-inner-masonry-content site-background'><div class='av-inner-masonry-content-pos'><div class='av-inner-masonry-content-pos-content'><div class='avia-arrow'><\/div><h3 class='av-masonry-entry-title entry-title'  itemprop=\"headline\" >Invent\u00edferos peludos. Convocatoria infantil para creaci\u00f3n de personajes<\/h3><span class='av-masonry-date meta-color updated'><\/span><span class=\"av-masonry-text-sep text-sep-author\">\/<\/span><span class='av-masonry-author meta-color vcard author'><span class='fn'>by <\/span><\/span><\/div><\/div><\/figcaption><\/figure><\/a><!--end av-masonry entry--><a href=\"https:\/\/casa.oaxaca.gob.mx\/?p=9556\" id='av-masonry-1-item-9556' data-av-masonry-item='9556' class='av-masonry-entry isotope-item post-9556 post type-post status-publish format-standard has-post-thumbnail hentry category-convocatorias-pasadas all_sort convocatorias-pasadas_sort  av-masonry-item-with-image' title=\"Taller: Exploratorio espacial.  Imparte: Colectivo Voxeled.\"  itemscope=\"itemscope\" itemtype=\"https:\/\/schema.org\/CreativeWork\" ><div class='av-inner-masonry-sizer'><\/div><figure class='av-inner-masonry main_color'><div class=\"av-masonry-outerimage-container\"><div class=\"av-masonry-image-container\" style=\"background-image: url(https:\/\/casa.oaxaca.gob.mx\/wp-content\/uploads\/2020\/10\/Cerrada-705x484.png);\"><img decoding=\"async\" src=\"https:\/\/casa.oaxaca.gob.mx\/wp-content\/uploads\/2020\/10\/Cerrada-705x484.png\" title=\"Cerrada\" alt=\"\" \/><\/div><\/div><figcaption class='av-inner-masonry-content site-background'><div class='av-inner-masonry-content-pos'><div class='av-inner-masonry-content-pos-content'><div class='avia-arrow'><\/div><h3 class='av-masonry-entry-title entry-title'  itemprop=\"headline\" >Taller: Exploratorio espacial.  Imparte: Colectivo Voxeled.<\/h3><span class='av-masonry-date meta-color updated'><\/span><span class=\"av-masonry-text-sep text-sep-author\">\/<\/span><span class='av-masonry-author meta-color vcard author'><span class='fn'>by <\/span><\/span><\/div><\/div><\/figcaption><\/figure><\/a><!--end av-masonry entry--><a href=\"https:\/\/casa.oaxaca.gob.mx\/?p=9549\" id='av-masonry-1-item-9549' data-av-masonry-item='9549' class='av-masonry-entry isotope-item post-9549 post type-post status-publish format-standard has-post-thumbnail hentry category-convocatorias-pasadas all_sort convocatorias-pasadas_sort  av-masonry-item-with-image' title=\"Taller: Mi cuento interactivo y digital. Imparte: Alejandro Medina.\"  itemscope=\"itemscope\" itemtype=\"https:\/\/schema.org\/CreativeWork\" ><div class='av-inner-masonry-sizer'><\/div><figure class='av-inner-masonry main_color'><div class=\"av-masonry-outerimage-container\"><div class=\"av-masonry-image-container\" style=\"background-image: url(https:\/\/casa.oaxaca.gob.mx\/wp-content\/uploads\/2020\/10\/cerrada-02-705x484.png);\"><img decoding=\"async\" src=\"https:\/\/casa.oaxaca.gob.mx\/wp-content\/uploads\/2020\/10\/cerrada-02-705x484.png\" title=\"cerrada 02\" alt=\"\" \/><\/div><\/div><figcaption class='av-inner-masonry-content site-background'><div class='av-inner-masonry-content-pos'><div class='av-inner-masonry-content-pos-content'><div class='avia-arrow'><\/div><h3 class='av-masonry-entry-title entry-title'  itemprop=\"headline\" >Taller: Mi cuento interactivo y digital. Imparte: Alejandro Medina.<\/h3><span class='av-masonry-date meta-color updated'><\/span><span class=\"av-masonry-text-sep text-sep-author\">\/<\/span><span class='av-masonry-author meta-color vcard author'><span class='fn'>by <\/span><\/span><\/div><\/div><\/figcaption><\/figure><\/a><!--end av-masonry entry--><a href=\"https:\/\/casa.oaxaca.gob.mx\/?p=9528\" id='av-masonry-1-item-9528' data-av-masonry-item='9528' class='av-masonry-entry isotope-item post-9528 post type-post status-publish format-standard has-post-thumbnail hentry category-convocatorias-pasadas all_sort convocatorias-pasadas_sort  av-masonry-item-with-image' title=\"Diplomado An\u00e1lisis de la imagen fotogr\u00e1fica (Explorando la colecci\u00f3n Toledo) Coordina: Citlalli Gonz\u00e1lez.\"  itemscope=\"itemscope\" itemtype=\"https:\/\/schema.org\/CreativeWork\" ><div class='av-inner-masonry-sizer'><\/div><figure class='av-inner-masonry main_color'><div class=\"av-masonry-outerimage-container\"><div class=\"av-masonry-image-container\" style=\"background-image: url(https:\/\/casa.oaxaca.gob.mx\/wp-content\/uploads\/2020\/10\/Cerrada-Ana\u0301lisis-de-la-imagen-705x484.png);\"><img decoding=\"async\" src=\"https:\/\/casa.oaxaca.gob.mx\/wp-content\/uploads\/2020\/10\/Cerrada-Ana\u0301lisis-de-la-imagen-705x484.png\" title=\"Cerrada Ana\u0301lisis de la imagen\" alt=\"\" \/><\/div><\/div><figcaption class='av-inner-masonry-content site-background'><div class='av-inner-masonry-content-pos'><div class='av-inner-masonry-content-pos-content'><div class='avia-arrow'><\/div><h3 class='av-masonry-entry-title entry-title'  itemprop=\"headline\" >Diplomado An\u00e1lisis de la imagen fotogr\u00e1fica (Explorando la colecci\u00f3n Toledo) Coordina: Citlalli Gonz\u00e1lez.<\/h3><span class='av-masonry-date meta-color updated'><\/span><span class=\"av-masonry-text-sep text-sep-author\">\/<\/span><span class='av-masonry-author meta-color vcard author'><span class='fn'>by <\/span><\/span><\/div><\/div><\/figcaption><\/figure><\/a><!--end av-masonry entry--><a href=\"https:\/\/casa.oaxaca.gob.mx\/?p=9520\" id='av-masonry-1-item-9520' data-av-masonry-item='9520' class='av-masonry-entry isotope-item post-9520 post type-post status-publish format-standard has-post-thumbnail hentry category-convocatorias-pasadas all_sort convocatorias-pasadas_sort  av-masonry-item-with-image' title=\"Taller: Bit\u00e1cora Verde: Imparte: Eduardo Villanueva Ram\u00edrez\"  itemscope=\"itemscope\" itemtype=\"https:\/\/schema.org\/CreativeWork\" ><div class='av-inner-masonry-sizer'><\/div><figure class='av-inner-masonry main_color'><div class=\"av-masonry-outerimage-container\"><div class=\"av-masonry-image-container\" style=\"background-image: url(https:\/\/casa.oaxaca.gob.mx\/wp-content\/uploads\/2020\/10\/Cerrada-01-705x484.png);\"><img decoding=\"async\" src=\"https:\/\/casa.oaxaca.gob.mx\/wp-content\/uploads\/2020\/10\/Cerrada-01-705x484.png\" title=\"Cerrada 01\" alt=\"\" \/><\/div><\/div><figcaption class='av-inner-masonry-content site-background'><div class='av-inner-masonry-content-pos'><div class='av-inner-masonry-content-pos-content'><div class='avia-arrow'><\/div><h3 class='av-masonry-entry-title entry-title'  itemprop=\"headline\" >Taller: Bit\u00e1cora Verde: Imparte: Eduardo Villanueva Ram\u00edrez<\/h3><span class='av-masonry-date meta-color updated'><\/span><span class=\"av-masonry-text-sep text-sep-author\">\/<\/span><span class='av-masonry-author meta-color vcard author'><span class='fn'>by <\/span><\/span><\/div><\/div><\/figcaption><\/figure><\/a><!--end av-masonry entry--><a href=\"https:\/\/casa.oaxaca.gob.mx\/?p=9513\" id='av-masonry-1-item-9513' data-av-masonry-item='9513' class='av-masonry-entry isotope-item post-9513 post type-post status-publish format-standard has-post-thumbnail hentry category-convocatorias-pasadas all_sort convocatorias-pasadas_sort  av-masonry-item-with-image' title=\"Taller: Hacklab. Imparte: Karen Molina.\"  itemscope=\"itemscope\" itemtype=\"https:\/\/schema.org\/CreativeWork\" ><div class='av-inner-masonry-sizer'><\/div><figure class='av-inner-masonry main_color'><div class=\"av-masonry-outerimage-container\"><div class=\"av-masonry-image-container\" style=\"background-image: url(https:\/\/casa.oaxaca.gob.mx\/wp-content\/uploads\/2020\/10\/Cerrada-1-705x484.png);\"><img decoding=\"async\" src=\"https:\/\/casa.oaxaca.gob.mx\/wp-content\/uploads\/2020\/10\/Cerrada-1-705x484.png\" title=\"Cerrada\" alt=\"\" \/><\/div><\/div><figcaption class='av-inner-masonry-content site-background'><div class='av-inner-masonry-content-pos'><div class='av-inner-masonry-content-pos-content'><div class='avia-arrow'><\/div><h3 class='av-masonry-entry-title entry-title'  itemprop=\"headline\" >Taller: Hacklab. Imparte: Karen Molina.<\/h3><span class='av-masonry-date meta-color updated'><\/span><span class=\"av-masonry-text-sep text-sep-author\">\/<\/span><span class='av-masonry-author meta-color vcard author'><span class='fn'>by <\/span><\/span><\/div><\/div><\/figcaption><\/figure><\/a><!--end av-masonry entry--><a href=\"https:\/\/casa.oaxaca.gob.mx\/?p=9456\" id='av-masonry-1-item-9456' data-av-masonry-item='9456' class='av-masonry-entry isotope-item post-9456 post type-post status-publish format-standard has-post-thumbnail hentry category-convocatorias-pasadas all_sort convocatorias-pasadas_sort  av-masonry-item-with-image' title=\"Taller: Amigo_bot. Imparte: Alejandro Medina\"  itemscope=\"itemscope\" itemtype=\"https:\/\/schema.org\/CreativeWork\" ><div class='av-inner-masonry-sizer'><\/div><figure class='av-inner-masonry main_color'><div class=\"av-masonry-outerimage-container\"><div class=\"av-masonry-image-container\" style=\"background-image: url(https:\/\/casa.oaxaca.gob.mx\/wp-content\/uploads\/2020\/10\/Cerrada-Amigo-Bot-705x484.png);\"><img decoding=\"async\" src=\"https:\/\/casa.oaxaca.gob.mx\/wp-content\/uploads\/2020\/10\/Cerrada-Amigo-Bot-705x484.png\" title=\"Cerrada Amigo Bot\" alt=\"\" \/><\/div><\/div><figcaption class='av-inner-masonry-content site-background'><div class='av-inner-masonry-content-pos'><div class='av-inner-masonry-content-pos-content'><div class='avia-arrow'><\/div><h3 class='av-masonry-entry-title entry-title'  itemprop=\"headline\" >Taller: Amigo_bot. Imparte: Alejandro Medina<\/h3><span class='av-masonry-date meta-color updated'><\/span><span class=\"av-masonry-text-sep text-sep-author\">\/<\/span><span class='av-masonry-author meta-color vcard author'><span class='fn'>by <\/span><\/span><\/div><\/div><\/figcaption><\/figure><\/a><!--end av-masonry entry--><a href=\"https:\/\/casa.oaxaca.gob.mx\/?p=9439\" id='av-masonry-1-item-9439' data-av-masonry-item='9439' class='av-masonry-entry isotope-item post-9439 post type-post status-publish format-standard has-post-thumbnail hentry category-convocatorias-pasadas all_sort convocatorias-pasadas_sort  av-masonry-item-with-image' title=\"Taller: Mi yo digital. Imparte: Karen Molina\"  itemscope=\"itemscope\" itemtype=\"https:\/\/schema.org\/CreativeWork\" ><div class='av-inner-masonry-sizer'><\/div><figure class='av-inner-masonry main_color'><div class=\"av-masonry-outerimage-container\"><div class=\"av-masonry-image-container\" style=\"background-image: url(https:\/\/casa.oaxaca.gob.mx\/wp-content\/uploads\/2020\/10\/Cerrada-Mi-yo-digital-705x484.png);\"><img decoding=\"async\" src=\"https:\/\/casa.oaxaca.gob.mx\/wp-content\/uploads\/2020\/10\/Cerrada-Mi-yo-digital-705x484.png\" title=\"Cerrada Mi yo digital\" alt=\"\" \/><\/div><\/div><figcaption class='av-inner-masonry-content site-background'><div class='av-inner-masonry-content-pos'><div class='av-inner-masonry-content-pos-content'><div class='avia-arrow'><\/div><h3 class='av-masonry-entry-title entry-title'  itemprop=\"headline\" >Taller: Mi yo digital. Imparte: Karen Molina<\/h3><span class='av-masonry-date meta-color updated'><\/span><span class=\"av-masonry-text-sep text-sep-author\">\/<\/span><span class='av-masonry-author meta-color vcard author'><span class='fn'>by <\/span><\/span><\/div><\/div><\/figcaption><\/figure><\/a><!--end av-masonry entry--><a href=\"https:\/\/casa.oaxaca.gob.mx\/?p=9424\" id='av-masonry-1-item-9424' data-av-masonry-item='9424' class='av-masonry-entry isotope-item post-9424 post type-post status-publish format-standard has-post-thumbnail hentry category-convocatorias-pasadas all_sort convocatorias-pasadas_sort  av-masonry-item-with-image' title=\"Taller: Dise\u00f1o de Marca. Imparte: Manuel Barr\u00f3n.\"  itemscope=\"itemscope\" itemtype=\"https:\/\/schema.org\/CreativeWork\" ><div class='av-inner-masonry-sizer'><\/div><figure class='av-inner-masonry main_color'><div class=\"av-masonry-outerimage-container\"><div class=\"av-masonry-image-container\" style=\"background-image: url(https:\/\/casa.oaxaca.gob.mx\/wp-content\/uploads\/2020\/09\/Disen\u0303o-de-Marca-cerrada-705x484.png);\"><img decoding=\"async\" src=\"https:\/\/casa.oaxaca.gob.mx\/wp-content\/uploads\/2020\/09\/Disen\u0303o-de-Marca-cerrada-705x484.png\" title=\"Disen\u0303o de Marca cerrada\" alt=\"\" \/><\/div><\/div><figcaption class='av-inner-masonry-content site-background'><div class='av-inner-masonry-content-pos'><div class='av-inner-masonry-content-pos-content'><div class='avia-arrow'><\/div><h3 class='av-masonry-entry-title entry-title'  itemprop=\"headline\" >Taller: Dise\u00f1o de Marca. Imparte: Manuel Barr\u00f3n.<\/h3><span class='av-masonry-date meta-color updated'><\/span><span class=\"av-masonry-text-sep text-sep-author\">\/<\/span><span class='av-masonry-author meta-color vcard author'><span class='fn'>by <\/span><\/span><\/div><\/div><\/figcaption><\/figure><\/a><!--end av-masonry entry--><a href=\"https:\/\/casa.oaxaca.gob.mx\/?p=9416\" id='av-masonry-1-item-9416' data-av-masonry-item='9416' class='av-masonry-entry isotope-item post-9416 post type-post status-publish format-standard has-post-thumbnail hentry category-convocatorias-pasadas all_sort convocatorias-pasadas_sort  av-masonry-item-with-image' title=\"Seminario: Cuatro visiones de lo fotogr\u00e1fico II: Impartido por: Citlalli Gonz\u00e1lez.\"  itemscope=\"itemscope\" itemtype=\"https:\/\/schema.org\/CreativeWork\" ><div class='av-inner-masonry-sizer'><\/div><figure class='av-inner-masonry main_color'><div class=\"av-masonry-outerimage-container\"><div class=\"av-masonry-image-container\" style=\"background-image: url(https:\/\/casa.oaxaca.gob.mx\/wp-content\/uploads\/2020\/09\/Cuatro-visiones-de-lo-fotografico-705x484.png);\"><img decoding=\"async\" src=\"https:\/\/casa.oaxaca.gob.mx\/wp-content\/uploads\/2020\/09\/Cuatro-visiones-de-lo-fotografico-705x484.png\" title=\"Cuatro visiones de lo fotografico\" alt=\"\" \/><\/div><\/div><figcaption class='av-inner-masonry-content site-background'><div class='av-inner-masonry-content-pos'><div class='av-inner-masonry-content-pos-content'><div class='avia-arrow'><\/div><h3 class='av-masonry-entry-title entry-title'  itemprop=\"headline\" >Seminario: Cuatro visiones de lo fotogr\u00e1fico II: Impartido por: Citlalli Gonz\u00e1lez.<\/h3><span class='av-masonry-date meta-color updated'><\/span><span class=\"av-masonry-text-sep text-sep-author\">\/<\/span><span class='av-masonry-author meta-color vcard author'><span class='fn'>by <\/span><\/span><\/div><\/div><\/figcaption><\/figure><\/a><!--end av-masonry entry--><a href=\"https:\/\/casa.oaxaca.gob.mx\/?p=9399\" id='av-masonry-1-item-9399' data-av-masonry-item='9399' class='av-masonry-entry isotope-item post-9399 post type-post status-publish format-standard has-post-thumbnail hentry category-convocatorias-pasadas all_sort convocatorias-pasadas_sort  av-masonry-item-with-image' title=\"Taller: Stop motion con celular  . Imparte: Mar\u00eda Luisa Santos Cu\u00e9llar\"  itemscope=\"itemscope\" itemtype=\"https:\/\/schema.org\/CreativeWork\" ><div class='av-inner-masonry-sizer'><\/div><figure class='av-inner-masonry main_color'><div class=\"av-masonry-outerimage-container\"><div class=\"av-masonry-image-container\" style=\"background-image: url(https:\/\/casa.oaxaca.gob.mx\/wp-content\/uploads\/2020\/09\/Stop-motion-cerrada-705x484.png);\"><img decoding=\"async\" src=\"https:\/\/casa.oaxaca.gob.mx\/wp-content\/uploads\/2020\/09\/Stop-motion-cerrada-705x484.png\" title=\"Stop motion cerrada\" alt=\"\" \/><\/div><\/div><figcaption class='av-inner-masonry-content site-background'><div class='av-inner-masonry-content-pos'><div class='av-inner-masonry-content-pos-content'><div class='avia-arrow'><\/div><h3 class='av-masonry-entry-title entry-title'  itemprop=\"headline\" >Taller: Stop motion con celular  . Imparte: Mar\u00eda Luisa Santos Cu\u00e9llar<\/h3><span class='av-masonry-date meta-color updated'><\/span><span class=\"av-masonry-text-sep text-sep-author\">\/<\/span><span class='av-masonry-author meta-color vcard author'><span class='fn'>by <\/span><\/span><\/div><\/div><\/figcaption><\/figure><\/a><!--end av-masonry entry--><a href=\"https:\/\/casa.oaxaca.gob.mx\/?p=9372\" id='av-masonry-1-item-9372' data-av-masonry-item='9372' class='av-masonry-entry isotope-item post-9372 post type-post status-publish format-standard has-post-thumbnail hentry category-convocatorias-pasadas all_sort convocatorias-pasadas_sort  av-masonry-item-with-image' title=\"Taller: Escritura para trabajadores de centros culturales y artistas. Imparte: Ruth Garc\u00eda-Lago Velarde\"  itemscope=\"itemscope\" itemtype=\"https:\/\/schema.org\/CreativeWork\" ><div class='av-inner-masonry-sizer'><\/div><figure class='av-inner-masonry main_color'><div class=\"av-masonry-outerimage-container\"><div class=\"av-masonry-image-container\" style=\"background-image: url(https:\/\/casa.oaxaca.gob.mx\/wp-content\/uploads\/2020\/09\/49.4.Escritura-705x484.png);\"><img decoding=\"async\" src=\"https:\/\/casa.oaxaca.gob.mx\/wp-content\/uploads\/2020\/09\/49.4.Escritura-705x484.png\" title=\"49.4.Escritura\" alt=\"\" \/><\/div><\/div><figcaption class='av-inner-masonry-content site-background'><div class='av-inner-masonry-content-pos'><div class='av-inner-masonry-content-pos-content'><div class='avia-arrow'><\/div><h3 class='av-masonry-entry-title entry-title'  itemprop=\"headline\" >Taller: Escritura para trabajadores de centros culturales y artistas. Imparte: Ruth Garc\u00eda-Lago Velarde<\/h3><span class='av-masonry-date meta-color updated'><\/span><span class=\"av-masonry-text-sep text-sep-author\">\/<\/span><span class='av-masonry-author meta-color vcard author'><span class='fn'>by <\/span><\/span><\/div><\/div><\/figcaption><\/figure><\/a><!--end av-masonry entry--><a href=\"https:\/\/casa.oaxaca.gob.mx\/?p=9374\" id='av-masonry-1-item-9374' data-av-masonry-item='9374' class='av-masonry-entry isotope-item post-9374 post type-post status-publish format-standard has-post-thumbnail hentry category-convocatorias-pasadas all_sort convocatorias-pasadas_sort  av-masonry-item-with-image' title=\"Taller: Retrato y autorretratoImparte: Mar\u00eda Luisa Santos Cu\u00e9llar\"  itemscope=\"itemscope\" itemtype=\"https:\/\/schema.org\/CreativeWork\" ><div class='av-inner-masonry-sizer'><\/div><figure class='av-inner-masonry main_color'><div class=\"av-masonry-outerimage-container\"><div class=\"av-masonry-image-container\" style=\"background-image: url(https:\/\/casa.oaxaca.gob.mx\/wp-content\/uploads\/2020\/09\/48.4.Retrato-y-autoretrato-705x484.png);\"><img decoding=\"async\" src=\"https:\/\/casa.oaxaca.gob.mx\/wp-content\/uploads\/2020\/09\/48.4.Retrato-y-autoretrato-705x484.png\" title=\"48.4.Retrato y autoretrato\" alt=\"\" \/><\/div><\/div><figcaption class='av-inner-masonry-content site-background'><div class='av-inner-masonry-content-pos'><div class='av-inner-masonry-content-pos-content'><div class='avia-arrow'><\/div><h3 class='av-masonry-entry-title entry-title'  itemprop=\"headline\" >Taller: Retrato y autorretratoImparte: Mar\u00eda Luisa Santos Cu\u00e9llar<\/h3><span class='av-masonry-date meta-color updated'><\/span><span class=\"av-masonry-text-sep text-sep-author\">\/<\/span><span class='av-masonry-author meta-color vcard author'><span class='fn'>by <\/span><\/span><\/div><\/div><\/figcaption><\/figure><\/a><!--end av-masonry entry--><a href=\"https:\/\/casa.oaxaca.gob.mx\/?p=9359\" id='av-masonry-1-item-9359' data-av-masonry-item='9359' class='av-masonry-entry isotope-item post-9359 post type-post status-publish format-standard has-post-thumbnail hentry category-convocatorias-pasadas all_sort convocatorias-pasadas_sort  av-masonry-item-with-image' title=\"Taller: Te\u00f1ido con tintes naturales. Imparte: Rom\u00e1n Guti\u00e9rrez\"  itemscope=\"itemscope\" itemtype=\"https:\/\/schema.org\/CreativeWork\" ><div class='av-inner-masonry-sizer'><\/div><figure class='av-inner-masonry main_color'><div class=\"av-masonry-outerimage-container\"><div class=\"av-masonry-image-container\" style=\"background-image: url(https:\/\/casa.oaxaca.gob.mx\/wp-content\/uploads\/2020\/09\/Ten\u0303ido-cerrada-705x484.png);\"><img decoding=\"async\" src=\"https:\/\/casa.oaxaca.gob.mx\/wp-content\/uploads\/2020\/09\/Ten\u0303ido-cerrada-705x484.png\" title=\"Ten\u0303ido cerrada\" alt=\"\" \/><\/div><\/div><figcaption class='av-inner-masonry-content site-background'><div class='av-inner-masonry-content-pos'><div class='av-inner-masonry-content-pos-content'><div class='avia-arrow'><\/div><h3 class='av-masonry-entry-title entry-title'  itemprop=\"headline\" >Taller: Te\u00f1ido con tintes naturales. Imparte: Rom\u00e1n Guti\u00e9rrez<\/h3><span class='av-masonry-date meta-color updated'><\/span><span class=\"av-masonry-text-sep text-sep-author\">\/<\/span><span class='av-masonry-author meta-color vcard author'><span class='fn'>by <\/span><\/span><\/div><\/div><\/figcaption><\/figure><\/a><!--end av-masonry entry--><a href=\"https:\/\/casa.oaxaca.gob.mx\/?p=9344\" id='av-masonry-1-item-9344' data-av-masonry-item='9344' class='av-masonry-entry isotope-item post-9344 post type-post status-publish format-standard has-post-thumbnail hentry category-convocatorias-pasadas all_sort convocatorias-pasadas_sort  av-masonry-item-with-image' title=\"Taller: Bordado: Imparte: Julia Santos\"  itemscope=\"itemscope\" itemtype=\"https:\/\/schema.org\/CreativeWork\" ><div class='av-inner-masonry-sizer'><\/div><figure class='av-inner-masonry main_color'><div class=\"av-masonry-outerimage-container\"><div class=\"av-masonry-image-container\" style=\"background-image: url(https:\/\/casa.oaxaca.gob.mx\/wp-content\/uploads\/2020\/09\/bordado-cerrada-705x484.png);\"><img decoding=\"async\" src=\"https:\/\/casa.oaxaca.gob.mx\/wp-content\/uploads\/2020\/09\/bordado-cerrada-705x484.png\" title=\"bordado cerrada\" alt=\"\" \/><\/div><\/div><figcaption class='av-inner-masonry-content site-background'><div class='av-inner-masonry-content-pos'><div class='av-inner-masonry-content-pos-content'><div class='avia-arrow'><\/div><h3 class='av-masonry-entry-title entry-title'  itemprop=\"headline\" >Taller: Bordado: Imparte: Julia Santos<\/h3><span class='av-masonry-date meta-color updated'><\/span><span class=\"av-masonry-text-sep text-sep-author\">\/<\/span><span class='av-masonry-author meta-color vcard author'><span class='fn'>by <\/span><\/span><\/div><\/div><\/figcaption><\/figure><\/a><!--end av-masonry entry--><a href=\"https:\/\/casa.oaxaca.gob.mx\/?p=9310\" id='av-masonry-1-item-9310' data-av-masonry-item='9310' class='av-masonry-entry isotope-item post-9310 post type-post status-publish format-standard has-post-thumbnail hentry category-convocatorias-pasadas all_sort convocatorias-pasadas_sort  av-masonry-item-with-image' title=\"Taller: El hogar en el cuento latinoamericano. Imparte: Paul Meixueiro\"  itemscope=\"itemscope\" itemtype=\"https:\/\/schema.org\/CreativeWork\" ><div class='av-inner-masonry-sizer'><\/div><figure class='av-inner-masonry main_color'><div class=\"av-masonry-outerimage-container\"><div class=\"av-masonry-image-container\" style=\"background-image: url(https:\/\/casa.oaxaca.gob.mx\/wp-content\/uploads\/2020\/09\/El-hogar-en-el-cuento-latinoamericano-1-705x484.png);\"><img decoding=\"async\" src=\"https:\/\/casa.oaxaca.gob.mx\/wp-content\/uploads\/2020\/09\/El-hogar-en-el-cuento-latinoamericano-1-705x484.png\" title=\"El hogar en el cuento latinoamericano\" alt=\"\" \/><\/div><\/div><figcaption class='av-inner-masonry-content site-background'><div class='av-inner-masonry-content-pos'><div class='av-inner-masonry-content-pos-content'><div class='avia-arrow'><\/div><h3 class='av-masonry-entry-title entry-title'  itemprop=\"headline\" >Taller: El hogar en el cuento latinoamericano. Imparte: Paul Meixueiro<\/h3><span class='av-masonry-date meta-color updated'><\/span><span class=\"av-masonry-text-sep text-sep-author\">\/<\/span><span class='av-masonry-author meta-color vcard author'><span class='fn'>by <\/span><\/span><\/div><\/div><\/figcaption><\/figure><\/a><!--end av-masonry entry--><a href=\"https:\/\/casa.oaxaca.gob.mx\/?p=9300\" id='av-masonry-1-item-9300' data-av-masonry-item='9300' class='av-masonry-entry isotope-item post-9300 post type-post status-publish format-standard has-post-thumbnail hentry category-convocatorias-pasadas all_sort convocatorias-pasadas_sort  av-masonry-item-with-image' title=\"Taller de rap en lenguas originarias. Imparte: Juchirap\"  itemscope=\"itemscope\" itemtype=\"https:\/\/schema.org\/CreativeWork\" ><div class='av-inner-masonry-sizer'><\/div><figure class='av-inner-masonry main_color'><div class=\"av-masonry-outerimage-container\"><div class=\"av-masonry-image-container\" style=\"background-image: url(https:\/\/casa.oaxaca.gob.mx\/wp-content\/uploads\/2020\/09\/41.5.Taller-de-rap-705x484.png);\"><img decoding=\"async\" src=\"https:\/\/casa.oaxaca.gob.mx\/wp-content\/uploads\/2020\/09\/41.5.Taller-de-rap-705x484.png\" title=\"41.5.Taller de rap\" alt=\"\" \/><\/div><\/div><figcaption class='av-inner-masonry-content site-background'><div class='av-inner-masonry-content-pos'><div class='av-inner-masonry-content-pos-content'><div class='avia-arrow'><\/div><h3 class='av-masonry-entry-title entry-title'  itemprop=\"headline\" >Taller de rap en lenguas originarias. Imparte: Juchirap<\/h3><span class='av-masonry-date meta-color updated'><\/span><span class=\"av-masonry-text-sep text-sep-author\">\/<\/span><span class='av-masonry-author meta-color vcard author'><span class='fn'>by <\/span><\/span><\/div><\/div><\/figcaption><\/figure><\/a><!--end av-masonry entry--><a href=\"https:\/\/casa.oaxaca.gob.mx\/?p=9290\" id='av-masonry-1-item-9290' data-av-masonry-item='9290' class='av-masonry-entry isotope-item post-9290 post type-post status-publish format-standard has-post-thumbnail hentry category-convocatorias-pasadas all_sort convocatorias-pasadas_sort  av-masonry-item-with-image' title=\"Taller: Dise\u00f1o de nuevas experiencias educativas. Imparte: Edith Medina\"  itemscope=\"itemscope\" itemtype=\"https:\/\/schema.org\/CreativeWork\" ><div class='av-inner-masonry-sizer'><\/div><figure class='av-inner-masonry main_color'><div class=\"av-masonry-outerimage-container\"><div class=\"av-masonry-image-container\" style=\"background-image: url(https:\/\/casa.oaxaca.gob.mx\/wp-content\/uploads\/2020\/09\/40.3.Disen\u0303o-de-nuevas-experiencias--705x484.png);\"><img decoding=\"async\" src=\"https:\/\/casa.oaxaca.gob.mx\/wp-content\/uploads\/2020\/09\/40.3.Disen\u0303o-de-nuevas-experiencias--705x484.png\" title=\"40.3.Disen\u0303o de nuevas experiencias\" alt=\"\" \/><\/div><\/div><figcaption class='av-inner-masonry-content site-background'><div class='av-inner-masonry-content-pos'><div class='av-inner-masonry-content-pos-content'><div class='avia-arrow'><\/div><h3 class='av-masonry-entry-title entry-title'  itemprop=\"headline\" >Taller: Dise\u00f1o de nuevas experiencias educativas. Imparte: Edith Medina<\/h3><span class='av-masonry-date meta-color updated'><\/span><span class=\"av-masonry-text-sep text-sep-author\">\/<\/span><span class='av-masonry-author meta-color vcard author'><span class='fn'>by <\/span><\/span><\/div><\/div><\/figcaption><\/figure><\/a><!--end av-masonry entry--><a href=\"https:\/\/casa.oaxaca.gob.mx\/?p=9287\" id='av-masonry-1-item-9287' data-av-masonry-item='9287' class='av-masonry-entry isotope-item post-9287 post type-post status-publish format-standard has-post-thumbnail hentry category-convocatorias-pasadas all_sort convocatorias-pasadas_sort  av-masonry-item-with-image' title=\"Creaci\u00f3n de cantos en lenguas ind\u00edgenas. Imparte: Ren\u00e9 Gonz\u00e1lez Santillan\"  itemscope=\"itemscope\" itemtype=\"https:\/\/schema.org\/CreativeWork\" ><div class='av-inner-masonry-sizer'><\/div><figure class='av-inner-masonry main_color'><div class=\"av-masonry-outerimage-container\"><div class=\"av-masonry-image-container\" style=\"background-image: url(https:\/\/casa.oaxaca.gob.mx\/wp-content\/uploads\/2020\/09\/creacion-de-canto-cerrada-705x484.png);\"><img decoding=\"async\" src=\"https:\/\/casa.oaxaca.gob.mx\/wp-content\/uploads\/2020\/09\/creacion-de-canto-cerrada-705x484.png\" title=\"creacion de canto cerrada\" alt=\"\" \/><\/div><\/div><figcaption class='av-inner-masonry-content site-background'><div class='av-inner-masonry-content-pos'><div class='av-inner-masonry-content-pos-content'><div class='avia-arrow'><\/div><h3 class='av-masonry-entry-title entry-title'  itemprop=\"headline\" >Creaci\u00f3n de cantos en lenguas ind\u00edgenas. Imparte: Ren\u00e9 Gonz\u00e1lez Santillan<\/h3><span class='av-masonry-date meta-color updated'><\/span><span class=\"av-masonry-text-sep text-sep-author\">\/<\/span><span class='av-masonry-author meta-color vcard author'><span class='fn'>by <\/span><\/span><\/div><\/div><\/figcaption><\/figure><\/a><!--end av-masonry entry--><a href=\"https:\/\/casa.oaxaca.gob.mx\/?p=9255\" id='av-masonry-1-item-9255' data-av-masonry-item='9255' class='av-masonry-entry isotope-item post-9255 post type-post status-publish format-standard has-post-thumbnail hentry category-convocatorias-pasadas all_sort convocatorias-pasadas_sort  av-masonry-item-with-image' title=\"Taller: Stop Motion (Collage) . Imparte: Omar Eli P\u00e9rez\"  itemscope=\"itemscope\" itemtype=\"https:\/\/schema.org\/CreativeWork\" ><div class='av-inner-masonry-sizer'><\/div><figure class='av-inner-masonry main_color'><div class=\"av-masonry-outerimage-container\"><div class=\"av-masonry-image-container\" style=\"background-image: url(https:\/\/casa.oaxaca.gob.mx\/wp-content\/uploads\/2020\/08\/Stop-motion-cerrada-705x484.png);\"><img decoding=\"async\" src=\"https:\/\/casa.oaxaca.gob.mx\/wp-content\/uploads\/2020\/08\/Stop-motion-cerrada-705x484.png\" title=\"Stop motion cerrada\" alt=\"\" \/><\/div><\/div><figcaption class='av-inner-masonry-content site-background'><div class='av-inner-masonry-content-pos'><div class='av-inner-masonry-content-pos-content'><div class='avia-arrow'><\/div><h3 class='av-masonry-entry-title entry-title'  itemprop=\"headline\" >Taller: Stop Motion (Collage) . Imparte: Omar Eli P\u00e9rez<\/h3><span class='av-masonry-date meta-color updated'><\/span><span class=\"av-masonry-text-sep text-sep-author\">\/<\/span><span class='av-masonry-author meta-color vcard author'><span class='fn'>by <\/span><\/span><\/div><\/div><\/figcaption><\/figure><\/a><!--end av-masonry entry--><a href=\"https:\/\/casa.oaxaca.gob.mx\/?p=9244\" id='av-masonry-1-item-9244' data-av-masonry-item='9244' class='av-masonry-entry isotope-item post-9244 post type-post status-publish format-standard has-post-thumbnail hentry category-convocatorias-pasadas all_sort convocatorias-pasadas_sort  av-masonry-item-with-image' title=\"Taller: Marca el ritmo \/ Coreograf\u00eda colectiva . Imparte: Anniela Huidobro Castro\"  itemscope=\"itemscope\" itemtype=\"https:\/\/schema.org\/CreativeWork\" ><div class='av-inner-masonry-sizer'><\/div><figure class='av-inner-masonry main_color'><div class=\"av-masonry-outerimage-container\"><div class=\"av-masonry-image-container\" style=\"background-image: url(https:\/\/casa.oaxaca.gob.mx\/wp-content\/uploads\/2020\/08\/35.4.Marca-el-ritmo-705x484.png);\"><img decoding=\"async\" src=\"https:\/\/casa.oaxaca.gob.mx\/wp-content\/uploads\/2020\/08\/35.4.Marca-el-ritmo-705x484.png\" title=\"35.4.Marca el ritmo\" alt=\"\" \/><\/div><\/div><figcaption class='av-inner-masonry-content site-background'><div class='av-inner-masonry-content-pos'><div class='av-inner-masonry-content-pos-content'><div class='avia-arrow'><\/div><h3 class='av-masonry-entry-title entry-title'  itemprop=\"headline\" >Taller: Marca el ritmo \/ Coreograf\u00eda colectiva . Imparte: Anniela Huidobro Castro<\/h3><span class='av-masonry-date meta-color updated'><\/span><span class=\"av-masonry-text-sep text-sep-author\">\/<\/span><span class='av-masonry-author meta-color vcard author'><span class='fn'>by <\/span><\/span><\/div><\/div><\/figcaption><\/figure><\/a><!--end av-masonry entry--><a href=\"https:\/\/casa.oaxaca.gob.mx\/?p=9236\" id='av-masonry-1-item-9236' data-av-masonry-item='9236' class='av-masonry-entry isotope-item post-9236 post type-post status-publish format-standard has-post-thumbnail hentry category-convocatorias-pasadas all_sort convocatorias-pasadas_sort  av-masonry-item-with-image' title=\"Taller: Dibujo. Imparte: Itzel Morales\"  itemscope=\"itemscope\" itemtype=\"https:\/\/schema.org\/CreativeWork\" ><div class='av-inner-masonry-sizer'><\/div><figure class='av-inner-masonry main_color'><div class=\"av-masonry-outerimage-container\"><div class=\"av-masonry-image-container\" style=\"background-image: url(https:\/\/casa.oaxaca.gob.mx\/wp-content\/uploads\/2020\/08\/Cerrada-Dibujo-705x484.png);\"><img decoding=\"async\" src=\"https:\/\/casa.oaxaca.gob.mx\/wp-content\/uploads\/2020\/08\/Cerrada-Dibujo-705x484.png\" title=\"Cerrada Dibujo\" alt=\"\" \/><\/div><\/div><figcaption class='av-inner-masonry-content site-background'><div class='av-inner-masonry-content-pos'><div class='av-inner-masonry-content-pos-content'><div class='avia-arrow'><\/div><h3 class='av-masonry-entry-title entry-title'  itemprop=\"headline\" >Taller: Dibujo. Imparte: Itzel Morales<\/h3><span class='av-masonry-date meta-color updated'><\/span><span class=\"av-masonry-text-sep text-sep-author\">\/<\/span><span class='av-masonry-author meta-color vcard author'><span class='fn'>by <\/span><\/span><\/div><\/div><\/figcaption><\/figure><\/a><!--end av-masonry entry--><a href=\"https:\/\/casa.oaxaca.gob.mx\/?p=9225\" id='av-masonry-1-item-9225' data-av-masonry-item='9225' class='av-masonry-entry isotope-item post-9225 post type-post status-publish format-standard has-post-thumbnail hentry category-convocatorias-pasadas all_sort convocatorias-pasadas_sort  av-masonry-item-with-image' title=\"Taller: Palabras como hilos. Imparte: Erika Albarr\u00e1n\"  itemscope=\"itemscope\" itemtype=\"https:\/\/schema.org\/CreativeWork\" ><div class='av-inner-masonry-sizer'><\/div><figure class='av-inner-masonry main_color'><div class=\"av-masonry-outerimage-container\"><div class=\"av-masonry-image-container\" style=\"background-image: url(https:\/\/casa.oaxaca.gob.mx\/wp-content\/uploads\/2020\/08\/Cerrada-palabras-como-hilos-705x484.png);\"><img decoding=\"async\" src=\"https:\/\/casa.oaxaca.gob.mx\/wp-content\/uploads\/2020\/08\/Cerrada-palabras-como-hilos-705x484.png\" title=\"Cerrada palabras como hilos\" alt=\"\" \/><\/div><\/div><figcaption class='av-inner-masonry-content site-background'><div class='av-inner-masonry-content-pos'><div class='av-inner-masonry-content-pos-content'><div class='avia-arrow'><\/div><h3 class='av-masonry-entry-title entry-title'  itemprop=\"headline\" >Taller: Palabras como hilos. Imparte: Erika Albarr\u00e1n<\/h3><span class='av-masonry-date meta-color updated'><\/span><span class=\"av-masonry-text-sep text-sep-author\">\/<\/span><span class='av-masonry-author meta-color vcard author'><span class='fn'>by <\/span><\/span><\/div><\/div><\/figcaption><\/figure><\/a><!--end av-masonry entry--><a href=\"https:\/\/casa.oaxaca.gob.mx\/?p=9200\" id='av-masonry-1-item-9200' data-av-masonry-item='9200' class='av-masonry-entry isotope-item post-9200 post type-post status-publish format-standard has-post-thumbnail hentry category-convocatorias-pasadas all_sort convocatorias-pasadas_sort  av-masonry-item-with-image' title=\"Taller: Cester\u00eda. Imparte: Estanislao Mart\u00ednez\"  itemscope=\"itemscope\" itemtype=\"https:\/\/schema.org\/CreativeWork\" ><div class='av-inner-masonry-sizer'><\/div><figure class='av-inner-masonry main_color'><div class=\"av-masonry-outerimage-container\"><div class=\"av-masonry-image-container\" style=\"background-image: url(https:\/\/casa.oaxaca.gob.mx\/wp-content\/uploads\/2020\/08\/Cerrada-Cesteria-705x484.png);\"><img decoding=\"async\" src=\"https:\/\/casa.oaxaca.gob.mx\/wp-content\/uploads\/2020\/08\/Cerrada-Cesteria-705x484.png\" title=\"Cerrada Cesteria\" alt=\"\" \/><\/div><\/div><figcaption class='av-inner-masonry-content site-background'><div class='av-inner-masonry-content-pos'><div class='av-inner-masonry-content-pos-content'><div class='avia-arrow'><\/div><h3 class='av-masonry-entry-title entry-title'  itemprop=\"headline\" >Taller: Cester\u00eda. Imparte: Estanislao Mart\u00ednez<\/h3><span class='av-masonry-date meta-color updated'><\/span><span class=\"av-masonry-text-sep text-sep-author\">\/<\/span><span class='av-masonry-author meta-color vcard author'><span class='fn'>by <\/span><\/span><\/div><\/div><\/figcaption><\/figure><\/a><!--end av-masonry entry--><a href=\"https:\/\/casa.oaxaca.gob.mx\/?p=9184\" id='av-masonry-1-item-9184' data-av-masonry-item='9184' class='av-masonry-entry isotope-item post-9184 post type-post status-publish format-standard has-post-thumbnail hentry category-convocatorias-pasadas all_sort convocatorias-pasadas_sort  av-masonry-item-with-image' title=\"Taller: Imagen latente. Estrategia y construcci\u00f3n de proyectos fotogr\u00e1ficos. Imparte: Yael Mart\u00ednez\"  itemscope=\"itemscope\" itemtype=\"https:\/\/schema.org\/CreativeWork\" ><div class='av-inner-masonry-sizer'><\/div><figure class='av-inner-masonry main_color'><div class=\"av-masonry-outerimage-container\"><div class=\"av-masonry-image-container\" style=\"background-image: url(https:\/\/casa.oaxaca.gob.mx\/wp-content\/uploads\/2020\/08\/Yael-Convocatoria-cerrada-705x484.png);\"><img decoding=\"async\" src=\"https:\/\/casa.oaxaca.gob.mx\/wp-content\/uploads\/2020\/08\/Yael-Convocatoria-cerrada-705x484.png\" title=\"Yael Convocatoria cerrada\" alt=\"\" \/><\/div><\/div><figcaption class='av-inner-masonry-content site-background'><div class='av-inner-masonry-content-pos'><div class='av-inner-masonry-content-pos-content'><div class='avia-arrow'><\/div><h3 class='av-masonry-entry-title entry-title'  itemprop=\"headline\" >Taller: Imagen latente. Estrategia y construcci\u00f3n de proyectos fotogr\u00e1ficos. Imparte: Yael Mart\u00ednez<\/h3><span class='av-masonry-date meta-color updated'><\/span><span class=\"av-masonry-text-sep text-sep-author\">\/<\/span><span class='av-masonry-author meta-color vcard author'><span class='fn'>by <\/span><\/span><\/div><\/div><\/figcaption><\/figure><\/a><!--end av-masonry entry--><a href=\"https:\/\/casa.oaxaca.gob.mx\/?p=9173\" id='av-masonry-1-item-9173' data-av-masonry-item='9173' class='av-masonry-entry isotope-item post-9173 post type-post status-publish format-standard has-post-thumbnail hentry category-convocatorias-pasadas all_sort convocatorias-pasadas_sort  av-masonry-item-with-image' title=\"Taller: Juguetes cient\u00edficos . Imparte: Adriana Marrufo D\u00edaz\"  itemscope=\"itemscope\" itemtype=\"https:\/\/schema.org\/CreativeWork\" ><div class='av-inner-masonry-sizer'><\/div><figure class='av-inner-masonry main_color'><div class=\"av-masonry-outerimage-container\"><div class=\"av-masonry-image-container\" style=\"background-image: url(https:\/\/casa.oaxaca.gob.mx\/wp-content\/uploads\/2020\/08\/Cerrada-juguetes-705x484.png);\"><img decoding=\"async\" src=\"https:\/\/casa.oaxaca.gob.mx\/wp-content\/uploads\/2020\/08\/Cerrada-juguetes-705x484.png\" title=\"Cerrada juguetes\" alt=\"\" \/><\/div><\/div><figcaption class='av-inner-masonry-content site-background'><div class='av-inner-masonry-content-pos'><div class='av-inner-masonry-content-pos-content'><div class='avia-arrow'><\/div><h3 class='av-masonry-entry-title entry-title'  itemprop=\"headline\" >Taller: Juguetes cient\u00edficos . Imparte: Adriana Marrufo D\u00edaz<\/h3><span class='av-masonry-date meta-color updated'><\/span><span class=\"av-masonry-text-sep text-sep-author\">\/<\/span><span class='av-masonry-author meta-color vcard author'><span class='fn'>by <\/span><\/span><\/div><\/div><\/figcaption><\/figure><\/a><!--end av-masonry entry--><a href=\"https:\/\/casa.oaxaca.gob.mx\/?p=9166\" id='av-masonry-1-item-9166' data-av-masonry-item='9166' class='av-masonry-entry isotope-item post-9166 post type-post status-publish format-standard has-post-thumbnail hentry category-convocatorias-pasadas all_sort convocatorias-pasadas_sort  av-masonry-item-with-image' title=\"Taller: Imaginar el futuro. Imparte: Pamela Castillo\"  itemscope=\"itemscope\" itemtype=\"https:\/\/schema.org\/CreativeWork\" ><div class='av-inner-masonry-sizer'><\/div><figure class='av-inner-masonry main_color'><div class=\"av-masonry-outerimage-container\"><div class=\"av-masonry-image-container\" style=\"background-image: url(https:\/\/casa.oaxaca.gob.mx\/wp-content\/uploads\/2020\/08\/Imaginar-el-futuro-705x484.png);\"><img decoding=\"async\" src=\"https:\/\/casa.oaxaca.gob.mx\/wp-content\/uploads\/2020\/08\/Imaginar-el-futuro-705x484.png\" title=\"Imaginar el futuro\" alt=\"\" \/><\/div><\/div><figcaption class='av-inner-masonry-content site-background'><div class='av-inner-masonry-content-pos'><div class='av-inner-masonry-content-pos-content'><div class='avia-arrow'><\/div><h3 class='av-masonry-entry-title entry-title'  itemprop=\"headline\" >Taller: Imaginar el futuro. Imparte: Pamela Castillo<\/h3><span class='av-masonry-date meta-color updated'><\/span><span class=\"av-masonry-text-sep text-sep-author\">\/<\/span><span class='av-masonry-author meta-color vcard author'><span class='fn'>by <\/span><\/span><\/div><\/div><\/figcaption><\/figure><\/a><!--end av-masonry entry--><a href=\"https:\/\/casa.oaxaca.gob.mx\/?p=9125\" id='av-masonry-1-item-9125' data-av-masonry-item='9125' class='av-masonry-entry isotope-item post-9125 post type-post status-publish format-standard has-post-thumbnail hentry category-convocatorias-pasadas all_sort convocatorias-pasadas_sort  av-masonry-item-with-image' title=\"Taller: Escritura creativa en lenguas originarias. Imparte: Pergentino Jos\u00e9 Ruiz\"  itemscope=\"itemscope\" itemtype=\"https:\/\/schema.org\/CreativeWork\" ><div class='av-inner-masonry-sizer'><\/div><figure class='av-inner-masonry main_color'><div class=\"av-masonry-outerimage-container\"><div class=\"av-masonry-image-container\" style=\"background-image: url(https:\/\/casa.oaxaca.gob.mx\/wp-content\/uploads\/2020\/07\/Pergentino-cerrada-705x484.png);\"><img decoding=\"async\" src=\"https:\/\/casa.oaxaca.gob.mx\/wp-content\/uploads\/2020\/07\/Pergentino-cerrada-705x484.png\" title=\"Pergentino cerrada\" alt=\"\" \/><\/div><\/div><figcaption class='av-inner-masonry-content site-background'><div class='av-inner-masonry-content-pos'><div class='av-inner-masonry-content-pos-content'><div class='avia-arrow'><\/div><h3 class='av-masonry-entry-title entry-title'  itemprop=\"headline\" >Taller: Escritura creativa en lenguas originarias. Imparte: Pergentino Jos\u00e9 Ruiz<\/h3><span class='av-masonry-date meta-color updated'><\/span><span class=\"av-masonry-text-sep text-sep-author\">\/<\/span><span class='av-masonry-author meta-color vcard author'><span class='fn'>by <\/span><\/span><\/div><\/div><\/figcaption><\/figure><\/a><!--end av-masonry entry--><a href=\"https:\/\/casa.oaxaca.gob.mx\/?p=9081\" id='av-masonry-1-item-9081' data-av-masonry-item='9081' class='av-masonry-entry isotope-item post-9081 post type-post status-publish format-standard has-post-thumbnail hentry category-convocatorias-pasadas all_sort convocatorias-pasadas_sort  av-masonry-item-with-image' title=\"Diplomado en Coreo-cinema. Imparten: Paulina Ruiz Carballido y Ximena Monroy Rocha\"  itemscope=\"itemscope\" itemtype=\"https:\/\/schema.org\/CreativeWork\" ><div class='av-inner-masonry-sizer'><\/div><figure class='av-inner-masonry main_color'><div class=\"av-masonry-outerimage-container\"><div class=\"av-masonry-image-container\" style=\"background-image: url(https:\/\/casa.oaxaca.gob.mx\/wp-content\/uploads\/2020\/07\/01-705x705.jpg);\"><img decoding=\"async\" src=\"https:\/\/casa.oaxaca.gob.mx\/wp-content\/uploads\/2020\/07\/01-705x705.jpg\" title=\"01\" alt=\"\" \/><\/div><\/div><figcaption class='av-inner-masonry-content site-background'><div class='av-inner-masonry-content-pos'><div class='av-inner-masonry-content-pos-content'><div class='avia-arrow'><\/div><h3 class='av-masonry-entry-title entry-title'  itemprop=\"headline\" >Diplomado en Coreo-cinema. Imparten: Paulina Ruiz Carballido y Ximena Monroy Rocha<\/h3><span class='av-masonry-date meta-color updated'><\/span><span class=\"av-masonry-text-sep text-sep-author\">\/<\/span><span class='av-masonry-author meta-color vcard author'><span class='fn'>by <\/span><\/span><\/div><\/div><\/figcaption><\/figure><\/a><!--end av-masonry entry--><a href=\"https:\/\/casa.oaxaca.gob.mx\/?p=9070\" id='av-masonry-1-item-9070' data-av-masonry-item='9070' class='av-masonry-entry isotope-item post-9070 post type-post status-publish format-standard has-post-thumbnail hentry category-convocatorias-pasadas all_sort convocatorias-pasadas_sort  av-masonry-item-with-image' title=\"Fundaci\u00f3n para la reserva de la Bi\u00f3sfera Cuicatl\u00e1n A.C., el Centro de las Artes de San Agust\u00edn y Jard\u00edn Bot\u00e1nico, Instituto de Biolog\u00eda Universidad Nacional Aut\u00f3noma de M\u00e9xico convocan a participar:\"  itemscope=\"itemscope\" itemtype=\"https:\/\/schema.org\/CreativeWork\" ><div class='av-inner-masonry-sizer'><\/div><figure class='av-inner-masonry main_color'><div class=\"av-masonry-outerimage-container\"><div class=\"av-masonry-image-container\" style=\"background-image: url(https:\/\/casa.oaxaca.gob.mx\/wp-content\/uploads\/2020\/07\/photo5181744216194263187-705x484.jpg);\"><img decoding=\"async\" src=\"https:\/\/casa.oaxaca.gob.mx\/wp-content\/uploads\/2020\/07\/photo5181744216194263187-705x484.jpg\" title=\"photo5181744216194263187\" alt=\"\" \/><\/div><\/div><figcaption class='av-inner-masonry-content site-background'><div class='av-inner-masonry-content-pos'><div class='av-inner-masonry-content-pos-content'><div class='avia-arrow'><\/div><h3 class='av-masonry-entry-title entry-title'  itemprop=\"headline\" >Fundaci\u00f3n para la reserva de la Bi\u00f3sfera Cuicatl\u00e1n A.C., el Centro de las Artes de San Agust\u00edn y Jard\u00edn Bot\u00e1nico, Instituto de Biolog\u00eda Universidad Nacional Aut\u00f3noma de M\u00e9xico convocan a participar:<\/h3><span class='av-masonry-date meta-color updated'><\/span><span class=\"av-masonry-text-sep text-sep-author\">\/<\/span><span class='av-masonry-author meta-color vcard author'><span class='fn'>by <\/span><\/span><\/div><\/div><\/figcaption><\/figure><\/a><!--end av-masonry entry--><a href=\"https:\/\/casa.oaxaca.gob.mx\/?p=9053\" id='av-masonry-1-item-9053' data-av-masonry-item='9053' class='av-masonry-entry isotope-item post-9053 post type-post status-publish format-standard has-post-thumbnail hentry category-convocatorias-pasadas all_sort convocatorias-pasadas_sort  av-masonry-item-with-image' title=\"Taller: Experimentando con mis acuarelas. Imparte: V\u00edctor Mart\u00edn Ram\u00edrez Garc\u00eda\"  itemscope=\"itemscope\" itemtype=\"https:\/\/schema.org\/CreativeWork\" ><div class='av-inner-masonry-sizer'><\/div><figure class='av-inner-masonry main_color'><div class=\"av-masonry-outerimage-container\"><div class=\"av-masonry-image-container\" style=\"background-image: url(https:\/\/casa.oaxaca.gob.mx\/wp-content\/uploads\/2020\/07\/Acuarela_Cerrada-705x484.png);\"><img decoding=\"async\" src=\"https:\/\/casa.oaxaca.gob.mx\/wp-content\/uploads\/2020\/07\/Acuarela_Cerrada-705x484.png\" title=\"Acuarela_Cerrada\" alt=\"\" \/><\/div><\/div><figcaption class='av-inner-masonry-content site-background'><div class='av-inner-masonry-content-pos'><div class='av-inner-masonry-content-pos-content'><div class='avia-arrow'><\/div><h3 class='av-masonry-entry-title entry-title'  itemprop=\"headline\" >Taller: Experimentando con mis acuarelas. Imparte: V\u00edctor Mart\u00edn Ram\u00edrez Garc\u00eda<\/h3><span class='av-masonry-date meta-color updated'><\/span><span class=\"av-masonry-text-sep text-sep-author\">\/<\/span><span class='av-masonry-author meta-color vcard author'><span class='fn'>by <\/span><\/span><\/div><\/div><\/figcaption><\/figure><\/a><!--end av-masonry entry--><a href=\"https:\/\/casa.oaxaca.gob.mx\/?p=9034\" id='av-masonry-1-item-9034' data-av-masonry-item='9034' class='av-masonry-entry isotope-item post-9034 post type-post status-publish format-standard has-post-thumbnail hentry category-convocatorias-pasadas all_sort convocatorias-pasadas_sort  av-masonry-item-with-image' title=\"Seminario: Contextos de la imagen fotogr\u00e1fica .Imparte: Citlalli Gonz\u00e1lez\"  itemscope=\"itemscope\" itemtype=\"https:\/\/schema.org\/CreativeWork\" ><div class='av-inner-masonry-sizer'><\/div><figure class='av-inner-masonry main_color'><div class=\"av-masonry-outerimage-container\"><div class=\"av-masonry-image-container\" style=\"background-image: url(https:\/\/casa.oaxaca.gob.mx\/wp-content\/uploads\/2020\/06\/contexto-de-la-imagen-cerrado-705x484.png);\"><img decoding=\"async\" src=\"https:\/\/casa.oaxaca.gob.mx\/wp-content\/uploads\/2020\/06\/contexto-de-la-imagen-cerrado-705x484.png\" title=\"contexto de la imagen cerrado\" alt=\"\" \/><\/div><\/div><figcaption class='av-inner-masonry-content site-background'><div class='av-inner-masonry-content-pos'><div class='av-inner-masonry-content-pos-content'><div class='avia-arrow'><\/div><h3 class='av-masonry-entry-title entry-title'  itemprop=\"headline\" >Seminario: Contextos de la imagen fotogr\u00e1fica .Imparte: Citlalli Gonz\u00e1lez<\/h3><span class='av-masonry-date meta-color updated'><\/span><span class=\"av-masonry-text-sep text-sep-author\">\/<\/span><span class='av-masonry-author meta-color vcard author'><span class='fn'>by <\/span><\/span><\/div><\/div><\/figcaption><\/figure><\/a><!--end av-masonry entry--><a href=\"https:\/\/casa.oaxaca.gob.mx\/?p=9024\" id='av-masonry-1-item-9024' data-av-masonry-item='9024' class='av-masonry-entry isotope-item post-9024 post type-post status-publish format-standard has-post-thumbnail hentry category-convocatorias-pasadas all_sort convocatorias-pasadas_sort  av-masonry-item-with-image' title=\"Taller de afelpado con agujas: Dise\u00f1o y elaboraci\u00f3n de personajes en peque\u00f1o formato . Imparte: Jes\u00fas Augusto Mart\u00ednez Cruz\"  itemscope=\"itemscope\" itemtype=\"https:\/\/schema.org\/CreativeWork\" ><div class='av-inner-masonry-sizer'><\/div><figure class='av-inner-masonry main_color'><div class=\"av-masonry-outerimage-container\"><div class=\"av-masonry-image-container\" style=\"background-image: url(https:\/\/casa.oaxaca.gob.mx\/wp-content\/uploads\/2020\/06\/Afelpado-cerrado-705x484.png);\"><img decoding=\"async\" src=\"https:\/\/casa.oaxaca.gob.mx\/wp-content\/uploads\/2020\/06\/Afelpado-cerrado-705x484.png\" title=\"Afelpado cerrado\" alt=\"\" \/><\/div><\/div><figcaption class='av-inner-masonry-content site-background'><div class='av-inner-masonry-content-pos'><div class='av-inner-masonry-content-pos-content'><div class='avia-arrow'><\/div><h3 class='av-masonry-entry-title entry-title'  itemprop=\"headline\" >Taller de afelpado con agujas: Dise\u00f1o y elaboraci\u00f3n de personajes en peque\u00f1o formato . Imparte: Jes\u00fas Augusto Mart\u00ednez Cruz<\/h3><span class='av-masonry-date meta-color updated'><\/span><span class=\"av-masonry-text-sep text-sep-author\">\/<\/span><span class='av-masonry-author meta-color vcard author'><span class='fn'>by <\/span><\/span><\/div><\/div><\/figcaption><\/figure><\/a><!--end av-masonry entry--><a href=\"https:\/\/casa.oaxaca.gob.mx\/?p=8998\" id='av-masonry-1-item-8998' data-av-masonry-item='8998' class='av-masonry-entry isotope-item post-8998 post type-post status-publish format-standard has-post-thumbnail hentry category-convocatorias-pasadas all_sort convocatorias-pasadas_sort  av-masonry-item-with-image' title=\"Taller de Ilustraci\u00f3n digital. Imparte: Miguel Mart\u00ednez Garc\u00eda\"  itemscope=\"itemscope\" itemtype=\"https:\/\/schema.org\/CreativeWork\" ><div class='av-inner-masonry-sizer'><\/div><figure class='av-inner-masonry main_color'><div class=\"av-masonry-outerimage-container\"><div class=\"av-masonry-image-container\" style=\"background-image: url(https:\/\/casa.oaxaca.gob.mx\/wp-content\/uploads\/2020\/06\/Miguel-cerrada-705x484.png);\"><img decoding=\"async\" src=\"https:\/\/casa.oaxaca.gob.mx\/wp-content\/uploads\/2020\/06\/Miguel-cerrada-705x484.png\" title=\"Miguel cerrada\" alt=\"\" \/><\/div><\/div><figcaption class='av-inner-masonry-content site-background'><div class='av-inner-masonry-content-pos'><div class='av-inner-masonry-content-pos-content'><div class='avia-arrow'><\/div><h3 class='av-masonry-entry-title entry-title'  itemprop=\"headline\" >Taller de Ilustraci\u00f3n digital. Imparte: Miguel Mart\u00ednez Garc\u00eda<\/h3><span class='av-masonry-date meta-color updated'><\/span><span class=\"av-masonry-text-sep text-sep-author\">\/<\/span><span class='av-masonry-author meta-color vcard author'><span class='fn'>by <\/span><\/span><\/div><\/div><\/figcaption><\/figure><\/a><!--end av-masonry entry--><a href=\"https:\/\/casa.oaxaca.gob.mx\/?p=8991\" id='av-masonry-1-item-8991' data-av-masonry-item='8991' class='av-masonry-entry isotope-item post-8991 post type-post status-publish format-standard has-post-thumbnail hentry category-convocatorias-pasadas all_sort convocatorias-pasadas_sort  av-masonry-item-with-image' title=\"Taller: Safari fotogr\u00e1fico para ni\u00f1os. Imparte: Eva Lepiz\"  itemscope=\"itemscope\" itemtype=\"https:\/\/schema.org\/CreativeWork\" ><div class='av-inner-masonry-sizer'><\/div><figure class='av-inner-masonry main_color'><div class=\"av-masonry-outerimage-container\"><div class=\"av-masonry-image-container\" style=\"background-image: url(https:\/\/casa.oaxaca.gob.mx\/wp-content\/uploads\/2020\/06\/Eva-Cerrada-705x484.png);\"><img decoding=\"async\" src=\"https:\/\/casa.oaxaca.gob.mx\/wp-content\/uploads\/2020\/06\/Eva-Cerrada-705x484.png\" title=\"Eva Cerrada\" alt=\"\" \/><\/div><\/div><figcaption class='av-inner-masonry-content site-background'><div class='av-inner-masonry-content-pos'><div class='av-inner-masonry-content-pos-content'><div class='avia-arrow'><\/div><h3 class='av-masonry-entry-title entry-title'  itemprop=\"headline\" >Taller: Safari fotogr\u00e1fico para ni\u00f1os. Imparte: Eva Lepiz<\/h3><span class='av-masonry-date meta-color updated'><\/span><span class=\"av-masonry-text-sep text-sep-author\">\/<\/span><span class='av-masonry-author meta-color vcard author'><span class='fn'>by <\/span><\/span><\/div><\/div><\/figcaption><\/figure><\/a><!--end av-masonry entry--><a href=\"https:\/\/casa.oaxaca.gob.mx\/?p=8980\" id='av-masonry-1-item-8980' data-av-masonry-item='8980' class='av-masonry-entry isotope-item post-8980 post type-post status-publish format-standard has-post-thumbnail hentry category-convocatorias-pasadas all_sort convocatorias-pasadas_sort  av-masonry-item-with-image' title=\"Curso: La casa en la lata: retratos y autorretratos estenopeicos\"  itemscope=\"itemscope\" itemtype=\"https:\/\/schema.org\/CreativeWork\" ><div class='av-inner-masonry-sizer'><\/div><figure class='av-inner-masonry main_color'><div class=\"av-masonry-outerimage-container\"><div class=\"av-masonry-image-container\" style=\"background-image: url(https:\/\/casa.oaxaca.gob.mx\/wp-content\/uploads\/2020\/06\/Estenopeica-cerrada-705x484.png);\"><img decoding=\"async\" src=\"https:\/\/casa.oaxaca.gob.mx\/wp-content\/uploads\/2020\/06\/Estenopeica-cerrada-705x484.png\" title=\"Estenopeica cerrada\" alt=\"\" \/><\/div><\/div><figcaption class='av-inner-masonry-content site-background'><div class='av-inner-masonry-content-pos'><div class='av-inner-masonry-content-pos-content'><div class='avia-arrow'><\/div><h3 class='av-masonry-entry-title entry-title'  itemprop=\"headline\" >Curso: La casa en la lata: retratos y autorretratos estenopeicos<\/h3><span class='av-masonry-date meta-color updated'><\/span><span class=\"av-masonry-text-sep text-sep-author\">\/<\/span><span class='av-masonry-author meta-color vcard author'><span class='fn'>by <\/span><\/span><\/div><\/div><\/figcaption><\/figure><\/a><!--end av-masonry entry--><a href=\"https:\/\/casa.oaxaca.gob.mx\/?p=8963\" id='av-masonry-1-item-8963' data-av-masonry-item='8963' class='av-masonry-entry isotope-item post-8963 post type-post status-publish format-standard has-post-thumbnail hentry category-convocatorias-pasadas all_sort convocatorias-pasadas_sort  av-masonry-item-with-image' title=\"Curso: R\u00f3tulo mexicano\"  itemscope=\"itemscope\" itemtype=\"https:\/\/schema.org\/CreativeWork\" ><div class='av-inner-masonry-sizer'><\/div><figure class='av-inner-masonry main_color'><div class=\"av-masonry-outerimage-container\"><div class=\"av-masonry-image-container\" style=\"background-image: url(https:\/\/casa.oaxaca.gob.mx\/wp-content\/uploads\/2020\/05\/rotulos-destacada-705x484.png);\"><img decoding=\"async\" src=\"https:\/\/casa.oaxaca.gob.mx\/wp-content\/uploads\/2020\/05\/rotulos-destacada-705x484.png\" title=\"rotulos-destacada\" alt=\"\" \/><\/div><\/div><figcaption class='av-inner-masonry-content site-background'><div class='av-inner-masonry-content-pos'><div class='av-inner-masonry-content-pos-content'><div class='avia-arrow'><\/div><h3 class='av-masonry-entry-title entry-title'  itemprop=\"headline\" >Curso: R\u00f3tulo mexicano<\/h3><span class='av-masonry-date meta-color updated'><\/span><span class=\"av-masonry-text-sep text-sep-author\">\/<\/span><span class='av-masonry-author meta-color vcard author'><span class='fn'>by <\/span><\/span><\/div><\/div><\/figcaption><\/figure><\/a><!--end av-masonry entry--><a href=\"https:\/\/casa.oaxaca.gob.mx\/?p=8947\" id='av-masonry-1-item-8947' data-av-masonry-item='8947' class='av-masonry-entry isotope-item post-8947 post type-post status-publish format-standard has-post-thumbnail hentry category-convocatorias-pasadas all_sort convocatorias-pasadas_sort  av-masonry-item-with-image' title=\"Concurso de Dise\u00f1o de mosaicos 2020\"  itemscope=\"itemscope\" itemtype=\"https:\/\/schema.org\/CreativeWork\" ><div class='av-inner-masonry-sizer'><\/div><figure class='av-inner-masonry main_color'><div class=\"av-masonry-outerimage-container\"><div class=\"av-masonry-image-container\" style=\"background-image: url(https:\/\/casa.oaxaca.gob.mx\/wp-content\/uploads\/2020\/05\/MOSAICOS-DESTACADA-705x484.png);\"><img decoding=\"async\" src=\"https:\/\/casa.oaxaca.gob.mx\/wp-content\/uploads\/2020\/05\/MOSAICOS-DESTACADA-705x484.png\" title=\"MOSAICOS-DESTACADA\" alt=\"\" \/><\/div><\/div><figcaption class='av-inner-masonry-content site-background'><div class='av-inner-masonry-content-pos'><div class='av-inner-masonry-content-pos-content'><div class='avia-arrow'><\/div><h3 class='av-masonry-entry-title entry-title'  itemprop=\"headline\" >Concurso de Dise\u00f1o de mosaicos 2020<\/h3><span class='av-masonry-date meta-color updated'><\/span><span class=\"av-masonry-text-sep text-sep-author\">\/<\/span><span class='av-masonry-author meta-color vcard author'><span class='fn'>by <\/span><\/span><\/div><\/div><\/figcaption><\/figure><\/a><!--end av-masonry entry--><a href=\"https:\/\/casa.oaxaca.gob.mx\/?p=8901\" id='av-masonry-1-item-8901' data-av-masonry-item='8901' class='av-masonry-entry isotope-item post-8901 post type-post status-publish format-standard has-post-thumbnail hentry category-convocatorias-pasadas all_sort convocatorias-pasadas_sort  av-masonry-item-with-image' title=\"FORO VIRTUAL Dise\u00f1o Industrial de Objetos\"  itemscope=\"itemscope\" itemtype=\"https:\/\/schema.org\/CreativeWork\" ><div class='av-inner-masonry-sizer'><\/div><figure class='av-inner-masonry main_color'><div class=\"av-masonry-outerimage-container\"><div class=\"av-masonry-image-container\" style=\"background-image: url(https:\/\/casa.oaxaca.gob.mx\/wp-content\/uploads\/2020\/05\/DIO-705x484.png);\"><img decoding=\"async\" src=\"https:\/\/casa.oaxaca.gob.mx\/wp-content\/uploads\/2020\/05\/DIO-705x484.png\" title=\"DIO\" alt=\"\" \/><\/div><\/div><figcaption class='av-inner-masonry-content site-background'><div class='av-inner-masonry-content-pos'><div class='av-inner-masonry-content-pos-content'><div class='avia-arrow'><\/div><h3 class='av-masonry-entry-title entry-title'  itemprop=\"headline\" >FORO VIRTUAL Dise\u00f1o Industrial de Objetos<\/h3><span class='av-masonry-date meta-color updated'><\/span><span class=\"av-masonry-text-sep text-sep-author\">\/<\/span><span class='av-masonry-author meta-color vcard author'><span class='fn'>by <\/span><\/span><\/div><\/div><\/figcaption><\/figure><\/a><!--end av-masonry entry--><a href=\"https:\/\/casa.oaxaca.gob.mx\/?p=8882\" id='av-masonry-1-item-8882' data-av-masonry-item='8882' class='av-masonry-entry isotope-item post-8882 post type-post status-publish format-standard has-post-thumbnail hentry category-convocatorias-pasadas all_sort convocatorias-pasadas_sort  av-masonry-item-with-image' title=\"Tutor\u00eda: El acto de creaci\u00f3n como resistencia | Tania Boh\u00f3rquez\"  itemscope=\"itemscope\" itemtype=\"https:\/\/schema.org\/CreativeWork\" ><div class='av-inner-masonry-sizer'><\/div><figure class='av-inner-masonry main_color'><div class=\"av-masonry-outerimage-container\"><div class=\"av-masonry-image-container\" style=\"background-image: url(https:\/\/casa.oaxaca.gob.mx\/wp-content\/uploads\/2020\/05\/tania-2-705x484.png);\"><img decoding=\"async\" src=\"https:\/\/casa.oaxaca.gob.mx\/wp-content\/uploads\/2020\/05\/tania-2-705x484.png\" title=\"tania 2\" alt=\"\" \/><\/div><\/div><figcaption class='av-inner-masonry-content site-background'><div class='av-inner-masonry-content-pos'><div class='av-inner-masonry-content-pos-content'><div class='avia-arrow'><\/div><h3 class='av-masonry-entry-title entry-title'  itemprop=\"headline\" >Tutor\u00eda: El acto de creaci\u00f3n como resistencia | Tania Boh\u00f3rquez<\/h3><span class='av-masonry-date meta-color updated'><\/span><span class=\"av-masonry-text-sep text-sep-author\">\/<\/span><span class='av-masonry-author meta-color vcard author'><span class='fn'>by <\/span><\/span><\/div><\/div><\/figcaption><\/figure><\/a><!--end av-masonry entry--><a href=\"https:\/\/casa.oaxaca.gob.mx\/?p=8844\" id='av-masonry-1-item-8844' data-av-masonry-item='8844' class='av-masonry-entry isotope-item post-8844 post type-post status-publish format-standard has-post-thumbnail hentry category-eventos-cerrados-2021 all_sort eventos-cerrados-2021_sort  av-masonry-item-with-image' title=\"PROYECTO | Automodelo para las m\u00fasicas de la tradici\u00f3n oral en Oaxaca\"  itemscope=\"itemscope\" itemtype=\"https:\/\/schema.org\/CreativeWork\" ><div class='av-inner-masonry-sizer'><\/div><figure class='av-inner-masonry main_color'><div class=\"av-masonry-outerimage-container\"><div class=\"av-masonry-image-container\" style=\"background-image: url(https:\/\/casa.oaxaca.gob.mx\/wp-content\/uploads\/2020\/05\/Captura-de-pantalla-2020-05-08-a-las-3.40.33-p.m.-646x705.png);\"><img decoding=\"async\" src=\"https:\/\/casa.oaxaca.gob.mx\/wp-content\/uploads\/2020\/05\/Captura-de-pantalla-2020-05-08-a-las-3.40.33-p.m.-646x705.png\" title=\"AUTOMODELO\" alt=\"\" \/><\/div><\/div><figcaption class='av-inner-masonry-content site-background'><div class='av-inner-masonry-content-pos'><div class='av-inner-masonry-content-pos-content'><div class='avia-arrow'><\/div><h3 class='av-masonry-entry-title entry-title'  itemprop=\"headline\" >PROYECTO | Automodelo para las m\u00fasicas de la tradici\u00f3n oral en Oaxaca<\/h3><span class='av-masonry-date meta-color updated'><\/span><span class=\"av-masonry-text-sep text-sep-author\">\/<\/span><span class='av-masonry-author meta-color vcard author'><span class='fn'>by <\/span><\/span><\/div><\/div><\/figcaption><\/figure><\/a><!--end av-masonry entry--><a href=\"https:\/\/casa.oaxaca.gob.mx\/?p=8809\" id='av-masonry-1-item-8809' data-av-masonry-item='8809' class='av-masonry-entry isotope-item post-8809 post type-post status-publish format-standard has-post-thumbnail hentry category-convocatorias-pasadas all_sort convocatorias-pasadas_sort  av-masonry-item-with-image' title=\"Conversatorio con Isaac Hern\u00e1ndez Fern\u00e1ndez\"  itemscope=\"itemscope\" itemtype=\"https:\/\/schema.org\/CreativeWork\" ><div class='av-inner-masonry-sizer'><\/div><figure class='av-inner-masonry main_color'><div class=\"av-masonry-outerimage-container\"><div class=\"av-masonry-image-container\" style=\"background-image: url(https:\/\/casa.oaxaca.gob.mx\/wp-content\/uploads\/2020\/05\/imagen-destacada-isaac-705x484.jpg);\"><img decoding=\"async\" src=\"https:\/\/casa.oaxaca.gob.mx\/wp-content\/uploads\/2020\/05\/imagen-destacada-isaac-705x484.jpg\" title=\"imagen destacada isaac\" alt=\"\" \/><\/div><\/div><figcaption class='av-inner-masonry-content site-background'><div class='av-inner-masonry-content-pos'><div class='av-inner-masonry-content-pos-content'><div class='avia-arrow'><\/div><h3 class='av-masonry-entry-title entry-title'  itemprop=\"headline\" >Conversatorio con Isaac Hern\u00e1ndez Fern\u00e1ndez<\/h3><span class='av-masonry-date meta-color updated'><\/span><span class=\"av-masonry-text-sep text-sep-author\">\/<\/span><span class='av-masonry-author meta-color vcard author'><span class='fn'>by <\/span><\/span><\/div><\/div><\/figcaption><\/figure><\/a><!--end av-masonry entry--><a href=\"https:\/\/casa.oaxaca.gob.mx\/?p=8767\" id='av-masonry-1-item-8767' data-av-masonry-item='8767' class='av-masonry-entry isotope-item post-8767 post type-post status-publish format-standard has-post-thumbnail hentry category-convocatorias-pasadas all_sort convocatorias-pasadas_sort  av-masonry-item-with-image' title=\"Conversatorio con Pieter Hugo\"  itemscope=\"itemscope\" itemtype=\"https:\/\/schema.org\/CreativeWork\" ><div class='av-inner-masonry-sizer'><\/div><figure class='av-inner-masonry main_color'><div class=\"av-masonry-outerimage-container\"><div class=\"av-masonry-image-container\" style=\"background-image: url(https:\/\/casa.oaxaca.gob.mx\/wp-content\/uploads\/2020\/04\/conversatorio-Piter-Hugo-705x484.png);\"><img decoding=\"async\" src=\"https:\/\/casa.oaxaca.gob.mx\/wp-content\/uploads\/2020\/04\/conversatorio-Piter-Hugo-705x484.png\" title=\"conversatorio-Piter-Hugo\" alt=\"\" \/><\/div><\/div><figcaption class='av-inner-masonry-content site-background'><div class='av-inner-masonry-content-pos'><div class='av-inner-masonry-content-pos-content'><div class='avia-arrow'><\/div><h3 class='av-masonry-entry-title entry-title'  itemprop=\"headline\" >Conversatorio con Pieter Hugo<\/h3><span class='av-masonry-date meta-color updated'><\/span><span class=\"av-masonry-text-sep text-sep-author\">\/<\/span><span class='av-masonry-author meta-color vcard author'><span class='fn'>by <\/span><\/span><\/div><\/div><\/figcaption><\/figure><\/a><!--end av-masonry entry--><a href=\"https:\/\/casa.oaxaca.gob.mx\/?p=8743\" id='av-masonry-1-item-8743' data-av-masonry-item='8743' class='av-masonry-entry isotope-item post-8743 post type-post status-publish format-standard has-post-thumbnail hentry category-convocatorias-pasadas all_sort convocatorias-pasadas_sort  av-masonry-item-with-image' title=\"Dibujando a ESOPO Actividad en linea\"  itemscope=\"itemscope\" itemtype=\"https:\/\/schema.org\/CreativeWork\" ><div class='av-inner-masonry-sizer'><\/div><figure class='av-inner-masonry main_color'><div class=\"av-masonry-outerimage-container\"><div class=\"av-masonry-image-container\" style=\"background-image: url(https:\/\/casa.oaxaca.gob.mx\/wp-content\/uploads\/2020\/04\/ESOPO-DESTACADA-WEB-1-705x484.png);\"><img decoding=\"async\" src=\"https:\/\/casa.oaxaca.gob.mx\/wp-content\/uploads\/2020\/04\/ESOPO-DESTACADA-WEB-1-705x484.png\" title=\"ESOPO-DESTACADA-WEB\" alt=\"\" \/><\/div><\/div><figcaption class='av-inner-masonry-content site-background'><div class='av-inner-masonry-content-pos'><div class='av-inner-masonry-content-pos-content'><div class='avia-arrow'><\/div><h3 class='av-masonry-entry-title entry-title'  itemprop=\"headline\" >Dibujando a ESOPO Actividad en linea<\/h3><span class='av-masonry-date meta-color updated'><\/span><span class=\"av-masonry-text-sep text-sep-author\">\/<\/span><span class='av-masonry-author meta-color vcard author'><span class='fn'>by <\/span><\/span><\/div><\/div><\/figcaption><\/figure><\/a><!--end av-masonry entry--><a href=\"https:\/\/casa.oaxaca.gob.mx\/?p=8735\" id='av-masonry-1-item-8735' data-av-masonry-item='8735' class='av-masonry-entry isotope-item post-8735 post type-post status-publish format-standard has-post-thumbnail hentry category-convocatorias-pasadas all_sort convocatorias-pasadas_sort  av-masonry-item-with-image' title=\"Conversatorio con Sophie Calle Actividad en linea\"  itemscope=\"itemscope\" itemtype=\"https:\/\/schema.org\/CreativeWork\" ><div class='av-inner-masonry-sizer'><\/div><figure class='av-inner-masonry main_color'><div class=\"av-masonry-outerimage-container\"><div class=\"av-masonry-image-container\" style=\"background-image: url(https:\/\/casa.oaxaca.gob.mx\/wp-content\/uploads\/2020\/04\/conversatorio-web-705x484.png);\"><img decoding=\"async\" src=\"https:\/\/casa.oaxaca.gob.mx\/wp-content\/uploads\/2020\/04\/conversatorio-web-705x484.png\" title=\"conversatorio-web\" alt=\"\" \/><\/div><\/div><figcaption class='av-inner-masonry-content site-background'><div class='av-inner-masonry-content-pos'><div class='av-inner-masonry-content-pos-content'><div class='avia-arrow'><\/div><h3 class='av-masonry-entry-title entry-title'  itemprop=\"headline\" >Conversatorio con Sophie Calle Actividad en linea<\/h3><span class='av-masonry-date meta-color updated'><\/span><span class=\"av-masonry-text-sep text-sep-author\">\/<\/span><span class='av-masonry-author meta-color vcard author'><span class='fn'>by <\/span><\/span><\/div><\/div><\/figcaption><\/figure><\/a><!--end av-masonry entry--><a href=\"https:\/\/casa.oaxaca.gob.mx\/?p=8617\" id='av-masonry-1-item-8617' data-av-masonry-item='8617' class='av-masonry-entry isotope-item post-8617 post type-post status-publish format-standard has-post-thumbnail hentry category-convocatorias-pasadas all_sort convocatorias-pasadas_sort  av-masonry-item-with-image' title=\"4ta Bienal Internacional de Cartel Oaxaca Carteles por el Agua\"  itemscope=\"itemscope\" itemtype=\"https:\/\/schema.org\/CreativeWork\" ><div class='av-inner-masonry-sizer'><\/div><figure class='av-inner-masonry main_color'><div class=\"av-masonry-outerimage-container\"><div class=\"av-masonry-image-container\" style=\"background-image: url(https:\/\/casa.oaxaca.gob.mx\/wp-content\/uploads\/2020\/04\/bienal-imagen-destacada-705x484.png);\"><img decoding=\"async\" src=\"https:\/\/casa.oaxaca.gob.mx\/wp-content\/uploads\/2020\/04\/bienal-imagen-destacada-705x484.png\" title=\"bienal-imagen-destacada\" alt=\"\" \/><\/div><\/div><figcaption class='av-inner-masonry-content site-background'><div class='av-inner-masonry-content-pos'><div class='av-inner-masonry-content-pos-content'><div class='avia-arrow'><\/div><h3 class='av-masonry-entry-title entry-title'  itemprop=\"headline\" >4ta Bienal Internacional de Cartel Oaxaca Carteles por el Agua<\/h3><span class='av-masonry-date meta-color updated'><\/span><span class=\"av-masonry-text-sep text-sep-author\">\/<\/span><span class='av-masonry-author meta-color vcard author'><span class='fn'>by <\/span><\/span><\/div><\/div><\/figcaption><\/figure><\/a><!--end av-masonry entry--><a href=\"https:\/\/casa.oaxaca.gob.mx\/?p=8599\" id='av-masonry-1-item-8599' data-av-masonry-item='8599' class='av-masonry-entry isotope-item post-8599 post type-post status-publish format-standard has-post-thumbnail hentry category-convocatorias-pasadas all_sort convocatorias-pasadas_sort  av-masonry-item-with-image' title=\"\u00a1Participa iluminando y compartiendo! #iluminaencasa\"  itemscope=\"itemscope\" itemtype=\"https:\/\/schema.org\/CreativeWork\" ><div class='av-inner-masonry-sizer'><\/div><figure class='av-inner-masonry main_color'><div class=\"av-masonry-outerimage-container\"><div class=\"av-masonry-image-container\" style=\"background-image: url(https:\/\/casa.oaxaca.gob.mx\/wp-content\/uploads\/2020\/04\/ILUMINAME-WEB-01-705x484.png);\"><img decoding=\"async\" src=\"https:\/\/casa.oaxaca.gob.mx\/wp-content\/uploads\/2020\/04\/ILUMINAME-WEB-01-705x484.png\" title=\"ILUMINAME-WEB-01\" alt=\"\" \/><\/div><\/div><figcaption class='av-inner-masonry-content site-background'><div class='av-inner-masonry-content-pos'><div class='av-inner-masonry-content-pos-content'><div class='avia-arrow'><\/div><h3 class='av-masonry-entry-title entry-title'  itemprop=\"headline\" >\u00a1Participa iluminando y compartiendo! #iluminaencasa<\/h3><span class='av-masonry-date meta-color updated'><\/span><span class=\"av-masonry-text-sep text-sep-author\">\/<\/span><span class='av-masonry-author meta-color vcard author'><span class='fn'>by <\/span><\/span><\/div><\/div><\/figcaption><\/figure><\/a><!--end av-masonry entry--><a href=\"https:\/\/casa.oaxaca.gob.mx\/?p=8567\" id='av-masonry-1-item-8567' data-av-masonry-item='8567' class='av-masonry-entry isotope-item post-8567 post type-post status-publish format-standard has-post-thumbnail hentry category-eventos-cerrados-2020 all_sort eventos-cerrados-2020_sort  av-masonry-item-with-image' title=\"Taller: International artist statement. Imparten: Laura Malpique y Jakob Sjoeberg\"  itemscope=\"itemscope\" itemtype=\"https:\/\/schema.org\/CreativeWork\" ><div class='av-inner-masonry-sizer'><\/div><figure class='av-inner-masonry main_color'><div class=\"av-masonry-outerimage-container\"><div class=\"av-masonry-image-container\" style=\"background-image: url(https:\/\/casa.oaxaca.gob.mx\/wp-content\/uploads\/2020\/03\/Copia-de-Sin-ti\u0301tulo-1.jpg);\"><img decoding=\"async\" src=\"https:\/\/casa.oaxaca.gob.mx\/wp-content\/uploads\/2020\/03\/Copia-de-Sin-ti\u0301tulo-1.jpg\" title=\"Copia-de-Sin-ti\u0301tulo-1\" alt=\"\" \/><\/div><\/div><figcaption class='av-inner-masonry-content site-background'><div class='av-inner-masonry-content-pos'><div class='av-inner-masonry-content-pos-content'><div class='avia-arrow'><\/div><h3 class='av-masonry-entry-title entry-title'  itemprop=\"headline\" >Taller: International artist statement. Imparten: Laura Malpique y Jakob Sjoeberg<\/h3><span class='av-masonry-date meta-color updated'><\/span><span class=\"av-masonry-text-sep text-sep-author\">\/<\/span><span class='av-masonry-author meta-color vcard author'><span class='fn'>by <\/span><\/span><\/div><\/div><\/figcaption><\/figure><\/a><!--end av-masonry entry--><a href=\"https:\/\/casa.oaxaca.gob.mx\/?p=8544\" id='av-masonry-1-item-8544' data-av-masonry-item='8544' class='av-masonry-entry isotope-item post-8544 post type-post status-publish format-standard has-post-thumbnail hentry category-convocatorias-pasadas all_sort convocatorias-pasadas_sort  av-masonry-item-with-image' title=\"Curso de proyectos editoriales. Imparte: Ruth Garc\u00eda-Lago Velarde\"  itemscope=\"itemscope\" itemtype=\"https:\/\/schema.org\/CreativeWork\" ><div class='av-inner-masonry-sizer'><\/div><figure class='av-inner-masonry main_color'><div class=\"av-masonry-outerimage-container\"><div class=\"av-masonry-image-container\" style=\"background-image: url(https:\/\/casa.oaxaca.gob.mx\/wp-content\/uploads\/2020\/02\/Copia-de-Sin-ti\u0301tulo-1-5.jpg);\"><img decoding=\"async\" src=\"https:\/\/casa.oaxaca.gob.mx\/wp-content\/uploads\/2020\/02\/Copia-de-Sin-ti\u0301tulo-1-5.jpg\" title=\"Copia-de-Sin-ti\u0301tulo-1\" alt=\"\" \/><\/div><\/div><figcaption class='av-inner-masonry-content site-background'><div class='av-inner-masonry-content-pos'><div class='av-inner-masonry-content-pos-content'><div class='avia-arrow'><\/div><h3 class='av-masonry-entry-title entry-title'  itemprop=\"headline\" >Curso de proyectos editoriales. Imparte: Ruth Garc\u00eda-Lago Velarde<\/h3><span class='av-masonry-date meta-color updated'><\/span><span class=\"av-masonry-text-sep text-sep-author\">\/<\/span><span class='av-masonry-author meta-color vcard author'><span class='fn'>by <\/span><\/span><\/div><\/div><\/figcaption><\/figure><\/a><!--end av-masonry entry--><a href=\"https:\/\/casa.oaxaca.gob.mx\/?p=8523\" id='av-masonry-1-item-8523' data-av-masonry-item='8523' class='av-masonry-entry isotope-item post-8523 post type-post status-publish format-standard has-post-thumbnail hentry category-convocatorias-pasadas all_sort convocatorias-pasadas_sort  av-masonry-item-with-image' title=\"El premio FAHHO-CASA Emiliano Cruz Santiago busca reconocer y apoyar a personas que, como Cruz Santiago, promueven sus lenguas de manera individual o colectiva bajo su propia iniciativa. Ganador\"  itemscope=\"itemscope\" itemtype=\"https:\/\/schema.org\/CreativeWork\" ><div class='av-inner-masonry-sizer'><\/div><figure class='av-inner-masonry main_color'><div class=\"av-masonry-outerimage-container\"><div class=\"av-masonry-image-container\" style=\"background-image: url(https:\/\/casa.oaxaca.gob.mx\/wp-content\/uploads\/2020\/02\/EMILIANO-CRUZ-705x503.png);\"><img decoding=\"async\" src=\"https:\/\/casa.oaxaca.gob.mx\/wp-content\/uploads\/2020\/02\/EMILIANO-CRUZ-705x503.png\" title=\"EMILIANO-CRUZ\" alt=\"\" \/><\/div><\/div><figcaption class='av-inner-masonry-content site-background'><div class='av-inner-masonry-content-pos'><div class='av-inner-masonry-content-pos-content'><div class='avia-arrow'><\/div><h3 class='av-masonry-entry-title entry-title'  itemprop=\"headline\" >El premio FAHHO-CASA Emiliano Cruz Santiago busca reconocer y apoyar a personas que, como Cruz Santiago, promueven sus lenguas de manera individual o colectiva bajo su propia iniciativa. Ganador<\/h3><span class='av-masonry-date meta-color updated'><\/span><span class=\"av-masonry-text-sep text-sep-author\">\/<\/span><span class='av-masonry-author meta-color vcard author'><span class='fn'>by <\/span><\/span><\/div><\/div><\/figcaption><\/figure><\/a><!--end av-masonry entry--><a href=\"https:\/\/casa.oaxaca.gob.mx\/?p=8494\" id='av-masonry-1-item-8494' data-av-masonry-item='8494' class='av-masonry-entry isotope-item post-8494 post type-post status-publish format-standard has-post-thumbnail hentry category-convocatorias-pasadas all_sort convocatorias-pasadas_sort  av-masonry-item-with-image' title=\"Premios CaSa 2020 &#8211; Creaci\u00f3n Literaria en e\u0301nna\u0301 (mazateco). Ganadores\"  itemscope=\"itemscope\" itemtype=\"https:\/\/schema.org\/CreativeWork\" ><div class='av-inner-masonry-sizer'><\/div><figure class='av-inner-masonry main_color'><div class=\"av-masonry-outerimage-container\"><div class=\"av-masonry-image-container\" style=\"background-image: url(https:\/\/casa.oaxaca.gob.mx\/wp-content\/uploads\/2020\/02\/PREMIOS-WEB-07-705x503.png);\"><img decoding=\"async\" src=\"https:\/\/casa.oaxaca.gob.mx\/wp-content\/uploads\/2020\/02\/PREMIOS-WEB-07-705x503.png\" title=\"PREMIOS-WEB-07\" alt=\"\" \/><\/div><\/div><figcaption class='av-inner-masonry-content site-background'><div class='av-inner-masonry-content-pos'><div class='av-inner-masonry-content-pos-content'><div class='avia-arrow'><\/div><h3 class='av-masonry-entry-title entry-title'  itemprop=\"headline\" >Premios CaSa 2020 &#8211; Creaci\u00f3n Literaria en e\u0301nna\u0301 (mazateco). Ganadores<\/h3><span class='av-masonry-date meta-color updated'><\/span><span class=\"av-masonry-text-sep text-sep-author\">\/<\/span><span class='av-masonry-author meta-color vcard author'><span class='fn'>by <\/span><\/span><\/div><\/div><\/figcaption><\/figure><\/a><!--end av-masonry entry--><a href=\"https:\/\/casa.oaxaca.gob.mx\/?p=8490\" id='av-masonry-1-item-8490' data-av-masonry-item='8490' class='av-masonry-entry isotope-item post-8490 post type-post status-publish format-standard has-post-thumbnail hentry category-convocatorias-pasadas all_sort convocatorias-pasadas_sort  av-masonry-item-with-image' title=\"Premios CaSa 2020 &#8211; Creaci\u00f3n Literaria en Cha\u2019 jna\u2019a (chatino). Ganadores\"  itemscope=\"itemscope\" itemtype=\"https:\/\/schema.org\/CreativeWork\" ><div class='av-inner-masonry-sizer'><\/div><figure class='av-inner-masonry main_color'><div class=\"av-masonry-outerimage-container\"><div class=\"av-masonry-image-container\" style=\"background-image: url(https:\/\/casa.oaxaca.gob.mx\/wp-content\/uploads\/2020\/02\/PREMIOS-WEB-06-705x503.png);\"><img decoding=\"async\" src=\"https:\/\/casa.oaxaca.gob.mx\/wp-content\/uploads\/2020\/02\/PREMIOS-WEB-06-705x503.png\" title=\"PREMIOS-WEB-06\" alt=\"\" \/><\/div><\/div><figcaption class='av-inner-masonry-content site-background'><div class='av-inner-masonry-content-pos'><div class='av-inner-masonry-content-pos-content'><div class='avia-arrow'><\/div><h3 class='av-masonry-entry-title entry-title'  itemprop=\"headline\" >Premios CaSa 2020 &#8211; Creaci\u00f3n Literaria en Cha\u2019 jna\u2019a (chatino). Ganadores<\/h3><span class='av-masonry-date meta-color updated'><\/span><span class=\"av-masonry-text-sep text-sep-author\">\/<\/span><span class='av-masonry-author meta-color vcard author'><span class='fn'>by <\/span><\/span><\/div><\/div><\/figcaption><\/figure><\/a><!--end av-masonry entry--><a href=\"https:\/\/casa.oaxaca.gob.mx\/?p=8486\" id='av-masonry-1-item-8486' data-av-masonry-item='8486' class='av-masonry-entry isotope-item post-8486 post type-post status-publish format-standard has-post-thumbnail hentry category-convocatorias-pasadas all_sort convocatorias-pasadas_sort  av-masonry-item-with-image' title=\"Premios CaSa 2020 &#8211; Creaci\u00f3n Literaria en chinanteco\"  itemscope=\"itemscope\" itemtype=\"https:\/\/schema.org\/CreativeWork\" ><div class='av-inner-masonry-sizer'><\/div><figure class='av-inner-masonry main_color'><div class=\"av-masonry-outerimage-container\"><div class=\"av-masonry-image-container\" style=\"background-image: url(https:\/\/casa.oaxaca.gob.mx\/wp-content\/uploads\/2020\/02\/PREMIOS-WEB-05-705x503.png);\"><img decoding=\"async\" src=\"https:\/\/casa.oaxaca.gob.mx\/wp-content\/uploads\/2020\/02\/PREMIOS-WEB-05-705x503.png\" title=\"PREMIOS-WEB-05\" alt=\"\" \/><\/div><\/div><figcaption class='av-inner-masonry-content site-background'><div class='av-inner-masonry-content-pos'><div class='av-inner-masonry-content-pos-content'><div class='avia-arrow'><\/div><h3 class='av-masonry-entry-title entry-title'  itemprop=\"headline\" >Premios CaSa 2020 &#8211; Creaci\u00f3n Literaria en chinanteco<\/h3><span class='av-masonry-date meta-color updated'><\/span><span class=\"av-masonry-text-sep text-sep-author\">\/<\/span><span class='av-masonry-author meta-color vcard author'><span class='fn'>by <\/span><\/span><\/div><\/div><\/figcaption><\/figure><\/a><!--end av-masonry entry--><a href=\"https:\/\/casa.oaxaca.gob.mx\/?p=8479\" id='av-masonry-1-item-8479' data-av-masonry-item='8479' class='av-masonry-entry isotope-item post-8479 post type-post status-publish format-standard has-post-thumbnail hentry category-convocatorias-pasadas all_sort convocatorias-pasadas_sort  av-masonry-item-with-image' title=\"Premios CaSa 2020 &#8211; Creaci\u00f3n Literaria en Umbeyajts \/ Ombeayiu\u0308ts (huave). Ganadores\"  itemscope=\"itemscope\" itemtype=\"https:\/\/schema.org\/CreativeWork\" ><div class='av-inner-masonry-sizer'><\/div><figure class='av-inner-masonry main_color'><div class=\"av-masonry-outerimage-container\"><div class=\"av-masonry-image-container\" style=\"background-image: url(https:\/\/casa.oaxaca.gob.mx\/wp-content\/uploads\/2020\/02\/PREMIOS-WEB-04-705x503.png);\"><img decoding=\"async\" src=\"https:\/\/casa.oaxaca.gob.mx\/wp-content\/uploads\/2020\/02\/PREMIOS-WEB-04-705x503.png\" title=\"PREMIOS-WEB-04\" alt=\"\" \/><\/div><\/div><figcaption class='av-inner-masonry-content site-background'><div class='av-inner-masonry-content-pos'><div class='av-inner-masonry-content-pos-content'><div class='avia-arrow'><\/div><h3 class='av-masonry-entry-title entry-title'  itemprop=\"headline\" >Premios CaSa 2020 &#8211; Creaci\u00f3n Literaria en Umbeyajts \/ Ombeayiu\u0308ts (huave). Ganadores<\/h3><span class='av-masonry-date meta-color updated'><\/span><span class=\"av-masonry-text-sep text-sep-author\">\/<\/span><span class='av-masonry-author meta-color vcard author'><span class='fn'>by <\/span><\/span><\/div><\/div><\/figcaption><\/figure><\/a><!--end av-masonry entry--><a href=\"https:\/\/casa.oaxaca.gob.mx\/?p=8472\" id='av-masonry-1-item-8472' data-av-masonry-item='8472' class='av-masonry-entry isotope-item post-8472 post type-post status-publish format-standard has-post-thumbnail hentry category-convocatorias-pasadas all_sort convocatorias-pasadas_sort  av-masonry-item-with-image' title=\"Premios CaSa 2020 &#8211; Creaci\u00f3n Literaria en Xna\u0301nj nu\u2019 a \/ Stna\u0301j ni\u2019 \/ Tnanj ni\u2019inj (triqui). Ganadores\"  itemscope=\"itemscope\" itemtype=\"https:\/\/schema.org\/CreativeWork\" ><div class='av-inner-masonry-sizer'><\/div><figure class='av-inner-masonry main_color'><div class=\"av-masonry-outerimage-container\"><div class=\"av-masonry-image-container\" style=\"background-image: url(https:\/\/casa.oaxaca.gob.mx\/wp-content\/uploads\/2020\/02\/PREMIOS-WEB-03-705x503.png);\"><img decoding=\"async\" src=\"https:\/\/casa.oaxaca.gob.mx\/wp-content\/uploads\/2020\/02\/PREMIOS-WEB-03-705x503.png\" title=\"PREMIOS-WEB-03\" alt=\"\" \/><\/div><\/div><figcaption class='av-inner-masonry-content site-background'><div class='av-inner-masonry-content-pos'><div class='av-inner-masonry-content-pos-content'><div class='avia-arrow'><\/div><h3 class='av-masonry-entry-title entry-title'  itemprop=\"headline\" >Premios CaSa 2020 &#8211; Creaci\u00f3n Literaria en Xna\u0301nj nu\u2019 a \/ Stna\u0301j ni\u2019 \/ Tnanj ni\u2019inj (triqui). Ganadores<\/h3><span class='av-masonry-date meta-color updated'><\/span><span class=\"av-masonry-text-sep text-sep-author\">\/<\/span><span class='av-masonry-author meta-color vcard author'><span class='fn'>by <\/span><\/span><\/div><\/div><\/figcaption><\/figure><\/a><!--end av-masonry entry--><a href=\"https:\/\/casa.oaxaca.gob.mx\/?p=8467\" id='av-masonry-1-item-8467' data-av-masonry-item='8467' class='av-masonry-entry isotope-item post-8467 post type-post status-publish format-standard has-post-thumbnail hentry category-convocatorias-pasadas all_sort convocatorias-pasadas_sort  av-masonry-item-with-image' title=\"Premios CaSa 2020 &#8211; Creaci\u00f3n Literaria en Ayuujk (mixe). Ganadores\"  itemscope=\"itemscope\" itemtype=\"https:\/\/schema.org\/CreativeWork\" ><div class='av-inner-masonry-sizer'><\/div><figure class='av-inner-masonry main_color'><div class=\"av-masonry-outerimage-container\"><div class=\"av-masonry-image-container\" style=\"background-image: url(https:\/\/casa.oaxaca.gob.mx\/wp-content\/uploads\/2020\/02\/PREMIOS-WEB-02-705x503.png);\"><img decoding=\"async\" src=\"https:\/\/casa.oaxaca.gob.mx\/wp-content\/uploads\/2020\/02\/PREMIOS-WEB-02-705x503.png\" title=\"PREMIOS-WEB-02\" alt=\"\" \/><\/div><\/div><figcaption class='av-inner-masonry-content site-background'><div class='av-inner-masonry-content-pos'><div class='av-inner-masonry-content-pos-content'><div class='avia-arrow'><\/div><h3 class='av-masonry-entry-title entry-title'  itemprop=\"headline\" >Premios CaSa 2020 &#8211; Creaci\u00f3n Literaria en Ayuujk (mixe). Ganadores<\/h3><span class='av-masonry-date meta-color updated'><\/span><span class=\"av-masonry-text-sep text-sep-author\">\/<\/span><span class='av-masonry-author meta-color vcard author'><span class='fn'>by <\/span><\/span><\/div><\/div><\/figcaption><\/figure><\/a><!--end av-masonry entry--><a href=\"https:\/\/casa.oaxaca.gob.mx\/?p=8448\" id='av-masonry-1-item-8448' data-av-masonry-item='8448' class='av-masonry-entry isotope-item post-8448 post type-post status-publish format-standard has-post-thumbnail hentry category-convocatorias-pasadas all_sort convocatorias-pasadas_sort  av-masonry-item-with-image' title=\"Premios CaSa 2020 &#8211; Creaci\u00f3n Literaria en Tu&#8217;un Savi (mixteco). Ganadores\"  itemscope=\"itemscope\" itemtype=\"https:\/\/schema.org\/CreativeWork\" ><div class='av-inner-masonry-sizer'><\/div><figure class='av-inner-masonry main_color'><div class=\"av-masonry-outerimage-container\"><div class=\"av-masonry-image-container\" style=\"background-image: url(https:\/\/casa.oaxaca.gob.mx\/wp-content\/uploads\/2020\/02\/PREMIOS-WEB-08-705x503.png);\"><img decoding=\"async\" src=\"https:\/\/casa.oaxaca.gob.mx\/wp-content\/uploads\/2020\/02\/PREMIOS-WEB-08-705x503.png\" title=\"PREMIOS-WEB-08\" alt=\"\" \/><\/div><\/div><figcaption class='av-inner-masonry-content site-background'><div class='av-inner-masonry-content-pos'><div class='av-inner-masonry-content-pos-content'><div class='avia-arrow'><\/div><h3 class='av-masonry-entry-title entry-title'  itemprop=\"headline\" >Premios CaSa 2020 &#8211; Creaci\u00f3n Literaria en Tu&#8217;un Savi (mixteco). Ganadores<\/h3><span class='av-masonry-date meta-color updated'><\/span><span class=\"av-masonry-text-sep text-sep-author\">\/<\/span><span class='av-masonry-author meta-color vcard author'><span class='fn'>by <\/span><\/span><\/div><\/div><\/figcaption><\/figure><\/a><!--end av-masonry entry--><a href=\"https:\/\/casa.oaxaca.gob.mx\/?p=8426\" id='av-masonry-1-item-8426' data-av-masonry-item='8426' class='av-masonry-entry isotope-item post-8426 post type-post status-publish format-standard has-post-thumbnail hentry category-convocatorias-pasadas all_sort convocatorias-pasadas_sort  av-masonry-item-with-image' title=\"Premios CaSa 2020 &#8211; Creaci\u00f3n Literaria en Didxaz\u00e1 (zapoteco). Ganadores\"  itemscope=\"itemscope\" itemtype=\"https:\/\/schema.org\/CreativeWork\" ><div class='av-inner-masonry-sizer'><\/div><figure class='av-inner-masonry main_color'><div class=\"av-masonry-outerimage-container\"><div class=\"av-masonry-image-container\" style=\"background-image: url(https:\/\/casa.oaxaca.gob.mx\/wp-content\/uploads\/2020\/02\/PREMIOS-WEB-01-1-705x503.png);\"><img decoding=\"async\" src=\"https:\/\/casa.oaxaca.gob.mx\/wp-content\/uploads\/2020\/02\/PREMIOS-WEB-01-1-705x503.png\" title=\"PREMIOS-WEB-01\" alt=\"\" \/><\/div><\/div><figcaption class='av-inner-masonry-content site-background'><div class='av-inner-masonry-content-pos'><div class='av-inner-masonry-content-pos-content'><div class='avia-arrow'><\/div><h3 class='av-masonry-entry-title entry-title'  itemprop=\"headline\" >Premios CaSa 2020 &#8211; Creaci\u00f3n Literaria en Didxaz\u00e1 (zapoteco). Ganadores<\/h3><span class='av-masonry-date meta-color updated'><\/span><span class=\"av-masonry-text-sep text-sep-author\">\/<\/span><span class='av-masonry-author meta-color vcard author'><span class='fn'>by <\/span><\/span><\/div><\/div><\/figcaption><\/figure><\/a><!--end av-masonry entry--><a href=\"https:\/\/casa.oaxaca.gob.mx\/?p=8410\" id='av-masonry-1-item-8410' data-av-masonry-item='8410' class='av-masonry-entry isotope-item post-8410 post type-post status-publish format-standard has-post-thumbnail hentry category-convocatorias-pasadas all_sort convocatorias-pasadas_sort  av-masonry-item-with-image' title=\"Sexto Diplomado en dise\u00f1o industrial de objetos. Coordina: Luis Equihua\"  itemscope=\"itemscope\" itemtype=\"https:\/\/schema.org\/CreativeWork\" ><div class='av-inner-masonry-sizer'><\/div><figure class='av-inner-masonry main_color'><div class=\"av-masonry-outerimage-container\"><div class=\"av-masonry-image-container\" style=\"background-image: url(https:\/\/casa.oaxaca.gob.mx\/wp-content\/uploads\/2020\/02\/8.3.Disen\u0303o-industrial-705x484.png);\"><img decoding=\"async\" src=\"https:\/\/casa.oaxaca.gob.mx\/wp-content\/uploads\/2020\/02\/8.3.Disen\u0303o-industrial-705x484.png\" title=\"8.3.Disen\u0303o industrial\" alt=\"\" \/><\/div><\/div><figcaption class='av-inner-masonry-content site-background'><div class='av-inner-masonry-content-pos'><div class='av-inner-masonry-content-pos-content'><div class='avia-arrow'><\/div><h3 class='av-masonry-entry-title entry-title'  itemprop=\"headline\" >Sexto Diplomado en dise\u00f1o industrial de objetos. Coordina: Luis Equihua<\/h3><span class='av-masonry-date meta-color updated'><\/span><span class=\"av-masonry-text-sep text-sep-author\">\/<\/span><span class='av-masonry-author meta-color vcard author'><span class='fn'>by <\/span><\/span><\/div><\/div><\/figcaption><\/figure><\/a><!--end av-masonry entry--><a href=\"https:\/\/casa.oaxaca.gob.mx\/?p=8404\" id='av-masonry-1-item-8404' data-av-masonry-item='8404' class='av-masonry-entry isotope-item post-8404 post type-post status-publish format-standard has-post-thumbnail hentry category-eventos-cerrados-2020 all_sort eventos-cerrados-2020_sort  av-masonry-item-with-image' title=\"Curso de escritura. Imparte: Ruth Garc\u00eda-Lago Velarde.\"  itemscope=\"itemscope\" itemtype=\"https:\/\/schema.org\/CreativeWork\" ><div class='av-inner-masonry-sizer'><\/div><figure class='av-inner-masonry main_color'><div class=\"av-masonry-outerimage-container\"><div class=\"av-masonry-image-container\" style=\"background-image: url(https:\/\/casa.oaxaca.gob.mx\/wp-content\/uploads\/2020\/02\/6.1.-Escritura-705x484.png);\"><img decoding=\"async\" src=\"https:\/\/casa.oaxaca.gob.mx\/wp-content\/uploads\/2020\/02\/6.1.-Escritura-705x484.png\" title=\"6.1. Escritura\" alt=\"\" \/><\/div><\/div><figcaption class='av-inner-masonry-content site-background'><div class='av-inner-masonry-content-pos'><div class='av-inner-masonry-content-pos-content'><div class='avia-arrow'><\/div><h3 class='av-masonry-entry-title entry-title'  itemprop=\"headline\" >Curso de escritura. Imparte: Ruth Garc\u00eda-Lago Velarde.<\/h3><span class='av-masonry-date meta-color updated'><\/span><span class=\"av-masonry-text-sep text-sep-author\">\/<\/span><span class='av-masonry-author meta-color vcard author'><span class='fn'>by <\/span><\/span><\/div><\/div><\/figcaption><\/figure><\/a><!--end av-masonry entry--><a href=\"https:\/\/casa.oaxaca.gob.mx\/?p=8386\" id='av-masonry-1-item-8386' data-av-masonry-item='8386' class='av-masonry-entry isotope-item post-8386 post type-post status-publish format-standard has-post-thumbnail hentry category-convocatorias-pasadas all_sort convocatorias-pasadas_sort  av-masonry-item-with-image' title=\"Taller de Estenofotoserigraf\u00eda. Imparte: Mar\u00eda Luisa Santos Cu\u00e9llar\"  itemscope=\"itemscope\" itemtype=\"https:\/\/schema.org\/CreativeWork\" ><div class='av-inner-masonry-sizer'><\/div><figure class='av-inner-masonry main_color'><div class=\"av-masonry-outerimage-container\"><div class=\"av-masonry-image-container\" style=\"background-image: url(https:\/\/casa.oaxaca.gob.mx\/wp-content\/uploads\/2020\/02\/5.3.Estenofotoserigrafi\u0301a-705x484.png);\"><img decoding=\"async\" src=\"https:\/\/casa.oaxaca.gob.mx\/wp-content\/uploads\/2020\/02\/5.3.Estenofotoserigrafi\u0301a-705x484.png\" title=\"5.3.Estenofotoserigrafi\u0301a\" alt=\"\" \/><\/div><\/div><figcaption class='av-inner-masonry-content site-background'><div class='av-inner-masonry-content-pos'><div class='av-inner-masonry-content-pos-content'><div class='avia-arrow'><\/div><h3 class='av-masonry-entry-title entry-title'  itemprop=\"headline\" >Taller de Estenofotoserigraf\u00eda. Imparte: Mar\u00eda Luisa Santos Cu\u00e9llar<\/h3><span class='av-masonry-date meta-color updated'><\/span><span class=\"av-masonry-text-sep text-sep-author\">\/<\/span><span class='av-masonry-author meta-color vcard author'><span class='fn'>by <\/span><\/span><\/div><\/div><\/figcaption><\/figure><\/a><!--end av-masonry entry--><a href=\"https:\/\/casa.oaxaca.gob.mx\/?p=8354\" id='av-masonry-1-item-8354' data-av-masonry-item='8354' class='av-masonry-entry isotope-item post-8354 post type-post status-publish format-standard has-post-thumbnail hentry category-sin-categoria all_sort sin-categoria_sort  av-masonry-item-with-image' title=\"Noveno Diplomado de Producci\u00f3n de artes visuales. Coordina: Laureana toledo.\"  itemscope=\"itemscope\" itemtype=\"https:\/\/schema.org\/CreativeWork\" ><div class='av-inner-masonry-sizer'><\/div><figure class='av-inner-masonry main_color'><div class=\"av-masonry-outerimage-container\"><div class=\"av-masonry-image-container\" style=\"background-image: url(https:\/\/casa.oaxaca.gob.mx\/wp-content\/uploads\/2020\/02\/i\u0301ndice-705x484.jpg);\"><img decoding=\"async\" src=\"https:\/\/casa.oaxaca.gob.mx\/wp-content\/uploads\/2020\/02\/i\u0301ndice-705x484.jpg\" title=\"i\u0301ndice\" alt=\"\" \/><\/div><\/div><figcaption class='av-inner-masonry-content site-background'><div class='av-inner-masonry-content-pos'><div class='av-inner-masonry-content-pos-content'><div class='avia-arrow'><\/div><h3 class='av-masonry-entry-title entry-title'  itemprop=\"headline\" >Noveno Diplomado de Producci\u00f3n de artes visuales. Coordina: Laureana toledo.<\/h3><span class='av-masonry-date meta-color updated'><\/span><span class=\"av-masonry-text-sep text-sep-author\">\/<\/span><span class='av-masonry-author meta-color vcard author'><span class='fn'>by <\/span><\/span><\/div><\/div><\/figcaption><\/figure><\/a><!--end av-masonry entry--><a href=\"https:\/\/casa.oaxaca.gob.mx\/?p=8345\" id='av-masonry-1-item-8345' data-av-masonry-item='8345' class='av-masonry-entry isotope-item post-8345 post type-post status-publish format-standard has-post-thumbnail hentry category-convocatorias-pasadas all_sort convocatorias-pasadas_sort  av-masonry-item-with-image' title=\"Taller: Herbolaria para la salud e higiene. Imparte: Mar\u00eda Fernanda Espinosa Abascal\"  itemscope=\"itemscope\" itemtype=\"https:\/\/schema.org\/CreativeWork\" ><div class='av-inner-masonry-sizer'><\/div><figure class='av-inner-masonry main_color'><div class=\"av-masonry-outerimage-container\"><div class=\"av-masonry-image-container\" style=\"background-image: url(https:\/\/casa.oaxaca.gob.mx\/wp-content\/uploads\/2020\/02\/Herbolaria_Cerrada-705x484.png);\"><img decoding=\"async\" src=\"https:\/\/casa.oaxaca.gob.mx\/wp-content\/uploads\/2020\/02\/Herbolaria_Cerrada-705x484.png\" title=\"Herbolaria_Cerrada\" alt=\"\" \/><\/div><\/div><figcaption class='av-inner-masonry-content site-background'><div class='av-inner-masonry-content-pos'><div class='av-inner-masonry-content-pos-content'><div class='avia-arrow'><\/div><h3 class='av-masonry-entry-title entry-title'  itemprop=\"headline\" >Taller: Herbolaria para la salud e higiene. Imparte: Mar\u00eda Fernanda Espinosa Abascal<\/h3><span class='av-masonry-date meta-color updated'><\/span><span class=\"av-masonry-text-sep text-sep-author\">\/<\/span><span class='av-masonry-author meta-color vcard author'><span class='fn'>by <\/span><\/span><\/div><\/div><\/figcaption><\/figure><\/a><!--end av-masonry entry--><a href=\"https:\/\/casa.oaxaca.gob.mx\/?p=8329\" id='av-masonry-1-item-8329' data-av-masonry-item='8329' class='av-masonry-entry isotope-item post-8329 post type-post status-publish format-standard has-post-thumbnail hentry category-eventos-cerrados-2020 all_sort eventos-cerrados-2020_sort  av-masonry-item-with-image' title=\"Taller de letras | Imparte Miguel Mart\u00ednez Garc\u00eda\"  itemscope=\"itemscope\" itemtype=\"https:\/\/schema.org\/CreativeWork\" ><div class='av-inner-masonry-sizer'><\/div><figure class='av-inner-masonry main_color'><div class=\"av-masonry-outerimage-container\"><div class=\"av-masonry-image-container\" style=\"background-image: url(https:\/\/casa.oaxaca.gob.mx\/wp-content\/uploads\/2020\/02\/2.5.-Letras-705x484.png);\"><img decoding=\"async\" src=\"https:\/\/casa.oaxaca.gob.mx\/wp-content\/uploads\/2020\/02\/2.5.-Letras-705x484.png\" title=\"2.5. Letras\" alt=\"\" \/><\/div><\/div><figcaption class='av-inner-masonry-content site-background'><div class='av-inner-masonry-content-pos'><div class='av-inner-masonry-content-pos-content'><div class='avia-arrow'><\/div><h3 class='av-masonry-entry-title entry-title'  itemprop=\"headline\" >Taller de letras | Imparte Miguel Mart\u00ednez Garc\u00eda<\/h3><span class='av-masonry-date meta-color updated'><\/span><span class=\"av-masonry-text-sep text-sep-author\">\/<\/span><span class='av-masonry-author meta-color vcard author'><span class='fn'>by <\/span><\/span><\/div><\/div><\/figcaption><\/figure><\/a><!--end av-masonry entry--><a href=\"https:\/\/casa.oaxaca.gob.mx\/?p=8242\" id='av-masonry-1-item-8242' data-av-masonry-item='8242' class='av-masonry-entry isotope-item post-8242 post type-post status-publish format-standard has-post-thumbnail hentry category-convocatorias-pasadas all_sort convocatorias-pasadas_sort  av-masonry-item-with-image' title=\"Tercer Diplomado: \u201cProcedimientos y sistemas constructivos tradicionales\u201d\"  itemscope=\"itemscope\" itemtype=\"https:\/\/schema.org\/CreativeWork\" ><div class='av-inner-masonry-sizer'><\/div><figure class='av-inner-masonry main_color'><div class=\"av-masonry-outerimage-container\"><div class=\"av-masonry-image-container\" style=\"background-image: url(https:\/\/casa.oaxaca.gob.mx\/wp-content\/uploads\/2020\/02\/Banner-cerrado-705x484.png);\"><img decoding=\"async\" src=\"https:\/\/casa.oaxaca.gob.mx\/wp-content\/uploads\/2020\/02\/Banner-cerrado-705x484.png\" title=\"Banner cerrado\" alt=\"\" \/><\/div><\/div><figcaption class='av-inner-masonry-content site-background'><div class='av-inner-masonry-content-pos'><div class='av-inner-masonry-content-pos-content'><div class='avia-arrow'><\/div><h3 class='av-masonry-entry-title entry-title'  itemprop=\"headline\" >Tercer Diplomado: \u201cProcedimientos y sistemas constructivos tradicionales\u201d<\/h3><span class='av-masonry-date meta-color updated'><\/span><span class=\"av-masonry-text-sep text-sep-author\">\/<\/span><span class='av-masonry-author meta-color vcard author'><span class='fn'>by <\/span><\/span><\/div><\/div><\/figcaption><\/figure><\/a><!--end av-masonry entry--><a href=\"https:\/\/casa.oaxaca.gob.mx\/?p=8232\" id='av-masonry-1-item-8232' data-av-masonry-item='8232' class='av-masonry-entry isotope-item post-8232 post type-post status-publish format-standard has-post-thumbnail hentry category-eventos-cerrados-2020 all_sort eventos-cerrados-2020_sort  av-masonry-item-with-image' title=\"Taller de fieltro: Elaboraci\u00f3n de superficies y texturas para proyectos art\u00edsticos\"  itemscope=\"itemscope\" itemtype=\"https:\/\/schema.org\/CreativeWork\" ><div class='av-inner-masonry-sizer'><\/div><figure class='av-inner-masonry main_color'><div class=\"av-masonry-outerimage-container\"><div class=\"av-masonry-image-container\" style=\"background-image: url(https:\/\/casa.oaxaca.gob.mx\/wp-content\/uploads\/2020\/02\/1.2.Fieltro-705x484.png);\"><img decoding=\"async\" src=\"https:\/\/casa.oaxaca.gob.mx\/wp-content\/uploads\/2020\/02\/1.2.Fieltro-705x484.png\" title=\"1.2.Fieltro\" alt=\"\" \/><\/div><\/div><figcaption class='av-inner-masonry-content site-background'><div class='av-inner-masonry-content-pos'><div class='av-inner-masonry-content-pos-content'><div class='avia-arrow'><\/div><h3 class='av-masonry-entry-title entry-title'  itemprop=\"headline\" >Taller de fieltro: Elaboraci\u00f3n de superficies y texturas para proyectos art\u00edsticos<\/h3><span class='av-masonry-date meta-color updated'><\/span><span class=\"av-masonry-text-sep text-sep-author\">\/<\/span><span class='av-masonry-author meta-color vcard author'><span class='fn'>by <\/span><\/span><\/div><\/div><\/figcaption><\/figure><\/a><!--end av-masonry entry--><a href=\"https:\/\/casa.oaxaca.gob.mx\/?p=8207\" id='av-masonry-1-item-8207' data-av-masonry-item='8207' class='av-masonry-entry isotope-item post-8207 post type-post status-publish format-standard has-post-thumbnail hentry category-eventos-cerrados-2020 all_sort eventos-cerrados-2020_sort  av-masonry-item-with-image' title=\"Taller de animaci\u00f3n fotogr\u00e1fica. Imparte: Miki Gingras\"  itemscope=\"itemscope\" itemtype=\"https:\/\/schema.org\/CreativeWork\" ><div class='av-inner-masonry-sizer'><\/div><figure class='av-inner-masonry main_color'><div class=\"av-masonry-outerimage-container\"><div class=\"av-masonry-image-container\" style=\"background-image: url(https:\/\/casa.oaxaca.gob.mx\/wp-content\/uploads\/2020\/01\/10.5.Animacio\u0301n-fotogra\u0301fica.jpg);\"><img decoding=\"async\" src=\"https:\/\/casa.oaxaca.gob.mx\/wp-content\/uploads\/2020\/01\/10.5.Animacio\u0301n-fotogra\u0301fica.jpg\" title=\"10.5.Animacio\u0301n fotogra\u0301fica\" alt=\"\" \/><\/div><\/div><figcaption class='av-inner-masonry-content site-background'><div class='av-inner-masonry-content-pos'><div class='av-inner-masonry-content-pos-content'><div class='avia-arrow'><\/div><h3 class='av-masonry-entry-title entry-title'  itemprop=\"headline\" >Taller de animaci\u00f3n fotogr\u00e1fica. Imparte: Miki Gingras<\/h3><span class='av-masonry-date meta-color updated'><\/span><span class=\"av-masonry-text-sep text-sep-author\">\/<\/span><span class='av-masonry-author meta-color vcard author'><span class='fn'>by <\/span><\/span><\/div><\/div><\/figcaption><\/figure><\/a><!--end av-masonry entry--><a href=\"https:\/\/casa.oaxaca.gob.mx\/?p=8161\" id='av-masonry-1-item-8161' data-av-masonry-item='8161' class='av-masonry-entry isotope-item post-8161 post type-post status-publish format-standard has-post-thumbnail hentry category-eventos-cerrados-2020 all_sort eventos-cerrados-2020_sort  av-masonry-item-with-image' title=\"Talleres: Pintura para ni\u00f1os. Imparte: Virginia Sosa\"  itemscope=\"itemscope\" itemtype=\"https:\/\/schema.org\/CreativeWork\" ><div class='av-inner-masonry-sizer'><\/div><figure class='av-inner-masonry main_color'><div class=\"av-masonry-outerimage-container\"><div class=\"av-masonry-image-container\" style=\"background-image: url(https:\/\/casa.oaxaca.gob.mx\/wp-content\/uploads\/2020\/01\/4-01-1.jpg);\"><img decoding=\"async\" src=\"https:\/\/casa.oaxaca.gob.mx\/wp-content\/uploads\/2020\/01\/4-01-1.jpg\" title=\"4-01\" alt=\"\" \/><\/div><\/div><figcaption class='av-inner-masonry-content site-background'><div class='av-inner-masonry-content-pos'><div class='av-inner-masonry-content-pos-content'><div class='avia-arrow'><\/div><h3 class='av-masonry-entry-title entry-title'  itemprop=\"headline\" >Talleres: Pintura para ni\u00f1os. Imparte: Virginia Sosa<\/h3><span class='av-masonry-date meta-color updated'><\/span><span class=\"av-masonry-text-sep text-sep-author\">\/<\/span><span class='av-masonry-author meta-color vcard author'><span class='fn'>by <\/span><\/span><\/div><\/div><\/figcaption><\/figure><\/a><!--end av-masonry entry--><a href=\"https:\/\/casa.oaxaca.gob.mx\/?p=8152\" id='av-masonry-1-item-8152' data-av-masonry-item='8152' class='av-masonry-entry isotope-item post-8152 post type-post status-publish format-standard has-post-thumbnail hentry category-eventos-cerrados-2020 all_sort eventos-cerrados-2020_sort  av-masonry-item-with-image' title=\"Talleres: Sesiones de Videoarte y Cine Experimental. Imparte: Karla Partida\"  itemscope=\"itemscope\" itemtype=\"https:\/\/schema.org\/CreativeWork\" ><div class='av-inner-masonry-sizer'><\/div><figure class='av-inner-masonry main_color'><div class=\"av-masonry-outerimage-container\"><div class=\"av-masonry-image-container\" style=\"background-image: url(https:\/\/casa.oaxaca.gob.mx\/wp-content\/uploads\/2020\/01\/8.4.Videoarte-y-cine-experimental-1.jpg);\"><img decoding=\"async\" src=\"https:\/\/casa.oaxaca.gob.mx\/wp-content\/uploads\/2020\/01\/8.4.Videoarte-y-cine-experimental-1.jpg\" title=\"8.4.Videoarte y cine experimental\" alt=\"\" \/><\/div><\/div><figcaption class='av-inner-masonry-content site-background'><div class='av-inner-masonry-content-pos'><div class='av-inner-masonry-content-pos-content'><div class='avia-arrow'><\/div><h3 class='av-masonry-entry-title entry-title'  itemprop=\"headline\" >Talleres: Sesiones de Videoarte y Cine Experimental. Imparte: Karla Partida<\/h3><span class='av-masonry-date meta-color updated'><\/span><span class=\"av-masonry-text-sep text-sep-author\">\/<\/span><span class='av-masonry-author meta-color vcard author'><span class='fn'>by <\/span><\/span><\/div><\/div><\/figcaption><\/figure><\/a><!--end av-masonry entry--><a href=\"https:\/\/casa.oaxaca.gob.mx\/?p=8122\" id='av-masonry-1-item-8122' data-av-masonry-item='8122' class='av-masonry-entry isotope-item post-8122 post type-post status-publish format-standard has-post-thumbnail hentry category-eventos-cerrados-2020 all_sort eventos-cerrados-2020_sort  av-masonry-item-with-image' title=\"Talleres de fotograf\u00eda: Retrato. Imparte: Eva L\u00e9piz\"  itemscope=\"itemscope\" itemtype=\"https:\/\/schema.org\/CreativeWork\" ><div class='av-inner-masonry-sizer'><\/div><figure class='av-inner-masonry main_color'><div class=\"av-masonry-outerimage-container\"><div class=\"av-masonry-image-container\" style=\"background-image: url(https:\/\/casa.oaxaca.gob.mx\/wp-content\/uploads\/2020\/01\/2-01.jpg);\"><img decoding=\"async\" src=\"https:\/\/casa.oaxaca.gob.mx\/wp-content\/uploads\/2020\/01\/2-01.jpg\" title=\"2-01\" alt=\"\" \/><\/div><\/div><figcaption class='av-inner-masonry-content site-background'><div class='av-inner-masonry-content-pos'><div class='av-inner-masonry-content-pos-content'><div class='avia-arrow'><\/div><h3 class='av-masonry-entry-title entry-title'  itemprop=\"headline\" >Talleres de fotograf\u00eda: Retrato. Imparte: Eva L\u00e9piz<\/h3><span class='av-masonry-date meta-color updated'><\/span><span class=\"av-masonry-text-sep text-sep-author\">\/<\/span><span class='av-masonry-author meta-color vcard author'><span class='fn'>by <\/span><\/span><\/div><\/div><\/figcaption><\/figure><\/a><!--end av-masonry entry--><a href=\"https:\/\/casa.oaxaca.gob.mx\/?p=8104\" id='av-masonry-1-item-8104' data-av-masonry-item='8104' class='av-masonry-entry isotope-item post-8104 post type-post status-publish format-standard has-post-thumbnail hentry category-convocatorias-pasadas all_sort convocatorias-pasadas_sort  av-masonry-item-with-image' title=\"Diplomado: Quinto Consultorio de Dramaturgia: Coordina: Ximena Escalante\"  itemscope=\"itemscope\" itemtype=\"https:\/\/schema.org\/CreativeWork\" ><div class='av-inner-masonry-sizer'><\/div><figure class='av-inner-masonry main_color'><div class=\"av-masonry-outerimage-container\"><div class=\"av-masonry-image-container\" style=\"background-image: url(https:\/\/casa.oaxaca.gob.mx\/wp-content\/uploads\/2020\/01\/3-01.jpg);\"><img decoding=\"async\" src=\"https:\/\/casa.oaxaca.gob.mx\/wp-content\/uploads\/2020\/01\/3-01.jpg\" title=\"3-01\" alt=\"\" \/><\/div><\/div><figcaption class='av-inner-masonry-content site-background'><div class='av-inner-masonry-content-pos'><div class='av-inner-masonry-content-pos-content'><div class='avia-arrow'><\/div><h3 class='av-masonry-entry-title entry-title'  itemprop=\"headline\" >Diplomado: Quinto Consultorio de Dramaturgia: Coordina: Ximena Escalante<\/h3><span class='av-masonry-date meta-color updated'><\/span><span class=\"av-masonry-text-sep text-sep-author\">\/<\/span><span class='av-masonry-author meta-color vcard author'><span class='fn'>by <\/span><\/span><\/div><\/div><\/figcaption><\/figure><\/a><!--end av-masonry entry--><a href=\"https:\/\/casa.oaxaca.gob.mx\/?p=8095\" id='av-masonry-1-item-8095' data-av-masonry-item='8095' class='av-masonry-entry isotope-item post-8095 post type-post status-publish format-standard has-post-thumbnail hentry category-eventos-cerrados-2019 all_sort eventos-cerrados-2019_sort  av-masonry-item-with-image' title=\"Charla por el Arquitecto Germ\u00e1n Valenzuela\"  itemscope=\"itemscope\" itemtype=\"https:\/\/schema.org\/CreativeWork\" ><div class='av-inner-masonry-sizer'><\/div><figure class='av-inner-masonry main_color'><div class=\"av-masonry-outerimage-container\"><div class=\"av-masonry-image-container\" style=\"background-image: url(https:\/\/casa.oaxaca.gob.mx\/wp-content\/uploads\/2020\/01\/actividad-web-705x705.png);\"><img decoding=\"async\" src=\"https:\/\/casa.oaxaca.gob.mx\/wp-content\/uploads\/2020\/01\/actividad-web-705x705.png\" title=\"actividad-web\" alt=\"\" \/><\/div><\/div><figcaption class='av-inner-masonry-content site-background'><div class='av-inner-masonry-content-pos'><div class='av-inner-masonry-content-pos-content'><div class='avia-arrow'><\/div><h3 class='av-masonry-entry-title entry-title'  itemprop=\"headline\" >Charla por el Arquitecto Germ\u00e1n Valenzuela<\/h3><span class='av-masonry-date meta-color updated'><\/span><span class=\"av-masonry-text-sep text-sep-author\">\/<\/span><span class='av-masonry-author meta-color vcard author'><span class='fn'>by <\/span><\/span><\/div><\/div><\/figcaption><\/figure><\/a><!--end av-masonry entry--><a href=\"https:\/\/casa.oaxaca.gob.mx\/?p=8084\" id='av-masonry-1-item-8084' data-av-masonry-item='8084' class='av-masonry-entry isotope-item post-8084 post type-post status-publish format-standard has-post-thumbnail hentry category-esposiciones-pasadas all_sort esposiciones-pasadas_sort  av-masonry-item-with-image' title=\"Exposici\u00f3n:  Voces que nacen del subsuelo\"  itemscope=\"itemscope\" itemtype=\"https:\/\/schema.org\/CreativeWork\" ><div class='av-inner-masonry-sizer'><\/div><figure class='av-inner-masonry main_color'><div class=\"av-masonry-outerimage-container\"><div class=\"av-masonry-image-container\" style=\"background-image: url(https:\/\/casa.oaxaca.gob.mx\/wp-content\/uploads\/2020\/01\/web-rufina-01.jpg);\"><img decoding=\"async\" src=\"https:\/\/casa.oaxaca.gob.mx\/wp-content\/uploads\/2020\/01\/web-rufina-01.jpg\" title=\"web rufina-01\" alt=\"\" \/><\/div><\/div><figcaption class='av-inner-masonry-content site-background'><div class='av-inner-masonry-content-pos'><div class='av-inner-masonry-content-pos-content'><div class='avia-arrow'><\/div><h3 class='av-masonry-entry-title entry-title'  itemprop=\"headline\" >Exposici\u00f3n:  Voces que nacen del subsuelo<\/h3><span class='av-masonry-date meta-color updated'><\/span><span class=\"av-masonry-text-sep text-sep-author\">\/<\/span><span class='av-masonry-author meta-color vcard author'><span class='fn'>by <\/span><\/span><\/div><\/div><\/figcaption><\/figure><\/a><!--end av-masonry entry--><a href=\"https:\/\/casa.oaxaca.gob.mx\/?p=7972\" id='av-masonry-1-item-7972' data-av-masonry-item='7972' class='av-masonry-entry isotope-item post-7972 post type-post status-publish format-standard has-post-thumbnail hentry category-eventos-cerrados-2020 all_sort eventos-cerrados-2020_sort  av-masonry-item-with-image' title=\"Taller de Introducci\u00f3n a la gr\u00e1fica\"  itemscope=\"itemscope\" itemtype=\"https:\/\/schema.org\/CreativeWork\" ><div class='av-inner-masonry-sizer'><\/div><figure class='av-inner-masonry main_color'><div class=\"av-masonry-outerimage-container\"><div class=\"av-masonry-image-container\" style=\"background-image: url(https:\/\/casa.oaxaca.gob.mx\/wp-content\/uploads\/2019\/12\/1-01.jpg);\"><img decoding=\"async\" src=\"https:\/\/casa.oaxaca.gob.mx\/wp-content\/uploads\/2019\/12\/1-01.jpg\" title=\"1-01\" alt=\"\" \/><\/div><\/div><figcaption class='av-inner-masonry-content site-background'><div class='av-inner-masonry-content-pos'><div class='av-inner-masonry-content-pos-content'><div class='avia-arrow'><\/div><h3 class='av-masonry-entry-title entry-title'  itemprop=\"headline\" >Taller de Introducci\u00f3n a la gr\u00e1fica<\/h3><span class='av-masonry-date meta-color updated'><\/span><span class=\"av-masonry-text-sep text-sep-author\">\/<\/span><span class='av-masonry-author meta-color vcard author'><span class='fn'>by <\/span><\/span><\/div><\/div><\/figcaption><\/figure><\/a><!--end av-masonry entry--><a href=\"https:\/\/casa.oaxaca.gob.mx\/?p=7963\" id='av-masonry-1-item-7963' data-av-masonry-item='7963' class='av-masonry-entry isotope-item post-7963 post type-post status-publish format-standard has-post-thumbnail hentry category-eventos-cerrados-2019 all_sort eventos-cerrados-2019_sort  av-masonry-item-with-image' title=\"Diplomado de dibujo\"  itemscope=\"itemscope\" itemtype=\"https:\/\/schema.org\/CreativeWork\" ><div class='av-inner-masonry-sizer'><\/div><figure class='av-inner-masonry main_color'><div class=\"av-masonry-outerimage-container\"><div class=\"av-masonry-image-container\" style=\"background-image: url(https:\/\/casa.oaxaca.gob.mx\/wp-content\/uploads\/2019\/12\/Sin-ti\u0301tulo-1-13.jpg);\"><img decoding=\"async\" src=\"https:\/\/casa.oaxaca.gob.mx\/wp-content\/uploads\/2019\/12\/Sin-ti\u0301tulo-1-13.jpg\" title=\"Sin-ti\u0301tulo-1\" alt=\"\" \/><\/div><\/div><figcaption class='av-inner-masonry-content site-background'><div class='av-inner-masonry-content-pos'><div class='av-inner-masonry-content-pos-content'><div class='avia-arrow'><\/div><h3 class='av-masonry-entry-title entry-title'  itemprop=\"headline\" >Diplomado de dibujo<\/h3><span class='av-masonry-date meta-color updated'><\/span><span class=\"av-masonry-text-sep text-sep-author\">\/<\/span><span class='av-masonry-author meta-color vcard author'><span class='fn'>by <\/span><\/span><\/div><\/div><\/figcaption><\/figure><\/a><!--end av-masonry entry--><a href=\"https:\/\/casa.oaxaca.gob.mx\/?p=7954\" id='av-masonry-1-item-7954' data-av-masonry-item='7954' class='av-masonry-entry isotope-item post-7954 post type-post status-publish format-standard has-post-thumbnail hentry category-eventos-cerrados-2019 all_sort eventos-cerrados-2019_sort  av-masonry-item-with-image' title=\"Taller Huerto de traspatio. Imparte: Mar\u00eda Fernanda Espinosa\"  itemscope=\"itemscope\" itemtype=\"https:\/\/schema.org\/CreativeWork\" ><div class='av-inner-masonry-sizer'><\/div><figure class='av-inner-masonry main_color'><div class=\"av-masonry-outerimage-container\"><div class=\"av-masonry-image-container\" style=\"background-image: url(https:\/\/casa.oaxaca.gob.mx\/wp-content\/uploads\/2019\/12\/Sin-ti\u0301tulo-1-12.jpg);\"><img decoding=\"async\" src=\"https:\/\/casa.oaxaca.gob.mx\/wp-content\/uploads\/2019\/12\/Sin-ti\u0301tulo-1-12.jpg\" title=\"Sin-ti\u0301tulo-1\" alt=\"\" \/><\/div><\/div><figcaption class='av-inner-masonry-content site-background'><div class='av-inner-masonry-content-pos'><div class='av-inner-masonry-content-pos-content'><div class='avia-arrow'><\/div><h3 class='av-masonry-entry-title entry-title'  itemprop=\"headline\" >Taller Huerto de traspatio. Imparte: Mar\u00eda Fernanda Espinosa<\/h3><span class='av-masonry-date meta-color updated'><\/span><span class=\"av-masonry-text-sep text-sep-author\">\/<\/span><span class='av-masonry-author meta-color vcard author'><span class='fn'>by <\/span><\/span><\/div><\/div><\/figcaption><\/figure><\/a><!--end av-masonry entry--><a href=\"https:\/\/casa.oaxaca.gob.mx\/?p=7947\" id='av-masonry-1-item-7947' data-av-masonry-item='7947' class='av-masonry-entry isotope-item post-7947 post type-post status-publish format-standard has-post-thumbnail hentry category-eventos-cerrados-2019 all_sort eventos-cerrados-2019_sort  av-masonry-item-with-image' title=\"Taller hoja artesanal\"  itemscope=\"itemscope\" itemtype=\"https:\/\/schema.org\/CreativeWork\" ><div class='av-inner-masonry-sizer'><\/div><figure class='av-inner-masonry main_color'><div class=\"av-masonry-outerimage-container\"><div class=\"av-masonry-image-container\" style=\"background-image: url(https:\/\/casa.oaxaca.gob.mx\/wp-content\/uploads\/2019\/12\/Sin-ti\u0301tulo-1-11.jpg);\"><img decoding=\"async\" src=\"https:\/\/casa.oaxaca.gob.mx\/wp-content\/uploads\/2019\/12\/Sin-ti\u0301tulo-1-11.jpg\" title=\"Sin-ti\u0301tulo-1\" alt=\"\" \/><\/div><\/div><figcaption class='av-inner-masonry-content site-background'><div class='av-inner-masonry-content-pos'><div class='av-inner-masonry-content-pos-content'><div class='avia-arrow'><\/div><h3 class='av-masonry-entry-title entry-title'  itemprop=\"headline\" >Taller hoja artesanal<\/h3><span class='av-masonry-date meta-color updated'><\/span><span class=\"av-masonry-text-sep text-sep-author\">\/<\/span><span class='av-masonry-author meta-color vcard author'><span class='fn'>by <\/span><\/span><\/div><\/div><\/figcaption><\/figure><\/a><!--end av-masonry entry--><a href=\"https:\/\/casa.oaxaca.gob.mx\/?p=7923\" id='av-masonry-1-item-7923' data-av-masonry-item='7923' class='av-masonry-entry isotope-item post-7923 post type-post status-publish format-standard has-post-thumbnail hentry category-eventos-cerrados-2019 all_sort eventos-cerrados-2019_sort  av-masonry-item-with-image' title=\"Encuentro de Idiomas de M\u00e9xico\"  itemscope=\"itemscope\" itemtype=\"https:\/\/schema.org\/CreativeWork\" ><div class='av-inner-masonry-sizer'><\/div><figure class='av-inner-masonry main_color'><div class=\"av-masonry-outerimage-container\"><div class=\"av-masonry-image-container\" style=\"background-image: url(https:\/\/casa.oaxaca.gob.mx\/wp-content\/uploads\/2019\/12\/Captura-de-pantalla-2019-12-06-a-las-16.09.00-705x529.png);\"><img decoding=\"async\" src=\"https:\/\/casa.oaxaca.gob.mx\/wp-content\/uploads\/2019\/12\/Captura-de-pantalla-2019-12-06-a-las-16.09.00-705x529.png\" title=\"Captura de pantalla 2019-12-06 a la(s) 16.09.00\" alt=\"\" \/><\/div><\/div><figcaption class='av-inner-masonry-content site-background'><div class='av-inner-masonry-content-pos'><div class='av-inner-masonry-content-pos-content'><div class='avia-arrow'><\/div><h3 class='av-masonry-entry-title entry-title'  itemprop=\"headline\" >Encuentro de Idiomas de M\u00e9xico<\/h3><span class='av-masonry-date meta-color updated'><\/span><span class=\"av-masonry-text-sep text-sep-author\">\/<\/span><span class='av-masonry-author meta-color vcard author'><span class='fn'>by <\/span><\/span><\/div><\/div><\/figcaption><\/figure><\/a><!--end av-masonry entry--><a href=\"https:\/\/casa.oaxaca.gob.mx\/?p=7894\" id='av-masonry-1-item-7894' data-av-masonry-item='7894' class='av-masonry-entry isotope-item post-7894 post type-post status-publish format-standard has-post-thumbnail hentry category-eventos-cerrados-2019 all_sort eventos-cerrados-2019_sort  av-masonry-item-with-image' title=\"Taller laboratorio de fotografia\"  itemscope=\"itemscope\" itemtype=\"https:\/\/schema.org\/CreativeWork\" ><div class='av-inner-masonry-sizer'><\/div><figure class='av-inner-masonry main_color'><div class=\"av-masonry-outerimage-container\"><div class=\"av-masonry-image-container\" style=\"background-image: url(https:\/\/casa.oaxaca.gob.mx\/wp-content\/uploads\/2019\/12\/Sin-ti\u0301tulo-1-10.jpg);\"><img decoding=\"async\" src=\"https:\/\/casa.oaxaca.gob.mx\/wp-content\/uploads\/2019\/12\/Sin-ti\u0301tulo-1-10.jpg\" title=\"Sin-ti\u0301tulo-1\" alt=\"\" \/><\/div><\/div><figcaption class='av-inner-masonry-content site-background'><div class='av-inner-masonry-content-pos'><div class='av-inner-masonry-content-pos-content'><div class='avia-arrow'><\/div><h3 class='av-masonry-entry-title entry-title'  itemprop=\"headline\" >Taller laboratorio de fotografia<\/h3><span class='av-masonry-date meta-color updated'><\/span><span class=\"av-masonry-text-sep text-sep-author\">\/<\/span><span class='av-masonry-author meta-color vcard author'><span class='fn'>by <\/span><\/span><\/div><\/div><\/figcaption><\/figure><\/a><!--end av-masonry entry--><a href=\"https:\/\/casa.oaxaca.gob.mx\/?p=7889\" id='av-masonry-1-item-7889' data-av-masonry-item='7889' class='av-masonry-entry isotope-item post-7889 post type-post status-publish format-standard has-post-thumbnail hentry category-eventos-cerrados-2019 all_sort eventos-cerrados-2019_sort  av-masonry-item-with-image' title=\"Taller Editorial con Gato Negro Ediciones.\"  itemscope=\"itemscope\" itemtype=\"https:\/\/schema.org\/CreativeWork\" ><div class='av-inner-masonry-sizer'><\/div><figure class='av-inner-masonry main_color'><div class=\"av-masonry-outerimage-container\"><div class=\"av-masonry-image-container\" style=\"background-image: url(https:\/\/casa.oaxaca.gob.mx\/wp-content\/uploads\/2019\/12\/Sin-ti\u0301tulo-1-9.jpg);\"><img decoding=\"async\" src=\"https:\/\/casa.oaxaca.gob.mx\/wp-content\/uploads\/2019\/12\/Sin-ti\u0301tulo-1-9.jpg\" title=\"Sin-ti\u0301tulo-1\" alt=\"\" \/><\/div><\/div><figcaption class='av-inner-masonry-content site-background'><div class='av-inner-masonry-content-pos'><div class='av-inner-masonry-content-pos-content'><div class='avia-arrow'><\/div><h3 class='av-masonry-entry-title entry-title'  itemprop=\"headline\" >Taller Editorial con Gato Negro Ediciones.<\/h3><span class='av-masonry-date meta-color updated'><\/span><span class=\"av-masonry-text-sep text-sep-author\">\/<\/span><span class='av-masonry-author meta-color vcard author'><span class='fn'>by <\/span><\/span><\/div><\/div><\/figcaption><\/figure><\/a><!--end av-masonry entry--><a href=\"https:\/\/casa.oaxaca.gob.mx\/?p=7879\" id='av-masonry-1-item-7879' data-av-masonry-item='7879' class='av-masonry-entry isotope-item post-7879 post type-post status-publish format-standard has-post-thumbnail hentry category-eventos-cerrados-2019 all_sort eventos-cerrados-2019_sort  av-masonry-item-with-image' title=\"Taller de limpieza de fibras animales para afelpado\"  itemscope=\"itemscope\" itemtype=\"https:\/\/schema.org\/CreativeWork\" ><div class='av-inner-masonry-sizer'><\/div><figure class='av-inner-masonry main_color'><div class=\"av-masonry-outerimage-container\"><div class=\"av-masonry-image-container\" style=\"background-image: url(https:\/\/casa.oaxaca.gob.mx\/wp-content\/uploads\/2019\/12\/Sin-ti\u0301tulo-1-8.jpg);\"><img decoding=\"async\" src=\"https:\/\/casa.oaxaca.gob.mx\/wp-content\/uploads\/2019\/12\/Sin-ti\u0301tulo-1-8.jpg\" title=\"Sin-ti\u0301tulo-1\" alt=\"\" \/><\/div><\/div><figcaption class='av-inner-masonry-content site-background'><div class='av-inner-masonry-content-pos'><div class='av-inner-masonry-content-pos-content'><div class='avia-arrow'><\/div><h3 class='av-masonry-entry-title entry-title'  itemprop=\"headline\" >Taller de limpieza de fibras animales para afelpado<\/h3><span class='av-masonry-date meta-color updated'><\/span><span class=\"av-masonry-text-sep text-sep-author\">\/<\/span><span class='av-masonry-author meta-color vcard author'><span class='fn'>by <\/span><\/span><\/div><\/div><\/figcaption><\/figure><\/a><!--end av-masonry entry--><a href=\"https:\/\/casa.oaxaca.gob.mx\/?p=7873\" id='av-masonry-1-item-7873' data-av-masonry-item='7873' class='av-masonry-entry isotope-item post-7873 post type-post status-publish format-standard has-post-thumbnail hentry category-eventos-cerrados-2019 all_sort eventos-cerrados-2019_sort  av-masonry-item-with-image' title=\"Curso de documentaci\u00f3n y procesamiento de materiales orales M\u00e9xico\"  itemscope=\"itemscope\" itemtype=\"https:\/\/schema.org\/CreativeWork\" ><div class='av-inner-masonry-sizer'><\/div><figure class='av-inner-masonry main_color'><div class=\"av-masonry-outerimage-container\"><div class=\"av-masonry-image-container\" style=\"background-image: url(https:\/\/casa.oaxaca.gob.mx\/wp-content\/uploads\/2019\/12\/Sin-ti\u0301tulo-1-7.jpg);\"><img decoding=\"async\" src=\"https:\/\/casa.oaxaca.gob.mx\/wp-content\/uploads\/2019\/12\/Sin-ti\u0301tulo-1-7.jpg\" title=\"Sin-ti\u0301tulo-1\" alt=\"\" \/><\/div><\/div><figcaption class='av-inner-masonry-content site-background'><div class='av-inner-masonry-content-pos'><div class='av-inner-masonry-content-pos-content'><div class='avia-arrow'><\/div><h3 class='av-masonry-entry-title entry-title'  itemprop=\"headline\" >Curso de documentaci\u00f3n y procesamiento de materiales orales M\u00e9xico<\/h3><span class='av-masonry-date meta-color updated'><\/span><span class=\"av-masonry-text-sep text-sep-author\">\/<\/span><span class='av-masonry-author meta-color vcard author'><span class='fn'>by <\/span><\/span><\/div><\/div><\/figcaption><\/figure><\/a><!--end av-masonry entry--><a href=\"https:\/\/casa.oaxaca.gob.mx\/?p=7865\" id='av-masonry-1-item-7865' data-av-masonry-item='7865' class='av-masonry-entry isotope-item post-7865 post type-post status-publish format-standard has-post-thumbnail hentry category-eventos-cerrados-2019 all_sort eventos-cerrados-2019_sort  av-masonry-item-with-image' title=\"Taller de hacer fanzie\"  itemscope=\"itemscope\" itemtype=\"https:\/\/schema.org\/CreativeWork\" ><div class='av-inner-masonry-sizer'><\/div><figure class='av-inner-masonry main_color'><div class=\"av-masonry-outerimage-container\"><div class=\"av-masonry-image-container\" style=\"background-image: url(https:\/\/casa.oaxaca.gob.mx\/wp-content\/uploads\/2019\/12\/Sin-ti\u0301tulo-1-6.jpg);\"><img decoding=\"async\" src=\"https:\/\/casa.oaxaca.gob.mx\/wp-content\/uploads\/2019\/12\/Sin-ti\u0301tulo-1-6.jpg\" title=\"Sin-ti\u0301tulo-1\" alt=\"\" \/><\/div><\/div><figcaption class='av-inner-masonry-content site-background'><div class='av-inner-masonry-content-pos'><div class='av-inner-masonry-content-pos-content'><div class='avia-arrow'><\/div><h3 class='av-masonry-entry-title entry-title'  itemprop=\"headline\" >Taller de hacer fanzie<\/h3><span class='av-masonry-date meta-color updated'><\/span><span class=\"av-masonry-text-sep text-sep-author\">\/<\/span><span class='av-masonry-author meta-color vcard author'><span class='fn'>by <\/span><\/span><\/div><\/div><\/figcaption><\/figure><\/a><!--end av-masonry entry--><a href=\"https:\/\/casa.oaxaca.gob.mx\/?p=7853\" id='av-masonry-1-item-7853' data-av-masonry-item='7853' class='av-masonry-entry isotope-item post-7853 post type-post status-publish format-standard has-post-thumbnail hentry category-eventos-cerrados-2019 all_sort eventos-cerrados-2019_sort  av-masonry-item-with-image' title=\"Curso &#8211; Taller de Trazo corp\u00f3reo, relaciones entre dibujo, acci\u00f3n y contexto M\u00e9xico\"  itemscope=\"itemscope\" itemtype=\"https:\/\/schema.org\/CreativeWork\" ><div class='av-inner-masonry-sizer'><\/div><figure class='av-inner-masonry main_color'><div class=\"av-masonry-outerimage-container\"><div class=\"av-masonry-image-container\" style=\"background-image: url(https:\/\/casa.oaxaca.gob.mx\/wp-content\/uploads\/2019\/12\/Sin-ti\u0301tulo-1-5.jpg);\"><img decoding=\"async\" src=\"https:\/\/casa.oaxaca.gob.mx\/wp-content\/uploads\/2019\/12\/Sin-ti\u0301tulo-1-5.jpg\" title=\"Sin-ti\u0301tulo-1\" alt=\"\" \/><\/div><\/div><figcaption class='av-inner-masonry-content site-background'><div class='av-inner-masonry-content-pos'><div class='av-inner-masonry-content-pos-content'><div class='avia-arrow'><\/div><h3 class='av-masonry-entry-title entry-title'  itemprop=\"headline\" >Curso &#8211; Taller de Trazo corp\u00f3reo, relaciones entre dibujo, acci\u00f3n y contexto M\u00e9xico<\/h3><span class='av-masonry-date meta-color updated'><\/span><span class=\"av-masonry-text-sep text-sep-author\">\/<\/span><span class='av-masonry-author meta-color vcard author'><span class='fn'>by <\/span><\/span><\/div><\/div><\/figcaption><\/figure><\/a><!--end av-masonry entry--><a href=\"https:\/\/casa.oaxaca.gob.mx\/?p=7845\" id='av-masonry-1-item-7845' data-av-masonry-item='7845' class='av-masonry-entry isotope-item post-7845 post type-post status-publish format-standard has-post-thumbnail hentry category-eventos-cerrados-2019 all_sort eventos-cerrados-2019_sort  av-masonry-item-with-image' title=\"Taller de cester\u00eda 2. Imparte: Estanislao Mart\u00ednez\"  itemscope=\"itemscope\" itemtype=\"https:\/\/schema.org\/CreativeWork\" ><div class='av-inner-masonry-sizer'><\/div><figure class='av-inner-masonry main_color'><div class=\"av-masonry-outerimage-container\"><div class=\"av-masonry-image-container\" style=\"background-image: url(https:\/\/casa.oaxaca.gob.mx\/wp-content\/uploads\/2019\/12\/Sin-ti\u0301tulo-1-2.jpg);\"><img decoding=\"async\" src=\"https:\/\/casa.oaxaca.gob.mx\/wp-content\/uploads\/2019\/12\/Sin-ti\u0301tulo-1-2.jpg\" title=\"Sin-ti\u0301tulo-1\" alt=\"\" \/><\/div><\/div><figcaption class='av-inner-masonry-content site-background'><div class='av-inner-masonry-content-pos'><div class='av-inner-masonry-content-pos-content'><div class='avia-arrow'><\/div><h3 class='av-masonry-entry-title entry-title'  itemprop=\"headline\" >Taller de cester\u00eda 2. Imparte: Estanislao Mart\u00ednez<\/h3><span class='av-masonry-date meta-color updated'><\/span><span class=\"av-masonry-text-sep text-sep-author\">\/<\/span><span class='av-masonry-author meta-color vcard author'><span class='fn'>by <\/span><\/span><\/div><\/div><\/figcaption><\/figure><\/a><!--end av-masonry entry--><a href=\"https:\/\/casa.oaxaca.gob.mx\/?p=7840\" id='av-masonry-1-item-7840' data-av-masonry-item='7840' class='av-masonry-entry isotope-item post-7840 post type-post status-publish format-standard has-post-thumbnail hentry category-eventos-cerrados-2019 all_sort eventos-cerrados-2019_sort  av-masonry-item-with-image' title=\"Curso \u2013 Taller de fotograf\u00eda documental, \u201cBajo la luz del entorno, testimonio de una comunidad\u201d\"  itemscope=\"itemscope\" itemtype=\"https:\/\/schema.org\/CreativeWork\" ><div class='av-inner-masonry-sizer'><\/div><figure class='av-inner-masonry main_color'><div class=\"av-masonry-outerimage-container\"><div class=\"av-masonry-image-container\" style=\"background-image: url(https:\/\/casa.oaxaca.gob.mx\/wp-content\/uploads\/2019\/12\/Sin-ti\u0301tulo-1-1.jpg);\"><img decoding=\"async\" src=\"https:\/\/casa.oaxaca.gob.mx\/wp-content\/uploads\/2019\/12\/Sin-ti\u0301tulo-1-1.jpg\" title=\"Sin-ti\u0301tulo-1\" alt=\"\" \/><\/div><\/div><figcaption class='av-inner-masonry-content site-background'><div class='av-inner-masonry-content-pos'><div class='av-inner-masonry-content-pos-content'><div class='avia-arrow'><\/div><h3 class='av-masonry-entry-title entry-title'  itemprop=\"headline\" >Curso \u2013 Taller de fotograf\u00eda documental, \u201cBajo la luz del entorno, testimonio de una comunidad\u201d<\/h3><span class='av-masonry-date meta-color updated'><\/span><span class=\"av-masonry-text-sep text-sep-author\">\/<\/span><span class='av-masonry-author meta-color vcard author'><span class='fn'>by <\/span><\/span><\/div><\/div><\/figcaption><\/figure><\/a><!--end av-masonry entry--><a href=\"https:\/\/casa.oaxaca.gob.mx\/?p=7832\" id='av-masonry-1-item-7832' data-av-masonry-item='7832' class='av-masonry-entry isotope-item post-7832 post type-post status-publish format-standard has-post-thumbnail hentry category-eventos-cerrados-2019 all_sort eventos-cerrados-2019_sort  av-masonry-item-with-image' title=\"Taller de cester\u00eda. Imparte: Estanislao Mart\u00ednez\"  itemscope=\"itemscope\" itemtype=\"https:\/\/schema.org\/CreativeWork\" ><div class='av-inner-masonry-sizer'><\/div><figure class='av-inner-masonry main_color'><div class=\"av-masonry-outerimage-container\"><div class=\"av-masonry-image-container\" style=\"background-image: url(https:\/\/casa.oaxaca.gob.mx\/wp-content\/uploads\/2019\/12\/2-705x529.jpg);\"><img decoding=\"async\" src=\"https:\/\/casa.oaxaca.gob.mx\/wp-content\/uploads\/2019\/12\/2-705x529.jpg\" title=\"2\" alt=\"\" \/><\/div><\/div><figcaption class='av-inner-masonry-content site-background'><div class='av-inner-masonry-content-pos'><div class='av-inner-masonry-content-pos-content'><div class='avia-arrow'><\/div><h3 class='av-masonry-entry-title entry-title'  itemprop=\"headline\" >Taller de cester\u00eda. Imparte: Estanislao Mart\u00ednez<\/h3><span class='av-masonry-date meta-color updated'><\/span><span class=\"av-masonry-text-sep text-sep-author\">\/<\/span><span class='av-masonry-author meta-color vcard author'><span class='fn'>by <\/span><\/span><\/div><\/div><\/figcaption><\/figure><\/a><!--end av-masonry entry--><a href=\"https:\/\/casa.oaxaca.gob.mx\/?p=7817\" id='av-masonry-1-item-7817' data-av-masonry-item='7817' class='av-masonry-entry isotope-item post-7817 post type-post status-publish format-standard has-post-thumbnail hentry category-eventos-cerrados-2019 all_sort eventos-cerrados-2019_sort  av-masonry-item-with-image' title=\"Curso \u2013 Taller: Aspecto de negocios para artesanos y dise\u00f1adores (competitividad, comercializacion difusion y construcci\u00f3n de mercado)\"  itemscope=\"itemscope\" itemtype=\"https:\/\/schema.org\/CreativeWork\" ><div class='av-inner-masonry-sizer'><\/div><figure class='av-inner-masonry main_color'><div class=\"av-masonry-outerimage-container\"><div class=\"av-masonry-image-container\" style=\"background-image: url(https:\/\/casa.oaxaca.gob.mx\/wp-content\/uploads\/2019\/12\/sd.jpg);\"><img decoding=\"async\" src=\"https:\/\/casa.oaxaca.gob.mx\/wp-content\/uploads\/2019\/12\/sd.jpg\" title=\"sd\" alt=\"\" \/><\/div><\/div><figcaption class='av-inner-masonry-content site-background'><div class='av-inner-masonry-content-pos'><div class='av-inner-masonry-content-pos-content'><div class='avia-arrow'><\/div><h3 class='av-masonry-entry-title entry-title'  itemprop=\"headline\" >Curso \u2013 Taller: Aspecto de negocios para artesanos y dise\u00f1adores (competitividad, comercializacion difusion y construcci\u00f3n de mercado)<\/h3><span class='av-masonry-date meta-color updated'><\/span><span class=\"av-masonry-text-sep text-sep-author\">\/<\/span><span class='av-masonry-author meta-color vcard author'><span class='fn'>by <\/span><\/span><\/div><\/div><\/figcaption><\/figure><\/a><!--end av-masonry entry--><a href=\"https:\/\/casa.oaxaca.gob.mx\/?p=7798\" id='av-masonry-1-item-7798' data-av-masonry-item='7798' class='av-masonry-entry isotope-item post-7798 post type-post status-publish format-standard has-post-thumbnail hentry category-eventos-cerrados-2019 all_sort eventos-cerrados-2019_sort  av-masonry-item-with-image' title=\"Taller de grabado japon\u00e9s: Moku Hanga. Imparte: Marco Antonio Avil\u00e9s Herrera\"  itemscope=\"itemscope\" itemtype=\"https:\/\/schema.org\/CreativeWork\" ><div class='av-inner-masonry-sizer'><\/div><figure class='av-inner-masonry main_color'><div class=\"av-masonry-outerimage-container\"><div class=\"av-masonry-image-container\" style=\"background-image: url(https:\/\/casa.oaxaca.gob.mx\/wp-content\/uploads\/2019\/11\/sdfg.jpg);\"><img decoding=\"async\" src=\"https:\/\/casa.oaxaca.gob.mx\/wp-content\/uploads\/2019\/11\/sdfg.jpg\" title=\"sdfg\" alt=\"\" \/><\/div><\/div><figcaption class='av-inner-masonry-content site-background'><div class='av-inner-masonry-content-pos'><div class='av-inner-masonry-content-pos-content'><div class='avia-arrow'><\/div><h3 class='av-masonry-entry-title entry-title'  itemprop=\"headline\" >Taller de grabado japon\u00e9s: Moku Hanga. Imparte: Marco Antonio Avil\u00e9s Herrera<\/h3><span class='av-masonry-date meta-color updated'><\/span><span class=\"av-masonry-text-sep text-sep-author\">\/<\/span><span class='av-masonry-author meta-color vcard author'><span class='fn'>by <\/span><\/span><\/div><\/div><\/figcaption><\/figure><\/a><!--end av-masonry entry--><a href=\"https:\/\/casa.oaxaca.gob.mx\/?p=7767\" id='av-masonry-1-item-7767' data-av-masonry-item='7767' class='av-masonry-entry isotope-item post-7767 post type-post status-publish format-standard has-post-thumbnail hentry category-eventos-cerrados-2019 all_sort eventos-cerrados-2019_sort  av-masonry-item-with-image' title=\"Taller de hacer fanzine\"  itemscope=\"itemscope\" itemtype=\"https:\/\/schema.org\/CreativeWork\" ><div class='av-inner-masonry-sizer'><\/div><figure class='av-inner-masonry main_color'><div class=\"av-masonry-outerimage-container\"><div class=\"av-masonry-image-container\" style=\"background-image: url(https:\/\/casa.oaxaca.gob.mx\/wp-content\/uploads\/2019\/11\/sdf-1.jpg);\"><img decoding=\"async\" src=\"https:\/\/casa.oaxaca.gob.mx\/wp-content\/uploads\/2019\/11\/sdf-1.jpg\" title=\"sdf\" alt=\"\" \/><\/div><\/div><figcaption class='av-inner-masonry-content site-background'><div class='av-inner-masonry-content-pos'><div class='av-inner-masonry-content-pos-content'><div class='avia-arrow'><\/div><h3 class='av-masonry-entry-title entry-title'  itemprop=\"headline\" >Taller de hacer fanzine<\/h3><span class='av-masonry-date meta-color updated'><\/span><span class=\"av-masonry-text-sep text-sep-author\">\/<\/span><span class='av-masonry-author meta-color vcard author'><span class='fn'>by <\/span><\/span><\/div><\/div><\/figcaption><\/figure><\/a><!--end av-masonry entry--><a href=\"https:\/\/casa.oaxaca.gob.mx\/?p=7721\" id='av-masonry-1-item-7721' data-av-masonry-item='7721' class='av-masonry-entry isotope-item post-7721 post type-post status-publish format-standard has-post-thumbnail hentry category-eventos-cerrados-2019 all_sort eventos-cerrados-2019_sort  av-masonry-item-with-image' title=\"Taller de Proceso Constructivo. Imparte: Omar Rodr\u00edguez Graham\"  itemscope=\"itemscope\" itemtype=\"https:\/\/schema.org\/CreativeWork\" ><div class='av-inner-masonry-sizer'><\/div><figure class='av-inner-masonry main_color'><div class=\"av-masonry-outerimage-container\"><div class=\"av-masonry-image-container\" style=\"background-image: url(https:\/\/casa.oaxaca.gob.mx\/wp-content\/uploads\/2019\/11\/asdx.jpg);\"><img decoding=\"async\" src=\"https:\/\/casa.oaxaca.gob.mx\/wp-content\/uploads\/2019\/11\/asdx.jpg\" title=\"asdx\" alt=\"\" \/><\/div><\/div><figcaption class='av-inner-masonry-content site-background'><div class='av-inner-masonry-content-pos'><div class='av-inner-masonry-content-pos-content'><div class='avia-arrow'><\/div><h3 class='av-masonry-entry-title entry-title'  itemprop=\"headline\" >Taller de Proceso Constructivo. Imparte: Omar Rodr\u00edguez Graham<\/h3><span class='av-masonry-date meta-color updated'><\/span><span class=\"av-masonry-text-sep text-sep-author\">\/<\/span><span class='av-masonry-author meta-color vcard author'><span class='fn'>by <\/span><\/span><\/div><\/div><\/figcaption><\/figure><\/a><!--end av-masonry entry--><a href=\"https:\/\/casa.oaxaca.gob.mx\/?p=7714\" id='av-masonry-1-item-7714' data-av-masonry-item='7714' class='av-masonry-entry isotope-item post-7714 post type-post status-publish format-standard has-post-thumbnail hentry category-eventos-cerrados-2019 all_sort eventos-cerrados-2019_sort  av-masonry-item-with-image' title=\"Taller de te\u00f1ido\"  itemscope=\"itemscope\" itemtype=\"https:\/\/schema.org\/CreativeWork\" ><div class='av-inner-masonry-sizer'><\/div><figure class='av-inner-masonry main_color'><div class=\"av-masonry-outerimage-container\"><div class=\"av-masonry-image-container\" style=\"background-image: url(https:\/\/casa.oaxaca.gob.mx\/wp-content\/uploads\/2019\/11\/asdf.jpg);\"><img decoding=\"async\" src=\"https:\/\/casa.oaxaca.gob.mx\/wp-content\/uploads\/2019\/11\/asdf.jpg\" title=\"asdf\" alt=\"\" \/><\/div><\/div><figcaption class='av-inner-masonry-content site-background'><div class='av-inner-masonry-content-pos'><div class='av-inner-masonry-content-pos-content'><div class='avia-arrow'><\/div><h3 class='av-masonry-entry-title entry-title'  itemprop=\"headline\" >Taller de te\u00f1ido<\/h3><span class='av-masonry-date meta-color updated'><\/span><span class=\"av-masonry-text-sep text-sep-author\">\/<\/span><span class='av-masonry-author meta-color vcard author'><span class='fn'>by <\/span><\/span><\/div><\/div><\/figcaption><\/figure><\/a><!--end av-masonry entry--><a href=\"https:\/\/casa.oaxaca.gob.mx\/?p=7708\" id='av-masonry-1-item-7708' data-av-masonry-item='7708' class='av-masonry-entry isotope-item post-7708 post type-post status-publish format-standard has-post-thumbnail hentry category-eventos-cerrados-2019 all_sort eventos-cerrados-2019_sort  av-masonry-item-with-image' title=\"Taller de te\u00f1ido de algod\u00f3n con tintes naturales. Imparte: Rom\u00e1n Guti\u00e9rrez\"  itemscope=\"itemscope\" itemtype=\"https:\/\/schema.org\/CreativeWork\" ><div class='av-inner-masonry-sizer'><\/div><figure class='av-inner-masonry main_color'><div class=\"av-masonry-outerimage-container\"><div class=\"av-masonry-image-container\" style=\"background-image: url(https:\/\/casa.oaxaca.gob.mx\/wp-content\/uploads\/2019\/11\/sdzxfcvb.jpg);\"><img decoding=\"async\" src=\"https:\/\/casa.oaxaca.gob.mx\/wp-content\/uploads\/2019\/11\/sdzxfcvb.jpg\" title=\"sdzxfcvb\" alt=\"\" \/><\/div><\/div><figcaption class='av-inner-masonry-content site-background'><div class='av-inner-masonry-content-pos'><div class='av-inner-masonry-content-pos-content'><div class='avia-arrow'><\/div><h3 class='av-masonry-entry-title entry-title'  itemprop=\"headline\" >Taller de te\u00f1ido de algod\u00f3n con tintes naturales. Imparte: Rom\u00e1n Guti\u00e9rrez<\/h3><span class='av-masonry-date meta-color updated'><\/span><span class=\"av-masonry-text-sep text-sep-author\">\/<\/span><span class='av-masonry-author meta-color vcard author'><span class='fn'>by <\/span><\/span><\/div><\/div><\/figcaption><\/figure><\/a><!--end av-masonry entry--><a href=\"https:\/\/casa.oaxaca.gob.mx\/?p=7700\" id='av-masonry-1-item-7700' data-av-masonry-item='7700' class='av-masonry-entry isotope-item post-7700 post type-post status-publish format-standard has-post-thumbnail hentry category-eventos-cerrados-2019 all_sort eventos-cerrados-2019_sort  av-masonry-item-with-image' title=\"Taller historia de la Grana Cochinilla\"  itemscope=\"itemscope\" itemtype=\"https:\/\/schema.org\/CreativeWork\" ><div class='av-inner-masonry-sizer'><\/div><figure class='av-inner-masonry main_color'><div class=\"av-masonry-outerimage-container\"><div class=\"av-masonry-image-container\" style=\"background-image: url(https:\/\/casa.oaxaca.gob.mx\/wp-content\/uploads\/2019\/11\/sa.jpg);\"><img decoding=\"async\" src=\"https:\/\/casa.oaxaca.gob.mx\/wp-content\/uploads\/2019\/11\/sa.jpg\" title=\"sa\" alt=\"\" \/><\/div><\/div><figcaption class='av-inner-masonry-content site-background'><div class='av-inner-masonry-content-pos'><div class='av-inner-masonry-content-pos-content'><div class='avia-arrow'><\/div><h3 class='av-masonry-entry-title entry-title'  itemprop=\"headline\" >Taller historia de la Grana Cochinilla<\/h3><span class='av-masonry-date meta-color updated'><\/span><span class=\"av-masonry-text-sep text-sep-author\">\/<\/span><span class='av-masonry-author meta-color vcard author'><span class='fn'>by <\/span><\/span><\/div><\/div><\/figcaption><\/figure><\/a><!--end av-masonry entry--><a href=\"https:\/\/casa.oaxaca.gob.mx\/?p=7691\" id='av-masonry-1-item-7691' data-av-masonry-item='7691' class='av-masonry-entry isotope-item post-7691 post type-post status-publish format-standard has-post-thumbnail hentry category-eventos-cerrados-2019 all_sort eventos-cerrados-2019_sort  av-masonry-item-with-image' title=\"Taller de la idea al texto. Imparte: Claudia Guadarrama\"  itemscope=\"itemscope\" itemtype=\"https:\/\/schema.org\/CreativeWork\" ><div class='av-inner-masonry-sizer'><\/div><figure class='av-inner-masonry main_color'><div class=\"av-masonry-outerimage-container\"><div class=\"av-masonry-image-container\" style=\"background-image: url(https:\/\/casa.oaxaca.gob.mx\/wp-content\/uploads\/2019\/11\/qwer.jpg);\"><img decoding=\"async\" src=\"https:\/\/casa.oaxaca.gob.mx\/wp-content\/uploads\/2019\/11\/qwer.jpg\" title=\"qwer\" alt=\"\" \/><\/div><\/div><figcaption class='av-inner-masonry-content site-background'><div class='av-inner-masonry-content-pos'><div class='av-inner-masonry-content-pos-content'><div class='avia-arrow'><\/div><h3 class='av-masonry-entry-title entry-title'  itemprop=\"headline\" >Taller de la idea al texto. Imparte: Claudia Guadarrama<\/h3><span class='av-masonry-date meta-color updated'><\/span><span class=\"av-masonry-text-sep text-sep-author\">\/<\/span><span class='av-masonry-author meta-color vcard author'><span class='fn'>by <\/span><\/span><\/div><\/div><\/figcaption><\/figure><\/a><!--end av-masonry entry--><a href=\"https:\/\/casa.oaxaca.gob.mx\/?p=7682\" id='av-masonry-1-item-7682' data-av-masonry-item='7682' class='av-masonry-entry isotope-item post-7682 post type-post status-publish format-standard has-post-thumbnail hentry category-eventos-cerrados-2019 all_sort eventos-cerrados-2019_sort  av-masonry-item-with-image' title=\"Taller de Dibujo y experimentaci\u00f3n con acuarela. Imparte: Laura Cravioto\"  itemscope=\"itemscope\" itemtype=\"https:\/\/schema.org\/CreativeWork\" ><div class='av-inner-masonry-sizer'><\/div><figure class='av-inner-masonry main_color'><div class=\"av-masonry-outerimage-container\"><div class=\"av-masonry-image-container\" style=\"background-image: url(https:\/\/casa.oaxaca.gob.mx\/wp-content\/uploads\/2019\/11\/sadfg.jpg);\"><img decoding=\"async\" src=\"https:\/\/casa.oaxaca.gob.mx\/wp-content\/uploads\/2019\/11\/sadfg.jpg\" title=\"sadfg\" alt=\"\" \/><\/div><\/div><figcaption class='av-inner-masonry-content site-background'><div class='av-inner-masonry-content-pos'><div class='av-inner-masonry-content-pos-content'><div class='avia-arrow'><\/div><h3 class='av-masonry-entry-title entry-title'  itemprop=\"headline\" >Taller de Dibujo y experimentaci\u00f3n con acuarela. Imparte: Laura Cravioto<\/h3><span class='av-masonry-date meta-color updated'><\/span><span class=\"av-masonry-text-sep text-sep-author\">\/<\/span><span class='av-masonry-author meta-color vcard author'><span class='fn'>by <\/span><\/span><\/div><\/div><\/figcaption><\/figure><\/a><!--end av-masonry entry--><a href=\"https:\/\/casa.oaxaca.gob.mx\/?p=7669\" id='av-masonry-1-item-7669' data-av-masonry-item='7669' class='av-masonry-entry isotope-item post-7669 post type-post status-publish format-standard has-post-thumbnail hentry category-eventos-cerrados-2019 all_sort eventos-cerrados-2019_sort  av-masonry-item-with-image' title=\"Visitando museos en Oaxaca.\"  itemscope=\"itemscope\" itemtype=\"https:\/\/schema.org\/CreativeWork\" ><div class='av-inner-masonry-sizer'><\/div><figure class='av-inner-masonry main_color'><div class=\"av-masonry-outerimage-container\"><div class=\"av-masonry-image-container\" style=\"background-image: url(https:\/\/casa.oaxaca.gob.mx\/wp-content\/uploads\/2019\/11\/1.jpg);\"><img decoding=\"async\" src=\"https:\/\/casa.oaxaca.gob.mx\/wp-content\/uploads\/2019\/11\/1.jpg\" title=\"1\" alt=\"\" \/><\/div><\/div><figcaption class='av-inner-masonry-content site-background'><div class='av-inner-masonry-content-pos'><div class='av-inner-masonry-content-pos-content'><div class='avia-arrow'><\/div><h3 class='av-masonry-entry-title entry-title'  itemprop=\"headline\" >Visitando museos en Oaxaca.<\/h3><span class='av-masonry-date meta-color updated'><\/span><span class=\"av-masonry-text-sep text-sep-author\">\/<\/span><span class='av-masonry-author meta-color vcard author'><span class='fn'>by <\/span><\/span><\/div><\/div><\/figcaption><\/figure><\/a><!--end av-masonry entry--><a href=\"https:\/\/casa.oaxaca.gob.mx\/?p=7659\" id='av-masonry-1-item-7659' data-av-masonry-item='7659' class='av-masonry-entry isotope-item post-7659 post type-post status-publish format-standard has-post-thumbnail hentry category-eventos-cerrados-2019 all_sort eventos-cerrados-2019_sort  av-masonry-item-with-image' title=\"Diplomado de Arquitectura\"  itemscope=\"itemscope\" itemtype=\"https:\/\/schema.org\/CreativeWork\" ><div class='av-inner-masonry-sizer'><\/div><figure class='av-inner-masonry main_color'><div class=\"av-masonry-outerimage-container\"><div class=\"av-masonry-image-container\" style=\"background-image: url(https:\/\/casa.oaxaca.gob.mx\/wp-content\/uploads\/2019\/11\/sdf.jpg);\"><img decoding=\"async\" src=\"https:\/\/casa.oaxaca.gob.mx\/wp-content\/uploads\/2019\/11\/sdf.jpg\" title=\"sdf\" alt=\"\" \/><\/div><\/div><figcaption class='av-inner-masonry-content site-background'><div class='av-inner-masonry-content-pos'><div class='av-inner-masonry-content-pos-content'><div class='avia-arrow'><\/div><h3 class='av-masonry-entry-title entry-title'  itemprop=\"headline\" >Diplomado de Arquitectura<\/h3><span class='av-masonry-date meta-color updated'><\/span><span class=\"av-masonry-text-sep text-sep-author\">\/<\/span><span class='av-masonry-author meta-color vcard author'><span class='fn'>by <\/span><\/span><\/div><\/div><\/figcaption><\/figure><\/a><!--end av-masonry entry--><a href=\"https:\/\/casa.oaxaca.gob.mx\/?p=7573\" id='av-masonry-1-item-7573' data-av-masonry-item='7573' class='av-masonry-entry isotope-item post-7573 post type-post status-publish format-standard has-post-thumbnail hentry category-eventos-cerrados-2019 all_sort eventos-cerrados-2019_sort  av-masonry-item-with-image' title=\"Curso de Introducci\u00f3n al Arte Contempor\u00e1neo. Imparte: Fernanda Dichi\"  itemscope=\"itemscope\" itemtype=\"https:\/\/schema.org\/CreativeWork\" ><div class='av-inner-masonry-sizer'><\/div><figure class='av-inner-masonry main_color'><div class=\"av-masonry-outerimage-container\"><div class=\"av-masonry-image-container\" style=\"background-image: url(https:\/\/casa.oaxaca.gob.mx\/wp-content\/uploads\/2019\/10\/asdf.jpg);\"><img decoding=\"async\" src=\"https:\/\/casa.oaxaca.gob.mx\/wp-content\/uploads\/2019\/10\/asdf.jpg\" title=\"asdf\" alt=\"\" \/><\/div><\/div><figcaption class='av-inner-masonry-content site-background'><div class='av-inner-masonry-content-pos'><div class='av-inner-masonry-content-pos-content'><div class='avia-arrow'><\/div><h3 class='av-masonry-entry-title entry-title'  itemprop=\"headline\" >Curso de Introducci\u00f3n al Arte Contempor\u00e1neo. Imparte: Fernanda Dichi<\/h3><span class='av-masonry-date meta-color updated'><\/span><span class=\"av-masonry-text-sep text-sep-author\">\/<\/span><span class='av-masonry-author meta-color vcard author'><span class='fn'>by <\/span><\/span><\/div><\/div><\/figcaption><\/figure><\/a><!--end av-masonry entry--><a href=\"https:\/\/casa.oaxaca.gob.mx\/?p=7558\" id='av-masonry-1-item-7558' data-av-masonry-item='7558' class='av-masonry-entry isotope-item post-7558 post type-post status-publish format-standard has-post-thumbnail hentry category-eventos-cerrados-2019 all_sort eventos-cerrados-2019_sort  av-masonry-item-with-image' title=\"Taller de Dise\u00f1o ilustraci\u00f3n\"  itemscope=\"itemscope\" itemtype=\"https:\/\/schema.org\/CreativeWork\" ><div class='av-inner-masonry-sizer'><\/div><figure class='av-inner-masonry main_color'><div class=\"av-masonry-outerimage-container\"><div class=\"av-masonry-image-container\" style=\"background-image: url(https:\/\/casa.oaxaca.gob.mx\/wp-content\/uploads\/2019\/10\/Sin-ti\u0301tulo-1-13.jpg);\"><img decoding=\"async\" src=\"https:\/\/casa.oaxaca.gob.mx\/wp-content\/uploads\/2019\/10\/Sin-ti\u0301tulo-1-13.jpg\" title=\"Sin-ti\u0301tulo-1\" alt=\"\" \/><\/div><\/div><figcaption class='av-inner-masonry-content site-background'><div class='av-inner-masonry-content-pos'><div class='av-inner-masonry-content-pos-content'><div class='avia-arrow'><\/div><h3 class='av-masonry-entry-title entry-title'  itemprop=\"headline\" >Taller de Dise\u00f1o ilustraci\u00f3n<\/h3><span class='av-masonry-date meta-color updated'><\/span><span class=\"av-masonry-text-sep text-sep-author\">\/<\/span><span class='av-masonry-author meta-color vcard author'><span class='fn'>by <\/span><\/span><\/div><\/div><\/figcaption><\/figure><\/a><!--end av-masonry entry--><a href=\"https:\/\/casa.oaxaca.gob.mx\/?p=7548\" id='av-masonry-1-item-7548' data-av-masonry-item='7548' class='av-masonry-entry isotope-item post-7548 post type-post status-publish format-standard has-post-thumbnail hentry category-eventos-cerrados-2019 all_sort eventos-cerrados-2019_sort  av-masonry-item-with-image' title=\"Taller de Marketing y management para m\u00fasicos independientes II\"  itemscope=\"itemscope\" itemtype=\"https:\/\/schema.org\/CreativeWork\" ><div class='av-inner-masonry-sizer'><\/div><figure class='av-inner-masonry main_color'><div class=\"av-masonry-outerimage-container\"><div class=\"av-masonry-image-container\" style=\"background-image: url(https:\/\/casa.oaxaca.gob.mx\/wp-content\/uploads\/2019\/10\/asd.jpg);\"><img decoding=\"async\" src=\"https:\/\/casa.oaxaca.gob.mx\/wp-content\/uploads\/2019\/10\/asd.jpg\" title=\"asd\" alt=\"\" \/><\/div><\/div><figcaption class='av-inner-masonry-content site-background'><div class='av-inner-masonry-content-pos'><div class='av-inner-masonry-content-pos-content'><div class='avia-arrow'><\/div><h3 class='av-masonry-entry-title entry-title'  itemprop=\"headline\" >Taller de Marketing y management para m\u00fasicos independientes II<\/h3><span class='av-masonry-date meta-color updated'><\/span><span class=\"av-masonry-text-sep text-sep-author\">\/<\/span><span class='av-masonry-author meta-color vcard author'><span class='fn'>by <\/span><\/span><\/div><\/div><\/figcaption><\/figure><\/a><!--end av-masonry entry--><a href=\"https:\/\/casa.oaxaca.gob.mx\/?p=7529\" id='av-masonry-1-item-7529' data-av-masonry-item='7529' class='av-masonry-entry isotope-item post-7529 post type-post status-publish format-standard has-post-thumbnail hentry category-eventos-cerrados-2019 all_sort eventos-cerrados-2019_sort  av-masonry-item-with-image' title=\"Taller de periodismo narrativo.\"  itemscope=\"itemscope\" itemtype=\"https:\/\/schema.org\/CreativeWork\" ><div class='av-inner-masonry-sizer'><\/div><figure class='av-inner-masonry main_color'><div class=\"av-masonry-outerimage-container\"><div class=\"av-masonry-image-container\" style=\"background-image: url(https:\/\/casa.oaxaca.gob.mx\/wp-content\/uploads\/2019\/10\/sdff.jpg);\"><img decoding=\"async\" src=\"https:\/\/casa.oaxaca.gob.mx\/wp-content\/uploads\/2019\/10\/sdff.jpg\" title=\"sdff\" alt=\"\" \/><\/div><\/div><figcaption class='av-inner-masonry-content site-background'><div class='av-inner-masonry-content-pos'><div class='av-inner-masonry-content-pos-content'><div class='avia-arrow'><\/div><h3 class='av-masonry-entry-title entry-title'  itemprop=\"headline\" >Taller de periodismo narrativo.<\/h3><span class='av-masonry-date meta-color updated'><\/span><span class=\"av-masonry-text-sep text-sep-author\">\/<\/span><span class='av-masonry-author meta-color vcard author'><span class='fn'>by <\/span><\/span><\/div><\/div><\/figcaption><\/figure><\/a><!--end av-masonry entry--><a href=\"https:\/\/casa.oaxaca.gob.mx\/?p=7522\" id='av-masonry-1-item-7522' data-av-masonry-item='7522' class='av-masonry-entry isotope-item post-7522 post type-post status-publish format-standard has-post-thumbnail hentry category-eventos-cerrados-2019 all_sort eventos-cerrados-2019_sort  av-masonry-item-with-image' title=\"Taller de m\u00fasica: de son jarocho y versada. Imparte: Laura Rebolloso\"  itemscope=\"itemscope\" itemtype=\"https:\/\/schema.org\/CreativeWork\" ><div class='av-inner-masonry-sizer'><\/div><figure class='av-inner-masonry main_color'><div class=\"av-masonry-outerimage-container\"><div class=\"av-masonry-image-container\" style=\"background-image: url(https:\/\/casa.oaxaca.gob.mx\/wp-content\/uploads\/2019\/10\/sdf-1.jpg);\"><img decoding=\"async\" src=\"https:\/\/casa.oaxaca.gob.mx\/wp-content\/uploads\/2019\/10\/sdf-1.jpg\" title=\"sdf\" alt=\"\" \/><\/div><\/div><figcaption class='av-inner-masonry-content site-background'><div class='av-inner-masonry-content-pos'><div class='av-inner-masonry-content-pos-content'><div class='avia-arrow'><\/div><h3 class='av-masonry-entry-title entry-title'  itemprop=\"headline\" >Taller de m\u00fasica: de son jarocho y versada. Imparte: Laura Rebolloso<\/h3><span class='av-masonry-date meta-color updated'><\/span><span class=\"av-masonry-text-sep text-sep-author\">\/<\/span><span class='av-masonry-author meta-color vcard author'><span class='fn'>by <\/span><\/span><\/div><\/div><\/figcaption><\/figure><\/a><!--end av-masonry entry--><a href=\"https:\/\/casa.oaxaca.gob.mx\/?p=7509\" id='av-masonry-1-item-7509' data-av-masonry-item='7509' class='av-masonry-entry isotope-item post-7509 post type-post status-publish format-standard has-post-thumbnail hentry category-eventos-cerrados-2019 all_sort eventos-cerrados-2019_sort  av-masonry-item-with-image' title=\"Taller de joyer\u00eda y creaci\u00f3n contempor\u00e1nea entre las fronteras del arte y el dise\u00f1o\"  itemscope=\"itemscope\" itemtype=\"https:\/\/schema.org\/CreativeWork\" ><div class='av-inner-masonry-sizer'><\/div><figure class='av-inner-masonry main_color'><div class=\"av-masonry-outerimage-container\"><div class=\"av-masonry-image-container\" style=\"background-image: url(https:\/\/casa.oaxaca.gob.mx\/wp-content\/uploads\/2019\/10\/sdf.jpg);\"><img decoding=\"async\" src=\"https:\/\/casa.oaxaca.gob.mx\/wp-content\/uploads\/2019\/10\/sdf.jpg\" title=\"sdf\" alt=\"\" \/><\/div><\/div><figcaption class='av-inner-masonry-content site-background'><div class='av-inner-masonry-content-pos'><div class='av-inner-masonry-content-pos-content'><div class='avia-arrow'><\/div><h3 class='av-masonry-entry-title entry-title'  itemprop=\"headline\" >Taller de joyer\u00eda y creaci\u00f3n contempor\u00e1nea entre las fronteras del arte y el dise\u00f1o<\/h3><span class='av-masonry-date meta-color updated'><\/span><span class=\"av-masonry-text-sep text-sep-author\">\/<\/span><span class='av-masonry-author meta-color vcard author'><span class='fn'>by <\/span><\/span><\/div><\/div><\/figcaption><\/figure><\/a><!--end av-masonry entry--><a href=\"https:\/\/casa.oaxaca.gob.mx\/?p=7480\" id='av-masonry-1-item-7480' data-av-masonry-item='7480' class='av-masonry-entry isotope-item post-7480 post type-post status-publish format-standard has-post-thumbnail hentry category-eventos-cerrados-2019 all_sort eventos-cerrados-2019_sort  av-masonry-item-with-image' title=\"Taller: Prendas reactivas. Imparte: Ricardo O\u2019 Nascimento\"  itemscope=\"itemscope\" itemtype=\"https:\/\/schema.org\/CreativeWork\" ><div class='av-inner-masonry-sizer'><\/div><figure class='av-inner-masonry main_color'><div class=\"av-masonry-outerimage-container\"><div class=\"av-masonry-image-container\" style=\"background-image: url(https:\/\/casa.oaxaca.gob.mx\/wp-content\/uploads\/2019\/10\/asdfg.jpg);\"><img decoding=\"async\" src=\"https:\/\/casa.oaxaca.gob.mx\/wp-content\/uploads\/2019\/10\/asdfg.jpg\" title=\"asdfg\" alt=\"\" \/><\/div><\/div><figcaption class='av-inner-masonry-content site-background'><div class='av-inner-masonry-content-pos'><div class='av-inner-masonry-content-pos-content'><div class='avia-arrow'><\/div><h3 class='av-masonry-entry-title entry-title'  itemprop=\"headline\" >Taller: Prendas reactivas. Imparte: Ricardo O\u2019 Nascimento<\/h3><span class='av-masonry-date meta-color updated'><\/span><span class=\"av-masonry-text-sep text-sep-author\">\/<\/span><span class='av-masonry-author meta-color vcard author'><span class='fn'>by <\/span><\/span><\/div><\/div><\/figcaption><\/figure><\/a><!--end av-masonry entry--><a href=\"https:\/\/casa.oaxaca.gob.mx\/?p=7466\" id='av-masonry-1-item-7466' data-av-masonry-item='7466' class='av-masonry-entry isotope-item post-7466 post type-post status-publish format-standard has-post-thumbnail hentry category-eventos-cerrados-2019 all_sort eventos-cerrados-2019_sort  av-masonry-item-with-image' title=\"Taller: Movimiento y conciencia corporal\"  itemscope=\"itemscope\" itemtype=\"https:\/\/schema.org\/CreativeWork\" ><div class='av-inner-masonry-sizer'><\/div><figure class='av-inner-masonry main_color'><div class=\"av-masonry-outerimage-container\"><div class=\"av-masonry-image-container\" style=\"background-image: url(https:\/\/casa.oaxaca.gob.mx\/wp-content\/uploads\/2019\/10\/IMG_9274-1-705x470.jpg);\"><img decoding=\"async\" src=\"https:\/\/casa.oaxaca.gob.mx\/wp-content\/uploads\/2019\/10\/IMG_9274-1-705x470.jpg\" title=\"IMG_9274\" alt=\"\" \/><\/div><\/div><figcaption class='av-inner-masonry-content site-background'><div class='av-inner-masonry-content-pos'><div class='av-inner-masonry-content-pos-content'><div class='avia-arrow'><\/div><h3 class='av-masonry-entry-title entry-title'  itemprop=\"headline\" >Taller: Movimiento y conciencia corporal<\/h3><span class='av-masonry-date meta-color updated'><\/span><span class=\"av-masonry-text-sep text-sep-author\">\/<\/span><span class='av-masonry-author meta-color vcard author'><span class='fn'>by <\/span><\/span><\/div><\/div><\/figcaption><\/figure><\/a><!--end av-masonry entry--><a href=\"https:\/\/casa.oaxaca.gob.mx\/?p=7458\" id='av-masonry-1-item-7458' data-av-masonry-item='7458' class='av-masonry-entry isotope-item post-7458 post type-post status-publish format-standard has-post-thumbnail hentry category-eventos-cerrados-2019 all_sort eventos-cerrados-2019_sort  av-masonry-item-with-image' title=\"Taller: Ilustraci\u00f3n para principiantes\"  itemscope=\"itemscope\" itemtype=\"https:\/\/schema.org\/CreativeWork\" ><div class='av-inner-masonry-sizer'><\/div><figure class='av-inner-masonry main_color'><div class=\"av-masonry-outerimage-container\"><div class=\"av-masonry-image-container\" style=\"background-image: url(https:\/\/casa.oaxaca.gob.mx\/wp-content\/uploads\/2019\/10\/sdf-2.jpg);\"><img decoding=\"async\" src=\"https:\/\/casa.oaxaca.gob.mx\/wp-content\/uploads\/2019\/10\/sdf-2.jpg\" title=\"sdf\" alt=\"\" \/><\/div><\/div><figcaption class='av-inner-masonry-content site-background'><div class='av-inner-masonry-content-pos'><div class='av-inner-masonry-content-pos-content'><div class='avia-arrow'><\/div><h3 class='av-masonry-entry-title entry-title'  itemprop=\"headline\" >Taller: Ilustraci\u00f3n para principiantes<\/h3><span class='av-masonry-date meta-color updated'><\/span><span class=\"av-masonry-text-sep text-sep-author\">\/<\/span><span class='av-masonry-author meta-color vcard author'><span class='fn'>by <\/span><\/span><\/div><\/div><\/figcaption><\/figure><\/a><!--end av-masonry entry--><a href=\"https:\/\/casa.oaxaca.gob.mx\/?p=7450\" id='av-masonry-1-item-7450' data-av-masonry-item='7450' class='av-masonry-entry isotope-item post-7450 post type-post status-publish format-standard has-post-thumbnail hentry category-eventos-cerrados-2019 all_sort eventos-cerrados-2019_sort  av-masonry-item-with-image' title=\"Taller de Dise\u00f1o: Fanzine en CaSa\"  itemscope=\"itemscope\" itemtype=\"https:\/\/schema.org\/CreativeWork\" ><div class='av-inner-masonry-sizer'><\/div><figure class='av-inner-masonry main_color'><div class=\"av-masonry-outerimage-container\"><div class=\"av-masonry-image-container\" style=\"background-image: url(https:\/\/casa.oaxaca.gob.mx\/wp-content\/uploads\/2019\/10\/fanzin-5-705x470.jpg);\"><img decoding=\"async\" src=\"https:\/\/casa.oaxaca.gob.mx\/wp-content\/uploads\/2019\/10\/fanzin-5-705x470.jpg\" title=\"fanzin-5\" alt=\"\" \/><\/div><\/div><figcaption class='av-inner-masonry-content site-background'><div class='av-inner-masonry-content-pos'><div class='av-inner-masonry-content-pos-content'><div class='avia-arrow'><\/div><h3 class='av-masonry-entry-title entry-title'  itemprop=\"headline\" >Taller de Dise\u00f1o: Fanzine en CaSa<\/h3><span class='av-masonry-date meta-color updated'><\/span><span class=\"av-masonry-text-sep text-sep-author\">\/<\/span><span class='av-masonry-author meta-color vcard author'><span class='fn'>by <\/span><\/span><\/div><\/div><\/figcaption><\/figure><\/a><!--end av-masonry entry--><a href=\"https:\/\/casa.oaxaca.gob.mx\/?p=7423\" id='av-masonry-1-item-7423' data-av-masonry-item='7423' class='av-masonry-entry isotope-item post-7423 post type-post status-publish format-standard has-post-thumbnail hentry category-eventos-cerrados-2019 all_sort eventos-cerrados-2019_sort  av-masonry-item-with-image' title=\"Taller: Ciencia de cohetes. Imparte: Julio Ramos Meza\"  itemscope=\"itemscope\" itemtype=\"https:\/\/schema.org\/CreativeWork\" ><div class='av-inner-masonry-sizer'><\/div><figure class='av-inner-masonry main_color'><div class=\"av-masonry-outerimage-container\"><div class=\"av-masonry-image-container\" style=\"background-image: url(https:\/\/casa.oaxaca.gob.mx\/wp-content\/uploads\/2019\/10\/asd-1.jpg);\"><img decoding=\"async\" src=\"https:\/\/casa.oaxaca.gob.mx\/wp-content\/uploads\/2019\/10\/asd-1.jpg\" title=\"asd\" alt=\"\" \/><\/div><\/div><figcaption class='av-inner-masonry-content site-background'><div class='av-inner-masonry-content-pos'><div class='av-inner-masonry-content-pos-content'><div class='avia-arrow'><\/div><h3 class='av-masonry-entry-title entry-title'  itemprop=\"headline\" >Taller: Ciencia de cohetes. Imparte: Julio Ramos Meza<\/h3><span class='av-masonry-date meta-color updated'><\/span><span class=\"av-masonry-text-sep text-sep-author\">\/<\/span><span class='av-masonry-author meta-color vcard author'><span class='fn'>by <\/span><\/span><\/div><\/div><\/figcaption><\/figure><\/a><!--end av-masonry entry--><a href=\"https:\/\/casa.oaxaca.gob.mx\/?p=7410\" id='av-masonry-1-item-7410' data-av-masonry-item='7410' class='av-masonry-entry isotope-item post-7410 post type-post status-publish format-standard has-post-thumbnail hentry category-eventos-cerrados-2019 all_sort eventos-cerrados-2019_sort  av-masonry-item-with-image' title=\"Taller Mar\u00eda Jos\u00e9 (t\u00e9cnica de laqueado o maque). Imparte: Apolonio Acevedo de Jes\u00fas\"  itemscope=\"itemscope\" itemtype=\"https:\/\/schema.org\/CreativeWork\" ><div class='av-inner-masonry-sizer'><\/div><figure class='av-inner-masonry main_color'><div class=\"av-masonry-outerimage-container\"><div class=\"av-masonry-image-container\" style=\"background-image: url(https:\/\/casa.oaxaca.gob.mx\/wp-content\/uploads\/2019\/10\/sad.jpg);\"><img decoding=\"async\" src=\"https:\/\/casa.oaxaca.gob.mx\/wp-content\/uploads\/2019\/10\/sad.jpg\" title=\"sad\" alt=\"\" \/><\/div><\/div><figcaption class='av-inner-masonry-content site-background'><div class='av-inner-masonry-content-pos'><div class='av-inner-masonry-content-pos-content'><div class='avia-arrow'><\/div><h3 class='av-masonry-entry-title entry-title'  itemprop=\"headline\" >Taller Mar\u00eda Jos\u00e9 (t\u00e9cnica de laqueado o maque). Imparte: Apolonio Acevedo de Jes\u00fas<\/h3><span class='av-masonry-date meta-color updated'><\/span><span class=\"av-masonry-text-sep text-sep-author\">\/<\/span><span class='av-masonry-author meta-color vcard author'><span class='fn'>by <\/span><\/span><\/div><\/div><\/figcaption><\/figure><\/a><!--end av-masonry entry--><a href=\"https:\/\/casa.oaxaca.gob.mx\/?p=7399\" id='av-masonry-1-item-7399' data-av-masonry-item='7399' class='av-masonry-entry isotope-item post-7399 post type-post status-publish format-standard has-post-thumbnail hentry category-eventos-cerrados-2019 all_sort eventos-cerrados-2019_sort  av-masonry-item-with-image' title=\"Taller de Grabado en MDF, \u201cTzompantli\u201d. Imparte: Mario Guzm\u00e1n Olivares\"  itemscope=\"itemscope\" itemtype=\"https:\/\/schema.org\/CreativeWork\" ><div class='av-inner-masonry-sizer'><\/div><figure class='av-inner-masonry main_color'><div class=\"av-masonry-outerimage-container\"><div class=\"av-masonry-image-container\" style=\"background-image: url(https:\/\/casa.oaxaca.gob.mx\/wp-content\/uploads\/2019\/10\/fdsfsd.jpg);\"><img decoding=\"async\" src=\"https:\/\/casa.oaxaca.gob.mx\/wp-content\/uploads\/2019\/10\/fdsfsd.jpg\" title=\"fdsfsd\" alt=\"\" \/><\/div><\/div><figcaption class='av-inner-masonry-content site-background'><div class='av-inner-masonry-content-pos'><div class='av-inner-masonry-content-pos-content'><div class='avia-arrow'><\/div><h3 class='av-masonry-entry-title entry-title'  itemprop=\"headline\" >Taller de Grabado en MDF, \u201cTzompantli\u201d. Imparte: Mario Guzm\u00e1n Olivares<\/h3><span class='av-masonry-date meta-color updated'><\/span><span class=\"av-masonry-text-sep text-sep-author\">\/<\/span><span class='av-masonry-author meta-color vcard author'><span class='fn'>by <\/span><\/span><\/div><\/div><\/figcaption><\/figure><\/a><!--end av-masonry entry--><a href=\"https:\/\/casa.oaxaca.gob.mx\/?p=7384\" id='av-masonry-1-item-7384' data-av-masonry-item='7384' class='av-masonry-entry isotope-item post-7384 post type-post status-publish format-standard has-post-thumbnail hentry category-eventos-cerrados-2019 all_sort eventos-cerrados-2019_sort  av-masonry-item-with-image' title=\"Taller de chicote \u201cmuerteada\u201d. Imparte: Ignacio Garc\u00eda\"  itemscope=\"itemscope\" itemtype=\"https:\/\/schema.org\/CreativeWork\" ><div class='av-inner-masonry-sizer'><\/div><figure class='av-inner-masonry main_color'><div class=\"av-masonry-outerimage-container\"><div class=\"av-masonry-image-container\" style=\"background-image: url(https:\/\/casa.oaxaca.gob.mx\/wp-content\/uploads\/2019\/10\/weff.jpg);\"><img decoding=\"async\" src=\"https:\/\/casa.oaxaca.gob.mx\/wp-content\/uploads\/2019\/10\/weff.jpg\" title=\"weff\" alt=\"\" \/><\/div><\/div><figcaption class='av-inner-masonry-content site-background'><div class='av-inner-masonry-content-pos'><div class='av-inner-masonry-content-pos-content'><div class='avia-arrow'><\/div><h3 class='av-masonry-entry-title entry-title'  itemprop=\"headline\" >Taller de chicote \u201cmuerteada\u201d. Imparte: Ignacio Garc\u00eda<\/h3><span class='av-masonry-date meta-color updated'><\/span><span class=\"av-masonry-text-sep text-sep-author\">\/<\/span><span class='av-masonry-author meta-color vcard author'><span class='fn'>by <\/span><\/span><\/div><\/div><\/figcaption><\/figure><\/a><!--end av-masonry entry--><a href=\"https:\/\/casa.oaxaca.gob.mx\/?p=7374\" id='av-masonry-1-item-7374' data-av-masonry-item='7374' class='av-masonry-entry isotope-item post-7374 post type-post status-publish format-standard has-post-thumbnail hentry category-eventos-cerrados-2019 all_sort eventos-cerrados-2019_sort  av-masonry-item-with-image' title=\"Curso de linograf\u00eda. Imparte: Javier Antonio Dom\u00ednguez\"  itemscope=\"itemscope\" itemtype=\"https:\/\/schema.org\/CreativeWork\" ><div class='av-inner-masonry-sizer'><\/div><figure class='av-inner-masonry main_color'><div class=\"av-masonry-outerimage-container\"><div class=\"av-masonry-image-container\" style=\"background-image: url(https:\/\/casa.oaxaca.gob.mx\/wp-content\/uploads\/2019\/10\/sdfsd.jpg);\"><img decoding=\"async\" src=\"https:\/\/casa.oaxaca.gob.mx\/wp-content\/uploads\/2019\/10\/sdfsd.jpg\" title=\"sdfsd\" alt=\"\" \/><\/div><\/div><figcaption class='av-inner-masonry-content site-background'><div class='av-inner-masonry-content-pos'><div class='av-inner-masonry-content-pos-content'><div class='avia-arrow'><\/div><h3 class='av-masonry-entry-title entry-title'  itemprop=\"headline\" >Curso de linograf\u00eda. Imparte: Javier Antonio Dom\u00ednguez<\/h3><span class='av-masonry-date meta-color updated'><\/span><span class=\"av-masonry-text-sep text-sep-author\">\/<\/span><span class='av-masonry-author meta-color vcard author'><span class='fn'>by <\/span><\/span><\/div><\/div><\/figcaption><\/figure><\/a><!--end av-masonry entry--><a href=\"https:\/\/casa.oaxaca.gob.mx\/?p=7359\" id='av-masonry-1-item-7359' data-av-masonry-item='7359' class='av-masonry-entry isotope-item post-7359 post type-post status-publish format-standard has-post-thumbnail hentry category-eventos-cerrados-2019 all_sort eventos-cerrados-2019_sort  av-masonry-item-with-image' title=\"Taller: Pilotos del aire. Imparte: Jorge Luis Hern\u00e1ndez\"  itemscope=\"itemscope\" itemtype=\"https:\/\/schema.org\/CreativeWork\" ><div class='av-inner-masonry-sizer'><\/div><figure class='av-inner-masonry main_color'><div class=\"av-masonry-outerimage-container\"><div class=\"av-masonry-image-container\" style=\"background-image: url(https:\/\/casa.oaxaca.gob.mx\/wp-content\/uploads\/2019\/09\/Sin-ti\u0301tulo-1-705x469.png);\"><img decoding=\"async\" src=\"https:\/\/casa.oaxaca.gob.mx\/wp-content\/uploads\/2019\/09\/Sin-ti\u0301tulo-1-705x469.png\" title=\"Sin ti\u0301tulo-1\" alt=\"\" \/><\/div><\/div><figcaption class='av-inner-masonry-content site-background'><div class='av-inner-masonry-content-pos'><div class='av-inner-masonry-content-pos-content'><div class='avia-arrow'><\/div><h3 class='av-masonry-entry-title entry-title'  itemprop=\"headline\" >Taller: Pilotos del aire. Imparte: Jorge Luis Hern\u00e1ndez<\/h3><span class='av-masonry-date meta-color updated'><\/span><span class=\"av-masonry-text-sep text-sep-author\">\/<\/span><span class='av-masonry-author meta-color vcard author'><span class='fn'>by <\/span><\/span><\/div><\/div><\/figcaption><\/figure><\/a><!--end av-masonry entry--><a href=\"https:\/\/casa.oaxaca.gob.mx\/?p=7346\" id='av-masonry-1-item-7346' data-av-masonry-item='7346' class='av-masonry-entry isotope-item post-7346 post type-post status-publish format-standard has-post-thumbnail hentry category-eventos-cerrados-2019 all_sort eventos-cerrados-2019_sort  av-masonry-item-with-image' title=\"Taller de bordado con lentejuela y chaquira. Imparte: Karina Torres y Alberta Cisneros\"  itemscope=\"itemscope\" itemtype=\"https:\/\/schema.org\/CreativeWork\" ><div class='av-inner-masonry-sizer'><\/div><figure class='av-inner-masonry main_color'><div class=\"av-masonry-outerimage-container\"><div class=\"av-masonry-image-container\" style=\"background-image: url(https:\/\/casa.oaxaca.gob.mx\/wp-content\/uploads\/2019\/09\/asdf.jpg);\"><img decoding=\"async\" src=\"https:\/\/casa.oaxaca.gob.mx\/wp-content\/uploads\/2019\/09\/asdf.jpg\" title=\"asdf\" alt=\"\" \/><\/div><\/div><figcaption class='av-inner-masonry-content site-background'><div class='av-inner-masonry-content-pos'><div class='av-inner-masonry-content-pos-content'><div class='avia-arrow'><\/div><h3 class='av-masonry-entry-title entry-title'  itemprop=\"headline\" >Taller de bordado con lentejuela y chaquira. Imparte: Karina Torres y Alberta Cisneros<\/h3><span class='av-masonry-date meta-color updated'><\/span><span class=\"av-masonry-text-sep text-sep-author\">\/<\/span><span class='av-masonry-author meta-color vcard author'><span class='fn'>by <\/span><\/span><\/div><\/div><\/figcaption><\/figure><\/a><!--end av-masonry entry--><a href=\"https:\/\/casa.oaxaca.gob.mx\/?p=7333\" id='av-masonry-1-item-7333' data-av-masonry-item='7333' class='av-masonry-entry isotope-item post-7333 post type-post status-publish format-standard has-post-thumbnail hentry category-esposiciones-pasadas all_sort esposiciones-pasadas_sort  av-masonry-item-with-image' title=\"Ficci\u00f3n y Tiempo. Reflexiones sobre el tiempo y cuestionamientos en torno a un proyecto curatorial.\"  itemscope=\"itemscope\" itemtype=\"https:\/\/schema.org\/CreativeWork\" ><div class='av-inner-masonry-sizer'><\/div><figure class='av-inner-masonry main_color'><div class=\"av-masonry-outerimage-container\"><div class=\"av-masonry-image-container\" style=\"background-image: url(https:\/\/casa.oaxaca.gob.mx\/wp-content\/uploads\/2019\/09\/Sin-ti\u0301tulo-1-11.jpg);\"><img decoding=\"async\" src=\"https:\/\/casa.oaxaca.gob.mx\/wp-content\/uploads\/2019\/09\/Sin-ti\u0301tulo-1-11.jpg\" title=\"Sin-ti\u0301tulo-1\" alt=\"\" \/><\/div><\/div><figcaption class='av-inner-masonry-content site-background'><div class='av-inner-masonry-content-pos'><div class='av-inner-masonry-content-pos-content'><div class='avia-arrow'><\/div><h3 class='av-masonry-entry-title entry-title'  itemprop=\"headline\" >Ficci\u00f3n y Tiempo. Reflexiones sobre el tiempo y cuestionamientos en torno a un proyecto curatorial.<\/h3><span class='av-masonry-date meta-color updated'><\/span><span class=\"av-masonry-text-sep text-sep-author\">\/<\/span><span class='av-masonry-author meta-color vcard author'><span class='fn'>by <\/span><\/span><\/div><\/div><\/figcaption><\/figure><\/a><!--end av-masonry entry--><a href=\"https:\/\/casa.oaxaca.gob.mx\/?p=7303\" id='av-masonry-1-item-7303' data-av-masonry-item='7303' class='av-masonry-entry isotope-item post-7303 post type-post status-publish format-standard has-post-thumbnail hentry category-eventos-cerrados-2019 all_sort eventos-cerrados-2019_sort  av-masonry-item-with-image' title=\"Curso en linea | Cinematograf\u00eda con drones\"  itemscope=\"itemscope\" itemtype=\"https:\/\/schema.org\/CreativeWork\" ><div class='av-inner-masonry-sizer'><\/div><figure class='av-inner-masonry main_color'><div class=\"av-masonry-outerimage-container\"><div class=\"av-masonry-image-container\" style=\"background-image: url(https:\/\/casa.oaxaca.gob.mx\/wp-content\/uploads\/2019\/09\/back-01.png);\"><img decoding=\"async\" src=\"https:\/\/casa.oaxaca.gob.mx\/wp-content\/uploads\/2019\/09\/back-01.png\" title=\"back-01\" alt=\"\" \/><\/div><\/div><figcaption class='av-inner-masonry-content site-background'><div class='av-inner-masonry-content-pos'><div class='av-inner-masonry-content-pos-content'><div class='avia-arrow'><\/div><h3 class='av-masonry-entry-title entry-title'  itemprop=\"headline\" >Curso en linea | Cinematograf\u00eda con drones<\/h3><span class='av-masonry-date meta-color updated'><\/span><span class=\"av-masonry-text-sep text-sep-author\">\/<\/span><span class='av-masonry-author meta-color vcard author'><span class='fn'>by <\/span><\/span><\/div><\/div><\/figcaption><\/figure><\/a><!--end av-masonry entry--><a href=\"https:\/\/casa.oaxaca.gob.mx\/?p=7281\" id='av-masonry-1-item-7281' data-av-masonry-item='7281' class='av-masonry-entry isotope-item post-7281 post type-post status-publish format-standard has-post-thumbnail hentry category-eventos-cerrados-2019 all_sort eventos-cerrados-2019_sort  av-masonry-item-with-image' title=\"Taller de Introducci\u00f3n a t\u00e9cnicas calcogr\u00e1ficas. Imparte: Pilar Bordes\"  itemscope=\"itemscope\" itemtype=\"https:\/\/schema.org\/CreativeWork\" ><div class='av-inner-masonry-sizer'><\/div><figure class='av-inner-masonry main_color'><div class=\"av-masonry-outerimage-container\"><div class=\"av-masonry-image-container\" style=\"background-image: url(https:\/\/casa.oaxaca.gob.mx\/wp-content\/uploads\/2019\/09\/wef.jpg);\"><img decoding=\"async\" src=\"https:\/\/casa.oaxaca.gob.mx\/wp-content\/uploads\/2019\/09\/wef.jpg\" title=\"wef\" alt=\"\" \/><\/div><\/div><figcaption class='av-inner-masonry-content site-background'><div class='av-inner-masonry-content-pos'><div class='av-inner-masonry-content-pos-content'><div class='avia-arrow'><\/div><h3 class='av-masonry-entry-title entry-title'  itemprop=\"headline\" >Taller de Introducci\u00f3n a t\u00e9cnicas calcogr\u00e1ficas. Imparte: Pilar Bordes<\/h3><span class='av-masonry-date meta-color updated'><\/span><span class=\"av-masonry-text-sep text-sep-author\">\/<\/span><span class='av-masonry-author meta-color vcard author'><span class='fn'>by <\/span><\/span><\/div><\/div><\/figcaption><\/figure><\/a><!--end av-masonry entry--><a href=\"https:\/\/casa.oaxaca.gob.mx\/?p=7271\" id='av-masonry-1-item-7271' data-av-masonry-item='7271' class='av-masonry-entry isotope-item post-7271 post type-post status-publish format-standard has-post-thumbnail hentry category-eventos-cerrados-2019 all_sort eventos-cerrados-2019_sort  av-masonry-item-with-image' title=\"Taller: Escribiendo sobre arte, cultura y medio ambiente: una revista para San Agust\u00edn Etla.\"  itemscope=\"itemscope\" itemtype=\"https:\/\/schema.org\/CreativeWork\" ><div class='av-inner-masonry-sizer'><\/div><figure class='av-inner-masonry main_color'><div class=\"av-masonry-outerimage-container\"><div class=\"av-masonry-image-container\" style=\"background-image: url(https:\/\/casa.oaxaca.gob.mx\/wp-content\/uploads\/2019\/09\/ds.jpg);\"><img decoding=\"async\" src=\"https:\/\/casa.oaxaca.gob.mx\/wp-content\/uploads\/2019\/09\/ds.jpg\" title=\"ds\" alt=\"\" \/><\/div><\/div><figcaption class='av-inner-masonry-content site-background'><div class='av-inner-masonry-content-pos'><div class='av-inner-masonry-content-pos-content'><div class='avia-arrow'><\/div><h3 class='av-masonry-entry-title entry-title'  itemprop=\"headline\" >Taller: Escribiendo sobre arte, cultura y medio ambiente: una revista para San Agust\u00edn Etla.<\/h3><span class='av-masonry-date meta-color updated'><\/span><span class=\"av-masonry-text-sep text-sep-author\">\/<\/span><span class='av-masonry-author meta-color vcard author'><span class='fn'>by <\/span><\/span><\/div><\/div><\/figcaption><\/figure><\/a><!--end av-masonry entry--><a href=\"https:\/\/casa.oaxaca.gob.mx\/?p=7262\" id='av-masonry-1-item-7262' data-av-masonry-item='7262' class='av-masonry-entry isotope-item post-7262 post type-post status-publish format-standard has-post-thumbnail hentry category-eventos-cerrados-2019 all_sort eventos-cerrados-2019_sort  av-masonry-item-with-image' title=\"Taller: La imagen-movimiento en el espacio museogr\u00e1fico. Imparte: Javier M Rodr\u00edguez\"  itemscope=\"itemscope\" itemtype=\"https:\/\/schema.org\/CreativeWork\" ><div class='av-inner-masonry-sizer'><\/div><figure class='av-inner-masonry main_color'><div class=\"av-masonry-outerimage-container\"><div class=\"av-masonry-image-container\" style=\"background-image: url(https:\/\/casa.oaxaca.gob.mx\/wp-content\/uploads\/2019\/09\/gasdf-705x470.png);\"><img decoding=\"async\" src=\"https:\/\/casa.oaxaca.gob.mx\/wp-content\/uploads\/2019\/09\/gasdf-705x470.png\" title=\"gasdf\" alt=\"\" \/><\/div><\/div><figcaption class='av-inner-masonry-content site-background'><div class='av-inner-masonry-content-pos'><div class='av-inner-masonry-content-pos-content'><div class='avia-arrow'><\/div><h3 class='av-masonry-entry-title entry-title'  itemprop=\"headline\" >Taller: La imagen-movimiento en el espacio museogr\u00e1fico. Imparte: Javier M Rodr\u00edguez<\/h3><span class='av-masonry-date meta-color updated'><\/span><span class=\"av-masonry-text-sep text-sep-author\">\/<\/span><span class='av-masonry-author meta-color vcard author'><span class='fn'>by <\/span><\/span><\/div><\/div><\/figcaption><\/figure><\/a><!--end av-masonry entry--><a href=\"https:\/\/casa.oaxaca.gob.mx\/?p=7246\" id='av-masonry-1-item-7246' data-av-masonry-item='7246' class='av-masonry-entry isotope-item post-7246 post type-post status-publish format-standard has-post-thumbnail hentry category-eventos-cerrados-2019 all_sort eventos-cerrados-2019_sort  av-masonry-item-with-image' title=\"Programa de Formaci\u00f3n para la difusi\u00f3n de t\u00e9cnicas de encuadernaci\u00f3n y preservaci\u00f3n en archivos y bibliotecas\"  itemscope=\"itemscope\" itemtype=\"https:\/\/schema.org\/CreativeWork\" ><div class='av-inner-masonry-sizer'><\/div><figure class='av-inner-masonry main_color'><div class=\"av-masonry-outerimage-container\"><div class=\"av-masonry-image-container\" style=\"background-image: url(https:\/\/casa.oaxaca.gob.mx\/wp-content\/uploads\/2019\/09\/sdf.jpg);\"><img decoding=\"async\" src=\"https:\/\/casa.oaxaca.gob.mx\/wp-content\/uploads\/2019\/09\/sdf.jpg\" title=\"sdf\" alt=\"\" \/><\/div><\/div><figcaption class='av-inner-masonry-content site-background'><div class='av-inner-masonry-content-pos'><div class='av-inner-masonry-content-pos-content'><div class='avia-arrow'><\/div><h3 class='av-masonry-entry-title entry-title'  itemprop=\"headline\" >Programa de Formaci\u00f3n para la difusi\u00f3n de t\u00e9cnicas de encuadernaci\u00f3n y preservaci\u00f3n en archivos y bibliotecas<\/h3><span class='av-masonry-date meta-color updated'><\/span><span class=\"av-masonry-text-sep text-sep-author\">\/<\/span><span class='av-masonry-author meta-color vcard author'><span class='fn'>by <\/span><\/span><\/div><\/div><\/figcaption><\/figure><\/a><!--end av-masonry entry--><a href=\"https:\/\/casa.oaxaca.gob.mx\/?p=7232\" id='av-masonry-1-item-7232' data-av-masonry-item='7232' class='av-masonry-entry isotope-item post-7232 post type-post status-publish format-standard has-post-thumbnail hentry category-eventos-cerrados-2019 all_sort eventos-cerrados-2019_sort  av-masonry-item-with-image' title=\"Taller La Manipulaci\u00f3n lo cambia todo \u201cNuevas realidades a partir de la construcci\u00f3n fotogr\u00e1fica\u201d\"  itemscope=\"itemscope\" itemtype=\"https:\/\/schema.org\/CreativeWork\" ><div class='av-inner-masonry-sizer'><\/div><figure class='av-inner-masonry main_color'><div class=\"av-masonry-outerimage-container\"><div class=\"av-masonry-image-container\" style=\"background-image: url(https:\/\/casa.oaxaca.gob.mx\/wp-content\/uploads\/2019\/09\/dfsdf.jpg);\"><img decoding=\"async\" src=\"https:\/\/casa.oaxaca.gob.mx\/wp-content\/uploads\/2019\/09\/dfsdf.jpg\" title=\"dfsdf\" alt=\"\" \/><\/div><\/div><figcaption class='av-inner-masonry-content site-background'><div class='av-inner-masonry-content-pos'><div class='av-inner-masonry-content-pos-content'><div class='avia-arrow'><\/div><h3 class='av-masonry-entry-title entry-title'  itemprop=\"headline\" >Taller La Manipulaci\u00f3n lo cambia todo \u201cNuevas realidades a partir de la construcci\u00f3n fotogr\u00e1fica\u201d<\/h3><span class='av-masonry-date meta-color updated'><\/span><span class=\"av-masonry-text-sep text-sep-author\">\/<\/span><span class='av-masonry-author meta-color vcard author'><span class='fn'>by <\/span><\/span><\/div><\/div><\/figcaption><\/figure><\/a><!--end av-masonry entry--><a href=\"https:\/\/casa.oaxaca.gob.mx\/?p=7220\" id='av-masonry-1-item-7220' data-av-masonry-item='7220' class='av-masonry-entry isotope-item post-7220 post type-post status-publish format-standard has-post-thumbnail hentry category-eventos-cerrados-2019 all_sort eventos-cerrados-2019_sort  av-masonry-item-with-image' title=\"Seminario sobre Cultura Visual y Fotograf\u00eda en M\u00e9xico: Colecci\u00f3n Toledo. Imparte: Abraham Nah\u00f3n\"  itemscope=\"itemscope\" itemtype=\"https:\/\/schema.org\/CreativeWork\" ><div class='av-inner-masonry-sizer'><\/div><figure class='av-inner-masonry main_color'><div class=\"av-masonry-outerimage-container\"><div class=\"av-masonry-image-container\" style=\"background-image: url(https:\/\/casa.oaxaca.gob.mx\/wp-content\/uploads\/2019\/09\/ssdsd.jpg);\"><img decoding=\"async\" src=\"https:\/\/casa.oaxaca.gob.mx\/wp-content\/uploads\/2019\/09\/ssdsd.jpg\" title=\"ssdsd\" alt=\"\" \/><\/div><\/div><figcaption class='av-inner-masonry-content site-background'><div class='av-inner-masonry-content-pos'><div class='av-inner-masonry-content-pos-content'><div class='avia-arrow'><\/div><h3 class='av-masonry-entry-title entry-title'  itemprop=\"headline\" >Seminario sobre Cultura Visual y Fotograf\u00eda en M\u00e9xico: Colecci\u00f3n Toledo. Imparte: Abraham Nah\u00f3n<\/h3><span class='av-masonry-date meta-color updated'><\/span><span class=\"av-masonry-text-sep text-sep-author\">\/<\/span><span class='av-masonry-author meta-color vcard author'><span class='fn'>by <\/span><\/span><\/div><\/div><\/figcaption><\/figure><\/a><!--end av-masonry entry--><a href=\"https:\/\/casa.oaxaca.gob.mx\/?p=7201\" id='av-masonry-1-item-7201' data-av-masonry-item='7201' class='av-masonry-entry isotope-item post-7201 post type-post status-publish format-standard has-post-thumbnail hentry category-eventos-cerrados-2019 all_sort eventos-cerrados-2019_sort  av-masonry-item-with-image' title=\"Taller el mundo m\u00e1gico del bordado. Imparte: Oralia N\u00fa\u00f1ez Miranda\"  itemscope=\"itemscope\" itemtype=\"https:\/\/schema.org\/CreativeWork\" ><div class='av-inner-masonry-sizer'><\/div><figure class='av-inner-masonry main_color'><div class=\"av-masonry-outerimage-container\"><div class=\"av-masonry-image-container\" style=\"background-image: url(https:\/\/casa.oaxaca.gob.mx\/wp-content\/uploads\/2019\/09\/knjc.jpg);\"><img decoding=\"async\" src=\"https:\/\/casa.oaxaca.gob.mx\/wp-content\/uploads\/2019\/09\/knjc.jpg\" title=\"knjc\" alt=\"\" \/><\/div><\/div><figcaption class='av-inner-masonry-content site-background'><div class='av-inner-masonry-content-pos'><div class='av-inner-masonry-content-pos-content'><div class='avia-arrow'><\/div><h3 class='av-masonry-entry-title entry-title'  itemprop=\"headline\" >Taller el mundo m\u00e1gico del bordado. Imparte: Oralia N\u00fa\u00f1ez Miranda<\/h3><span class='av-masonry-date meta-color updated'><\/span><span class=\"av-masonry-text-sep text-sep-author\">\/<\/span><span class='av-masonry-author meta-color vcard author'><span class='fn'>by <\/span><\/span><\/div><\/div><\/figcaption><\/figure><\/a><!--end av-masonry entry--><a href=\"https:\/\/casa.oaxaca.gob.mx\/?p=7182\" id='av-masonry-1-item-7182' data-av-masonry-item='7182' class='av-masonry-entry isotope-item post-7182 post type-post status-publish format-standard has-post-thumbnail hentry category-eventos-cerrados-2019 all_sort eventos-cerrados-2019_sort  av-masonry-item-with-image' title=\"Taller de cr\u00f3nica period\u00edstica cultural\"  itemscope=\"itemscope\" itemtype=\"https:\/\/schema.org\/CreativeWork\" ><div class='av-inner-masonry-sizer'><\/div><figure class='av-inner-masonry main_color'><div class=\"av-masonry-outerimage-container\"><div class=\"av-masonry-image-container\" style=\"background-image: url(https:\/\/casa.oaxaca.gob.mx\/wp-content\/uploads\/2019\/09\/sdfdsf.jpg);\"><img decoding=\"async\" src=\"https:\/\/casa.oaxaca.gob.mx\/wp-content\/uploads\/2019\/09\/sdfdsf.jpg\" title=\"sdfdsf\" alt=\"\" \/><\/div><\/div><figcaption class='av-inner-masonry-content site-background'><div class='av-inner-masonry-content-pos'><div class='av-inner-masonry-content-pos-content'><div class='avia-arrow'><\/div><h3 class='av-masonry-entry-title entry-title'  itemprop=\"headline\" >Taller de cr\u00f3nica period\u00edstica cultural<\/h3><span class='av-masonry-date meta-color updated'><\/span><span class=\"av-masonry-text-sep text-sep-author\">\/<\/span><span class='av-masonry-author meta-color vcard author'><span class='fn'>by <\/span><\/span><\/div><\/div><\/figcaption><\/figure><\/a><!--end av-masonry entry--><a href=\"https:\/\/casa.oaxaca.gob.mx\/?p=7149\" id='av-masonry-1-item-7149' data-av-masonry-item='7149' class='av-masonry-entry isotope-item post-7149 post type-post status-publish format-standard has-post-thumbnail hentry category-eventos-cerrados-2019 all_sort eventos-cerrados-2019_sort  av-masonry-item-with-image' title=\"Libros en resistencia. Imparte: P\u00eda V\u00e1squez\"  itemscope=\"itemscope\" itemtype=\"https:\/\/schema.org\/CreativeWork\" ><div class='av-inner-masonry-sizer'><\/div><figure class='av-inner-masonry main_color'><div class=\"av-masonry-outerimage-container\"><div class=\"av-masonry-image-container\" style=\"background-image: url(https:\/\/casa.oaxaca.gob.mx\/wp-content\/uploads\/2019\/08\/asdf.jpg);\"><img decoding=\"async\" src=\"https:\/\/casa.oaxaca.gob.mx\/wp-content\/uploads\/2019\/08\/asdf.jpg\" title=\"asdf\" alt=\"\" \/><\/div><\/div><figcaption class='av-inner-masonry-content site-background'><div class='av-inner-masonry-content-pos'><div class='av-inner-masonry-content-pos-content'><div class='avia-arrow'><\/div><h3 class='av-masonry-entry-title entry-title'  itemprop=\"headline\" >Libros en resistencia. Imparte: P\u00eda V\u00e1squez<\/h3><span class='av-masonry-date meta-color updated'><\/span><span class=\"av-masonry-text-sep text-sep-author\">\/<\/span><span class='av-masonry-author meta-color vcard author'><span class='fn'>by <\/span><\/span><\/div><\/div><\/figcaption><\/figure><\/a><!--end av-masonry entry--><a href=\"https:\/\/casa.oaxaca.gob.mx\/?p=7140\" id='av-masonry-1-item-7140' data-av-masonry-item='7140' class='av-masonry-entry isotope-item post-7140 post type-post status-publish format-standard has-post-thumbnail hentry category-eventos-cerrados-2019 all_sort eventos-cerrados-2019_sort  av-masonry-item-with-image' title=\"M\u00e1scaras on\u00edricas. Imparte: Jorge Luis Hern\u00e1ndez Rosas\"  itemscope=\"itemscope\" itemtype=\"https:\/\/schema.org\/CreativeWork\" ><div class='av-inner-masonry-sizer'><\/div><figure class='av-inner-masonry main_color'><div class=\"av-masonry-outerimage-container\"><div class=\"av-masonry-image-container\" style=\"background-image: url(https:\/\/casa.oaxaca.gob.mx\/wp-content\/uploads\/2019\/08\/sfds.jpg);\"><img decoding=\"async\" src=\"https:\/\/casa.oaxaca.gob.mx\/wp-content\/uploads\/2019\/08\/sfds.jpg\" title=\"sfds\" alt=\"\" \/><\/div><\/div><figcaption class='av-inner-masonry-content site-background'><div class='av-inner-masonry-content-pos'><div class='av-inner-masonry-content-pos-content'><div class='avia-arrow'><\/div><h3 class='av-masonry-entry-title entry-title'  itemprop=\"headline\" >M\u00e1scaras on\u00edricas. Imparte: Jorge Luis Hern\u00e1ndez Rosas<\/h3><span class='av-masonry-date meta-color updated'><\/span><span class=\"av-masonry-text-sep text-sep-author\">\/<\/span><span class='av-masonry-author meta-color vcard author'><span class='fn'>by <\/span><\/span><\/div><\/div><\/figcaption><\/figure><\/a><!--end av-masonry entry--><a href=\"https:\/\/casa.oaxaca.gob.mx\/?p=7132\" id='av-masonry-1-item-7132' data-av-masonry-item='7132' class='av-masonry-entry isotope-item post-7132 post type-post status-publish format-standard has-post-thumbnail hentry category-eventos-cerrados-2019 all_sort eventos-cerrados-2019_sort  av-masonry-item-with-image' title=\"Bordado sensorial. Imparte: Quetzalc\u00f3atl Molina\"  itemscope=\"itemscope\" itemtype=\"https:\/\/schema.org\/CreativeWork\" ><div class='av-inner-masonry-sizer'><\/div><figure class='av-inner-masonry main_color'><div class=\"av-masonry-outerimage-container\"><div class=\"av-masonry-image-container\" style=\"background-image: url(https:\/\/casa.oaxaca.gob.mx\/wp-content\/uploads\/2019\/08\/sdfg.jpg);\"><img decoding=\"async\" src=\"https:\/\/casa.oaxaca.gob.mx\/wp-content\/uploads\/2019\/08\/sdfg.jpg\" title=\"sdfg\" alt=\"\" \/><\/div><\/div><figcaption class='av-inner-masonry-content site-background'><div class='av-inner-masonry-content-pos'><div class='av-inner-masonry-content-pos-content'><div class='avia-arrow'><\/div><h3 class='av-masonry-entry-title entry-title'  itemprop=\"headline\" >Bordado sensorial. Imparte: Quetzalc\u00f3atl Molina<\/h3><span class='av-masonry-date meta-color updated'><\/span><span class=\"av-masonry-text-sep text-sep-author\">\/<\/span><span class='av-masonry-author meta-color vcard author'><span class='fn'>by <\/span><\/span><\/div><\/div><\/figcaption><\/figure><\/a><!--end av-masonry entry--><a href=\"https:\/\/casa.oaxaca.gob.mx\/?p=7125\" id='av-masonry-1-item-7125' data-av-masonry-item='7125' class='av-masonry-entry isotope-item post-7125 post type-post status-publish format-standard has-post-thumbnail hentry category-eventos-cerrados-2019 all_sort eventos-cerrados-2019_sort  av-masonry-item-with-image' title=\"La rebeli\u00f3n textil. Imparte: Dora Bartilotti\"  itemscope=\"itemscope\" itemtype=\"https:\/\/schema.org\/CreativeWork\" ><div class='av-inner-masonry-sizer'><\/div><figure class='av-inner-masonry main_color'><div class=\"av-masonry-outerimage-container\"><div class=\"av-masonry-image-container\" style=\"background-image: url(https:\/\/casa.oaxaca.gob.mx\/wp-content\/uploads\/2019\/08\/sd.jpg);\"><img decoding=\"async\" src=\"https:\/\/casa.oaxaca.gob.mx\/wp-content\/uploads\/2019\/08\/sd.jpg\" title=\"sd\" alt=\"\" \/><\/div><\/div><figcaption class='av-inner-masonry-content site-background'><div class='av-inner-masonry-content-pos'><div class='av-inner-masonry-content-pos-content'><div class='avia-arrow'><\/div><h3 class='av-masonry-entry-title entry-title'  itemprop=\"headline\" >La rebeli\u00f3n textil. Imparte: Dora Bartilotti<\/h3><span class='av-masonry-date meta-color updated'><\/span><span class=\"av-masonry-text-sep text-sep-author\">\/<\/span><span class='av-masonry-author meta-color vcard author'><span class='fn'>by <\/span><\/span><\/div><\/div><\/figcaption><\/figure><\/a><!--end av-masonry entry--><a href=\"https:\/\/casa.oaxaca.gob.mx\/?p=7114\" id='av-masonry-1-item-7114' data-av-masonry-item='7114' class='av-masonry-entry isotope-item post-7114 post type-post status-publish format-standard has-post-thumbnail hentry category-eventos-cerrados-2019 all_sort eventos-cerrados-2019_sort  av-masonry-item-with-image' title=\"Taller: Historia y pr\u00e1ctica del fotolibro. Imparte: Horacio Fern\u00e1ndez. Coordina: Fausto Nah\u00fam\"  itemscope=\"itemscope\" itemtype=\"https:\/\/schema.org\/CreativeWork\" ><div class='av-inner-masonry-sizer'><\/div><figure class='av-inner-masonry main_color'><div class=\"av-masonry-outerimage-container\"><div class=\"av-masonry-image-container\" style=\"background-image: url(https:\/\/casa.oaxaca.gob.mx\/wp-content\/uploads\/2019\/08\/sdfsd.jpg);\"><img decoding=\"async\" src=\"https:\/\/casa.oaxaca.gob.mx\/wp-content\/uploads\/2019\/08\/sdfsd.jpg\" title=\"sdfsd\" alt=\"\" \/><\/div><\/div><figcaption class='av-inner-masonry-content site-background'><div class='av-inner-masonry-content-pos'><div class='av-inner-masonry-content-pos-content'><div class='avia-arrow'><\/div><h3 class='av-masonry-entry-title entry-title'  itemprop=\"headline\" >Taller: Historia y pr\u00e1ctica del fotolibro. Imparte: Horacio Fern\u00e1ndez. Coordina: Fausto Nah\u00fam<\/h3><span class='av-masonry-date meta-color updated'><\/span><span class=\"av-masonry-text-sep text-sep-author\">\/<\/span><span class='av-masonry-author meta-color vcard author'><span class='fn'>by <\/span><\/span><\/div><\/div><\/figcaption><\/figure><\/a><!--end av-masonry entry--><a href=\"https:\/\/casa.oaxaca.gob.mx\/?p=7090\" id='av-masonry-1-item-7090' data-av-masonry-item='7090' class='av-masonry-entry isotope-item post-7090 post type-post status-publish format-standard has-post-thumbnail hentry category-convocatorias-pasadas all_sort convocatorias-pasadas_sort  av-masonry-item-with-image' title=\"DIPLOMADO \u201cINTERACCIONES &#8211; CUERPOS EN DI\u00c1LOGO\u201d PLATAFORMA DE CREACI\u00d3N COREOGR\u00c1FICA\"  itemscope=\"itemscope\" itemtype=\"https:\/\/schema.org\/CreativeWork\" ><div class='av-inner-masonry-sizer'><\/div><figure class='av-inner-masonry main_color'><div class=\"av-masonry-outerimage-container\"><div class=\"av-masonry-image-container\" style=\"background-image: url(https:\/\/casa.oaxaca.gob.mx\/wp-content\/uploads\/2019\/08\/nuevo.jpg);\"><img decoding=\"async\" src=\"https:\/\/casa.oaxaca.gob.mx\/wp-content\/uploads\/2019\/08\/nuevo.jpg\" title=\"nuevo\" alt=\"\" \/><\/div><\/div><figcaption class='av-inner-masonry-content site-background'><div class='av-inner-masonry-content-pos'><div class='av-inner-masonry-content-pos-content'><div class='avia-arrow'><\/div><h3 class='av-masonry-entry-title entry-title'  itemprop=\"headline\" >DIPLOMADO \u201cINTERACCIONES &#8211; CUERPOS EN DI\u00c1LOGO\u201d PLATAFORMA DE CREACI\u00d3N COREOGR\u00c1FICA<\/h3><span class='av-masonry-date meta-color updated'><\/span><span class=\"av-masonry-text-sep text-sep-author\">\/<\/span><span class='av-masonry-author meta-color vcard author'><span class='fn'>by <\/span><\/span><\/div><\/div><\/figcaption><\/figure><\/a><!--end av-masonry entry--><a href=\"https:\/\/casa.oaxaca.gob.mx\/?p=7079\" id='av-masonry-1-item-7079' data-av-masonry-item='7079' class='av-masonry-entry isotope-item post-7079 post type-post status-publish format-standard has-post-thumbnail hentry category-eventos-cerrados-2019 all_sort eventos-cerrados-2019_sort  av-masonry-item-with-image' title=\"Taller | Dise\u00f1o de publicaciones period\u00edsticas: imparte David Kimura\"  itemscope=\"itemscope\" itemtype=\"https:\/\/schema.org\/CreativeWork\" ><div class='av-inner-masonry-sizer'><\/div><figure class='av-inner-masonry main_color'><div class=\"av-masonry-outerimage-container\"><div class=\"av-masonry-image-container\" style=\"background-image: url(https:\/\/casa.oaxaca.gob.mx\/wp-content\/uploads\/2019\/08\/Sin-ti\u0301tulo-1-18.jpg);\"><img decoding=\"async\" src=\"https:\/\/casa.oaxaca.gob.mx\/wp-content\/uploads\/2019\/08\/Sin-ti\u0301tulo-1-18.jpg\" title=\"Sin-ti\u0301tulo-1\" alt=\"\" \/><\/div><\/div><figcaption class='av-inner-masonry-content site-background'><div class='av-inner-masonry-content-pos'><div class='av-inner-masonry-content-pos-content'><div class='avia-arrow'><\/div><h3 class='av-masonry-entry-title entry-title'  itemprop=\"headline\" >Taller | Dise\u00f1o de publicaciones period\u00edsticas: imparte David Kimura<\/h3><span class='av-masonry-date meta-color updated'><\/span><span class=\"av-masonry-text-sep text-sep-author\">\/<\/span><span class='av-masonry-author meta-color vcard author'><span class='fn'>by <\/span><\/span><\/div><\/div><\/figcaption><\/figure><\/a><!--end av-masonry entry--><a href=\"https:\/\/casa.oaxaca.gob.mx\/?p=7072\" id='av-masonry-1-item-7072' data-av-masonry-item='7072' class='av-masonry-entry isotope-item post-7072 post type-post status-publish format-standard has-post-thumbnail hentry category-eventos-cerrados-2019 all_sort eventos-cerrados-2019_sort  av-masonry-item-with-image' title=\"Artesan\u00eda en laca tradicional\"  itemscope=\"itemscope\" itemtype=\"https:\/\/schema.org\/CreativeWork\" ><div class='av-inner-masonry-sizer'><\/div><figure class='av-inner-masonry main_color'><div class=\"av-masonry-outerimage-container\"><div class=\"av-masonry-image-container\" style=\"background-image: url(https:\/\/casa.oaxaca.gob.mx\/wp-content\/uploads\/2019\/08\/55-705x705.jpg);\"><img decoding=\"async\" src=\"https:\/\/casa.oaxaca.gob.mx\/wp-content\/uploads\/2019\/08\/55-705x705.jpg\" title=\"55\" alt=\"\" \/><\/div><\/div><figcaption class='av-inner-masonry-content site-background'><div class='av-inner-masonry-content-pos'><div class='av-inner-masonry-content-pos-content'><div class='avia-arrow'><\/div><h3 class='av-masonry-entry-title entry-title'  itemprop=\"headline\" >Artesan\u00eda en laca tradicional<\/h3><span class='av-masonry-date meta-color updated'><\/span><span class=\"av-masonry-text-sep text-sep-author\">\/<\/span><span class='av-masonry-author meta-color vcard author'><span class='fn'>by <\/span><\/span><\/div><\/div><\/figcaption><\/figure><\/a><!--end av-masonry entry--><a href=\"https:\/\/casa.oaxaca.gob.mx\/?p=7042\" id='av-masonry-1-item-7042' data-av-masonry-item='7042' class='av-masonry-entry isotope-item post-7042 post type-post status-publish format-standard has-post-thumbnail hentry category-eventos-cerrados-2019 all_sort eventos-cerrados-2019_sort  av-masonry-item-with-image' title=\"Taller de Narraciones gr\u00e1ficas: Imparte Esmeralda R\u00edos\"  itemscope=\"itemscope\" itemtype=\"https:\/\/schema.org\/CreativeWork\" ><div class='av-inner-masonry-sizer'><\/div><figure class='av-inner-masonry main_color'><div class=\"av-masonry-outerimage-container\"><div class=\"av-masonry-image-container\" style=\"background-image: url(https:\/\/casa.oaxaca.gob.mx\/wp-content\/uploads\/2019\/08\/Esmeralda-2-705x548.jpg);\"><img decoding=\"async\" src=\"https:\/\/casa.oaxaca.gob.mx\/wp-content\/uploads\/2019\/08\/Esmeralda-2-705x548.jpg\" title=\"Esmeralda 2\" alt=\"\" \/><\/div><\/div><figcaption class='av-inner-masonry-content site-background'><div class='av-inner-masonry-content-pos'><div class='av-inner-masonry-content-pos-content'><div class='avia-arrow'><\/div><h3 class='av-masonry-entry-title entry-title'  itemprop=\"headline\" >Taller de Narraciones gr\u00e1ficas: Imparte Esmeralda R\u00edos<\/h3><span class='av-masonry-date meta-color updated'><\/span><span class=\"av-masonry-text-sep text-sep-author\">\/<\/span><span class='av-masonry-author meta-color vcard author'><span class='fn'>by <\/span><\/span><\/div><\/div><\/figcaption><\/figure><\/a><!--end av-masonry entry--><a href=\"https:\/\/casa.oaxaca.gob.mx\/?p=7015\" id='av-masonry-1-item-7015' data-av-masonry-item='7015' class='av-masonry-entry isotope-item post-7015 post type-post status-publish format-standard has-post-thumbnail hentry category-eventos-cerrados-2019 all_sort eventos-cerrados-2019_sort  av-masonry-item-with-image' title=\"La Conciencia de Transformar Laboratorio generativo de acciones e ideas\"  itemscope=\"itemscope\" itemtype=\"https:\/\/schema.org\/CreativeWork\" ><div class='av-inner-masonry-sizer'><\/div><figure class='av-inner-masonry main_color'><div class=\"av-masonry-outerimage-container\"><div class=\"av-masonry-image-container\" style=\"background-image: url(https:\/\/casa.oaxaca.gob.mx\/wp-content\/uploads\/2019\/08\/d.jpg);\"><img decoding=\"async\" src=\"https:\/\/casa.oaxaca.gob.mx\/wp-content\/uploads\/2019\/08\/d.jpg\" title=\"d\" alt=\"\" \/><\/div><\/div><figcaption class='av-inner-masonry-content site-background'><div class='av-inner-masonry-content-pos'><div class='av-inner-masonry-content-pos-content'><div class='avia-arrow'><\/div><h3 class='av-masonry-entry-title entry-title'  itemprop=\"headline\" >La Conciencia de Transformar Laboratorio generativo de acciones e ideas<\/h3><span class='av-masonry-date meta-color updated'><\/span><span class=\"av-masonry-text-sep text-sep-author\">\/<\/span><span class='av-masonry-author meta-color vcard author'><span class='fn'>by <\/span><\/span><\/div><\/div><\/figcaption><\/figure><\/a><!--end av-masonry entry--><a href=\"https:\/\/casa.oaxaca.gob.mx\/?p=7002\" id='av-masonry-1-item-7002' data-av-masonry-item='7002' class='av-masonry-entry isotope-item post-7002 post type-post status-publish format-standard has-post-thumbnail hentry category-eventos-cerrados-2019 all_sort eventos-cerrados-2019_sort  av-masonry-item-with-image' title=\"Taller: Novela gr\u00e1fica. Imparte:  Daniela Kantor\"  itemscope=\"itemscope\" itemtype=\"https:\/\/schema.org\/CreativeWork\" ><div class='av-inner-masonry-sizer'><\/div><figure class='av-inner-masonry main_color'><div class=\"av-masonry-outerimage-container\"><div class=\"av-masonry-image-container\" style=\"background-image: url(https:\/\/casa.oaxaca.gob.mx\/wp-content\/uploads\/2019\/08\/sdfsdf.jpg);\"><img decoding=\"async\" src=\"https:\/\/casa.oaxaca.gob.mx\/wp-content\/uploads\/2019\/08\/sdfsdf.jpg\" title=\"sdfsdf\" alt=\"\" \/><\/div><\/div><figcaption class='av-inner-masonry-content site-background'><div class='av-inner-masonry-content-pos'><div class='av-inner-masonry-content-pos-content'><div class='avia-arrow'><\/div><h3 class='av-masonry-entry-title entry-title'  itemprop=\"headline\" >Taller: Novela gr\u00e1fica. Imparte:  Daniela Kantor<\/h3><span class='av-masonry-date meta-color updated'><\/span><span class=\"av-masonry-text-sep text-sep-author\">\/<\/span><span class='av-masonry-author meta-color vcard author'><span class='fn'>by <\/span><\/span><\/div><\/div><\/figcaption><\/figure><\/a><!--end av-masonry entry--><a href=\"https:\/\/casa.oaxaca.gob.mx\/?p=6994\" id='av-masonry-1-item-6994' data-av-masonry-item='6994' class='av-masonry-entry isotope-item post-6994 post type-post status-publish format-standard has-post-thumbnail hentry category-eventos-cerrados-2019 all_sort eventos-cerrados-2019_sort  av-masonry-item-with-image' title=\"Taller de tintes naturales. Imparte: Stefanie Salzmann\"  itemscope=\"itemscope\" itemtype=\"https:\/\/schema.org\/CreativeWork\" ><div class='av-inner-masonry-sizer'><\/div><figure class='av-inner-masonry main_color'><div class=\"av-masonry-outerimage-container\"><div class=\"av-masonry-image-container\" style=\"background-image: url(https:\/\/casa.oaxaca.gob.mx\/wp-content\/uploads\/2019\/08\/asd.jpg);\"><img decoding=\"async\" src=\"https:\/\/casa.oaxaca.gob.mx\/wp-content\/uploads\/2019\/08\/asd.jpg\" title=\"asd\" alt=\"\" \/><\/div><\/div><figcaption class='av-inner-masonry-content site-background'><div class='av-inner-masonry-content-pos'><div class='av-inner-masonry-content-pos-content'><div class='avia-arrow'><\/div><h3 class='av-masonry-entry-title entry-title'  itemprop=\"headline\" >Taller de tintes naturales. Imparte: Stefanie Salzmann<\/h3><span class='av-masonry-date meta-color updated'><\/span><span class=\"av-masonry-text-sep text-sep-author\">\/<\/span><span class='av-masonry-author meta-color vcard author'><span class='fn'>by <\/span><\/span><\/div><\/div><\/figcaption><\/figure><\/a><!--end av-masonry entry--><a href=\"https:\/\/casa.oaxaca.gob.mx\/?p=6985\" id='av-masonry-1-item-6985' data-av-masonry-item='6985' class='av-masonry-entry isotope-item post-6985 post type-post status-publish format-standard has-post-thumbnail hentry category-eventos-cerrados-2019 all_sort eventos-cerrados-2019_sort  av-masonry-item-with-image' title=\"Taller: Dibujar conceptos. Imparten: Daniel Rold\u00e1n y Daniela Kantor\"  itemscope=\"itemscope\" itemtype=\"https:\/\/schema.org\/CreativeWork\" ><div class='av-inner-masonry-sizer'><\/div><figure class='av-inner-masonry main_color'><div class=\"av-masonry-outerimage-container\"><div class=\"av-masonry-image-container\" style=\"background-image: url(https:\/\/casa.oaxaca.gob.mx\/wp-content\/uploads\/2019\/08\/sdfd.jpg);\"><img decoding=\"async\" src=\"https:\/\/casa.oaxaca.gob.mx\/wp-content\/uploads\/2019\/08\/sdfd.jpg\" title=\"sdfd\" alt=\"\" \/><\/div><\/div><figcaption class='av-inner-masonry-content site-background'><div class='av-inner-masonry-content-pos'><div class='av-inner-masonry-content-pos-content'><div class='avia-arrow'><\/div><h3 class='av-masonry-entry-title entry-title'  itemprop=\"headline\" >Taller: Dibujar conceptos. Imparten: Daniel Rold\u00e1n y Daniela Kantor<\/h3><span class='av-masonry-date meta-color updated'><\/span><span class=\"av-masonry-text-sep text-sep-author\">\/<\/span><span class='av-masonry-author meta-color vcard author'><span class='fn'>by <\/span><\/span><\/div><\/div><\/figcaption><\/figure><\/a><!--end av-masonry entry--><a href=\"https:\/\/casa.oaxaca.gob.mx\/?p=6860\" id='av-masonry-1-item-6860' data-av-masonry-item='6860' class='av-masonry-entry isotope-item post-6860 post type-post status-publish format-standard has-post-thumbnail hentry category-eventos-cerrados-2019 all_sort eventos-cerrados-2019_sort  av-masonry-item-with-image' title=\"Taller: Vueladrones\"  itemscope=\"itemscope\" itemtype=\"https:\/\/schema.org\/CreativeWork\" ><div class='av-inner-masonry-sizer'><\/div><figure class='av-inner-masonry main_color'><div class=\"av-masonry-outerimage-container\"><div class=\"av-masonry-image-container\" style=\"background-image: url(https:\/\/casa.oaxaca.gob.mx\/wp-content\/uploads\/2019\/07\/sads.jpg);\"><img decoding=\"async\" src=\"https:\/\/casa.oaxaca.gob.mx\/wp-content\/uploads\/2019\/07\/sads.jpg\" title=\"sads\" alt=\"\" \/><\/div><\/div><figcaption class='av-inner-masonry-content site-background'><div class='av-inner-masonry-content-pos'><div class='av-inner-masonry-content-pos-content'><div class='avia-arrow'><\/div><h3 class='av-masonry-entry-title entry-title'  itemprop=\"headline\" >Taller: Vueladrones<\/h3><span class='av-masonry-date meta-color updated'><\/span><span class=\"av-masonry-text-sep text-sep-author\">\/<\/span><span class='av-masonry-author meta-color vcard author'><span class='fn'>by <\/span><\/span><\/div><\/div><\/figcaption><\/figure><\/a><!--end av-masonry entry--><a href=\"https:\/\/casa.oaxaca.gob.mx\/?p=6813\" id='av-masonry-1-item-6813' data-av-masonry-item='6813' class='av-masonry-entry isotope-item post-6813 post type-post status-publish format-standard has-post-thumbnail hentry category-eventos-cerrados-2019 all_sort eventos-cerrados-2019_sort  av-masonry-item-with-image' title=\"Fundaci\u00f3n para la reserva de la Bi\u00f3sfera Cuicatl\u00e1n A.C., el Centro de las Artes de San Agust\u00edn y Jard\u00edn Bot\u00e1nico, Instituto de Biolog\u00eda Universidad Nacional Aut\u00f3noma de M\u00e9xico convocan a participar:\"  itemscope=\"itemscope\" itemtype=\"https:\/\/schema.org\/CreativeWork\" ><div class='av-inner-masonry-sizer'><\/div><figure class='av-inner-masonry main_color'><div class=\"av-masonry-outerimage-container\"><div class=\"av-masonry-image-container\" style=\"background-image: url(https:\/\/casa.oaxaca.gob.mx\/wp-content\/uploads\/2019\/07\/Sin-ti\u0301tulo-1-1.jpg);\"><img decoding=\"async\" src=\"https:\/\/casa.oaxaca.gob.mx\/wp-content\/uploads\/2019\/07\/Sin-ti\u0301tulo-1-1.jpg\" title=\"Sin-ti\u0301tulo-1\" alt=\"\" \/><\/div><\/div><figcaption class='av-inner-masonry-content site-background'><div class='av-inner-masonry-content-pos'><div class='av-inner-masonry-content-pos-content'><div class='avia-arrow'><\/div><h3 class='av-masonry-entry-title entry-title'  itemprop=\"headline\" >Fundaci\u00f3n para la reserva de la Bi\u00f3sfera Cuicatl\u00e1n A.C., el Centro de las Artes de San Agust\u00edn y Jard\u00edn Bot\u00e1nico, Instituto de Biolog\u00eda Universidad Nacional Aut\u00f3noma de M\u00e9xico convocan a participar:<\/h3><span class='av-masonry-date meta-color updated'><\/span><span class=\"av-masonry-text-sep text-sep-author\">\/<\/span><span class='av-masonry-author meta-color vcard author'><span class='fn'>by <\/span><\/span><\/div><\/div><\/figcaption><\/figure><\/a><!--end av-masonry entry--><a href=\"https:\/\/casa.oaxaca.gob.mx\/?p=6778\" id='av-masonry-1-item-6778' data-av-masonry-item='6778' class='av-masonry-entry isotope-item post-6778 post type-post status-publish format-standard has-post-thumbnail hentry category-eventos-cerrados-2019 all_sort eventos-cerrados-2019_sort  av-masonry-item-with-image' title=\"Taller: Atrapasonidos\"  itemscope=\"itemscope\" itemtype=\"https:\/\/schema.org\/CreativeWork\" ><div class='av-inner-masonry-sizer'><\/div><figure class='av-inner-masonry main_color'><div class=\"av-masonry-outerimage-container\"><div class=\"av-masonry-image-container\" style=\"background-image: url(https:\/\/casa.oaxaca.gob.mx\/wp-content\/uploads\/2019\/07\/fgfdgdfg-2.jpg);\"><img decoding=\"async\" src=\"https:\/\/casa.oaxaca.gob.mx\/wp-content\/uploads\/2019\/07\/fgfdgdfg-2.jpg\" title=\"fgfdgdfg\" alt=\"\" \/><\/div><\/div><figcaption class='av-inner-masonry-content site-background'><div class='av-inner-masonry-content-pos'><div class='av-inner-masonry-content-pos-content'><div class='avia-arrow'><\/div><h3 class='av-masonry-entry-title entry-title'  itemprop=\"headline\" >Taller: Atrapasonidos<\/h3><span class='av-masonry-date meta-color updated'><\/span><span class=\"av-masonry-text-sep text-sep-author\">\/<\/span><span class='av-masonry-author meta-color vcard author'><span class='fn'>by <\/span><\/span><\/div><\/div><\/figcaption><\/figure><\/a><!--end av-masonry entry--><a href=\"https:\/\/casa.oaxaca.gob.mx\/?p=6765\" id='av-masonry-1-item-6765' data-av-masonry-item='6765' class='av-masonry-entry isotope-item post-6765 post type-post status-publish format-standard has-post-thumbnail hentry category-eventos-cerrados-2019 all_sort eventos-cerrados-2019_sort  av-masonry-item-with-image' title=\"Taller: Plantas navegantes. Imparte: Fernando Fuentes.\"  itemscope=\"itemscope\" itemtype=\"https:\/\/schema.org\/CreativeWork\" ><div class='av-inner-masonry-sizer'><\/div><figure class='av-inner-masonry main_color'><div class=\"av-masonry-outerimage-container\"><div class=\"av-masonry-image-container\" style=\"background-image: url(https:\/\/casa.oaxaca.gob.mx\/wp-content\/uploads\/2019\/06\/sdaff.jpg);\"><img decoding=\"async\" src=\"https:\/\/casa.oaxaca.gob.mx\/wp-content\/uploads\/2019\/06\/sdaff.jpg\" title=\"sdaff\" alt=\"\" \/><\/div><\/div><figcaption class='av-inner-masonry-content site-background'><div class='av-inner-masonry-content-pos'><div class='av-inner-masonry-content-pos-content'><div class='avia-arrow'><\/div><h3 class='av-masonry-entry-title entry-title'  itemprop=\"headline\" >Taller: Plantas navegantes. Imparte: Fernando Fuentes.<\/h3><span class='av-masonry-date meta-color updated'><\/span><span class=\"av-masonry-text-sep text-sep-author\">\/<\/span><span class='av-masonry-author meta-color vcard author'><span class='fn'>by <\/span><\/span><\/div><\/div><\/figcaption><\/figure><\/a><!--end av-masonry entry--><a href=\"https:\/\/casa.oaxaca.gob.mx\/?p=6738\" id='av-masonry-1-item-6738' data-av-masonry-item='6738' class='av-masonry-entry isotope-item post-6738 post type-post status-publish format-standard has-post-thumbnail hentry category-eventos-cerrados-2019 all_sort eventos-cerrados-2019_sort  av-masonry-item-with-image' title=\"Taller: Frecuencia CaSa. Imparte: Luis P\u00e9rez\"  itemscope=\"itemscope\" itemtype=\"https:\/\/schema.org\/CreativeWork\" ><div class='av-inner-masonry-sizer'><\/div><figure class='av-inner-masonry main_color'><div class=\"av-masonry-outerimage-container\"><div class=\"av-masonry-image-container\" style=\"background-image: url(https:\/\/casa.oaxaca.gob.mx\/wp-content\/uploads\/2019\/06\/sdfdsfsd.jpg);\"><img decoding=\"async\" src=\"https:\/\/casa.oaxaca.gob.mx\/wp-content\/uploads\/2019\/06\/sdfdsfsd.jpg\" title=\"sdfdsfsd\" alt=\"\" \/><\/div><\/div><figcaption class='av-inner-masonry-content site-background'><div class='av-inner-masonry-content-pos'><div class='av-inner-masonry-content-pos-content'><div class='avia-arrow'><\/div><h3 class='av-masonry-entry-title entry-title'  itemprop=\"headline\" >Taller: Frecuencia CaSa. Imparte: Luis P\u00e9rez<\/h3><span class='av-masonry-date meta-color updated'><\/span><span class=\"av-masonry-text-sep text-sep-author\">\/<\/span><span class='av-masonry-author meta-color vcard author'><span class='fn'>by <\/span><\/span><\/div><\/div><\/figcaption><\/figure><\/a><!--end av-masonry entry--><a href=\"https:\/\/casa.oaxaca.gob.mx\/?p=6732\" id='av-masonry-1-item-6732' data-av-masonry-item='6732' class='av-masonry-entry isotope-item post-6732 post type-post status-publish format-standard has-post-thumbnail hentry category-eventos-cerrados-2019 all_sort eventos-cerrados-2019_sort  av-masonry-item-with-image' title=\"Taller: Biorobots. Imparte: Karen Molina.\"  itemscope=\"itemscope\" itemtype=\"https:\/\/schema.org\/CreativeWork\" ><div class='av-inner-masonry-sizer'><\/div><figure class='av-inner-masonry main_color'><div class=\"av-masonry-outerimage-container\"><div class=\"av-masonry-image-container\" style=\"background-image: url(https:\/\/casa.oaxaca.gob.mx\/wp-content\/uploads\/2019\/06\/asdsd.jpg);\"><img decoding=\"async\" src=\"https:\/\/casa.oaxaca.gob.mx\/wp-content\/uploads\/2019\/06\/asdsd.jpg\" title=\"asdsd\" alt=\"\" \/><\/div><\/div><figcaption class='av-inner-masonry-content site-background'><div class='av-inner-masonry-content-pos'><div class='av-inner-masonry-content-pos-content'><div class='avia-arrow'><\/div><h3 class='av-masonry-entry-title entry-title'  itemprop=\"headline\" >Taller: Biorobots. Imparte: Karen Molina.<\/h3><span class='av-masonry-date meta-color updated'><\/span><span class=\"av-masonry-text-sep text-sep-author\">\/<\/span><span class='av-masonry-author meta-color vcard author'><span class='fn'>by <\/span><\/span><\/div><\/div><\/figcaption><\/figure><\/a><!--end av-masonry entry--><a href=\"https:\/\/casa.oaxaca.gob.mx\/?p=6721\" id='av-masonry-1-item-6721' data-av-masonry-item='6721' class='av-masonry-entry isotope-item post-6721 post type-post status-publish format-standard has-post-thumbnail hentry category-eventos-cerrados-2019 all_sort eventos-cerrados-2019_sort  av-masonry-item-with-image' title=\"Taller: Fiesta STEAM\"  itemscope=\"itemscope\" itemtype=\"https:\/\/schema.org\/CreativeWork\" ><div class='av-inner-masonry-sizer'><\/div><figure class='av-inner-masonry main_color'><div class=\"av-masonry-outerimage-container\"><div class=\"av-masonry-image-container\" style=\"background-image: url(https:\/\/casa.oaxaca.gob.mx\/wp-content\/uploads\/2019\/06\/Sin-ti\u0301tulo-1-22.jpg);\"><img decoding=\"async\" src=\"https:\/\/casa.oaxaca.gob.mx\/wp-content\/uploads\/2019\/06\/Sin-ti\u0301tulo-1-22.jpg\" title=\"Sin-ti\u0301tulo-1\" alt=\"\" \/><\/div><\/div><figcaption class='av-inner-masonry-content site-background'><div class='av-inner-masonry-content-pos'><div class='av-inner-masonry-content-pos-content'><div class='avia-arrow'><\/div><h3 class='av-masonry-entry-title entry-title'  itemprop=\"headline\" >Taller: Fiesta STEAM<\/h3><span class='av-masonry-date meta-color updated'><\/span><span class=\"av-masonry-text-sep text-sep-author\">\/<\/span><span class='av-masonry-author meta-color vcard author'><span class='fn'>by <\/span><\/span><\/div><\/div><\/figcaption><\/figure><\/a><!--end av-masonry entry--><a href=\"https:\/\/casa.oaxaca.gob.mx\/?p=6713\" id='av-masonry-1-item-6713' data-av-masonry-item='6713' class='av-masonry-entry isotope-item post-6713 post type-post status-publish format-standard has-post-thumbnail hentry category-eventos-cerrados-2019 all_sort eventos-cerrados-2019_sort  av-masonry-item-with-image' title=\"Taller: Verano cine literario para las travesuras. Imparte: Haydee Ramos Cadena de Comelibros.\"  itemscope=\"itemscope\" itemtype=\"https:\/\/schema.org\/CreativeWork\" ><div class='av-inner-masonry-sizer'><\/div><figure class='av-inner-masonry main_color'><div class=\"av-masonry-outerimage-container\"><div class=\"av-masonry-image-container\" style=\"background-image: url(https:\/\/casa.oaxaca.gob.mx\/wp-content\/uploads\/2019\/06\/dfgdf.jpg);\"><img decoding=\"async\" src=\"https:\/\/casa.oaxaca.gob.mx\/wp-content\/uploads\/2019\/06\/dfgdf.jpg\" title=\"dfgdf\" alt=\"\" \/><\/div><\/div><figcaption class='av-inner-masonry-content site-background'><div class='av-inner-masonry-content-pos'><div class='av-inner-masonry-content-pos-content'><div class='avia-arrow'><\/div><h3 class='av-masonry-entry-title entry-title'  itemprop=\"headline\" >Taller: Verano cine literario para las travesuras. Imparte: Haydee Ramos Cadena de Comelibros.<\/h3><span class='av-masonry-date meta-color updated'><\/span><span class=\"av-masonry-text-sep text-sep-author\">\/<\/span><span class='av-masonry-author meta-color vcard author'><span class='fn'>by <\/span><\/span><\/div><\/div><\/figcaption><\/figure><\/a><!--end av-masonry entry--><a href=\"https:\/\/casa.oaxaca.gob.mx\/?p=6705\" id='av-masonry-1-item-6705' data-av-masonry-item='6705' class='av-masonry-entry isotope-item post-6705 post type-post status-publish format-standard has-post-thumbnail hentry category-eventos-cerrados-2019 all_sort eventos-cerrados-2019_sort  av-masonry-item-with-image' title=\"Taller estenopeico. Imparte: Mar\u00eda Luisa Santos Cu\u00e9llar.\"  itemscope=\"itemscope\" itemtype=\"https:\/\/schema.org\/CreativeWork\" ><div class='av-inner-masonry-sizer'><\/div><figure class='av-inner-masonry main_color'><div class=\"av-masonry-outerimage-container\"><div class=\"av-masonry-image-container\" style=\"background-image: url(https:\/\/casa.oaxaca.gob.mx\/wp-content\/uploads\/2019\/06\/df.jpg);\"><img decoding=\"async\" src=\"https:\/\/casa.oaxaca.gob.mx\/wp-content\/uploads\/2019\/06\/df.jpg\" title=\"df\" alt=\"\" \/><\/div><\/div><figcaption class='av-inner-masonry-content site-background'><div class='av-inner-masonry-content-pos'><div class='av-inner-masonry-content-pos-content'><div class='avia-arrow'><\/div><h3 class='av-masonry-entry-title entry-title'  itemprop=\"headline\" >Taller estenopeico. Imparte: Mar\u00eda Luisa Santos Cu\u00e9llar.<\/h3><span class='av-masonry-date meta-color updated'><\/span><span class=\"av-masonry-text-sep text-sep-author\">\/<\/span><span class='av-masonry-author meta-color vcard author'><span class='fn'>by <\/span><\/span><\/div><\/div><\/figcaption><\/figure><\/a><!--end av-masonry entry--><a href=\"https:\/\/casa.oaxaca.gob.mx\/?p=6689\" id='av-masonry-1-item-6689' data-av-masonry-item='6689' class='av-masonry-entry isotope-item post-6689 post type-post status-publish format-standard has-post-thumbnail hentry category-eventos-cerrados-2019 all_sort eventos-cerrados-2019_sort  av-masonry-item-with-image' title=\"Exposici\u00f3n: Soy una mujer. Mauricio Toro-Goya\"  itemscope=\"itemscope\" itemtype=\"https:\/\/schema.org\/CreativeWork\" ><div class='av-inner-masonry-sizer'><\/div><figure class='av-inner-masonry main_color'><div class=\"av-masonry-outerimage-container\"><div class=\"av-masonry-image-container\" style=\"background-image: url(https:\/\/casa.oaxaca.gob.mx\/wp-content\/uploads\/2019\/06\/Sin-ti\u0301tulo-1-19.jpg);\"><img decoding=\"async\" src=\"https:\/\/casa.oaxaca.gob.mx\/wp-content\/uploads\/2019\/06\/Sin-ti\u0301tulo-1-19.jpg\" title=\"Sin-ti\u0301tulo-1\" alt=\"\" \/><\/div><\/div><figcaption class='av-inner-masonry-content site-background'><div class='av-inner-masonry-content-pos'><div class='av-inner-masonry-content-pos-content'><div class='avia-arrow'><\/div><h3 class='av-masonry-entry-title entry-title'  itemprop=\"headline\" >Exposici\u00f3n: Soy una mujer. Mauricio Toro-Goya<\/h3><span class='av-masonry-date meta-color updated'><\/span><span class=\"av-masonry-text-sep text-sep-author\">\/<\/span><span class='av-masonry-author meta-color vcard author'><span class='fn'>by <\/span><\/span><\/div><\/div><\/figcaption><\/figure><\/a><!--end av-masonry entry--><a href=\"https:\/\/casa.oaxaca.gob.mx\/?p=6684\" id='av-masonry-1-item-6684' data-av-masonry-item='6684' class='av-masonry-entry isotope-item post-6684 post type-post status-publish format-standard has-post-thumbnail hentry category-eventos-cerrados-2019 all_sort eventos-cerrados-2019_sort  av-masonry-item-with-image' title=\"Taller: \u00a1Abre tus o\u00eddos! Imparte: Ricardo \u00c1lvarez.\"  itemscope=\"itemscope\" itemtype=\"https:\/\/schema.org\/CreativeWork\" ><div class='av-inner-masonry-sizer'><\/div><figure class='av-inner-masonry main_color'><div class=\"av-masonry-outerimage-container\"><div class=\"av-masonry-image-container\" style=\"background-image: url(https:\/\/casa.oaxaca.gob.mx\/wp-content\/uploads\/2019\/06\/d.jpg);\"><img decoding=\"async\" src=\"https:\/\/casa.oaxaca.gob.mx\/wp-content\/uploads\/2019\/06\/d.jpg\" title=\"d\" alt=\"\" \/><\/div><\/div><figcaption class='av-inner-masonry-content site-background'><div class='av-inner-masonry-content-pos'><div class='av-inner-masonry-content-pos-content'><div class='avia-arrow'><\/div><h3 class='av-masonry-entry-title entry-title'  itemprop=\"headline\" >Taller: \u00a1Abre tus o\u00eddos! Imparte: Ricardo \u00c1lvarez.<\/h3><span class='av-masonry-date meta-color updated'><\/span><span class=\"av-masonry-text-sep text-sep-author\">\/<\/span><span class='av-masonry-author meta-color vcard author'><span class='fn'>by <\/span><\/span><\/div><\/div><\/figcaption><\/figure><\/a><!--end av-masonry entry--><a href=\"https:\/\/casa.oaxaca.gob.mx\/?p=6676\" id='av-masonry-1-item-6676' data-av-masonry-item='6676' class='av-masonry-entry isotope-item post-6676 post type-post status-publish format-standard has-post-thumbnail hentry category-eventos-cerrados-2019 all_sort eventos-cerrados-2019_sort  av-masonry-item-with-image' title=\"Taller: Hacks vestibles. Imparte: Cecilia S\u00e1nchez.\"  itemscope=\"itemscope\" itemtype=\"https:\/\/schema.org\/CreativeWork\" ><div class='av-inner-masonry-sizer'><\/div><figure class='av-inner-masonry main_color'><div class=\"av-masonry-outerimage-container\"><div class=\"av-masonry-image-container\" style=\"background-image: url(https:\/\/casa.oaxaca.gob.mx\/wp-content\/uploads\/2019\/06\/dgf-1.jpg);\"><img decoding=\"async\" src=\"https:\/\/casa.oaxaca.gob.mx\/wp-content\/uploads\/2019\/06\/dgf-1.jpg\" title=\"dgf\" alt=\"\" \/><\/div><\/div><figcaption class='av-inner-masonry-content site-background'><div class='av-inner-masonry-content-pos'><div class='av-inner-masonry-content-pos-content'><div class='avia-arrow'><\/div><h3 class='av-masonry-entry-title entry-title'  itemprop=\"headline\" >Taller: Hacks vestibles. Imparte: Cecilia S\u00e1nchez.<\/h3><span class='av-masonry-date meta-color updated'><\/span><span class=\"av-masonry-text-sep text-sep-author\">\/<\/span><span class='av-masonry-author meta-color vcard author'><span class='fn'>by <\/span><\/span><\/div><\/div><\/figcaption><\/figure><\/a><!--end av-masonry entry--><a href=\"https:\/\/casa.oaxaca.gob.mx\/?p=6666\" id='av-masonry-1-item-6666' data-av-masonry-item='6666' class='av-masonry-entry isotope-item post-6666 post type-post status-publish format-standard has-post-thumbnail hentry category-eventos-cerrados-2019 all_sort eventos-cerrados-2019_sort  av-masonry-item-with-image' title=\"Taller: C\u00f3digo creativo para artes visuales y sonoras. Imparte: Iv\u00e1n Abreu\"  itemscope=\"itemscope\" itemtype=\"https:\/\/schema.org\/CreativeWork\" ><div class='av-inner-masonry-sizer'><\/div><figure class='av-inner-masonry main_color'><div class=\"av-masonry-outerimage-container\"><div class=\"av-masonry-image-container\" style=\"background-image: url(https:\/\/casa.oaxaca.gob.mx\/wp-content\/uploads\/2019\/06\/zscds.jpg);\"><img decoding=\"async\" src=\"https:\/\/casa.oaxaca.gob.mx\/wp-content\/uploads\/2019\/06\/zscds.jpg\" title=\"zscds\" alt=\"\" \/><\/div><\/div><figcaption class='av-inner-masonry-content site-background'><div class='av-inner-masonry-content-pos'><div class='av-inner-masonry-content-pos-content'><div class='avia-arrow'><\/div><h3 class='av-masonry-entry-title entry-title'  itemprop=\"headline\" >Taller: C\u00f3digo creativo para artes visuales y sonoras. Imparte: Iv\u00e1n Abreu<\/h3><span class='av-masonry-date meta-color updated'><\/span><span class=\"av-masonry-text-sep text-sep-author\">\/<\/span><span class='av-masonry-author meta-color vcard author'><span class='fn'>by <\/span><\/span><\/div><\/div><\/figcaption><\/figure><\/a><!--end av-masonry entry--><a href=\"https:\/\/casa.oaxaca.gob.mx\/?p=6657\" id='av-masonry-1-item-6657' data-av-masonry-item='6657' class='av-masonry-entry isotope-item post-6657 post type-post status-publish format-standard has-post-thumbnail hentry category-eventos-cerrados-2019 all_sort eventos-cerrados-2019_sort  av-masonry-item-with-image' title=\"Laboratorio: Dibujemos y publiquemos Juntos \u201cLa Muerteada\u201d\"  itemscope=\"itemscope\" itemtype=\"https:\/\/schema.org\/CreativeWork\" ><div class='av-inner-masonry-sizer'><\/div><figure class='av-inner-masonry main_color'><div class=\"av-masonry-outerimage-container\"><div class=\"av-masonry-image-container\" style=\"background-image: url(https:\/\/casa.oaxaca.gob.mx\/wp-content\/uploads\/2019\/06\/Sin-ti\u0301tulo-1-27.jpg);\"><img decoding=\"async\" src=\"https:\/\/casa.oaxaca.gob.mx\/wp-content\/uploads\/2019\/06\/Sin-ti\u0301tulo-1-27.jpg\" title=\"Sin-ti\u0301tulo-1\" alt=\"\" \/><\/div><\/div><figcaption class='av-inner-masonry-content site-background'><div class='av-inner-masonry-content-pos'><div class='av-inner-masonry-content-pos-content'><div class='avia-arrow'><\/div><h3 class='av-masonry-entry-title entry-title'  itemprop=\"headline\" >Laboratorio: Dibujemos y publiquemos Juntos \u201cLa Muerteada\u201d<\/h3><span class='av-masonry-date meta-color updated'><\/span><span class=\"av-masonry-text-sep text-sep-author\">\/<\/span><span class='av-masonry-author meta-color vcard author'><span class='fn'>by <\/span><\/span><\/div><\/div><\/figcaption><\/figure><\/a><!--end av-masonry entry--><a href=\"https:\/\/casa.oaxaca.gob.mx\/?p=6632\" id='av-masonry-1-item-6632' data-av-masonry-item='6632' class='av-masonry-entry isotope-item post-6632 post type-post status-publish format-standard has-post-thumbnail hentry category-eventos-cerrados-2019 all_sort eventos-cerrados-2019_sort  av-masonry-item-with-image' title=\"Laboratorio de intervenci\u00f3n con videodanza y escena expandida.\"  itemscope=\"itemscope\" itemtype=\"https:\/\/schema.org\/CreativeWork\" ><div class='av-inner-masonry-sizer'><\/div><figure class='av-inner-masonry main_color'><div class=\"av-masonry-outerimage-container\"><div class=\"av-masonry-image-container\" style=\"background-image: url(https:\/\/casa.oaxaca.gob.mx\/wp-content\/uploads\/2019\/06\/sdfd-1.jpg);\"><img decoding=\"async\" src=\"https:\/\/casa.oaxaca.gob.mx\/wp-content\/uploads\/2019\/06\/sdfd-1.jpg\" title=\"sdfd\" alt=\"\" \/><\/div><\/div><figcaption class='av-inner-masonry-content site-background'><div class='av-inner-masonry-content-pos'><div class='av-inner-masonry-content-pos-content'><div class='avia-arrow'><\/div><h3 class='av-masonry-entry-title entry-title'  itemprop=\"headline\" >Laboratorio de intervenci\u00f3n con videodanza y escena expandida.<\/h3><span class='av-masonry-date meta-color updated'><\/span><span class=\"av-masonry-text-sep text-sep-author\">\/<\/span><span class='av-masonry-author meta-color vcard author'><span class='fn'>by <\/span><\/span><\/div><\/div><\/figcaption><\/figure><\/a><!--end av-masonry entry--><a href=\"https:\/\/casa.oaxaca.gob.mx\/?p=6622\" id='av-masonry-1-item-6622' data-av-masonry-item='6622' class='av-masonry-entry isotope-item post-6622 post type-post status-publish format-standard has-post-thumbnail hentry category-eventos-cerrados-2019 all_sort eventos-cerrados-2019_sort  av-masonry-item-with-image' title=\"Taller: Dibujo, acci\u00f3n y arte contempor\u00e1neo. Imparte: Victor Sulser\"  itemscope=\"itemscope\" itemtype=\"https:\/\/schema.org\/CreativeWork\" ><div class='av-inner-masonry-sizer'><\/div><figure class='av-inner-masonry main_color'><div class=\"av-masonry-outerimage-container\"><div class=\"av-masonry-image-container\" style=\"background-image: url(https:\/\/casa.oaxaca.gob.mx\/wp-content\/uploads\/2019\/06\/sdfsd.jpg);\"><img decoding=\"async\" src=\"https:\/\/casa.oaxaca.gob.mx\/wp-content\/uploads\/2019\/06\/sdfsd.jpg\" title=\"sdfsd\" alt=\"\" \/><\/div><\/div><figcaption class='av-inner-masonry-content site-background'><div class='av-inner-masonry-content-pos'><div class='av-inner-masonry-content-pos-content'><div class='avia-arrow'><\/div><h3 class='av-masonry-entry-title entry-title'  itemprop=\"headline\" >Taller: Dibujo, acci\u00f3n y arte contempor\u00e1neo. Imparte: Victor Sulser<\/h3><span class='av-masonry-date meta-color updated'><\/span><span class=\"av-masonry-text-sep text-sep-author\">\/<\/span><span class='av-masonry-author meta-color vcard author'><span class='fn'>by <\/span><\/span><\/div><\/div><\/figcaption><\/figure><\/a><!--end av-masonry entry--><a href=\"https:\/\/casa.oaxaca.gob.mx\/?p=6609\" id='av-masonry-1-item-6609' data-av-masonry-item='6609' class='av-masonry-entry isotope-item post-6609 post type-post status-publish format-standard has-post-thumbnail hentry category-eventos-cerrados-2019 all_sort eventos-cerrados-2019_sort  av-masonry-item-with-image' title=\"Exposici\u00f3n: Am\u00e9rica. Visiones nuevas desde el viejo mundo . Demi\u00e1n Flores\"  itemscope=\"itemscope\" itemtype=\"https:\/\/schema.org\/CreativeWork\" ><div class='av-inner-masonry-sizer'><\/div><figure class='av-inner-masonry main_color'><div class=\"av-masonry-outerimage-container\"><div class=\"av-masonry-image-container\" style=\"background-image: url(https:\/\/casa.oaxaca.gob.mx\/wp-content\/uploads\/2019\/06\/sdfd.jpg);\"><img decoding=\"async\" src=\"https:\/\/casa.oaxaca.gob.mx\/wp-content\/uploads\/2019\/06\/sdfd.jpg\" title=\"sdfd\" alt=\"\" \/><\/div><\/div><figcaption class='av-inner-masonry-content site-background'><div class='av-inner-masonry-content-pos'><div class='av-inner-masonry-content-pos-content'><div class='avia-arrow'><\/div><h3 class='av-masonry-entry-title entry-title'  itemprop=\"headline\" >Exposici\u00f3n: Am\u00e9rica. Visiones nuevas desde el viejo mundo . Demi\u00e1n Flores<\/h3><span class='av-masonry-date meta-color updated'><\/span><span class=\"av-masonry-text-sep text-sep-author\">\/<\/span><span class='av-masonry-author meta-color vcard author'><span class='fn'>by <\/span><\/span><\/div><\/div><\/figcaption><\/figure><\/a><!--end av-masonry entry--><a href=\"https:\/\/casa.oaxaca.gob.mx\/?p=6571\" id='av-masonry-1-item-6571' data-av-masonry-item='6571' class='av-masonry-entry isotope-item post-6571 post type-post status-publish format-standard has-post-thumbnail hentry category-eventos-cerrados-2019 all_sort eventos-cerrados-2019_sort  av-masonry-item-with-image' title=\"Taller de Maquetas arquitect\u00f3nicas para ni\u00f1os: Imparte. Enrique Salazar.\"  itemscope=\"itemscope\" itemtype=\"https:\/\/schema.org\/CreativeWork\" ><div class='av-inner-masonry-sizer'><\/div><figure class='av-inner-masonry main_color'><div class=\"av-masonry-outerimage-container\"><div class=\"av-masonry-image-container\" style=\"background-image: url(https:\/\/casa.oaxaca.gob.mx\/wp-content\/uploads\/2019\/05\/sdfd.jpg);\"><img decoding=\"async\" src=\"https:\/\/casa.oaxaca.gob.mx\/wp-content\/uploads\/2019\/05\/sdfd.jpg\" title=\"sdfd\" alt=\"\" \/><\/div><\/div><figcaption class='av-inner-masonry-content site-background'><div class='av-inner-masonry-content-pos'><div class='av-inner-masonry-content-pos-content'><div class='avia-arrow'><\/div><h3 class='av-masonry-entry-title entry-title'  itemprop=\"headline\" >Taller de Maquetas arquitect\u00f3nicas para ni\u00f1os: Imparte. Enrique Salazar.<\/h3><span class='av-masonry-date meta-color updated'><\/span><span class=\"av-masonry-text-sep text-sep-author\">\/<\/span><span class='av-masonry-author meta-color vcard author'><span class='fn'>by <\/span><\/span><\/div><\/div><\/figcaption><\/figure><\/a><!--end av-masonry entry--><a href=\"https:\/\/casa.oaxaca.gob.mx\/?p=6549\" id='av-masonry-1-item-6549' data-av-masonry-item='6549' class='av-masonry-entry isotope-item post-6549 post type-post status-publish format-standard has-post-thumbnail hentry category-eventos-cerrados-2019 all_sort eventos-cerrados-2019_sort  av-masonry-item-with-image' title=\"Taller: Diario de una exposici\u00f3n. De la curadur\u00eda al montaje expositivo\"  itemscope=\"itemscope\" itemtype=\"https:\/\/schema.org\/CreativeWork\" ><div class='av-inner-masonry-sizer'><\/div><figure class='av-inner-masonry main_color'><div class=\"av-masonry-outerimage-container\"><div class=\"av-masonry-image-container\" style=\"background-image: url(https:\/\/casa.oaxaca.gob.mx\/wp-content\/uploads\/2019\/05\/sd.jpg);\"><img decoding=\"async\" src=\"https:\/\/casa.oaxaca.gob.mx\/wp-content\/uploads\/2019\/05\/sd.jpg\" title=\"sd\" alt=\"\" \/><\/div><\/div><figcaption class='av-inner-masonry-content site-background'><div class='av-inner-masonry-content-pos'><div class='av-inner-masonry-content-pos-content'><div class='avia-arrow'><\/div><h3 class='av-masonry-entry-title entry-title'  itemprop=\"headline\" >Taller: Diario de una exposici\u00f3n. De la curadur\u00eda al montaje expositivo<\/h3><span class='av-masonry-date meta-color updated'><\/span><span class=\"av-masonry-text-sep text-sep-author\">\/<\/span><span class='av-masonry-author meta-color vcard author'><span class='fn'>by <\/span><\/span><\/div><\/div><\/figcaption><\/figure><\/a><!--end av-masonry entry--><a href=\"https:\/\/casa.oaxaca.gob.mx\/?p=6538\" id='av-masonry-1-item-6538' data-av-masonry-item='6538' class='av-masonry-entry isotope-item post-6538 post type-post status-publish format-standard has-post-thumbnail hentry category-eventos-cerrados-2019 all_sort eventos-cerrados-2019_sort  av-masonry-item-with-image' title=\"Taller: Visita guiada caracterizada. Imparte: Emmanuel M\u00e1rquez Peralta\"  itemscope=\"itemscope\" itemtype=\"https:\/\/schema.org\/CreativeWork\" ><div class='av-inner-masonry-sizer'><\/div><figure class='av-inner-masonry main_color'><div class=\"av-masonry-outerimage-container\"><div class=\"av-masonry-image-container\" style=\"background-image: url(https:\/\/casa.oaxaca.gob.mx\/wp-content\/uploads\/2019\/05\/sdfsd.jpg);\"><img decoding=\"async\" src=\"https:\/\/casa.oaxaca.gob.mx\/wp-content\/uploads\/2019\/05\/sdfsd.jpg\" title=\"sdfsd\" alt=\"\" \/><\/div><\/div><figcaption class='av-inner-masonry-content site-background'><div class='av-inner-masonry-content-pos'><div class='av-inner-masonry-content-pos-content'><div class='avia-arrow'><\/div><h3 class='av-masonry-entry-title entry-title'  itemprop=\"headline\" >Taller: Visita guiada caracterizada. Imparte: Emmanuel M\u00e1rquez Peralta<\/h3><span class='av-masonry-date meta-color updated'><\/span><span class=\"av-masonry-text-sep text-sep-author\">\/<\/span><span class='av-masonry-author meta-color vcard author'><span class='fn'>by <\/span><\/span><\/div><\/div><\/figcaption><\/figure><\/a><!--end av-masonry entry--><a href=\"https:\/\/casa.oaxaca.gob.mx\/?p=6529\" id='av-masonry-1-item-6529' data-av-masonry-item='6529' class='av-masonry-entry isotope-item post-6529 post type-post status-publish format-standard has-post-thumbnail hentry category-eventos-cerrados-2019 all_sort eventos-cerrados-2019_sort  av-masonry-item-with-image' title=\"Taller: Dibujo abstracto. Imparte: Becky Allen\"  itemscope=\"itemscope\" itemtype=\"https:\/\/schema.org\/CreativeWork\" ><div class='av-inner-masonry-sizer'><\/div><figure class='av-inner-masonry main_color'><div class=\"av-masonry-outerimage-container\"><div class=\"av-masonry-image-container\" style=\"background-image: url(https:\/\/casa.oaxaca.gob.mx\/wp-content\/uploads\/2019\/05\/sdfsdf.jpg);\"><img decoding=\"async\" src=\"https:\/\/casa.oaxaca.gob.mx\/wp-content\/uploads\/2019\/05\/sdfsdf.jpg\" title=\"sdfsdf\" alt=\"\" \/><\/div><\/div><figcaption class='av-inner-masonry-content site-background'><div class='av-inner-masonry-content-pos'><div class='av-inner-masonry-content-pos-content'><div class='avia-arrow'><\/div><h3 class='av-masonry-entry-title entry-title'  itemprop=\"headline\" >Taller: Dibujo abstracto. Imparte: Becky Allen<\/h3><span class='av-masonry-date meta-color updated'><\/span><span class=\"av-masonry-text-sep text-sep-author\">\/<\/span><span class='av-masonry-author meta-color vcard author'><span class='fn'>by <\/span><\/span><\/div><\/div><\/figcaption><\/figure><\/a><!--end av-masonry entry--><a href=\"https:\/\/casa.oaxaca.gob.mx\/?p=6509\" id='av-masonry-1-item-6509' data-av-masonry-item='6509' class='av-masonry-entry isotope-item post-6509 post type-post status-publish format-standard has-post-thumbnail hentry category-eventos-cerrados-2019 all_sort eventos-cerrados-2019_sort  av-masonry-item-with-image' title=\"Taller: Hacer fanzine desde la experiencia, edici\u00f3n gr\u00e1fica experimental. Imparte: Rub\u00e9n Cerrillo Garc\u00eda\"  itemscope=\"itemscope\" itemtype=\"https:\/\/schema.org\/CreativeWork\" ><div class='av-inner-masonry-sizer'><\/div><figure class='av-inner-masonry main_color'><div class=\"av-masonry-outerimage-container\"><div class=\"av-masonry-image-container\" style=\"background-image: url(https:\/\/casa.oaxaca.gob.mx\/wp-content\/uploads\/2019\/05\/sdfsd-1.jpg);\"><img decoding=\"async\" src=\"https:\/\/casa.oaxaca.gob.mx\/wp-content\/uploads\/2019\/05\/sdfsd-1.jpg\" title=\"sdfsd\" alt=\"\" \/><\/div><\/div><figcaption class='av-inner-masonry-content site-background'><div class='av-inner-masonry-content-pos'><div class='av-inner-masonry-content-pos-content'><div class='avia-arrow'><\/div><h3 class='av-masonry-entry-title entry-title'  itemprop=\"headline\" >Taller: Hacer fanzine desde la experiencia, edici\u00f3n gr\u00e1fica experimental. Imparte: Rub\u00e9n Cerrillo Garc\u00eda<\/h3><span class='av-masonry-date meta-color updated'><\/span><span class=\"av-masonry-text-sep text-sep-author\">\/<\/span><span class='av-masonry-author meta-color vcard author'><span class='fn'>by <\/span><\/span><\/div><\/div><\/figcaption><\/figure><\/a><!--end av-masonry entry--><a href=\"https:\/\/casa.oaxaca.gob.mx\/?p=6500\" id='av-masonry-1-item-6500' data-av-masonry-item='6500' class='av-masonry-entry isotope-item post-6500 post type-post status-publish format-standard has-post-thumbnail hentry category-eventos-cerrados-2019 all_sort eventos-cerrados-2019_sort  av-masonry-item-with-image' title=\"Taller: La narrativa gr\u00e1fica: otras maneras de contar historias\"  itemscope=\"itemscope\" itemtype=\"https:\/\/schema.org\/CreativeWork\" ><div class='av-inner-masonry-sizer'><\/div><figure class='av-inner-masonry main_color'><div class=\"av-masonry-outerimage-container\"><div class=\"av-masonry-image-container\" style=\"background-image: url(https:\/\/casa.oaxaca.gob.mx\/wp-content\/uploads\/2019\/05\/dfg.jpg);\"><img decoding=\"async\" src=\"https:\/\/casa.oaxaca.gob.mx\/wp-content\/uploads\/2019\/05\/dfg.jpg\" title=\"dfg\" alt=\"\" \/><\/div><\/div><figcaption class='av-inner-masonry-content site-background'><div class='av-inner-masonry-content-pos'><div class='av-inner-masonry-content-pos-content'><div class='avia-arrow'><\/div><h3 class='av-masonry-entry-title entry-title'  itemprop=\"headline\" >Taller: La narrativa gr\u00e1fica: otras maneras de contar historias<\/h3><span class='av-masonry-date meta-color updated'><\/span><span class=\"av-masonry-text-sep text-sep-author\">\/<\/span><span class='av-masonry-author meta-color vcard author'><span class='fn'>by <\/span><\/span><\/div><\/div><\/figcaption><\/figure><\/a><!--end av-masonry entry--><a href=\"https:\/\/casa.oaxaca.gob.mx\/?p=6492\" id='av-masonry-1-item-6492' data-av-masonry-item='6492' class='av-masonry-entry isotope-item post-6492 post type-post status-publish format-standard has-post-thumbnail hentry category-eventos-cerrados-2019 all_sort eventos-cerrados-2019_sort  av-masonry-item-with-image' title=\"Teatro. La mujer ni\u00f1a no despierta.\"  itemscope=\"itemscope\" itemtype=\"https:\/\/schema.org\/CreativeWork\" ><div class='av-inner-masonry-sizer'><\/div><figure class='av-inner-masonry main_color'><div class=\"av-masonry-outerimage-container\"><div class=\"av-masonry-image-container\" style=\"background-image: url(https:\/\/casa.oaxaca.gob.mx\/wp-content\/uploads\/2019\/05\/Sin-ti\u0301tulo-1-4.jpg);\"><img decoding=\"async\" src=\"https:\/\/casa.oaxaca.gob.mx\/wp-content\/uploads\/2019\/05\/Sin-ti\u0301tulo-1-4.jpg\" title=\"Sin-ti\u0301tulo-1\" alt=\"\" \/><\/div><\/div><figcaption class='av-inner-masonry-content site-background'><div class='av-inner-masonry-content-pos'><div class='av-inner-masonry-content-pos-content'><div class='avia-arrow'><\/div><h3 class='av-masonry-entry-title entry-title'  itemprop=\"headline\" >Teatro. La mujer ni\u00f1a no despierta.<\/h3><span class='av-masonry-date meta-color updated'><\/span><span class=\"av-masonry-text-sep text-sep-author\">\/<\/span><span class='av-masonry-author meta-color vcard author'><span class='fn'>by <\/span><\/span><\/div><\/div><\/figcaption><\/figure><\/a><!--end av-masonry entry--><a href=\"https:\/\/casa.oaxaca.gob.mx\/?p=6467\" id='av-masonry-1-item-6467' data-av-masonry-item='6467' class='av-masonry-entry isotope-item post-6467 post type-post status-publish format-standard has-post-thumbnail hentry category-convocatorias-pasadas all_sort convocatorias-pasadas_sort  av-masonry-item-with-image' title=\"Residencias artisticas. CaSa-UDLAP\"  itemscope=\"itemscope\" itemtype=\"https:\/\/schema.org\/CreativeWork\" ><div class='av-inner-masonry-sizer'><\/div><figure class='av-inner-masonry main_color'><div class=\"av-masonry-outerimage-container\"><div class=\"av-masonry-image-container\" style=\"background-image: url(https:\/\/casa.oaxaca.gob.mx\/wp-content\/uploads\/2019\/05\/Sin-ti\u0301tulo-1-3.jpg);\"><img decoding=\"async\" src=\"https:\/\/casa.oaxaca.gob.mx\/wp-content\/uploads\/2019\/05\/Sin-ti\u0301tulo-1-3.jpg\" title=\"Sin-ti\u0301tulo-1\" alt=\"\" \/><\/div><\/div><figcaption class='av-inner-masonry-content site-background'><div class='av-inner-masonry-content-pos'><div class='av-inner-masonry-content-pos-content'><div class='avia-arrow'><\/div><h3 class='av-masonry-entry-title entry-title'  itemprop=\"headline\" >Residencias artisticas. CaSa-UDLAP<\/h3><span class='av-masonry-date meta-color updated'><\/span><span class=\"av-masonry-text-sep text-sep-author\">\/<\/span><span class='av-masonry-author meta-color vcard author'><span class='fn'>by <\/span><\/span><\/div><\/div><\/figcaption><\/figure><\/a><!--end av-masonry entry--><a href=\"https:\/\/casa.oaxaca.gob.mx\/?p=6453\" id='av-masonry-1-item-6453' data-av-masonry-item='6453' class='av-masonry-entry isotope-item post-6453 post type-post status-publish format-standard has-post-thumbnail hentry category-eventos-cerrados-2019 all_sort eventos-cerrados-2019_sort  av-masonry-item-with-image' title=\"Taller: Composici\u00f3n tipogr\u00e1fica: la letra como imagen. Imparte: Karina D\u00edaz\"  itemscope=\"itemscope\" itemtype=\"https:\/\/schema.org\/CreativeWork\" ><div class='av-inner-masonry-sizer'><\/div><figure class='av-inner-masonry main_color'><div class=\"av-masonry-outerimage-container\"><div class=\"av-masonry-image-container\" style=\"background-image: url(https:\/\/casa.oaxaca.gob.mx\/wp-content\/uploads\/2019\/05\/ds.jpg);\"><img decoding=\"async\" src=\"https:\/\/casa.oaxaca.gob.mx\/wp-content\/uploads\/2019\/05\/ds.jpg\" title=\"ds\" alt=\"\" \/><\/div><\/div><figcaption class='av-inner-masonry-content site-background'><div class='av-inner-masonry-content-pos'><div class='av-inner-masonry-content-pos-content'><div class='avia-arrow'><\/div><h3 class='av-masonry-entry-title entry-title'  itemprop=\"headline\" >Taller: Composici\u00f3n tipogr\u00e1fica: la letra como imagen. Imparte: Karina D\u00edaz<\/h3><span class='av-masonry-date meta-color updated'><\/span><span class=\"av-masonry-text-sep text-sep-author\">\/<\/span><span class='av-masonry-author meta-color vcard author'><span class='fn'>by <\/span><\/span><\/div><\/div><\/figcaption><\/figure><\/a><!--end av-masonry entry--><a href=\"https:\/\/casa.oaxaca.gob.mx\/?p=6436\" id='av-masonry-1-item-6436' data-av-masonry-item='6436' class='av-masonry-entry isotope-item post-6436 post type-post status-publish format-standard has-post-thumbnail hentry category-eventos-cerrados-2019 all_sort eventos-cerrados-2019_sort  av-masonry-item-with-image' title=\"Taller: Texturas y colores. Alebrijes realizados con la t\u00e9cnica de afelpado. Imparten: Mar\u00eda Ortiz y el Dr. Horacio Castrej\u00f3n.\"  itemscope=\"itemscope\" itemtype=\"https:\/\/schema.org\/CreativeWork\" ><div class='av-inner-masonry-sizer'><\/div><figure class='av-inner-masonry main_color'><div class=\"av-masonry-outerimage-container\"><div class=\"av-masonry-image-container\" style=\"background-image: url(https:\/\/casa.oaxaca.gob.mx\/wp-content\/uploads\/2019\/05\/sdf.jpg);\"><img decoding=\"async\" src=\"https:\/\/casa.oaxaca.gob.mx\/wp-content\/uploads\/2019\/05\/sdf.jpg\" title=\"sdf\" alt=\"\" \/><\/div><\/div><figcaption class='av-inner-masonry-content site-background'><div class='av-inner-masonry-content-pos'><div class='av-inner-masonry-content-pos-content'><div class='avia-arrow'><\/div><h3 class='av-masonry-entry-title entry-title'  itemprop=\"headline\" >Taller: Texturas y colores. Alebrijes realizados con la t\u00e9cnica de afelpado. Imparten: Mar\u00eda Ortiz y el Dr. Horacio Castrej\u00f3n.<\/h3><span class='av-masonry-date meta-color updated'><\/span><span class=\"av-masonry-text-sep text-sep-author\">\/<\/span><span class='av-masonry-author meta-color vcard author'><span class='fn'>by <\/span><\/span><\/div><\/div><\/figcaption><\/figure><\/a><!--end av-masonry entry--><a href=\"https:\/\/casa.oaxaca.gob.mx\/?p=6351\" id='av-masonry-1-item-6351' data-av-masonry-item='6351' class='av-masonry-entry isotope-item post-6351 post type-post status-publish format-standard has-post-thumbnail hentry category-eventos-cerrados-2019 all_sort eventos-cerrados-2019_sort  av-masonry-item-with-image' title=\"Taller: Dise\u00f1o de la interfaz-Indesign y su pensamiento para la Edici\u00f3n Gr\u00e1fica. Imparte: Irasema Ch\u00e1vez\"  itemscope=\"itemscope\" itemtype=\"https:\/\/schema.org\/CreativeWork\" ><div class='av-inner-masonry-sizer'><\/div><figure class='av-inner-masonry main_color'><div class=\"av-masonry-outerimage-container\"><div class=\"av-masonry-image-container\" style=\"background-image: url(https:\/\/casa.oaxaca.gob.mx\/wp-content\/uploads\/2019\/05\/sf-1.jpg);\"><img decoding=\"async\" src=\"https:\/\/casa.oaxaca.gob.mx\/wp-content\/uploads\/2019\/05\/sf-1.jpg\" title=\"sf\" alt=\"\" \/><\/div><\/div><figcaption class='av-inner-masonry-content site-background'><div class='av-inner-masonry-content-pos'><div class='av-inner-masonry-content-pos-content'><div class='avia-arrow'><\/div><h3 class='av-masonry-entry-title entry-title'  itemprop=\"headline\" >Taller: Dise\u00f1o de la interfaz-Indesign y su pensamiento para la Edici\u00f3n Gr\u00e1fica. Imparte: Irasema Ch\u00e1vez<\/h3><span class='av-masonry-date meta-color updated'><\/span><span class=\"av-masonry-text-sep text-sep-author\">\/<\/span><span class='av-masonry-author meta-color vcard author'><span class='fn'>by <\/span><\/span><\/div><\/div><\/figcaption><\/figure><\/a><!--end av-masonry entry--><a href=\"https:\/\/casa.oaxaca.gob.mx\/?p=6338\" id='av-masonry-1-item-6338' data-av-masonry-item='6338' class='av-masonry-entry isotope-item post-6338 post type-post status-publish format-standard has-post-thumbnail hentry category-eventos-cerrados-2019 all_sort eventos-cerrados-2019_sort  av-masonry-item-with-image' title=\"Taller: La escritura tipogr\u00e1fica, la letra y el texto en el dise\u00f1o editorial. Imparte: Mauricio Rivera Ferreiro\"  itemscope=\"itemscope\" itemtype=\"https:\/\/schema.org\/CreativeWork\" ><div class='av-inner-masonry-sizer'><\/div><figure class='av-inner-masonry main_color'><div class=\"av-masonry-outerimage-container\"><div class=\"av-masonry-image-container\" style=\"background-image: url(https:\/\/casa.oaxaca.gob.mx\/wp-content\/uploads\/2019\/04\/sdf.jpg);\"><img decoding=\"async\" src=\"https:\/\/casa.oaxaca.gob.mx\/wp-content\/uploads\/2019\/04\/sdf.jpg\" title=\"sdf\" alt=\"\" \/><\/div><\/div><figcaption class='av-inner-masonry-content site-background'><div class='av-inner-masonry-content-pos'><div class='av-inner-masonry-content-pos-content'><div class='avia-arrow'><\/div><h3 class='av-masonry-entry-title entry-title'  itemprop=\"headline\" >Taller: La escritura tipogr\u00e1fica, la letra y el texto en el dise\u00f1o editorial. Imparte: Mauricio Rivera Ferreiro<\/h3><span class='av-masonry-date meta-color updated'><\/span><span class=\"av-masonry-text-sep text-sep-author\">\/<\/span><span class='av-masonry-author meta-color vcard author'><span class='fn'>by <\/span><\/span><\/div><\/div><\/figcaption><\/figure><\/a><!--end av-masonry entry--><a href=\"https:\/\/casa.oaxaca.gob.mx\/?p=6314\" id='av-masonry-1-item-6314' data-av-masonry-item='6314' class='av-masonry-entry isotope-item post-6314 post type-post status-publish format-standard has-post-thumbnail hentry category-eventos-cerrados-2019 all_sort eventos-cerrados-2019_sort  av-masonry-item-with-image' title=\"Taller de dise\u00f1o de letra.\"  itemscope=\"itemscope\" itemtype=\"https:\/\/schema.org\/CreativeWork\" ><div class='av-inner-masonry-sizer'><\/div><figure class='av-inner-masonry main_color'><div class=\"av-masonry-outerimage-container\"><div class=\"av-masonry-image-container\" style=\"background-image: url(https:\/\/casa.oaxaca.gob.mx\/wp-content\/uploads\/2019\/04\/sdfds.jpg);\"><img decoding=\"async\" src=\"https:\/\/casa.oaxaca.gob.mx\/wp-content\/uploads\/2019\/04\/sdfds.jpg\" title=\"sdfds\" alt=\"\" \/><\/div><\/div><figcaption class='av-inner-masonry-content site-background'><div class='av-inner-masonry-content-pos'><div class='av-inner-masonry-content-pos-content'><div class='avia-arrow'><\/div><h3 class='av-masonry-entry-title entry-title'  itemprop=\"headline\" >Taller de dise\u00f1o de letra.<\/h3><span class='av-masonry-date meta-color updated'><\/span><span class=\"av-masonry-text-sep text-sep-author\">\/<\/span><span class='av-masonry-author meta-color vcard author'><span class='fn'>by <\/span><\/span><\/div><\/div><\/figcaption><\/figure><\/a><!--end av-masonry entry--><a href=\"https:\/\/casa.oaxaca.gob.mx\/?p=6303\" id='av-masonry-1-item-6303' data-av-masonry-item='6303' class='av-masonry-entry isotope-item post-6303 post type-post status-publish format-standard has-post-thumbnail hentry category-esposiciones-pasadas all_sort esposiciones-pasadas_sort  av-masonry-item-with-image' title=\"Exposici\u00f3n: 11 en punto de Elsa Medina\"  itemscope=\"itemscope\" itemtype=\"https:\/\/schema.org\/CreativeWork\" ><div class='av-inner-masonry-sizer'><\/div><figure class='av-inner-masonry main_color'><div class=\"av-masonry-outerimage-container\"><div class=\"av-masonry-image-container\" style=\"background-image: url(https:\/\/casa.oaxaca.gob.mx\/wp-content\/uploads\/2019\/04\/Zo2erVIA-705x620.jpg);\"><img decoding=\"async\" src=\"https:\/\/casa.oaxaca.gob.mx\/wp-content\/uploads\/2019\/04\/Zo2erVIA-705x620.jpg\" title=\"Zo2erVIA\" alt=\"\" \/><\/div><\/div><figcaption class='av-inner-masonry-content site-background'><div class='av-inner-masonry-content-pos'><div class='av-inner-masonry-content-pos-content'><div class='avia-arrow'><\/div><h3 class='av-masonry-entry-title entry-title'  itemprop=\"headline\" >Exposici\u00f3n: 11 en punto de Elsa Medina<\/h3><span class='av-masonry-date meta-color updated'><\/span><span class=\"av-masonry-text-sep text-sep-author\">\/<\/span><span class='av-masonry-author meta-color vcard author'><span class='fn'>by <\/span><\/span><\/div><\/div><\/figcaption><\/figure><\/a><!--end av-masonry entry--><a href=\"https:\/\/casa.oaxaca.gob.mx\/?p=6295\" id='av-masonry-1-item-6295' data-av-masonry-item='6295' class='av-masonry-entry isotope-item post-6295 post type-post status-publish format-standard has-post-thumbnail hentry category-eventos-cerrados-2019 all_sort eventos-cerrados-2019_sort  av-masonry-item-with-image' title=\"El futuro nos dur\u00f3 muy poco: taller de Interdisciplina y transversalidad\"  itemscope=\"itemscope\" itemtype=\"https:\/\/schema.org\/CreativeWork\" ><div class='av-inner-masonry-sizer'><\/div><figure class='av-inner-masonry main_color'><div class=\"av-masonry-outerimage-container\"><div class=\"av-masonry-image-container\" style=\"background-image: url(https:\/\/casa.oaxaca.gob.mx\/wp-content\/uploads\/2019\/04\/asdws.jpg);\"><img decoding=\"async\" src=\"https:\/\/casa.oaxaca.gob.mx\/wp-content\/uploads\/2019\/04\/asdws.jpg\" title=\"asdws\" alt=\"\" \/><\/div><\/div><figcaption class='av-inner-masonry-content site-background'><div class='av-inner-masonry-content-pos'><div class='av-inner-masonry-content-pos-content'><div class='avia-arrow'><\/div><h3 class='av-masonry-entry-title entry-title'  itemprop=\"headline\" >El futuro nos dur\u00f3 muy poco: taller de Interdisciplina y transversalidad<\/h3><span class='av-masonry-date meta-color updated'><\/span><span class=\"av-masonry-text-sep text-sep-author\">\/<\/span><span class='av-masonry-author meta-color vcard author'><span class='fn'>by <\/span><\/span><\/div><\/div><\/figcaption><\/figure><\/a><!--end av-masonry entry--><a href=\"https:\/\/casa.oaxaca.gob.mx\/?p=6286\" id='av-masonry-1-item-6286' data-av-masonry-item='6286' class='av-masonry-entry isotope-item post-6286 post type-post status-publish format-standard has-post-thumbnail hentry category-eventos-cerrados-2019 all_sort eventos-cerrados-2019_sort  av-masonry-item-with-image' title=\"Taller: Grabado animado.\"  itemscope=\"itemscope\" itemtype=\"https:\/\/schema.org\/CreativeWork\" ><div class='av-inner-masonry-sizer'><\/div><figure class='av-inner-masonry main_color'><div class=\"av-masonry-outerimage-container\"><div class=\"av-masonry-image-container\" style=\"background-image: url(https:\/\/casa.oaxaca.gob.mx\/wp-content\/uploads\/2019\/04\/sdf-1.jpg);\"><img decoding=\"async\" src=\"https:\/\/casa.oaxaca.gob.mx\/wp-content\/uploads\/2019\/04\/sdf-1.jpg\" title=\"sdf\" alt=\"\" \/><\/div><\/div><figcaption class='av-inner-masonry-content site-background'><div class='av-inner-masonry-content-pos'><div class='av-inner-masonry-content-pos-content'><div class='avia-arrow'><\/div><h3 class='av-masonry-entry-title entry-title'  itemprop=\"headline\" >Taller: Grabado animado.<\/h3><span class='av-masonry-date meta-color updated'><\/span><span class=\"av-masonry-text-sep text-sep-author\">\/<\/span><span class='av-masonry-author meta-color vcard author'><span class='fn'>by <\/span><\/span><\/div><\/div><\/figcaption><\/figure><\/a><!--end av-masonry entry--><a href=\"https:\/\/casa.oaxaca.gob.mx\/?p=6277\" id='av-masonry-1-item-6277' data-av-masonry-item='6277' class='av-masonry-entry isotope-item post-6277 post type-post status-publish format-standard has-post-thumbnail hentry category-eventos-cerrados-2019 all_sort eventos-cerrados-2019_sort  av-masonry-item-with-image' title=\"Taller de Encuadernaci\u00f3n artesanal semiflexible y tres piezas.\"  itemscope=\"itemscope\" itemtype=\"https:\/\/schema.org\/CreativeWork\" ><div class='av-inner-masonry-sizer'><\/div><figure class='av-inner-masonry main_color'><div class=\"av-masonry-outerimage-container\"><div class=\"av-masonry-image-container\" style=\"background-image: url(https:\/\/casa.oaxaca.gob.mx\/wp-content\/uploads\/2019\/04\/acxd.jpg);\"><img decoding=\"async\" src=\"https:\/\/casa.oaxaca.gob.mx\/wp-content\/uploads\/2019\/04\/acxd.jpg\" title=\"acxd\" alt=\"\" \/><\/div><\/div><figcaption class='av-inner-masonry-content site-background'><div class='av-inner-masonry-content-pos'><div class='av-inner-masonry-content-pos-content'><div class='avia-arrow'><\/div><h3 class='av-masonry-entry-title entry-title'  itemprop=\"headline\" >Taller de Encuadernaci\u00f3n artesanal semiflexible y tres piezas.<\/h3><span class='av-masonry-date meta-color updated'><\/span><span class=\"av-masonry-text-sep text-sep-author\">\/<\/span><span class='av-masonry-author meta-color vcard author'><span class='fn'>by <\/span><\/span><\/div><\/div><\/figcaption><\/figure><\/a><!--end av-masonry entry--><a href=\"https:\/\/casa.oaxaca.gob.mx\/?p=6263\" id='av-masonry-1-item-6263' data-av-masonry-item='6263' class='av-masonry-entry isotope-item post-6263 post type-post status-publish format-standard has-post-thumbnail hentry category-eventos-cerrados-2019 all_sort eventos-cerrados-2019_sort  av-masonry-item-with-image' title=\"\u00a1An\u00edmate! Taller de creaci\u00f3n audiovisual para formadores\"  itemscope=\"itemscope\" itemtype=\"https:\/\/schema.org\/CreativeWork\" ><div class='av-inner-masonry-sizer'><\/div><figure class='av-inner-masonry main_color'><div class=\"av-masonry-outerimage-container\"><div class=\"av-masonry-image-container\" style=\"background-image: url(https:\/\/casa.oaxaca.gob.mx\/wp-content\/uploads\/2019\/04\/asd.jpg);\"><img decoding=\"async\" src=\"https:\/\/casa.oaxaca.gob.mx\/wp-content\/uploads\/2019\/04\/asd.jpg\" title=\"asd\" alt=\"\" \/><\/div><\/div><figcaption class='av-inner-masonry-content site-background'><div class='av-inner-masonry-content-pos'><div class='av-inner-masonry-content-pos-content'><div class='avia-arrow'><\/div><h3 class='av-masonry-entry-title entry-title'  itemprop=\"headline\" >\u00a1An\u00edmate! Taller de creaci\u00f3n audiovisual para formadores<\/h3><span class='av-masonry-date meta-color updated'><\/span><span class=\"av-masonry-text-sep text-sep-author\">\/<\/span><span class='av-masonry-author meta-color vcard author'><span class='fn'>by <\/span><\/span><\/div><\/div><\/figcaption><\/figure><\/a><!--end av-masonry entry--><a href=\"https:\/\/casa.oaxaca.gob.mx\/?p=6246\" id='av-masonry-1-item-6246' data-av-masonry-item='6246' class='av-masonry-entry isotope-item post-6246 post type-post status-publish format-standard has-post-thumbnail hentry category-eventos-cerrados-2019 all_sort eventos-cerrados-2019_sort  av-masonry-item-with-image' title=\"Taller de pintura sobre papel amate.\"  itemscope=\"itemscope\" itemtype=\"https:\/\/schema.org\/CreativeWork\" ><div class='av-inner-masonry-sizer'><\/div><figure class='av-inner-masonry main_color'><div class=\"av-masonry-outerimage-container\"><div class=\"av-masonry-image-container\" style=\"background-image: url(https:\/\/casa.oaxaca.gob.mx\/wp-content\/uploads\/2019\/04\/fsdf.jpg);\"><img decoding=\"async\" src=\"https:\/\/casa.oaxaca.gob.mx\/wp-content\/uploads\/2019\/04\/fsdf.jpg\" title=\"fsdf\" alt=\"\" \/><\/div><\/div><figcaption class='av-inner-masonry-content site-background'><div class='av-inner-masonry-content-pos'><div class='av-inner-masonry-content-pos-content'><div class='avia-arrow'><\/div><h3 class='av-masonry-entry-title entry-title'  itemprop=\"headline\" >Taller de pintura sobre papel amate.<\/h3><span class='av-masonry-date meta-color updated'><\/span><span class=\"av-masonry-text-sep text-sep-author\">\/<\/span><span class='av-masonry-author meta-color vcard author'><span class='fn'>by <\/span><\/span><\/div><\/div><\/figcaption><\/figure><\/a><!--end av-masonry entry--><a href=\"https:\/\/casa.oaxaca.gob.mx\/?p=6225\" id='av-masonry-1-item-6225' data-av-masonry-item='6225' class='av-masonry-entry isotope-item post-6225 post type-post status-publish format-standard has-post-thumbnail hentry category-sin-categoria all_sort sin-categoria_sort  av-masonry-item-with-image' title=\"Taller: Mosaico Veneciano.\"  itemscope=\"itemscope\" itemtype=\"https:\/\/schema.org\/CreativeWork\" ><div class='av-inner-masonry-sizer'><\/div><figure class='av-inner-masonry main_color'><div class=\"av-masonry-outerimage-container\"><div class=\"av-masonry-image-container\" style=\"background-image: url(https:\/\/casa.oaxaca.gob.mx\/wp-content\/uploads\/2019\/04\/etr.jpg);\"><img decoding=\"async\" src=\"https:\/\/casa.oaxaca.gob.mx\/wp-content\/uploads\/2019\/04\/etr.jpg\" title=\"etr\" alt=\"\" \/><\/div><\/div><figcaption class='av-inner-masonry-content site-background'><div class='av-inner-masonry-content-pos'><div class='av-inner-masonry-content-pos-content'><div class='avia-arrow'><\/div><h3 class='av-masonry-entry-title entry-title'  itemprop=\"headline\" >Taller: Mosaico Veneciano.<\/h3><span class='av-masonry-date meta-color updated'><\/span><span class=\"av-masonry-text-sep text-sep-author\">\/<\/span><span class='av-masonry-author meta-color vcard author'><span class='fn'>by <\/span><\/span><\/div><\/div><\/figcaption><\/figure><\/a><!--end av-masonry entry--><a href=\"https:\/\/casa.oaxaca.gob.mx\/?p=6215\" id='av-masonry-1-item-6215' data-av-masonry-item='6215' class='av-masonry-entry isotope-item post-6215 post type-post status-publish format-standard has-post-thumbnail hentry category-eventos-cerrados-2019 all_sort eventos-cerrados-2019_sort  av-masonry-item-with-image' title=\"Taller: Prende tu prenda\"  itemscope=\"itemscope\" itemtype=\"https:\/\/schema.org\/CreativeWork\" ><div class='av-inner-masonry-sizer'><\/div><figure class='av-inner-masonry main_color'><div class=\"av-masonry-outerimage-container\"><div class=\"av-masonry-image-container\" style=\"background-image: url(https:\/\/casa.oaxaca.gob.mx\/wp-content\/uploads\/2019\/04\/df.jpg);\"><img decoding=\"async\" src=\"https:\/\/casa.oaxaca.gob.mx\/wp-content\/uploads\/2019\/04\/df.jpg\" title=\"df\" alt=\"\" \/><\/div><\/div><figcaption class='av-inner-masonry-content site-background'><div class='av-inner-masonry-content-pos'><div class='av-inner-masonry-content-pos-content'><div class='avia-arrow'><\/div><h3 class='av-masonry-entry-title entry-title'  itemprop=\"headline\" >Taller: Prende tu prenda<\/h3><span class='av-masonry-date meta-color updated'><\/span><span class=\"av-masonry-text-sep text-sep-author\">\/<\/span><span class='av-masonry-author meta-color vcard author'><span class='fn'>by <\/span><\/span><\/div><\/div><\/figcaption><\/figure><\/a><!--end av-masonry entry--><a href=\"https:\/\/casa.oaxaca.gob.mx\/?p=6199\" id='av-masonry-1-item-6199' data-av-masonry-item='6199' class='av-masonry-entry isotope-item post-6199 post type-post status-publish format-standard has-post-thumbnail hentry category-eventos-cerrados-2019 all_sort eventos-cerrados-2019_sort  av-masonry-item-with-image' title=\"Taller: Paisaje Alternativo: Imparte: Alfredo De St\u00e9fano.\"  itemscope=\"itemscope\" itemtype=\"https:\/\/schema.org\/CreativeWork\" ><div class='av-inner-masonry-sizer'><\/div><figure class='av-inner-masonry main_color'><div class=\"av-masonry-outerimage-container\"><div class=\"av-masonry-image-container\" style=\"background-image: url(https:\/\/casa.oaxaca.gob.mx\/wp-content\/uploads\/2019\/03\/sdf.jpg);\"><img decoding=\"async\" src=\"https:\/\/casa.oaxaca.gob.mx\/wp-content\/uploads\/2019\/03\/sdf.jpg\" title=\"sdf\" alt=\"\" \/><\/div><\/div><figcaption class='av-inner-masonry-content site-background'><div class='av-inner-masonry-content-pos'><div class='av-inner-masonry-content-pos-content'><div class='avia-arrow'><\/div><h3 class='av-masonry-entry-title entry-title'  itemprop=\"headline\" >Taller: Paisaje Alternativo: Imparte: Alfredo De St\u00e9fano.<\/h3><span class='av-masonry-date meta-color updated'><\/span><span class=\"av-masonry-text-sep text-sep-author\">\/<\/span><span class='av-masonry-author meta-color vcard author'><span class='fn'>by <\/span><\/span><\/div><\/div><\/figcaption><\/figure><\/a><!--end av-masonry entry--><a href=\"https:\/\/casa.oaxaca.gob.mx\/?p=6187\" id='av-masonry-1-item-6187' data-av-masonry-item='6187' class='av-masonry-entry isotope-item post-6187 post type-post status-publish format-standard has-post-thumbnail hentry category-eventos-cerrados-2019 all_sort eventos-cerrados-2019_sort  av-masonry-item-with-image' title=\"Taller de exploraciones art\u00edsticas para madres.\"  itemscope=\"itemscope\" itemtype=\"https:\/\/schema.org\/CreativeWork\" ><div class='av-inner-masonry-sizer'><\/div><figure class='av-inner-masonry main_color'><div class=\"av-masonry-outerimage-container\"><div class=\"av-masonry-image-container\" style=\"background-image: url(https:\/\/casa.oaxaca.gob.mx\/wp-content\/uploads\/2019\/03\/Sin-ti\u0301tulo-1-8.jpg);\"><img decoding=\"async\" src=\"https:\/\/casa.oaxaca.gob.mx\/wp-content\/uploads\/2019\/03\/Sin-ti\u0301tulo-1-8.jpg\" title=\"Sin-ti\u0301tulo-1\" alt=\"\" \/><\/div><\/div><figcaption class='av-inner-masonry-content site-background'><div class='av-inner-masonry-content-pos'><div class='av-inner-masonry-content-pos-content'><div class='avia-arrow'><\/div><h3 class='av-masonry-entry-title entry-title'  itemprop=\"headline\" >Taller de exploraciones art\u00edsticas para madres.<\/h3><span class='av-masonry-date meta-color updated'><\/span><span class=\"av-masonry-text-sep text-sep-author\">\/<\/span><span class='av-masonry-author meta-color vcard author'><span class='fn'>by <\/span><\/span><\/div><\/div><\/figcaption><\/figure><\/a><!--end av-masonry entry--><a href=\"https:\/\/casa.oaxaca.gob.mx\/?p=6176\" id='av-masonry-1-item-6176' data-av-masonry-item='6176' class='av-masonry-entry isotope-item post-6176 post type-post status-publish format-standard has-post-thumbnail hentry category-eventos-cerrados-2019 all_sort eventos-cerrados-2019_sort  av-masonry-item-with-image' title=\"Taller: Dibutronics. Imparte: Cristina Brambila\"  itemscope=\"itemscope\" itemtype=\"https:\/\/schema.org\/CreativeWork\" ><div class='av-inner-masonry-sizer'><\/div><figure class='av-inner-masonry main_color'><div class=\"av-masonry-outerimage-container\"><div class=\"av-masonry-image-container\" style=\"background-image: url(https:\/\/casa.oaxaca.gob.mx\/wp-content\/uploads\/2019\/03\/fsadgf.jpg);\"><img decoding=\"async\" src=\"https:\/\/casa.oaxaca.gob.mx\/wp-content\/uploads\/2019\/03\/fsadgf.jpg\" title=\"fsadgf\" alt=\"\" \/><\/div><\/div><figcaption class='av-inner-masonry-content site-background'><div class='av-inner-masonry-content-pos'><div class='av-inner-masonry-content-pos-content'><div class='avia-arrow'><\/div><h3 class='av-masonry-entry-title entry-title'  itemprop=\"headline\" >Taller: Dibutronics. Imparte: Cristina Brambila<\/h3><span class='av-masonry-date meta-color updated'><\/span><span class=\"av-masonry-text-sep text-sep-author\">\/<\/span><span class='av-masonry-author meta-color vcard author'><span class='fn'>by <\/span><\/span><\/div><\/div><\/figcaption><\/figure><\/a><!--end av-masonry entry--><a href=\"https:\/\/casa.oaxaca.gob.mx\/?p=6163\" id='av-masonry-1-item-6163' data-av-masonry-item='6163' class='av-masonry-entry isotope-item post-6163 post type-post status-publish format-standard has-post-thumbnail hentry category-convocatorias-pasadas all_sort convocatorias-pasadas_sort  av-masonry-item-with-image' title=\"Taller Estenopeico en el marco del D\u00e9cimo Aniversario de la Semana de Fotograf\u00eda Estenopeica en Oaxaca.\"  itemscope=\"itemscope\" itemtype=\"https:\/\/schema.org\/CreativeWork\" ><div class='av-inner-masonry-sizer'><\/div><figure class='av-inner-masonry main_color'><div class=\"av-masonry-outerimage-container\"><div class=\"av-masonry-image-container\" style=\"background-image: url(https:\/\/casa.oaxaca.gob.mx\/wp-content\/uploads\/2019\/03\/dfg.jpg);\"><img decoding=\"async\" src=\"https:\/\/casa.oaxaca.gob.mx\/wp-content\/uploads\/2019\/03\/dfg.jpg\" title=\"dfg\" alt=\"\" \/><\/div><\/div><figcaption class='av-inner-masonry-content site-background'><div class='av-inner-masonry-content-pos'><div class='av-inner-masonry-content-pos-content'><div class='avia-arrow'><\/div><h3 class='av-masonry-entry-title entry-title'  itemprop=\"headline\" >Taller Estenopeico en el marco del D\u00e9cimo Aniversario de la Semana de Fotograf\u00eda Estenopeica en Oaxaca.<\/h3><span class='av-masonry-date meta-color updated'><\/span><span class=\"av-masonry-text-sep text-sep-author\">\/<\/span><span class='av-masonry-author meta-color vcard author'><span class='fn'>by <\/span><\/span><\/div><\/div><\/figcaption><\/figure><\/a><!--end av-masonry entry--><a href=\"https:\/\/casa.oaxaca.gob.mx\/?p=6152\" id='av-masonry-1-item-6152' data-av-masonry-item='6152' class='av-masonry-entry isotope-item post-6152 post type-post status-publish format-standard has-post-thumbnail hentry category-eventos-cerrados-2019 all_sort eventos-cerrados-2019_sort  av-masonry-item-with-image' title=\"Taller: Plataforma LCD \u201cFormaci\u00f3n de formadores\u201d\"  itemscope=\"itemscope\" itemtype=\"https:\/\/schema.org\/CreativeWork\" ><div class='av-inner-masonry-sizer'><\/div><figure class='av-inner-masonry main_color'><div class=\"av-masonry-outerimage-container\"><div class=\"av-masonry-image-container\" style=\"background-image: url(https:\/\/casa.oaxaca.gob.mx\/wp-content\/uploads\/2019\/03\/wefrf.jpg);\"><img decoding=\"async\" src=\"https:\/\/casa.oaxaca.gob.mx\/wp-content\/uploads\/2019\/03\/wefrf.jpg\" title=\"wefrf\" alt=\"\" \/><\/div><\/div><figcaption class='av-inner-masonry-content site-background'><div class='av-inner-masonry-content-pos'><div class='av-inner-masonry-content-pos-content'><div class='avia-arrow'><\/div><h3 class='av-masonry-entry-title entry-title'  itemprop=\"headline\" >Taller: Plataforma LCD \u201cFormaci\u00f3n de formadores\u201d<\/h3><span class='av-masonry-date meta-color updated'><\/span><span class=\"av-masonry-text-sep text-sep-author\">\/<\/span><span class='av-masonry-author meta-color vcard author'><span class='fn'>by <\/span><\/span><\/div><\/div><\/figcaption><\/figure><\/a><!--end av-masonry entry--><a href=\"https:\/\/casa.oaxaca.gob.mx\/?p=6138\" id='av-masonry-1-item-6138' data-av-masonry-item='6138' class='av-masonry-entry isotope-item post-6138 post type-post status-publish format-standard has-post-thumbnail hentry category-eventos-cerrados-2019 all_sort eventos-cerrados-2019_sort  av-masonry-item-with-image' title=\"Taller: De la pulpa al papel tridimensional.\"  itemscope=\"itemscope\" itemtype=\"https:\/\/schema.org\/CreativeWork\" ><div class='av-inner-masonry-sizer'><\/div><figure class='av-inner-masonry main_color'><div class=\"av-masonry-outerimage-container\"><div class=\"av-masonry-image-container\" style=\"background-image: url(https:\/\/casa.oaxaca.gob.mx\/wp-content\/uploads\/2019\/03\/dfsf.jpg);\"><img decoding=\"async\" src=\"https:\/\/casa.oaxaca.gob.mx\/wp-content\/uploads\/2019\/03\/dfsf.jpg\" title=\"dfsf\" alt=\"\" \/><\/div><\/div><figcaption class='av-inner-masonry-content site-background'><div class='av-inner-masonry-content-pos'><div class='av-inner-masonry-content-pos-content'><div class='avia-arrow'><\/div><h3 class='av-masonry-entry-title entry-title'  itemprop=\"headline\" >Taller: De la pulpa al papel tridimensional.<\/h3><span class='av-masonry-date meta-color updated'><\/span><span class=\"av-masonry-text-sep text-sep-author\">\/<\/span><span class='av-masonry-author meta-color vcard author'><span class='fn'>by <\/span><\/span><\/div><\/div><\/figcaption><\/figure><\/a><!--end av-masonry entry--><a href=\"https:\/\/casa.oaxaca.gob.mx\/?p=6132\" id='av-masonry-1-item-6132' data-av-masonry-item='6132' class='av-masonry-entry isotope-item post-6132 post type-post status-publish format-standard has-post-thumbnail hentry category-eventos-cerrados-2019 all_sort eventos-cerrados-2019_sort  av-masonry-item-with-image' title=\"Primer Encuentro de Etla\"  itemscope=\"itemscope\" itemtype=\"https:\/\/schema.org\/CreativeWork\" ><div class='av-inner-masonry-sizer'><\/div><figure class='av-inner-masonry main_color'><div class=\"av-masonry-outerimage-container\"><div class=\"av-masonry-image-container\" style=\"background-image: url(https:\/\/casa.oaxaca.gob.mx\/wp-content\/uploads\/2019\/03\/Sin-ti\u0301tulo-1-3.jpg);\"><img decoding=\"async\" src=\"https:\/\/casa.oaxaca.gob.mx\/wp-content\/uploads\/2019\/03\/Sin-ti\u0301tulo-1-3.jpg\" title=\"Sin-ti\u0301tulo-1\" alt=\"\" \/><\/div><\/div><figcaption class='av-inner-masonry-content site-background'><div class='av-inner-masonry-content-pos'><div class='av-inner-masonry-content-pos-content'><div class='avia-arrow'><\/div><h3 class='av-masonry-entry-title entry-title'  itemprop=\"headline\" >Primer Encuentro de Etla<\/h3><span class='av-masonry-date meta-color updated'><\/span><span class=\"av-masonry-text-sep text-sep-author\">\/<\/span><span class='av-masonry-author meta-color vcard author'><span class='fn'>by <\/span><\/span><\/div><\/div><\/figcaption><\/figure><\/a><!--end av-masonry entry--><a href=\"https:\/\/casa.oaxaca.gob.mx\/?p=6108\" id='av-masonry-1-item-6108' data-av-masonry-item='6108' class='av-masonry-entry isotope-item post-6108 post type-post status-publish format-standard has-post-thumbnail hentry category-eventos-cerrados-2019 all_sort eventos-cerrados-2019_sort  av-masonry-item-with-image' title=\"Taller de guion cinematogr\u00e1fico. Imparte: David Pablos S\u00e1nchez.\"  itemscope=\"itemscope\" itemtype=\"https:\/\/schema.org\/CreativeWork\" ><div class='av-inner-masonry-sizer'><\/div><figure class='av-inner-masonry main_color'><div class=\"av-masonry-outerimage-container\"><div class=\"av-masonry-image-container\" style=\"background-image: url(https:\/\/casa.oaxaca.gob.mx\/wp-content\/uploads\/2019\/03\/Sin-ti\u0301tulo-1-2.jpg);\"><img decoding=\"async\" src=\"https:\/\/casa.oaxaca.gob.mx\/wp-content\/uploads\/2019\/03\/Sin-ti\u0301tulo-1-2.jpg\" title=\"Sin-ti\u0301tulo-1\" alt=\"\" \/><\/div><\/div><figcaption class='av-inner-masonry-content site-background'><div class='av-inner-masonry-content-pos'><div class='av-inner-masonry-content-pos-content'><div class='avia-arrow'><\/div><h3 class='av-masonry-entry-title entry-title'  itemprop=\"headline\" >Taller de guion cinematogr\u00e1fico. Imparte: David Pablos S\u00e1nchez.<\/h3><span class='av-masonry-date meta-color updated'><\/span><span class=\"av-masonry-text-sep text-sep-author\">\/<\/span><span class='av-masonry-author meta-color vcard author'><span class='fn'>by <\/span><\/span><\/div><\/div><\/figcaption><\/figure><\/a><!--end av-masonry entry--><a href=\"https:\/\/casa.oaxaca.gob.mx\/?p=6093\" id='av-masonry-1-item-6093' data-av-masonry-item='6093' class='av-masonry-entry isotope-item post-6093 post type-post status-publish format-standard has-post-thumbnail hentry category-esposiciones-pasadas all_sort esposiciones-pasadas_sort  av-masonry-item-with-image' title=\"FLOR GARDU\u00d1O. LA CONSTRUCCI\u00d3N DEL INSTANTE\"  itemscope=\"itemscope\" itemtype=\"https:\/\/schema.org\/CreativeWork\" ><div class='av-inner-masonry-sizer'><\/div><figure class='av-inner-masonry main_color'><div class=\"av-masonry-outerimage-container\"><div class=\"av-masonry-image-container\" style=\"background-image: url(https:\/\/casa.oaxaca.gob.mx\/wp-content\/uploads\/2019\/03\/Sin-ti\u0301tulo-1.jpg);\"><img decoding=\"async\" src=\"https:\/\/casa.oaxaca.gob.mx\/wp-content\/uploads\/2019\/03\/Sin-ti\u0301tulo-1.jpg\" title=\"Sin-ti\u0301tulo-1\" alt=\"\" \/><\/div><\/div><figcaption class='av-inner-masonry-content site-background'><div class='av-inner-masonry-content-pos'><div class='av-inner-masonry-content-pos-content'><div class='avia-arrow'><\/div><h3 class='av-masonry-entry-title entry-title'  itemprop=\"headline\" >FLOR GARDU\u00d1O. LA CONSTRUCCI\u00d3N DEL INSTANTE<\/h3><span class='av-masonry-date meta-color updated'><\/span><span class=\"av-masonry-text-sep text-sep-author\">\/<\/span><span class='av-masonry-author meta-color vcard author'><span class='fn'>by <\/span><\/span><\/div><\/div><\/figcaption><\/figure><\/a><!--end av-masonry entry--><a href=\"https:\/\/casa.oaxaca.gob.mx\/?p=6075\" id='av-masonry-1-item-6075' data-av-masonry-item='6075' class='av-masonry-entry isotope-item post-6075 post type-post status-publish format-standard has-post-thumbnail hentry category-diseno category-produccion-artistica all_sort diseno_sort  produccion-artistica_sort  av-masonry-item-with-image' title=\"Publicaci\u00f3n XXX aniversario del IAGO\"  itemscope=\"itemscope\" itemtype=\"https:\/\/schema.org\/CreativeWork\" ><div class='av-inner-masonry-sizer'><\/div><figure class='av-inner-masonry main_color'><div class=\"av-masonry-outerimage-container\"><div class=\"av-masonry-image-container\" style=\"background-image: url(https:\/\/casa.oaxaca.gob.mx\/wp-content\/uploads\/2019\/02\/portada-grafica-705x705.jpg);\"><img decoding=\"async\" src=\"https:\/\/casa.oaxaca.gob.mx\/wp-content\/uploads\/2019\/02\/portada-grafica-705x705.jpg\" title=\"portada-grafica\" alt=\"\" \/><\/div><\/div><figcaption class='av-inner-masonry-content site-background'><div class='av-inner-masonry-content-pos'><div class='av-inner-masonry-content-pos-content'><div class='avia-arrow'><\/div><h3 class='av-masonry-entry-title entry-title'  itemprop=\"headline\" >Publicaci\u00f3n XXX aniversario del IAGO<\/h3><span class='av-masonry-date meta-color updated'><\/span><span class=\"av-masonry-text-sep text-sep-author\">\/<\/span><span class='av-masonry-author meta-color vcard author'><span class='fn'>by <\/span><\/span><\/div><\/div><\/figcaption><\/figure><\/a><!--end av-masonry entry--><a href=\"https:\/\/casa.oaxaca.gob.mx\/?p=6057\" id='av-masonry-1-item-6057' data-av-masonry-item='6057' class='av-masonry-entry isotope-item post-6057 post type-post status-publish format-standard has-post-thumbnail hentry category-diseno category-produccion-artistica all_sort diseno_sort  produccion-artistica_sort  av-masonry-item-with-image' title=\"Publicaci\u00f3n XX aniversario del Taller Arte Papel Vista Hermosa\"  itemscope=\"itemscope\" itemtype=\"https:\/\/schema.org\/CreativeWork\" ><div class='av-inner-masonry-sizer'><\/div><figure class='av-inner-masonry main_color'><div class=\"av-masonry-outerimage-container\"><div class=\"av-masonry-image-container\" style=\"background-image: url(https:\/\/casa.oaxaca.gob.mx\/wp-content\/uploads\/2019\/02\/contraportada-aniversario-papel-705x705.jpg);\"><img decoding=\"async\" src=\"https:\/\/casa.oaxaca.gob.mx\/wp-content\/uploads\/2019\/02\/contraportada-aniversario-papel-705x705.jpg\" title=\"contraportada-aniversario-papel\" alt=\"\" \/><\/div><\/div><figcaption class='av-inner-masonry-content site-background'><div class='av-inner-masonry-content-pos'><div class='av-inner-masonry-content-pos-content'><div class='avia-arrow'><\/div><h3 class='av-masonry-entry-title entry-title'  itemprop=\"headline\" >Publicaci\u00f3n XX aniversario del Taller Arte Papel Vista Hermosa<\/h3><span class='av-masonry-date meta-color updated'><\/span><span class=\"av-masonry-text-sep text-sep-author\">\/<\/span><span class='av-masonry-author meta-color vcard author'><span class='fn'>by <\/span><\/span><\/div><\/div><\/figcaption><\/figure><\/a><!--end av-masonry entry--><a href=\"https:\/\/casa.oaxaca.gob.mx\/?p=6044\" id='av-masonry-1-item-6044' data-av-masonry-item='6044' class='av-masonry-entry isotope-item post-6044 post type-post status-publish format-standard has-post-thumbnail hentry category-materiales-didacticos category-produccion-artistica all_sort materiales-didacticos_sort  produccion-artistica_sort  av-masonry-item-with-image' title=\"Loter\u00eda Canera\"  itemscope=\"itemscope\" itemtype=\"https:\/\/schema.org\/CreativeWork\" ><div class='av-inner-masonry-sizer'><\/div><figure class='av-inner-masonry main_color'><div class=\"av-masonry-outerimage-container\"><div class=\"av-masonry-image-container\" style=\"background-image: url(https:\/\/casa.oaxaca.gob.mx\/wp-content\/uploads\/2019\/02\/loteria-canera-tapa-705x705.jpg);\"><img decoding=\"async\" src=\"https:\/\/casa.oaxaca.gob.mx\/wp-content\/uploads\/2019\/02\/loteria-canera-tapa-705x705.jpg\" title=\"loteria-canera-tapa\" alt=\"\" \/><\/div><\/div><figcaption class='av-inner-masonry-content site-background'><div class='av-inner-masonry-content-pos'><div class='av-inner-masonry-content-pos-content'><div class='avia-arrow'><\/div><h3 class='av-masonry-entry-title entry-title'  itemprop=\"headline\" >Loter\u00eda Canera<\/h3><span class='av-masonry-date meta-color updated'><\/span><span class=\"av-masonry-text-sep text-sep-author\">\/<\/span><span class='av-masonry-author meta-color vcard author'><span class='fn'>by <\/span><\/span><\/div><\/div><\/figcaption><\/figure><\/a><!--end av-masonry entry--><a href=\"https:\/\/casa.oaxaca.gob.mx\/?p=6033\" id='av-masonry-1-item-6033' data-av-masonry-item='6033' class='av-masonry-entry isotope-item post-6033 post type-post status-publish format-standard has-post-thumbnail hentry category-materiales-didacticos category-produccion-artistica all_sort materiales-didacticos_sort  produccion-artistica_sort  av-masonry-item-with-image' title=\"Libro de iluminar &#8211; Ilum\u00edname Legado de \u00c1frica en M\u00e9xico\"  itemscope=\"itemscope\" itemtype=\"https:\/\/schema.org\/CreativeWork\" ><div class='av-inner-masonry-sizer'><\/div><figure class='av-inner-masonry main_color'><div class=\"av-masonry-outerimage-container\"><div class=\"av-masonry-image-container\" style=\"background-image: url(https:\/\/casa.oaxaca.gob.mx\/wp-content\/uploads\/2019\/02\/africa-portada-705x705.jpg);\"><img decoding=\"async\" src=\"https:\/\/casa.oaxaca.gob.mx\/wp-content\/uploads\/2019\/02\/africa-portada-705x705.jpg\" title=\"africa-portada\" alt=\"\" \/><\/div><\/div><figcaption class='av-inner-masonry-content site-background'><div class='av-inner-masonry-content-pos'><div class='av-inner-masonry-content-pos-content'><div class='avia-arrow'><\/div><h3 class='av-masonry-entry-title entry-title'  itemprop=\"headline\" >Libro de iluminar &#8211; Ilum\u00edname Legado de \u00c1frica en M\u00e9xico<\/h3><span class='av-masonry-date meta-color updated'><\/span><span class=\"av-masonry-text-sep text-sep-author\">\/<\/span><span class='av-masonry-author meta-color vcard author'><span class='fn'>by <\/span><\/span><\/div><\/div><\/figcaption><\/figure><\/a><!--end av-masonry entry--><a href=\"https:\/\/casa.oaxaca.gob.mx\/?p=6018\" id='av-masonry-1-item-6018' data-av-masonry-item='6018' class='av-masonry-entry isotope-item post-6018 post type-post status-publish format-standard has-post-thumbnail hentry category-eventos-cerrados-2019 all_sort eventos-cerrados-2019_sort  av-masonry-item-with-image' title=\"Taller de Bordado: dibujo con hilo y aguja. Imparte Sarah Becker\"  itemscope=\"itemscope\" itemtype=\"https:\/\/schema.org\/CreativeWork\" ><div class='av-inner-masonry-sizer'><\/div><figure class='av-inner-masonry main_color'><div class=\"av-masonry-outerimage-container\"><div class=\"av-masonry-image-container\" style=\"background-image: url(https:\/\/casa.oaxaca.gob.mx\/wp-content\/uploads\/2019\/02\/22222.jpg);\"><img decoding=\"async\" src=\"https:\/\/casa.oaxaca.gob.mx\/wp-content\/uploads\/2019\/02\/22222.jpg\" title=\"22222\" alt=\"\" \/><\/div><\/div><figcaption class='av-inner-masonry-content site-background'><div class='av-inner-masonry-content-pos'><div class='av-inner-masonry-content-pos-content'><div class='avia-arrow'><\/div><h3 class='av-masonry-entry-title entry-title'  itemprop=\"headline\" >Taller de Bordado: dibujo con hilo y aguja. Imparte Sarah Becker<\/h3><span class='av-masonry-date meta-color updated'><\/span><span class=\"av-masonry-text-sep text-sep-author\">\/<\/span><span class='av-masonry-author meta-color vcard author'><span class='fn'>by <\/span><\/span><\/div><\/div><\/figcaption><\/figure><\/a><!--end av-masonry entry--><a href=\"https:\/\/casa.oaxaca.gob.mx\/?p=6010\" id='av-masonry-1-item-6010' data-av-masonry-item='6010' class='av-masonry-entry isotope-item post-6010 post type-post status-publish format-standard has-post-thumbnail hentry category-eventos-cerrados-2019 all_sort eventos-cerrados-2019_sort  av-masonry-item-with-image' title=\"El trayecto de la memoria: Laboratorio de butoh (movimiento org\u00e1nico) e intervenci\u00f3n esc\u00e9nica\"  itemscope=\"itemscope\" itemtype=\"https:\/\/schema.org\/CreativeWork\" ><div class='av-inner-masonry-sizer'><\/div><figure class='av-inner-masonry main_color'><div class=\"av-masonry-outerimage-container\"><div class=\"av-masonry-image-container\" style=\"background-image: url(https:\/\/casa.oaxaca.gob.mx\/wp-content\/uploads\/2019\/02\/Sin-ti\u0301tulo-1-5.jpg);\"><img decoding=\"async\" src=\"https:\/\/casa.oaxaca.gob.mx\/wp-content\/uploads\/2019\/02\/Sin-ti\u0301tulo-1-5.jpg\" title=\"Sin-ti\u0301tulo-1\" alt=\"\" \/><\/div><\/div><figcaption class='av-inner-masonry-content site-background'><div class='av-inner-masonry-content-pos'><div class='av-inner-masonry-content-pos-content'><div class='avia-arrow'><\/div><h3 class='av-masonry-entry-title entry-title'  itemprop=\"headline\" >El trayecto de la memoria: Laboratorio de butoh (movimiento org\u00e1nico) e intervenci\u00f3n esc\u00e9nica<\/h3><span class='av-masonry-date meta-color updated'><\/span><span class=\"av-masonry-text-sep text-sep-author\">\/<\/span><span class='av-masonry-author meta-color vcard author'><span class='fn'>by <\/span><\/span><\/div><\/div><\/figcaption><\/figure><\/a><!--end av-masonry entry--><a href=\"https:\/\/casa.oaxaca.gob.mx\/?p=6001\" id='av-masonry-1-item-6001' data-av-masonry-item='6001' class='av-masonry-entry isotope-item post-6001 post type-post status-publish format-standard has-post-thumbnail hentry category-premios-casa-2019 all_sort premios-casa-2019_sort  av-masonry-item-with-image' title=\"Premios CaSa &#8211; Creaci\u00f3n Literaria en Umbeyajts \/ Ombeayi\u00fcts (huave)\"  itemscope=\"itemscope\" itemtype=\"https:\/\/schema.org\/CreativeWork\" ><div class='av-inner-masonry-sizer'><\/div><figure class='av-inner-masonry main_color'><div class=\"av-masonry-outerimage-container\"><div class=\"av-masonry-image-container\" style=\"background-image: url(https:\/\/casa.oaxaca.gob.mx\/wp-content\/uploads\/2019\/02\/huave-705x550.jpg);\"><img decoding=\"async\" src=\"https:\/\/casa.oaxaca.gob.mx\/wp-content\/uploads\/2019\/02\/huave-705x550.jpg\" title=\"huave\" alt=\"\" \/><\/div><\/div><figcaption class='av-inner-masonry-content site-background'><div class='av-inner-masonry-content-pos'><div class='av-inner-masonry-content-pos-content'><div class='avia-arrow'><\/div><h3 class='av-masonry-entry-title entry-title'  itemprop=\"headline\" >Premios CaSa &#8211; Creaci\u00f3n Literaria en Umbeyajts \/ Ombeayi\u00fcts (huave)<\/h3><span class='av-masonry-date meta-color updated'><\/span><span class=\"av-masonry-text-sep text-sep-author\">\/<\/span><span class='av-masonry-author meta-color vcard author'><span class='fn'>by <\/span><\/span><\/div><\/div><\/figcaption><\/figure><\/a><!--end av-masonry entry--><a href=\"https:\/\/casa.oaxaca.gob.mx\/?p=5998\" id='av-masonry-1-item-5998' data-av-masonry-item='5998' class='av-masonry-entry isotope-item post-5998 post type-post status-publish format-standard has-post-thumbnail hentry category-premios-casa-2019 all_sort premios-casa-2019_sort  av-masonry-item-with-image' title=\"Premios CaSa &#8211; Creaci\u00f3n Literaria en Xn\u00e1nj nu&#8217; a \/ Stn\u00e1j ni&#8217; \/ Tnanj ni&#8217;inj (triqui).\"  itemscope=\"itemscope\" itemtype=\"https:\/\/schema.org\/CreativeWork\" ><div class='av-inner-masonry-sizer'><\/div><figure class='av-inner-masonry main_color'><div class=\"av-masonry-outerimage-container\"><div class=\"av-masonry-image-container\" style=\"background-image: url(https:\/\/casa.oaxaca.gob.mx\/wp-content\/uploads\/2019\/02\/triqui-705x550.jpg);\"><img decoding=\"async\" src=\"https:\/\/casa.oaxaca.gob.mx\/wp-content\/uploads\/2019\/02\/triqui-705x550.jpg\" title=\"triqui\" alt=\"\" \/><\/div><\/div><figcaption class='av-inner-masonry-content site-background'><div class='av-inner-masonry-content-pos'><div class='av-inner-masonry-content-pos-content'><div class='avia-arrow'><\/div><h3 class='av-masonry-entry-title entry-title'  itemprop=\"headline\" >Premios CaSa &#8211; Creaci\u00f3n Literaria en Xn\u00e1nj nu&#8217; a \/ Stn\u00e1j ni&#8217; \/ Tnanj ni&#8217;inj (triqui).<\/h3><span class='av-masonry-date meta-color updated'><\/span><span class=\"av-masonry-text-sep text-sep-author\">\/<\/span><span class='av-masonry-author meta-color vcard author'><span class='fn'>by <\/span><\/span><\/div><\/div><\/figcaption><\/figure><\/a><!--end av-masonry entry--><a href=\"https:\/\/casa.oaxaca.gob.mx\/?p=5994\" id='av-masonry-1-item-5994' data-av-masonry-item='5994' class='av-masonry-entry isotope-item post-5994 post type-post status-publish format-standard has-post-thumbnail hentry category-premios-casa-2019 all_sort premios-casa-2019_sort  av-masonry-item-with-image' title=\"Premios CaSa &#8211; Creaci\u00f3n Literaria en Lengua Ayuujk (mixe)\"  itemscope=\"itemscope\" itemtype=\"https:\/\/schema.org\/CreativeWork\" ><div class='av-inner-masonry-sizer'><\/div><figure class='av-inner-masonry main_color'><div class=\"av-masonry-outerimage-container\"><div class=\"av-masonry-image-container\" style=\"background-image: url(https:\/\/casa.oaxaca.gob.mx\/wp-content\/uploads\/2019\/02\/mixe-705x550.jpg);\"><img decoding=\"async\" src=\"https:\/\/casa.oaxaca.gob.mx\/wp-content\/uploads\/2019\/02\/mixe-705x550.jpg\" title=\"mixe\" alt=\"\" \/><\/div><\/div><figcaption class='av-inner-masonry-content site-background'><div class='av-inner-masonry-content-pos'><div class='av-inner-masonry-content-pos-content'><div class='avia-arrow'><\/div><h3 class='av-masonry-entry-title entry-title'  itemprop=\"headline\" >Premios CaSa &#8211; Creaci\u00f3n Literaria en Lengua Ayuujk (mixe)<\/h3><span class='av-masonry-date meta-color updated'><\/span><span class=\"av-masonry-text-sep text-sep-author\">\/<\/span><span class='av-masonry-author meta-color vcard author'><span class='fn'>by <\/span><\/span><\/div><\/div><\/figcaption><\/figure><\/a><!--end av-masonry entry--><a href=\"https:\/\/casa.oaxaca.gob.mx\/?p=5990\" id='av-masonry-1-item-5990' data-av-masonry-item='5990' class='av-masonry-entry isotope-item post-5990 post type-post status-publish format-standard has-post-thumbnail hentry category-premios-casa-2019 all_sort premios-casa-2019_sort  av-masonry-item-with-image' title=\"Premios CaSa &#8211; Creaci\u00f3n Literaria en Lengua Tu\ua78bun Savi (mixteca).\"  itemscope=\"itemscope\" itemtype=\"https:\/\/schema.org\/CreativeWork\" ><div class='av-inner-masonry-sizer'><\/div><figure class='av-inner-masonry main_color'><div class=\"av-masonry-outerimage-container\"><div class=\"av-masonry-image-container\" style=\"background-image: url(https:\/\/casa.oaxaca.gob.mx\/wp-content\/uploads\/2019\/02\/mixteco-705x550.jpg);\"><img decoding=\"async\" src=\"https:\/\/casa.oaxaca.gob.mx\/wp-content\/uploads\/2019\/02\/mixteco-705x550.jpg\" title=\"mixteco\" alt=\"\" \/><\/div><\/div><figcaption class='av-inner-masonry-content site-background'><div class='av-inner-masonry-content-pos'><div class='av-inner-masonry-content-pos-content'><div class='avia-arrow'><\/div><h3 class='av-masonry-entry-title entry-title'  itemprop=\"headline\" >Premios CaSa &#8211; Creaci\u00f3n Literaria en Lengua Tu\ua78bun Savi (mixteca).<\/h3><span class='av-masonry-date meta-color updated'><\/span><span class=\"av-masonry-text-sep text-sep-author\">\/<\/span><span class='av-masonry-author meta-color vcard author'><span class='fn'>by <\/span><\/span><\/div><\/div><\/figcaption><\/figure><\/a><!--end av-masonry entry--><a href=\"https:\/\/casa.oaxaca.gob.mx\/?p=5975\" id='av-masonry-1-item-5975' data-av-masonry-item='5975' class='av-masonry-entry isotope-item post-5975 post type-post status-publish format-standard has-post-thumbnail hentry category-premios-casa-2019 all_sort premios-casa-2019_sort  av-masonry-item-with-image' title=\"Premios CaSa &#8211; Creaci\u00f3n Literaria en Lengua Didxaz\u00e1 (zapoteca)\"  itemscope=\"itemscope\" itemtype=\"https:\/\/schema.org\/CreativeWork\" ><div class='av-inner-masonry-sizer'><\/div><figure class='av-inner-masonry main_color'><div class=\"av-masonry-outerimage-container\"><div class=\"av-masonry-image-container\" style=\"background-image: url(https:\/\/casa.oaxaca.gob.mx\/wp-content\/uploads\/2019\/02\/zapoteco-1-705x550.jpg);\"><img decoding=\"async\" src=\"https:\/\/casa.oaxaca.gob.mx\/wp-content\/uploads\/2019\/02\/zapoteco-1-705x550.jpg\" title=\"zapoteco\" alt=\"\" \/><\/div><\/div><figcaption class='av-inner-masonry-content site-background'><div class='av-inner-masonry-content-pos'><div class='av-inner-masonry-content-pos-content'><div class='avia-arrow'><\/div><h3 class='av-masonry-entry-title entry-title'  itemprop=\"headline\" >Premios CaSa &#8211; Creaci\u00f3n Literaria en Lengua Didxaz\u00e1 (zapoteca)<\/h3><span class='av-masonry-date meta-color updated'><\/span><span class=\"av-masonry-text-sep text-sep-author\">\/<\/span><span class='av-masonry-author meta-color vcard author'><span class='fn'>by <\/span><\/span><\/div><\/div><\/figcaption><\/figure><\/a><!--end av-masonry entry--><a href=\"https:\/\/casa.oaxaca.gob.mx\/?p=5943\" id='av-masonry-1-item-5943' data-av-masonry-item='5943' class='av-masonry-entry isotope-item post-5943 post type-post status-publish format-standard has-post-thumbnail hentry category-eventos-cerrados-2019 all_sort eventos-cerrados-2019_sort  av-masonry-item-with-image' title=\"Laboratorio de creaci\u00f3n audiovisual para personas con y sin ceguera.\"  itemscope=\"itemscope\" itemtype=\"https:\/\/schema.org\/CreativeWork\" ><div class='av-inner-masonry-sizer'><\/div><figure class='av-inner-masonry main_color'><div class=\"av-masonry-outerimage-container\"><div class=\"av-masonry-image-container\" style=\"background-image: url(https:\/\/casa.oaxaca.gob.mx\/wp-content\/uploads\/2019\/02\/Sin-ti\u0301tulo-1-6.jpg);\"><img decoding=\"async\" src=\"https:\/\/casa.oaxaca.gob.mx\/wp-content\/uploads\/2019\/02\/Sin-ti\u0301tulo-1-6.jpg\" title=\"Sin-ti\u0301tulo-1\" alt=\"\" \/><\/div><\/div><figcaption class='av-inner-masonry-content site-background'><div class='av-inner-masonry-content-pos'><div class='av-inner-masonry-content-pos-content'><div class='avia-arrow'><\/div><h3 class='av-masonry-entry-title entry-title'  itemprop=\"headline\" >Laboratorio de creaci\u00f3n audiovisual para personas con y sin ceguera.<\/h3><span class='av-masonry-date meta-color updated'><\/span><span class=\"av-masonry-text-sep text-sep-author\">\/<\/span><span class='av-masonry-author meta-color vcard author'><span class='fn'>by <\/span><\/span><\/div><\/div><\/figcaption><\/figure><\/a><!--end av-masonry entry--><a href=\"https:\/\/casa.oaxaca.gob.mx\/?p=5903\" id='av-masonry-1-item-5903' data-av-masonry-item='5903' class='av-masonry-entry isotope-item post-5903 post type-post status-publish format-standard has-post-thumbnail hentry category-eventos-cerrados-2019 all_sort eventos-cerrados-2019_sort  av-masonry-item-with-image' title=\"Taller Introducci\u00f3n a la cer\u00e1mica: espanta monstruos. Imparte: Paulina Stephens Far\u00edas\"  itemscope=\"itemscope\" itemtype=\"https:\/\/schema.org\/CreativeWork\" ><div class='av-inner-masonry-sizer'><\/div><figure class='av-inner-masonry main_color'><div class=\"av-masonry-outerimage-container\"><div class=\"av-masonry-image-container\" style=\"background-image: url(https:\/\/casa.oaxaca.gob.mx\/wp-content\/uploads\/2019\/02\/Sin-ti\u0301tulo-1ee.jpg);\"><img decoding=\"async\" src=\"https:\/\/casa.oaxaca.gob.mx\/wp-content\/uploads\/2019\/02\/Sin-ti\u0301tulo-1ee.jpg\" title=\"Sin-ti\u0301tulo-1ee\" alt=\"\" \/><\/div><\/div><figcaption class='av-inner-masonry-content site-background'><div class='av-inner-masonry-content-pos'><div class='av-inner-masonry-content-pos-content'><div class='avia-arrow'><\/div><h3 class='av-masonry-entry-title entry-title'  itemprop=\"headline\" >Taller Introducci\u00f3n a la cer\u00e1mica: espanta monstruos. Imparte: Paulina Stephens Far\u00edas<\/h3><span class='av-masonry-date meta-color updated'><\/span><span class=\"av-masonry-text-sep text-sep-author\">\/<\/span><span class='av-masonry-author meta-color vcard author'><span class='fn'>by <\/span><\/span><\/div><\/div><\/figcaption><\/figure><\/a><!--end av-masonry entry--><a href=\"https:\/\/casa.oaxaca.gob.mx\/?p=5870\" id='av-masonry-1-item-5870' data-av-masonry-item='5870' class='av-masonry-entry isotope-item post-5870 post type-post status-publish format-standard has-post-thumbnail hentry category-eventos-cerrados-2019 all_sort eventos-cerrados-2019_sort  av-masonry-item-with-image' title=\"Quinto Diplomado en dise\u00f1o industrial de objetos. Coordinador Luis Equihua\"  itemscope=\"itemscope\" itemtype=\"https:\/\/schema.org\/CreativeWork\" ><div class='av-inner-masonry-sizer'><\/div><figure class='av-inner-masonry main_color'><div class=\"av-masonry-outerimage-container\"><div class=\"av-masonry-image-container\" style=\"background-image: url(https:\/\/casa.oaxaca.gob.mx\/wp-content\/uploads\/2019\/02\/2-2.jpg);\"><img decoding=\"async\" src=\"https:\/\/casa.oaxaca.gob.mx\/wp-content\/uploads\/2019\/02\/2-2.jpg\" title=\"2\" alt=\"\" \/><\/div><\/div><figcaption class='av-inner-masonry-content site-background'><div class='av-inner-masonry-content-pos'><div class='av-inner-masonry-content-pos-content'><div class='avia-arrow'><\/div><h3 class='av-masonry-entry-title entry-title'  itemprop=\"headline\" >Quinto Diplomado en dise\u00f1o industrial de objetos. Coordinador Luis Equihua<\/h3><span class='av-masonry-date meta-color updated'><\/span><span class=\"av-masonry-text-sep text-sep-author\">\/<\/span><span class='av-masonry-author meta-color vcard author'><span class='fn'>by <\/span><\/span><\/div><\/div><\/figcaption><\/figure><\/a><!--end av-masonry entry--><a href=\"https:\/\/casa.oaxaca.gob.mx\/?p=5797\" id='av-masonry-1-item-5797' data-av-masonry-item='5797' class='av-masonry-entry isotope-item post-5797 post type-post status-publish format-standard has-post-thumbnail hentry category-sin-categoria all_sort sin-categoria_sort  av-masonry-item-with-image' title=\"Formaci\u00f3n de impresores de fotograf\u00eda tradicional blanco y negro con reveladores ecol\u00f3gicos. Imparte Lorena Alcaraz\"  itemscope=\"itemscope\" itemtype=\"https:\/\/schema.org\/CreativeWork\" ><div class='av-inner-masonry-sizer'><\/div><figure class='av-inner-masonry main_color'><div class=\"av-masonry-outerimage-container\"><div class=\"av-masonry-image-container\" style=\"background-image: url(https:\/\/casa.oaxaca.gob.mx\/wp-content\/uploads\/2019\/01\/sfd.jpg);\"><img decoding=\"async\" src=\"https:\/\/casa.oaxaca.gob.mx\/wp-content\/uploads\/2019\/01\/sfd.jpg\" title=\"sfd\" alt=\"\" \/><\/div><\/div><figcaption class='av-inner-masonry-content site-background'><div class='av-inner-masonry-content-pos'><div class='av-inner-masonry-content-pos-content'><div class='avia-arrow'><\/div><h3 class='av-masonry-entry-title entry-title'  itemprop=\"headline\" >Formaci\u00f3n de impresores de fotograf\u00eda tradicional blanco y negro con reveladores ecol\u00f3gicos. Imparte Lorena Alcaraz<\/h3><span class='av-masonry-date meta-color updated'><\/span><span class=\"av-masonry-text-sep text-sep-author\">\/<\/span><span class='av-masonry-author meta-color vcard author'><span class='fn'>by <\/span><\/span><\/div><\/div><\/figcaption><\/figure><\/a><!--end av-masonry entry--><a href=\"https:\/\/casa.oaxaca.gob.mx\/?p=5786\" id='av-masonry-1-item-5786' data-av-masonry-item='5786' class='av-masonry-entry isotope-item post-5786 post type-post status-publish format-standard has-post-thumbnail hentry category-eventos-cerrados-2019 all_sort eventos-cerrados-2019_sort  av-masonry-item-with-image' title=\"Taller de danza: Cuerpo en acci\u00f3n: Laboratorio en movimiento.  Imparten: Ferm\u00edn Mart\u00ednez \/ Agustina Ciccola\"  itemscope=\"itemscope\" itemtype=\"https:\/\/schema.org\/CreativeWork\" ><div class='av-inner-masonry-sizer'><\/div><figure class='av-inner-masonry main_color'><div class=\"av-masonry-outerimage-container\"><div class=\"av-masonry-image-container\" style=\"background-image: url(https:\/\/casa.oaxaca.gob.mx\/wp-content\/uploads\/2019\/01\/Sin-ti\u0301tulo-1-8.jpg);\"><img decoding=\"async\" src=\"https:\/\/casa.oaxaca.gob.mx\/wp-content\/uploads\/2019\/01\/Sin-ti\u0301tulo-1-8.jpg\" title=\"Sin-ti\u0301tulo-1\" alt=\"\" \/><\/div><\/div><figcaption class='av-inner-masonry-content site-background'><div class='av-inner-masonry-content-pos'><div class='av-inner-masonry-content-pos-content'><div class='avia-arrow'><\/div><h3 class='av-masonry-entry-title entry-title'  itemprop=\"headline\" >Taller de danza: Cuerpo en acci\u00f3n: Laboratorio en movimiento.  Imparten: Ferm\u00edn Mart\u00ednez \/ Agustina Ciccola<\/h3><span class='av-masonry-date meta-color updated'><\/span><span class=\"av-masonry-text-sep text-sep-author\">\/<\/span><span class='av-masonry-author meta-color vcard author'><span class='fn'>by <\/span><\/span><\/div><\/div><\/figcaption><\/figure><\/a><!--end av-masonry entry--><a href=\"https:\/\/casa.oaxaca.gob.mx\/?p=5775\" id='av-masonry-1-item-5775' data-av-masonry-item='5775' class='av-masonry-entry isotope-item post-5775 post type-post status-publish format-standard has-post-thumbnail hentry category-eventos-cerrados-2019 all_sort eventos-cerrados-2019_sort  av-masonry-item-with-image' title=\"Taller: Intermedio de fieltro. \/ Afelpado con agujas. Imparte: Jes\u00fas Mart\u00ednez Cruz\"  itemscope=\"itemscope\" itemtype=\"https:\/\/schema.org\/CreativeWork\" ><div class='av-inner-masonry-sizer'><\/div><figure class='av-inner-masonry main_color'><div class=\"av-masonry-outerimage-container\"><div class=\"av-masonry-image-container\" style=\"background-image: url(https:\/\/casa.oaxaca.gob.mx\/wp-content\/uploads\/2019\/01\/sdf.jpg);\"><img decoding=\"async\" src=\"https:\/\/casa.oaxaca.gob.mx\/wp-content\/uploads\/2019\/01\/sdf.jpg\" title=\"sdf\" alt=\"\" \/><\/div><\/div><figcaption class='av-inner-masonry-content site-background'><div class='av-inner-masonry-content-pos'><div class='av-inner-masonry-content-pos-content'><div class='avia-arrow'><\/div><h3 class='av-masonry-entry-title entry-title'  itemprop=\"headline\" >Taller: Intermedio de fieltro. \/ Afelpado con agujas. Imparte: Jes\u00fas Mart\u00ednez Cruz<\/h3><span class='av-masonry-date meta-color updated'><\/span><span class=\"av-masonry-text-sep text-sep-author\">\/<\/span><span class='av-masonry-author meta-color vcard author'><span class='fn'>by <\/span><\/span><\/div><\/div><\/figcaption><\/figure><\/a><!--end av-masonry entry--><a href=\"https:\/\/casa.oaxaca.gob.mx\/?p=5767\" id='av-masonry-1-item-5767' data-av-masonry-item='5767' class='av-masonry-entry isotope-item post-5767 post type-post status-publish format-standard has-post-thumbnail hentry category-esposiciones-pasadas all_sort esposiciones-pasadas_sort  av-masonry-item-with-image' title=\"Exposici\u00f3n Oaxaca desde el aire\"  itemscope=\"itemscope\" itemtype=\"https:\/\/schema.org\/CreativeWork\" ><div class='av-inner-masonry-sizer'><\/div><figure class='av-inner-masonry main_color'><div class=\"av-masonry-outerimage-container\"><div class=\"av-masonry-image-container\" style=\"background-image: url(https:\/\/casa.oaxaca.gob.mx\/wp-content\/uploads\/2019\/01\/Sin-ti\u0301tulo-1-2.jpg);\"><img decoding=\"async\" src=\"https:\/\/casa.oaxaca.gob.mx\/wp-content\/uploads\/2019\/01\/Sin-ti\u0301tulo-1-2.jpg\" title=\"Sin-ti\u0301tulo-1\" alt=\"\" \/><\/div><\/div><figcaption class='av-inner-masonry-content site-background'><div class='av-inner-masonry-content-pos'><div class='av-inner-masonry-content-pos-content'><div class='avia-arrow'><\/div><h3 class='av-masonry-entry-title entry-title'  itemprop=\"headline\" >Exposici\u00f3n Oaxaca desde el aire<\/h3><span class='av-masonry-date meta-color updated'><\/span><span class=\"av-masonry-text-sep text-sep-author\">\/<\/span><span class='av-masonry-author meta-color vcard author'><span class='fn'>by <\/span><\/span><\/div><\/div><\/figcaption><\/figure><\/a><!--end av-masonry entry--><a href=\"https:\/\/casa.oaxaca.gob.mx\/?p=5740\" id='av-masonry-1-item-5740' data-av-masonry-item='5740' class='av-masonry-entry isotope-item post-5740 post type-post status-publish format-standard has-post-thumbnail hentry category-eventos-cerrados-2019 all_sort eventos-cerrados-2019_sort  av-masonry-item-with-image' title=\"Octavo Diplomado de producci\u00f3n de artes visuales. Coordina: Laureana Toledo.\"  itemscope=\"itemscope\" itemtype=\"https:\/\/schema.org\/CreativeWork\" ><div class='av-inner-masonry-sizer'><\/div><figure class='av-inner-masonry main_color'><div class=\"av-masonry-outerimage-container\"><div class=\"av-masonry-image-container\" style=\"background-image: url(https:\/\/casa.oaxaca.gob.mx\/wp-content\/uploads\/2019\/01\/Sin-ti\u0301tulo-1-10.jpg);\"><img decoding=\"async\" src=\"https:\/\/casa.oaxaca.gob.mx\/wp-content\/uploads\/2019\/01\/Sin-ti\u0301tulo-1-10.jpg\" title=\"Sin-ti\u0301tulo-1\" alt=\"\" \/><\/div><\/div><figcaption class='av-inner-masonry-content site-background'><div class='av-inner-masonry-content-pos'><div class='av-inner-masonry-content-pos-content'><div class='avia-arrow'><\/div><h3 class='av-masonry-entry-title entry-title'  itemprop=\"headline\" >Octavo Diplomado de producci\u00f3n de artes visuales. Coordina: Laureana Toledo.<\/h3><span class='av-masonry-date meta-color updated'><\/span><span class=\"av-masonry-text-sep text-sep-author\">\/<\/span><span class='av-masonry-author meta-color vcard author'><span class='fn'>by <\/span><\/span><\/div><\/div><\/figcaption><\/figure><\/a><!--end av-masonry entry--><a href=\"https:\/\/casa.oaxaca.gob.mx\/?p=5721\" id='av-masonry-1-item-5721' data-av-masonry-item='5721' class='av-masonry-entry isotope-item post-5721 post type-post status-publish format-standard has-post-thumbnail hentry category-eventos-cerrados-2019 all_sort eventos-cerrados-2019_sort  av-masonry-item-with-image' title=\"Diplomado: Cuarto Consultorio de Dramaturgia. Coordina: Ximena Escalante\"  itemscope=\"itemscope\" itemtype=\"https:\/\/schema.org\/CreativeWork\" ><div class='av-inner-masonry-sizer'><\/div><figure class='av-inner-masonry main_color'><div class=\"av-masonry-outerimage-container\"><div class=\"av-masonry-image-container\" style=\"background-image: url(https:\/\/casa.oaxaca.gob.mx\/wp-content\/uploads\/2019\/01\/Sin-ti\u0301tulo-1-6.jpg);\"><img decoding=\"async\" src=\"https:\/\/casa.oaxaca.gob.mx\/wp-content\/uploads\/2019\/01\/Sin-ti\u0301tulo-1-6.jpg\" title=\"Sin-ti\u0301tulo-1\" alt=\"\" \/><\/div><\/div><figcaption class='av-inner-masonry-content site-background'><div class='av-inner-masonry-content-pos'><div class='av-inner-masonry-content-pos-content'><div class='avia-arrow'><\/div><h3 class='av-masonry-entry-title entry-title'  itemprop=\"headline\" >Diplomado: Cuarto Consultorio de Dramaturgia. Coordina: Ximena Escalante<\/h3><span class='av-masonry-date meta-color updated'><\/span><span class=\"av-masonry-text-sep text-sep-author\">\/<\/span><span class='av-masonry-author meta-color vcard author'><span class='fn'>by <\/span><\/span><\/div><\/div><\/figcaption><\/figure><\/a><!--end av-masonry entry--><a href=\"https:\/\/casa.oaxaca.gob.mx\/?p=5687\" id='av-masonry-1-item-5687' data-av-masonry-item='5687' class='av-masonry-entry isotope-item post-5687 post type-post status-publish format-standard has-post-thumbnail hentry category-eventos-cerrados-2019 all_sort eventos-cerrados-2019_sort  av-masonry-item-with-image' title=\"Programa de ilustraci\u00f3n para adolescentes y adultos j\u00f3venes. Coordina: Amanda Mijangos\"  itemscope=\"itemscope\" itemtype=\"https:\/\/schema.org\/CreativeWork\" ><div class='av-inner-masonry-sizer'><\/div><figure class='av-inner-masonry main_color'><div class=\"av-masonry-outerimage-container\"><div class=\"av-masonry-image-container\" style=\"background-image: url(https:\/\/casa.oaxaca.gob.mx\/wp-content\/uploads\/2018\/12\/Sin-ti\u0301tulo-2.jpg);\"><img decoding=\"async\" src=\"https:\/\/casa.oaxaca.gob.mx\/wp-content\/uploads\/2018\/12\/Sin-ti\u0301tulo-2.jpg\" title=\"Sin-ti\u0301tulo-2\" alt=\"\" \/><\/div><\/div><figcaption class='av-inner-masonry-content site-background'><div class='av-inner-masonry-content-pos'><div class='av-inner-masonry-content-pos-content'><div class='avia-arrow'><\/div><h3 class='av-masonry-entry-title entry-title'  itemprop=\"headline\" >Programa de ilustraci\u00f3n para adolescentes y adultos j\u00f3venes. Coordina: Amanda Mijangos<\/h3><span class='av-masonry-date meta-color updated'><\/span><span class=\"av-masonry-text-sep text-sep-author\">\/<\/span><span class='av-masonry-author meta-color vcard author'><span class='fn'>by <\/span><\/span><\/div><\/div><\/figcaption><\/figure><\/a><!--end av-masonry entry--><a href=\"https:\/\/casa.oaxaca.gob.mx\/?p=5673\" id='av-masonry-1-item-5673' data-av-masonry-item='5673' class='av-masonry-entry isotope-item post-5673 post type-post status-publish format-standard has-post-thumbnail hentry category-eventos-cerrados-2019 all_sort eventos-cerrados-2019_sort  av-masonry-item-with-image' title=\"Taller: B\u00e1sico de fieltro. Imparte Jes\u00fas Mart\u00ednez Cruz\"  itemscope=\"itemscope\" itemtype=\"https:\/\/schema.org\/CreativeWork\" ><div class='av-inner-masonry-sizer'><\/div><figure class='av-inner-masonry main_color'><div class=\"av-masonry-outerimage-container\"><div class=\"av-masonry-image-container\" style=\"background-image: url(https:\/\/casa.oaxaca.gob.mx\/wp-content\/uploads\/2018\/12\/1.jpg);\"><img decoding=\"async\" src=\"https:\/\/casa.oaxaca.gob.mx\/wp-content\/uploads\/2018\/12\/1.jpg\" title=\"1\" alt=\"\" \/><\/div><\/div><figcaption class='av-inner-masonry-content site-background'><div class='av-inner-masonry-content-pos'><div class='av-inner-masonry-content-pos-content'><div class='avia-arrow'><\/div><h3 class='av-masonry-entry-title entry-title'  itemprop=\"headline\" >Taller: B\u00e1sico de fieltro. Imparte Jes\u00fas Mart\u00ednez Cruz<\/h3><span class='av-masonry-date meta-color updated'><\/span><span class=\"av-masonry-text-sep text-sep-author\">\/<\/span><span class='av-masonry-author meta-color vcard author'><span class='fn'>by <\/span><\/span><\/div><\/div><\/figcaption><\/figure><\/a><!--end av-masonry entry--><a href=\"https:\/\/casa.oaxaca.gob.mx\/?p=5659\" id='av-masonry-1-item-5659' data-av-masonry-item='5659' class='av-masonry-entry isotope-item post-5659 post type-post status-publish format-standard has-post-thumbnail hentry category-eventos-cerrados-2019 all_sort eventos-cerrados-2019_sort  av-masonry-item-with-image' title=\"Segundo Diplomado: \u201cProcedimientos y sistemas constructivos tradicionales\u201d\"  itemscope=\"itemscope\" itemtype=\"https:\/\/schema.org\/CreativeWork\" ><div class='av-inner-masonry-sizer'><\/div><figure class='av-inner-masonry main_color'><div class=\"av-masonry-outerimage-container\"><div class=\"av-masonry-image-container\" style=\"background-image: url(https:\/\/casa.oaxaca.gob.mx\/wp-content\/uploads\/2018\/12\/sdfsd.jpg);\"><img decoding=\"async\" src=\"https:\/\/casa.oaxaca.gob.mx\/wp-content\/uploads\/2018\/12\/sdfsd.jpg\" title=\"sdfsd\" alt=\"\" \/><\/div><\/div><figcaption class='av-inner-masonry-content site-background'><div class='av-inner-masonry-content-pos'><div class='av-inner-masonry-content-pos-content'><div class='avia-arrow'><\/div><h3 class='av-masonry-entry-title entry-title'  itemprop=\"headline\" >Segundo Diplomado: \u201cProcedimientos y sistemas constructivos tradicionales\u201d<\/h3><span class='av-masonry-date meta-color updated'><\/span><span class=\"av-masonry-text-sep text-sep-author\">\/<\/span><span class='av-masonry-author meta-color vcard author'><span class='fn'>by <\/span><\/span><\/div><\/div><\/figcaption><\/figure><\/a><!--end av-masonry entry--><a href=\"https:\/\/casa.oaxaca.gob.mx\/?p=5651\" id='av-masonry-1-item-5651' data-av-masonry-item='5651' class='av-masonry-entry isotope-item post-5651 post type-post status-publish format-standard has-post-thumbnail hentry category-eventos-cerrados-2019 all_sort eventos-cerrados-2019_sort  av-masonry-item-with-image' title=\"Taller de xilograf\u00eda japonesa. Imparte: Ryuta Endo\"  itemscope=\"itemscope\" itemtype=\"https:\/\/schema.org\/CreativeWork\" ><div class='av-inner-masonry-sizer'><\/div><figure class='av-inner-masonry main_color'><div class=\"av-masonry-outerimage-container\"><div class=\"av-masonry-image-container\" style=\"background-image: url(https:\/\/casa.oaxaca.gob.mx\/wp-content\/uploads\/2018\/12\/asfdvdf.jpg);\"><img decoding=\"async\" src=\"https:\/\/casa.oaxaca.gob.mx\/wp-content\/uploads\/2018\/12\/asfdvdf.jpg\" title=\"asfdvdf\" alt=\"\" \/><\/div><\/div><figcaption class='av-inner-masonry-content site-background'><div class='av-inner-masonry-content-pos'><div class='av-inner-masonry-content-pos-content'><div class='avia-arrow'><\/div><h3 class='av-masonry-entry-title entry-title'  itemprop=\"headline\" >Taller de xilograf\u00eda japonesa. Imparte: Ryuta Endo<\/h3><span class='av-masonry-date meta-color updated'><\/span><span class=\"av-masonry-text-sep text-sep-author\">\/<\/span><span class='av-masonry-author meta-color vcard author'><span class='fn'>by <\/span><\/span><\/div><\/div><\/figcaption><\/figure><\/a><!--end av-masonry entry--><a href=\"https:\/\/casa.oaxaca.gob.mx\/?p=5639\" id='av-masonry-1-item-5639' data-av-masonry-item='5639' class='av-masonry-entry isotope-item post-5639 post type-post status-publish format-standard has-post-thumbnail hentry category-eventos-cerrados-2019 tag-febrero-2019 all_sort eventos-cerrados-2019_sort  av-masonry-item-with-image' title=\"Taller de pintura japonesa. Imparte: Aguri Uchida\"  itemscope=\"itemscope\" itemtype=\"https:\/\/schema.org\/CreativeWork\" ><div class='av-inner-masonry-sizer'><\/div><figure class='av-inner-masonry main_color'><div class=\"av-masonry-outerimage-container\"><div class=\"av-masonry-image-container\" style=\"background-image: url(https:\/\/casa.oaxaca.gob.mx\/wp-content\/uploads\/2018\/12\/sdfbg.jpg);\"><img decoding=\"async\" src=\"https:\/\/casa.oaxaca.gob.mx\/wp-content\/uploads\/2018\/12\/sdfbg.jpg\" title=\"sdfbg\" alt=\"\" \/><\/div><\/div><figcaption class='av-inner-masonry-content site-background'><div class='av-inner-masonry-content-pos'><div class='av-inner-masonry-content-pos-content'><div class='avia-arrow'><\/div><h3 class='av-masonry-entry-title entry-title'  itemprop=\"headline\" >Taller de pintura japonesa. Imparte: Aguri Uchida<\/h3><span class='av-masonry-date meta-color updated'><\/span><span class=\"av-masonry-text-sep text-sep-author\">\/<\/span><span class='av-masonry-author meta-color vcard author'><span class='fn'>by <\/span><\/span><\/div><\/div><\/figcaption><\/figure><\/a><!--end av-masonry entry--><a href=\"https:\/\/casa.oaxaca.gob.mx\/?p=5631\" id='av-masonry-1-item-5631' data-av-masonry-item='5631' class='av-masonry-entry isotope-item post-5631 post type-post status-publish format-standard has-post-thumbnail hentry category-eventos-cerrados-2019 all_sort eventos-cerrados-2019_sort  av-masonry-item-with-image' title=\"Talleres permanentes en el CaSa\"  itemscope=\"itemscope\" itemtype=\"https:\/\/schema.org\/CreativeWork\" ><div class='av-inner-masonry-sizer'><\/div><figure class='av-inner-masonry main_color'><div class=\"av-masonry-outerimage-container\"><div class=\"av-masonry-image-container\" style=\"background-image: url(https:\/\/casa.oaxaca.gob.mx\/wp-content\/uploads\/2018\/12\/Sin-ti\u0301tulo-1-2.jpg);\"><img decoding=\"async\" src=\"https:\/\/casa.oaxaca.gob.mx\/wp-content\/uploads\/2018\/12\/Sin-ti\u0301tulo-1-2.jpg\" title=\"Sin-ti\u0301tulo-1\" alt=\"\" \/><\/div><\/div><figcaption class='av-inner-masonry-content site-background'><div class='av-inner-masonry-content-pos'><div class='av-inner-masonry-content-pos-content'><div class='avia-arrow'><\/div><h3 class='av-masonry-entry-title entry-title'  itemprop=\"headline\" >Talleres permanentes en el CaSa<\/h3><span class='av-masonry-date meta-color updated'><\/span><span class=\"av-masonry-text-sep text-sep-author\">\/<\/span><span class='av-masonry-author meta-color vcard author'><span class='fn'>by <\/span><\/span><\/div><\/div><\/figcaption><\/figure><\/a><!--end av-masonry entry--><a href=\"https:\/\/casa.oaxaca.gob.mx\/?p=5620\" id='av-masonry-1-item-5620' data-av-masonry-item='5620' class='av-masonry-entry isotope-item post-5620 post type-post status-publish format-standard has-post-thumbnail hentry category-eventos-cerrados-2019 all_sort eventos-cerrados-2019_sort  av-masonry-item-with-image' title=\"Diplomado: Escuela de grabado menos t\u00f3xico \u201cquinta generaci\u00f3n.\u201d Coordina Demi\u00e1n Flores.\"  itemscope=\"itemscope\" itemtype=\"https:\/\/schema.org\/CreativeWork\" ><div class='av-inner-masonry-sizer'><\/div><figure class='av-inner-masonry main_color'><div class=\"av-masonry-outerimage-container\"><div class=\"av-masonry-image-container\" style=\"background-image: url(https:\/\/casa.oaxaca.gob.mx\/wp-content\/uploads\/2018\/12\/sef.jpg);\"><img decoding=\"async\" src=\"https:\/\/casa.oaxaca.gob.mx\/wp-content\/uploads\/2018\/12\/sef.jpg\" title=\"sef\" alt=\"\" \/><\/div><\/div><figcaption class='av-inner-masonry-content site-background'><div class='av-inner-masonry-content-pos'><div class='av-inner-masonry-content-pos-content'><div class='avia-arrow'><\/div><h3 class='av-masonry-entry-title entry-title'  itemprop=\"headline\" >Diplomado: Escuela de grabado menos t\u00f3xico \u201cquinta generaci\u00f3n.\u201d Coordina Demi\u00e1n Flores.<\/h3><span class='av-masonry-date meta-color updated'><\/span><span class=\"av-masonry-text-sep text-sep-author\">\/<\/span><span class='av-masonry-author meta-color vcard author'><span class='fn'>by <\/span><\/span><\/div><\/div><\/figcaption><\/figure><\/a><!--end av-masonry entry--><a href=\"https:\/\/casa.oaxaca.gob.mx\/?p=5616\" id='av-masonry-1-item-5616' data-av-masonry-item='5616' class='av-masonry-entry isotope-item post-5616 post type-post status-publish format-standard has-post-thumbnail hentry category-eventos-cerrados-2018 all_sort eventos-cerrados-2018_sort  av-masonry-item-with-image' title=\"Los Salmeron, m\u00fasica de Tierra Caliente del Estado de Guerrero\"  itemscope=\"itemscope\" itemtype=\"https:\/\/schema.org\/CreativeWork\" ><div class='av-inner-masonry-sizer'><\/div><figure class='av-inner-masonry main_color'><div class=\"av-masonry-outerimage-container\"><div class=\"av-masonry-image-container\" style=\"background-image: url(https:\/\/casa.oaxaca.gob.mx\/wp-content\/uploads\/2018\/12\/47055529_10155870058540986_9192850023564443648_o-1-705x468.jpg);\"><img decoding=\"async\" src=\"https:\/\/casa.oaxaca.gob.mx\/wp-content\/uploads\/2018\/12\/47055529_10155870058540986_9192850023564443648_o-1-705x468.jpg\" title=\"47055529_10155870058540986_9192850023564443648_o\" alt=\"\" \/><\/div><\/div><figcaption class='av-inner-masonry-content site-background'><div class='av-inner-masonry-content-pos'><div class='av-inner-masonry-content-pos-content'><div class='avia-arrow'><\/div><h3 class='av-masonry-entry-title entry-title'  itemprop=\"headline\" >Los Salmeron, m\u00fasica de Tierra Caliente del Estado de Guerrero<\/h3><span class='av-masonry-date meta-color updated'><\/span><span class=\"av-masonry-text-sep text-sep-author\">\/<\/span><span class='av-masonry-author meta-color vcard author'><span class='fn'>by <\/span><\/span><\/div><\/div><\/figcaption><\/figure><\/a><!--end av-masonry entry--><a href=\"https:\/\/casa.oaxaca.gob.mx\/?p=5582\" id='av-masonry-1-item-5582' data-av-masonry-item='5582' class='av-masonry-entry isotope-item post-5582 post type-post status-publish format-standard has-post-thumbnail hentry category-eventos-cerrados-2018 all_sort eventos-cerrados-2018_sort  av-masonry-item-with-image' title=\"Concierto Cha Nandee\"  itemscope=\"itemscope\" itemtype=\"https:\/\/schema.org\/CreativeWork\" ><div class='av-inner-masonry-sizer'><\/div><figure class='av-inner-masonry main_color'><div class=\"av-masonry-outerimage-container\"><div class=\"av-masonry-image-container\" style=\"background-image: url(https:\/\/casa.oaxaca.gob.mx\/wp-content\/uploads\/2018\/12\/maxresdefault-705x397.jpg);\"><img decoding=\"async\" src=\"https:\/\/casa.oaxaca.gob.mx\/wp-content\/uploads\/2018\/12\/maxresdefault-705x397.jpg\" title=\"maxresdefault\" alt=\"\" \/><\/div><\/div><figcaption class='av-inner-masonry-content site-background'><div class='av-inner-masonry-content-pos'><div class='av-inner-masonry-content-pos-content'><div class='avia-arrow'><\/div><h3 class='av-masonry-entry-title entry-title'  itemprop=\"headline\" >Concierto Cha Nandee<\/h3><span class='av-masonry-date meta-color updated'><\/span><span class=\"av-masonry-text-sep text-sep-author\">\/<\/span><span class='av-masonry-author meta-color vcard author'><span class='fn'>by <\/span><\/span><\/div><\/div><\/figcaption><\/figure><\/a><!--end av-masonry entry--><a href=\"https:\/\/casa.oaxaca.gob.mx\/?p=5530\" id='av-masonry-1-item-5530' data-av-masonry-item='5530' class='av-masonry-entry isotope-item post-5530 post type-post status-publish format-standard has-post-thumbnail hentry category-eventos-cerrados-2019 all_sort eventos-cerrados-2019_sort  av-masonry-item-with-image' title=\"Programa de fotograf\u00eda documental. Coordina: Joan Liftin\"  itemscope=\"itemscope\" itemtype=\"https:\/\/schema.org\/CreativeWork\" ><div class='av-inner-masonry-sizer'><\/div><figure class='av-inner-masonry main_color'><div class=\"av-masonry-outerimage-container\"><div class=\"av-masonry-image-container\" style=\"background-image: url(https:\/\/casa.oaxaca.gob.mx\/wp-content\/uploads\/2018\/12\/fsdf.jpg);\"><img decoding=\"async\" src=\"https:\/\/casa.oaxaca.gob.mx\/wp-content\/uploads\/2018\/12\/fsdf.jpg\" title=\"fsdf\" alt=\"\" \/><\/div><\/div><figcaption class='av-inner-masonry-content site-background'><div class='av-inner-masonry-content-pos'><div class='av-inner-masonry-content-pos-content'><div class='avia-arrow'><\/div><h3 class='av-masonry-entry-title entry-title'  itemprop=\"headline\" >Programa de fotograf\u00eda documental. Coordina: Joan Liftin<\/h3><span class='av-masonry-date meta-color updated'><\/span><span class=\"av-masonry-text-sep text-sep-author\">\/<\/span><span class='av-masonry-author meta-color vcard author'><span class='fn'>by <\/span><\/span><\/div><\/div><\/figcaption><\/figure><\/a><!--end av-masonry entry--><a href=\"https:\/\/casa.oaxaca.gob.mx\/?p=5499\" id='av-masonry-1-item-5499' data-av-masonry-item='5499' class='av-masonry-entry isotope-item post-5499 post type-post status-publish format-standard has-post-thumbnail hentry category-eventos-cerrados-2018 all_sort eventos-cerrados-2018_sort  av-masonry-item-with-image' title=\"Obra de teatro: Misi\u00f3n Alfa 26-15-35: En busca de la Abuela\"  itemscope=\"itemscope\" itemtype=\"https:\/\/schema.org\/CreativeWork\" ><div class='av-inner-masonry-sizer'><\/div><figure class='av-inner-masonry main_color'><div class=\"av-masonry-outerimage-container\"><div class=\"av-masonry-image-container\" style=\"background-image: url(https:\/\/casa.oaxaca.gob.mx\/wp-content\/uploads\/2018\/11\/46507611_10155849510145986_113379680551174144_o-647x705.jpg);\"><img decoding=\"async\" src=\"https:\/\/casa.oaxaca.gob.mx\/wp-content\/uploads\/2018\/11\/46507611_10155849510145986_113379680551174144_o-647x705.jpg\" title=\"46507611_10155849510145986_113379680551174144_o\" alt=\"\" \/><\/div><\/div><figcaption class='av-inner-masonry-content site-background'><div class='av-inner-masonry-content-pos'><div class='av-inner-masonry-content-pos-content'><div class='avia-arrow'><\/div><h3 class='av-masonry-entry-title entry-title'  itemprop=\"headline\" >Obra de teatro: Misi\u00f3n Alfa 26-15-35: En busca de la Abuela<\/h3><span class='av-masonry-date meta-color updated'><\/span><span class=\"av-masonry-text-sep text-sep-author\">\/<\/span><span class='av-masonry-author meta-color vcard author'><span class='fn'>by <\/span><\/span><\/div><\/div><\/figcaption><\/figure><\/a><!--end av-masonry entry--><a href=\"https:\/\/casa.oaxaca.gob.mx\/?p=5490\" id='av-masonry-1-item-5490' data-av-masonry-item='5490' class='av-masonry-entry isotope-item post-5490 post type-post status-publish format-standard has-post-thumbnail hentry category-eventos-cerrados-2018 all_sort eventos-cerrados-2018_sort  av-masonry-item-with-image' title=\"Concierto: Los Cardencheros de Sapioriz\"  itemscope=\"itemscope\" itemtype=\"https:\/\/schema.org\/CreativeWork\" ><div class='av-inner-masonry-sizer'><\/div><figure class='av-inner-masonry main_color'><div class=\"av-masonry-outerimage-container\"><div class=\"av-masonry-image-container\" style=\"background-image: url(https:\/\/casa.oaxaca.gob.mx\/wp-content\/uploads\/2018\/11\/maxresdefault-705x397.jpg);\"><img decoding=\"async\" src=\"https:\/\/casa.oaxaca.gob.mx\/wp-content\/uploads\/2018\/11\/maxresdefault-705x397.jpg\" title=\"maxresdefault\" alt=\"\" \/><\/div><\/div><figcaption class='av-inner-masonry-content site-background'><div class='av-inner-masonry-content-pos'><div class='av-inner-masonry-content-pos-content'><div class='avia-arrow'><\/div><h3 class='av-masonry-entry-title entry-title'  itemprop=\"headline\" >Concierto: Los Cardencheros de Sapioriz<\/h3><span class='av-masonry-date meta-color updated'><\/span><span class=\"av-masonry-text-sep text-sep-author\">\/<\/span><span class='av-masonry-author meta-color vcard author'><span class='fn'>by <\/span><\/span><\/div><\/div><\/figcaption><\/figure><\/a><!--end av-masonry entry--><a href=\"https:\/\/casa.oaxaca.gob.mx\/?p=5487\" id='av-masonry-1-item-5487' data-av-masonry-item='5487' class='av-masonry-entry isotope-item post-5487 post type-post status-publish format-standard has-post-thumbnail hentry category-eventos-cerrados-2018 all_sort eventos-cerrados-2018_sort  av-masonry-item-with-image' title=\"Obra de Teatro: 8.2 Mi abuela dec\u00eda\"  itemscope=\"itemscope\" itemtype=\"https:\/\/schema.org\/CreativeWork\" ><div class='av-inner-masonry-sizer'><\/div><figure class='av-inner-masonry main_color'><div class=\"av-masonry-outerimage-container\"><div class=\"av-masonry-image-container\" style=\"background-image: url(https:\/\/casa.oaxaca.gob.mx\/wp-content\/uploads\/2018\/11\/46768373_10155856054515986_4871468021564047360_n.jpg);\"><img decoding=\"async\" src=\"https:\/\/casa.oaxaca.gob.mx\/wp-content\/uploads\/2018\/11\/46768373_10155856054515986_4871468021564047360_n.jpg\" title=\"46768373_10155856054515986_4871468021564047360_n\" alt=\"\" \/><\/div><\/div><figcaption class='av-inner-masonry-content site-background'><div class='av-inner-masonry-content-pos'><div class='av-inner-masonry-content-pos-content'><div class='avia-arrow'><\/div><h3 class='av-masonry-entry-title entry-title'  itemprop=\"headline\" >Obra de Teatro: 8.2 Mi abuela dec\u00eda<\/h3><span class='av-masonry-date meta-color updated'><\/span><span class=\"av-masonry-text-sep text-sep-author\">\/<\/span><span class='av-masonry-author meta-color vcard author'><span class='fn'>by <\/span><\/span><\/div><\/div><\/figcaption><\/figure><\/a><!--end av-masonry entry--><a href=\"https:\/\/casa.oaxaca.gob.mx\/?p=5480\" id='av-masonry-1-item-5480' data-av-masonry-item='5480' class='av-masonry-entry isotope-item post-5480 post type-post status-publish format-standard has-post-thumbnail hentry category-esposiciones-pasadas all_sort esposiciones-pasadas_sort  av-masonry-item-with-image' title=\"Muestra de resultados del s\u00e9ptimo Diplomado de Artes Visuales\"  itemscope=\"itemscope\" itemtype=\"https:\/\/schema.org\/CreativeWork\" ><div class='av-inner-masonry-sizer'><\/div><figure class='av-inner-masonry main_color'><div class=\"av-masonry-outerimage-container\"><div class=\"av-masonry-image-container\" style=\"background-image: url(https:\/\/casa.oaxaca.gob.mx\/wp-content\/uploads\/2018\/11\/todo-respira-1-705x382.png);\"><img decoding=\"async\" src=\"https:\/\/casa.oaxaca.gob.mx\/wp-content\/uploads\/2018\/11\/todo-respira-1-705x382.png\" title=\"todo respira\" alt=\"\" \/><\/div><\/div><figcaption class='av-inner-masonry-content site-background'><div class='av-inner-masonry-content-pos'><div class='av-inner-masonry-content-pos-content'><div class='avia-arrow'><\/div><h3 class='av-masonry-entry-title entry-title'  itemprop=\"headline\" >Muestra de resultados del s\u00e9ptimo Diplomado de Artes Visuales<\/h3><span class='av-masonry-date meta-color updated'><\/span><span class=\"av-masonry-text-sep text-sep-author\">\/<\/span><span class='av-masonry-author meta-color vcard author'><span class='fn'>by <\/span><\/span><\/div><\/div><\/figcaption><\/figure><\/a><!--end av-masonry entry--><a href=\"https:\/\/casa.oaxaca.gob.mx\/?p=5476\" id='av-masonry-1-item-5476' data-av-masonry-item='5476' class='av-masonry-entry isotope-item post-5476 post type-post status-publish format-standard has-post-thumbnail hentry category-eventos-cerrados-2018 all_sort eventos-cerrados-2018_sort  av-masonry-item-with-image' title=\"Itzir Uhapa: M\u00fasica y danza tradicional de Janitzio, Michoac\u00e1n.\"  itemscope=\"itemscope\" itemtype=\"https:\/\/schema.org\/CreativeWork\" ><div class='av-inner-masonry-sizer'><\/div><figure class='av-inner-masonry main_color'><div class=\"av-masonry-outerimage-container\"><div class=\"av-masonry-image-container\" style=\"background-image: url(https:\/\/casa.oaxaca.gob.mx\/wp-content\/uploads\/2018\/11\/46403392_10155835392650986_7220231888802152448_n.jpg);\"><img decoding=\"async\" src=\"https:\/\/casa.oaxaca.gob.mx\/wp-content\/uploads\/2018\/11\/46403392_10155835392650986_7220231888802152448_n.jpg\" title=\"46403392_10155835392650986_7220231888802152448_n\" alt=\"\" \/><\/div><\/div><figcaption class='av-inner-masonry-content site-background'><div class='av-inner-masonry-content-pos'><div class='av-inner-masonry-content-pos-content'><div class='avia-arrow'><\/div><h3 class='av-masonry-entry-title entry-title'  itemprop=\"headline\" >Itzir Uhapa: M\u00fasica y danza tradicional de Janitzio, Michoac\u00e1n.<\/h3><span class='av-masonry-date meta-color updated'><\/span><span class=\"av-masonry-text-sep text-sep-author\">\/<\/span><span class='av-masonry-author meta-color vcard author'><span class='fn'>by <\/span><\/span><\/div><\/div><\/figcaption><\/figure><\/a><!--end av-masonry entry--><a href=\"https:\/\/casa.oaxaca.gob.mx\/?p=5471\" id='av-masonry-1-item-5471' data-av-masonry-item='5471' class='av-masonry-entry isotope-item post-5471 post type-post status-publish format-standard has-post-thumbnail hentry category-eventos-cerrados-2018 all_sort eventos-cerrados-2018_sort  av-masonry-item-with-image' title=\"Concierto: Valgur y Lazos Peligrosos\"  itemscope=\"itemscope\" itemtype=\"https:\/\/schema.org\/CreativeWork\" ><div class='av-inner-masonry-sizer'><\/div><figure class='av-inner-masonry main_color'><div class=\"av-masonry-outerimage-container\"><div class=\"av-masonry-image-container\" style=\"background-image: url(https:\/\/casa.oaxaca.gob.mx\/wp-content\/uploads\/2018\/11\/46283558_10155833507740986_475644405143830528_o-564x705.jpg);\"><img decoding=\"async\" src=\"https:\/\/casa.oaxaca.gob.mx\/wp-content\/uploads\/2018\/11\/46283558_10155833507740986_475644405143830528_o-564x705.jpg\" title=\"46283558_10155833507740986_475644405143830528_o\" alt=\"\" \/><\/div><\/div><figcaption class='av-inner-masonry-content site-background'><div class='av-inner-masonry-content-pos'><div class='av-inner-masonry-content-pos-content'><div class='avia-arrow'><\/div><h3 class='av-masonry-entry-title entry-title'  itemprop=\"headline\" >Concierto: Valgur y Lazos Peligrosos<\/h3><span class='av-masonry-date meta-color updated'><\/span><span class=\"av-masonry-text-sep text-sep-author\">\/<\/span><span class='av-masonry-author meta-color vcard author'><span class='fn'>by <\/span><\/span><\/div><\/div><\/figcaption><\/figure><\/a><!--end av-masonry entry--><a href=\"https:\/\/casa.oaxaca.gob.mx\/?p=5462\" id='av-masonry-1-item-5462' data-av-masonry-item='5462' class='av-masonry-entry isotope-item post-5462 post type-post status-publish format-standard has-post-thumbnail hentry category-eventos-cerrados-2018 all_sort eventos-cerrados-2018_sort  av-masonry-item-with-image' title=\"Concierto automodelo  para las m\u00fasicas de la tradici\u00f3n oral en Oaxaca\"  itemscope=\"itemscope\" itemtype=\"https:\/\/schema.org\/CreativeWork\" ><div class='av-inner-masonry-sizer'><\/div><figure class='av-inner-masonry main_color'><div class=\"av-masonry-outerimage-container\"><div class=\"av-masonry-image-container\" style=\"background-image: url(https:\/\/casa.oaxaca.gob.mx\/wp-content\/uploads\/2018\/11\/erf-1.jpg);\"><img decoding=\"async\" src=\"https:\/\/casa.oaxaca.gob.mx\/wp-content\/uploads\/2018\/11\/erf-1.jpg\" title=\"erf\" alt=\"\" \/><\/div><\/div><figcaption class='av-inner-masonry-content site-background'><div class='av-inner-masonry-content-pos'><div class='av-inner-masonry-content-pos-content'><div class='avia-arrow'><\/div><h3 class='av-masonry-entry-title entry-title'  itemprop=\"headline\" >Concierto automodelo  para las m\u00fasicas de la tradici\u00f3n oral en Oaxaca<\/h3><span class='av-masonry-date meta-color updated'><\/span><span class=\"av-masonry-text-sep text-sep-author\">\/<\/span><span class='av-masonry-author meta-color vcard author'><span class='fn'>by <\/span><\/span><\/div><\/div><\/figcaption><\/figure><\/a><!--end av-masonry entry--><a href=\"https:\/\/casa.oaxaca.gob.mx\/?p=5455\" id='av-masonry-1-item-5455' data-av-masonry-item='5455' class='av-masonry-entry isotope-item post-5455 post type-post status-publish format-standard has-post-thumbnail hentry category-eventos-cerrados-2018 all_sort eventos-cerrados-2018_sort  av-masonry-item-with-image' title=\"Concierto: Viri Roots &#038; The Rootskers\"  itemscope=\"itemscope\" itemtype=\"https:\/\/schema.org\/CreativeWork\" ><div class='av-inner-masonry-sizer'><\/div><figure class='av-inner-masonry main_color'><div class=\"av-masonry-outerimage-container\"><div class=\"av-masonry-image-container\" style=\"background-image: url(https:\/\/casa.oaxaca.gob.mx\/wp-content\/uploads\/2018\/11\/DSC4186-1-1024x680-1-705x468.jpg);\"><img decoding=\"async\" src=\"https:\/\/casa.oaxaca.gob.mx\/wp-content\/uploads\/2018\/11\/DSC4186-1-1024x680-1-705x468.jpg\" title=\"DSC4186-1-1024&#215;680\" alt=\"\" \/><\/div><\/div><figcaption class='av-inner-masonry-content site-background'><div class='av-inner-masonry-content-pos'><div class='av-inner-masonry-content-pos-content'><div class='avia-arrow'><\/div><h3 class='av-masonry-entry-title entry-title'  itemprop=\"headline\" >Concierto: Viri Roots &#038; The Rootskers<\/h3><span class='av-masonry-date meta-color updated'><\/span><span class=\"av-masonry-text-sep text-sep-author\">\/<\/span><span class='av-masonry-author meta-color vcard author'><span class='fn'>by <\/span><\/span><\/div><\/div><\/figcaption><\/figure><\/a><!--end av-masonry entry--><a href=\"https:\/\/casa.oaxaca.gob.mx\/?p=5448\" id='av-masonry-1-item-5448' data-av-masonry-item='5448' class='av-masonry-entry isotope-item post-5448 post type-post status-publish format-standard has-post-thumbnail hentry category-esposiciones-pasadas all_sort esposiciones-pasadas_sort  av-masonry-item-with-image' title=\"El Arte Gr\u00e1fico Contempor\u00e1neo en Oaxaca.\"  itemscope=\"itemscope\" itemtype=\"https:\/\/schema.org\/CreativeWork\" ><div class='av-inner-masonry-sizer'><\/div><figure class='av-inner-masonry main_color'><div class=\"av-masonry-outerimage-container\"><div class=\"av-masonry-image-container\" style=\"background-image: url(https:\/\/casa.oaxaca.gob.mx\/wp-content\/uploads\/2018\/11\/45600086_2237706589597037_575499654586695680_o-470x705.jpg);\"><img decoding=\"async\" src=\"https:\/\/casa.oaxaca.gob.mx\/wp-content\/uploads\/2018\/11\/45600086_2237706589597037_575499654586695680_o-470x705.jpg\" title=\"45600086_2237706589597037_575499654586695680_o\" alt=\"\" \/><\/div><\/div><figcaption class='av-inner-masonry-content site-background'><div class='av-inner-masonry-content-pos'><div class='av-inner-masonry-content-pos-content'><div class='avia-arrow'><\/div><h3 class='av-masonry-entry-title entry-title'  itemprop=\"headline\" >El Arte Gr\u00e1fico Contempor\u00e1neo en Oaxaca.<\/h3><span class='av-masonry-date meta-color updated'><\/span><span class=\"av-masonry-text-sep text-sep-author\">\/<\/span><span class='av-masonry-author meta-color vcard author'><span class='fn'>by <\/span><\/span><\/div><\/div><\/figcaption><\/figure><\/a><!--end av-masonry entry--><a href=\"https:\/\/casa.oaxaca.gob.mx\/?p=5341\" id='av-masonry-1-item-5341' data-av-masonry-item='5341' class='av-masonry-entry isotope-item post-5341 post type-post status-publish format-standard has-post-thumbnail hentry category-eventos-cerrados-2018 all_sort eventos-cerrados-2018_sort  av-masonry-item-with-image' title=\"La construcci\u00f3n del lugar ideal: taller de gr\u00e1fica expandida alternativa\"  itemscope=\"itemscope\" itemtype=\"https:\/\/schema.org\/CreativeWork\" ><div class='av-inner-masonry-sizer'><\/div><figure class='av-inner-masonry main_color'><div class=\"av-masonry-outerimage-container\"><div class=\"av-masonry-image-container\" style=\"background-image: url(https:\/\/casa.oaxaca.gob.mx\/wp-content\/uploads\/2018\/10\/Sin-ti\u0301tulo-1-3.jpg);\"><img decoding=\"async\" src=\"https:\/\/casa.oaxaca.gob.mx\/wp-content\/uploads\/2018\/10\/Sin-ti\u0301tulo-1-3.jpg\" title=\"Sin-ti\u0301tulo-1\" alt=\"\" \/><\/div><\/div><figcaption class='av-inner-masonry-content site-background'><div class='av-inner-masonry-content-pos'><div class='av-inner-masonry-content-pos-content'><div class='avia-arrow'><\/div><h3 class='av-masonry-entry-title entry-title'  itemprop=\"headline\" >La construcci\u00f3n del lugar ideal: taller de gr\u00e1fica expandida alternativa<\/h3><span class='av-masonry-date meta-color updated'><\/span><span class=\"av-masonry-text-sep text-sep-author\">\/<\/span><span class='av-masonry-author meta-color vcard author'><span class='fn'>by <\/span><\/span><\/div><\/div><\/figcaption><\/figure><\/a><!--end av-masonry entry--><a href=\"https:\/\/casa.oaxaca.gob.mx\/?p=5326\" id='av-masonry-1-item-5326' data-av-masonry-item='5326' class='av-masonry-entry isotope-item post-5326 post type-post status-publish format-standard has-post-thumbnail hentry category-eventos-cerrados-2019 all_sort eventos-cerrados-2019_sort  av-masonry-item-with-image' title=\"Taller: Formaci\u00f3n de impresores en fotograf\u00eda digital\"  itemscope=\"itemscope\" itemtype=\"https:\/\/schema.org\/CreativeWork\" ><div class='av-inner-masonry-sizer'><\/div><figure class='av-inner-masonry main_color'><div class=\"av-masonry-outerimage-container\"><div class=\"av-masonry-image-container\" style=\"background-image: url(https:\/\/casa.oaxaca.gob.mx\/wp-content\/uploads\/2017\/11\/11111.jpg);\"><img decoding=\"async\" src=\"https:\/\/casa.oaxaca.gob.mx\/wp-content\/uploads\/2017\/11\/11111.jpg\" title=\"11111\" alt=\"\" \/><\/div><\/div><figcaption class='av-inner-masonry-content site-background'><div class='av-inner-masonry-content-pos'><div class='av-inner-masonry-content-pos-content'><div class='avia-arrow'><\/div><h3 class='av-masonry-entry-title entry-title'  itemprop=\"headline\" >Taller: Formaci\u00f3n de impresores en fotograf\u00eda digital<\/h3><span class='av-masonry-date meta-color updated'><\/span><span class=\"av-masonry-text-sep text-sep-author\">\/<\/span><span class='av-masonry-author meta-color vcard author'><span class='fn'>by <\/span><\/span><\/div><\/div><\/figcaption><\/figure><\/a><!--end av-masonry entry--><a href=\"https:\/\/casa.oaxaca.gob.mx\/?p=5296\" id='av-masonry-1-item-5296' data-av-masonry-item='5296' class='av-masonry-entry isotope-item post-5296 post type-post status-publish format-standard has-post-thumbnail hentry category-eventos-cerrados-2018 all_sort eventos-cerrados-2018_sort  av-masonry-item-with-image' title=\"Taller bordado con lentejuela que el traje ya est\u00e1 brincando\"  itemscope=\"itemscope\" itemtype=\"https:\/\/schema.org\/CreativeWork\" ><div class='av-inner-masonry-sizer'><\/div><figure class='av-inner-masonry main_color'><div class=\"av-masonry-outerimage-container\"><div class=\"av-masonry-image-container\" style=\"background-image: url(https:\/\/casa.oaxaca.gob.mx\/wp-content\/uploads\/2018\/10\/nuevo.jpg);\"><img decoding=\"async\" src=\"https:\/\/casa.oaxaca.gob.mx\/wp-content\/uploads\/2018\/10\/nuevo.jpg\" title=\"nuevo\" alt=\"\" \/><\/div><\/div><figcaption class='av-inner-masonry-content site-background'><div class='av-inner-masonry-content-pos'><div class='av-inner-masonry-content-pos-content'><div class='avia-arrow'><\/div><h3 class='av-masonry-entry-title entry-title'  itemprop=\"headline\" >Taller bordado con lentejuela que el traje ya est\u00e1 brincando<\/h3><span class='av-masonry-date meta-color updated'><\/span><span class=\"av-masonry-text-sep text-sep-author\">\/<\/span><span class='av-masonry-author meta-color vcard author'><span class='fn'>by <\/span><\/span><\/div><\/div><\/figcaption><\/figure><\/a><!--end av-masonry entry--><a href=\"https:\/\/casa.oaxaca.gob.mx\/?p=5277\" id='av-masonry-1-item-5277' data-av-masonry-item='5277' class='av-masonry-entry isotope-item post-5277 post type-post status-publish format-standard has-post-thumbnail hentry category-eventos-cerrados-2018 all_sort eventos-cerrados-2018_sort  av-masonry-item-with-image' title=\"Taller Artes visuales con Penny Siopis\"  itemscope=\"itemscope\" itemtype=\"https:\/\/schema.org\/CreativeWork\" ><div class='av-inner-masonry-sizer'><\/div><figure class='av-inner-masonry main_color'><div class=\"av-masonry-outerimage-container\"><div class=\"av-masonry-image-container\" style=\"background-image: url(https:\/\/casa.oaxaca.gob.mx\/wp-content\/uploads\/2018\/10\/Sin-ti\u0301tulo-1-2.jpg);\"><img decoding=\"async\" src=\"https:\/\/casa.oaxaca.gob.mx\/wp-content\/uploads\/2018\/10\/Sin-ti\u0301tulo-1-2.jpg\" title=\"Sin-ti\u0301tulo-1\" alt=\"\" \/><\/div><\/div><figcaption class='av-inner-masonry-content site-background'><div class='av-inner-masonry-content-pos'><div class='av-inner-masonry-content-pos-content'><div class='avia-arrow'><\/div><h3 class='av-masonry-entry-title entry-title'  itemprop=\"headline\" >Taller Artes visuales con Penny Siopis<\/h3><span class='av-masonry-date meta-color updated'><\/span><span class=\"av-masonry-text-sep text-sep-author\">\/<\/span><span class='av-masonry-author meta-color vcard author'><span class='fn'>by <\/span><\/span><\/div><\/div><\/figcaption><\/figure><\/a><!--end av-masonry entry--><a href=\"https:\/\/casa.oaxaca.gob.mx\/?p=5261\" id='av-masonry-1-item-5261' data-av-masonry-item='5261' class='av-masonry-entry isotope-item post-5261 post type-post status-publish format-standard has-post-thumbnail hentry category-eventos-cerrados-2018 all_sort eventos-cerrados-2018_sort  av-masonry-item-with-image' title=\"Seminario de fotograf\u00eda\"  itemscope=\"itemscope\" itemtype=\"https:\/\/schema.org\/CreativeWork\" ><div class='av-inner-masonry-sizer'><\/div><figure class='av-inner-masonry main_color'><div class=\"av-masonry-outerimage-container\"><div class=\"av-masonry-image-container\" style=\"background-image: url(https:\/\/casa.oaxaca.gob.mx\/wp-content\/uploads\/2018\/10\/sdfg.jpg);\"><img decoding=\"async\" src=\"https:\/\/casa.oaxaca.gob.mx\/wp-content\/uploads\/2018\/10\/sdfg.jpg\" title=\"sdfg\" alt=\"\" \/><\/div><\/div><figcaption class='av-inner-masonry-content site-background'><div class='av-inner-masonry-content-pos'><div class='av-inner-masonry-content-pos-content'><div class='avia-arrow'><\/div><h3 class='av-masonry-entry-title entry-title'  itemprop=\"headline\" >Seminario de fotograf\u00eda<\/h3><span class='av-masonry-date meta-color updated'><\/span><span class=\"av-masonry-text-sep text-sep-author\">\/<\/span><span class='av-masonry-author meta-color vcard author'><span class='fn'>by <\/span><\/span><\/div><\/div><\/figcaption><\/figure><\/a><!--end av-masonry entry--><a href=\"https:\/\/casa.oaxaca.gob.mx\/?p=5249\" id='av-masonry-1-item-5249' data-av-masonry-item='5249' class='av-masonry-entry isotope-item post-5249 post type-post status-publish format-standard has-post-thumbnail hentry category-eventos-cerrados-2018 all_sort eventos-cerrados-2018_sort  av-masonry-item-with-image' title=\"Taller: \u201cReciclaje =Resignificar\u201d acercamiento conceptual a la apropiaci\u00f3n de la imagen\"  itemscope=\"itemscope\" itemtype=\"https:\/\/schema.org\/CreativeWork\" ><div class='av-inner-masonry-sizer'><\/div><figure class='av-inner-masonry main_color'><div class=\"av-masonry-outerimage-container\"><div class=\"av-masonry-image-container\" style=\"background-image: url(https:\/\/casa.oaxaca.gob.mx\/wp-content\/uploads\/2018\/10\/dsfdsf.jpg);\"><img decoding=\"async\" src=\"https:\/\/casa.oaxaca.gob.mx\/wp-content\/uploads\/2018\/10\/dsfdsf.jpg\" title=\"dsfdsf\" alt=\"\" \/><\/div><\/div><figcaption class='av-inner-masonry-content site-background'><div class='av-inner-masonry-content-pos'><div class='av-inner-masonry-content-pos-content'><div class='avia-arrow'><\/div><h3 class='av-masonry-entry-title entry-title'  itemprop=\"headline\" >Taller: \u201cReciclaje =Resignificar\u201d acercamiento conceptual a la apropiaci\u00f3n de la imagen<\/h3><span class='av-masonry-date meta-color updated'><\/span><span class=\"av-masonry-text-sep text-sep-author\">\/<\/span><span class='av-masonry-author meta-color vcard author'><span class='fn'>by <\/span><\/span><\/div><\/div><\/figcaption><\/figure><\/a><!--end av-masonry entry--><a href=\"https:\/\/casa.oaxaca.gob.mx\/?p=5223\" id='av-masonry-1-item-5223' data-av-masonry-item='5223' class='av-masonry-entry isotope-item post-5223 post type-post status-publish format-standard has-post-thumbnail hentry category-eventos-cerrados-2018 all_sort eventos-cerrados-2018_sort  av-masonry-item-with-image' title=\"Taller pensamiento colectivo.\"  itemscope=\"itemscope\" itemtype=\"https:\/\/schema.org\/CreativeWork\" ><div class='av-inner-masonry-sizer'><\/div><figure class='av-inner-masonry main_color'><div class=\"av-masonry-outerimage-container\"><div class=\"av-masonry-image-container\" style=\"background-image: url(https:\/\/casa.oaxaca.gob.mx\/wp-content\/uploads\/2018\/09\/qwder.jpg);\"><img decoding=\"async\" src=\"https:\/\/casa.oaxaca.gob.mx\/wp-content\/uploads\/2018\/09\/qwder.jpg\" title=\"qwder\" alt=\"\" \/><\/div><\/div><figcaption class='av-inner-masonry-content site-background'><div class='av-inner-masonry-content-pos'><div class='av-inner-masonry-content-pos-content'><div class='avia-arrow'><\/div><h3 class='av-masonry-entry-title entry-title'  itemprop=\"headline\" >Taller pensamiento colectivo.<\/h3><span class='av-masonry-date meta-color updated'><\/span><span class=\"av-masonry-text-sep text-sep-author\">\/<\/span><span class='av-masonry-author meta-color vcard author'><span class='fn'>by <\/span><\/span><\/div><\/div><\/figcaption><\/figure><\/a><!--end av-masonry entry--><a href=\"https:\/\/casa.oaxaca.gob.mx\/?p=5214\" id='av-masonry-1-item-5214' data-av-masonry-item='5214' class='av-masonry-entry isotope-item post-5214 post type-post status-publish format-standard has-post-thumbnail hentry category-eventos-cerrados-2018 all_sort eventos-cerrados-2018_sort  av-masonry-item-with-image' title=\"Taller construcci\u00f3n de un proyecto.\"  itemscope=\"itemscope\" itemtype=\"https:\/\/schema.org\/CreativeWork\" ><div class='av-inner-masonry-sizer'><\/div><figure class='av-inner-masonry main_color'><div class=\"av-masonry-outerimage-container\"><div class=\"av-masonry-image-container\" style=\"background-image: url(https:\/\/casa.oaxaca.gob.mx\/wp-content\/uploads\/2018\/09\/fgkhj.jpg);\"><img decoding=\"async\" src=\"https:\/\/casa.oaxaca.gob.mx\/wp-content\/uploads\/2018\/09\/fgkhj.jpg\" title=\"fgkhj\" alt=\"\" \/><\/div><\/div><figcaption class='av-inner-masonry-content site-background'><div class='av-inner-masonry-content-pos'><div class='av-inner-masonry-content-pos-content'><div class='avia-arrow'><\/div><h3 class='av-masonry-entry-title entry-title'  itemprop=\"headline\" >Taller construcci\u00f3n de un proyecto.<\/h3><span class='av-masonry-date meta-color updated'><\/span><span class=\"av-masonry-text-sep text-sep-author\">\/<\/span><span class='av-masonry-author meta-color vcard author'><span class='fn'>by <\/span><\/span><\/div><\/div><\/figcaption><\/figure><\/a><!--end av-masonry entry--><a href=\"https:\/\/casa.oaxaca.gob.mx\/?p=5202\" id='av-masonry-1-item-5202' data-av-masonry-item='5202' class='av-masonry-entry isotope-item post-5202 post type-post status-publish format-standard has-post-thumbnail hentry category-eventos-cerrados-2018 all_sort eventos-cerrados-2018_sort  av-masonry-item-with-image' title=\"Taller: Programa, composici\u00f3n con medios electr\u00f3nicos\"  itemscope=\"itemscope\" itemtype=\"https:\/\/schema.org\/CreativeWork\" ><div class='av-inner-masonry-sizer'><\/div><figure class='av-inner-masonry main_color'><div class=\"av-masonry-outerimage-container\"><div class=\"av-masonry-image-container\" style=\"background-image: url(https:\/\/casa.oaxaca.gob.mx\/wp-content\/uploads\/2018\/09\/zxcvv.jpg);\"><img decoding=\"async\" src=\"https:\/\/casa.oaxaca.gob.mx\/wp-content\/uploads\/2018\/09\/zxcvv.jpg\" title=\"zxcvv\" alt=\"\" \/><\/div><\/div><figcaption class='av-inner-masonry-content site-background'><div class='av-inner-masonry-content-pos'><div class='av-inner-masonry-content-pos-content'><div class='avia-arrow'><\/div><h3 class='av-masonry-entry-title entry-title'  itemprop=\"headline\" >Taller: Programa, composici\u00f3n con medios electr\u00f3nicos<\/h3><span class='av-masonry-date meta-color updated'><\/span><span class=\"av-masonry-text-sep text-sep-author\">\/<\/span><span class='av-masonry-author meta-color vcard author'><span class='fn'>by <\/span><\/span><\/div><\/div><\/figcaption><\/figure><\/a><!--end av-masonry entry--><a href=\"https:\/\/casa.oaxaca.gob.mx\/?p=5193\" id='av-masonry-1-item-5193' data-av-masonry-item='5193' class='av-masonry-entry isotope-item post-5193 post type-post status-publish format-standard has-post-thumbnail hentry category-sin-categoria all_sort sin-categoria_sort  av-masonry-item-with-image' title=\"Atelier Mondial. Convocatoria beca de residencia en creaci\u00f3n de textiles\"  itemscope=\"itemscope\" itemtype=\"https:\/\/schema.org\/CreativeWork\" ><div class='av-inner-masonry-sizer'><\/div><figure class='av-inner-masonry main_color'><div class=\"av-masonry-outerimage-container\"><div class=\"av-masonry-image-container\" style=\"background-image: url(https:\/\/casa.oaxaca.gob.mx\/wp-content\/uploads\/2018\/09\/ss.jpg);\"><img decoding=\"async\" src=\"https:\/\/casa.oaxaca.gob.mx\/wp-content\/uploads\/2018\/09\/ss.jpg\" title=\"ss\" alt=\"\" \/><\/div><\/div><figcaption class='av-inner-masonry-content site-background'><div class='av-inner-masonry-content-pos'><div class='av-inner-masonry-content-pos-content'><div class='avia-arrow'><\/div><h3 class='av-masonry-entry-title entry-title'  itemprop=\"headline\" >Atelier Mondial. Convocatoria beca de residencia en creaci\u00f3n de textiles<\/h3><span class='av-masonry-date meta-color updated'><\/span><span class=\"av-masonry-text-sep text-sep-author\">\/<\/span><span class='av-masonry-author meta-color vcard author'><span class='fn'>by <\/span><\/span><\/div><\/div><\/figcaption><\/figure><\/a><!--end av-masonry entry--><a href=\"https:\/\/casa.oaxaca.gob.mx\/?p=5178\" id='av-masonry-1-item-5178' data-av-masonry-item='5178' class='av-masonry-entry isotope-item post-5178 post type-post status-publish format-standard has-post-thumbnail hentry category-eventos-cerrados-2018 all_sort eventos-cerrados-2018_sort  av-masonry-item-with-image' title=\"Taller de modelos, diagramas y huellas.\"  itemscope=\"itemscope\" itemtype=\"https:\/\/schema.org\/CreativeWork\" ><div class='av-inner-masonry-sizer'><\/div><figure class='av-inner-masonry main_color'><div class=\"av-masonry-outerimage-container\"><div class=\"av-masonry-image-container\" style=\"background-image: url(https:\/\/casa.oaxaca.gob.mx\/wp-content\/uploads\/2018\/09\/sdfghvjvgf.jpg);\"><img decoding=\"async\" src=\"https:\/\/casa.oaxaca.gob.mx\/wp-content\/uploads\/2018\/09\/sdfghvjvgf.jpg\" title=\"sdfghvjvgf\" alt=\"\" \/><\/div><\/div><figcaption class='av-inner-masonry-content site-background'><div class='av-inner-masonry-content-pos'><div class='av-inner-masonry-content-pos-content'><div class='avia-arrow'><\/div><h3 class='av-masonry-entry-title entry-title'  itemprop=\"headline\" >Taller de modelos, diagramas y huellas.<\/h3><span class='av-masonry-date meta-color updated'><\/span><span class=\"av-masonry-text-sep text-sep-author\">\/<\/span><span class='av-masonry-author meta-color vcard author'><span class='fn'>by <\/span><\/span><\/div><\/div><\/figcaption><\/figure><\/a><!--end av-masonry entry--><a href=\"https:\/\/casa.oaxaca.gob.mx\/?p=5164\" id='av-masonry-1-item-5164' data-av-masonry-item='5164' class='av-masonry-entry isotope-item post-5164 post type-post status-publish format-standard has-post-thumbnail hentry category-eventos-cerrados-2018 all_sort eventos-cerrados-2018_sort  av-masonry-item-with-image' title=\"Taller: Play Patio\"  itemscope=\"itemscope\" itemtype=\"https:\/\/schema.org\/CreativeWork\" ><div class='av-inner-masonry-sizer'><\/div><figure class='av-inner-masonry main_color'><div class=\"av-masonry-outerimage-container\"><div class=\"av-masonry-image-container\" style=\"background-image: url(https:\/\/casa.oaxaca.gob.mx\/wp-content\/uploads\/2018\/09\/sfgbvzxc-1.jpg);\"><img decoding=\"async\" src=\"https:\/\/casa.oaxaca.gob.mx\/wp-content\/uploads\/2018\/09\/sfgbvzxc-1.jpg\" title=\"sfgbvzxc\" alt=\"\" \/><\/div><\/div><figcaption class='av-inner-masonry-content site-background'><div class='av-inner-masonry-content-pos'><div class='av-inner-masonry-content-pos-content'><div class='avia-arrow'><\/div><h3 class='av-masonry-entry-title entry-title'  itemprop=\"headline\" >Taller: Play Patio<\/h3><span class='av-masonry-date meta-color updated'><\/span><span class=\"av-masonry-text-sep text-sep-author\">\/<\/span><span class='av-masonry-author meta-color vcard author'><span class='fn'>by <\/span><\/span><\/div><\/div><\/figcaption><\/figure><\/a><!--end av-masonry entry--><a href=\"https:\/\/casa.oaxaca.gob.mx\/?p=5154\" id='av-masonry-1-item-5154' data-av-masonry-item='5154' class='av-masonry-entry isotope-item post-5154 post type-post status-publish format-standard has-post-thumbnail hentry category-esposiciones-pasadas all_sort esposiciones-pasadas_sort  av-masonry-item-with-image' title=\"Exposici\u00f3n: Revelar otras historias de Oaxaca, del fotoperiodismo al fotodocumental: Felix Reyes Mat\u00edas\"  itemscope=\"itemscope\" itemtype=\"https:\/\/schema.org\/CreativeWork\" ><div class='av-inner-masonry-sizer'><\/div><figure class='av-inner-masonry main_color'><div class=\"av-masonry-outerimage-container\"><div class=\"av-masonry-image-container\" style=\"background-image: url(https:\/\/casa.oaxaca.gob.mx\/wp-content\/uploads\/2018\/09\/Sin-ti\u0301tulo-1-5.jpg);\"><img decoding=\"async\" src=\"https:\/\/casa.oaxaca.gob.mx\/wp-content\/uploads\/2018\/09\/Sin-ti\u0301tulo-1-5.jpg\" title=\"Sin-ti\u0301tulo-1\" alt=\"\" \/><\/div><\/div><figcaption class='av-inner-masonry-content site-background'><div class='av-inner-masonry-content-pos'><div class='av-inner-masonry-content-pos-content'><div class='avia-arrow'><\/div><h3 class='av-masonry-entry-title entry-title'  itemprop=\"headline\" >Exposici\u00f3n: Revelar otras historias de Oaxaca, del fotoperiodismo al fotodocumental: Felix Reyes Mat\u00edas<\/h3><span class='av-masonry-date meta-color updated'><\/span><span class=\"av-masonry-text-sep text-sep-author\">\/<\/span><span class='av-masonry-author meta-color vcard author'><span class='fn'>by <\/span><\/span><\/div><\/div><\/figcaption><\/figure><\/a><!--end av-masonry entry--><a href=\"https:\/\/casa.oaxaca.gob.mx\/?p=5142\" id='av-masonry-1-item-5142' data-av-masonry-item='5142' class='av-masonry-entry isotope-item post-5142 post type-post status-publish format-standard has-post-thumbnail hentry category-esposiciones-pasadas all_sort esposiciones-pasadas_sort  av-masonry-item-with-image' title=\"More Sweetly Play the Dance  Instalaci\u00f3n  William Kentridge (Sud\u00e1frica).\"  itemscope=\"itemscope\" itemtype=\"https:\/\/schema.org\/CreativeWork\" ><div class='av-inner-masonry-sizer'><\/div><figure class='av-inner-masonry main_color'><div class=\"av-masonry-outerimage-container\"><div class=\"av-masonry-image-container\" style=\"background-image: url(https:\/\/casa.oaxaca.gob.mx\/wp-content\/uploads\/2018\/09\/2.jpg);\"><img decoding=\"async\" src=\"https:\/\/casa.oaxaca.gob.mx\/wp-content\/uploads\/2018\/09\/2.jpg\" title=\"2\" alt=\"\" \/><\/div><\/div><figcaption class='av-inner-masonry-content site-background'><div class='av-inner-masonry-content-pos'><div class='av-inner-masonry-content-pos-content'><div class='avia-arrow'><\/div><h3 class='av-masonry-entry-title entry-title'  itemprop=\"headline\" >More Sweetly Play the Dance  Instalaci\u00f3n  William Kentridge (Sud\u00e1frica).<\/h3><span class='av-masonry-date meta-color updated'><\/span><span class=\"av-masonry-text-sep text-sep-author\">\/<\/span><span class='av-masonry-author meta-color vcard author'><span class='fn'>by <\/span><\/span><\/div><\/div><\/figcaption><\/figure><\/a><!--end av-masonry entry--><a href=\"https:\/\/casa.oaxaca.gob.mx\/?p=5118\" id='av-masonry-1-item-5118' data-av-masonry-item='5118' class='av-masonry-entry isotope-item post-5118 post type-post status-publish format-standard has-post-thumbnail hentry category-eventos-cerrados-2018 all_sort eventos-cerrados-2018_sort  av-masonry-item-with-image' title=\"Taller: Bordado interactivo\"  itemscope=\"itemscope\" itemtype=\"https:\/\/schema.org\/CreativeWork\" ><div class='av-inner-masonry-sizer'><\/div><figure class='av-inner-masonry main_color'><div class=\"av-masonry-outerimage-container\"><div class=\"av-masonry-image-container\" style=\"background-image: url(https:\/\/casa.oaxaca.gob.mx\/wp-content\/uploads\/2018\/09\/qewrtert.jpg);\"><img decoding=\"async\" src=\"https:\/\/casa.oaxaca.gob.mx\/wp-content\/uploads\/2018\/09\/qewrtert.jpg\" title=\"qewrtert\" alt=\"\" \/><\/div><\/div><figcaption class='av-inner-masonry-content site-background'><div class='av-inner-masonry-content-pos'><div class='av-inner-masonry-content-pos-content'><div class='avia-arrow'><\/div><h3 class='av-masonry-entry-title entry-title'  itemprop=\"headline\" >Taller: Bordado interactivo<\/h3><span class='av-masonry-date meta-color updated'><\/span><span class=\"av-masonry-text-sep text-sep-author\">\/<\/span><span class='av-masonry-author meta-color vcard author'><span class='fn'>by <\/span><\/span><\/div><\/div><\/figcaption><\/figure><\/a><!--end av-masonry entry--><a href=\"https:\/\/casa.oaxaca.gob.mx\/?p=5111\" id='av-masonry-1-item-5111' data-av-masonry-item='5111' class='av-masonry-entry isotope-item post-5111 post type-post status-publish format-standard has-post-thumbnail hentry category-eventos-cerrados-2018 all_sort eventos-cerrados-2018_sort  av-masonry-item-with-image' title=\"Taller: Producci\u00f3n de publicaciones digitales\"  itemscope=\"itemscope\" itemtype=\"https:\/\/schema.org\/CreativeWork\" ><div class='av-inner-masonry-sizer'><\/div><figure class='av-inner-masonry main_color'><div class=\"av-masonry-outerimage-container\"><div class=\"av-masonry-image-container\" style=\"background-image: url(https:\/\/casa.oaxaca.gob.mx\/wp-content\/uploads\/2018\/09\/sdfsafdsgh.jpg);\"><img decoding=\"async\" src=\"https:\/\/casa.oaxaca.gob.mx\/wp-content\/uploads\/2018\/09\/sdfsafdsgh.jpg\" title=\"sdfsafdsgh\" alt=\"\" \/><\/div><\/div><figcaption class='av-inner-masonry-content site-background'><div class='av-inner-masonry-content-pos'><div class='av-inner-masonry-content-pos-content'><div class='avia-arrow'><\/div><h3 class='av-masonry-entry-title entry-title'  itemprop=\"headline\" >Taller: Producci\u00f3n de publicaciones digitales<\/h3><span class='av-masonry-date meta-color updated'><\/span><span class=\"av-masonry-text-sep text-sep-author\">\/<\/span><span class='av-masonry-author meta-color vcard author'><span class='fn'>by <\/span><\/span><\/div><\/div><\/figcaption><\/figure><\/a><!--end av-masonry entry--><a href=\"https:\/\/casa.oaxaca.gob.mx\/?p=5091\" id='av-masonry-1-item-5091' data-av-masonry-item='5091' class='av-masonry-entry isotope-item post-5091 post type-post status-publish format-standard has-post-thumbnail hentry category-eventos-cerrados-2018 all_sort eventos-cerrados-2018_sort  av-masonry-item-with-image' title=\"Material inflamable. Taller de realidad Aumentada\"  itemscope=\"itemscope\" itemtype=\"https:\/\/schema.org\/CreativeWork\" ><div class='av-inner-masonry-sizer'><\/div><figure class='av-inner-masonry main_color'><div class=\"av-masonry-outerimage-container\"><div class=\"av-masonry-image-container\" style=\"background-image: url(https:\/\/casa.oaxaca.gob.mx\/wp-content\/uploads\/2018\/09\/asfsafadsfsdafsad.jpg);\"><img decoding=\"async\" src=\"https:\/\/casa.oaxaca.gob.mx\/wp-content\/uploads\/2018\/09\/asfsafadsfsdafsad.jpg\" title=\"asfsafadsfsdafsad\" alt=\"\" \/><\/div><\/div><figcaption class='av-inner-masonry-content site-background'><div class='av-inner-masonry-content-pos'><div class='av-inner-masonry-content-pos-content'><div class='avia-arrow'><\/div><h3 class='av-masonry-entry-title entry-title'  itemprop=\"headline\" >Material inflamable. Taller de realidad Aumentada<\/h3><span class='av-masonry-date meta-color updated'><\/span><span class=\"av-masonry-text-sep text-sep-author\">\/<\/span><span class='av-masonry-author meta-color vcard author'><span class='fn'>by <\/span><\/span><\/div><\/div><\/figcaption><\/figure><\/a><!--end av-masonry entry--><a href=\"https:\/\/casa.oaxaca.gob.mx\/?p=5082\" id='av-masonry-1-item-5082' data-av-masonry-item='5082' class='av-masonry-entry isotope-item post-5082 post type-post status-publish format-standard has-post-thumbnail hentry category-eventos-cerrados-2018 all_sort eventos-cerrados-2018_sort  av-masonry-item-with-image' title=\"Mundos probables. Taller de realidad Virtual\"  itemscope=\"itemscope\" itemtype=\"https:\/\/schema.org\/CreativeWork\" ><div class='av-inner-masonry-sizer'><\/div><figure class='av-inner-masonry main_color'><div class=\"av-masonry-outerimage-container\"><div class=\"av-masonry-image-container\" style=\"background-image: url(https:\/\/casa.oaxaca.gob.mx\/wp-content\/uploads\/2018\/09\/asfsafadsfsdafsad.jpg);\"><img decoding=\"async\" src=\"https:\/\/casa.oaxaca.gob.mx\/wp-content\/uploads\/2018\/09\/asfsafadsfsdafsad.jpg\" title=\"asfsafadsfsdafsad\" alt=\"\" \/><\/div><\/div><figcaption class='av-inner-masonry-content site-background'><div class='av-inner-masonry-content-pos'><div class='av-inner-masonry-content-pos-content'><div class='avia-arrow'><\/div><h3 class='av-masonry-entry-title entry-title'  itemprop=\"headline\" >Mundos probables. Taller de realidad Virtual<\/h3><span class='av-masonry-date meta-color updated'><\/span><span class=\"av-masonry-text-sep text-sep-author\">\/<\/span><span class='av-masonry-author meta-color vcard author'><span class='fn'>by <\/span><\/span><\/div><\/div><\/figcaption><\/figure><\/a><!--end av-masonry entry--><a href=\"https:\/\/casa.oaxaca.gob.mx\/?p=5073\" id='av-masonry-1-item-5073' data-av-masonry-item='5073' class='av-masonry-entry isotope-item post-5073 post type-post status-publish format-standard has-post-thumbnail hentry category-eventos-cerrados-2018 all_sort eventos-cerrados-2018_sort  av-masonry-item-with-image' title=\"Taller de ensayo fotogr\u00e1fico en la calle\"  itemscope=\"itemscope\" itemtype=\"https:\/\/schema.org\/CreativeWork\" ><div class='av-inner-masonry-sizer'><\/div><figure class='av-inner-masonry main_color'><div class=\"av-masonry-outerimage-container\"><div class=\"av-masonry-image-container\" style=\"background-image: url(https:\/\/casa.oaxaca.gob.mx\/wp-content\/uploads\/2018\/08\/aggdhjgh-1.jpg);\"><img decoding=\"async\" src=\"https:\/\/casa.oaxaca.gob.mx\/wp-content\/uploads\/2018\/08\/aggdhjgh-1.jpg\" title=\"aggdhjgh\" alt=\"\" \/><\/div><\/div><figcaption class='av-inner-masonry-content site-background'><div class='av-inner-masonry-content-pos'><div class='av-inner-masonry-content-pos-content'><div class='avia-arrow'><\/div><h3 class='av-masonry-entry-title entry-title'  itemprop=\"headline\" >Taller de ensayo fotogr\u00e1fico en la calle<\/h3><span class='av-masonry-date meta-color updated'><\/span><span class=\"av-masonry-text-sep text-sep-author\">\/<\/span><span class='av-masonry-author meta-color vcard author'><span class='fn'>by <\/span><\/span><\/div><\/div><\/figcaption><\/figure><\/a><!--end av-masonry entry--><a href=\"https:\/\/casa.oaxaca.gob.mx\/?p=5062\" id='av-masonry-1-item-5062' data-av-masonry-item='5062' class='av-masonry-entry isotope-item post-5062 post type-post status-publish format-standard has-post-thumbnail hentry category-eventos-cerrados-2018 all_sort eventos-cerrados-2018_sort  av-masonry-item-with-image' title=\"Taller de performance: dibujo y movimiento\"  itemscope=\"itemscope\" itemtype=\"https:\/\/schema.org\/CreativeWork\" ><div class='av-inner-masonry-sizer'><\/div><figure class='av-inner-masonry main_color'><div class=\"av-masonry-outerimage-container\"><div class=\"av-masonry-image-container\" style=\"background-image: url(https:\/\/casa.oaxaca.gob.mx\/wp-content\/uploads\/2018\/08\/asdfdsfdsf.jpg);\"><img decoding=\"async\" src=\"https:\/\/casa.oaxaca.gob.mx\/wp-content\/uploads\/2018\/08\/asdfdsfdsf.jpg\" title=\"asdfdsfdsf\" alt=\"\" \/><\/div><\/div><figcaption class='av-inner-masonry-content site-background'><div class='av-inner-masonry-content-pos'><div class='av-inner-masonry-content-pos-content'><div class='avia-arrow'><\/div><h3 class='av-masonry-entry-title entry-title'  itemprop=\"headline\" >Taller de performance: dibujo y movimiento<\/h3><span class='av-masonry-date meta-color updated'><\/span><span class=\"av-masonry-text-sep text-sep-author\">\/<\/span><span class='av-masonry-author meta-color vcard author'><span class='fn'>by <\/span><\/span><\/div><\/div><\/figcaption><\/figure><\/a><!--end av-masonry entry--><a href=\"https:\/\/casa.oaxaca.gob.mx\/?p=5039\" id='av-masonry-1-item-5039' data-av-masonry-item='5039' class='av-masonry-entry isotope-item post-5039 post type-post status-publish format-standard has-post-thumbnail hentry category-eventos-cerrados-2018 all_sort eventos-cerrados-2018_sort  av-masonry-item-with-image' title=\"Concierto Guenda Duo\"  itemscope=\"itemscope\" itemtype=\"https:\/\/schema.org\/CreativeWork\" ><div class='av-inner-masonry-sizer'><\/div><figure class='av-inner-masonry main_color'><div class=\"av-masonry-outerimage-container\"><div class=\"av-masonry-image-container\" style=\"background-image: url(https:\/\/casa.oaxaca.gob.mx\/wp-content\/uploads\/2018\/08\/e.png);\"><img decoding=\"async\" src=\"https:\/\/casa.oaxaca.gob.mx\/wp-content\/uploads\/2018\/08\/e.png\" title=\"e\" alt=\"\" \/><\/div><\/div><figcaption class='av-inner-masonry-content site-background'><div class='av-inner-masonry-content-pos'><div class='av-inner-masonry-content-pos-content'><div class='avia-arrow'><\/div><h3 class='av-masonry-entry-title entry-title'  itemprop=\"headline\" >Concierto Guenda Duo<\/h3><span class='av-masonry-date meta-color updated'><\/span><span class=\"av-masonry-text-sep text-sep-author\">\/<\/span><span class='av-masonry-author meta-color vcard author'><span class='fn'>by <\/span><\/span><\/div><\/div><\/figcaption><\/figure><\/a><!--end av-masonry entry--><a href=\"https:\/\/casa.oaxaca.gob.mx\/?p=4887\" id='av-masonry-1-item-4887' data-av-masonry-item='4887' class='av-masonry-entry isotope-item post-4887 post type-post status-publish format-standard has-post-thumbnail hentry category-eventos-cerrados-2018 all_sort eventos-cerrados-2018_sort  av-masonry-item-with-image' title=\"Taller Imagen, objeto fotogr\u00e1fico y producci\u00f3n de sentido.\"  itemscope=\"itemscope\" itemtype=\"https:\/\/schema.org\/CreativeWork\" ><div class='av-inner-masonry-sizer'><\/div><figure class='av-inner-masonry main_color'><div class=\"av-masonry-outerimage-container\"><div class=\"av-masonry-image-container\" style=\"background-image: url(https:\/\/casa.oaxaca.gob.mx\/wp-content\/uploads\/2018\/07\/nuevo-5.jpg);\"><img decoding=\"async\" src=\"https:\/\/casa.oaxaca.gob.mx\/wp-content\/uploads\/2018\/07\/nuevo-5.jpg\" title=\"nuevo\" alt=\"\" \/><\/div><\/div><figcaption class='av-inner-masonry-content site-background'><div class='av-inner-masonry-content-pos'><div class='av-inner-masonry-content-pos-content'><div class='avia-arrow'><\/div><h3 class='av-masonry-entry-title entry-title'  itemprop=\"headline\" >Taller Imagen, objeto fotogr\u00e1fico y producci\u00f3n de sentido.<\/h3><span class='av-masonry-date meta-color updated'><\/span><span class=\"av-masonry-text-sep text-sep-author\">\/<\/span><span class='av-masonry-author meta-color vcard author'><span class='fn'>by <\/span><\/span><\/div><\/div><\/figcaption><\/figure><\/a><!--end av-masonry entry--><a href=\"https:\/\/casa.oaxaca.gob.mx\/?p=4855\" id='av-masonry-1-item-4855' data-av-masonry-item='4855' class='av-masonry-entry isotope-item post-4855 post type-post status-publish format-standard has-post-thumbnail hentry category-eventos-cerrados-2018 all_sort eventos-cerrados-2018_sort  av-masonry-item-with-image' title=\"Primer concurso de fotograf\u00eda de la reserva de la Bi\u00f3sfera\"  itemscope=\"itemscope\" itemtype=\"https:\/\/schema.org\/CreativeWork\" ><div class='av-inner-masonry-sizer'><\/div><figure class='av-inner-masonry main_color'><div class=\"av-masonry-outerimage-container\"><div class=\"av-masonry-image-container\" style=\"background-image: url(https:\/\/casa.oaxaca.gob.mx\/wp-content\/uploads\/2018\/07\/nuevo-2-1.jpg);\"><img decoding=\"async\" src=\"https:\/\/casa.oaxaca.gob.mx\/wp-content\/uploads\/2018\/07\/nuevo-2-1.jpg\" title=\"nuevo-2\" alt=\"\" \/><\/div><\/div><figcaption class='av-inner-masonry-content site-background'><div class='av-inner-masonry-content-pos'><div class='av-inner-masonry-content-pos-content'><div class='avia-arrow'><\/div><h3 class='av-masonry-entry-title entry-title'  itemprop=\"headline\" >Primer concurso de fotograf\u00eda de la reserva de la Bi\u00f3sfera<\/h3><span class='av-masonry-date meta-color updated'><\/span><span class=\"av-masonry-text-sep text-sep-author\">\/<\/span><span class='av-masonry-author meta-color vcard author'><span class='fn'>by <\/span><\/span><\/div><\/div><\/figcaption><\/figure><\/a><!--end av-masonry entry--><a href=\"https:\/\/casa.oaxaca.gob.mx\/?p=4844\" id='av-masonry-1-item-4844' data-av-masonry-item='4844' class='av-masonry-entry isotope-item post-4844 post type-post status-publish format-standard has-post-thumbnail hentry category-eventos-cerrados-2018 all_sort eventos-cerrados-2018_sort  av-masonry-item-with-image' title=\"Taller Nuevo Norte.\"  itemscope=\"itemscope\" itemtype=\"https:\/\/schema.org\/CreativeWork\" ><div class='av-inner-masonry-sizer'><\/div><figure class='av-inner-masonry main_color'><div class=\"av-masonry-outerimage-container\"><div class=\"av-masonry-image-container\" style=\"background-image: url(https:\/\/casa.oaxaca.gob.mx\/wp-content\/uploads\/2018\/07\/baika-705x529.jpg);\"><img decoding=\"async\" src=\"https:\/\/casa.oaxaca.gob.mx\/wp-content\/uploads\/2018\/07\/baika-705x529.jpg\" title=\"Processed with VSCO\" alt=\"\" \/><\/div><\/div><figcaption class='av-inner-masonry-content site-background'><div class='av-inner-masonry-content-pos'><div class='av-inner-masonry-content-pos-content'><div class='avia-arrow'><\/div><h3 class='av-masonry-entry-title entry-title'  itemprop=\"headline\" >Taller Nuevo Norte.<\/h3><span class='av-masonry-date meta-color updated'><\/span><span class=\"av-masonry-text-sep text-sep-author\">\/<\/span><span class='av-masonry-author meta-color vcard author'><span class='fn'>by <\/span><\/span><\/div><\/div><\/figcaption><\/figure><\/a><!--end av-masonry entry--><a href=\"https:\/\/casa.oaxaca.gob.mx\/?p=4801\" id='av-masonry-1-item-4801' data-av-masonry-item='4801' class='av-masonry-entry isotope-item post-4801 post type-post status-publish format-standard has-post-thumbnail hentry category-esposiciones-pasadas all_sort esposiciones-pasadas_sort  av-masonry-item-with-image' title=\"Arte Papel Vista hermosa 20 a\u00f1os\"  itemscope=\"itemscope\" itemtype=\"https:\/\/schema.org\/CreativeWork\" ><div class='av-inner-masonry-sizer'><\/div><figure class='av-inner-masonry main_color'><div class=\"av-masonry-outerimage-container\"><div class=\"av-masonry-image-container\" style=\"background-image: url(https:\/\/casa.oaxaca.gob.mx\/wp-content\/uploads\/2018\/07\/3-4.jpg);\"><img decoding=\"async\" src=\"https:\/\/casa.oaxaca.gob.mx\/wp-content\/uploads\/2018\/07\/3-4.jpg\" title=\"3\" alt=\"\" \/><\/div><\/div><figcaption class='av-inner-masonry-content site-background'><div class='av-inner-masonry-content-pos'><div class='av-inner-masonry-content-pos-content'><div class='avia-arrow'><\/div><h3 class='av-masonry-entry-title entry-title'  itemprop=\"headline\" >Arte Papel Vista hermosa 20 a\u00f1os<\/h3><span class='av-masonry-date meta-color updated'><\/span><span class=\"av-masonry-text-sep text-sep-author\">\/<\/span><span class='av-masonry-author meta-color vcard author'><span class='fn'>by <\/span><\/span><\/div><\/div><\/figcaption><\/figure><\/a><!--end av-masonry entry--><a href=\"https:\/\/casa.oaxaca.gob.mx\/?p=4782\" id='av-masonry-1-item-4782' data-av-masonry-item='4782' class='av-masonry-entry isotope-item post-4782 post type-post status-publish format-standard has-post-thumbnail hentry category-eventos-cerrados-2018 all_sort eventos-cerrados-2018_sort  av-masonry-item-with-image' title=\"Taller de Fotograf\u00eda. &#8220;Ojos bien abiertos\u201d\"  itemscope=\"itemscope\" itemtype=\"https:\/\/schema.org\/CreativeWork\" ><div class='av-inner-masonry-sizer'><\/div><figure class='av-inner-masonry main_color'><div class=\"av-masonry-outerimage-container\"><div class=\"av-masonry-image-container\" style=\"background-image: url(https:\/\/casa.oaxaca.gob.mx\/wp-content\/uploads\/2018\/07\/Captura-de-pantalla-2018-07-08-a-las-23.50.06-705x514.png);\"><img decoding=\"async\" src=\"https:\/\/casa.oaxaca.gob.mx\/wp-content\/uploads\/2018\/07\/Captura-de-pantalla-2018-07-08-a-las-23.50.06-705x514.png\" title=\"Captura de pantalla 2018-07-08 a la(s) 23.50.06\" alt=\"\" \/><\/div><\/div><figcaption class='av-inner-masonry-content site-background'><div class='av-inner-masonry-content-pos'><div class='av-inner-masonry-content-pos-content'><div class='avia-arrow'><\/div><h3 class='av-masonry-entry-title entry-title'  itemprop=\"headline\" >Taller de Fotograf\u00eda. &#8220;Ojos bien abiertos\u201d<\/h3><span class='av-masonry-date meta-color updated'><\/span><span class=\"av-masonry-text-sep text-sep-author\">\/<\/span><span class='av-masonry-author meta-color vcard author'><span class='fn'>by <\/span><\/span><\/div><\/div><\/figcaption><\/figure><\/a><!--end av-masonry entry--><a href=\"https:\/\/casa.oaxaca.gob.mx\/?p=4766\" id='av-masonry-1-item-4766' data-av-masonry-item='4766' class='av-masonry-entry isotope-item post-4766 post type-post status-publish format-standard has-post-thumbnail hentry category-eventos-cerrados-2019 all_sort eventos-cerrados-2019_sort  av-masonry-item-with-image' title=\"Diplomado Interdisciplinario para la Ensen\u0303anza de las Artes en la Educacio\u0301n Ba\u0301sica.\"  itemscope=\"itemscope\" itemtype=\"https:\/\/schema.org\/CreativeWork\" ><div class='av-inner-masonry-sizer'><\/div><figure class='av-inner-masonry main_color'><div class=\"av-masonry-outerimage-container\"><div class=\"av-masonry-image-container\" style=\"background-image: url(https:\/\/casa.oaxaca.gob.mx\/wp-content\/uploads\/2018\/07\/dsf.jpg);\"><img decoding=\"async\" src=\"https:\/\/casa.oaxaca.gob.mx\/wp-content\/uploads\/2018\/07\/dsf.jpg\" title=\"dsf\" alt=\"\" \/><\/div><\/div><figcaption class='av-inner-masonry-content site-background'><div class='av-inner-masonry-content-pos'><div class='av-inner-masonry-content-pos-content'><div class='avia-arrow'><\/div><h3 class='av-masonry-entry-title entry-title'  itemprop=\"headline\" >Diplomado Interdisciplinario para la Ensen\u0303anza de las Artes en la Educacio\u0301n Ba\u0301sica.<\/h3><span class='av-masonry-date meta-color updated'><\/span><span class=\"av-masonry-text-sep text-sep-author\">\/<\/span><span class='av-masonry-author meta-color vcard author'><span class='fn'>by <\/span><\/span><\/div><\/div><\/figcaption><\/figure><\/a><!--end av-masonry entry--><a href=\"https:\/\/casa.oaxaca.gob.mx\/?p=4752\" id='av-masonry-1-item-4752' data-av-masonry-item='4752' class='av-masonry-entry isotope-item post-4752 post type-post status-publish format-standard has-post-thumbnail hentry category-eventos-cerrados-2018 all_sort eventos-cerrados-2018_sort  av-masonry-item-with-image' title=\"Taller de radio: \u201cFabrica de ideas y sonidos en Oaxaca\u201d\"  itemscope=\"itemscope\" itemtype=\"https:\/\/schema.org\/CreativeWork\" ><div class='av-inner-masonry-sizer'><\/div><figure class='av-inner-masonry main_color'><div class=\"av-masonry-outerimage-container\"><div class=\"av-masonry-image-container\" style=\"background-image: url(https:\/\/casa.oaxaca.gob.mx\/wp-content\/uploads\/2018\/07\/3-3-705x470.jpg);\"><img decoding=\"async\" src=\"https:\/\/casa.oaxaca.gob.mx\/wp-content\/uploads\/2018\/07\/3-3-705x470.jpg\" title=\"3\" alt=\"\" \/><\/div><\/div><figcaption class='av-inner-masonry-content site-background'><div class='av-inner-masonry-content-pos'><div class='av-inner-masonry-content-pos-content'><div class='avia-arrow'><\/div><h3 class='av-masonry-entry-title entry-title'  itemprop=\"headline\" >Taller de radio: \u201cFabrica de ideas y sonidos en Oaxaca\u201d<\/h3><span class='av-masonry-date meta-color updated'><\/span><span class=\"av-masonry-text-sep text-sep-author\">\/<\/span><span class='av-masonry-author meta-color vcard author'><span class='fn'>by <\/span><\/span><\/div><\/div><\/figcaption><\/figure><\/a><!--end av-masonry entry--><a href=\"https:\/\/casa.oaxaca.gob.mx\/?p=4720\" id='av-masonry-1-item-4720' data-av-masonry-item='4720' class='av-masonry-entry isotope-item post-4720 post type-post status-publish format-standard has-post-thumbnail hentry category-eventos-cerrados-2018 all_sort eventos-cerrados-2018_sort  av-masonry-item-with-image' title=\"Curso: &#8220;Desde Leopoldo M\u00e9ndez a la gr\u00e1fica de hoy&#8221;\"  itemscope=\"itemscope\" itemtype=\"https:\/\/schema.org\/CreativeWork\" ><div class='av-inner-masonry-sizer'><\/div><figure class='av-inner-masonry main_color'><div class=\"av-masonry-outerimage-container\"><div class=\"av-masonry-image-container\" style=\"background-image: url(https:\/\/casa.oaxaca.gob.mx\/wp-content\/uploads\/2018\/06\/b-2.jpg);\"><img decoding=\"async\" src=\"https:\/\/casa.oaxaca.gob.mx\/wp-content\/uploads\/2018\/06\/b-2.jpg\" title=\"b\" alt=\"\" \/><\/div><\/div><figcaption class='av-inner-masonry-content site-background'><div class='av-inner-masonry-content-pos'><div class='av-inner-masonry-content-pos-content'><div class='avia-arrow'><\/div><h3 class='av-masonry-entry-title entry-title'  itemprop=\"headline\" >Curso: &#8220;Desde Leopoldo M\u00e9ndez a la gr\u00e1fica de hoy&#8221;<\/h3><span class='av-masonry-date meta-color updated'><\/span><span class=\"av-masonry-text-sep text-sep-author\">\/<\/span><span class='av-masonry-author meta-color vcard author'><span class='fn'>by <\/span><\/span><\/div><\/div><\/figcaption><\/figure><\/a><!--end av-masonry entry--><a href=\"https:\/\/casa.oaxaca.gob.mx\/?p=4691\" id='av-masonry-1-item-4691' data-av-masonry-item='4691' class='av-masonry-entry isotope-item post-4691 post type-post status-publish format-standard has-post-thumbnail hentry category-eventos-cerrados-2018 all_sort eventos-cerrados-2018_sort  av-masonry-item-with-image' title=\"Laboratorio de videodanza \u201cHerramientas pedag\u00f3gicas creativas\u201d\"  itemscope=\"itemscope\" itemtype=\"https:\/\/schema.org\/CreativeWork\" ><div class='av-inner-masonry-sizer'><\/div><figure class='av-inner-masonry main_color'><div class=\"av-masonry-outerimage-container\"><div class=\"av-masonry-image-container\" style=\"background-image: url(https:\/\/casa.oaxaca.gob.mx\/wp-content\/uploads\/2018\/06\/Elevate-B-Chao-Dir-Hui-Ting-y-Chih-Chia-Huang_2-705x470.jpg);\"><img decoding=\"async\" src=\"https:\/\/casa.oaxaca.gob.mx\/wp-content\/uploads\/2018\/06\/Elevate-B-Chao-Dir-Hui-Ting-y-Chih-Chia-Huang_2-705x470.jpg\" title=\"Elevate B Chao-Dir Hui Ting y Chih-Chia Huang_2\" alt=\"\" \/><\/div><\/div><figcaption class='av-inner-masonry-content site-background'><div class='av-inner-masonry-content-pos'><div class='av-inner-masonry-content-pos-content'><div class='avia-arrow'><\/div><h3 class='av-masonry-entry-title entry-title'  itemprop=\"headline\" >Laboratorio de videodanza \u201cHerramientas pedag\u00f3gicas creativas\u201d<\/h3><span class='av-masonry-date meta-color updated'><\/span><span class=\"av-masonry-text-sep text-sep-author\">\/<\/span><span class='av-masonry-author meta-color vcard author'><span class='fn'>by <\/span><\/span><\/div><\/div><\/figcaption><\/figure><\/a><!--end av-masonry entry--><a href=\"https:\/\/casa.oaxaca.gob.mx\/?p=4642\" id='av-masonry-1-item-4642' data-av-masonry-item='4642' class='av-masonry-entry isotope-item post-4642 post type-post status-publish format-standard has-post-thumbnail hentry category-esposiciones-pasadas all_sort esposiciones-pasadas_sort  av-masonry-item-with-image' title=\"Naturaleza en el habitar\"  itemscope=\"itemscope\" itemtype=\"https:\/\/schema.org\/CreativeWork\" ><div class='av-inner-masonry-sizer'><\/div><figure class='av-inner-masonry main_color'><div class=\"av-masonry-outerimage-container\"><div class=\"av-masonry-image-container\" style=\"background-image: url(https:\/\/casa.oaxaca.gob.mx\/wp-content\/uploads\/2018\/06\/5.jpg);\"><img decoding=\"async\" src=\"https:\/\/casa.oaxaca.gob.mx\/wp-content\/uploads\/2018\/06\/5.jpg\" title=\"5\" alt=\"\" \/><\/div><\/div><figcaption class='av-inner-masonry-content site-background'><div class='av-inner-masonry-content-pos'><div class='av-inner-masonry-content-pos-content'><div class='avia-arrow'><\/div><h3 class='av-masonry-entry-title entry-title'  itemprop=\"headline\" >Naturaleza en el habitar<\/h3><span class='av-masonry-date meta-color updated'><\/span><span class=\"av-masonry-text-sep text-sep-author\">\/<\/span><span class='av-masonry-author meta-color vcard author'><span class='fn'>by <\/span><\/span><\/div><\/div><\/figcaption><\/figure><\/a><!--end av-masonry entry--><a href=\"https:\/\/casa.oaxaca.gob.mx\/?p=4634\" id='av-masonry-1-item-4634' data-av-masonry-item='4634' class='av-masonry-entry isotope-item post-4634 post type-post status-publish format-standard has-post-thumbnail hentry category-eventos-cerrados-2018 all_sort eventos-cerrados-2018_sort  av-masonry-item-with-image' title=\"Taller: Producci\u00f3n fotogr\u00e1fica.\"  itemscope=\"itemscope\" itemtype=\"https:\/\/schema.org\/CreativeWork\" ><div class='av-inner-masonry-sizer'><\/div><figure class='av-inner-masonry main_color'><div class=\"av-masonry-outerimage-container\"><div class=\"av-masonry-image-container\" style=\"background-image: url(https:\/\/casa.oaxaca.gob.mx\/wp-content\/uploads\/2018\/06\/La-danza-del-venado-Dancer-Miguel-Angel-Guzman-@angel_smg-676x705.jpg);\"><img decoding=\"async\" src=\"https:\/\/casa.oaxaca.gob.mx\/wp-content\/uploads\/2018\/06\/La-danza-del-venado-Dancer-Miguel-Angel-Guzman-@angel_smg-676x705.jpg\" title=\"La danza del venado Dancer Miguel Angel Guzman @angel_smg\" alt=\"\" \/><\/div><\/div><figcaption class='av-inner-masonry-content site-background'><div class='av-inner-masonry-content-pos'><div class='av-inner-masonry-content-pos-content'><div class='avia-arrow'><\/div><h3 class='av-masonry-entry-title entry-title'  itemprop=\"headline\" >Taller: Producci\u00f3n fotogr\u00e1fica.<\/h3><span class='av-masonry-date meta-color updated'><\/span><span class=\"av-masonry-text-sep text-sep-author\">\/<\/span><span class='av-masonry-author meta-color vcard author'><span class='fn'>by <\/span><\/span><\/div><\/div><\/figcaption><\/figure><\/a><!--end av-masonry entry--><a href=\"https:\/\/casa.oaxaca.gob.mx\/?p=4627\" id='av-masonry-1-item-4627' data-av-masonry-item='4627' class='av-masonry-entry isotope-item post-4627 post type-post status-publish format-standard has-post-thumbnail hentry category-eventos-cerrados-2018 all_sort eventos-cerrados-2018_sort  av-masonry-item-with-image' title=\"&#8220;Taller de dise\u00f1o editorial \/ Cat\u00e1logos&#8221;\"  itemscope=\"itemscope\" itemtype=\"https:\/\/schema.org\/CreativeWork\" ><div class='av-inner-masonry-sizer'><\/div><figure class='av-inner-masonry main_color'><div class=\"av-masonry-outerimage-container\"><div class=\"av-masonry-image-container\" style=\"background-image: url(https:\/\/casa.oaxaca.gob.mx\/wp-content\/uploads\/2018\/06\/veronica-400x299.jpg);\"><img decoding=\"async\" src=\"https:\/\/casa.oaxaca.gob.mx\/wp-content\/uploads\/2018\/06\/veronica-400x299.jpg\" title=\"veronica-400&#215;299\" alt=\"\" \/><\/div><\/div><figcaption class='av-inner-masonry-content site-background'><div class='av-inner-masonry-content-pos'><div class='av-inner-masonry-content-pos-content'><div class='avia-arrow'><\/div><h3 class='av-masonry-entry-title entry-title'  itemprop=\"headline\" >&#8220;Taller de dise\u00f1o editorial \/ Cat\u00e1logos&#8221;<\/h3><span class='av-masonry-date meta-color updated'><\/span><span class=\"av-masonry-text-sep text-sep-author\">\/<\/span><span class='av-masonry-author meta-color vcard author'><span class='fn'>by <\/span><\/span><\/div><\/div><\/figcaption><\/figure><\/a><!--end av-masonry entry--><a href=\"https:\/\/casa.oaxaca.gob.mx\/?p=4612\" id='av-masonry-1-item-4612' data-av-masonry-item='4612' class='av-masonry-entry isotope-item post-4612 post type-post status-publish format-standard has-post-thumbnail hentry category-eventos-cerrados-2018 all_sort eventos-cerrados-2018_sort  av-masonry-item-with-image' title=\"Curso Sin\u00f3ptico de Dibujo.\"  itemscope=\"itemscope\" itemtype=\"https:\/\/schema.org\/CreativeWork\" ><div class='av-inner-masonry-sizer'><\/div><figure class='av-inner-masonry main_color'><div class=\"av-masonry-outerimage-container\"><div class=\"av-masonry-image-container\" style=\"background-image: url(https:\/\/casa.oaxaca.gob.mx\/wp-content\/uploads\/2018\/06\/IMG_3116-1-705x705.jpg);\"><img decoding=\"async\" src=\"https:\/\/casa.oaxaca.gob.mx\/wp-content\/uploads\/2018\/06\/IMG_3116-1-705x705.jpg\" title=\"IMG_3116\" alt=\"\" \/><\/div><\/div><figcaption class='av-inner-masonry-content site-background'><div class='av-inner-masonry-content-pos'><div class='av-inner-masonry-content-pos-content'><div class='avia-arrow'><\/div><h3 class='av-masonry-entry-title entry-title'  itemprop=\"headline\" >Curso Sin\u00f3ptico de Dibujo.<\/h3><span class='av-masonry-date meta-color updated'><\/span><span class=\"av-masonry-text-sep text-sep-author\">\/<\/span><span class='av-masonry-author meta-color vcard author'><span class='fn'>by <\/span><\/span><\/div><\/div><\/figcaption><\/figure><\/a><!--end av-masonry entry--><a href=\"https:\/\/casa.oaxaca.gob.mx\/?p=4600\" id='av-masonry-1-item-4600' data-av-masonry-item='4600' class='av-masonry-entry isotope-item post-4600 post type-post status-publish format-standard has-post-thumbnail hentry category-eventos-cerrados-2018 all_sort eventos-cerrados-2018_sort  av-masonry-item-with-image' title=\"Curso: Gr\u00e1fica en gran formato con materiales de re-uso.\"  itemscope=\"itemscope\" itemtype=\"https:\/\/schema.org\/CreativeWork\" ><div class='av-inner-masonry-sizer'><\/div><figure class='av-inner-masonry main_color'><div class=\"av-masonry-outerimage-container\"><div class=\"av-masonry-image-container\" style=\"background-image: url(https:\/\/casa.oaxaca.gob.mx\/wp-content\/uploads\/2018\/06\/aaa-1.jpg);\"><img decoding=\"async\" src=\"https:\/\/casa.oaxaca.gob.mx\/wp-content\/uploads\/2018\/06\/aaa-1.jpg\" title=\"aaa\" alt=\"\" \/><\/div><\/div><figcaption class='av-inner-masonry-content site-background'><div class='av-inner-masonry-content-pos'><div class='av-inner-masonry-content-pos-content'><div class='avia-arrow'><\/div><h3 class='av-masonry-entry-title entry-title'  itemprop=\"headline\" >Curso: Gr\u00e1fica en gran formato con materiales de re-uso.<\/h3><span class='av-masonry-date meta-color updated'><\/span><span class=\"av-masonry-text-sep text-sep-author\">\/<\/span><span class='av-masonry-author meta-color vcard author'><span class='fn'>by <\/span><\/span><\/div><\/div><\/figcaption><\/figure><\/a><!--end av-masonry entry--><a href=\"https:\/\/casa.oaxaca.gob.mx\/?p=4574\" id='av-masonry-1-item-4574' data-av-masonry-item='4574' class='av-masonry-entry isotope-item post-4574 post type-post status-publish format-standard has-post-thumbnail hentry category-eventos-cerrados-2018 all_sort eventos-cerrados-2018_sort  av-masonry-item-with-image' title=\"Taller de arquitectura: Espacio social y poder.\"  itemscope=\"itemscope\" itemtype=\"https:\/\/schema.org\/CreativeWork\" ><div class='av-inner-masonry-sizer'><\/div><figure class='av-inner-masonry main_color'><div class=\"av-masonry-outerimage-container\"><div class=\"av-masonry-image-container\" style=\"background-image: url(https:\/\/casa.oaxaca.gob.mx\/wp-content\/uploads\/2018\/06\/11-705x466.jpeg);\"><img decoding=\"async\" src=\"https:\/\/casa.oaxaca.gob.mx\/wp-content\/uploads\/2018\/06\/11-705x466.jpeg\" title=\"11\" alt=\"\" \/><\/div><\/div><figcaption class='av-inner-masonry-content site-background'><div class='av-inner-masonry-content-pos'><div class='av-inner-masonry-content-pos-content'><div class='avia-arrow'><\/div><h3 class='av-masonry-entry-title entry-title'  itemprop=\"headline\" >Taller de arquitectura: Espacio social y poder.<\/h3><span class='av-masonry-date meta-color updated'><\/span><span class=\"av-masonry-text-sep text-sep-author\">\/<\/span><span class='av-masonry-author meta-color vcard author'><span class='fn'>by <\/span><\/span><\/div><\/div><\/figcaption><\/figure><\/a><!--end av-masonry entry--><a href=\"https:\/\/casa.oaxaca.gob.mx\/?p=4565\" id='av-masonry-1-item-4565' data-av-masonry-item='4565' class='av-masonry-entry isotope-item post-4565 post type-post status-publish format-standard has-post-thumbnail hentry category-eventos-cerrados-2018 all_sort eventos-cerrados-2018_sort  av-masonry-item-with-image' title=\"Taller: Herramientas Actuales para el Proceso Pict\u00f3rico.\"  itemscope=\"itemscope\" itemtype=\"https:\/\/schema.org\/CreativeWork\" ><div class='av-inner-masonry-sizer'><\/div><figure class='av-inner-masonry main_color'><div class=\"av-masonry-outerimage-container\"><div class=\"av-masonry-image-container\" style=\"background-image: url(https:\/\/casa.oaxaca.gob.mx\/wp-content\/uploads\/2018\/06\/nueva.jpg);\"><img decoding=\"async\" src=\"https:\/\/casa.oaxaca.gob.mx\/wp-content\/uploads\/2018\/06\/nueva.jpg\" title=\"nueva\" alt=\"\" \/><\/div><\/div><figcaption class='av-inner-masonry-content site-background'><div class='av-inner-masonry-content-pos'><div class='av-inner-masonry-content-pos-content'><div class='avia-arrow'><\/div><h3 class='av-masonry-entry-title entry-title'  itemprop=\"headline\" >Taller: Herramientas Actuales para el Proceso Pict\u00f3rico.<\/h3><span class='av-masonry-date meta-color updated'><\/span><span class=\"av-masonry-text-sep text-sep-author\">\/<\/span><span class='av-masonry-author meta-color vcard author'><span class='fn'>by <\/span><\/span><\/div><\/div><\/figcaption><\/figure><\/a><!--end av-masonry entry--><a href=\"https:\/\/casa.oaxaca.gob.mx\/?p=4545\" id='av-masonry-1-item-4545' data-av-masonry-item='4545' class='av-masonry-entry isotope-item post-4545 post type-post status-publish format-standard has-post-thumbnail hentry category-eventos-cerrados-2018 all_sort eventos-cerrados-2018_sort  av-masonry-item-with-image' title=\"Taller de danza: El cuerpo habla.\"  itemscope=\"itemscope\" itemtype=\"https:\/\/schema.org\/CreativeWork\" ><div class='av-inner-masonry-sizer'><\/div><figure class='av-inner-masonry main_color'><div class=\"av-masonry-outerimage-container\"><div class=\"av-masonry-image-container\" style=\"background-image: url(https:\/\/casa.oaxaca.gob.mx\/wp-content\/uploads\/2018\/06\/CSS.LosAn\u0303os.MagaliPenella-705x470.jpg);\"><img decoding=\"async\" src=\"https:\/\/casa.oaxaca.gob.mx\/wp-content\/uploads\/2018\/06\/CSS.LosAn\u0303os.MagaliPenella-705x470.jpg\" title=\"CSS.LosAn\u0303os.MagaliPenella\" alt=\"\" \/><\/div><\/div><figcaption class='av-inner-masonry-content site-background'><div class='av-inner-masonry-content-pos'><div class='av-inner-masonry-content-pos-content'><div class='avia-arrow'><\/div><h3 class='av-masonry-entry-title entry-title'  itemprop=\"headline\" >Taller de danza: El cuerpo habla.<\/h3><span class='av-masonry-date meta-color updated'><\/span><span class=\"av-masonry-text-sep text-sep-author\">\/<\/span><span class='av-masonry-author meta-color vcard author'><span class='fn'>by <\/span><\/span><\/div><\/div><\/figcaption><\/figure><\/a><!--end av-masonry entry--><a href=\"https:\/\/casa.oaxaca.gob.mx\/?p=4529\" id='av-masonry-1-item-4529' data-av-masonry-item='4529' class='av-masonry-entry isotope-item post-4529 post type-post status-publish format-standard has-post-thumbnail hentry category-eventos-cerrados-2018 all_sort eventos-cerrados-2018_sort  av-masonry-item-with-image' title=\"Concierto King Cuicatl de Allan Pray\"  itemscope=\"itemscope\" itemtype=\"https:\/\/schema.org\/CreativeWork\" ><div class='av-inner-masonry-sizer'><\/div><figure class='av-inner-masonry main_color'><div class=\"av-masonry-outerimage-container\"><div class=\"av-masonry-image-container\" style=\"background-image: url(https:\/\/casa.oaxaca.gob.mx\/wp-content\/uploads\/2018\/06\/3.jpg);\"><img decoding=\"async\" src=\"https:\/\/casa.oaxaca.gob.mx\/wp-content\/uploads\/2018\/06\/3.jpg\" title=\"3\" alt=\"\" \/><\/div><\/div><figcaption class='av-inner-masonry-content site-background'><div class='av-inner-masonry-content-pos'><div class='av-inner-masonry-content-pos-content'><div class='avia-arrow'><\/div><h3 class='av-masonry-entry-title entry-title'  itemprop=\"headline\" >Concierto King Cuicatl de Allan Pray<\/h3><span class='av-masonry-date meta-color updated'><\/span><span class=\"av-masonry-text-sep text-sep-author\">\/<\/span><span class='av-masonry-author meta-color vcard author'><span class='fn'>by <\/span><\/span><\/div><\/div><\/figcaption><\/figure><\/a><!--end av-masonry entry--><a href=\"https:\/\/casa.oaxaca.gob.mx\/?p=4514\" id='av-masonry-1-item-4514' data-av-masonry-item='4514' class='av-masonry-entry isotope-item post-4514 post type-post status-publish format-standard has-post-thumbnail hentry category-eventos-cerrados-2018 all_sort eventos-cerrados-2018_sort  av-masonry-item-with-image' title=\"Exposici\u00f3n de algunos trabajos de los primeros 5 a\u00f1os del Diplomado de Artes Visuales.\"  itemscope=\"itemscope\" itemtype=\"https:\/\/schema.org\/CreativeWork\" ><div class='av-inner-masonry-sizer'><\/div><figure class='av-inner-masonry main_color'><div class=\"av-masonry-outerimage-container\"><div class=\"av-masonry-image-container\" style=\"background-image: url(https:\/\/casa.oaxaca.gob.mx\/wp-content\/uploads\/2018\/06\/1.jpg);\"><img decoding=\"async\" src=\"https:\/\/casa.oaxaca.gob.mx\/wp-content\/uploads\/2018\/06\/1.jpg\" title=\"1\" alt=\"\" \/><\/div><\/div><figcaption class='av-inner-masonry-content site-background'><div class='av-inner-masonry-content-pos'><div class='av-inner-masonry-content-pos-content'><div class='avia-arrow'><\/div><h3 class='av-masonry-entry-title entry-title'  itemprop=\"headline\" >Exposici\u00f3n de algunos trabajos de los primeros 5 a\u00f1os del Diplomado de Artes Visuales.<\/h3><span class='av-masonry-date meta-color updated'><\/span><span class=\"av-masonry-text-sep text-sep-author\">\/<\/span><span class='av-masonry-author meta-color vcard author'><span class='fn'>by <\/span><\/span><\/div><\/div><\/figcaption><\/figure><\/a><!--end av-masonry entry--><a href=\"https:\/\/casa.oaxaca.gob.mx\/?p=4463\" id='av-masonry-1-item-4463' data-av-masonry-item='4463' class='av-masonry-entry isotope-item post-4463 post type-post status-publish format-standard has-post-thumbnail hentry category-eventos-cerrados-2018 all_sort eventos-cerrados-2018_sort  av-masonry-item-with-image' title=\"Taller \u201cLaboratorio de experimentaci\u00f3n audiovisual: Reconstrucci\u00f3n, simulaci\u00f3n y replica\u201d\"  itemscope=\"itemscope\" itemtype=\"https:\/\/schema.org\/CreativeWork\" ><div class='av-inner-masonry-sizer'><\/div><figure class='av-inner-masonry main_color'><div class=\"av-masonry-outerimage-container\"><div class=\"av-masonry-image-container\" style=\"background-image: url(https:\/\/casa.oaxaca.gob.mx\/wp-content\/uploads\/2018\/05\/3125-medium.jpeg);\"><img decoding=\"async\" src=\"https:\/\/casa.oaxaca.gob.mx\/wp-content\/uploads\/2018\/05\/3125-medium.jpeg\" title=\"3125-medium\" alt=\"\" \/><\/div><\/div><figcaption class='av-inner-masonry-content site-background'><div class='av-inner-masonry-content-pos'><div class='av-inner-masonry-content-pos-content'><div class='avia-arrow'><\/div><h3 class='av-masonry-entry-title entry-title'  itemprop=\"headline\" >Taller \u201cLaboratorio de experimentaci\u00f3n audiovisual: Reconstrucci\u00f3n, simulaci\u00f3n y replica\u201d<\/h3><span class='av-masonry-date meta-color updated'><\/span><span class=\"av-masonry-text-sep text-sep-author\">\/<\/span><span class='av-masonry-author meta-color vcard author'><span class='fn'>by <\/span><\/span><\/div><\/div><\/figcaption><\/figure><\/a><!--end av-masonry entry--><a href=\"https:\/\/casa.oaxaca.gob.mx\/?p=4413\" id='av-masonry-1-item-4413' data-av-masonry-item='4413' class='av-masonry-entry isotope-item post-4413 post type-post status-publish format-standard has-post-thumbnail hentry category-eventos-cerrados-2018 all_sort eventos-cerrados-2018_sort  av-masonry-item-with-image' title=\"Taller: Edici\u00f3n de video documental\"  itemscope=\"itemscope\" itemtype=\"https:\/\/schema.org\/CreativeWork\" ><div class='av-inner-masonry-sizer'><\/div><figure class='av-inner-masonry main_color'><div class=\"av-masonry-outerimage-container\"><div class=\"av-masonry-image-container\" style=\"background-image: url(https:\/\/casa.oaxaca.gob.mx\/wp-content\/uploads\/2018\/05\/MG_5883-705x470.jpg);\"><img decoding=\"async\" src=\"https:\/\/casa.oaxaca.gob.mx\/wp-content\/uploads\/2018\/05\/MG_5883-705x470.jpg\" title=\"_MG_5883\" alt=\"\" \/><\/div><\/div><figcaption class='av-inner-masonry-content site-background'><div class='av-inner-masonry-content-pos'><div class='av-inner-masonry-content-pos-content'><div class='avia-arrow'><\/div><h3 class='av-masonry-entry-title entry-title'  itemprop=\"headline\" >Taller: Edici\u00f3n de video documental<\/h3><span class='av-masonry-date meta-color updated'><\/span><span class=\"av-masonry-text-sep text-sep-author\">\/<\/span><span class='av-masonry-author meta-color vcard author'><span class='fn'>by <\/span><\/span><\/div><\/div><\/figcaption><\/figure><\/a><!--end av-masonry entry--><a href=\"https:\/\/casa.oaxaca.gob.mx\/?p=4406\" id='av-masonry-1-item-4406' data-av-masonry-item='4406' class='av-masonry-entry isotope-item post-4406 post type-post status-publish format-standard has-post-thumbnail hentry category-eventos-cerrados-2018 all_sort eventos-cerrados-2018_sort  av-masonry-item-with-image' title=\"Curso: Teor\u00eda del Arte y el Dise\u00f1o\"  itemscope=\"itemscope\" itemtype=\"https:\/\/schema.org\/CreativeWork\" ><div class='av-inner-masonry-sizer'><\/div><figure class='av-inner-masonry main_color'><div class=\"av-masonry-outerimage-container\"><div class=\"av-masonry-image-container\" style=\"background-image: url(https:\/\/casa.oaxaca.gob.mx\/wp-content\/uploads\/2018\/05\/DSC_0879-705x472.jpg);\"><img decoding=\"async\" src=\"https:\/\/casa.oaxaca.gob.mx\/wp-content\/uploads\/2018\/05\/DSC_0879-705x472.jpg\" title=\"DSC_0879\" alt=\"\" \/><\/div><\/div><figcaption class='av-inner-masonry-content site-background'><div class='av-inner-masonry-content-pos'><div class='av-inner-masonry-content-pos-content'><div class='avia-arrow'><\/div><h3 class='av-masonry-entry-title entry-title'  itemprop=\"headline\" >Curso: Teor\u00eda del Arte y el Dise\u00f1o<\/h3><span class='av-masonry-date meta-color updated'><\/span><span class=\"av-masonry-text-sep text-sep-author\">\/<\/span><span class='av-masonry-author meta-color vcard author'><span class='fn'>by <\/span><\/span><\/div><\/div><\/figcaption><\/figure><\/a><!--end av-masonry entry--><a href=\"https:\/\/casa.oaxaca.gob.mx\/?p=4396\" id='av-masonry-1-item-4396' data-av-masonry-item='4396' class='av-masonry-entry isotope-item post-4396 post type-post status-publish format-standard has-post-thumbnail hentry category-eventos-cerrados-2018 all_sort eventos-cerrados-2018_sort  av-masonry-item-with-image' title=\"Curso de direcci\u00f3n esc\u00e9nica de dramaturgia\"  itemscope=\"itemscope\" itemtype=\"https:\/\/schema.org\/CreativeWork\" ><div class='av-inner-masonry-sizer'><\/div><figure class='av-inner-masonry main_color'><div class=\"av-masonry-outerimage-container\"><div class=\"av-masonry-image-container\" style=\"background-image: url(https:\/\/casa.oaxaca.gob.mx\/wp-content\/uploads\/2018\/05\/31oct13-306-705x470.jpg);\"><img decoding=\"async\" src=\"https:\/\/casa.oaxaca.gob.mx\/wp-content\/uploads\/2018\/05\/31oct13-306-705x470.jpg\" title=\"31oct13-306\" alt=\"\" \/><\/div><\/div><figcaption class='av-inner-masonry-content site-background'><div class='av-inner-masonry-content-pos'><div class='av-inner-masonry-content-pos-content'><div class='avia-arrow'><\/div><h3 class='av-masonry-entry-title entry-title'  itemprop=\"headline\" >Curso de direcci\u00f3n esc\u00e9nica de dramaturgia<\/h3><span class='av-masonry-date meta-color updated'><\/span><span class=\"av-masonry-text-sep text-sep-author\">\/<\/span><span class='av-masonry-author meta-color vcard author'><span class='fn'>by <\/span><\/span><\/div><\/div><\/figcaption><\/figure><\/a><!--end av-masonry entry--><a href=\"https:\/\/casa.oaxaca.gob.mx\/?p=4386\" id='av-masonry-1-item-4386' data-av-masonry-item='4386' class='av-masonry-entry isotope-item post-4386 post type-post status-publish format-standard has-post-thumbnail hentry category-eventos-cerrados-2018 all_sort eventos-cerrados-2018_sort  av-masonry-item-with-image' title=\"Taller: La escritura como cuidado de s\u00ed mismo. \u00bfPor qu\u00e9 y para qu\u00e9 escribir biograf\u00edas, autobiograf\u00edas, testimonios, memorias, cartas, diarios y confesiones?\"  itemscope=\"itemscope\" itemtype=\"https:\/\/schema.org\/CreativeWork\" ><div class='av-inner-masonry-sizer'><\/div><figure class='av-inner-masonry main_color'><div class=\"av-masonry-outerimage-container\"><div class=\"av-masonry-image-container\" style=\"background-image: url(https:\/\/casa.oaxaca.gob.mx\/wp-content\/uploads\/2018\/05\/Ingrid-Suckaer.-Rufino-Tamayo.-2-705x529.jpg);\"><img decoding=\"async\" src=\"https:\/\/casa.oaxaca.gob.mx\/wp-content\/uploads\/2018\/05\/Ingrid-Suckaer.-Rufino-Tamayo.-2-705x529.jpg\" title=\"Ingrid Suckaer. Rufino Tamayo. 2\" alt=\"\" \/><\/div><\/div><figcaption class='av-inner-masonry-content site-background'><div class='av-inner-masonry-content-pos'><div class='av-inner-masonry-content-pos-content'><div class='avia-arrow'><\/div><h3 class='av-masonry-entry-title entry-title'  itemprop=\"headline\" >Taller: La escritura como cuidado de s\u00ed mismo. \u00bfPor qu\u00e9 y para qu\u00e9 escribir biograf\u00edas, autobiograf\u00edas, testimonios, memorias, cartas, diarios y confesiones?<\/h3><span class='av-masonry-date meta-color updated'><\/span><span class=\"av-masonry-text-sep text-sep-author\">\/<\/span><span class='av-masonry-author meta-color vcard author'><span class='fn'>by <\/span><\/span><\/div><\/div><\/figcaption><\/figure><\/a><!--end av-masonry entry--><a href=\"https:\/\/casa.oaxaca.gob.mx\/?p=4374\" id='av-masonry-1-item-4374' data-av-masonry-item='4374' class='av-masonry-entry isotope-item post-4374 post type-post status-publish format-standard has-post-thumbnail hentry category-eventos-cerrados-2018 all_sort eventos-cerrados-2018_sort  av-masonry-item-with-image' title=\"Taller: Pensamiento sobre proyectos fotogr\u00e1ficos\"  itemscope=\"itemscope\" itemtype=\"https:\/\/schema.org\/CreativeWork\" ><div class='av-inner-masonry-sizer'><\/div><figure class='av-inner-masonry main_color'><div class=\"av-masonry-outerimage-container\"><div class=\"av-masonry-image-container\" style=\"background-image: url(https:\/\/casa.oaxaca.gob.mx\/wp-content\/uploads\/2018\/05\/6211576_orig-705x687.jpg);\"><img decoding=\"async\" src=\"https:\/\/casa.oaxaca.gob.mx\/wp-content\/uploads\/2018\/05\/6211576_orig-705x687.jpg\" title=\"6211576_orig\" alt=\"\" \/><\/div><\/div><figcaption class='av-inner-masonry-content site-background'><div class='av-inner-masonry-content-pos'><div class='av-inner-masonry-content-pos-content'><div class='avia-arrow'><\/div><h3 class='av-masonry-entry-title entry-title'  itemprop=\"headline\" >Taller: Pensamiento sobre proyectos fotogr\u00e1ficos<\/h3><span class='av-masonry-date meta-color updated'><\/span><span class=\"av-masonry-text-sep text-sep-author\">\/<\/span><span class='av-masonry-author meta-color vcard author'><span class='fn'>by <\/span><\/span><\/div><\/div><\/figcaption><\/figure><\/a><!--end av-masonry entry--><a href=\"https:\/\/casa.oaxaca.gob.mx\/?p=4365\" id='av-masonry-1-item-4365' data-av-masonry-item='4365' class='av-masonry-entry isotope-item post-4365 post type-post status-publish format-standard has-post-thumbnail hentry category-eventos-cerrados-2018 all_sort eventos-cerrados-2018_sort  av-masonry-item-with-image' title=\"Taller: Dibujo de retrato\"  itemscope=\"itemscope\" itemtype=\"https:\/\/schema.org\/CreativeWork\" ><div class='av-inner-masonry-sizer'><\/div><figure class='av-inner-masonry main_color'><div class=\"av-masonry-outerimage-container\"><div class=\"av-masonry-image-container\" style=\"background-image: url(https:\/\/casa.oaxaca.gob.mx\/wp-content\/uploads\/2018\/05\/2015-02-10-unnamed-705x472.jpg);\"><img decoding=\"async\" src=\"https:\/\/casa.oaxaca.gob.mx\/wp-content\/uploads\/2018\/05\/2015-02-10-unnamed-705x472.jpg\" title=\"2015-02-10-unnamed\" alt=\"\" \/><\/div><\/div><figcaption class='av-inner-masonry-content site-background'><div class='av-inner-masonry-content-pos'><div class='av-inner-masonry-content-pos-content'><div class='avia-arrow'><\/div><h3 class='av-masonry-entry-title entry-title'  itemprop=\"headline\" >Taller: Dibujo de retrato<\/h3><span class='av-masonry-date meta-color updated'><\/span><span class=\"av-masonry-text-sep text-sep-author\">\/<\/span><span class='av-masonry-author meta-color vcard author'><span class='fn'>by <\/span><\/span><\/div><\/div><\/figcaption><\/figure><\/a><!--end av-masonry entry--><a href=\"https:\/\/casa.oaxaca.gob.mx\/?p=4355\" id='av-masonry-1-item-4355' data-av-masonry-item='4355' class='av-masonry-entry isotope-item post-4355 post type-post status-publish format-standard has-post-thumbnail hentry category-eventos-cerrados-2018 all_sort eventos-cerrados-2018_sort  av-masonry-item-with-image' title=\"Taller: Encontrando la narrativa en tus fotograf\u00edas\"  itemscope=\"itemscope\" itemtype=\"https:\/\/schema.org\/CreativeWork\" ><div class='av-inner-masonry-sizer'><\/div><figure class='av-inner-masonry main_color'><div class=\"av-masonry-outerimage-container\"><div class=\"av-masonry-image-container\" style=\"background-image: url(https:\/\/casa.oaxaca.gob.mx\/wp-content\/uploads\/2018\/05\/Imagen21.jpg);\"><img decoding=\"async\" src=\"https:\/\/casa.oaxaca.gob.mx\/wp-content\/uploads\/2018\/05\/Imagen21.jpg\" title=\"Imagen2(1)\" alt=\"\" \/><\/div><\/div><figcaption class='av-inner-masonry-content site-background'><div class='av-inner-masonry-content-pos'><div class='av-inner-masonry-content-pos-content'><div class='avia-arrow'><\/div><h3 class='av-masonry-entry-title entry-title'  itemprop=\"headline\" >Taller: Encontrando la narrativa en tus fotograf\u00edas<\/h3><span class='av-masonry-date meta-color updated'><\/span><span class=\"av-masonry-text-sep text-sep-author\">\/<\/span><span class='av-masonry-author meta-color vcard author'><span class='fn'>by <\/span><\/span><\/div><\/div><\/figcaption><\/figure><\/a><!--end av-masonry entry--><a href=\"https:\/\/casa.oaxaca.gob.mx\/?p=4306\" id='av-masonry-1-item-4306' data-av-masonry-item='4306' class='av-masonry-entry isotope-item post-4306 post type-post status-publish format-standard has-post-thumbnail hentry category-eventos-cerrados-2018 all_sort eventos-cerrados-2018_sort  av-masonry-item-with-image' title=\"Taller: Dimensi\u00f3n espiritual de la gr\u00e1fica en la m\u00fasica\"  itemscope=\"itemscope\" itemtype=\"https:\/\/schema.org\/CreativeWork\" ><div class='av-inner-masonry-sizer'><\/div><figure class='av-inner-masonry main_color'><div class=\"av-masonry-outerimage-container\"><div class=\"av-masonry-image-container\" style=\"background-image: url(https:\/\/casa.oaxaca.gob.mx\/wp-content\/uploads\/2018\/05\/Screen-Shot-2017-12-13-at-10.09.19-AM-705x466.png);\"><img decoding=\"async\" src=\"https:\/\/casa.oaxaca.gob.mx\/wp-content\/uploads\/2018\/05\/Screen-Shot-2017-12-13-at-10.09.19-AM-705x466.png\" title=\"Screen Shot 2017-12-13 at 10.09.19 AM\" alt=\"\" \/><\/div><\/div><figcaption class='av-inner-masonry-content site-background'><div class='av-inner-masonry-content-pos'><div class='av-inner-masonry-content-pos-content'><div class='avia-arrow'><\/div><h3 class='av-masonry-entry-title entry-title'  itemprop=\"headline\" >Taller: Dimensi\u00f3n espiritual de la gr\u00e1fica en la m\u00fasica<\/h3><span class='av-masonry-date meta-color updated'><\/span><span class=\"av-masonry-text-sep text-sep-author\">\/<\/span><span class='av-masonry-author meta-color vcard author'><span class='fn'>by <\/span><\/span><\/div><\/div><\/figcaption><\/figure><\/a><!--end av-masonry entry--><a href=\"https:\/\/casa.oaxaca.gob.mx\/?p=4292\" id='av-masonry-1-item-4292' data-av-masonry-item='4292' class='av-masonry-entry isotope-item post-4292 post type-post status-publish format-standard has-post-thumbnail hentry category-eventos-cerrados-2018 all_sort eventos-cerrados-2018_sort  av-masonry-item-with-image' title=\"Taller: Riso-mime\u00f3grafo-pinocho\"  itemscope=\"itemscope\" itemtype=\"https:\/\/schema.org\/CreativeWork\" ><div class='av-inner-masonry-sizer'><\/div><figure class='av-inner-masonry main_color'><div class=\"av-masonry-outerimage-container\"><div class=\"av-masonry-image-container\" style=\"background-image: url(https:\/\/casa.oaxaca.gob.mx\/wp-content\/uploads\/2018\/05\/2.jpg);\"><img decoding=\"async\" src=\"https:\/\/casa.oaxaca.gob.mx\/wp-content\/uploads\/2018\/05\/2.jpg\" title=\"2\" alt=\"\" \/><\/div><\/div><figcaption class='av-inner-masonry-content site-background'><div class='av-inner-masonry-content-pos'><div class='av-inner-masonry-content-pos-content'><div class='avia-arrow'><\/div><h3 class='av-masonry-entry-title entry-title'  itemprop=\"headline\" >Taller: Riso-mime\u00f3grafo-pinocho<\/h3><span class='av-masonry-date meta-color updated'><\/span><span class=\"av-masonry-text-sep text-sep-author\">\/<\/span><span class='av-masonry-author meta-color vcard author'><span class='fn'>by <\/span><\/span><\/div><\/div><\/figcaption><\/figure><\/a><!--end av-masonry entry--><a href=\"https:\/\/casa.oaxaca.gob.mx\/?p=4263\" id='av-masonry-1-item-4263' data-av-masonry-item='4263' class='av-masonry-entry isotope-item post-4263 post type-post status-publish format-standard has-post-thumbnail hentry category-eventos-cerrados-2018 all_sort eventos-cerrados-2018_sort  av-masonry-item-with-image' title=\"Taller: Cirug\u00eda de juguetes, teclados y mu\u00f1ecos que hablen\"  itemscope=\"itemscope\" itemtype=\"https:\/\/schema.org\/CreativeWork\" ><div class='av-inner-masonry-sizer'><\/div><figure class='av-inner-masonry main_color'><div class=\"av-masonry-outerimage-container\"><div class=\"av-masonry-image-container\" style=\"background-image: url(https:\/\/casa.oaxaca.gob.mx\/wp-content\/uploads\/2018\/05\/A-1753244-1463393568-5785.jpeg-1.jpg);\"><img decoding=\"async\" src=\"https:\/\/casa.oaxaca.gob.mx\/wp-content\/uploads\/2018\/05\/A-1753244-1463393568-5785.jpeg-1.jpg\" title=\"A-1753244-1463393568-5785.jpeg\" alt=\"\" \/><\/div><\/div><figcaption class='av-inner-masonry-content site-background'><div class='av-inner-masonry-content-pos'><div class='av-inner-masonry-content-pos-content'><div class='avia-arrow'><\/div><h3 class='av-masonry-entry-title entry-title'  itemprop=\"headline\" >Taller: Cirug\u00eda de juguetes, teclados y mu\u00f1ecos que hablen<\/h3><span class='av-masonry-date meta-color updated'><\/span><span class=\"av-masonry-text-sep text-sep-author\">\/<\/span><span class='av-masonry-author meta-color vcard author'><span class='fn'>by <\/span><\/span><\/div><\/div><\/figcaption><\/figure><\/a><!--end av-masonry entry--><a href=\"https:\/\/casa.oaxaca.gob.mx\/?p=4243\" id='av-masonry-1-item-4243' data-av-masonry-item='4243' class='av-masonry-entry isotope-item post-4243 post type-post status-publish format-standard has-post-thumbnail hentry category-eventos-cerrados-2018 all_sort eventos-cerrados-2018_sort  av-masonry-item-with-image' title=\"Taller: Autoedici\u00f3n e impresi\u00f3n risogr\u00e1fica\"  itemscope=\"itemscope\" itemtype=\"https:\/\/schema.org\/CreativeWork\" ><div class='av-inner-masonry-sizer'><\/div><figure class='av-inner-masonry main_color'><div class=\"av-masonry-outerimage-container\"><div class=\"av-masonry-image-container\" style=\"background-image: url(https:\/\/casa.oaxaca.gob.mx\/wp-content\/uploads\/2018\/04\/AnatomiaCompletaDelHombre_22-705x470.jpg);\"><img decoding=\"async\" src=\"https:\/\/casa.oaxaca.gob.mx\/wp-content\/uploads\/2018\/04\/AnatomiaCompletaDelHombre_22-705x470.jpg\" title=\"AnatomiaCompletaDelHombre_22\" alt=\"\" \/><\/div><\/div><figcaption class='av-inner-masonry-content site-background'><div class='av-inner-masonry-content-pos'><div class='av-inner-masonry-content-pos-content'><div class='avia-arrow'><\/div><h3 class='av-masonry-entry-title entry-title'  itemprop=\"headline\" >Taller: Autoedici\u00f3n e impresi\u00f3n risogr\u00e1fica<\/h3><span class='av-masonry-date meta-color updated'><\/span><span class=\"av-masonry-text-sep text-sep-author\">\/<\/span><span class='av-masonry-author meta-color vcard author'><span class='fn'>by <\/span><\/span><\/div><\/div><\/figcaption><\/figure><\/a><!--end av-masonry entry--><a href=\"https:\/\/casa.oaxaca.gob.mx\/?p=4225\" id='av-masonry-1-item-4225' data-av-masonry-item='4225' class='av-masonry-entry isotope-item post-4225 post type-post status-publish format-standard has-post-thumbnail hentry category-eventos-cerrados-2018 all_sort eventos-cerrados-2018_sort  av-masonry-item-with-image' title=\"Taller: Realizaci\u00f3n audiovisual\"  itemscope=\"itemscope\" itemtype=\"https:\/\/schema.org\/CreativeWork\" ><div class='av-inner-masonry-sizer'><\/div><figure class='av-inner-masonry main_color'><div class=\"av-masonry-outerimage-container\"><div class=\"av-masonry-image-container\" style=\"background-image: url(https:\/\/casa.oaxaca.gob.mx\/wp-content\/uploads\/2018\/04\/a04n1cul-1.jpg);\"><img decoding=\"async\" src=\"https:\/\/casa.oaxaca.gob.mx\/wp-content\/uploads\/2018\/04\/a04n1cul-1.jpg\" title=\"a04n1cul-1\" alt=\"\" \/><\/div><\/div><figcaption class='av-inner-masonry-content site-background'><div class='av-inner-masonry-content-pos'><div class='av-inner-masonry-content-pos-content'><div class='avia-arrow'><\/div><h3 class='av-masonry-entry-title entry-title'  itemprop=\"headline\" >Taller: Realizaci\u00f3n audiovisual<\/h3><span class='av-masonry-date meta-color updated'><\/span><span class=\"av-masonry-text-sep text-sep-author\">\/<\/span><span class='av-masonry-author meta-color vcard author'><span class='fn'>by <\/span><\/span><\/div><\/div><\/figcaption><\/figure><\/a><!--end av-masonry entry--><a href=\"https:\/\/casa.oaxaca.gob.mx\/?p=4212\" id='av-masonry-1-item-4212' data-av-masonry-item='4212' class='av-masonry-entry isotope-item post-4212 post type-post status-publish format-standard has-post-thumbnail hentry category-eventos-cerrados-2018 all_sort eventos-cerrados-2018_sort  av-masonry-item-with-image' title=\"Taller fotograf\u00eda: DESDE LA NOOSFERA: Un an\u00e1lisis visual de la condici\u00f3n humana a partir del paisaje, el retrato y la naturaleza muerta.\"  itemscope=\"itemscope\" itemtype=\"https:\/\/schema.org\/CreativeWork\" ><div class='av-inner-masonry-sizer'><\/div><figure class='av-inner-masonry main_color'><div class=\"av-masonry-outerimage-container\"><div class=\"av-masonry-image-container\" style=\"background-image: url(https:\/\/casa.oaxaca.gob.mx\/wp-content\/uploads\/2018\/04\/GRASSLAND-TORNADO-705x426.jpg);\"><img decoding=\"async\" src=\"https:\/\/casa.oaxaca.gob.mx\/wp-content\/uploads\/2018\/04\/GRASSLAND-TORNADO-705x426.jpg\" title=\"GRASSLAND TORNADO\" alt=\"\" \/><\/div><\/div><figcaption class='av-inner-masonry-content site-background'><div class='av-inner-masonry-content-pos'><div class='av-inner-masonry-content-pos-content'><div class='avia-arrow'><\/div><h3 class='av-masonry-entry-title entry-title'  itemprop=\"headline\" >Taller fotograf\u00eda: DESDE LA NOOSFERA: Un an\u00e1lisis visual de la condici\u00f3n humana a partir del paisaje, el retrato y la naturaleza muerta.<\/h3><span class='av-masonry-date meta-color updated'><\/span><span class=\"av-masonry-text-sep text-sep-author\">\/<\/span><span class='av-masonry-author meta-color vcard author'><span class='fn'>by <\/span><\/span><\/div><\/div><\/figcaption><\/figure><\/a><!--end av-masonry entry--><a href=\"https:\/\/casa.oaxaca.gob.mx\/?p=4195\" id='av-masonry-1-item-4195' data-av-masonry-item='4195' class='av-masonry-entry isotope-item post-4195 post type-post status-publish format-standard has-post-thumbnail hentry category-eventos-cerrados-2018 all_sort eventos-cerrados-2018_sort  av-masonry-item-with-image' title=\"Concierto Julio Vallejo Presentaci\u00f3n del disco Instintos\"  itemscope=\"itemscope\" itemtype=\"https:\/\/schema.org\/CreativeWork\" ><div class='av-inner-masonry-sizer'><\/div><figure class='av-inner-masonry main_color'><div class=\"av-masonry-outerimage-container\"><div class=\"av-masonry-image-container\" style=\"background-image: url(https:\/\/casa.oaxaca.gob.mx\/wp-content\/uploads\/2018\/04\/Sin-ti\u0301tulo-1-01-2-647x705.png);\"><img decoding=\"async\" src=\"https:\/\/casa.oaxaca.gob.mx\/wp-content\/uploads\/2018\/04\/Sin-ti\u0301tulo-1-01-2-647x705.png\" title=\"Sin ti\u0301tulo-1-01\" alt=\"\" \/><\/div><\/div><figcaption class='av-inner-masonry-content site-background'><div class='av-inner-masonry-content-pos'><div class='av-inner-masonry-content-pos-content'><div class='avia-arrow'><\/div><h3 class='av-masonry-entry-title entry-title'  itemprop=\"headline\" >Concierto Julio Vallejo Presentaci\u00f3n del disco Instintos<\/h3><span class='av-masonry-date meta-color updated'><\/span><span class=\"av-masonry-text-sep text-sep-author\">\/<\/span><span class='av-masonry-author meta-color vcard author'><span class='fn'>by <\/span><\/span><\/div><\/div><\/figcaption><\/figure><\/a><!--end av-masonry entry--><a href=\"https:\/\/casa.oaxaca.gob.mx\/?p=4187\" id='av-masonry-1-item-4187' data-av-masonry-item='4187' class='av-masonry-entry isotope-item post-4187 post type-post status-publish format-standard has-post-thumbnail hentry category-eventos-cerrados-2018 all_sort eventos-cerrados-2018_sort  av-masonry-item-with-image' title=\"Taller: El pensamiento coreogr\u00e1fico\"  itemscope=\"itemscope\" itemtype=\"https:\/\/schema.org\/CreativeWork\" ><div class='av-inner-masonry-sizer'><\/div><figure class='av-inner-masonry main_color'><div class=\"av-masonry-outerimage-container\"><div class=\"av-masonry-image-container\" style=\"background-image: url(https:\/\/casa.oaxaca.gob.mx\/wp-content\/uploads\/2018\/04\/a04n1cul-1.jpg);\"><img decoding=\"async\" src=\"https:\/\/casa.oaxaca.gob.mx\/wp-content\/uploads\/2018\/04\/a04n1cul-1.jpg\" title=\"a04n1cul-1\" alt=\"\" \/><\/div><\/div><figcaption class='av-inner-masonry-content site-background'><div class='av-inner-masonry-content-pos'><div class='av-inner-masonry-content-pos-content'><div class='avia-arrow'><\/div><h3 class='av-masonry-entry-title entry-title'  itemprop=\"headline\" >Taller: El pensamiento coreogr\u00e1fico<\/h3><span class='av-masonry-date meta-color updated'><\/span><span class=\"av-masonry-text-sep text-sep-author\">\/<\/span><span class='av-masonry-author meta-color vcard author'><span class='fn'>by <\/span><\/span><\/div><\/div><\/figcaption><\/figure><\/a><!--end av-masonry entry--><a href=\"https:\/\/casa.oaxaca.gob.mx\/?p=4169\" id='av-masonry-1-item-4169' data-av-masonry-item='4169' class='av-masonry-entry isotope-item post-4169 post type-post status-publish format-standard has-post-thumbnail hentry category-eventos-cerrados-2018 all_sort eventos-cerrados-2018_sort  av-masonry-item-with-image' title=\"Taller: Intermedio de fieltro. \/ Afelpado con agujas\"  itemscope=\"itemscope\" itemtype=\"https:\/\/schema.org\/CreativeWork\" ><div class='av-inner-masonry-sizer'><\/div><figure class='av-inner-masonry main_color'><div class=\"av-masonry-outerimage-container\"><div class=\"av-masonry-image-container\" style=\"background-image: url(https:\/\/casa.oaxaca.gob.mx\/wp-content\/uploads\/2018\/04\/8-705x469.png);\"><img decoding=\"async\" src=\"https:\/\/casa.oaxaca.gob.mx\/wp-content\/uploads\/2018\/04\/8-705x469.png\" title=\"8\" alt=\"\" \/><\/div><\/div><figcaption class='av-inner-masonry-content site-background'><div class='av-inner-masonry-content-pos'><div class='av-inner-masonry-content-pos-content'><div class='avia-arrow'><\/div><h3 class='av-masonry-entry-title entry-title'  itemprop=\"headline\" >Taller: Intermedio de fieltro. \/ Afelpado con agujas<\/h3><span class='av-masonry-date meta-color updated'><\/span><span class=\"av-masonry-text-sep text-sep-author\">\/<\/span><span class='av-masonry-author meta-color vcard author'><span class='fn'>by <\/span><\/span><\/div><\/div><\/figcaption><\/figure><\/a><!--end av-masonry entry--><a href=\"https:\/\/casa.oaxaca.gob.mx\/?p=4125\" id='av-masonry-1-item-4125' data-av-masonry-item='4125' class='av-masonry-entry isotope-item post-4125 post type-post status-publish format-standard has-post-thumbnail hentry category-eventos-cerrados-2018 all_sort eventos-cerrados-2018_sort  av-masonry-item-with-image' title=\"Premios CaSa 2018 Creaci\u00f3n Literaria en Lengua Mixteca.\"  itemscope=\"itemscope\" itemtype=\"https:\/\/schema.org\/CreativeWork\" ><div class='av-inner-masonry-sizer'><\/div><figure class='av-inner-masonry main_color'><div class=\"av-masonry-outerimage-container\"><div class=\"av-masonry-image-container\" style=\"background-image: url(https:\/\/casa.oaxaca.gob.mx\/wp-content\/uploads\/2018\/04\/nuevo.jpg);\"><img decoding=\"async\" src=\"https:\/\/casa.oaxaca.gob.mx\/wp-content\/uploads\/2018\/04\/nuevo.jpg\" title=\"nuevo\" alt=\"\" \/><\/div><\/div><figcaption class='av-inner-masonry-content site-background'><div class='av-inner-masonry-content-pos'><div class='av-inner-masonry-content-pos-content'><div class='avia-arrow'><\/div><h3 class='av-masonry-entry-title entry-title'  itemprop=\"headline\" >Premios CaSa 2018 Creaci\u00f3n Literaria en Lengua Mixteca.<\/h3><span class='av-masonry-date meta-color updated'><\/span><span class=\"av-masonry-text-sep text-sep-author\">\/<\/span><span class='av-masonry-author meta-color vcard author'><span class='fn'>by <\/span><\/span><\/div><\/div><\/figcaption><\/figure><\/a><!--end av-masonry entry--><a href=\"https:\/\/casa.oaxaca.gob.mx\/?p=4109\" id='av-masonry-1-item-4109' data-av-masonry-item='4109' class='av-masonry-entry isotope-item post-4109 post type-post status-publish format-standard has-post-thumbnail hentry category-diseno category-produccion-artistica all_sort diseno_sort  produccion-artistica_sort  av-masonry-item-with-image' title=\"Carteles contra los transg\u00e9nicos\"  itemscope=\"itemscope\" itemtype=\"https:\/\/schema.org\/CreativeWork\" ><div class='av-inner-masonry-sizer'><\/div><figure class='av-inner-masonry main_color'><div class=\"av-masonry-outerimage-container\"><div class=\"av-masonry-image-container\" style=\"background-image: url(https:\/\/casa.oaxaca.gob.mx\/wp-content\/uploads\/2018\/04\/Ejercito-Elotes-470x705.jpg);\"><img decoding=\"async\" src=\"https:\/\/casa.oaxaca.gob.mx\/wp-content\/uploads\/2018\/04\/Ejercito-Elotes-470x705.jpg\" title=\"Ejercito-Elotes\" alt=\"\" \/><\/div><\/div><figcaption class='av-inner-masonry-content site-background'><div class='av-inner-masonry-content-pos'><div class='av-inner-masonry-content-pos-content'><div class='avia-arrow'><\/div><h3 class='av-masonry-entry-title entry-title'  itemprop=\"headline\" >Carteles contra los transg\u00e9nicos<\/h3><span class='av-masonry-date meta-color updated'><\/span><span class=\"av-masonry-text-sep text-sep-author\">\/<\/span><span class='av-masonry-author meta-color vcard author'><span class='fn'>by <\/span><\/span><\/div><\/div><\/figcaption><\/figure><\/a><!--end av-masonry entry--><a href=\"https:\/\/casa.oaxaca.gob.mx\/?p=4084\" id='av-masonry-1-item-4084' data-av-masonry-item='4084' class='av-masonry-entry isotope-item post-4084 post type-post status-publish format-standard has-post-thumbnail hentry category-diseno category-produccion-artistica all_sort diseno_sort  produccion-artistica_sort  av-masonry-item-with-image' title=\"Illum\u00edname Palacio Cant\u00f3n\"  itemscope=\"itemscope\" itemtype=\"https:\/\/schema.org\/CreativeWork\" ><div class='av-inner-masonry-sizer'><\/div><figure class='av-inner-masonry main_color'><div class=\"av-masonry-outerimage-container\"><div class=\"av-masonry-image-container\" style=\"background-image: url(https:\/\/casa.oaxaca.gob.mx\/wp-content\/uploads\/2018\/04\/4-705x518.jpg);\"><img decoding=\"async\" src=\"https:\/\/casa.oaxaca.gob.mx\/wp-content\/uploads\/2018\/04\/4-705x518.jpg\" title=\"4\" alt=\"\" \/><\/div><\/div><figcaption class='av-inner-masonry-content site-background'><div class='av-inner-masonry-content-pos'><div class='av-inner-masonry-content-pos-content'><div class='avia-arrow'><\/div><h3 class='av-masonry-entry-title entry-title'  itemprop=\"headline\" >Illum\u00edname Palacio Cant\u00f3n<\/h3><span class='av-masonry-date meta-color updated'><\/span><span class=\"av-masonry-text-sep text-sep-author\">\/<\/span><span class='av-masonry-author meta-color vcard author'><span class='fn'>by <\/span><\/span><\/div><\/div><\/figcaption><\/figure><\/a><!--end av-masonry entry--><a href=\"https:\/\/casa.oaxaca.gob.mx\/?p=4065\" id='av-masonry-1-item-4065' data-av-masonry-item='4065' class='av-masonry-entry isotope-item post-4065 post type-post status-publish format-standard has-post-thumbnail hentry category-diseno category-produccion-artistica all_sort diseno_sort  produccion-artistica_sort  av-masonry-item-with-image' title=\"Papalotes Artesanales\"  itemscope=\"itemscope\" itemtype=\"https:\/\/schema.org\/CreativeWork\" ><div class='av-inner-masonry-sizer'><\/div><figure class='av-inner-masonry main_color'><div class=\"av-masonry-outerimage-container\"><div class=\"av-masonry-image-container\" style=\"background-image: url(https:\/\/casa.oaxaca.gob.mx\/wp-content\/uploads\/2018\/04\/papalotes-3-1.jpg);\"><img decoding=\"async\" src=\"https:\/\/casa.oaxaca.gob.mx\/wp-content\/uploads\/2018\/04\/papalotes-3-1.jpg\" title=\"papalotes-3\" alt=\"\" \/><\/div><\/div><figcaption class='av-inner-masonry-content site-background'><div class='av-inner-masonry-content-pos'><div class='av-inner-masonry-content-pos-content'><div class='avia-arrow'><\/div><h3 class='av-masonry-entry-title entry-title'  itemprop=\"headline\" >Papalotes Artesanales<\/h3><span class='av-masonry-date meta-color updated'><\/span><span class=\"av-masonry-text-sep text-sep-author\">\/<\/span><span class='av-masonry-author meta-color vcard author'><span class='fn'>by <\/span><\/span><\/div><\/div><\/figcaption><\/figure><\/a><!--end av-masonry entry--><a href=\"https:\/\/casa.oaxaca.gob.mx\/?p=4056\" id='av-masonry-1-item-4056' data-av-masonry-item='4056' class='av-masonry-entry isotope-item post-4056 post type-post status-publish format-standard has-post-thumbnail hentry category-eventos-cerrados-2018 all_sort eventos-cerrados-2018_sort  av-masonry-item-with-image' title=\"Taller: Plataforma LCD \u201cEncuentro de formadores\u201d.\"  itemscope=\"itemscope\" itemtype=\"https:\/\/schema.org\/CreativeWork\" ><div class='av-inner-masonry-sizer'><\/div><figure class='av-inner-masonry main_color'><div class=\"av-masonry-outerimage-container\"><div class=\"av-masonry-image-container\" style=\"background-image: url(https:\/\/casa.oaxaca.gob.mx\/wp-content\/uploads\/2018\/04\/Playlab_02-705x393.jpg);\"><img decoding=\"async\" src=\"https:\/\/casa.oaxaca.gob.mx\/wp-content\/uploads\/2018\/04\/Playlab_02-705x393.jpg\" title=\"Playlab_02\" alt=\"\" \/><\/div><\/div><figcaption class='av-inner-masonry-content site-background'><div class='av-inner-masonry-content-pos'><div class='av-inner-masonry-content-pos-content'><div class='avia-arrow'><\/div><h3 class='av-masonry-entry-title entry-title'  itemprop=\"headline\" >Taller: Plataforma LCD \u201cEncuentro de formadores\u201d.<\/h3><span class='av-masonry-date meta-color updated'><\/span><span class=\"av-masonry-text-sep text-sep-author\">\/<\/span><span class='av-masonry-author meta-color vcard author'><span class='fn'>by <\/span><\/span><\/div><\/div><\/figcaption><\/figure><\/a><!--end av-masonry entry--><a href=\"https:\/\/casa.oaxaca.gob.mx\/?p=4027\" id='av-masonry-1-item-4027' data-av-masonry-item='4027' class='av-masonry-entry isotope-item post-4027 post type-post status-publish format-standard has-post-thumbnail hentry category-eventos-cerrados-2018 all_sort eventos-cerrados-2018_sort  av-masonry-item-with-image' title=\"Taller de verano en curadur\u00eda.\"  itemscope=\"itemscope\" itemtype=\"https:\/\/schema.org\/CreativeWork\" ><div class='av-inner-masonry-sizer'><\/div><figure class='av-inner-masonry main_color'><div class=\"av-masonry-outerimage-container\"><div class=\"av-masonry-image-container\" style=\"background-image: url(https:\/\/casa.oaxaca.gob.mx\/wp-content\/uploads\/2018\/04\/Sin-ti\u0301tulo-1.png);\"><img decoding=\"async\" src=\"https:\/\/casa.oaxaca.gob.mx\/wp-content\/uploads\/2018\/04\/Sin-ti\u0301tulo-1.png\" title=\"Sin-ti\u0301tulo-1\" alt=\"\" \/><\/div><\/div><figcaption class='av-inner-masonry-content site-background'><div class='av-inner-masonry-content-pos'><div class='av-inner-masonry-content-pos-content'><div class='avia-arrow'><\/div><h3 class='av-masonry-entry-title entry-title'  itemprop=\"headline\" >Taller de verano en curadur\u00eda.<\/h3><span class='av-masonry-date meta-color updated'><\/span><span class=\"av-masonry-text-sep text-sep-author\">\/<\/span><span class='av-masonry-author meta-color vcard author'><span class='fn'>by <\/span><\/span><\/div><\/div><\/figcaption><\/figure><\/a><!--end av-masonry entry--><a href=\"https:\/\/casa.oaxaca.gob.mx\/?p=4025\" id='av-masonry-1-item-4025' data-av-masonry-item='4025' class='av-masonry-entry isotope-item post-4025 post type-post status-publish format-standard has-post-thumbnail hentry category-diseno category-produccion-artistica all_sort diseno_sort  produccion-artistica_sort  av-masonry-item-with-image' title=\"Peinetas por artistas\"  itemscope=\"itemscope\" itemtype=\"https:\/\/schema.org\/CreativeWork\" ><div class='av-inner-masonry-sizer'><\/div><figure class='av-inner-masonry main_color'><div class=\"av-masonry-outerimage-container\"><div class=\"av-masonry-image-container\" style=\"background-image: url(https:\/\/casa.oaxaca.gob.mx\/wp-content\/uploads\/2018\/04\/peinetas-705x705.jpg);\"><img decoding=\"async\" src=\"https:\/\/casa.oaxaca.gob.mx\/wp-content\/uploads\/2018\/04\/peinetas-705x705.jpg\" title=\"peinetas\" alt=\"\" \/><\/div><\/div><figcaption class='av-inner-masonry-content site-background'><div class='av-inner-masonry-content-pos'><div class='av-inner-masonry-content-pos-content'><div class='avia-arrow'><\/div><h3 class='av-masonry-entry-title entry-title'  itemprop=\"headline\" >Peinetas por artistas<\/h3><span class='av-masonry-date meta-color updated'><\/span><span class=\"av-masonry-text-sep text-sep-author\">\/<\/span><span class='av-masonry-author meta-color vcard author'><span class='fn'>by <\/span><\/span><\/div><\/div><\/figcaption><\/figure><\/a><!--end av-masonry entry--><a href=\"https:\/\/casa.oaxaca.gob.mx\/?p=3994\" id='av-masonry-1-item-3994' data-av-masonry-item='3994' class='av-masonry-entry isotope-item post-3994 post type-post status-publish format-standard has-post-thumbnail hentry category-diseno category-produccion-artistica all_sort diseno_sort  produccion-artistica_sort  av-masonry-item-with-image' title=\"Joyeria dise\u00f1o CaSa &#8211; Toledo\"  itemscope=\"itemscope\" itemtype=\"https:\/\/schema.org\/CreativeWork\" ><div class='av-inner-masonry-sizer'><\/div><figure class='av-inner-masonry main_color'><div class=\"av-masonry-outerimage-container\"><div class=\"av-masonry-image-container\" style=\"background-image: url(https:\/\/casa.oaxaca.gob.mx\/wp-content\/uploads\/2018\/04\/aretes-705x480.jpg);\"><img decoding=\"async\" src=\"https:\/\/casa.oaxaca.gob.mx\/wp-content\/uploads\/2018\/04\/aretes-705x480.jpg\" title=\"Joyer\u00eda Cortada en cuero de cabra curtido artesanalmente con aplicaci\u00f3n de hoja de oro de 24kt.\" alt=\"\" \/><\/div><\/div><figcaption class='av-inner-masonry-content site-background'><div class='av-inner-masonry-content-pos'><div class='av-inner-masonry-content-pos-content'><div class='avia-arrow'><\/div><h3 class='av-masonry-entry-title entry-title'  itemprop=\"headline\" >Joyeria dise\u00f1o CaSa &#8211; Toledo<\/h3><span class='av-masonry-date meta-color updated'><\/span><span class=\"av-masonry-text-sep text-sep-author\">\/<\/span><span class='av-masonry-author meta-color vcard author'><span class='fn'>by <\/span><\/span><\/div><\/div><\/figcaption><\/figure><\/a><!--end av-masonry entry--><a href=\"https:\/\/casa.oaxaca.gob.mx\/?p=3950\" id='av-masonry-1-item-3950' data-av-masonry-item='3950' class='av-masonry-entry isotope-item post-3950 post type-post status-publish format-standard has-post-thumbnail hentry category-eventos-cerrados-2018 all_sort eventos-cerrados-2018_sort  av-masonry-item-with-image' title=\"Taller: Escultura en papel\"  itemscope=\"itemscope\" itemtype=\"https:\/\/schema.org\/CreativeWork\" ><div class='av-inner-masonry-sizer'><\/div><figure class='av-inner-masonry main_color'><div class=\"av-masonry-outerimage-container\"><div class=\"av-masonry-image-container\" style=\"background-image: url(https:\/\/casa.oaxaca.gob.mx\/wp-content\/uploads\/2018\/04\/20110923115052-IMG_65081-705x470.jpg);\"><img decoding=\"async\" src=\"https:\/\/casa.oaxaca.gob.mx\/wp-content\/uploads\/2018\/04\/20110923115052-IMG_65081-705x470.jpg\" title=\"20110923115052-IMG_6508(1)\" alt=\"\" \/><\/div><\/div><figcaption class='av-inner-masonry-content site-background'><div class='av-inner-masonry-content-pos'><div class='av-inner-masonry-content-pos-content'><div class='avia-arrow'><\/div><h3 class='av-masonry-entry-title entry-title'  itemprop=\"headline\" >Taller: Escultura en papel<\/h3><span class='av-masonry-date meta-color updated'><\/span><span class=\"av-masonry-text-sep text-sep-author\">\/<\/span><span class='av-masonry-author meta-color vcard author'><span class='fn'>by <\/span><\/span><\/div><\/div><\/figcaption><\/figure><\/a><!--end av-masonry entry--><a href=\"https:\/\/casa.oaxaca.gob.mx\/?p=3941\" id='av-masonry-1-item-3941' data-av-masonry-item='3941' class='av-masonry-entry isotope-item post-3941 post type-post status-publish format-standard has-post-thumbnail hentry category-eventos-cerrados-2018 all_sort eventos-cerrados-2018_sort  av-masonry-item-with-image' title=\"Taller: Pensar la Fotograf\u00eda.\"  itemscope=\"itemscope\" itemtype=\"https:\/\/schema.org\/CreativeWork\" ><div class='av-inner-masonry-sizer'><\/div><figure class='av-inner-masonry main_color'><div class=\"av-masonry-outerimage-container\"><div class=\"av-masonry-image-container\" style=\"background-image: url(https:\/\/casa.oaxaca.gob.mx\/wp-content\/uploads\/2018\/04\/12-Cosmic_Alignment-2012-705x547.jpg);\"><img decoding=\"async\" src=\"https:\/\/casa.oaxaca.gob.mx\/wp-content\/uploads\/2018\/04\/12-Cosmic_Alignment-2012-705x547.jpg\" title=\"12 Cosmic_Alignment 2012\" alt=\"\" \/><\/div><\/div><figcaption class='av-inner-masonry-content site-background'><div class='av-inner-masonry-content-pos'><div class='av-inner-masonry-content-pos-content'><div class='avia-arrow'><\/div><h3 class='av-masonry-entry-title entry-title'  itemprop=\"headline\" >Taller: Pensar la Fotograf\u00eda.<\/h3><span class='av-masonry-date meta-color updated'><\/span><span class=\"av-masonry-text-sep text-sep-author\">\/<\/span><span class='av-masonry-author meta-color vcard author'><span class='fn'>by <\/span><\/span><\/div><\/div><\/figcaption><\/figure><\/a><!--end av-masonry entry--><a href=\"https:\/\/casa.oaxaca.gob.mx\/?p=3895\" id='av-masonry-1-item-3895' data-av-masonry-item='3895' class='av-masonry-entry isotope-item post-3895 post type-post status-publish format-standard has-post-thumbnail hentry category-eventos-cerrados-2018 all_sort eventos-cerrados-2018_sort  av-masonry-item-with-image' title=\"Exposici\u00f3n Fotograf\u00eda estenopeica\"  itemscope=\"itemscope\" itemtype=\"https:\/\/schema.org\/CreativeWork\" ><div class='av-inner-masonry-sizer'><\/div><figure class='av-inner-masonry main_color'><div class=\"av-masonry-outerimage-container\"><div class=\"av-masonry-image-container\" style=\"background-image: url(https:\/\/casa.oaxaca.gob.mx\/wp-content\/uploads\/2018\/04\/22.jpg);\"><img decoding=\"async\" src=\"https:\/\/casa.oaxaca.gob.mx\/wp-content\/uploads\/2018\/04\/22.jpg\" title=\"22\" alt=\"\" \/><\/div><\/div><figcaption class='av-inner-masonry-content site-background'><div class='av-inner-masonry-content-pos'><div class='av-inner-masonry-content-pos-content'><div class='avia-arrow'><\/div><h3 class='av-masonry-entry-title entry-title'  itemprop=\"headline\" >Exposici\u00f3n Fotograf\u00eda estenopeica<\/h3><span class='av-masonry-date meta-color updated'><\/span><span class=\"av-masonry-text-sep text-sep-author\">\/<\/span><span class='av-masonry-author meta-color vcard author'><span class='fn'>by <\/span><\/span><\/div><\/div><\/figcaption><\/figure><\/a><!--end av-masonry entry--><a href=\"https:\/\/casa.oaxaca.gob.mx\/?p=3886\" id='av-masonry-1-item-3886' data-av-masonry-item='3886' class='av-masonry-entry isotope-item post-3886 post type-post status-publish format-standard has-post-thumbnail hentry category-eventos-cerrados-2018 all_sort eventos-cerrados-2018_sort  av-masonry-item-with-image' title=\"Curso: Est\u00e9tica e historia del arte\"  itemscope=\"itemscope\" itemtype=\"https:\/\/schema.org\/CreativeWork\" ><div class='av-inner-masonry-sizer'><\/div><figure class='av-inner-masonry main_color'><div class=\"av-masonry-outerimage-container\"><div class=\"av-masonry-image-container\" style=\"background-image: url(https:\/\/casa.oaxaca.gob.mx\/wp-content\/uploads\/2018\/04\/CyH-uT0UcAAP_Gh-705x470.jpg);\"><img decoding=\"async\" src=\"https:\/\/casa.oaxaca.gob.mx\/wp-content\/uploads\/2018\/04\/CyH-uT0UcAAP_Gh-705x470.jpg\" title=\"CyH-uT0UcAAP_Gh\" alt=\"\" \/><\/div><\/div><figcaption class='av-inner-masonry-content site-background'><div class='av-inner-masonry-content-pos'><div class='av-inner-masonry-content-pos-content'><div class='avia-arrow'><\/div><h3 class='av-masonry-entry-title entry-title'  itemprop=\"headline\" >Curso: Est\u00e9tica e historia del arte<\/h3><span class='av-masonry-date meta-color updated'><\/span><span class=\"av-masonry-text-sep text-sep-author\">\/<\/span><span class='av-masonry-author meta-color vcard author'><span class='fn'>by <\/span><\/span><\/div><\/div><\/figcaption><\/figure><\/a><!--end av-masonry entry--><a href=\"https:\/\/casa.oaxaca.gob.mx\/?p=3866\" id='av-masonry-1-item-3866' data-av-masonry-item='3866' class='av-masonry-entry isotope-item post-3866 post type-post status-publish format-standard has-post-thumbnail hentry category-materiales-didacticos category-produccion-artistica all_sort materiales-didacticos_sort  produccion-artistica_sort  av-masonry-item-with-image' title=\"Proyecto de rescate de las lenguas maternas\"  itemscope=\"itemscope\" itemtype=\"https:\/\/schema.org\/CreativeWork\" ><div class='av-inner-masonry-sizer'><\/div><figure class='av-inner-masonry main_color'><div class=\"av-masonry-outerimage-container\"><div class=\"av-masonry-image-container\" style=\"background-image: url(https:\/\/casa.oaxaca.gob.mx\/wp-content\/uploads\/2018\/04\/banner-produccion-lenguas-705x302.jpg);\"><img decoding=\"async\" src=\"https:\/\/casa.oaxaca.gob.mx\/wp-content\/uploads\/2018\/04\/banner-produccion-lenguas-705x302.jpg\" title=\"banner-produccion-lenguas\" alt=\"\" \/><\/div><\/div><figcaption class='av-inner-masonry-content site-background'><div class='av-inner-masonry-content-pos'><div class='av-inner-masonry-content-pos-content'><div class='avia-arrow'><\/div><h3 class='av-masonry-entry-title entry-title'  itemprop=\"headline\" >Proyecto de rescate de las lenguas maternas<\/h3><span class='av-masonry-date meta-color updated'><\/span><span class=\"av-masonry-text-sep text-sep-author\">\/<\/span><span class='av-masonry-author meta-color vcard author'><span class='fn'>by <\/span><\/span><\/div><\/div><\/figcaption><\/figure><\/a><!--end av-masonry entry--><a href=\"https:\/\/casa.oaxaca.gob.mx\/?p=3845\" id='av-masonry-1-item-3845' data-av-masonry-item='3845' class='av-masonry-entry isotope-item post-3845 post type-post status-publish format-standard has-post-thumbnail hentry category-eventos-cerrados-2018 all_sort eventos-cerrados-2018_sort  av-masonry-item-with-image' title=\"Premios CaSa 2018, creaci\u00f3n literaria en lengua zapoteca.\"  itemscope=\"itemscope\" itemtype=\"https:\/\/schema.org\/CreativeWork\" ><div class='av-inner-masonry-sizer'><\/div><figure class='av-inner-masonry main_color'><div class=\"av-masonry-outerimage-container\"><div class=\"av-masonry-image-container\" style=\"background-image: url(https:\/\/casa.oaxaca.gob.mx\/wp-content\/uploads\/2018\/03\/fallo.jpg);\"><img decoding=\"async\" src=\"https:\/\/casa.oaxaca.gob.mx\/wp-content\/uploads\/2018\/03\/fallo.jpg\" title=\"fallo\" alt=\"\" \/><\/div><\/div><figcaption class='av-inner-masonry-content site-background'><div class='av-inner-masonry-content-pos'><div class='av-inner-masonry-content-pos-content'><div class='avia-arrow'><\/div><h3 class='av-masonry-entry-title entry-title'  itemprop=\"headline\" >Premios CaSa 2018, creaci\u00f3n literaria en lengua zapoteca.<\/h3><span class='av-masonry-date meta-color updated'><\/span><span class=\"av-masonry-text-sep text-sep-author\">\/<\/span><span class='av-masonry-author meta-color vcard author'><span class='fn'>by <\/span><\/span><\/div><\/div><\/figcaption><\/figure><\/a><!--end av-masonry entry--><a href=\"https:\/\/casa.oaxaca.gob.mx\/?p=3821\" id='av-masonry-1-item-3821' data-av-masonry-item='3821' class='av-masonry-entry isotope-item post-3821 post type-post status-publish format-standard has-post-thumbnail hentry category-eventos-cerrados-2018 all_sort eventos-cerrados-2018_sort  av-masonry-item-with-image' title=\"Taller: O\u00eddo cr\u00edtico: reflexi\u00f3n y producci\u00f3n a partir del sonido\"  itemscope=\"itemscope\" itemtype=\"https:\/\/schema.org\/CreativeWork\" ><div class='av-inner-masonry-sizer'><\/div><figure class='av-inner-masonry main_color'><div class=\"av-masonry-outerimage-container\"><div class=\"av-masonry-image-container\" style=\"background-image: url(https:\/\/casa.oaxaca.gob.mx\/wp-content\/uploads\/2018\/03\/0Z2A5955-705x470.jpg);\"><img decoding=\"async\" src=\"https:\/\/casa.oaxaca.gob.mx\/wp-content\/uploads\/2018\/03\/0Z2A5955-705x470.jpg\" title=\"0Z2A5955\" alt=\"\" \/><\/div><\/div><figcaption class='av-inner-masonry-content site-background'><div class='av-inner-masonry-content-pos'><div class='av-inner-masonry-content-pos-content'><div class='avia-arrow'><\/div><h3 class='av-masonry-entry-title entry-title'  itemprop=\"headline\" >Taller: O\u00eddo cr\u00edtico: reflexi\u00f3n y producci\u00f3n a partir del sonido<\/h3><span class='av-masonry-date meta-color updated'><\/span><span class=\"av-masonry-text-sep text-sep-author\">\/<\/span><span class='av-masonry-author meta-color vcard author'><span class='fn'>by <\/span><\/span><\/div><\/div><\/figcaption><\/figure><\/a><!--end av-masonry entry--><a href=\"https:\/\/casa.oaxaca.gob.mx\/?p=3757\" id='av-masonry-1-item-3757' data-av-masonry-item='3757' class='av-masonry-entry isotope-item post-3757 post type-post status-publish format-standard has-post-thumbnail hentry category-eventos-cerrados-2018 all_sort eventos-cerrados-2018_sort  av-masonry-item-with-image' title=\"Taller de multimedia: Modos de re-orientar\"  itemscope=\"itemscope\" itemtype=\"https:\/\/schema.org\/CreativeWork\" ><div class='av-inner-masonry-sizer'><\/div><figure class='av-inner-masonry main_color'><div class=\"av-masonry-outerimage-container\"><div class=\"av-masonry-image-container\" style=\"background-image: url(https:\/\/casa.oaxaca.gob.mx\/wp-content\/uploads\/2018\/03\/oaxacaFoto-417x705.jpeg);\"><img decoding=\"async\" src=\"https:\/\/casa.oaxaca.gob.mx\/wp-content\/uploads\/2018\/03\/oaxacaFoto-417x705.jpeg\" title=\"oaxacaFoto\" alt=\"\" \/><\/div><\/div><figcaption class='av-inner-masonry-content site-background'><div class='av-inner-masonry-content-pos'><div class='av-inner-masonry-content-pos-content'><div class='avia-arrow'><\/div><h3 class='av-masonry-entry-title entry-title'  itemprop=\"headline\" >Taller de multimedia: Modos de re-orientar<\/h3><span class='av-masonry-date meta-color updated'><\/span><span class=\"av-masonry-text-sep text-sep-author\">\/<\/span><span class='av-masonry-author meta-color vcard author'><span class='fn'>by <\/span><\/span><\/div><\/div><\/figcaption><\/figure><\/a><!--end av-masonry entry--><a href=\"https:\/\/casa.oaxaca.gob.mx\/?p=3747\" id='av-masonry-1-item-3747' data-av-masonry-item='3747' class='av-masonry-entry isotope-item post-3747 post type-post status-publish format-standard has-post-thumbnail hentry category-eventos-cerrados-2018 all_sort eventos-cerrados-2018_sort  av-masonry-item-with-image' title=\"Taller: El fotolibro, concepto y est\u00e9tica\"  itemscope=\"itemscope\" itemtype=\"https:\/\/schema.org\/CreativeWork\" ><div class='av-inner-masonry-sizer'><\/div><figure class='av-inner-masonry main_color'><div class=\"av-masonry-outerimage-container\"><div class=\"av-masonry-image-container\" style=\"background-image: url(https:\/\/casa.oaxaca.gob.mx\/wp-content\/uploads\/2018\/03\/Hell-705x529.jpg);\"><img decoding=\"async\" src=\"https:\/\/casa.oaxaca.gob.mx\/wp-content\/uploads\/2018\/03\/Hell-705x529.jpg\" title=\"Hell\" alt=\"\" \/><\/div><\/div><figcaption class='av-inner-masonry-content site-background'><div class='av-inner-masonry-content-pos'><div class='av-inner-masonry-content-pos-content'><div class='avia-arrow'><\/div><h3 class='av-masonry-entry-title entry-title'  itemprop=\"headline\" >Taller: El fotolibro, concepto y est\u00e9tica<\/h3><span class='av-masonry-date meta-color updated'><\/span><span class=\"av-masonry-text-sep text-sep-author\">\/<\/span><span class='av-masonry-author meta-color vcard author'><span class='fn'>by <\/span><\/span><\/div><\/div><\/figcaption><\/figure><\/a><!--end av-masonry entry--><a href=\"https:\/\/casa.oaxaca.gob.mx\/?p=3731\" id='av-masonry-1-item-3731' data-av-masonry-item='3731' class='av-masonry-entry isotope-item post-3731 post type-post status-publish format-standard has-post-thumbnail hentry category-eventos-cerrados-2018 all_sort eventos-cerrados-2018_sort  av-masonry-item-with-image' title=\"Taller: Perfilaci\u00f3n de negativos para impresi\u00f3n en plata-gelatina (estenopeicos)\"  itemscope=\"itemscope\" itemtype=\"https:\/\/schema.org\/CreativeWork\" ><div class='av-inner-masonry-sizer'><\/div><figure class='av-inner-masonry main_color'><div class=\"av-masonry-outerimage-container\"><div class=\"av-masonry-image-container\" style=\"background-image: url(https:\/\/casa.oaxaca.gob.mx\/wp-content\/uploads\/2018\/03\/javier_hinojosa_montan\u0303as.jpg);\"><img decoding=\"async\" src=\"https:\/\/casa.oaxaca.gob.mx\/wp-content\/uploads\/2018\/03\/javier_hinojosa_montan\u0303as.jpg\" title=\"javier_hinojosa_montan\u0303as\" alt=\"\" \/><\/div><\/div><figcaption class='av-inner-masonry-content site-background'><div class='av-inner-masonry-content-pos'><div class='av-inner-masonry-content-pos-content'><div class='avia-arrow'><\/div><h3 class='av-masonry-entry-title entry-title'  itemprop=\"headline\" >Taller: Perfilaci\u00f3n de negativos para impresi\u00f3n en plata-gelatina (estenopeicos)<\/h3><span class='av-masonry-date meta-color updated'><\/span><span class=\"av-masonry-text-sep text-sep-author\">\/<\/span><span class='av-masonry-author meta-color vcard author'><span class='fn'>by <\/span><\/span><\/div><\/div><\/figcaption><\/figure><\/a><!--end av-masonry entry--><a href=\"https:\/\/casa.oaxaca.gob.mx\/?p=3721\" id='av-masonry-1-item-3721' data-av-masonry-item='3721' class='av-masonry-entry isotope-item post-3721 post type-post status-publish format-standard has-post-thumbnail hentry category-eventos-cerrados-2018 all_sort eventos-cerrados-2018_sort  av-masonry-item-with-image' title=\"Diplomado: Escuela de grabado menos t\u00f3xico \u201ccuarta generaci\u00f3n\u201d.\"  itemscope=\"itemscope\" itemtype=\"https:\/\/schema.org\/CreativeWork\" ><div class='av-inner-masonry-sizer'><\/div><figure class='av-inner-masonry main_color'><div class=\"av-masonry-outerimage-container\"><div class=\"av-masonry-image-container\" style=\"background-image: url(https:\/\/casa.oaxaca.gob.mx\/wp-content\/uploads\/2018\/03\/1-1.jpg);\"><img decoding=\"async\" src=\"https:\/\/casa.oaxaca.gob.mx\/wp-content\/uploads\/2018\/03\/1-1.jpg\" title=\"1\" alt=\"\" \/><\/div><\/div><figcaption class='av-inner-masonry-content site-background'><div class='av-inner-masonry-content-pos'><div class='av-inner-masonry-content-pos-content'><div class='avia-arrow'><\/div><h3 class='av-masonry-entry-title entry-title'  itemprop=\"headline\" >Diplomado: Escuela de grabado menos t\u00f3xico \u201ccuarta generaci\u00f3n\u201d.<\/h3><span class='av-masonry-date meta-color updated'><\/span><span class=\"av-masonry-text-sep text-sep-author\">\/<\/span><span class='av-masonry-author meta-color vcard author'><span class='fn'>by <\/span><\/span><\/div><\/div><\/figcaption><\/figure><\/a><!--end av-masonry entry--><a href=\"https:\/\/casa.oaxaca.gob.mx\/?p=3710\" id='av-masonry-1-item-3710' data-av-masonry-item='3710' class='av-masonry-entry isotope-item post-3710 post type-post status-publish format-standard has-post-thumbnail hentry category-eventos-cerrados-2018 all_sort eventos-cerrados-2018_sort  av-masonry-item-with-image' title=\"La nueva industria musical. Marketing y management para el m\u00fasico independiente\"  itemscope=\"itemscope\" itemtype=\"https:\/\/schema.org\/CreativeWork\" ><div class='av-inner-masonry-sizer'><\/div><figure class='av-inner-masonry main_color'><div class=\"av-masonry-outerimage-container\"><div class=\"av-masonry-image-container\" style=\"background-image: url(https:\/\/casa.oaxaca.gob.mx\/wp-content\/uploads\/2018\/03\/AveSolIMER2016-156-705x438.jpg);\"><img decoding=\"async\" src=\"https:\/\/casa.oaxaca.gob.mx\/wp-content\/uploads\/2018\/03\/AveSolIMER2016-156-705x438.jpg\" title=\"AveSolIMER2016-156\" alt=\"\" \/><\/div><\/div><figcaption class='av-inner-masonry-content site-background'><div class='av-inner-masonry-content-pos'><div class='av-inner-masonry-content-pos-content'><div class='avia-arrow'><\/div><h3 class='av-masonry-entry-title entry-title'  itemprop=\"headline\" >La nueva industria musical. Marketing y management para el m\u00fasico independiente<\/h3><span class='av-masonry-date meta-color updated'><\/span><span class=\"av-masonry-text-sep text-sep-author\">\/<\/span><span class='av-masonry-author meta-color vcard author'><span class='fn'>by <\/span><\/span><\/div><\/div><\/figcaption><\/figure><\/a><!--end av-masonry entry--><a href=\"https:\/\/casa.oaxaca.gob.mx\/?p=3694\" id='av-masonry-1-item-3694' data-av-masonry-item='3694' class='av-masonry-entry isotope-item post-3694 post type-post status-publish format-standard has-post-thumbnail hentry category-eventos-cerrados-2018 all_sort eventos-cerrados-2018_sort  av-masonry-item-with-image' title=\"Diplomado: \u201cProcedimientos y sistemas constructivos tradicionales\u201d\"  itemscope=\"itemscope\" itemtype=\"https:\/\/schema.org\/CreativeWork\" ><div class='av-inner-masonry-sizer'><\/div><figure class='av-inner-masonry main_color'><div class=\"av-masonry-outerimage-container\"><div class=\"av-masonry-image-container\" style=\"background-image: url(https:\/\/casa.oaxaca.gob.mx\/wp-content\/uploads\/2018\/06\/IMG_20180618_184414794-705x529.jpg);\"><img decoding=\"async\" src=\"https:\/\/casa.oaxaca.gob.mx\/wp-content\/uploads\/2018\/06\/IMG_20180618_184414794-705x529.jpg\" title=\"IMG_20180618_184414794\" alt=\"\" \/><\/div><\/div><figcaption class='av-inner-masonry-content site-background'><div class='av-inner-masonry-content-pos'><div class='av-inner-masonry-content-pos-content'><div class='avia-arrow'><\/div><h3 class='av-masonry-entry-title entry-title'  itemprop=\"headline\" >Diplomado: \u201cProcedimientos y sistemas constructivos tradicionales\u201d<\/h3><span class='av-masonry-date meta-color updated'><\/span><span class=\"av-masonry-text-sep text-sep-author\">\/<\/span><span class='av-masonry-author meta-color vcard author'><span class='fn'>by <\/span><\/span><\/div><\/div><\/figcaption><\/figure><\/a><!--end av-masonry entry--><a href=\"https:\/\/casa.oaxaca.gob.mx\/?p=3686\" id='av-masonry-1-item-3686' data-av-masonry-item='3686' class='av-masonry-entry isotope-item post-3686 post type-post status-publish format-standard has-post-thumbnail hentry category-eventos-cerrados-2018 all_sort eventos-cerrados-2018_sort  av-masonry-item-with-image' title=\"Taller \u201cFotolibro: del concepto a la publicaci\u00f3n. Proyectos estenopeicos\u201d\"  itemscope=\"itemscope\" itemtype=\"https:\/\/schema.org\/CreativeWork\" ><div class='av-inner-masonry-sizer'><\/div><figure class='av-inner-masonry main_color'><div class=\"av-masonry-outerimage-container\"><div class=\"av-masonry-image-container\" style=\"background-image: url(https:\/\/casa.oaxaca.gob.mx\/wp-content\/uploads\/2018\/03\/biptico-sacomano-y-yo-705x527.jpg);\"><img decoding=\"async\" src=\"https:\/\/casa.oaxaca.gob.mx\/wp-content\/uploads\/2018\/03\/biptico-sacomano-y-yo-705x527.jpg\" title=\"biptico-sacomano-y-yo\" alt=\"\" \/><\/div><\/div><figcaption class='av-inner-masonry-content site-background'><div class='av-inner-masonry-content-pos'><div class='av-inner-masonry-content-pos-content'><div class='avia-arrow'><\/div><h3 class='av-masonry-entry-title entry-title'  itemprop=\"headline\" >Taller \u201cFotolibro: del concepto a la publicaci\u00f3n. Proyectos estenopeicos\u201d<\/h3><span class='av-masonry-date meta-color updated'><\/span><span class=\"av-masonry-text-sep text-sep-author\">\/<\/span><span class='av-masonry-author meta-color vcard author'><span class='fn'>by <\/span><\/span><\/div><\/div><\/figcaption><\/figure><\/a><!--end av-masonry entry--><a href=\"https:\/\/casa.oaxaca.gob.mx\/?p=3654\" id='av-masonry-1-item-3654' data-av-masonry-item='3654' class='av-masonry-entry isotope-item post-3654 post type-post status-publish format-standard has-post-thumbnail hentry category-eventos-cerrados-2018 all_sort eventos-cerrados-2018_sort  av-masonry-item-with-image' title=\"Taller \u201cGr\u00e1fica Alternativa\u201d.\"  itemscope=\"itemscope\" itemtype=\"https:\/\/schema.org\/CreativeWork\" ><div class='av-inner-masonry-sizer'><\/div><figure class='av-inner-masonry main_color'><div class=\"av-masonry-outerimage-container\"><div class=\"av-masonry-image-container\" style=\"background-image: url(https:\/\/casa.oaxaca.gob.mx\/wp-content\/uploads\/2018\/03\/maxresdefault-705x397.jpg);\"><img decoding=\"async\" src=\"https:\/\/casa.oaxaca.gob.mx\/wp-content\/uploads\/2018\/03\/maxresdefault-705x397.jpg\" title=\"maxresdefault\" alt=\"\" \/><\/div><\/div><figcaption class='av-inner-masonry-content site-background'><div class='av-inner-masonry-content-pos'><div class='av-inner-masonry-content-pos-content'><div class='avia-arrow'><\/div><h3 class='av-masonry-entry-title entry-title'  itemprop=\"headline\" >Taller \u201cGr\u00e1fica Alternativa\u201d.<\/h3><span class='av-masonry-date meta-color updated'><\/span><span class=\"av-masonry-text-sep text-sep-author\">\/<\/span><span class='av-masonry-author meta-color vcard author'><span class='fn'>by <\/span><\/span><\/div><\/div><\/figcaption><\/figure><\/a><!--end av-masonry entry--><a href=\"https:\/\/casa.oaxaca.gob.mx\/?p=3587\" id='av-masonry-1-item-3587' data-av-masonry-item='3587' class='av-masonry-entry isotope-item post-3587 post type-post status-publish format-standard has-post-thumbnail hentry category-eventos-cerrados-2018 all_sort eventos-cerrados-2018_sort  av-masonry-item-with-image' title=\"Exposici\u00f3n: Im\u00e1genes de un mexicano universal.\"  itemscope=\"itemscope\" itemtype=\"https:\/\/schema.org\/CreativeWork\" ><div class='av-inner-masonry-sizer'><\/div><figure class='av-inner-masonry main_color'><div class=\"av-masonry-outerimage-container\"><div class=\"av-masonry-image-container\" style=\"background-image: url(https:\/\/casa.oaxaca.gob.mx\/wp-content\/uploads\/2018\/03\/retrato-perfil-542x705.jpg);\"><img decoding=\"async\" src=\"https:\/\/casa.oaxaca.gob.mx\/wp-content\/uploads\/2018\/03\/retrato-perfil-542x705.jpg\" title=\"retrato perfil\" alt=\"\" \/><\/div><\/div><figcaption class='av-inner-masonry-content site-background'><div class='av-inner-masonry-content-pos'><div class='av-inner-masonry-content-pos-content'><div class='avia-arrow'><\/div><h3 class='av-masonry-entry-title entry-title'  itemprop=\"headline\" >Exposici\u00f3n: Im\u00e1genes de un mexicano universal.<\/h3><span class='av-masonry-date meta-color updated'><\/span><span class=\"av-masonry-text-sep text-sep-author\">\/<\/span><span class='av-masonry-author meta-color vcard author'><span class='fn'>by <\/span><\/span><\/div><\/div><\/figcaption><\/figure><\/a><!--end av-masonry entry--><a href=\"https:\/\/casa.oaxaca.gob.mx\/?p=3577\" id='av-masonry-1-item-3577' data-av-masonry-item='3577' class='av-masonry-entry isotope-item post-3577 post type-post status-publish format-standard has-post-thumbnail hentry category-eventos-cerrados-2018 all_sort eventos-cerrados-2018_sort  av-masonry-item-with-image' title=\"Taller: Im\u00e1genes en movimiento y textos.\"  itemscope=\"itemscope\" itemtype=\"https:\/\/schema.org\/CreativeWork\" ><div class='av-inner-masonry-sizer'><\/div><figure class='av-inner-masonry main_color'><div class=\"av-masonry-outerimage-container\"><div class=\"av-masonry-image-container\" style=\"background-image: url(https:\/\/casa.oaxaca.gob.mx\/wp-content\/uploads\/2018\/02\/lachosoloperfilW-705x372.jpg);\"><img decoding=\"async\" src=\"https:\/\/casa.oaxaca.gob.mx\/wp-content\/uploads\/2018\/02\/lachosoloperfilW-705x372.jpg\" title=\"lachosoloperfilW\" alt=\"\" \/><\/div><\/div><figcaption class='av-inner-masonry-content site-background'><div class='av-inner-masonry-content-pos'><div class='av-inner-masonry-content-pos-content'><div class='avia-arrow'><\/div><h3 class='av-masonry-entry-title entry-title'  itemprop=\"headline\" >Taller: Im\u00e1genes en movimiento y textos.<\/h3><span class='av-masonry-date meta-color updated'><\/span><span class=\"av-masonry-text-sep text-sep-author\">\/<\/span><span class='av-masonry-author meta-color vcard author'><span class='fn'>by <\/span><\/span><\/div><\/div><\/figcaption><\/figure><\/a><!--end av-masonry entry--><a href=\"https:\/\/casa.oaxaca.gob.mx\/?p=3566\" id='av-masonry-1-item-3566' data-av-masonry-item='3566' class='av-masonry-entry isotope-item post-3566 post type-post status-publish format-standard has-post-thumbnail hentry category-eventos-cerrados-2018 all_sort eventos-cerrados-2018_sort  av-masonry-item-with-image' title=\"Curso: Historia y evoluci\u00f3n de la c\u00e1mara fotogr\u00e1fica.\"  itemscope=\"itemscope\" itemtype=\"https:\/\/schema.org\/CreativeWork\" ><div class='av-inner-masonry-sizer'><\/div><figure class='av-inner-masonry main_color'><div class=\"av-masonry-outerimage-container\"><div class=\"av-masonry-image-container\" style=\"background-image: url(https:\/\/casa.oaxaca.gob.mx\/wp-content\/uploads\/2018\/02\/camaras-fotograficas-antiguas-D_NQ_NP_18176-MLA20151000708_082014-F-705x467.jpg);\"><img decoding=\"async\" src=\"https:\/\/casa.oaxaca.gob.mx\/wp-content\/uploads\/2018\/02\/camaras-fotograficas-antiguas-D_NQ_NP_18176-MLA20151000708_082014-F-705x467.jpg\" title=\"camaras-fotograficas-antiguas-D_NQ_NP_18176-MLA20151000708_082014-F\" alt=\"\" \/><\/div><\/div><figcaption class='av-inner-masonry-content site-background'><div class='av-inner-masonry-content-pos'><div class='av-inner-masonry-content-pos-content'><div class='avia-arrow'><\/div><h3 class='av-masonry-entry-title entry-title'  itemprop=\"headline\" >Curso: Historia y evoluci\u00f3n de la c\u00e1mara fotogr\u00e1fica.<\/h3><span class='av-masonry-date meta-color updated'><\/span><span class=\"av-masonry-text-sep text-sep-author\">\/<\/span><span class='av-masonry-author meta-color vcard author'><span class='fn'>by <\/span><\/span><\/div><\/div><\/figcaption><\/figure><\/a><!--end av-masonry entry--><a href=\"https:\/\/casa.oaxaca.gob.mx\/?p=3556\" id='av-masonry-1-item-3556' data-av-masonry-item='3556' class='av-masonry-entry isotope-item post-3556 post type-post status-publish format-standard has-post-thumbnail hentry category-eventos-cerrados-2018 all_sort eventos-cerrados-2018_sort  av-masonry-item-with-image' title=\"Taller de danza: BUTOH-MA.\"  itemscope=\"itemscope\" itemtype=\"https:\/\/schema.org\/CreativeWork\" ><div class='av-inner-masonry-sizer'><\/div><figure class='av-inner-masonry main_color'><div class=\"av-masonry-outerimage-container\"><div class=\"av-masonry-image-container\" style=\"background-image: url(https:\/\/casa.oaxaca.gob.mx\/wp-content\/uploads\/2018\/02\/El-Maestro-470x705.jpg);\"><img decoding=\"async\" src=\"https:\/\/casa.oaxaca.gob.mx\/wp-content\/uploads\/2018\/02\/El-Maestro-470x705.jpg\" title=\"El Maestro\" alt=\"\" \/><\/div><\/div><figcaption class='av-inner-masonry-content site-background'><div class='av-inner-masonry-content-pos'><div class='av-inner-masonry-content-pos-content'><div class='avia-arrow'><\/div><h3 class='av-masonry-entry-title entry-title'  itemprop=\"headline\" >Taller de danza: BUTOH-MA.<\/h3><span class='av-masonry-date meta-color updated'><\/span><span class=\"av-masonry-text-sep text-sep-author\">\/<\/span><span class='av-masonry-author meta-color vcard author'><span class='fn'>by <\/span><\/span><\/div><\/div><\/figcaption><\/figure><\/a><!--end av-masonry entry--><a href=\"https:\/\/casa.oaxaca.gob.mx\/?p=3535\" id='av-masonry-1-item-3535' data-av-masonry-item='3535' class='av-masonry-entry isotope-item post-3535 post type-post status-publish format-standard has-post-thumbnail hentry category-eventos-cerrados-2018 all_sort eventos-cerrados-2018_sort  av-masonry-item-with-image' title=\"Taller: Direcci\u00f3n de Cine Documental\"  itemscope=\"itemscope\" itemtype=\"https:\/\/schema.org\/CreativeWork\" ><div class='av-inner-masonry-sizer'><\/div><figure class='av-inner-masonry main_color'><div class=\"av-masonry-outerimage-container\"><div class=\"av-masonry-image-container\" style=\"background-image: url(https:\/\/casa.oaxaca.gob.mx\/wp-content\/uploads\/2018\/02\/LLDDStillsOG_36_preview-705x397.jpeg);\"><img decoding=\"async\" src=\"https:\/\/casa.oaxaca.gob.mx\/wp-content\/uploads\/2018\/02\/LLDDStillsOG_36_preview-705x397.jpeg\" title=\"LLDDStillsOG_36_preview\" alt=\"\" \/><\/div><\/div><figcaption class='av-inner-masonry-content site-background'><div class='av-inner-masonry-content-pos'><div class='av-inner-masonry-content-pos-content'><div class='avia-arrow'><\/div><h3 class='av-masonry-entry-title entry-title'  itemprop=\"headline\" >Taller: Direcci\u00f3n de Cine Documental<\/h3><span class='av-masonry-date meta-color updated'><\/span><span class=\"av-masonry-text-sep text-sep-author\">\/<\/span><span class='av-masonry-author meta-color vcard author'><span class='fn'>by <\/span><\/span><\/div><\/div><\/figcaption><\/figure><\/a><!--end av-masonry entry--><a href=\"https:\/\/casa.oaxaca.gob.mx\/?p=3518\" id='av-masonry-1-item-3518' data-av-masonry-item='3518' class='av-masonry-entry isotope-item post-3518 post type-post status-publish format-standard has-post-thumbnail hentry category-eventos-cerrados-2019 all_sort eventos-cerrados-2019_sort  av-masonry-item-with-image' title=\"Diplomado \u201cInteracciones, Cuerpos en di\u00e1logo. Plataforma de creaci\u00f3n coreogr\u00e1fica\u201d.\"  itemscope=\"itemscope\" itemtype=\"https:\/\/schema.org\/CreativeWork\" ><div class='av-inner-masonry-sizer'><\/div><figure class='av-inner-masonry main_color'><div class=\"av-masonry-outerimage-container\"><div class=\"av-masonry-image-container\" style=\"background-image: url(https:\/\/casa.oaxaca.gob.mx\/wp-content\/uploads\/2018\/02\/a.png);\"><img decoding=\"async\" src=\"https:\/\/casa.oaxaca.gob.mx\/wp-content\/uploads\/2018\/02\/a.png\" title=\"a\" alt=\"\" \/><\/div><\/div><figcaption class='av-inner-masonry-content site-background'><div class='av-inner-masonry-content-pos'><div class='av-inner-masonry-content-pos-content'><div class='avia-arrow'><\/div><h3 class='av-masonry-entry-title entry-title'  itemprop=\"headline\" >Diplomado \u201cInteracciones, Cuerpos en di\u00e1logo. Plataforma de creaci\u00f3n coreogr\u00e1fica\u201d.<\/h3><span class='av-masonry-date meta-color updated'><\/span><span class=\"av-masonry-text-sep text-sep-author\">\/<\/span><span class='av-masonry-author meta-color vcard author'><span class='fn'>by <\/span><\/span><\/div><\/div><\/figcaption><\/figure><\/a><!--end av-masonry entry--><a href=\"https:\/\/casa.oaxaca.gob.mx\/?p=3508\" id='av-masonry-1-item-3508' data-av-masonry-item='3508' class='av-masonry-entry isotope-item post-3508 post type-post status-publish format-standard has-post-thumbnail hentry category-eventos-cerrados-2018 all_sort eventos-cerrados-2018_sort  av-masonry-item-with-image' title=\"Taller: Creaci\u00f3n cinematogr\u00e1fica\"  itemscope=\"itemscope\" itemtype=\"https:\/\/schema.org\/CreativeWork\" ><div class='av-inner-masonry-sizer'><\/div><figure class='av-inner-masonry main_color'><div class=\"av-masonry-outerimage-container\"><div class=\"av-masonry-image-container\" style=\"background-image: url(https:\/\/casa.oaxaca.gob.mx\/wp-content\/uploads\/2018\/02\/28081727_10156337525344172_1403588700_o-705x470.jpg);\"><img decoding=\"async\" src=\"https:\/\/casa.oaxaca.gob.mx\/wp-content\/uploads\/2018\/02\/28081727_10156337525344172_1403588700_o-705x470.jpg\" title=\"28081727_10156337525344172_1403588700_o\" alt=\"\" \/><\/div><\/div><figcaption class='av-inner-masonry-content site-background'><div class='av-inner-masonry-content-pos'><div class='av-inner-masonry-content-pos-content'><div class='avia-arrow'><\/div><h3 class='av-masonry-entry-title entry-title'  itemprop=\"headline\" >Taller: Creaci\u00f3n cinematogr\u00e1fica<\/h3><span class='av-masonry-date meta-color updated'><\/span><span class=\"av-masonry-text-sep text-sep-author\">\/<\/span><span class='av-masonry-author meta-color vcard author'><span class='fn'>by <\/span><\/span><\/div><\/div><\/figcaption><\/figure><\/a><!--end av-masonry entry--><a href=\"https:\/\/casa.oaxaca.gob.mx\/?p=3498\" id='av-masonry-1-item-3498' data-av-masonry-item='3498' class='av-masonry-entry isotope-item post-3498 post type-post status-publish format-standard has-post-thumbnail hentry category-eventos-cerrados-2018 all_sort eventos-cerrados-2018_sort  av-masonry-item-with-image' title=\"Taller: Historia del arte del siglo XX\"  itemscope=\"itemscope\" itemtype=\"https:\/\/schema.org\/CreativeWork\" ><div class='av-inner-masonry-sizer'><\/div><figure class='av-inner-masonry main_color'><div class=\"av-masonry-outerimage-container\"><div class=\"av-masonry-image-container\" style=\"background-image: url(https:\/\/casa.oaxaca.gob.mx\/wp-content\/uploads\/2018\/02\/Macbeth-in-Red.jpg);\"><img decoding=\"async\" src=\"https:\/\/casa.oaxaca.gob.mx\/wp-content\/uploads\/2018\/02\/Macbeth-in-Red.jpg\" title=\"Macbeth-in-Red\" alt=\"\" \/><\/div><\/div><figcaption class='av-inner-masonry-content site-background'><div class='av-inner-masonry-content-pos'><div class='av-inner-masonry-content-pos-content'><div class='avia-arrow'><\/div><h3 class='av-masonry-entry-title entry-title'  itemprop=\"headline\" >Taller: Historia del arte del siglo XX<\/h3><span class='av-masonry-date meta-color updated'><\/span><span class=\"av-masonry-text-sep text-sep-author\">\/<\/span><span class='av-masonry-author meta-color vcard author'><span class='fn'>by <\/span><\/span><\/div><\/div><\/figcaption><\/figure><\/a><!--end av-masonry entry--><a href=\"https:\/\/casa.oaxaca.gob.mx\/?p=3476\" id='av-masonry-1-item-3476' data-av-masonry-item='3476' class='av-masonry-entry isotope-item post-3476 post type-post status-publish format-standard has-post-thumbnail hentry category-eventos-cerrados-2018 all_sort eventos-cerrados-2018_sort  av-masonry-item-with-image' title=\"Presentaci\u00f3n de resultados. Testimonios de la fabrica La Soledad, Vista Hermosa\"  itemscope=\"itemscope\" itemtype=\"https:\/\/schema.org\/CreativeWork\" ><div class='av-inner-masonry-sizer'><\/div><figure class='av-inner-masonry main_color'><div class=\"av-masonry-outerimage-container\"><div class=\"av-masonry-image-container\" style=\"background-image: url(https:\/\/casa.oaxaca.gob.mx\/wp-content\/uploads\/2018\/02\/DSC_0412-705x470.jpg);\"><img decoding=\"async\" src=\"https:\/\/casa.oaxaca.gob.mx\/wp-content\/uploads\/2018\/02\/DSC_0412-705x470.jpg\" title=\"DSC_0412\" alt=\"\" \/><\/div><\/div><figcaption class='av-inner-masonry-content site-background'><div class='av-inner-masonry-content-pos'><div class='av-inner-masonry-content-pos-content'><div class='avia-arrow'><\/div><h3 class='av-masonry-entry-title entry-title'  itemprop=\"headline\" >Presentaci\u00f3n de resultados. Testimonios de la fabrica La Soledad, Vista Hermosa<\/h3><span class='av-masonry-date meta-color updated'><\/span><span class=\"av-masonry-text-sep text-sep-author\">\/<\/span><span class='av-masonry-author meta-color vcard author'><span class='fn'>by <\/span><\/span><\/div><\/div><\/figcaption><\/figure><\/a><!--end av-masonry entry--><a href=\"https:\/\/casa.oaxaca.gob.mx\/?p=3462\" id='av-masonry-1-item-3462' data-av-masonry-item='3462' class='av-masonry-entry isotope-item post-3462 post type-post status-publish format-standard has-post-thumbnail hentry category-eventos-cerrados-2018 all_sort eventos-cerrados-2018_sort  av-masonry-item-with-image' title=\"Taller: Collages y tintas, interpretando \u201cEl libro salvaje\u201d, de Juan Villoro\"  itemscope=\"itemscope\" itemtype=\"https:\/\/schema.org\/CreativeWork\" ><div class='av-inner-masonry-sizer'><\/div><figure class='av-inner-masonry main_color'><div class=\"av-masonry-outerimage-container\"><div class=\"av-masonry-image-container\" style=\"background-image: url(https:\/\/casa.oaxaca.gob.mx\/wp-content\/uploads\/2018\/02\/Che-Maradona-665x705.jpg);\"><img decoding=\"async\" src=\"https:\/\/casa.oaxaca.gob.mx\/wp-content\/uploads\/2018\/02\/Che-Maradona-665x705.jpg\" title=\"Che Maradona\" alt=\"\" \/><\/div><\/div><figcaption class='av-inner-masonry-content site-background'><div class='av-inner-masonry-content-pos'><div class='av-inner-masonry-content-pos-content'><div class='avia-arrow'><\/div><h3 class='av-masonry-entry-title entry-title'  itemprop=\"headline\" >Taller: Collages y tintas, interpretando \u201cEl libro salvaje\u201d, de Juan Villoro<\/h3><span class='av-masonry-date meta-color updated'><\/span><span class=\"av-masonry-text-sep text-sep-author\">\/<\/span><span class='av-masonry-author meta-color vcard author'><span class='fn'>by <\/span><\/span><\/div><\/div><\/figcaption><\/figure><\/a><!--end av-masonry entry--><a href=\"https:\/\/casa.oaxaca.gob.mx\/?p=3453\" id='av-masonry-1-item-3453' data-av-masonry-item='3453' class='av-masonry-entry isotope-item post-3453 post type-post status-publish format-standard has-post-thumbnail hentry category-eventos-cerrados-2018 all_sort eventos-cerrados-2018_sort  av-masonry-item-with-image' title=\"Taller: Experimental de dibujo.\"  itemscope=\"itemscope\" itemtype=\"https:\/\/schema.org\/CreativeWork\" ><div class='av-inner-masonry-sizer'><\/div><figure class='av-inner-masonry main_color'><div class=\"av-masonry-outerimage-container\"><div class=\"av-masonry-image-container\" style=\"background-image: url(https:\/\/casa.oaxaca.gob.mx\/wp-content\/uploads\/2018\/02\/Saludo15X20-705x476.jpg);\"><img decoding=\"async\" src=\"https:\/\/casa.oaxaca.gob.mx\/wp-content\/uploads\/2018\/02\/Saludo15X20-705x476.jpg\" title=\"Saludo15X20\" alt=\"\" \/><\/div><\/div><figcaption class='av-inner-masonry-content site-background'><div class='av-inner-masonry-content-pos'><div class='av-inner-masonry-content-pos-content'><div class='avia-arrow'><\/div><h3 class='av-masonry-entry-title entry-title'  itemprop=\"headline\" >Taller: Experimental de dibujo.<\/h3><span class='av-masonry-date meta-color updated'><\/span><span class=\"av-masonry-text-sep text-sep-author\">\/<\/span><span class='av-masonry-author meta-color vcard author'><span class='fn'>by <\/span><\/span><\/div><\/div><\/figcaption><\/figure><\/a><!--end av-masonry entry--><a href=\"https:\/\/casa.oaxaca.gob.mx\/?p=3442\" id='av-masonry-1-item-3442' data-av-masonry-item='3442' class='av-masonry-entry isotope-item post-3442 post type-post status-publish format-standard has-post-thumbnail hentry category-eventos-cerrados-2018 all_sort eventos-cerrados-2018_sort  av-masonry-item-with-image' title=\"Taller de danza: Piel de Tribu (Encuentro de generaciones de mujeres que danzan e ilustran la vida \u00edntima)\"  itemscope=\"itemscope\" itemtype=\"https:\/\/schema.org\/CreativeWork\" ><div class='av-inner-masonry-sizer'><\/div><figure class='av-inner-masonry main_color'><div class=\"av-masonry-outerimage-container\"><div class=\"av-masonry-image-container\" style=\"background-image: url(https:\/\/casa.oaxaca.gob.mx\/wp-content\/uploads\/2018\/02\/La-Danza-de-los-cisnes.-Foto-de-Ricardo-Ramie\u030crez-705x467.jpg);\"><img decoding=\"async\" src=\"https:\/\/casa.oaxaca.gob.mx\/wp-content\/uploads\/2018\/02\/La-Danza-de-los-cisnes.-Foto-de-Ricardo-Ramie\u030crez-705x467.jpg\" title=\"La Danza de los cisnes. Foto de Ricardo Ramie\u030crez\" alt=\"\" \/><\/div><\/div><figcaption class='av-inner-masonry-content site-background'><div class='av-inner-masonry-content-pos'><div class='av-inner-masonry-content-pos-content'><div class='avia-arrow'><\/div><h3 class='av-masonry-entry-title entry-title'  itemprop=\"headline\" >Taller de danza: Piel de Tribu (Encuentro de generaciones de mujeres que danzan e ilustran la vida \u00edntima)<\/h3><span class='av-masonry-date meta-color updated'><\/span><span class=\"av-masonry-text-sep text-sep-author\">\/<\/span><span class='av-masonry-author meta-color vcard author'><span class='fn'>by <\/span><\/span><\/div><\/div><\/figcaption><\/figure><\/a><!--end av-masonry entry--><a href=\"https:\/\/casa.oaxaca.gob.mx\/?p=3428\" id='av-masonry-1-item-3428' data-av-masonry-item='3428' class='av-masonry-entry isotope-item post-3428 post type-post status-publish format-standard has-post-thumbnail hentry category-eventos-cerrados-2018 all_sort eventos-cerrados-2018_sort  av-masonry-item-with-image' title=\"Taller de fotograf\u00eda: Cotidianidad, subjetividad y el nuevo documentalismo\"  itemscope=\"itemscope\" itemtype=\"https:\/\/schema.org\/CreativeWork\" ><div class='av-inner-masonry-sizer'><\/div><figure class='av-inner-masonry main_color'><div class=\"av-masonry-outerimage-container\"><div class=\"av-masonry-image-container\" style=\"background-image: url(https:\/\/casa.oaxaca.gob.mx\/wp-content\/uploads\/2018\/01\/13-1.jpg);\"><img decoding=\"async\" src=\"https:\/\/casa.oaxaca.gob.mx\/wp-content\/uploads\/2018\/01\/13-1.jpg\" title=\"13\" alt=\"\" \/><\/div><\/div><figcaption class='av-inner-masonry-content site-background'><div class='av-inner-masonry-content-pos'><div class='av-inner-masonry-content-pos-content'><div class='avia-arrow'><\/div><h3 class='av-masonry-entry-title entry-title'  itemprop=\"headline\" >Taller de fotograf\u00eda: Cotidianidad, subjetividad y el nuevo documentalismo<\/h3><span class='av-masonry-date meta-color updated'><\/span><span class=\"av-masonry-text-sep text-sep-author\">\/<\/span><span class='av-masonry-author meta-color vcard author'><span class='fn'>by <\/span><\/span><\/div><\/div><\/figcaption><\/figure><\/a><!--end av-masonry entry--><a href=\"https:\/\/casa.oaxaca.gob.mx\/?p=3414\" id='av-masonry-1-item-3414' data-av-masonry-item='3414' class='av-masonry-entry isotope-item post-3414 post type-post status-publish format-standard has-post-thumbnail hentry category-eventos-cerrados-2018 all_sort eventos-cerrados-2018_sort  av-masonry-item-with-image' title=\"Taller: Mi entorno para la creaci\u00f3n coreogr\u00e1fica\"  itemscope=\"itemscope\" itemtype=\"https:\/\/schema.org\/CreativeWork\" ><div class='av-inner-masonry-sizer'><\/div><figure class='av-inner-masonry main_color'><div class=\"av-masonry-outerimage-container\"><div class=\"av-masonry-image-container\" style=\"background-image: url(https:\/\/casa.oaxaca.gob.mx\/wp-content\/uploads\/2018\/01\/David-3-1-705x467.jpg);\"><img decoding=\"async\" src=\"https:\/\/casa.oaxaca.gob.mx\/wp-content\/uploads\/2018\/01\/David-3-1-705x467.jpg\" title=\"David 3\" alt=\"\" \/><\/div><\/div><figcaption class='av-inner-masonry-content site-background'><div class='av-inner-masonry-content-pos'><div class='av-inner-masonry-content-pos-content'><div class='avia-arrow'><\/div><h3 class='av-masonry-entry-title entry-title'  itemprop=\"headline\" >Taller: Mi entorno para la creaci\u00f3n coreogr\u00e1fica<\/h3><span class='av-masonry-date meta-color updated'><\/span><span class=\"av-masonry-text-sep text-sep-author\">\/<\/span><span class='av-masonry-author meta-color vcard author'><span class='fn'>by <\/span><\/span><\/div><\/div><\/figcaption><\/figure><\/a><!--end av-masonry entry--><a href=\"https:\/\/casa.oaxaca.gob.mx\/?p=3405\" id='av-masonry-1-item-3405' data-av-masonry-item='3405' class='av-masonry-entry isotope-item post-3405 post type-post status-publish format-standard has-post-thumbnail hentry category-materiales-didacticos category-produccion-artistica all_sort materiales-didacticos_sort  produccion-artistica_sort  av-masonry-item-with-image' title=\"Proyecto PADID 2016 \/ Tripa de palabras\"  itemscope=\"itemscope\" itemtype=\"https:\/\/schema.org\/CreativeWork\" ><div class='av-inner-masonry-sizer'><\/div><figure class='av-inner-masonry main_color'><div class=\"av-masonry-outerimage-container\"><div class=\"av-masonry-image-container\" style=\"background-image: url(https:\/\/casa.oaxaca.gob.mx\/wp-content\/uploads\/2018\/01\/unnamed-1-705x434.jpg);\"><img decoding=\"async\" src=\"https:\/\/casa.oaxaca.gob.mx\/wp-content\/uploads\/2018\/01\/unnamed-1-705x434.jpg\" title=\"unnamed\" alt=\"\" \/><\/div><\/div><figcaption class='av-inner-masonry-content site-background'><div class='av-inner-masonry-content-pos'><div class='av-inner-masonry-content-pos-content'><div class='avia-arrow'><\/div><h3 class='av-masonry-entry-title entry-title'  itemprop=\"headline\" >Proyecto PADID 2016 \/ Tripa de palabras<\/h3><span class='av-masonry-date meta-color updated'><\/span><span class=\"av-masonry-text-sep text-sep-author\">\/<\/span><span class='av-masonry-author meta-color vcard author'><span class='fn'>by <\/span><\/span><\/div><\/div><\/figcaption><\/figure><\/a><!--end av-masonry entry--><a href=\"https:\/\/casa.oaxaca.gob.mx\/?p=3399\" id='av-masonry-1-item-3399' data-av-masonry-item='3399' class='av-masonry-entry isotope-item post-3399 post type-post status-publish format-standard has-post-thumbnail hentry category-96 all_sort 2017_sort  av-masonry-item-with-image' title=\"Residencia de Producci\u00f3n Art\u00edstica \/ Victor Morales\"  itemscope=\"itemscope\" itemtype=\"https:\/\/schema.org\/CreativeWork\" ><div class='av-inner-masonry-sizer'><\/div><figure class='av-inner-masonry main_color'><div class=\"av-masonry-outerimage-container\"><div class=\"av-masonry-image-container\" style=\"background-image: url(https:\/\/casa.oaxaca.gob.mx\/wp-content\/uploads\/2018\/01\/unnamed-705x529.jpg);\"><img decoding=\"async\" src=\"https:\/\/casa.oaxaca.gob.mx\/wp-content\/uploads\/2018\/01\/unnamed-705x529.jpg\" title=\"unnamed\" alt=\"\" \/><\/div><\/div><figcaption class='av-inner-masonry-content site-background'><div class='av-inner-masonry-content-pos'><div class='av-inner-masonry-content-pos-content'><div class='avia-arrow'><\/div><h3 class='av-masonry-entry-title entry-title'  itemprop=\"headline\" >Residencia de Producci\u00f3n Art\u00edstica \/ Victor Morales<\/h3><span class='av-masonry-date meta-color updated'><\/span><span class=\"av-masonry-text-sep text-sep-author\">\/<\/span><span class='av-masonry-author meta-color vcard author'><span class='fn'>by <\/span><\/span><\/div><\/div><\/figcaption><\/figure><\/a><!--end av-masonry entry--><a href=\"https:\/\/casa.oaxaca.gob.mx\/?p=3343\" id='av-masonry-1-item-3343' data-av-masonry-item='3343' class='av-masonry-entry isotope-item post-3343 post type-post status-publish format-standard has-post-thumbnail hentry category-eventos-cerrados-2018 all_sort eventos-cerrados-2018_sort  av-masonry-item-with-image' title=\"Curso de historia y teor\u00eda del dibujo\"  itemscope=\"itemscope\" itemtype=\"https:\/\/schema.org\/CreativeWork\" ><div class='av-inner-masonry-sizer'><\/div><figure class='av-inner-masonry main_color'><div class=\"av-masonry-outerimage-container\"><div class=\"av-masonry-image-container\" style=\"background-image: url(https:\/\/casa.oaxaca.gob.mx\/wp-content\/uploads\/2018\/01\/26-1-705x470.jpg);\"><img decoding=\"async\" src=\"https:\/\/casa.oaxaca.gob.mx\/wp-content\/uploads\/2018\/01\/26-1-705x470.jpg\" title=\"26\" alt=\"\" \/><\/div><\/div><figcaption class='av-inner-masonry-content site-background'><div class='av-inner-masonry-content-pos'><div class='av-inner-masonry-content-pos-content'><div class='avia-arrow'><\/div><h3 class='av-masonry-entry-title entry-title'  itemprop=\"headline\" >Curso de historia y teor\u00eda del dibujo<\/h3><span class='av-masonry-date meta-color updated'><\/span><span class=\"av-masonry-text-sep text-sep-author\">\/<\/span><span class='av-masonry-author meta-color vcard author'><span class='fn'>by <\/span><\/span><\/div><\/div><\/figcaption><\/figure><\/a><!--end av-masonry entry--><a href=\"https:\/\/casa.oaxaca.gob.mx\/?p=3332\" id='av-masonry-1-item-3332' data-av-masonry-item='3332' class='av-masonry-entry isotope-item post-3332 post type-post status-publish format-standard has-post-thumbnail hentry category-eventos-cerrados-2018 all_sort eventos-cerrados-2018_sort  av-masonry-item-with-image' title=\"Taller: B\u00e1sico de fieltro.\"  itemscope=\"itemscope\" itemtype=\"https:\/\/schema.org\/CreativeWork\" ><div class='av-inner-masonry-sizer'><\/div><figure class='av-inner-masonry main_color'><div class=\"av-masonry-outerimage-container\"><div class=\"av-masonry-image-container\" style=\"background-image: url(https:\/\/casa.oaxaca.gob.mx\/wp-content\/uploads\/2018\/01\/IMG_2952-1-705x529.jpg);\"><img decoding=\"async\" src=\"https:\/\/casa.oaxaca.gob.mx\/wp-content\/uploads\/2018\/01\/IMG_2952-1-705x529.jpg\" title=\"IMG_2952\" alt=\"\" \/><\/div><\/div><figcaption class='av-inner-masonry-content site-background'><div class='av-inner-masonry-content-pos'><div class='av-inner-masonry-content-pos-content'><div class='avia-arrow'><\/div><h3 class='av-masonry-entry-title entry-title'  itemprop=\"headline\" >Taller: B\u00e1sico de fieltro.<\/h3><span class='av-masonry-date meta-color updated'><\/span><span class=\"av-masonry-text-sep text-sep-author\">\/<\/span><span class='av-masonry-author meta-color vcard author'><span class='fn'>by <\/span><\/span><\/div><\/div><\/figcaption><\/figure><\/a><!--end av-masonry entry--><a href=\"https:\/\/casa.oaxaca.gob.mx\/?p=3313\" id='av-masonry-1-item-3313' data-av-masonry-item='3313' class='av-masonry-entry isotope-item post-3313 post type-post status-publish format-standard has-post-thumbnail hentry category-eventos-cerrados-2018 all_sort eventos-cerrados-2018_sort  av-masonry-item-with-image' title=\"Taller: Formaci\u00f3n de impresores de fotograf\u00eda tradicional Blanco y negro con reveladores ecol\u00f3gicos.\"  itemscope=\"itemscope\" itemtype=\"https:\/\/schema.org\/CreativeWork\" ><div class='av-inner-masonry-sizer'><\/div><figure class='av-inner-masonry main_color'><div class=\"av-masonry-outerimage-container\"><div class=\"av-masonry-image-container\" style=\"background-image: url(https:\/\/casa.oaxaca.gob.mx\/wp-content\/uploads\/2018\/01\/12347.jpg);\"><img decoding=\"async\" src=\"https:\/\/casa.oaxaca.gob.mx\/wp-content\/uploads\/2018\/01\/12347.jpg\" title=\"12347\" alt=\"\" \/><\/div><\/div><figcaption class='av-inner-masonry-content site-background'><div class='av-inner-masonry-content-pos'><div class='av-inner-masonry-content-pos-content'><div class='avia-arrow'><\/div><h3 class='av-masonry-entry-title entry-title'  itemprop=\"headline\" >Taller: Formaci\u00f3n de impresores de fotograf\u00eda tradicional Blanco y negro con reveladores ecol\u00f3gicos.<\/h3><span class='av-masonry-date meta-color updated'><\/span><span class=\"av-masonry-text-sep text-sep-author\">\/<\/span><span class='av-masonry-author meta-color vcard author'><span class='fn'>by <\/span><\/span><\/div><\/div><\/figcaption><\/figure><\/a><!--end av-masonry entry--><a href=\"https:\/\/casa.oaxaca.gob.mx\/?p=3303\" id='av-masonry-1-item-3303' data-av-masonry-item='3303' class='av-masonry-entry isotope-item post-3303 post type-post status-publish format-standard has-post-thumbnail hentry category-eventos-cerrados-2018 all_sort eventos-cerrados-2018_sort  av-masonry-item-with-image' title=\"Exposici\u00f3n. Dise\u00f1o Toledo\/CaSa.\"  itemscope=\"itemscope\" itemtype=\"https:\/\/schema.org\/CreativeWork\" ><div class='av-inner-masonry-sizer'><\/div><figure class='av-inner-masonry main_color'><div class=\"av-masonry-outerimage-container\"><div class=\"av-masonry-image-container\" style=\"background-image: url(https:\/\/casa.oaxaca.gob.mx\/wp-content\/uploads\/2018\/01\/22.jpg);\"><img decoding=\"async\" src=\"https:\/\/casa.oaxaca.gob.mx\/wp-content\/uploads\/2018\/01\/22.jpg\" title=\"22\" alt=\"\" \/><\/div><\/div><figcaption class='av-inner-masonry-content site-background'><div class='av-inner-masonry-content-pos'><div class='av-inner-masonry-content-pos-content'><div class='avia-arrow'><\/div><h3 class='av-masonry-entry-title entry-title'  itemprop=\"headline\" >Exposici\u00f3n. Dise\u00f1o Toledo\/CaSa.<\/h3><span class='av-masonry-date meta-color updated'><\/span><span class=\"av-masonry-text-sep text-sep-author\">\/<\/span><span class='av-masonry-author meta-color vcard author'><span class='fn'>by <\/span><\/span><\/div><\/div><\/figcaption><\/figure><\/a><!--end av-masonry entry--><a href=\"https:\/\/casa.oaxaca.gob.mx\/?p=3258\" id='av-masonry-1-item-3258' data-av-masonry-item='3258' class='av-masonry-entry isotope-item post-3258 post type-post status-publish format-standard has-post-thumbnail hentry category-eventos-cerrados-2018 all_sort eventos-cerrados-2018_sort  av-masonry-item-with-image' title=\"Cuarto Diplomado en dise\u00f1o industrial de objetos\"  itemscope=\"itemscope\" itemtype=\"https:\/\/schema.org\/CreativeWork\" ><div class='av-inner-masonry-sizer'><\/div><figure class='av-inner-masonry main_color'><div class=\"av-masonry-outerimage-container\"><div class=\"av-masonry-image-container\" style=\"background-image: url(https:\/\/casa.oaxaca.gob.mx\/wp-content\/uploads\/2018\/01\/22-3.jpg);\"><img decoding=\"async\" src=\"https:\/\/casa.oaxaca.gob.mx\/wp-content\/uploads\/2018\/01\/22-3.jpg\" title=\"22\" alt=\"\" \/><\/div><\/div><figcaption class='av-inner-masonry-content site-background'><div class='av-inner-masonry-content-pos'><div class='av-inner-masonry-content-pos-content'><div class='avia-arrow'><\/div><h3 class='av-masonry-entry-title entry-title'  itemprop=\"headline\" >Cuarto Diplomado en dise\u00f1o industrial de objetos<\/h3><span class='av-masonry-date meta-color updated'><\/span><span class=\"av-masonry-text-sep text-sep-author\">\/<\/span><span class='av-masonry-author meta-color vcard author'><span class='fn'>by <\/span><\/span><\/div><\/div><\/figcaption><\/figure><\/a><!--end av-masonry entry--><a href=\"https:\/\/casa.oaxaca.gob.mx\/?p=3245\" id='av-masonry-1-item-3245' data-av-masonry-item='3245' class='av-masonry-entry isotope-item post-3245 post type-post status-publish format-standard has-post-thumbnail hentry category-eventos-cerrados-2018 all_sort eventos-cerrados-2018_sort  av-masonry-item-with-image' title=\"Taller: Documental sonoro\"  itemscope=\"itemscope\" itemtype=\"https:\/\/schema.org\/CreativeWork\" ><div class='av-inner-masonry-sizer'><\/div><figure class='av-inner-masonry main_color'><div class=\"av-masonry-outerimage-container\"><div class=\"av-masonry-image-container\" style=\"background-image: url(https:\/\/casa.oaxaca.gob.mx\/wp-content\/uploads\/2018\/01\/23.jpg);\"><img decoding=\"async\" src=\"https:\/\/casa.oaxaca.gob.mx\/wp-content\/uploads\/2018\/01\/23.jpg\" title=\"23\" alt=\"\" \/><\/div><\/div><figcaption class='av-inner-masonry-content site-background'><div class='av-inner-masonry-content-pos'><div class='av-inner-masonry-content-pos-content'><div class='avia-arrow'><\/div><h3 class='av-masonry-entry-title entry-title'  itemprop=\"headline\" >Taller: Documental sonoro<\/h3><span class='av-masonry-date meta-color updated'><\/span><span class=\"av-masonry-text-sep text-sep-author\">\/<\/span><span class='av-masonry-author meta-color vcard author'><span class='fn'>by <\/span><\/span><\/div><\/div><\/figcaption><\/figure><\/a><!--end av-masonry entry--><a href=\"https:\/\/casa.oaxaca.gob.mx\/?p=3231\" id='av-masonry-1-item-3231' data-av-masonry-item='3231' class='av-masonry-entry isotope-item post-3231 post type-post status-publish format-standard has-post-thumbnail hentry category-eventos-cerrados-2018 all_sort eventos-cerrados-2018_sort  av-masonry-item-with-image' title=\"S\u00e9ptimo Diplomado de producci\u00f3n de Artes Visuales CaSa.\"  itemscope=\"itemscope\" itemtype=\"https:\/\/schema.org\/CreativeWork\" ><div class='av-inner-masonry-sizer'><\/div><figure class='av-inner-masonry main_color'><div class=\"av-masonry-outerimage-container\"><div class=\"av-masonry-image-container\" style=\"background-image: url(https:\/\/casa.oaxaca.gob.mx\/wp-content\/uploads\/2018\/01\/1222.jpg);\"><img decoding=\"async\" src=\"https:\/\/casa.oaxaca.gob.mx\/wp-content\/uploads\/2018\/01\/1222.jpg\" title=\"1222\" alt=\"\" \/><\/div><\/div><figcaption class='av-inner-masonry-content site-background'><div class='av-inner-masonry-content-pos'><div class='av-inner-masonry-content-pos-content'><div class='avia-arrow'><\/div><h3 class='av-masonry-entry-title entry-title'  itemprop=\"headline\" >S\u00e9ptimo Diplomado de producci\u00f3n de Artes Visuales CaSa.<\/h3><span class='av-masonry-date meta-color updated'><\/span><span class=\"av-masonry-text-sep text-sep-author\">\/<\/span><span class='av-masonry-author meta-color vcard author'><span class='fn'>by <\/span><\/span><\/div><\/div><\/figcaption><\/figure><\/a><!--end av-masonry entry--><a href=\"https:\/\/casa.oaxaca.gob.mx\/?p=3223\" id='av-masonry-1-item-3223' data-av-masonry-item='3223' class='av-masonry-entry isotope-item post-3223 post type-post status-publish format-standard has-post-thumbnail hentry category-eventos-cerrados-2018 all_sort eventos-cerrados-2018_sort  av-masonry-item-with-image' title=\"Exposici\u00f3n. La calle: Fotograf\u00edas de M\u00e9xico\"  itemscope=\"itemscope\" itemtype=\"https:\/\/schema.org\/CreativeWork\" ><div class='av-inner-masonry-sizer'><\/div><figure class='av-inner-masonry main_color'><div class=\"av-masonry-outerimage-container\"><div class=\"av-masonry-image-container\" style=\"background-image: url(https:\/\/casa.oaxaca.gob.mx\/wp-content\/uploads\/2018\/01\/LaCalleOpening.jpg);\"><img decoding=\"async\" src=\"https:\/\/casa.oaxaca.gob.mx\/wp-content\/uploads\/2018\/01\/LaCalleOpening.jpg\" title=\"LaCalleOpening\" alt=\"\" \/><\/div><\/div><figcaption class='av-inner-masonry-content site-background'><div class='av-inner-masonry-content-pos'><div class='av-inner-masonry-content-pos-content'><div class='avia-arrow'><\/div><h3 class='av-masonry-entry-title entry-title'  itemprop=\"headline\" >Exposici\u00f3n. La calle: Fotograf\u00edas de M\u00e9xico<\/h3><span class='av-masonry-date meta-color updated'><\/span><span class=\"av-masonry-text-sep text-sep-author\">\/<\/span><span class='av-masonry-author meta-color vcard author'><span class='fn'>by <\/span><\/span><\/div><\/div><\/figcaption><\/figure><\/a><!--end av-masonry entry--><a href=\"https:\/\/casa.oaxaca.gob.mx\/?p=3219\" id='av-masonry-1-item-3219' data-av-masonry-item='3219' class='av-masonry-entry isotope-item post-3219 post type-post status-publish format-standard has-post-thumbnail hentry category-eventos-cerrados-2018 all_sort eventos-cerrados-2018_sort  av-masonry-item-with-image' title=\"Concurso de papalotes.\"  itemscope=\"itemscope\" itemtype=\"https:\/\/schema.org\/CreativeWork\" ><div class='av-inner-masonry-sizer'><\/div><figure class='av-inner-masonry main_color'><div class=\"av-masonry-outerimage-container\"><div class=\"av-masonry-image-container\" style=\"background-image: url(https:\/\/casa.oaxaca.gob.mx\/wp-content\/uploads\/2018\/01\/oo.jpg);\"><img decoding=\"async\" src=\"https:\/\/casa.oaxaca.gob.mx\/wp-content\/uploads\/2018\/01\/oo.jpg\" title=\"oo\" alt=\"\" \/><\/div><\/div><figcaption class='av-inner-masonry-content site-background'><div class='av-inner-masonry-content-pos'><div class='av-inner-masonry-content-pos-content'><div class='avia-arrow'><\/div><h3 class='av-masonry-entry-title entry-title'  itemprop=\"headline\" >Concurso de papalotes.<\/h3><span class='av-masonry-date meta-color updated'><\/span><span class=\"av-masonry-text-sep text-sep-author\">\/<\/span><span class='av-masonry-author meta-color vcard author'><span class='fn'>by <\/span><\/span><\/div><\/div><\/figcaption><\/figure><\/a><!--end av-masonry entry--><a href=\"https:\/\/casa.oaxaca.gob.mx\/?p=3181\" id='av-masonry-1-item-3181' data-av-masonry-item='3181' class='av-masonry-entry isotope-item post-3181 post type-post status-publish format-standard has-post-thumbnail hentry category-eventos-cerrados-2018 all_sort eventos-cerrados-2018_sort  av-masonry-item-with-image' title=\"TERCER CONSULTORIO DE DRAMATURGIA Una residencia de escritura y asesor\u00eda dramat\u00fargica\"  itemscope=\"itemscope\" itemtype=\"https:\/\/schema.org\/CreativeWork\" ><div class='av-inner-masonry-sizer'><\/div><figure class='av-inner-masonry main_color'><div class=\"av-masonry-outerimage-container\"><div class=\"av-masonry-image-container\" style=\"background-image: url(https:\/\/casa.oaxaca.gob.mx\/wp-content\/uploads\/2018\/01\/45.jpg);\"><img decoding=\"async\" src=\"https:\/\/casa.oaxaca.gob.mx\/wp-content\/uploads\/2018\/01\/45.jpg\" title=\"45\" alt=\"\" \/><\/div><\/div><figcaption class='av-inner-masonry-content site-background'><div class='av-inner-masonry-content-pos'><div class='av-inner-masonry-content-pos-content'><div class='avia-arrow'><\/div><h3 class='av-masonry-entry-title entry-title'  itemprop=\"headline\" >TERCER CONSULTORIO DE DRAMATURGIA Una residencia de escritura y asesor\u00eda dramat\u00fargica<\/h3><span class='av-masonry-date meta-color updated'><\/span><span class=\"av-masonry-text-sep text-sep-author\">\/<\/span><span class='av-masonry-author meta-color vcard author'><span class='fn'>by <\/span><\/span><\/div><\/div><\/figcaption><\/figure><\/a><!--end av-masonry entry--><a href=\"https:\/\/casa.oaxaca.gob.mx\/?p=3144\" id='av-masonry-1-item-3144' data-av-masonry-item='3144' class='av-masonry-entry isotope-item post-3144 post type-post status-publish format-standard has-post-thumbnail hentry category-eventos-cerrados-2018 all_sort eventos-cerrados-2018_sort  av-masonry-item-with-image' title=\"Charla: &#8220;El proceso de ilustrar libros para ni\u00f1os. De la raz\u00f3n a la emoci\u00f3n&#8221;.\"  itemscope=\"itemscope\" itemtype=\"https:\/\/schema.org\/CreativeWork\" ><div class='av-inner-masonry-sizer'><\/div><figure class='av-inner-masonry main_color'><div class=\"av-masonry-outerimage-container\"><div class=\"av-masonry-image-container\" style=\"background-image: url(https:\/\/casa.oaxaca.gob.mx\/wp-content\/uploads\/2018\/01\/aserra_taller-infantil-ilumina-2-2.jpg);\"><img decoding=\"async\" src=\"https:\/\/casa.oaxaca.gob.mx\/wp-content\/uploads\/2018\/01\/aserra_taller-infantil-ilumina-2-2.jpg\" title=\"aserra_taller infantil ilumina 2\" alt=\"\" \/><\/div><\/div><figcaption class='av-inner-masonry-content site-background'><div class='av-inner-masonry-content-pos'><div class='av-inner-masonry-content-pos-content'><div class='avia-arrow'><\/div><h3 class='av-masonry-entry-title entry-title'  itemprop=\"headline\" >Charla: &#8220;El proceso de ilustrar libros para ni\u00f1os. De la raz\u00f3n a la emoci\u00f3n&#8221;.<\/h3><span class='av-masonry-date meta-color updated'><\/span><span class=\"av-masonry-text-sep text-sep-author\">\/<\/span><span class='av-masonry-author meta-color vcard author'><span class='fn'>by <\/span><\/span><\/div><\/div><\/figcaption><\/figure><\/a><!--end av-masonry entry--><a href=\"https:\/\/casa.oaxaca.gob.mx\/?p=3114\" id='av-masonry-1-item-3114' data-av-masonry-item='3114' class='av-masonry-entry isotope-item post-3114 post type-post status-publish format-standard has-post-thumbnail hentry category-96 all_sort 2017_sort  av-masonry-item-with-image' title=\"Concierto Mikwal Ti\u00fcpoots Poj: Ahijados de la tortuga\"  itemscope=\"itemscope\" itemtype=\"https:\/\/schema.org\/CreativeWork\" ><div class='av-inner-masonry-sizer'><\/div><figure class='av-inner-masonry main_color'><div class=\"av-masonry-outerimage-container\"><div class=\"av-masonry-image-container\" style=\"background-image: url(https:\/\/casa.oaxaca.gob.mx\/wp-content\/uploads\/2017\/12\/25358607_10155057695380986_5850691587107935962_o-1-397x705.jpg);\"><img decoding=\"async\" src=\"https:\/\/casa.oaxaca.gob.mx\/wp-content\/uploads\/2017\/12\/25358607_10155057695380986_5850691587107935962_o-1-397x705.jpg\" title=\"25358607_10155057695380986_5850691587107935962_o\" alt=\"\" \/><\/div><\/div><figcaption class='av-inner-masonry-content site-background'><div class='av-inner-masonry-content-pos'><div class='av-inner-masonry-content-pos-content'><div class='avia-arrow'><\/div><h3 class='av-masonry-entry-title entry-title'  itemprop=\"headline\" >Concierto Mikwal Ti\u00fcpoots Poj: Ahijados de la tortuga<\/h3><span class='av-masonry-date meta-color updated'><\/span><span class=\"av-masonry-text-sep text-sep-author\">\/<\/span><span class='av-masonry-author meta-color vcard author'><span class='fn'>by <\/span><\/span><\/div><\/div><\/figcaption><\/figure><\/a><!--end av-masonry entry--><a href=\"https:\/\/casa.oaxaca.gob.mx\/?p=3103\" id='av-masonry-1-item-3103' data-av-masonry-item='3103' class='av-masonry-entry isotope-item post-3103 post type-post status-publish format-standard has-post-thumbnail hentry category-eventos-cerrados-2018 all_sort eventos-cerrados-2018_sort  av-masonry-item-with-image' title=\"Taller: &#8220;Pixilation\u201c.\"  itemscope=\"itemscope\" itemtype=\"https:\/\/schema.org\/CreativeWork\" ><div class='av-inner-masonry-sizer'><\/div><figure class='av-inner-masonry main_color'><div class=\"av-masonry-outerimage-container\"><div class=\"av-masonry-image-container\" style=\"background-image: url(https:\/\/casa.oaxaca.gob.mx\/wp-content\/uploads\/2017\/12\/3-1-705x470.jpeg);\"><img decoding=\"async\" src=\"https:\/\/casa.oaxaca.gob.mx\/wp-content\/uploads\/2017\/12\/3-1-705x470.jpeg\" title=\"3\" alt=\"\" \/><\/div><\/div><figcaption class='av-inner-masonry-content site-background'><div class='av-inner-masonry-content-pos'><div class='av-inner-masonry-content-pos-content'><div class='avia-arrow'><\/div><h3 class='av-masonry-entry-title entry-title'  itemprop=\"headline\" >Taller: &#8220;Pixilation\u201c.<\/h3><span class='av-masonry-date meta-color updated'><\/span><span class=\"av-masonry-text-sep text-sep-author\">\/<\/span><span class='av-masonry-author meta-color vcard author'><span class='fn'>by <\/span><\/span><\/div><\/div><\/figcaption><\/figure><\/a><!--end av-masonry entry--><a href=\"https:\/\/casa.oaxaca.gob.mx\/?p=3075\" id='av-masonry-1-item-3075' data-av-masonry-item='3075' class='av-masonry-entry isotope-item post-3075 post type-post status-publish format-standard has-post-thumbnail hentry category-eventos-cerrados-2018 all_sort eventos-cerrados-2018_sort  av-masonry-item-with-image' title=\"Taller de ilustraci\u00f3n: Formas imaginadas \/ Creaci\u00f3n de alebrijes.\"  itemscope=\"itemscope\" itemtype=\"https:\/\/schema.org\/CreativeWork\" ><div class='av-inner-masonry-sizer'><\/div><figure class='av-inner-masonry main_color'><div class=\"av-masonry-outerimage-container\"><div class=\"av-masonry-image-container\" style=\"background-image: url(https:\/\/casa.oaxaca.gob.mx\/wp-content\/uploads\/2017\/12\/adolfo-serra-bugs1-625x705.jpg);\"><img decoding=\"async\" src=\"https:\/\/casa.oaxaca.gob.mx\/wp-content\/uploads\/2017\/12\/adolfo-serra-bugs1-625x705.jpg\" title=\"adolfo serra bugs1\" alt=\"\" \/><\/div><\/div><figcaption class='av-inner-masonry-content site-background'><div class='av-inner-masonry-content-pos'><div class='av-inner-masonry-content-pos-content'><div class='avia-arrow'><\/div><h3 class='av-masonry-entry-title entry-title'  itemprop=\"headline\" >Taller de ilustraci\u00f3n: Formas imaginadas \/ Creaci\u00f3n de alebrijes.<\/h3><span class='av-masonry-date meta-color updated'><\/span><span class=\"av-masonry-text-sep text-sep-author\">\/<\/span><span class='av-masonry-author meta-color vcard author'><span class='fn'>by <\/span><\/span><\/div><\/div><\/figcaption><\/figure><\/a><!--end av-masonry entry--><a href=\"https:\/\/casa.oaxaca.gob.mx\/?p=3065\" id='av-masonry-1-item-3065' data-av-masonry-item='3065' class='av-masonry-entry isotope-item post-3065 post type-post status-publish format-standard has-post-thumbnail hentry category-eventos-cerrados-2018 all_sort eventos-cerrados-2018_sort  av-masonry-item-with-image' title=\"Taller de ilustraci\u00f3n: Cuaderno de bichos.\"  itemscope=\"itemscope\" itemtype=\"https:\/\/schema.org\/CreativeWork\" ><div class='av-inner-masonry-sizer'><\/div><figure class='av-inner-masonry main_color'><div class=\"av-masonry-outerimage-container\"><div class=\"av-masonry-image-container\" style=\"background-image: url(https:\/\/casa.oaxaca.gob.mx\/wp-content\/uploads\/2017\/12\/aserra_taller-infantil-ilumina-6.jpg);\"><img decoding=\"async\" src=\"https:\/\/casa.oaxaca.gob.mx\/wp-content\/uploads\/2017\/12\/aserra_taller-infantil-ilumina-6.jpg\" title=\"aserra_taller infantil ilumina 6\" alt=\"\" \/><\/div><\/div><figcaption class='av-inner-masonry-content site-background'><div class='av-inner-masonry-content-pos'><div class='av-inner-masonry-content-pos-content'><div class='avia-arrow'><\/div><h3 class='av-masonry-entry-title entry-title'  itemprop=\"headline\" >Taller de ilustraci\u00f3n: Cuaderno de bichos.<\/h3><span class='av-masonry-date meta-color updated'><\/span><span class=\"av-masonry-text-sep text-sep-author\">\/<\/span><span class='av-masonry-author meta-color vcard author'><span class='fn'>by <\/span><\/span><\/div><\/div><\/figcaption><\/figure><\/a><!--end av-masonry entry--><a href=\"https:\/\/casa.oaxaca.gob.mx\/?p=3038\" id='av-masonry-1-item-3038' data-av-masonry-item='3038' class='av-masonry-entry isotope-item post-3038 post type-post status-publish format-standard has-post-thumbnail hentry category-eventos-cerrados-2018 all_sort eventos-cerrados-2018_sort  av-masonry-item-with-image' title=\"Taller de danza: Origen\"  itemscope=\"itemscope\" itemtype=\"https:\/\/schema.org\/CreativeWork\" ><div class='av-inner-masonry-sizer'><\/div><figure class='av-inner-masonry main_color'><div class=\"av-masonry-outerimage-container\"><div class=\"av-masonry-image-container\" style=\"background-image: url(https:\/\/casa.oaxaca.gob.mx\/wp-content\/uploads\/2017\/12\/d216a058212267.59fcf01dbfea7-705x540.jpg);\"><img decoding=\"async\" src=\"https:\/\/casa.oaxaca.gob.mx\/wp-content\/uploads\/2017\/12\/d216a058212267.59fcf01dbfea7-705x540.jpg\" title=\"d216a058212267.59fcf01dbfea7\" alt=\"\" \/><\/div><\/div><figcaption class='av-inner-masonry-content site-background'><div class='av-inner-masonry-content-pos'><div class='av-inner-masonry-content-pos-content'><div class='avia-arrow'><\/div><h3 class='av-masonry-entry-title entry-title'  itemprop=\"headline\" >Taller de danza: Origen<\/h3><span class='av-masonry-date meta-color updated'><\/span><span class=\"av-masonry-text-sep text-sep-author\">\/<\/span><span class='av-masonry-author meta-color vcard author'><span class='fn'>by <\/span><\/span><\/div><\/div><\/figcaption><\/figure><\/a><!--end av-masonry entry--><a href=\"https:\/\/casa.oaxaca.gob.mx\/?p=3009\" id='av-masonry-1-item-3009' data-av-masonry-item='3009' class='av-masonry-entry isotope-item post-3009 post type-post status-publish format-standard has-post-thumbnail hentry category-96 all_sort 2017_sort  av-masonry-item-with-image' title=\"Taller: Organizaci\u00f3n y presentaci\u00f3n de proyectos a trav\u00e9s del texto.\"  itemscope=\"itemscope\" itemtype=\"https:\/\/schema.org\/CreativeWork\" ><div class='av-inner-masonry-sizer'><\/div><figure class='av-inner-masonry main_color'><div class=\"av-masonry-outerimage-container\"><div class=\"av-masonry-image-container\" style=\"background-image: url(https:\/\/casa.oaxaca.gob.mx\/wp-content\/uploads\/2017\/11\/carmen.jpg);\"><img decoding=\"async\" src=\"https:\/\/casa.oaxaca.gob.mx\/wp-content\/uploads\/2017\/11\/carmen.jpg\" title=\"carmen\" alt=\"\" \/><\/div><\/div><figcaption class='av-inner-masonry-content site-background'><div class='av-inner-masonry-content-pos'><div class='av-inner-masonry-content-pos-content'><div class='avia-arrow'><\/div><h3 class='av-masonry-entry-title entry-title'  itemprop=\"headline\" >Taller: Organizaci\u00f3n y presentaci\u00f3n de proyectos a trav\u00e9s del texto.<\/h3><span class='av-masonry-date meta-color updated'><\/span><span class=\"av-masonry-text-sep text-sep-author\">\/<\/span><span class='av-masonry-author meta-color vcard author'><span class='fn'>by <\/span><\/span><\/div><\/div><\/figcaption><\/figure><\/a><!--end av-masonry entry--><a href=\"https:\/\/casa.oaxaca.gob.mx\/?p=3001\" id='av-masonry-1-item-3001' data-av-masonry-item='3001' class='av-masonry-entry isotope-item post-3001 post type-post status-publish format-standard has-post-thumbnail hentry category-96 all_sort 2017_sort  av-masonry-item-with-image' title=\"Taller: Formaci\u00f3n de impresores en fotograf\u00eda digital.\"  itemscope=\"itemscope\" itemtype=\"https:\/\/schema.org\/CreativeWork\" ><div class='av-inner-masonry-sizer'><\/div><figure class='av-inner-masonry main_color'><div class=\"av-masonry-outerimage-container\"><div class=\"av-masonry-image-container\" style=\"background-image: url(https:\/\/casa.oaxaca.gob.mx\/wp-content\/uploads\/2017\/11\/Imagen-1-705x333.jpg);\"><img decoding=\"async\" src=\"https:\/\/casa.oaxaca.gob.mx\/wp-content\/uploads\/2017\/11\/Imagen-1-705x333.jpg\" title=\"Imagen 1\" alt=\"\" \/><\/div><\/div><figcaption class='av-inner-masonry-content site-background'><div class='av-inner-masonry-content-pos'><div class='av-inner-masonry-content-pos-content'><div class='avia-arrow'><\/div><h3 class='av-masonry-entry-title entry-title'  itemprop=\"headline\" >Taller: Formaci\u00f3n de impresores en fotograf\u00eda digital.<\/h3><span class='av-masonry-date meta-color updated'><\/span><span class=\"av-masonry-text-sep text-sep-author\">\/<\/span><span class='av-masonry-author meta-color vcard author'><span class='fn'>by <\/span><\/span><\/div><\/div><\/figcaption><\/figure><\/a><!--end av-masonry entry--><a href=\"https:\/\/casa.oaxaca.gob.mx\/?p=2969\" id='av-masonry-1-item-2969' data-av-masonry-item='2969' class='av-masonry-entry isotope-item post-2969 post type-post status-publish format-standard has-post-thumbnail hentry category-96 all_sort 2017_sort  av-masonry-item-with-image' title=\"Taller: El retrato y el desnudo con luz natural.\"  itemscope=\"itemscope\" itemtype=\"https:\/\/schema.org\/CreativeWork\" ><div class='av-inner-masonry-sizer'><\/div><figure class='av-inner-masonry main_color'><div class=\"av-masonry-outerimage-container\"><div class=\"av-masonry-image-container\" style=\"background-image: url(https:\/\/casa.oaxaca.gob.mx\/wp-content\/uploads\/2017\/11\/poli\u0301ptico-desnudo-baja.jpg);\"><img decoding=\"async\" src=\"https:\/\/casa.oaxaca.gob.mx\/wp-content\/uploads\/2017\/11\/poli\u0301ptico-desnudo-baja.jpg\" title=\"poli\u0301ptico desnudo baja\" alt=\"\" \/><\/div><\/div><figcaption class='av-inner-masonry-content site-background'><div class='av-inner-masonry-content-pos'><div class='av-inner-masonry-content-pos-content'><div class='avia-arrow'><\/div><h3 class='av-masonry-entry-title entry-title'  itemprop=\"headline\" >Taller: El retrato y el desnudo con luz natural.<\/h3><span class='av-masonry-date meta-color updated'><\/span><span class=\"av-masonry-text-sep text-sep-author\">\/<\/span><span class='av-masonry-author meta-color vcard author'><span class='fn'>by <\/span><\/span><\/div><\/div><\/figcaption><\/figure><\/a><!--end av-masonry entry--><a href=\"https:\/\/casa.oaxaca.gob.mx\/?p=2954\" id='av-masonry-1-item-2954' data-av-masonry-item='2954' class='av-masonry-entry isotope-item post-2954 post type-post status-publish format-standard has-post-thumbnail hentry category-96 all_sort 2017_sort  av-masonry-item-with-image' title=\"Taller: Clase magistral \u201cFotolibro aproximaciones a un nuevo lenguaje \u201c\"  itemscope=\"itemscope\" itemtype=\"https:\/\/schema.org\/CreativeWork\" ><div class='av-inner-masonry-sizer'><\/div><figure class='av-inner-masonry main_color'><div class=\"av-masonry-outerimage-container\"><div class=\"av-masonry-image-container\" style=\"background-image: url(https:\/\/casa.oaxaca.gob.mx\/wp-content\/uploads\/2017\/11\/Larissa_bw31-1-470x705.jpg);\"><img decoding=\"async\" src=\"https:\/\/casa.oaxaca.gob.mx\/wp-content\/uploads\/2017\/11\/Larissa_bw31-1-470x705.jpg\" title=\"\u00a9Rebecca Emily Drobis ALL RIGHTS RESERVED\" alt=\"\" \/><\/div><\/div><figcaption class='av-inner-masonry-content site-background'><div class='av-inner-masonry-content-pos'><div class='av-inner-masonry-content-pos-content'><div class='avia-arrow'><\/div><h3 class='av-masonry-entry-title entry-title'  itemprop=\"headline\" >Taller: Clase magistral \u201cFotolibro aproximaciones a un nuevo lenguaje \u201c<\/h3><span class='av-masonry-date meta-color updated'><\/span><span class=\"av-masonry-text-sep text-sep-author\">\/<\/span><span class='av-masonry-author meta-color vcard author'><span class='fn'>by <\/span><\/span><\/div><\/div><\/figcaption><\/figure><\/a><!--end av-masonry entry--><a href=\"https:\/\/casa.oaxaca.gob.mx\/?p=2928\" id='av-masonry-1-item-2928' data-av-masonry-item='2928' class='av-masonry-entry isotope-item post-2928 post type-post status-publish format-standard has-post-thumbnail hentry category-96 all_sort 2017_sort  av-masonry-item-with-image' title=\"Taller: Documental Web en CaSa, Oaxaca\"  itemscope=\"itemscope\" itemtype=\"https:\/\/schema.org\/CreativeWork\" ><div class='av-inner-masonry-sizer'><\/div><figure class='av-inner-masonry main_color'><div class=\"av-masonry-outerimage-container\"><div class=\"av-masonry-image-container\" style=\"background-image: url(https:\/\/casa.oaxaca.gob.mx\/wp-content\/uploads\/2017\/11\/20170804_120534-705x529.jpg);\"><img decoding=\"async\" src=\"https:\/\/casa.oaxaca.gob.mx\/wp-content\/uploads\/2017\/11\/20170804_120534-705x529.jpg\" title=\"20170804_120534\" alt=\"\" \/><\/div><\/div><figcaption class='av-inner-masonry-content site-background'><div class='av-inner-masonry-content-pos'><div class='av-inner-masonry-content-pos-content'><div class='avia-arrow'><\/div><h3 class='av-masonry-entry-title entry-title'  itemprop=\"headline\" >Taller: Documental Web en CaSa, Oaxaca<\/h3><span class='av-masonry-date meta-color updated'><\/span><span class=\"av-masonry-text-sep text-sep-author\">\/<\/span><span class='av-masonry-author meta-color vcard author'><span class='fn'>by <\/span><\/span><\/div><\/div><\/figcaption><\/figure><\/a><!--end av-masonry entry--><a href=\"https:\/\/casa.oaxaca.gob.mx\/?p=2925\" id='av-masonry-1-item-2925' data-av-masonry-item='2925' class='av-masonry-entry isotope-item post-2925 post type-post status-publish format-standard has-post-thumbnail hentry category-materiales-didacticos category-produccion-artistica all_sort materiales-didacticos_sort  produccion-artistica_sort  av-masonry-item-with-image' title=\"Libros de colorear &#8220;Casas tradicionales del Istmo de Tehuantepec&#8221;\"  itemscope=\"itemscope\" itemtype=\"https:\/\/schema.org\/CreativeWork\" ><div class='av-inner-masonry-sizer'><\/div><figure class='av-inner-masonry main_color'><div class=\"av-masonry-outerimage-container\"><div class=\"av-masonry-image-container\" style=\"background-image: url(https:\/\/casa.oaxaca.gob.mx\/wp-content\/uploads\/2017\/11\/casas-istmo-705x252.jpg);\"><img decoding=\"async\" src=\"https:\/\/casa.oaxaca.gob.mx\/wp-content\/uploads\/2017\/11\/casas-istmo-705x252.jpg\" title=\"casas-istmo\" alt=\"\" \/><\/div><\/div><figcaption class='av-inner-masonry-content site-background'><div class='av-inner-masonry-content-pos'><div class='av-inner-masonry-content-pos-content'><div class='avia-arrow'><\/div><h3 class='av-masonry-entry-title entry-title'  itemprop=\"headline\" >Libros de colorear &#8220;Casas tradicionales del Istmo de Tehuantepec&#8221;<\/h3><span class='av-masonry-date meta-color updated'><\/span><span class=\"av-masonry-text-sep text-sep-author\">\/<\/span><span class='av-masonry-author meta-color vcard author'><span class='fn'>by <\/span><\/span><\/div><\/div><\/figcaption><\/figure><\/a><!--end av-masonry entry--><a href=\"https:\/\/casa.oaxaca.gob.mx\/?p=2901\" id='av-masonry-1-item-2901' data-av-masonry-item='2901' class='av-masonry-entry isotope-item post-2901 post type-post status-publish format-standard has-post-thumbnail hentry category-96 all_sort 2017_sort  av-masonry-item-with-image' title=\"Depth Movement\"  itemscope=\"itemscope\" itemtype=\"https:\/\/schema.org\/CreativeWork\" ><div class='av-inner-masonry-sizer'><\/div><figure class='av-inner-masonry main_color'><div class=\"av-masonry-outerimage-container\"><div class=\"av-masonry-image-container\" style=\"background-image: url(https:\/\/casa.oaxaca.gob.mx\/wp-content\/uploads\/2017\/10\/EDIVALDO2-705x663.jpg);\"><img decoding=\"async\" src=\"https:\/\/casa.oaxaca.gob.mx\/wp-content\/uploads\/2017\/10\/EDIVALDO2-705x663.jpg\" title=\"EDIVALDO2\" alt=\"\" \/><\/div><\/div><figcaption class='av-inner-masonry-content site-background'><div class='av-inner-masonry-content-pos'><div class='av-inner-masonry-content-pos-content'><div class='avia-arrow'><\/div><h3 class='av-masonry-entry-title entry-title'  itemprop=\"headline\" >Depth Movement<\/h3><span class='av-masonry-date meta-color updated'><\/span><span class=\"av-masonry-text-sep text-sep-author\">\/<\/span><span class='av-masonry-author meta-color vcard author'><span class='fn'>by <\/span><\/span><\/div><\/div><\/figcaption><\/figure><\/a><!--end av-masonry entry--><a href=\"https:\/\/casa.oaxaca.gob.mx\/?p=2895\" id='av-masonry-1-item-2895' data-av-masonry-item='2895' class='av-masonry-entry isotope-item post-2895 post type-post status-publish format-standard has-post-thumbnail hentry category-96 all_sort 2017_sort  av-masonry-item-with-image' title=\"Taller: Arte acci\u00f3n- performance para espacios p\u00fablicos\"  itemscope=\"itemscope\" itemtype=\"https:\/\/schema.org\/CreativeWork\" ><div class='av-inner-masonry-sizer'><\/div><figure class='av-inner-masonry main_color'><div class=\"av-masonry-outerimage-container\"><div class=\"av-masonry-image-container\" style=\"background-image: url(https:\/\/casa.oaxaca.gob.mx\/wp-content\/uploads\/2017\/09\/KB_vestido_AntonioJuarez-705x467.jpg);\"><img decoding=\"async\" src=\"https:\/\/casa.oaxaca.gob.mx\/wp-content\/uploads\/2017\/09\/KB_vestido_AntonioJuarez-705x467.jpg\" title=\"KB_vestido_AntonioJuarez\" alt=\"\" \/><\/div><\/div><figcaption class='av-inner-masonry-content site-background'><div class='av-inner-masonry-content-pos'><div class='av-inner-masonry-content-pos-content'><div class='avia-arrow'><\/div><h3 class='av-masonry-entry-title entry-title'  itemprop=\"headline\" >Taller: Arte acci\u00f3n- performance para espacios p\u00fablicos<\/h3><span class='av-masonry-date meta-color updated'><\/span><span class=\"av-masonry-text-sep text-sep-author\">\/<\/span><span class='av-masonry-author meta-color vcard author'><span class='fn'>by <\/span><\/span><\/div><\/div><\/figcaption><\/figure><\/a><!--end av-masonry entry--><a href=\"https:\/\/casa.oaxaca.gob.mx\/?p=2868\" id='av-masonry-1-item-2868' data-av-masonry-item='2868' class='av-masonry-entry isotope-item post-2868 post type-post status-publish format-standard has-post-thumbnail hentry category-eventos-cerrados-2018 all_sort eventos-cerrados-2018_sort  av-masonry-item-with-image' title=\"Exposici\u00f3n Graciela Iturbide, retrospectiva\"  itemscope=\"itemscope\" itemtype=\"https:\/\/schema.org\/CreativeWork\" ><div class='av-inner-masonry-sizer'><\/div><figure class='av-inner-masonry main_color'><div class=\"av-masonry-outerimage-container\"><div class=\"av-masonry-image-container\" style=\"background-image: url(https:\/\/casa.oaxaca.gob.mx\/wp-content\/uploads\/2017\/10\/1-4.jpg);\"><img decoding=\"async\" src=\"https:\/\/casa.oaxaca.gob.mx\/wp-content\/uploads\/2017\/10\/1-4.jpg\" title=\"1\" alt=\"\" \/><\/div><\/div><figcaption class='av-inner-masonry-content site-background'><div class='av-inner-masonry-content-pos'><div class='av-inner-masonry-content-pos-content'><div class='avia-arrow'><\/div><h3 class='av-masonry-entry-title entry-title'  itemprop=\"headline\" >Exposici\u00f3n Graciela Iturbide, retrospectiva<\/h3><span class='av-masonry-date meta-color updated'><\/span><span class=\"av-masonry-text-sep text-sep-author\">\/<\/span><span class='av-masonry-author meta-color vcard author'><span class='fn'>by <\/span><\/span><\/div><\/div><\/figcaption><\/figure><\/a><!--end av-masonry entry--><a href=\"https:\/\/casa.oaxaca.gob.mx\/?p=2840\" id='av-masonry-1-item-2840' data-av-masonry-item='2840' class='av-masonry-entry isotope-item post-2840 post type-post status-publish format-standard has-post-thumbnail hentry category-96 all_sort 2017_sort  av-masonry-item-with-image' title=\"Taller: Dibujo, pintura y arte contempor\u00e1neo\"  itemscope=\"itemscope\" itemtype=\"https:\/\/schema.org\/CreativeWork\" ><div class='av-inner-masonry-sizer'><\/div><figure class='av-inner-masonry main_color'><div class=\"av-masonry-outerimage-container\"><div class=\"av-masonry-image-container\" style=\"background-image: url(https:\/\/casa.oaxaca.gob.mx\/wp-content\/uploads\/2017\/10\/22429228_10212597711351426_1168777655_o-705x549.jpg);\"><img decoding=\"async\" src=\"https:\/\/casa.oaxaca.gob.mx\/wp-content\/uploads\/2017\/10\/22429228_10212597711351426_1168777655_o-705x549.jpg\" title=\"22429228_10212597711351426_1168777655_o\" alt=\"\" \/><\/div><\/div><figcaption class='av-inner-masonry-content site-background'><div class='av-inner-masonry-content-pos'><div class='av-inner-masonry-content-pos-content'><div class='avia-arrow'><\/div><h3 class='av-masonry-entry-title entry-title'  itemprop=\"headline\" >Taller: Dibujo, pintura y arte contempor\u00e1neo<\/h3><span class='av-masonry-date meta-color updated'><\/span><span class=\"av-masonry-text-sep text-sep-author\">\/<\/span><span class='av-masonry-author meta-color vcard author'><span class='fn'>by <\/span><\/span><\/div><\/div><\/figcaption><\/figure><\/a><!--end av-masonry entry--><a href=\"https:\/\/casa.oaxaca.gob.mx\/?p=2790\" id='av-masonry-1-item-2790' data-av-masonry-item='2790' class='av-masonry-entry isotope-item post-2790 post type-post status-publish format-standard has-post-thumbnail hentry category-96 all_sort 2017_sort  av-masonry-item-with-image' title=\"Taller: Escena expandida, teatralidades del siglo XXI.\"  itemscope=\"itemscope\" itemtype=\"https:\/\/schema.org\/CreativeWork\" ><div class='av-inner-masonry-sizer'><\/div><figure class='av-inner-masonry main_color'><div class=\"av-masonry-outerimage-container\"><div class=\"av-masonry-image-container\" style=\"background-image: url(https:\/\/casa.oaxaca.gob.mx\/wp-content\/uploads\/2017\/10\/Ruben-Ortiz.-Foto-de-Shanti-Vera.jpg);\"><img decoding=\"async\" src=\"https:\/\/casa.oaxaca.gob.mx\/wp-content\/uploads\/2017\/10\/Ruben-Ortiz.-Foto-de-Shanti-Vera.jpg\" title=\"Ruben-Ortiz.-Foto-de-Shanti-Vera\" alt=\"\" \/><\/div><\/div><figcaption class='av-inner-masonry-content site-background'><div class='av-inner-masonry-content-pos'><div class='av-inner-masonry-content-pos-content'><div class='avia-arrow'><\/div><h3 class='av-masonry-entry-title entry-title'  itemprop=\"headline\" >Taller: Escena expandida, teatralidades del siglo XXI.<\/h3><span class='av-masonry-date meta-color updated'><\/span><span class=\"av-masonry-text-sep text-sep-author\">\/<\/span><span class='av-masonry-author meta-color vcard author'><span class='fn'>by <\/span><\/span><\/div><\/div><\/figcaption><\/figure><\/a><!--end av-masonry entry--><a href=\"https:\/\/casa.oaxaca.gob.mx\/?p=2731\" id='av-masonry-1-item-2731' data-av-masonry-item='2731' class='av-masonry-entry isotope-item post-2731 post type-post status-publish format-standard has-post-thumbnail hentry category-96 all_sort 2017_sort  av-masonry-item-with-image' title=\"Taller: Libro de artistas\/El libro como contenedor de mensajes\"  itemscope=\"itemscope\" itemtype=\"https:\/\/schema.org\/CreativeWork\" ><div class='av-inner-masonry-sizer'><\/div><figure class='av-inner-masonry main_color'><div class=\"av-masonry-outerimage-container\"><div class=\"av-masonry-image-container\" style=\"background-image: url(https:\/\/casa.oaxaca.gob.mx\/wp-content\/uploads\/2017\/09\/6-705x498.png);\"><img decoding=\"async\" src=\"https:\/\/casa.oaxaca.gob.mx\/wp-content\/uploads\/2017\/09\/6-705x498.png\" title=\"6\" alt=\"\" \/><\/div><\/div><figcaption class='av-inner-masonry-content site-background'><div class='av-inner-masonry-content-pos'><div class='av-inner-masonry-content-pos-content'><div class='avia-arrow'><\/div><h3 class='av-masonry-entry-title entry-title'  itemprop=\"headline\" >Taller: Libro de artistas\/El libro como contenedor de mensajes<\/h3><span class='av-masonry-date meta-color updated'><\/span><span class=\"av-masonry-text-sep text-sep-author\">\/<\/span><span class='av-masonry-author meta-color vcard author'><span class='fn'>by <\/span><\/span><\/div><\/div><\/figcaption><\/figure><\/a><!--end av-masonry entry--><a href=\"https:\/\/casa.oaxaca.gob.mx\/?p=2683\" id='av-masonry-1-item-2683' data-av-masonry-item='2683' class='av-masonry-entry isotope-item post-2683 post type-post status-publish format-standard has-post-thumbnail hentry category-96 category-convocatorias-pasadas all_sort 2017_sort  convocatorias-pasadas_sort  av-masonry-item-with-image' title=\"Taller: La talla en madera como propuesta bidimensional al grabado mural\"  itemscope=\"itemscope\" itemtype=\"https:\/\/schema.org\/CreativeWork\" ><div class='av-inner-masonry-sizer'><\/div><figure class='av-inner-masonry main_color'><div class=\"av-masonry-outerimage-container\"><div class=\"av-masonry-image-container\" style=\"background-image: url(https:\/\/casa.oaxaca.gob.mx\/wp-content\/uploads\/2017\/09\/333.jpg);\"><img decoding=\"async\" src=\"https:\/\/casa.oaxaca.gob.mx\/wp-content\/uploads\/2017\/09\/333.jpg\" title=\"333\" alt=\"\" \/><\/div><\/div><figcaption class='av-inner-masonry-content site-background'><div class='av-inner-masonry-content-pos'><div class='av-inner-masonry-content-pos-content'><div class='avia-arrow'><\/div><h3 class='av-masonry-entry-title entry-title'  itemprop=\"headline\" >Taller: La talla en madera como propuesta bidimensional al grabado mural<\/h3><span class='av-masonry-date meta-color updated'><\/span><span class=\"av-masonry-text-sep text-sep-author\">\/<\/span><span class='av-masonry-author meta-color vcard author'><span class='fn'>by <\/span><\/span><\/div><\/div><\/figcaption><\/figure><\/a><!--end av-masonry entry--><a href=\"https:\/\/casa.oaxaca.gob.mx\/?p=2645\" id='av-masonry-1-item-2645' data-av-masonry-item='2645' class='av-masonry-entry isotope-item post-2645 post type-post status-publish format-standard has-post-thumbnail hentry category-96 all_sort 2017_sort  av-masonry-item-with-image' title=\"Convocatoria. Formador de formadores para la ense\u00f1anza de las Artes\"  itemscope=\"itemscope\" itemtype=\"https:\/\/schema.org\/CreativeWork\" ><div class='av-inner-masonry-sizer'><\/div><figure class='av-inner-masonry main_color'><div class=\"av-masonry-outerimage-container\"><div class=\"av-masonry-image-container\" style=\"background-image: url(https:\/\/casa.oaxaca.gob.mx\/wp-content\/uploads\/2017\/09\/Captura-de-pantalla-2017-09-18-a-las-9.29.53-a.m.-2-705x253.png);\"><img decoding=\"async\" src=\"https:\/\/casa.oaxaca.gob.mx\/wp-content\/uploads\/2017\/09\/Captura-de-pantalla-2017-09-18-a-las-9.29.53-a.m.-2-705x253.png\" title=\"Captura de pantalla 2017-09-18 a las 9.29.53 a.m.\" alt=\"\" \/><\/div><\/div><figcaption class='av-inner-masonry-content site-background'><div class='av-inner-masonry-content-pos'><div class='av-inner-masonry-content-pos-content'><div class='avia-arrow'><\/div><h3 class='av-masonry-entry-title entry-title'  itemprop=\"headline\" >Convocatoria. Formador de formadores para la ense\u00f1anza de las Artes<\/h3><span class='av-masonry-date meta-color updated'><\/span><span class=\"av-masonry-text-sep text-sep-author\">\/<\/span><span class='av-masonry-author meta-color vcard author'><span class='fn'>by <\/span><\/span><\/div><\/div><\/figcaption><\/figure><\/a><!--end av-masonry entry--><a href=\"https:\/\/casa.oaxaca.gob.mx\/?p=2434\" id='av-masonry-1-item-2434' data-av-masonry-item='2434' class='av-masonry-entry isotope-item post-2434 post type-post status-publish format-standard has-post-thumbnail hentry category-materiales-didacticos category-produccion-artistica all_sort materiales-didacticos_sort  produccion-artistica_sort  av-masonry-item-with-image' title=\"Animales en peligro de extinci\u00f3n\"  itemscope=\"itemscope\" itemtype=\"https:\/\/schema.org\/CreativeWork\" ><div class='av-inner-masonry-sizer'><\/div><figure class='av-inner-masonry main_color'><div class=\"av-masonry-outerimage-container\"><div class=\"av-masonry-image-container\" style=\"background-image: url(https:\/\/casa.oaxaca.gob.mx\/wp-content\/uploads\/2017\/08\/tarjetas-animales2-705x705.jpg);\"><img decoding=\"async\" src=\"https:\/\/casa.oaxaca.gob.mx\/wp-content\/uploads\/2017\/08\/tarjetas-animales2-705x705.jpg\" title=\"tarjetas-animales2\" alt=\"\" \/><\/div><\/div><figcaption class='av-inner-masonry-content site-background'><div class='av-inner-masonry-content-pos'><div class='av-inner-masonry-content-pos-content'><div class='avia-arrow'><\/div><h3 class='av-masonry-entry-title entry-title'  itemprop=\"headline\" >Animales en peligro de extinci\u00f3n<\/h3><span class='av-masonry-date meta-color updated'><\/span><span class=\"av-masonry-text-sep text-sep-author\">\/<\/span><span class='av-masonry-author meta-color vcard author'><span class='fn'>by <\/span><\/span><\/div><\/div><\/figcaption><\/figure><\/a><!--end av-masonry entry--><a href=\"https:\/\/casa.oaxaca.gob.mx\/?p=2290\" id='av-masonry-1-item-2290' data-av-masonry-item='2290' class='av-masonry-entry isotope-item post-2290 post type-post status-publish format-standard has-post-thumbnail hentry category-materiales-didacticos category-produccion-artistica all_sort materiales-didacticos_sort  produccion-artistica_sort  av-masonry-item-with-image' title=\"Rompecabezas Biling\u00fces\"  itemscope=\"itemscope\" itemtype=\"https:\/\/schema.org\/CreativeWork\" ><div class='av-inner-masonry-sizer'><\/div><figure class='av-inner-masonry main_color'><div class=\"av-masonry-outerimage-container\"><div class=\"av-masonry-image-container\" style=\"background-image: url(https:\/\/casa.oaxaca.gob.mx\/wp-content\/uploads\/2017\/08\/Nueros_ropecabezas1-705x705.jpg);\"><img decoding=\"async\" src=\"https:\/\/casa.oaxaca.gob.mx\/wp-content\/uploads\/2017\/08\/Nueros_ropecabezas1-705x705.jpg\" title=\"Nueros_ropecabezas1\" alt=\"\" \/><\/div><\/div><figcaption class='av-inner-masonry-content site-background'><div class='av-inner-masonry-content-pos'><div class='av-inner-masonry-content-pos-content'><div class='avia-arrow'><\/div><h3 class='av-masonry-entry-title entry-title'  itemprop=\"headline\" >Rompecabezas Biling\u00fces<\/h3><span class='av-masonry-date meta-color updated'><\/span><span class=\"av-masonry-text-sep text-sep-author\">\/<\/span><span class='av-masonry-author meta-color vcard author'><span class='fn'>by <\/span><\/span><\/div><\/div><\/figcaption><\/figure><\/a><!--end av-masonry entry--><a href=\"https:\/\/casa.oaxaca.gob.mx\/?p=51\" id='av-masonry-1-item-51' data-av-masonry-item='51' class='av-masonry-entry isotope-item post-51 post type-post status-publish format-audio has-post-thumbnail hentry category-news category-personal category-uncategorized tag-food tag-fun post_format-post-format-audio all_sort news_sort  personal_sort  uncategorized_sort  av-masonry-item-with-image' title=\"Entry with Audio\"  itemscope=\"itemscope\" itemtype=\"https:\/\/schema.org\/CreativeWork\" ><div class='av-inner-masonry-sizer'><\/div><figure class='av-inner-masonry main_color'><div class=\"av-masonry-outerimage-container\"><div class=\"av-masonry-image-container\" style=\"background-image: url(https:\/\/casa.oaxaca.gob.mx\/wp-content\/uploads\/2015\/07\/portfolio-large-2-705x353.jpg);\"><img decoding=\"async\" src=\"https:\/\/casa.oaxaca.gob.mx\/wp-content\/uploads\/2015\/07\/portfolio-large-2-705x353.jpg\" title=\"\" alt=\"\" \/><\/div><\/div><figcaption class='av-inner-masonry-content site-background'><div class='av-inner-masonry-content-pos'><div class='av-inner-masonry-content-pos-content'><div class='avia-arrow'><\/div><span class='av-icon-display av-masonry-media' aria-hidden='true' data-av_icon='\ue801' data-av_iconfont='entypo-fontello'><\/span><h3 class='av-masonry-entry-title entry-title'  itemprop=\"headline\" >Entry with Audio<\/h3><span class='av-masonry-date meta-color updated'><\/span><span class=\"av-masonry-text-sep text-sep-author\">\/<\/span><span class='av-masonry-author meta-color vcard author'><span class='fn'>by <\/span><\/span><\/div><\/div><\/figcaption><\/figure><\/a><!--end av-masonry entry--><a href=\"https:\/\/casa.oaxaca.gob.mx\/?p=40\" id='av-masonry-1-item-40' data-av-masonry-item='40' class='av-masonry-entry isotope-item post-40 post type-post status-publish format-gallery has-post-thumbnail hentry category-news category-personal category-uncategorized tag-food tag-fun post_format-post-format-gallery all_sort news_sort  personal_sort  uncategorized_sort  av-masonry-item-with-image' title=\"A small gallery\"  itemscope=\"itemscope\" itemtype=\"https:\/\/schema.org\/CreativeWork\" ><div class='av-inner-masonry-sizer'><\/div><figure class='av-inner-masonry main_color'><div class=\"av-masonry-outerimage-container\"><div class=\"av-masonry-image-container\" style=\"background-image: url(https:\/\/casa.oaxaca.gob.mx\/wp-content\/uploads\/2015\/07\/portfolio-large-1-705x353.jpg);\"><img decoding=\"async\" src=\"https:\/\/casa.oaxaca.gob.mx\/wp-content\/uploads\/2015\/07\/portfolio-large-1-705x353.jpg\" title=\"\" alt=\"\" \/><\/div><\/div><figcaption class='av-inner-masonry-content site-background'><div class='av-inner-masonry-content-pos'><div class='av-inner-masonry-content-pos-content'><div class='avia-arrow'><\/div><h3 class='av-masonry-entry-title entry-title'  itemprop=\"headline\" >A small gallery<\/h3><span class='av-masonry-date meta-color updated'><\/span><span class=\"av-masonry-text-sep text-sep-author\">\/<\/span><span class='av-masonry-author meta-color vcard author'><span class='fn'>by <\/span><\/span><\/div><\/div><\/figcaption><\/figure><\/a><!--end av-masonry entry--><a href=\"https:\/\/casa.oaxaca.gob.mx\/?p=68\" id='av-masonry-1-item-68' data-av-masonry-item='68' class='av-masonry-entry isotope-item post-68 post type-post status-publish format-standard has-post-thumbnail hentry category-news category-uncategorized tag-food tag-fun all_sort news_sort  uncategorized_sort  av-masonry-item-with-image' title=\"A nice entry\"  itemscope=\"itemscope\" itemtype=\"https:\/\/schema.org\/CreativeWork\" ><div class='av-inner-masonry-sizer'><\/div><figure class='av-inner-masonry main_color'><div class=\"av-masonry-outerimage-container\"><div class=\"av-masonry-image-container\" style=\"background-image: url(https:\/\/casa.oaxaca.gob.mx\/wp-content\/uploads\/2015\/07\/business-office-work-705x470.jpg);\"><img decoding=\"async\" src=\"https:\/\/casa.oaxaca.gob.mx\/wp-content\/uploads\/2015\/07\/business-office-work-705x470.jpg\" title=\"\" alt=\"\" \/><\/div><\/div><figcaption class='av-inner-masonry-content site-background'><div class='av-inner-masonry-content-pos'><div class='av-inner-masonry-content-pos-content'><div class='avia-arrow'><\/div><h3 class='av-masonry-entry-title entry-title'  itemprop=\"headline\" >A nice entry<\/h3><span class='av-masonry-date meta-color updated'><\/span><span class=\"av-masonry-text-sep text-sep-author\">\/<\/span><span class='av-masonry-author meta-color vcard author'><span class='fn'>by <\/span><\/span><\/div><\/div><\/figcaption><\/figure><\/a><!--end av-masonry entry--><a href=\"https:\/\/casa.oaxaca.gob.mx\/?p=49\" id='av-masonry-1-item-49' data-av-masonry-item='49' class='av-masonry-entry isotope-item post-49 post type-post status-publish format-standard hentry category-news category-uncategorized tag-food tag-fun all_sort news_sort  uncategorized_sort  av-masonry-item-no-image' title=\"Entry without preview image\"  itemscope=\"itemscope\" itemtype=\"https:\/\/schema.org\/CreativeWork\" ><div class='av-inner-masonry-sizer'><\/div><figure class='av-inner-masonry main_color'><figcaption class='av-inner-masonry-content site-background'><div class='av-inner-masonry-content-pos'><div class='av-inner-masonry-content-pos-content'><div class='avia-arrow'><\/div><h3 class='av-masonry-entry-title entry-title'  itemprop=\"headline\" >Entry without preview image<\/h3><span class='av-masonry-date meta-color updated'><\/span><span class=\"av-masonry-text-sep text-sep-author\">\/<\/span><span class='av-masonry-author meta-color vcard author'><span class='fn'>by <\/span><\/span><\/div><\/div><\/figcaption><\/figure><\/a><!--end av-masonry entry--><a href=\"https:\/\/casa.oaxaca.gob.mx\/?p=47\" id='av-masonry-1-item-47' data-av-masonry-item='47' class='av-masonry-entry isotope-item post-47 post type-post status-publish format-video has-post-thumbnail hentry category-personal category-uncategorized tag-food tag-fun post_format-post-format-video all_sort personal_sort  uncategorized_sort  av-masonry-item-with-image' title=\"Entry with Post Format &#8220;Video&#8221;\"  itemscope=\"itemscope\" itemtype=\"https:\/\/schema.org\/CreativeWork\" ><div class='av-inner-masonry-sizer'><\/div><figure class='av-inner-masonry main_color'><div class=\"av-masonry-outerimage-container\"><div class=\"av-masonry-image-container\" style=\"background-image: url(https:\/\/casa.oaxaca.gob.mx\/wp-content\/uploads\/2015\/07\/portfolio-1-705x502.jpg);\"><img decoding=\"async\" src=\"https:\/\/casa.oaxaca.gob.mx\/wp-content\/uploads\/2015\/07\/portfolio-1-705x502.jpg\" title=\"\" alt=\"\" \/><\/div><\/div><figcaption class='av-inner-masonry-content site-background'><div class='av-inner-masonry-content-pos'><div class='av-inner-masonry-content-pos-content'><div class='avia-arrow'><\/div><span class='av-icon-display av-masonry-media' aria-hidden='true' data-av_icon='\ue80d' data-av_iconfont='entypo-fontello'><\/span><h3 class='av-masonry-entry-title entry-title'  itemprop=\"headline\" >Entry with Post Format &#8220;Video&#8221;<\/h3><span class='av-masonry-date meta-color updated'><\/span><span class=\"av-masonry-text-sep text-sep-author\">\/<\/span><span class='av-masonry-author meta-color vcard author'><span class='fn'>by <\/span><\/span><\/div><\/div><\/figcaption><\/figure><\/a><!--end av-masonry entry--><a href=\"http:\/\/www.kriesi.at\" id='av-masonry-1-item-36' data-av-masonry-item='36' class='av-masonry-entry isotope-item post-36 post type-post status-publish format-link has-post-thumbnail hentry category-news category-uncategorized tag-food tag-fun post_format-post-format-link all_sort news_sort  uncategorized_sort  av-masonry-item-with-image' title=\"This is a post with post type &#8220;Link&#8221;\"  itemscope=\"itemscope\" itemtype=\"https:\/\/schema.org\/CreativeWork\" ><div class='av-inner-masonry-sizer'><\/div><figure class='av-inner-masonry main_color'><div class=\"av-masonry-outerimage-container\"><div class=\"av-masonry-image-container\" style=\"background-image: url(https:\/\/casa.oaxaca.gob.mx\/wp-content\/uploads\/2015\/07\/portfolio-2-705x502.jpg);\"><img decoding=\"async\" src=\"https:\/\/casa.oaxaca.gob.mx\/wp-content\/uploads\/2015\/07\/portfolio-2-705x502.jpg\" title=\"\" alt=\"\" \/><\/div><\/div><figcaption class='av-inner-masonry-content site-background'><div class='av-inner-masonry-content-pos'><div class='av-inner-masonry-content-pos-content'><div class='avia-arrow'><\/div><h3 class='av-masonry-entry-title entry-title'  itemprop=\"headline\" >This is a post with post type &#8220;Link&#8221;<\/h3><span class='av-masonry-date meta-color updated'><\/span><span class=\"av-masonry-text-sep text-sep-author\">\/<\/span><span class='av-masonry-author meta-color vcard author'><span class='fn'>by <\/span><\/span><\/div><\/div><\/figcaption><\/figure><\/a><!--end av-masonry entry--><a href=\"https:\/\/casa.oaxaca.gob.mx\/?p=55\" id='av-masonry-1-item-55' data-av-masonry-item='55' class='av-masonry-entry isotope-item post-55 post type-post status-publish format-standard has-post-thumbnail hentry category-news category-uncategorized tag-food tag-fun all_sort news_sort  uncategorized_sort  av-masonry-item-with-image' title=\"A nice post\"  itemscope=\"itemscope\" itemtype=\"https:\/\/schema.org\/CreativeWork\" ><div class='av-inner-masonry-sizer'><\/div><figure class='av-inner-masonry main_color'><div class=\"av-masonry-outerimage-container\"><div class=\"av-masonry-image-container\" style=\"background-image: url(https:\/\/casa.oaxaca.gob.mx\/wp-content\/uploads\/2015\/07\/portfolio-large-1-705x353.jpg);\"><img decoding=\"async\" src=\"https:\/\/casa.oaxaca.gob.mx\/wp-content\/uploads\/2015\/07\/portfolio-large-1-705x353.jpg\" title=\"\" alt=\"\" \/><\/div><\/div><figcaption class='av-inner-masonry-content site-background'><div class='av-inner-masonry-content-pos'><div class='av-inner-masonry-content-pos-content'><div class='avia-arrow'><\/div><h3 class='av-masonry-entry-title entry-title'  itemprop=\"headline\" >A nice post<\/h3><span class='av-masonry-date meta-color updated'><\/span><span class=\"av-masonry-text-sep text-sep-author\">\/<\/span><span class='av-masonry-author meta-color vcard author'><span class='fn'>by <\/span><\/span><\/div><\/div><\/figcaption><\/figure><\/a><!--end av-masonry entry--><\/div><div class='av-masonry-pagination av-masonry-pagination-pagination'><nav class='pagination'><span class='pagination-meta'>Page 1 of 0<\/span><\/nav>\n<\/div><\/div><\/p>\n","protected":false},"excerpt":{"rendered":"","protected":false},"author":1,"featured_media":0,"parent":0,"menu_order":0,"comment_status":"closed","ping_status":"closed","template":"","meta":{"_exactmetrics_skip_tracking":false,"_exactmetrics_sitenote_active":false,"_exactmetrics_sitenote_note":"","_exactmetrics_sitenote_category":0,"footnotes":""},"class_list":["post-16393","page","type-page","status-publish","hentry"],"_links":{"self":[{"href":"https:\/\/casa.oaxaca.gob.mx\/index.php?rest_route=\/wp\/v2\/pages\/16393","targetHints":{"allow":["GET"]}}],"collection":[{"href":"https:\/\/casa.oaxaca.gob.mx\/index.php?rest_route=\/wp\/v2\/pages"}],"about":[{"href":"https:\/\/casa.oaxaca.gob.mx\/index.php?rest_route=\/wp\/v2\/types\/page"}],"author":[{"embeddable":true,"href":"https:\/\/casa.oaxaca.gob.mx\/index.php?rest_route=\/wp\/v2\/users\/1"}],"replies":[{"embeddable":true,"href":"https:\/\/casa.oaxaca.gob.mx\/index.php?rest_route=%2Fwp%2Fv2%2Fcomments&post=16393"}],"version-history":[{"count":3,"href":"https:\/\/casa.oaxaca.gob.mx\/index.php?rest_route=\/wp\/v2\/pages\/16393\/revisions"}],"predecessor-version":[{"id":16400,"href":"https:\/\/casa.oaxaca.gob.mx\/index.php?rest_route=\/wp\/v2\/pages\/16393\/revisions\/16400"}],"wp:attachment":[{"href":"https:\/\/casa.oaxaca.gob.mx\/index.php?rest_route=%2Fwp%2Fv2%2Fmedia&parent=16393"}],"curies":[{"name":"wp","href":"https:\/\/api.w.org\/{rel}","templated":true}]}}